
{"id":2,"date":"2023-06-14T17:24:16","date_gmt":"2023-06-14T20:24:16","guid":{"rendered":"https:\/\/www.uoh.cl\/salud-mental\/?page_id=2"},"modified":"2023-06-20T18:27:23","modified_gmt":"2023-06-20T21:27:23","slug":"direccion-de-salud-mental","status":"publish","type":"page","link":"https:\/\/www.uoh.cl\/salud-mental\/","title":{"rendered":"Direcci\u00f3n de Salud Mental"},"content":{"rendered":"<div class=\"wpb-content-wrapper\"><p>[vc_row][vc_column]<div class=\"uoh_slider_featured_component component__featured-slide row mx-auto col-12 m-0 align-items-center position-relative lazyload\" style=\" background:inherit\" data-bg=\"url(https:\/\/www.uoh.cl\/salud-mental\/wp-content\/uploads\/sites\/47\/2023\/06\/Salud_Mental_oficial-1.jpg)\"><div class=\"caption--degrade\"><svg  xmlns=\"http:\/\/www.w3.org\/2000\/svg\" xmlns:xlink=\"http:\/\/www.w3.org\/1999\/xlink\" width=\"1061px\" height=\"539px\"><defs><linearGradient id=\"PSgrad_0\" x1=\"0%\" x2=\"64.279%\" y1=\"76.604%\" y2=\"0%\"><stop offset=\"0%\" stop-color=\"rgb(66,160,248)\" stop-opacity=\"1\" \/><stop offset=\"100%\" stop-color=\"rgb(66,160,248)\" stop-opacity=\"0\" \/><\/linearGradient><\/defs><path fill-rule=\"evenodd\"  fill=\"none\" d=\"M311.000,515.000 C311.000,515.000 211.039,468.555 132.000,357.000 C21.864,201.555 -4.306,4.695 1.000,0.000 L196.000,0.000 L811.000,0.000 L1061.000,0.000 C1061.000,0.000 851.535,430.030 546.000,521.000 C402.674,563.674 311.000,515.000 311.000,515.000 Z\"\/> <path fill=\"url(#PSgrad_0)\"d=\"M311.000,515.000 C311.000,515.000 211.039,468.555 132.000,357.000 C21.864,201.555 -4.306,4.695 1.000,0.000 L196.000,0.000 L811.000,0.000 L1061.000,0.000 C1061.000,0.000 851.535,430.030 546.000,521.000 C402.674,563.674 311.000,515.000 311.000,515.000 Z\"\/><\/svg><\/div><div class=\"caption--quote\"><svg xmlns=\"http:\/\/www.w3.org\/2000\/svg\" xmlns:xlink=\"http:\/\/www.w3.org\/1999\/xlink\"width=\"226px\" height=\"273px\"><defs><linearGradient id=\"PSgrad_0\" x1=\"71.934%\" x2=\"0%\" y1=\"69.466%\" y2=\"0%\"><stop offset=\"0%\" stop-color=\"rgb(66,160,248)\" stop-opacity=\"0.49\" \/><stop offset=\"100%\" stop-color=\"rgb(66,160,248)\" stop-opacity=\"0\" \/><\/linearGradient><\/defs><path fill-rule=\"evenodd\"  fill=\"none\" d=\"M-0.000,273.000 L174.000,273.000 C174.000,273.000 226.000,266.268 226.000,221.000 C226.000,175.732 226.000,-0.000 226.000,-0.000 C226.000,-0.000 24.577,71.878 -0.000,273.000 Z\"\/><path fill=\"url(#PSgrad_0)\"d=\"M-0.000,273.000 L174.000,273.000 C174.000,273.000 226.000,266.268 226.000,221.000 C226.000,175.732 226.000,-0.000 226.000,-0.000 C226.000,-0.000 24.577,71.878 -0.000,273.000 Z\"\/><\/svg><\/div><div class=\"my-uoh_slider_featured_component container mx-auto p-md-0\" ><div class=\"content component__featured-slide-content container row mx-auto aling-items-center p-0\"><h1 class=\"p-0 featured-slide title\"  style=\"\"><em>Te damos la bienvenida<\/em>Direcci\u00f3n de Salud Mental<\/h1><ul class=\"breadcrumb breadcrumb-list\"><li><a href=\"https:\/\/www.uoh.cl\/salud-mental\">Inicio<\/a><\/li><li><span class=\"separator\"><?xml version=\"1.0\" ?><svg viewBox=\"0 0 96 96\" xmlns=\"http:\/\/www.w3.org\/2000\/svg\"><title\/><path d=\"M39.3756,48.0022l30.47-25.39a6.0035,6.0035,0,0,0-7.6878-9.223L26.1563,43.3906a6.0092,6.0092,0,0,0,0,9.2231L62.1578,82.615a6.0035,6.0035,0,0,0,7.6878-9.2231Z\"\/><\/svg><\/span><\/li><li><a href=\"\"><\/a><\/li><li>Direcci\u00f3n de Salud Mental<\/li><\/ul><\/div><span><\/span><\/div><\/div>[\/vc_column][\/vc_row][vc_section el_class=&#8221;container mx-auto align-items-center circle&#8211;pattern pb-5 pb-md-0&#8243; css=&#8221;.vc_custom_1687293694631{padding-top: 3rem !important;}&#8221;][vc_row][vc_column][vc_wp_custommenu nav_menu=&#8221;2&#8243;]<div class=\"uoh_title_component-container\"><h1 class=\"title title--ms d-inline-block title--decorator  big\">Direcci\u00f3n de Salud Mental<\/h1><\/div>[vc_column_text]Te damos la bienvenida a la Direcci\u00f3n de Salud Mental de la UOH, tenemos como Prop\u00f3sito promover la salud mental como un factor esencial del bienestar individual y colectivo en nuestra comunidad UOH. Para esto nos hemos planteado <strong>objetivos estrat\u00e9gicos<\/strong> y <strong>l\u00edneas de acci\u00f3n<\/strong>[\/vc_column_text][\/vc_column][\/vc_row][\/vc_section][vc_section el_class=&#8221;p-md-0 pt-md-5 pb-5&#8243;][vc_row el_class=&#8221;container mx-auto align-items-center&#8221;][vc_column el_class=&#8221;p-0&#8243;][vc_tta_accordion style=&#8221;outline&#8221; color=&#8221;sky&#8221; c_icon=&#8221;chevron&#8221; c_position=&#8221;right&#8221; active_section=&#8221;&#8221; collapsible_all=&#8221;true&#8221;][vc_tta_section title=&#8221;Objetivos estrat\u00e9gicos&#8221; tab_id=&#8221;objetivos&#8221;][vc_column_text]<\/p>\n<ol>\n<li>\n<p class=\"text-justify text-justify format-text\">Promover un entorno que favorezca y propicie la salud mental en la comunidad universitaria UOH y sus integrantes.<\/p>\n<\/li>\n<li>\n<p class=\"text-justify text-justify format-text\">Desarrollar e implementar intervenciones espec\u00edficas que incrementen la salud mental de los distintos estamentos de la comunidad universitaria.<\/p>\n<\/li>\n<li>\n<p class=\"text-justify text-justify format-text\">Evaluar sistem\u00e1ticamente los principales indicadores de salud mental en la comunidad universitaria para guiar el desarrollo de planes de acci\u00f3n pertinentes, eficaces y ajustados a nuestra realidad UOH.<\/p>\n<\/li>\n<\/ol>\n<p>[\/vc_column_text][\/vc_tta_section][vc_tta_section title=&#8221;L\u00edneas de acci\u00f3n&#8221; tab_id=&#8221;lineas&#8221;][vc_column_text]<\/p>\n<div class=\"row\">\n<div class=\"col-10 font-italic text-justify format-text\">\n<div class=\"row\">\n<ol>\n<li style=\"list-style-type: none;\">\n<ol>\n<li class=\"col-10 font-italic text-justify format-text\"><strong><em>Promover un entorno que favorezca y propicie la salud mental en la comunidad universitaria UOH y sus integrantes.<\/em><\/strong>\n<ol>\n<li class=\"col-10 font-italic text-justify format-text\">Crear y\/o difundir recursos que favorezcan la salud mental y el bienestar de la comunidad universitaria a trav\u00e9s de estrategias comunicacionales multiplataforma.<\/li>\n<li class=\"col-10 font-italic text-justify format-text\">Desarrollar propuestas curriculares tanto espec\u00edficas como transversales que promuevan la adquisici\u00f3n de herramientas que incrementen la salud mental y el bienestar emocional de lxs estudiantes de la UOH.<\/li>\n<li class=\"col-10 font-italic text-justify format-text\">Estimular a lxs miembros de la comunidad universitaria para que se constituyan en participantes activxs en las acciones de promoci\u00f3n de la salud mental.<\/li>\n<\/ol>\n<\/li>\n<li><strong><em>Desarrollar e implementar intervenciones espec\u00edficas que incrementen la salud mental de los distintos estamentos de la comunidad universitaria.<\/em><\/strong>\n<ol>\n<li>Mantener y fortalecer el sistema de apoyo psicol\u00f3gico individual y grupal para lxs estudiantes como estrategia de intervenci\u00f3n central para quienes presenten alguna dificultad de salud mental.<\/li>\n<li>Mantener y fortalecer el trabajo colaborativo con la red de salud regional tanto para fines asistenciales como de difusi\u00f3n, capacitaci\u00f3n y extensi\u00f3n.<\/li>\n<li>Promover y consolidar el uso de recursos digitales para ampliar el acceso a herramientas e intervenciones en salud mental para nuestra comunidad universitaria.<\/li>\n<li>Crear y consolidar programas de prevenci\u00f3n o intervenci\u00f3n tanto universales como focalizados en tem\u00e1ticas prevalentes y\/o relevantes, tales como lo son la prevenci\u00f3n de suicidio, prevenci\u00f3n en consumo problem\u00e1tico o manejo de ansiedad y estr\u00e9s.<\/li>\n<\/ol>\n<\/li>\n<li><strong><em>Evaluar sistem\u00e1ticamente los principales indicadores de salud mental para guiar el desarrollo de planes de acci\u00f3n pertinentes, eficaces y ajustados a nuestra realidad universitaria.<\/em><\/strong>\n<ol>\n<li>Implementar sistem\u00e1ticamente el uso de instrumentos de evaluaci\u00f3n de indicadores de salud mental en a\u00f1os cr\u00edticos del proceso formativo universitario.<\/li>\n<li>Desarrollar programas de promoci\u00f3n, prevenci\u00f3n e intervenci\u00f3n precoz en salud mental basados en la evaluaci\u00f3n sistem\u00e1tica de indicadores de salud mental con el objetivo de establecer un sistema de mejora continua basado en nuestra evidencia local.<\/li>\n<li>Establecer un trabajo colaborativo entre distintos estamentos universitarios, en el cual se comparte informaci\u00f3n relevante con el fin de enriquecer y\/o mejorar las diferentes pr\u00e1cticas vinculadas a favorecer la salud mental y el bienestar de la comunidad<\/li>\n<\/ol>\n<\/li>\n<\/ol>\n<\/li>\n<\/ol>\n<\/div>\n<\/div>\n<\/div>\n<p>[\/vc_column_text][\/vc_tta_section][\/vc_tta_accordion][\/vc_column][\/vc_row][\/vc_section][vc_section css=&#8221;.vc_custom_1687296440277{background-color: #f6faff !important;}&#8221; el_class=&#8221;pt-md-5 pb-5&#8243;][vc_row el_class=&#8221;container mx-auto align-items-center&#8221;][vc_column][vc_column_text]Queremos que a trav\u00e9s de este sitio encuentres informaci\u00f3n y recursos que favorezcan t\u00fa bienestar y salud mental, c\u00f3mo solicitar hora para apoyo psicol\u00f3gico, informaci\u00f3n acerca de nuestra actividades, contactos en caso de emergencia, estrategias de promoci\u00f3n y prevenci\u00f3n en salud mental, entre otros. <strong>Te invitamos a explorarlo y a descargar lo que necesites.<\/strong>[\/vc_column_text][\/vc_column][\/vc_row][\/vc_section][vc_section css=&#8221;.vc_custom_1687282291050{background-color: #03122e !important;}&#8221; el_class=&#8221;p-md-0 pt-md-5 pb-md-5 text-white&#8221; el_id=&#8221;footer_sm&#8221;][vc_row el_class=&#8221;container mx-auto align-items-center&#8221;][vc_column width=&#8221;1\/6&#8243;][vc_single_image image=&#8221;234&#8243; img_size=&#8221;full&#8221; alignment=&#8221;center&#8221; onclick=&#8221;custom_link&#8221; img_link_target=&#8221;_blank&#8221; link=&#8221;https:\/\/www.instagram.com\/uoh360\/&#8221;][\/vc_column][vc_column width=&#8221;4\/6&#8243;][\/vc_column][vc_column width=&#8221;1\/6&#8243;][vc_single_image image=&#8221;229&#8243; img_size=&#8221;large&#8221; alignment=&#8221;center&#8221; onclick=&#8221;custom_link&#8221; img_link_target=&#8221;_blank&#8221; link=&#8221;http:\/\/www.uoh.cl&#8221;][\/vc_column][\/vc_row][\/vc_section]<\/p>\n<\/div>","protected":false},"excerpt":{"rendered":"<p>[vc_row][vc_column][\/vc_column][\/vc_row][vc_section el_class=&#8221;container mx-auto align-items-center circle&#8211;pattern pb-5 pb-md-0&#8243; css=&#8221;.vc_custom_1687293694631{padding-top: 3rem !important;}&#8221;][vc_row][vc_column][vc_wp_custommenu nav_menu=&#8221;2&#8243;][vc_column_text]Te damos la bienvenida a la Direcci\u00f3n de Salud Mental de la UOH, tenemos como Prop\u00f3sito promover la salud mental como un factor esencial del bienestar individual y colectivo en nuestra comunidad UOH. Para esto nos hemos planteado objetivos estrat\u00e9gicos y l\u00edneas de acci\u00f3n[\/vc_column_text][\/vc_column][\/vc_row][\/vc_section][vc_section el_class=&#8221;p-md-0 [&hellip;]<\/p>\n","protected":false},"author":6,"featured_media":0,"parent":0,"menu_order":0,"comment_status":"closed","ping_status":"closed","template":"","meta":{"_acf_changed":false,"footnotes":""},"class_list":["post-2","page","type-page","status-publish","hentry"],"acf":[],"yoast_head":"<!-- This site is optimized with the Yoast SEO plugin v26.6 - https:\/\/yoast.com\/wordpress\/plugins\/seo\/ -->\n<title>Direcci\u00f3n de Salud Mental - Direcci\u00f3n de Salud Mental<\/title>\n<meta name=\"robots\" content=\"index, follow, max-snippet:-1, max-image-preview:large, max-video-preview:-1\" \/>\n<link rel=\"canonical\" href=\"https:\/\/www.uoh.cl\/salud-mental\/\" \/>\n<meta property=\"og:locale\" content=\"es_ES\" \/>\n<meta property=\"og:type\" content=\"article\" \/>\n<meta property=\"og:title\" content=\"Direcci\u00f3n de Salud Mental - Direcci\u00f3n de Salud Mental\" \/>\n<meta property=\"og:description\" content=\"[vc_row][vc_column][\/vc_column][\/vc_row][vc_section el_class=&#8221;container mx-auto align-items-center circle&#8211;pattern pb-5 pb-md-0&#8243; css=&#8221;.vc_custom_1687293694631{padding-top: 3rem !important;}&#8221;][vc_row][vc_column][vc_wp_custommenu nav_menu=&#8221;2&#8243;][vc_column_text]Te damos la bienvenida a la Direcci\u00f3n de Salud Mental de la UOH, tenemos como Prop\u00f3sito promover la salud mental como un factor esencial del bienestar individual y colectivo en nuestra comunidad UOH. Para esto nos hemos planteado objetivos estrat\u00e9gicos y l\u00edneas de acci\u00f3n[\/vc_column_text][\/vc_column][\/vc_row][\/vc_section][vc_section el_class=&#8221;p-md-0 [&hellip;]\" \/>\n<meta property=\"og:url\" content=\"https:\/\/www.uoh.cl\/salud-mental\/\" \/>\n<meta property=\"og:site_name\" content=\"Direcci\u00f3n de Salud Mental\" \/>\n<meta property=\"article:modified_time\" content=\"2023-06-20T21:27:23+00:00\" \/>\n<meta name=\"twitter:card\" content=\"summary_large_image\" \/>\n<meta name=\"twitter:label1\" content=\"Tiempo estimado de lectura\" \/>\n\t<meta name=\"twitter:data1\" content=\"3 minutos\" \/>\n<script type=\"application\/ld+json\" class=\"yoast-schema-graph\">{\"@context\":\"https:\/\/schema.org\",\"@graph\":[{\"@type\":\"WebPage\",\"@id\":\"https:\/\/www.uoh.cl\/salud-mental\/\",\"url\":\"https:\/\/www.uoh.cl\/salud-mental\/\",\"name\":\"Direcci\u00f3n de Salud Mental - Direcci\u00f3n de Salud Mental\",\"isPartOf\":{\"@id\":\"https:\/\/www.uoh.cl\/salud-mental\/#website\"},\"datePublished\":\"2023-06-14T20:24:16+00:00\",\"dateModified\":\"2023-06-20T21:27:23+00:00\",\"breadcrumb\":{\"@id\":\"https:\/\/www.uoh.cl\/salud-mental\/#breadcrumb\"},\"inLanguage\":\"es-CL\",\"potentialAction\":[{\"@type\":\"ReadAction\",\"target\":[\"https:\/\/www.uoh.cl\/salud-mental\/\"]}]},{\"@type\":\"BreadcrumbList\",\"@id\":\"https:\/\/www.uoh.cl\/salud-mental\/#breadcrumb\",\"itemListElement\":[{\"@type\":\"ListItem\",\"position\":1,\"name\":\"Portada\",\"item\":\"https:\/\/www.uoh.cl\/salud-mental\/\"},{\"@type\":\"ListItem\",\"position\":2,\"name\":\"Direcci\u00f3n de Salud Mental\"}]},{\"@type\":\"WebSite\",\"@id\":\"https:\/\/www.uoh.cl\/salud-mental\/#website\",\"url\":\"https:\/\/www.uoh.cl\/salud-mental\/\",\"name\":\"Direcci\u00f3n de Salud Mental\",\"description\":\"\",\"potentialAction\":[{\"@type\":\"SearchAction\",\"target\":{\"@type\":\"EntryPoint\",\"urlTemplate\":\"https:\/\/www.uoh.cl\/salud-mental\/?s={search_term_string}\"},\"query-input\":{\"@type\":\"PropertyValueSpecification\",\"valueRequired\":true,\"valueName\":\"search_term_string\"}}],\"inLanguage\":\"es-CL\"}]}<\/script>\n<!-- \/ Yoast SEO plugin. -->","yoast_head_json":{"title":"Direcci\u00f3n de Salud Mental - Direcci\u00f3n de Salud Mental","robots":{"index":"index","follow":"follow","max-snippet":"max-snippet:-1","max-image-preview":"max-image-preview:large","max-video-preview":"max-video-preview:-1"},"canonical":"https:\/\/www.uoh.cl\/salud-mental\/","og_locale":"es_ES","og_type":"article","og_title":"Direcci\u00f3n de Salud Mental - Direcci\u00f3n de Salud Mental","og_description":"[vc_row][vc_column][\/vc_column][\/vc_row][vc_section el_class=&#8221;container mx-auto align-items-center circle&#8211;pattern pb-5 pb-md-0&#8243; css=&#8221;.vc_custom_1687293694631{padding-top: 3rem !important;}&#8221;][vc_row][vc_column][vc_wp_custommenu nav_menu=&#8221;2&#8243;][vc_column_text]Te damos la bienvenida a la Direcci\u00f3n de Salud Mental de la UOH, tenemos como Prop\u00f3sito promover la salud mental como un factor esencial del bienestar individual y colectivo en nuestra comunidad UOH. Para esto nos hemos planteado objetivos estrat\u00e9gicos y l\u00edneas de acci\u00f3n[\/vc_column_text][\/vc_column][\/vc_row][\/vc_section][vc_section el_class=&#8221;p-md-0 [&hellip;]","og_url":"https:\/\/www.uoh.cl\/salud-mental\/","og_site_name":"Direcci\u00f3n de Salud Mental","article_modified_time":"2023-06-20T21:27:23+00:00","twitter_card":"summary_large_image","twitter_misc":{"Tiempo estimado de lectura":"3 minutos"},"schema":{"@context":"https:\/\/schema.org","@graph":[{"@type":"WebPage","@id":"https:\/\/www.uoh.cl\/salud-mental\/","url":"https:\/\/www.uoh.cl\/salud-mental\/","name":"Direcci\u00f3n de Salud Mental - Direcci\u00f3n de Salud Mental","isPartOf":{"@id":"https:\/\/www.uoh.cl\/salud-mental\/#website"},"datePublished":"2023-06-14T20:24:16+00:00","dateModified":"2023-06-20T21:27:23+00:00","breadcrumb":{"@id":"https:\/\/www.uoh.cl\/salud-mental\/#breadcrumb"},"inLanguage":"es-CL","potentialAction":[{"@type":"ReadAction","target":["https:\/\/www.uoh.cl\/salud-mental\/"]}]},{"@type":"BreadcrumbList","@id":"https:\/\/www.uoh.cl\/salud-mental\/#breadcrumb","itemListElement":[{"@type":"ListItem","position":1,"name":"Portada","item":"https:\/\/www.uoh.cl\/salud-mental\/"},{"@type":"ListItem","position":2,"name":"Direcci\u00f3n de Salud Mental"}]},{"@type":"WebSite","@id":"https:\/\/www.uoh.cl\/salud-mental\/#website","url":"https:\/\/www.uoh.cl\/salud-mental\/","name":"Direcci\u00f3n de Salud Mental","description":"","potentialAction":[{"@type":"SearchAction","target":{"@type":"EntryPoint","urlTemplate":"https:\/\/www.uoh.cl\/salud-mental\/?s={search_term_string}"},"query-input":{"@type":"PropertyValueSpecification","valueRequired":true,"valueName":"search_term_string"}}],"inLanguage":"es-CL"}]}},"_links":{"self":[{"href":"https:\/\/www.uoh.cl\/salud-mental\/wp-json\/wp\/v2\/pages\/2","targetHints":{"allow":["GET"]}}],"collection":[{"href":"https:\/\/www.uoh.cl\/salud-mental\/wp-json\/wp\/v2\/pages"}],"about":[{"href":"https:\/\/www.uoh.cl\/salud-mental\/wp-json\/wp\/v2\/types\/page"}],"author":[{"embeddable":true,"href":"https:\/\/www.uoh.cl\/salud-mental\/wp-json\/wp\/v2\/users\/6"}],"replies":[{"embeddable":true,"href":"https:\/\/www.uoh.cl\/salud-mental\/wp-json\/wp\/v2\/comments?post=2"}],"version-history":[{"count":24,"href":"https:\/\/www.uoh.cl\/salud-mental\/wp-json\/wp\/v2\/pages\/2\/revisions"}],"predecessor-version":[{"id":297,"href":"https:\/\/www.uoh.cl\/salud-mental\/wp-json\/wp\/v2\/pages\/2\/revisions\/297"}],"wp:attachment":[{"href":"https:\/\/www.uoh.cl\/salud-mental\/wp-json\/wp\/v2\/media?parent=2"}],"curies":[{"name":"wp","href":"https:\/\/api.w.org\/{rel}","templated":true}]}}