
{"id":14,"date":"2023-06-14T17:34:55","date_gmt":"2023-06-14T20:34:55","guid":{"rendered":"https:\/\/www.uoh.cl\/salud-mental\/?page_id=14"},"modified":"2023-06-20T18:48:41","modified_gmt":"2023-06-20T21:48:41","slug":"noticias","status":"publish","type":"page","link":"https:\/\/www.uoh.cl\/salud-mental\/noticias\/","title":{"rendered":"Noticias"},"content":{"rendered":"<div class=\"wpb-content-wrapper\"><p>[vc_row][vc_column]<div class=\"uoh_slider_featured_component component__featured-slide row mx-auto col-12 m-0 align-items-center position-relative lazyload\" style=\" background:inherit\" data-bg=\"url(https:\/\/www.uoh.cl\/salud-mental\/wp-content\/uploads\/sites\/47\/2023\/06\/banner.jpg)\"><div class=\"caption--degrade\"><svg  xmlns=\"http:\/\/www.w3.org\/2000\/svg\" xmlns:xlink=\"http:\/\/www.w3.org\/1999\/xlink\" width=\"1061px\" height=\"539px\"><defs><linearGradient id=\"PSgrad_0\" x1=\"0%\" x2=\"64.279%\" y1=\"76.604%\" y2=\"0%\"><stop offset=\"0%\" stop-color=\"rgb(66,160,248)\" stop-opacity=\"1\" \/><stop offset=\"100%\" stop-color=\"rgb(66,160,248)\" stop-opacity=\"0\" \/><\/linearGradient><\/defs><path fill-rule=\"evenodd\"  fill=\"none\" d=\"M311.000,515.000 C311.000,515.000 211.039,468.555 132.000,357.000 C21.864,201.555 -4.306,4.695 1.000,0.000 L196.000,0.000 L811.000,0.000 L1061.000,0.000 C1061.000,0.000 851.535,430.030 546.000,521.000 C402.674,563.674 311.000,515.000 311.000,515.000 Z\"\/> <path fill=\"url(#PSgrad_0)\"d=\"M311.000,515.000 C311.000,515.000 211.039,468.555 132.000,357.000 C21.864,201.555 -4.306,4.695 1.000,0.000 L196.000,0.000 L811.000,0.000 L1061.000,0.000 C1061.000,0.000 851.535,430.030 546.000,521.000 C402.674,563.674 311.000,515.000 311.000,515.000 Z\"\/><\/svg><\/div><div class=\"caption--quote\"><svg xmlns=\"http:\/\/www.w3.org\/2000\/svg\" xmlns:xlink=\"http:\/\/www.w3.org\/1999\/xlink\"width=\"226px\" height=\"273px\"><defs><linearGradient id=\"PSgrad_0\" x1=\"71.934%\" x2=\"0%\" y1=\"69.466%\" y2=\"0%\"><stop offset=\"0%\" stop-color=\"rgb(66,160,248)\" stop-opacity=\"0.49\" \/><stop offset=\"100%\" stop-color=\"rgb(66,160,248)\" stop-opacity=\"0\" \/><\/linearGradient><\/defs><path fill-rule=\"evenodd\"  fill=\"none\" d=\"M-0.000,273.000 L174.000,273.000 C174.000,273.000 226.000,266.268 226.000,221.000 C226.000,175.732 226.000,-0.000 226.000,-0.000 C226.000,-0.000 24.577,71.878 -0.000,273.000 Z\"\/><path fill=\"url(#PSgrad_0)\"d=\"M-0.000,273.000 L174.000,273.000 C174.000,273.000 226.000,266.268 226.000,221.000 C226.000,175.732 226.000,-0.000 226.000,-0.000 C226.000,-0.000 24.577,71.878 -0.000,273.000 Z\"\/><\/svg><\/div><div class=\"my-uoh_slider_featured_component container mx-auto p-md-0\" ><div class=\"content component__featured-slide-content container row mx-auto aling-items-center p-0\"><h1 class=\"p-0 featured-slide title\"  style=\"\"><em><\/em>Noticias<\/h1><ul class=\"breadcrumb breadcrumb-list\"><li><a href=\"https:\/\/www.uoh.cl\/salud-mental\">Inicio<\/a><\/li><li><span class=\"separator\"><?xml version=\"1.0\" ?><svg viewBox=\"0 0 96 96\" xmlns=\"http:\/\/www.w3.org\/2000\/svg\"><title\/><path d=\"M39.3756,48.0022l30.47-25.39a6.0035,6.0035,0,0,0-7.6878-9.223L26.1563,43.3906a6.0092,6.0092,0,0,0,0,9.2231L62.1578,82.615a6.0035,6.0035,0,0,0,7.6878-9.2231Z\"\/><\/svg><\/span><\/li><li><a href=\"\"><\/a><\/li><li>Noticias<\/li><\/ul><\/div><span><\/span><\/div><\/div>[\/vc_column][\/vc_row][vc_section el_class=&#8221;container mx-auto align-items-center circle&#8211;pattern&#8221; css=&#8221;.vc_custom_1673275571523{padding-top: 3rem !important;}&#8221;][vc_row][vc_column][vc_wp_custommenu nav_menu=&#8221;2&#8243;]<div class=\"uoh_title_component-container\"><h1 class=\"title title--ms d-inline-block title--decorator  big\">Noticias<\/h1><\/div><div class=\"row filter__row m-0 horizontal\"> <form class=\"filter__form p-0 row m-0\" action=\"https:\/\/www.uoh.cl\/salud-mental\/wp-admin\/admin-ajax.php\" method=\"post\" id=\"filter\"><div class=\"col-12 col-md-6 filter__container-input p-0\"><div class=\"filter__icon-search\"><svg enable-background=\"new 0 0 32 32\" id=\"Editable-line\" version=\"1.1\" viewBox=\"0 0 32 32\" xml:space=\"preserve\" xmlns=\"http:\/\/www.w3.org\/2000\/svg\" xmlns:xlink=\"http:\/\/www.w3.org\/1999\/xlink\"><circle cx=\"14\" cy=\"14\" fill=\"none\" id=\"XMLID_42_\" r=\"9\" stroke=\"#000000\" stroke-linecap=\"round\" stroke-linejoin=\"round\" stroke-miterlimit=\"10\" stroke-width=\"2\"><\/circle><line fill=\"none\" id=\"XMLID_44_\" stroke=\"#000000\" stroke-linecap=\"round\" stroke-linejoin=\"round\" stroke-miterlimit=\"10\" stroke-width=\"2\" x1=\"27\" x2=\"20.366\" y1=\"27\" y2=\"20.366\"><\/line><\/svg><\/div><input type=\"text\" class=\"filter__input\" placeholder=\"Buscar Novedades\" name=\"filter__form-text\" autocomplete=\"off\"\/><\/div><div class=\"col-12 col-md-6 row m-0 justify-content-end p-0\"><input type=\"hidden\" name=\"action\" value=\"uoh_filter\" \/><input type=\"hidden\" name=\"posttype\" value=\"post\" \/><div class=\"loading\"><svg version=\"1.1\" id=\"L5\" xmlns=\"http:\/\/www.w3.org\/2000\/svg\" xmlns:xlink=\"http:\/\/www.w3.org\/1999\/xlink\" x=\"0px\" y=\"0px\" viewBox=\"0 0 100 100\" enable-background=\"new 0 0 0 0\" xml:space=\"preserve\">\n                  <circle fill=\"#42a0f8\" stroke=\"none\" cx=\"6\" cy=\"50\" r=\"6\">\n                    <animateTransform attributeName=\"transform\" dur=\"1s\" type=\"translate\" values=\"0 15 ; 0 -15; 0 15\" repeatCount=\"indefinite\" begin=\"0.1\"><\/animateTransform>\n                  <\/circle>\n                  <circle fill=\"#42a0f8\" stroke=\"none\" cx=\"30\" cy=\"50\" r=\"6\">\n                    <animateTransform attributeName=\"transform\" dur=\"1s\" type=\"translate\" values=\"0 10 ; 0 -10; 0 10\" repeatCount=\"indefinite\" begin=\"0.2\"><\/animateTransform>\n                  <\/circle>\n                  <circle fill=\"#42a0f8\" stroke=\"none\" cx=\"54\" cy=\"50\" r=\"6\">\n                    <animateTransform attributeName=\"transform\" dur=\"1s\" type=\"translate\" values=\"0 5 ; 0 -5; 0 5\" repeatCount=\"indefinite\" begin=\"0.3\"><\/animateTransform>\n                  <\/circle>\n                <\/svg><\/div><button type=\"submit\" class=\"button__arrow\"> <svg version=\"1.1\" xmlns=\"http:\/\/www.w3.org\/2000\/svg\" xmlns:xlink=\"http:\/\/www.w3.org\/1999\/xlink\" x=\"0px\" y=\"0px\" width=\"22px\"height=\"22px\" viewBox=\"0 0 22 22\" style=\"overflow:visible;enable-background:new 0 0 80 64.6;\" xml:space=\"preserve\"><g clip-path=\"url(#acA)\"><path fill-rule=\"evenodd\" d=\"M21.913 11.266a.93.93 0 000-.711c-.022-.056-.063-.097-.091-.144s-.053-.103-.097-.15L12.306.294c-.357-.379-.955-.394-1.334-.038s-.394.955-.038 1.334l7.917 8.374H.927a.95.95 0 00-.908.983.946.946 0 00.908.908h17.924l-8.089 8.552c-.357.379-.341.977.034 1.334s.977.341 1.334-.034l9.594-10.148c.044-.044.063-.1.097-.15.028-.047.069-.088.091-.141z\"\/><\/g><defs><clipPath id=\"acA\"><path fill=\"#fff\" d=\"M0 0h22v22H0z\"\/><\/clipPath><\/defs><\/svg><\/button><\/div><div class=\"tags-cloud mt-4 d-block mb-1 px-0\"><\/div><\/form><\/div>[\/vc_column][\/vc_row][\/vc_section][vc_section css=&#8221;.vc_custom_1687297718436{background-color: #f6faff !important;}&#8221; el_class=&#8221;pt-md-5 pb-5&#8243;][vc_row el_class=&#8221;container mx-auto align-items-center p-md-0 pt-5&#8243;][vc_column]<div class=\"row m-0 p-0\"><\/div><div class=\"content-holder\"><div class=\"row  swipper-news-list not--activate-hack \"><div class=\"row -wrapper\"><div class=\"  col-sm-6 col-md-4 img-article\">\n                                        <div class=\"content-news-display row m-0 p-0\"><div class=\"holder p-0 \"><div class=\"img-wrap img-wrap-news\">\n                                        <div class=\"caption__news-category\">\n                                        <a href=\"https:\/\/www.uoh.cl\/salud-mental\/category\/salud-mental\/\">\n                                        Salud Mental<\/a><\/div><img decoding=\"async\" class=\"w-100 h-100 lazyload\" data-src=\"https:\/\/www.uoh.cl\/salud-mental\/wp-content\/uploads\/sites\/47\/2026\/05\/Bienvenida-Tutores-Salud-Mental-5.jpg\" alt=\"UOH da bienvenida a tutoras\/es comprometidos con la salud mental y el bienestar universitario\" style=\"--smush-placeholder-width: 1500px; --smush-placeholder-aspect-ratio: 1500\/1000;object-fit: cover; object-position: center;\" src=\"data:image\/svg+xml;base64,PHN2ZyB3aWR0aD0iMSIgaGVpZ2h0PSIxIiB4bWxucz0iaHR0cDovL3d3dy53My5vcmcvMjAwMC9zdmciPjwvc3ZnPg==\"><\/div><\/div><div class=\"caption py-3 caption__news py-md-3 pb-md-5\">\n                                    <span class=\"caption__date\">Viernes 1, Mayo<\/span>\n                                     <a href=\"https:\/\/www.uoh.cl\/salud-mental\/uoh-da-bienvenida-a-tutoras-es-comprometidos-con-la-salud-mental-y-el-bienestar-universitario\/\">\n                                    <h3 class=\"small-space\">UOH da bienvenida a tutoras\/es comprometidos con la salud mental y el bienestar universitario<\/h3><\/a>\n\n                                    <p>La instancia de encuentro, organizada por la Direcci\u00f3n de Salud Mental, busca visibilizar el trabajo permanente que realizan durante el a\u00f1o acad\u00e9mico. <\/p>\n                                    <a class=\"link link--bold mt-md-3\" href=\"https:\/\/www.uoh.cl\/salud-mental\/uoh-da-bienvenida-a-tutoras-es-comprometidos-con-la-salud-mental-y-el-bienestar-universitario\/\">Saber m\u00e1s <span class=\"icon icon--inline icon--link\"><svg version=\"1.1\" xmlns=\"http:\/\/www.w3.org\/2000\/svg\" xmlns:xlink=\"http:\/\/www.w3.org\/1999\/xlink\" x=\"0px\" y=\"0px\" width=\"22px\"height=\"22px\" viewBox=\"0 0 22 22\" style=\"overflow:visible;enable-background:new 0 0 80 64.6;\" xml:space=\"preserve\"><g clip-path=\"url(#acA)\"><path fill-rule=\"evenodd\" d=\"M21.913 11.266a.93.93 0 000-.711c-.022-.056-.063-.097-.091-.144s-.053-.103-.097-.15L12.306.294c-.357-.379-.955-.394-1.334-.038s-.394.955-.038 1.334l7.917 8.374H.927a.95.95 0 00-.908.983.946.946 0 00.908.908h17.924l-8.089 8.552c-.357.379-.341.977.034 1.334s.977.341 1.334-.034l9.594-10.148c.044-.044.063-.1.097-.15.028-.047.069-.088.091-.141z\"\/><\/g><defs><clipPath id=\"acA\"><path fill=\"#fff\" d=\"M0 0h22v22H0z\"\/><\/clipPath><\/defs><\/svg><\/span><\/a><\/div><\/div><\/div><div class=\"  col-sm-6 col-md-4 img-article\">\n                                        <div class=\"content-news-display row m-0 p-0\"><div class=\"holder p-0 \"><div class=\"img-wrap img-wrap-news\">\n                                        <div class=\"caption__news-category\">\n                                        <a href=\"https:\/\/www.uoh.cl\/salud-mental\/category\/institucional\/\">\n                                        Institucional<\/a><\/div><img decoding=\"async\" class=\"w-100 h-100 lazyload\" data-src=\"https:\/\/www.uoh.cl\/salud-mental\/wp-content\/uploads\/sites\/47\/2026\/04\/Inauguracion-Ano-Academico-2026-6.jpg\" alt=\"Reflexi\u00f3n universitaria: UOH inaugura A\u00f1o Acad\u00e9mico 2026 pensando en los desaf\u00edos de la Educaci\u00f3n Superior\" style=\"--smush-placeholder-width: 1500px; --smush-placeholder-aspect-ratio: 1500\/1000;object-fit: cover; object-position: center;\" src=\"data:image\/svg+xml;base64,PHN2ZyB3aWR0aD0iMSIgaGVpZ2h0PSIxIiB4bWxucz0iaHR0cDovL3d3dy53My5vcmcvMjAwMC9zdmciPjwvc3ZnPg==\"><\/div><\/div><div class=\"caption py-3 caption__news py-md-3 pb-md-5\">\n                                    <span class=\"caption__date\">Mi\u00e9rcoles 29, Abril<\/span>\n                                     <a href=\"https:\/\/www.uoh.cl\/salud-mental\/reflexion-universitaria-uoh-inaugura-ano-academico-2026-pensando-en-los-desafios-de-la-educacion-superior\/\">\n                                    <h3 class=\"small-space\">Reflexi\u00f3n universitaria: UOH inaugura A\u00f1o Acad\u00e9mico 2026 pensando en los desaf\u00edos de la Educaci\u00f3n Superior<\/h3><\/a>\n\n                                    <p>La ceremonia promovi\u00f3 el an\u00e1lisis acerca de los cambios educativos que se avecinan dentro de los procesos de formaci\u00f3n universitaria ajustados a contextos digitales.   <\/p>\n                                    <a class=\"link link--bold mt-md-3\" href=\"https:\/\/www.uoh.cl\/salud-mental\/reflexion-universitaria-uoh-inaugura-ano-academico-2026-pensando-en-los-desafios-de-la-educacion-superior\/\">Saber m\u00e1s <span class=\"icon icon--inline icon--link\"><svg version=\"1.1\" xmlns=\"http:\/\/www.w3.org\/2000\/svg\" xmlns:xlink=\"http:\/\/www.w3.org\/1999\/xlink\" x=\"0px\" y=\"0px\" width=\"22px\"height=\"22px\" viewBox=\"0 0 22 22\" style=\"overflow:visible;enable-background:new 0 0 80 64.6;\" xml:space=\"preserve\"><g clip-path=\"url(#acA)\"><path fill-rule=\"evenodd\" d=\"M21.913 11.266a.93.93 0 000-.711c-.022-.056-.063-.097-.091-.144s-.053-.103-.097-.15L12.306.294c-.357-.379-.955-.394-1.334-.038s-.394.955-.038 1.334l7.917 8.374H.927a.95.95 0 00-.908.983.946.946 0 00.908.908h17.924l-8.089 8.552c-.357.379-.341.977.034 1.334s.977.341 1.334-.034l9.594-10.148c.044-.044.063-.1.097-.15.028-.047.069-.088.091-.141z\"\/><\/g><defs><clipPath id=\"acA\"><path fill=\"#fff\" d=\"M0 0h22v22H0z\"\/><\/clipPath><\/defs><\/svg><\/span><\/a><\/div><\/div><\/div><div class=\"  col-sm-6 col-md-4 img-article\">\n                                        <div class=\"content-news-display row m-0 p-0\"><div class=\"holder p-0 \"><div class=\"img-wrap img-wrap-news\">\n                                        <div class=\"caption__news-category\">\n                                        <a href=\"https:\/\/www.uoh.cl\/salud-mental\/category\/salud-mental\/\">\n                                        Salud Mental<\/a><\/div><img decoding=\"async\" class=\"w-100 h-100 lazyload\" data-src=\"https:\/\/www.uoh.cl\/salud-mental\/wp-content\/uploads\/sites\/47\/2026\/04\/\u00bfComo-acompanar-ante-situaciones-impredecibles-Psicologa-de-la-Direccion-de-Salud-Mental-UOH-destaca-validacion-de-emociones-y-solicitar-apoyo.png\" alt=\"\u00bfC\u00f3mo acompa\u00f1ar ante situaciones impredecibles?: Psic\u00f3loga de la Direcci\u00f3n de Salud Mental UOH destaca validaci\u00f3n de emociones y solicitar apoyo\" style=\"--smush-placeholder-width: 1500px; --smush-placeholder-aspect-ratio: 1500\/1000;object-fit: cover; object-position: center;\" src=\"data:image\/svg+xml;base64,PHN2ZyB3aWR0aD0iMSIgaGVpZ2h0PSIxIiB4bWxucz0iaHR0cDovL3d3dy53My5vcmcvMjAwMC9zdmciPjwvc3ZnPg==\"><\/div><\/div><div class=\"caption py-3 caption__news py-md-3 pb-md-5\">\n                                    <span class=\"caption__date\">Martes 21, Abril<\/span>\n                                     <a href=\"https:\/\/www.uoh.cl\/salud-mental\/como-acompanar-ante-situaciones-impredecibles-psicologa-de-la-direccion-de-salud-mental-uoh-destaca-validacion-de-emociones-y-solicitar-apoyo\/\">\n                                    <h3 class=\"small-space\">\u00bfC\u00f3mo acompa\u00f1ar ante situaciones impredecibles?: Psic\u00f3loga de la Direcci\u00f3n de Salud Mental UOH destaca validaci\u00f3n de emociones y solicitar apoyo<\/h3><\/a>\n\n                                    <p>La Universidad de O\u2019Higgins cuenta con distintas instancias para estar presente con estudiantes y la comunidad universitaria ante hechos que afecten su bienestar emocional. <\/p>\n                                    <a class=\"link link--bold mt-md-3\" href=\"https:\/\/www.uoh.cl\/salud-mental\/como-acompanar-ante-situaciones-impredecibles-psicologa-de-la-direccion-de-salud-mental-uoh-destaca-validacion-de-emociones-y-solicitar-apoyo\/\">Saber m\u00e1s <span class=\"icon icon--inline icon--link\"><svg version=\"1.1\" xmlns=\"http:\/\/www.w3.org\/2000\/svg\" xmlns:xlink=\"http:\/\/www.w3.org\/1999\/xlink\" x=\"0px\" y=\"0px\" width=\"22px\"height=\"22px\" viewBox=\"0 0 22 22\" style=\"overflow:visible;enable-background:new 0 0 80 64.6;\" xml:space=\"preserve\"><g clip-path=\"url(#acA)\"><path fill-rule=\"evenodd\" d=\"M21.913 11.266a.93.93 0 000-.711c-.022-.056-.063-.097-.091-.144s-.053-.103-.097-.15L12.306.294c-.357-.379-.955-.394-1.334-.038s-.394.955-.038 1.334l7.917 8.374H.927a.95.95 0 00-.908.983.946.946 0 00.908.908h17.924l-8.089 8.552c-.357.379-.341.977.034 1.334s.977.341 1.334-.034l9.594-10.148c.044-.044.063-.1.097-.15.028-.047.069-.088.091-.141z\"\/><\/g><defs><clipPath id=\"acA\"><path fill=\"#fff\" d=\"M0 0h22v22H0z\"\/><\/clipPath><\/defs><\/svg><\/span><\/a><\/div><\/div><\/div><div class=\"  col-sm-6 col-md-4 img-article\">\n                                        <div class=\"content-news-display row m-0 p-0\"><div class=\"holder p-0 \"><div class=\"img-wrap img-wrap-news\">\n                                        <div class=\"caption__news-category\">\n                                        <a href=\"https:\/\/www.uoh.cl\/salud-mental\/category\/salud-mental\/\">\n                                        Salud Mental<\/a><\/div><img decoding=\"async\" class=\"w-100 h-100 lazyload\" data-src=\"https:\/\/www.uoh.cl\/salud-mental\/wp-content\/uploads\/sites\/47\/2026\/03\/Post-Vacaciones.jpg\" alt=\"Un retorno gradual y equilibrado: claves para una readaptaci\u00f3n saludable tras el descanso vacacional\" style=\"--smush-placeholder-width: 2000px; --smush-placeholder-aspect-ratio: 2000\/1333;object-fit: cover; object-position: center;\" src=\"data:image\/svg+xml;base64,PHN2ZyB3aWR0aD0iMSIgaGVpZ2h0PSIxIiB4bWxucz0iaHR0cDovL3d3dy53My5vcmcvMjAwMC9zdmciPjwvc3ZnPg==\"><\/div><\/div><div class=\"caption py-3 caption__news py-md-3 pb-md-5\">\n                                    <span class=\"caption__date\">Lunes 23, Febrero<\/span>\n                                     <a href=\"https:\/\/www.uoh.cl\/salud-mental\/un-retorno-gradual-y-equilibrado-claves-para-una-readaptacion-saludable-tras-el-descanso-vacacional-de-liderazgo-cientifico-para-mujeres-investigadoras-2025\/\">\n                                    <h3 class=\"small-space\">Un retorno gradual y equilibrado: claves para una readaptaci\u00f3n saludable tras el descanso vacacional<\/h3><\/a>\n\n                                    <p>Una planificaci\u00f3n progresiva y el cuidado f\u00edsico-emocional resultan decisivos para enfrentar el regreso a las rutinas con energ\u00eda, bienestar y motivaci\u00f3n. <\/p>\n                                    <a class=\"link link--bold mt-md-3\" href=\"https:\/\/www.uoh.cl\/salud-mental\/un-retorno-gradual-y-equilibrado-claves-para-una-readaptacion-saludable-tras-el-descanso-vacacional-de-liderazgo-cientifico-para-mujeres-investigadoras-2025\/\">Saber m\u00e1s <span class=\"icon icon--inline icon--link\"><svg version=\"1.1\" xmlns=\"http:\/\/www.w3.org\/2000\/svg\" xmlns:xlink=\"http:\/\/www.w3.org\/1999\/xlink\" x=\"0px\" y=\"0px\" width=\"22px\"height=\"22px\" viewBox=\"0 0 22 22\" style=\"overflow:visible;enable-background:new 0 0 80 64.6;\" xml:space=\"preserve\"><g clip-path=\"url(#acA)\"><path fill-rule=\"evenodd\" d=\"M21.913 11.266a.93.93 0 000-.711c-.022-.056-.063-.097-.091-.144s-.053-.103-.097-.15L12.306.294c-.357-.379-.955-.394-1.334-.038s-.394.955-.038 1.334l7.917 8.374H.927a.95.95 0 00-.908.983.946.946 0 00.908.908h17.924l-8.089 8.552c-.357.379-.341.977.034 1.334s.977.341 1.334-.034l9.594-10.148c.044-.044.063-.1.097-.15.028-.047.069-.088.091-.141z\"\/><\/g><defs><clipPath id=\"acA\"><path fill=\"#fff\" d=\"M0 0h22v22H0z\"\/><\/clipPath><\/defs><\/svg><\/span><\/a><\/div><\/div><\/div><div class=\"  col-sm-6 col-md-4 img-article\">\n                                        <div class=\"content-news-display row m-0 p-0\"><div class=\"holder p-0 \"><div class=\"img-wrap img-wrap-news\">\n                                        <div class=\"caption__news-category\">\n                                        <a href=\"https:\/\/www.uoh.cl\/salud-mental\/category\/salud-mental\/\">\n                                        Salud Mental<\/a><\/div><img decoding=\"async\" class=\"w-100 h-100 lazyload\" data-src=\"https:\/\/www.uoh.cl\/salud-mental\/wp-content\/uploads\/sites\/47\/2026\/03\/Post-Vacaciones.jpg\" alt=\"Un retorno gradual y equilibrado: claves para una readaptaci\u00f3n saludable tras el descanso vacacional\" style=\"--smush-placeholder-width: 2000px; --smush-placeholder-aspect-ratio: 2000\/1333;object-fit: cover; object-position: center;\" src=\"data:image\/svg+xml;base64,PHN2ZyB3aWR0aD0iMSIgaGVpZ2h0PSIxIiB4bWxucz0iaHR0cDovL3d3dy53My5vcmcvMjAwMC9zdmciPjwvc3ZnPg==\"><\/div><\/div><div class=\"caption py-3 caption__news py-md-3 pb-md-5\">\n                                    <span class=\"caption__date\">Lunes 23, Febrero<\/span>\n                                     <a href=\"https:\/\/www.uoh.cl\/salud-mental\/un-retorno-gradual-y-equilibrado-claves-para-una-readaptacion-saludable-tras-el-descanso-vacacional\/\">\n                                    <h3 class=\"small-space\">Un retorno gradual y equilibrado: claves para una readaptaci\u00f3n saludable tras el descanso vacacional<\/h3><\/a>\n\n                                    <p>Una planificaci\u00f3n progresiva y el cuidado f\u00edsico-emocional resultan decisivos para enfrentar el regreso a las rutinas con energ\u00eda, bienestar y motivaci\u00f3n. <\/p>\n                                    <a class=\"link link--bold mt-md-3\" href=\"https:\/\/www.uoh.cl\/salud-mental\/un-retorno-gradual-y-equilibrado-claves-para-una-readaptacion-saludable-tras-el-descanso-vacacional\/\">Saber m\u00e1s <span class=\"icon icon--inline icon--link\"><svg version=\"1.1\" xmlns=\"http:\/\/www.w3.org\/2000\/svg\" xmlns:xlink=\"http:\/\/www.w3.org\/1999\/xlink\" x=\"0px\" y=\"0px\" width=\"22px\"height=\"22px\" viewBox=\"0 0 22 22\" style=\"overflow:visible;enable-background:new 0 0 80 64.6;\" xml:space=\"preserve\"><g clip-path=\"url(#acA)\"><path fill-rule=\"evenodd\" d=\"M21.913 11.266a.93.93 0 000-.711c-.022-.056-.063-.097-.091-.144s-.053-.103-.097-.15L12.306.294c-.357-.379-.955-.394-1.334-.038s-.394.955-.038 1.334l7.917 8.374H.927a.95.95 0 00-.908.983.946.946 0 00.908.908h17.924l-8.089 8.552c-.357.379-.341.977.034 1.334s.977.341 1.334-.034l9.594-10.148c.044-.044.063-.1.097-.15.028-.047.069-.088.091-.141z\"\/><\/g><defs><clipPath id=\"acA\"><path fill=\"#fff\" d=\"M0 0h22v22H0z\"\/><\/clipPath><\/defs><\/svg><\/span><\/a><\/div><\/div><\/div><div class=\"  col-sm-6 col-md-4 img-article\">\n                                        <div class=\"content-news-display row m-0 p-0\"><div class=\"holder p-0 \"><div class=\"img-wrap img-wrap-news\">\n                                        <div class=\"caption__news-category\">\n                                        <a href=\"https:\/\/www.uoh.cl\/salud-mental\/category\/ica3\/\">\n                                        ICA3<\/a><\/div><img decoding=\"async\" class=\"w-100 h-100 lazyload\" data-src=\"https:\/\/www.uoh.cl\/salud-mental\/wp-content\/uploads\/sites\/47\/2026\/03\/Cerdos.jpg\" alt=\"Investigaci\u00f3n eval\u00faa uso de m\u00fasica como herramienta innovadora para bienestar de cerdos en sistemas productivos\" style=\"--smush-placeholder-width: 1709px; --smush-placeholder-aspect-ratio: 1709\/1140;object-fit: cover; object-position: center;\" src=\"data:image\/svg+xml;base64,PHN2ZyB3aWR0aD0iMSIgaGVpZ2h0PSIxIiB4bWxucz0iaHR0cDovL3d3dy53My5vcmcvMjAwMC9zdmciPjwvc3ZnPg==\"><\/div><\/div><div class=\"caption py-3 caption__news py-md-3 pb-md-5\">\n                                    <span class=\"caption__date\">Jueves 19, Febrero<\/span>\n                                     <a href=\"https:\/\/www.uoh.cl\/salud-mental\/investigacion-evalua-uso-de-musica-como-herramienta-innovadora-para-bienestar-de-cerdos-en-sistemas-productivos\/\">\n                                    <h3 class=\"small-space\">Investigaci\u00f3n eval\u00faa uso de m\u00fasica como herramienta innovadora para bienestar de cerdos en sistemas productivos<\/h3><\/a>\n\n                                    <p>El proyecto busca reducir el estr\u00e9s postdestete y favorecer el consumo temprano de alimento mediante condicionamiento cl\u00e1sico, integrando ciencia de la psicolog\u00eda experimental, nutrici\u00f3n, comportamiento y bienestar animal. <\/p>\n                                    <a class=\"link link--bold mt-md-3\" href=\"https:\/\/www.uoh.cl\/salud-mental\/investigacion-evalua-uso-de-musica-como-herramienta-innovadora-para-bienestar-de-cerdos-en-sistemas-productivos\/\">Saber m\u00e1s <span class=\"icon icon--inline icon--link\"><svg version=\"1.1\" xmlns=\"http:\/\/www.w3.org\/2000\/svg\" xmlns:xlink=\"http:\/\/www.w3.org\/1999\/xlink\" x=\"0px\" y=\"0px\" width=\"22px\"height=\"22px\" viewBox=\"0 0 22 22\" style=\"overflow:visible;enable-background:new 0 0 80 64.6;\" xml:space=\"preserve\"><g clip-path=\"url(#acA)\"><path fill-rule=\"evenodd\" d=\"M21.913 11.266a.93.93 0 000-.711c-.022-.056-.063-.097-.091-.144s-.053-.103-.097-.15L12.306.294c-.357-.379-.955-.394-1.334-.038s-.394.955-.038 1.334l7.917 8.374H.927a.95.95 0 00-.908.983.946.946 0 00.908.908h17.924l-8.089 8.552c-.357.379-.341.977.034 1.334s.977.341 1.334-.034l9.594-10.148c.044-.044.063-.1.097-.15.028-.047.069-.088.091-.141z\"\/><\/g><defs><clipPath id=\"acA\"><path fill=\"#fff\" d=\"M0 0h22v22H0z\"\/><\/clipPath><\/defs><\/svg><\/span><\/a><\/div><\/div><\/div><div class=\"  col-sm-6 col-md-4 img-article\">\n                                        <div class=\"content-news-display row m-0 p-0\"><div class=\"holder p-0 \"><div class=\"img-wrap img-wrap-news\">\n                                        <div class=\"caption__news-category\">\n                                        <a href=\"https:\/\/www.uoh.cl\/salud-mental\/category\/institucional\/\">\n                                        Institucional<\/a><\/div><img decoding=\"async\" class=\"w-100 h-100 lazyload\" data-src=\"https:\/\/www.uoh.cl\/salud-mental\/wp-content\/uploads\/sites\/47\/2026\/01\/36_Frontis.jpg\" alt=\"UOH cuenta con nuevo Plan de Desarrollo Estrat\u00e9gico\" style=\"--smush-placeholder-width: 1500px; --smush-placeholder-aspect-ratio: 1500\/1000;object-fit: cover; object-position: center;\" src=\"data:image\/svg+xml;base64,PHN2ZyB3aWR0aD0iMSIgaGVpZ2h0PSIxIiB4bWxucz0iaHR0cDovL3d3dy53My5vcmcvMjAwMC9zdmciPjwvc3ZnPg==\"><\/div><\/div><div class=\"caption py-3 caption__news py-md-3 pb-md-5\">\n                                    <span class=\"caption__date\">Jueves 8, Enero<\/span>\n                                     <a href=\"https:\/\/www.uoh.cl\/salud-mental\/uoh-cuenta-con-nuevo-plan-de-desarrollo-estrategico\/\">\n                                    <h3 class=\"small-space\">UOH cuenta con nuevo Plan de Desarrollo Estrat\u00e9gico<\/h3><\/a>\n\n                                    <p>Su proceso de construcci\u00f3n se realiz\u00f3 entre agosto de 2024 y noviembre de 2025.<\/p>\n                                    <a class=\"link link--bold mt-md-3\" href=\"https:\/\/www.uoh.cl\/salud-mental\/uoh-cuenta-con-nuevo-plan-de-desarrollo-estrategico\/\">Saber m\u00e1s <span class=\"icon icon--inline icon--link\"><svg version=\"1.1\" xmlns=\"http:\/\/www.w3.org\/2000\/svg\" xmlns:xlink=\"http:\/\/www.w3.org\/1999\/xlink\" x=\"0px\" y=\"0px\" width=\"22px\"height=\"22px\" viewBox=\"0 0 22 22\" style=\"overflow:visible;enable-background:new 0 0 80 64.6;\" xml:space=\"preserve\"><g clip-path=\"url(#acA)\"><path fill-rule=\"evenodd\" d=\"M21.913 11.266a.93.93 0 000-.711c-.022-.056-.063-.097-.091-.144s-.053-.103-.097-.15L12.306.294c-.357-.379-.955-.394-1.334-.038s-.394.955-.038 1.334l7.917 8.374H.927a.95.95 0 00-.908.983.946.946 0 00.908.908h17.924l-8.089 8.552c-.357.379-.341.977.034 1.334s.977.341 1.334-.034l9.594-10.148c.044-.044.063-.1.097-.15.028-.047.069-.088.091-.141z\"\/><\/g><defs><clipPath id=\"acA\"><path fill=\"#fff\" d=\"M0 0h22v22H0z\"\/><\/clipPath><\/defs><\/svg><\/span><\/a><\/div><\/div><\/div><div class=\"  col-sm-6 col-md-4 img-article\">\n                                        <div class=\"content-news-display row m-0 p-0\"><div class=\"holder p-0 \"><div class=\"img-wrap img-wrap-news\">\n                                        <div class=\"caption__news-category\">\n                                        <a href=\"https:\/\/www.uoh.cl\/salud-mental\/category\/salud-mental\/\">\n                                        Salud Mental<\/a><\/div><img decoding=\"async\" class=\"w-100 h-100 lazyload\" data-src=\"https:\/\/www.uoh.cl\/salud-mental\/wp-content\/uploads\/sites\/47\/2025\/11\/fcb20265-f8c3-4e18-ad3f-fd21b8357527.jpeg\" alt=\"Direcci\u00f3n de Salud Mental UOH desarroll\u00f3 seminario de innovaci\u00f3n digital para fortalecer el bienestar universitario\" style=\"--smush-placeholder-width: 1600px; --smush-placeholder-aspect-ratio: 1600\/1066;object-fit: cover; object-position: center;\" src=\"data:image\/svg+xml;base64,PHN2ZyB3aWR0aD0iMSIgaGVpZ2h0PSIxIiB4bWxucz0iaHR0cDovL3d3dy53My5vcmcvMjAwMC9zdmciPjwvc3ZnPg==\"><\/div><\/div><div class=\"caption py-3 caption__news py-md-3 pb-md-5\">\n                                    <span class=\"caption__date\">Lunes 17, Noviembre<\/span>\n                                     <a href=\"https:\/\/www.uoh.cl\/salud-mental\/direccion-de-salud-mental-uoh-desarrollo-seminario-de-innovacion-digital-para-fortalecer-el-bienestar-universitario\/\">\n                                    <h3 class=\"small-space\">Direcci\u00f3n de Salud Mental UOH desarroll\u00f3 seminario de innovaci\u00f3n digital para fortalecer el bienestar universitario<\/h3><\/a>\n\n                                    <p>Tecnolog\u00eda y acompa\u00f1amiento se combinaron en una jornada que dio a conocer que la salud mental puede consolidarse desde la digitalizaci\u00f3n y la colaboraci\u00f3n universitaria.<\/p>\n                                    <a class=\"link link--bold mt-md-3\" href=\"https:\/\/www.uoh.cl\/salud-mental\/direccion-de-salud-mental-uoh-desarrollo-seminario-de-innovacion-digital-para-fortalecer-el-bienestar-universitario\/\">Saber m\u00e1s <span class=\"icon icon--inline icon--link\"><svg version=\"1.1\" xmlns=\"http:\/\/www.w3.org\/2000\/svg\" xmlns:xlink=\"http:\/\/www.w3.org\/1999\/xlink\" x=\"0px\" y=\"0px\" width=\"22px\"height=\"22px\" viewBox=\"0 0 22 22\" style=\"overflow:visible;enable-background:new 0 0 80 64.6;\" xml:space=\"preserve\"><g clip-path=\"url(#acA)\"><path fill-rule=\"evenodd\" d=\"M21.913 11.266a.93.93 0 000-.711c-.022-.056-.063-.097-.091-.144s-.053-.103-.097-.15L12.306.294c-.357-.379-.955-.394-1.334-.038s-.394.955-.038 1.334l7.917 8.374H.927a.95.95 0 00-.908.983.946.946 0 00.908.908h17.924l-8.089 8.552c-.357.379-.341.977.034 1.334s.977.341 1.334-.034l9.594-10.148c.044-.044.063-.1.097-.15.028-.047.069-.088.091-.141z\"\/><\/g><defs><clipPath id=\"acA\"><path fill=\"#fff\" d=\"M0 0h22v22H0z\"\/><\/clipPath><\/defs><\/svg><\/span><\/a><\/div><\/div><\/div><div class=\"  col-sm-6 col-md-4 img-article\">\n                                        <div class=\"content-news-display row m-0 p-0\"><div class=\"holder p-0 \"><div class=\"img-wrap img-wrap-news\">\n                                        <div class=\"caption__news-category\">\n                                        <a href=\"https:\/\/www.uoh.cl\/salud-mental\/category\/salud-mental\/\">\n                                        Salud Mental<\/a><\/div><img decoding=\"async\" class=\"w-100 h-100 lazyload\" data-src=\"https:\/\/www.uoh.cl\/salud-mental\/wp-content\/uploads\/sites\/47\/2025\/09\/Taller-Sintonizar-para-aliviar-3.jpg\" alt=\"Conoce las herramientas de la Direcci\u00f3n de Salud Mental para resguardar tu bienestar\" style=\"--smush-placeholder-width: 1500px; --smush-placeholder-aspect-ratio: 1500\/1000;object-fit: cover; object-position: center;\" src=\"data:image\/svg+xml;base64,PHN2ZyB3aWR0aD0iMSIgaGVpZ2h0PSIxIiB4bWxucz0iaHR0cDovL3d3dy53My5vcmcvMjAwMC9zdmciPjwvc3ZnPg==\"><\/div><\/div><div class=\"caption py-3 caption__news py-md-3 pb-md-5\">\n                                    <span class=\"caption__date\">Viernes 26, Septiembre<\/span>\n                                     <a href=\"https:\/\/www.uoh.cl\/salud-mental\/conoce-las-herramientas-de-la-direccion-de-salud-mental-para-resguardar-tu-bienestar\/\">\n                                    <h3 class=\"small-space\">Conoce las herramientas de la Direcci\u00f3n de Salud Mental para resguardar tu bienestar<\/h3><\/a>\n\n                                    <p>Los talleres se presentan como una oportunidad para aprender, compartir y construir una comunidad universitaria m\u00e1s consciente y acompa\u00f1ada.<\/p>\n                                    <a class=\"link link--bold mt-md-3\" href=\"https:\/\/www.uoh.cl\/salud-mental\/conoce-las-herramientas-de-la-direccion-de-salud-mental-para-resguardar-tu-bienestar\/\">Saber m\u00e1s <span class=\"icon icon--inline icon--link\"><svg version=\"1.1\" xmlns=\"http:\/\/www.w3.org\/2000\/svg\" xmlns:xlink=\"http:\/\/www.w3.org\/1999\/xlink\" x=\"0px\" y=\"0px\" width=\"22px\"height=\"22px\" viewBox=\"0 0 22 22\" style=\"overflow:visible;enable-background:new 0 0 80 64.6;\" xml:space=\"preserve\"><g clip-path=\"url(#acA)\"><path fill-rule=\"evenodd\" d=\"M21.913 11.266a.93.93 0 000-.711c-.022-.056-.063-.097-.091-.144s-.053-.103-.097-.15L12.306.294c-.357-.379-.955-.394-1.334-.038s-.394.955-.038 1.334l7.917 8.374H.927a.95.95 0 00-.908.983.946.946 0 00.908.908h17.924l-8.089 8.552c-.357.379-.341.977.034 1.334s.977.341 1.334-.034l9.594-10.148c.044-.044.063-.1.097-.15.028-.047.069-.088.091-.141z\"\/><\/g><defs><clipPath id=\"acA\"><path fill=\"#fff\" d=\"M0 0h22v22H0z\"\/><\/clipPath><\/defs><\/svg><\/span><\/a><\/div><\/div><\/div><\/div><\/div><\/div><div class=\"pagination justify-content-center my-5\"><span aria-current=\"page\" class=\"page-numbers current\">1<\/span>\n<a class=\"page-numbers\" href=\"https:\/\/www.uoh.cl\/salud-mental\/wp-json\/wp\/v2\/pages\/14\/\/page\/2\">2<\/a>\n<a class=\"page-numbers\" href=\"https:\/\/www.uoh.cl\/salud-mental\/wp-json\/wp\/v2\/pages\/14\/\/page\/3\">3<\/a>\n<span class=\"page-numbers dots\">&hellip;<\/span>\n<a class=\"page-numbers\" href=\"https:\/\/www.uoh.cl\/salud-mental\/wp-json\/wp\/v2\/pages\/14\/\/page\/5\">5<\/a>\n<a class=\"next page-numbers\" href=\"https:\/\/www.uoh.cl\/salud-mental\/wp-json\/wp\/v2\/pages\/14\/\/page\/2\"><div class=\"icon-pagination-next\"> <?xml version=\"1.0\" ?><svg viewBox=\"0 0 96 96\" xmlns=\"http:\/\/www.w3.org\/2000\/svg\"><title\/><path d=\"M39.3756,48.0022l30.47-25.39a6.0035,6.0035,0,0,0-7.6878-9.223L26.1563,43.3906a6.0092,6.0092,0,0,0,0,9.2231L62.1578,82.615a6.0035,6.0035,0,0,0,7.6878-9.2231Z\"\/><\/svg> <\/div><\/a><\/div>[\/vc_column][\/vc_row][\/vc_section][vc_section css=&#8221;.vc_custom_1687282291050{background-color: #03122e !important;}&#8221; el_class=&#8221;p-md-0 pt-md-5 pb-md-5 text-white&#8221; el_id=&#8221;footer_sm&#8221;][vc_row el_class=&#8221;container mx-auto align-items-center&#8221;][vc_column width=&#8221;1\/6&#8243;][vc_single_image image=&#8221;234&#8243; img_size=&#8221;full&#8221; alignment=&#8221;center&#8221; onclick=&#8221;custom_link&#8221; img_link_target=&#8221;_blank&#8221; link=&#8221;https:\/\/www.instagram.com\/uoh360\/&#8221;][\/vc_column][vc_column width=&#8221;4\/6&#8243;][\/vc_column][vc_column width=&#8221;1\/6&#8243;][vc_single_image image=&#8221;229&#8243; img_size=&#8221;large&#8221; alignment=&#8221;center&#8221; onclick=&#8221;custom_link&#8221; img_link_target=&#8221;_blank&#8221; link=&#8221;http:\/\/www.uoh.cl&#8221;][\/vc_column][\/vc_row][\/vc_section]<\/p>\n<\/div>","protected":false},"excerpt":{"rendered":"<p>[vc_row][vc_column][\/vc_column][\/vc_row][vc_section el_class=&#8221;container mx-auto align-items-center circle&#8211;pattern&#8221; css=&#8221;.vc_custom_1673275571523{padding-top: 3rem !important;}&#8221;][vc_row][vc_column][vc_wp_custommenu nav_menu=&#8221;2&#8243;][\/vc_column][\/vc_row][\/vc_section][vc_section css=&#8221;.vc_custom_1687297718436{background-color: #f6faff !important;}&#8221; el_class=&#8221;pt-md-5 pb-5&#8243;][vc_row el_class=&#8221;container mx-auto align-items-center p-md-0 pt-5&#8243;][vc_column][\/vc_column][\/vc_row][\/vc_section][vc_section css=&#8221;.vc_custom_1687282291050{background-color: #03122e !important;}&#8221; el_class=&#8221;p-md-0 pt-md-5 pb-md-5 text-white&#8221; el_id=&#8221;footer_sm&#8221;][vc_row el_class=&#8221;container mx-auto align-items-center&#8221;][vc_column width=&#8221;1\/6&#8243;][vc_single_image image=&#8221;234&#8243; img_size=&#8221;full&#8221; alignment=&#8221;center&#8221; onclick=&#8221;custom_link&#8221; img_link_target=&#8221;_blank&#8221; link=&#8221;https:\/\/www.instagram.com\/uoh360\/&#8221;][\/vc_column][vc_column width=&#8221;4\/6&#8243;][\/vc_column][vc_column width=&#8221;1\/6&#8243;][vc_single_image image=&#8221;229&#8243; img_size=&#8221;large&#8221; alignment=&#8221;center&#8221; onclick=&#8221;custom_link&#8221; img_link_target=&#8221;_blank&#8221; link=&#8221;http:\/\/www.uoh.cl&#8221;][\/vc_column][\/vc_row][\/vc_section]<\/p>\n","protected":false},"author":6,"featured_media":0,"parent":0,"menu_order":0,"comment_status":"closed","ping_status":"closed","template":"","meta":{"_acf_changed":false,"footnotes":""},"class_list":["post-14","page","type-page","status-publish","hentry"],"acf":[],"yoast_head":"<!-- This site is optimized with the Yoast SEO plugin v26.6 - https:\/\/yoast.com\/wordpress\/plugins\/seo\/ -->\n<title>Noticias - Direcci\u00f3n de Salud Mental<\/title>\n<meta name=\"robots\" content=\"index, follow, max-snippet:-1, max-image-preview:large, max-video-preview:-1\" \/>\n<link rel=\"canonical\" href=\"https:\/\/www.uoh.cl\/salud-mental\/noticias\/\" \/>\n<meta property=\"og:locale\" content=\"es_ES\" \/>\n<meta property=\"og:type\" content=\"article\" \/>\n<meta property=\"og:title\" content=\"Noticias - Direcci\u00f3n de Salud Mental\" \/>\n<meta property=\"og:description\" content=\"[vc_row][vc_column][\/vc_column][\/vc_row][vc_section el_class=&#8221;container mx-auto align-items-center circle&#8211;pattern&#8221; css=&#8221;.vc_custom_1673275571523{padding-top: 3rem !important;}&#8221;][vc_row][vc_column][vc_wp_custommenu nav_menu=&#8221;2&#8243;][\/vc_column][\/vc_row][\/vc_section][vc_section css=&#8221;.vc_custom_1687297718436{background-color: #f6faff !important;}&#8221; el_class=&#8221;pt-md-5 pb-5&#8243;][vc_row el_class=&#8221;container mx-auto align-items-center p-md-0 pt-5&#8243;][vc_column][\/vc_column][\/vc_row][\/vc_section][vc_section css=&#8221;.vc_custom_1687282291050{background-color: #03122e !important;}&#8221; el_class=&#8221;p-md-0 pt-md-5 pb-md-5 text-white&#8221; el_id=&#8221;footer_sm&#8221;][vc_row el_class=&#8221;container mx-auto align-items-center&#8221;][vc_column width=&#8221;1\/6&#8243;][vc_single_image image=&#8221;234&#8243; img_size=&#8221;full&#8221; alignment=&#8221;center&#8221; onclick=&#8221;custom_link&#8221; img_link_target=&#8221;_blank&#8221; link=&#8221;https:\/\/www.instagram.com\/uoh360\/&#8221;][\/vc_column][vc_column width=&#8221;4\/6&#8243;][\/vc_column][vc_column width=&#8221;1\/6&#8243;][vc_single_image image=&#8221;229&#8243; img_size=&#8221;large&#8221; alignment=&#8221;center&#8221; onclick=&#8221;custom_link&#8221; img_link_target=&#8221;_blank&#8221; link=&#8221;http:\/\/www.uoh.cl&#8221;][\/vc_column][\/vc_row][\/vc_section]\" \/>\n<meta property=\"og:url\" content=\"https:\/\/www.uoh.cl\/salud-mental\/noticias\/\" \/>\n<meta property=\"og:site_name\" content=\"Direcci\u00f3n de Salud Mental\" \/>\n<meta property=\"article:modified_time\" content=\"2023-06-20T21:48:41+00:00\" \/>\n<meta name=\"twitter:card\" content=\"summary_large_image\" \/>\n<meta name=\"twitter:label1\" content=\"Tiempo estimado de lectura\" \/>\n\t<meta name=\"twitter:data1\" content=\"1 minuto\" \/>\n<script type=\"application\/ld+json\" class=\"yoast-schema-graph\">{\"@context\":\"https:\/\/schema.org\",\"@graph\":[{\"@type\":\"WebPage\",\"@id\":\"https:\/\/www.uoh.cl\/salud-mental\/noticias\/\",\"url\":\"https:\/\/www.uoh.cl\/salud-mental\/noticias\/\",\"name\":\"Noticias - Direcci\u00f3n de Salud Mental\",\"isPartOf\":{\"@id\":\"https:\/\/www.uoh.cl\/salud-mental\/#website\"},\"datePublished\":\"2023-06-14T20:34:55+00:00\",\"dateModified\":\"2023-06-20T21:48:41+00:00\",\"breadcrumb\":{\"@id\":\"https:\/\/www.uoh.cl\/salud-mental\/noticias\/#breadcrumb\"},\"inLanguage\":\"es-CL\",\"potentialAction\":[{\"@type\":\"ReadAction\",\"target\":[\"https:\/\/www.uoh.cl\/salud-mental\/noticias\/\"]}]},{\"@type\":\"BreadcrumbList\",\"@id\":\"https:\/\/www.uoh.cl\/salud-mental\/noticias\/#breadcrumb\",\"itemListElement\":[{\"@type\":\"ListItem\",\"position\":1,\"name\":\"Portada\",\"item\":\"https:\/\/www.uoh.cl\/salud-mental\/\"},{\"@type\":\"ListItem\",\"position\":2,\"name\":\"Noticias\"}]},{\"@type\":\"WebSite\",\"@id\":\"https:\/\/www.uoh.cl\/salud-mental\/#website\",\"url\":\"https:\/\/www.uoh.cl\/salud-mental\/\",\"name\":\"Direcci\u00f3n de Salud Mental\",\"description\":\"\",\"potentialAction\":[{\"@type\":\"SearchAction\",\"target\":{\"@type\":\"EntryPoint\",\"urlTemplate\":\"https:\/\/www.uoh.cl\/salud-mental\/?s={search_term_string}\"},\"query-input\":{\"@type\":\"PropertyValueSpecification\",\"valueRequired\":true,\"valueName\":\"search_term_string\"}}],\"inLanguage\":\"es-CL\"}]}<\/script>\n<!-- \/ Yoast SEO plugin. -->","yoast_head_json":{"title":"Noticias - Direcci\u00f3n de Salud Mental","robots":{"index":"index","follow":"follow","max-snippet":"max-snippet:-1","max-image-preview":"max-image-preview:large","max-video-preview":"max-video-preview:-1"},"canonical":"https:\/\/www.uoh.cl\/salud-mental\/noticias\/","og_locale":"es_ES","og_type":"article","og_title":"Noticias - Direcci\u00f3n de Salud Mental","og_description":"[vc_row][vc_column][\/vc_column][\/vc_row][vc_section el_class=&#8221;container mx-auto align-items-center circle&#8211;pattern&#8221; css=&#8221;.vc_custom_1673275571523{padding-top: 3rem !important;}&#8221;][vc_row][vc_column][vc_wp_custommenu nav_menu=&#8221;2&#8243;][\/vc_column][\/vc_row][\/vc_section][vc_section css=&#8221;.vc_custom_1687297718436{background-color: #f6faff !important;}&#8221; el_class=&#8221;pt-md-5 pb-5&#8243;][vc_row el_class=&#8221;container mx-auto align-items-center p-md-0 pt-5&#8243;][vc_column][\/vc_column][\/vc_row][\/vc_section][vc_section css=&#8221;.vc_custom_1687282291050{background-color: #03122e !important;}&#8221; el_class=&#8221;p-md-0 pt-md-5 pb-md-5 text-white&#8221; el_id=&#8221;footer_sm&#8221;][vc_row el_class=&#8221;container mx-auto align-items-center&#8221;][vc_column width=&#8221;1\/6&#8243;][vc_single_image image=&#8221;234&#8243; img_size=&#8221;full&#8221; alignment=&#8221;center&#8221; onclick=&#8221;custom_link&#8221; img_link_target=&#8221;_blank&#8221; link=&#8221;https:\/\/www.instagram.com\/uoh360\/&#8221;][\/vc_column][vc_column width=&#8221;4\/6&#8243;][\/vc_column][vc_column width=&#8221;1\/6&#8243;][vc_single_image image=&#8221;229&#8243; img_size=&#8221;large&#8221; alignment=&#8221;center&#8221; onclick=&#8221;custom_link&#8221; img_link_target=&#8221;_blank&#8221; link=&#8221;http:\/\/www.uoh.cl&#8221;][\/vc_column][\/vc_row][\/vc_section]","og_url":"https:\/\/www.uoh.cl\/salud-mental\/noticias\/","og_site_name":"Direcci\u00f3n de Salud Mental","article_modified_time":"2023-06-20T21:48:41+00:00","twitter_card":"summary_large_image","twitter_misc":{"Tiempo estimado de lectura":"1 minuto"},"schema":{"@context":"https:\/\/schema.org","@graph":[{"@type":"WebPage","@id":"https:\/\/www.uoh.cl\/salud-mental\/noticias\/","url":"https:\/\/www.uoh.cl\/salud-mental\/noticias\/","name":"Noticias - Direcci\u00f3n de Salud Mental","isPartOf":{"@id":"https:\/\/www.uoh.cl\/salud-mental\/#website"},"datePublished":"2023-06-14T20:34:55+00:00","dateModified":"2023-06-20T21:48:41+00:00","breadcrumb":{"@id":"https:\/\/www.uoh.cl\/salud-mental\/noticias\/#breadcrumb"},"inLanguage":"es-CL","potentialAction":[{"@type":"ReadAction","target":["https:\/\/www.uoh.cl\/salud-mental\/noticias\/"]}]},{"@type":"BreadcrumbList","@id":"https:\/\/www.uoh.cl\/salud-mental\/noticias\/#breadcrumb","itemListElement":[{"@type":"ListItem","position":1,"name":"Portada","item":"https:\/\/www.uoh.cl\/salud-mental\/"},{"@type":"ListItem","position":2,"name":"Noticias"}]},{"@type":"WebSite","@id":"https:\/\/www.uoh.cl\/salud-mental\/#website","url":"https:\/\/www.uoh.cl\/salud-mental\/","name":"Direcci\u00f3n de Salud Mental","description":"","potentialAction":[{"@type":"SearchAction","target":{"@type":"EntryPoint","urlTemplate":"https:\/\/www.uoh.cl\/salud-mental\/?s={search_term_string}"},"query-input":{"@type":"PropertyValueSpecification","valueRequired":true,"valueName":"search_term_string"}}],"inLanguage":"es-CL"}]}},"_links":{"self":[{"href":"https:\/\/www.uoh.cl\/salud-mental\/wp-json\/wp\/v2\/pages\/14","targetHints":{"allow":["GET"]}}],"collection":[{"href":"https:\/\/www.uoh.cl\/salud-mental\/wp-json\/wp\/v2\/pages"}],"about":[{"href":"https:\/\/www.uoh.cl\/salud-mental\/wp-json\/wp\/v2\/types\/page"}],"author":[{"embeddable":true,"href":"https:\/\/www.uoh.cl\/salud-mental\/wp-json\/wp\/v2\/users\/6"}],"replies":[{"embeddable":true,"href":"https:\/\/www.uoh.cl\/salud-mental\/wp-json\/wp\/v2\/comments?post=14"}],"version-history":[{"count":10,"href":"https:\/\/www.uoh.cl\/salud-mental\/wp-json\/wp\/v2\/pages\/14\/revisions"}],"predecessor-version":[{"id":322,"href":"https:\/\/www.uoh.cl\/salud-mental\/wp-json\/wp\/v2\/pages\/14\/revisions\/322"}],"wp:attachment":[{"href":"https:\/\/www.uoh.cl\/salud-mental\/wp-json\/wp\/v2\/media?parent=14"}],"curies":[{"name":"wp","href":"https:\/\/api.w.org\/{rel}","templated":true}]}}