
{"id":4118,"date":"2022-10-26T11:49:00","date_gmt":"2022-10-26T14:49:00","guid":{"rendered":"https:\/\/www.uoh.cl\/investigacion\/?page_id=4118"},"modified":"2026-03-02T18:01:47","modified_gmt":"2026-03-02T21:01:47","slug":"mas-publicaciones","status":"publish","type":"page","link":"https:\/\/www.uoh.cl\/investigacion\/mas-publicaciones\/","title":{"rendered":"M\u00e1s Publicaciones"},"content":{"rendered":"<div class=\"wpb-content-wrapper\"><p>[vc_section][vc_row el_class=&#8221;container mx-auto align-items-center mobile&#8211;box&#8221;][vc_column][vc_wp_custommenu nav_menu=&#8221;191&#8243;]<div class=\"breadcrumb\"><ol itemscope itemtype=\"https:\/\/schema.org\/BreadcrumbList\"><li itemprop=\"itemListElement\" itemscope itemtype=\"https:\/\/schema.org\/ListItem\"><a itemprop=\"item\" href=\"http:\/\/www.uoh.cl\"><span itemprop=\"name\">Inicio<\/span><\/a><meta itemprop=\"position\" content=\"1\" \/><li itemprop=\"itemListElement\" itemscope itemtype=\"https:\/\/schema.org\/ListItem\"><a itemprop=\"item\" href=\"https:\/\/www.uoh.cl\/investigacion\"><span itemprop=\"name\">Investigaci\u00f3n<\/span><\/a><meta itemprop=\"position\" content=\"2\" \/><li itemprop=\"itemListElement\" itemscope itemtype=\"https:\/\/schema.org\/ListItem\"><span itemprop=\"name\">M\u00e1s Publicaciones <\/span><meta itemprop=\"position\" content=\"3\" \/><\/ol><\/div><div class=\"uoh_title_component-container\"><h1 class=\"title title--ms d-inline-block title--decorator  big\">M\u00e1s Publicaciones<\/h1><\/div>[\/vc_column][\/vc_row][\/vc_section][vc_section][vc_row el_class=&#8221;container mx-auto align-items-center mobile&#8211;box&#8221;][vc_column]<div class=\"uoh_title_component-container\"><h2 class=\"title title--ms d-inline-block medium\">Columnas de opini\u00f3n<\/h2><\/div>[\/vc_column][\/vc_row][vc_row el_class=&#8221;container mx-auto align-items-center mobile&#8211;box&#8221;][vc_column width=&#8221;1\/3&#8243;]<div class=\"box-container__info circle--pattern\" style=\"border-top: 4px solid #42a0f8\"><figure ><img decoding=\"async\" data-src=\"https:\/\/www.uoh.cl\/investigacion\/wp-content\/uploads\/sites\/12\/2022\/12\/Mauricio-Munoz-600x600.jpg\" src=\"data:image\/svg+xml;base64,PHN2ZyB3aWR0aD0iMSIgaGVpZ2h0PSIxIiB4bWxucz0iaHR0cDovL3d3dy53My5vcmcvMjAwMC9zdmciPjwvc3ZnPg==\" class=\"lazyload\" style=\"--smush-placeholder-width: 600px; --smush-placeholder-aspect-ratio: 600\/600;\" \/><figcaption class=\"uoh_row m-0 align-items-center\">\n                        <div class=\"\"><h5 class=\"title__caption mb-3\">En la industria puede estar la clave para el desarrollo<\/h5><div> <p>Por Mauricio Mu\u00f1oz, coordinador del Observatorio Laboral de O'Higgins<\/p><\/div><a class=\"link link link--bold component__btn-content mt-2\" href=\"https:\/\/www.uoh.cl\/investigacion\/wp-content\/uploads\/sites\/12\/2026\/01\/Industrias-desarrollo.jpg\" title=\"\"> Saber m\u00e1s <span class=\"icon icon--inline icon--link\"><svg version=\"1.1\" xmlns=\"http:\/\/www.w3.org\/2000\/svg\" xmlns:xlink=\"http:\/\/www.w3.org\/1999\/xlink\" x=\"0px\" y=\"0px\" width=\"22px\"height=\"22px\" viewBox=\"0 0 22 22\" style=\"overflow:visible;enable-background:new 0 0 80 64.6;\" xml:space=\"preserve\"><g clip-path=\"url(#acA)\"><path fill-rule=\"evenodd\" d=\"M21.913 11.266a.93.93 0 000-.711c-.022-.056-.063-.097-.091-.144s-.053-.103-.097-.15L12.306.294c-.357-.379-.955-.394-1.334-.038s-.394.955-.038 1.334l7.917 8.374H.927a.95.95 0 00-.908.983.946.946 0 00.908.908h17.924l-8.089 8.552c-.357.379-.341.977.034 1.334s.977.341 1.334-.034l9.594-10.148c.044-.044.063-.1.097-.15.028-.047.069-.088.091-.141z\"\/><\/g><defs><clipPath id=\"acA\"><path fill=\"#fff\" d=\"M0 0h22v22H0z\"\/><\/clipPath><\/defs><\/svg><\/span><\/a><\/a><\/div> <\/figcaption><\/figure><\/div>[\/vc_column][vc_column width=&#8221;1\/3&#8243;]<div class=\"box-container__info circle--pattern\" style=\"border-top: 4px solid #42a0f8\"><figure ><img decoding=\"async\" data-src=\"https:\/\/www.uoh.cl\/investigacion\/wp-content\/uploads\/sites\/12\/2022\/12\/Mauricio-Munoz-600x600.jpg\" src=\"data:image\/svg+xml;base64,PHN2ZyB3aWR0aD0iMSIgaGVpZ2h0PSIxIiB4bWxucz0iaHR0cDovL3d3dy53My5vcmcvMjAwMC9zdmciPjwvc3ZnPg==\" class=\"lazyload\" style=\"--smush-placeholder-width: 600px; --smush-placeholder-aspect-ratio: 600\/600;\" \/><figcaption class=\"uoh_row m-0 align-items-center\">\n                        <div class=\"\"><h5 class=\"title__caption mb-3\">El futuro ser\u00e1 de los programadores&#8230; (o no ser\u00e1)<\/h5><div> <p>Por Mauricio Mu\u00f1oz, coordinador del Observatorio Laboral de O'Higgins<\/p><\/div><a class=\"link link link--bold component__btn-content mt-2\" href=\"https:\/\/www.uoh.cl\/investigacion\/wp-content\/uploads\/sites\/12\/2026\/01\/Programadores.jpg\" title=\"\"> Saber m\u00e1s <span class=\"icon icon--inline icon--link\"><svg version=\"1.1\" xmlns=\"http:\/\/www.w3.org\/2000\/svg\" xmlns:xlink=\"http:\/\/www.w3.org\/1999\/xlink\" x=\"0px\" y=\"0px\" width=\"22px\"height=\"22px\" viewBox=\"0 0 22 22\" style=\"overflow:visible;enable-background:new 0 0 80 64.6;\" xml:space=\"preserve\"><g clip-path=\"url(#acA)\"><path fill-rule=\"evenodd\" d=\"M21.913 11.266a.93.93 0 000-.711c-.022-.056-.063-.097-.091-.144s-.053-.103-.097-.15L12.306.294c-.357-.379-.955-.394-1.334-.038s-.394.955-.038 1.334l7.917 8.374H.927a.95.95 0 00-.908.983.946.946 0 00.908.908h17.924l-8.089 8.552c-.357.379-.341.977.034 1.334s.977.341 1.334-.034l9.594-10.148c.044-.044.063-.1.097-.15.028-.047.069-.088.091-.141z\"\/><\/g><defs><clipPath id=\"acA\"><path fill=\"#fff\" d=\"M0 0h22v22H0z\"\/><\/clipPath><\/defs><\/svg><\/span><\/a><\/a><\/div> <\/figcaption><\/figure><\/div>[\/vc_column][vc_column width=&#8221;1\/3&#8243;]<div class=\"box-container__info circle--pattern\" style=\"border-top: 4px solid #42a0f8\"><figure ><img decoding=\"async\" data-src=\"https:\/\/www.uoh.cl\/investigacion\/wp-content\/uploads\/sites\/12\/2022\/12\/Mauricio-Munoz-600x600.jpg\" src=\"data:image\/svg+xml;base64,PHN2ZyB3aWR0aD0iMSIgaGVpZ2h0PSIxIiB4bWxucz0iaHR0cDovL3d3dy53My5vcmcvMjAwMC9zdmciPjwvc3ZnPg==\" class=\"lazyload\" style=\"--smush-placeholder-width: 600px; --smush-placeholder-aspect-ratio: 600\/600;\" \/><figcaption class=\"uoh_row m-0 align-items-center\">\n                        <div class=\"\"><h5 class=\"title__caption mb-3\">Maternidad y trabajo en Chile<\/h5><div> <p>Por Mauricio Mu\u00f1oz, coordinador del Observatorio Laboral de O'Higgins<\/p><\/div><a class=\"link link link--bold component__btn-content mt-2\" href=\"https:\/\/www.uoh.cl\/investigacion\/wp-content\/uploads\/sites\/12\/2026\/01\/Maternidad-y-trabajo-en-Chile.jpg\" title=\"\"> Saber m\u00e1s <span class=\"icon icon--inline icon--link\"><svg version=\"1.1\" xmlns=\"http:\/\/www.w3.org\/2000\/svg\" xmlns:xlink=\"http:\/\/www.w3.org\/1999\/xlink\" x=\"0px\" y=\"0px\" width=\"22px\"height=\"22px\" viewBox=\"0 0 22 22\" style=\"overflow:visible;enable-background:new 0 0 80 64.6;\" xml:space=\"preserve\"><g clip-path=\"url(#acA)\"><path fill-rule=\"evenodd\" d=\"M21.913 11.266a.93.93 0 000-.711c-.022-.056-.063-.097-.091-.144s-.053-.103-.097-.15L12.306.294c-.357-.379-.955-.394-1.334-.038s-.394.955-.038 1.334l7.917 8.374H.927a.95.95 0 00-.908.983.946.946 0 00.908.908h17.924l-8.089 8.552c-.357.379-.341.977.034 1.334s.977.341 1.334-.034l9.594-10.148c.044-.044.063-.1.097-.15.028-.047.069-.088.091-.141z\"\/><\/g><defs><clipPath id=\"acA\"><path fill=\"#fff\" d=\"M0 0h22v22H0z\"\/><\/clipPath><\/defs><\/svg><\/span><\/a><\/a><\/div> <\/figcaption><\/figure><\/div>[\/vc_column][\/vc_row][vc_row el_class=&#8221;container mx-auto align-items-center mobile&#8211;box&#8221;][vc_column width=&#8221;1\/3&#8243;]<div class=\"box-container__info circle--pattern\" style=\"border-top: 4px solid #42a0f8\"><figure ><img decoding=\"async\" data-src=\"https:\/\/www.uoh.cl\/investigacion\/wp-content\/uploads\/sites\/12\/2022\/12\/Mauricio-Munoz-600x600.jpg\" src=\"data:image\/svg+xml;base64,PHN2ZyB3aWR0aD0iMSIgaGVpZ2h0PSIxIiB4bWxucz0iaHR0cDovL3d3dy53My5vcmcvMjAwMC9zdmciPjwvc3ZnPg==\" class=\"lazyload\" style=\"--smush-placeholder-width: 600px; --smush-placeholder-aspect-ratio: 600\/600;\" \/><figcaption class=\"uoh_row m-0 align-items-center\">\n                        <div class=\"\"><h5 class=\"title__caption mb-3\">El tiempo pasa, nos vamos poniendo viejos<\/h5><div> <p>Por Mauricio Mu\u00f1oz, coordinador del Observatorio Laboral de O'Higgins<\/p><\/div><a class=\"link link link--bold component__btn-content mt-2\" href=\"https:\/\/www.uoh.cl\/investigacion\/wp-content\/uploads\/sites\/12\/2026\/01\/Censo-el-tiempo-pasa.jpg\" title=\"\"> Saber m\u00e1s <span class=\"icon icon--inline icon--link\"><svg version=\"1.1\" xmlns=\"http:\/\/www.w3.org\/2000\/svg\" xmlns:xlink=\"http:\/\/www.w3.org\/1999\/xlink\" x=\"0px\" y=\"0px\" width=\"22px\"height=\"22px\" viewBox=\"0 0 22 22\" style=\"overflow:visible;enable-background:new 0 0 80 64.6;\" xml:space=\"preserve\"><g clip-path=\"url(#acA)\"><path fill-rule=\"evenodd\" d=\"M21.913 11.266a.93.93 0 000-.711c-.022-.056-.063-.097-.091-.144s-.053-.103-.097-.15L12.306.294c-.357-.379-.955-.394-1.334-.038s-.394.955-.038 1.334l7.917 8.374H.927a.95.95 0 00-.908.983.946.946 0 00.908.908h17.924l-8.089 8.552c-.357.379-.341.977.034 1.334s.977.341 1.334-.034l9.594-10.148c.044-.044.063-.1.097-.15.028-.047.069-.088.091-.141z\"\/><\/g><defs><clipPath id=\"acA\"><path fill=\"#fff\" d=\"M0 0h22v22H0z\"\/><\/clipPath><\/defs><\/svg><\/span><\/a><\/a><\/div> <\/figcaption><\/figure><\/div>[\/vc_column][vc_column width=&#8221;1\/3&#8243;]<div class=\"box-container__info circle--pattern\" style=\"border-top: 4px solid #42a0f8\"><figure ><img decoding=\"async\" data-src=\"https:\/\/www.uoh.cl\/investigacion\/wp-content\/uploads\/sites\/12\/2022\/12\/Mauricio-Munoz-600x600.jpg\" src=\"data:image\/svg+xml;base64,PHN2ZyB3aWR0aD0iMSIgaGVpZ2h0PSIxIiB4bWxucz0iaHR0cDovL3d3dy53My5vcmcvMjAwMC9zdmciPjwvc3ZnPg==\" class=\"lazyload\" style=\"--smush-placeholder-width: 600px; --smush-placeholder-aspect-ratio: 600\/600;\" \/><figcaption class=\"uoh_row m-0 align-items-center\">\n                        <div class=\"\"><h5 class=\"title__caption mb-3\">Mujeres y trabajos en O&#8217;Higgins: desigualdad, cuidados familiares y bajos sueldos<\/h5><div> <p>Por Mauricio Mu\u00f1oz, coordinador del Observatorio Laboral de O'Higgins<\/p><\/div><a class=\"link link link--bold component__btn-content mt-2\" href=\"https:\/\/www.uoh.cl\/investigacion\/wp-content\/uploads\/sites\/12\/2026\/01\/Dia-de-la-mujer.jpg\" title=\"\"> Saber m\u00e1s <span class=\"icon icon--inline icon--link\"><svg version=\"1.1\" xmlns=\"http:\/\/www.w3.org\/2000\/svg\" xmlns:xlink=\"http:\/\/www.w3.org\/1999\/xlink\" x=\"0px\" y=\"0px\" width=\"22px\"height=\"22px\" viewBox=\"0 0 22 22\" style=\"overflow:visible;enable-background:new 0 0 80 64.6;\" xml:space=\"preserve\"><g clip-path=\"url(#acA)\"><path fill-rule=\"evenodd\" d=\"M21.913 11.266a.93.93 0 000-.711c-.022-.056-.063-.097-.091-.144s-.053-.103-.097-.15L12.306.294c-.357-.379-.955-.394-1.334-.038s-.394.955-.038 1.334l7.917 8.374H.927a.95.95 0 00-.908.983.946.946 0 00.908.908h17.924l-8.089 8.552c-.357.379-.341.977.034 1.334s.977.341 1.334-.034l9.594-10.148c.044-.044.063-.1.097-.15.028-.047.069-.088.091-.141z\"\/><\/g><defs><clipPath id=\"acA\"><path fill=\"#fff\" d=\"M0 0h22v22H0z\"\/><\/clipPath><\/defs><\/svg><\/span><\/a><\/a><\/div> <\/figcaption><\/figure><\/div>[\/vc_column][vc_column width=&#8221;1\/3&#8243;]<div class=\"box-container__info circle--pattern\" style=\"border-top: 4px solid #42a0f8\"><figure ><img decoding=\"async\" data-src=\"https:\/\/www.uoh.cl\/investigacion\/wp-content\/uploads\/sites\/12\/2022\/12\/Mauricio-Munoz-600x600.jpg\" src=\"data:image\/svg+xml;base64,PHN2ZyB3aWR0aD0iMSIgaGVpZ2h0PSIxIiB4bWxucz0iaHR0cDovL3d3dy53My5vcmcvMjAwMC9zdmciPjwvc3ZnPg==\" class=\"lazyload\" style=\"--smush-placeholder-width: 600px; --smush-placeholder-aspect-ratio: 600\/600;\" \/><figcaption class=\"uoh_row m-0 align-items-center\">\n                        <div class=\"\"><h5 class=\"title__caption mb-3\">En la Industria puede estar la clave para el desarrollo<\/h5><div> <p>Por Mauricio Mu\u00f1oz, coordinador del Observatorio Laboral de O'Higgins<\/p><\/div><a class=\"link link link--bold component__btn-content mt-2\" href=\"https:\/\/www.uoh.cl\/investigacion\/wp-content\/uploads\/sites\/12\/2026\/01\/En-la-Industria-puede-estar-la-clave-para-el-desarrollo.pdf\" title=\"\"> Saber m\u00e1s <span class=\"icon icon--inline icon--link\"><svg version=\"1.1\" xmlns=\"http:\/\/www.w3.org\/2000\/svg\" xmlns:xlink=\"http:\/\/www.w3.org\/1999\/xlink\" x=\"0px\" y=\"0px\" width=\"22px\"height=\"22px\" viewBox=\"0 0 22 22\" style=\"overflow:visible;enable-background:new 0 0 80 64.6;\" xml:space=\"preserve\"><g clip-path=\"url(#acA)\"><path fill-rule=\"evenodd\" d=\"M21.913 11.266a.93.93 0 000-.711c-.022-.056-.063-.097-.091-.144s-.053-.103-.097-.15L12.306.294c-.357-.379-.955-.394-1.334-.038s-.394.955-.038 1.334l7.917 8.374H.927a.95.95 0 00-.908.983.946.946 0 00.908.908h17.924l-8.089 8.552c-.357.379-.341.977.034 1.334s.977.341 1.334-.034l9.594-10.148c.044-.044.063-.1.097-.15.028-.047.069-.088.091-.141z\"\/><\/g><defs><clipPath id=\"acA\"><path fill=\"#fff\" d=\"M0 0h22v22H0z\"\/><\/clipPath><\/defs><\/svg><\/span><\/a><\/a><\/div> <\/figcaption><\/figure><\/div>[\/vc_column][\/vc_row][vc_row el_class=&#8221;container mx-auto align-items-center mobile&#8211;box&#8221;][vc_column width=&#8221;1\/3&#8243;]<div class=\"box-container__info circle--pattern\" style=\"border-top: 4px solid #42a0f8\"><figure ><img decoding=\"async\" data-src=\"https:\/\/www.uoh.cl\/investigacion\/wp-content\/uploads\/sites\/12\/2022\/12\/Mauricio-Munoz-600x600.jpg\" src=\"data:image\/svg+xml;base64,PHN2ZyB3aWR0aD0iMSIgaGVpZ2h0PSIxIiB4bWxucz0iaHR0cDovL3d3dy53My5vcmcvMjAwMC9zdmciPjwvc3ZnPg==\" class=\"lazyload\" style=\"--smush-placeholder-width: 600px; --smush-placeholder-aspect-ratio: 600\/600;\" \/><figcaption class=\"uoh_row m-0 align-items-center\">\n                        <div class=\"\"><h5 class=\"title__caption mb-3\">\u00bfSon las cerezas las que impulsan el crecimiento del agro en O\u2019Higgins?<\/h5><div> <p>Por Mauricio Mu\u00f1oz, coordinador del Observatorio Laboral de O'Higgins<\/p><\/div><a class=\"link link link--bold component__btn-content mt-2\" href=\"https:\/\/www.uoh.cl\/investigacion\/wp-content\/uploads\/sites\/12\/2026\/01\/Crecimiento-en-el-agro.pdf\" title=\"\"> Saber m\u00e1s <span class=\"icon icon--inline icon--link\"><svg version=\"1.1\" xmlns=\"http:\/\/www.w3.org\/2000\/svg\" xmlns:xlink=\"http:\/\/www.w3.org\/1999\/xlink\" x=\"0px\" y=\"0px\" width=\"22px\"height=\"22px\" viewBox=\"0 0 22 22\" style=\"overflow:visible;enable-background:new 0 0 80 64.6;\" xml:space=\"preserve\"><g clip-path=\"url(#acA)\"><path fill-rule=\"evenodd\" d=\"M21.913 11.266a.93.93 0 000-.711c-.022-.056-.063-.097-.091-.144s-.053-.103-.097-.15L12.306.294c-.357-.379-.955-.394-1.334-.038s-.394.955-.038 1.334l7.917 8.374H.927a.95.95 0 00-.908.983.946.946 0 00.908.908h17.924l-8.089 8.552c-.357.379-.341.977.034 1.334s.977.341 1.334-.034l9.594-10.148c.044-.044.063-.1.097-.15.028-.047.069-.088.091-.141z\"\/><\/g><defs><clipPath id=\"acA\"><path fill=\"#fff\" d=\"M0 0h22v22H0z\"\/><\/clipPath><\/defs><\/svg><\/span><\/a><\/a><\/div> <\/figcaption><\/figure><\/div>[\/vc_column][vc_column width=&#8221;1\/3&#8243;]<div class=\"box-container__info circle--pattern\" style=\"border-top: 4px solid #42a0f8\"><figure ><img decoding=\"async\" data-src=\"https:\/\/www.uoh.cl\/investigacion\/wp-content\/uploads\/sites\/12\/2022\/12\/Mauricio-Munoz-600x600.jpg\" src=\"data:image\/svg+xml;base64,PHN2ZyB3aWR0aD0iMSIgaGVpZ2h0PSIxIiB4bWxucz0iaHR0cDovL3d3dy53My5vcmcvMjAwMC9zdmciPjwvc3ZnPg==\" class=\"lazyload\" style=\"--smush-placeholder-width: 600px; --smush-placeholder-aspect-ratio: 600\/600;\" \/><figcaption class=\"uoh_row m-0 align-items-center\">\n                        <div class=\"\"><h5 class=\"title__caption mb-3\">Innovaciones del siglo XXI para una matriz productiva del XIX<\/h5><div> <p>Por Mauricio Mu\u00f1oz, coordinador del Observatorio Laboral de O'Higgins<\/p><\/div><a class=\"link link link--bold component__btn-content mt-2\" href=\"https:\/\/www.uoh.cl\/investigacion\/wp-content\/uploads\/sites\/12\/2026\/01\/Innovaciones-del-siglo-XXI-en-una-matriz-productiva-del-XIX.pdf\" title=\"\"> Saber m\u00e1s <span class=\"icon icon--inline icon--link\"><svg version=\"1.1\" xmlns=\"http:\/\/www.w3.org\/2000\/svg\" xmlns:xlink=\"http:\/\/www.w3.org\/1999\/xlink\" x=\"0px\" y=\"0px\" width=\"22px\"height=\"22px\" viewBox=\"0 0 22 22\" style=\"overflow:visible;enable-background:new 0 0 80 64.6;\" xml:space=\"preserve\"><g clip-path=\"url(#acA)\"><path fill-rule=\"evenodd\" d=\"M21.913 11.266a.93.93 0 000-.711c-.022-.056-.063-.097-.091-.144s-.053-.103-.097-.15L12.306.294c-.357-.379-.955-.394-1.334-.038s-.394.955-.038 1.334l7.917 8.374H.927a.95.95 0 00-.908.983.946.946 0 00.908.908h17.924l-8.089 8.552c-.357.379-.341.977.034 1.334s.977.341 1.334-.034l9.594-10.148c.044-.044.063-.1.097-.15.028-.047.069-.088.091-.141z\"\/><\/g><defs><clipPath id=\"acA\"><path fill=\"#fff\" d=\"M0 0h22v22H0z\"\/><\/clipPath><\/defs><\/svg><\/span><\/a><\/a><\/div> <\/figcaption><\/figure><\/div>[\/vc_column][vc_column width=&#8221;1\/3&#8243;]<div class=\"box-container__info circle--pattern\" style=\"border-top: 4px solid #42a0f8\"><figure ><img decoding=\"async\" data-src=\"https:\/\/www.uoh.cl\/investigacion\/wp-content\/uploads\/sites\/12\/2022\/12\/Mauricio-Munoz-600x600.jpg\" src=\"data:image\/svg+xml;base64,PHN2ZyB3aWR0aD0iMSIgaGVpZ2h0PSIxIiB4bWxucz0iaHR0cDovL3d3dy53My5vcmcvMjAwMC9zdmciPjwvc3ZnPg==\" class=\"lazyload\" style=\"--smush-placeholder-width: 600px; --smush-placeholder-aspect-ratio: 600\/600;\" \/><figcaption class=\"uoh_row m-0 align-items-center\">\n                        <div class=\"\"><h5 class=\"title__caption mb-3\">Turismo sostenible: competitividad y gobernanza en O\u2019Higgins<\/h5><div> <p>Por Mauricio Mu\u00f1oz, coordinador del Observatorio Laboral de O'Higgins<\/p><\/div><a class=\"link link link--bold component__btn-content mt-2\" href=\"https:\/\/www.uoh.cl\/investigacion\/wp-content\/uploads\/sites\/12\/2026\/01\/En-la-Industria-puede-estar-la-clave-para-el-desarrollo.pdf\" title=\"\"> Saber m\u00e1s <span class=\"icon icon--inline icon--link\"><svg version=\"1.1\" xmlns=\"http:\/\/www.w3.org\/2000\/svg\" xmlns:xlink=\"http:\/\/www.w3.org\/1999\/xlink\" x=\"0px\" y=\"0px\" width=\"22px\"height=\"22px\" viewBox=\"0 0 22 22\" style=\"overflow:visible;enable-background:new 0 0 80 64.6;\" xml:space=\"preserve\"><g clip-path=\"url(#acA)\"><path fill-rule=\"evenodd\" d=\"M21.913 11.266a.93.93 0 000-.711c-.022-.056-.063-.097-.091-.144s-.053-.103-.097-.15L12.306.294c-.357-.379-.955-.394-1.334-.038s-.394.955-.038 1.334l7.917 8.374H.927a.95.95 0 00-.908.983.946.946 0 00.908.908h17.924l-8.089 8.552c-.357.379-.341.977.034 1.334s.977.341 1.334-.034l9.594-10.148c.044-.044.063-.1.097-.15.028-.047.069-.088.091-.141z\"\/><\/g><defs><clipPath id=\"acA\"><path fill=\"#fff\" d=\"M0 0h22v22H0z\"\/><\/clipPath><\/defs><\/svg><\/span><\/a><\/a><\/div> <\/figcaption><\/figure><\/div>[\/vc_column][\/vc_row][vc_row el_class=&#8221;container mx-auto align-items-center mobile&#8211;box&#8221;][vc_column width=&#8221;1\/3&#8243;]<div class=\"box-container__info circle--pattern\" style=\"border-top: 4px solid #42a0f8\"><figure ><img decoding=\"async\" data-src=\"https:\/\/www.uoh.cl\/investigacion\/wp-content\/uploads\/sites\/12\/2022\/12\/Mauricio-Munoz-600x600.jpg\" src=\"data:image\/svg+xml;base64,PHN2ZyB3aWR0aD0iMSIgaGVpZ2h0PSIxIiB4bWxucz0iaHR0cDovL3d3dy53My5vcmcvMjAwMC9zdmciPjwvc3ZnPg==\" class=\"lazyload\" style=\"--smush-placeholder-width: 600px; --smush-placeholder-aspect-ratio: 600\/600;\" \/><figcaption class=\"uoh_row m-0 align-items-center\">\n                        <div class=\"\"><h5 class=\"title__caption mb-3\">Luego de la crisis, se observan brotes verdes en la construcci\u00f3n<\/h5><div> <p>Por Mauricio Mu\u00f1oz, coordinador del Observatorio Laboral de O'Higgins<\/p><\/div><a class=\"link link link--bold component__btn-content mt-2\" href=\"https:\/\/www.uoh.cl\/investigacion\/wp-content\/uploads\/sites\/12\/2026\/01\/Luego-de-la-crisis.pdf\" title=\"\"> Saber m\u00e1s <span class=\"icon icon--inline icon--link\"><svg version=\"1.1\" xmlns=\"http:\/\/www.w3.org\/2000\/svg\" xmlns:xlink=\"http:\/\/www.w3.org\/1999\/xlink\" x=\"0px\" y=\"0px\" width=\"22px\"height=\"22px\" viewBox=\"0 0 22 22\" style=\"overflow:visible;enable-background:new 0 0 80 64.6;\" xml:space=\"preserve\"><g clip-path=\"url(#acA)\"><path fill-rule=\"evenodd\" d=\"M21.913 11.266a.93.93 0 000-.711c-.022-.056-.063-.097-.091-.144s-.053-.103-.097-.15L12.306.294c-.357-.379-.955-.394-1.334-.038s-.394.955-.038 1.334l7.917 8.374H.927a.95.95 0 00-.908.983.946.946 0 00.908.908h17.924l-8.089 8.552c-.357.379-.341.977.034 1.334s.977.341 1.334-.034l9.594-10.148c.044-.044.063-.1.097-.15.028-.047.069-.088.091-.141z\"\/><\/g><defs><clipPath id=\"acA\"><path fill=\"#fff\" d=\"M0 0h22v22H0z\"\/><\/clipPath><\/defs><\/svg><\/span><\/a><\/a><\/div> <\/figcaption><\/figure><\/div>[\/vc_column][vc_column width=&#8221;1\/3&#8243;]<div class=\"box-container__info circle--pattern\" style=\"border-top: 4px solid #42a0f8\"><figure ><img decoding=\"async\" data-src=\"https:\/\/www.uoh.cl\/investigacion\/wp-content\/uploads\/sites\/12\/2022\/12\/Mauricio-Munoz-600x600.jpg\" src=\"data:image\/svg+xml;base64,PHN2ZyB3aWR0aD0iMSIgaGVpZ2h0PSIxIiB4bWxucz0iaHR0cDovL3d3dy53My5vcmcvMjAwMC9zdmciPjwvc3ZnPg==\" class=\"lazyload\" style=\"--smush-placeholder-width: 600px; --smush-placeholder-aspect-ratio: 600\/600;\" \/><figcaption class=\"uoh_row m-0 align-items-center\">\n                        <div class=\"\"><h5 class=\"title__caption mb-3\">&#8220;Necesidades de la empresa&#8221;<\/h5><div> <p>Por Mauricio Mu\u00f1oz, coordinador del Observatorio Laboral de O'Higgins<\/p><\/div><a class=\"link link link--bold component__btn-content mt-2\" href=\"https:\/\/www.uoh.cl\/investigacion\/wp-content\/uploads\/sites\/12\/2026\/01\/Necesidades-de-la-empresa.pdf\" title=\"\"> Saber m\u00e1s <span class=\"icon icon--inline icon--link\"><svg version=\"1.1\" xmlns=\"http:\/\/www.w3.org\/2000\/svg\" xmlns:xlink=\"http:\/\/www.w3.org\/1999\/xlink\" x=\"0px\" y=\"0px\" width=\"22px\"height=\"22px\" viewBox=\"0 0 22 22\" style=\"overflow:visible;enable-background:new 0 0 80 64.6;\" xml:space=\"preserve\"><g clip-path=\"url(#acA)\"><path fill-rule=\"evenodd\" d=\"M21.913 11.266a.93.93 0 000-.711c-.022-.056-.063-.097-.091-.144s-.053-.103-.097-.15L12.306.294c-.357-.379-.955-.394-1.334-.038s-.394.955-.038 1.334l7.917 8.374H.927a.95.95 0 00-.908.983.946.946 0 00.908.908h17.924l-8.089 8.552c-.357.379-.341.977.034 1.334s.977.341 1.334-.034l9.594-10.148c.044-.044.063-.1.097-.15.028-.047.069-.088.091-.141z\"\/><\/g><defs><clipPath id=\"acA\"><path fill=\"#fff\" d=\"M0 0h22v22H0z\"\/><\/clipPath><\/defs><\/svg><\/span><\/a><\/a><\/div> <\/figcaption><\/figure><\/div>[\/vc_column][vc_column width=&#8221;1\/3&#8243;]<div class=\"box-container__info circle--pattern\" style=\"border-top: 4px solid #42a0f8\"><figure ><img decoding=\"async\" data-src=\"https:\/\/www.uoh.cl\/investigacion\/wp-content\/uploads\/sites\/12\/2022\/12\/Mauricio-Munoz-600x600.jpg\" src=\"data:image\/svg+xml;base64,PHN2ZyB3aWR0aD0iMSIgaGVpZ2h0PSIxIiB4bWxucz0iaHR0cDovL3d3dy53My5vcmcvMjAwMC9zdmciPjwvc3ZnPg==\" class=\"lazyload\" style=\"--smush-placeholder-width: 600px; --smush-placeholder-aspect-ratio: 600\/600;\" \/><figcaption class=\"uoh_row m-0 align-items-center\">\n                        <div class=\"\"><h5 class=\"title__caption mb-3\">Adi\u00f3s al sacrificio<\/h5><div> <p>Por Mauricio Mu\u00f1oz, coordinador del Observatorio Laboral de O'Higgins<\/p><\/div><a class=\"link link link--bold component__btn-content mt-2\" href=\"https:\/\/www.uoh.cl\/investigacion\/wp-content\/uploads\/sites\/12\/2026\/01\/Adios-al-sacrificio.pdf\" title=\"\"> Saber m\u00e1s <span class=\"icon icon--inline icon--link\"><svg version=\"1.1\" xmlns=\"http:\/\/www.w3.org\/2000\/svg\" xmlns:xlink=\"http:\/\/www.w3.org\/1999\/xlink\" x=\"0px\" y=\"0px\" width=\"22px\"height=\"22px\" viewBox=\"0 0 22 22\" style=\"overflow:visible;enable-background:new 0 0 80 64.6;\" xml:space=\"preserve\"><g clip-path=\"url(#acA)\"><path fill-rule=\"evenodd\" d=\"M21.913 11.266a.93.93 0 000-.711c-.022-.056-.063-.097-.091-.144s-.053-.103-.097-.15L12.306.294c-.357-.379-.955-.394-1.334-.038s-.394.955-.038 1.334l7.917 8.374H.927a.95.95 0 00-.908.983.946.946 0 00.908.908h17.924l-8.089 8.552c-.357.379-.341.977.034 1.334s.977.341 1.334-.034l9.594-10.148c.044-.044.063-.1.097-.15.028-.047.069-.088.091-.141z\"\/><\/g><defs><clipPath id=\"acA\"><path fill=\"#fff\" d=\"M0 0h22v22H0z\"\/><\/clipPath><\/defs><\/svg><\/span><\/a><\/a><\/div> <\/figcaption><\/figure><\/div>[\/vc_column][\/vc_row][vc_row el_class=&#8221;container mx-auto align-items-center mobile&#8211;box&#8221;][vc_column width=&#8221;1\/3&#8243;]<div class=\"box-container__info circle--pattern\" style=\"border-top: 4px solid #42a0f8\"><figure ><img decoding=\"async\" data-src=\"https:\/\/www.uoh.cl\/investigacion\/wp-content\/uploads\/sites\/12\/2022\/12\/Mauricio-Munoz-600x600.jpg\" src=\"data:image\/svg+xml;base64,PHN2ZyB3aWR0aD0iMSIgaGVpZ2h0PSIxIiB4bWxucz0iaHR0cDovL3d3dy53My5vcmcvMjAwMC9zdmciPjwvc3ZnPg==\" class=\"lazyload\" style=\"--smush-placeholder-width: 600px; --smush-placeholder-aspect-ratio: 600\/600;\" \/><figcaption class=\"uoh_row m-0 align-items-center\">\n                        <div class=\"\"><h5 class=\"title__caption mb-3\">El trabajo m\u00e1s all\u00e1 del empleo<\/h5><div> <p>Por Mauricio Mu\u00f1oz, coordinador del Observatorio Laboral de O'Higgins<\/p><\/div><a class=\"link link link--bold component__btn-content mt-2\" href=\"https:\/\/www.uoh.cl\/investigacion\/wp-content\/uploads\/sites\/12\/2026\/01\/El-trabajo-mas-alla-del-empleo.pdf\" title=\"\"> Saber m\u00e1s <span class=\"icon icon--inline icon--link\"><svg version=\"1.1\" xmlns=\"http:\/\/www.w3.org\/2000\/svg\" xmlns:xlink=\"http:\/\/www.w3.org\/1999\/xlink\" x=\"0px\" y=\"0px\" width=\"22px\"height=\"22px\" viewBox=\"0 0 22 22\" style=\"overflow:visible;enable-background:new 0 0 80 64.6;\" xml:space=\"preserve\"><g clip-path=\"url(#acA)\"><path fill-rule=\"evenodd\" d=\"M21.913 11.266a.93.93 0 000-.711c-.022-.056-.063-.097-.091-.144s-.053-.103-.097-.15L12.306.294c-.357-.379-.955-.394-1.334-.038s-.394.955-.038 1.334l7.917 8.374H.927a.95.95 0 00-.908.983.946.946 0 00.908.908h17.924l-8.089 8.552c-.357.379-.341.977.034 1.334s.977.341 1.334-.034l9.594-10.148c.044-.044.063-.1.097-.15.028-.047.069-.088.091-.141z\"\/><\/g><defs><clipPath id=\"acA\"><path fill=\"#fff\" d=\"M0 0h22v22H0z\"\/><\/clipPath><\/defs><\/svg><\/span><\/a><\/a><\/div> <\/figcaption><\/figure><\/div>[\/vc_column][vc_column width=&#8221;1\/3&#8243;]<div class=\"box-container__info circle--pattern\" style=\"border-top: 4px solid #42a0f8\"><figure ><img decoding=\"async\" data-src=\"https:\/\/www.uoh.cl\/investigacion\/wp-content\/uploads\/sites\/12\/2022\/12\/Mauricio-Munoz-600x600.jpg\" src=\"data:image\/svg+xml;base64,PHN2ZyB3aWR0aD0iMSIgaGVpZ2h0PSIxIiB4bWxucz0iaHR0cDovL3d3dy53My5vcmcvMjAwMC9zdmciPjwvc3ZnPg==\" class=\"lazyload\" style=\"--smush-placeholder-width: 600px; --smush-placeholder-aspect-ratio: 600\/600;\" \/><figcaption class=\"uoh_row m-0 align-items-center\">\n                        <div class=\"\"><h5 class=\"title__caption mb-3\">Razones para no trabajar<\/h5><div> <p>Por Mauricio Mu\u00f1oz, coordinador del Observatorio Laboral de O'Higgins<\/p><\/div><a class=\"link link link--bold component__btn-content mt-2\" href=\"https:\/\/www.uoh.cl\/investigacion\/wp-content\/uploads\/sites\/12\/2026\/01\/Razones-para-no-trabajar.pdf\" title=\"\"> Saber m\u00e1s <span class=\"icon icon--inline icon--link\"><svg version=\"1.1\" xmlns=\"http:\/\/www.w3.org\/2000\/svg\" xmlns:xlink=\"http:\/\/www.w3.org\/1999\/xlink\" x=\"0px\" y=\"0px\" width=\"22px\"height=\"22px\" viewBox=\"0 0 22 22\" style=\"overflow:visible;enable-background:new 0 0 80 64.6;\" xml:space=\"preserve\"><g clip-path=\"url(#acA)\"><path fill-rule=\"evenodd\" d=\"M21.913 11.266a.93.93 0 000-.711c-.022-.056-.063-.097-.091-.144s-.053-.103-.097-.15L12.306.294c-.357-.379-.955-.394-1.334-.038s-.394.955-.038 1.334l7.917 8.374H.927a.95.95 0 00-.908.983.946.946 0 00.908.908h17.924l-8.089 8.552c-.357.379-.341.977.034 1.334s.977.341 1.334-.034l9.594-10.148c.044-.044.063-.1.097-.15.028-.047.069-.088.091-.141z\"\/><\/g><defs><clipPath id=\"acA\"><path fill=\"#fff\" d=\"M0 0h22v22H0z\"\/><\/clipPath><\/defs><\/svg><\/span><\/a><\/a><\/div> <\/figcaption><\/figure><\/div>[\/vc_column][vc_column width=&#8221;1\/3&#8243;]<div class=\"box-container__info circle--pattern\" style=\"border-top: 4px solid #42a0f8\"><figure ><img decoding=\"async\" data-src=\"https:\/\/www.uoh.cl\/investigacion\/wp-content\/uploads\/sites\/12\/2022\/12\/Mauricio-Munoz-600x600.jpg\" src=\"data:image\/svg+xml;base64,PHN2ZyB3aWR0aD0iMSIgaGVpZ2h0PSIxIiB4bWxucz0iaHR0cDovL3d3dy53My5vcmcvMjAwMC9zdmciPjwvc3ZnPg==\" class=\"lazyload\" style=\"--smush-placeholder-width: 600px; --smush-placeholder-aspect-ratio: 600\/600;\" \/><figcaption class=\"uoh_row m-0 align-items-center\">\n                        <div class=\"\"><h5 class=\"title__caption mb-3\">La seguridad de las faenas mineras en entredicho<\/h5><div> <p>Por Mauricio Mu\u00f1oz, coordinador del Observatorio Laboral de O'Higgins<\/p><\/div><a class=\"link link link--bold component__btn-content mt-2\" href=\"https:\/\/www.uoh.cl\/investigacion\/wp-content\/uploads\/sites\/12\/2026\/01\/La-seguridad-de-las-faenas-mineras-en-entredicho.pdf\" title=\"\"> Saber m\u00e1s <span class=\"icon icon--inline icon--link\"><svg version=\"1.1\" xmlns=\"http:\/\/www.w3.org\/2000\/svg\" xmlns:xlink=\"http:\/\/www.w3.org\/1999\/xlink\" x=\"0px\" y=\"0px\" width=\"22px\"height=\"22px\" viewBox=\"0 0 22 22\" style=\"overflow:visible;enable-background:new 0 0 80 64.6;\" xml:space=\"preserve\"><g clip-path=\"url(#acA)\"><path fill-rule=\"evenodd\" d=\"M21.913 11.266a.93.93 0 000-.711c-.022-.056-.063-.097-.091-.144s-.053-.103-.097-.15L12.306.294c-.357-.379-.955-.394-1.334-.038s-.394.955-.038 1.334l7.917 8.374H.927a.95.95 0 00-.908.983.946.946 0 00.908.908h17.924l-8.089 8.552c-.357.379-.341.977.034 1.334s.977.341 1.334-.034l9.594-10.148c.044-.044.063-.1.097-.15.028-.047.069-.088.091-.141z\"\/><\/g><defs><clipPath id=\"acA\"><path fill=\"#fff\" d=\"M0 0h22v22H0z\"\/><\/clipPath><\/defs><\/svg><\/span><\/a><\/a><\/div> <\/figcaption><\/figure><\/div>[\/vc_column][\/vc_row][vc_row el_class=&#8221;container mx-auto align-items-center mobile&#8211;box&#8221;][vc_column width=&#8221;1\/3&#8243;]<div class=\"box-container__info circle--pattern\" style=\"border-top: 4px solid #42a0f8\"><figure ><img decoding=\"async\" data-src=\"https:\/\/www.uoh.cl\/investigacion\/wp-content\/uploads\/sites\/12\/2022\/12\/Mauricio-Munoz-600x600.jpg\" src=\"data:image\/svg+xml;base64,PHN2ZyB3aWR0aD0iMSIgaGVpZ2h0PSIxIiB4bWxucz0iaHR0cDovL3d3dy53My5vcmcvMjAwMC9zdmciPjwvc3ZnPg==\" class=\"lazyload\" style=\"--smush-placeholder-width: 600px; --smush-placeholder-aspect-ratio: 600\/600;\" \/><figcaption class=\"uoh_row m-0 align-items-center\">\n                        <div class=\"\"><h5 class=\"title__caption mb-3\">Los salarios en O\u2019Higgins: mejoras generales y fragilidades espec\u00edficas<\/h5><div> <p>Por Mauricio Mu\u00f1oz, coordinador del Observatorio Laboral de O'Higgins<\/p><\/div><a class=\"link link link--bold component__btn-content mt-2\" href=\"https:\/\/www.uoh.cl\/investigacion\/wp-content\/uploads\/sites\/12\/2026\/01\/Los-salarios-en-OHiggins.pdf\" title=\"\"> Saber m\u00e1s <span class=\"icon icon--inline icon--link\"><svg version=\"1.1\" xmlns=\"http:\/\/www.w3.org\/2000\/svg\" xmlns:xlink=\"http:\/\/www.w3.org\/1999\/xlink\" x=\"0px\" y=\"0px\" width=\"22px\"height=\"22px\" viewBox=\"0 0 22 22\" style=\"overflow:visible;enable-background:new 0 0 80 64.6;\" xml:space=\"preserve\"><g clip-path=\"url(#acA)\"><path fill-rule=\"evenodd\" d=\"M21.913 11.266a.93.93 0 000-.711c-.022-.056-.063-.097-.091-.144s-.053-.103-.097-.15L12.306.294c-.357-.379-.955-.394-1.334-.038s-.394.955-.038 1.334l7.917 8.374H.927a.95.95 0 00-.908.983.946.946 0 00.908.908h17.924l-8.089 8.552c-.357.379-.341.977.034 1.334s.977.341 1.334-.034l9.594-10.148c.044-.044.063-.1.097-.15.028-.047.069-.088.091-.141z\"\/><\/g><defs><clipPath id=\"acA\"><path fill=\"#fff\" d=\"M0 0h22v22H0z\"\/><\/clipPath><\/defs><\/svg><\/span><\/a><\/a><\/div> <\/figcaption><\/figure><\/div>[\/vc_column][vc_column width=&#8221;1\/3&#8243;]<div class=\"box-container__info circle--pattern\" style=\"border-top: 4px solid #42a0f8\"><figure ><img decoding=\"async\" data-src=\"https:\/\/www.uoh.cl\/investigacion\/wp-content\/uploads\/sites\/12\/2022\/12\/Mauricio-Munoz-600x600.jpg\" src=\"data:image\/svg+xml;base64,PHN2ZyB3aWR0aD0iMSIgaGVpZ2h0PSIxIiB4bWxucz0iaHR0cDovL3d3dy53My5vcmcvMjAwMC9zdmciPjwvc3ZnPg==\" class=\"lazyload\" style=\"--smush-placeholder-width: 600px; --smush-placeholder-aspect-ratio: 600\/600;\" \/><figcaption class=\"uoh_row m-0 align-items-center\">\n                        <div class=\"\"><h5 class=\"title__caption mb-3\">La consolidaci\u00f3n del comercio tiene en su base la informalidad del empleo<\/h5><div> <p>Por Mauricio Mu\u00f1oz, coordinador del Observatorio Laboral de O'Higgins<\/p><\/div><a class=\"link link link--bold component__btn-content mt-2\" href=\"https:\/\/www.uoh.cl\/investigacion\/wp-content\/uploads\/sites\/12\/2026\/01\/La-consolidacion-del-comercio-tiene-en-su-base-la-informalidad-del-empleo.pdf\" title=\"\"> Saber m\u00e1s <span class=\"icon icon--inline icon--link\"><svg version=\"1.1\" xmlns=\"http:\/\/www.w3.org\/2000\/svg\" xmlns:xlink=\"http:\/\/www.w3.org\/1999\/xlink\" x=\"0px\" y=\"0px\" width=\"22px\"height=\"22px\" viewBox=\"0 0 22 22\" style=\"overflow:visible;enable-background:new 0 0 80 64.6;\" xml:space=\"preserve\"><g clip-path=\"url(#acA)\"><path fill-rule=\"evenodd\" d=\"M21.913 11.266a.93.93 0 000-.711c-.022-.056-.063-.097-.091-.144s-.053-.103-.097-.15L12.306.294c-.357-.379-.955-.394-1.334-.038s-.394.955-.038 1.334l7.917 8.374H.927a.95.95 0 00-.908.983.946.946 0 00.908.908h17.924l-8.089 8.552c-.357.379-.341.977.034 1.334s.977.341 1.334-.034l9.594-10.148c.044-.044.063-.1.097-.15.028-.047.069-.088.091-.141z\"\/><\/g><defs><clipPath id=\"acA\"><path fill=\"#fff\" d=\"M0 0h22v22H0z\"\/><\/clipPath><\/defs><\/svg><\/span><\/a><\/a><\/div> <\/figcaption><\/figure><\/div>[\/vc_column][vc_column width=&#8221;1\/3&#8243;]<div class=\"box-container__info circle--pattern\" style=\"border-top: 4px solid #42a0f8\"><figure ><img decoding=\"async\" data-src=\"https:\/\/www.uoh.cl\/investigacion\/wp-content\/uploads\/sites\/12\/2022\/12\/Mauricio-Munoz-600x600.jpg\" src=\"data:image\/svg+xml;base64,PHN2ZyB3aWR0aD0iMSIgaGVpZ2h0PSIxIiB4bWxucz0iaHR0cDovL3d3dy53My5vcmcvMjAwMC9zdmciPjwvc3ZnPg==\" class=\"lazyload\" style=\"--smush-placeholder-width: 600px; --smush-placeholder-aspect-ratio: 600\/600;\" \/><figcaption class=\"uoh_row m-0 align-items-center\">\n                        <div class=\"\"><h5 class=\"title__caption mb-3\">Proyecciones y desaf\u00edos laborales para la regi\u00f3n en el 2026<\/h5><div> <p>Por Mauricio Mu\u00f1oz, coordinador del Observatorio Laboral de O'Higgins<\/p><\/div><a class=\"link link link--bold component__btn-content mt-2\" href=\"https:\/\/www.uoh.cl\/investigacion\/wp-content\/uploads\/sites\/12\/2026\/01\/Proyecciones-y-desafios-laborales-para-la-region-en-el-2026-1.pdf\" title=\"\"> Saber m\u00e1s <span class=\"icon icon--inline icon--link\"><svg version=\"1.1\" xmlns=\"http:\/\/www.w3.org\/2000\/svg\" xmlns:xlink=\"http:\/\/www.w3.org\/1999\/xlink\" x=\"0px\" y=\"0px\" width=\"22px\"height=\"22px\" viewBox=\"0 0 22 22\" style=\"overflow:visible;enable-background:new 0 0 80 64.6;\" xml:space=\"preserve\"><g clip-path=\"url(#acA)\"><path fill-rule=\"evenodd\" d=\"M21.913 11.266a.93.93 0 000-.711c-.022-.056-.063-.097-.091-.144s-.053-.103-.097-.15L12.306.294c-.357-.379-.955-.394-1.334-.038s-.394.955-.038 1.334l7.917 8.374H.927a.95.95 0 00-.908.983.946.946 0 00.908.908h17.924l-8.089 8.552c-.357.379-.341.977.034 1.334s.977.341 1.334-.034l9.594-10.148c.044-.044.063-.1.097-.15.028-.047.069-.088.091-.141z\"\/><\/g><defs><clipPath id=\"acA\"><path fill=\"#fff\" d=\"M0 0h22v22H0z\"\/><\/clipPath><\/defs><\/svg><\/span><\/a><\/a><\/div> <\/figcaption><\/figure><\/div>[\/vc_column][\/vc_row][vc_row el_class=&#8221;container mx-auto align-items-center mobile&#8211;box&#8221;][vc_column width=&#8221;1\/3&#8243;]<div class=\"box-container__info circle--pattern\" style=\"border-top: 4px solid #42a0f8\"><figure ><img decoding=\"async\" data-src=\"https:\/\/www.uoh.cl\/investigacion\/wp-content\/uploads\/sites\/12\/2022\/12\/Mauricio-Munoz-600x600.jpg\" src=\"data:image\/svg+xml;base64,PHN2ZyB3aWR0aD0iMSIgaGVpZ2h0PSIxIiB4bWxucz0iaHR0cDovL3d3dy53My5vcmcvMjAwMC9zdmciPjwvc3ZnPg==\" class=\"lazyload\" style=\"--smush-placeholder-width: 600px; --smush-placeholder-aspect-ratio: 600\/600;\" \/><figcaption class=\"uoh_row m-0 align-items-center\">\n                        <div class=\"\"><h5 class=\"title__caption mb-3\">Chile: El silencio de la fertilidad femenina, entre la autonom\u00eda ganada y el costo de ser madre trabajadora.<\/h5><div> <p>Por Mauricio Mu\u00f1oz, coordinador del Observatorio Laboral de O'Higgins<\/p><\/div><a class=\"link link link--bold component__btn-content mt-2\" href=\"https:\/\/www.uoh.cl\/investigacion\/wp-content\/uploads\/sites\/12\/2026\/01\/Que-hay-en-el-fondo.pdf\" title=\"\"> Saber m\u00e1s <span class=\"icon icon--inline icon--link\"><svg version=\"1.1\" xmlns=\"http:\/\/www.w3.org\/2000\/svg\" xmlns:xlink=\"http:\/\/www.w3.org\/1999\/xlink\" x=\"0px\" y=\"0px\" width=\"22px\"height=\"22px\" viewBox=\"0 0 22 22\" style=\"overflow:visible;enable-background:new 0 0 80 64.6;\" xml:space=\"preserve\"><g clip-path=\"url(#acA)\"><path fill-rule=\"evenodd\" d=\"M21.913 11.266a.93.93 0 000-.711c-.022-.056-.063-.097-.091-.144s-.053-.103-.097-.15L12.306.294c-.357-.379-.955-.394-1.334-.038s-.394.955-.038 1.334l7.917 8.374H.927a.95.95 0 00-.908.983.946.946 0 00.908.908h17.924l-8.089 8.552c-.357.379-.341.977.034 1.334s.977.341 1.334-.034l9.594-10.148c.044-.044.063-.1.097-.15.028-.047.069-.088.091-.141z\"\/><\/g><defs><clipPath id=\"acA\"><path fill=\"#fff\" d=\"M0 0h22v22H0z\"\/><\/clipPath><\/defs><\/svg><\/span><\/a><\/a><\/div> <\/figcaption><\/figure><\/div>[\/vc_column][vc_column width=&#8221;1\/3&#8243;]<div class=\"box-container__info circle--pattern\" style=\"border-top: 4px solid #42a0f8\"><figure ><img decoding=\"async\" data-src=\"https:\/\/www.uoh.cl\/investigacion\/wp-content\/uploads\/sites\/12\/2022\/12\/Mauricio-Munoz-600x600.jpg\" src=\"data:image\/svg+xml;base64,PHN2ZyB3aWR0aD0iMSIgaGVpZ2h0PSIxIiB4bWxucz0iaHR0cDovL3d3dy53My5vcmcvMjAwMC9zdmciPjwvc3ZnPg==\" class=\"lazyload\" style=\"--smush-placeholder-width: 600px; --smush-placeholder-aspect-ratio: 600\/600;\" \/><figcaption class=\"uoh_row m-0 align-items-center\">\n                        <div class=\"\"><h5 class=\"title__caption mb-3\">Brechas de g\u00e9nero y salarios de subsistencia: La urgente deuda de Chile con sus trabajadores<\/h5><div> <p>Por Mauricio Mu\u00f1oz, coordinador del Observatorio Laboral de O'Higgins<\/p><\/div><a class=\"link link link--bold component__btn-content mt-2\" href=\"https:\/\/www.uoh.cl\/investigacion\/wp-content\/uploads\/sites\/12\/2026\/01\/Brechas-de-genero-y-salarios-de-subsistencia-La-urgente-deuda-de-Chile-con-sus-trabajadores.pdf\" title=\"\"> Saber m\u00e1s <span class=\"icon icon--inline icon--link\"><svg version=\"1.1\" xmlns=\"http:\/\/www.w3.org\/2000\/svg\" xmlns:xlink=\"http:\/\/www.w3.org\/1999\/xlink\" x=\"0px\" y=\"0px\" width=\"22px\"height=\"22px\" viewBox=\"0 0 22 22\" style=\"overflow:visible;enable-background:new 0 0 80 64.6;\" xml:space=\"preserve\"><g clip-path=\"url(#acA)\"><path fill-rule=\"evenodd\" d=\"M21.913 11.266a.93.93 0 000-.711c-.022-.056-.063-.097-.091-.144s-.053-.103-.097-.15L12.306.294c-.357-.379-.955-.394-1.334-.038s-.394.955-.038 1.334l7.917 8.374H.927a.95.95 0 00-.908.983.946.946 0 00.908.908h17.924l-8.089 8.552c-.357.379-.341.977.034 1.334s.977.341 1.334-.034l9.594-10.148c.044-.044.063-.1.097-.15.028-.047.069-.088.091-.141z\"\/><\/g><defs><clipPath id=\"acA\"><path fill=\"#fff\" d=\"M0 0h22v22H0z\"\/><\/clipPath><\/defs><\/svg><\/span><\/a><\/a><\/div> <\/figcaption><\/figure><\/div>[\/vc_column][vc_column width=&#8221;1\/3&#8243;]<div class=\"box-container__info circle--pattern\" style=\"border-top: 4px solid #42a0f8\"><figure ><img decoding=\"async\" data-src=\"https:\/\/www.uoh.cl\/investigacion\/wp-content\/uploads\/sites\/12\/2022\/12\/Mauricio-Munoz-600x600.jpg\" src=\"data:image\/svg+xml;base64,PHN2ZyB3aWR0aD0iMSIgaGVpZ2h0PSIxIiB4bWxucz0iaHR0cDovL3d3dy53My5vcmcvMjAwMC9zdmciPjwvc3ZnPg==\" class=\"lazyload\" style=\"--smush-placeholder-width: 600px; --smush-placeholder-aspect-ratio: 600\/600;\" \/><figcaption class=\"uoh_row m-0 align-items-center\">\n                        <div class=\"\"><h5 class=\"title__caption mb-3\">El sindicalismo, los derechos sociales y el desarrollo del pa\u00eds<\/h5><div> <p>Por Mauricio Mu\u00f1oz, coordinador del Observatorio Laboral de O'Higgins<\/p><\/div><a class=\"link link link--bold component__btn-content mt-2\" href=\"https:\/\/www.uoh.cl\/investigacion\/wp-content\/uploads\/sites\/12\/2026\/01\/El-sindicalismo-los-derechos-sociales-y-el-desarrollo-del-pais.pdf\" title=\"\"> Saber m\u00e1s <span class=\"icon icon--inline icon--link\"><svg version=\"1.1\" xmlns=\"http:\/\/www.w3.org\/2000\/svg\" xmlns:xlink=\"http:\/\/www.w3.org\/1999\/xlink\" x=\"0px\" y=\"0px\" width=\"22px\"height=\"22px\" viewBox=\"0 0 22 22\" style=\"overflow:visible;enable-background:new 0 0 80 64.6;\" xml:space=\"preserve\"><g clip-path=\"url(#acA)\"><path fill-rule=\"evenodd\" d=\"M21.913 11.266a.93.93 0 000-.711c-.022-.056-.063-.097-.091-.144s-.053-.103-.097-.15L12.306.294c-.357-.379-.955-.394-1.334-.038s-.394.955-.038 1.334l7.917 8.374H.927a.95.95 0 00-.908.983.946.946 0 00.908.908h17.924l-8.089 8.552c-.357.379-.341.977.034 1.334s.977.341 1.334-.034l9.594-10.148c.044-.044.063-.1.097-.15.028-.047.069-.088.091-.141z\"\/><\/g><defs><clipPath id=\"acA\"><path fill=\"#fff\" d=\"M0 0h22v22H0z\"\/><\/clipPath><\/defs><\/svg><\/span><\/a><\/a><\/div> <\/figcaption><\/figure><\/div>[\/vc_column][\/vc_row][vc_row el_class=&#8221;container mx-auto align-items-center mobile&#8211;box&#8221;][vc_column width=&#8221;1\/3&#8243;]<div class=\"box-container__info circle--pattern\" style=\"border-top: 4px solid #42a0f8\"><figure ><img decoding=\"async\" data-src=\"https:\/\/www.uoh.cl\/investigacion\/wp-content\/uploads\/sites\/12\/2022\/12\/Mauricio-Munoz-600x600.jpg\" src=\"data:image\/svg+xml;base64,PHN2ZyB3aWR0aD0iMSIgaGVpZ2h0PSIxIiB4bWxucz0iaHR0cDovL3d3dy53My5vcmcvMjAwMC9zdmciPjwvc3ZnPg==\" class=\"lazyload\" style=\"--smush-placeholder-width: 600px; --smush-placeholder-aspect-ratio: 600\/600;\" \/><figcaption class=\"uoh_row m-0 align-items-center\">\n                        <div class=\"\"><h5 class=\"title__caption mb-3\">\u00bfQu\u00e9 explica el aumento del desempleo en la Regi\u00f3n de O\u2019Higgins?<\/h5><div> <p>Por Mauricio Mu\u00f1oz, coordinador del Observatorio Laboral de O'Higgins<\/p><\/div><a class=\"link link link--bold component__btn-content mt-2\" href=\"https:\/\/www.uoh.cl\/investigacion\/wp-content\/uploads\/sites\/12\/2024\/10\/Que-explica-el-aumento-del-desempleo-en-la-Region-de-OHiggins.pdf\" title=\"\"> Saber m\u00e1s <span class=\"icon icon--inline icon--link\"><svg version=\"1.1\" xmlns=\"http:\/\/www.w3.org\/2000\/svg\" xmlns:xlink=\"http:\/\/www.w3.org\/1999\/xlink\" x=\"0px\" y=\"0px\" width=\"22px\"height=\"22px\" viewBox=\"0 0 22 22\" style=\"overflow:visible;enable-background:new 0 0 80 64.6;\" xml:space=\"preserve\"><g clip-path=\"url(#acA)\"><path fill-rule=\"evenodd\" d=\"M21.913 11.266a.93.93 0 000-.711c-.022-.056-.063-.097-.091-.144s-.053-.103-.097-.15L12.306.294c-.357-.379-.955-.394-1.334-.038s-.394.955-.038 1.334l7.917 8.374H.927a.95.95 0 00-.908.983.946.946 0 00.908.908h17.924l-8.089 8.552c-.357.379-.341.977.034 1.334s.977.341 1.334-.034l9.594-10.148c.044-.044.063-.1.097-.15.028-.047.069-.088.091-.141z\"\/><\/g><defs><clipPath id=\"acA\"><path fill=\"#fff\" d=\"M0 0h22v22H0z\"\/><\/clipPath><\/defs><\/svg><\/span><\/a><\/a><\/div> <\/figcaption><\/figure><\/div>[\/vc_column][vc_column width=&#8221;1\/3&#8243;]<div class=\"box-container__info circle--pattern\" style=\"border-top: 4px solid #42a0f8\"><figure ><img decoding=\"async\" data-src=\"https:\/\/www.uoh.cl\/investigacion\/wp-content\/uploads\/sites\/12\/2022\/12\/Mauricio-Munoz-600x600.jpg\" src=\"data:image\/svg+xml;base64,PHN2ZyB3aWR0aD0iMSIgaGVpZ2h0PSIxIiB4bWxucz0iaHR0cDovL3d3dy53My5vcmcvMjAwMC9zdmciPjwvc3ZnPg==\" class=\"lazyload\" style=\"--smush-placeholder-width: 600px; --smush-placeholder-aspect-ratio: 600\/600;\" \/><figcaption class=\"uoh_row m-0 align-items-center\">\n                        <div class=\"\"><h5 class=\"title__caption mb-3\">28 de julio, d\u00eda del campesino: entre la incorporaci\u00f3n precaria y la subsistencia<\/h5><div> <p>Por Mauricio Mu\u00f1oz, coordinador del Observatorio Laboral de O'Higgins<\/p><\/div><a class=\"link link link--bold component__btn-content mt-2\" href=\"https:\/\/www.uoh.cl\/investigacion\/wp-content\/uploads\/sites\/12\/2023\/08\/28-de-julio-dia-del-campesino.pdf\" title=\"\"> Saber m\u00e1s <span class=\"icon icon--inline icon--link\"><svg version=\"1.1\" xmlns=\"http:\/\/www.w3.org\/2000\/svg\" xmlns:xlink=\"http:\/\/www.w3.org\/1999\/xlink\" x=\"0px\" y=\"0px\" width=\"22px\"height=\"22px\" viewBox=\"0 0 22 22\" style=\"overflow:visible;enable-background:new 0 0 80 64.6;\" xml:space=\"preserve\"><g clip-path=\"url(#acA)\"><path fill-rule=\"evenodd\" d=\"M21.913 11.266a.93.93 0 000-.711c-.022-.056-.063-.097-.091-.144s-.053-.103-.097-.15L12.306.294c-.357-.379-.955-.394-1.334-.038s-.394.955-.038 1.334l7.917 8.374H.927a.95.95 0 00-.908.983.946.946 0 00.908.908h17.924l-8.089 8.552c-.357.379-.341.977.034 1.334s.977.341 1.334-.034l9.594-10.148c.044-.044.063-.1.097-.15.028-.047.069-.088.091-.141z\"\/><\/g><defs><clipPath id=\"acA\"><path fill=\"#fff\" d=\"M0 0h22v22H0z\"\/><\/clipPath><\/defs><\/svg><\/span><\/a><\/a><\/div> <\/figcaption><\/figure><\/div>[\/vc_column][vc_column width=&#8221;1\/3&#8243;]<div class=\"box-container__info circle--pattern\" style=\"border-top: 4px solid #42a0f8\"><figure ><img decoding=\"async\" data-src=\"https:\/\/www.uoh.cl\/investigacion\/wp-content\/uploads\/sites\/12\/2022\/12\/Mauricio-Munoz-600x600.jpg\" src=\"data:image\/svg+xml;base64,PHN2ZyB3aWR0aD0iMSIgaGVpZ2h0PSIxIiB4bWxucz0iaHR0cDovL3d3dy53My5vcmcvMjAwMC9zdmciPjwvc3ZnPg==\" class=\"lazyload\" style=\"--smush-placeholder-width: 600px; --smush-placeholder-aspect-ratio: 600\/600;\" \/><figcaption class=\"uoh_row m-0 align-items-center\">\n                        <div class=\"\"><h5 class=\"title__caption mb-3\">Preocupante ca\u00edda del empleo en la Regi\u00f3n de O&#8217;Higgins<\/h5><div> <p>Por Mauricio Mu\u00f1oz, coordinador del Observatorio Laboral de O'Higgins<\/p><\/div><a class=\"link link link--bold component__btn-content mt-2\" href=\"https:\/\/www.uoh.cl\/investigacion\/wp-content\/uploads\/sites\/12\/2023\/05\/Caida-del-empleo-en-la-region.pdf\" title=\"\"> Saber m\u00e1s <span class=\"icon icon--inline icon--link\"><svg version=\"1.1\" xmlns=\"http:\/\/www.w3.org\/2000\/svg\" xmlns:xlink=\"http:\/\/www.w3.org\/1999\/xlink\" x=\"0px\" y=\"0px\" width=\"22px\"height=\"22px\" viewBox=\"0 0 22 22\" style=\"overflow:visible;enable-background:new 0 0 80 64.6;\" xml:space=\"preserve\"><g clip-path=\"url(#acA)\"><path fill-rule=\"evenodd\" d=\"M21.913 11.266a.93.93 0 000-.711c-.022-.056-.063-.097-.091-.144s-.053-.103-.097-.15L12.306.294c-.357-.379-.955-.394-1.334-.038s-.394.955-.038 1.334l7.917 8.374H.927a.95.95 0 00-.908.983.946.946 0 00.908.908h17.924l-8.089 8.552c-.357.379-.341.977.034 1.334s.977.341 1.334-.034l9.594-10.148c.044-.044.063-.1.097-.15.028-.047.069-.088.091-.141z\"\/><\/g><defs><clipPath id=\"acA\"><path fill=\"#fff\" d=\"M0 0h22v22H0z\"\/><\/clipPath><\/defs><\/svg><\/span><\/a><\/a><\/div> <\/figcaption><\/figure><\/div>[\/vc_column][\/vc_row][vc_row el_class=&#8221;container mx-auto align-items-center mobile&#8211;box&#8221;][vc_column width=&#8221;1\/3&#8243;]<div class=\"box-container__info circle--pattern\" style=\"border-top: 4px solid #42a0f8\"><figure ><img decoding=\"async\" data-src=\"https:\/\/www.uoh.cl\/investigacion\/wp-content\/uploads\/sites\/12\/2022\/12\/Mauricio-Munoz-600x600.jpg\" src=\"data:image\/svg+xml;base64,PHN2ZyB3aWR0aD0iMSIgaGVpZ2h0PSIxIiB4bWxucz0iaHR0cDovL3d3dy53My5vcmcvMjAwMC9zdmciPjwvc3ZnPg==\" class=\"lazyload\" style=\"--smush-placeholder-width: 600px; --smush-placeholder-aspect-ratio: 600\/600;\" \/><figcaption class=\"uoh_row m-0 align-items-center\">\n                        <div class=\"\"><h5 class=\"title__caption mb-3\">Efectos de la pandemia en la situaci\u00f3n laboral de la mujer<\/h5><div> <p>Por Mauricio Mu\u00f1oz, coordinador del Observatorio Laboral de O'Higgins<\/p><\/div><a class=\"link link link--bold component__btn-content mt-2\" href=\"https:\/\/www.uoh.cl\/investigacion\/wp-content\/uploads\/sites\/12\/2023\/03\/Pandemia-mujer-y-trabajo.pdf\" title=\"\"> Saber m\u00e1s <span class=\"icon icon--inline icon--link\"><svg version=\"1.1\" xmlns=\"http:\/\/www.w3.org\/2000\/svg\" xmlns:xlink=\"http:\/\/www.w3.org\/1999\/xlink\" x=\"0px\" y=\"0px\" width=\"22px\"height=\"22px\" viewBox=\"0 0 22 22\" style=\"overflow:visible;enable-background:new 0 0 80 64.6;\" xml:space=\"preserve\"><g clip-path=\"url(#acA)\"><path fill-rule=\"evenodd\" d=\"M21.913 11.266a.93.93 0 000-.711c-.022-.056-.063-.097-.091-.144s-.053-.103-.097-.15L12.306.294c-.357-.379-.955-.394-1.334-.038s-.394.955-.038 1.334l7.917 8.374H.927a.95.95 0 00-.908.983.946.946 0 00.908.908h17.924l-8.089 8.552c-.357.379-.341.977.034 1.334s.977.341 1.334-.034l9.594-10.148c.044-.044.063-.1.097-.15.028-.047.069-.088.091-.141z\"\/><\/g><defs><clipPath id=\"acA\"><path fill=\"#fff\" d=\"M0 0h22v22H0z\"\/><\/clipPath><\/defs><\/svg><\/span><\/a><\/a><\/div> <\/figcaption><\/figure><\/div>[\/vc_column][vc_column width=&#8221;1\/3&#8243;]<div class=\"box-container__info circle--pattern\" style=\"border-top: 4px solid #42a0f8\"><figure ><img decoding=\"async\" data-src=\"https:\/\/www.uoh.cl\/investigacion\/wp-content\/uploads\/sites\/12\/2022\/12\/Mauricio-Munoz-600x600.jpg\" src=\"data:image\/svg+xml;base64,PHN2ZyB3aWR0aD0iMSIgaGVpZ2h0PSIxIiB4bWxucz0iaHR0cDovL3d3dy53My5vcmcvMjAwMC9zdmciPjwvc3ZnPg==\" class=\"lazyload\" style=\"--smush-placeholder-width: 600px; --smush-placeholder-aspect-ratio: 600\/600;\" \/><figcaption class=\"uoh_row m-0 align-items-center\">\n                        <div class=\"\"><h5 class=\"title__caption mb-3\">Agricultura regional: \u00bfQu\u00e9 estamos esperando para entrar al siglo XXI?<\/h5><div> <p>Por Mauricio Mu\u00f1oz, coordinador del Observatorio Laboral de O'Higgins<\/p><\/div><a class=\"link link link--bold component__btn-content mt-2\" href=\"https:\/\/www.uoh.cl\/investigacion\/wp-content\/uploads\/sites\/12\/2023\/03\/Agricultura-para-el-siglo-XXI_VF.pdf\" title=\"\"> Saber m\u00e1s <span class=\"icon icon--inline icon--link\"><svg version=\"1.1\" xmlns=\"http:\/\/www.w3.org\/2000\/svg\" xmlns:xlink=\"http:\/\/www.w3.org\/1999\/xlink\" x=\"0px\" y=\"0px\" width=\"22px\"height=\"22px\" viewBox=\"0 0 22 22\" style=\"overflow:visible;enable-background:new 0 0 80 64.6;\" xml:space=\"preserve\"><g clip-path=\"url(#acA)\"><path fill-rule=\"evenodd\" d=\"M21.913 11.266a.93.93 0 000-.711c-.022-.056-.063-.097-.091-.144s-.053-.103-.097-.15L12.306.294c-.357-.379-.955-.394-1.334-.038s-.394.955-.038 1.334l7.917 8.374H.927a.95.95 0 00-.908.983.946.946 0 00.908.908h17.924l-8.089 8.552c-.357.379-.341.977.034 1.334s.977.341 1.334-.034l9.594-10.148c.044-.044.063-.1.097-.15.028-.047.069-.088.091-.141z\"\/><\/g><defs><clipPath id=\"acA\"><path fill=\"#fff\" d=\"M0 0h22v22H0z\"\/><\/clipPath><\/defs><\/svg><\/span><\/a><\/a><\/div> <\/figcaption><\/figure><\/div>[\/vc_column][vc_column width=&#8221;1\/3&#8243;]<div class=\"box-container__info circle--pattern\" style=\"border-top: 4px solid #42a0f8\"><figure ><img decoding=\"async\" data-src=\"https:\/\/www.uoh.cl\/investigacion\/wp-content\/uploads\/sites\/12\/2022\/12\/Mauricio-Munoz-600x600.jpg\" src=\"data:image\/svg+xml;base64,PHN2ZyB3aWR0aD0iMSIgaGVpZ2h0PSIxIiB4bWxucz0iaHR0cDovL3d3dy53My5vcmcvMjAwMC9zdmciPjwvc3ZnPg==\" class=\"lazyload\" style=\"--smush-placeholder-width: 600px; --smush-placeholder-aspect-ratio: 600\/600;\" \/><figcaption class=\"uoh_row m-0 align-items-center\">\n                        <div class=\"\"><h5 class=\"title__caption mb-3\">Consecuencias sociales de la informalidad en la fisonom\u00eda del mercado del trabajo<\/h5><div> <p>Por Mauricio Mu\u00f1oz, coordinador del Observatorio Laboral de O'Higgins<\/p><\/div><a class=\"link link link--bold component__btn-content mt-2\" href=\"https:\/\/www.uoh.cl\/investigacion\/wp-content\/uploads\/sites\/12\/2023\/01\/Columna-Informalidad-1.pdf\" title=\"\"> Saber m\u00e1s <span class=\"icon icon--inline icon--link\"><svg version=\"1.1\" xmlns=\"http:\/\/www.w3.org\/2000\/svg\" xmlns:xlink=\"http:\/\/www.w3.org\/1999\/xlink\" x=\"0px\" y=\"0px\" width=\"22px\"height=\"22px\" viewBox=\"0 0 22 22\" style=\"overflow:visible;enable-background:new 0 0 80 64.6;\" xml:space=\"preserve\"><g clip-path=\"url(#acA)\"><path fill-rule=\"evenodd\" d=\"M21.913 11.266a.93.93 0 000-.711c-.022-.056-.063-.097-.091-.144s-.053-.103-.097-.15L12.306.294c-.357-.379-.955-.394-1.334-.038s-.394.955-.038 1.334l7.917 8.374H.927a.95.95 0 00-.908.983.946.946 0 00.908.908h17.924l-8.089 8.552c-.357.379-.341.977.034 1.334s.977.341 1.334-.034l9.594-10.148c.044-.044.063-.1.097-.15.028-.047.069-.088.091-.141z\"\/><\/g><defs><clipPath id=\"acA\"><path fill=\"#fff\" d=\"M0 0h22v22H0z\"\/><\/clipPath><\/defs><\/svg><\/span><\/a><\/a><\/div> <\/figcaption><\/figure><\/div>[\/vc_column][\/vc_row][vc_row el_class=&#8221;container mx-auto align-items-center mobile&#8211;box&#8221;][vc_column width=&#8221;1\/3&#8243;]<div class=\"box-container__info circle--pattern\" style=\"border-top: 4px solid #42a0f8\"><figure ><img decoding=\"async\" data-src=\"https:\/\/www.uoh.cl\/investigacion\/wp-content\/uploads\/sites\/12\/2022\/12\/Mauricio-Munoz-600x600.jpg\" src=\"data:image\/svg+xml;base64,PHN2ZyB3aWR0aD0iMSIgaGVpZ2h0PSIxIiB4bWxucz0iaHR0cDovL3d3dy53My5vcmcvMjAwMC9zdmciPjwvc3ZnPg==\" class=\"lazyload\" style=\"--smush-placeholder-width: 600px; --smush-placeholder-aspect-ratio: 600\/600;\" \/><figcaption class=\"uoh_row m-0 align-items-center\">\n                        <div class=\"\"><h5 class=\"title__caption mb-3\">Desaf\u00edos que impone la estacionalidad del empleo en la regi\u00f3n<\/h5><div> <p>Por Mauricio Mu\u00f1oz, coordinador del Observatorio Laboral de O'Higgins<\/p><\/div><a class=\"link link link--bold component__btn-content mt-2\" href=\"https:\/\/www.uoh.cl\/investigacion\/wp-content\/uploads\/sites\/12\/2023\/01\/Columna-Desafios-que-impone-la-estacionalidad-del-empleo-en-la-region.pdf\" title=\"\"> Saber m\u00e1s <span class=\"icon icon--inline icon--link\"><svg version=\"1.1\" xmlns=\"http:\/\/www.w3.org\/2000\/svg\" xmlns:xlink=\"http:\/\/www.w3.org\/1999\/xlink\" x=\"0px\" y=\"0px\" width=\"22px\"height=\"22px\" viewBox=\"0 0 22 22\" style=\"overflow:visible;enable-background:new 0 0 80 64.6;\" xml:space=\"preserve\"><g clip-path=\"url(#acA)\"><path fill-rule=\"evenodd\" d=\"M21.913 11.266a.93.93 0 000-.711c-.022-.056-.063-.097-.091-.144s-.053-.103-.097-.15L12.306.294c-.357-.379-.955-.394-1.334-.038s-.394.955-.038 1.334l7.917 8.374H.927a.95.95 0 00-.908.983.946.946 0 00.908.908h17.924l-8.089 8.552c-.357.379-.341.977.034 1.334s.977.341 1.334-.034l9.594-10.148c.044-.044.063-.1.097-.15.028-.047.069-.088.091-.141z\"\/><\/g><defs><clipPath id=\"acA\"><path fill=\"#fff\" d=\"M0 0h22v22H0z\"\/><\/clipPath><\/defs><\/svg><\/span><\/a><\/a><\/div> <\/figcaption><\/figure><\/div>[\/vc_column][vc_column width=&#8221;1\/3&#8243;]<div class=\"box-container__info circle--pattern\" style=\"border-top: 4px solid #42a0f8\"><figure ><img decoding=\"async\" data-src=\"https:\/\/www.uoh.cl\/investigacion\/wp-content\/uploads\/sites\/12\/2022\/12\/Carlos-Isla-600x600.jpg\" src=\"data:image\/svg+xml;base64,PHN2ZyB3aWR0aD0iMSIgaGVpZ2h0PSIxIiB4bWxucz0iaHR0cDovL3d3dy53My5vcmcvMjAwMC9zdmciPjwvc3ZnPg==\" class=\"lazyload\" style=\"--smush-placeholder-width: 600px; --smush-placeholder-aspect-ratio: 600\/600;\" \/><figcaption class=\"uoh_row m-0 align-items-center\">\n                        <div class=\"\"><h5 class=\"title__caption mb-3\">El agro: \u00bfEl coraz\u00f3n de la Regi\u00f3n de O&#8217;Higgins?<\/h5><div> <p>Por Carlos Isla, analista cuantitativo del Observatorio Laboral de O'Higgins<\/p><\/div><a class=\"link link link--bold component__btn-content mt-2\" href=\"https:\/\/www.uoh.cl\/investigacion\/wp-content\/uploads\/sites\/12\/2023\/01\/Columna-Agro_ohiggins.pdf\" title=\"\"> Saber m\u00e1s <span class=\"icon icon--inline icon--link\"><svg version=\"1.1\" xmlns=\"http:\/\/www.w3.org\/2000\/svg\" xmlns:xlink=\"http:\/\/www.w3.org\/1999\/xlink\" x=\"0px\" y=\"0px\" width=\"22px\"height=\"22px\" viewBox=\"0 0 22 22\" style=\"overflow:visible;enable-background:new 0 0 80 64.6;\" xml:space=\"preserve\"><g clip-path=\"url(#acA)\"><path fill-rule=\"evenodd\" d=\"M21.913 11.266a.93.93 0 000-.711c-.022-.056-.063-.097-.091-.144s-.053-.103-.097-.15L12.306.294c-.357-.379-.955-.394-1.334-.038s-.394.955-.038 1.334l7.917 8.374H.927a.95.95 0 00-.908.983.946.946 0 00.908.908h17.924l-8.089 8.552c-.357.379-.341.977.034 1.334s.977.341 1.334-.034l9.594-10.148c.044-.044.063-.1.097-.15.028-.047.069-.088.091-.141z\"\/><\/g><defs><clipPath id=\"acA\"><path fill=\"#fff\" d=\"M0 0h22v22H0z\"\/><\/clipPath><\/defs><\/svg><\/span><\/a><\/a><\/div> <\/figcaption><\/figure><\/div>[\/vc_column][vc_column width=&#8221;1\/3&#8243;]<div class=\"box-container__info circle--pattern\" style=\"border-top: 4px solid #42a0f8\"><figure ><img decoding=\"async\" data-src=\"https:\/\/www.uoh.cl\/investigacion\/wp-content\/uploads\/sites\/12\/2022\/07\/Maria-Cristina-Hernandez-600x600.jpg\" src=\"data:image\/svg+xml;base64,PHN2ZyB3aWR0aD0iMSIgaGVpZ2h0PSIxIiB4bWxucz0iaHR0cDovL3d3dy53My5vcmcvMjAwMC9zdmciPjwvc3ZnPg==\" class=\"lazyload\" style=\"--smush-placeholder-width: 600px; --smush-placeholder-aspect-ratio: 600\/600;\" \/><figcaption class=\"uoh_row m-0 align-items-center\">\n                        <div class=\"\"><h5 class=\"title__caption mb-3\">La crisis del empleo juvenil en la Regi\u00f3n de O&#8217;Higgins<\/h5><div> <p>Por Mar\u00eda Cristina Hern\u00e1ndez, Carlos Isla, analistas, y Mauricio Mu\u00f1oz, coordinador del Observatorio Laboral de O'Higgins<\/p><\/div><a class=\"link link link--bold component__btn-content mt-2\" href=\"https:\/\/www.uoh.cl\/investigacion\/wp-content\/uploads\/sites\/12\/2023\/01\/Columna-Empleo-juvenil.pdf\" title=\"\"> Saber m\u00e1s <span class=\"icon icon--inline icon--link\"><svg version=\"1.1\" xmlns=\"http:\/\/www.w3.org\/2000\/svg\" xmlns:xlink=\"http:\/\/www.w3.org\/1999\/xlink\" x=\"0px\" y=\"0px\" width=\"22px\"height=\"22px\" viewBox=\"0 0 22 22\" style=\"overflow:visible;enable-background:new 0 0 80 64.6;\" xml:space=\"preserve\"><g clip-path=\"url(#acA)\"><path fill-rule=\"evenodd\" d=\"M21.913 11.266a.93.93 0 000-.711c-.022-.056-.063-.097-.091-.144s-.053-.103-.097-.15L12.306.294c-.357-.379-.955-.394-1.334-.038s-.394.955-.038 1.334l7.917 8.374H.927a.95.95 0 00-.908.983.946.946 0 00.908.908h17.924l-8.089 8.552c-.357.379-.341.977.034 1.334s.977.341 1.334-.034l9.594-10.148c.044-.044.063-.1.097-.15.028-.047.069-.088.091-.141z\"\/><\/g><defs><clipPath id=\"acA\"><path fill=\"#fff\" d=\"M0 0h22v22H0z\"\/><\/clipPath><\/defs><\/svg><\/span><\/a><\/a><\/div> <\/figcaption><\/figure><\/div>[\/vc_column][\/vc_row][vc_row el_class=&#8221;container mx-auto align-items-center mobile&#8211;box&#8221;][vc_column width=&#8221;1\/3&#8243;]<div class=\"box-container__info circle--pattern\" style=\"border-top: 4px solid #42a0f8\"><figure ><img decoding=\"async\" data-src=\"https:\/\/www.uoh.cl\/investigacion\/wp-content\/uploads\/sites\/12\/2022\/12\/Mauricio-Munoz-600x600.jpg\" src=\"data:image\/svg+xml;base64,PHN2ZyB3aWR0aD0iMSIgaGVpZ2h0PSIxIiB4bWxucz0iaHR0cDovL3d3dy53My5vcmcvMjAwMC9zdmciPjwvc3ZnPg==\" class=\"lazyload\" style=\"--smush-placeholder-width: 600px; --smush-placeholder-aspect-ratio: 600\/600;\" \/><figcaption class=\"uoh_row m-0 align-items-center\">\n                        <div class=\"\"><h5 class=\"title__caption mb-3\">Retos que presenta nuestra rudimentaria matriz productiva<\/h5><div> <p>Por Mauricio Mu\u00f1oz, coordinador del Observatorio Laboral de O'Higgins<\/p><\/div><a class=\"link link link--bold component__btn-content mt-2\" href=\"https:\/\/www.uoh.cl\/investigacion\/wp-content\/uploads\/sites\/12\/2023\/01\/Columna-Retos-que-presenta-nuestra-rudimentaria-matriz-productiva.pdf\" title=\"\"> Saber m\u00e1s <span class=\"icon icon--inline icon--link\"><svg version=\"1.1\" xmlns=\"http:\/\/www.w3.org\/2000\/svg\" xmlns:xlink=\"http:\/\/www.w3.org\/1999\/xlink\" x=\"0px\" y=\"0px\" width=\"22px\"height=\"22px\" viewBox=\"0 0 22 22\" style=\"overflow:visible;enable-background:new 0 0 80 64.6;\" xml:space=\"preserve\"><g clip-path=\"url(#acA)\"><path fill-rule=\"evenodd\" d=\"M21.913 11.266a.93.93 0 000-.711c-.022-.056-.063-.097-.091-.144s-.053-.103-.097-.15L12.306.294c-.357-.379-.955-.394-1.334-.038s-.394.955-.038 1.334l7.917 8.374H.927a.95.95 0 00-.908.983.946.946 0 00.908.908h17.924l-8.089 8.552c-.357.379-.341.977.034 1.334s.977.341 1.334-.034l9.594-10.148c.044-.044.063-.1.097-.15.028-.047.069-.088.091-.141z\"\/><\/g><defs><clipPath id=\"acA\"><path fill=\"#fff\" d=\"M0 0h22v22H0z\"\/><\/clipPath><\/defs><\/svg><\/span><\/a><\/a><\/div> <\/figcaption><\/figure><\/div>[\/vc_column][vc_column width=&#8221;1\/3&#8243;]<div class=\"box-container__info circle--pattern\" style=\"border-top: 4px solid #42a0f8\"><figure ><img decoding=\"async\" data-src=\"https:\/\/www.uoh.cl\/investigacion\/wp-content\/uploads\/sites\/12\/2022\/12\/Mauricio-Munoz-600x600.jpg\" src=\"data:image\/svg+xml;base64,PHN2ZyB3aWR0aD0iMSIgaGVpZ2h0PSIxIiB4bWxucz0iaHR0cDovL3d3dy53My5vcmcvMjAwMC9zdmciPjwvc3ZnPg==\" class=\"lazyload\" style=\"--smush-placeholder-width: 600px; --smush-placeholder-aspect-ratio: 600\/600;\" \/><figcaption class=\"uoh_row m-0 align-items-center\">\n                        <div class=\"\"><h5 class=\"title__caption mb-3\">La miner\u00eda en O&#8217;Higgins: entre la productividad y los desaf\u00edos de integraci\u00f3n territorial<\/h5><div> <p>Por Mauricio Mu\u00f1oz, coordinador del Observatorio Laboral de O'Higgins<\/p><\/div><a class=\"link link link--bold component__btn-content mt-2\" href=\"https:\/\/www.uoh.cl\/investigacion\/wp-content\/uploads\/sites\/12\/2023\/01\/Columna-La-mineria-en-OHiggins-productividad-y-desafios.pdf\" title=\"\"> Saber m\u00e1s <span class=\"icon icon--inline icon--link\"><svg version=\"1.1\" xmlns=\"http:\/\/www.w3.org\/2000\/svg\" xmlns:xlink=\"http:\/\/www.w3.org\/1999\/xlink\" x=\"0px\" y=\"0px\" width=\"22px\"height=\"22px\" viewBox=\"0 0 22 22\" style=\"overflow:visible;enable-background:new 0 0 80 64.6;\" xml:space=\"preserve\"><g clip-path=\"url(#acA)\"><path fill-rule=\"evenodd\" d=\"M21.913 11.266a.93.93 0 000-.711c-.022-.056-.063-.097-.091-.144s-.053-.103-.097-.15L12.306.294c-.357-.379-.955-.394-1.334-.038s-.394.955-.038 1.334l7.917 8.374H.927a.95.95 0 00-.908.983.946.946 0 00.908.908h17.924l-8.089 8.552c-.357.379-.341.977.034 1.334s.977.341 1.334-.034l9.594-10.148c.044-.044.063-.1.097-.15.028-.047.069-.088.091-.141z\"\/><\/g><defs><clipPath id=\"acA\"><path fill=\"#fff\" d=\"M0 0h22v22H0z\"\/><\/clipPath><\/defs><\/svg><\/span><\/a><\/a><\/div> <\/figcaption><\/figure><\/div>[\/vc_column][vc_column width=&#8221;1\/3&#8243;][\/vc_column][\/vc_row][vc_row][vc_column][vc_column_text]<\/p>\n<p>&nbsp;<\/p>\n<p>[\/vc_column_text][\/vc_column][\/vc_row][\/vc_section][vc_section disable_element=&#8221;yes&#8221; el_class=&#8221;container mx-auto align-items-center mobile&#8211;box&#8221;][vc_row][vc_column]<div class=\"uoh_title_component-container\"><h2 class=\"title title--ms d-inline-block title--decorator  medium\">Informe de Caracterizaci\u00f3n Econ\u00f3mica y Laboral (abril 2023)<\/h2><\/div>[vc_column_text]Conozca las caracter\u00edsticas productivas y del mercado laboral de la Regi\u00f3n de O\u2019Higgins, haciendo \u00e9nfasis en aspectos relativos el productivo interno, indicadores sectoriales, caracter\u00edsticas de las empresas, y as\u00ed tambi\u00e9n, una descripci\u00f3n de las personas ocupadas, desocupadas e inactivas de la regi\u00f3n, utilizando fuentes datos principalmente del Instituto Nacional de Estad\u00edsticas (INE) y del Banco Central.<\/p>\n<p>[\/vc_column_text][vc_zigzag color=&#8221;white&#8221;][\/vc_column][\/vc_row][\/vc_section]<\/p>\n<\/div>","protected":false},"excerpt":{"rendered":"<p>[vc_section][vc_row el_class=&#8221;container mx-auto align-items-center mobile&#8211;box&#8221;][vc_column][vc_wp_custommenu nav_menu=&#8221;191&#8243;][\/vc_column][\/vc_row][\/vc_section][vc_section][vc_row el_class=&#8221;container mx-auto align-items-center mobile&#8211;box&#8221;][vc_column][\/vc_column][\/vc_row][vc_row el_class=&#8221;container mx-auto align-items-center mobile&#8211;box&#8221;][vc_column width=&#8221;1\/3&#8243;][\/vc_column][vc_column width=&#8221;1\/3&#8243;][\/vc_column][vc_column width=&#8221;1\/3&#8243;][\/vc_column][\/vc_row][vc_row el_class=&#8221;container mx-auto align-items-center mobile&#8211;box&#8221;][vc_column width=&#8221;1\/3&#8243;][\/vc_column][vc_column width=&#8221;1\/3&#8243;][\/vc_column][vc_column width=&#8221;1\/3&#8243;][\/vc_column][\/vc_row][vc_row el_class=&#8221;container mx-auto align-items-center mobile&#8211;box&#8221;][vc_column width=&#8221;1\/3&#8243;][\/vc_column][vc_column width=&#8221;1\/3&#8243;][\/vc_column][vc_column width=&#8221;1\/3&#8243;][\/vc_column][\/vc_row][vc_row el_class=&#8221;container mx-auto align-items-center mobile&#8211;box&#8221;][vc_column width=&#8221;1\/3&#8243;][\/vc_column][vc_column width=&#8221;1\/3&#8243;][\/vc_column][vc_column width=&#8221;1\/3&#8243;][\/vc_column][\/vc_row][vc_row el_class=&#8221;container mx-auto align-items-center mobile&#8211;box&#8221;][vc_column width=&#8221;1\/3&#8243;][\/vc_column][vc_column width=&#8221;1\/3&#8243;][\/vc_column][vc_column width=&#8221;1\/3&#8243;][\/vc_column][\/vc_row][vc_row el_class=&#8221;container mx-auto align-items-center mobile&#8211;box&#8221;][vc_column width=&#8221;1\/3&#8243;][\/vc_column][vc_column width=&#8221;1\/3&#8243;][\/vc_column][vc_column width=&#8221;1\/3&#8243;][\/vc_column][\/vc_row][vc_row el_class=&#8221;container mx-auto align-items-center [&hellip;]<\/p>\n","protected":false},"author":23,"featured_media":0,"parent":0,"menu_order":0,"comment_status":"closed","ping_status":"closed","template":"","meta":{"_acf_changed":false,"footnotes":""},"class_list":["post-4118","page","type-page","status-publish","hentry"],"acf":[],"yoast_head":"<!-- This site is optimized with the Yoast SEO plugin v26.6 - https:\/\/yoast.com\/wordpress\/plugins\/seo\/ -->\n<title>M\u00e1s Publicaciones - Investigaci\u00f3n<\/title>\n<meta name=\"robots\" content=\"index, follow, max-snippet:-1, max-image-preview:large, max-video-preview:-1\" \/>\n<link rel=\"canonical\" href=\"https:\/\/www.uoh.cl\/investigacion\/mas-publicaciones\/\" \/>\n<meta property=\"og:locale\" content=\"es_ES\" \/>\n<meta property=\"og:type\" content=\"article\" \/>\n<meta property=\"og:title\" content=\"M\u00e1s Publicaciones - Investigaci\u00f3n\" \/>\n<meta property=\"og:description\" content=\"[vc_section][vc_row el_class=&#8221;container mx-auto align-items-center mobile&#8211;box&#8221;][vc_column][vc_wp_custommenu nav_menu=&#8221;191&#8243;][\/vc_column][\/vc_row][\/vc_section][vc_section][vc_row el_class=&#8221;container mx-auto align-items-center mobile&#8211;box&#8221;][vc_column][\/vc_column][\/vc_row][vc_row el_class=&#8221;container mx-auto align-items-center mobile&#8211;box&#8221;][vc_column width=&#8221;1\/3&#8243;][\/vc_column][vc_column width=&#8221;1\/3&#8243;][\/vc_column][vc_column width=&#8221;1\/3&#8243;][\/vc_column][\/vc_row][vc_row el_class=&#8221;container mx-auto align-items-center mobile&#8211;box&#8221;][vc_column width=&#8221;1\/3&#8243;][\/vc_column][vc_column width=&#8221;1\/3&#8243;][\/vc_column][vc_column width=&#8221;1\/3&#8243;][\/vc_column][\/vc_row][vc_row el_class=&#8221;container mx-auto align-items-center mobile&#8211;box&#8221;][vc_column width=&#8221;1\/3&#8243;][\/vc_column][vc_column width=&#8221;1\/3&#8243;][\/vc_column][vc_column width=&#8221;1\/3&#8243;][\/vc_column][\/vc_row][vc_row el_class=&#8221;container mx-auto align-items-center mobile&#8211;box&#8221;][vc_column width=&#8221;1\/3&#8243;][\/vc_column][vc_column width=&#8221;1\/3&#8243;][\/vc_column][vc_column width=&#8221;1\/3&#8243;][\/vc_column][\/vc_row][vc_row el_class=&#8221;container mx-auto align-items-center mobile&#8211;box&#8221;][vc_column width=&#8221;1\/3&#8243;][\/vc_column][vc_column width=&#8221;1\/3&#8243;][\/vc_column][vc_column width=&#8221;1\/3&#8243;][\/vc_column][\/vc_row][vc_row el_class=&#8221;container mx-auto align-items-center mobile&#8211;box&#8221;][vc_column width=&#8221;1\/3&#8243;][\/vc_column][vc_column width=&#8221;1\/3&#8243;][\/vc_column][vc_column width=&#8221;1\/3&#8243;][\/vc_column][\/vc_row][vc_row el_class=&#8221;container mx-auto align-items-center [&hellip;]\" \/>\n<meta property=\"og:url\" content=\"https:\/\/www.uoh.cl\/investigacion\/mas-publicaciones\/\" \/>\n<meta property=\"og:site_name\" content=\"Investigaci\u00f3n\" \/>\n<meta property=\"article:modified_time\" content=\"2026-03-02T21:01:47+00:00\" \/>\n<meta name=\"twitter:card\" content=\"summary_large_image\" \/>\n<meta name=\"twitter:label1\" content=\"Tiempo estimado de lectura\" \/>\n\t<meta name=\"twitter:data1\" content=\"10 minutos\" \/>\n<script type=\"application\/ld+json\" class=\"yoast-schema-graph\">{\"@context\":\"https:\/\/schema.org\",\"@graph\":[{\"@type\":\"WebPage\",\"@id\":\"https:\/\/www.uoh.cl\/investigacion\/mas-publicaciones\/\",\"url\":\"https:\/\/www.uoh.cl\/investigacion\/mas-publicaciones\/\",\"name\":\"M\u00e1s Publicaciones - Investigaci\u00f3n\",\"isPartOf\":{\"@id\":\"https:\/\/www.uoh.cl\/investigacion\/#website\"},\"datePublished\":\"2022-10-26T14:49:00+00:00\",\"dateModified\":\"2026-03-02T21:01:47+00:00\",\"inLanguage\":\"es-CL\",\"potentialAction\":[{\"@type\":\"ReadAction\",\"target\":[\"https:\/\/www.uoh.cl\/investigacion\/mas-publicaciones\/\"]}]},{\"@type\":\"WebSite\",\"@id\":\"https:\/\/www.uoh.cl\/investigacion\/#website\",\"url\":\"https:\/\/www.uoh.cl\/investigacion\/\",\"name\":\"Investigaci\u00f3n\",\"description\":\"Sitio web de investigaci\u00f3n\",\"potentialAction\":[{\"@type\":\"SearchAction\",\"target\":{\"@type\":\"EntryPoint\",\"urlTemplate\":\"https:\/\/www.uoh.cl\/investigacion\/?s={search_term_string}\"},\"query-input\":{\"@type\":\"PropertyValueSpecification\",\"valueRequired\":true,\"valueName\":\"search_term_string\"}}],\"inLanguage\":\"es-CL\"}]}<\/script>\n<!-- \/ Yoast SEO plugin. -->","yoast_head_json":{"title":"M\u00e1s Publicaciones - Investigaci\u00f3n","robots":{"index":"index","follow":"follow","max-snippet":"max-snippet:-1","max-image-preview":"max-image-preview:large","max-video-preview":"max-video-preview:-1"},"canonical":"https:\/\/www.uoh.cl\/investigacion\/mas-publicaciones\/","og_locale":"es_ES","og_type":"article","og_title":"M\u00e1s Publicaciones - Investigaci\u00f3n","og_description":"[vc_section][vc_row el_class=&#8221;container mx-auto align-items-center mobile&#8211;box&#8221;][vc_column][vc_wp_custommenu nav_menu=&#8221;191&#8243;][\/vc_column][\/vc_row][\/vc_section][vc_section][vc_row el_class=&#8221;container mx-auto align-items-center mobile&#8211;box&#8221;][vc_column][\/vc_column][\/vc_row][vc_row el_class=&#8221;container mx-auto align-items-center mobile&#8211;box&#8221;][vc_column width=&#8221;1\/3&#8243;][\/vc_column][vc_column width=&#8221;1\/3&#8243;][\/vc_column][vc_column width=&#8221;1\/3&#8243;][\/vc_column][\/vc_row][vc_row el_class=&#8221;container mx-auto align-items-center mobile&#8211;box&#8221;][vc_column width=&#8221;1\/3&#8243;][\/vc_column][vc_column width=&#8221;1\/3&#8243;][\/vc_column][vc_column width=&#8221;1\/3&#8243;][\/vc_column][\/vc_row][vc_row el_class=&#8221;container mx-auto align-items-center mobile&#8211;box&#8221;][vc_column width=&#8221;1\/3&#8243;][\/vc_column][vc_column width=&#8221;1\/3&#8243;][\/vc_column][vc_column width=&#8221;1\/3&#8243;][\/vc_column][\/vc_row][vc_row el_class=&#8221;container mx-auto align-items-center mobile&#8211;box&#8221;][vc_column width=&#8221;1\/3&#8243;][\/vc_column][vc_column width=&#8221;1\/3&#8243;][\/vc_column][vc_column width=&#8221;1\/3&#8243;][\/vc_column][\/vc_row][vc_row el_class=&#8221;container mx-auto align-items-center mobile&#8211;box&#8221;][vc_column width=&#8221;1\/3&#8243;][\/vc_column][vc_column width=&#8221;1\/3&#8243;][\/vc_column][vc_column width=&#8221;1\/3&#8243;][\/vc_column][\/vc_row][vc_row el_class=&#8221;container mx-auto align-items-center mobile&#8211;box&#8221;][vc_column width=&#8221;1\/3&#8243;][\/vc_column][vc_column width=&#8221;1\/3&#8243;][\/vc_column][vc_column width=&#8221;1\/3&#8243;][\/vc_column][\/vc_row][vc_row el_class=&#8221;container mx-auto align-items-center [&hellip;]","og_url":"https:\/\/www.uoh.cl\/investigacion\/mas-publicaciones\/","og_site_name":"Investigaci\u00f3n","article_modified_time":"2026-03-02T21:01:47+00:00","twitter_card":"summary_large_image","twitter_misc":{"Tiempo estimado de lectura":"10 minutos"},"schema":{"@context":"https:\/\/schema.org","@graph":[{"@type":"WebPage","@id":"https:\/\/www.uoh.cl\/investigacion\/mas-publicaciones\/","url":"https:\/\/www.uoh.cl\/investigacion\/mas-publicaciones\/","name":"M\u00e1s Publicaciones - Investigaci\u00f3n","isPartOf":{"@id":"https:\/\/www.uoh.cl\/investigacion\/#website"},"datePublished":"2022-10-26T14:49:00+00:00","dateModified":"2026-03-02T21:01:47+00:00","inLanguage":"es-CL","potentialAction":[{"@type":"ReadAction","target":["https:\/\/www.uoh.cl\/investigacion\/mas-publicaciones\/"]}]},{"@type":"WebSite","@id":"https:\/\/www.uoh.cl\/investigacion\/#website","url":"https:\/\/www.uoh.cl\/investigacion\/","name":"Investigaci\u00f3n","description":"Sitio web de investigaci\u00f3n","potentialAction":[{"@type":"SearchAction","target":{"@type":"EntryPoint","urlTemplate":"https:\/\/www.uoh.cl\/investigacion\/?s={search_term_string}"},"query-input":{"@type":"PropertyValueSpecification","valueRequired":true,"valueName":"search_term_string"}}],"inLanguage":"es-CL"}]}},"_links":{"self":[{"href":"https:\/\/www.uoh.cl\/investigacion\/wp-json\/wp\/v2\/pages\/4118","targetHints":{"allow":["GET"]}}],"collection":[{"href":"https:\/\/www.uoh.cl\/investigacion\/wp-json\/wp\/v2\/pages"}],"about":[{"href":"https:\/\/www.uoh.cl\/investigacion\/wp-json\/wp\/v2\/types\/page"}],"author":[{"embeddable":true,"href":"https:\/\/www.uoh.cl\/investigacion\/wp-json\/wp\/v2\/users\/23"}],"replies":[{"embeddable":true,"href":"https:\/\/www.uoh.cl\/investigacion\/wp-json\/wp\/v2\/comments?post=4118"}],"version-history":[{"count":16,"href":"https:\/\/www.uoh.cl\/investigacion\/wp-json\/wp\/v2\/pages\/4118\/revisions"}],"predecessor-version":[{"id":24635,"href":"https:\/\/www.uoh.cl\/investigacion\/wp-json\/wp\/v2\/pages\/4118\/revisions\/24635"}],"wp:attachment":[{"href":"https:\/\/www.uoh.cl\/investigacion\/wp-json\/wp\/v2\/media?parent=4118"}],"curies":[{"name":"wp","href":"https:\/\/api.w.org\/{rel}","templated":true}]}}