
{"id":18314,"date":"2025-03-25T13:45:17","date_gmt":"2025-03-25T16:45:17","guid":{"rendered":"https:\/\/www.uoh.cl\/investigacion\/?post_type=academics&#038;p=18314"},"modified":"2025-12-23T15:46:43","modified_gmt":"2025-12-23T18:46:43","slug":"mariela-gonzalez","status":"publish","type":"academics","link":"https:\/\/www.uoh.cl\/investigacion\/academico\/mariela-gonzalez\/","title":{"rendered":"Mariela Gonz\u00e1lez"},"content":{"rendered":"<div class=\"wpb-content-wrapper\"><p>[vc_section el_class=&#8221;container mx-auto align-items-center circle&#8211;pattern&#8221; css=&#8221;.vc_custom_1650056176159{padding-top: 3rem !important;}&#8221;][vc_row][vc_column][vc_wp_custommenu nav_menu=&#8221;5&#8243;]<div class=\"breadcrumb\"><ol itemscope itemtype=\"https:\/\/schema.org\/BreadcrumbList\"><li itemprop=\"itemListElement\" itemscope itemtype=\"https:\/\/schema.org\/ListItem\"><a itemprop=\"item\" href=\"http:\/\/www.uoh.cl\"><span itemprop=\"name\">Inicio<\/span><\/a><meta itemprop=\"position\" content=\"1\" \/><li itemprop=\"itemListElement\" itemscope itemtype=\"https:\/\/schema.org\/ListItem\"><a itemprop=\"item\" href=\"https:\/\/www.uoh.cl\/investigacion\"><span itemprop=\"name\">Investigaci\u00f3n<\/span><\/a><meta itemprop=\"position\" content=\"2\" \/><li itemprop=\"itemListElement\" itemscope itemtype=\"https:\/\/schema.org\/ListItem\"><a itemprop=\"item\" href=\"https:\/\/www.uoh.cl\/investigacion\"><span itemprop=\"name\">Investigaci\u00f3n<\/span><\/a><meta itemprop=\"position\" content=\"3\" \/><li itemprop=\"itemListElement\" itemscope itemtype=\"https:\/\/schema.org\/ListItem\"><a itemprop=\"item\" href=\"https:\/\/www.uoh.cl\/investigacion\/academicos\"><span itemprop=\"name\">Acad\u00e9micos<\/span><\/a><meta itemprop=\"position\" content=\"4\" \/><li itemprop=\"itemListElement\" itemscope itemtype=\"https:\/\/schema.org\/ListItem\"><span itemprop=\"name\">Mariela Gonz\u00e1lez <\/span><meta itemprop=\"position\" content=\"5\" \/><\/ol><\/div><ul class=\"p-0 list-style-none d-inline-block\"><li class=\"p-0\"><a href=\"https:\/\/www.uoh.cl\/instituto-de-ciencias-agroalimentarias\" class=\"px-1 py-2\">\n                            Instituto de Ciencias Agroalimentarias, Animales y Ambientales\n                        <\/a><\/li><\/ul><div class=\"uoh_title_component-container\"><h1 class=\"title title--ms d-inline-block big\">Mariela Gonz\u00e1lez<em class=\"position__title\"> <span>\u25cf<\/span> Investigadora Postdoctoral<\/em><\/h1><\/div>[vc_row_inner el_class=&#8221;border-separator m-0 mt-4&#8243;][vc_column_inner width=&#8221;1\/6&#8243;]<div class=\"vc_single_image-wrapper vc_box_rounded  vc_box_border_grey\"><img decoding=\"async\" width=\"1000\" height=\"1000\" data-src=\"https:\/\/www.uoh.cl\/investigacion\/wp-content\/uploads\/sites\/12\/2025\/03\/Mariela-Gonzalez.jpg\" class=\"attachment-large size-large wp-post-image lazyload\" alt=\"Mariela Gonz\u00e1lez\" data-srcset=\"https:\/\/www.uoh.cl\/investigacion\/wp-content\/uploads\/sites\/12\/2025\/03\/Mariela-Gonzalez.jpg 1000w, https:\/\/www.uoh.cl\/investigacion\/wp-content\/uploads\/sites\/12\/2025\/03\/Mariela-Gonzalez-300x300.jpg 300w, https:\/\/www.uoh.cl\/investigacion\/wp-content\/uploads\/sites\/12\/2025\/03\/Mariela-Gonzalez-150x150.jpg 150w, https:\/\/www.uoh.cl\/investigacion\/wp-content\/uploads\/sites\/12\/2025\/03\/Mariela-Gonzalez-768x768.jpg 768w, https:\/\/www.uoh.cl\/investigacion\/wp-content\/uploads\/sites\/12\/2025\/03\/Mariela-Gonzalez-600x600.jpg 600w\" data-sizes=\"(max-width: 1000px) 100vw, 1000px\" src=\"data:image\/svg+xml;base64,PHN2ZyB3aWR0aD0iMSIgaGVpZ2h0PSIxIiB4bWxucz0iaHR0cDovL3d3dy53My5vcmcvMjAwMC9zdmciPjwvc3ZnPg==\" style=\"--smush-placeholder-width: 1000px; --smush-placeholder-aspect-ratio: 1000\/1000;\" \/><\/div>[\/vc_column_inner][vc_column_inner width=&#8221;2\/3&#8243;]<div class=\"block--info\">\n                                <div class=\"sub_title__grade\">Grado Acad\u00e9mico<\/div>\n                                <h3>Doctora en Fitopatologia, Universidade Federal de Vi\u00e7osa (Brasil).<\/h3> <\/div><div class=\"block--info\">\n                                <div class=\"sub_title__grade\">T\u00edtulo(s) Profesional<\/div>\n                                <h3>Ingeniera en Biotecnolog\u00eda Vegetal, Universidad de Concepci\u00f3n.<\/h3> <\/div>[\/vc_column_inner][vc_column_inner width=&#8221;1\/6&#8243;]<div class=\"uoh_social_network_component uoh_row col-12 justify-content-end m-0 p-0\"> <div class=\"icon__facebook-share-button\">\n                       <a href=\"https:\/\/www.facebook.com\/sharer\/sharer.php?u=https:\/\/www.uoh.cl\/investigacion\/academico\/mariela-gonzalez\/\" target=\"_blank\"> <div class=\"icon__facebook-svg\"><svg version=\"1.1\" xmlns=\"http:\/\/www.w3.org\/2000\/svg\" xmlns:xlink=\"http:\/\/www.w3.org\/1999\/xlink\" x=\"0px\" y=\"0px\" width=\"22.4px\" height=\"48.3px\" viewBox=\"0 0 22.4 48.3\" style=\"overflow:visible;enable-background:new 0 0 22.4 48.3;\" xml:space=\"preserve\">\n                <defs>\n                <\/defs>\n                <path class=\"st0\" d=\"M22.4,15.6h-7.6v-5c0-1.9,1.2-2.3,2.1-2.3c0.9,0,5.4,0,5.4,0V0l-7.4,0C6.6,0,4.8,6.2,4.8,10.1v5.5H0v8.5h4.8\n                    c0,10.9,0,24.1,0,24.1h10c0,0,0-13.3,0-24.1h6.8L22.4,15.6z\"><\/path>\n                <\/svg><\/a><\/div>\n                    <\/div><div class=\"icon__twitter-share-button\">\n                        <div class=\"icon__twitter-svg\"><a target=\"_blank\" href=\"http:\/\/twitter.com\/share?url=https:\/\/www.uoh.cl\/investigacion\/academico\/mariela-gonzalez\/\"><svg xmlns=\"http:\/\/www.w3.org\/2000\/svg\" height=\"1em\" viewBox=\"0 0 512 512\"><!--! Font Awesome Free 6.4.2 by @fontawesome - https:\/\/fontawesome.com License - https:\/\/fontawesome.com\/license (Commercial License) Copyright 2023 Fonticons, Inc. --><path d=\"M389.2 48h70.6L305.6 224.2 487 464H345L233.7 318.6 106.5 464H35.8L200.7 275.5 26.8 48H172.4L272.9 180.9 389.2 48zM364.4 421.8h39.1L151.1 88h-42L364.4 421.8z\"\/><\/svg><\/a><\/div>\n                        <\/div><div class=\"icon__linkedin-share-button\">\n                        <div class=\"icon__linkedin-svg\">\n                        <a target=\"__blank\" href=\"https:\/\/www.linkedin.com\/sharing\/share-offsite\/?url=https:\/\/www.uoh.cl\/investigacion\/academico\/mariela-gonzalez\/\"><svg enable-background=\"new 0 0 100 100\" height=\"100px\" id=\"Layer_1\" version=\"1.1\" viewBox=\"0 0 100 100\" width=\"100px\" xml:space=\"preserve\" xmlns=\"http:\/\/www.w3.org\/2000\/svg\" xmlns:xlink=\"http:\/\/www.w3.org\/1999\/xlink\"><g><circle cx=\"50\" cy=\"50\" fill=\"#ccc\" r=\"45\"\/><g id=\"LinkedIn_1_\"><rect fill=\"#FFFFFF\" height=\"24.361\" width=\"7.69\" x=\"31.271\" y=\"43.569\"\/><path d=\"M59.968,43.334c-4.406,0-7.165,2.387-7.677,4.058v-3.823h-8.636c0.109,2.03,0,24.361,0,24.361h8.636    V54.748c0-0.733-0.034-1.465,0.19-1.991c0.594-1.464,1.869-2.985,4.162-2.985c2.998,0,4.361,2.253,4.361,5.552V67.93h8.721V54.384    C69.726,46.839,65.432,43.334,59.968,43.334z\" fill=\"#FFFFFF\"\/><path d=\"M34.973,32.069c-2.839,0-4.696,1.823-4.696,4.229c0,2.361,1.804,4.224,4.589,4.224h0.054    c2.891,0,4.69-1.869,4.69-4.229C39.555,33.888,37.81,32.069,34.973,32.069z\" fill=\"#FFFFFF\"\/><\/g><\/g><\/svg><\/a><\/div>\n\n            <\/div><\/div>[\/vc_column_inner][\/vc_row_inner][\/vc_column][\/vc_row][\/vc_section][vc_section css=&#8221;.vc_custom_1650239278498{background-color: #ffffff !important;}&#8221; el_class=&#8221;p-md-0 pt-md-5&#8243;][vc_row el_class=&#8221;container mx-auto align-items-center&#8221;][vc_column][vc_row_inner][vc_column_inner width=&#8221;5\/6&#8243;]<div class=\"uoh_title_component-container\"><h4 class=\"title title--ms d-inline-block title--decorator  small\">Descripci\u00f3n<\/h4><\/div><p class=\"info-headings mb-2 text-left mt-4 mt-md-2\">Investigadora Postdoctoral del Centro de Biolog\u00eda de Sistemas para la Sanidad Vegetal (BioSaV). Su l\u00ednea de trabajo se centra en el estudio de la interacci\u00f3n planta-pat\u00f3geno-microbioma con enf\u00e1sis en an\u00e1lisis masivo de datos mediante machine learning. <\/p><p class=\"info-headings mb-2 text-left mt-4 mt-md-2\">Tiene experiencia en etiolog\u00eda y epidemiolog\u00eda espacio-temporal de cultivos agron\u00f3micos y forestales; diversidad gen\u00e9tica y gen\u00f3mica de poblaciones de fitopat\u00f3genos y su evoluci\u00f3n. Adem\u00e1s, ha trabajado en ecolog\u00eda molecular de comunidades microbianas asociadas a enfermedades radiculares. Cuenta con ocho publicaciones de investigaci\u00f3n en revistas de alto impacto, y un cap\u00edtulo de libro.<\/p><p class=\"info-headings mb-2 text-left mt-4 mt-md-2\"><\/p>[\/vc_column_inner][\/vc_row_inner][\/vc_column][\/vc_row][\/vc_section][vc_section css=&#8221;.vc_custom_1650056119592{background-color: #ffffff !important;}&#8221; el_class=&#8221;p-md-0 pt-md-5 pb-md-5&#8243;][vc_row el_class=&#8221;container mx-auto align-items-start&#8221;][vc_column width=&#8221;1\/6&#8243; el_class=&#8221;p-0&#8243;]<div class=\"uoh_link_component pe-4 d-inline-block py-1 button_icon inline\"><i class=\"me-2 fas fa-newspaper\" style=\"color: #42a0f8\"><\/i><span>Publicaciones<\/span><\/div><div class=\"wpb_text_column wpb_content_element  citas mb-3 pb-3\"><div class=\"wpb_wrapper\"><p>8<\/p><\/div><\/div><div class=\"uoh_link_component pe-4 d-inline-block py-1 button_icon inline\"><i class=\"me-2 fas fa-book-bookmark\" style=\"color: #42a0f8\"><\/i><span>Cap\u00edtulos de Libros<\/span><\/div><div class=\"wpb_text_column wpb_content_element  citas mb-3 pb-3\"><div class=\"wpb_wrapper\"><p>1<\/p><\/div><\/div>[\/vc_column][vc_column width=&#8221;5\/6&#8243;][vc_tta_tabs active_section=&#8221;1&#8243; el_class=&#8221;tabs-inner-academic&#8221;][vc_tta_section title=&#8221;Publicaciones&#8221; tab_id=&#8221;publicaciones&#8221;]<link rel=\"stylesheet\" id=\"font-awesome-css\" href=\"https:\/\/cdnjs.cloudflare.com\/ajax\/libs\/font-awesome\/6.5.1\/css\/all.min.css\" type=\"text\/css\" media=\"all\"><div class=\"row m-0 p-0\"><div class=\"col-12 col-md-9 pt-5 pt-md-0 px-md-0 \"><\/div><\/div><div class=\"content-holder row m-0 p-0 aling-items-center pt-5 pb-5 \"><div class=\"row  large--swipper-content p-0 \"><div class=\"\"><div class=\"  circle--pattern-bottom-large col-sm-12 col-md-12 img-article\"><div class=\"holder-publish col-md-12\" style=\"border-bottom: 1px solid #B8B8B8\"><div class=\"content-holder h-100 component-border overflow-hidden row m-0 p-4 aling-items-center\"><ul class=\"p-0 list-style-none\"><li class=\"p-0 me-2\"><i class=\"fas fa-solid fa-newspaper fa-fw\"><\/i> REVISTA Plant Pathology<\/li><li class=\"p-0\"><i class=\"fa fa-regular fa-calendar fa-fw\"><\/i> 2024<\/li><\/ul><div class=\"caption col-12 p-0 col-md-12 row m-0 align-items-center\"><div class=\"px-md-1\"><h3 class=\"small-space title-ss text-decoration-none m-0\">Uncovering the hidden hosts: Identifying inoculum reservoirs for &lt;i&gt;Phytophthora pseudosyringae&lt;\/i&gt; in &lt;i&gt;Nothofagus&lt;\/i&gt; forests in Chile<\/h3><br><i class=\"fas fa-solid fa-users fa-fw me-2\"><\/i><small class=\"text-muted\"> \u2022 Mariela Paz Gonz\u00e1lez Arriagada <\/small><br><p class=\"text-muted pt-3 position-relative\" style=\"z-index:2;\"><a href=\"http:\/\/dx.doi.org\/10.1111\/ppa.13855\" target=\"_blank\"><i class=\"fas fa-solid fa-link fa-fw\"><\/i> http:\/\/dx.doi.org\/10.1111\/ppa.13855<\/a><\/small><span class=\"caption-field-publish\"><\/span><\/div><\/div><\/div><\/div><\/div><div class=\"  circle--pattern-bottom-large col-sm-12 col-md-12 img-article\"><div class=\"holder-publish col-md-12\" style=\"border-bottom: 1px solid #B8B8B8\"><div class=\"content-holder h-100 component-border overflow-hidden row m-0 p-4 aling-items-center\"><ul class=\"p-0 list-style-none\"><li class=\"p-0 me-2\"><i class=\"fas fa-solid fa-newspaper fa-fw\"><\/i> REVISTA agriRxiv<\/li><li class=\"p-0\"><i class=\"fa fa-regular fa-calendar fa-fw\"><\/i> 2024<\/li><\/ul><div class=\"caption col-12 p-0 col-md-12 row m-0 align-items-center\"><div class=\"px-md-1\"><h3 class=\"small-space title-ss text-decoration-none m-0\">Spatiotemporal dynamics of &lt;i&gt;Fusarium&lt;\/i&gt; wilt of banana caused by subtropical race 4.<\/h3><br><i class=\"fas fa-solid fa-users fa-fw me-2\"><\/i><small class=\"text-muted\"> \u2022 Mariela Paz Gonz\u00e1lez Arriagada <\/small><br><p class=\"text-muted pt-3 position-relative\" style=\"z-index:2;\"><a href=\"http:\/\/dx.doi.org\/10.31220\/agriRxiv.2024.00229\" target=\"_blank\"><i class=\"fas fa-solid fa-link fa-fw\"><\/i> http:\/\/dx.doi.org\/10.31220\/agriRxiv.2024.00229<\/a><\/small><span class=\"caption-field-publish\"><\/span><\/div><\/div><\/div><\/div><\/div><div class=\"  circle--pattern-bottom-large col-sm-12 col-md-12 img-article\"><div class=\"holder-publish col-md-12\" style=\"border-bottom: 1px solid #B8B8B8\"><div class=\"content-holder h-100 component-border overflow-hidden row m-0 p-4 aling-items-center\"><ul class=\"p-0 list-style-none\"><li class=\"p-0 me-2\"><i class=\"fas fa-solid fa-newspaper fa-fw\"><\/i> REVISTA Plant Disease<\/li><li class=\"p-0\"><i class=\"fa fa-regular fa-calendar fa-fw\"><\/i> 2022<\/li><\/ul><div class=\"caption col-12 p-0 col-md-12 row m-0 align-items-center\"><div class=\"px-md-1\"><h3 class=\"small-space title-ss text-decoration-none m-0\">A Shift in Pathotype Diversity and Complexity of &lt;i&gt;Phytophthora sojae&lt;\/i&gt; in Brazil<\/h3><br><i class=\"fas fa-solid fa-users fa-fw me-2\"><\/i><small class=\"text-muted\"> \u2022 Mariela Paz Gonz\u00e1lez Arriagada <\/small><br><p class=\"text-muted pt-3 position-relative\" style=\"z-index:2;\"><a href=\"http:\/\/dx.doi.org\/10.1094\/PDIS-11-22-2558-SC\" target=\"_blank\"><i class=\"fas fa-solid fa-link fa-fw\"><\/i> http:\/\/dx.doi.org\/10.1094\/PDIS-11-22-2558-SC<\/a><\/small><span class=\"caption-field-publish\"><\/span><\/div><\/div><\/div><\/div><\/div><div class=\"  circle--pattern-bottom-large col-sm-12 col-md-12 img-article\"><div class=\"holder-publish col-md-12\" style=\"border-bottom: 1px solid #B8B8B8\"><div class=\"content-holder h-100 component-border overflow-hidden row m-0 p-4 aling-items-center\"><ul class=\"p-0 list-style-none\"><li class=\"p-0 me-2\"><i class=\"fas fa-solid fa-newspaper fa-fw\"><\/i> REVISTA Forest Pathology<\/li><li class=\"p-0\"><i class=\"fa fa-regular fa-calendar fa-fw\"><\/i> 2022<\/li><\/ul><div class=\"caption col-12 p-0 col-md-12 row m-0 align-items-center\"><div class=\"px-md-1\"><h3 class=\"small-space title-ss text-decoration-none m-0\">Detection of &lt;i&gt;Phytophthora cinnamomi&lt;\/i&gt; on declining &lt;i&gt;Araucaria araucana&lt;\/i&gt; forests<\/h3><br><i class=\"fas fa-solid fa-users fa-fw me-2\"><\/i><small class=\"text-muted\"> \u2022 Mariela Paz Gonz\u00e1lez Arriagada <\/small><br><p class=\"text-muted pt-3 position-relative\" style=\"z-index:2;\"><a href=\"http:\/\/dx.doi.org\/10.1111\/efp.12765\" target=\"_blank\"><i class=\"fas fa-solid fa-link fa-fw\"><\/i> http:\/\/dx.doi.org\/10.1111\/efp.12765<\/a><\/small><span class=\"caption-field-publish\"><\/span><\/div><\/div><\/div><\/div><\/div><div class=\"  circle--pattern-bottom-large col-sm-12 col-md-12 img-article\"><div class=\"holder-publish col-md-12\" style=\"border-bottom: 1px solid #B8B8B8\"><div class=\"content-holder h-100 component-border overflow-hidden row m-0 p-4 aling-items-center\"><ul class=\"p-0 list-style-none\"><li class=\"p-0 me-2\"><i class=\"fas fa-solid fa-newspaper fa-fw\"><\/i> REVISTA Forest Pathology<\/li><li class=\"p-0\"><i class=\"fa fa-regular fa-calendar fa-fw\"><\/i> 2018<\/li><\/ul><div class=\"caption col-12 p-0 col-md-12 row m-0 align-items-center\"><div class=\"px-md-1\"><h3 class=\"small-space title-ss text-decoration-none m-0\">Diversity of &lt;i&gt;Phytophthora&lt;\/i&gt; species in Valdivian rainforests and association with severe dieback symptoms<\/h3><br><i class=\"fas fa-solid fa-users fa-fw me-2\"><\/i><small class=\"text-muted\"> \u2022 Mariela Paz Gonz\u00e1lez Arriagada <\/small><br><p class=\"text-muted pt-3 position-relative\" style=\"z-index:2;\"><a href=\"http:\/\/dx.doi.org\/10.1111\/efp.12443\" target=\"_blank\"><i class=\"fas fa-solid fa-link fa-fw\"><\/i> http:\/\/dx.doi.org\/10.1111\/efp.12443<\/a><\/small><span class=\"caption-field-publish\"><\/span><\/div><\/div><\/div><\/div><\/div><div class=\"  circle--pattern-bottom-large col-sm-12 col-md-12 img-article\"><div class=\"holder-publish col-md-12\" style=\"border-bottom: 1px solid #B8B8B8\"><div class=\"content-holder h-100 component-border overflow-hidden row m-0 p-4 aling-items-center\"><ul class=\"p-0 list-style-none\"><li class=\"p-0 me-2\"><i class=\"fas fa-solid fa-newspaper fa-fw\"><\/i> REVISTA Molecular Plant Pathology<\/li><li class=\"p-0\"><i class=\"fa fa-regular fa-calendar fa-fw\"><\/i> 2018<\/li><\/ul><div class=\"caption col-12 p-0 col-md-12 row m-0 align-items-center\"><div class=\"px-md-1\"><h3 class=\"small-space title-ss text-decoration-none m-0\">Genome sequencing of oomycete isolates from Chile supports the New Zealand origin of &lt;i&gt;Phytophthora kernoviae &lt;\/i&gt;and makes available the first &lt;i&gt;Nothophytophthora&lt;\/i&gt; sp. genome<\/h3><br><i class=\"fas fa-solid fa-users fa-fw me-2\"><\/i><small class=\"text-muted\"> \u2022 Mariela Paz Gonz\u00e1lez Arriagada <\/small><br><p class=\"text-muted pt-3 position-relative\" style=\"z-index:2;\"><a href=\"http:\/\/dx.doi.org\/10.1111\/mpp.12765\" target=\"_blank\"><i class=\"fas fa-solid fa-link fa-fw\"><\/i> http:\/\/dx.doi.org\/10.1111\/mpp.12765<\/a><\/small><span class=\"caption-field-publish\"><\/span><\/div><\/div><\/div><\/div><\/div><div class=\"  circle--pattern-bottom-large col-sm-12 col-md-12 img-article\"><div class=\"holder-publish col-md-12\" style=\"border-bottom: 1px solid #B8B8B8\"><div class=\"content-holder h-100 component-border overflow-hidden row m-0 p-4 aling-items-center\"><ul class=\"p-0 list-style-none\"><li class=\"p-0 me-2\"><i class=\"fas fa-solid fa-newspaper fa-fw\"><\/i> REVISTA Forest Pathology<\/li><li class=\"p-0\"><i class=\"fa fa-regular fa-calendar fa-fw\"><\/i> 2017<\/li><\/ul><div class=\"caption col-12 p-0 col-md-12 row m-0 align-items-center\"><div class=\"px-md-1\"><h3 class=\"small-space title-ss text-decoration-none m-0\">&lt;i&gt;Phytophthora pseudosyringae&lt;\/i&gt; associated with the mortality of &lt;i&gt;Nothofagus obliqua&lt;\/i&gt; in a pure stand in central-southern Chile<\/h3><br><i class=\"fas fa-solid fa-users fa-fw me-2\"><\/i><small class=\"text-muted\"> \u2022 Mariela Paz Gonz\u00e1lez Arriagada <\/small><br><p class=\"text-muted pt-3 position-relative\" style=\"z-index:2;\"><a href=\"http:\/\/dx.doi.org\/10.1111\/efp.12361\" target=\"_blank\"><i class=\"fas fa-solid fa-link fa-fw\"><\/i> http:\/\/dx.doi.org\/10.1111\/efp.12361<\/a><\/small><span class=\"caption-field-publish\"><\/span><\/div><\/div><\/div><\/div><\/div><div class=\"  circle--pattern-bottom-large col-sm-12 col-md-12 img-article\"><div class=\"holder-publish col-md-12\" style=\"border-bottom: 1px solid #B8B8B8\"><div class=\"content-holder h-100 component-border overflow-hidden row m-0 p-4 aling-items-center\"><ul class=\"p-0 list-style-none\"><li class=\"p-0 me-2\"><i class=\"fas fa-solid fa-newspaper fa-fw\"><\/i> REVISTA Persoonia - Molecular Phylogeny and Evolution of Fungi<\/li><li class=\"p-0\"><i class=\"fa fa-regular fa-calendar fa-fw\"><\/i> 2017<\/li><\/ul><div class=\"caption col-12 p-0 col-md-12 row m-0 align-items-center\"><div class=\"px-md-1\"><h3 class=\"small-space title-ss text-decoration-none m-0\">&lt;i&gt;Nothophytophthora&lt;\/i&gt; gen. nov., a new sister genus of &lt;i&gt; Phytophthora&lt;\/i&gt; from natural and semi-natural ecosystems<\/h3><br><i class=\"fas fa-solid fa-users fa-fw me-2\"><\/i><small class=\"text-muted\"> \u2022 Mariela Paz Gonz\u00e1lez Arriagada <\/small><br><p class=\"text-muted pt-3 position-relative\" style=\"z-index:2;\"><a href=\"http:\/\/dx.doi.org\/10.3767\/persoonia.2017.39.07\" target=\"_blank\"><i class=\"fas fa-solid fa-link fa-fw\"><\/i> http:\/\/dx.doi.org\/10.3767\/persoonia.2017.39.07<\/a><\/small><span class=\"caption-field-publish\"><\/span><\/div><\/div><\/div><\/div><\/div><\/div><\/div><\/div>[\/vc_tta_section][vc_tta_section title=&#8221;Cap\u00edtulos de Libros&#8221; tab_id=&#8221;cap-libros&#8221;]<link rel=\"stylesheet\" id=\"font-awesome-css\" href=\"https:\/\/cdnjs.cloudflare.com\/ajax\/libs\/font-awesome\/6.5.1\/css\/all.min.css\" type=\"text\/css\" media=\"all\"><div class=\"row m-0 p-0\"><div class=\"col-12 col-md-9 pt-5 pt-md-0 px-md-0 \"><\/div><\/div><div class=\"content-holder row m-0 p-0 aling-items-center pt-5 pb-5 \"><div class=\"row  large--swipper-content p-0 \"><div class=\"\"><div class=\"  circle--pattern-bottom-large col-sm-12 col-md-12 img-article\"><div class=\"holder-publish col-md-12\" style=\"border-bottom: 1px solid #B8B8B8\"><div class=\"content-holder h-100 component-border overflow-hidden row m-0 p-4 aling-items-center\"><ul class=\"p-0 list-style-none\"><li class=\"p-0 me-2\"><i class=\"fas fa-solid fa-book fa-fw\"><\/i> Mathematics Teacher Noticing in Latin America<\/li><li class=\"p-0 me-2\"><i class=\"fas fa-solid fa-calendar fa-fw\"><\/i> 2026<\/li><\/ul><div class=\"caption col-12 p-0 col-md-12 row m-0 align-items-center\"><div class=\"px-md-1\">    <h3 class=\"fw-medium m-0 small-space pt-2 pb-2 title-ss text-decoration-none border-bottom\">Elementary School Teachers\u0092 Attending to Students\u0092 Algebraic Thinking working with Number Sentences<\/h3>\n\n    <div class=\"mt-0 row g-3\">\n        \n        <div class=\"col-12 col-sm-6 col-lg-2 border-bottom pb-2\">\n            <small><i class=\"fas fa-solid fa-barcode fa-fw me-2\" style=\"color: #8c9db3;\"><\/i>ISBN<\/small>\n        <\/div>\n\n        <div class=\"col-12 col-sm-6 col-lg-3 border-bottom pb-2\">\n            <small class=\"text-muted\"><\/small>\n        <\/div>\n\n        <div class=\"col-12 col-sm-6 col-lg-2 border-bottom pb-2\">\n            <small><i class=\"fas fa-solid fa-file fa-fw me-2\" style=\"color: #8c9db3;\"><\/i>P\u00e1ginas<\/small>\n        <\/div>\n\n        <div class=\"col-12 col-sm-6 col-lg-5 border-bottom pb-2\">\n            <small class=\"text-muted\">D\u00e9sde la p\u00e1gina , hasta la p\u00e1gina <\/small>\n        <\/div>\n\n        <div class=\"col-12 col-sm-6 col-lg-2 border-bottom pb-2\">\n            <small><i class=\"fas fa-solid fa-language fa-fw me-2\" style=\"color: #8c9db3;\"><\/i>Idioma<\/small>\n        <\/div>\n\n        <div class=\"col-12 col-sm-6 col-lg-3 border-bottom pb-2\">\n            <small class=\"text-muted\">Ingl\u00e9s<\/small>\n        <\/div>\n\n        <div class=\"col-12 col-sm-6 col-lg-2 border-bottom pb-2\">\n            <small><i class=\"fas fa-solid fa-newspaper fa-fw me-2\" style=\"color: #8c9db3;\"><\/i>Editorial<\/small>\n        <\/div>\n\n        <div class=\"col-12 col-sm-6 col-lg-5 border-bottom pb-2\">\n            <small class=\"text-muted\">Springer<\/small>\n        <\/div>\n\n        <div class=\"col-12 col-sm-6 col-lg-2 border-bottom pb-2\">\n            <small><i class=\"fas fa-solid fa-user-pen fa-fw me-2\" style=\"color: #8c9db3;\"><\/i>Editores<\/small>\n        <\/div>\n\n        <div class=\"col-12 col-sm-6 col-lg-10 border-bottom pb-2\">\n            <small class=\"text-muted\">Horacio Solar; Diana Zakaryan; Eder Pinto<\/small>\n        <\/div>\n\n        <div class=\"col-12 col-sm-6 col-lg-2\">\n            <small><i class=\"fas fa-solid fa-signature fa-fw me-2\" style=\"color: #8c9db3;\"><\/i>Autores<\/small>\n        <\/div>\n\n        <div class=\"col-12 col-sm-6 col-lg-10\">\n            <small class=\"text-muted\">Eder Antonio Pinto Mar\u00edn, Mar\u00eda C. Ca\u00f1adas<\/small>\n        <\/div>\n    <\/div><span class=\"caption-field-publish\"><\/span><\/div><\/div><\/div><\/div><\/div><div class=\"  circle--pattern-bottom-large col-sm-12 col-md-12 img-article\"><div class=\"holder-publish col-md-12\" style=\"border-bottom: 1px solid #B8B8B8\"><div class=\"content-holder h-100 component-border overflow-hidden row m-0 p-4 aling-items-center\"><ul class=\"p-0 list-style-none\"><li class=\"p-0 me-2\"><i class=\"fas fa-solid fa-book fa-fw\"><\/i> Mathematics Teacher Noticing in Latin America<\/li><li class=\"p-0 me-2\"><i class=\"fas fa-solid fa-calendar fa-fw\"><\/i> 2026<\/li><\/ul><div class=\"caption col-12 p-0 col-md-12 row m-0 align-items-center\"><div class=\"px-md-1\">    <h3 class=\"fw-medium m-0 small-space pt-2 pb-2 title-ss text-decoration-none border-bottom\">The development of professional noticing of number sense in deaf children<\/h3>\n\n    <div class=\"mt-0 row g-3\">\n        \n        <div class=\"col-12 col-sm-6 col-lg-2 border-bottom pb-2\">\n            <small><i class=\"fas fa-solid fa-barcode fa-fw me-2\" style=\"color: #8c9db3;\"><\/i>ISBN<\/small>\n        <\/div>\n\n        <div class=\"col-12 col-sm-6 col-lg-3 border-bottom pb-2\">\n            <small class=\"text-muted\"><\/small>\n        <\/div>\n\n        <div class=\"col-12 col-sm-6 col-lg-2 border-bottom pb-2\">\n            <small><i class=\"fas fa-solid fa-file fa-fw me-2\" style=\"color: #8c9db3;\"><\/i>P\u00e1ginas<\/small>\n        <\/div>\n\n        <div class=\"col-12 col-sm-6 col-lg-5 border-bottom pb-2\">\n            <small class=\"text-muted\">D\u00e9sde la p\u00e1gina , hasta la p\u00e1gina <\/small>\n        <\/div>\n\n        <div class=\"col-12 col-sm-6 col-lg-2 border-bottom pb-2\">\n            <small><i class=\"fas fa-solid fa-language fa-fw me-2\" style=\"color: #8c9db3;\"><\/i>Idioma<\/small>\n        <\/div>\n\n        <div class=\"col-12 col-sm-6 col-lg-3 border-bottom pb-2\">\n            <small class=\"text-muted\">Ingl\u00e9s<\/small>\n        <\/div>\n\n        <div class=\"col-12 col-sm-6 col-lg-2 border-bottom pb-2\">\n            <small><i class=\"fas fa-solid fa-newspaper fa-fw me-2\" style=\"color: #8c9db3;\"><\/i>Editorial<\/small>\n        <\/div>\n\n        <div class=\"col-12 col-sm-6 col-lg-5 border-bottom pb-2\">\n            <small class=\"text-muted\">Spinger<\/small>\n        <\/div>\n\n        <div class=\"col-12 col-sm-6 col-lg-2 border-bottom pb-2\">\n            <small><i class=\"fas fa-solid fa-user-pen fa-fw me-2\" style=\"color: #8c9db3;\"><\/i>Editores<\/small>\n        <\/div>\n\n        <div class=\"col-12 col-sm-6 col-lg-10 border-bottom pb-2\">\n            <small class=\"text-muted\">Horacio Solar; Diana Zakaryan; Eder Pinto<\/small>\n        <\/div>\n\n        <div class=\"col-12 col-sm-6 col-lg-2\">\n            <small><i class=\"fas fa-solid fa-signature fa-fw me-2\" style=\"color: #8c9db3;\"><\/i>Autores<\/small>\n        <\/div>\n\n        <div class=\"col-12 col-sm-6 col-lg-10\">\n            <small class=\"text-muted\">Juan Luis Pi\u00f1eiro Garrido, Ximena Acu\u00f1a Robertson, Eder Antonio Pinto Mar\u00edn<\/small>\n        <\/div>\n    <\/div><span class=\"caption-field-publish\"><\/span><\/div><\/div><\/div><\/div><\/div><div class=\"  circle--pattern-bottom-large col-sm-12 col-md-12 img-article\"><div class=\"holder-publish col-md-12\" style=\"border-bottom: 1px solid #B8B8B8\"><div class=\"content-holder h-100 component-border overflow-hidden row m-0 p-4 aling-items-center\"><ul class=\"p-0 list-style-none\"><li class=\"p-0 me-2\"><i class=\"fas fa-solid fa-book fa-fw\"><\/i> A research agenda for critical security studies<\/li><li class=\"p-0 me-2\"><i class=\"fas fa-solid fa-calendar fa-fw\"><\/i> 2026<\/li><\/ul><div class=\"caption col-12 p-0 col-md-12 row m-0 align-items-center\"><div class=\"px-md-1\">    <h3 class=\"fw-medium m-0 small-space pt-2 pb-2 title-ss text-decoration-none border-bottom\">Less Lethal Weapons: Lessons from Chile<\/h3>\n\n    <div class=\"mt-0 row g-3\">\n        \n        <div class=\"col-12 col-sm-6 col-lg-2 border-bottom pb-2\">\n            <small><i class=\"fas fa-solid fa-barcode fa-fw me-2\" style=\"color: #8c9db3;\"><\/i>ISBN<\/small>\n        <\/div>\n\n        <div class=\"col-12 col-sm-6 col-lg-3 border-bottom pb-2\">\n            <small class=\"text-muted\">9781035311149<\/small>\n        <\/div>\n\n        <div class=\"col-12 col-sm-6 col-lg-2 border-bottom pb-2\">\n            <small><i class=\"fas fa-solid fa-file fa-fw me-2\" style=\"color: #8c9db3;\"><\/i>P\u00e1ginas<\/small>\n        <\/div>\n\n        <div class=\"col-12 col-sm-6 col-lg-5 border-bottom pb-2\">\n            <small class=\"text-muted\">D\u00e9sde la p\u00e1gina 156, hasta la p\u00e1gina 174<\/small>\n        <\/div>\n\n        <div class=\"col-12 col-sm-6 col-lg-2 border-bottom pb-2\">\n            <small><i class=\"fas fa-solid fa-language fa-fw me-2\" style=\"color: #8c9db3;\"><\/i>Idioma<\/small>\n        <\/div>\n\n        <div class=\"col-12 col-sm-6 col-lg-3 border-bottom pb-2\">\n            <small class=\"text-muted\">Ingl\u00e9s<\/small>\n        <\/div>\n\n        <div class=\"col-12 col-sm-6 col-lg-2 border-bottom pb-2\">\n            <small><i class=\"fas fa-solid fa-newspaper fa-fw me-2\" style=\"color: #8c9db3;\"><\/i>Editorial<\/small>\n        <\/div>\n\n        <div class=\"col-12 col-sm-6 col-lg-5 border-bottom pb-2\">\n            <small class=\"text-muted\">Edward Elgar Publishing<\/small>\n        <\/div>\n\n        <div class=\"col-12 col-sm-6 col-lg-2 border-bottom pb-2\">\n            <small><i class=\"fas fa-solid fa-user-pen fa-fw me-2\" style=\"color: #8c9db3;\"><\/i>Editores<\/small>\n        <\/div>\n\n        <div class=\"col-12 col-sm-6 col-lg-10 border-bottom pb-2\">\n            <small class=\"text-muted\">Schliehe, A.,H\u00f6rschelmann, K<\/small>\n        <\/div>\n\n        <div class=\"col-12 col-sm-6 col-lg-2\">\n            <small><i class=\"fas fa-solid fa-signature fa-fw me-2\" style=\"color: #8c9db3;\"><\/i>Autores<\/small>\n        <\/div>\n\n        <div class=\"col-12 col-sm-6 col-lg-10\">\n            <small class=\"text-muted\">Javier Eduardo Vel\u00e1squez Valenzuela, Isidora Neculpan<\/small>\n        <\/div>\n    <\/div><span class=\"caption-field-publish\"><\/span><\/div><\/div><\/div><\/div><\/div><div class=\"  circle--pattern-bottom-large col-sm-12 col-md-12 img-article\"><div class=\"holder-publish col-md-12\" style=\"border-bottom: 1px solid #B8B8B8\"><div class=\"content-holder h-100 component-border overflow-hidden row m-0 p-4 aling-items-center\"><ul class=\"p-0 list-style-none\"><li class=\"p-0 me-2\"><i class=\"fas fa-solid fa-book fa-fw\"><\/i> Transition to school in the first quarter of the 21st Century: Foundations, research and policy<\/li><li class=\"p-0 me-2\"><i class=\"fas fa-solid fa-calendar fa-fw\"><\/i> 2026<\/li><\/ul><div class=\"caption col-12 p-0 col-md-12 row m-0 align-items-center\"><div class=\"px-md-1\">    <h3 class=\"fw-medium m-0 small-space pt-2 pb-2 title-ss text-decoration-none border-bottom\">Transition Research in Chile: Discussion for Policy and Practice<\/h3>\n\n    <div class=\"mt-0 row g-3\">\n        \n        <div class=\"col-12 col-sm-6 col-lg-2 border-bottom pb-2\">\n            <small><i class=\"fas fa-solid fa-barcode fa-fw me-2\" style=\"color: #8c9db3;\"><\/i>ISBN<\/small>\n        <\/div>\n\n        <div class=\"col-12 col-sm-6 col-lg-3 border-bottom pb-2\">\n            <small class=\"text-muted\"><\/small>\n        <\/div>\n\n        <div class=\"col-12 col-sm-6 col-lg-2 border-bottom pb-2\">\n            <small><i class=\"fas fa-solid fa-file fa-fw me-2\" style=\"color: #8c9db3;\"><\/i>P\u00e1ginas<\/small>\n        <\/div>\n\n        <div class=\"col-12 col-sm-6 col-lg-5 border-bottom pb-2\">\n            <small class=\"text-muted\">D\u00e9sde la p\u00e1gina , hasta la p\u00e1gina <\/small>\n        <\/div>\n\n        <div class=\"col-12 col-sm-6 col-lg-2 border-bottom pb-2\">\n            <small><i class=\"fas fa-solid fa-language fa-fw me-2\" style=\"color: #8c9db3;\"><\/i>Idioma<\/small>\n        <\/div>\n\n        <div class=\"col-12 col-sm-6 col-lg-3 border-bottom pb-2\">\n            <small class=\"text-muted\">Ingl\u00e9s<\/small>\n        <\/div>\n\n        <div class=\"col-12 col-sm-6 col-lg-2 border-bottom pb-2\">\n            <small><i class=\"fas fa-solid fa-newspaper fa-fw me-2\" style=\"color: #8c9db3;\"><\/i>Editorial<\/small>\n        <\/div>\n\n        <div class=\"col-12 col-sm-6 col-lg-5 border-bottom pb-2\">\n            <small class=\"text-muted\">Springer<\/small>\n        <\/div>\n\n        <div class=\"col-12 col-sm-6 col-lg-2 border-bottom pb-2\">\n            <small><i class=\"fas fa-solid fa-user-pen fa-fw me-2\" style=\"color: #8c9db3;\"><\/i>Editores<\/small>\n        <\/div>\n\n        <div class=\"col-12 col-sm-6 col-lg-10 border-bottom pb-2\">\n            <small class=\"text-muted\">Sue Dockett, Bob Perry<\/small>\n        <\/div>\n\n        <div class=\"col-12 col-sm-6 col-lg-2\">\n            <small><i class=\"fas fa-solid fa-signature fa-fw me-2\" style=\"color: #8c9db3;\"><\/i>Autores<\/small>\n        <\/div>\n\n        <div class=\"col-12 col-sm-6 col-lg-10\">\n            <small class=\"text-muted\">Daniela Sof\u00eda Jadue Roa, Mayer Javiera Soto Sarmiento, Thierry Amigo L\u00f3pez<\/small>\n        <\/div>\n    <\/div><span class=\"caption-field-publish\"><\/span><\/div><\/div><\/div><\/div><\/div><div class=\"  circle--pattern-bottom-large col-sm-12 col-md-12 img-article\"><div class=\"holder-publish col-md-12\" style=\"border-bottom: 1px solid #B8B8B8\"><div class=\"content-holder h-100 component-border overflow-hidden row m-0 p-4 aling-items-center\"><ul class=\"p-0 list-style-none\"><li class=\"p-0 me-2\"><i class=\"fas fa-solid fa-book fa-fw\"><\/i> Changing Perspectives: Towards Linguistic Diversity in Education<\/li><li class=\"p-0 me-2\"><i class=\"fas fa-solid fa-calendar fa-fw\"><\/i> 2026<\/li><\/ul><div class=\"caption col-12 p-0 col-md-12 row m-0 align-items-center\"><div class=\"px-md-1\">    <h3 class=\"fw-medium m-0 small-space pt-2 pb-2 title-ss text-decoration-none border-bottom\">Language learning, identity, and interaction:  Findings from multicultural educational contexts in Chile.<\/h3>\n\n    <div class=\"mt-0 row g-3\">\n        \n        <div class=\"col-12 col-sm-6 col-lg-2 border-bottom pb-2\">\n            <small><i class=\"fas fa-solid fa-barcode fa-fw me-2\" style=\"color: #8c9db3;\"><\/i>ISBN<\/small>\n        <\/div>\n\n        <div class=\"col-12 col-sm-6 col-lg-3 border-bottom pb-2\">\n            <small class=\"text-muted\"><\/small>\n        <\/div>\n\n        <div class=\"col-12 col-sm-6 col-lg-2 border-bottom pb-2\">\n            <small><i class=\"fas fa-solid fa-file fa-fw me-2\" style=\"color: #8c9db3;\"><\/i>P\u00e1ginas<\/small>\n        <\/div>\n\n        <div class=\"col-12 col-sm-6 col-lg-5 border-bottom pb-2\">\n            <small class=\"text-muted\">D\u00e9sde la p\u00e1gina 23, hasta la p\u00e1gina 42<\/small>\n        <\/div>\n\n        <div class=\"col-12 col-sm-6 col-lg-2 border-bottom pb-2\">\n            <small><i class=\"fas fa-solid fa-language fa-fw me-2\" style=\"color: #8c9db3;\"><\/i>Idioma<\/small>\n        <\/div>\n\n        <div class=\"col-12 col-sm-6 col-lg-3 border-bottom pb-2\">\n            <small class=\"text-muted\">Ingl\u00e9s<\/small>\n        <\/div>\n\n        <div class=\"col-12 col-sm-6 col-lg-2 border-bottom pb-2\">\n            <small><i class=\"fas fa-solid fa-newspaper fa-fw me-2\" style=\"color: #8c9db3;\"><\/i>Editorial<\/small>\n        <\/div>\n\n        <div class=\"col-12 col-sm-6 col-lg-5 border-bottom pb-2\">\n            <small class=\"text-muted\">Springer<\/small>\n        <\/div>\n\n        <div class=\"col-12 col-sm-6 col-lg-2 border-bottom pb-2\">\n            <small><i class=\"fas fa-solid fa-user-pen fa-fw me-2\" style=\"color: #8c9db3;\"><\/i>Editores<\/small>\n        <\/div>\n\n        <div class=\"col-12 col-sm-6 col-lg-10 border-bottom pb-2\">\n            <small class=\"text-muted\">Stopfner, M; Guarda, M; Meier, G.<\/small>\n        <\/div>\n\n        <div class=\"col-12 col-sm-6 col-lg-2\">\n            <small><i class=\"fas fa-solid fa-signature fa-fw me-2\" style=\"color: #8c9db3;\"><\/i>Autores<\/small>\n        <\/div>\n\n        <div class=\"col-12 col-sm-6 col-lg-10\">\n            <small class=\"text-muted\">Carolina P\u00e9rez Arredondo<\/small>\n        <\/div>\n    <\/div><span class=\"caption-field-publish\"><\/span><\/div><\/div><\/div><\/div><\/div><div class=\"  circle--pattern-bottom-large col-sm-12 col-md-12 img-article\"><div class=\"holder-publish col-md-12\" style=\"border-bottom: 1px solid #B8B8B8\"><div class=\"content-holder h-100 component-border overflow-hidden row m-0 p-4 aling-items-center\"><ul class=\"p-0 list-style-none\"><li class=\"p-0 me-2\"><i class=\"fas fa-solid fa-book fa-fw\"><\/i> La cuenca del r\u00edo Tinguiririca<\/li><li class=\"p-0 me-2\"><i class=\"fas fa-solid fa-calendar fa-fw\"><\/i> 2026<\/li><\/ul><div class=\"caption col-12 p-0 col-md-12 row m-0 align-items-center\"><div class=\"px-md-1\">    <h3 class=\"fw-medium m-0 small-space pt-2 pb-2 title-ss text-decoration-none border-bottom\">La gran avalancha que cambi\u00f3 la geolog\u00eda del Valle<\/h3>\n\n    <div class=\"mt-0 row g-3\">\n        \n        <div class=\"col-12 col-sm-6 col-lg-2 border-bottom pb-2\">\n            <small><i class=\"fas fa-solid fa-barcode fa-fw me-2\" style=\"color: #8c9db3;\"><\/i>ISBN<\/small>\n        <\/div>\n\n        <div class=\"col-12 col-sm-6 col-lg-3 border-bottom pb-2\">\n            <small class=\"text-muted\"><\/small>\n        <\/div>\n\n        <div class=\"col-12 col-sm-6 col-lg-2 border-bottom pb-2\">\n            <small><i class=\"fas fa-solid fa-file fa-fw me-2\" style=\"color: #8c9db3;\"><\/i>P\u00e1ginas<\/small>\n        <\/div>\n\n        <div class=\"col-12 col-sm-6 col-lg-5 border-bottom pb-2\">\n            <small class=\"text-muted\">D\u00e9sde la p\u00e1gina 48, hasta la p\u00e1gina 51<\/small>\n        <\/div>\n\n        <div class=\"col-12 col-sm-6 col-lg-2 border-bottom pb-2\">\n            <small><i class=\"fas fa-solid fa-language fa-fw me-2\" style=\"color: #8c9db3;\"><\/i>Idioma<\/small>\n        <\/div>\n\n        <div class=\"col-12 col-sm-6 col-lg-3 border-bottom pb-2\">\n            <small class=\"text-muted\">Espa\u00f1ol<\/small>\n        <\/div>\n\n        <div class=\"col-12 col-sm-6 col-lg-2 border-bottom pb-2\">\n            <small><i class=\"fas fa-solid fa-newspaper fa-fw me-2\" style=\"color: #8c9db3;\"><\/i>Editorial<\/small>\n        <\/div>\n\n        <div class=\"col-12 col-sm-6 col-lg-5 border-bottom pb-2\">\n            <small class=\"text-muted\">Junta de Vigilancia R\u00edo Tinguiririca Primera Secci\u00f3n<\/small>\n        <\/div>\n\n        <div class=\"col-12 col-sm-6 col-lg-2 border-bottom pb-2\">\n            <small><i class=\"fas fa-solid fa-user-pen fa-fw me-2\" style=\"color: #8c9db3;\"><\/i>Editores<\/small>\n        <\/div>\n\n        <div class=\"col-12 col-sm-6 col-lg-10 border-bottom pb-2\">\n            <small class=\"text-muted\">Juan Sharpe<\/small>\n        <\/div>\n\n        <div class=\"col-12 col-sm-6 col-lg-2\">\n            <small><i class=\"fas fa-solid fa-signature fa-fw me-2\" style=\"color: #8c9db3;\"><\/i>Autores<\/small>\n        <\/div>\n\n        <div class=\"col-12 col-sm-6 col-lg-10\">\n            <small class=\"text-muted\">Jorge Eduardo Romero Moyano<\/small>\n        <\/div>\n    <\/div><span class=\"caption-field-publish\"><\/span><\/div><\/div><\/div><\/div><\/div><div class=\"  circle--pattern-bottom-large col-sm-12 col-md-12 img-article\"><div class=\"holder-publish col-md-12\" style=\"border-bottom: 1px solid #B8B8B8\"><div class=\"content-holder h-100 component-border overflow-hidden row m-0 p-4 aling-items-center\"><ul class=\"p-0 list-style-none\"><li class=\"p-0 me-2\"><i class=\"fas fa-solid fa-book fa-fw\"><\/i> La cuenca del r\u00edo Tinguiririca<\/li><li class=\"p-0 me-2\"><i class=\"fas fa-solid fa-calendar fa-fw\"><\/i> 2026<\/li><\/ul><div class=\"caption col-12 p-0 col-md-12 row m-0 align-items-center\"><div class=\"px-md-1\">    <h3 class=\"fw-medium m-0 small-space pt-2 pb-2 title-ss text-decoration-none border-bottom\">La gran avalancha que cambi\u00f3 la geolog\u00eda del Valle<\/h3>\n\n    <div class=\"mt-0 row g-3\">\n        \n        <div class=\"col-12 col-sm-6 col-lg-2 border-bottom pb-2\">\n            <small><i class=\"fas fa-solid fa-barcode fa-fw me-2\" style=\"color: #8c9db3;\"><\/i>ISBN<\/small>\n        <\/div>\n\n        <div class=\"col-12 col-sm-6 col-lg-3 border-bottom pb-2\">\n            <small class=\"text-muted\"><\/small>\n        <\/div>\n\n        <div class=\"col-12 col-sm-6 col-lg-2 border-bottom pb-2\">\n            <small><i class=\"fas fa-solid fa-file fa-fw me-2\" style=\"color: #8c9db3;\"><\/i>P\u00e1ginas<\/small>\n        <\/div>\n\n        <div class=\"col-12 col-sm-6 col-lg-5 border-bottom pb-2\">\n            <small class=\"text-muted\">D\u00e9sde la p\u00e1gina 48, hasta la p\u00e1gina 51<\/small>\n        <\/div>\n\n        <div class=\"col-12 col-sm-6 col-lg-2 border-bottom pb-2\">\n            <small><i class=\"fas fa-solid fa-language fa-fw me-2\" style=\"color: #8c9db3;\"><\/i>Idioma<\/small>\n        <\/div>\n\n        <div class=\"col-12 col-sm-6 col-lg-3 border-bottom pb-2\">\n            <small class=\"text-muted\">Espa\u00f1ol<\/small>\n        <\/div>\n\n        <div class=\"col-12 col-sm-6 col-lg-2 border-bottom pb-2\">\n            <small><i class=\"fas fa-solid fa-newspaper fa-fw me-2\" style=\"color: #8c9db3;\"><\/i>Editorial<\/small>\n        <\/div>\n\n        <div class=\"col-12 col-sm-6 col-lg-5 border-bottom pb-2\">\n            <small class=\"text-muted\">Junta de Vigilancia R\u00edo Tinguiririca Primera Secci\u00f3n<\/small>\n        <\/div>\n\n        <div class=\"col-12 col-sm-6 col-lg-2 border-bottom pb-2\">\n            <small><i class=\"fas fa-solid fa-user-pen fa-fw me-2\" style=\"color: #8c9db3;\"><\/i>Editores<\/small>\n        <\/div>\n\n        <div class=\"col-12 col-sm-6 col-lg-10 border-bottom pb-2\">\n            <small class=\"text-muted\">Juan Sharpe<\/small>\n        <\/div>\n\n        <div class=\"col-12 col-sm-6 col-lg-2\">\n            <small><i class=\"fas fa-solid fa-signature fa-fw me-2\" style=\"color: #8c9db3;\"><\/i>Autores<\/small>\n        <\/div>\n\n        <div class=\"col-12 col-sm-6 col-lg-10\">\n            <small class=\"text-muted\">Jorge Eduardo Romero Moyano<\/small>\n        <\/div>\n    <\/div><span class=\"caption-field-publish\"><\/span><\/div><\/div><\/div><\/div><\/div><div class=\"  circle--pattern-bottom-large col-sm-12 col-md-12 img-article\"><div class=\"holder-publish col-md-12\" style=\"border-bottom: 1px solid #B8B8B8\"><div class=\"content-holder h-100 component-border overflow-hidden row m-0 p-4 aling-items-center\"><ul class=\"p-0 list-style-none\"><li class=\"p-0 me-2\"><i class=\"fas fa-solid fa-book fa-fw\"><\/i> Democracia, paz y derechos humanos:encrucijadas y desafios desde el Estado y las organizaciones sociales<\/li><li class=\"p-0 me-2\"><i class=\"fas fa-solid fa-calendar fa-fw\"><\/i> 2025<\/li><\/ul><div class=\"caption col-12 p-0 col-md-12 row m-0 align-items-center\"><div class=\"px-md-1\">    <h3 class=\"fw-medium m-0 small-space pt-2 pb-2 title-ss text-decoration-none border-bottom\">Trayectorias de luchas de la Asociaci\u00f3n de Personas con Discapacidad Ecuador y del Colectivo Nacional de la Discapacidad de Chile<\/h3>\n\n    <div class=\"mt-0 row g-3\">\n        \n        <div class=\"col-12 col-sm-6 col-lg-2 border-bottom pb-2\">\n            <small><i class=\"fas fa-solid fa-barcode fa-fw me-2\" style=\"color: #8c9db3;\"><\/i>ISBN<\/small>\n        <\/div>\n\n        <div class=\"col-12 col-sm-6 col-lg-3 border-bottom pb-2\">\n            <small class=\"text-muted\">https:\/\/biblioteca-repositorio.clacso.edu.ar\/bitstream\/CLACSO\/252110\/1\/Democracia-paz-DDHH.pdf<\/small>\n        <\/div>\n\n        <div class=\"col-12 col-sm-6 col-lg-2 border-bottom pb-2\">\n            <small><i class=\"fas fa-solid fa-file fa-fw me-2\" style=\"color: #8c9db3;\"><\/i>P\u00e1ginas<\/small>\n        <\/div>\n\n        <div class=\"col-12 col-sm-6 col-lg-5 border-bottom pb-2\">\n            <small class=\"text-muted\">D\u00e9sde la p\u00e1gina 255-300, hasta la p\u00e1gina <\/small>\n        <\/div>\n\n        <div class=\"col-12 col-sm-6 col-lg-2 border-bottom pb-2\">\n            <small><i class=\"fas fa-solid fa-language fa-fw me-2\" style=\"color: #8c9db3;\"><\/i>Idioma<\/small>\n        <\/div>\n\n        <div class=\"col-12 col-sm-6 col-lg-3 border-bottom pb-2\">\n            <small class=\"text-muted\">Espa\u00f1ol<\/small>\n        <\/div>\n\n        <div class=\"col-12 col-sm-6 col-lg-2 border-bottom pb-2\">\n            <small><i class=\"fas fa-solid fa-newspaper fa-fw me-2\" style=\"color: #8c9db3;\"><\/i>Editorial<\/small>\n        <\/div>\n\n        <div class=\"col-12 col-sm-6 col-lg-5 border-bottom pb-2\">\n            <small class=\"text-muted\">CLACSO; BUAP<\/small>\n        <\/div>\n\n        <div class=\"col-12 col-sm-6 col-lg-2 border-bottom pb-2\">\n            <small><i class=\"fas fa-solid fa-user-pen fa-fw me-2\" style=\"color: #8c9db3;\"><\/i>Editores<\/small>\n        <\/div>\n\n        <div class=\"col-12 col-sm-6 col-lg-10 border-bottom pb-2\">\n            <small class=\"text-muted\"><\/small>\n        <\/div>\n\n        <div class=\"col-12 col-sm-6 col-lg-2\">\n            <small><i class=\"fas fa-solid fa-signature fa-fw me-2\" style=\"color: #8c9db3;\"><\/i>Autores<\/small>\n        <\/div>\n\n        <div class=\"col-12 col-sm-6 col-lg-10\">\n            <small class=\"text-muted\">Juan Andr\u00e9s Pino Mor\u00e1n<\/small>\n        <\/div>\n    <\/div><span class=\"caption-field-publish\"><\/span><\/div><\/div><\/div><\/div><\/div><div class=\"  circle--pattern-bottom-large col-sm-12 col-md-12 img-article\"><div class=\"holder-publish col-md-12\" style=\"border-bottom: 1px solid #B8B8B8\"><div class=\"content-holder h-100 component-border overflow-hidden row m-0 p-4 aling-items-center\"><ul class=\"p-0 list-style-none\"><li class=\"p-0 me-2\"><i class=\"fas fa-solid fa-book fa-fw\"><\/i> Nanobiostimulants in Innovative Agriculture<\/li><li class=\"p-0 me-2\"><i class=\"fas fa-solid fa-calendar fa-fw\"><\/i> 2025<\/li><\/ul><div class=\"caption col-12 p-0 col-md-12 row m-0 align-items-center\"><div class=\"px-md-1\">    <h3 class=\"fw-medium m-0 small-space pt-2 pb-2 title-ss text-decoration-none border-bottom\">Employing metabolomics to systematically investigate how nanoparticles influence the physio-biochemical responses of plants under stress<\/h3>\n\n    <div class=\"mt-0 row g-3\">\n        \n        <div class=\"col-12 col-sm-6 col-lg-2 border-bottom pb-2\">\n            <small><i class=\"fas fa-solid fa-barcode fa-fw me-2\" style=\"color: #8c9db3;\"><\/i>ISBN<\/small>\n        <\/div>\n\n        <div class=\"col-12 col-sm-6 col-lg-3 border-bottom pb-2\">\n            <small class=\"text-muted\"><\/small>\n        <\/div>\n\n        <div class=\"col-12 col-sm-6 col-lg-2 border-bottom pb-2\">\n            <small><i class=\"fas fa-solid fa-file fa-fw me-2\" style=\"color: #8c9db3;\"><\/i>P\u00e1ginas<\/small>\n        <\/div>\n\n        <div class=\"col-12 col-sm-6 col-lg-5 border-bottom pb-2\">\n            <small class=\"text-muted\">D\u00e9sde la p\u00e1gina , hasta la p\u00e1gina <\/small>\n        <\/div>\n\n        <div class=\"col-12 col-sm-6 col-lg-2 border-bottom pb-2\">\n            <small><i class=\"fas fa-solid fa-language fa-fw me-2\" style=\"color: #8c9db3;\"><\/i>Idioma<\/small>\n        <\/div>\n\n        <div class=\"col-12 col-sm-6 col-lg-3 border-bottom pb-2\">\n            <small class=\"text-muted\"><\/small>\n        <\/div>\n\n        <div class=\"col-12 col-sm-6 col-lg-2 border-bottom pb-2\">\n            <small><i class=\"fas fa-solid fa-newspaper fa-fw me-2\" style=\"color: #8c9db3;\"><\/i>Editorial<\/small>\n        <\/div>\n\n        <div class=\"col-12 col-sm-6 col-lg-5 border-bottom pb-2\">\n            <small class=\"text-muted\">Springer Nature<\/small>\n        <\/div>\n\n        <div class=\"col-12 col-sm-6 col-lg-2 border-bottom pb-2\">\n            <small><i class=\"fas fa-solid fa-user-pen fa-fw me-2\" style=\"color: #8c9db3;\"><\/i>Editores<\/small>\n        <\/div>\n\n        <div class=\"col-12 col-sm-6 col-lg-10 border-bottom pb-2\">\n            <small class=\"text-muted\"><\/small>\n        <\/div>\n\n        <div class=\"col-12 col-sm-6 col-lg-2\">\n            <small><i class=\"fas fa-solid fa-signature fa-fw me-2\" style=\"color: #8c9db3;\"><\/i>Autores<\/small>\n        <\/div>\n\n        <div class=\"col-12 col-sm-6 col-lg-10\">\n            <small class=\"text-muted\">Virgilio Gavicho<\/small>\n        <\/div>\n    <\/div><span class=\"caption-field-publish\"><\/span><\/div><\/div><\/div><\/div><\/div><div class=\"  circle--pattern-bottom-large col-sm-12 col-md-12 img-article\"><div class=\"holder-publish col-md-12\" style=\"border-bottom: 1px solid #B8B8B8\"><div class=\"content-holder h-100 component-border overflow-hidden row m-0 p-4 aling-items-center\"><ul class=\"p-0 list-style-none\"><li class=\"p-0 me-2\"><i class=\"fas fa-solid fa-book fa-fw\"><\/i> The underlying mechanisms of cassava cold tolerance: Challenges and strategies to overcome the production of a multi-utility starch tuber crop in cold regions<\/li><li class=\"p-0 me-2\"><i class=\"fas fa-solid fa-calendar fa-fw\"><\/i> 2025<\/li><\/ul><div class=\"caption col-12 p-0 col-md-12 row m-0 align-items-center\"><div class=\"px-md-1\">    <h3 class=\"fw-medium m-0 small-space pt-2 pb-2 title-ss text-decoration-none border-bottom\">Fundamental traits of cassava growth and development and their connection with cold stress<\/h3>\n\n    <div class=\"mt-0 row g-3\">\n        \n        <div class=\"col-12 col-sm-6 col-lg-2 border-bottom pb-2\">\n            <small><i class=\"fas fa-solid fa-barcode fa-fw me-2\" style=\"color: #8c9db3;\"><\/i>ISBN<\/small>\n        <\/div>\n\n        <div class=\"col-12 col-sm-6 col-lg-3 border-bottom pb-2\">\n            <small class=\"text-muted\"><\/small>\n        <\/div>\n\n        <div class=\"col-12 col-sm-6 col-lg-2 border-bottom pb-2\">\n            <small><i class=\"fas fa-solid fa-file fa-fw me-2\" style=\"color: #8c9db3;\"><\/i>P\u00e1ginas<\/small>\n        <\/div>\n\n        <div class=\"col-12 col-sm-6 col-lg-5 border-bottom pb-2\">\n            <small class=\"text-muted\">D\u00e9sde la p\u00e1gina , hasta la p\u00e1gina <\/small>\n        <\/div>\n\n        <div class=\"col-12 col-sm-6 col-lg-2 border-bottom pb-2\">\n            <small><i class=\"fas fa-solid fa-language fa-fw me-2\" style=\"color: #8c9db3;\"><\/i>Idioma<\/small>\n        <\/div>\n\n        <div class=\"col-12 col-sm-6 col-lg-3 border-bottom pb-2\">\n            <small class=\"text-muted\"><\/small>\n        <\/div>\n\n        <div class=\"col-12 col-sm-6 col-lg-2 border-bottom pb-2\">\n            <small><i class=\"fas fa-solid fa-newspaper fa-fw me-2\" style=\"color: #8c9db3;\"><\/i>Editorial<\/small>\n        <\/div>\n\n        <div class=\"col-12 col-sm-6 col-lg-5 border-bottom pb-2\">\n            <small class=\"text-muted\">Springer<\/small>\n        <\/div>\n\n        <div class=\"col-12 col-sm-6 col-lg-2 border-bottom pb-2\">\n            <small><i class=\"fas fa-solid fa-user-pen fa-fw me-2\" style=\"color: #8c9db3;\"><\/i>Editores<\/small>\n        <\/div>\n\n        <div class=\"col-12 col-sm-6 col-lg-10 border-bottom pb-2\">\n            <small class=\"text-muted\"><\/small>\n        <\/div>\n\n        <div class=\"col-12 col-sm-6 col-lg-2\">\n            <small><i class=\"fas fa-solid fa-signature fa-fw me-2\" style=\"color: #8c9db3;\"><\/i>Autores<\/small>\n        <\/div>\n\n        <div class=\"col-12 col-sm-6 col-lg-10\">\n            <small class=\"text-muted\">Virgilio Gavicho<\/small>\n        <\/div>\n    <\/div><span class=\"caption-field-publish\"><\/span><\/div><\/div><\/div><\/div><\/div><div class=\"  circle--pattern-bottom-large col-sm-12 col-md-12 img-article\"><div class=\"holder-publish col-md-12\" style=\"border-bottom: 1px solid #B8B8B8\"><div class=\"content-holder h-100 component-border overflow-hidden row m-0 p-4 aling-items-center\"><ul class=\"p-0 list-style-none\"><li class=\"p-0 me-2\"><i class=\"fas fa-solid fa-book fa-fw\"><\/i> The underlying mechanisms of cassava cold tolerance: Challenges and strategies to overcome the production of a multi-utility starch tuber crop in cold regions<\/li><li class=\"p-0 me-2\"><i class=\"fas fa-solid fa-calendar fa-fw\"><\/i> 2025<\/li><\/ul><div class=\"caption col-12 p-0 col-md-12 row m-0 align-items-center\"><div class=\"px-md-1\">    <h3 class=\"fw-medium m-0 small-space pt-2 pb-2 title-ss text-decoration-none border-bottom\">Modeling cassava production in the face of climate change: Challenges and strategies<\/h3>\n\n    <div class=\"mt-0 row g-3\">\n        \n        <div class=\"col-12 col-sm-6 col-lg-2 border-bottom pb-2\">\n            <small><i class=\"fas fa-solid fa-barcode fa-fw me-2\" style=\"color: #8c9db3;\"><\/i>ISBN<\/small>\n        <\/div>\n\n        <div class=\"col-12 col-sm-6 col-lg-3 border-bottom pb-2\">\n            <small class=\"text-muted\"><\/small>\n        <\/div>\n\n        <div class=\"col-12 col-sm-6 col-lg-2 border-bottom pb-2\">\n            <small><i class=\"fas fa-solid fa-file fa-fw me-2\" style=\"color: #8c9db3;\"><\/i>P\u00e1ginas<\/small>\n        <\/div>\n\n        <div class=\"col-12 col-sm-6 col-lg-5 border-bottom pb-2\">\n            <small class=\"text-muted\">D\u00e9sde la p\u00e1gina , hasta la p\u00e1gina <\/small>\n        <\/div>\n\n        <div class=\"col-12 col-sm-6 col-lg-2 border-bottom pb-2\">\n            <small><i class=\"fas fa-solid fa-language fa-fw me-2\" style=\"color: #8c9db3;\"><\/i>Idioma<\/small>\n        <\/div>\n\n        <div class=\"col-12 col-sm-6 col-lg-3 border-bottom pb-2\">\n            <small class=\"text-muted\"><\/small>\n        <\/div>\n\n        <div class=\"col-12 col-sm-6 col-lg-2 border-bottom pb-2\">\n            <small><i class=\"fas fa-solid fa-newspaper fa-fw me-2\" style=\"color: #8c9db3;\"><\/i>Editorial<\/small>\n        <\/div>\n\n        <div class=\"col-12 col-sm-6 col-lg-5 border-bottom pb-2\">\n            <small class=\"text-muted\">Springer<\/small>\n        <\/div>\n\n        <div class=\"col-12 col-sm-6 col-lg-2 border-bottom pb-2\">\n            <small><i class=\"fas fa-solid fa-user-pen fa-fw me-2\" style=\"color: #8c9db3;\"><\/i>Editores<\/small>\n        <\/div>\n\n        <div class=\"col-12 col-sm-6 col-lg-10 border-bottom pb-2\">\n            <small class=\"text-muted\"><\/small>\n        <\/div>\n\n        <div class=\"col-12 col-sm-6 col-lg-2\">\n            <small><i class=\"fas fa-solid fa-signature fa-fw me-2\" style=\"color: #8c9db3;\"><\/i>Autores<\/small>\n        <\/div>\n\n        <div class=\"col-12 col-sm-6 col-lg-10\">\n            <small class=\"text-muted\">Virgilio Gavicho<\/small>\n        <\/div>\n    <\/div><span class=\"caption-field-publish\"><\/span><\/div><\/div><\/div><\/div><\/div><div class=\"  circle--pattern-bottom-large col-sm-12 col-md-12 img-article\"><div class=\"holder-publish col-md-12\" style=\"border-bottom: 1px solid #B8B8B8\"><div class=\"content-holder h-100 component-border overflow-hidden row m-0 p-4 aling-items-center\"><ul class=\"p-0 list-style-none\"><li class=\"p-0 me-2\"><i class=\"fas fa-solid fa-book fa-fw\"><\/i> Climate-Smart Sugarcane Cultivation<\/li><li class=\"p-0 me-2\"><i class=\"fas fa-solid fa-calendar fa-fw\"><\/i> 2025<\/li><\/ul><div class=\"caption col-12 p-0 col-md-12 row m-0 align-items-center\"><div class=\"px-md-1\">    <h3 class=\"fw-medium m-0 small-space pt-2 pb-2 title-ss text-decoration-none border-bottom\">Silicon by Modifying C:N:P Stoichiometry Sugarcane Tolerance to Abiotic Stress<\/h3>\n\n    <div class=\"mt-0 row g-3\">\n        \n        <div class=\"col-12 col-sm-6 col-lg-2 border-bottom pb-2\">\n            <small><i class=\"fas fa-solid fa-barcode fa-fw me-2\" style=\"color: #8c9db3;\"><\/i>ISBN<\/small>\n        <\/div>\n\n        <div class=\"col-12 col-sm-6 col-lg-3 border-bottom pb-2\">\n            <small class=\"text-muted\">9781774919972<\/small>\n        <\/div>\n\n        <div class=\"col-12 col-sm-6 col-lg-2 border-bottom pb-2\">\n            <small><i class=\"fas fa-solid fa-file fa-fw me-2\" style=\"color: #8c9db3;\"><\/i>P\u00e1ginas<\/small>\n        <\/div>\n\n        <div class=\"col-12 col-sm-6 col-lg-5 border-bottom pb-2\">\n            <small class=\"text-muted\">D\u00e9sde la p\u00e1gina 1, hasta la p\u00e1gina 765<\/small>\n        <\/div>\n\n        <div class=\"col-12 col-sm-6 col-lg-2 border-bottom pb-2\">\n            <small><i class=\"fas fa-solid fa-language fa-fw me-2\" style=\"color: #8c9db3;\"><\/i>Idioma<\/small>\n        <\/div>\n\n        <div class=\"col-12 col-sm-6 col-lg-3 border-bottom pb-2\">\n            <small class=\"text-muted\">Ingl\u00e9s<\/small>\n        <\/div>\n\n        <div class=\"col-12 col-sm-6 col-lg-2 border-bottom pb-2\">\n            <small><i class=\"fas fa-solid fa-newspaper fa-fw me-2\" style=\"color: #8c9db3;\"><\/i>Editorial<\/small>\n        <\/div>\n\n        <div class=\"col-12 col-sm-6 col-lg-5 border-bottom pb-2\">\n            <small class=\"text-muted\">Taylor & Francis Group<\/small>\n        <\/div>\n\n        <div class=\"col-12 col-sm-6 col-lg-2 border-bottom pb-2\">\n            <small><i class=\"fas fa-solid fa-user-pen fa-fw me-2\" style=\"color: #8c9db3;\"><\/i>Editores<\/small>\n        <\/div>\n\n        <div class=\"col-12 col-sm-6 col-lg-10 border-bottom pb-2\">\n            <small class=\"text-muted\">Rajan Bhatt, Krishan K. Verma, Shiv Prasad, and Mauro Wagner de Oliveira<\/small>\n        <\/div>\n\n        <div class=\"col-12 col-sm-6 col-lg-2\">\n            <small><i class=\"fas fa-solid fa-signature fa-fw me-2\" style=\"color: #8c9db3;\"><\/i>Autores<\/small>\n        <\/div>\n\n        <div class=\"col-12 col-sm-6 col-lg-10\">\n            <small class=\"text-muted\">Renato De Mello Prado, Dilier Olivera Viciedo, Kamilla Silva Oliveira, Marisa C\u00e1ssia Piccolo<\/small>\n        <\/div>\n    <\/div><span class=\"caption-field-publish\"><\/span><\/div><\/div><\/div><\/div><\/div><div class=\"  circle--pattern-bottom-large col-sm-12 col-md-12 img-article\"><div class=\"holder-publish col-md-12\" style=\"border-bottom: 1px solid #B8B8B8\"><div class=\"content-holder h-100 component-border overflow-hidden row m-0 p-4 aling-items-center\"><ul class=\"p-0 list-style-none\"><li class=\"p-0 me-2\"><i class=\"fas fa-solid fa-book fa-fw\"><\/i> Amino Acids in Plant Protection: Mechanisms, Metabolism and Coordination.<\/li><li class=\"p-0 me-2\"><i class=\"fas fa-solid fa-calendar fa-fw\"><\/i> 2025<\/li><\/ul><div class=\"caption col-12 p-0 col-md-12 row m-0 align-items-center\"><div class=\"px-md-1\">    <h3 class=\"fw-medium m-0 small-space pt-2 pb-2 title-ss text-decoration-none border-bottom\">Effects of flooding on the amino acid and nitrogen metabolism of plants<\/h3>\n\n    <div class=\"mt-0 row g-3\">\n        \n        <div class=\"col-12 col-sm-6 col-lg-2 border-bottom pb-2\">\n            <small><i class=\"fas fa-solid fa-barcode fa-fw me-2\" style=\"color: #8c9db3;\"><\/i>ISBN<\/small>\n        <\/div>\n\n        <div class=\"col-12 col-sm-6 col-lg-3 border-bottom pb-2\">\n            <small class=\"text-muted\">eBook ISBN: 9780443267949 ; Paperback ISBN: 9780443267932 ; DOI: 10.1016\/B978-0-443-26793-2.00012-3<\/small>\n        <\/div>\n\n        <div class=\"col-12 col-sm-6 col-lg-2 border-bottom pb-2\">\n            <small><i class=\"fas fa-solid fa-file fa-fw me-2\" style=\"color: #8c9db3;\"><\/i>P\u00e1ginas<\/small>\n        <\/div>\n\n        <div class=\"col-12 col-sm-6 col-lg-5 border-bottom pb-2\">\n            <small class=\"text-muted\">D\u00e9sde la p\u00e1gina 141, hasta la p\u00e1gina 153<\/small>\n        <\/div>\n\n        <div class=\"col-12 col-sm-6 col-lg-2 border-bottom pb-2\">\n            <small><i class=\"fas fa-solid fa-language fa-fw me-2\" style=\"color: #8c9db3;\"><\/i>Idioma<\/small>\n        <\/div>\n\n        <div class=\"col-12 col-sm-6 col-lg-3 border-bottom pb-2\">\n            <small class=\"text-muted\">Ingl\u00e9s<\/small>\n        <\/div>\n\n        <div class=\"col-12 col-sm-6 col-lg-2 border-bottom pb-2\">\n            <small><i class=\"fas fa-solid fa-newspaper fa-fw me-2\" style=\"color: #8c9db3;\"><\/i>Editorial<\/small>\n        <\/div>\n\n        <div class=\"col-12 col-sm-6 col-lg-5 border-bottom pb-2\">\n            <small class=\"text-muted\">Elsevier<\/small>\n        <\/div>\n\n        <div class=\"col-12 col-sm-6 col-lg-2 border-bottom pb-2\">\n            <small><i class=\"fas fa-solid fa-user-pen fa-fw me-2\" style=\"color: #8c9db3;\"><\/i>Editores<\/small>\n        <\/div>\n\n        <div class=\"col-12 col-sm-6 col-lg-10 border-bottom pb-2\">\n            <small class=\"text-muted\">Muhammad Bilal Hafeez, Abdul Wahid, Muhammad Farooq, Noreen Zahra<\/small>\n        <\/div>\n\n        <div class=\"col-12 col-sm-6 col-lg-2\">\n            <small><i class=\"fas fa-solid fa-signature fa-fw me-2\" style=\"color: #8c9db3;\"><\/i>Autores<\/small>\n        <\/div>\n\n        <div class=\"col-12 col-sm-6 col-lg-10\">\n            <small class=\"text-muted\">Thiago Feliph Silva Fernandes, Dilier Olivera Viciedo, Renato De Mello Prado, Cid Naudi Silva Campos, Alessandra Rodrigues dos Santos<\/small>\n        <\/div>\n    <\/div><span class=\"caption-field-publish\"><\/span><\/div><\/div><\/div><\/div><\/div><div class=\"  circle--pattern-bottom-large col-sm-12 col-md-12 img-article\"><div class=\"holder-publish col-md-12\" style=\"border-bottom: 1px solid #B8B8B8\"><div class=\"content-holder h-100 component-border overflow-hidden row m-0 p-4 aling-items-center\"><ul class=\"p-0 list-style-none\"><li class=\"p-0 me-2\"><i class=\"fas fa-solid fa-book fa-fw\"><\/i> Anais de resumos do V SIMP\u00d3SIO Maranhense de Produ\u00e7\u00e3o de Ruminantes a Pasto - SIMPRUPASTO<\/li><li class=\"p-0 me-2\"><i class=\"fas fa-solid fa-calendar fa-fw\"><\/i> 2025<\/li><\/ul><div class=\"caption col-12 p-0 col-md-12 row m-0 align-items-center\"><div class=\"px-md-1\">    <h3 class=\"fw-medium m-0 small-space pt-2 pb-2 title-ss text-decoration-none border-bottom\">Caracter\u00edsticas Produtivas do Milho Safrinha Fertirrigado com Diferentes Doses de Silicato de S\u00f3dio Estabilizado<\/h3>\n\n    <div class=\"mt-0 row g-3\">\n        \n        <div class=\"col-12 col-sm-6 col-lg-2 border-bottom pb-2\">\n            <small><i class=\"fas fa-solid fa-barcode fa-fw me-2\" style=\"color: #8c9db3;\"><\/i>ISBN<\/small>\n        <\/div>\n\n        <div class=\"col-12 col-sm-6 col-lg-3 border-bottom pb-2\">\n            <small class=\"text-muted\">978-65-272-1662-9<\/small>\n        <\/div>\n\n        <div class=\"col-12 col-sm-6 col-lg-2 border-bottom pb-2\">\n            <small><i class=\"fas fa-solid fa-file fa-fw me-2\" style=\"color: #8c9db3;\"><\/i>P\u00e1ginas<\/small>\n        <\/div>\n\n        <div class=\"col-12 col-sm-6 col-lg-5 border-bottom pb-2\">\n            <small class=\"text-muted\">D\u00e9sde la p\u00e1gina 236, hasta la p\u00e1gina 238<\/small>\n        <\/div>\n\n        <div class=\"col-12 col-sm-6 col-lg-2 border-bottom pb-2\">\n            <small><i class=\"fas fa-solid fa-language fa-fw me-2\" style=\"color: #8c9db3;\"><\/i>Idioma<\/small>\n        <\/div>\n\n        <div class=\"col-12 col-sm-6 col-lg-3 border-bottom pb-2\">\n            <small class=\"text-muted\">Portugu\u00e9s<\/small>\n        <\/div>\n\n        <div class=\"col-12 col-sm-6 col-lg-2 border-bottom pb-2\">\n            <small><i class=\"fas fa-solid fa-newspaper fa-fw me-2\" style=\"color: #8c9db3;\"><\/i>Editorial<\/small>\n        <\/div>\n\n        <div class=\"col-12 col-sm-6 col-lg-5 border-bottom pb-2\">\n            <small class=\"text-muted\">ed. Recife: Universidade Federal do Vale do S\u00e3o Francisco, 2025. DOI 10.29327\/5585761<\/small>\n        <\/div>\n\n        <div class=\"col-12 col-sm-6 col-lg-2 border-bottom pb-2\">\n            <small><i class=\"fas fa-solid fa-user-pen fa-fw me-2\" style=\"color: #8c9db3;\"><\/i>Editores<\/small>\n        <\/div>\n\n        <div class=\"col-12 col-sm-6 col-lg-10 border-bottom pb-2\">\n            <small class=\"text-muted\">Rosane Claudia Rodrigues, Leonardo Santana Fernandes, Raphael Ramos Silva, Joc\u00e9lio dos Santos Ara\u00fajo, Marc\u00f4nio Martins Rodrigues, Jos\u00e9 Roberto Brito Freitas, Diana Valadares Pessoa<\/small>\n        <\/div>\n\n        <div class=\"col-12 col-sm-6 col-lg-2\">\n            <small><i class=\"fas fa-solid fa-signature fa-fw me-2\" style=\"color: #8c9db3;\"><\/i>Autores<\/small>\n        <\/div>\n\n        <div class=\"col-12 col-sm-6 col-lg-10\">\n            <small class=\"text-muted\">Victorya Maria Ferreira Martins, Anderson de Moura Zanine, Daniele de Jesus Ferreira, Dilier Olivera Viciedo, Carlos Rodolfo do Nascimento Castro, Carlos Guilherme Silva Carvalho, Felype Isac Meireles Boaventura, J\u00falia Bianca Ara\u00fajo Marinho<\/small>\n        <\/div>\n    <\/div><span class=\"caption-field-publish\"><\/span><\/div><\/div><\/div><\/div><\/div><div class=\"  circle--pattern-bottom-large col-sm-12 col-md-12 img-article\"><div class=\"holder-publish col-md-12\" style=\"border-bottom: 1px solid #B8B8B8\"><div class=\"content-holder h-100 component-border overflow-hidden row m-0 p-4 aling-items-center\"><ul class=\"p-0 list-style-none\"><li class=\"p-0 me-2\"><i class=\"fas fa-solid fa-book fa-fw\"><\/i> Anais de resumos do V SIMP\u00d3SIO Maranhense de Produ\u00e7\u00e3o de Ruminantes a Pasto - SIMPRUPASTO<\/li><li class=\"p-0 me-2\"><i class=\"fas fa-solid fa-calendar fa-fw\"><\/i> 2025<\/li><\/ul><div class=\"caption col-12 p-0 col-md-12 row m-0 align-items-center\"><div class=\"px-md-1\">    <h3 class=\"fw-medium m-0 small-space pt-2 pb-2 title-ss text-decoration-none border-bottom\">Efeito da Fertirriga\u00e7\u00e3o com Sil\u00edcio na Produtidade do Milho Safrinha na Entressafa Agr\u00edcola<\/h3>\n\n    <div class=\"mt-0 row g-3\">\n        \n        <div class=\"col-12 col-sm-6 col-lg-2 border-bottom pb-2\">\n            <small><i class=\"fas fa-solid fa-barcode fa-fw me-2\" style=\"color: #8c9db3;\"><\/i>ISBN<\/small>\n        <\/div>\n\n        <div class=\"col-12 col-sm-6 col-lg-3 border-bottom pb-2\">\n            <small class=\"text-muted\">978-65-272-1662-9<\/small>\n        <\/div>\n\n        <div class=\"col-12 col-sm-6 col-lg-2 border-bottom pb-2\">\n            <small><i class=\"fas fa-solid fa-file fa-fw me-2\" style=\"color: #8c9db3;\"><\/i>P\u00e1ginas<\/small>\n        <\/div>\n\n        <div class=\"col-12 col-sm-6 col-lg-5 border-bottom pb-2\">\n            <small class=\"text-muted\">D\u00e9sde la p\u00e1gina 173, hasta la p\u00e1gina 175<\/small>\n        <\/div>\n\n        <div class=\"col-12 col-sm-6 col-lg-2 border-bottom pb-2\">\n            <small><i class=\"fas fa-solid fa-language fa-fw me-2\" style=\"color: #8c9db3;\"><\/i>Idioma<\/small>\n        <\/div>\n\n        <div class=\"col-12 col-sm-6 col-lg-3 border-bottom pb-2\">\n            <small class=\"text-muted\">Portugu\u00e9s<\/small>\n        <\/div>\n\n        <div class=\"col-12 col-sm-6 col-lg-2 border-bottom pb-2\">\n            <small><i class=\"fas fa-solid fa-newspaper fa-fw me-2\" style=\"color: #8c9db3;\"><\/i>Editorial<\/small>\n        <\/div>\n\n        <div class=\"col-12 col-sm-6 col-lg-5 border-bottom pb-2\">\n            <small class=\"text-muted\">ed. Recife: Universidade Federal do Vale do S\u00e3o Francisco, 2025. DOI 10.29327\/5585761<\/small>\n        <\/div>\n\n        <div class=\"col-12 col-sm-6 col-lg-2 border-bottom pb-2\">\n            <small><i class=\"fas fa-solid fa-user-pen fa-fw me-2\" style=\"color: #8c9db3;\"><\/i>Editores<\/small>\n        <\/div>\n\n        <div class=\"col-12 col-sm-6 col-lg-10 border-bottom pb-2\">\n            <small class=\"text-muted\">Rosane Claudia Rodrigues, Leonardo Santana Fernandes, Raphael Ramos Silva, Joc\u00e9lio dos Santos Ara\u00fajo, Marc\u00f4nio Martins Rodrigues, Jos\u00e9 Roberto Brito Freitas, Diana Valadares Pessoa<\/small>\n        <\/div>\n\n        <div class=\"col-12 col-sm-6 col-lg-2\">\n            <small><i class=\"fas fa-solid fa-signature fa-fw me-2\" style=\"color: #8c9db3;\"><\/i>Autores<\/small>\n        <\/div>\n\n        <div class=\"col-12 col-sm-6 col-lg-10\">\n            <small class=\"text-muted\">J\u00falia Bianca Ara\u00fajo Marinho, Daniele de Jesus Ferreira, Anderson de Moura Zanine, Carlos Rodolfo do Nascimento Castro, Francisca Claudia da Silva de Sousa, Francisco Naysson de Sousa Santos, Dilier Olivera Viciedo, George de Sousa Lima Paiva<\/small>\n        <\/div>\n    <\/div><span class=\"caption-field-publish\"><\/span><\/div><\/div><\/div><\/div><\/div><div class=\"  circle--pattern-bottom-large col-sm-12 col-md-12 img-article\"><div class=\"holder-publish col-md-12\" style=\"border-bottom: 1px solid #B8B8B8\"><div class=\"content-holder h-100 component-border overflow-hidden row m-0 p-4 aling-items-center\"><ul class=\"p-0 list-style-none\"><li class=\"p-0 me-2\"><i class=\"fas fa-solid fa-book fa-fw\"><\/i> Anais de resumos do V SIMP\u00d3SIO Maranhense de Produ\u00e7\u00e3o de Ruminantes a Pasto - SIMPRUPASTO<\/li><li class=\"p-0 me-2\"><i class=\"fas fa-solid fa-calendar fa-fw\"><\/i> 2025<\/li><\/ul><div class=\"caption col-12 p-0 col-md-12 row m-0 align-items-center\"><div class=\"px-md-1\">    <h3 class=\"fw-medium m-0 small-space pt-2 pb-2 title-ss text-decoration-none border-bottom\">Efeito da aduba\u00e7\u00e3o silicatada via fertirriga\u00e7\u00e3o nas caracter\u00edsticas produtivas e na efici\u00eancia h\u00eddrica do milho safrinha para produ\u00e7\u00e3o de forragem<\/h3>\n\n    <div class=\"mt-0 row g-3\">\n        \n        <div class=\"col-12 col-sm-6 col-lg-2 border-bottom pb-2\">\n            <small><i class=\"fas fa-solid fa-barcode fa-fw me-2\" style=\"color: #8c9db3;\"><\/i>ISBN<\/small>\n        <\/div>\n\n        <div class=\"col-12 col-sm-6 col-lg-3 border-bottom pb-2\">\n            <small class=\"text-muted\">978-65-272-1662-9<\/small>\n        <\/div>\n\n        <div class=\"col-12 col-sm-6 col-lg-2 border-bottom pb-2\">\n            <small><i class=\"fas fa-solid fa-file fa-fw me-2\" style=\"color: #8c9db3;\"><\/i>P\u00e1ginas<\/small>\n        <\/div>\n\n        <div class=\"col-12 col-sm-6 col-lg-5 border-bottom pb-2\">\n            <small class=\"text-muted\">D\u00e9sde la p\u00e1gina 23, hasta la p\u00e1gina 25<\/small>\n        <\/div>\n\n        <div class=\"col-12 col-sm-6 col-lg-2 border-bottom pb-2\">\n            <small><i class=\"fas fa-solid fa-language fa-fw me-2\" style=\"color: #8c9db3;\"><\/i>Idioma<\/small>\n        <\/div>\n\n        <div class=\"col-12 col-sm-6 col-lg-3 border-bottom pb-2\">\n            <small class=\"text-muted\">Portugu\u00e9s<\/small>\n        <\/div>\n\n        <div class=\"col-12 col-sm-6 col-lg-2 border-bottom pb-2\">\n            <small><i class=\"fas fa-solid fa-newspaper fa-fw me-2\" style=\"color: #8c9db3;\"><\/i>Editorial<\/small>\n        <\/div>\n\n        <div class=\"col-12 col-sm-6 col-lg-5 border-bottom pb-2\">\n            <small class=\"text-muted\">ed. Recife: Universidade Federal do Vale do S\u00e3o Francisco, 2025. DOI 10.29327\/5585761<\/small>\n        <\/div>\n\n        <div class=\"col-12 col-sm-6 col-lg-2 border-bottom pb-2\">\n            <small><i class=\"fas fa-solid fa-user-pen fa-fw me-2\" style=\"color: #8c9db3;\"><\/i>Editores<\/small>\n        <\/div>\n\n        <div class=\"col-12 col-sm-6 col-lg-10 border-bottom pb-2\">\n            <small class=\"text-muted\">Rosane Claudia Rodrigues, Leonardo Santana Fernandes, Raphael Ramos Silva, Joc\u00e9lio dos Santos Ara\u00fajo, Marc\u00f4nio Martins Rodrigues, Jos\u00e9 Roberto Brito Freitas, Diana Valadares Pessoa<\/small>\n        <\/div>\n\n        <div class=\"col-12 col-sm-6 col-lg-2\">\n            <small><i class=\"fas fa-solid fa-signature fa-fw me-2\" style=\"color: #8c9db3;\"><\/i>Autores<\/small>\n        <\/div>\n\n        <div class=\"col-12 col-sm-6 col-lg-10\">\n            <small class=\"text-muted\">Carlos Guilherme Silva Carvalho, Anderson de Moura Zanine, Daniele de Jesus Ferreira, Dilier Olivera Viciedo, Carlos Rodolfo do Nascimento Castro, J\u00falia Bianca Ara\u00fajo Marinho, Victorya Maria Ferreira, Francisco Naysson de Sousa Santos<\/small>\n        <\/div>\n    <\/div><span class=\"caption-field-publish\"><\/span><\/div><\/div><\/div><\/div><\/div><div class=\"  circle--pattern-bottom-large col-sm-12 col-md-12 img-article\"><div class=\"holder-publish col-md-12\" style=\"border-bottom: 1px solid #B8B8B8\"><div class=\"content-holder h-100 component-border overflow-hidden row m-0 p-4 aling-items-center\"><ul class=\"p-0 list-style-none\"><li class=\"p-0 me-2\"><i class=\"fas fa-solid fa-book fa-fw\"><\/i> Convergencia Biodigital, Instituto de Ingenieros, 2025<\/li><li class=\"p-0 me-2\"><i class=\"fas fa-solid fa-calendar fa-fw\"><\/i> 2025<\/li><\/ul><div class=\"caption col-12 p-0 col-md-12 row m-0 align-items-center\"><div class=\"px-md-1\">    <h3 class=\"fw-medium m-0 small-space pt-2 pb-2 title-ss text-decoration-none border-bottom\">Gen\u00f3mica de plantas<\/h3>\n\n    <div class=\"mt-0 row g-3\">\n        \n        <div class=\"col-12 col-sm-6 col-lg-2 border-bottom pb-2\">\n            <small><i class=\"fas fa-solid fa-barcode fa-fw me-2\" style=\"color: #8c9db3;\"><\/i>ISBN<\/small>\n        <\/div>\n\n        <div class=\"col-12 col-sm-6 col-lg-3 border-bottom pb-2\">\n            <small class=\"text-muted\">https:\/\/www.iing.cl\/wp-content\/uploads\/2025\/10\/Informe-Convergencia-biodigital-baja.pdf<\/small>\n        <\/div>\n\n        <div class=\"col-12 col-sm-6 col-lg-2 border-bottom pb-2\">\n            <small><i class=\"fas fa-solid fa-file fa-fw me-2\" style=\"color: #8c9db3;\"><\/i>P\u00e1ginas<\/small>\n        <\/div>\n\n        <div class=\"col-12 col-sm-6 col-lg-5 border-bottom pb-2\">\n            <small class=\"text-muted\">D\u00e9sde la p\u00e1gina 60, hasta la p\u00e1gina 68<\/small>\n        <\/div>\n\n        <div class=\"col-12 col-sm-6 col-lg-2 border-bottom pb-2\">\n            <small><i class=\"fas fa-solid fa-language fa-fw me-2\" style=\"color: #8c9db3;\"><\/i>Idioma<\/small>\n        <\/div>\n\n        <div class=\"col-12 col-sm-6 col-lg-3 border-bottom pb-2\">\n            <small class=\"text-muted\">Espa\u00f1ol<\/small>\n        <\/div>\n\n        <div class=\"col-12 col-sm-6 col-lg-2 border-bottom pb-2\">\n            <small><i class=\"fas fa-solid fa-newspaper fa-fw me-2\" style=\"color: #8c9db3;\"><\/i>Editorial<\/small>\n        <\/div>\n\n        <div class=\"col-12 col-sm-6 col-lg-5 border-bottom pb-2\">\n            <small class=\"text-muted\">Instituto de Ingenieros de Chile<\/small>\n        <\/div>\n\n        <div class=\"col-12 col-sm-6 col-lg-2 border-bottom pb-2\">\n            <small><i class=\"fas fa-solid fa-user-pen fa-fw me-2\" style=\"color: #8c9db3;\"><\/i>Editores<\/small>\n        <\/div>\n\n        <div class=\"col-12 col-sm-6 col-lg-10 border-bottom pb-2\">\n            <small class=\"text-muted\"><\/small>\n        <\/div>\n\n        <div class=\"col-12 col-sm-6 col-lg-2\">\n            <small><i class=\"fas fa-solid fa-signature fa-fw me-2\" style=\"color: #8c9db3;\"><\/i>Autores<\/small>\n        <\/div>\n\n        <div class=\"col-12 col-sm-6 col-lg-10\">\n            <small class=\"text-muted\">Carol Fernanda Moraga Quinteros<\/small>\n        <\/div>\n    <\/div><span class=\"caption-field-publish\"><\/span><\/div><\/div><\/div><\/div><\/div><div class=\"  circle--pattern-bottom-large col-sm-12 col-md-12 img-article\"><div class=\"holder-publish col-md-12\" style=\"border-bottom: 1px solid #B8B8B8\"><div class=\"content-holder h-100 component-border overflow-hidden row m-0 p-4 aling-items-center\"><ul class=\"p-0 list-style-none\"><li class=\"p-0 me-2\"><i class=\"fas fa-solid fa-book fa-fw\"><\/i> Pobreza, desigualdad y grupos vulnerables en Latinoam\u00e9rica<\/li><li class=\"p-0 me-2\"><i class=\"fas fa-solid fa-calendar fa-fw\"><\/i> 2025<\/li><\/ul><div class=\"caption col-12 p-0 col-md-12 row m-0 align-items-center\"><div class=\"px-md-1\">    <h3 class=\"fw-medium m-0 small-space pt-2 pb-2 title-ss text-decoration-none border-bottom\">Presente y futuro de los asentamientos informales en Chile<\/h3>\n\n    <div class=\"mt-0 row g-3\">\n        \n        <div class=\"col-12 col-sm-6 col-lg-2 border-bottom pb-2\">\n            <small><i class=\"fas fa-solid fa-barcode fa-fw me-2\" style=\"color: #8c9db3;\"><\/i>ISBN<\/small>\n        <\/div>\n\n        <div class=\"col-12 col-sm-6 col-lg-3 border-bottom pb-2\">\n            <small class=\"text-muted\">978-9978-77-757-2<\/small>\n        <\/div>\n\n        <div class=\"col-12 col-sm-6 col-lg-2 border-bottom pb-2\">\n            <small><i class=\"fas fa-solid fa-file fa-fw me-2\" style=\"color: #8c9db3;\"><\/i>P\u00e1ginas<\/small>\n        <\/div>\n\n        <div class=\"col-12 col-sm-6 col-lg-5 border-bottom pb-2\">\n            <small class=\"text-muted\">D\u00e9sde la p\u00e1gina 98, hasta la p\u00e1gina 121<\/small>\n        <\/div>\n\n        <div class=\"col-12 col-sm-6 col-lg-2 border-bottom pb-2\">\n            <small><i class=\"fas fa-solid fa-language fa-fw me-2\" style=\"color: #8c9db3;\"><\/i>Idioma<\/small>\n        <\/div>\n\n        <div class=\"col-12 col-sm-6 col-lg-3 border-bottom pb-2\">\n            <small class=\"text-muted\">Espa\u00f1ol<\/small>\n        <\/div>\n\n        <div class=\"col-12 col-sm-6 col-lg-2 border-bottom pb-2\">\n            <small><i class=\"fas fa-solid fa-newspaper fa-fw me-2\" style=\"color: #8c9db3;\"><\/i>Editorial<\/small>\n        <\/div>\n\n        <div class=\"col-12 col-sm-6 col-lg-5 border-bottom pb-2\">\n            <small class=\"text-muted\">ediPUCE<\/small>\n        <\/div>\n\n        <div class=\"col-12 col-sm-6 col-lg-2 border-bottom pb-2\">\n            <small><i class=\"fas fa-solid fa-user-pen fa-fw me-2\" style=\"color: #8c9db3;\"><\/i>Editores<\/small>\n        <\/div>\n\n        <div class=\"col-12 col-sm-6 col-lg-10 border-bottom pb-2\">\n            <small class=\"text-muted\">Oscar Mart\u00ednez, Andr\u00e9s Mideros, Carolina S\u00e1nchez<\/small>\n        <\/div>\n\n        <div class=\"col-12 col-sm-6 col-lg-2\">\n            <small><i class=\"fas fa-solid fa-signature fa-fw me-2\" style=\"color: #8c9db3;\"><\/i>Autores<\/small>\n        <\/div>\n\n        <div class=\"col-12 col-sm-6 col-lg-10\">\n            <small class=\"text-muted\">Mar\u00eda Paz Trebilcock Gac<\/small>\n        <\/div>\n    <\/div><span class=\"caption-field-publish\"><\/span><\/div><\/div><\/div><\/div><\/div><div class=\"  circle--pattern-bottom-large col-sm-12 col-md-12 img-article\"><div class=\"holder-publish col-md-12\" style=\"border-bottom: 1px solid #B8B8B8\"><div class=\"content-holder h-100 component-border overflow-hidden row m-0 p-4 aling-items-center\"><ul class=\"p-0 list-style-none\"><li class=\"p-0 me-2\"><i class=\"fas fa-solid fa-book fa-fw\"><\/i> Cuerpos y territorios en la Investigaci\u00f3n Art\u00edstica<\/li><li class=\"p-0 me-2\"><i class=\"fas fa-solid fa-calendar fa-fw\"><\/i> 2025<\/li><\/ul><div class=\"caption col-12 p-0 col-md-12 row m-0 align-items-center\"><div class=\"px-md-1\">    <h3 class=\"fw-medium m-0 small-space pt-2 pb-2 title-ss text-decoration-none border-bottom\">Retratos de la desterritorializaci\u00f3n materna en pandemia<\/h3>\n\n    <div class=\"mt-0 row g-3\">\n        \n        <div class=\"col-12 col-sm-6 col-lg-2 border-bottom pb-2\">\n            <small><i class=\"fas fa-solid fa-barcode fa-fw me-2\" style=\"color: #8c9db3;\"><\/i>ISBN<\/small>\n        <\/div>\n\n        <div class=\"col-12 col-sm-6 col-lg-3 border-bottom pb-2\">\n            <small class=\"text-muted\"><\/small>\n        <\/div>\n\n        <div class=\"col-12 col-sm-6 col-lg-2 border-bottom pb-2\">\n            <small><i class=\"fas fa-solid fa-file fa-fw me-2\" style=\"color: #8c9db3;\"><\/i>P\u00e1ginas<\/small>\n        <\/div>\n\n        <div class=\"col-12 col-sm-6 col-lg-5 border-bottom pb-2\">\n            <small class=\"text-muted\">D\u00e9sde la p\u00e1gina 160, hasta la p\u00e1gina 179<\/small>\n        <\/div>\n\n        <div class=\"col-12 col-sm-6 col-lg-2 border-bottom pb-2\">\n            <small><i class=\"fas fa-solid fa-language fa-fw me-2\" style=\"color: #8c9db3;\"><\/i>Idioma<\/small>\n        <\/div>\n\n        <div class=\"col-12 col-sm-6 col-lg-3 border-bottom pb-2\">\n            <small class=\"text-muted\">Espa\u00f1ol<\/small>\n        <\/div>\n\n        <div class=\"col-12 col-sm-6 col-lg-2 border-bottom pb-2\">\n            <small><i class=\"fas fa-solid fa-newspaper fa-fw me-2\" style=\"color: #8c9db3;\"><\/i>Editorial<\/small>\n        <\/div>\n\n        <div class=\"col-12 col-sm-6 col-lg-5 border-bottom pb-2\">\n            <small class=\"text-muted\">Editorial Universidad de la Rep\u00fablica de Uruguay.<\/small>\n        <\/div>\n\n        <div class=\"col-12 col-sm-6 col-lg-2 border-bottom pb-2\">\n            <small><i class=\"fas fa-solid fa-user-pen fa-fw me-2\" style=\"color: #8c9db3;\"><\/i>Editores<\/small>\n        <\/div>\n\n        <div class=\"col-12 col-sm-6 col-lg-10 border-bottom pb-2\">\n            <small class=\"text-muted\"><\/small>\n        <\/div>\n\n        <div class=\"col-12 col-sm-6 col-lg-2\">\n            <small><i class=\"fas fa-solid fa-signature fa-fw me-2\" style=\"color: #8c9db3;\"><\/i>Autores<\/small>\n        <\/div>\n\n        <div class=\"col-12 col-sm-6 col-lg-10\">\n            <small class=\"text-muted\">Mar\u00eda Rosario de Lourdes Garc\u00eda-Huidobro Munita<\/small>\n        <\/div>\n    <\/div><span class=\"caption-field-publish\"><\/span><\/div><\/div><\/div><\/div><\/div><div class=\"  circle--pattern-bottom-large col-sm-12 col-md-12 img-article\"><div class=\"holder-publish col-md-12\" style=\"border-bottom: 1px solid #B8B8B8\"><div class=\"content-holder h-100 component-border overflow-hidden row m-0 p-4 aling-items-center\"><ul class=\"p-0 list-style-none\"><li class=\"p-0 me-2\"><i class=\"fas fa-solid fa-book fa-fw\"><\/i> Di\u00e1logos chileno-brasileiros de Direito Penal e Processual Penal. Volume II<\/li><li class=\"p-0 me-2\"><i class=\"fas fa-solid fa-calendar fa-fw\"><\/i> 2025<\/li><\/ul><div class=\"caption col-12 p-0 col-md-12 row m-0 align-items-center\"><div class=\"px-md-1\">    <h3 class=\"fw-medium m-0 small-space pt-2 pb-2 title-ss text-decoration-none border-bottom\">Eficiencia y eficacia en la administraci\u00f3n del Sistema de Justicia Criminal Chileno<\/h3>\n\n    <div class=\"mt-0 row g-3\">\n        \n        <div class=\"col-12 col-sm-6 col-lg-2 border-bottom pb-2\">\n            <small><i class=\"fas fa-solid fa-barcode fa-fw me-2\" style=\"color: #8c9db3;\"><\/i>ISBN<\/small>\n        <\/div>\n\n        <div class=\"col-12 col-sm-6 col-lg-3 border-bottom pb-2\">\n            <small class=\"text-muted\">9788594776785<\/small>\n        <\/div>\n\n        <div class=\"col-12 col-sm-6 col-lg-2 border-bottom pb-2\">\n            <small><i class=\"fas fa-solid fa-file fa-fw me-2\" style=\"color: #8c9db3;\"><\/i>P\u00e1ginas<\/small>\n        <\/div>\n\n        <div class=\"col-12 col-sm-6 col-lg-5 border-bottom pb-2\">\n            <small class=\"text-muted\">D\u00e9sde la p\u00e1gina 145, hasta la p\u00e1gina 161<\/small>\n        <\/div>\n\n        <div class=\"col-12 col-sm-6 col-lg-2 border-bottom pb-2\">\n            <small><i class=\"fas fa-solid fa-language fa-fw me-2\" style=\"color: #8c9db3;\"><\/i>Idioma<\/small>\n        <\/div>\n\n        <div class=\"col-12 col-sm-6 col-lg-3 border-bottom pb-2\">\n            <small class=\"text-muted\">Espa\u00f1ol<\/small>\n        <\/div>\n\n        <div class=\"col-12 col-sm-6 col-lg-2 border-bottom pb-2\">\n            <small><i class=\"fas fa-solid fa-newspaper fa-fw me-2\" style=\"color: #8c9db3;\"><\/i>Editorial<\/small>\n        <\/div>\n\n        <div class=\"col-12 col-sm-6 col-lg-5 border-bottom pb-2\">\n            <small class=\"text-muted\">Tirant lo Blanch<\/small>\n        <\/div>\n\n        <div class=\"col-12 col-sm-6 col-lg-2 border-bottom pb-2\">\n            <small><i class=\"fas fa-solid fa-user-pen fa-fw me-2\" style=\"color: #8c9db3;\"><\/i>Editores<\/small>\n        <\/div>\n\n        <div class=\"col-12 col-sm-6 col-lg-10 border-bottom pb-2\">\n            <small class=\"text-muted\">Rodrigo R\u00edos, Lorena Machado<\/small>\n        <\/div>\n\n        <div class=\"col-12 col-sm-6 col-lg-2\">\n            <small><i class=\"fas fa-solid fa-signature fa-fw me-2\" style=\"color: #8c9db3;\"><\/i>Autores<\/small>\n        <\/div>\n\n        <div class=\"col-12 col-sm-6 col-lg-10\">\n            <small class=\"text-muted\">Nicol\u00e1s Ulloa Mendoza, Javier Eduardo Vel\u00e1squez Valenzuela<\/small>\n        <\/div>\n    <\/div><span class=\"caption-field-publish\"><\/span><\/div><\/div><\/div><\/div><\/div><div class=\"  circle--pattern-bottom-large col-sm-12 col-md-12 img-article\"><div class=\"holder-publish col-md-12\" style=\"border-bottom: 1px solid #B8B8B8\"><div class=\"content-holder h-100 component-border overflow-hidden row m-0 p-4 aling-items-center\"><ul class=\"p-0 list-style-none\"><li class=\"p-0 me-2\"><i class=\"fas fa-solid fa-book fa-fw\"><\/i> Routledge International Handbook of Critical Policing Studies<\/li><li class=\"p-0 me-2\"><i class=\"fas fa-solid fa-calendar fa-fw\"><\/i> 2025<\/li><\/ul><div class=\"caption col-12 p-0 col-md-12 row m-0 align-items-center\"><div class=\"px-md-1\">    <h3 class=\"fw-medium m-0 small-space pt-2 pb-2 title-ss text-decoration-none border-bottom\">Pain compliance, disability, and state accountability: lessons from Chile and Colombia on the form and function of less lethal weapons<\/h3>\n\n    <div class=\"mt-0 row g-3\">\n        \n        <div class=\"col-12 col-sm-6 col-lg-2 border-bottom pb-2\">\n            <small><i class=\"fas fa-solid fa-barcode fa-fw me-2\" style=\"color: #8c9db3;\"><\/i>ISBN<\/small>\n        <\/div>\n\n        <div class=\"col-12 col-sm-6 col-lg-3 border-bottom pb-2\">\n            <small class=\"text-muted\">9781032511139<\/small>\n        <\/div>\n\n        <div class=\"col-12 col-sm-6 col-lg-2 border-bottom pb-2\">\n            <small><i class=\"fas fa-solid fa-file fa-fw me-2\" style=\"color: #8c9db3;\"><\/i>P\u00e1ginas<\/small>\n        <\/div>\n\n        <div class=\"col-12 col-sm-6 col-lg-5 border-bottom pb-2\">\n            <small class=\"text-muted\">D\u00e9sde la p\u00e1gina 465, hasta la p\u00e1gina 480<\/small>\n        <\/div>\n\n        <div class=\"col-12 col-sm-6 col-lg-2 border-bottom pb-2\">\n            <small><i class=\"fas fa-solid fa-language fa-fw me-2\" style=\"color: #8c9db3;\"><\/i>Idioma<\/small>\n        <\/div>\n\n        <div class=\"col-12 col-sm-6 col-lg-3 border-bottom pb-2\">\n            <small class=\"text-muted\">Ingl\u00e9s<\/small>\n        <\/div>\n\n        <div class=\"col-12 col-sm-6 col-lg-2 border-bottom pb-2\">\n            <small><i class=\"fas fa-solid fa-newspaper fa-fw me-2\" style=\"color: #8c9db3;\"><\/i>Editorial<\/small>\n        <\/div>\n\n        <div class=\"col-12 col-sm-6 col-lg-5 border-bottom pb-2\">\n            <small class=\"text-muted\">Routledge<\/small>\n        <\/div>\n\n        <div class=\"col-12 col-sm-6 col-lg-2 border-bottom pb-2\">\n            <small><i class=\"fas fa-solid fa-user-pen fa-fw me-2\" style=\"color: #8c9db3;\"><\/i>Editores<\/small>\n        <\/div>\n\n        <div class=\"col-12 col-sm-6 col-lg-10 border-bottom pb-2\">\n            <small class=\"text-muted\">Nicole L. Asquith, Jess Rodgers, James Clover, Gary Cordner, Angela Dwyer, Rishweena Ahmed<\/small>\n        <\/div>\n\n        <div class=\"col-12 col-sm-6 col-lg-2\">\n            <small><i class=\"fas fa-solid fa-signature fa-fw me-2\" style=\"color: #8c9db3;\"><\/i>Autores<\/small>\n        <\/div>\n\n        <div class=\"col-12 col-sm-6 col-lg-10\">\n            <small class=\"text-muted\">Javier Eduardo Vel\u00e1squez Valenzuela, Luc\u00eda Guerrero Rivi\u00e8re<\/small>\n        <\/div>\n    <\/div><span class=\"caption-field-publish\"><\/span><\/div><\/div><\/div><\/div><\/div><div class=\"  circle--pattern-bottom-large col-sm-12 col-md-12 img-article\"><div class=\"holder-publish col-md-12\" style=\"border-bottom: 1px solid #B8B8B8\"><div class=\"content-holder h-100 component-border overflow-hidden row m-0 p-4 aling-items-center\"><ul class=\"p-0 list-style-none\"><li class=\"p-0 me-2\"><i class=\"fas fa-solid fa-book fa-fw\"><\/i> Early language education in instructed contexts: Current issues and empirical insights into teaching and learning languages in primary school<\/li><li class=\"p-0 me-2\"><i class=\"fas fa-solid fa-calendar fa-fw\"><\/i> 2025<\/li><\/ul><div class=\"caption col-12 p-0 col-md-12 row m-0 align-items-center\"><div class=\"px-md-1\">    <h3 class=\"fw-medium m-0 small-space pt-2 pb-2 title-ss text-decoration-none border-bottom\">Primary school learners benefit from captioned video viewing: Vocabulary learning, viewing distribution and perceptions.<\/h3>\n\n    <div class=\"mt-0 row g-3\">\n        \n        <div class=\"col-12 col-sm-6 col-lg-2 border-bottom pb-2\">\n            <small><i class=\"fas fa-solid fa-barcode fa-fw me-2\" style=\"color: #8c9db3;\"><\/i>ISBN<\/small>\n        <\/div>\n\n        <div class=\"col-12 col-sm-6 col-lg-3 border-bottom pb-2\">\n            <small class=\"text-muted\">9789027223449<\/small>\n        <\/div>\n\n        <div class=\"col-12 col-sm-6 col-lg-2 border-bottom pb-2\">\n            <small><i class=\"fas fa-solid fa-file fa-fw me-2\" style=\"color: #8c9db3;\"><\/i>P\u00e1ginas<\/small>\n        <\/div>\n\n        <div class=\"col-12 col-sm-6 col-lg-5 border-bottom pb-2\">\n            <small class=\"text-muted\">D\u00e9sde la p\u00e1gina 43, hasta la p\u00e1gina 64<\/small>\n        <\/div>\n\n        <div class=\"col-12 col-sm-6 col-lg-2 border-bottom pb-2\">\n            <small><i class=\"fas fa-solid fa-language fa-fw me-2\" style=\"color: #8c9db3;\"><\/i>Idioma<\/small>\n        <\/div>\n\n        <div class=\"col-12 col-sm-6 col-lg-3 border-bottom pb-2\">\n            <small class=\"text-muted\">Ingl\u00e9s<\/small>\n        <\/div>\n\n        <div class=\"col-12 col-sm-6 col-lg-2 border-bottom pb-2\">\n            <small><i class=\"fas fa-solid fa-newspaper fa-fw me-2\" style=\"color: #8c9db3;\"><\/i>Editorial<\/small>\n        <\/div>\n\n        <div class=\"col-12 col-sm-6 col-lg-5 border-bottom pb-2\">\n            <small class=\"text-muted\">John Benjamins<\/small>\n        <\/div>\n\n        <div class=\"col-12 col-sm-6 col-lg-2 border-bottom pb-2\">\n            <small><i class=\"fas fa-solid fa-user-pen fa-fw me-2\" style=\"color: #8c9db3;\"><\/i>Editores<\/small>\n        <\/div>\n\n        <div class=\"col-12 col-sm-6 col-lg-10 border-bottom pb-2\">\n            <small class=\"text-muted\">S. Frisch, K. Glaser<\/small>\n        <\/div>\n\n        <div class=\"col-12 col-sm-6 col-lg-2\">\n            <small><i class=\"fas fa-solid fa-signature fa-fw me-2\" style=\"color: #8c9db3;\"><\/i>Autores<\/small>\n        <\/div>\n\n        <div class=\"col-12 col-sm-6 col-lg-10\">\n            <small class=\"text-muted\">Daniela Isabel Avello Garc\u00eda, Carmen Mu\u00f1oz Lahoz<\/small>\n        <\/div>\n    <\/div><span class=\"caption-field-publish\"><\/span><\/div><\/div><\/div><\/div><\/div><div class=\"  circle--pattern-bottom-large col-sm-12 col-md-12 img-article\"><div class=\"holder-publish col-md-12\" style=\"border-bottom: 1px solid #B8B8B8\"><div class=\"content-holder h-100 component-border overflow-hidden row m-0 p-4 aling-items-center\"><ul class=\"p-0 list-style-none\"><li class=\"p-0 me-2\"><i class=\"fas fa-solid fa-book fa-fw\"><\/i> Foreign Language Learning from Audiovisual Input: The role of original version television<\/li><li class=\"p-0 me-2\"><i class=\"fas fa-solid fa-calendar fa-fw\"><\/i> 2025<\/li><\/ul><div class=\"caption col-12 p-0 col-md-12 row m-0 align-items-center\"><div class=\"px-md-1\">    <h3 class=\"fw-medium m-0 small-space pt-2 pb-2 title-ss text-decoration-none border-bottom\">Vocabulary learning from captioned-video viewing in primary school learners: The influence of word- and context-related factors<\/h3>\n\n    <div class=\"mt-0 row g-3\">\n        \n        <div class=\"col-12 col-sm-6 col-lg-2 border-bottom pb-2\">\n            <small><i class=\"fas fa-solid fa-barcode fa-fw me-2\" style=\"color: #8c9db3;\"><\/i>ISBN<\/small>\n        <\/div>\n\n        <div class=\"col-12 col-sm-6 col-lg-3 border-bottom pb-2\">\n            <small class=\"text-muted\">978-3-031-91000-5<\/small>\n        <\/div>\n\n        <div class=\"col-12 col-sm-6 col-lg-2 border-bottom pb-2\">\n            <small><i class=\"fas fa-solid fa-file fa-fw me-2\" style=\"color: #8c9db3;\"><\/i>P\u00e1ginas<\/small>\n        <\/div>\n\n        <div class=\"col-12 col-sm-6 col-lg-5 border-bottom pb-2\">\n            <small class=\"text-muted\">D\u00e9sde la p\u00e1gina 17, hasta la p\u00e1gina 37<\/small>\n        <\/div>\n\n        <div class=\"col-12 col-sm-6 col-lg-2 border-bottom pb-2\">\n            <small><i class=\"fas fa-solid fa-language fa-fw me-2\" style=\"color: #8c9db3;\"><\/i>Idioma<\/small>\n        <\/div>\n\n        <div class=\"col-12 col-sm-6 col-lg-3 border-bottom pb-2\">\n            <small class=\"text-muted\">Ingl\u00e9s<\/small>\n        <\/div>\n\n        <div class=\"col-12 col-sm-6 col-lg-2 border-bottom pb-2\">\n            <small><i class=\"fas fa-solid fa-newspaper fa-fw me-2\" style=\"color: #8c9db3;\"><\/i>Editorial<\/small>\n        <\/div>\n\n        <div class=\"col-12 col-sm-6 col-lg-5 border-bottom pb-2\">\n            <small class=\"text-muted\">Springer<\/small>\n        <\/div>\n\n        <div class=\"col-12 col-sm-6 col-lg-2 border-bottom pb-2\">\n            <small><i class=\"fas fa-solid fa-user-pen fa-fw me-2\" style=\"color: #8c9db3;\"><\/i>Editores<\/small>\n        <\/div>\n\n        <div class=\"col-12 col-sm-6 col-lg-10 border-bottom pb-2\">\n            <small class=\"text-muted\">A. Pattemore, F. Gesa<\/small>\n        <\/div>\n\n        <div class=\"col-12 col-sm-6 col-lg-2\">\n            <small><i class=\"fas fa-solid fa-signature fa-fw me-2\" style=\"color: #8c9db3;\"><\/i>Autores<\/small>\n        <\/div>\n\n        <div class=\"col-12 col-sm-6 col-lg-10\">\n            <small class=\"text-muted\">Daniela Isabel Avello Garc\u00eda, Carmen Mu\u00f1oz Lahoz<\/small>\n        <\/div>\n    <\/div><span class=\"caption-field-publish\"><\/span><\/div><\/div><\/div><\/div><\/div><div class=\"  circle--pattern-bottom-large col-sm-12 col-md-12 img-article\"><div class=\"holder-publish col-md-12\" style=\"border-bottom: 1px solid #B8B8B8\"><div class=\"content-holder h-100 component-border overflow-hidden row m-0 p-4 aling-items-center\"><ul class=\"p-0 list-style-none\"><li class=\"p-0 me-2\"><i class=\"fas fa-solid fa-book fa-fw\"><\/i> In Light and Shadow: A Photographic History from Indigenous America<\/li><li class=\"p-0 me-2\"><i class=\"fas fa-solid fa-calendar fa-fw\"><\/i> 2025<\/li><\/ul><div class=\"caption col-12 p-0 col-md-12 row m-0 align-items-center\"><div class=\"px-md-1\">    <h3 class=\"fw-medium m-0 small-space pt-2 pb-2 title-ss text-decoration-none border-bottom\">Mapuche photography<\/h3>\n\n    <div class=\"mt-0 row g-3\">\n        \n        <div class=\"col-12 col-sm-6 col-lg-2 border-bottom pb-2\">\n            <small><i class=\"fas fa-solid fa-barcode fa-fw me-2\" style=\"color: #8c9db3;\"><\/i>ISBN<\/small>\n        <\/div>\n\n        <div class=\"col-12 col-sm-6 col-lg-3 border-bottom pb-2\">\n            <small class=\"text-muted\">9780762482467<\/small>\n        <\/div>\n\n        <div class=\"col-12 col-sm-6 col-lg-2 border-bottom pb-2\">\n            <small><i class=\"fas fa-solid fa-file fa-fw me-2\" style=\"color: #8c9db3;\"><\/i>P\u00e1ginas<\/small>\n        <\/div>\n\n        <div class=\"col-12 col-sm-6 col-lg-5 border-bottom pb-2\">\n            <small class=\"text-muted\">D\u00e9sde la p\u00e1gina 232, hasta la p\u00e1gina 233<\/small>\n        <\/div>\n\n        <div class=\"col-12 col-sm-6 col-lg-2 border-bottom pb-2\">\n            <small><i class=\"fas fa-solid fa-language fa-fw me-2\" style=\"color: #8c9db3;\"><\/i>Idioma<\/small>\n        <\/div>\n\n        <div class=\"col-12 col-sm-6 col-lg-3 border-bottom pb-2\">\n            <small class=\"text-muted\">Ingl\u00e9s<\/small>\n        <\/div>\n\n        <div class=\"col-12 col-sm-6 col-lg-2 border-bottom pb-2\">\n            <small><i class=\"fas fa-solid fa-newspaper fa-fw me-2\" style=\"color: #8c9db3;\"><\/i>Editorial<\/small>\n        <\/div>\n\n        <div class=\"col-12 col-sm-6 col-lg-5 border-bottom pb-2\">\n            <small class=\"text-muted\">Black Dog & Leventhal<\/small>\n        <\/div>\n\n        <div class=\"col-12 col-sm-6 col-lg-2 border-bottom pb-2\">\n            <small><i class=\"fas fa-solid fa-user-pen fa-fw me-2\" style=\"color: #8c9db3;\"><\/i>Editores<\/small>\n        <\/div>\n\n        <div class=\"col-12 col-sm-6 col-lg-10 border-bottom pb-2\">\n            <small class=\"text-muted\">Brian Adams, Sarah Stacke<\/small>\n        <\/div>\n\n        <div class=\"col-12 col-sm-6 col-lg-2\">\n            <small><i class=\"fas fa-solid fa-signature fa-fw me-2\" style=\"color: #8c9db3;\"><\/i>Autores<\/small>\n        <\/div>\n\n        <div class=\"col-12 col-sm-6 col-lg-10\">\n            <small class=\"text-muted\">Jos\u00e9 Israel Mela Contreras<\/small>\n        <\/div>\n    <\/div><span class=\"caption-field-publish\"><\/span><\/div><\/div><\/div><\/div><\/div><div class=\"  circle--pattern-bottom-large col-sm-12 col-md-12 img-article\"><div class=\"holder-publish col-md-12\" style=\"border-bottom: 1px solid #B8B8B8\"><div class=\"content-holder h-100 component-border overflow-hidden row m-0 p-4 aling-items-center\"><ul class=\"p-0 list-style-none\"><li class=\"p-0 me-2\"><i class=\"fas fa-solid fa-book fa-fw\"><\/i> DESARROLLO DE HABILIDADES EN EL AULA DE MATEM\u00c1TICAS<\/li><li class=\"p-0 me-2\"><i class=\"fas fa-solid fa-calendar fa-fw\"><\/i> 2025<\/li><\/ul><div class=\"caption col-12 p-0 col-md-12 row m-0 align-items-center\"><div class=\"px-md-1\">    <h3 class=\"fw-medium m-0 small-space pt-2 pb-2 title-ss text-decoration-none border-bottom\">El ciclo de investigaci\u00f3n estad\u00edstica: una estrategia para integrar habilidades matem\u00e1ticas y estad\u00edsticas<\/h3>\n\n    <div class=\"mt-0 row g-3\">\n        \n        <div class=\"col-12 col-sm-6 col-lg-2 border-bottom pb-2\">\n            <small><i class=\"fas fa-solid fa-barcode fa-fw me-2\" style=\"color: #8c9db3;\"><\/i>ISBN<\/small>\n        <\/div>\n\n        <div class=\"col-12 col-sm-6 col-lg-3 border-bottom pb-2\">\n            <small class=\"text-muted\"><\/small>\n        <\/div>\n\n        <div class=\"col-12 col-sm-6 col-lg-2 border-bottom pb-2\">\n            <small><i class=\"fas fa-solid fa-file fa-fw me-2\" style=\"color: #8c9db3;\"><\/i>P\u00e1ginas<\/small>\n        <\/div>\n\n        <div class=\"col-12 col-sm-6 col-lg-5 border-bottom pb-2\">\n            <small class=\"text-muted\">D\u00e9sde la p\u00e1gina , hasta la p\u00e1gina <\/small>\n        <\/div>\n\n        <div class=\"col-12 col-sm-6 col-lg-2 border-bottom pb-2\">\n            <small><i class=\"fas fa-solid fa-language fa-fw me-2\" style=\"color: #8c9db3;\"><\/i>Idioma<\/small>\n        <\/div>\n\n        <div class=\"col-12 col-sm-6 col-lg-3 border-bottom pb-2\">\n            <small class=\"text-muted\">Espa\u00f1ol<\/small>\n        <\/div>\n\n        <div class=\"col-12 col-sm-6 col-lg-2 border-bottom pb-2\">\n            <small><i class=\"fas fa-solid fa-newspaper fa-fw me-2\" style=\"color: #8c9db3;\"><\/i>Editorial<\/small>\n        <\/div>\n\n        <div class=\"col-12 col-sm-6 col-lg-5 border-bottom pb-2\">\n            <small class=\"text-muted\">Universidad de O'Higgins<\/small>\n        <\/div>\n\n        <div class=\"col-12 col-sm-6 col-lg-2 border-bottom pb-2\">\n            <small><i class=\"fas fa-solid fa-user-pen fa-fw me-2\" style=\"color: #8c9db3;\"><\/i>Editores<\/small>\n        <\/div>\n\n        <div class=\"col-12 col-sm-6 col-lg-10 border-bottom pb-2\">\n            <small class=\"text-muted\"><\/small>\n        <\/div>\n\n        <div class=\"col-12 col-sm-6 col-lg-2\">\n            <small><i class=\"fas fa-solid fa-signature fa-fw me-2\" style=\"color: #8c9db3;\"><\/i>Autores<\/small>\n        <\/div>\n\n        <div class=\"col-12 col-sm-6 col-lg-10\">\n            <small class=\"text-muted\">Valentina Sof\u00eda Giaconi Smoje, Francisca Ubilla, Felipe Ruz<\/small>\n        <\/div>\n    <\/div><span class=\"caption-field-publish\"><\/span><\/div><\/div><\/div><\/div><\/div><div class=\"  circle--pattern-bottom-large col-sm-12 col-md-12 img-article\"><div class=\"holder-publish col-md-12\" style=\"border-bottom: 1px solid #B8B8B8\"><div class=\"content-holder h-100 component-border overflow-hidden row m-0 p-4 aling-items-center\"><ul class=\"p-0 list-style-none\"><li class=\"p-0 me-2\"><i class=\"fas fa-solid fa-book fa-fw\"><\/i> Plant Biotechnology and Sustainable Agriculture: Bridging the Gap for Global Food Security<\/li><li class=\"p-0 me-2\"><i class=\"fas fa-solid fa-calendar fa-fw\"><\/i> 2025<\/li><\/ul><div class=\"caption col-12 p-0 col-md-12 row m-0 align-items-center\"><div class=\"px-md-1\">    <h3 class=\"fw-medium m-0 small-space pt-2 pb-2 title-ss text-decoration-none border-bottom\">Bio-Inoculants as Biological Tools to Mitigate Water Deficit in Crops<\/h3>\n\n    <div class=\"mt-0 row g-3\">\n        \n        <div class=\"col-12 col-sm-6 col-lg-2 border-bottom pb-2\">\n            <small><i class=\"fas fa-solid fa-barcode fa-fw me-2\" style=\"color: #8c9db3;\"><\/i>ISBN<\/small>\n        <\/div>\n\n        <div class=\"col-12 col-sm-6 col-lg-3 border-bottom pb-2\">\n            <small class=\"text-muted\"><\/small>\n        <\/div>\n\n        <div class=\"col-12 col-sm-6 col-lg-2 border-bottom pb-2\">\n            <small><i class=\"fas fa-solid fa-file fa-fw me-2\" style=\"color: #8c9db3;\"><\/i>P\u00e1ginas<\/small>\n        <\/div>\n\n        <div class=\"col-12 col-sm-6 col-lg-5 border-bottom pb-2\">\n            <small class=\"text-muted\">D\u00e9sde la p\u00e1gina , hasta la p\u00e1gina <\/small>\n        <\/div>\n\n        <div class=\"col-12 col-sm-6 col-lg-2 border-bottom pb-2\">\n            <small><i class=\"fas fa-solid fa-language fa-fw me-2\" style=\"color: #8c9db3;\"><\/i>Idioma<\/small>\n        <\/div>\n\n        <div class=\"col-12 col-sm-6 col-lg-3 border-bottom pb-2\">\n            <small class=\"text-muted\">Ingl\u00e9s<\/small>\n        <\/div>\n\n        <div class=\"col-12 col-sm-6 col-lg-2 border-bottom pb-2\">\n            <small><i class=\"fas fa-solid fa-newspaper fa-fw me-2\" style=\"color: #8c9db3;\"><\/i>Editorial<\/small>\n        <\/div>\n\n        <div class=\"col-12 col-sm-6 col-lg-5 border-bottom pb-2\">\n            <small class=\"text-muted\">CAB Interantional<\/small>\n        <\/div>\n\n        <div class=\"col-12 col-sm-6 col-lg-2 border-bottom pb-2\">\n            <small><i class=\"fas fa-solid fa-user-pen fa-fw me-2\" style=\"color: #8c9db3;\"><\/i>Editores<\/small>\n        <\/div>\n\n        <div class=\"col-12 col-sm-6 col-lg-10 border-bottom pb-2\">\n            <small class=\"text-muted\"><\/small>\n        <\/div>\n\n        <div class=\"col-12 col-sm-6 col-lg-2\">\n            <small><i class=\"fas fa-solid fa-signature fa-fw me-2\" style=\"color: #8c9db3;\"><\/i>Autores<\/small>\n        <\/div>\n\n        <div class=\"col-12 col-sm-6 col-lg-10\">\n            <small class=\"text-muted\">Urley Perez-Mondaca, Pablo Cornejo, Christian Santander, Humberto Nicol\u00e1s Aponte D\u00edaz, Cledir Santos, Sivagnanam Silambarasan, Gladys Vidal<\/small>\n        <\/div>\n    <\/div><span class=\"caption-field-publish\"><\/span><\/div><\/div><\/div><\/div><\/div><div class=\"  circle--pattern-bottom-large col-sm-12 col-md-12 img-article\"><div class=\"holder-publish col-md-12\" style=\"border-bottom: 1px solid #B8B8B8\"><div class=\"content-holder h-100 component-border overflow-hidden row m-0 p-4 aling-items-center\"><ul class=\"p-0 list-style-none\"><li class=\"p-0 me-2\"><i class=\"fas fa-solid fa-book fa-fw\"><\/i> Anais de resumos do V SIMP\u00d3SIO Maranhense de Produ\u00e7\u00e3o de Ruminantes a Pasto - SIMPRUPASTO<\/li><li class=\"p-0 me-2\"><i class=\"fas fa-solid fa-calendar fa-fw\"><\/i> 2025<\/li><\/ul><div class=\"caption col-12 p-0 col-md-12 row m-0 align-items-center\"><div class=\"px-md-1\">    <h3 class=\"fw-medium m-0 small-space pt-2 pb-2 title-ss text-decoration-none border-bottom\">Influ\u00eancia do sil\u00edcio e do Azospirillum brasilense nas caracter\u00edsticas morfol\u00f3gicas e na produtividade do milheto (Pennisetum glaucum (L.) R. BR.) em condi\u00e7\u00f5es de entressafra<\/h3>\n\n    <div class=\"mt-0 row g-3\">\n        \n        <div class=\"col-12 col-sm-6 col-lg-2 border-bottom pb-2\">\n            <small><i class=\"fas fa-solid fa-barcode fa-fw me-2\" style=\"color: #8c9db3;\"><\/i>ISBN<\/small>\n        <\/div>\n\n        <div class=\"col-12 col-sm-6 col-lg-3 border-bottom pb-2\">\n            <small class=\"text-muted\">9786527219002 Doi: 10.29327\/5718357.3-23<\/small>\n        <\/div>\n\n        <div class=\"col-12 col-sm-6 col-lg-2 border-bottom pb-2\">\n            <small><i class=\"fas fa-solid fa-file fa-fw me-2\" style=\"color: #8c9db3;\"><\/i>P\u00e1ginas<\/small>\n        <\/div>\n\n        <div class=\"col-12 col-sm-6 col-lg-5 border-bottom pb-2\">\n            <small class=\"text-muted\">D\u00e9sde la p\u00e1gina 343, hasta la p\u00e1gina 371<\/small>\n        <\/div>\n\n        <div class=\"col-12 col-sm-6 col-lg-2 border-bottom pb-2\">\n            <small><i class=\"fas fa-solid fa-language fa-fw me-2\" style=\"color: #8c9db3;\"><\/i>Idioma<\/small>\n        <\/div>\n\n        <div class=\"col-12 col-sm-6 col-lg-3 border-bottom pb-2\">\n            <small class=\"text-muted\">Portugu\u00e9s<\/small>\n        <\/div>\n\n        <div class=\"col-12 col-sm-6 col-lg-2 border-bottom pb-2\">\n            <small><i class=\"fas fa-solid fa-newspaper fa-fw me-2\" style=\"color: #8c9db3;\"><\/i>Editorial<\/small>\n        <\/div>\n\n        <div class=\"col-12 col-sm-6 col-lg-5 border-bottom pb-2\">\n            <small class=\"text-muted\">Anais da III Mostra de Difus\u00e3o Tecnol\u00f3gica do Programa de P\u00f3s-gradua\u00e7\u00e3o em Ci\u00eancia Animal - PPGCA<\/small>\n        <\/div>\n\n        <div class=\"col-12 col-sm-6 col-lg-2 border-bottom pb-2\">\n            <small><i class=\"fas fa-solid fa-user-pen fa-fw me-2\" style=\"color: #8c9db3;\"><\/i>Editores<\/small>\n        <\/div>\n\n        <div class=\"col-12 col-sm-6 col-lg-10 border-bottom pb-2\">\n            <small class=\"text-muted\">Anderson de Moura Zanine, Daniele de Jesus Ferreira, Henrique Nunes Parente, Ivo Alexandre Leme da Cunha, Michelle de Oliveira Maia Parente, Rosane Claudia Rodrigues, Felipe Barbosa Ribeiro, Jefferson Costa de Siqueira, Livio Martins Costa Junior<\/small>\n        <\/div>\n\n        <div class=\"col-12 col-sm-6 col-lg-2\">\n            <small><i class=\"fas fa-solid fa-signature fa-fw me-2\" style=\"color: #8c9db3;\"><\/i>Autores<\/small>\n        <\/div>\n\n        <div class=\"col-12 col-sm-6 col-lg-10\">\n            <small class=\"text-muted\">Francisca Claudia da Silva de Sousa, Anderson de Moura Zanine, Daniele de Jesus Ferreira, Renato De Mello Prado, Edson Mauro Santos, Francisco Naysson de Sousa Santos, Fleming Sena Campos, Liliane Pereira Santana, Henrique Nunes Parente, Michelle de Oliveira Maia Parente, J\u00falia Bianca Ara\u00fajo Marinho, George de Sousa Lima Paiva, Felype Isac Meireles Boaventura, Dilier Olivera Viciedo<\/small>\n        <\/div>\n    <\/div><span class=\"caption-field-publish\"><\/span><\/div><\/div><\/div><\/div><\/div><div class=\"  circle--pattern-bottom-large col-sm-12 col-md-12 img-article\"><div class=\"holder-publish col-md-12\" style=\"border-bottom: 1px solid #B8B8B8\"><div class=\"content-holder h-100 component-border overflow-hidden row m-0 p-4 aling-items-center\"><ul class=\"p-0 list-style-none\"><li class=\"p-0 me-2\"><i class=\"fas fa-solid fa-book fa-fw\"><\/i> Anais de resumos do V SIMP\u00d3SIO Maranhense de Produ\u00e7\u00e3o de Ruminantes a Pasto - SIMPRUPASTO<\/li><li class=\"p-0 me-2\"><i class=\"fas fa-solid fa-calendar fa-fw\"><\/i> 2025<\/li><\/ul><div class=\"caption col-12 p-0 col-md-12 row m-0 align-items-center\"><div class=\"px-md-1\">    <h3 class=\"fw-medium m-0 small-space pt-2 pb-2 title-ss text-decoration-none border-bottom\">Influ\u00eancia do sil\u00edcio e do Azospirillum brasilense nas caracter\u00edsticas morfol\u00f3gicas e na produtividade do milheto (Pennisetum glaucum (L.) R. BR.) em condi\u00e7\u00f5es de entressafra<\/h3>\n\n    <div class=\"mt-0 row g-3\">\n        \n        <div class=\"col-12 col-sm-6 col-lg-2 border-bottom pb-2\">\n            <small><i class=\"fas fa-solid fa-barcode fa-fw me-2\" style=\"color: #8c9db3;\"><\/i>ISBN<\/small>\n        <\/div>\n\n        <div class=\"col-12 col-sm-6 col-lg-3 border-bottom pb-2\">\n            <small class=\"text-muted\">9786527219002 Doi: 10.29327\/5718357.3-23<\/small>\n        <\/div>\n\n        <div class=\"col-12 col-sm-6 col-lg-2 border-bottom pb-2\">\n            <small><i class=\"fas fa-solid fa-file fa-fw me-2\" style=\"color: #8c9db3;\"><\/i>P\u00e1ginas<\/small>\n        <\/div>\n\n        <div class=\"col-12 col-sm-6 col-lg-5 border-bottom pb-2\">\n            <small class=\"text-muted\">D\u00e9sde la p\u00e1gina 343, hasta la p\u00e1gina 371<\/small>\n        <\/div>\n\n        <div class=\"col-12 col-sm-6 col-lg-2 border-bottom pb-2\">\n            <small><i class=\"fas fa-solid fa-language fa-fw me-2\" style=\"color: #8c9db3;\"><\/i>Idioma<\/small>\n        <\/div>\n\n        <div class=\"col-12 col-sm-6 col-lg-3 border-bottom pb-2\">\n            <small class=\"text-muted\">Portugu\u00e9s<\/small>\n        <\/div>\n\n        <div class=\"col-12 col-sm-6 col-lg-2 border-bottom pb-2\">\n            <small><i class=\"fas fa-solid fa-newspaper fa-fw me-2\" style=\"color: #8c9db3;\"><\/i>Editorial<\/small>\n        <\/div>\n\n        <div class=\"col-12 col-sm-6 col-lg-5 border-bottom pb-2\">\n            <small class=\"text-muted\">Anais da III Mostra de Difus\u00e3o Tecnol\u00f3gica do Programa de P\u00f3s-gradua\u00e7\u00e3o em Ci\u00eancia Animal - PPGCA<\/small>\n        <\/div>\n\n        <div class=\"col-12 col-sm-6 col-lg-2 border-bottom pb-2\">\n            <small><i class=\"fas fa-solid fa-user-pen fa-fw me-2\" style=\"color: #8c9db3;\"><\/i>Editores<\/small>\n        <\/div>\n\n        <div class=\"col-12 col-sm-6 col-lg-10 border-bottom pb-2\">\n            <small class=\"text-muted\">Anderson de Moura Zanine, Daniele de Jesus Ferreira, Henrique Nunes Parente, Ivo Alexandre Leme da Cunha, Michelle de Oliveira Maia Parente, Rosane Claudia Rodrigues, Felipe Barbosa Ribeiro, Jefferson Costa de Siqueira, Livio Martins Costa Junior<\/small>\n        <\/div>\n\n        <div class=\"col-12 col-sm-6 col-lg-2\">\n            <small><i class=\"fas fa-solid fa-signature fa-fw me-2\" style=\"color: #8c9db3;\"><\/i>Autores<\/small>\n        <\/div>\n\n        <div class=\"col-12 col-sm-6 col-lg-10\">\n            <small class=\"text-muted\">Francisca Claudia da Silva de Sousa, Anderson de Moura Zanine, Daniele de Jesus Ferreira, Renato De Mello Prado, Edson Mauro Santos, Francisco Naysson de Sousa Santos, Fleming Sena Campos, Liliane Pereira Santana, Henrique Nunes Parente, Michelle de Oliveira Maia Parente, J\u00falia Bianca Ara\u00fajo Marinho, George de Sousa Lima Paiva, Felype Isac Meireles Boaventura, Dilier Olivera Viciedo<\/small>\n        <\/div>\n    <\/div><span class=\"caption-field-publish\"><\/span><\/div><\/div><\/div><\/div><\/div><div class=\"  circle--pattern-bottom-large col-sm-12 col-md-12 img-article\"><div class=\"holder-publish col-md-12\" style=\"border-bottom: 1px solid #B8B8B8\"><div class=\"content-holder h-100 component-border overflow-hidden row m-0 p-4 aling-items-center\"><ul class=\"p-0 list-style-none\"><li class=\"p-0 me-2\"><i class=\"fas fa-solid fa-book fa-fw\"><\/i> Anais de resumos do V SIMP\u00d3SIO Maranhense de Produ\u00e7\u00e3o de Ruminantes a Pasto - SIMPRUPASTO<\/li><li class=\"p-0 me-2\"><i class=\"fas fa-solid fa-calendar fa-fw\"><\/i> 2025<\/li><\/ul><div class=\"caption col-12 p-0 col-md-12 row m-0 align-items-center\"><div class=\"px-md-1\">    <h3 class=\"fw-medium m-0 small-space pt-2 pb-2 title-ss text-decoration-none border-bottom\">Inova\u00e7\u00f5es sustent\u00e1veis na produ\u00e7\u00e3o de milho para silagem: Biofertiliza\u00e7\u00e3o com Azospirillum brasilense e uso de sil\u00edcio na fertirriga\u00e7\u00e3o<\/h3>\n\n    <div class=\"mt-0 row g-3\">\n        \n        <div class=\"col-12 col-sm-6 col-lg-2 border-bottom pb-2\">\n            <small><i class=\"fas fa-solid fa-barcode fa-fw me-2\" style=\"color: #8c9db3;\"><\/i>ISBN<\/small>\n        <\/div>\n\n        <div class=\"col-12 col-sm-6 col-lg-3 border-bottom pb-2\">\n            <small class=\"text-muted\">9786527219002  Doi: 10.29327\/5718357.3-26<\/small>\n        <\/div>\n\n        <div class=\"col-12 col-sm-6 col-lg-2 border-bottom pb-2\">\n            <small><i class=\"fas fa-solid fa-file fa-fw me-2\" style=\"color: #8c9db3;\"><\/i>P\u00e1ginas<\/small>\n        <\/div>\n\n        <div class=\"col-12 col-sm-6 col-lg-5 border-bottom pb-2\">\n            <small class=\"text-muted\">D\u00e9sde la p\u00e1gina 392, hasta la p\u00e1gina 409<\/small>\n        <\/div>\n\n        <div class=\"col-12 col-sm-6 col-lg-2 border-bottom pb-2\">\n            <small><i class=\"fas fa-solid fa-language fa-fw me-2\" style=\"color: #8c9db3;\"><\/i>Idioma<\/small>\n        <\/div>\n\n        <div class=\"col-12 col-sm-6 col-lg-3 border-bottom pb-2\">\n            <small class=\"text-muted\">Portugu\u00e9s<\/small>\n        <\/div>\n\n        <div class=\"col-12 col-sm-6 col-lg-2 border-bottom pb-2\">\n            <small><i class=\"fas fa-solid fa-newspaper fa-fw me-2\" style=\"color: #8c9db3;\"><\/i>Editorial<\/small>\n        <\/div>\n\n        <div class=\"col-12 col-sm-6 col-lg-5 border-bottom pb-2\">\n            <small class=\"text-muted\">Anais da III Mostra de Difus\u00e3o Tecnol\u00f3gica do Programa de P\u00f3s-gradua\u00e7\u00e3o em Ci\u00eancia Animal - PPGCA<\/small>\n        <\/div>\n\n        <div class=\"col-12 col-sm-6 col-lg-2 border-bottom pb-2\">\n            <small><i class=\"fas fa-solid fa-user-pen fa-fw me-2\" style=\"color: #8c9db3;\"><\/i>Editores<\/small>\n        <\/div>\n\n        <div class=\"col-12 col-sm-6 col-lg-10 border-bottom pb-2\">\n            <small class=\"text-muted\">Anderson de Moura Zanine, Daniele de Jesus Ferreira, Henrique Nunes Parente, Ivo Alexandre Leme da Cunha, Michelle de Oliveira Maia Parente, Rosane Claudia Rodrigues, Felipe Barbosa Ribeiro, Jefferson Costa de Siqueira, Livio Martins Costa Junior<\/small>\n        <\/div>\n\n        <div class=\"col-12 col-sm-6 col-lg-2\">\n            <small><i class=\"fas fa-solid fa-signature fa-fw me-2\" style=\"color: #8c9db3;\"><\/i>Autores<\/small>\n        <\/div>\n\n        <div class=\"col-12 col-sm-6 col-lg-10\">\n            <small class=\"text-muted\">Juscelino da Silva Castelo Branco, Daniele de Jesus Ferreira, Fleming Sena Campos, Glayciane Costa Gois, Gildeane Aquino Castelo Branco, Francisco Naysson de Sousa Santos, Henrique Nunes Parente, Michelle de Oliveira Maia Parente, George de Sousa Lima Paiva, Victorya Maria Ferreira Martins, Felype Isac Meireles Boaventura, J\u00falia Bianca Ara\u00fajo Marinho, Luana Milena Pinheiro Rodrigues, Renato De Mello Prado, Dilier Olivera Viciedo, Anderson de Moura Zanine<\/small>\n        <\/div>\n    <\/div><span class=\"caption-field-publish\"><\/span><\/div><\/div><\/div><\/div><\/div><div class=\"  circle--pattern-bottom-large col-sm-12 col-md-12 img-article\"><div class=\"holder-publish col-md-12\" style=\"border-bottom: 1px solid #B8B8B8\"><div class=\"content-holder h-100 component-border overflow-hidden row m-0 p-4 aling-items-center\"><ul class=\"p-0 list-style-none\"><li class=\"p-0 me-2\"><i class=\"fas fa-solid fa-book fa-fw\"><\/i> Anais de resumos do V SIMP\u00d3SIO Maranhense de Produ\u00e7\u00e3o de Ruminantes a Pasto - SIMPRUPASTO<\/li><li class=\"p-0 me-2\"><i class=\"fas fa-solid fa-calendar fa-fw\"><\/i> 2025<\/li><\/ul><div class=\"caption col-12 p-0 col-md-12 row m-0 align-items-center\"><div class=\"px-md-1\">    <h3 class=\"fw-medium m-0 small-space pt-2 pb-2 title-ss text-decoration-none border-bottom\">Inova\u00e7\u00f5es sustent\u00e1veis na produ\u00e7\u00e3o de milho para silagem: Biofertiliza\u00e7\u00e3o com Azospirillum brasilense e uso de sil\u00edcio na fertirriga\u00e7\u00e3o<\/h3>\n\n    <div class=\"mt-0 row g-3\">\n        \n        <div class=\"col-12 col-sm-6 col-lg-2 border-bottom pb-2\">\n            <small><i class=\"fas fa-solid fa-barcode fa-fw me-2\" style=\"color: #8c9db3;\"><\/i>ISBN<\/small>\n        <\/div>\n\n        <div class=\"col-12 col-sm-6 col-lg-3 border-bottom pb-2\">\n            <small class=\"text-muted\">9786527219002  Doi: 10.29327\/5718357.3-26<\/small>\n        <\/div>\n\n        <div class=\"col-12 col-sm-6 col-lg-2 border-bottom pb-2\">\n            <small><i class=\"fas fa-solid fa-file fa-fw me-2\" style=\"color: #8c9db3;\"><\/i>P\u00e1ginas<\/small>\n        <\/div>\n\n        <div class=\"col-12 col-sm-6 col-lg-5 border-bottom pb-2\">\n            <small class=\"text-muted\">D\u00e9sde la p\u00e1gina 392, hasta la p\u00e1gina 409<\/small>\n        <\/div>\n\n        <div class=\"col-12 col-sm-6 col-lg-2 border-bottom pb-2\">\n            <small><i class=\"fas fa-solid fa-language fa-fw me-2\" style=\"color: #8c9db3;\"><\/i>Idioma<\/small>\n        <\/div>\n\n        <div class=\"col-12 col-sm-6 col-lg-3 border-bottom pb-2\">\n            <small class=\"text-muted\">Portugu\u00e9s<\/small>\n        <\/div>\n\n        <div class=\"col-12 col-sm-6 col-lg-2 border-bottom pb-2\">\n            <small><i class=\"fas fa-solid fa-newspaper fa-fw me-2\" style=\"color: #8c9db3;\"><\/i>Editorial<\/small>\n        <\/div>\n\n        <div class=\"col-12 col-sm-6 col-lg-5 border-bottom pb-2\">\n            <small class=\"text-muted\">Anais da III Mostra de Difus\u00e3o Tecnol\u00f3gica do Programa de P\u00f3s-gradua\u00e7\u00e3o em Ci\u00eancia Animal - PPGCA<\/small>\n        <\/div>\n\n        <div class=\"col-12 col-sm-6 col-lg-2 border-bottom pb-2\">\n            <small><i class=\"fas fa-solid fa-user-pen fa-fw me-2\" style=\"color: #8c9db3;\"><\/i>Editores<\/small>\n        <\/div>\n\n        <div class=\"col-12 col-sm-6 col-lg-10 border-bottom pb-2\">\n            <small class=\"text-muted\">Anderson de Moura Zanine, Daniele de Jesus Ferreira, Henrique Nunes Parente, Ivo Alexandre Leme da Cunha, Michelle de Oliveira Maia Parente, Rosane Claudia Rodrigues, Felipe Barbosa Ribeiro, Jefferson Costa de Siqueira, Livio Martins Costa Junior<\/small>\n        <\/div>\n\n        <div class=\"col-12 col-sm-6 col-lg-2\">\n            <small><i class=\"fas fa-solid fa-signature fa-fw me-2\" style=\"color: #8c9db3;\"><\/i>Autores<\/small>\n        <\/div>\n\n        <div class=\"col-12 col-sm-6 col-lg-10\">\n            <small class=\"text-muted\">Juscelino da Silva Castelo Branco, Daniele de Jesus Ferreira, Fleming Sena Campos, Glayciane Costa Gois, Gildeane Aquino Castelo Branco, Francisco Naysson de Sousa Santos, Henrique Nunes Parente, Michelle de Oliveira Maia Parente, George de Sousa Lima Paiva, Victorya Maria Ferreira Martins, Felype Isac Meireles Boaventura, J\u00falia Bianca Ara\u00fajo Marinho, Luana Milena Pinheiro Rodrigues, Renato De Mello Prado, Dilier Olivera Viciedo, Anderson de Moura Zanine<\/small>\n        <\/div>\n    <\/div><span class=\"caption-field-publish\"><\/span><\/div><\/div><\/div><\/div><\/div><div class=\"  circle--pattern-bottom-large col-sm-12 col-md-12 img-article\"><div class=\"holder-publish col-md-12\" style=\"border-bottom: 1px solid #B8B8B8\"><div class=\"content-holder h-100 component-border overflow-hidden row m-0 p-4 aling-items-center\"><ul class=\"p-0 list-style-none\"><li class=\"p-0 me-2\"><i class=\"fas fa-solid fa-book fa-fw\"><\/i> Anais da III Mostra de Difus\u00e3o Tecnol\u00f3gica do Programa de P\u00f3s-gradua\u00e7\u00e3o em Ci\u00eancia Animal - PPGCA<\/li><li class=\"p-0 me-2\"><i class=\"fas fa-solid fa-calendar fa-fw\"><\/i> 2025<\/li><\/ul><div class=\"caption col-12 p-0 col-md-12 row m-0 align-items-center\"><div class=\"px-md-1\">    <h3 class=\"fw-medium m-0 small-space pt-2 pb-2 title-ss text-decoration-none border-bottom\">Integrando sil\u00edcio e Azospirillum brasilense no manejo sustent\u00e1vel para impulsionar a produ\u00e7\u00e3o de milho no Centro-Sul do Chile<\/h3>\n\n    <div class=\"mt-0 row g-3\">\n        \n        <div class=\"col-12 col-sm-6 col-lg-2 border-bottom pb-2\">\n            <small><i class=\"fas fa-solid fa-barcode fa-fw me-2\" style=\"color: #8c9db3;\"><\/i>ISBN<\/small>\n        <\/div>\n\n        <div class=\"col-12 col-sm-6 col-lg-3 border-bottom pb-2\">\n            <small class=\"text-muted\">9786527219002  Doi: 10.29327\/5718357.3-29<\/small>\n        <\/div>\n\n        <div class=\"col-12 col-sm-6 col-lg-2 border-bottom pb-2\">\n            <small><i class=\"fas fa-solid fa-file fa-fw me-2\" style=\"color: #8c9db3;\"><\/i>P\u00e1ginas<\/small>\n        <\/div>\n\n        <div class=\"col-12 col-sm-6 col-lg-5 border-bottom pb-2\">\n            <small class=\"text-muted\">D\u00e9sde la p\u00e1gina 450, hasta la p\u00e1gina 458<\/small>\n        <\/div>\n\n        <div class=\"col-12 col-sm-6 col-lg-2 border-bottom pb-2\">\n            <small><i class=\"fas fa-solid fa-language fa-fw me-2\" style=\"color: #8c9db3;\"><\/i>Idioma<\/small>\n        <\/div>\n\n        <div class=\"col-12 col-sm-6 col-lg-3 border-bottom pb-2\">\n            <small class=\"text-muted\">Portugu\u00e9s<\/small>\n        <\/div>\n\n        <div class=\"col-12 col-sm-6 col-lg-2 border-bottom pb-2\">\n            <small><i class=\"fas fa-solid fa-newspaper fa-fw me-2\" style=\"color: #8c9db3;\"><\/i>Editorial<\/small>\n        <\/div>\n\n        <div class=\"col-12 col-sm-6 col-lg-5 border-bottom pb-2\">\n            <small class=\"text-muted\">Anais da III Mostra de Difus\u00e3o Tecnol\u00f3gica do Programa de P\u00f3sgradua\u00e7\u00e3o em Ci\u00eancia Animal \u0096 PPGCA\/UFMA<\/small>\n        <\/div>\n\n        <div class=\"col-12 col-sm-6 col-lg-2 border-bottom pb-2\">\n            <small><i class=\"fas fa-solid fa-user-pen fa-fw me-2\" style=\"color: #8c9db3;\"><\/i>Editores<\/small>\n        <\/div>\n\n        <div class=\"col-12 col-sm-6 col-lg-10 border-bottom pb-2\">\n            <small class=\"text-muted\">Anderson de Moura Zanine, Daniele de Jesus Ferreira, Henrique Nunes Parente, Ivo Alexandre Leme da Cunha, Michelle de Oliveira Maia Parente, Rosane Claudia Rodrigues, Felipe Barbosa Ribeiro, Jefferson Costa de Siqueira, Livio Martins Costa Junior, Marcos<\/small>\n        <\/div>\n\n        <div class=\"col-12 col-sm-6 col-lg-2\">\n            <small><i class=\"fas fa-solid fa-signature fa-fw me-2\" style=\"color: #8c9db3;\"><\/i>Autores<\/small>\n        <\/div>\n\n        <div class=\"col-12 col-sm-6 col-lg-10\">\n            <small class=\"text-muted\">Dilier Olivera Viciedo, Lorena Pizarro, Anderson de Moura Zanine, Renato De Mello Prado, Nicola Fiore, Priscila Lupino Grat\u00e3o, Marisa de C\u00e1ssia Piccolo, Daniele de Jesus Ferreira, Rosane Rodrigues, Javiera Martinez, Daniela Ponce, Romina Zurita, Paz Contreras, Sebastian Flores, Milton Costa, Jo\u00e3o Victor Santos, Daimy Salas Aguiar<\/small>\n        <\/div>\n    <\/div><span class=\"caption-field-publish\"><\/span><\/div><\/div><\/div><\/div><\/div><div class=\"  circle--pattern-bottom-large col-sm-12 col-md-12 img-article\"><div class=\"holder-publish col-md-12\" style=\"border-bottom: 1px solid #B8B8B8\"><div class=\"content-holder h-100 component-border overflow-hidden row m-0 p-4 aling-items-center\"><ul class=\"p-0 list-style-none\"><li class=\"p-0 me-2\"><i class=\"fas fa-solid fa-book fa-fw\"><\/i> Anais da III Mostra de Difus\u00e3o Tecnol\u00f3gica do Programa de P\u00f3s-gradua\u00e7\u00e3o em Ci\u00eancia Animal - PPGCA<\/li><li class=\"p-0 me-2\"><i class=\"fas fa-solid fa-calendar fa-fw\"><\/i> 2025<\/li><\/ul><div class=\"caption col-12 p-0 col-md-12 row m-0 align-items-center\"><div class=\"px-md-1\">    <h3 class=\"fw-medium m-0 small-space pt-2 pb-2 title-ss text-decoration-none border-bottom\">Integrando sil\u00edcio e Azospirillum brasilense no manejo sustent\u00e1vel para impulsionar a produ\u00e7\u00e3o de milho no Centro-Sul do Chile<\/h3>\n\n    <div class=\"mt-0 row g-3\">\n        \n        <div class=\"col-12 col-sm-6 col-lg-2 border-bottom pb-2\">\n            <small><i class=\"fas fa-solid fa-barcode fa-fw me-2\" style=\"color: #8c9db3;\"><\/i>ISBN<\/small>\n        <\/div>\n\n        <div class=\"col-12 col-sm-6 col-lg-3 border-bottom pb-2\">\n            <small class=\"text-muted\">9786527219002  Doi: 10.29327\/5718357.3-29<\/small>\n        <\/div>\n\n        <div class=\"col-12 col-sm-6 col-lg-2 border-bottom pb-2\">\n            <small><i class=\"fas fa-solid fa-file fa-fw me-2\" style=\"color: #8c9db3;\"><\/i>P\u00e1ginas<\/small>\n        <\/div>\n\n        <div class=\"col-12 col-sm-6 col-lg-5 border-bottom pb-2\">\n            <small class=\"text-muted\">D\u00e9sde la p\u00e1gina 450, hasta la p\u00e1gina 458<\/small>\n        <\/div>\n\n        <div class=\"col-12 col-sm-6 col-lg-2 border-bottom pb-2\">\n            <small><i class=\"fas fa-solid fa-language fa-fw me-2\" style=\"color: #8c9db3;\"><\/i>Idioma<\/small>\n        <\/div>\n\n        <div class=\"col-12 col-sm-6 col-lg-3 border-bottom pb-2\">\n            <small class=\"text-muted\">Portugu\u00e9s<\/small>\n        <\/div>\n\n        <div class=\"col-12 col-sm-6 col-lg-2 border-bottom pb-2\">\n            <small><i class=\"fas fa-solid fa-newspaper fa-fw me-2\" style=\"color: #8c9db3;\"><\/i>Editorial<\/small>\n        <\/div>\n\n        <div class=\"col-12 col-sm-6 col-lg-5 border-bottom pb-2\">\n            <small class=\"text-muted\">Anais da III Mostra de Difus\u00e3o Tecnol\u00f3gica do Programa de P\u00f3sgradua\u00e7\u00e3o em Ci\u00eancia Animal \u0096 PPGCA\/UFMA<\/small>\n        <\/div>\n\n        <div class=\"col-12 col-sm-6 col-lg-2 border-bottom pb-2\">\n            <small><i class=\"fas fa-solid fa-user-pen fa-fw me-2\" style=\"color: #8c9db3;\"><\/i>Editores<\/small>\n        <\/div>\n\n        <div class=\"col-12 col-sm-6 col-lg-10 border-bottom pb-2\">\n            <small class=\"text-muted\">Anderson de Moura Zanine, Daniele de Jesus Ferreira, Henrique Nunes Parente, Ivo Alexandre Leme da Cunha, Michelle de Oliveira Maia Parente, Rosane Claudia Rodrigues, Felipe Barbosa Ribeiro, Jefferson Costa de Siqueira, Livio Martins Costa Junior, Marcos<\/small>\n        <\/div>\n\n        <div class=\"col-12 col-sm-6 col-lg-2\">\n            <small><i class=\"fas fa-solid fa-signature fa-fw me-2\" style=\"color: #8c9db3;\"><\/i>Autores<\/small>\n        <\/div>\n\n        <div class=\"col-12 col-sm-6 col-lg-10\">\n            <small class=\"text-muted\">Dilier Olivera Viciedo, Lorena Pizarro, Anderson de Moura Zanine, Renato De Mello Prado, Nicola Fiore, Priscila Lupino Grat\u00e3o, Marisa de C\u00e1ssia Piccolo, Daniele de Jesus Ferreira, Rosane Rodrigues, Javiera Martinez, Daniela Ponce, Romina Zurita, Paz Contreras, Sebastian Flores, Milton Costa, Jo\u00e3o Victor Santos, Daimy Salas Aguiar<\/small>\n        <\/div>\n    <\/div><span class=\"caption-field-publish\"><\/span><\/div><\/div><\/div><\/div><\/div><div class=\"  circle--pattern-bottom-large col-sm-12 col-md-12 img-article\"><div class=\"holder-publish col-md-12\" style=\"border-bottom: 1px solid #B8B8B8\"><div class=\"content-holder h-100 component-border overflow-hidden row m-0 p-4 aling-items-center\"><ul class=\"p-0 list-style-none\"><li class=\"p-0 me-2\"><i class=\"fas fa-solid fa-book fa-fw\"><\/i> Gu\u00edas cl\u00ednicas de demencias y otros trastornos cognitivos<\/li><li class=\"p-0 me-2\"><i class=\"fas fa-solid fa-calendar fa-fw\"><\/i> 2025<\/li><\/ul><div class=\"caption col-12 p-0 col-md-12 row m-0 align-items-center\"><div class=\"px-md-1\">    <h3 class=\"fw-medium m-0 small-space pt-2 pb-2 title-ss text-decoration-none border-bottom\">Evaluaci\u00f3n neuropsicol\u00f3gica de las demencias<\/h3>\n\n    <div class=\"mt-0 row g-3\">\n        \n        <div class=\"col-12 col-sm-6 col-lg-2 border-bottom pb-2\">\n            <small><i class=\"fas fa-solid fa-barcode fa-fw me-2\" style=\"color: #8c9db3;\"><\/i>ISBN<\/small>\n        <\/div>\n\n        <div class=\"col-12 col-sm-6 col-lg-3 border-bottom pb-2\">\n            <small class=\"text-muted\">978-956-7545-19-3<\/small>\n        <\/div>\n\n        <div class=\"col-12 col-sm-6 col-lg-2 border-bottom pb-2\">\n            <small><i class=\"fas fa-solid fa-file fa-fw me-2\" style=\"color: #8c9db3;\"><\/i>P\u00e1ginas<\/small>\n        <\/div>\n\n        <div class=\"col-12 col-sm-6 col-lg-5 border-bottom pb-2\">\n            <small class=\"text-muted\">D\u00e9sde la p\u00e1gina 215, hasta la p\u00e1gina 224<\/small>\n        <\/div>\n\n        <div class=\"col-12 col-sm-6 col-lg-2 border-bottom pb-2\">\n            <small><i class=\"fas fa-solid fa-language fa-fw me-2\" style=\"color: #8c9db3;\"><\/i>Idioma<\/small>\n        <\/div>\n\n        <div class=\"col-12 col-sm-6 col-lg-3 border-bottom pb-2\">\n            <small class=\"text-muted\">Espa\u00f1ol<\/small>\n        <\/div>\n\n        <div class=\"col-12 col-sm-6 col-lg-2 border-bottom pb-2\">\n            <small><i class=\"fas fa-solid fa-newspaper fa-fw me-2\" style=\"color: #8c9db3;\"><\/i>Editorial<\/small>\n        <\/div>\n\n        <div class=\"col-12 col-sm-6 col-lg-5 border-bottom pb-2\">\n            <small class=\"text-muted\">Ediciones de la Sociedad de Neurolog\u00eda, Psiquiatr\u00eda y Neurocirug\u00eda de Chile<\/small>\n        <\/div>\n\n        <div class=\"col-12 col-sm-6 col-lg-2 border-bottom pb-2\">\n            <small><i class=\"fas fa-solid fa-user-pen fa-fw me-2\" style=\"color: #8c9db3;\"><\/i>Editores<\/small>\n        <\/div>\n\n        <div class=\"col-12 col-sm-6 col-lg-10 border-bottom pb-2\">\n            <small class=\"text-muted\">Angela Nervi, Mar\u00eda Isabel Behrens<\/small>\n        <\/div>\n\n        <div class=\"col-12 col-sm-6 col-lg-2\">\n            <small><i class=\"fas fa-solid fa-signature fa-fw me-2\" style=\"color: #8c9db3;\"><\/i>Autores<\/small>\n        <\/div>\n\n        <div class=\"col-12 col-sm-6 col-lg-10\">\n            <small class=\"text-muted\">Patricia Flores, Carlos Eduardo Mu\u00f1oz Neira<\/small>\n        <\/div>\n    <\/div><span class=\"caption-field-publish\"><\/span><\/div><\/div><\/div><\/div><\/div><div class=\"  circle--pattern-bottom-large col-sm-12 col-md-12 img-article\"><div class=\"holder-publish col-md-12\" style=\"border-bottom: 1px solid #B8B8B8\"><div class=\"content-holder h-100 component-border overflow-hidden row m-0 p-4 aling-items-center\"><ul class=\"p-0 list-style-none\"><li class=\"p-0 me-2\"><i class=\"fas fa-solid fa-book fa-fw\"><\/i> Gu\u00edas cl\u00ednicas de demencias y otros trastornos cognitivos<\/li><li class=\"p-0 me-2\"><i class=\"fas fa-solid fa-calendar fa-fw\"><\/i> 2025<\/li><\/ul><div class=\"caption col-12 p-0 col-md-12 row m-0 align-items-center\"><div class=\"px-md-1\">    <h3 class=\"fw-medium m-0 small-space pt-2 pb-2 title-ss text-decoration-none border-bottom\">Evaluaci\u00f3n neuropsicol\u00f3gica de las demencias<\/h3>\n\n    <div class=\"mt-0 row g-3\">\n        \n        <div class=\"col-12 col-sm-6 col-lg-2 border-bottom pb-2\">\n            <small><i class=\"fas fa-solid fa-barcode fa-fw me-2\" style=\"color: #8c9db3;\"><\/i>ISBN<\/small>\n        <\/div>\n\n        <div class=\"col-12 col-sm-6 col-lg-3 border-bottom pb-2\">\n            <small class=\"text-muted\">978-956-7545-19-3<\/small>\n        <\/div>\n\n        <div class=\"col-12 col-sm-6 col-lg-2 border-bottom pb-2\">\n            <small><i class=\"fas fa-solid fa-file fa-fw me-2\" style=\"color: #8c9db3;\"><\/i>P\u00e1ginas<\/small>\n        <\/div>\n\n        <div class=\"col-12 col-sm-6 col-lg-5 border-bottom pb-2\">\n            <small class=\"text-muted\">D\u00e9sde la p\u00e1gina 215, hasta la p\u00e1gina 224<\/small>\n        <\/div>\n\n        <div class=\"col-12 col-sm-6 col-lg-2 border-bottom pb-2\">\n            <small><i class=\"fas fa-solid fa-language fa-fw me-2\" style=\"color: #8c9db3;\"><\/i>Idioma<\/small>\n        <\/div>\n\n        <div class=\"col-12 col-sm-6 col-lg-3 border-bottom pb-2\">\n            <small class=\"text-muted\">Espa\u00f1ol<\/small>\n        <\/div>\n\n        <div class=\"col-12 col-sm-6 col-lg-2 border-bottom pb-2\">\n            <small><i class=\"fas fa-solid fa-newspaper fa-fw me-2\" style=\"color: #8c9db3;\"><\/i>Editorial<\/small>\n        <\/div>\n\n        <div class=\"col-12 col-sm-6 col-lg-5 border-bottom pb-2\">\n            <small class=\"text-muted\">Ediciones de la Sociedad de Neurolog\u00eda, Psiquiatr\u00eda y Neurocirug\u00eda de Chile<\/small>\n        <\/div>\n\n        <div class=\"col-12 col-sm-6 col-lg-2 border-bottom pb-2\">\n            <small><i class=\"fas fa-solid fa-user-pen fa-fw me-2\" style=\"color: #8c9db3;\"><\/i>Editores<\/small>\n        <\/div>\n\n        <div class=\"col-12 col-sm-6 col-lg-10 border-bottom pb-2\">\n            <small class=\"text-muted\">Angela Nervi, Mar\u00eda Isabel Behrens<\/small>\n        <\/div>\n\n        <div class=\"col-12 col-sm-6 col-lg-2\">\n            <small><i class=\"fas fa-solid fa-signature fa-fw me-2\" style=\"color: #8c9db3;\"><\/i>Autores<\/small>\n        <\/div>\n\n        <div class=\"col-12 col-sm-6 col-lg-10\">\n            <small class=\"text-muted\">Patricia Flores, Carlos Eduardo Mu\u00f1oz Neira<\/small>\n        <\/div>\n    <\/div><span class=\"caption-field-publish\"><\/span><\/div><\/div><\/div><\/div><\/div><div class=\"  circle--pattern-bottom-large col-sm-12 col-md-12 img-article\"><div class=\"holder-publish col-md-12\" style=\"border-bottom: 1px solid #B8B8B8\"><div class=\"content-holder h-100 component-border overflow-hidden row m-0 p-4 aling-items-center\"><ul class=\"p-0 list-style-none\"><li class=\"p-0 me-2\"><i class=\"fas fa-solid fa-book fa-fw\"><\/i> Anais da III Mostra de Difus\u00e3o Tecnol\u00f3gica do Programa de P\u00f3s-gradua\u00e7\u00e3o em Ci\u00eancia Animal - PPGCA<\/li><li class=\"p-0 me-2\"><i class=\"fas fa-solid fa-calendar fa-fw\"><\/i> 2025<\/li><\/ul><div class=\"caption col-12 p-0 col-md-12 row m-0 align-items-center\"><div class=\"px-md-1\">    <h3 class=\"fw-medium m-0 small-space pt-2 pb-2 title-ss text-decoration-none border-bottom\">Potencial de produ\u00e7\u00e3o do milho e do sorgo forrageiro em condi\u00e7\u00f5es tropicais<\/h3>\n\n    <div class=\"mt-0 row g-3\">\n        \n        <div class=\"col-12 col-sm-6 col-lg-2 border-bottom pb-2\">\n            <small><i class=\"fas fa-solid fa-barcode fa-fw me-2\" style=\"color: #8c9db3;\"><\/i>ISBN<\/small>\n        <\/div>\n\n        <div class=\"col-12 col-sm-6 col-lg-3 border-bottom pb-2\">\n            <small class=\"text-muted\">9786527219002 Doi: 10.29327\/5718357.3-27<\/small>\n        <\/div>\n\n        <div class=\"col-12 col-sm-6 col-lg-2 border-bottom pb-2\">\n            <small><i class=\"fas fa-solid fa-file fa-fw me-2\" style=\"color: #8c9db3;\"><\/i>P\u00e1ginas<\/small>\n        <\/div>\n\n        <div class=\"col-12 col-sm-6 col-lg-5 border-bottom pb-2\">\n            <small class=\"text-muted\">D\u00e9sde la p\u00e1gina 410, hasta la p\u00e1gina 429<\/small>\n        <\/div>\n\n        <div class=\"col-12 col-sm-6 col-lg-2 border-bottom pb-2\">\n            <small><i class=\"fas fa-solid fa-language fa-fw me-2\" style=\"color: #8c9db3;\"><\/i>Idioma<\/small>\n        <\/div>\n\n        <div class=\"col-12 col-sm-6 col-lg-3 border-bottom pb-2\">\n            <small class=\"text-muted\">Portugu\u00e9s<\/small>\n        <\/div>\n\n        <div class=\"col-12 col-sm-6 col-lg-2 border-bottom pb-2\">\n            <small><i class=\"fas fa-solid fa-newspaper fa-fw me-2\" style=\"color: #8c9db3;\"><\/i>Editorial<\/small>\n        <\/div>\n\n        <div class=\"col-12 col-sm-6 col-lg-5 border-bottom pb-2\">\n            <small class=\"text-muted\">Even3 Publica\u00e7\u00f5es<\/small>\n        <\/div>\n\n        <div class=\"col-12 col-sm-6 col-lg-2 border-bottom pb-2\">\n            <small><i class=\"fas fa-solid fa-user-pen fa-fw me-2\" style=\"color: #8c9db3;\"><\/i>Editores<\/small>\n        <\/div>\n\n        <div class=\"col-12 col-sm-6 col-lg-10 border-bottom pb-2\">\n            <small class=\"text-muted\">Anderson de Moura Zanine, Daniele de Jesus Ferreira, Henrique Nunes Parente, Ivo Alexandre Leme da Cunha, Michelle de Oliveira Maia Parente, Rosane Claudia Rodrigues, Felipe Barbosa Ribeiro, Jefferson Costa de Siqueira, Livio Martins Costa Junior<\/small>\n        <\/div>\n\n        <div class=\"col-12 col-sm-6 col-lg-2\">\n            <small><i class=\"fas fa-solid fa-signature fa-fw me-2\" style=\"color: #8c9db3;\"><\/i>Autores<\/small>\n        <\/div>\n\n        <div class=\"col-12 col-sm-6 col-lg-10\">\n            <small class=\"text-muted\">Dilier Olivera Viciedo<\/small>\n        <\/div>\n    <\/div><span class=\"caption-field-publish\"><\/span><\/div><\/div><\/div><\/div><\/div><div class=\"  circle--pattern-bottom-large col-sm-12 col-md-12 img-article\"><div class=\"holder-publish col-md-12\" style=\"border-bottom: 1px solid #B8B8B8\"><div class=\"content-holder h-100 component-border overflow-hidden row m-0 p-4 aling-items-center\"><ul class=\"p-0 list-style-none\"><li class=\"p-0 me-2\"><i class=\"fas fa-solid fa-book fa-fw\"><\/i> Anais da III Mostra de Difus\u00e3o Tecnol\u00f3gica do Programa de P\u00f3s-gradua\u00e7\u00e3o em Ci\u00eancia Animal - PPGCA<\/li><li class=\"p-0 me-2\"><i class=\"fas fa-solid fa-calendar fa-fw\"><\/i> 2025<\/li><\/ul><div class=\"caption col-12 p-0 col-md-12 row m-0 align-items-center\"><div class=\"px-md-1\">    <h3 class=\"fw-medium m-0 small-space pt-2 pb-2 title-ss text-decoration-none border-bottom\">Uso de sil\u00edcio e bact\u00e9rias fixadoras de nitrog\u00eanio nas silagens de milho com espiga<\/h3>\n\n    <div class=\"mt-0 row g-3\">\n        \n        <div class=\"col-12 col-sm-6 col-lg-2 border-bottom pb-2\">\n            <small><i class=\"fas fa-solid fa-barcode fa-fw me-2\" style=\"color: #8c9db3;\"><\/i>ISBN<\/small>\n        <\/div>\n\n        <div class=\"col-12 col-sm-6 col-lg-3 border-bottom pb-2\">\n            <small class=\"text-muted\">9786527219002 Doi:10.29327\/5718357.3-6<\/small>\n        <\/div>\n\n        <div class=\"col-12 col-sm-6 col-lg-2 border-bottom pb-2\">\n            <small><i class=\"fas fa-solid fa-file fa-fw me-2\" style=\"color: #8c9db3;\"><\/i>P\u00e1ginas<\/small>\n        <\/div>\n\n        <div class=\"col-12 col-sm-6 col-lg-5 border-bottom pb-2\">\n            <small class=\"text-muted\">D\u00e9sde la p\u00e1gina 117, hasta la p\u00e1gina 143<\/small>\n        <\/div>\n\n        <div class=\"col-12 col-sm-6 col-lg-2 border-bottom pb-2\">\n            <small><i class=\"fas fa-solid fa-language fa-fw me-2\" style=\"color: #8c9db3;\"><\/i>Idioma<\/small>\n        <\/div>\n\n        <div class=\"col-12 col-sm-6 col-lg-3 border-bottom pb-2\">\n            <small class=\"text-muted\">Portugu\u00e9s<\/small>\n        <\/div>\n\n        <div class=\"col-12 col-sm-6 col-lg-2 border-bottom pb-2\">\n            <small><i class=\"fas fa-solid fa-newspaper fa-fw me-2\" style=\"color: #8c9db3;\"><\/i>Editorial<\/small>\n        <\/div>\n\n        <div class=\"col-12 col-sm-6 col-lg-5 border-bottom pb-2\">\n            <small class=\"text-muted\">Even3 Publica\u00e7\u00f5es<\/small>\n        <\/div>\n\n        <div class=\"col-12 col-sm-6 col-lg-2 border-bottom pb-2\">\n            <small><i class=\"fas fa-solid fa-user-pen fa-fw me-2\" style=\"color: #8c9db3;\"><\/i>Editores<\/small>\n        <\/div>\n\n        <div class=\"col-12 col-sm-6 col-lg-10 border-bottom pb-2\">\n            <small class=\"text-muted\">Anderson de Moura Zanine, Daniele de Jesus Ferreira, Henrique Nunes Parente, Ivo Alexandre Leme da Cunha, Michelle de Oliveira Maia Parente, Rosane Claudia Rodrigues, Felipe Barbosa Ribeiro, Jefferson Costa de Siqueira, Livio Martins Costa Junior<\/small>\n        <\/div>\n\n        <div class=\"col-12 col-sm-6 col-lg-2\">\n            <small><i class=\"fas fa-solid fa-signature fa-fw me-2\" style=\"color: #8c9db3;\"><\/i>Autores<\/small>\n        <\/div>\n\n        <div class=\"col-12 col-sm-6 col-lg-10\">\n            <small class=\"text-muted\">Dilier Olivera Viciedo<\/small>\n        <\/div>\n    <\/div><span class=\"caption-field-publish\"><\/span><\/div><\/div><\/div><\/div><\/div><div class=\"  circle--pattern-bottom-large col-sm-12 col-md-12 img-article\"><div class=\"holder-publish col-md-12\" style=\"border-bottom: 1px solid #B8B8B8\"><div class=\"content-holder h-100 component-border overflow-hidden row m-0 p-4 aling-items-center\"><ul class=\"p-0 list-style-none\"><li class=\"p-0 me-2\"><i class=\"fas fa-solid fa-book fa-fw\"><\/i> Anais da III Mostra de Difus\u00e3o Tecnol\u00f3gica do Programa de P\u00f3s-gradua\u00e7\u00e3o em Ci\u00eancia Animal - PPGCA<\/li><li class=\"p-0 me-2\"><i class=\"fas fa-solid fa-calendar fa-fw\"><\/i> 2025<\/li><\/ul><div class=\"caption col-12 p-0 col-md-12 row m-0 align-items-center\"><div class=\"px-md-1\">    <h3 class=\"fw-medium m-0 small-space pt-2 pb-2 title-ss text-decoration-none border-bottom\">Potencial de produ\u00e7\u00e3o do milho e do sorgo forrageiro em condi\u00e7\u00f5es tropicais<\/h3>\n\n    <div class=\"mt-0 row g-3\">\n        \n        <div class=\"col-12 col-sm-6 col-lg-2 border-bottom pb-2\">\n            <small><i class=\"fas fa-solid fa-barcode fa-fw me-2\" style=\"color: #8c9db3;\"><\/i>ISBN<\/small>\n        <\/div>\n\n        <div class=\"col-12 col-sm-6 col-lg-3 border-bottom pb-2\">\n            <small class=\"text-muted\">9786527219002 Doi: 10.29327\/5718357.3-27<\/small>\n        <\/div>\n\n        <div class=\"col-12 col-sm-6 col-lg-2 border-bottom pb-2\">\n            <small><i class=\"fas fa-solid fa-file fa-fw me-2\" style=\"color: #8c9db3;\"><\/i>P\u00e1ginas<\/small>\n        <\/div>\n\n        <div class=\"col-12 col-sm-6 col-lg-5 border-bottom pb-2\">\n            <small class=\"text-muted\">D\u00e9sde la p\u00e1gina 410, hasta la p\u00e1gina 429<\/small>\n        <\/div>\n\n        <div class=\"col-12 col-sm-6 col-lg-2 border-bottom pb-2\">\n            <small><i class=\"fas fa-solid fa-language fa-fw me-2\" style=\"color: #8c9db3;\"><\/i>Idioma<\/small>\n        <\/div>\n\n        <div class=\"col-12 col-sm-6 col-lg-3 border-bottom pb-2\">\n            <small class=\"text-muted\">Portugu\u00e9s<\/small>\n        <\/div>\n\n        <div class=\"col-12 col-sm-6 col-lg-2 border-bottom pb-2\">\n            <small><i class=\"fas fa-solid fa-newspaper fa-fw me-2\" style=\"color: #8c9db3;\"><\/i>Editorial<\/small>\n        <\/div>\n\n        <div class=\"col-12 col-sm-6 col-lg-5 border-bottom pb-2\">\n            <small class=\"text-muted\">Even3 Publica\u00e7\u00f5es<\/small>\n        <\/div>\n\n        <div class=\"col-12 col-sm-6 col-lg-2 border-bottom pb-2\">\n            <small><i class=\"fas fa-solid fa-user-pen fa-fw me-2\" style=\"color: #8c9db3;\"><\/i>Editores<\/small>\n        <\/div>\n\n        <div class=\"col-12 col-sm-6 col-lg-10 border-bottom pb-2\">\n            <small class=\"text-muted\">Anderson de Moura Zanine, Daniele de Jesus Ferreira, Henrique Nunes Parente, Ivo Alexandre Leme da Cunha, Michelle de Oliveira Maia Parente, Rosane Claudia Rodrigues, Felipe Barbosa Ribeiro, Jefferson Costa de Siqueira, Livio Martins Costa Junior<\/small>\n        <\/div>\n\n        <div class=\"col-12 col-sm-6 col-lg-2\">\n            <small><i class=\"fas fa-solid fa-signature fa-fw me-2\" style=\"color: #8c9db3;\"><\/i>Autores<\/small>\n        <\/div>\n\n        <div class=\"col-12 col-sm-6 col-lg-10\">\n            <small class=\"text-muted\">Dilier Olivera Viciedo<\/small>\n        <\/div>\n    <\/div><span class=\"caption-field-publish\"><\/span><\/div><\/div><\/div><\/div><\/div><div class=\"  circle--pattern-bottom-large col-sm-12 col-md-12 img-article\"><div class=\"holder-publish col-md-12\" style=\"border-bottom: 1px solid #B8B8B8\"><div class=\"content-holder h-100 component-border overflow-hidden row m-0 p-4 aling-items-center\"><ul class=\"p-0 list-style-none\"><li class=\"p-0 me-2\"><i class=\"fas fa-solid fa-book fa-fw\"><\/i> Anais da III Mostra de Difus\u00e3o Tecnol\u00f3gica do Programa de P\u00f3s-gradua\u00e7\u00e3o em Ci\u00eancia Animal - PPGCA<\/li><li class=\"p-0 me-2\"><i class=\"fas fa-solid fa-calendar fa-fw\"><\/i> 2025<\/li><\/ul><div class=\"caption col-12 p-0 col-md-12 row m-0 align-items-center\"><div class=\"px-md-1\">    <h3 class=\"fw-medium m-0 small-space pt-2 pb-2 title-ss text-decoration-none border-bottom\">Uso de sil\u00edcio e bact\u00e9rias fixadoras de nitrog\u00eanio nas silagens de milho com espiga<\/h3>\n\n    <div class=\"mt-0 row g-3\">\n        \n        <div class=\"col-12 col-sm-6 col-lg-2 border-bottom pb-2\">\n            <small><i class=\"fas fa-solid fa-barcode fa-fw me-2\" style=\"color: #8c9db3;\"><\/i>ISBN<\/small>\n        <\/div>\n\n        <div class=\"col-12 col-sm-6 col-lg-3 border-bottom pb-2\">\n            <small class=\"text-muted\">9786527219002 Doi:10.29327\/5718357.3-6<\/small>\n        <\/div>\n\n        <div class=\"col-12 col-sm-6 col-lg-2 border-bottom pb-2\">\n            <small><i class=\"fas fa-solid fa-file fa-fw me-2\" style=\"color: #8c9db3;\"><\/i>P\u00e1ginas<\/small>\n        <\/div>\n\n        <div class=\"col-12 col-sm-6 col-lg-5 border-bottom pb-2\">\n            <small class=\"text-muted\">D\u00e9sde la p\u00e1gina 117, hasta la p\u00e1gina 143<\/small>\n        <\/div>\n\n        <div class=\"col-12 col-sm-6 col-lg-2 border-bottom pb-2\">\n            <small><i class=\"fas fa-solid fa-language fa-fw me-2\" style=\"color: #8c9db3;\"><\/i>Idioma<\/small>\n        <\/div>\n\n        <div class=\"col-12 col-sm-6 col-lg-3 border-bottom pb-2\">\n            <small class=\"text-muted\">Portugu\u00e9s<\/small>\n        <\/div>\n\n        <div class=\"col-12 col-sm-6 col-lg-2 border-bottom pb-2\">\n            <small><i class=\"fas fa-solid fa-newspaper fa-fw me-2\" style=\"color: #8c9db3;\"><\/i>Editorial<\/small>\n        <\/div>\n\n        <div class=\"col-12 col-sm-6 col-lg-5 border-bottom pb-2\">\n            <small class=\"text-muted\">Even3 Publica\u00e7\u00f5es<\/small>\n        <\/div>\n\n        <div class=\"col-12 col-sm-6 col-lg-2 border-bottom pb-2\">\n            <small><i class=\"fas fa-solid fa-user-pen fa-fw me-2\" style=\"color: #8c9db3;\"><\/i>Editores<\/small>\n        <\/div>\n\n        <div class=\"col-12 col-sm-6 col-lg-10 border-bottom pb-2\">\n            <small class=\"text-muted\">Anderson de Moura Zanine, Daniele de Jesus Ferreira, Henrique Nunes Parente, Ivo Alexandre Leme da Cunha, Michelle de Oliveira Maia Parente, Rosane Claudia Rodrigues, Felipe Barbosa Ribeiro, Jefferson Costa de Siqueira, Livio Martins Costa Junior<\/small>\n        <\/div>\n\n        <div class=\"col-12 col-sm-6 col-lg-2\">\n            <small><i class=\"fas fa-solid fa-signature fa-fw me-2\" style=\"color: #8c9db3;\"><\/i>Autores<\/small>\n        <\/div>\n\n        <div class=\"col-12 col-sm-6 col-lg-10\">\n            <small class=\"text-muted\">Dilier Olivera Viciedo<\/small>\n        <\/div>\n    <\/div><span class=\"caption-field-publish\"><\/span><\/div><\/div><\/div><\/div><\/div><div class=\"  circle--pattern-bottom-large col-sm-12 col-md-12 img-article\"><div class=\"holder-publish col-md-12\" style=\"border-bottom: 1px solid #B8B8B8\"><div class=\"content-holder h-100 component-border overflow-hidden row m-0 p-4 aling-items-center\"><ul class=\"p-0 list-style-none\"><li class=\"p-0 me-2\"><i class=\"fas fa-solid fa-book fa-fw\"><\/i> Innovaci\u00f3n educativa en la cultura digital: Desaf\u00edos y posibilidades para una educaci\u00f3n de calidad<\/li><li class=\"p-0 me-2\"><i class=\"fas fa-solid fa-calendar fa-fw\"><\/i> 2025<\/li><\/ul><div class=\"caption col-12 p-0 col-md-12 row m-0 align-items-center\"><div class=\"px-md-1\">    <h3 class=\"fw-medium m-0 small-space pt-2 pb-2 title-ss text-decoration-none border-bottom\">M\u00e9todo ABN como herramienta para el fortalecimiento de capacidades matem\u00e1ticas de ni\u00f1os y ni\u00f1as autistas. Relato de una experiencia para la inclusi\u00f3n educativa en Chile<\/h3>\n\n    <div class=\"mt-0 row g-3\">\n        \n        <div class=\"col-12 col-sm-6 col-lg-2 border-bottom pb-2\">\n            <small><i class=\"fas fa-solid fa-barcode fa-fw me-2\" style=\"color: #8c9db3;\"><\/i>ISBN<\/small>\n        <\/div>\n\n        <div class=\"col-12 col-sm-6 col-lg-3 border-bottom pb-2\">\n            <small class=\"text-muted\">9788410814165<\/small>\n        <\/div>\n\n        <div class=\"col-12 col-sm-6 col-lg-2 border-bottom pb-2\">\n            <small><i class=\"fas fa-solid fa-file fa-fw me-2\" style=\"color: #8c9db3;\"><\/i>P\u00e1ginas<\/small>\n        <\/div>\n\n        <div class=\"col-12 col-sm-6 col-lg-5 border-bottom pb-2\">\n            <small class=\"text-muted\">D\u00e9sde la p\u00e1gina 169, hasta la p\u00e1gina 182<\/small>\n        <\/div>\n\n        <div class=\"col-12 col-sm-6 col-lg-2 border-bottom pb-2\">\n            <small><i class=\"fas fa-solid fa-language fa-fw me-2\" style=\"color: #8c9db3;\"><\/i>Idioma<\/small>\n        <\/div>\n\n        <div class=\"col-12 col-sm-6 col-lg-3 border-bottom pb-2\">\n            <small class=\"text-muted\">Espa\u00f1ol<\/small>\n        <\/div>\n\n        <div class=\"col-12 col-sm-6 col-lg-2 border-bottom pb-2\">\n            <small><i class=\"fas fa-solid fa-newspaper fa-fw me-2\" style=\"color: #8c9db3;\"><\/i>Editorial<\/small>\n        <\/div>\n\n        <div class=\"col-12 col-sm-6 col-lg-5 border-bottom pb-2\">\n            <small class=\"text-muted\">Tirant Humanidades<\/small>\n        <\/div>\n\n        <div class=\"col-12 col-sm-6 col-lg-2 border-bottom pb-2\">\n            <small><i class=\"fas fa-solid fa-user-pen fa-fw me-2\" style=\"color: #8c9db3;\"><\/i>Editores<\/small>\n        <\/div>\n\n        <div class=\"col-12 col-sm-6 col-lg-10 border-bottom pb-2\">\n            <small class=\"text-muted\">Menacho, Inmaculada; Cerda Etchepare, Gamal; Andreoli, Silvia A; Arrigoni, Flavia S; Gadea, Walter; Cuenca, Roberto;<\/small>\n        <\/div>\n\n        <div class=\"col-12 col-sm-6 col-lg-2\">\n            <small><i class=\"fas fa-solid fa-signature fa-fw me-2\" style=\"color: #8c9db3;\"><\/i>Autores<\/small>\n        <\/div>\n\n        <div class=\"col-12 col-sm-6 col-lg-10\">\n            <small class=\"text-muted\">Mar\u00eda Soledad Burrone Colombino, Carlos E. P\u00e9rez, Gamal Cerda Etchepare<\/small>\n        <\/div>\n    <\/div><span class=\"caption-field-publish\"><\/span><\/div><\/div><\/div><\/div><\/div><div class=\"  circle--pattern-bottom-large col-sm-12 col-md-12 img-article\"><div class=\"holder-publish col-md-12\" style=\"border-bottom: 1px solid #B8B8B8\"><div class=\"content-holder h-100 component-border overflow-hidden row m-0 p-4 aling-items-center\"><ul class=\"p-0 list-style-none\"><li class=\"p-0 me-2\"><i class=\"fas fa-solid fa-book fa-fw\"><\/i> Innovaci\u00f3n educativa en la cultura digital: Desaf\u00edos y posibilidades para una educaci\u00f3n de calidad<\/li><li class=\"p-0 me-2\"><i class=\"fas fa-solid fa-calendar fa-fw\"><\/i> 2025<\/li><\/ul><div class=\"caption col-12 p-0 col-md-12 row m-0 align-items-center\"><div class=\"px-md-1\">    <h3 class=\"fw-medium m-0 small-space pt-2 pb-2 title-ss text-decoration-none border-bottom\">M\u00e9todo ABN como herramienta para el fortalecimiento de capacidades matem\u00e1ticas de ni\u00f1os y ni\u00f1as autistas. Relato de una experiencia para la inclusi\u00f3n educativa en Chile<\/h3>\n\n    <div class=\"mt-0 row g-3\">\n        \n        <div class=\"col-12 col-sm-6 col-lg-2 border-bottom pb-2\">\n            <small><i class=\"fas fa-solid fa-barcode fa-fw me-2\" style=\"color: #8c9db3;\"><\/i>ISBN<\/small>\n        <\/div>\n\n        <div class=\"col-12 col-sm-6 col-lg-3 border-bottom pb-2\">\n            <small class=\"text-muted\">9788410814165<\/small>\n        <\/div>\n\n        <div class=\"col-12 col-sm-6 col-lg-2 border-bottom pb-2\">\n            <small><i class=\"fas fa-solid fa-file fa-fw me-2\" style=\"color: #8c9db3;\"><\/i>P\u00e1ginas<\/small>\n        <\/div>\n\n        <div class=\"col-12 col-sm-6 col-lg-5 border-bottom pb-2\">\n            <small class=\"text-muted\">D\u00e9sde la p\u00e1gina 169, hasta la p\u00e1gina 182<\/small>\n        <\/div>\n\n        <div class=\"col-12 col-sm-6 col-lg-2 border-bottom pb-2\">\n            <small><i class=\"fas fa-solid fa-language fa-fw me-2\" style=\"color: #8c9db3;\"><\/i>Idioma<\/small>\n        <\/div>\n\n        <div class=\"col-12 col-sm-6 col-lg-3 border-bottom pb-2\">\n            <small class=\"text-muted\">Espa\u00f1ol<\/small>\n        <\/div>\n\n        <div class=\"col-12 col-sm-6 col-lg-2 border-bottom pb-2\">\n            <small><i class=\"fas fa-solid fa-newspaper fa-fw me-2\" style=\"color: #8c9db3;\"><\/i>Editorial<\/small>\n        <\/div>\n\n        <div class=\"col-12 col-sm-6 col-lg-5 border-bottom pb-2\">\n            <small class=\"text-muted\">Tirant Humanidades<\/small>\n        <\/div>\n\n        <div class=\"col-12 col-sm-6 col-lg-2 border-bottom pb-2\">\n            <small><i class=\"fas fa-solid fa-user-pen fa-fw me-2\" style=\"color: #8c9db3;\"><\/i>Editores<\/small>\n        <\/div>\n\n        <div class=\"col-12 col-sm-6 col-lg-10 border-bottom pb-2\">\n            <small class=\"text-muted\">Menacho, Inmaculada; Cerda Etchepare, Gamal; Andreoli, Silvia A; Arrigoni, Flavia S; Gadea, Walter; Cuenca, Roberto;<\/small>\n        <\/div>\n\n        <div class=\"col-12 col-sm-6 col-lg-2\">\n            <small><i class=\"fas fa-solid fa-signature fa-fw me-2\" style=\"color: #8c9db3;\"><\/i>Autores<\/small>\n        <\/div>\n\n        <div class=\"col-12 col-sm-6 col-lg-10\">\n            <small class=\"text-muted\">Mar\u00eda Soledad Burrone Colombino, Carlos E. P\u00e9rez, Gamal Cerda Etchepare<\/small>\n        <\/div>\n    <\/div><span class=\"caption-field-publish\"><\/span><\/div><\/div><\/div><\/div><\/div><div class=\"  circle--pattern-bottom-large col-sm-12 col-md-12 img-article\"><div class=\"holder-publish col-md-12\" style=\"border-bottom: 1px solid #B8B8B8\"><div class=\"content-holder h-100 component-border overflow-hidden row m-0 p-4 aling-items-center\"><ul class=\"p-0 list-style-none\"><li class=\"p-0 me-2\"><i class=\"fas fa-solid fa-book fa-fw\"><\/i> Teoria de Bildung: el retorno a una educaci\u00f3n centrada en la persona<\/li><li class=\"p-0 me-2\"><i class=\"fas fa-solid fa-calendar fa-fw\"><\/i> 2025<\/li><\/ul><div class=\"caption col-12 p-0 col-md-12 row m-0 align-items-center\"><div class=\"px-md-1\">    <h3 class=\"fw-medium m-0 small-space pt-2 pb-2 title-ss text-decoration-none border-bottom\">Bildung, Ausbildung, Halbbildung, Unbildung. Variaciones sobre la teor\u00eda humboldtiana de la formaci\u00f3n<\/h3>\n\n    <div class=\"mt-0 row g-3\">\n        \n        <div class=\"col-12 col-sm-6 col-lg-2 border-bottom pb-2\">\n            <small><i class=\"fas fa-solid fa-barcode fa-fw me-2\" style=\"color: #8c9db3;\"><\/i>ISBN<\/small>\n        <\/div>\n\n        <div class=\"col-12 col-sm-6 col-lg-3 border-bottom pb-2\">\n            <small class=\"text-muted\">978-956-417-090-9<\/small>\n        <\/div>\n\n        <div class=\"col-12 col-sm-6 col-lg-2 border-bottom pb-2\">\n            <small><i class=\"fas fa-solid fa-file fa-fw me-2\" style=\"color: #8c9db3;\"><\/i>P\u00e1ginas<\/small>\n        <\/div>\n\n        <div class=\"col-12 col-sm-6 col-lg-5 border-bottom pb-2\">\n            <small class=\"text-muted\">D\u00e9sde la p\u00e1gina 31, hasta la p\u00e1gina 53<\/small>\n        <\/div>\n\n        <div class=\"col-12 col-sm-6 col-lg-2 border-bottom pb-2\">\n            <small><i class=\"fas fa-solid fa-language fa-fw me-2\" style=\"color: #8c9db3;\"><\/i>Idioma<\/small>\n        <\/div>\n\n        <div class=\"col-12 col-sm-6 col-lg-3 border-bottom pb-2\">\n            <small class=\"text-muted\">Espa\u00f1ol<\/small>\n        <\/div>\n\n        <div class=\"col-12 col-sm-6 col-lg-2 border-bottom pb-2\">\n            <small><i class=\"fas fa-solid fa-newspaper fa-fw me-2\" style=\"color: #8c9db3;\"><\/i>Editorial<\/small>\n        <\/div>\n\n        <div class=\"col-12 col-sm-6 col-lg-5 border-bottom pb-2\">\n            <small class=\"text-muted\">Dykinson, S.L.<\/small>\n        <\/div>\n\n        <div class=\"col-12 col-sm-6 col-lg-2 border-bottom pb-2\">\n            <small><i class=\"fas fa-solid fa-user-pen fa-fw me-2\" style=\"color: #8c9db3;\"><\/i>Editores<\/small>\n        <\/div>\n\n        <div class=\"col-12 col-sm-6 col-lg-10 border-bottom pb-2\">\n            <small class=\"text-muted\">F. Murillo<\/small>\n        <\/div>\n\n        <div class=\"col-12 col-sm-6 col-lg-2\">\n            <small><i class=\"fas fa-solid fa-signature fa-fw me-2\" style=\"color: #8c9db3;\"><\/i>Autores<\/small>\n        <\/div>\n\n        <div class=\"col-12 col-sm-6 col-lg-10\">\n            <small class=\"text-muted\">Carlos Jos\u00e9 Willatt Herrera<\/small>\n        <\/div>\n    <\/div><span class=\"caption-field-publish\"><\/span><\/div><\/div><\/div><\/div><\/div><div class=\"  circle--pattern-bottom-large col-sm-12 col-md-12 img-article\"><div class=\"holder-publish col-md-12\" style=\"border-bottom: 1px solid #B8B8B8\"><div class=\"content-holder h-100 component-border overflow-hidden row m-0 p-4 aling-items-center\"><ul class=\"p-0 list-style-none\"><li class=\"p-0 me-2\"><i class=\"fas fa-solid fa-book fa-fw\"><\/i> Realities in Phenomenological and Pedagogical Contexts<\/li><li class=\"p-0 me-2\"><i class=\"fas fa-solid fa-calendar fa-fw\"><\/i> 2025<\/li><\/ul><div class=\"caption col-12 p-0 col-md-12 row m-0 align-items-center\"><div class=\"px-md-1\">    <h3 class=\"fw-medium m-0 small-space pt-2 pb-2 title-ss text-decoration-none border-bottom\">The digital colonisation of the virtual and the persistence of (proto)virtuality in educational settings<\/h3>\n\n    <div class=\"mt-0 row g-3\">\n        \n        <div class=\"col-12 col-sm-6 col-lg-2 border-bottom pb-2\">\n            <small><i class=\"fas fa-solid fa-barcode fa-fw me-2\" style=\"color: #8c9db3;\"><\/i>ISBN<\/small>\n        <\/div>\n\n        <div class=\"col-12 col-sm-6 col-lg-3 border-bottom pb-2\">\n            <small class=\"text-muted\">978-3-658-47517-8<\/small>\n        <\/div>\n\n        <div class=\"col-12 col-sm-6 col-lg-2 border-bottom pb-2\">\n            <small><i class=\"fas fa-solid fa-file fa-fw me-2\" style=\"color: #8c9db3;\"><\/i>P\u00e1ginas<\/small>\n        <\/div>\n\n        <div class=\"col-12 col-sm-6 col-lg-5 border-bottom pb-2\">\n            <small class=\"text-muted\">D\u00e9sde la p\u00e1gina 117, hasta la p\u00e1gina 136<\/small>\n        <\/div>\n\n        <div class=\"col-12 col-sm-6 col-lg-2 border-bottom pb-2\">\n            <small><i class=\"fas fa-solid fa-language fa-fw me-2\" style=\"color: #8c9db3;\"><\/i>Idioma<\/small>\n        <\/div>\n\n        <div class=\"col-12 col-sm-6 col-lg-3 border-bottom pb-2\">\n            <small class=\"text-muted\">Ingl\u00e9s<\/small>\n        <\/div>\n\n        <div class=\"col-12 col-sm-6 col-lg-2 border-bottom pb-2\">\n            <small><i class=\"fas fa-solid fa-newspaper fa-fw me-2\" style=\"color: #8c9db3;\"><\/i>Editorial<\/small>\n        <\/div>\n\n        <div class=\"col-12 col-sm-6 col-lg-5 border-bottom pb-2\">\n            <small class=\"text-muted\">Springer<\/small>\n        <\/div>\n\n        <div class=\"col-12 col-sm-6 col-lg-2 border-bottom pb-2\">\n            <small><i class=\"fas fa-solid fa-user-pen fa-fw me-2\" style=\"color: #8c9db3;\"><\/i>Editores<\/small>\n        <\/div>\n\n        <div class=\"col-12 col-sm-6 col-lg-10 border-bottom pb-2\">\n            <small class=\"text-muted\">M. Brinkmann, J. Tu&#776;rstig y M. Weber-Spanknebel<\/small>\n        <\/div>\n\n        <div class=\"col-12 col-sm-6 col-lg-2\">\n            <small><i class=\"fas fa-solid fa-signature fa-fw me-2\" style=\"color: #8c9db3;\"><\/i>Autores<\/small>\n        <\/div>\n\n        <div class=\"col-12 col-sm-6 col-lg-10\">\n            <small class=\"text-muted\">Carlos Jos\u00e9 Willatt Herrera, Marc Fabian Buck<\/small>\n        <\/div>\n    <\/div><span class=\"caption-field-publish\"><\/span><\/div><\/div><\/div><\/div><\/div><div class=\"  circle--pattern-bottom-large col-sm-12 col-md-12 img-article\"><div class=\"holder-publish col-md-12\" style=\"border-bottom: 1px solid #B8B8B8\"><div class=\"content-holder h-100 component-border overflow-hidden row m-0 p-4 aling-items-center\"><ul class=\"p-0 list-style-none\"><li class=\"p-0 me-2\"><i class=\"fas fa-solid fa-book fa-fw\"><\/i> Teoria de Bildung: el retorno a una educaci\u00f3n centrada en la persona<\/li><li class=\"p-0 me-2\"><i class=\"fas fa-solid fa-calendar fa-fw\"><\/i> 2025<\/li><\/ul><div class=\"caption col-12 p-0 col-md-12 row m-0 align-items-center\"><div class=\"px-md-1\">    <h3 class=\"fw-medium m-0 small-space pt-2 pb-2 title-ss text-decoration-none border-bottom\">Bildung, Ausbildung, Halbbildung, Unbildung. Variaciones sobre la teor\u00eda humboldtiana de la formaci\u00f3n<\/h3>\n\n    <div class=\"mt-0 row g-3\">\n        \n        <div class=\"col-12 col-sm-6 col-lg-2 border-bottom pb-2\">\n            <small><i class=\"fas fa-solid fa-barcode fa-fw me-2\" style=\"color: #8c9db3;\"><\/i>ISBN<\/small>\n        <\/div>\n\n        <div class=\"col-12 col-sm-6 col-lg-3 border-bottom pb-2\">\n            <small class=\"text-muted\">978-956-417-090-9<\/small>\n        <\/div>\n\n        <div class=\"col-12 col-sm-6 col-lg-2 border-bottom pb-2\">\n            <small><i class=\"fas fa-solid fa-file fa-fw me-2\" style=\"color: #8c9db3;\"><\/i>P\u00e1ginas<\/small>\n        <\/div>\n\n        <div class=\"col-12 col-sm-6 col-lg-5 border-bottom pb-2\">\n            <small class=\"text-muted\">D\u00e9sde la p\u00e1gina 31, hasta la p\u00e1gina 53<\/small>\n        <\/div>\n\n        <div class=\"col-12 col-sm-6 col-lg-2 border-bottom pb-2\">\n            <small><i class=\"fas fa-solid fa-language fa-fw me-2\" style=\"color: #8c9db3;\"><\/i>Idioma<\/small>\n        <\/div>\n\n        <div class=\"col-12 col-sm-6 col-lg-3 border-bottom pb-2\">\n            <small class=\"text-muted\">Espa\u00f1ol<\/small>\n        <\/div>\n\n        <div class=\"col-12 col-sm-6 col-lg-2 border-bottom pb-2\">\n            <small><i class=\"fas fa-solid fa-newspaper fa-fw me-2\" style=\"color: #8c9db3;\"><\/i>Editorial<\/small>\n        <\/div>\n\n        <div class=\"col-12 col-sm-6 col-lg-5 border-bottom pb-2\">\n            <small class=\"text-muted\">Dykinson, S.L.<\/small>\n        <\/div>\n\n        <div class=\"col-12 col-sm-6 col-lg-2 border-bottom pb-2\">\n            <small><i class=\"fas fa-solid fa-user-pen fa-fw me-2\" style=\"color: #8c9db3;\"><\/i>Editores<\/small>\n        <\/div>\n\n        <div class=\"col-12 col-sm-6 col-lg-10 border-bottom pb-2\">\n            <small class=\"text-muted\">F. Murillo<\/small>\n        <\/div>\n\n        <div class=\"col-12 col-sm-6 col-lg-2\">\n            <small><i class=\"fas fa-solid fa-signature fa-fw me-2\" style=\"color: #8c9db3;\"><\/i>Autores<\/small>\n        <\/div>\n\n        <div class=\"col-12 col-sm-6 col-lg-10\">\n            <small class=\"text-muted\">Carlos Jos\u00e9 Willatt Herrera<\/small>\n        <\/div>\n    <\/div><span class=\"caption-field-publish\"><\/span><\/div><\/div><\/div><\/div><\/div><div class=\"  circle--pattern-bottom-large col-sm-12 col-md-12 img-article\"><div class=\"holder-publish col-md-12\" style=\"border-bottom: 1px solid #B8B8B8\"><div class=\"content-holder h-100 component-border overflow-hidden row m-0 p-4 aling-items-center\"><ul class=\"p-0 list-style-none\"><li class=\"p-0 me-2\"><i class=\"fas fa-solid fa-book fa-fw\"><\/i> Realities in Phenomenological and Pedagogical Contexts<\/li><li class=\"p-0 me-2\"><i class=\"fas fa-solid fa-calendar fa-fw\"><\/i> 2025<\/li><\/ul><div class=\"caption col-12 p-0 col-md-12 row m-0 align-items-center\"><div class=\"px-md-1\">    <h3 class=\"fw-medium m-0 small-space pt-2 pb-2 title-ss text-decoration-none border-bottom\">The digital colonisation of the virtual and the persistence of (proto)virtuality in educational settings<\/h3>\n\n    <div class=\"mt-0 row g-3\">\n        \n        <div class=\"col-12 col-sm-6 col-lg-2 border-bottom pb-2\">\n            <small><i class=\"fas fa-solid fa-barcode fa-fw me-2\" style=\"color: #8c9db3;\"><\/i>ISBN<\/small>\n        <\/div>\n\n        <div class=\"col-12 col-sm-6 col-lg-3 border-bottom pb-2\">\n            <small class=\"text-muted\">978-3-658-47517-8<\/small>\n        <\/div>\n\n        <div class=\"col-12 col-sm-6 col-lg-2 border-bottom pb-2\">\n            <small><i class=\"fas fa-solid fa-file fa-fw me-2\" style=\"color: #8c9db3;\"><\/i>P\u00e1ginas<\/small>\n        <\/div>\n\n        <div class=\"col-12 col-sm-6 col-lg-5 border-bottom pb-2\">\n            <small class=\"text-muted\">D\u00e9sde la p\u00e1gina 117, hasta la p\u00e1gina 136<\/small>\n        <\/div>\n\n        <div class=\"col-12 col-sm-6 col-lg-2 border-bottom pb-2\">\n            <small><i class=\"fas fa-solid fa-language fa-fw me-2\" style=\"color: #8c9db3;\"><\/i>Idioma<\/small>\n        <\/div>\n\n        <div class=\"col-12 col-sm-6 col-lg-3 border-bottom pb-2\">\n            <small class=\"text-muted\">Ingl\u00e9s<\/small>\n        <\/div>\n\n        <div class=\"col-12 col-sm-6 col-lg-2 border-bottom pb-2\">\n            <small><i class=\"fas fa-solid fa-newspaper fa-fw me-2\" style=\"color: #8c9db3;\"><\/i>Editorial<\/small>\n        <\/div>\n\n        <div class=\"col-12 col-sm-6 col-lg-5 border-bottom pb-2\">\n            <small class=\"text-muted\">Springer<\/small>\n        <\/div>\n\n        <div class=\"col-12 col-sm-6 col-lg-2 border-bottom pb-2\">\n            <small><i class=\"fas fa-solid fa-user-pen fa-fw me-2\" style=\"color: #8c9db3;\"><\/i>Editores<\/small>\n        <\/div>\n\n        <div class=\"col-12 col-sm-6 col-lg-10 border-bottom pb-2\">\n            <small class=\"text-muted\">M. Brinkmann, J. Tu&#776;rstig y M. Weber-Spanknebel<\/small>\n        <\/div>\n\n        <div class=\"col-12 col-sm-6 col-lg-2\">\n            <small><i class=\"fas fa-solid fa-signature fa-fw me-2\" style=\"color: #8c9db3;\"><\/i>Autores<\/small>\n        <\/div>\n\n        <div class=\"col-12 col-sm-6 col-lg-10\">\n            <small class=\"text-muted\">Carlos Jos\u00e9 Willatt Herrera, Marc Fabian Buck<\/small>\n        <\/div>\n    <\/div><span class=\"caption-field-publish\"><\/span><\/div><\/div><\/div><\/div><\/div><div class=\"  circle--pattern-bottom-large col-sm-12 col-md-12 img-article\"><div class=\"holder-publish col-md-12\" style=\"border-bottom: 1px solid #B8B8B8\"><div class=\"content-holder h-100 component-border overflow-hidden row m-0 p-4 aling-items-center\"><ul class=\"p-0 list-style-none\"><li class=\"p-0 me-2\"><i class=\"fas fa-solid fa-book fa-fw\"><\/i> Chilo\u00e9, debates insulares<\/li><li class=\"p-0 me-2\"><i class=\"fas fa-solid fa-calendar fa-fw\"><\/i> 2025<\/li><\/ul><div class=\"caption col-12 p-0 col-md-12 row m-0 align-items-center\"><div class=\"px-md-1\">    <h3 class=\"fw-medium m-0 small-space pt-2 pb-2 title-ss text-decoration-none border-bottom\">Gobernanza salmonera en Chilo\u00e9<\/h3>\n\n    <div class=\"mt-0 row g-3\">\n        \n        <div class=\"col-12 col-sm-6 col-lg-2 border-bottom pb-2\">\n            <small><i class=\"fas fa-solid fa-barcode fa-fw me-2\" style=\"color: #8c9db3;\"><\/i>ISBN<\/small>\n        <\/div>\n\n        <div class=\"col-12 col-sm-6 col-lg-3 border-bottom pb-2\">\n            <small class=\"text-muted\"><\/small>\n        <\/div>\n\n        <div class=\"col-12 col-sm-6 col-lg-2 border-bottom pb-2\">\n            <small><i class=\"fas fa-solid fa-file fa-fw me-2\" style=\"color: #8c9db3;\"><\/i>P\u00e1ginas<\/small>\n        <\/div>\n\n        <div class=\"col-12 col-sm-6 col-lg-5 border-bottom pb-2\">\n            <small class=\"text-muted\">D\u00e9sde la p\u00e1gina , hasta la p\u00e1gina <\/small>\n        <\/div>\n\n        <div class=\"col-12 col-sm-6 col-lg-2 border-bottom pb-2\">\n            <small><i class=\"fas fa-solid fa-language fa-fw me-2\" style=\"color: #8c9db3;\"><\/i>Idioma<\/small>\n        <\/div>\n\n        <div class=\"col-12 col-sm-6 col-lg-3 border-bottom pb-2\">\n            <small class=\"text-muted\"><\/small>\n        <\/div>\n\n        <div class=\"col-12 col-sm-6 col-lg-2 border-bottom pb-2\">\n            <small><i class=\"fas fa-solid fa-newspaper fa-fw me-2\" style=\"color: #8c9db3;\"><\/i>Editorial<\/small>\n        <\/div>\n\n        <div class=\"col-12 col-sm-6 col-lg-5 border-bottom pb-2\">\n            <small class=\"text-muted\">Editorial Universidad de Los Lagos<\/small>\n        <\/div>\n\n        <div class=\"col-12 col-sm-6 col-lg-2 border-bottom pb-2\">\n            <small><i class=\"fas fa-solid fa-user-pen fa-fw me-2\" style=\"color: #8c9db3;\"><\/i>Editores<\/small>\n        <\/div>\n\n        <div class=\"col-12 col-sm-6 col-lg-10 border-bottom pb-2\">\n            <small class=\"text-muted\"><\/small>\n        <\/div>\n\n        <div class=\"col-12 col-sm-6 col-lg-2\">\n            <small><i class=\"fas fa-solid fa-signature fa-fw me-2\" style=\"color: #8c9db3;\"><\/i>Autores<\/small>\n        <\/div>\n\n        <div class=\"col-12 col-sm-6 col-lg-10\">\n            <small class=\"text-muted\">\u00c1lvaro Javier Rom\u00e1n Castillo<\/small>\n        <\/div>\n    <\/div><span class=\"caption-field-publish\"><\/span><\/div><\/div><\/div><\/div><\/div><div class=\"  circle--pattern-bottom-large col-sm-12 col-md-12 img-article\"><div class=\"holder-publish col-md-12\" style=\"border-bottom: 1px solid #B8B8B8\"><div class=\"content-holder h-100 component-border overflow-hidden row m-0 p-4 aling-items-center\"><ul class=\"p-0 list-style-none\"><li class=\"p-0 me-2\"><i class=\"fas fa-solid fa-book fa-fw\"><\/i> Chilo\u00e9, debates insulares<\/li><li class=\"p-0 me-2\"><i class=\"fas fa-solid fa-calendar fa-fw\"><\/i> 2025<\/li><\/ul><div class=\"caption col-12 p-0 col-md-12 row m-0 align-items-center\"><div class=\"px-md-1\">    <h3 class=\"fw-medium m-0 small-space pt-2 pb-2 title-ss text-decoration-none border-bottom\">Gobernanza salmonera en Chilo\u00e9<\/h3>\n\n    <div class=\"mt-0 row g-3\">\n        \n        <div class=\"col-12 col-sm-6 col-lg-2 border-bottom pb-2\">\n            <small><i class=\"fas fa-solid fa-barcode fa-fw me-2\" style=\"color: #8c9db3;\"><\/i>ISBN<\/small>\n        <\/div>\n\n        <div class=\"col-12 col-sm-6 col-lg-3 border-bottom pb-2\">\n            <small class=\"text-muted\"><\/small>\n        <\/div>\n\n        <div class=\"col-12 col-sm-6 col-lg-2 border-bottom pb-2\">\n            <small><i class=\"fas fa-solid fa-file fa-fw me-2\" style=\"color: #8c9db3;\"><\/i>P\u00e1ginas<\/small>\n        <\/div>\n\n        <div class=\"col-12 col-sm-6 col-lg-5 border-bottom pb-2\">\n            <small class=\"text-muted\">D\u00e9sde la p\u00e1gina , hasta la p\u00e1gina <\/small>\n        <\/div>\n\n        <div class=\"col-12 col-sm-6 col-lg-2 border-bottom pb-2\">\n            <small><i class=\"fas fa-solid fa-language fa-fw me-2\" style=\"color: #8c9db3;\"><\/i>Idioma<\/small>\n        <\/div>\n\n        <div class=\"col-12 col-sm-6 col-lg-3 border-bottom pb-2\">\n            <small class=\"text-muted\"><\/small>\n        <\/div>\n\n        <div class=\"col-12 col-sm-6 col-lg-2 border-bottom pb-2\">\n            <small><i class=\"fas fa-solid fa-newspaper fa-fw me-2\" style=\"color: #8c9db3;\"><\/i>Editorial<\/small>\n        <\/div>\n\n        <div class=\"col-12 col-sm-6 col-lg-5 border-bottom pb-2\">\n            <small class=\"text-muted\">Editorial Universidad de Los Lagos<\/small>\n        <\/div>\n\n        <div class=\"col-12 col-sm-6 col-lg-2 border-bottom pb-2\">\n            <small><i class=\"fas fa-solid fa-user-pen fa-fw me-2\" style=\"color: #8c9db3;\"><\/i>Editores<\/small>\n        <\/div>\n\n        <div class=\"col-12 col-sm-6 col-lg-10 border-bottom pb-2\">\n            <small class=\"text-muted\"><\/small>\n        <\/div>\n\n        <div class=\"col-12 col-sm-6 col-lg-2\">\n            <small><i class=\"fas fa-solid fa-signature fa-fw me-2\" style=\"color: #8c9db3;\"><\/i>Autores<\/small>\n        <\/div>\n\n        <div class=\"col-12 col-sm-6 col-lg-10\">\n            <small class=\"text-muted\">\u00c1lvaro Javier Rom\u00e1n Castillo<\/small>\n        <\/div>\n    <\/div><span class=\"caption-field-publish\"><\/span><\/div><\/div><\/div><\/div><\/div><div class=\"  circle--pattern-bottom-large col-sm-12 col-md-12 img-article\"><div class=\"holder-publish col-md-12\" style=\"border-bottom: 1px solid #B8B8B8\"><div class=\"content-holder h-100 component-border overflow-hidden row m-0 p-4 aling-items-center\"><ul class=\"p-0 list-style-none\"><li class=\"p-0 me-2\"><i class=\"fas fa-solid fa-book fa-fw\"><\/i> Salud mental, g\u00e9nero y cuidados: estrategias de cuidado en organizaciones de salud durante la pandemia.<\/li><li class=\"p-0 me-2\"><i class=\"fas fa-solid fa-calendar fa-fw\"><\/i> 2024<\/li><\/ul><div class=\"caption col-12 p-0 col-md-12 row m-0 align-items-center\"><div class=\"px-md-1\">    <h3 class=\"fw-medium m-0 small-space pt-2 pb-2 title-ss text-decoration-none border-bottom\">Perspectiva con enfoque de g\u00e9nero de la Pandemia de COVID-19 en profesionales de salud del Nodo O&#8217;Higgins: una s\u00edntesis narrativa.<\/h3>\n\n    <div class=\"mt-0 row g-3\">\n        \n        <div class=\"col-12 col-sm-6 col-lg-2 border-bottom pb-2\">\n            <small><i class=\"fas fa-solid fa-barcode fa-fw me-2\" style=\"color: #8c9db3;\"><\/i>ISBN<\/small>\n        <\/div>\n\n        <div class=\"col-12 col-sm-6 col-lg-3 border-bottom pb-2\">\n            <small class=\"text-muted\">978-987-82869-4-5<\/small>\n        <\/div>\n\n        <div class=\"col-12 col-sm-6 col-lg-2 border-bottom pb-2\">\n            <small><i class=\"fas fa-solid fa-file fa-fw me-2\" style=\"color: #8c9db3;\"><\/i>P\u00e1ginas<\/small>\n        <\/div>\n\n        <div class=\"col-12 col-sm-6 col-lg-5 border-bottom pb-2\">\n            <small class=\"text-muted\">D\u00e9sde la p\u00e1gina 129, hasta la p\u00e1gina 157<\/small>\n        <\/div>\n\n        <div class=\"col-12 col-sm-6 col-lg-2 border-bottom pb-2\">\n            <small><i class=\"fas fa-solid fa-language fa-fw me-2\" style=\"color: #8c9db3;\"><\/i>Idioma<\/small>\n        <\/div>\n\n        <div class=\"col-12 col-sm-6 col-lg-3 border-bottom pb-2\">\n            <small class=\"text-muted\">Espa\u00f1ol<\/small>\n        <\/div>\n\n        <div class=\"col-12 col-sm-6 col-lg-2 border-bottom pb-2\">\n            <small><i class=\"fas fa-solid fa-newspaper fa-fw me-2\" style=\"color: #8c9db3;\"><\/i>Editorial<\/small>\n        <\/div>\n\n        <div class=\"col-12 col-sm-6 col-lg-5 border-bottom pb-2\">\n            <small class=\"text-muted\">Editorial Universidad del Chubut<\/small>\n        <\/div>\n\n        <div class=\"col-12 col-sm-6 col-lg-2 border-bottom pb-2\">\n            <small><i class=\"fas fa-solid fa-user-pen fa-fw me-2\" style=\"color: #8c9db3;\"><\/i>Editores<\/small>\n        <\/div>\n\n        <div class=\"col-12 col-sm-6 col-lg-10 border-bottom pb-2\">\n            <small class=\"text-muted\">Marcela In\u00e9s Freytes Frey; Amanda Gotti; Cecilia Maricel Russo; Mariela Nabergoi; Silvia Catalini;<\/small>\n        <\/div>\n\n        <div class=\"col-12 col-sm-6 col-lg-2\">\n            <small><i class=\"fas fa-solid fa-signature fa-fw me-2\" style=\"color: #8c9db3;\"><\/i>Autores<\/small>\n        <\/div>\n\n        <div class=\"col-12 col-sm-6 col-lg-10\">\n            <small class=\"text-muted\">Mar\u00eda Soledad Burrone Colombino, Catalina Andrea Tapia Fuenzalida, Nicole Alejandra Gallegos Pavez, Luna Catalina Rojas Rivera, Claudia Luc\u00eda Alarc\u00f3n Espinoza, Marcela In\u00e9s Freytes Frey, Jorge Ram\u00edrez, Rub\u00e9n Vladimir Alvarado Mu\u00f1oz<\/small>\n        <\/div>\n    <\/div><span class=\"caption-field-publish\"><\/span><\/div><\/div><\/div><\/div><\/div><div class=\"  circle--pattern-bottom-large col-sm-12 col-md-12 img-article\"><div class=\"holder-publish col-md-12\" style=\"border-bottom: 1px solid #B8B8B8\"><div class=\"content-holder h-100 component-border overflow-hidden row m-0 p-4 aling-items-center\"><ul class=\"p-0 list-style-none\"><li class=\"p-0 me-2\"><i class=\"fas fa-solid fa-book fa-fw\"><\/i> Entomopathogenic Nematodes as Biological Control Agents<\/li><li class=\"p-0 me-2\"><i class=\"fas fa-solid fa-calendar fa-fw\"><\/i> 2024<\/li><\/ul><div class=\"caption col-12 p-0 col-md-12 row m-0 align-items-center\"><div class=\"px-md-1\">    <h3 class=\"fw-medium m-0 small-space pt-2 pb-2 title-ss text-decoration-none border-bottom\">The Biology of Entomopathogenic Nematodes<\/h3>\n\n    <div class=\"mt-0 row g-3\">\n        \n        <div class=\"col-12 col-sm-6 col-lg-2 border-bottom pb-2\">\n            <small><i class=\"fas fa-solid fa-barcode fa-fw me-2\" style=\"color: #8c9db3;\"><\/i>ISBN<\/small>\n        <\/div>\n\n        <div class=\"col-12 col-sm-6 col-lg-3 border-bottom pb-2\">\n            <small class=\"text-muted\"><\/small>\n        <\/div>\n\n        <div class=\"col-12 col-sm-6 col-lg-2 border-bottom pb-2\">\n            <small><i class=\"fas fa-solid fa-file fa-fw me-2\" style=\"color: #8c9db3;\"><\/i>P\u00e1ginas<\/small>\n        <\/div>\n\n        <div class=\"col-12 col-sm-6 col-lg-5 border-bottom pb-2\">\n            <small class=\"text-muted\">D\u00e9sde la p\u00e1gina , hasta la p\u00e1gina <\/small>\n        <\/div>\n\n        <div class=\"col-12 col-sm-6 col-lg-2 border-bottom pb-2\">\n            <small><i class=\"fas fa-solid fa-language fa-fw me-2\" style=\"color: #8c9db3;\"><\/i>Idioma<\/small>\n        <\/div>\n\n        <div class=\"col-12 col-sm-6 col-lg-3 border-bottom pb-2\">\n            <small class=\"text-muted\"><\/small>\n        <\/div>\n\n        <div class=\"col-12 col-sm-6 col-lg-2 border-bottom pb-2\">\n            <small><i class=\"fas fa-solid fa-newspaper fa-fw me-2\" style=\"color: #8c9db3;\"><\/i>Editorial<\/small>\n        <\/div>\n\n        <div class=\"col-12 col-sm-6 col-lg-5 border-bottom pb-2\">\n            <small class=\"text-muted\">CAB Interantional<\/small>\n        <\/div>\n\n        <div class=\"col-12 col-sm-6 col-lg-2 border-bottom pb-2\">\n            <small><i class=\"fas fa-solid fa-user-pen fa-fw me-2\" style=\"color: #8c9db3;\"><\/i>Editores<\/small>\n        <\/div>\n\n        <div class=\"col-12 col-sm-6 col-lg-10 border-bottom pb-2\">\n            <small class=\"text-muted\"><\/small>\n        <\/div>\n\n        <div class=\"col-12 col-sm-6 col-lg-2\">\n            <small><i class=\"fas fa-solid fa-signature fa-fw me-2\" style=\"color: #8c9db3;\"><\/i>Autores<\/small>\n        <\/div>\n\n        <div class=\"col-12 col-sm-6 col-lg-10\">\n            <small class=\"text-muted\">Ernesto San Blas, Yoelvis Noe Sulbaran Bracho, Gariela Lankin<\/small>\n        <\/div>\n    <\/div><span class=\"caption-field-publish\"><\/span><\/div><\/div><\/div><\/div><\/div><div class=\"  circle--pattern-bottom-large col-sm-12 col-md-12 img-article\"><div class=\"holder-publish col-md-12\" style=\"border-bottom: 1px solid #B8B8B8\"><div class=\"content-holder h-100 component-border overflow-hidden row m-0 p-4 aling-items-center\"><ul class=\"p-0 list-style-none\"><li class=\"p-0 me-2\"><i class=\"fas fa-solid fa-book fa-fw\"><\/i> Feminismos y ciencias sociales en Chile: Voces desde sus participantes<\/li><li class=\"p-0 me-2\"><i class=\"fas fa-solid fa-calendar fa-fw\"><\/i> 2024<\/li><\/ul><div class=\"caption col-12 p-0 col-md-12 row m-0 align-items-center\"><div class=\"px-md-1\">    <h3 class=\"fw-medium m-0 small-space pt-2 pb-2 title-ss text-decoration-none border-bottom\">Feminismos en la academia de las ciencias sociales en Chile<\/h3>\n\n    <div class=\"mt-0 row g-3\">\n        \n        <div class=\"col-12 col-sm-6 col-lg-2 border-bottom pb-2\">\n            <small><i class=\"fas fa-solid fa-barcode fa-fw me-2\" style=\"color: #8c9db3;\"><\/i>ISBN<\/small>\n        <\/div>\n\n        <div class=\"col-12 col-sm-6 col-lg-3 border-bottom pb-2\">\n            <small class=\"text-muted\">978-956-416-695-7<\/small>\n        <\/div>\n\n        <div class=\"col-12 col-sm-6 col-lg-2 border-bottom pb-2\">\n            <small><i class=\"fas fa-solid fa-file fa-fw me-2\" style=\"color: #8c9db3;\"><\/i>P\u00e1ginas<\/small>\n        <\/div>\n\n        <div class=\"col-12 col-sm-6 col-lg-5 border-bottom pb-2\">\n            <small class=\"text-muted\">D\u00e9sde la p\u00e1gina 13, hasta la p\u00e1gina 21<\/small>\n        <\/div>\n\n        <div class=\"col-12 col-sm-6 col-lg-2 border-bottom pb-2\">\n            <small><i class=\"fas fa-solid fa-language fa-fw me-2\" style=\"color: #8c9db3;\"><\/i>Idioma<\/small>\n        <\/div>\n\n        <div class=\"col-12 col-sm-6 col-lg-3 border-bottom pb-2\">\n            <small class=\"text-muted\">Espa\u00f1ol<\/small>\n        <\/div>\n\n        <div class=\"col-12 col-sm-6 col-lg-2 border-bottom pb-2\">\n            <small><i class=\"fas fa-solid fa-newspaper fa-fw me-2\" style=\"color: #8c9db3;\"><\/i>Editorial<\/small>\n        <\/div>\n\n        <div class=\"col-12 col-sm-6 col-lg-5 border-bottom pb-2\">\n            <small class=\"text-muted\">Centro de Estudios de Conflicto y Cohesi\u00f3n Social<\/small>\n        <\/div>\n\n        <div class=\"col-12 col-sm-6 col-lg-2 border-bottom pb-2\">\n            <small><i class=\"fas fa-solid fa-user-pen fa-fw me-2\" style=\"color: #8c9db3;\"><\/i>Editores<\/small>\n        <\/div>\n\n        <div class=\"col-12 col-sm-6 col-lg-10 border-bottom pb-2\">\n            <small class=\"text-muted\">Denisse Sep\u00falveda, Manuela Mendoza, Francisca Ortiz, B\u00e1rbara Flores<\/small>\n        <\/div>\n\n        <div class=\"col-12 col-sm-6 col-lg-2\">\n            <small><i class=\"fas fa-solid fa-signature fa-fw me-2\" style=\"color: #8c9db3;\"><\/i>Autores<\/small>\n        <\/div>\n\n        <div class=\"col-12 col-sm-6 col-lg-10\">\n            <small class=\"text-muted\">Manuela Ji Mendoza Horvitz, Denisse Sep\u00falveda, Francisca Ortiz, B\u00e1rbara Flores<\/small>\n        <\/div>\n    <\/div><span class=\"caption-field-publish\"><\/span><\/div><\/div><\/div><\/div><\/div><div class=\"  circle--pattern-bottom-large col-sm-12 col-md-12 img-article\"><div class=\"holder-publish col-md-12\" style=\"border-bottom: 1px solid #B8B8B8\"><div class=\"content-holder h-100 component-border overflow-hidden row m-0 p-4 aling-items-center\"><ul class=\"p-0 list-style-none\"><li class=\"p-0 me-2\"><i class=\"fas fa-solid fa-book fa-fw\"><\/i> Feminismos y ciencias sociales en Chile: Voces desde sus participantes<\/li><li class=\"p-0 me-2\"><i class=\"fas fa-solid fa-calendar fa-fw\"><\/i> 2024<\/li><\/ul><div class=\"caption col-12 p-0 col-md-12 row m-0 align-items-center\"><div class=\"px-md-1\">    <h3 class=\"fw-medium m-0 small-space pt-2 pb-2 title-ss text-decoration-none border-bottom\">Producci\u00f3n acad\u00e9mica feminista en las escuelas de sociolog\u00eda en Chile<\/h3>\n\n    <div class=\"mt-0 row g-3\">\n        \n        <div class=\"col-12 col-sm-6 col-lg-2 border-bottom pb-2\">\n            <small><i class=\"fas fa-solid fa-barcode fa-fw me-2\" style=\"color: #8c9db3;\"><\/i>ISBN<\/small>\n        <\/div>\n\n        <div class=\"col-12 col-sm-6 col-lg-3 border-bottom pb-2\">\n            <small class=\"text-muted\">978-956-416-695-7<\/small>\n        <\/div>\n\n        <div class=\"col-12 col-sm-6 col-lg-2 border-bottom pb-2\">\n            <small><i class=\"fas fa-solid fa-file fa-fw me-2\" style=\"color: #8c9db3;\"><\/i>P\u00e1ginas<\/small>\n        <\/div>\n\n        <div class=\"col-12 col-sm-6 col-lg-5 border-bottom pb-2\">\n            <small class=\"text-muted\">D\u00e9sde la p\u00e1gina 22, hasta la p\u00e1gina 39<\/small>\n        <\/div>\n\n        <div class=\"col-12 col-sm-6 col-lg-2 border-bottom pb-2\">\n            <small><i class=\"fas fa-solid fa-language fa-fw me-2\" style=\"color: #8c9db3;\"><\/i>Idioma<\/small>\n        <\/div>\n\n        <div class=\"col-12 col-sm-6 col-lg-3 border-bottom pb-2\">\n            <small class=\"text-muted\">Espa\u00f1ol<\/small>\n        <\/div>\n\n        <div class=\"col-12 col-sm-6 col-lg-2 border-bottom pb-2\">\n            <small><i class=\"fas fa-solid fa-newspaper fa-fw me-2\" style=\"color: #8c9db3;\"><\/i>Editorial<\/small>\n        <\/div>\n\n        <div class=\"col-12 col-sm-6 col-lg-5 border-bottom pb-2\">\n            <small class=\"text-muted\">Centro de Estudios de Conflicto y Cohesi\u00f3n Social<\/small>\n        <\/div>\n\n        <div class=\"col-12 col-sm-6 col-lg-2 border-bottom pb-2\">\n            <small><i class=\"fas fa-solid fa-user-pen fa-fw me-2\" style=\"color: #8c9db3;\"><\/i>Editores<\/small>\n        <\/div>\n\n        <div class=\"col-12 col-sm-6 col-lg-10 border-bottom pb-2\">\n            <small class=\"text-muted\">Denisse Sep\u00falveda, Manuela Mendoza, Francisca Ortiz, B\u00e1rbara Flores<\/small>\n        <\/div>\n\n        <div class=\"col-12 col-sm-6 col-lg-2\">\n            <small><i class=\"fas fa-solid fa-signature fa-fw me-2\" style=\"color: #8c9db3;\"><\/i>Autores<\/small>\n        <\/div>\n\n        <div class=\"col-12 col-sm-6 col-lg-10\">\n            <small class=\"text-muted\">B\u00e1rbara Flores, Denisse Sep\u00falveda, Francisca Ortiz, Manuela Ji Mendoza Horvitz<\/small>\n        <\/div>\n    <\/div><span class=\"caption-field-publish\"><\/span><\/div><\/div><\/div><\/div><\/div><div class=\"  circle--pattern-bottom-large col-sm-12 col-md-12 img-article\"><div class=\"holder-publish col-md-12\" style=\"border-bottom: 1px solid #B8B8B8\"><div class=\"content-holder h-100 component-border overflow-hidden row m-0 p-4 aling-items-center\"><ul class=\"p-0 list-style-none\"><li class=\"p-0 me-2\"><i class=\"fas fa-solid fa-book fa-fw\"><\/i> Terapias Ocupacionales Latinoamericanas: praxis politicas y comunitarias<\/li><li class=\"p-0 me-2\"><i class=\"fas fa-solid fa-calendar fa-fw\"><\/i> 2024<\/li><\/ul><div class=\"caption col-12 p-0 col-md-12 row m-0 align-items-center\"><div class=\"px-md-1\">    <h3 class=\"fw-medium m-0 small-space pt-2 pb-2 title-ss text-decoration-none border-bottom\">Terapias Ocupacionales Comunitarias para el buen vivir: un ensamblaje inevitable<\/h3>\n\n    <div class=\"mt-0 row g-3\">\n        \n        <div class=\"col-12 col-sm-6 col-lg-2 border-bottom pb-2\">\n            <small><i class=\"fas fa-solid fa-barcode fa-fw me-2\" style=\"color: #8c9db3;\"><\/i>ISBN<\/small>\n        <\/div>\n\n        <div class=\"col-12 col-sm-6 col-lg-3 border-bottom pb-2\">\n            <small class=\"text-muted\">978-956-303-662-6<\/small>\n        <\/div>\n\n        <div class=\"col-12 col-sm-6 col-lg-2 border-bottom pb-2\">\n            <small><i class=\"fas fa-solid fa-file fa-fw me-2\" style=\"color: #8c9db3;\"><\/i>P\u00e1ginas<\/small>\n        <\/div>\n\n        <div class=\"col-12 col-sm-6 col-lg-5 border-bottom pb-2\">\n            <small class=\"text-muted\">D\u00e9sde la p\u00e1gina 309-324, hasta la p\u00e1gina <\/small>\n        <\/div>\n\n        <div class=\"col-12 col-sm-6 col-lg-2 border-bottom pb-2\">\n            <small><i class=\"fas fa-solid fa-language fa-fw me-2\" style=\"color: #8c9db3;\"><\/i>Idioma<\/small>\n        <\/div>\n\n        <div class=\"col-12 col-sm-6 col-lg-3 border-bottom pb-2\">\n            <small class=\"text-muted\">Espa\u00f1ol<\/small>\n        <\/div>\n\n        <div class=\"col-12 col-sm-6 col-lg-2 border-bottom pb-2\">\n            <small><i class=\"fas fa-solid fa-newspaper fa-fw me-2\" style=\"color: #8c9db3;\"><\/i>Editorial<\/small>\n        <\/div>\n\n        <div class=\"col-12 col-sm-6 col-lg-5 border-bottom pb-2\">\n            <small class=\"text-muted\">Editorial Usach<\/small>\n        <\/div>\n\n        <div class=\"col-12 col-sm-6 col-lg-2 border-bottom pb-2\">\n            <small><i class=\"fas fa-solid fa-user-pen fa-fw me-2\" style=\"color: #8c9db3;\"><\/i>Editores<\/small>\n        <\/div>\n\n        <div class=\"col-12 col-sm-6 col-lg-10 border-bottom pb-2\">\n            <small class=\"text-muted\">Melanie Santiba\u00f1ez, Solange Garcia, Monica Palacios<\/small>\n        <\/div>\n\n        <div class=\"col-12 col-sm-6 col-lg-2\">\n            <small><i class=\"fas fa-solid fa-signature fa-fw me-2\" style=\"color: #8c9db3;\"><\/i>Autores<\/small>\n        <\/div>\n\n        <div class=\"col-12 col-sm-6 col-lg-10\">\n            <small class=\"text-muted\">Juan Andr\u00e9s Pino Mor\u00e1n<\/small>\n        <\/div>\n    <\/div><span class=\"caption-field-publish\"><\/span><\/div><\/div><\/div><\/div><\/div><div class=\"  circle--pattern-bottom-large col-sm-12 col-md-12 img-article\"><div class=\"holder-publish col-md-12\" style=\"border-bottom: 1px solid #B8B8B8\"><div class=\"content-holder h-100 component-border overflow-hidden row m-0 p-4 aling-items-center\"><ul class=\"p-0 list-style-none\"><li class=\"p-0 me-2\"><i class=\"fas fa-solid fa-book fa-fw\"><\/i> discapacidad y ciudadan\u00eda: una introducci\u00f3n<\/li><li class=\"p-0 me-2\"><i class=\"fas fa-solid fa-calendar fa-fw\"><\/i> 2024<\/li><\/ul><div class=\"caption col-12 p-0 col-md-12 row m-0 align-items-center\"><div class=\"px-md-1\">    <h3 class=\"fw-medium m-0 small-space pt-2 pb-2 title-ss text-decoration-none border-bottom\">\u00bfPor qu\u00e9 es fundamental el activismo de las personas con discapacidad?<\/h3>\n\n    <div class=\"mt-0 row g-3\">\n        \n        <div class=\"col-12 col-sm-6 col-lg-2 border-bottom pb-2\">\n            <small><i class=\"fas fa-solid fa-barcode fa-fw me-2\" style=\"color: #8c9db3;\"><\/i>ISBN<\/small>\n        <\/div>\n\n        <div class=\"col-12 col-sm-6 col-lg-3 border-bottom pb-2\">\n            <small class=\"text-muted\">978-956-314-608-0.<\/small>\n        <\/div>\n\n        <div class=\"col-12 col-sm-6 col-lg-2 border-bottom pb-2\">\n            <small><i class=\"fas fa-solid fa-file fa-fw me-2\" style=\"color: #8c9db3;\"><\/i>P\u00e1ginas<\/small>\n        <\/div>\n\n        <div class=\"col-12 col-sm-6 col-lg-5 border-bottom pb-2\">\n            <small class=\"text-muted\">D\u00e9sde la p\u00e1gina 378-421, hasta la p\u00e1gina <\/small>\n        <\/div>\n\n        <div class=\"col-12 col-sm-6 col-lg-2 border-bottom pb-2\">\n            <small><i class=\"fas fa-solid fa-language fa-fw me-2\" style=\"color: #8c9db3;\"><\/i>Idioma<\/small>\n        <\/div>\n\n        <div class=\"col-12 col-sm-6 col-lg-3 border-bottom pb-2\">\n            <small class=\"text-muted\">Espa\u00f1ol<\/small>\n        <\/div>\n\n        <div class=\"col-12 col-sm-6 col-lg-2 border-bottom pb-2\">\n            <small><i class=\"fas fa-solid fa-newspaper fa-fw me-2\" style=\"color: #8c9db3;\"><\/i>Editorial<\/small>\n        <\/div>\n\n        <div class=\"col-12 col-sm-6 col-lg-5 border-bottom pb-2\">\n            <small class=\"text-muted\">Editorial Universidad Diego Portales<\/small>\n        <\/div>\n\n        <div class=\"col-12 col-sm-6 col-lg-2 border-bottom pb-2\">\n            <small><i class=\"fas fa-solid fa-user-pen fa-fw me-2\" style=\"color: #8c9db3;\"><\/i>Editores<\/small>\n        <\/div>\n\n        <div class=\"col-12 col-sm-6 col-lg-10 border-bottom pb-2\">\n            <small class=\"text-muted\">Florencia Herrera, Pablo Marshall<\/small>\n        <\/div>\n\n        <div class=\"col-12 col-sm-6 col-lg-2\">\n            <small><i class=\"fas fa-solid fa-signature fa-fw me-2\" style=\"color: #8c9db3;\"><\/i>Autores<\/small>\n        <\/div>\n\n        <div class=\"col-12 col-sm-6 col-lg-10\">\n            <small class=\"text-muted\">Juan Andr\u00e9s Pino Mor\u00e1n<\/small>\n        <\/div>\n    <\/div><span class=\"caption-field-publish\"><\/span><\/div><\/div><\/div><\/div><\/div><div class=\"  circle--pattern-bottom-large col-sm-12 col-md-12 img-article\"><div class=\"holder-publish col-md-12\" style=\"border-bottom: 1px solid #B8B8B8\"><div class=\"content-holder h-100 component-border overflow-hidden row m-0 p-4 aling-items-center\"><ul class=\"p-0 list-style-none\"><li class=\"p-0 me-2\"><i class=\"fas fa-solid fa-book fa-fw\"><\/i> Democracia, Derechos Humanos y Paz Encrucijadas y desaf\u00edos desde el Estado y las organizaciones sociales<\/li><li class=\"p-0 me-2\"><i class=\"fas fa-solid fa-calendar fa-fw\"><\/i> 2024<\/li><\/ul><div class=\"caption col-12 p-0 col-md-12 row m-0 align-items-center\"><div class=\"px-md-1\">    <h3 class=\"fw-medium m-0 small-space pt-2 pb-2 title-ss text-decoration-none border-bottom\">Insumos y recomendaciones para pol\u00edticas p\u00fablicas e intervenci\u00f3n social en torno a las luchas de las personas con discapacidad en Am\u00e9rica Latina<\/h3>\n\n    <div class=\"mt-0 row g-3\">\n        \n        <div class=\"col-12 col-sm-6 col-lg-2 border-bottom pb-2\">\n            <small><i class=\"fas fa-solid fa-barcode fa-fw me-2\" style=\"color: #8c9db3;\"><\/i>ISBN<\/small>\n        <\/div>\n\n        <div class=\"col-12 col-sm-6 col-lg-3 border-bottom pb-2\">\n            <small class=\"text-muted\">978-987-813-856-5<\/small>\n        <\/div>\n\n        <div class=\"col-12 col-sm-6 col-lg-2 border-bottom pb-2\">\n            <small><i class=\"fas fa-solid fa-file fa-fw me-2\" style=\"color: #8c9db3;\"><\/i>P\u00e1ginas<\/small>\n        <\/div>\n\n        <div class=\"col-12 col-sm-6 col-lg-5 border-bottom pb-2\">\n            <small class=\"text-muted\">D\u00e9sde la p\u00e1gina 2-8, hasta la p\u00e1gina <\/small>\n        <\/div>\n\n        <div class=\"col-12 col-sm-6 col-lg-2 border-bottom pb-2\">\n            <small><i class=\"fas fa-solid fa-language fa-fw me-2\" style=\"color: #8c9db3;\"><\/i>Idioma<\/small>\n        <\/div>\n\n        <div class=\"col-12 col-sm-6 col-lg-3 border-bottom pb-2\">\n            <small class=\"text-muted\">Espa\u00f1ol<\/small>\n        <\/div>\n\n        <div class=\"col-12 col-sm-6 col-lg-2 border-bottom pb-2\">\n            <small><i class=\"fas fa-solid fa-newspaper fa-fw me-2\" style=\"color: #8c9db3;\"><\/i>Editorial<\/small>\n        <\/div>\n\n        <div class=\"col-12 col-sm-6 col-lg-5 border-bottom pb-2\">\n            <small class=\"text-muted\">Consejo Latinoamericano de Ciencias Sociales<\/small>\n        <\/div>\n\n        <div class=\"col-12 col-sm-6 col-lg-2 border-bottom pb-2\">\n            <small><i class=\"fas fa-solid fa-user-pen fa-fw me-2\" style=\"color: #8c9db3;\"><\/i>Editores<\/small>\n        <\/div>\n\n        <div class=\"col-12 col-sm-6 col-lg-10 border-bottom pb-2\">\n            <small class=\"text-muted\">Lucas Sablich,Solange Victory, Marcela Alemandi<\/small>\n        <\/div>\n\n        <div class=\"col-12 col-sm-6 col-lg-2\">\n            <small><i class=\"fas fa-solid fa-signature fa-fw me-2\" style=\"color: #8c9db3;\"><\/i>Autores<\/small>\n        <\/div>\n\n        <div class=\"col-12 col-sm-6 col-lg-10\">\n            <small class=\"text-muted\">Juan Andr\u00e9s Pino Mor\u00e1n<\/small>\n        <\/div>\n    <\/div><span class=\"caption-field-publish\"><\/span><\/div><\/div><\/div><\/div><\/div><div class=\"  circle--pattern-bottom-large col-sm-12 col-md-12 img-article\"><div class=\"holder-publish col-md-12\" style=\"border-bottom: 1px solid #B8B8B8\"><div class=\"content-holder h-100 component-border overflow-hidden row m-0 p-4 aling-items-center\"><ul class=\"p-0 list-style-none\"><li class=\"p-0 me-2\"><i class=\"fas fa-solid fa-book fa-fw\"><\/i> Anais da II Mostra de Difus\u00e3o Tecnol\u00f3gica do Programa de P\u00f3s-gradua\u00e7\u00e3o em Ci\u00eancia Animal \u0096 PPGCA<\/li><li class=\"p-0 me-2\"><i class=\"fas fa-solid fa-calendar fa-fw\"><\/i> 2024<\/li><\/ul><div class=\"caption col-12 p-0 col-md-12 row m-0 align-items-center\"><div class=\"px-md-1\">    <h3 class=\"fw-medium m-0 small-space pt-2 pb-2 title-ss text-decoration-none border-bottom\">A efici\u00eancia do uso de f\u00f3sforo no cultivo de leguminosas forrageiras dos g\u00eaneros Crotalaria e Cajanus cajan<\/h3>\n\n    <div class=\"mt-0 row g-3\">\n        \n        <div class=\"col-12 col-sm-6 col-lg-2 border-bottom pb-2\">\n            <small><i class=\"fas fa-solid fa-barcode fa-fw me-2\" style=\"color: #8c9db3;\"><\/i>ISBN<\/small>\n        <\/div>\n\n        <div class=\"col-12 col-sm-6 col-lg-3 border-bottom pb-2\">\n            <small class=\"text-muted\">978-65-272-0933-1<\/small>\n        <\/div>\n\n        <div class=\"col-12 col-sm-6 col-lg-2 border-bottom pb-2\">\n            <small><i class=\"fas fa-solid fa-file fa-fw me-2\" style=\"color: #8c9db3;\"><\/i>P\u00e1ginas<\/small>\n        <\/div>\n\n        <div class=\"col-12 col-sm-6 col-lg-5 border-bottom pb-2\">\n            <small class=\"text-muted\">D\u00e9sde la p\u00e1gina 181, hasta la p\u00e1gina 199<\/small>\n        <\/div>\n\n        <div class=\"col-12 col-sm-6 col-lg-2 border-bottom pb-2\">\n            <small><i class=\"fas fa-solid fa-language fa-fw me-2\" style=\"color: #8c9db3;\"><\/i>Idioma<\/small>\n        <\/div>\n\n        <div class=\"col-12 col-sm-6 col-lg-3 border-bottom pb-2\">\n            <small class=\"text-muted\">Portugu\u00e9s<\/small>\n        <\/div>\n\n        <div class=\"col-12 col-sm-6 col-lg-2 border-bottom pb-2\">\n            <small><i class=\"fas fa-solid fa-newspaper fa-fw me-2\" style=\"color: #8c9db3;\"><\/i>Editorial<\/small>\n        <\/div>\n\n        <div class=\"col-12 col-sm-6 col-lg-5 border-bottom pb-2\">\n            <small class=\"text-muted\">2ed.Recife: Even3 Publica\u00e7\u00f5es<\/small>\n        <\/div>\n\n        <div class=\"col-12 col-sm-6 col-lg-2 border-bottom pb-2\">\n            <small><i class=\"fas fa-solid fa-user-pen fa-fw me-2\" style=\"color: #8c9db3;\"><\/i>Editores<\/small>\n        <\/div>\n\n        <div class=\"col-12 col-sm-6 col-lg-10 border-bottom pb-2\">\n            <small class=\"text-muted\">Anderson de Moura Zanine, Daniele de Jesus Ferreira, Henrique Nunes Parente, Ivo Alexandre Leme da Cunha, Michelle de Oliveira Maia Parente, Rosane Claudia Rodrigues, Felipe Barbosa Ribeiro, Jefferson Costa de Siqueira, Livio Martins Costa Junior<\/small>\n        <\/div>\n\n        <div class=\"col-12 col-sm-6 col-lg-2\">\n            <small><i class=\"fas fa-solid fa-signature fa-fw me-2\" style=\"color: #8c9db3;\"><\/i>Autores<\/small>\n        <\/div>\n\n        <div class=\"col-12 col-sm-6 col-lg-10\">\n            <small class=\"text-muted\">Daniele de Jesus Ferreira, N\u00e1dylla Dannuse Rodrigues de Almeida, Anderson de Moura Zanine, Dilier Olivera Viciedo, Michelle de Oliveira Maia Parente, Francisco Naysson de Sousa Santos, Fleming Sena Campos, Ivo Alexandre Leme da Cunha, J\u00falia Bianca Ara\u00fajo Marinho, George de Sousa Lima Paiva, Luana Milena Pinheiro Rodrigues, Jessica Maria de Sousa Oliveira<\/small>\n        <\/div>\n    <\/div><span class=\"caption-field-publish\"><\/span><\/div><\/div><\/div><\/div><\/div><div class=\"  circle--pattern-bottom-large col-sm-12 col-md-12 img-article\"><div class=\"holder-publish col-md-12\" style=\"border-bottom: 1px solid #B8B8B8\"><div class=\"content-holder h-100 component-border overflow-hidden row m-0 p-4 aling-items-center\"><ul class=\"p-0 list-style-none\"><li class=\"p-0 me-2\"><i class=\"fas fa-solid fa-book fa-fw\"><\/i> Anais da II Mostra de Difus\u00e3o Tecnol\u00f3gica do Programa de P\u00f3s-gradua\u00e7\u00e3o em Ci\u00eancia Animal \u0096 PPGCA<\/li><li class=\"p-0 me-2\"><i class=\"fas fa-solid fa-calendar fa-fw\"><\/i> 2024<\/li><\/ul><div class=\"caption col-12 p-0 col-md-12 row m-0 align-items-center\"><div class=\"px-md-1\">    <h3 class=\"fw-medium m-0 small-space pt-2 pb-2 title-ss text-decoration-none border-bottom\">Biotecnologias aplicadas \u00e0 produ\u00e7\u00e3o de gr\u00e3os e biomassa para silagem de sorgo forrageiro na entressafra agr\u00edcola<\/h3>\n\n    <div class=\"mt-0 row g-3\">\n        \n        <div class=\"col-12 col-sm-6 col-lg-2 border-bottom pb-2\">\n            <small><i class=\"fas fa-solid fa-barcode fa-fw me-2\" style=\"color: #8c9db3;\"><\/i>ISBN<\/small>\n        <\/div>\n\n        <div class=\"col-12 col-sm-6 col-lg-3 border-bottom pb-2\">\n            <small class=\"text-muted\">978-65-272-0933-1<\/small>\n        <\/div>\n\n        <div class=\"col-12 col-sm-6 col-lg-2 border-bottom pb-2\">\n            <small><i class=\"fas fa-solid fa-file fa-fw me-2\" style=\"color: #8c9db3;\"><\/i>P\u00e1ginas<\/small>\n        <\/div>\n\n        <div class=\"col-12 col-sm-6 col-lg-5 border-bottom pb-2\">\n            <small class=\"text-muted\">D\u00e9sde la p\u00e1gina 165, hasta la p\u00e1gina 180<\/small>\n        <\/div>\n\n        <div class=\"col-12 col-sm-6 col-lg-2 border-bottom pb-2\">\n            <small><i class=\"fas fa-solid fa-language fa-fw me-2\" style=\"color: #8c9db3;\"><\/i>Idioma<\/small>\n        <\/div>\n\n        <div class=\"col-12 col-sm-6 col-lg-3 border-bottom pb-2\">\n            <small class=\"text-muted\">Portugu\u00e9s<\/small>\n        <\/div>\n\n        <div class=\"col-12 col-sm-6 col-lg-2 border-bottom pb-2\">\n            <small><i class=\"fas fa-solid fa-newspaper fa-fw me-2\" style=\"color: #8c9db3;\"><\/i>Editorial<\/small>\n        <\/div>\n\n        <div class=\"col-12 col-sm-6 col-lg-5 border-bottom pb-2\">\n            <small class=\"text-muted\">2ed.Recife: Even3 Publica\u00e7\u00f5es<\/small>\n        <\/div>\n\n        <div class=\"col-12 col-sm-6 col-lg-2 border-bottom pb-2\">\n            <small><i class=\"fas fa-solid fa-user-pen fa-fw me-2\" style=\"color: #8c9db3;\"><\/i>Editores<\/small>\n        <\/div>\n\n        <div class=\"col-12 col-sm-6 col-lg-10 border-bottom pb-2\">\n            <small class=\"text-muted\">Anderson de Moura Zanine, Daniele de Jesus Ferreira, Henrique Nunes Parente, Ivo Alexandre Leme da Cunha, Michelle de Oliveira Maia Parente, Rosane Claudia Rodrigues, Felipe Barbosa Ribeiro, Jefferson Costa de Siqueira, Livio Martins Costa Junior, Marcos<\/small>\n        <\/div>\n\n        <div class=\"col-12 col-sm-6 col-lg-2\">\n            <small><i class=\"fas fa-solid fa-signature fa-fw me-2\" style=\"color: #8c9db3;\"><\/i>Autores<\/small>\n        <\/div>\n\n        <div class=\"col-12 col-sm-6 col-lg-10\">\n            <small class=\"text-muted\">Renata Costa Sousa, Anderson de Moura Zanine, Daniele de Jesus Ferreira, Henrique Nunes Parente, Dilier Olivera Viciedo, Francisco Naysson Santos, Fleming Sena Campos, Rodolfo Lizcano Toledo, Luana Milena Pinheiro Rodrigues, Tomaz de Melo Neto, Jessica Maria de Sousa Oliveira, Nelquides Braz Viana, J\u00falia Bianca Ara\u00fajo Marinho<\/small>\n        <\/div>\n    <\/div><span class=\"caption-field-publish\"><\/span><\/div><\/div><\/div><\/div><\/div><div class=\"  circle--pattern-bottom-large col-sm-12 col-md-12 img-article\"><div class=\"holder-publish col-md-12\" style=\"border-bottom: 1px solid #B8B8B8\"><div class=\"content-holder h-100 component-border overflow-hidden row m-0 p-4 aling-items-center\"><ul class=\"p-0 list-style-none\"><li class=\"p-0 me-2\"><i class=\"fas fa-solid fa-book fa-fw\"><\/i> Anais da II Mostra de Difus\u00e3o Tecnol\u00f3gica do Programa de P\u00f3s-gradua\u00e7\u00e3o em Ci\u00eancia Animal \u0096 PPGCA<\/li><li class=\"p-0 me-2\"><i class=\"fas fa-solid fa-calendar fa-fw\"><\/i> 2024<\/li><\/ul><div class=\"caption col-12 p-0 col-md-12 row m-0 align-items-center\"><div class=\"px-md-1\">    <h3 class=\"fw-medium m-0 small-space pt-2 pb-2 title-ss text-decoration-none border-bottom\">Caracter\u00edsticas morfol\u00f3gicas e produtivas da biomassa a\u00e9rea e radicular de leguminosas dos g\u00eaneros crotal\u00e1ria e cajanus cajan em fun\u00e7\u00e3o da aduba\u00e7\u00e3o fosfatada<\/h3>\n\n    <div class=\"mt-0 row g-3\">\n        \n        <div class=\"col-12 col-sm-6 col-lg-2 border-bottom pb-2\">\n            <small><i class=\"fas fa-solid fa-barcode fa-fw me-2\" style=\"color: #8c9db3;\"><\/i>ISBN<\/small>\n        <\/div>\n\n        <div class=\"col-12 col-sm-6 col-lg-3 border-bottom pb-2\">\n            <small class=\"text-muted\">978-65-272-0933-1<\/small>\n        <\/div>\n\n        <div class=\"col-12 col-sm-6 col-lg-2 border-bottom pb-2\">\n            <small><i class=\"fas fa-solid fa-file fa-fw me-2\" style=\"color: #8c9db3;\"><\/i>P\u00e1ginas<\/small>\n        <\/div>\n\n        <div class=\"col-12 col-sm-6 col-lg-5 border-bottom pb-2\">\n            <small class=\"text-muted\">D\u00e9sde la p\u00e1gina 200, hasta la p\u00e1gina 230<\/small>\n        <\/div>\n\n        <div class=\"col-12 col-sm-6 col-lg-2 border-bottom pb-2\">\n            <small><i class=\"fas fa-solid fa-language fa-fw me-2\" style=\"color: #8c9db3;\"><\/i>Idioma<\/small>\n        <\/div>\n\n        <div class=\"col-12 col-sm-6 col-lg-3 border-bottom pb-2\">\n            <small class=\"text-muted\">Portugu\u00e9s<\/small>\n        <\/div>\n\n        <div class=\"col-12 col-sm-6 col-lg-2 border-bottom pb-2\">\n            <small><i class=\"fas fa-solid fa-newspaper fa-fw me-2\" style=\"color: #8c9db3;\"><\/i>Editorial<\/small>\n        <\/div>\n\n        <div class=\"col-12 col-sm-6 col-lg-5 border-bottom pb-2\">\n            <small class=\"text-muted\">2ed.Recife: Even3 Publica\u00e7\u00f5es<\/small>\n        <\/div>\n\n        <div class=\"col-12 col-sm-6 col-lg-2 border-bottom pb-2\">\n            <small><i class=\"fas fa-solid fa-user-pen fa-fw me-2\" style=\"color: #8c9db3;\"><\/i>Editores<\/small>\n        <\/div>\n\n        <div class=\"col-12 col-sm-6 col-lg-10 border-bottom pb-2\">\n            <small class=\"text-muted\">Anderson de Moura Zanine, Daniele de Jesus Ferreira, Henrique Nunes Parente, Ivo Alexandre Leme da Cunha, Michelle de Oliveira Maia Parente, Rosane Claudia Rodrigues, Felipe Barbosa Ribeiro, Jefferson Costa de Siqueira, Livio Martins Costa Junior<\/small>\n        <\/div>\n\n        <div class=\"col-12 col-sm-6 col-lg-2\">\n            <small><i class=\"fas fa-solid fa-signature fa-fw me-2\" style=\"color: #8c9db3;\"><\/i>Autores<\/small>\n        <\/div>\n\n        <div class=\"col-12 col-sm-6 col-lg-10\">\n            <small class=\"text-muted\">Daniele de Jesus Ferreira, N\u00e1dylla Dannuse Rodrigues de Almeida, Anderson de Moura Zanine, Dilier Olivera Viciedo, Francisco Naysson de Sousa Santos, Fleming Sena Campos, Ivo Alexandre Leme da Cunha, J\u00falia Bianca Ara\u00fajo Marinho, George de Sousa Lima Paiva, Luana Milena Pinheiro Rodrigues, Jessica Maria de Sousa Oliveira, Tomaz de Melo Neto, Arlan Ara\u00fajo Rodrigues<\/small>\n        <\/div>\n    <\/div><span class=\"caption-field-publish\"><\/span><\/div><\/div><\/div><\/div><\/div><div class=\"  circle--pattern-bottom-large col-sm-12 col-md-12 img-article\"><div class=\"holder-publish col-md-12\" style=\"border-bottom: 1px solid #B8B8B8\"><div class=\"content-holder h-100 component-border overflow-hidden row m-0 p-4 aling-items-center\"><ul class=\"p-0 list-style-none\"><li class=\"p-0 me-2\"><i class=\"fas fa-solid fa-book fa-fw\"><\/i> Silicon Advances for Sustainable Agriculture and Human Health<\/li><li class=\"p-0 me-2\"><i class=\"fas fa-solid fa-calendar fa-fw\"><\/i> 2024<\/li><\/ul><div class=\"caption col-12 p-0 col-md-12 row m-0 align-items-center\"><div class=\"px-md-1\">    <h3 class=\"fw-medium m-0 small-space pt-2 pb-2 title-ss text-decoration-none border-bottom\">Silicon and Nano-silicon on C:N:P Stoichiometry and Nutrient Use Efficiency<\/h3>\n\n    <div class=\"mt-0 row g-3\">\n        \n        <div class=\"col-12 col-sm-6 col-lg-2 border-bottom pb-2\">\n            <small><i class=\"fas fa-solid fa-barcode fa-fw me-2\" style=\"color: #8c9db3;\"><\/i>ISBN<\/small>\n        <\/div>\n\n        <div class=\"col-12 col-sm-6 col-lg-3 border-bottom pb-2\">\n            <small class=\"text-muted\">978-3-031-69876-7<\/small>\n        <\/div>\n\n        <div class=\"col-12 col-sm-6 col-lg-2 border-bottom pb-2\">\n            <small><i class=\"fas fa-solid fa-file fa-fw me-2\" style=\"color: #8c9db3;\"><\/i>P\u00e1ginas<\/small>\n        <\/div>\n\n        <div class=\"col-12 col-sm-6 col-lg-5 border-bottom pb-2\">\n            <small class=\"text-muted\">D\u00e9sde la p\u00e1gina 287, hasta la p\u00e1gina 310<\/small>\n        <\/div>\n\n        <div class=\"col-12 col-sm-6 col-lg-2 border-bottom pb-2\">\n            <small><i class=\"fas fa-solid fa-language fa-fw me-2\" style=\"color: #8c9db3;\"><\/i>Idioma<\/small>\n        <\/div>\n\n        <div class=\"col-12 col-sm-6 col-lg-3 border-bottom pb-2\">\n            <small class=\"text-muted\">Ingl\u00e9s<\/small>\n        <\/div>\n\n        <div class=\"col-12 col-sm-6 col-lg-2 border-bottom pb-2\">\n            <small><i class=\"fas fa-solid fa-newspaper fa-fw me-2\" style=\"color: #8c9db3;\"><\/i>Editorial<\/small>\n        <\/div>\n\n        <div class=\"col-12 col-sm-6 col-lg-5 border-bottom pb-2\">\n            <small class=\"text-muted\">Springer Cham 10.1007\/978-3-031-69876-7_14<\/small>\n        <\/div>\n\n        <div class=\"col-12 col-sm-6 col-lg-2 border-bottom pb-2\">\n            <small><i class=\"fas fa-solid fa-user-pen fa-fw me-2\" style=\"color: #8c9db3;\"><\/i>Editores<\/small>\n        <\/div>\n\n        <div class=\"col-12 col-sm-6 col-lg-10 border-bottom pb-2\">\n            <small class=\"text-muted\">Renato de Mello Prado, Hassan Etesami, Anoop Kumar Srivastava<\/small>\n        <\/div>\n\n        <div class=\"col-12 col-sm-6 col-lg-2\">\n            <small><i class=\"fas fa-solid fa-signature fa-fw me-2\" style=\"color: #8c9db3;\"><\/i>Autores<\/small>\n        <\/div>\n\n        <div class=\"col-12 col-sm-6 col-lg-10\">\n            <small class=\"text-muted\">Dilier Olivera Viciedo, Kamilla Silva Oliveira, C\u00edntia C\u00e1rmen de Faria Melo, Danilo Silva Amaral, Renato De Mello Prado<\/small>\n        <\/div>\n    <\/div><span class=\"caption-field-publish\"><\/span><\/div><\/div><\/div><\/div><\/div><div class=\"  circle--pattern-bottom-large col-sm-12 col-md-12 img-article\"><div class=\"holder-publish col-md-12\" style=\"border-bottom: 1px solid #B8B8B8\"><div class=\"content-holder h-100 component-border overflow-hidden row m-0 p-4 aling-items-center\"><ul class=\"p-0 list-style-none\"><li class=\"p-0 me-2\"><i class=\"fas fa-solid fa-book fa-fw\"><\/i> Anais da II Mostra de Difus\u00e3o Tecnol\u00f3gica do Programa de P\u00f3s-gradua\u00e7\u00e3o em Ci\u00eancia Animal - PPGCA<\/li><li class=\"p-0 me-2\"><i class=\"fas fa-solid fa-calendar fa-fw\"><\/i> 2024<\/li><\/ul><div class=\"caption col-12 p-0 col-md-12 row m-0 align-items-center\"><div class=\"px-md-1\">    <h3 class=\"fw-medium m-0 small-space pt-2 pb-2 title-ss text-decoration-none border-bottom\">Impacto del uso y manejo del suelo en las propiedades f\u00edsicas de suelos Ferral\u00edticos Rojos Lixiviados en la premonta\u00f1a de Sancti Sp\u00edritus, Cuba<\/h3>\n\n    <div class=\"mt-0 row g-3\">\n        \n        <div class=\"col-12 col-sm-6 col-lg-2 border-bottom pb-2\">\n            <small><i class=\"fas fa-solid fa-barcode fa-fw me-2\" style=\"color: #8c9db3;\"><\/i>ISBN<\/small>\n        <\/div>\n\n        <div class=\"col-12 col-sm-6 col-lg-3 border-bottom pb-2\">\n            <small class=\"text-muted\">978-65-272-0933-1    DOI:  https:\/\/doi.org\/10.29327\/5468463.2-5<\/small>\n        <\/div>\n\n        <div class=\"col-12 col-sm-6 col-lg-2 border-bottom pb-2\">\n            <small><i class=\"fas fa-solid fa-file fa-fw me-2\" style=\"color: #8c9db3;\"><\/i>P\u00e1ginas<\/small>\n        <\/div>\n\n        <div class=\"col-12 col-sm-6 col-lg-5 border-bottom pb-2\">\n            <small class=\"text-muted\">D\u00e9sde la p\u00e1gina 98, hasta la p\u00e1gina 109<\/small>\n        <\/div>\n\n        <div class=\"col-12 col-sm-6 col-lg-2 border-bottom pb-2\">\n            <small><i class=\"fas fa-solid fa-language fa-fw me-2\" style=\"color: #8c9db3;\"><\/i>Idioma<\/small>\n        <\/div>\n\n        <div class=\"col-12 col-sm-6 col-lg-3 border-bottom pb-2\">\n            <small class=\"text-muted\">Portugu\u00e9s<\/small>\n        <\/div>\n\n        <div class=\"col-12 col-sm-6 col-lg-2 border-bottom pb-2\">\n            <small><i class=\"fas fa-solid fa-newspaper fa-fw me-2\" style=\"color: #8c9db3;\"><\/i>Editorial<\/small>\n        <\/div>\n\n        <div class=\"col-12 col-sm-6 col-lg-5 border-bottom pb-2\">\n            <small class=\"text-muted\">2ed.Recife: Even3 Publica\u00e7\u00f5es<\/small>\n        <\/div>\n\n        <div class=\"col-12 col-sm-6 col-lg-2 border-bottom pb-2\">\n            <small><i class=\"fas fa-solid fa-user-pen fa-fw me-2\" style=\"color: #8c9db3;\"><\/i>Editores<\/small>\n        <\/div>\n\n        <div class=\"col-12 col-sm-6 col-lg-10 border-bottom pb-2\">\n            <small class=\"text-muted\">Anderson de Moura Zanine, Daniele de Jesus Ferreira, Henrique Nunes Parente, Ivo Alexandre Leme da Cunha, Michelle de Oliveira Maia Parente, Rosane Claudia Rodrigues, Felipe Barbosa Ribeiro, Jefferson Costa de Siqueira, Livio Martins Costa Junior<\/small>\n        <\/div>\n\n        <div class=\"col-12 col-sm-6 col-lg-2\">\n            <small><i class=\"fas fa-solid fa-signature fa-fw me-2\" style=\"color: #8c9db3;\"><\/i>Autores<\/small>\n        <\/div>\n\n        <div class=\"col-12 col-sm-6 col-lg-10\">\n            <small class=\"text-muted\">Liusbel Morera Duran, Yanet Medina, Yanet Martel, Dilier Olivera Viciedo, Daimy Salas Aguilar, Daniele de Jesus Ferreira, Anderson de Moura Zanine<\/small>\n        <\/div>\n    <\/div><span class=\"caption-field-publish\"><\/span><\/div><\/div><\/div><\/div><\/div><div class=\"  circle--pattern-bottom-large col-sm-12 col-md-12 img-article\"><div class=\"holder-publish col-md-12\" style=\"border-bottom: 1px solid #B8B8B8\"><div class=\"content-holder h-100 component-border overflow-hidden row m-0 p-4 aling-items-center\"><ul class=\"p-0 list-style-none\"><li class=\"p-0 me-2\"><i class=\"fas fa-solid fa-book fa-fw\"><\/i> Anais da II Mostra de Difus\u00e3o Tecnol\u00f3gica do Programa de P\u00f3s-gradua\u00e7\u00e3o em Ci\u00eancia Animal \u0096 PPGCA<\/li><li class=\"p-0 me-2\"><i class=\"fas fa-solid fa-calendar fa-fw\"><\/i> 2024<\/li><\/ul><div class=\"caption col-12 p-0 col-md-12 row m-0 align-items-center\"><div class=\"px-md-1\">    <h3 class=\"fw-medium m-0 small-space pt-2 pb-2 title-ss text-decoration-none border-bottom\">Uma vis\u00e3o hol\u00edstica na rela\u00e7\u00e3o solo-planta-animal-ambiente<\/h3>\n\n    <div class=\"mt-0 row g-3\">\n        \n        <div class=\"col-12 col-sm-6 col-lg-2 border-bottom pb-2\">\n            <small><i class=\"fas fa-solid fa-barcode fa-fw me-2\" style=\"color: #8c9db3;\"><\/i>ISBN<\/small>\n        <\/div>\n\n        <div class=\"col-12 col-sm-6 col-lg-3 border-bottom pb-2\">\n            <small class=\"text-muted\">978-65-272-0933-1   Doi:  https:\/\/doi.org\/10.29327\/5468463.2-6<\/small>\n        <\/div>\n\n        <div class=\"col-12 col-sm-6 col-lg-2 border-bottom pb-2\">\n            <small><i class=\"fas fa-solid fa-file fa-fw me-2\" style=\"color: #8c9db3;\"><\/i>P\u00e1ginas<\/small>\n        <\/div>\n\n        <div class=\"col-12 col-sm-6 col-lg-5 border-bottom pb-2\">\n            <small class=\"text-muted\">D\u00e9sde la p\u00e1gina 86, hasta la p\u00e1gina 97<\/small>\n        <\/div>\n\n        <div class=\"col-12 col-sm-6 col-lg-2 border-bottom pb-2\">\n            <small><i class=\"fas fa-solid fa-language fa-fw me-2\" style=\"color: #8c9db3;\"><\/i>Idioma<\/small>\n        <\/div>\n\n        <div class=\"col-12 col-sm-6 col-lg-3 border-bottom pb-2\">\n            <small class=\"text-muted\">Portugu\u00e9s<\/small>\n        <\/div>\n\n        <div class=\"col-12 col-sm-6 col-lg-2 border-bottom pb-2\">\n            <small><i class=\"fas fa-solid fa-newspaper fa-fw me-2\" style=\"color: #8c9db3;\"><\/i>Editorial<\/small>\n        <\/div>\n\n        <div class=\"col-12 col-sm-6 col-lg-5 border-bottom pb-2\">\n            <small class=\"text-muted\">2ed.Recife: Even3 Publica\u00e7\u00f5es<\/small>\n        <\/div>\n\n        <div class=\"col-12 col-sm-6 col-lg-2 border-bottom pb-2\">\n            <small><i class=\"fas fa-solid fa-user-pen fa-fw me-2\" style=\"color: #8c9db3;\"><\/i>Editores<\/small>\n        <\/div>\n\n        <div class=\"col-12 col-sm-6 col-lg-10 border-bottom pb-2\">\n            <small class=\"text-muted\">Anderson de Moura Zanine, Daniele de Jesus Ferreira, Henrique Nunes Parente, Ivo Alexandre Leme da Cunha, Michelle de Oliveira Maia Parente, Rosane Claudia Rodrigues, Felipe Barbosa Ribeiro, Jefferson Costa de Siqueira, Livio Martins Costa Junior, Marcos<\/small>\n        <\/div>\n\n        <div class=\"col-12 col-sm-6 col-lg-2\">\n            <small><i class=\"fas fa-solid fa-signature fa-fw me-2\" style=\"color: #8c9db3;\"><\/i>Autores<\/small>\n        <\/div>\n\n        <div class=\"col-12 col-sm-6 col-lg-10\">\n            <small class=\"text-muted\">Dilier Olivera Viciedo, Anderson de Moura Zanine, Daimy Salas Aguilar, Daniele de Jesus Ferreira<\/small>\n        <\/div>\n    <\/div><span class=\"caption-field-publish\"><\/span><\/div><\/div><\/div><\/div><\/div><div class=\"  circle--pattern-bottom-large col-sm-12 col-md-12 img-article\"><div class=\"holder-publish col-md-12\" style=\"border-bottom: 1px solid #B8B8B8\"><div class=\"content-holder h-100 component-border overflow-hidden row m-0 p-4 aling-items-center\"><ul class=\"p-0 list-style-none\"><li class=\"p-0 me-2\"><i class=\"fas fa-solid fa-book fa-fw\"><\/i> Critical Perspectives on Refugee and Migrant Integration in Education. Grassroots Narratives from Multiregional Settings<\/li><li class=\"p-0 me-2\"><i class=\"fas fa-solid fa-calendar fa-fw\"><\/i> 2024<\/li><\/ul><div class=\"caption col-12 p-0 col-md-12 row m-0 align-items-center\"><div class=\"px-md-1\">    <h3 class=\"fw-medium m-0 small-space pt-2 pb-2 title-ss text-decoration-none border-bottom\">Inclusive Ways of Educating and Interacting with Migrant Children in a School in Northern Chile: Questions and Contradiction<\/h3>\n\n    <div class=\"mt-0 row g-3\">\n        \n        <div class=\"col-12 col-sm-6 col-lg-2 border-bottom pb-2\">\n            <small><i class=\"fas fa-solid fa-barcode fa-fw me-2\" style=\"color: #8c9db3;\"><\/i>ISBN<\/small>\n        <\/div>\n\n        <div class=\"col-12 col-sm-6 col-lg-3 border-bottom pb-2\">\n            <small class=\"text-muted\">9781350452343<\/small>\n        <\/div>\n\n        <div class=\"col-12 col-sm-6 col-lg-2 border-bottom pb-2\">\n            <small><i class=\"fas fa-solid fa-file fa-fw me-2\" style=\"color: #8c9db3;\"><\/i>P\u00e1ginas<\/small>\n        <\/div>\n\n        <div class=\"col-12 col-sm-6 col-lg-5 border-bottom pb-2\">\n            <small class=\"text-muted\">D\u00e9sde la p\u00e1gina 25, hasta la p\u00e1gina 34<\/small>\n        <\/div>\n\n        <div class=\"col-12 col-sm-6 col-lg-2 border-bottom pb-2\">\n            <small><i class=\"fas fa-solid fa-language fa-fw me-2\" style=\"color: #8c9db3;\"><\/i>Idioma<\/small>\n        <\/div>\n\n        <div class=\"col-12 col-sm-6 col-lg-3 border-bottom pb-2\">\n            <small class=\"text-muted\">Ingl\u00e9s<\/small>\n        <\/div>\n\n        <div class=\"col-12 col-sm-6 col-lg-2 border-bottom pb-2\">\n            <small><i class=\"fas fa-solid fa-newspaper fa-fw me-2\" style=\"color: #8c9db3;\"><\/i>Editorial<\/small>\n        <\/div>\n\n        <div class=\"col-12 col-sm-6 col-lg-5 border-bottom pb-2\">\n            <small class=\"text-muted\">Bloomsbury Academic<\/small>\n        <\/div>\n\n        <div class=\"col-12 col-sm-6 col-lg-2 border-bottom pb-2\">\n            <small><i class=\"fas fa-solid fa-user-pen fa-fw me-2\" style=\"color: #8c9db3;\"><\/i>Editores<\/small>\n        <\/div>\n\n        <div class=\"col-12 col-sm-6 col-lg-10 border-bottom pb-2\">\n            <small class=\"text-muted\">Marcus Otto, Tania Saeed<\/small>\n        <\/div>\n\n        <div class=\"col-12 col-sm-6 col-lg-2\">\n            <small><i class=\"fas fa-solid fa-signature fa-fw me-2\" style=\"color: #8c9db3;\"><\/i>Autores<\/small>\n        <\/div>\n\n        <div class=\"col-12 col-sm-6 col-lg-10\">\n            <small class=\"text-muted\">Andrea Monserratt Cort\u00e9s Saavedra<\/small>\n        <\/div>\n    <\/div><span class=\"caption-field-publish\"><\/span><\/div><\/div><\/div><\/div><\/div><div class=\"  circle--pattern-bottom-large col-sm-12 col-md-12 img-article\"><div class=\"holder-publish col-md-12\" style=\"border-bottom: 1px solid #B8B8B8\"><div class=\"content-holder h-100 component-border overflow-hidden row m-0 p-4 aling-items-center\"><ul class=\"p-0 list-style-none\"><li class=\"p-0 me-2\"><i class=\"fas fa-solid fa-book fa-fw\"><\/i> Docentes investigadores. Epistemes y metodolog\u00edas<\/li><li class=\"p-0 me-2\"><i class=\"fas fa-solid fa-calendar fa-fw\"><\/i> 2024<\/li><\/ul><div class=\"caption col-12 p-0 col-md-12 row m-0 align-items-center\"><div class=\"px-md-1\">    <h3 class=\"fw-medium m-0 small-space pt-2 pb-2 title-ss text-decoration-none border-bottom\">Investigaciones educativas con perspectiva de g\u00e9nero<\/h3>\n\n    <div class=\"mt-0 row g-3\">\n        \n        <div class=\"col-12 col-sm-6 col-lg-2 border-bottom pb-2\">\n            <small><i class=\"fas fa-solid fa-barcode fa-fw me-2\" style=\"color: #8c9db3;\"><\/i>ISBN<\/small>\n        <\/div>\n\n        <div class=\"col-12 col-sm-6 col-lg-3 border-bottom pb-2\">\n            <small class=\"text-muted\"><\/small>\n        <\/div>\n\n        <div class=\"col-12 col-sm-6 col-lg-2 border-bottom pb-2\">\n            <small><i class=\"fas fa-solid fa-file fa-fw me-2\" style=\"color: #8c9db3;\"><\/i>P\u00e1ginas<\/small>\n        <\/div>\n\n        <div class=\"col-12 col-sm-6 col-lg-5 border-bottom pb-2\">\n            <small class=\"text-muted\">D\u00e9sde la p\u00e1gina 117, hasta la p\u00e1gina 132<\/small>\n        <\/div>\n\n        <div class=\"col-12 col-sm-6 col-lg-2 border-bottom pb-2\">\n            <small><i class=\"fas fa-solid fa-language fa-fw me-2\" style=\"color: #8c9db3;\"><\/i>Idioma<\/small>\n        <\/div>\n\n        <div class=\"col-12 col-sm-6 col-lg-3 border-bottom pb-2\">\n            <small class=\"text-muted\">Espa\u00f1ol<\/small>\n        <\/div>\n\n        <div class=\"col-12 col-sm-6 col-lg-2 border-bottom pb-2\">\n            <small><i class=\"fas fa-solid fa-newspaper fa-fw me-2\" style=\"color: #8c9db3;\"><\/i>Editorial<\/small>\n        <\/div>\n\n        <div class=\"col-12 col-sm-6 col-lg-5 border-bottom pb-2\">\n            <small class=\"text-muted\">Editorial Edufba<\/small>\n        <\/div>\n\n        <div class=\"col-12 col-sm-6 col-lg-2 border-bottom pb-2\">\n            <small><i class=\"fas fa-solid fa-user-pen fa-fw me-2\" style=\"color: #8c9db3;\"><\/i>Editores<\/small>\n        <\/div>\n\n        <div class=\"col-12 col-sm-6 col-lg-10 border-bottom pb-2\">\n            <small class=\"text-muted\"><\/small>\n        <\/div>\n\n        <div class=\"col-12 col-sm-6 col-lg-2\">\n            <small><i class=\"fas fa-solid fa-signature fa-fw me-2\" style=\"color: #8c9db3;\"><\/i>Autores<\/small>\n        <\/div>\n\n        <div class=\"col-12 col-sm-6 col-lg-10\">\n            <small class=\"text-muted\">Mar\u00eda Rosario de Lourdes Garc\u00eda-Huidobro Munita<\/small>\n        <\/div>\n    <\/div><span class=\"caption-field-publish\"><\/span><\/div><\/div><\/div><\/div><\/div><div class=\"  circle--pattern-bottom-large col-sm-12 col-md-12 img-article\"><div class=\"holder-publish col-md-12\" style=\"border-bottom: 1px solid #B8B8B8\"><div class=\"content-holder h-100 component-border overflow-hidden row m-0 p-4 aling-items-center\"><ul class=\"p-0 list-style-none\"><li class=\"p-0 me-2\"><i class=\"fas fa-solid fa-book fa-fw\"><\/i> Testimonios: ecos sobre los hechos en el proceso<\/li><li class=\"p-0 me-2\"><i class=\"fas fa-solid fa-calendar fa-fw\"><\/i> 2024<\/li><\/ul><div class=\"caption col-12 p-0 col-md-12 row m-0 align-items-center\"><div class=\"px-md-1\">    <h3 class=\"fw-medium m-0 small-space pt-2 pb-2 title-ss text-decoration-none border-bottom\">Testigos y virtualidad en el proceso penal: m\u00e1s luces que sombras<\/h3>\n\n    <div class=\"mt-0 row g-3\">\n        \n        <div class=\"col-12 col-sm-6 col-lg-2 border-bottom pb-2\">\n            <small><i class=\"fas fa-solid fa-barcode fa-fw me-2\" style=\"color: #8c9db3;\"><\/i>ISBN<\/small>\n        <\/div>\n\n        <div class=\"col-12 col-sm-6 col-lg-3 border-bottom pb-2\">\n            <small class=\"text-muted\">9788410568983<\/small>\n        <\/div>\n\n        <div class=\"col-12 col-sm-6 col-lg-2 border-bottom pb-2\">\n            <small><i class=\"fas fa-solid fa-file fa-fw me-2\" style=\"color: #8c9db3;\"><\/i>P\u00e1ginas<\/small>\n        <\/div>\n\n        <div class=\"col-12 col-sm-6 col-lg-5 border-bottom pb-2\">\n            <small class=\"text-muted\">D\u00e9sde la p\u00e1gina 119, hasta la p\u00e1gina 150<\/small>\n        <\/div>\n\n        <div class=\"col-12 col-sm-6 col-lg-2 border-bottom pb-2\">\n            <small><i class=\"fas fa-solid fa-language fa-fw me-2\" style=\"color: #8c9db3;\"><\/i>Idioma<\/small>\n        <\/div>\n\n        <div class=\"col-12 col-sm-6 col-lg-3 border-bottom pb-2\">\n            <small class=\"text-muted\">Espa\u00f1ol<\/small>\n        <\/div>\n\n        <div class=\"col-12 col-sm-6 col-lg-2 border-bottom pb-2\">\n            <small><i class=\"fas fa-solid fa-newspaper fa-fw me-2\" style=\"color: #8c9db3;\"><\/i>Editorial<\/small>\n        <\/div>\n\n        <div class=\"col-12 col-sm-6 col-lg-5 border-bottom pb-2\">\n            <small class=\"text-muted\">Tirant Lo Blanch - Valencia<\/small>\n        <\/div>\n\n        <div class=\"col-12 col-sm-6 col-lg-2 border-bottom pb-2\">\n            <small><i class=\"fas fa-solid fa-user-pen fa-fw me-2\" style=\"color: #8c9db3;\"><\/i>Editores<\/small>\n        <\/div>\n\n        <div class=\"col-12 col-sm-6 col-lg-10 border-bottom pb-2\">\n            <small class=\"text-muted\">Mar\u00eda de los \u00c1ngeles Gonz\u00e1lez Coulon<\/small>\n        <\/div>\n\n        <div class=\"col-12 col-sm-6 col-lg-2\">\n            <small><i class=\"fas fa-solid fa-signature fa-fw me-2\" style=\"color: #8c9db3;\"><\/i>Autores<\/small>\n        <\/div>\n\n        <div class=\"col-12 col-sm-6 col-lg-10\">\n            <small class=\"text-muted\">Carlos Correa Robles, Javier Eduardo Vel\u00e1squez Valenzuela<\/small>\n        <\/div>\n    <\/div><span class=\"caption-field-publish\"><\/span><\/div><\/div><\/div><\/div><\/div><div class=\"  circle--pattern-bottom-large col-sm-12 col-md-12 img-article\"><div class=\"holder-publish col-md-12\" style=\"border-bottom: 1px solid #B8B8B8\"><div class=\"content-holder h-100 component-border overflow-hidden row m-0 p-4 aling-items-center\"><ul class=\"p-0 list-style-none\"><li class=\"p-0 me-2\"><i class=\"fas fa-solid fa-book fa-fw\"><\/i> Audiovisual input and second language learning<\/li><li class=\"p-0 me-2\"><i class=\"fas fa-solid fa-calendar fa-fw\"><\/i> 2024<\/li><\/ul><div class=\"caption col-12 p-0 col-md-12 row m-0 align-items-center\"><div class=\"px-md-1\">    <h3 class=\"fw-medium m-0 small-space pt-2 pb-2 title-ss text-decoration-none border-bottom\">The development of L1 and L2 reading skills from captioned video viewing in primary school EFL learners<\/h3>\n\n    <div class=\"mt-0 row g-3\">\n        \n        <div class=\"col-12 col-sm-6 col-lg-2 border-bottom pb-2\">\n            <small><i class=\"fas fa-solid fa-barcode fa-fw me-2\" style=\"color: #8c9db3;\"><\/i>ISBN<\/small>\n        <\/div>\n\n        <div class=\"col-12 col-sm-6 col-lg-3 border-bottom pb-2\">\n            <small class=\"text-muted\">9789027246493<\/small>\n        <\/div>\n\n        <div class=\"col-12 col-sm-6 col-lg-2 border-bottom pb-2\">\n            <small><i class=\"fas fa-solid fa-file fa-fw me-2\" style=\"color: #8c9db3;\"><\/i>P\u00e1ginas<\/small>\n        <\/div>\n\n        <div class=\"col-12 col-sm-6 col-lg-5 border-bottom pb-2\">\n            <small class=\"text-muted\">D\u00e9sde la p\u00e1gina 25, hasta la p\u00e1gina 47<\/small>\n        <\/div>\n\n        <div class=\"col-12 col-sm-6 col-lg-2 border-bottom pb-2\">\n            <small><i class=\"fas fa-solid fa-language fa-fw me-2\" style=\"color: #8c9db3;\"><\/i>Idioma<\/small>\n        <\/div>\n\n        <div class=\"col-12 col-sm-6 col-lg-3 border-bottom pb-2\">\n            <small class=\"text-muted\">Ingl\u00e9s<\/small>\n        <\/div>\n\n        <div class=\"col-12 col-sm-6 col-lg-2 border-bottom pb-2\">\n            <small><i class=\"fas fa-solid fa-newspaper fa-fw me-2\" style=\"color: #8c9db3;\"><\/i>Editorial<\/small>\n        <\/div>\n\n        <div class=\"col-12 col-sm-6 col-lg-5 border-bottom pb-2\">\n            <small class=\"text-muted\">John Benjamins<\/small>\n        <\/div>\n\n        <div class=\"col-12 col-sm-6 col-lg-2 border-bottom pb-2\">\n            <small><i class=\"fas fa-solid fa-user-pen fa-fw me-2\" style=\"color: #8c9db3;\"><\/i>Editores<\/small>\n        <\/div>\n\n        <div class=\"col-12 col-sm-6 col-lg-10 border-bottom pb-2\">\n            <small class=\"text-muted\">C. Mu\u00f1oz, I. Miralpeix<\/small>\n        <\/div>\n\n        <div class=\"col-12 col-sm-6 col-lg-2\">\n            <small><i class=\"fas fa-solid fa-signature fa-fw me-2\" style=\"color: #8c9db3;\"><\/i>Autores<\/small>\n        <\/div>\n\n        <div class=\"col-12 col-sm-6 col-lg-10\">\n            <small class=\"text-muted\">Daniela Isabel Avello Garc\u00eda, Carmen Mu\u00f1oz Lahoz<\/small>\n        <\/div>\n    <\/div><span class=\"caption-field-publish\"><\/span><\/div><\/div><\/div><\/div><\/div><div class=\"  circle--pattern-bottom-large col-sm-12 col-md-12 img-article\"><div class=\"holder-publish col-md-12\" style=\"border-bottom: 1px solid #B8B8B8\"><div class=\"content-holder h-100 component-border overflow-hidden row m-0 p-4 aling-items-center\"><ul class=\"p-0 list-style-none\"><li class=\"p-0 me-2\"><i class=\"fas fa-solid fa-book fa-fw\"><\/i> Early Foreign Language Learning and Teaching: Evidence Versus Wishful Thinking<\/li><li class=\"p-0 me-2\"><i class=\"fas fa-solid fa-calendar fa-fw\"><\/i> 2024<\/li><\/ul><div class=\"caption col-12 p-0 col-md-12 row m-0 align-items-center\"><div class=\"px-md-1\">    <h3 class=\"fw-medium m-0 small-space pt-2 pb-2 title-ss text-decoration-none border-bottom\">Young Learners\u0092 L2 Vocabulary Acquisition Through Extensive Viewing<\/h3>\n\n    <div class=\"mt-0 row g-3\">\n        \n        <div class=\"col-12 col-sm-6 col-lg-2 border-bottom pb-2\">\n            <small><i class=\"fas fa-solid fa-barcode fa-fw me-2\" style=\"color: #8c9db3;\"><\/i>ISBN<\/small>\n        <\/div>\n\n        <div class=\"col-12 col-sm-6 col-lg-3 border-bottom pb-2\">\n            <small class=\"text-muted\">9781800418707<\/small>\n        <\/div>\n\n        <div class=\"col-12 col-sm-6 col-lg-2 border-bottom pb-2\">\n            <small><i class=\"fas fa-solid fa-file fa-fw me-2\" style=\"color: #8c9db3;\"><\/i>P\u00e1ginas<\/small>\n        <\/div>\n\n        <div class=\"col-12 col-sm-6 col-lg-5 border-bottom pb-2\">\n            <small class=\"text-muted\">D\u00e9sde la p\u00e1gina 114, hasta la p\u00e1gina 131<\/small>\n        <\/div>\n\n        <div class=\"col-12 col-sm-6 col-lg-2 border-bottom pb-2\">\n            <small><i class=\"fas fa-solid fa-language fa-fw me-2\" style=\"color: #8c9db3;\"><\/i>Idioma<\/small>\n        <\/div>\n\n        <div class=\"col-12 col-sm-6 col-lg-3 border-bottom pb-2\">\n            <small class=\"text-muted\">Ingl\u00e9s<\/small>\n        <\/div>\n\n        <div class=\"col-12 col-sm-6 col-lg-2 border-bottom pb-2\">\n            <small><i class=\"fas fa-solid fa-newspaper fa-fw me-2\" style=\"color: #8c9db3;\"><\/i>Editorial<\/small>\n        <\/div>\n\n        <div class=\"col-12 col-sm-6 col-lg-5 border-bottom pb-2\">\n            <small class=\"text-muted\">Multilingual Matters<\/small>\n        <\/div>\n\n        <div class=\"col-12 col-sm-6 col-lg-2 border-bottom pb-2\">\n            <small><i class=\"fas fa-solid fa-user-pen fa-fw me-2\" style=\"color: #8c9db3;\"><\/i>Editores<\/small>\n        <\/div>\n\n        <div class=\"col-12 col-sm-6 col-lg-10 border-bottom pb-2\">\n            <small class=\"text-muted\">M. Nikolov, S. Letica<\/small>\n        <\/div>\n\n        <div class=\"col-12 col-sm-6 col-lg-2\">\n            <small><i class=\"fas fa-solid fa-signature fa-fw me-2\" style=\"color: #8c9db3;\"><\/i>Autores<\/small>\n        <\/div>\n\n        <div class=\"col-12 col-sm-6 col-lg-10\">\n            <small class=\"text-muted\">Carmen Mu\u00f1oz Lahoz, Daniela Isabel Avello Garc\u00eda, Georgia Pujadas<\/small>\n        <\/div>\n    <\/div><span class=\"caption-field-publish\"><\/span><\/div><\/div><\/div><\/div><\/div><div class=\"  circle--pattern-bottom-large col-sm-12 col-md-12 img-article\"><div class=\"holder-publish col-md-12\" style=\"border-bottom: 1px solid #B8B8B8\"><div class=\"content-holder h-100 component-border overflow-hidden row m-0 p-4 aling-items-center\"><ul class=\"p-0 list-style-none\"><li class=\"p-0 me-2\"><i class=\"fas fa-solid fa-book fa-fw\"><\/i> Salud mental, g\u00e9nero y cuidados: estrategias de cuidado en organizaciones de salud durante la pandemia.<\/li><li class=\"p-0 me-2\"><i class=\"fas fa-solid fa-calendar fa-fw\"><\/i> 2024<\/li><\/ul><div class=\"caption col-12 p-0 col-md-12 row m-0 align-items-center\"><div class=\"px-md-1\">    <h3 class=\"fw-medium m-0 small-space pt-2 pb-2 title-ss text-decoration-none border-bottom\">Perspectiva con enfoque de g\u00e9nero de la Pandemia de COVID-19 en profesionales de salud del Nodo O\u00b4Higgins: una s\u00edntesis narrativa.<\/h3>\n\n    <div class=\"mt-0 row g-3\">\n        \n        <div class=\"col-12 col-sm-6 col-lg-2 border-bottom pb-2\">\n            <small><i class=\"fas fa-solid fa-barcode fa-fw me-2\" style=\"color: #8c9db3;\"><\/i>ISBN<\/small>\n        <\/div>\n\n        <div class=\"col-12 col-sm-6 col-lg-3 border-bottom pb-2\">\n            <small class=\"text-muted\">978-987-82869-4-5<\/small>\n        <\/div>\n\n        <div class=\"col-12 col-sm-6 col-lg-2 border-bottom pb-2\">\n            <small><i class=\"fas fa-solid fa-file fa-fw me-2\" style=\"color: #8c9db3;\"><\/i>P\u00e1ginas<\/small>\n        <\/div>\n\n        <div class=\"col-12 col-sm-6 col-lg-5 border-bottom pb-2\">\n            <small class=\"text-muted\">D\u00e9sde la p\u00e1gina 129, hasta la p\u00e1gina 157<\/small>\n        <\/div>\n\n        <div class=\"col-12 col-sm-6 col-lg-2 border-bottom pb-2\">\n            <small><i class=\"fas fa-solid fa-language fa-fw me-2\" style=\"color: #8c9db3;\"><\/i>Idioma<\/small>\n        <\/div>\n\n        <div class=\"col-12 col-sm-6 col-lg-3 border-bottom pb-2\">\n            <small class=\"text-muted\">Espa\u00f1ol<\/small>\n        <\/div>\n\n        <div class=\"col-12 col-sm-6 col-lg-2 border-bottom pb-2\">\n            <small><i class=\"fas fa-solid fa-newspaper fa-fw me-2\" style=\"color: #8c9db3;\"><\/i>Editorial<\/small>\n        <\/div>\n\n        <div class=\"col-12 col-sm-6 col-lg-5 border-bottom pb-2\">\n            <small class=\"text-muted\">Editorial Universidad del Chubut<\/small>\n        <\/div>\n\n        <div class=\"col-12 col-sm-6 col-lg-2 border-bottom pb-2\">\n            <small><i class=\"fas fa-solid fa-user-pen fa-fw me-2\" style=\"color: #8c9db3;\"><\/i>Editores<\/small>\n        <\/div>\n\n        <div class=\"col-12 col-sm-6 col-lg-10 border-bottom pb-2\">\n            <small class=\"text-muted\">Marcela In\u00e9s Freytes Frey; Amanda Gotti; Cecilia Maricel Russo; Mariela Nabergoi; Silvia Catalini;<\/small>\n        <\/div>\n\n        <div class=\"col-12 col-sm-6 col-lg-2\">\n            <small><i class=\"fas fa-solid fa-signature fa-fw me-2\" style=\"color: #8c9db3;\"><\/i>Autores<\/small>\n        <\/div>\n\n        <div class=\"col-12 col-sm-6 col-lg-10\">\n            <small class=\"text-muted\">Mar\u00eda Soledad Burrone Colombino, Catalina Andrea Tapia Fuenzalida, Nicole Alejandra Gallegos Pavez, Luna Catalina Rojas Rivera, Claudia Luc\u00eda Alarc\u00f3n Espinoza, Marcela In\u00e9s Freytes Frey, Jorge Ram\u00edrez, Rub\u00e9n Vladimir Alvarado Mu\u00f1oz<\/small>\n        <\/div>\n    <\/div><span class=\"caption-field-publish\"><\/span><\/div><\/div><\/div><\/div><\/div><div class=\"  circle--pattern-bottom-large col-sm-12 col-md-12 img-article\"><div class=\"holder-publish col-md-12\" style=\"border-bottom: 1px solid #B8B8B8\"><div class=\"content-holder h-100 component-border overflow-hidden row m-0 p-4 aling-items-center\"><ul class=\"p-0 list-style-none\"><li class=\"p-0 me-2\"><i class=\"fas fa-solid fa-book fa-fw\"><\/i> Routledge Companion to Young Adult Literature<\/li><li class=\"p-0 me-2\"><i class=\"fas fa-solid fa-calendar fa-fw\"><\/i> 2024<\/li><\/ul><div class=\"caption col-12 p-0 col-md-12 row m-0 align-items-center\"><div class=\"px-md-1\">    <h3 class=\"fw-medium m-0 small-space pt-2 pb-2 title-ss text-decoration-none border-bottom\">Young Adult Literature in South America<\/h3>\n\n    <div class=\"mt-0 row g-3\">\n        \n        <div class=\"col-12 col-sm-6 col-lg-2 border-bottom pb-2\">\n            <small><i class=\"fas fa-solid fa-barcode fa-fw me-2\" style=\"color: #8c9db3;\"><\/i>ISBN<\/small>\n        <\/div>\n\n        <div class=\"col-12 col-sm-6 col-lg-3 border-bottom pb-2\">\n            <small class=\"text-muted\">(Aceptado - en proceso de edici\u00f3n)<\/small>\n        <\/div>\n\n        <div class=\"col-12 col-sm-6 col-lg-2 border-bottom pb-2\">\n            <small><i class=\"fas fa-solid fa-file fa-fw me-2\" style=\"color: #8c9db3;\"><\/i>P\u00e1ginas<\/small>\n        <\/div>\n\n        <div class=\"col-12 col-sm-6 col-lg-5 border-bottom pb-2\">\n            <small class=\"text-muted\">D\u00e9sde la p\u00e1gina , hasta la p\u00e1gina <\/small>\n        <\/div>\n\n        <div class=\"col-12 col-sm-6 col-lg-2 border-bottom pb-2\">\n            <small><i class=\"fas fa-solid fa-language fa-fw me-2\" style=\"color: #8c9db3;\"><\/i>Idioma<\/small>\n        <\/div>\n\n        <div class=\"col-12 col-sm-6 col-lg-3 border-bottom pb-2\">\n            <small class=\"text-muted\">Ingl\u00e9s<\/small>\n        <\/div>\n\n        <div class=\"col-12 col-sm-6 col-lg-2 border-bottom pb-2\">\n            <small><i class=\"fas fa-solid fa-newspaper fa-fw me-2\" style=\"color: #8c9db3;\"><\/i>Editorial<\/small>\n        <\/div>\n\n        <div class=\"col-12 col-sm-6 col-lg-5 border-bottom pb-2\">\n            <small class=\"text-muted\">Routledge<\/small>\n        <\/div>\n\n        <div class=\"col-12 col-sm-6 col-lg-2 border-bottom pb-2\">\n            <small><i class=\"fas fa-solid fa-user-pen fa-fw me-2\" style=\"color: #8c9db3;\"><\/i>Editores<\/small>\n        <\/div>\n\n        <div class=\"col-12 col-sm-6 col-lg-10 border-bottom pb-2\">\n            <small class=\"text-muted\">Rodhes Cristina et al.<\/small>\n        <\/div>\n\n        <div class=\"col-12 col-sm-6 col-lg-2\">\n            <small><i class=\"fas fa-solid fa-signature fa-fw me-2\" style=\"color: #8c9db3;\"><\/i>Autores<\/small>\n        <\/div>\n\n        <div class=\"col-12 col-sm-6 col-lg-10\">\n            <small class=\"text-muted\">Isabel Ibaceta<\/small>\n        <\/div>\n    <\/div><span class=\"caption-field-publish\"><\/span><\/div><\/div><\/div><\/div><\/div><div class=\"  circle--pattern-bottom-large col-sm-12 col-md-12 img-article\"><div class=\"holder-publish col-md-12\" style=\"border-bottom: 1px solid #B8B8B8\"><div class=\"content-holder h-100 component-border overflow-hidden row m-0 p-4 aling-items-center\"><ul class=\"p-0 list-style-none\"><li class=\"p-0 me-2\"><i class=\"fas fa-solid fa-book fa-fw\"><\/i> Metodologias aplicadas para la conservaci\u00f3n de la biodiversidad en Chile<\/li><li class=\"p-0 me-2\"><i class=\"fas fa-solid fa-calendar fa-fw\"><\/i> 2024<\/li><\/ul><div class=\"caption col-12 p-0 col-md-12 row m-0 align-items-center\"><div class=\"px-md-1\">    <h3 class=\"fw-medium m-0 small-space pt-2 pb-2 title-ss text-decoration-none border-bottom\">Diversidad microbiana de suelos y su estudio en Chile<\/h3>\n\n    <div class=\"mt-0 row g-3\">\n        \n        <div class=\"col-12 col-sm-6 col-lg-2 border-bottom pb-2\">\n            <small><i class=\"fas fa-solid fa-barcode fa-fw me-2\" style=\"color: #8c9db3;\"><\/i>ISBN<\/small>\n        <\/div>\n\n        <div class=\"col-12 col-sm-6 col-lg-3 border-bottom pb-2\">\n            <small class=\"text-muted\"><\/small>\n        <\/div>\n\n        <div class=\"col-12 col-sm-6 col-lg-2 border-bottom pb-2\">\n            <small><i class=\"fas fa-solid fa-file fa-fw me-2\" style=\"color: #8c9db3;\"><\/i>P\u00e1ginas<\/small>\n        <\/div>\n\n        <div class=\"col-12 col-sm-6 col-lg-5 border-bottom pb-2\">\n            <small class=\"text-muted\">D\u00e9sde la p\u00e1gina , hasta la p\u00e1gina <\/small>\n        <\/div>\n\n        <div class=\"col-12 col-sm-6 col-lg-2 border-bottom pb-2\">\n            <small><i class=\"fas fa-solid fa-language fa-fw me-2\" style=\"color: #8c9db3;\"><\/i>Idioma<\/small>\n        <\/div>\n\n        <div class=\"col-12 col-sm-6 col-lg-3 border-bottom pb-2\">\n            <small class=\"text-muted\">Espa\u00f1ol<\/small>\n        <\/div>\n\n        <div class=\"col-12 col-sm-6 col-lg-2 border-bottom pb-2\">\n            <small><i class=\"fas fa-solid fa-newspaper fa-fw me-2\" style=\"color: #8c9db3;\"><\/i>Editorial<\/small>\n        <\/div>\n\n        <div class=\"col-12 col-sm-6 col-lg-5 border-bottom pb-2\">\n            <small class=\"text-muted\">Universidad de Chile<\/small>\n        <\/div>\n\n        <div class=\"col-12 col-sm-6 col-lg-2 border-bottom pb-2\">\n            <small><i class=\"fas fa-solid fa-user-pen fa-fw me-2\" style=\"color: #8c9db3;\"><\/i>Editores<\/small>\n        <\/div>\n\n        <div class=\"col-12 col-sm-6 col-lg-10 border-bottom pb-2\">\n            <small class=\"text-muted\">orge P\u00e9rez Quezada y N\u00e9lida Villase\u00f1or<\/small>\n        <\/div>\n\n        <div class=\"col-12 col-sm-6 col-lg-2\">\n            <small><i class=\"fas fa-solid fa-signature fa-fw me-2\" style=\"color: #8c9db3;\"><\/i>Autores<\/small>\n        <\/div>\n\n        <div class=\"col-12 col-sm-6 col-lg-10\">\n            <small class=\"text-muted\">Claudia Macarena Rojas Alvarado, Carolina Quinteros Urquieta, Carolina Merino, Alexandra Stoll, Sara Cuadros-Orellana, Carolina Y\u00e1\u00f1ez<\/small>\n        <\/div>\n    <\/div><span class=\"caption-field-publish\"><\/span><\/div><\/div><\/div><\/div><\/div><div class=\"  circle--pattern-bottom-large col-sm-12 col-md-12 img-article\"><div class=\"holder-publish col-md-12\" style=\"border-bottom: 1px solid #B8B8B8\"><div class=\"content-holder h-100 component-border overflow-hidden row m-0 p-4 aling-items-center\"><ul class=\"p-0 list-style-none\"><li class=\"p-0 me-2\"><i class=\"fas fa-solid fa-book fa-fw\"><\/i> Aprendizaje, desarrollo e inclusi\u00f3n para la formaci\u00f3n y la pr\u00e1ctica en aula de educadores y profesores<\/li><li class=\"p-0 me-2\"><i class=\"fas fa-solid fa-calendar fa-fw\"><\/i> 2024<\/li><\/ul><div class=\"caption col-12 p-0 col-md-12 row m-0 align-items-center\"><div class=\"px-md-1\">    <h3 class=\"fw-medium m-0 small-space pt-2 pb-2 title-ss text-decoration-none border-bottom\">Ansiedad, creencias y estereotipos de g\u00e9nero como factores claves en la ense\u00f1anza y aprendizaje de las matem\u00e1ticas: Propuestas de abordaje en la Formaci\u00f3n Inicial\u00a0Docente [aceptado]<\/h3>\n\n    <div class=\"mt-0 row g-3\">\n        \n        <div class=\"col-12 col-sm-6 col-lg-2 border-bottom pb-2\">\n            <small><i class=\"fas fa-solid fa-barcode fa-fw me-2\" style=\"color: #8c9db3;\"><\/i>ISBN<\/small>\n        <\/div>\n\n        <div class=\"col-12 col-sm-6 col-lg-3 border-bottom pb-2\">\n            <small class=\"text-muted\"><\/small>\n        <\/div>\n\n        <div class=\"col-12 col-sm-6 col-lg-2 border-bottom pb-2\">\n            <small><i class=\"fas fa-solid fa-file fa-fw me-2\" style=\"color: #8c9db3;\"><\/i>P\u00e1ginas<\/small>\n        <\/div>\n\n        <div class=\"col-12 col-sm-6 col-lg-5 border-bottom pb-2\">\n            <small class=\"text-muted\">D\u00e9sde la p\u00e1gina , hasta la p\u00e1gina <\/small>\n        <\/div>\n\n        <div class=\"col-12 col-sm-6 col-lg-2 border-bottom pb-2\">\n            <small><i class=\"fas fa-solid fa-language fa-fw me-2\" style=\"color: #8c9db3;\"><\/i>Idioma<\/small>\n        <\/div>\n\n        <div class=\"col-12 col-sm-6 col-lg-3 border-bottom pb-2\">\n            <small class=\"text-muted\">Espa\u00f1ol<\/small>\n        <\/div>\n\n        <div class=\"col-12 col-sm-6 col-lg-2 border-bottom pb-2\">\n            <small><i class=\"fas fa-solid fa-newspaper fa-fw me-2\" style=\"color: #8c9db3;\"><\/i>Editorial<\/small>\n        <\/div>\n\n        <div class=\"col-12 col-sm-6 col-lg-5 border-bottom pb-2\">\n            <small class=\"text-muted\">Ediciones UC<\/small>\n        <\/div>\n\n        <div class=\"col-12 col-sm-6 col-lg-2 border-bottom pb-2\">\n            <small><i class=\"fas fa-solid fa-user-pen fa-fw me-2\" style=\"color: #8c9db3;\"><\/i>Editores<\/small>\n        <\/div>\n\n        <div class=\"col-12 col-sm-6 col-lg-10 border-bottom pb-2\">\n            <small class=\"text-muted\">Susana Mendive, Pilar Cox, Jaime Balladares<\/small>\n        <\/div>\n\n        <div class=\"col-12 col-sm-6 col-lg-2\">\n            <small><i class=\"fas fa-solid fa-signature fa-fw me-2\" style=\"color: #8c9db3;\"><\/i>Autores<\/small>\n        <\/div>\n\n        <div class=\"col-12 col-sm-6 col-lg-10\">\n            <small class=\"text-muted\">Ana Mar\u00eda Espinoza, David Maximiliano G\u00f3mez Rojas, Mar\u00eda In\u00e9s Susperreguy<\/small>\n        <\/div>\n    <\/div><span class=\"caption-field-publish\"><\/span><\/div><\/div><\/div><\/div><\/div><div class=\"  circle--pattern-bottom-large col-sm-12 col-md-12 img-article\"><div class=\"holder-publish col-md-12\" style=\"border-bottom: 1px solid #B8B8B8\"><div class=\"content-holder h-100 component-border overflow-hidden row m-0 p-4 aling-items-center\"><ul class=\"p-0 list-style-none\"><li class=\"p-0 me-2\"><i class=\"fas fa-solid fa-book fa-fw\"><\/i> Tratado de Nutrici\u00f3n<\/li><li class=\"p-0 me-2\"><i class=\"fas fa-solid fa-calendar fa-fw\"><\/i> 2024<\/li><\/ul><div class=\"caption col-12 p-0 col-md-12 row m-0 align-items-center\"><div class=\"px-md-1\">    <h3 class=\"fw-medium m-0 small-space pt-2 pb-2 title-ss text-decoration-none border-bottom\">Cap\u00edtulo 28: Regulaci\u00f3n Transcripcional de Metales Trazas.<\/h3>\n\n    <div class=\"mt-0 row g-3\">\n        \n        <div class=\"col-12 col-sm-6 col-lg-2 border-bottom pb-2\">\n            <small><i class=\"fas fa-solid fa-barcode fa-fw me-2\" style=\"color: #8c9db3;\"><\/i>ISBN<\/small>\n        <\/div>\n\n        <div class=\"col-12 col-sm-6 col-lg-3 border-bottom pb-2\">\n            <small class=\"text-muted\"><\/small>\n        <\/div>\n\n        <div class=\"col-12 col-sm-6 col-lg-2 border-bottom pb-2\">\n            <small><i class=\"fas fa-solid fa-file fa-fw me-2\" style=\"color: #8c9db3;\"><\/i>P\u00e1ginas<\/small>\n        <\/div>\n\n        <div class=\"col-12 col-sm-6 col-lg-5 border-bottom pb-2\">\n            <small class=\"text-muted\">D\u00e9sde la p\u00e1gina , hasta la p\u00e1gina <\/small>\n        <\/div>\n\n        <div class=\"col-12 col-sm-6 col-lg-2 border-bottom pb-2\">\n            <small><i class=\"fas fa-solid fa-language fa-fw me-2\" style=\"color: #8c9db3;\"><\/i>Idioma<\/small>\n        <\/div>\n\n        <div class=\"col-12 col-sm-6 col-lg-3 border-bottom pb-2\">\n            <small class=\"text-muted\">Espa\u00f1ol<\/small>\n        <\/div>\n\n        <div class=\"col-12 col-sm-6 col-lg-2 border-bottom pb-2\">\n            <small><i class=\"fas fa-solid fa-newspaper fa-fw me-2\" style=\"color: #8c9db3;\"><\/i>Editorial<\/small>\n        <\/div>\n\n        <div class=\"col-12 col-sm-6 col-lg-5 border-bottom pb-2\">\n            <small class=\"text-muted\">M\u00e9dica Panamericana<\/small>\n        <\/div>\n\n        <div class=\"col-12 col-sm-6 col-lg-2 border-bottom pb-2\">\n            <small><i class=\"fas fa-solid fa-user-pen fa-fw me-2\" style=\"color: #8c9db3;\"><\/i>Editores<\/small>\n        <\/div>\n\n        <div class=\"col-12 col-sm-6 col-lg-10 border-bottom pb-2\">\n            <small class=\"text-muted\"><\/small>\n        <\/div>\n\n        <div class=\"col-12 col-sm-6 col-lg-2\">\n            <small><i class=\"fas fa-solid fa-signature fa-fw me-2\" style=\"color: #8c9db3;\"><\/i>Autores<\/small>\n        <\/div>\n\n        <div class=\"col-12 col-sm-6 col-lg-10\">\n            <small class=\"text-muted\">Mauricio Alejandro Latorre Mora, Miguel Arredondo, Mauricio Gonz\u00e1lez<\/small>\n        <\/div>\n    <\/div><span class=\"caption-field-publish\"><\/span><\/div><\/div><\/div><\/div><\/div><div class=\"  circle--pattern-bottom-large col-sm-12 col-md-12 img-article\"><div class=\"holder-publish col-md-12\" style=\"border-bottom: 1px solid #B8B8B8\"><div class=\"content-holder h-100 component-border overflow-hidden row m-0 p-4 aling-items-center\"><ul class=\"p-0 list-style-none\"><li class=\"p-0 me-2\"><i class=\"fas fa-solid fa-book fa-fw\"><\/i> Seguridad alimentaria en un marco de sindemia: comprendiendo el sistema alimentario chileno<\/li><li class=\"p-0 me-2\"><i class=\"fas fa-solid fa-calendar fa-fw\"><\/i> 2024<\/li><\/ul><div class=\"caption col-12 p-0 col-md-12 row m-0 align-items-center\"><div class=\"px-md-1\">    <h3 class=\"fw-medium m-0 small-space pt-2 pb-2 title-ss text-decoration-none border-bottom\">Psicolog\u00eda y Comportamientos Alimentarios: una mirada desde Chile<\/h3>\n\n    <div class=\"mt-0 row g-3\">\n        \n        <div class=\"col-12 col-sm-6 col-lg-2 border-bottom pb-2\">\n            <small><i class=\"fas fa-solid fa-barcode fa-fw me-2\" style=\"color: #8c9db3;\"><\/i>ISBN<\/small>\n        <\/div>\n\n        <div class=\"col-12 col-sm-6 col-lg-3 border-bottom pb-2\">\n            <small class=\"text-muted\">978-956-11-3040-1(impreso) y 978-956-11-3041-8 (digital)<\/small>\n        <\/div>\n\n        <div class=\"col-12 col-sm-6 col-lg-2 border-bottom pb-2\">\n            <small><i class=\"fas fa-solid fa-file fa-fw me-2\" style=\"color: #8c9db3;\"><\/i>P\u00e1ginas<\/small>\n        <\/div>\n\n        <div class=\"col-12 col-sm-6 col-lg-5 border-bottom pb-2\">\n            <small class=\"text-muted\">D\u00e9sde la p\u00e1gina 91, hasta la p\u00e1gina 111<\/small>\n        <\/div>\n\n        <div class=\"col-12 col-sm-6 col-lg-2 border-bottom pb-2\">\n            <small><i class=\"fas fa-solid fa-language fa-fw me-2\" style=\"color: #8c9db3;\"><\/i>Idioma<\/small>\n        <\/div>\n\n        <div class=\"col-12 col-sm-6 col-lg-3 border-bottom pb-2\">\n            <small class=\"text-muted\">Espa\u00f1ol<\/small>\n        <\/div>\n\n        <div class=\"col-12 col-sm-6 col-lg-2 border-bottom pb-2\">\n            <small><i class=\"fas fa-solid fa-newspaper fa-fw me-2\" style=\"color: #8c9db3;\"><\/i>Editorial<\/small>\n        <\/div>\n\n        <div class=\"col-12 col-sm-6 col-lg-5 border-bottom pb-2\">\n            <small class=\"text-muted\">Editorial Universitaria<\/small>\n        <\/div>\n\n        <div class=\"col-12 col-sm-6 col-lg-2 border-bottom pb-2\">\n            <small><i class=\"fas fa-solid fa-user-pen fa-fw me-2\" style=\"color: #8c9db3;\"><\/i>Editores<\/small>\n        <\/div>\n\n        <div class=\"col-12 col-sm-6 col-lg-10 border-bottom pb-2\">\n            <small class=\"text-muted\">Sof\u00eda Boza, Rebecca Kanter<\/small>\n        <\/div>\n\n        <div class=\"col-12 col-sm-6 col-lg-2\">\n            <small><i class=\"fas fa-solid fa-signature fa-fw me-2\" style=\"color: #8c9db3;\"><\/i>Autores<\/small>\n        <\/div>\n\n        <div class=\"col-12 col-sm-6 col-lg-10\">\n            <small class=\"text-muted\">Camila Marta Oda Montecinos, Carmina Salda\u00f1a<\/small>\n        <\/div>\n    <\/div><span class=\"caption-field-publish\"><\/span><\/div><\/div><\/div><\/div><\/div><div class=\"  circle--pattern-bottom-large col-sm-12 col-md-12 img-article\"><div class=\"holder-publish col-md-12\" style=\"border-bottom: 1px solid #B8B8B8\"><div class=\"content-holder h-100 component-border overflow-hidden row m-0 p-4 aling-items-center\"><ul class=\"p-0 list-style-none\"><li class=\"p-0 me-2\"><i class=\"fas fa-solid fa-book fa-fw\"><\/i> Trastornos de la Conducta Alimentaria y Obesidad (2a edici\u00f3n)<\/li><li class=\"p-0 me-2\"><i class=\"fas fa-solid fa-calendar fa-fw\"><\/i> 2024<\/li><\/ul><div class=\"caption col-12 p-0 col-md-12 row m-0 align-items-center\"><div class=\"px-md-1\">    <h3 class=\"fw-medium m-0 small-space pt-2 pb-2 title-ss text-decoration-none border-bottom\">Sesgos, estigma y discriminaci\u00f3n en funci\u00f3n del peso corporal en espacios sanitarios: implicancias para la salud, el bienestar y la adherencia terap\u00e9utica<\/h3>\n\n    <div class=\"mt-0 row g-3\">\n        \n        <div class=\"col-12 col-sm-6 col-lg-2 border-bottom pb-2\">\n            <small><i class=\"fas fa-solid fa-barcode fa-fw me-2\" style=\"color: #8c9db3;\"><\/i>ISBN<\/small>\n        <\/div>\n\n        <div class=\"col-12 col-sm-6 col-lg-3 border-bottom pb-2\">\n            <small class=\"text-muted\">978-956-7545-13-1<\/small>\n        <\/div>\n\n        <div class=\"col-12 col-sm-6 col-lg-2 border-bottom pb-2\">\n            <small><i class=\"fas fa-solid fa-file fa-fw me-2\" style=\"color: #8c9db3;\"><\/i>P\u00e1ginas<\/small>\n        <\/div>\n\n        <div class=\"col-12 col-sm-6 col-lg-5 border-bottom pb-2\">\n            <small class=\"text-muted\">D\u00e9sde la p\u00e1gina 682, hasta la p\u00e1gina 689<\/small>\n        <\/div>\n\n        <div class=\"col-12 col-sm-6 col-lg-2 border-bottom pb-2\">\n            <small><i class=\"fas fa-solid fa-language fa-fw me-2\" style=\"color: #8c9db3;\"><\/i>Idioma<\/small>\n        <\/div>\n\n        <div class=\"col-12 col-sm-6 col-lg-3 border-bottom pb-2\">\n            <small class=\"text-muted\">Espa\u00f1ol<\/small>\n        <\/div>\n\n        <div class=\"col-12 col-sm-6 col-lg-2 border-bottom pb-2\">\n            <small><i class=\"fas fa-solid fa-newspaper fa-fw me-2\" style=\"color: #8c9db3;\"><\/i>Editorial<\/small>\n        <\/div>\n\n        <div class=\"col-12 col-sm-6 col-lg-5 border-bottom pb-2\">\n            <small class=\"text-muted\">Ediciones de la Sociedad de Neurolog\u00eda, Psiquiatr\u00eda y Neurocirug\u00eda de Chile.<\/small>\n        <\/div>\n\n        <div class=\"col-12 col-sm-6 col-lg-2 border-bottom pb-2\">\n            <small><i class=\"fas fa-solid fa-user-pen fa-fw me-2\" style=\"color: #8c9db3;\"><\/i>Editores<\/small>\n        <\/div>\n\n        <div class=\"col-12 col-sm-6 col-lg-10 border-bottom pb-2\">\n            <small class=\"text-muted\">Daniela G\u00f3mez, Carolina L\u00f3pez, Ximena Raimann , Claudia Cruzat.<\/small>\n        <\/div>\n\n        <div class=\"col-12 col-sm-6 col-lg-2\">\n            <small><i class=\"fas fa-solid fa-signature fa-fw me-2\" style=\"color: #8c9db3;\"><\/i>Autores<\/small>\n        <\/div>\n\n        <div class=\"col-12 col-sm-6 col-lg-10\">\n            <small class=\"text-muted\">Camila Marta Oda Montecinos, Gabriela Nazar Carter, Claudia Cruzat-Mandich<\/small>\n        <\/div>\n    <\/div><span class=\"caption-field-publish\"><\/span><\/div><\/div><\/div><\/div><\/div><div class=\"  circle--pattern-bottom-large col-sm-12 col-md-12 img-article\"><div class=\"holder-publish col-md-12\" style=\"border-bottom: 1px solid #B8B8B8\"><div class=\"content-holder h-100 component-border overflow-hidden row m-0 p-4 aling-items-center\"><ul class=\"p-0 list-style-none\"><li class=\"p-0 me-2\"><i class=\"fas fa-solid fa-book fa-fw\"><\/i> The Psychology of Resistance in Violent and Repressive Contexts:<\/li><li class=\"p-0 me-2\"><i class=\"fas fa-solid fa-calendar fa-fw\"><\/i> 2024<\/li><\/ul><div class=\"caption col-12 p-0 col-md-12 row m-0 align-items-center\"><div class=\"px-md-1\">    <h3 class=\"fw-medium m-0 small-space pt-2 pb-2 title-ss text-decoration-none border-bottom\">Understanding protest violence: From protesters&#8217; to non-participants&#8217; support for protest violence<\/h3>\n\n    <div class=\"mt-0 row g-3\">\n        \n        <div class=\"col-12 col-sm-6 col-lg-2 border-bottom pb-2\">\n            <small><i class=\"fas fa-solid fa-barcode fa-fw me-2\" style=\"color: #8c9db3;\"><\/i>ISBN<\/small>\n        <\/div>\n\n        <div class=\"col-12 col-sm-6 col-lg-3 border-bottom pb-2\">\n            <small class=\"text-muted\">9780197687703<\/small>\n        <\/div>\n\n        <div class=\"col-12 col-sm-6 col-lg-2 border-bottom pb-2\">\n            <small><i class=\"fas fa-solid fa-file fa-fw me-2\" style=\"color: #8c9db3;\"><\/i>P\u00e1ginas<\/small>\n        <\/div>\n\n        <div class=\"col-12 col-sm-6 col-lg-5 border-bottom pb-2\">\n            <small class=\"text-muted\">D\u00e9sde la p\u00e1gina 95, hasta la p\u00e1gina 114<\/small>\n        <\/div>\n\n        <div class=\"col-12 col-sm-6 col-lg-2 border-bottom pb-2\">\n            <small><i class=\"fas fa-solid fa-language fa-fw me-2\" style=\"color: #8c9db3;\"><\/i>Idioma<\/small>\n        <\/div>\n\n        <div class=\"col-12 col-sm-6 col-lg-3 border-bottom pb-2\">\n            <small class=\"text-muted\">Ingl\u00e9s<\/small>\n        <\/div>\n\n        <div class=\"col-12 col-sm-6 col-lg-2 border-bottom pb-2\">\n            <small><i class=\"fas fa-solid fa-newspaper fa-fw me-2\" style=\"color: #8c9db3;\"><\/i>Editorial<\/small>\n        <\/div>\n\n        <div class=\"col-12 col-sm-6 col-lg-5 border-bottom pb-2\">\n            <small class=\"text-muted\">Oxford University Press<\/small>\n        <\/div>\n\n        <div class=\"col-12 col-sm-6 col-lg-2 border-bottom pb-2\">\n            <small><i class=\"fas fa-solid fa-user-pen fa-fw me-2\" style=\"color: #8c9db3;\"><\/i>Editores<\/small>\n        <\/div>\n\n        <div class=\"col-12 col-sm-6 col-lg-10 border-bottom pb-2\">\n            <small class=\"text-muted\">Fouad Bou Zeineddine, Johanna Vollhardt,<\/small>\n        <\/div>\n\n        <div class=\"col-12 col-sm-6 col-lg-2\">\n            <small><i class=\"fas fa-solid fa-signature fa-fw me-2\" style=\"color: #8c9db3;\"><\/i>Autores<\/small>\n        <\/div>\n\n        <div class=\"col-12 col-sm-6 col-lg-10\">\n            <small class=\"text-muted\">Patricio Saavedra Morales, John Drury<\/small>\n        <\/div>\n    <\/div><span class=\"caption-field-publish\"><\/span><\/div><\/div><\/div><\/div><\/div><div class=\"  circle--pattern-bottom-large col-sm-12 col-md-12 img-article\"><div class=\"holder-publish col-md-12\" style=\"border-bottom: 1px solid #B8B8B8\"><div class=\"content-holder h-100 component-border overflow-hidden row m-0 p-4 aling-items-center\"><ul class=\"p-0 list-style-none\"><li class=\"p-0 me-2\"><i class=\"fas fa-solid fa-book fa-fw\"><\/i> Miradas latinoamericanas sobre multimodalidad: Trayectorias, an\u00e1lisis y metodolog\u00edas<\/li><li class=\"p-0 me-2\"><i class=\"fas fa-solid fa-calendar fa-fw\"><\/i> 2024<\/li><\/ul><div class=\"caption col-12 p-0 col-md-12 row m-0 align-items-center\"><div class=\"px-md-1\">    <h3 class=\"fw-medium m-0 small-space pt-2 pb-2 title-ss text-decoration-none border-bottom\">Introducci\u00f3n<\/h3>\n\n    <div class=\"mt-0 row g-3\">\n        \n        <div class=\"col-12 col-sm-6 col-lg-2 border-bottom pb-2\">\n            <small><i class=\"fas fa-solid fa-barcode fa-fw me-2\" style=\"color: #8c9db3;\"><\/i>ISBN<\/small>\n        <\/div>\n\n        <div class=\"col-12 col-sm-6 col-lg-3 border-bottom pb-2\">\n            <small class=\"text-muted\"><\/small>\n        <\/div>\n\n        <div class=\"col-12 col-sm-6 col-lg-2 border-bottom pb-2\">\n            <small><i class=\"fas fa-solid fa-file fa-fw me-2\" style=\"color: #8c9db3;\"><\/i>P\u00e1ginas<\/small>\n        <\/div>\n\n        <div class=\"col-12 col-sm-6 col-lg-5 border-bottom pb-2\">\n            <small class=\"text-muted\">D\u00e9sde la p\u00e1gina 33, hasta la p\u00e1gina 38<\/small>\n        <\/div>\n\n        <div class=\"col-12 col-sm-6 col-lg-2 border-bottom pb-2\">\n            <small><i class=\"fas fa-solid fa-language fa-fw me-2\" style=\"color: #8c9db3;\"><\/i>Idioma<\/small>\n        <\/div>\n\n        <div class=\"col-12 col-sm-6 col-lg-3 border-bottom pb-2\">\n            <small class=\"text-muted\">Espa\u00f1ol<\/small>\n        <\/div>\n\n        <div class=\"col-12 col-sm-6 col-lg-2 border-bottom pb-2\">\n            <small><i class=\"fas fa-solid fa-newspaper fa-fw me-2\" style=\"color: #8c9db3;\"><\/i>Editorial<\/small>\n        <\/div>\n\n        <div class=\"col-12 col-sm-6 col-lg-5 border-bottom pb-2\">\n            <small class=\"text-muted\">Ril Editores<\/small>\n        <\/div>\n\n        <div class=\"col-12 col-sm-6 col-lg-2 border-bottom pb-2\">\n            <small><i class=\"fas fa-solid fa-user-pen fa-fw me-2\" style=\"color: #8c9db3;\"><\/i>Editores<\/small>\n        <\/div>\n\n        <div class=\"col-12 col-sm-6 col-lg-10 border-bottom pb-2\">\n            <small class=\"text-muted\">Liliana V\u00e1squez Rocca, Dominique Manghi Haquin, Carolina P\u00e9rez-Arredondo<\/small>\n        <\/div>\n\n        <div class=\"col-12 col-sm-6 col-lg-2\">\n            <small><i class=\"fas fa-solid fa-signature fa-fw me-2\" style=\"color: #8c9db3;\"><\/i>Autores<\/small>\n        <\/div>\n\n        <div class=\"col-12 col-sm-6 col-lg-10\">\n            <small class=\"text-muted\">Liliana V\u00e1squez-Rocca, Dominique Mangui Haquin, Carolina P\u00e9rez Arredondo<\/small>\n        <\/div>\n    <\/div><span class=\"caption-field-publish\"><\/span><\/div><\/div><\/div><\/div><\/div><div class=\"  circle--pattern-bottom-large col-sm-12 col-md-12 img-article\"><div class=\"holder-publish col-md-12\" style=\"border-bottom: 1px solid #B8B8B8\"><div class=\"content-holder h-100 component-border overflow-hidden row m-0 p-4 aling-items-center\"><ul class=\"p-0 list-style-none\"><li class=\"p-0 me-2\"><i class=\"fas fa-solid fa-book fa-fw\"><\/i> Miradas latinoamericanas sobre multimodalidad: Trayectorias, an\u00e1lisis y metodolog\u00edas<\/li><li class=\"p-0 me-2\"><i class=\"fas fa-solid fa-calendar fa-fw\"><\/i> 2024<\/li><\/ul><div class=\"caption col-12 p-0 col-md-12 row m-0 align-items-center\"><div class=\"px-md-1\">    <h3 class=\"fw-medium m-0 small-space pt-2 pb-2 title-ss text-decoration-none border-bottom\">Relegitimaci\u00f3n multimodal de la capucha en redes sociales durante la revuelta social (Chile, 2019-2020)<\/h3>\n\n    <div class=\"mt-0 row g-3\">\n        \n        <div class=\"col-12 col-sm-6 col-lg-2 border-bottom pb-2\">\n            <small><i class=\"fas fa-solid fa-barcode fa-fw me-2\" style=\"color: #8c9db3;\"><\/i>ISBN<\/small>\n        <\/div>\n\n        <div class=\"col-12 col-sm-6 col-lg-3 border-bottom pb-2\">\n            <small class=\"text-muted\"><\/small>\n        <\/div>\n\n        <div class=\"col-12 col-sm-6 col-lg-2 border-bottom pb-2\">\n            <small><i class=\"fas fa-solid fa-file fa-fw me-2\" style=\"color: #8c9db3;\"><\/i>P\u00e1ginas<\/small>\n        <\/div>\n\n        <div class=\"col-12 col-sm-6 col-lg-5 border-bottom pb-2\">\n            <small class=\"text-muted\">D\u00e9sde la p\u00e1gina 267, hasta la p\u00e1gina 292<\/small>\n        <\/div>\n\n        <div class=\"col-12 col-sm-6 col-lg-2 border-bottom pb-2\">\n            <small><i class=\"fas fa-solid fa-language fa-fw me-2\" style=\"color: #8c9db3;\"><\/i>Idioma<\/small>\n        <\/div>\n\n        <div class=\"col-12 col-sm-6 col-lg-3 border-bottom pb-2\">\n            <small class=\"text-muted\">Espa\u00f1ol<\/small>\n        <\/div>\n\n        <div class=\"col-12 col-sm-6 col-lg-2 border-bottom pb-2\">\n            <small><i class=\"fas fa-solid fa-newspaper fa-fw me-2\" style=\"color: #8c9db3;\"><\/i>Editorial<\/small>\n        <\/div>\n\n        <div class=\"col-12 col-sm-6 col-lg-5 border-bottom pb-2\">\n            <small class=\"text-muted\">Ril Editores<\/small>\n        <\/div>\n\n        <div class=\"col-12 col-sm-6 col-lg-2 border-bottom pb-2\">\n            <small><i class=\"fas fa-solid fa-user-pen fa-fw me-2\" style=\"color: #8c9db3;\"><\/i>Editores<\/small>\n        <\/div>\n\n        <div class=\"col-12 col-sm-6 col-lg-10 border-bottom pb-2\">\n            <small class=\"text-muted\">Liliana V\u00e1squez Rocca, Dominique Manghi Haquin, Carolina P\u00e9rez-Arredondo<\/small>\n        <\/div>\n\n        <div class=\"col-12 col-sm-6 col-lg-2\">\n            <small><i class=\"fas fa-solid fa-signature fa-fw me-2\" style=\"color: #8c9db3;\"><\/i>Autores<\/small>\n        <\/div>\n\n        <div class=\"col-12 col-sm-6 col-lg-10\">\n            <small class=\"text-muted\">Camila C\u00e1rdenas-Neira, Carolina P\u00e9rez Arredondo<\/small>\n        <\/div>\n    <\/div><span class=\"caption-field-publish\"><\/span><\/div><\/div><\/div><\/div><\/div><div class=\"  circle--pattern-bottom-large col-sm-12 col-md-12 img-article\"><div class=\"holder-publish col-md-12\" style=\"border-bottom: 1px solid #B8B8B8\"><div class=\"content-holder h-100 component-border overflow-hidden row m-0 p-4 aling-items-center\"><ul class=\"p-0 list-style-none\"><li class=\"p-0 me-2\"><i class=\"fas fa-solid fa-book fa-fw\"><\/i> Estudios contempor\u00e1neos en el \u00e1mbito del discurso<\/li><li class=\"p-0 me-2\"><i class=\"fas fa-solid fa-calendar fa-fw\"><\/i> 2024<\/li><\/ul><div class=\"caption col-12 p-0 col-md-12 row m-0 align-items-center\"><div class=\"px-md-1\">    <h3 class=\"fw-medium m-0 small-space pt-2 pb-2 title-ss text-decoration-none border-bottom\">Estudios del discurso y pr\u00e1cticas de minorizaci\u00f3n: El enfoque cr\u00edtico como pr\u00e1ctica docente e investigativa<\/h3>\n\n    <div class=\"mt-0 row g-3\">\n        \n        <div class=\"col-12 col-sm-6 col-lg-2 border-bottom pb-2\">\n            <small><i class=\"fas fa-solid fa-barcode fa-fw me-2\" style=\"color: #8c9db3;\"><\/i>ISBN<\/small>\n        <\/div>\n\n        <div class=\"col-12 col-sm-6 col-lg-3 border-bottom pb-2\">\n            <small class=\"text-muted\"><\/small>\n        <\/div>\n\n        <div class=\"col-12 col-sm-6 col-lg-2 border-bottom pb-2\">\n            <small><i class=\"fas fa-solid fa-file fa-fw me-2\" style=\"color: #8c9db3;\"><\/i>P\u00e1ginas<\/small>\n        <\/div>\n\n        <div class=\"col-12 col-sm-6 col-lg-5 border-bottom pb-2\">\n            <small class=\"text-muted\">D\u00e9sde la p\u00e1gina 495, hasta la p\u00e1gina 520<\/small>\n        <\/div>\n\n        <div class=\"col-12 col-sm-6 col-lg-2 border-bottom pb-2\">\n            <small><i class=\"fas fa-solid fa-language fa-fw me-2\" style=\"color: #8c9db3;\"><\/i>Idioma<\/small>\n        <\/div>\n\n        <div class=\"col-12 col-sm-6 col-lg-3 border-bottom pb-2\">\n            <small class=\"text-muted\">Espa\u00f1ol<\/small>\n        <\/div>\n\n        <div class=\"col-12 col-sm-6 col-lg-2 border-bottom pb-2\">\n            <small><i class=\"fas fa-solid fa-newspaper fa-fw me-2\" style=\"color: #8c9db3;\"><\/i>Editorial<\/small>\n        <\/div>\n\n        <div class=\"col-12 col-sm-6 col-lg-5 border-bottom pb-2\">\n            <small class=\"text-muted\">Pedro & Joao Editores<\/small>\n        <\/div>\n\n        <div class=\"col-12 col-sm-6 col-lg-2 border-bottom pb-2\">\n            <small><i class=\"fas fa-solid fa-user-pen fa-fw me-2\" style=\"color: #8c9db3;\"><\/i>Editores<\/small>\n        <\/div>\n\n        <div class=\"col-12 col-sm-6 col-lg-10 border-bottom pb-2\">\n            <small class=\"text-muted\">Rodrigo Acosta Pereira; Mar\u00eda Alexandra Guedes Pinto; Mar\u00eda Cristina Arancibia Aguilera<\/small>\n        <\/div>\n\n        <div class=\"col-12 col-sm-6 col-lg-2\">\n            <small><i class=\"fas fa-solid fa-signature fa-fw me-2\" style=\"color: #8c9db3;\"><\/i>Autores<\/small>\n        <\/div>\n\n        <div class=\"col-12 col-sm-6 col-lg-10\">\n            <small class=\"text-muted\">Carolina P\u00e9rez Arredondo<\/small>\n        <\/div>\n    <\/div><span class=\"caption-field-publish\"><\/span><\/div><\/div><\/div><\/div><\/div><div class=\"  circle--pattern-bottom-large col-sm-12 col-md-12 img-article\"><div class=\"holder-publish col-md-12\" style=\"border-bottom: 1px solid #B8B8B8\"><div class=\"content-holder h-100 component-border overflow-hidden row m-0 p-4 aling-items-center\"><ul class=\"p-0 list-style-none\"><li class=\"p-0 me-2\"><i class=\"fas fa-solid fa-book fa-fw\"><\/i> Salud mental, g\u00e9nero y cuidados: estrategias de cuidado en organizaciones de salud durante la pandemia.<\/li><li class=\"p-0 me-2\"><i class=\"fas fa-solid fa-calendar fa-fw\"><\/i> 2024<\/li><\/ul><div class=\"caption col-12 p-0 col-md-12 row m-0 align-items-center\"><div class=\"px-md-1\">    <h3 class=\"fw-medium m-0 small-space pt-2 pb-2 title-ss text-decoration-none border-bottom\">Perspectiva con enfoque de g\u00e9nero de la Pandemia de COVID-19 en profesionales de salud del Nodo O\u00b4Higgins: una s\u00edntesis narrativa.<\/h3>\n\n    <div class=\"mt-0 row g-3\">\n        \n        <div class=\"col-12 col-sm-6 col-lg-2 border-bottom pb-2\">\n            <small><i class=\"fas fa-solid fa-barcode fa-fw me-2\" style=\"color: #8c9db3;\"><\/i>ISBN<\/small>\n        <\/div>\n\n        <div class=\"col-12 col-sm-6 col-lg-3 border-bottom pb-2\">\n            <small class=\"text-muted\">978-987-82869-4-5<\/small>\n        <\/div>\n\n        <div class=\"col-12 col-sm-6 col-lg-2 border-bottom pb-2\">\n            <small><i class=\"fas fa-solid fa-file fa-fw me-2\" style=\"color: #8c9db3;\"><\/i>P\u00e1ginas<\/small>\n        <\/div>\n\n        <div class=\"col-12 col-sm-6 col-lg-5 border-bottom pb-2\">\n            <small class=\"text-muted\">D\u00e9sde la p\u00e1gina 129, hasta la p\u00e1gina 157<\/small>\n        <\/div>\n\n        <div class=\"col-12 col-sm-6 col-lg-2 border-bottom pb-2\">\n            <small><i class=\"fas fa-solid fa-language fa-fw me-2\" style=\"color: #8c9db3;\"><\/i>Idioma<\/small>\n        <\/div>\n\n        <div class=\"col-12 col-sm-6 col-lg-3 border-bottom pb-2\">\n            <small class=\"text-muted\">Espa\u00f1ol<\/small>\n        <\/div>\n\n        <div class=\"col-12 col-sm-6 col-lg-2 border-bottom pb-2\">\n            <small><i class=\"fas fa-solid fa-newspaper fa-fw me-2\" style=\"color: #8c9db3;\"><\/i>Editorial<\/small>\n        <\/div>\n\n        <div class=\"col-12 col-sm-6 col-lg-5 border-bottom pb-2\">\n            <small class=\"text-muted\">Editorial Universidad del Chubut<\/small>\n        <\/div>\n\n        <div class=\"col-12 col-sm-6 col-lg-2 border-bottom pb-2\">\n            <small><i class=\"fas fa-solid fa-user-pen fa-fw me-2\" style=\"color: #8c9db3;\"><\/i>Editores<\/small>\n        <\/div>\n\n        <div class=\"col-12 col-sm-6 col-lg-10 border-bottom pb-2\">\n            <small class=\"text-muted\">Marcela In\u00e9s Freytes Frey; Amanda Gotti; Cecilia Maricel Russo; Mariela Nabergoi; Silvia Catalini;<\/small>\n        <\/div>\n\n        <div class=\"col-12 col-sm-6 col-lg-2\">\n            <small><i class=\"fas fa-solid fa-signature fa-fw me-2\" style=\"color: #8c9db3;\"><\/i>Autores<\/small>\n        <\/div>\n\n        <div class=\"col-12 col-sm-6 col-lg-10\">\n            <small class=\"text-muted\">Mar\u00eda Soledad Burrone Colombino, Catalina Andrea Tapia Fuenzalida, Nicole Alejandra Gallegos Pavez, Luna Catalina Rojas Rivera, Claudia Luc\u00eda Alarc\u00f3n Espinoza, Marcela In\u00e9s Freytes Frey, Jorge Ram\u00edrez, Rub\u00e9n Vladimir Alvarado Mu\u00f1oz<\/small>\n        <\/div>\n    <\/div><span class=\"caption-field-publish\"><\/span><\/div><\/div><\/div><\/div><\/div><div class=\"  circle--pattern-bottom-large col-sm-12 col-md-12 img-article\"><div class=\"holder-publish col-md-12\" style=\"border-bottom: 1px solid #B8B8B8\"><div class=\"content-holder h-100 component-border overflow-hidden row m-0 p-4 aling-items-center\"><ul class=\"p-0 list-style-none\"><li class=\"p-0 me-2\"><i class=\"fas fa-solid fa-book fa-fw\"><\/i> Bildung jenseits von Krisen? Anfragen und Perspektiven der qualitativen Bildungs- und Biographieforschung<\/li><li class=\"p-0 me-2\"><i class=\"fas fa-solid fa-calendar fa-fw\"><\/i> 2024<\/li><\/ul><div class=\"caption col-12 p-0 col-md-12 row m-0 align-items-center\"><div class=\"px-md-1\">    <h3 class=\"fw-medium m-0 small-space pt-2 pb-2 title-ss text-decoration-none border-bottom\">Bildung zwischen harmonisierender Sch\u00f6nheit und erschu&#776;tternder Erhabenheit. Zur Ambivalenz \u00e4sthetischer Bildungsprozesse<\/h3>\n\n    <div class=\"mt-0 row g-3\">\n        \n        <div class=\"col-12 col-sm-6 col-lg-2 border-bottom pb-2\">\n            <small><i class=\"fas fa-solid fa-barcode fa-fw me-2\" style=\"color: #8c9db3;\"><\/i>ISBN<\/small>\n        <\/div>\n\n        <div class=\"col-12 col-sm-6 col-lg-3 border-bottom pb-2\">\n            <small class=\"text-muted\">978-3-8474-2710-0<\/small>\n        <\/div>\n\n        <div class=\"col-12 col-sm-6 col-lg-2 border-bottom pb-2\">\n            <small><i class=\"fas fa-solid fa-file fa-fw me-2\" style=\"color: #8c9db3;\"><\/i>P\u00e1ginas<\/small>\n        <\/div>\n\n        <div class=\"col-12 col-sm-6 col-lg-5 border-bottom pb-2\">\n            <small class=\"text-muted\">D\u00e9sde la p\u00e1gina 191, hasta la p\u00e1gina 205<\/small>\n        <\/div>\n\n        <div class=\"col-12 col-sm-6 col-lg-2 border-bottom pb-2\">\n            <small><i class=\"fas fa-solid fa-language fa-fw me-2\" style=\"color: #8c9db3;\"><\/i>Idioma<\/small>\n        <\/div>\n\n        <div class=\"col-12 col-sm-6 col-lg-3 border-bottom pb-2\">\n            <small class=\"text-muted\">Alem\u00e1n<\/small>\n        <\/div>\n\n        <div class=\"col-12 col-sm-6 col-lg-2 border-bottom pb-2\">\n            <small><i class=\"fas fa-solid fa-newspaper fa-fw me-2\" style=\"color: #8c9db3;\"><\/i>Editorial<\/small>\n        <\/div>\n\n        <div class=\"col-12 col-sm-6 col-lg-5 border-bottom pb-2\">\n            <small class=\"text-muted\">Verlag Barbara Budrich<\/small>\n        <\/div>\n\n        <div class=\"col-12 col-sm-6 col-lg-2 border-bottom pb-2\">\n            <small><i class=\"fas fa-solid fa-user-pen fa-fw me-2\" style=\"color: #8c9db3;\"><\/i>Editores<\/small>\n        <\/div>\n\n        <div class=\"col-12 col-sm-6 col-lg-10 border-bottom pb-2\">\n            <small class=\"text-muted\">J. Lipkina, A. Epp, T. Fuchs<\/small>\n        <\/div>\n\n        <div class=\"col-12 col-sm-6 col-lg-2\">\n            <small><i class=\"fas fa-solid fa-signature fa-fw me-2\" style=\"color: #8c9db3;\"><\/i>Autores<\/small>\n        <\/div>\n\n        <div class=\"col-12 col-sm-6 col-lg-10\">\n            <small class=\"text-muted\">Carlos Jos\u00e9 Willatt Herrera<\/small>\n        <\/div>\n    <\/div><span class=\"caption-field-publish\"><\/span><\/div><\/div><\/div><\/div><\/div><div class=\"  circle--pattern-bottom-large col-sm-12 col-md-12 img-article\"><div class=\"holder-publish col-md-12\" style=\"border-bottom: 1px solid #B8B8B8\"><div class=\"content-holder h-100 component-border overflow-hidden row m-0 p-4 aling-items-center\"><ul class=\"p-0 list-style-none\"><li class=\"p-0 me-2\"><i class=\"fas fa-solid fa-book fa-fw\"><\/i> Bildung jenseits von Krisen? Anfragen und Perspektiven der qualitativen Bildungs- und Biographieforschung<\/li><li class=\"p-0 me-2\"><i class=\"fas fa-solid fa-calendar fa-fw\"><\/i> 2024<\/li><\/ul><div class=\"caption col-12 p-0 col-md-12 row m-0 align-items-center\"><div class=\"px-md-1\">    <h3 class=\"fw-medium m-0 small-space pt-2 pb-2 title-ss text-decoration-none border-bottom\">Bildung zwischen harmonisierender Sch\u00f6nheit und erschu&#776;tternder Erhabenheit. Zur Ambivalenz \u00e4sthetischer Bildungsprozesse<\/h3>\n\n    <div class=\"mt-0 row g-3\">\n        \n        <div class=\"col-12 col-sm-6 col-lg-2 border-bottom pb-2\">\n            <small><i class=\"fas fa-solid fa-barcode fa-fw me-2\" style=\"color: #8c9db3;\"><\/i>ISBN<\/small>\n        <\/div>\n\n        <div class=\"col-12 col-sm-6 col-lg-3 border-bottom pb-2\">\n            <small class=\"text-muted\">978-3-8474-2710-0<\/small>\n        <\/div>\n\n        <div class=\"col-12 col-sm-6 col-lg-2 border-bottom pb-2\">\n            <small><i class=\"fas fa-solid fa-file fa-fw me-2\" style=\"color: #8c9db3;\"><\/i>P\u00e1ginas<\/small>\n        <\/div>\n\n        <div class=\"col-12 col-sm-6 col-lg-5 border-bottom pb-2\">\n            <small class=\"text-muted\">D\u00e9sde la p\u00e1gina 191, hasta la p\u00e1gina 205<\/small>\n        <\/div>\n\n        <div class=\"col-12 col-sm-6 col-lg-2 border-bottom pb-2\">\n            <small><i class=\"fas fa-solid fa-language fa-fw me-2\" style=\"color: #8c9db3;\"><\/i>Idioma<\/small>\n        <\/div>\n\n        <div class=\"col-12 col-sm-6 col-lg-3 border-bottom pb-2\">\n            <small class=\"text-muted\">Alem\u00e1n<\/small>\n        <\/div>\n\n        <div class=\"col-12 col-sm-6 col-lg-2 border-bottom pb-2\">\n            <small><i class=\"fas fa-solid fa-newspaper fa-fw me-2\" style=\"color: #8c9db3;\"><\/i>Editorial<\/small>\n        <\/div>\n\n        <div class=\"col-12 col-sm-6 col-lg-5 border-bottom pb-2\">\n            <small class=\"text-muted\">Verlag Barbara Budrich<\/small>\n        <\/div>\n\n        <div class=\"col-12 col-sm-6 col-lg-2 border-bottom pb-2\">\n            <small><i class=\"fas fa-solid fa-user-pen fa-fw me-2\" style=\"color: #8c9db3;\"><\/i>Editores<\/small>\n        <\/div>\n\n        <div class=\"col-12 col-sm-6 col-lg-10 border-bottom pb-2\">\n            <small class=\"text-muted\">J. Lipkina, A. Epp, T. Fuchs<\/small>\n        <\/div>\n\n        <div class=\"col-12 col-sm-6 col-lg-2\">\n            <small><i class=\"fas fa-solid fa-signature fa-fw me-2\" style=\"color: #8c9db3;\"><\/i>Autores<\/small>\n        <\/div>\n\n        <div class=\"col-12 col-sm-6 col-lg-10\">\n            <small class=\"text-muted\">Carlos Jos\u00e9 Willatt Herrera<\/small>\n        <\/div>\n    <\/div><span class=\"caption-field-publish\"><\/span><\/div><\/div><\/div><\/div><\/div><div class=\"  circle--pattern-bottom-large col-sm-12 col-md-12 img-article\"><div class=\"holder-publish col-md-12\" style=\"border-bottom: 1px solid #B8B8B8\"><div class=\"content-holder h-100 component-border overflow-hidden row m-0 p-4 aling-items-center\"><ul class=\"p-0 list-style-none\"><li class=\"p-0 me-2\"><i class=\"fas fa-solid fa-book fa-fw\"><\/i> Active Volcanoes of the World<\/li><li class=\"p-0 me-2\"><i class=\"fas fa-solid fa-calendar fa-fw\"><\/i> 2023<\/li><\/ul><div class=\"caption col-12 p-0 col-md-12 row m-0 align-items-center\"><div class=\"px-md-1\">    <h3 class=\"fw-medium m-0 small-space pt-2 pb-2 title-ss text-decoration-none border-bottom\">Past, present and future volcanic activity on El Hierro Island (Canary Islands)<\/h3>\n\n    <div class=\"mt-0 row g-3\">\n        \n        <div class=\"col-12 col-sm-6 col-lg-2 border-bottom pb-2\">\n            <small><i class=\"fas fa-solid fa-barcode fa-fw me-2\" style=\"color: #8c9db3;\"><\/i>ISBN<\/small>\n        <\/div>\n\n        <div class=\"col-12 col-sm-6 col-lg-3 border-bottom pb-2\">\n            <small class=\"text-muted\">10.1007\/978-3-031-35135-8_2<\/small>\n        <\/div>\n\n        <div class=\"col-12 col-sm-6 col-lg-2 border-bottom pb-2\">\n            <small><i class=\"fas fa-solid fa-file fa-fw me-2\" style=\"color: #8c9db3;\"><\/i>P\u00e1ginas<\/small>\n        <\/div>\n\n        <div class=\"col-12 col-sm-6 col-lg-5 border-bottom pb-2\">\n            <small class=\"text-muted\">D\u00e9sde la p\u00e1gina , hasta la p\u00e1gina <\/small>\n        <\/div>\n\n        <div class=\"col-12 col-sm-6 col-lg-2 border-bottom pb-2\">\n            <small><i class=\"fas fa-solid fa-language fa-fw me-2\" style=\"color: #8c9db3;\"><\/i>Idioma<\/small>\n        <\/div>\n\n        <div class=\"col-12 col-sm-6 col-lg-3 border-bottom pb-2\">\n            <small class=\"text-muted\">Ingl\u00e9s<\/small>\n        <\/div>\n\n        <div class=\"col-12 col-sm-6 col-lg-2 border-bottom pb-2\">\n            <small><i class=\"fas fa-solid fa-newspaper fa-fw me-2\" style=\"color: #8c9db3;\"><\/i>Editorial<\/small>\n        <\/div>\n\n        <div class=\"col-12 col-sm-6 col-lg-5 border-bottom pb-2\">\n            <small class=\"text-muted\">Springer<\/small>\n        <\/div>\n\n        <div class=\"col-12 col-sm-6 col-lg-2 border-bottom pb-2\">\n            <small><i class=\"fas fa-solid fa-user-pen fa-fw me-2\" style=\"color: #8c9db3;\"><\/i>Editores<\/small>\n        <\/div>\n\n        <div class=\"col-12 col-sm-6 col-lg-10 border-bottom pb-2\">\n            <small class=\"text-muted\">Pablo Gonz\u00e1lez<\/small>\n        <\/div>\n\n        <div class=\"col-12 col-sm-6 col-lg-2\">\n            <small><i class=\"fas fa-solid fa-signature fa-fw me-2\" style=\"color: #8c9db3;\"><\/i>Autores<\/small>\n        <\/div>\n\n        <div class=\"col-12 col-sm-6 col-lg-10\">\n            <small class=\"text-muted\">Stavros Meletlidis, Laura Becerril Carretero, Alicia Felpeto<\/small>\n        <\/div>\n    <\/div><span class=\"caption-field-publish\"><\/span><\/div><\/div><\/div><\/div><\/div><div class=\"  circle--pattern-bottom-large col-sm-12 col-md-12 img-article\"><div class=\"holder-publish col-md-12\" style=\"border-bottom: 1px solid #B8B8B8\"><div class=\"content-holder h-100 component-border overflow-hidden row m-0 p-4 aling-items-center\"><ul class=\"p-0 list-style-none\"><li class=\"p-0 me-2\"><i class=\"fas fa-solid fa-book fa-fw\"><\/i> El juego de la desigualdad: la influencia de Pierre Bourdieu en Chile<\/li><li class=\"p-0 me-2\"><i class=\"fas fa-solid fa-calendar fa-fw\"><\/i> 2023<\/li><\/ul><div class=\"caption col-12 p-0 col-md-12 row m-0 align-items-center\"><div class=\"px-md-1\">    <h3 class=\"fw-medium m-0 small-space pt-2 pb-2 title-ss text-decoration-none border-bottom\">\u00bfPor qu\u00e9 es importante hablar de Pierre Bourdieu en Chile?<\/h3>\n\n    <div class=\"mt-0 row g-3\">\n        \n        <div class=\"col-12 col-sm-6 col-lg-2 border-bottom pb-2\">\n            <small><i class=\"fas fa-solid fa-barcode fa-fw me-2\" style=\"color: #8c9db3;\"><\/i>ISBN<\/small>\n        <\/div>\n\n        <div class=\"col-12 col-sm-6 col-lg-3 border-bottom pb-2\">\n            <small class=\"text-muted\">978-956-9114-30-4<\/small>\n        <\/div>\n\n        <div class=\"col-12 col-sm-6 col-lg-2 border-bottom pb-2\">\n            <small><i class=\"fas fa-solid fa-file fa-fw me-2\" style=\"color: #8c9db3;\"><\/i>P\u00e1ginas<\/small>\n        <\/div>\n\n        <div class=\"col-12 col-sm-6 col-lg-5 border-bottom pb-2\">\n            <small class=\"text-muted\">D\u00e9sde la p\u00e1gina 27, hasta la p\u00e1gina 38<\/small>\n        <\/div>\n\n        <div class=\"col-12 col-sm-6 col-lg-2 border-bottom pb-2\">\n            <small><i class=\"fas fa-solid fa-language fa-fw me-2\" style=\"color: #8c9db3;\"><\/i>Idioma<\/small>\n        <\/div>\n\n        <div class=\"col-12 col-sm-6 col-lg-3 border-bottom pb-2\">\n            <small class=\"text-muted\">Espa\u00f1ol<\/small>\n        <\/div>\n\n        <div class=\"col-12 col-sm-6 col-lg-2 border-bottom pb-2\">\n            <small><i class=\"fas fa-solid fa-newspaper fa-fw me-2\" style=\"color: #8c9db3;\"><\/i>Editorial<\/small>\n        <\/div>\n\n        <div class=\"col-12 col-sm-6 col-lg-5 border-bottom pb-2\">\n            <small class=\"text-muted\">Mandr\u00e1gora<\/small>\n        <\/div>\n\n        <div class=\"col-12 col-sm-6 col-lg-2 border-bottom pb-2\">\n            <small><i class=\"fas fa-solid fa-user-pen fa-fw me-2\" style=\"color: #8c9db3;\"><\/i>Editores<\/small>\n        <\/div>\n\n        <div class=\"col-12 col-sm-6 col-lg-10 border-bottom pb-2\">\n            <small class=\"text-muted\">Denisse Sep\u00falveda, Manuela Mendoza<\/small>\n        <\/div>\n\n        <div class=\"col-12 col-sm-6 col-lg-2\">\n            <small><i class=\"fas fa-solid fa-signature fa-fw me-2\" style=\"color: #8c9db3;\"><\/i>Autores<\/small>\n        <\/div>\n\n        <div class=\"col-12 col-sm-6 col-lg-10\">\n            <small class=\"text-muted\">Manuela Ji Mendoza Horvitz, Denisse Sep\u00falveda<\/small>\n        <\/div>\n    <\/div><span class=\"caption-field-publish\"><\/span><\/div><\/div><\/div><\/div><\/div><div class=\"  circle--pattern-bottom-large col-sm-12 col-md-12 img-article\"><div class=\"holder-publish col-md-12\" style=\"border-bottom: 1px solid #B8B8B8\"><div class=\"content-holder h-100 component-border overflow-hidden row m-0 p-4 aling-items-center\"><ul class=\"p-0 list-style-none\"><li class=\"p-0 me-2\"><i class=\"fas fa-solid fa-book fa-fw\"><\/i> Benefits of Silicon in the Nutrition of Plants<\/li><li class=\"p-0 me-2\"><i class=\"fas fa-solid fa-calendar fa-fw\"><\/i> 2023<\/li><\/ul><div class=\"caption col-12 p-0 col-md-12 row m-0 align-items-center\"><div class=\"px-md-1\">    <h3 class=\"fw-medium m-0 small-space pt-2 pb-2 title-ss text-decoration-none border-bottom\">Beneficial Role of\u00a0Silicon in\u00a0Plant Nutrition Under Salinity Conditions<\/h3>\n\n    <div class=\"mt-0 row g-3\">\n        \n        <div class=\"col-12 col-sm-6 col-lg-2 border-bottom pb-2\">\n            <small><i class=\"fas fa-solid fa-barcode fa-fw me-2\" style=\"color: #8c9db3;\"><\/i>ISBN<\/small>\n        <\/div>\n\n        <div class=\"col-12 col-sm-6 col-lg-3 border-bottom pb-2\">\n            <small class=\"text-muted\">9783031266720<\/small>\n        <\/div>\n\n        <div class=\"col-12 col-sm-6 col-lg-2 border-bottom pb-2\">\n            <small><i class=\"fas fa-solid fa-file fa-fw me-2\" style=\"color: #8c9db3;\"><\/i>P\u00e1ginas<\/small>\n        <\/div>\n\n        <div class=\"col-12 col-sm-6 col-lg-5 border-bottom pb-2\">\n            <small class=\"text-muted\">D\u00e9sde la p\u00e1gina 253, hasta la p\u00e1gina 271<\/small>\n        <\/div>\n\n        <div class=\"col-12 col-sm-6 col-lg-2 border-bottom pb-2\">\n            <small><i class=\"fas fa-solid fa-language fa-fw me-2\" style=\"color: #8c9db3;\"><\/i>Idioma<\/small>\n        <\/div>\n\n        <div class=\"col-12 col-sm-6 col-lg-3 border-bottom pb-2\">\n            <small class=\"text-muted\">Ingl\u00e9s<\/small>\n        <\/div>\n\n        <div class=\"col-12 col-sm-6 col-lg-2 border-bottom pb-2\">\n            <small><i class=\"fas fa-solid fa-newspaper fa-fw me-2\" style=\"color: #8c9db3;\"><\/i>Editorial<\/small>\n        <\/div>\n\n        <div class=\"col-12 col-sm-6 col-lg-5 border-bottom pb-2\">\n            <small class=\"text-muted\">Springer International Publishing<\/small>\n        <\/div>\n\n        <div class=\"col-12 col-sm-6 col-lg-2 border-bottom pb-2\">\n            <small><i class=\"fas fa-solid fa-user-pen fa-fw me-2\" style=\"color: #8c9db3;\"><\/i>Editores<\/small>\n        <\/div>\n\n        <div class=\"col-12 col-sm-6 col-lg-10 border-bottom pb-2\">\n            <small class=\"text-muted\">Renato de Mello Prado<\/small>\n        <\/div>\n\n        <div class=\"col-12 col-sm-6 col-lg-2\">\n            <small><i class=\"fas fa-solid fa-signature fa-fw me-2\" style=\"color: #8c9db3;\"><\/i>Autores<\/small>\n        <\/div>\n\n        <div class=\"col-12 col-sm-6 col-lg-10\">\n            <small class=\"text-muted\">Alexander Calero Hurtado, Dilier Olivera Viciedo, Renato De Mello Prado<\/small>\n        <\/div>\n    <\/div><span class=\"caption-field-publish\"><\/span><\/div><\/div><\/div><\/div><\/div><div class=\"  circle--pattern-bottom-large col-sm-12 col-md-12 img-article\"><div class=\"holder-publish col-md-12\" style=\"border-bottom: 1px solid #B8B8B8\"><div class=\"content-holder h-100 component-border overflow-hidden row m-0 p-4 aling-items-center\"><ul class=\"p-0 list-style-none\"><li class=\"p-0 me-2\"><i class=\"fas fa-solid fa-book fa-fw\"><\/i> El Uruguay desde la sociolog\u00eda XX<\/li><li class=\"p-0 me-2\"><i class=\"fas fa-solid fa-calendar fa-fw\"><\/i> 2023<\/li><\/ul><div class=\"caption col-12 p-0 col-md-12 row m-0 align-items-center\"><div class=\"px-md-1\">    <h3 class=\"fw-medium m-0 small-space pt-2 pb-2 title-ss text-decoration-none border-bottom\">Estudio de casos sobre siete localidades corporativas en  el Uruguay del siglo XX<\/h3>\n\n    <div class=\"mt-0 row g-3\">\n        \n        <div class=\"col-12 col-sm-6 col-lg-2 border-bottom pb-2\">\n            <small><i class=\"fas fa-solid fa-barcode fa-fw me-2\" style=\"color: #8c9db3;\"><\/i>ISBN<\/small>\n        <\/div>\n\n        <div class=\"col-12 col-sm-6 col-lg-3 border-bottom pb-2\">\n            <small class=\"text-muted\">ISSN: 2393-7874<\/small>\n        <\/div>\n\n        <div class=\"col-12 col-sm-6 col-lg-2 border-bottom pb-2\">\n            <small><i class=\"fas fa-solid fa-file fa-fw me-2\" style=\"color: #8c9db3;\"><\/i>P\u00e1ginas<\/small>\n        <\/div>\n\n        <div class=\"col-12 col-sm-6 col-lg-5 border-bottom pb-2\">\n            <small class=\"text-muted\">D\u00e9sde la p\u00e1gina , hasta la p\u00e1gina <\/small>\n        <\/div>\n\n        <div class=\"col-12 col-sm-6 col-lg-2 border-bottom pb-2\">\n            <small><i class=\"fas fa-solid fa-language fa-fw me-2\" style=\"color: #8c9db3;\"><\/i>Idioma<\/small>\n        <\/div>\n\n        <div class=\"col-12 col-sm-6 col-lg-3 border-bottom pb-2\">\n            <small class=\"text-muted\">Espa\u00f1ol<\/small>\n        <\/div>\n\n        <div class=\"col-12 col-sm-6 col-lg-2 border-bottom pb-2\">\n            <small><i class=\"fas fa-solid fa-newspaper fa-fw me-2\" style=\"color: #8c9db3;\"><\/i>Editorial<\/small>\n        <\/div>\n\n        <div class=\"col-12 col-sm-6 col-lg-5 border-bottom pb-2\">\n            <small class=\"text-muted\">Ediciones PUC<\/small>\n        <\/div>\n\n        <div class=\"col-12 col-sm-6 col-lg-2 border-bottom pb-2\">\n            <small><i class=\"fas fa-solid fa-user-pen fa-fw me-2\" style=\"color: #8c9db3;\"><\/i>Editores<\/small>\n        <\/div>\n\n        <div class=\"col-12 col-sm-6 col-lg-10 border-bottom pb-2\">\n            <small class=\"text-muted\"><\/small>\n        <\/div>\n\n        <div class=\"col-12 col-sm-6 col-lg-2\">\n            <small><i class=\"fas fa-solid fa-signature fa-fw me-2\" style=\"color: #8c9db3;\"><\/i>Autores<\/small>\n        <\/div>\n\n        <div class=\"col-12 col-sm-6 col-lg-10\">\n            <small class=\"text-muted\">Tabar\u00e9 Fern\u00e1ndez, Gabriela Andrea Guevara Cue<\/small>\n        <\/div>\n    <\/div><span class=\"caption-field-publish\"><\/span><\/div><\/div><\/div><\/div><\/div><div class=\"  circle--pattern-bottom-large col-sm-12 col-md-12 img-article\"><div class=\"holder-publish col-md-12\" style=\"border-bottom: 1px solid #B8B8B8\"><div class=\"content-holder h-100 component-border overflow-hidden row m-0 p-4 aling-items-center\"><ul class=\"p-0 list-style-none\"><li class=\"p-0 me-2\"><i class=\"fas fa-solid fa-book fa-fw\"><\/i> Territorios, bienestar y  migraci\u00f3n: Uruguay en la primera mitad del siglo XX<\/li><li class=\"p-0 me-2\"><i class=\"fas fa-solid fa-calendar fa-fw\"><\/i> 2023<\/li><\/ul><div class=\"caption col-12 p-0 col-md-12 row m-0 align-items-center\"><div class=\"px-md-1\">    <h3 class=\"fw-medium m-0 small-space pt-2 pb-2 title-ss text-decoration-none border-bottom\">Necesidades humanas,  bienestar y sectores de provisi\u00f3n p\u00fablica: un marco te\u00f3rico para su estudio<\/h3>\n\n    <div class=\"mt-0 row g-3\">\n        \n        <div class=\"col-12 col-sm-6 col-lg-2 border-bottom pb-2\">\n            <small><i class=\"fas fa-solid fa-barcode fa-fw me-2\" style=\"color: #8c9db3;\"><\/i>ISBN<\/small>\n        <\/div>\n\n        <div class=\"col-12 col-sm-6 col-lg-3 border-bottom pb-2\">\n            <small class=\"text-muted\"><\/small>\n        <\/div>\n\n        <div class=\"col-12 col-sm-6 col-lg-2 border-bottom pb-2\">\n            <small><i class=\"fas fa-solid fa-file fa-fw me-2\" style=\"color: #8c9db3;\"><\/i>P\u00e1ginas<\/small>\n        <\/div>\n\n        <div class=\"col-12 col-sm-6 col-lg-5 border-bottom pb-2\">\n            <small class=\"text-muted\">D\u00e9sde la p\u00e1gina , hasta la p\u00e1gina <\/small>\n        <\/div>\n\n        <div class=\"col-12 col-sm-6 col-lg-2 border-bottom pb-2\">\n            <small><i class=\"fas fa-solid fa-language fa-fw me-2\" style=\"color: #8c9db3;\"><\/i>Idioma<\/small>\n        <\/div>\n\n        <div class=\"col-12 col-sm-6 col-lg-3 border-bottom pb-2\">\n            <small class=\"text-muted\">Espa\u00f1ol<\/small>\n        <\/div>\n\n        <div class=\"col-12 col-sm-6 col-lg-2 border-bottom pb-2\">\n            <small><i class=\"fas fa-solid fa-newspaper fa-fw me-2\" style=\"color: #8c9db3;\"><\/i>Editorial<\/small>\n        <\/div>\n\n        <div class=\"col-12 col-sm-6 col-lg-5 border-bottom pb-2\">\n            <small class=\"text-muted\">Universidad de La Rep\u00fablica, Facultad de Ciencias Sociales, Dobleclic Editores<\/small>\n        <\/div>\n\n        <div class=\"col-12 col-sm-6 col-lg-2 border-bottom pb-2\">\n            <small><i class=\"fas fa-solid fa-user-pen fa-fw me-2\" style=\"color: #8c9db3;\"><\/i>Editores<\/small>\n        <\/div>\n\n        <div class=\"col-12 col-sm-6 col-lg-10 border-bottom pb-2\">\n            <small class=\"text-muted\">Fern\u00e1ndez  Aguerre, T., Vanoli Imperiale, S., & Banegas Gonz\u00e1lez, I.<\/small>\n        <\/div>\n\n        <div class=\"col-12 col-sm-6 col-lg-2\">\n            <small><i class=\"fas fa-solid fa-signature fa-fw me-2\" style=\"color: #8c9db3;\"><\/i>Autores<\/small>\n        <\/div>\n\n        <div class=\"col-12 col-sm-6 col-lg-10\">\n            <small class=\"text-muted\">Gabriela Andrea Guevara Cue, Tabar\u00e9 Fern\u00e1ndez, Andr\u00e9s Wilkins<\/small>\n        <\/div>\n    <\/div><span class=\"caption-field-publish\"><\/span><\/div><\/div><\/div><\/div><\/div><div class=\"  circle--pattern-bottom-large col-sm-12 col-md-12 img-article\"><div class=\"holder-publish col-md-12\" style=\"border-bottom: 1px solid #B8B8B8\"><div class=\"content-holder h-100 component-border overflow-hidden row m-0 p-4 aling-items-center\"><ul class=\"p-0 list-style-none\"><li class=\"p-0 me-2\"><i class=\"fas fa-solid fa-book fa-fw\"><\/i> Un derecho penal centrado en la person<\/li><li class=\"p-0 me-2\"><i class=\"fas fa-solid fa-calendar fa-fw\"><\/i> 2023<\/li><\/ul><div class=\"caption col-12 p-0 col-md-12 row m-0 align-items-center\"><div class=\"px-md-1\">    <h3 class=\"fw-medium m-0 small-space pt-2 pb-2 title-ss text-decoration-none border-bottom\">Panorama de la retractaci\u00f3n y el desistimiento de la v\u00edctima de violencia sexual e intrafamiliar.<\/h3>\n\n    <div class=\"mt-0 row g-3\">\n        \n        <div class=\"col-12 col-sm-6 col-lg-2 border-bottom pb-2\">\n            <small><i class=\"fas fa-solid fa-barcode fa-fw me-2\" style=\"color: #8c9db3;\"><\/i>ISBN<\/small>\n        <\/div>\n\n        <div class=\"col-12 col-sm-6 col-lg-3 border-bottom pb-2\">\n            <small class=\"text-muted\">9789561027152<\/small>\n        <\/div>\n\n        <div class=\"col-12 col-sm-6 col-lg-2 border-bottom pb-2\">\n            <small><i class=\"fas fa-solid fa-file fa-fw me-2\" style=\"color: #8c9db3;\"><\/i>P\u00e1ginas<\/small>\n        <\/div>\n\n        <div class=\"col-12 col-sm-6 col-lg-5 border-bottom pb-2\">\n            <small class=\"text-muted\">D\u00e9sde la p\u00e1gina 293, hasta la p\u00e1gina 312<\/small>\n        <\/div>\n\n        <div class=\"col-12 col-sm-6 col-lg-2 border-bottom pb-2\">\n            <small><i class=\"fas fa-solid fa-language fa-fw me-2\" style=\"color: #8c9db3;\"><\/i>Idioma<\/small>\n        <\/div>\n\n        <div class=\"col-12 col-sm-6 col-lg-3 border-bottom pb-2\">\n            <small class=\"text-muted\">Espa\u00f1ol<\/small>\n        <\/div>\n\n        <div class=\"col-12 col-sm-6 col-lg-2 border-bottom pb-2\">\n            <small><i class=\"fas fa-solid fa-newspaper fa-fw me-2\" style=\"color: #8c9db3;\"><\/i>Editorial<\/small>\n        <\/div>\n\n        <div class=\"col-12 col-sm-6 col-lg-5 border-bottom pb-2\">\n            <small class=\"text-muted\">Editorial Jur\u00eddica de Chile<\/small>\n        <\/div>\n\n        <div class=\"col-12 col-sm-6 col-lg-2 border-bottom pb-2\">\n            <small><i class=\"fas fa-solid fa-user-pen fa-fw me-2\" style=\"color: #8c9db3;\"><\/i>Editores<\/small>\n        <\/div>\n\n        <div class=\"col-12 col-sm-6 col-lg-10 border-bottom pb-2\">\n            <small class=\"text-muted\">Guillermo Oliver Calder\u00f3n, Laura Mayer Lux y Jaime Vera Vega<\/small>\n        <\/div>\n\n        <div class=\"col-12 col-sm-6 col-lg-2\">\n            <small><i class=\"fas fa-solid fa-signature fa-fw me-2\" style=\"color: #8c9db3;\"><\/i>Autores<\/small>\n        <\/div>\n\n        <div class=\"col-12 col-sm-6 col-lg-10\">\n            <small class=\"text-muted\">Javier Eduardo Vel\u00e1squez Valenzuela, Natalia Constanza Cabrera Morales, Maurizio Sovino M\u00e9lendez<\/small>\n        <\/div>\n    <\/div><span class=\"caption-field-publish\"><\/span><\/div><\/div><\/div><\/div><\/div><div class=\"  circle--pattern-bottom-large col-sm-12 col-md-12 img-article\"><div class=\"holder-publish col-md-12\" style=\"border-bottom: 1px solid #B8B8B8\"><div class=\"content-holder h-100 component-border overflow-hidden row m-0 p-4 aling-items-center\"><ul class=\"p-0 list-style-none\"><li class=\"p-0 me-2\"><i class=\"fas fa-solid fa-book fa-fw\"><\/i> Pensamiento Jur\u00eddico Central Volumen 5<\/li><li class=\"p-0 me-2\"><i class=\"fas fa-solid fa-calendar fa-fw\"><\/i> 2023<\/li><\/ul><div class=\"caption col-12 p-0 col-md-12 row m-0 align-items-center\"><div class=\"px-md-1\">    <h3 class=\"fw-medium m-0 small-space pt-2 pb-2 title-ss text-decoration-none border-bottom\">Reflexiones epistemol\u00f3gicas y te\u00f3ricas sobre el estudio sociolegal de \u0093sentencing\u0094.<\/h3>\n\n    <div class=\"mt-0 row g-3\">\n        \n        <div class=\"col-12 col-sm-6 col-lg-2 border-bottom pb-2\">\n            <small><i class=\"fas fa-solid fa-barcode fa-fw me-2\" style=\"color: #8c9db3;\"><\/i>ISBN<\/small>\n        <\/div>\n\n        <div class=\"col-12 col-sm-6 col-lg-3 border-bottom pb-2\">\n            <small class=\"text-muted\">9788411972468<\/small>\n        <\/div>\n\n        <div class=\"col-12 col-sm-6 col-lg-2 border-bottom pb-2\">\n            <small><i class=\"fas fa-solid fa-file fa-fw me-2\" style=\"color: #8c9db3;\"><\/i>P\u00e1ginas<\/small>\n        <\/div>\n\n        <div class=\"col-12 col-sm-6 col-lg-5 border-bottom pb-2\">\n            <small class=\"text-muted\">D\u00e9sde la p\u00e1gina 199, hasta la p\u00e1gina 220<\/small>\n        <\/div>\n\n        <div class=\"col-12 col-sm-6 col-lg-2 border-bottom pb-2\">\n            <small><i class=\"fas fa-solid fa-language fa-fw me-2\" style=\"color: #8c9db3;\"><\/i>Idioma<\/small>\n        <\/div>\n\n        <div class=\"col-12 col-sm-6 col-lg-3 border-bottom pb-2\">\n            <small class=\"text-muted\">Espa\u00f1ol<\/small>\n        <\/div>\n\n        <div class=\"col-12 col-sm-6 col-lg-2 border-bottom pb-2\">\n            <small><i class=\"fas fa-solid fa-newspaper fa-fw me-2\" style=\"color: #8c9db3;\"><\/i>Editorial<\/small>\n        <\/div>\n\n        <div class=\"col-12 col-sm-6 col-lg-5 border-bottom pb-2\">\n            <small class=\"text-muted\">Tirant Lo Blanch - Valencia<\/small>\n        <\/div>\n\n        <div class=\"col-12 col-sm-6 col-lg-2 border-bottom pb-2\">\n            <small><i class=\"fas fa-solid fa-user-pen fa-fw me-2\" style=\"color: #8c9db3;\"><\/i>Editores<\/small>\n        <\/div>\n\n        <div class=\"col-12 col-sm-6 col-lg-10 border-bottom pb-2\">\n            <small class=\"text-muted\">Federico Szczaranski, Gerardo  Coppelli<\/small>\n        <\/div>\n\n        <div class=\"col-12 col-sm-6 col-lg-2\">\n            <small><i class=\"fas fa-solid fa-signature fa-fw me-2\" style=\"color: #8c9db3;\"><\/i>Autores<\/small>\n        <\/div>\n\n        <div class=\"col-12 col-sm-6 col-lg-10\">\n            <small class=\"text-muted\">Javier Eduardo Vel\u00e1squez Valenzuela<\/small>\n        <\/div>\n    <\/div><span class=\"caption-field-publish\"><\/span><\/div><\/div><\/div><\/div><\/div><div class=\"  circle--pattern-bottom-large col-sm-12 col-md-12 img-article\"><div class=\"holder-publish col-md-12\" style=\"border-bottom: 1px solid #B8B8B8\"><div class=\"content-holder h-100 component-border overflow-hidden row m-0 p-4 aling-items-center\"><ul class=\"p-0 list-style-none\"><li class=\"p-0 me-2\"><i class=\"fas fa-solid fa-book fa-fw\"><\/i> The Decommodification of Early Childhood Education and Care: Resisting Neoliberalism<\/li><li class=\"p-0 me-2\"><i class=\"fas fa-solid fa-calendar fa-fw\"><\/i> 2023<\/li><\/ul><div class=\"caption col-12 p-0 col-md-12 row m-0 align-items-center\"><div class=\"px-md-1\">    <h3 class=\"fw-medium m-0 small-space pt-2 pb-2 title-ss text-decoration-none border-bottom\">Resisting the Consumentality of Parents<\/h3>\n\n    <div class=\"mt-0 row g-3\">\n        \n        <div class=\"col-12 col-sm-6 col-lg-2 border-bottom pb-2\">\n            <small><i class=\"fas fa-solid fa-barcode fa-fw me-2\" style=\"color: #8c9db3;\"><\/i>ISBN<\/small>\n        <\/div>\n\n        <div class=\"col-12 col-sm-6 col-lg-3 border-bottom pb-2\">\n            <small class=\"text-muted\">9781032110301<\/small>\n        <\/div>\n\n        <div class=\"col-12 col-sm-6 col-lg-2 border-bottom pb-2\">\n            <small><i class=\"fas fa-solid fa-file fa-fw me-2\" style=\"color: #8c9db3;\"><\/i>P\u00e1ginas<\/small>\n        <\/div>\n\n        <div class=\"col-12 col-sm-6 col-lg-5 border-bottom pb-2\">\n            <small class=\"text-muted\">D\u00e9sde la p\u00e1gina 81, hasta la p\u00e1gina 146<\/small>\n        <\/div>\n\n        <div class=\"col-12 col-sm-6 col-lg-2 border-bottom pb-2\">\n            <small><i class=\"fas fa-solid fa-language fa-fw me-2\" style=\"color: #8c9db3;\"><\/i>Idioma<\/small>\n        <\/div>\n\n        <div class=\"col-12 col-sm-6 col-lg-3 border-bottom pb-2\">\n            <small class=\"text-muted\">Ingl\u00e9s<\/small>\n        <\/div>\n\n        <div class=\"col-12 col-sm-6 col-lg-2 border-bottom pb-2\">\n            <small><i class=\"fas fa-solid fa-newspaper fa-fw me-2\" style=\"color: #8c9db3;\"><\/i>Editorial<\/small>\n        <\/div>\n\n        <div class=\"col-12 col-sm-6 col-lg-5 border-bottom pb-2\">\n            <small class=\"text-muted\">Routledge<\/small>\n        <\/div>\n\n        <div class=\"col-12 col-sm-6 col-lg-2 border-bottom pb-2\">\n            <small><i class=\"fas fa-solid fa-user-pen fa-fw me-2\" style=\"color: #8c9db3;\"><\/i>Editores<\/small>\n        <\/div>\n\n        <div class=\"col-12 col-sm-6 col-lg-10 border-bottom pb-2\">\n            <small class=\"text-muted\">Michel Vandenbroeck, Joanne Lehrer, Linda Mitchell<\/small>\n        <\/div>\n\n        <div class=\"col-12 col-sm-6 col-lg-2\">\n            <small><i class=\"fas fa-solid fa-signature fa-fw me-2\" style=\"color: #8c9db3;\"><\/i>Autores<\/small>\n        <\/div>\n\n        <div class=\"col-12 col-sm-6 col-lg-10\">\n            <small class=\"text-muted\">Michel Vandenbroeck, Maarit Alasuutari, Kirsti Karila, Jeroen Janssen, Pablo Iv\u00e1n Rup\u00edn Guti\u00e9rrez, Gail Yuen<\/small>\n        <\/div>\n    <\/div><span class=\"caption-field-publish\"><\/span><\/div><\/div><\/div><\/div><\/div><div class=\"  circle--pattern-bottom-large col-sm-12 col-md-12 img-article\"><div class=\"holder-publish col-md-12\" style=\"border-bottom: 1px solid #B8B8B8\"><div class=\"content-holder h-100 component-border overflow-hidden row m-0 p-4 aling-items-center\"><ul class=\"p-0 list-style-none\"><li class=\"p-0 me-2\"><i class=\"fas fa-solid fa-book fa-fw\"><\/i> Affectivity & Learning<\/li><li class=\"p-0 me-2\"><i class=\"fas fa-solid fa-calendar fa-fw\"><\/i> 2023<\/li><\/ul><div class=\"caption col-12 p-0 col-md-12 row m-0 align-items-center\"><div class=\"px-md-1\">    <h3 class=\"fw-medium m-0 small-space pt-2 pb-2 title-ss text-decoration-none border-bottom\">Learning the Teaching Profession in the Practicum: The Role of the Other, Modalities of Appropriation, and Professional Knowledge<\/h3>\n\n    <div class=\"mt-0 row g-3\">\n        \n        <div class=\"col-12 col-sm-6 col-lg-2 border-bottom pb-2\">\n            <small><i class=\"fas fa-solid fa-barcode fa-fw me-2\" style=\"color: #8c9db3;\"><\/i>ISBN<\/small>\n        <\/div>\n\n        <div class=\"col-12 col-sm-6 col-lg-3 border-bottom pb-2\">\n            <small class=\"text-muted\"><\/small>\n        <\/div>\n\n        <div class=\"col-12 col-sm-6 col-lg-2 border-bottom pb-2\">\n            <small><i class=\"fas fa-solid fa-file fa-fw me-2\" style=\"color: #8c9db3;\"><\/i>P\u00e1ginas<\/small>\n        <\/div>\n\n        <div class=\"col-12 col-sm-6 col-lg-5 border-bottom pb-2\">\n            <small class=\"text-muted\">D\u00e9sde la p\u00e1gina 411, hasta la p\u00e1gina 440<\/small>\n        <\/div>\n\n        <div class=\"col-12 col-sm-6 col-lg-2 border-bottom pb-2\">\n            <small><i class=\"fas fa-solid fa-language fa-fw me-2\" style=\"color: #8c9db3;\"><\/i>Idioma<\/small>\n        <\/div>\n\n        <div class=\"col-12 col-sm-6 col-lg-3 border-bottom pb-2\">\n            <small class=\"text-muted\">Ingl\u00e9s<\/small>\n        <\/div>\n\n        <div class=\"col-12 col-sm-6 col-lg-2 border-bottom pb-2\">\n            <small><i class=\"fas fa-solid fa-newspaper fa-fw me-2\" style=\"color: #8c9db3;\"><\/i>Editorial<\/small>\n        <\/div>\n\n        <div class=\"col-12 col-sm-6 col-lg-5 border-bottom pb-2\">\n            <small class=\"text-muted\">Spinger<\/small>\n        <\/div>\n\n        <div class=\"col-12 col-sm-6 col-lg-2 border-bottom pb-2\">\n            <small><i class=\"fas fa-solid fa-user-pen fa-fw me-2\" style=\"color: #8c9db3;\"><\/i>Editores<\/small>\n        <\/div>\n\n        <div class=\"col-12 col-sm-6 col-lg-10 border-bottom pb-2\">\n            <small class=\"text-muted\">P. Fossa & C. Cort\u00e9s<\/small>\n        <\/div>\n\n        <div class=\"col-12 col-sm-6 col-lg-2\">\n            <small><i class=\"fas fa-solid fa-signature fa-fw me-2\" style=\"color: #8c9db3;\"><\/i>Autores<\/small>\n        <\/div>\n\n        <div class=\"col-12 col-sm-6 col-lg-10\">\n            <small class=\"text-muted\">C\u00e9sar Maldonado-D\u00edaz, Javier N\u00fa\u00f1ez Moscoso, Catalina N\u00fa\u00f1ez D\u00edaz, Pablo Iv\u00e1n Rup\u00edn Guti\u00e9rrez<\/small>\n        <\/div>\n    <\/div><span class=\"caption-field-publish\"><\/span><\/div><\/div><\/div><\/div><\/div><div class=\"  circle--pattern-bottom-large col-sm-12 col-md-12 img-article\"><div class=\"holder-publish col-md-12\" style=\"border-bottom: 1px solid #B8B8B8\"><div class=\"content-holder h-100 component-border overflow-hidden row m-0 p-4 aling-items-center\"><ul class=\"p-0 list-style-none\"><li class=\"p-0 me-2\"><i class=\"fas fa-solid fa-book fa-fw\"><\/i> Arruinando Chistes: Panorama de los Estudios del Humor y lo C\u00f3mico, V. II.<\/li><li class=\"p-0 me-2\"><i class=\"fas fa-solid fa-calendar fa-fw\"><\/i> 2023<\/li><\/ul><div class=\"caption col-12 p-0 col-md-12 row m-0 align-items-center\"><div class=\"px-md-1\">    <h3 class=\"fw-medium m-0 small-space pt-2 pb-2 title-ss text-decoration-none border-bottom\">La risa abunda en la boca de los tontos: lo irrisorio en la narrativa para las infancias en Chile en la segunda mitad del siglo xx<\/h3>\n\n    <div class=\"mt-0 row g-3\">\n        \n        <div class=\"col-12 col-sm-6 col-lg-2 border-bottom pb-2\">\n            <small><i class=\"fas fa-solid fa-barcode fa-fw me-2\" style=\"color: #8c9db3;\"><\/i>ISBN<\/small>\n        <\/div>\n\n        <div class=\"col-12 col-sm-6 col-lg-3 border-bottom pb-2\">\n            <small class=\"text-muted\">978-631-00-05-1<\/small>\n        <\/div>\n\n        <div class=\"col-12 col-sm-6 col-lg-2 border-bottom pb-2\">\n            <small><i class=\"fas fa-solid fa-file fa-fw me-2\" style=\"color: #8c9db3;\"><\/i>P\u00e1ginas<\/small>\n        <\/div>\n\n        <div class=\"col-12 col-sm-6 col-lg-5 border-bottom pb-2\">\n            <small class=\"text-muted\">D\u00e9sde la p\u00e1gina 307, hasta la p\u00e1gina 330<\/small>\n        <\/div>\n\n        <div class=\"col-12 col-sm-6 col-lg-2 border-bottom pb-2\">\n            <small><i class=\"fas fa-solid fa-language fa-fw me-2\" style=\"color: #8c9db3;\"><\/i>Idioma<\/small>\n        <\/div>\n\n        <div class=\"col-12 col-sm-6 col-lg-3 border-bottom pb-2\">\n            <small class=\"text-muted\">Espa\u00f1ol<\/small>\n        <\/div>\n\n        <div class=\"col-12 col-sm-6 col-lg-2 border-bottom pb-2\">\n            <small><i class=\"fas fa-solid fa-newspaper fa-fw me-2\" style=\"color: #8c9db3;\"><\/i>Editorial<\/small>\n        <\/div>\n\n        <div class=\"col-12 col-sm-6 col-lg-5 border-bottom pb-2\">\n            <small class=\"text-muted\">TeseoPress<\/small>\n        <\/div>\n\n        <div class=\"col-12 col-sm-6 col-lg-2 border-bottom pb-2\">\n            <small><i class=\"fas fa-solid fa-user-pen fa-fw me-2\" style=\"color: #8c9db3;\"><\/i>Editores<\/small>\n        <\/div>\n\n        <div class=\"col-12 col-sm-6 col-lg-10 border-bottom pb-2\">\n            <small class=\"text-muted\">Burkart Mara, Fraticelli Damian, V\u00e1rnagy Tom\u00e1s<\/small>\n        <\/div>\n\n        <div class=\"col-12 col-sm-6 col-lg-2\">\n            <small><i class=\"fas fa-solid fa-signature fa-fw me-2\" style=\"color: #8c9db3;\"><\/i>Autores<\/small>\n        <\/div>\n\n        <div class=\"col-12 col-sm-6 col-lg-10\">\n            <small class=\"text-muted\">Isabel Ibaceta<\/small>\n        <\/div>\n    <\/div><span class=\"caption-field-publish\"><\/span><\/div><\/div><\/div><\/div><\/div><div class=\"  circle--pattern-bottom-large col-sm-12 col-md-12 img-article\"><div class=\"holder-publish col-md-12\" style=\"border-bottom: 1px solid #B8B8B8\"><div class=\"content-holder h-100 component-border overflow-hidden row m-0 p-4 aling-items-center\"><ul class=\"p-0 list-style-none\"><li class=\"p-0 me-2\"><i class=\"fas fa-solid fa-book fa-fw\"><\/i> Educaci\u00f3n art\u00edstica en tiempos de emergencia. Proyecto FAE 2022<\/li><li class=\"p-0 me-2\"><i class=\"fas fa-solid fa-calendar fa-fw\"><\/i> 2023<\/li><\/ul><div class=\"caption col-12 p-0 col-md-12 row m-0 align-items-center\"><div class=\"px-md-1\">    <h3 class=\"fw-medium m-0 small-space pt-2 pb-2 title-ss text-decoration-none border-bottom\">Ense\u00f1anza art\u00edstica desde un enfoque territorial para el fortalecimiento de la participaci\u00f3n cultural, identitaria y creativa de las comunidades<\/h3>\n\n    <div class=\"mt-0 row g-3\">\n        \n        <div class=\"col-12 col-sm-6 col-lg-2 border-bottom pb-2\">\n            <small><i class=\"fas fa-solid fa-barcode fa-fw me-2\" style=\"color: #8c9db3;\"><\/i>ISBN<\/small>\n        <\/div>\n\n        <div class=\"col-12 col-sm-6 col-lg-3 border-bottom pb-2\">\n            <small class=\"text-muted\">978-956-414-172-5<\/small>\n        <\/div>\n\n        <div class=\"col-12 col-sm-6 col-lg-2 border-bottom pb-2\">\n            <small><i class=\"fas fa-solid fa-file fa-fw me-2\" style=\"color: #8c9db3;\"><\/i>P\u00e1ginas<\/small>\n        <\/div>\n\n        <div class=\"col-12 col-sm-6 col-lg-5 border-bottom pb-2\">\n            <small class=\"text-muted\">D\u00e9sde la p\u00e1gina 7, hasta la p\u00e1gina 15<\/small>\n        <\/div>\n\n        <div class=\"col-12 col-sm-6 col-lg-2 border-bottom pb-2\">\n            <small><i class=\"fas fa-solid fa-language fa-fw me-2\" style=\"color: #8c9db3;\"><\/i>Idioma<\/small>\n        <\/div>\n\n        <div class=\"col-12 col-sm-6 col-lg-3 border-bottom pb-2\">\n            <small class=\"text-muted\">Espa\u00f1ol<\/small>\n        <\/div>\n\n        <div class=\"col-12 col-sm-6 col-lg-2 border-bottom pb-2\">\n            <small><i class=\"fas fa-solid fa-newspaper fa-fw me-2\" style=\"color: #8c9db3;\"><\/i>Editorial<\/small>\n        <\/div>\n\n        <div class=\"col-12 col-sm-6 col-lg-5 border-bottom pb-2\">\n            <small class=\"text-muted\">DAEM Puerto Montt<\/small>\n        <\/div>\n\n        <div class=\"col-12 col-sm-6 col-lg-2 border-bottom pb-2\">\n            <small><i class=\"fas fa-solid fa-user-pen fa-fw me-2\" style=\"color: #8c9db3;\"><\/i>Editores<\/small>\n        <\/div>\n\n        <div class=\"col-12 col-sm-6 col-lg-10 border-bottom pb-2\">\n            <small class=\"text-muted\">Juan alegr\u00eda Licuime; Javier Silva Zurita; Ram\u00f3n Munson Vera<\/small>\n        <\/div>\n\n        <div class=\"col-12 col-sm-6 col-lg-2\">\n            <small><i class=\"fas fa-solid fa-signature fa-fw me-2\" style=\"color: #8c9db3;\"><\/i>Autores<\/small>\n        <\/div>\n\n        <div class=\"col-12 col-sm-6 col-lg-10\">\n            <small class=\"text-muted\">Jos\u00e9 Israel Mela Contreras, Jorge Ferrada, Juan Licuime, Catalina Montenegro<\/small>\n        <\/div>\n    <\/div><span class=\"caption-field-publish\"><\/span><\/div><\/div><\/div><\/div><\/div><div class=\"  circle--pattern-bottom-large col-sm-12 col-md-12 img-article\"><div class=\"holder-publish col-md-12\" style=\"border-bottom: 1px solid #B8B8B8\"><div class=\"content-holder h-100 component-border overflow-hidden row m-0 p-4 aling-items-center\"><ul class=\"p-0 list-style-none\"><li class=\"p-0 me-2\"><i class=\"fas fa-solid fa-book fa-fw\"><\/i> Grietas y provocaciones. Congreso regional INSEA Am\u00e9rica Latina 2021, Cusco; per\u00fa<\/li><li class=\"p-0 me-2\"><i class=\"fas fa-solid fa-calendar fa-fw\"><\/i> 2023<\/li><\/ul><div class=\"caption col-12 p-0 col-md-12 row m-0 align-items-center\"><div class=\"px-md-1\">    <h3 class=\"fw-medium m-0 small-space pt-2 pb-2 title-ss text-decoration-none border-bottom\">Experiencias en educaci\u00f3n art\u00edstica de la regi\u00f3n de O\u0092higgins (chile). voces docentes con enfoque territorial rural y urbano en contexto de estudio realizado en pandemia por Covid-19<\/h3>\n\n    <div class=\"mt-0 row g-3\">\n        \n        <div class=\"col-12 col-sm-6 col-lg-2 border-bottom pb-2\">\n            <small><i class=\"fas fa-solid fa-barcode fa-fw me-2\" style=\"color: #8c9db3;\"><\/i>ISBN<\/small>\n        <\/div>\n\n        <div class=\"col-12 col-sm-6 col-lg-3 border-bottom pb-2\">\n            <small class=\"text-muted\">978-989-53600-3-1<\/small>\n        <\/div>\n\n        <div class=\"col-12 col-sm-6 col-lg-2 border-bottom pb-2\">\n            <small><i class=\"fas fa-solid fa-file fa-fw me-2\" style=\"color: #8c9db3;\"><\/i>P\u00e1ginas<\/small>\n        <\/div>\n\n        <div class=\"col-12 col-sm-6 col-lg-5 border-bottom pb-2\">\n            <small class=\"text-muted\">D\u00e9sde la p\u00e1gina 661, hasta la p\u00e1gina 671<\/small>\n        <\/div>\n\n        <div class=\"col-12 col-sm-6 col-lg-2 border-bottom pb-2\">\n            <small><i class=\"fas fa-solid fa-language fa-fw me-2\" style=\"color: #8c9db3;\"><\/i>Idioma<\/small>\n        <\/div>\n\n        <div class=\"col-12 col-sm-6 col-lg-3 border-bottom pb-2\">\n            <small class=\"text-muted\">Espa\u00f1ol<\/small>\n        <\/div>\n\n        <div class=\"col-12 col-sm-6 col-lg-2 border-bottom pb-2\">\n            <small><i class=\"fas fa-solid fa-newspaper fa-fw me-2\" style=\"color: #8c9db3;\"><\/i>Editorial<\/small>\n        <\/div>\n\n        <div class=\"col-12 col-sm-6 col-lg-5 border-bottom pb-2\">\n            <small class=\"text-muted\">InSEA Publications Viseu<\/small>\n        <\/div>\n\n        <div class=\"col-12 col-sm-6 col-lg-2 border-bottom pb-2\">\n            <small><i class=\"fas fa-solid fa-user-pen fa-fw me-2\" style=\"color: #8c9db3;\"><\/i>Editores<\/small>\n        <\/div>\n\n        <div class=\"col-12 col-sm-6 col-lg-10 border-bottom pb-2\">\n            <small class=\"text-muted\">Mario Mogrovejo Dom\u00ednguez; Mirian Celeste Martins; Fernando Miranda<\/small>\n        <\/div>\n\n        <div class=\"col-12 col-sm-6 col-lg-2\">\n            <small><i class=\"fas fa-solid fa-signature fa-fw me-2\" style=\"color: #8c9db3;\"><\/i>Autores<\/small>\n        <\/div>\n\n        <div class=\"col-12 col-sm-6 col-lg-10\">\n            <small class=\"text-muted\">Jos\u00e9 Israel Mela Contreras, Daniela Cobos (Universidad de Chile)<\/small>\n        <\/div>\n    <\/div><span class=\"caption-field-publish\"><\/span><\/div><\/div><\/div><\/div><\/div><div class=\"  circle--pattern-bottom-large col-sm-12 col-md-12 img-article\"><div class=\"holder-publish col-md-12\" style=\"border-bottom: 1px solid #B8B8B8\"><div class=\"content-holder h-100 component-border overflow-hidden row m-0 p-4 aling-items-center\"><ul class=\"p-0 list-style-none\"><li class=\"p-0 me-2\"><i class=\"fas fa-solid fa-book fa-fw\"><\/i> Molecular Nutrition and Mitochondria Metabolic Deficits, Whole-Diet Interventions, and Targeted Nutraceuticals<\/li><li class=\"p-0 me-2\"><i class=\"fas fa-solid fa-calendar fa-fw\"><\/i> 2023<\/li><\/ul><div class=\"caption col-12 p-0 col-md-12 row m-0 align-items-center\"><div class=\"px-md-1\">    <h3 class=\"fw-medium m-0 small-space pt-2 pb-2 title-ss text-decoration-none border-bottom\">Dietary eicosapentaenoic acid and docosahexaenoic acid for mitochondrial biogenesis and dynamics<\/h3>\n\n    <div class=\"mt-0 row g-3\">\n        \n        <div class=\"col-12 col-sm-6 col-lg-2 border-bottom pb-2\">\n            <small><i class=\"fas fa-solid fa-barcode fa-fw me-2\" style=\"color: #8c9db3;\"><\/i>ISBN<\/small>\n        <\/div>\n\n        <div class=\"col-12 col-sm-6 col-lg-3 border-bottom pb-2\">\n            <small class=\"text-muted\"><\/small>\n        <\/div>\n\n        <div class=\"col-12 col-sm-6 col-lg-2 border-bottom pb-2\">\n            <small><i class=\"fas fa-solid fa-file fa-fw me-2\" style=\"color: #8c9db3;\"><\/i>P\u00e1ginas<\/small>\n        <\/div>\n\n        <div class=\"col-12 col-sm-6 col-lg-5 border-bottom pb-2\">\n            <small class=\"text-muted\">D\u00e9sde la p\u00e1gina 213, hasta la p\u00e1gina 224<\/small>\n        <\/div>\n\n        <div class=\"col-12 col-sm-6 col-lg-2 border-bottom pb-2\">\n            <small><i class=\"fas fa-solid fa-language fa-fw me-2\" style=\"color: #8c9db3;\"><\/i>Idioma<\/small>\n        <\/div>\n\n        <div class=\"col-12 col-sm-6 col-lg-3 border-bottom pb-2\">\n            <small class=\"text-muted\">Ingl\u00e9s<\/small>\n        <\/div>\n\n        <div class=\"col-12 col-sm-6 col-lg-2 border-bottom pb-2\">\n            <small><i class=\"fas fa-solid fa-newspaper fa-fw me-2\" style=\"color: #8c9db3;\"><\/i>Editorial<\/small>\n        <\/div>\n\n        <div class=\"col-12 col-sm-6 col-lg-5 border-bottom pb-2\">\n            <small class=\"text-muted\">Elsevier<\/small>\n        <\/div>\n\n        <div class=\"col-12 col-sm-6 col-lg-2 border-bottom pb-2\">\n            <small><i class=\"fas fa-solid fa-user-pen fa-fw me-2\" style=\"color: #8c9db3;\"><\/i>Editores<\/small>\n        <\/div>\n\n        <div class=\"col-12 col-sm-6 col-lg-10 border-bottom pb-2\">\n            <small class=\"text-muted\"><\/small>\n        <\/div>\n\n        <div class=\"col-12 col-sm-6 col-lg-2\">\n            <small><i class=\"fas fa-solid fa-signature fa-fw me-2\" style=\"color: #8c9db3;\"><\/i>Autores<\/small>\n        <\/div>\n\n        <div class=\"col-12 col-sm-6 col-lg-10\">\n            <small class=\"text-muted\">Sebasti\u00e1n Jorge Jannas Vela, Mauricio Castro-Sepulveda<\/small>\n        <\/div>\n    <\/div><span class=\"caption-field-publish\"><\/span><\/div><\/div><\/div><\/div><\/div><div class=\"  circle--pattern-bottom-large col-sm-12 col-md-12 img-article\"><div class=\"holder-publish col-md-12\" style=\"border-bottom: 1px solid #B8B8B8\"><div class=\"content-holder h-100 component-border overflow-hidden row m-0 p-4 aling-items-center\"><ul class=\"p-0 list-style-none\"><li class=\"p-0 me-2\"><i class=\"fas fa-solid fa-book fa-fw\"><\/i> Development of writing skills in children in diverse cultural contexts: contributions to teaching and learning<\/li><li class=\"p-0 me-2\"><i class=\"fas fa-solid fa-calendar fa-fw\"><\/i> 2023<\/li><\/ul><div class=\"caption col-12 p-0 col-md-12 row m-0 align-items-center\"><div class=\"px-md-1\">    <h3 class=\"fw-medium m-0 small-space pt-2 pb-2 title-ss text-decoration-none border-bottom\">Writing technique or writing culture? Representations about writing of children and teachers at high achievement schools in Chile<\/h3>\n\n    <div class=\"mt-0 row g-3\">\n        \n        <div class=\"col-12 col-sm-6 col-lg-2 border-bottom pb-2\">\n            <small><i class=\"fas fa-solid fa-barcode fa-fw me-2\" style=\"color: #8c9db3;\"><\/i>ISBN<\/small>\n        <\/div>\n\n        <div class=\"col-12 col-sm-6 col-lg-3 border-bottom pb-2\">\n            <small class=\"text-muted\"><\/small>\n        <\/div>\n\n        <div class=\"col-12 col-sm-6 col-lg-2 border-bottom pb-2\">\n            <small><i class=\"fas fa-solid fa-file fa-fw me-2\" style=\"color: #8c9db3;\"><\/i>P\u00e1ginas<\/small>\n        <\/div>\n\n        <div class=\"col-12 col-sm-6 col-lg-5 border-bottom pb-2\">\n            <small class=\"text-muted\">D\u00e9sde la p\u00e1gina , hasta la p\u00e1gina <\/small>\n        <\/div>\n\n        <div class=\"col-12 col-sm-6 col-lg-2 border-bottom pb-2\">\n            <small><i class=\"fas fa-solid fa-language fa-fw me-2\" style=\"color: #8c9db3;\"><\/i>Idioma<\/small>\n        <\/div>\n\n        <div class=\"col-12 col-sm-6 col-lg-3 border-bottom pb-2\">\n            <small class=\"text-muted\">Ingl\u00e9s<\/small>\n        <\/div>\n\n        <div class=\"col-12 col-sm-6 col-lg-2 border-bottom pb-2\">\n            <small><i class=\"fas fa-solid fa-newspaper fa-fw me-2\" style=\"color: #8c9db3;\"><\/i>Editorial<\/small>\n        <\/div>\n\n        <div class=\"col-12 col-sm-6 col-lg-5 border-bottom pb-2\">\n            <small class=\"text-muted\">Springer<\/small>\n        <\/div>\n\n        <div class=\"col-12 col-sm-6 col-lg-2 border-bottom pb-2\">\n            <small><i class=\"fas fa-solid fa-user-pen fa-fw me-2\" style=\"color: #8c9db3;\"><\/i>Editores<\/small>\n        <\/div>\n\n        <div class=\"col-12 col-sm-6 col-lg-10 border-bottom pb-2\">\n            <small class=\"text-muted\">Alina Galvao, Carmen Sotomayor<\/small>\n        <\/div>\n\n        <div class=\"col-12 col-sm-6 col-lg-2\">\n            <small><i class=\"fas fa-solid fa-signature fa-fw me-2\" style=\"color: #8c9db3;\"><\/i>Autores<\/small>\n        <\/div>\n\n        <div class=\"col-12 col-sm-6 col-lg-10\">\n            <small class=\"text-muted\">Gabriela Elizabeth G\u00f3mez Vera<\/small>\n        <\/div>\n    <\/div><span class=\"caption-field-publish\"><\/span><\/div><\/div><\/div><\/div><\/div><div class=\"  circle--pattern-bottom-large col-sm-12 col-md-12 img-article\"><div class=\"holder-publish col-md-12\" style=\"border-bottom: 1px solid #B8B8B8\"><div class=\"content-holder h-100 component-border overflow-hidden row m-0 p-4 aling-items-center\"><ul class=\"p-0 list-style-none\"><li class=\"p-0 me-2\"><i class=\"fas fa-solid fa-book fa-fw\"><\/i> Mathematical learning and cognition in middle childhood and early adolescence: Integrating interdisciplinary research into practice<\/li><li class=\"p-0 me-2\"><i class=\"fas fa-solid fa-calendar fa-fw\"><\/i> 2023<\/li><\/ul><div class=\"caption col-12 p-0 col-md-12 row m-0 align-items-center\"><div class=\"px-md-1\">    <h3 class=\"fw-medium m-0 small-space pt-2 pb-2 title-ss text-decoration-none border-bottom\">Obstacles in the development of the understanding of fractions<\/h3>\n\n    <div class=\"mt-0 row g-3\">\n        \n        <div class=\"col-12 col-sm-6 col-lg-2 border-bottom pb-2\">\n            <small><i class=\"fas fa-solid fa-barcode fa-fw me-2\" style=\"color: #8c9db3;\"><\/i>ISBN<\/small>\n        <\/div>\n\n        <div class=\"col-12 col-sm-6 col-lg-3 border-bottom pb-2\">\n            <small class=\"text-muted\"><\/small>\n        <\/div>\n\n        <div class=\"col-12 col-sm-6 col-lg-2 border-bottom pb-2\">\n            <small><i class=\"fas fa-solid fa-file fa-fw me-2\" style=\"color: #8c9db3;\"><\/i>P\u00e1ginas<\/small>\n        <\/div>\n\n        <div class=\"col-12 col-sm-6 col-lg-5 border-bottom pb-2\">\n            <small class=\"text-muted\">D\u00e9sde la p\u00e1gina , hasta la p\u00e1gina <\/small>\n        <\/div>\n\n        <div class=\"col-12 col-sm-6 col-lg-2 border-bottom pb-2\">\n            <small><i class=\"fas fa-solid fa-language fa-fw me-2\" style=\"color: #8c9db3;\"><\/i>Idioma<\/small>\n        <\/div>\n\n        <div class=\"col-12 col-sm-6 col-lg-3 border-bottom pb-2\">\n            <small class=\"text-muted\">Ingl\u00e9s<\/small>\n        <\/div>\n\n        <div class=\"col-12 col-sm-6 col-lg-2 border-bottom pb-2\">\n            <small><i class=\"fas fa-solid fa-newspaper fa-fw me-2\" style=\"color: #8c9db3;\"><\/i>Editorial<\/small>\n        <\/div>\n\n        <div class=\"col-12 col-sm-6 col-lg-5 border-bottom pb-2\">\n            <small class=\"text-muted\">Springer<\/small>\n        <\/div>\n\n        <div class=\"col-12 col-sm-6 col-lg-2 border-bottom pb-2\">\n            <small><i class=\"fas fa-solid fa-user-pen fa-fw me-2\" style=\"color: #8c9db3;\"><\/i>Editores<\/small>\n        <\/div>\n\n        <div class=\"col-12 col-sm-6 col-lg-10 border-bottom pb-2\">\n            <small class=\"text-muted\">Robinson, Kotsopoulos, Dub\u00e9<\/small>\n        <\/div>\n\n        <div class=\"col-12 col-sm-6 col-lg-2\">\n            <small><i class=\"fas fa-solid fa-signature fa-fw me-2\" style=\"color: #8c9db3;\"><\/i>Autores<\/small>\n        <\/div>\n\n        <div class=\"col-12 col-sm-6 col-lg-10\">\n            <small class=\"text-muted\">Florence Gabriel, Jo Van Hoof, David Maximiliano G\u00f3mez Rojas, Wim Van Dooren<\/small>\n        <\/div>\n    <\/div><span class=\"caption-field-publish\"><\/span><\/div><\/div><\/div><\/div><\/div><div class=\"  circle--pattern-bottom-large col-sm-12 col-md-12 img-article\"><div class=\"holder-publish col-md-12\" style=\"border-bottom: 1px solid #B8B8B8\"><div class=\"content-holder h-100 component-border overflow-hidden row m-0 p-4 aling-items-center\"><ul class=\"p-0 list-style-none\"><li class=\"p-0 me-2\"><i class=\"fas fa-solid fa-book fa-fw\"><\/i> Soil Constraints and Productivity<\/li><li class=\"p-0 me-2\"><i class=\"fas fa-solid fa-calendar fa-fw\"><\/i> 2023<\/li><\/ul><div class=\"caption col-12 p-0 col-md-12 row m-0 align-items-center\"><div class=\"px-md-1\">    <h3 class=\"fw-medium m-0 small-space pt-2 pb-2 title-ss text-decoration-none border-bottom\">Use of arbuscular mycorrhizal fungi in remediating soils constrained  by metal(loid) contamination<\/h3>\n\n    <div class=\"mt-0 row g-3\">\n        \n        <div class=\"col-12 col-sm-6 col-lg-2 border-bottom pb-2\">\n            <small><i class=\"fas fa-solid fa-barcode fa-fw me-2\" style=\"color: #8c9db3;\"><\/i>ISBN<\/small>\n        <\/div>\n\n        <div class=\"col-12 col-sm-6 col-lg-3 border-bottom pb-2\">\n            <small class=\"text-muted\"><\/small>\n        <\/div>\n\n        <div class=\"col-12 col-sm-6 col-lg-2 border-bottom pb-2\">\n            <small><i class=\"fas fa-solid fa-file fa-fw me-2\" style=\"color: #8c9db3;\"><\/i>P\u00e1ginas<\/small>\n        <\/div>\n\n        <div class=\"col-12 col-sm-6 col-lg-5 border-bottom pb-2\">\n            <small class=\"text-muted\">D\u00e9sde la p\u00e1gina , hasta la p\u00e1gina <\/small>\n        <\/div>\n\n        <div class=\"col-12 col-sm-6 col-lg-2 border-bottom pb-2\">\n            <small><i class=\"fas fa-solid fa-language fa-fw me-2\" style=\"color: #8c9db3;\"><\/i>Idioma<\/small>\n        <\/div>\n\n        <div class=\"col-12 col-sm-6 col-lg-3 border-bottom pb-2\">\n            <small class=\"text-muted\">Ingl\u00e9s<\/small>\n        <\/div>\n\n        <div class=\"col-12 col-sm-6 col-lg-2 border-bottom pb-2\">\n            <small><i class=\"fas fa-solid fa-newspaper fa-fw me-2\" style=\"color: #8c9db3;\"><\/i>Editorial<\/small>\n        <\/div>\n\n        <div class=\"col-12 col-sm-6 col-lg-5 border-bottom pb-2\">\n            <small class=\"text-muted\">Cambridge Scholar<\/small>\n        <\/div>\n\n        <div class=\"col-12 col-sm-6 col-lg-2 border-bottom pb-2\">\n            <small><i class=\"fas fa-solid fa-user-pen fa-fw me-2\" style=\"color: #8c9db3;\"><\/i>Editores<\/small>\n        <\/div>\n\n        <div class=\"col-12 col-sm-6 col-lg-10 border-bottom pb-2\">\n            <small class=\"text-muted\">M.B. Kirkham and N.S. Bolan<\/small>\n        <\/div>\n\n        <div class=\"col-12 col-sm-6 col-lg-2\">\n            <small><i class=\"fas fa-solid fa-signature fa-fw me-2\" style=\"color: #8c9db3;\"><\/i>Autores<\/small>\n        <\/div>\n\n        <div class=\"col-12 col-sm-6 col-lg-10\">\n            <small class=\"text-muted\">Jorge Felipe Medina Ot\u00e1rola<\/small>\n        <\/div>\n    <\/div><span class=\"caption-field-publish\"><\/span><\/div><\/div><\/div><\/div><\/div><div class=\"  circle--pattern-bottom-large col-sm-12 col-md-12 img-article\"><div class=\"holder-publish col-md-12\" style=\"border-bottom: 1px solid #B8B8B8\"><div class=\"content-holder h-100 component-border overflow-hidden row m-0 p-4 aling-items-center\"><ul class=\"p-0 list-style-none\"><li class=\"p-0 me-2\"><i class=\"fas fa-solid fa-book fa-fw\"><\/i> Multimodality Studies in International Contexts Contemporary Trends and Challenges<\/li><li class=\"p-0 me-2\"><i class=\"fas fa-solid fa-calendar fa-fw\"><\/i> 2023<\/li><\/ul><div class=\"caption col-12 p-0 col-md-12 row m-0 align-items-center\"><div class=\"px-md-1\">    <h3 class=\"fw-medium m-0 small-space pt-2 pb-2 title-ss text-decoration-none border-bottom\">Consolidation of Multimodality Studies in Latin America: A Review of Emergent Themes<\/h3>\n\n    <div class=\"mt-0 row g-3\">\n        \n        <div class=\"col-12 col-sm-6 col-lg-2 border-bottom pb-2\">\n            <small><i class=\"fas fa-solid fa-barcode fa-fw me-2\" style=\"color: #8c9db3;\"><\/i>ISBN<\/small>\n        <\/div>\n\n        <div class=\"col-12 col-sm-6 col-lg-3 border-bottom pb-2\">\n            <small class=\"text-muted\"><\/small>\n        <\/div>\n\n        <div class=\"col-12 col-sm-6 col-lg-2 border-bottom pb-2\">\n            <small><i class=\"fas fa-solid fa-file fa-fw me-2\" style=\"color: #8c9db3;\"><\/i>P\u00e1ginas<\/small>\n        <\/div>\n\n        <div class=\"col-12 col-sm-6 col-lg-5 border-bottom pb-2\">\n            <small class=\"text-muted\">D\u00e9sde la p\u00e1gina , hasta la p\u00e1gina <\/small>\n        <\/div>\n\n        <div class=\"col-12 col-sm-6 col-lg-2 border-bottom pb-2\">\n            <small><i class=\"fas fa-solid fa-language fa-fw me-2\" style=\"color: #8c9db3;\"><\/i>Idioma<\/small>\n        <\/div>\n\n        <div class=\"col-12 col-sm-6 col-lg-3 border-bottom pb-2\">\n            <small class=\"text-muted\">Ingl\u00e9s<\/small>\n        <\/div>\n\n        <div class=\"col-12 col-sm-6 col-lg-2 border-bottom pb-2\">\n            <small><i class=\"fas fa-solid fa-newspaper fa-fw me-2\" style=\"color: #8c9db3;\"><\/i>Editorial<\/small>\n        <\/div>\n\n        <div class=\"col-12 col-sm-6 col-lg-5 border-bottom pb-2\">\n            <small class=\"text-muted\">Routledge<\/small>\n        <\/div>\n\n        <div class=\"col-12 col-sm-6 col-lg-2 border-bottom pb-2\">\n            <small><i class=\"fas fa-solid fa-user-pen fa-fw me-2\" style=\"color: #8c9db3;\"><\/i>Editores<\/small>\n        <\/div>\n\n        <div class=\"col-12 col-sm-6 col-lg-10 border-bottom pb-2\">\n            <small class=\"text-muted\">Liliana V\u00e1squez Rocca, Natasha Artemeva, Chlo\u00eb Grace Fogarty-Bourget<\/small>\n        <\/div>\n\n        <div class=\"col-12 col-sm-6 col-lg-2\">\n            <small><i class=\"fas fa-solid fa-signature fa-fw me-2\" style=\"color: #8c9db3;\"><\/i>Autores<\/small>\n        <\/div>\n\n        <div class=\"col-12 col-sm-6 col-lg-10\">\n            <small class=\"text-muted\">Carolina P\u00e9rez Arredondo, Camila C\u00e1rdenas-Neira<\/small>\n        <\/div>\n    <\/div><span class=\"caption-field-publish\"><\/span><\/div><\/div><\/div><\/div><\/div><div class=\"  circle--pattern-bottom-large col-sm-12 col-md-12 img-article\"><div class=\"holder-publish col-md-12\" style=\"border-bottom: 1px solid #B8B8B8\"><div class=\"content-holder h-100 component-border overflow-hidden row m-0 p-4 aling-items-center\"><ul class=\"p-0 list-style-none\"><li class=\"p-0 me-2\"><i class=\"fas fa-solid fa-book fa-fw\"><\/i> Endocrinolog\u00eda Pedi\u00e1trica<\/li><li class=\"p-0 me-2\"><i class=\"fas fa-solid fa-calendar fa-fw\"><\/i> 2023<\/li><\/ul><div class=\"caption col-12 p-0 col-md-12 row m-0 align-items-center\"><div class=\"px-md-1\">    <h3 class=\"fw-medium m-0 small-space pt-2 pb-2 title-ss text-decoration-none border-bottom\">El tejido adiposo como \u00f3rgano endocrino<\/h3>\n\n    <div class=\"mt-0 row g-3\">\n        \n        <div class=\"col-12 col-sm-6 col-lg-2 border-bottom pb-2\">\n            <small><i class=\"fas fa-solid fa-barcode fa-fw me-2\" style=\"color: #8c9db3;\"><\/i>ISBN<\/small>\n        <\/div>\n\n        <div class=\"col-12 col-sm-6 col-lg-3 border-bottom pb-2\">\n            <small class=\"text-muted\">978-956-14-3130-0<\/small>\n        <\/div>\n\n        <div class=\"col-12 col-sm-6 col-lg-2 border-bottom pb-2\">\n            <small><i class=\"fas fa-solid fa-file fa-fw me-2\" style=\"color: #8c9db3;\"><\/i>P\u00e1ginas<\/small>\n        <\/div>\n\n        <div class=\"col-12 col-sm-6 col-lg-5 border-bottom pb-2\">\n            <small class=\"text-muted\">D\u00e9sde la p\u00e1gina 639, hasta la p\u00e1gina 645<\/small>\n        <\/div>\n\n        <div class=\"col-12 col-sm-6 col-lg-2 border-bottom pb-2\">\n            <small><i class=\"fas fa-solid fa-language fa-fw me-2\" style=\"color: #8c9db3;\"><\/i>Idioma<\/small>\n        <\/div>\n\n        <div class=\"col-12 col-sm-6 col-lg-3 border-bottom pb-2\">\n            <small class=\"text-muted\">Espa\u00f1ol<\/small>\n        <\/div>\n\n        <div class=\"col-12 col-sm-6 col-lg-2 border-bottom pb-2\">\n            <small><i class=\"fas fa-solid fa-newspaper fa-fw me-2\" style=\"color: #8c9db3;\"><\/i>Editorial<\/small>\n        <\/div>\n\n        <div class=\"col-12 col-sm-6 col-lg-5 border-bottom pb-2\">\n            <small class=\"text-muted\">Ediciones UC<\/small>\n        <\/div>\n\n        <div class=\"col-12 col-sm-6 col-lg-2 border-bottom pb-2\">\n            <small><i class=\"fas fa-solid fa-user-pen fa-fw me-2\" style=\"color: #8c9db3;\"><\/i>Editores<\/small>\n        <\/div>\n\n        <div class=\"col-12 col-sm-6 col-lg-10 border-bottom pb-2\">\n            <small class=\"text-muted\"><\/small>\n        <\/div>\n\n        <div class=\"col-12 col-sm-6 col-lg-2\">\n            <small><i class=\"fas fa-solid fa-signature fa-fw me-2\" style=\"color: #8c9db3;\"><\/i>Autores<\/small>\n        <\/div>\n\n        <div class=\"col-12 col-sm-6 col-lg-10\">\n            <small class=\"text-muted\">Francisca Lorena Salas P\u00e9rez<\/small>\n        <\/div>\n    <\/div><span class=\"caption-field-publish\"><\/span><\/div><\/div><\/div><\/div><\/div><div class=\"  circle--pattern-bottom-large col-sm-12 col-md-12 img-article\"><div class=\"holder-publish col-md-12\" style=\"border-bottom: 1px solid #B8B8B8\"><div class=\"content-holder h-100 component-border overflow-hidden row m-0 p-4 aling-items-center\"><ul class=\"p-0 list-style-none\"><li class=\"p-0 me-2\"><i class=\"fas fa-solid fa-book fa-fw\"><\/i> Soil Constraints and Productivity<\/li><li class=\"p-0 me-2\"><i class=\"fas fa-solid fa-calendar fa-fw\"><\/i> 2023<\/li><\/ul><div class=\"caption col-12 p-0 col-md-12 row m-0 align-items-center\"><div class=\"px-md-1\">    <h3 class=\"fw-medium m-0 small-space pt-2 pb-2 title-ss text-decoration-none border-bottom\">Use of Arbuscular Mycorrhizal Fungi in Remediating Soils Constrained by Metal(loid) Contamination<\/h3>\n\n    <div class=\"mt-0 row g-3\">\n        \n        <div class=\"col-12 col-sm-6 col-lg-2 border-bottom pb-2\">\n            <small><i class=\"fas fa-solid fa-barcode fa-fw me-2\" style=\"color: #8c9db3;\"><\/i>ISBN<\/small>\n        <\/div>\n\n        <div class=\"col-12 col-sm-6 col-lg-3 border-bottom pb-2\">\n            <small class=\"text-muted\"><\/small>\n        <\/div>\n\n        <div class=\"col-12 col-sm-6 col-lg-2 border-bottom pb-2\">\n            <small><i class=\"fas fa-solid fa-file fa-fw me-2\" style=\"color: #8c9db3;\"><\/i>P\u00e1ginas<\/small>\n        <\/div>\n\n        <div class=\"col-12 col-sm-6 col-lg-5 border-bottom pb-2\">\n            <small class=\"text-muted\">D\u00e9sde la p\u00e1gina , hasta la p\u00e1gina <\/small>\n        <\/div>\n\n        <div class=\"col-12 col-sm-6 col-lg-2 border-bottom pb-2\">\n            <small><i class=\"fas fa-solid fa-language fa-fw me-2\" style=\"color: #8c9db3;\"><\/i>Idioma<\/small>\n        <\/div>\n\n        <div class=\"col-12 col-sm-6 col-lg-3 border-bottom pb-2\">\n            <small class=\"text-muted\">Ingl\u00e9s<\/small>\n        <\/div>\n\n        <div class=\"col-12 col-sm-6 col-lg-2 border-bottom pb-2\">\n            <small><i class=\"fas fa-solid fa-newspaper fa-fw me-2\" style=\"color: #8c9db3;\"><\/i>Editorial<\/small>\n        <\/div>\n\n        <div class=\"col-12 col-sm-6 col-lg-5 border-bottom pb-2\">\n            <small class=\"text-muted\">CRC Press<\/small>\n        <\/div>\n\n        <div class=\"col-12 col-sm-6 col-lg-2 border-bottom pb-2\">\n            <small><i class=\"fas fa-solid fa-user-pen fa-fw me-2\" style=\"color: #8c9db3;\"><\/i>Editores<\/small>\n        <\/div>\n\n        <div class=\"col-12 col-sm-6 col-lg-10 border-bottom pb-2\">\n            <small class=\"text-muted\">Nanthi Bolan, M. B. Kirkham<\/small>\n        <\/div>\n\n        <div class=\"col-12 col-sm-6 col-lg-2\">\n            <small><i class=\"fas fa-solid fa-signature fa-fw me-2\" style=\"color: #8c9db3;\"><\/i>Autores<\/small>\n        <\/div>\n\n        <div class=\"col-12 col-sm-6 col-lg-10\">\n            <small class=\"text-muted\">Sebasti\u00e1n Meier, Humberto Nicol\u00e1s Aponte D\u00edaz, Naser Khan, Paula Cartes, Pablo Cornejo, Jorge Medina, Alexander Neaman<\/small>\n        <\/div>\n    <\/div><span class=\"caption-field-publish\"><\/span><\/div><\/div><\/div><\/div><\/div><div class=\"  circle--pattern-bottom-large col-sm-12 col-md-12 img-article\"><div class=\"holder-publish col-md-12\" style=\"border-bottom: 1px solid #B8B8B8\"><div class=\"content-holder h-100 component-border overflow-hidden row m-0 p-4 aling-items-center\"><ul class=\"p-0 list-style-none\"><li class=\"p-0 me-2\"><i class=\"fas fa-solid fa-book fa-fw\"><\/i> Digitalisierte Lebenswelten \u0096 Bildungstheoretische Reflexionen<\/li><li class=\"p-0 me-2\"><i class=\"fas fa-solid fa-calendar fa-fw\"><\/i> 2023<\/li><\/ul><div class=\"caption col-12 p-0 col-md-12 row m-0 align-items-center\"><div class=\"px-md-1\">    <h3 class=\"fw-medium m-0 small-space pt-2 pb-2 title-ss text-decoration-none border-bottom\">Studieren unter Bedingungen des Digitalen<\/h3>\n\n    <div class=\"mt-0 row g-3\">\n        \n        <div class=\"col-12 col-sm-6 col-lg-2 border-bottom pb-2\">\n            <small><i class=\"fas fa-solid fa-barcode fa-fw me-2\" style=\"color: #8c9db3;\"><\/i>ISBN<\/small>\n        <\/div>\n\n        <div class=\"col-12 col-sm-6 col-lg-3 border-bottom pb-2\">\n            <small class=\"text-muted\">978-3-662-66122-2<\/small>\n        <\/div>\n\n        <div class=\"col-12 col-sm-6 col-lg-2 border-bottom pb-2\">\n            <small><i class=\"fas fa-solid fa-file fa-fw me-2\" style=\"color: #8c9db3;\"><\/i>P\u00e1ginas<\/small>\n        <\/div>\n\n        <div class=\"col-12 col-sm-6 col-lg-5 border-bottom pb-2\">\n            <small class=\"text-muted\">D\u00e9sde la p\u00e1gina 347, hasta la p\u00e1gina 369<\/small>\n        <\/div>\n\n        <div class=\"col-12 col-sm-6 col-lg-2 border-bottom pb-2\">\n            <small><i class=\"fas fa-solid fa-language fa-fw me-2\" style=\"color: #8c9db3;\"><\/i>Idioma<\/small>\n        <\/div>\n\n        <div class=\"col-12 col-sm-6 col-lg-3 border-bottom pb-2\">\n            <small class=\"text-muted\">Alem\u00e1n<\/small>\n        <\/div>\n\n        <div class=\"col-12 col-sm-6 col-lg-2 border-bottom pb-2\">\n            <small><i class=\"fas fa-solid fa-newspaper fa-fw me-2\" style=\"color: #8c9db3;\"><\/i>Editorial<\/small>\n        <\/div>\n\n        <div class=\"col-12 col-sm-6 col-lg-5 border-bottom pb-2\">\n            <small class=\"text-muted\">J. B. Metzler<\/small>\n        <\/div>\n\n        <div class=\"col-12 col-sm-6 col-lg-2 border-bottom pb-2\">\n            <small><i class=\"fas fa-solid fa-user-pen fa-fw me-2\" style=\"color: #8c9db3;\"><\/i>Editores<\/small>\n        <\/div>\n\n        <div class=\"col-12 col-sm-6 col-lg-10 border-bottom pb-2\">\n            <small class=\"text-muted\">M. F. Buck, M. Zulaica y Mugica<\/small>\n        <\/div>\n\n        <div class=\"col-12 col-sm-6 col-lg-2\">\n            <small><i class=\"fas fa-solid fa-signature fa-fw me-2\" style=\"color: #8c9db3;\"><\/i>Autores<\/small>\n        <\/div>\n\n        <div class=\"col-12 col-sm-6 col-lg-10\">\n            <small class=\"text-muted\">Carlos Jos\u00e9 Willatt Herrera, Marc Fabian Buck<\/small>\n        <\/div>\n    <\/div><span class=\"caption-field-publish\"><\/span><\/div><\/div><\/div><\/div><\/div><div class=\"  circle--pattern-bottom-large col-sm-12 col-md-12 img-article\"><div class=\"holder-publish col-md-12\" style=\"border-bottom: 1px solid #B8B8B8\"><div class=\"content-holder h-100 component-border overflow-hidden row m-0 p-4 aling-items-center\"><ul class=\"p-0 list-style-none\"><li class=\"p-0 me-2\"><i class=\"fas fa-solid fa-book fa-fw\"><\/i> Digitalisierte Lebenswelten \u0096 Bildungstheoretische Reflexionen<\/li><li class=\"p-0 me-2\"><i class=\"fas fa-solid fa-calendar fa-fw\"><\/i> 2023<\/li><\/ul><div class=\"caption col-12 p-0 col-md-12 row m-0 align-items-center\"><div class=\"px-md-1\">    <h3 class=\"fw-medium m-0 small-space pt-2 pb-2 title-ss text-decoration-none border-bottom\">Studieren unter Bedingungen des Digitalen<\/h3>\n\n    <div class=\"mt-0 row g-3\">\n        \n        <div class=\"col-12 col-sm-6 col-lg-2 border-bottom pb-2\">\n            <small><i class=\"fas fa-solid fa-barcode fa-fw me-2\" style=\"color: #8c9db3;\"><\/i>ISBN<\/small>\n        <\/div>\n\n        <div class=\"col-12 col-sm-6 col-lg-3 border-bottom pb-2\">\n            <small class=\"text-muted\">978-3-662-66122-2<\/small>\n        <\/div>\n\n        <div class=\"col-12 col-sm-6 col-lg-2 border-bottom pb-2\">\n            <small><i class=\"fas fa-solid fa-file fa-fw me-2\" style=\"color: #8c9db3;\"><\/i>P\u00e1ginas<\/small>\n        <\/div>\n\n        <div class=\"col-12 col-sm-6 col-lg-5 border-bottom pb-2\">\n            <small class=\"text-muted\">D\u00e9sde la p\u00e1gina 347, hasta la p\u00e1gina 369<\/small>\n        <\/div>\n\n        <div class=\"col-12 col-sm-6 col-lg-2 border-bottom pb-2\">\n            <small><i class=\"fas fa-solid fa-language fa-fw me-2\" style=\"color: #8c9db3;\"><\/i>Idioma<\/small>\n        <\/div>\n\n        <div class=\"col-12 col-sm-6 col-lg-3 border-bottom pb-2\">\n            <small class=\"text-muted\">Alem\u00e1n<\/small>\n        <\/div>\n\n        <div class=\"col-12 col-sm-6 col-lg-2 border-bottom pb-2\">\n            <small><i class=\"fas fa-solid fa-newspaper fa-fw me-2\" style=\"color: #8c9db3;\"><\/i>Editorial<\/small>\n        <\/div>\n\n        <div class=\"col-12 col-sm-6 col-lg-5 border-bottom pb-2\">\n            <small class=\"text-muted\">J. B. Metzler<\/small>\n        <\/div>\n\n        <div class=\"col-12 col-sm-6 col-lg-2 border-bottom pb-2\">\n            <small><i class=\"fas fa-solid fa-user-pen fa-fw me-2\" style=\"color: #8c9db3;\"><\/i>Editores<\/small>\n        <\/div>\n\n        <div class=\"col-12 col-sm-6 col-lg-10 border-bottom pb-2\">\n            <small class=\"text-muted\">M. F. Buck, M. Zulaica y Mugica<\/small>\n        <\/div>\n\n        <div class=\"col-12 col-sm-6 col-lg-2\">\n            <small><i class=\"fas fa-solid fa-signature fa-fw me-2\" style=\"color: #8c9db3;\"><\/i>Autores<\/small>\n        <\/div>\n\n        <div class=\"col-12 col-sm-6 col-lg-10\">\n            <small class=\"text-muted\">Carlos Jos\u00e9 Willatt Herrera, Marc Fabian Buck<\/small>\n        <\/div>\n    <\/div><span class=\"caption-field-publish\"><\/span><\/div><\/div><\/div><\/div><\/div><div class=\"  circle--pattern-bottom-large col-sm-12 col-md-12 img-article\"><div class=\"holder-publish col-md-12\" style=\"border-bottom: 1px solid #B8B8B8\"><div class=\"content-holder h-100 component-border overflow-hidden row m-0 p-4 aling-items-center\"><ul class=\"p-0 list-style-none\"><li class=\"p-0 me-2\"><i class=\"fas fa-solid fa-book fa-fw\"><\/i> Toward a transnational University: WAC\/WID across borders of language, nation, and discipline<\/li><li class=\"p-0 me-2\"><i class=\"fas fa-solid fa-calendar fa-fw\"><\/i> 2022<\/li><\/ul><div class=\"caption col-12 p-0 col-md-12 row m-0 align-items-center\"><div class=\"px-md-1\">    <h3 class=\"fw-medium m-0 small-space pt-2 pb-2 title-ss text-decoration-none border-bottom\">Afterword. Translingual Lives and Writing Pedagogy: Acculturation, Enculturation, and Emancipation<\/h3>\n\n    <div class=\"mt-0 row g-3\">\n        \n        <div class=\"col-12 col-sm-6 col-lg-2 border-bottom pb-2\">\n            <small><i class=\"fas fa-solid fa-barcode fa-fw me-2\" style=\"color: #8c9db3;\"><\/i>ISBN<\/small>\n        <\/div>\n\n        <div class=\"col-12 col-sm-6 col-lg-3 border-bottom pb-2\">\n            <small class=\"text-muted\">978-1-64215-152-7<\/small>\n        <\/div>\n\n        <div class=\"col-12 col-sm-6 col-lg-2 border-bottom pb-2\">\n            <small><i class=\"fas fa-solid fa-file fa-fw me-2\" style=\"color: #8c9db3;\"><\/i>P\u00e1ginas<\/small>\n        <\/div>\n\n        <div class=\"col-12 col-sm-6 col-lg-5 border-bottom pb-2\">\n            <small class=\"text-muted\">D\u00e9sde la p\u00e1gina 261, hasta la p\u00e1gina 278<\/small>\n        <\/div>\n\n        <div class=\"col-12 col-sm-6 col-lg-2 border-bottom pb-2\">\n            <small><i class=\"fas fa-solid fa-language fa-fw me-2\" style=\"color: #8c9db3;\"><\/i>Idioma<\/small>\n        <\/div>\n\n        <div class=\"col-12 col-sm-6 col-lg-3 border-bottom pb-2\">\n            <small class=\"text-muted\">Ingl\u00e9s<\/small>\n        <\/div>\n\n        <div class=\"col-12 col-sm-6 col-lg-2 border-bottom pb-2\">\n            <small><i class=\"fas fa-solid fa-newspaper fa-fw me-2\" style=\"color: #8c9db3;\"><\/i>Editorial<\/small>\n        <\/div>\n\n        <div class=\"col-12 col-sm-6 col-lg-5 border-bottom pb-2\">\n            <small class=\"text-muted\">The WAC Clearinghouse & University Press of Colorado<\/small>\n        <\/div>\n\n        <div class=\"col-12 col-sm-6 col-lg-2 border-bottom pb-2\">\n            <small><i class=\"fas fa-solid fa-user-pen fa-fw me-2\" style=\"color: #8c9db3;\"><\/i>Editores<\/small>\n        <\/div>\n\n        <div class=\"col-12 col-sm-6 col-lg-10 border-bottom pb-2\">\n            <small class=\"text-muted\">Jonathan Hall, Bruce Horner<\/small>\n        <\/div>\n\n        <div class=\"col-12 col-sm-6 col-lg-2\">\n            <small><i class=\"fas fa-solid fa-signature fa-fw me-2\" style=\"color: #8c9db3;\"><\/i>Autores<\/small>\n        <\/div>\n\n        <div class=\"col-12 col-sm-6 col-lg-10\">\n            <small class=\"text-muted\">Federico Daniel Navarro<\/small>\n        <\/div>\n    <\/div><span class=\"caption-field-publish\"><\/span><\/div><\/div><\/div><\/div><\/div><div class=\"  circle--pattern-bottom-large col-sm-12 col-md-12 img-article\"><div class=\"holder-publish col-md-12\" style=\"border-bottom: 1px solid #B8B8B8\"><div class=\"content-holder h-100 component-border overflow-hidden row m-0 p-4 aling-items-center\"><ul class=\"p-0 list-style-none\"><li class=\"p-0 me-2\"><i class=\"fas fa-solid fa-book fa-fw\"><\/i> Experiencias en ciberpsicolog\u00eda: hacia una nueva era de la psicolog\u00eda<\/li><li class=\"p-0 me-2\"><i class=\"fas fa-solid fa-calendar fa-fw\"><\/i> 2022<\/li><\/ul><div class=\"caption col-12 p-0 col-md-12 row m-0 align-items-center\"><div class=\"px-md-1\">    <h3 class=\"fw-medium m-0 small-space pt-2 pb-2 title-ss text-decoration-none border-bottom\">Alfabetizaci\u00f3n digital de TICs en personas con trastornos mentales severos<\/h3>\n\n    <div class=\"mt-0 row g-3\">\n        \n        <div class=\"col-12 col-sm-6 col-lg-2 border-bottom pb-2\">\n            <small><i class=\"fas fa-solid fa-barcode fa-fw me-2\" style=\"color: #8c9db3;\"><\/i>ISBN<\/small>\n        <\/div>\n\n        <div class=\"col-12 col-sm-6 col-lg-3 border-bottom pb-2\">\n            <small class=\"text-muted\">978-607-30-5647-2<\/small>\n        <\/div>\n\n        <div class=\"col-12 col-sm-6 col-lg-2 border-bottom pb-2\">\n            <small><i class=\"fas fa-solid fa-file fa-fw me-2\" style=\"color: #8c9db3;\"><\/i>P\u00e1ginas<\/small>\n        <\/div>\n\n        <div class=\"col-12 col-sm-6 col-lg-5 border-bottom pb-2\">\n            <small class=\"text-muted\">D\u00e9sde la p\u00e1gina 101, hasta la p\u00e1gina 112<\/small>\n        <\/div>\n\n        <div class=\"col-12 col-sm-6 col-lg-2 border-bottom pb-2\">\n            <small><i class=\"fas fa-solid fa-language fa-fw me-2\" style=\"color: #8c9db3;\"><\/i>Idioma<\/small>\n        <\/div>\n\n        <div class=\"col-12 col-sm-6 col-lg-3 border-bottom pb-2\">\n            <small class=\"text-muted\">Espa\u00f1ol<\/small>\n        <\/div>\n\n        <div class=\"col-12 col-sm-6 col-lg-2 border-bottom pb-2\">\n            <small><i class=\"fas fa-solid fa-newspaper fa-fw me-2\" style=\"color: #8c9db3;\"><\/i>Editorial<\/small>\n        <\/div>\n\n        <div class=\"col-12 col-sm-6 col-lg-5 border-bottom pb-2\">\n            <small class=\"text-muted\">Universidad Nacional Aut\u00f3noma de M\u00e9xico; Facultad de Estudios Superiores Zaragoza<\/small>\n        <\/div>\n\n        <div class=\"col-12 col-sm-6 col-lg-2 border-bottom pb-2\">\n            <small><i class=\"fas fa-solid fa-user-pen fa-fw me-2\" style=\"color: #8c9db3;\"><\/i>Editores<\/small>\n        <\/div>\n\n        <div class=\"col-12 col-sm-6 col-lg-10 border-bottom pb-2\">\n            <small class=\"text-muted\">Bertha Ramos del R\u00edo; Juan Jos\u00e9 Mart\u00ed Noguera<\/small>\n        <\/div>\n\n        <div class=\"col-12 col-sm-6 col-lg-2\">\n            <small><i class=\"fas fa-solid fa-signature fa-fw me-2\" style=\"color: #8c9db3;\"><\/i>Autores<\/small>\n        <\/div>\n\n        <div class=\"col-12 col-sm-6 col-lg-10\">\n            <small class=\"text-muted\">Mar\u00eda Soledad Burrone Colombino, Mar\u00eda Teresa Sol\u00eds Soto, Marcela Lucchese, Tamara Arratia, Rub\u00e9n Alvarado<\/small>\n        <\/div>\n    <\/div><span class=\"caption-field-publish\"><\/span><\/div><\/div><\/div><\/div><\/div><div class=\"  circle--pattern-bottom-large col-sm-12 col-md-12 img-article\"><div class=\"holder-publish col-md-12\" style=\"border-bottom: 1px solid #B8B8B8\"><div class=\"content-holder h-100 component-border overflow-hidden row m-0 p-4 aling-items-center\"><ul class=\"p-0 list-style-none\"><li class=\"p-0 me-2\"><i class=\"fas fa-solid fa-book fa-fw\"><\/i> corpo em foco: proposiciones contempor\u00e1neas<\/li><li class=\"p-0 me-2\"><i class=\"fas fa-solid fa-calendar fa-fw\"><\/i> 2022<\/li><\/ul><div class=\"caption col-12 p-0 col-md-12 row m-0 align-items-center\"><div class=\"px-md-1\">    <h3 class=\"fw-medium m-0 small-space pt-2 pb-2 title-ss text-decoration-none border-bottom\">Cuerpos, Cuidados y Comunidad: Epistemolog\u00edas Feministas Sentipensantes del Sur.<\/h3>\n\n    <div class=\"mt-0 row g-3\">\n        \n        <div class=\"col-12 col-sm-6 col-lg-2 border-bottom pb-2\">\n            <small><i class=\"fas fa-solid fa-barcode fa-fw me-2\" style=\"color: #8c9db3;\"><\/i>ISBN<\/small>\n        <\/div>\n\n        <div class=\"col-12 col-sm-6 col-lg-3 border-bottom pb-2\">\n            <small class=\"text-muted\">impreso en brasil<\/small>\n        <\/div>\n\n        <div class=\"col-12 col-sm-6 col-lg-2 border-bottom pb-2\">\n            <small><i class=\"fas fa-solid fa-file fa-fw me-2\" style=\"color: #8c9db3;\"><\/i>P\u00e1ginas<\/small>\n        <\/div>\n\n        <div class=\"col-12 col-sm-6 col-lg-5 border-bottom pb-2\">\n            <small class=\"text-muted\">D\u00e9sde la p\u00e1gina 139-154., hasta la p\u00e1gina <\/small>\n        <\/div>\n\n        <div class=\"col-12 col-sm-6 col-lg-2 border-bottom pb-2\">\n            <small><i class=\"fas fa-solid fa-language fa-fw me-2\" style=\"color: #8c9db3;\"><\/i>Idioma<\/small>\n        <\/div>\n\n        <div class=\"col-12 col-sm-6 col-lg-3 border-bottom pb-2\">\n            <small class=\"text-muted\">Portugu\u00e9s<\/small>\n        <\/div>\n\n        <div class=\"col-12 col-sm-6 col-lg-2 border-bottom pb-2\">\n            <small><i class=\"fas fa-solid fa-newspaper fa-fw me-2\" style=\"color: #8c9db3;\"><\/i>Editorial<\/small>\n        <\/div>\n\n        <div class=\"col-12 col-sm-6 col-lg-5 border-bottom pb-2\">\n            <small class=\"text-muted\">Claretiano<\/small>\n        <\/div>\n\n        <div class=\"col-12 col-sm-6 col-lg-2 border-bottom pb-2\">\n            <small><i class=\"fas fa-solid fa-user-pen fa-fw me-2\" style=\"color: #8c9db3;\"><\/i>Editores<\/small>\n        <\/div>\n\n        <div class=\"col-12 col-sm-6 col-lg-10 border-bottom pb-2\">\n            <small class=\"text-muted\">Cleber Tiago Cirnineu, Francine Baltazar.<\/small>\n        <\/div>\n\n        <div class=\"col-12 col-sm-6 col-lg-2\">\n            <small><i class=\"fas fa-solid fa-signature fa-fw me-2\" style=\"color: #8c9db3;\"><\/i>Autores<\/small>\n        <\/div>\n\n        <div class=\"col-12 col-sm-6 col-lg-10\">\n            <small class=\"text-muted\">Juan Andr\u00e9s Pino Mor\u00e1n<\/small>\n        <\/div>\n    <\/div><span class=\"caption-field-publish\"><\/span><\/div><\/div><\/div><\/div><\/div><div class=\"  circle--pattern-bottom-large col-sm-12 col-md-12 img-article\"><div class=\"holder-publish col-md-12\" style=\"border-bottom: 1px solid #B8B8B8\"><div class=\"content-holder h-100 component-border overflow-hidden row m-0 p-4 aling-items-center\"><ul class=\"p-0 list-style-none\"><li class=\"p-0 me-2\"><i class=\"fas fa-solid fa-book fa-fw\"><\/i> Secondary Metabolites and Volatiles of PGPR in Plant-Growth Promotion<\/li><li class=\"p-0 me-2\"><i class=\"fas fa-solid fa-calendar fa-fw\"><\/i> 2022<\/li><\/ul><div class=\"caption col-12 p-0 col-md-12 row m-0 align-items-center\"><div class=\"px-md-1\">    <h3 class=\"fw-medium m-0 small-space pt-2 pb-2 title-ss text-decoration-none border-bottom\">Metabolomics as a Tool to Study Volatile Organic Compounds Produced by Plant Growth-Promoting Rhizobacteria<\/h3>\n\n    <div class=\"mt-0 row g-3\">\n        \n        <div class=\"col-12 col-sm-6 col-lg-2 border-bottom pb-2\">\n            <small><i class=\"fas fa-solid fa-barcode fa-fw me-2\" style=\"color: #8c9db3;\"><\/i>ISBN<\/small>\n        <\/div>\n\n        <div class=\"col-12 col-sm-6 col-lg-3 border-bottom pb-2\">\n            <small class=\"text-muted\"><\/small>\n        <\/div>\n\n        <div class=\"col-12 col-sm-6 col-lg-2 border-bottom pb-2\">\n            <small><i class=\"fas fa-solid fa-file fa-fw me-2\" style=\"color: #8c9db3;\"><\/i>P\u00e1ginas<\/small>\n        <\/div>\n\n        <div class=\"col-12 col-sm-6 col-lg-5 border-bottom pb-2\">\n            <small class=\"text-muted\">D\u00e9sde la p\u00e1gina 21, hasta la p\u00e1gina 44<\/small>\n        <\/div>\n\n        <div class=\"col-12 col-sm-6 col-lg-2 border-bottom pb-2\">\n            <small><i class=\"fas fa-solid fa-language fa-fw me-2\" style=\"color: #8c9db3;\"><\/i>Idioma<\/small>\n        <\/div>\n\n        <div class=\"col-12 col-sm-6 col-lg-3 border-bottom pb-2\">\n            <small class=\"text-muted\">Ingl\u00e9s<\/small>\n        <\/div>\n\n        <div class=\"col-12 col-sm-6 col-lg-2 border-bottom pb-2\">\n            <small><i class=\"fas fa-solid fa-newspaper fa-fw me-2\" style=\"color: #8c9db3;\"><\/i>Editorial<\/small>\n        <\/div>\n\n        <div class=\"col-12 col-sm-6 col-lg-5 border-bottom pb-2\">\n            <small class=\"text-muted\">Springer Nature<\/small>\n        <\/div>\n\n        <div class=\"col-12 col-sm-6 col-lg-2 border-bottom pb-2\">\n            <small><i class=\"fas fa-solid fa-user-pen fa-fw me-2\" style=\"color: #8c9db3;\"><\/i>Editores<\/small>\n        <\/div>\n\n        <div class=\"col-12 col-sm-6 col-lg-10 border-bottom pb-2\">\n            <small class=\"text-muted\"><\/small>\n        <\/div>\n\n        <div class=\"col-12 col-sm-6 col-lg-2\">\n            <small><i class=\"fas fa-solid fa-signature fa-fw me-2\" style=\"color: #8c9db3;\"><\/i>Autores<\/small>\n        <\/div>\n\n        <div class=\"col-12 col-sm-6 col-lg-10\">\n            <small class=\"text-muted\">Virgilio Gavicho<\/small>\n        <\/div>\n    <\/div><span class=\"caption-field-publish\"><\/span><\/div><\/div><\/div><\/div><\/div><div class=\"  circle--pattern-bottom-large col-sm-12 col-md-12 img-article\"><div class=\"holder-publish col-md-12\" style=\"border-bottom: 1px solid #B8B8B8\"><div class=\"content-holder h-100 component-border overflow-hidden row m-0 p-4 aling-items-center\"><ul class=\"p-0 list-style-none\"><li class=\"p-0 me-2\"><i class=\"fas fa-solid fa-book fa-fw\"><\/i> Secondary Metabolites and Volatiles of PGPR in Plant-Growth Promotion<\/li><li class=\"p-0 me-2\"><i class=\"fas fa-solid fa-calendar fa-fw\"><\/i> 2022<\/li><\/ul><div class=\"caption col-12 p-0 col-md-12 row m-0 align-items-center\"><div class=\"px-md-1\">    <h3 class=\"fw-medium m-0 small-space pt-2 pb-2 title-ss text-decoration-none border-bottom\">The Role of PGPR-Secondary Metabolites on Plant Photosynthesis<\/h3>\n\n    <div class=\"mt-0 row g-3\">\n        \n        <div class=\"col-12 col-sm-6 col-lg-2 border-bottom pb-2\">\n            <small><i class=\"fas fa-solid fa-barcode fa-fw me-2\" style=\"color: #8c9db3;\"><\/i>ISBN<\/small>\n        <\/div>\n\n        <div class=\"col-12 col-sm-6 col-lg-3 border-bottom pb-2\">\n            <small class=\"text-muted\"><\/small>\n        <\/div>\n\n        <div class=\"col-12 col-sm-6 col-lg-2 border-bottom pb-2\">\n            <small><i class=\"fas fa-solid fa-file fa-fw me-2\" style=\"color: #8c9db3;\"><\/i>P\u00e1ginas<\/small>\n        <\/div>\n\n        <div class=\"col-12 col-sm-6 col-lg-5 border-bottom pb-2\">\n            <small class=\"text-muted\">D\u00e9sde la p\u00e1gina 45, hasta la p\u00e1gina 57<\/small>\n        <\/div>\n\n        <div class=\"col-12 col-sm-6 col-lg-2 border-bottom pb-2\">\n            <small><i class=\"fas fa-solid fa-language fa-fw me-2\" style=\"color: #8c9db3;\"><\/i>Idioma<\/small>\n        <\/div>\n\n        <div class=\"col-12 col-sm-6 col-lg-3 border-bottom pb-2\">\n            <small class=\"text-muted\"><\/small>\n        <\/div>\n\n        <div class=\"col-12 col-sm-6 col-lg-2 border-bottom pb-2\">\n            <small><i class=\"fas fa-solid fa-newspaper fa-fw me-2\" style=\"color: #8c9db3;\"><\/i>Editorial<\/small>\n        <\/div>\n\n        <div class=\"col-12 col-sm-6 col-lg-5 border-bottom pb-2\">\n            <small class=\"text-muted\">Springer Nature<\/small>\n        <\/div>\n\n        <div class=\"col-12 col-sm-6 col-lg-2 border-bottom pb-2\">\n            <small><i class=\"fas fa-solid fa-user-pen fa-fw me-2\" style=\"color: #8c9db3;\"><\/i>Editores<\/small>\n        <\/div>\n\n        <div class=\"col-12 col-sm-6 col-lg-10 border-bottom pb-2\">\n            <small class=\"text-muted\"><\/small>\n        <\/div>\n\n        <div class=\"col-12 col-sm-6 col-lg-2\">\n            <small><i class=\"fas fa-solid fa-signature fa-fw me-2\" style=\"color: #8c9db3;\"><\/i>Autores<\/small>\n        <\/div>\n\n        <div class=\"col-12 col-sm-6 col-lg-10\">\n            <small class=\"text-muted\">Virgilio Gavicho<\/small>\n        <\/div>\n    <\/div><span class=\"caption-field-publish\"><\/span><\/div><\/div><\/div><\/div><\/div><div class=\"  circle--pattern-bottom-large col-sm-12 col-md-12 img-article\"><div class=\"holder-publish col-md-12\" style=\"border-bottom: 1px solid #B8B8B8\"><div class=\"content-holder h-100 component-border overflow-hidden row m-0 p-4 aling-items-center\"><ul class=\"p-0 list-style-none\"><li class=\"p-0 me-2\"><i class=\"fas fa-solid fa-book fa-fw\"><\/i> VIGILANTISMO EN  AM\u00c9RICA LATINA VIOLENCIAS COLECTIVAS, APROPIACIONES  DE LA JUSTICIA Y DESAF\u00cdOS A LA SEGURIDAD  P\u00daBLICA<\/li><li class=\"p-0 me-2\"><i class=\"fas fa-solid fa-calendar fa-fw\"><\/i> 2022<\/li><\/ul><div class=\"caption col-12 p-0 col-md-12 row m-0 align-items-center\"><div class=\"px-md-1\">    <h3 class=\"fw-medium m-0 small-space pt-2 pb-2 title-ss text-decoration-none border-bottom\">Introducci\u00f3n. Violencias y Estado en Am\u00e9rica Latina: los debates sobre  el vigilantismo<\/h3>\n\n    <div class=\"mt-0 row g-3\">\n        \n        <div class=\"col-12 col-sm-6 col-lg-2 border-bottom pb-2\">\n            <small><i class=\"fas fa-solid fa-barcode fa-fw me-2\" style=\"color: #8c9db3;\"><\/i>ISBN<\/small>\n        <\/div>\n\n        <div class=\"col-12 col-sm-6 col-lg-3 border-bottom pb-2\">\n            <small class=\"text-muted\">978-987-813-308-9<\/small>\n        <\/div>\n\n        <div class=\"col-12 col-sm-6 col-lg-2 border-bottom pb-2\">\n            <small><i class=\"fas fa-solid fa-file fa-fw me-2\" style=\"color: #8c9db3;\"><\/i>P\u00e1ginas<\/small>\n        <\/div>\n\n        <div class=\"col-12 col-sm-6 col-lg-5 border-bottom pb-2\">\n            <small class=\"text-muted\">D\u00e9sde la p\u00e1gina 11, hasta la p\u00e1gina 30<\/small>\n        <\/div>\n\n        <div class=\"col-12 col-sm-6 col-lg-2 border-bottom pb-2\">\n            <small><i class=\"fas fa-solid fa-language fa-fw me-2\" style=\"color: #8c9db3;\"><\/i>Idioma<\/small>\n        <\/div>\n\n        <div class=\"col-12 col-sm-6 col-lg-3 border-bottom pb-2\">\n            <small class=\"text-muted\">Espa\u00f1ol<\/small>\n        <\/div>\n\n        <div class=\"col-12 col-sm-6 col-lg-2 border-bottom pb-2\">\n            <small><i class=\"fas fa-solid fa-newspaper fa-fw me-2\" style=\"color: #8c9db3;\"><\/i>Editorial<\/small>\n        <\/div>\n\n        <div class=\"col-12 col-sm-6 col-lg-5 border-bottom pb-2\">\n            <small class=\"text-muted\">CLACSO BUAP<\/small>\n        <\/div>\n\n        <div class=\"col-12 col-sm-6 col-lg-2 border-bottom pb-2\">\n            <small><i class=\"fas fa-solid fa-user-pen fa-fw me-2\" style=\"color: #8c9db3;\"><\/i>Editores<\/small>\n        <\/div>\n\n        <div class=\"col-12 col-sm-6 col-lg-10 border-bottom pb-2\">\n            <small class=\"text-muted\">CLACSO; BUAP<\/small>\n        <\/div>\n\n        <div class=\"col-12 col-sm-6 col-lg-2\">\n            <small><i class=\"fas fa-solid fa-signature fa-fw me-2\" style=\"color: #8c9db3;\"><\/i>Autores<\/small>\n        <\/div>\n\n        <div class=\"col-12 col-sm-6 col-lg-10\">\n            <small class=\"text-muted\">Loreto Francisca Quiroz Rojas<\/small>\n        <\/div>\n    <\/div><span class=\"caption-field-publish\"><\/span><\/div><\/div><\/div><\/div><\/div><div class=\"  circle--pattern-bottom-large col-sm-12 col-md-12 img-article\"><div class=\"holder-publish col-md-12\" style=\"border-bottom: 1px solid #B8B8B8\"><div class=\"content-holder h-100 component-border overflow-hidden row m-0 p-4 aling-items-center\"><ul class=\"p-0 list-style-none\"><li class=\"p-0 me-2\"><i class=\"fas fa-solid fa-book fa-fw\"><\/i> VIGILANTISMO EN  AM\u00c9RICA LATINA VIOLENCIAS COLECTIVAS, APROPIACIONES  DE LA JUSTICIA Y DESAF\u00cdOS A LA SEGURIDAD  P\u00daBLICA<\/li><li class=\"p-0 me-2\"><i class=\"fas fa-solid fa-calendar fa-fw\"><\/i> 2022<\/li><\/ul><div class=\"caption col-12 p-0 col-md-12 row m-0 align-items-center\"><div class=\"px-md-1\">    <h3 class=\"fw-medium m-0 small-space pt-2 pb-2 title-ss text-decoration-none border-bottom\">Legitimidad del derecho y linchamientos: Los casos de Argentina y Chile<\/h3>\n\n    <div class=\"mt-0 row g-3\">\n        \n        <div class=\"col-12 col-sm-6 col-lg-2 border-bottom pb-2\">\n            <small><i class=\"fas fa-solid fa-barcode fa-fw me-2\" style=\"color: #8c9db3;\"><\/i>ISBN<\/small>\n        <\/div>\n\n        <div class=\"col-12 col-sm-6 col-lg-3 border-bottom pb-2\">\n            <small class=\"text-muted\">978-987-813-308-9<\/small>\n        <\/div>\n\n        <div class=\"col-12 col-sm-6 col-lg-2 border-bottom pb-2\">\n            <small><i class=\"fas fa-solid fa-file fa-fw me-2\" style=\"color: #8c9db3;\"><\/i>P\u00e1ginas<\/small>\n        <\/div>\n\n        <div class=\"col-12 col-sm-6 col-lg-5 border-bottom pb-2\">\n            <small class=\"text-muted\">D\u00e9sde la p\u00e1gina 81, hasta la p\u00e1gina 107<\/small>\n        <\/div>\n\n        <div class=\"col-12 col-sm-6 col-lg-2 border-bottom pb-2\">\n            <small><i class=\"fas fa-solid fa-language fa-fw me-2\" style=\"color: #8c9db3;\"><\/i>Idioma<\/small>\n        <\/div>\n\n        <div class=\"col-12 col-sm-6 col-lg-3 border-bottom pb-2\">\n            <small class=\"text-muted\">Espa\u00f1ol<\/small>\n        <\/div>\n\n        <div class=\"col-12 col-sm-6 col-lg-2 border-bottom pb-2\">\n            <small><i class=\"fas fa-solid fa-newspaper fa-fw me-2\" style=\"color: #8c9db3;\"><\/i>Editorial<\/small>\n        <\/div>\n\n        <div class=\"col-12 col-sm-6 col-lg-5 border-bottom pb-2\">\n            <small class=\"text-muted\">CLACSO; BUAP<\/small>\n        <\/div>\n\n        <div class=\"col-12 col-sm-6 col-lg-2 border-bottom pb-2\">\n            <small><i class=\"fas fa-solid fa-user-pen fa-fw me-2\" style=\"color: #8c9db3;\"><\/i>Editores<\/small>\n        <\/div>\n\n        <div class=\"col-12 col-sm-6 col-lg-10 border-bottom pb-2\">\n            <small class=\"text-muted\">CLACSO; BUAP<\/small>\n        <\/div>\n\n        <div class=\"col-12 col-sm-6 col-lg-2\">\n            <small><i class=\"fas fa-solid fa-signature fa-fw me-2\" style=\"color: #8c9db3;\"><\/i>Autores<\/small>\n        <\/div>\n\n        <div class=\"col-12 col-sm-6 col-lg-10\">\n            <small class=\"text-muted\">Loreto Francisca Quiroz Rojas<\/small>\n        <\/div>\n    <\/div><span class=\"caption-field-publish\"><\/span><\/div><\/div><\/div><\/div><\/div><div class=\"  circle--pattern-bottom-large col-sm-12 col-md-12 img-article\"><div class=\"holder-publish col-md-12\" style=\"border-bottom: 1px solid #B8B8B8\"><div class=\"content-holder h-100 component-border overflow-hidden row m-0 p-4 aling-items-center\"><ul class=\"p-0 list-style-none\"><li class=\"p-0 me-2\"><i class=\"fas fa-solid fa-book fa-fw\"><\/i> La conflictividad social en la historia reciente. Estudios sociohist\u00f3ricos entre lo local y lo regional<\/li><li class=\"p-0 me-2\"><i class=\"fas fa-solid fa-calendar fa-fw\"><\/i> 2022<\/li><\/ul><div class=\"caption col-12 p-0 col-md-12 row m-0 align-items-center\"><div class=\"px-md-1\">    <h3 class=\"fw-medium m-0 small-space pt-2 pb-2 title-ss text-decoration-none border-bottom\">Formas de las acciones colectivas de violencia punitiva en la Argentina reciente. El fen\u00f3meno del linchamiento y sus implicancias en las potestades punitivas<\/h3>\n\n    <div class=\"mt-0 row g-3\">\n        \n        <div class=\"col-12 col-sm-6 col-lg-2 border-bottom pb-2\">\n            <small><i class=\"fas fa-solid fa-barcode fa-fw me-2\" style=\"color: #8c9db3;\"><\/i>ISBN<\/small>\n        <\/div>\n\n        <div class=\"col-12 col-sm-6 col-lg-3 border-bottom pb-2\">\n            <small class=\"text-muted\"><\/small>\n        <\/div>\n\n        <div class=\"col-12 col-sm-6 col-lg-2 border-bottom pb-2\">\n            <small><i class=\"fas fa-solid fa-file fa-fw me-2\" style=\"color: #8c9db3;\"><\/i>P\u00e1ginas<\/small>\n        <\/div>\n\n        <div class=\"col-12 col-sm-6 col-lg-5 border-bottom pb-2\">\n            <small class=\"text-muted\">D\u00e9sde la p\u00e1gina , hasta la p\u00e1gina <\/small>\n        <\/div>\n\n        <div class=\"col-12 col-sm-6 col-lg-2 border-bottom pb-2\">\n            <small><i class=\"fas fa-solid fa-language fa-fw me-2\" style=\"color: #8c9db3;\"><\/i>Idioma<\/small>\n        <\/div>\n\n        <div class=\"col-12 col-sm-6 col-lg-3 border-bottom pb-2\">\n            <small class=\"text-muted\">Espa\u00f1ol<\/small>\n        <\/div>\n\n        <div class=\"col-12 col-sm-6 col-lg-2 border-bottom pb-2\">\n            <small><i class=\"fas fa-solid fa-newspaper fa-fw me-2\" style=\"color: #8c9db3;\"><\/i>Editorial<\/small>\n        <\/div>\n\n        <div class=\"col-12 col-sm-6 col-lg-5 border-bottom pb-2\">\n            <small class=\"text-muted\">TeseoPress<\/small>\n        <\/div>\n\n        <div class=\"col-12 col-sm-6 col-lg-2 border-bottom pb-2\">\n            <small><i class=\"fas fa-solid fa-user-pen fa-fw me-2\" style=\"color: #8c9db3;\"><\/i>Editores<\/small>\n        <\/div>\n\n        <div class=\"col-12 col-sm-6 col-lg-10 border-bottom pb-2\">\n            <small class=\"text-muted\">Guillermina Laitano,  Agust\u00edn Nieto<\/small>\n        <\/div>\n\n        <div class=\"col-12 col-sm-6 col-lg-2\">\n            <small><i class=\"fas fa-solid fa-signature fa-fw me-2\" style=\"color: #8c9db3;\"><\/i>Autores<\/small>\n        <\/div>\n\n        <div class=\"col-12 col-sm-6 col-lg-10\">\n            <small class=\"text-muted\">Loreto Francisca Quiroz Rojas, Leandro Gonz\u00e1lez, Juan Ladeuix<\/small>\n        <\/div>\n    <\/div><span class=\"caption-field-publish\"><\/span><\/div><\/div><\/div><\/div><\/div><div class=\"  circle--pattern-bottom-large col-sm-12 col-md-12 img-article\"><div class=\"holder-publish col-md-12\" style=\"border-bottom: 1px solid #B8B8B8\"><div class=\"content-holder h-100 component-border overflow-hidden row m-0 p-4 aling-items-center\"><ul class=\"p-0 list-style-none\"><li class=\"p-0 me-2\"><i class=\"fas fa-solid fa-book fa-fw\"><\/i> MEDICINA Y CIENCIAS APLICADAS AL F\u00daTBOL. CONMEBOL.<\/li><li class=\"p-0 me-2\"><i class=\"fas fa-solid fa-calendar fa-fw\"><\/i> 2022<\/li><\/ul><div class=\"caption col-12 p-0 col-md-12 row m-0 align-items-center\"><div class=\"px-md-1\">    <h3 class=\"fw-medium m-0 small-space pt-2 pb-2 title-ss text-decoration-none border-bottom\">Demandas bioenerg\u00e9ticas.<\/h3>\n\n    <div class=\"mt-0 row g-3\">\n        \n        <div class=\"col-12 col-sm-6 col-lg-2 border-bottom pb-2\">\n            <small><i class=\"fas fa-solid fa-barcode fa-fw me-2\" style=\"color: #8c9db3;\"><\/i>ISBN<\/small>\n        <\/div>\n\n        <div class=\"col-12 col-sm-6 col-lg-3 border-bottom pb-2\">\n            <small class=\"text-muted\"><\/small>\n        <\/div>\n\n        <div class=\"col-12 col-sm-6 col-lg-2 border-bottom pb-2\">\n            <small><i class=\"fas fa-solid fa-file fa-fw me-2\" style=\"color: #8c9db3;\"><\/i>P\u00e1ginas<\/small>\n        <\/div>\n\n        <div class=\"col-12 col-sm-6 col-lg-5 border-bottom pb-2\">\n            <small class=\"text-muted\">D\u00e9sde la p\u00e1gina , hasta la p\u00e1gina <\/small>\n        <\/div>\n\n        <div class=\"col-12 col-sm-6 col-lg-2 border-bottom pb-2\">\n            <small><i class=\"fas fa-solid fa-language fa-fw me-2\" style=\"color: #8c9db3;\"><\/i>Idioma<\/small>\n        <\/div>\n\n        <div class=\"col-12 col-sm-6 col-lg-3 border-bottom pb-2\">\n            <small class=\"text-muted\">Espa\u00f1ol<\/small>\n        <\/div>\n\n        <div class=\"col-12 col-sm-6 col-lg-2 border-bottom pb-2\">\n            <small><i class=\"fas fa-solid fa-newspaper fa-fw me-2\" style=\"color: #8c9db3;\"><\/i>Editorial<\/small>\n        <\/div>\n\n        <div class=\"col-12 col-sm-6 col-lg-5 border-bottom pb-2\">\n            <small class=\"text-muted\">Mediterraneo<\/small>\n        <\/div>\n\n        <div class=\"col-12 col-sm-6 col-lg-2 border-bottom pb-2\">\n            <small><i class=\"fas fa-solid fa-user-pen fa-fw me-2\" style=\"color: #8c9db3;\"><\/i>Editores<\/small>\n        <\/div>\n\n        <div class=\"col-12 col-sm-6 col-lg-10 border-bottom pb-2\">\n            <small class=\"text-muted\">Roberto Ya\u00f1ez, Sandra Mahecha<\/small>\n        <\/div>\n\n        <div class=\"col-12 col-sm-6 col-lg-2\">\n            <small><i class=\"fas fa-solid fa-signature fa-fw me-2\" style=\"color: #8c9db3;\"><\/i>Autores<\/small>\n        <\/div>\n\n        <div class=\"col-12 col-sm-6 col-lg-10\">\n            <small class=\"text-muted\">Carlos Andr\u00e9s Sep\u00falveda Guzm\u00e1n, Ignacio Orizola-C\u00e1ceres<\/small>\n        <\/div>\n    <\/div><span class=\"caption-field-publish\"><\/span><\/div><\/div><\/div><\/div><\/div><div class=\"  circle--pattern-bottom-large col-sm-12 col-md-12 img-article\"><div class=\"holder-publish col-md-12\" style=\"border-bottom: 1px solid #B8B8B8\"><div class=\"content-holder h-100 component-border overflow-hidden row m-0 p-4 aling-items-center\"><ul class=\"p-0 list-style-none\"><li class=\"p-0 me-2\"><i class=\"fas fa-solid fa-book fa-fw\"><\/i> MEDICINA Y CIENCIAS APLICADAS AL F\u00daTBOL. CONMEBOL.<\/li><li class=\"p-0 me-2\"><i class=\"fas fa-solid fa-calendar fa-fw\"><\/i> 2022<\/li><\/ul><div class=\"caption col-12 p-0 col-md-12 row m-0 align-items-center\"><div class=\"px-md-1\">    <h3 class=\"fw-medium m-0 small-space pt-2 pb-2 title-ss text-decoration-none border-bottom\">Evaluaci\u00f3n b\u00e1sica y avanzada en el f\u00fatbol.<\/h3>\n\n    <div class=\"mt-0 row g-3\">\n        \n        <div class=\"col-12 col-sm-6 col-lg-2 border-bottom pb-2\">\n            <small><i class=\"fas fa-solid fa-barcode fa-fw me-2\" style=\"color: #8c9db3;\"><\/i>ISBN<\/small>\n        <\/div>\n\n        <div class=\"col-12 col-sm-6 col-lg-3 border-bottom pb-2\">\n            <small class=\"text-muted\"><\/small>\n        <\/div>\n\n        <div class=\"col-12 col-sm-6 col-lg-2 border-bottom pb-2\">\n            <small><i class=\"fas fa-solid fa-file fa-fw me-2\" style=\"color: #8c9db3;\"><\/i>P\u00e1ginas<\/small>\n        <\/div>\n\n        <div class=\"col-12 col-sm-6 col-lg-5 border-bottom pb-2\">\n            <small class=\"text-muted\">D\u00e9sde la p\u00e1gina , hasta la p\u00e1gina <\/small>\n        <\/div>\n\n        <div class=\"col-12 col-sm-6 col-lg-2 border-bottom pb-2\">\n            <small><i class=\"fas fa-solid fa-language fa-fw me-2\" style=\"color: #8c9db3;\"><\/i>Idioma<\/small>\n        <\/div>\n\n        <div class=\"col-12 col-sm-6 col-lg-3 border-bottom pb-2\">\n            <small class=\"text-muted\">Espa\u00f1ol<\/small>\n        <\/div>\n\n        <div class=\"col-12 col-sm-6 col-lg-2 border-bottom pb-2\">\n            <small><i class=\"fas fa-solid fa-newspaper fa-fw me-2\" style=\"color: #8c9db3;\"><\/i>Editorial<\/small>\n        <\/div>\n\n        <div class=\"col-12 col-sm-6 col-lg-5 border-bottom pb-2\">\n            <small class=\"text-muted\">Mediterraneo<\/small>\n        <\/div>\n\n        <div class=\"col-12 col-sm-6 col-lg-2 border-bottom pb-2\">\n            <small><i class=\"fas fa-solid fa-user-pen fa-fw me-2\" style=\"color: #8c9db3;\"><\/i>Editores<\/small>\n        <\/div>\n\n        <div class=\"col-12 col-sm-6 col-lg-10 border-bottom pb-2\">\n            <small class=\"text-muted\">Roberto Ya\u00f1ez, Sandra Mahecha<\/small>\n        <\/div>\n\n        <div class=\"col-12 col-sm-6 col-lg-2\">\n            <small><i class=\"fas fa-solid fa-signature fa-fw me-2\" style=\"color: #8c9db3;\"><\/i>Autores<\/small>\n        <\/div>\n\n        <div class=\"col-12 col-sm-6 col-lg-10\">\n            <small class=\"text-muted\">Roberto Meneses-Vald\u00e9s, Carlos Andr\u00e9s Sep\u00falveda Guzm\u00e1n<\/small>\n        <\/div>\n    <\/div><span class=\"caption-field-publish\"><\/span><\/div><\/div><\/div><\/div><\/div><div class=\"  circle--pattern-bottom-large col-sm-12 col-md-12 img-article\"><div class=\"holder-publish col-md-12\" style=\"border-bottom: 1px solid #B8B8B8\"><div class=\"content-holder h-100 component-border overflow-hidden row m-0 p-4 aling-items-center\"><ul class=\"p-0 list-style-none\"><li class=\"p-0 me-2\"><i class=\"fas fa-solid fa-book fa-fw\"><\/i> Estado, poblamientos y estructura social: Uruguay desde la colonia al siglo XX<\/li><li class=\"p-0 me-2\"><i class=\"fas fa-solid fa-calendar fa-fw\"><\/i> 2022<\/li><\/ul><div class=\"caption col-12 p-0 col-md-12 row m-0 align-items-center\"><div class=\"px-md-1\">    <h3 class=\"fw-medium m-0 small-space pt-2 pb-2 title-ss text-decoration-none border-bottom\">Localidades corporativas<\/h3>\n\n    <div class=\"mt-0 row g-3\">\n        \n        <div class=\"col-12 col-sm-6 col-lg-2 border-bottom pb-2\">\n            <small><i class=\"fas fa-solid fa-barcode fa-fw me-2\" style=\"color: #8c9db3;\"><\/i>ISBN<\/small>\n        <\/div>\n\n        <div class=\"col-12 col-sm-6 col-lg-3 border-bottom pb-2\">\n            <small class=\"text-muted\"><\/small>\n        <\/div>\n\n        <div class=\"col-12 col-sm-6 col-lg-2 border-bottom pb-2\">\n            <small><i class=\"fas fa-solid fa-file fa-fw me-2\" style=\"color: #8c9db3;\"><\/i>P\u00e1ginas<\/small>\n        <\/div>\n\n        <div class=\"col-12 col-sm-6 col-lg-5 border-bottom pb-2\">\n            <small class=\"text-muted\">D\u00e9sde la p\u00e1gina , hasta la p\u00e1gina <\/small>\n        <\/div>\n\n        <div class=\"col-12 col-sm-6 col-lg-2 border-bottom pb-2\">\n            <small><i class=\"fas fa-solid fa-language fa-fw me-2\" style=\"color: #8c9db3;\"><\/i>Idioma<\/small>\n        <\/div>\n\n        <div class=\"col-12 col-sm-6 col-lg-3 border-bottom pb-2\">\n            <small class=\"text-muted\">Espa\u00f1ol<\/small>\n        <\/div>\n\n        <div class=\"col-12 col-sm-6 col-lg-2 border-bottom pb-2\">\n            <small><i class=\"fas fa-solid fa-newspaper fa-fw me-2\" style=\"color: #8c9db3;\"><\/i>Editorial<\/small>\n        <\/div>\n\n        <div class=\"col-12 col-sm-6 col-lg-5 border-bottom pb-2\">\n            <small class=\"text-muted\">N\u00facleo de Estudios Interdisciplinarios sobre Sociedad Educaci\u00f3n y Lenguaje en Frontera (NEISELF)\/ CENUR Noreste, Univesridad de la Rep\u00fablica<\/small>\n        <\/div>\n\n        <div class=\"col-12 col-sm-6 col-lg-2 border-bottom pb-2\">\n            <small><i class=\"fas fa-solid fa-user-pen fa-fw me-2\" style=\"color: #8c9db3;\"><\/i>Editores<\/small>\n        <\/div>\n\n        <div class=\"col-12 col-sm-6 col-lg-10 border-bottom pb-2\">\n            <small class=\"text-muted\">T. Fern\u00e1ndez, S. Vanoli, & A.  Wilkins<\/small>\n        <\/div>\n\n        <div class=\"col-12 col-sm-6 col-lg-2\">\n            <small><i class=\"fas fa-solid fa-signature fa-fw me-2\" style=\"color: #8c9db3;\"><\/i>Autores<\/small>\n        <\/div>\n\n        <div class=\"col-12 col-sm-6 col-lg-10\">\n            <small class=\"text-muted\">Sof\u00eda Vanoli, Gabriela Andrea Guevara Cue<\/small>\n        <\/div>\n    <\/div><span class=\"caption-field-publish\"><\/span><\/div><\/div><\/div><\/div><\/div><div class=\"  circle--pattern-bottom-large col-sm-12 col-md-12 img-article\"><div class=\"holder-publish col-md-12\" style=\"border-bottom: 1px solid #B8B8B8\"><div class=\"content-holder h-100 component-border overflow-hidden row m-0 p-4 aling-items-center\"><ul class=\"p-0 list-style-none\"><li class=\"p-0 me-2\"><i class=\"fas fa-solid fa-book fa-fw\"><\/i> Ser madre es un placer<\/li><li class=\"p-0 me-2\"><i class=\"fas fa-solid fa-calendar fa-fw\"><\/i> 2022<\/li><\/ul><div class=\"caption col-12 p-0 col-md-12 row m-0 align-items-center\"><div class=\"px-md-1\">    <h3 class=\"fw-medium m-0 small-space pt-2 pb-2 title-ss text-decoration-none border-bottom\">Retratos y relatos sobre la relaci\u00f3n materna en pandemia. El saber relacional de la urgencia<\/h3>\n\n    <div class=\"mt-0 row g-3\">\n        \n        <div class=\"col-12 col-sm-6 col-lg-2 border-bottom pb-2\">\n            <small><i class=\"fas fa-solid fa-barcode fa-fw me-2\" style=\"color: #8c9db3;\"><\/i>ISBN<\/small>\n        <\/div>\n\n        <div class=\"col-12 col-sm-6 col-lg-3 border-bottom pb-2\">\n            <small class=\"text-muted\"><\/small>\n        <\/div>\n\n        <div class=\"col-12 col-sm-6 col-lg-2 border-bottom pb-2\">\n            <small><i class=\"fas fa-solid fa-file fa-fw me-2\" style=\"color: #8c9db3;\"><\/i>P\u00e1ginas<\/small>\n        <\/div>\n\n        <div class=\"col-12 col-sm-6 col-lg-5 border-bottom pb-2\">\n            <small class=\"text-muted\">D\u00e9sde la p\u00e1gina 224, hasta la p\u00e1gina 240<\/small>\n        <\/div>\n\n        <div class=\"col-12 col-sm-6 col-lg-2 border-bottom pb-2\">\n            <small><i class=\"fas fa-solid fa-language fa-fw me-2\" style=\"color: #8c9db3;\"><\/i>Idioma<\/small>\n        <\/div>\n\n        <div class=\"col-12 col-sm-6 col-lg-3 border-bottom pb-2\">\n            <small class=\"text-muted\">Espa\u00f1ol<\/small>\n        <\/div>\n\n        <div class=\"col-12 col-sm-6 col-lg-2 border-bottom pb-2\">\n            <small><i class=\"fas fa-solid fa-newspaper fa-fw me-2\" style=\"color: #8c9db3;\"><\/i>Editorial<\/small>\n        <\/div>\n\n        <div class=\"col-12 col-sm-6 col-lg-5 border-bottom pb-2\">\n            <small class=\"text-muted\">Icaria<\/small>\n        <\/div>\n\n        <div class=\"col-12 col-sm-6 col-lg-2 border-bottom pb-2\">\n            <small><i class=\"fas fa-solid fa-user-pen fa-fw me-2\" style=\"color: #8c9db3;\"><\/i>Editores<\/small>\n        <\/div>\n\n        <div class=\"col-12 col-sm-6 col-lg-10 border-bottom pb-2\">\n            <small class=\"text-muted\"><\/small>\n        <\/div>\n\n        <div class=\"col-12 col-sm-6 col-lg-2\">\n            <small><i class=\"fas fa-solid fa-signature fa-fw me-2\" style=\"color: #8c9db3;\"><\/i>Autores<\/small>\n        <\/div>\n\n        <div class=\"col-12 col-sm-6 col-lg-10\">\n            <small class=\"text-muted\">Mar\u00eda Rosario de Lourdes Garc\u00eda-Huidobro Munita<\/small>\n        <\/div>\n    <\/div><span class=\"caption-field-publish\"><\/span><\/div><\/div><\/div><\/div><\/div><div class=\"  circle--pattern-bottom-large col-sm-12 col-md-12 img-article\"><div class=\"holder-publish col-md-12\" style=\"border-bottom: 1px solid #B8B8B8\"><div class=\"content-holder h-100 component-border overflow-hidden row m-0 p-4 aling-items-center\"><ul class=\"p-0 list-style-none\"><li class=\"p-0 me-2\"><i class=\"fas fa-solid fa-book fa-fw\"><\/i> Estudios Interdisciplinarios para Investigar las Violaciones a los Derechos Humanos por Armas Menos Letales<\/li><li class=\"p-0 me-2\"><i class=\"fas fa-solid fa-calendar fa-fw\"><\/i> 2022<\/li><\/ul><div class=\"caption col-12 p-0 col-md-12 row m-0 align-items-center\"><div class=\"px-md-1\">    <h3 class=\"fw-medium m-0 small-space pt-2 pb-2 title-ss text-decoration-none border-bottom\">Historia fragmentaria de los Proyectiles de Impacto de Energ\u00eda Cin\u00e9tica: La relevancia de estudiar los medios<\/h3>\n\n    <div class=\"mt-0 row g-3\">\n        \n        <div class=\"col-12 col-sm-6 col-lg-2 border-bottom pb-2\">\n            <small><i class=\"fas fa-solid fa-barcode fa-fw me-2\" style=\"color: #8c9db3;\"><\/i>ISBN<\/small>\n        <\/div>\n\n        <div class=\"col-12 col-sm-6 col-lg-3 border-bottom pb-2\">\n            <small class=\"text-muted\">9788419226655<\/small>\n        <\/div>\n\n        <div class=\"col-12 col-sm-6 col-lg-2 border-bottom pb-2\">\n            <small><i class=\"fas fa-solid fa-file fa-fw me-2\" style=\"color: #8c9db3;\"><\/i>P\u00e1ginas<\/small>\n        <\/div>\n\n        <div class=\"col-12 col-sm-6 col-lg-5 border-bottom pb-2\">\n            <small class=\"text-muted\">D\u00e9sde la p\u00e1gina 21, hasta la p\u00e1gina 56<\/small>\n        <\/div>\n\n        <div class=\"col-12 col-sm-6 col-lg-2 border-bottom pb-2\">\n            <small><i class=\"fas fa-solid fa-language fa-fw me-2\" style=\"color: #8c9db3;\"><\/i>Idioma<\/small>\n        <\/div>\n\n        <div class=\"col-12 col-sm-6 col-lg-3 border-bottom pb-2\">\n            <small class=\"text-muted\">Espa\u00f1ol<\/small>\n        <\/div>\n\n        <div class=\"col-12 col-sm-6 col-lg-2 border-bottom pb-2\">\n            <small><i class=\"fas fa-solid fa-newspaper fa-fw me-2\" style=\"color: #8c9db3;\"><\/i>Editorial<\/small>\n        <\/div>\n\n        <div class=\"col-12 col-sm-6 col-lg-5 border-bottom pb-2\">\n            <small class=\"text-muted\">Tirant Lo Blanch - Valencia<\/small>\n        <\/div>\n\n        <div class=\"col-12 col-sm-6 col-lg-2 border-bottom pb-2\">\n            <small><i class=\"fas fa-solid fa-user-pen fa-fw me-2\" style=\"color: #8c9db3;\"><\/i>Editores<\/small>\n        <\/div>\n\n        <div class=\"col-12 col-sm-6 col-lg-10 border-bottom pb-2\">\n            <small class=\"text-muted\">Javier Vel\u00e1squez, Rocio S\u00e1nchez, Isabel Severin, Pietro Sferrazza<\/small>\n        <\/div>\n\n        <div class=\"col-12 col-sm-6 col-lg-2\">\n            <small><i class=\"fas fa-solid fa-signature fa-fw me-2\" style=\"color: #8c9db3;\"><\/i>Autores<\/small>\n        <\/div>\n\n        <div class=\"col-12 col-sm-6 col-lg-10\">\n            <small class=\"text-muted\">Javier Eduardo Vel\u00e1squez Valenzuela, Natalia Constanza Cabrera Morales, Alejandro Fern\u00e1ndez Jullian<\/small>\n        <\/div>\n    <\/div><span class=\"caption-field-publish\"><\/span><\/div><\/div><\/div><\/div><\/div><div class=\"  circle--pattern-bottom-large col-sm-12 col-md-12 img-article\"><div class=\"holder-publish col-md-12\" style=\"border-bottom: 1px solid #B8B8B8\"><div class=\"content-holder h-100 component-border overflow-hidden row m-0 p-4 aling-items-center\"><ul class=\"p-0 list-style-none\"><li class=\"p-0 me-2\"><i class=\"fas fa-solid fa-book fa-fw\"><\/i> Temas actuales de Derecho Penal y Procesal Penal a 20 a\u00f1os del inicio de la Reforma Procesal Penal<\/li><li class=\"p-0 me-2\"><i class=\"fas fa-solid fa-calendar fa-fw\"><\/i> 2022<\/li><\/ul><div class=\"caption col-12 p-0 col-md-12 row m-0 align-items-center\"><div class=\"px-md-1\">    <h3 class=\"fw-medium m-0 small-space pt-2 pb-2 title-ss text-decoration-none border-bottom\">\u00bfPeligro Procesal? Reflexiones sobre los fundamentos de la causal<\/h3>\n\n    <div class=\"mt-0 row g-3\">\n        \n        <div class=\"col-12 col-sm-6 col-lg-2 border-bottom pb-2\">\n            <small><i class=\"fas fa-solid fa-barcode fa-fw me-2\" style=\"color: #8c9db3;\"><\/i>ISBN<\/small>\n        <\/div>\n\n        <div class=\"col-12 col-sm-6 col-lg-3 border-bottom pb-2\">\n            <small class=\"text-muted\">9788411300360<\/small>\n        <\/div>\n\n        <div class=\"col-12 col-sm-6 col-lg-2 border-bottom pb-2\">\n            <small><i class=\"fas fa-solid fa-file fa-fw me-2\" style=\"color: #8c9db3;\"><\/i>P\u00e1ginas<\/small>\n        <\/div>\n\n        <div class=\"col-12 col-sm-6 col-lg-5 border-bottom pb-2\">\n            <small class=\"text-muted\">D\u00e9sde la p\u00e1gina 41, hasta la p\u00e1gina 63<\/small>\n        <\/div>\n\n        <div class=\"col-12 col-sm-6 col-lg-2 border-bottom pb-2\">\n            <small><i class=\"fas fa-solid fa-language fa-fw me-2\" style=\"color: #8c9db3;\"><\/i>Idioma<\/small>\n        <\/div>\n\n        <div class=\"col-12 col-sm-6 col-lg-3 border-bottom pb-2\">\n            <small class=\"text-muted\">Espa\u00f1ol<\/small>\n        <\/div>\n\n        <div class=\"col-12 col-sm-6 col-lg-2 border-bottom pb-2\">\n            <small><i class=\"fas fa-solid fa-newspaper fa-fw me-2\" style=\"color: #8c9db3;\"><\/i>Editorial<\/small>\n        <\/div>\n\n        <div class=\"col-12 col-sm-6 col-lg-5 border-bottom pb-2\">\n            <small class=\"text-muted\">Tirant Lo Blanch - Valencia<\/small>\n        <\/div>\n\n        <div class=\"col-12 col-sm-6 col-lg-2 border-bottom pb-2\">\n            <small><i class=\"fas fa-solid fa-user-pen fa-fw me-2\" style=\"color: #8c9db3;\"><\/i>Editores<\/small>\n        <\/div>\n\n        <div class=\"col-12 col-sm-6 col-lg-10 border-bottom pb-2\">\n            <small class=\"text-muted\">Javier Vel\u00e1squez Valenzuela, Alejandro Fern\u00e1ndez Jullian<\/small>\n        <\/div>\n\n        <div class=\"col-12 col-sm-6 col-lg-2\">\n            <small><i class=\"fas fa-solid fa-signature fa-fw me-2\" style=\"color: #8c9db3;\"><\/i>Autores<\/small>\n        <\/div>\n\n        <div class=\"col-12 col-sm-6 col-lg-10\">\n            <small class=\"text-muted\">Javier Eduardo Vel\u00e1squez Valenzuela, Nicol\u00e1s del Fierro Baraona, Nicol\u00e1s Bravo Correa<\/small>\n        <\/div>\n    <\/div><span class=\"caption-field-publish\"><\/span><\/div><\/div><\/div><\/div><\/div><div class=\"  circle--pattern-bottom-large col-sm-12 col-md-12 img-article\"><div class=\"holder-publish col-md-12\" style=\"border-bottom: 1px solid #B8B8B8\"><div class=\"content-holder h-100 component-border overflow-hidden row m-0 p-4 aling-items-center\"><ul class=\"p-0 list-style-none\"><li class=\"p-0 me-2\"><i class=\"fas fa-solid fa-book fa-fw\"><\/i> ELT research in action<\/li><li class=\"p-0 me-2\"><i class=\"fas fa-solid fa-calendar fa-fw\"><\/i> 2022<\/li><\/ul><div class=\"caption col-12 p-0 col-md-12 row m-0 align-items-center\"><div class=\"px-md-1\">    <h3 class=\"fw-medium m-0 small-space pt-2 pb-2 title-ss text-decoration-none border-bottom\">The use of captioned-video viewing to support the development of L2 reading skills<\/h3>\n\n    <div class=\"mt-0 row g-3\">\n        \n        <div class=\"col-12 col-sm-6 col-lg-2 border-bottom pb-2\">\n            <small><i class=\"fas fa-solid fa-barcode fa-fw me-2\" style=\"color: #8c9db3;\"><\/i>ISBN<\/small>\n        <\/div>\n\n        <div class=\"col-12 col-sm-6 col-lg-3 border-bottom pb-2\">\n            <small class=\"text-muted\">978-1-912588-46-6<\/small>\n        <\/div>\n\n        <div class=\"col-12 col-sm-6 col-lg-2 border-bottom pb-2\">\n            <small><i class=\"fas fa-solid fa-file fa-fw me-2\" style=\"color: #8c9db3;\"><\/i>P\u00e1ginas<\/small>\n        <\/div>\n\n        <div class=\"col-12 col-sm-6 col-lg-5 border-bottom pb-2\">\n            <small class=\"text-muted\">D\u00e9sde la p\u00e1gina 65, hasta la p\u00e1gina 69<\/small>\n        <\/div>\n\n        <div class=\"col-12 col-sm-6 col-lg-2 border-bottom pb-2\">\n            <small><i class=\"fas fa-solid fa-language fa-fw me-2\" style=\"color: #8c9db3;\"><\/i>Idioma<\/small>\n        <\/div>\n\n        <div class=\"col-12 col-sm-6 col-lg-3 border-bottom pb-2\">\n            <small class=\"text-muted\">Ingl\u00e9s<\/small>\n        <\/div>\n\n        <div class=\"col-12 col-sm-6 col-lg-2 border-bottom pb-2\">\n            <small><i class=\"fas fa-solid fa-newspaper fa-fw me-2\" style=\"color: #8c9db3;\"><\/i>Editorial<\/small>\n        <\/div>\n\n        <div class=\"col-12 col-sm-6 col-lg-5 border-bottom pb-2\">\n            <small class=\"text-muted\">IATEFL<\/small>\n        <\/div>\n\n        <div class=\"col-12 col-sm-6 col-lg-2 border-bottom pb-2\">\n            <small><i class=\"fas fa-solid fa-user-pen fa-fw me-2\" style=\"color: #8c9db3;\"><\/i>Editores<\/small>\n        <\/div>\n\n        <div class=\"col-12 col-sm-6 col-lg-10 border-bottom pb-2\">\n            <small class=\"text-muted\">J. Mackay, T. Wogan<\/small>\n        <\/div>\n\n        <div class=\"col-12 col-sm-6 col-lg-2\">\n            <small><i class=\"fas fa-solid fa-signature fa-fw me-2\" style=\"color: #8c9db3;\"><\/i>Autores<\/small>\n        <\/div>\n\n        <div class=\"col-12 col-sm-6 col-lg-10\">\n            <small class=\"text-muted\">Daniela Isabel Avello Garc\u00eda<\/small>\n        <\/div>\n    <\/div><span class=\"caption-field-publish\"><\/span><\/div><\/div><\/div><\/div><\/div><div class=\"  circle--pattern-bottom-large col-sm-12 col-md-12 img-article\"><div class=\"holder-publish col-md-12\" style=\"border-bottom: 1px solid #B8B8B8\"><div class=\"content-holder h-100 component-border overflow-hidden row m-0 p-4 aling-items-center\"><ul class=\"p-0 list-style-none\"><li class=\"p-0 me-2\"><i class=\"fas fa-solid fa-book fa-fw\"><\/i> LA FORMACI\u00d3N INICIAL DOCENTE DESDE LA INTERDISCIPLINARIEDAD EN CHILE<\/li><li class=\"p-0 me-2\"><i class=\"fas fa-solid fa-calendar fa-fw\"><\/i> 2022<\/li><\/ul><div class=\"caption col-12 p-0 col-md-12 row m-0 align-items-center\"><div class=\"px-md-1\">    <h3 class=\"fw-medium m-0 small-space pt-2 pb-2 title-ss text-decoration-none border-bottom\">Matem\u00e1tica en ciclo infantil en Chile: necesidad de coherencia entre pol\u00edticas p\u00fablicas y la investigaci\u00f3n basada en evidencias<\/h3>\n\n    <div class=\"mt-0 row g-3\">\n        \n        <div class=\"col-12 col-sm-6 col-lg-2 border-bottom pb-2\">\n            <small><i class=\"fas fa-solid fa-barcode fa-fw me-2\" style=\"color: #8c9db3;\"><\/i>ISBN<\/small>\n        <\/div>\n\n        <div class=\"col-12 col-sm-6 col-lg-3 border-bottom pb-2\">\n            <small class=\"text-muted\"><\/small>\n        <\/div>\n\n        <div class=\"col-12 col-sm-6 col-lg-2 border-bottom pb-2\">\n            <small><i class=\"fas fa-solid fa-file fa-fw me-2\" style=\"color: #8c9db3;\"><\/i>P\u00e1ginas<\/small>\n        <\/div>\n\n        <div class=\"col-12 col-sm-6 col-lg-5 border-bottom pb-2\">\n            <small class=\"text-muted\">D\u00e9sde la p\u00e1gina , hasta la p\u00e1gina <\/small>\n        <\/div>\n\n        <div class=\"col-12 col-sm-6 col-lg-2 border-bottom pb-2\">\n            <small><i class=\"fas fa-solid fa-language fa-fw me-2\" style=\"color: #8c9db3;\"><\/i>Idioma<\/small>\n        <\/div>\n\n        <div class=\"col-12 col-sm-6 col-lg-3 border-bottom pb-2\">\n            <small class=\"text-muted\">Espa\u00f1ol<\/small>\n        <\/div>\n\n        <div class=\"col-12 col-sm-6 col-lg-2 border-bottom pb-2\">\n            <small><i class=\"fas fa-solid fa-newspaper fa-fw me-2\" style=\"color: #8c9db3;\"><\/i>Editorial<\/small>\n        <\/div>\n\n        <div class=\"col-12 col-sm-6 col-lg-5 border-bottom pb-2\">\n            <small class=\"text-muted\">Editorial Universidad de Concepcion<\/small>\n        <\/div>\n\n        <div class=\"col-12 col-sm-6 col-lg-2 border-bottom pb-2\">\n            <small><i class=\"fas fa-solid fa-user-pen fa-fw me-2\" style=\"color: #8c9db3;\"><\/i>Editores<\/small>\n        <\/div>\n\n        <div class=\"col-12 col-sm-6 col-lg-10 border-bottom pb-2\">\n            <small class=\"text-muted\"><\/small>\n        <\/div>\n\n        <div class=\"col-12 col-sm-6 col-lg-2\">\n            <small><i class=\"fas fa-solid fa-signature fa-fw me-2\" style=\"color: #8c9db3;\"><\/i>Autores<\/small>\n        <\/div>\n\n        <div class=\"col-12 col-sm-6 col-lg-10\">\n            <small class=\"text-muted\">Gamal Abdel Cerda Etchepare, Carlos Eduardo Perez Wilson, Eugenio Chandia, Estivaliz Aragon, Manuel Aguilar, Jos\u00e9 Navarro Guzman<\/small>\n        <\/div>\n    <\/div><span class=\"caption-field-publish\"><\/span><\/div><\/div><\/div><\/div><\/div><div class=\"  circle--pattern-bottom-large col-sm-12 col-md-12 img-article\"><div class=\"holder-publish col-md-12\" style=\"border-bottom: 1px solid #B8B8B8\"><div class=\"content-holder h-100 component-border overflow-hidden row m-0 p-4 aling-items-center\"><ul class=\"p-0 list-style-none\"><li class=\"p-0 me-2\"><i class=\"fas fa-solid fa-book fa-fw\"><\/i> Investigaci\u00f3n en Educaci\u00f3n Matem\u00e1tica. Homenaje a los profesores Pablo Flores e Isidoro Segovia.<\/li><li class=\"p-0 me-2\"><i class=\"fas fa-solid fa-calendar fa-fw\"><\/i> 2022<\/li><\/ul><div class=\"caption col-12 p-0 col-md-12 row m-0 align-items-center\"><div class=\"px-md-1\">    <h3 class=\"fw-medium m-0 small-space pt-2 pb-2 title-ss text-decoration-none border-bottom\">Aportes te\u00f3ricos a la formaci\u00f3n de profesores desde tesis doctorales y su desarrollo en la educaci\u00f3n matem\u00e1tica en Chile<\/h3>\n\n    <div class=\"mt-0 row g-3\">\n        \n        <div class=\"col-12 col-sm-6 col-lg-2 border-bottom pb-2\">\n            <small><i class=\"fas fa-solid fa-barcode fa-fw me-2\" style=\"color: #8c9db3;\"><\/i>ISBN<\/small>\n        <\/div>\n\n        <div class=\"col-12 col-sm-6 col-lg-3 border-bottom pb-2\">\n            <small class=\"text-muted\">9788419312419<\/small>\n        <\/div>\n\n        <div class=\"col-12 col-sm-6 col-lg-2 border-bottom pb-2\">\n            <small><i class=\"fas fa-solid fa-file fa-fw me-2\" style=\"color: #8c9db3;\"><\/i>P\u00e1ginas<\/small>\n        <\/div>\n\n        <div class=\"col-12 col-sm-6 col-lg-5 border-bottom pb-2\">\n            <small class=\"text-muted\">D\u00e9sde la p\u00e1gina 329, hasta la p\u00e1gina 350<\/small>\n        <\/div>\n\n        <div class=\"col-12 col-sm-6 col-lg-2 border-bottom pb-2\">\n            <small><i class=\"fas fa-solid fa-language fa-fw me-2\" style=\"color: #8c9db3;\"><\/i>Idioma<\/small>\n        <\/div>\n\n        <div class=\"col-12 col-sm-6 col-lg-3 border-bottom pb-2\">\n            <small class=\"text-muted\">Espa\u00f1ol<\/small>\n        <\/div>\n\n        <div class=\"col-12 col-sm-6 col-lg-2 border-bottom pb-2\">\n            <small><i class=\"fas fa-solid fa-newspaper fa-fw me-2\" style=\"color: #8c9db3;\"><\/i>Editorial<\/small>\n        <\/div>\n\n        <div class=\"col-12 col-sm-6 col-lg-5 border-bottom pb-2\">\n            <small class=\"text-muted\">Octaedro<\/small>\n        <\/div>\n\n        <div class=\"col-12 col-sm-6 col-lg-2 border-bottom pb-2\">\n            <small><i class=\"fas fa-solid fa-user-pen fa-fw me-2\" style=\"color: #8c9db3;\"><\/i>Editores<\/small>\n        <\/div>\n\n        <div class=\"col-12 col-sm-6 col-lg-10 border-bottom pb-2\">\n            <small class=\"text-muted\"><\/small>\n        <\/div>\n\n        <div class=\"col-12 col-sm-6 col-lg-2\">\n            <small><i class=\"fas fa-solid fa-signature fa-fw me-2\" style=\"color: #8c9db3;\"><\/i>Autores<\/small>\n        <\/div>\n\n        <div class=\"col-12 col-sm-6 col-lg-10\">\n            <small class=\"text-muted\">Elizabeth Ramos-Rodr\u00edguez, Nielka Rojas Gonzalez, Macarena Valenzuela Molina, Mar\u00eda Victoria Mart\u00ednez Videla<\/small>\n        <\/div>\n    <\/div><span class=\"caption-field-publish\"><\/span><\/div><\/div><\/div><\/div><\/div><div class=\"  circle--pattern-bottom-large col-sm-12 col-md-12 img-article\"><div class=\"holder-publish col-md-12\" style=\"border-bottom: 1px solid #B8B8B8\"><div class=\"content-holder h-100 component-border overflow-hidden row m-0 p-4 aling-items-center\"><ul class=\"p-0 list-style-none\"><li class=\"p-0 me-2\"><i class=\"fas fa-solid fa-book fa-fw\"><\/i> M\u00fasica y arte para la calidad de vida: propuestas y experiencias<\/li><li class=\"p-0 me-2\"><i class=\"fas fa-solid fa-calendar fa-fw\"><\/i> 2022<\/li><\/ul><div class=\"caption col-12 p-0 col-md-12 row m-0 align-items-center\"><div class=\"px-md-1\">    <h3 class=\"fw-medium m-0 small-space pt-2 pb-2 title-ss text-decoration-none border-bottom\">Artes y pedagog\u00eda: su rol e impacto para una educaci\u00f3n integral desde una experiencia de narrativa audiovisual<\/h3>\n\n    <div class=\"mt-0 row g-3\">\n        \n        <div class=\"col-12 col-sm-6 col-lg-2 border-bottom pb-2\">\n            <small><i class=\"fas fa-solid fa-barcode fa-fw me-2\" style=\"color: #8c9db3;\"><\/i>ISBN<\/small>\n        <\/div>\n\n        <div class=\"col-12 col-sm-6 col-lg-3 border-bottom pb-2\">\n            <small class=\"text-muted\">978-84-1122-117-7<\/small>\n        <\/div>\n\n        <div class=\"col-12 col-sm-6 col-lg-2 border-bottom pb-2\">\n            <small><i class=\"fas fa-solid fa-file fa-fw me-2\" style=\"color: #8c9db3;\"><\/i>P\u00e1ginas<\/small>\n        <\/div>\n\n        <div class=\"col-12 col-sm-6 col-lg-5 border-bottom pb-2\">\n            <small class=\"text-muted\">D\u00e9sde la p\u00e1gina 45-51, hasta la p\u00e1gina <\/small>\n        <\/div>\n\n        <div class=\"col-12 col-sm-6 col-lg-2 border-bottom pb-2\">\n            <small><i class=\"fas fa-solid fa-language fa-fw me-2\" style=\"color: #8c9db3;\"><\/i>Idioma<\/small>\n        <\/div>\n\n        <div class=\"col-12 col-sm-6 col-lg-3 border-bottom pb-2\">\n            <small class=\"text-muted\">Espa\u00f1ol<\/small>\n        <\/div>\n\n        <div class=\"col-12 col-sm-6 col-lg-2 border-bottom pb-2\">\n            <small><i class=\"fas fa-solid fa-newspaper fa-fw me-2\" style=\"color: #8c9db3;\"><\/i>Editorial<\/small>\n        <\/div>\n\n        <div class=\"col-12 col-sm-6 col-lg-5 border-bottom pb-2\">\n            <small class=\"text-muted\">Dykinson, S.L.<\/small>\n        <\/div>\n\n        <div class=\"col-12 col-sm-6 col-lg-2 border-bottom pb-2\">\n            <small><i class=\"fas fa-solid fa-user-pen fa-fw me-2\" style=\"color: #8c9db3;\"><\/i>Editores<\/small>\n        <\/div>\n\n        <div class=\"col-12 col-sm-6 col-lg-10 border-bottom pb-2\">\n            <small class=\"text-muted\">Vernia, Ana Mercedes<\/small>\n        <\/div>\n\n        <div class=\"col-12 col-sm-6 col-lg-2\">\n            <small><i class=\"fas fa-solid fa-signature fa-fw me-2\" style=\"color: #8c9db3;\"><\/i>Autores<\/small>\n        <\/div>\n\n        <div class=\"col-12 col-sm-6 col-lg-10\">\n            <small class=\"text-muted\">Jos\u00e9 Israel Mela Contreras<\/small>\n        <\/div>\n    <\/div><span class=\"caption-field-publish\"><\/span><\/div><\/div><\/div><\/div><\/div><div class=\"  circle--pattern-bottom-large col-sm-12 col-md-12 img-article\"><div class=\"holder-publish col-md-12\" style=\"border-bottom: 1px solid #B8B8B8\"><div class=\"content-holder h-100 component-border overflow-hidden row m-0 p-4 aling-items-center\"><ul class=\"p-0 list-style-none\"><li class=\"p-0 me-2\"><i class=\"fas fa-solid fa-book fa-fw\"><\/i> Grietas y provocaciones: congreso regional INSEA<\/li><li class=\"p-0 me-2\"><i class=\"fas fa-solid fa-calendar fa-fw\"><\/i> 2022<\/li><\/ul><div class=\"caption col-12 p-0 col-md-12 row m-0 align-items-center\"><div class=\"px-md-1\">    <h3 class=\"fw-medium m-0 small-space pt-2 pb-2 title-ss text-decoration-none border-bottom\">Experiencias en educaci\u00f3n art\u00edstica de la regi\u00f3n de O\u0092Higgins (chile). Voces docentes con enfoque territorial rural y urbano en contexto de estudio realizado en pandemia por covid-19<\/h3>\n\n    <div class=\"mt-0 row g-3\">\n        \n        <div class=\"col-12 col-sm-6 col-lg-2 border-bottom pb-2\">\n            <small><i class=\"fas fa-solid fa-barcode fa-fw me-2\" style=\"color: #8c9db3;\"><\/i>ISBN<\/small>\n        <\/div>\n\n        <div class=\"col-12 col-sm-6 col-lg-3 border-bottom pb-2\">\n            <small class=\"text-muted\"><\/small>\n        <\/div>\n\n        <div class=\"col-12 col-sm-6 col-lg-2 border-bottom pb-2\">\n            <small><i class=\"fas fa-solid fa-file fa-fw me-2\" style=\"color: #8c9db3;\"><\/i>P\u00e1ginas<\/small>\n        <\/div>\n\n        <div class=\"col-12 col-sm-6 col-lg-5 border-bottom pb-2\">\n            <small class=\"text-muted\">D\u00e9sde la p\u00e1gina 632, hasta la p\u00e1gina 642<\/small>\n        <\/div>\n\n        <div class=\"col-12 col-sm-6 col-lg-2 border-bottom pb-2\">\n            <small><i class=\"fas fa-solid fa-language fa-fw me-2\" style=\"color: #8c9db3;\"><\/i>Idioma<\/small>\n        <\/div>\n\n        <div class=\"col-12 col-sm-6 col-lg-3 border-bottom pb-2\">\n            <small class=\"text-muted\">Espa\u00f1ol<\/small>\n        <\/div>\n\n        <div class=\"col-12 col-sm-6 col-lg-2 border-bottom pb-2\">\n            <small><i class=\"fas fa-solid fa-newspaper fa-fw me-2\" style=\"color: #8c9db3;\"><\/i>Editorial<\/small>\n        <\/div>\n\n        <div class=\"col-12 col-sm-6 col-lg-5 border-bottom pb-2\">\n            <small class=\"text-muted\">InSEA Publications Viseu<\/small>\n        <\/div>\n\n        <div class=\"col-12 col-sm-6 col-lg-2 border-bottom pb-2\">\n            <small><i class=\"fas fa-solid fa-user-pen fa-fw me-2\" style=\"color: #8c9db3;\"><\/i>Editores<\/small>\n        <\/div>\n\n        <div class=\"col-12 col-sm-6 col-lg-10 border-bottom pb-2\">\n            <small class=\"text-muted\"><\/small>\n        <\/div>\n\n        <div class=\"col-12 col-sm-6 col-lg-2\">\n            <small><i class=\"fas fa-solid fa-signature fa-fw me-2\" style=\"color: #8c9db3;\"><\/i>Autores<\/small>\n        <\/div>\n\n        <div class=\"col-12 col-sm-6 col-lg-10\">\n            <small class=\"text-muted\">Jos\u00e9 Israel Mela Contreras, Daniela Cobos Bustamante<\/small>\n        <\/div>\n    <\/div><span class=\"caption-field-publish\"><\/span><\/div><\/div><\/div><\/div><\/div><div class=\"  circle--pattern-bottom-large col-sm-12 col-md-12 img-article\"><div class=\"holder-publish col-md-12\" style=\"border-bottom: 1px solid #B8B8B8\"><div class=\"content-holder h-100 component-border overflow-hidden row m-0 p-4 aling-items-center\"><ul class=\"p-0 list-style-none\"><li class=\"p-0 me-2\"><i class=\"fas fa-solid fa-book fa-fw\"><\/i> Chilean Spanish Linguistics: Studies on variation, innovation, contact, and identity<\/li><li class=\"p-0 me-2\"><i class=\"fas fa-solid fa-calendar fa-fw\"><\/i> 2022<\/li><\/ul><div class=\"caption col-12 p-0 col-md-12 row m-0 align-items-center\"><div class=\"px-md-1\">    <h3 class=\"fw-medium m-0 small-space pt-2 pb-2 title-ss text-decoration-none border-bottom\">Acquisition of variation in Chilean Spanish: \/s\/ lenition in the speech of young children and their mothers<\/h3>\n\n    <div class=\"mt-0 row g-3\">\n        \n        <div class=\"col-12 col-sm-6 col-lg-2 border-bottom pb-2\">\n            <small><i class=\"fas fa-solid fa-barcode fa-fw me-2\" style=\"color: #8c9db3;\"><\/i>ISBN<\/small>\n        <\/div>\n\n        <div class=\"col-12 col-sm-6 col-lg-3 border-bottom pb-2\">\n            <small class=\"text-muted\"><\/small>\n        <\/div>\n\n        <div class=\"col-12 col-sm-6 col-lg-2 border-bottom pb-2\">\n            <small><i class=\"fas fa-solid fa-file fa-fw me-2\" style=\"color: #8c9db3;\"><\/i>P\u00e1ginas<\/small>\n        <\/div>\n\n        <div class=\"col-12 col-sm-6 col-lg-5 border-bottom pb-2\">\n            <small class=\"text-muted\">D\u00e9sde la p\u00e1gina , hasta la p\u00e1gina <\/small>\n        <\/div>\n\n        <div class=\"col-12 col-sm-6 col-lg-2 border-bottom pb-2\">\n            <small><i class=\"fas fa-solid fa-language fa-fw me-2\" style=\"color: #8c9db3;\"><\/i>Idioma<\/small>\n        <\/div>\n\n        <div class=\"col-12 col-sm-6 col-lg-3 border-bottom pb-2\">\n            <small class=\"text-muted\">Ingl\u00e9s<\/small>\n        <\/div>\n\n        <div class=\"col-12 col-sm-6 col-lg-2 border-bottom pb-2\">\n            <small><i class=\"fas fa-solid fa-newspaper fa-fw me-2\" style=\"color: #8c9db3;\"><\/i>Editorial<\/small>\n        <\/div>\n\n        <div class=\"col-12 col-sm-6 col-lg-5 border-bottom pb-2\">\n            <small class=\"text-muted\">Vernon Press<\/small>\n        <\/div>\n\n        <div class=\"col-12 col-sm-6 col-lg-2 border-bottom pb-2\">\n            <small><i class=\"fas fa-solid fa-user-pen fa-fw me-2\" style=\"color: #8c9db3;\"><\/i>Editores<\/small>\n        <\/div>\n\n        <div class=\"col-12 col-sm-6 col-lg-10 border-bottom pb-2\">\n            <small class=\"text-muted\">Brandon Rogers, Mauricio Figueroa<\/small>\n        <\/div>\n\n        <div class=\"col-12 col-sm-6 col-lg-2\">\n            <small><i class=\"fas fa-solid fa-signature fa-fw me-2\" style=\"color: #8c9db3;\"><\/i>Autores<\/small>\n        <\/div>\n\n        <div class=\"col-12 col-sm-6 col-lg-10\">\n            <small class=\"text-muted\">Miguel Alejandro Ramos Riquelme, Karen Miller<\/small>\n        <\/div>\n    <\/div><span class=\"caption-field-publish\"><\/span><\/div><\/div><\/div><\/div><\/div><div class=\"  circle--pattern-bottom-large col-sm-12 col-md-12 img-article\"><div class=\"holder-publish col-md-12\" style=\"border-bottom: 1px solid #B8B8B8\"><div class=\"content-holder h-100 component-border overflow-hidden row m-0 p-4 aling-items-center\"><ul class=\"p-0 list-style-none\"><li class=\"p-0 me-2\"><i class=\"fas fa-solid fa-book fa-fw\"><\/i> Sustainable soil management as a key to preserve soil biodiversity and stop its degradation<\/li><li class=\"p-0 me-2\"><i class=\"fas fa-solid fa-calendar fa-fw\"><\/i> 2022<\/li><\/ul><div class=\"caption col-12 p-0 col-md-12 row m-0 align-items-center\"><div class=\"px-md-1\">    <h3 class=\"fw-medium m-0 small-space pt-2 pb-2 title-ss text-decoration-none border-bottom\">Soil biodiversity in Chile: current scenario and future challenges<\/h3>\n\n    <div class=\"mt-0 row g-3\">\n        \n        <div class=\"col-12 col-sm-6 col-lg-2 border-bottom pb-2\">\n            <small><i class=\"fas fa-solid fa-barcode fa-fw me-2\" style=\"color: #8c9db3;\"><\/i>ISBN<\/small>\n        <\/div>\n\n        <div class=\"col-12 col-sm-6 col-lg-3 border-bottom pb-2\">\n            <small class=\"text-muted\">979-8-9862451-0-2<\/small>\n        <\/div>\n\n        <div class=\"col-12 col-sm-6 col-lg-2 border-bottom pb-2\">\n            <small><i class=\"fas fa-solid fa-file fa-fw me-2\" style=\"color: #8c9db3;\"><\/i>P\u00e1ginas<\/small>\n        <\/div>\n\n        <div class=\"col-12 col-sm-6 col-lg-5 border-bottom pb-2\">\n            <small class=\"text-muted\">D\u00e9sde la p\u00e1gina 65, hasta la p\u00e1gina 75<\/small>\n        <\/div>\n\n        <div class=\"col-12 col-sm-6 col-lg-2 border-bottom pb-2\">\n            <small><i class=\"fas fa-solid fa-language fa-fw me-2\" style=\"color: #8c9db3;\"><\/i>Idioma<\/small>\n        <\/div>\n\n        <div class=\"col-12 col-sm-6 col-lg-3 border-bottom pb-2\">\n            <small class=\"text-muted\">Ingl\u00e9s<\/small>\n        <\/div>\n\n        <div class=\"col-12 col-sm-6 col-lg-2 border-bottom pb-2\">\n            <small><i class=\"fas fa-solid fa-newspaper fa-fw me-2\" style=\"color: #8c9db3;\"><\/i>Editorial<\/small>\n        <\/div>\n\n        <div class=\"col-12 col-sm-6 col-lg-5 border-bottom pb-2\">\n            <small class=\"text-muted\">IUSS<\/small>\n        <\/div>\n\n        <div class=\"col-12 col-sm-6 col-lg-2 border-bottom pb-2\">\n            <small><i class=\"fas fa-solid fa-user-pen fa-fw me-2\" style=\"color: #8c9db3;\"><\/i>Editores<\/small>\n        <\/div>\n\n        <div class=\"col-12 col-sm-6 col-lg-10 border-bottom pb-2\">\n            <small class=\"text-muted\">Laura Bertha Reyes-S\u00e1nchez, Rainer Horn, and Edoardo A.C. Costantini<\/small>\n        <\/div>\n\n        <div class=\"col-12 col-sm-6 col-lg-2\">\n            <small><i class=\"fas fa-solid fa-signature fa-fw me-2\" style=\"color: #8c9db3;\"><\/i>Autores<\/small>\n        <\/div>\n\n        <div class=\"col-12 col-sm-6 col-lg-10\">\n            <small class=\"text-muted\">Claudia Macarena Rojas Alvarado, Carolina Merino, Humberto Nicol\u00e1s Aponte D\u00edaz, Carolina Y\u00e1\u00f1ez<\/small>\n        <\/div>\n    <\/div><span class=\"caption-field-publish\"><\/span><\/div><\/div><\/div><\/div><\/div><div class=\"  circle--pattern-bottom-large col-sm-12 col-md-12 img-article\"><div class=\"holder-publish col-md-12\" style=\"border-bottom: 1px solid #B8B8B8\"><div class=\"content-holder h-100 component-border overflow-hidden row m-0 p-4 aling-items-center\"><ul class=\"p-0 list-style-none\"><li class=\"p-0 me-2\"><i class=\"fas fa-solid fa-book fa-fw\"><\/i> Ciencia en Chile, 25 Investigaciones Cient\u00edficas Recientes 2022<\/li><li class=\"p-0 me-2\"><i class=\"fas fa-solid fa-calendar fa-fw\"><\/i> 2022<\/li><\/ul><div class=\"caption col-12 p-0 col-md-12 row m-0 align-items-center\"><div class=\"px-md-1\">    <h3 class=\"fw-medium m-0 small-space pt-2 pb-2 title-ss text-decoration-none border-bottom\">Suelos, Microorganismos e Incendios Forestales<\/h3>\n\n    <div class=\"mt-0 row g-3\">\n        \n        <div class=\"col-12 col-sm-6 col-lg-2 border-bottom pb-2\">\n            <small><i class=\"fas fa-solid fa-barcode fa-fw me-2\" style=\"color: #8c9db3;\"><\/i>ISBN<\/small>\n        <\/div>\n\n        <div class=\"col-12 col-sm-6 col-lg-3 border-bottom pb-2\">\n            <small class=\"text-muted\">ISBN 978-956-344-165-9<\/small>\n        <\/div>\n\n        <div class=\"col-12 col-sm-6 col-lg-2 border-bottom pb-2\">\n            <small><i class=\"fas fa-solid fa-file fa-fw me-2\" style=\"color: #8c9db3;\"><\/i>P\u00e1ginas<\/small>\n        <\/div>\n\n        <div class=\"col-12 col-sm-6 col-lg-5 border-bottom pb-2\">\n            <small class=\"text-muted\">D\u00e9sde la p\u00e1gina 72, hasta la p\u00e1gina 80<\/small>\n        <\/div>\n\n        <div class=\"col-12 col-sm-6 col-lg-2 border-bottom pb-2\">\n            <small><i class=\"fas fa-solid fa-language fa-fw me-2\" style=\"color: #8c9db3;\"><\/i>Idioma<\/small>\n        <\/div>\n\n        <div class=\"col-12 col-sm-6 col-lg-3 border-bottom pb-2\">\n            <small class=\"text-muted\">Espa\u00f1ol<\/small>\n        <\/div>\n\n        <div class=\"col-12 col-sm-6 col-lg-2 border-bottom pb-2\">\n            <small><i class=\"fas fa-solid fa-newspaper fa-fw me-2\" style=\"color: #8c9db3;\"><\/i>Editorial<\/small>\n        <\/div>\n\n        <div class=\"col-12 col-sm-6 col-lg-5 border-bottom pb-2\">\n            <small class=\"text-muted\">Kultr\u00fan<\/small>\n        <\/div>\n\n        <div class=\"col-12 col-sm-6 col-lg-2 border-bottom pb-2\">\n            <small><i class=\"fas fa-solid fa-user-pen fa-fw me-2\" style=\"color: #8c9db3;\"><\/i>Editores<\/small>\n        <\/div>\n\n        <div class=\"col-12 col-sm-6 col-lg-10 border-bottom pb-2\">\n            <small class=\"text-muted\">Lorenzo Palma Morales<\/small>\n        <\/div>\n\n        <div class=\"col-12 col-sm-6 col-lg-2\">\n            <small><i class=\"fas fa-solid fa-signature fa-fw me-2\" style=\"color: #8c9db3;\"><\/i>Autores<\/small>\n        <\/div>\n\n        <div class=\"col-12 col-sm-6 col-lg-10\">\n            <small class=\"text-muted\">Claudia Macarena Rojas Alvarado<\/small>\n        <\/div>\n    <\/div><span class=\"caption-field-publish\"><\/span><\/div><\/div><\/div><\/div><\/div><div class=\"  circle--pattern-bottom-large col-sm-12 col-md-12 img-article\"><div class=\"holder-publish col-md-12\" style=\"border-bottom: 1px solid #B8B8B8\"><div class=\"content-holder h-100 component-border overflow-hidden row m-0 p-4 aling-items-center\"><ul class=\"p-0 list-style-none\"><li class=\"p-0 me-2\"><i class=\"fas fa-solid fa-book fa-fw\"><\/i> FRUTICULTURA PROTEGIDA: Directrices tecnol\u00f3gicas para uso de coberturas fotoselectivas en kiwi<\/li><li class=\"p-0 me-2\"><i class=\"fas fa-solid fa-calendar fa-fw\"><\/i> 2022<\/li><\/ul><div class=\"caption col-12 p-0 col-md-12 row m-0 align-items-center\"><div class=\"px-md-1\">    <h3 class=\"fw-medium m-0 small-space pt-2 pb-2 title-ss text-decoration-none border-bottom\">Calidad y condici\u00f3n de frutos en poscosecha<\/h3>\n\n    <div class=\"mt-0 row g-3\">\n        \n        <div class=\"col-12 col-sm-6 col-lg-2 border-bottom pb-2\">\n            <small><i class=\"fas fa-solid fa-barcode fa-fw me-2\" style=\"color: #8c9db3;\"><\/i>ISBN<\/small>\n        <\/div>\n\n        <div class=\"col-12 col-sm-6 col-lg-3 border-bottom pb-2\">\n            <small class=\"text-muted\">978-956-6031-06-2<\/small>\n        <\/div>\n\n        <div class=\"col-12 col-sm-6 col-lg-2 border-bottom pb-2\">\n            <small><i class=\"fas fa-solid fa-file fa-fw me-2\" style=\"color: #8c9db3;\"><\/i>P\u00e1ginas<\/small>\n        <\/div>\n\n        <div class=\"col-12 col-sm-6 col-lg-5 border-bottom pb-2\">\n            <small class=\"text-muted\">D\u00e9sde la p\u00e1gina 91, hasta la p\u00e1gina 103<\/small>\n        <\/div>\n\n        <div class=\"col-12 col-sm-6 col-lg-2 border-bottom pb-2\">\n            <small><i class=\"fas fa-solid fa-language fa-fw me-2\" style=\"color: #8c9db3;\"><\/i>Idioma<\/small>\n        <\/div>\n\n        <div class=\"col-12 col-sm-6 col-lg-3 border-bottom pb-2\">\n            <small class=\"text-muted\">Espa\u00f1ol<\/small>\n        <\/div>\n\n        <div class=\"col-12 col-sm-6 col-lg-2 border-bottom pb-2\">\n            <small><i class=\"fas fa-solid fa-newspaper fa-fw me-2\" style=\"color: #8c9db3;\"><\/i>Editorial<\/small>\n        <\/div>\n\n        <div class=\"col-12 col-sm-6 col-lg-5 border-bottom pb-2\">\n            <small class=\"text-muted\">Maval<\/small>\n        <\/div>\n\n        <div class=\"col-12 col-sm-6 col-lg-2 border-bottom pb-2\">\n            <small><i class=\"fas fa-solid fa-user-pen fa-fw me-2\" style=\"color: #8c9db3;\"><\/i>Editores<\/small>\n        <\/div>\n\n        <div class=\"col-12 col-sm-6 col-lg-10 border-bottom pb-2\">\n            <small class=\"text-muted\">Catalina Pinto, Viviana Tudela<\/small>\n        <\/div>\n\n        <div class=\"col-12 col-sm-6 col-lg-2\">\n            <small><i class=\"fas fa-solid fa-signature fa-fw me-2\" style=\"color: #8c9db3;\"><\/i>Autores<\/small>\n        <\/div>\n\n        <div class=\"col-12 col-sm-6 col-lg-10\">\n            <small class=\"text-muted\">Karen Fernanda Mesa Juliani, Catalina Javiera Pinto Palacios, Set Madian P\u00e9rez Fuentealba<\/small>\n        <\/div>\n    <\/div><span class=\"caption-field-publish\"><\/span><\/div><\/div><\/div><\/div><\/div><div class=\"  circle--pattern-bottom-large col-sm-12 col-md-12 img-article\"><div class=\"holder-publish col-md-12\" style=\"border-bottom: 1px solid #B8B8B8\"><div class=\"content-holder h-100 component-border overflow-hidden row m-0 p-4 aling-items-center\"><ul class=\"p-0 list-style-none\"><li class=\"p-0 me-2\"><i class=\"fas fa-solid fa-book fa-fw\"><\/i> FRUTICULTURA PROTEGIDA: Directrices tecnol\u00f3gicas para uso de coberturas fotoselectivas en kiwi<\/li><li class=\"p-0 me-2\"><i class=\"fas fa-solid fa-calendar fa-fw\"><\/i> 2022<\/li><\/ul><div class=\"caption col-12 p-0 col-md-12 row m-0 align-items-center\"><div class=\"px-md-1\">    <h3 class=\"fw-medium m-0 small-space pt-2 pb-2 title-ss text-decoration-none border-bottom\">Cancro bacteriano del kiwi<\/h3>\n\n    <div class=\"mt-0 row g-3\">\n        \n        <div class=\"col-12 col-sm-6 col-lg-2 border-bottom pb-2\">\n            <small><i class=\"fas fa-solid fa-barcode fa-fw me-2\" style=\"color: #8c9db3;\"><\/i>ISBN<\/small>\n        <\/div>\n\n        <div class=\"col-12 col-sm-6 col-lg-3 border-bottom pb-2\">\n            <small class=\"text-muted\">978-956-6031-06-2<\/small>\n        <\/div>\n\n        <div class=\"col-12 col-sm-6 col-lg-2 border-bottom pb-2\">\n            <small><i class=\"fas fa-solid fa-file fa-fw me-2\" style=\"color: #8c9db3;\"><\/i>P\u00e1ginas<\/small>\n        <\/div>\n\n        <div class=\"col-12 col-sm-6 col-lg-5 border-bottom pb-2\">\n            <small class=\"text-muted\">D\u00e9sde la p\u00e1gina 105, hasta la p\u00e1gina 120<\/small>\n        <\/div>\n\n        <div class=\"col-12 col-sm-6 col-lg-2 border-bottom pb-2\">\n            <small><i class=\"fas fa-solid fa-language fa-fw me-2\" style=\"color: #8c9db3;\"><\/i>Idioma<\/small>\n        <\/div>\n\n        <div class=\"col-12 col-sm-6 col-lg-3 border-bottom pb-2\">\n            <small class=\"text-muted\">Espa\u00f1ol<\/small>\n        <\/div>\n\n        <div class=\"col-12 col-sm-6 col-lg-2 border-bottom pb-2\">\n            <small><i class=\"fas fa-solid fa-newspaper fa-fw me-2\" style=\"color: #8c9db3;\"><\/i>Editorial<\/small>\n        <\/div>\n\n        <div class=\"col-12 col-sm-6 col-lg-5 border-bottom pb-2\">\n            <small class=\"text-muted\">Maval<\/small>\n        <\/div>\n\n        <div class=\"col-12 col-sm-6 col-lg-2 border-bottom pb-2\">\n            <small><i class=\"fas fa-solid fa-user-pen fa-fw me-2\" style=\"color: #8c9db3;\"><\/i>Editores<\/small>\n        <\/div>\n\n        <div class=\"col-12 col-sm-6 col-lg-10 border-bottom pb-2\">\n            <small class=\"text-muted\">Catalina Pinto, Viviana Tudela<\/small>\n        <\/div>\n\n        <div class=\"col-12 col-sm-6 col-lg-2\">\n            <small><i class=\"fas fa-solid fa-signature fa-fw me-2\" style=\"color: #8c9db3;\"><\/i>Autores<\/small>\n        <\/div>\n\n        <div class=\"col-12 col-sm-6 col-lg-10\">\n            <small class=\"text-muted\">Set Madian P\u00e9rez Fuentealba, Enrico Biondi<\/small>\n        <\/div>\n    <\/div><span class=\"caption-field-publish\"><\/span><\/div><\/div><\/div><\/div><\/div><div class=\"  circle--pattern-bottom-large col-sm-12 col-md-12 img-article\"><div class=\"holder-publish col-md-12\" style=\"border-bottom: 1px solid #B8B8B8\"><div class=\"content-holder h-100 component-border overflow-hidden row m-0 p-4 aling-items-center\"><ul class=\"p-0 list-style-none\"><li class=\"p-0 me-2\"><i class=\"fas fa-solid fa-book fa-fw\"><\/i> FRUTICULTURA PROTEGIDA: Directrices tecnol\u00f3gicas para uso de coberturas fotoselectivas en kiwi<\/li><li class=\"p-0 me-2\"><i class=\"fas fa-solid fa-calendar fa-fw\"><\/i> 2022<\/li><\/ul><div class=\"caption col-12 p-0 col-md-12 row m-0 align-items-center\"><div class=\"px-md-1\">    <h3 class=\"fw-medium m-0 small-space pt-2 pb-2 title-ss text-decoration-none border-bottom\">Calidad y condici\u00f3n de frutos en poscosecha<\/h3>\n\n    <div class=\"mt-0 row g-3\">\n        \n        <div class=\"col-12 col-sm-6 col-lg-2 border-bottom pb-2\">\n            <small><i class=\"fas fa-solid fa-barcode fa-fw me-2\" style=\"color: #8c9db3;\"><\/i>ISBN<\/small>\n        <\/div>\n\n        <div class=\"col-12 col-sm-6 col-lg-3 border-bottom pb-2\">\n            <small class=\"text-muted\">978-956-6031-06-2<\/small>\n        <\/div>\n\n        <div class=\"col-12 col-sm-6 col-lg-2 border-bottom pb-2\">\n            <small><i class=\"fas fa-solid fa-file fa-fw me-2\" style=\"color: #8c9db3;\"><\/i>P\u00e1ginas<\/small>\n        <\/div>\n\n        <div class=\"col-12 col-sm-6 col-lg-5 border-bottom pb-2\">\n            <small class=\"text-muted\">D\u00e9sde la p\u00e1gina 91, hasta la p\u00e1gina 103<\/small>\n        <\/div>\n\n        <div class=\"col-12 col-sm-6 col-lg-2 border-bottom pb-2\">\n            <small><i class=\"fas fa-solid fa-language fa-fw me-2\" style=\"color: #8c9db3;\"><\/i>Idioma<\/small>\n        <\/div>\n\n        <div class=\"col-12 col-sm-6 col-lg-3 border-bottom pb-2\">\n            <small class=\"text-muted\">Espa\u00f1ol<\/small>\n        <\/div>\n\n        <div class=\"col-12 col-sm-6 col-lg-2 border-bottom pb-2\">\n            <small><i class=\"fas fa-solid fa-newspaper fa-fw me-2\" style=\"color: #8c9db3;\"><\/i>Editorial<\/small>\n        <\/div>\n\n        <div class=\"col-12 col-sm-6 col-lg-5 border-bottom pb-2\">\n            <small class=\"text-muted\">Maval<\/small>\n        <\/div>\n\n        <div class=\"col-12 col-sm-6 col-lg-2 border-bottom pb-2\">\n            <small><i class=\"fas fa-solid fa-user-pen fa-fw me-2\" style=\"color: #8c9db3;\"><\/i>Editores<\/small>\n        <\/div>\n\n        <div class=\"col-12 col-sm-6 col-lg-10 border-bottom pb-2\">\n            <small class=\"text-muted\">Catalina Pinto, Viviana Tudela<\/small>\n        <\/div>\n\n        <div class=\"col-12 col-sm-6 col-lg-2\">\n            <small><i class=\"fas fa-solid fa-signature fa-fw me-2\" style=\"color: #8c9db3;\"><\/i>Autores<\/small>\n        <\/div>\n\n        <div class=\"col-12 col-sm-6 col-lg-10\">\n            <small class=\"text-muted\">Karen Fernanda Mesa Juliani, Catalina Javiera Pinto Palacios, Set Madian P\u00e9rez Fuentealba<\/small>\n        <\/div>\n    <\/div><span class=\"caption-field-publish\"><\/span><\/div><\/div><\/div><\/div><\/div><div class=\"  circle--pattern-bottom-large col-sm-12 col-md-12 img-article\"><div class=\"holder-publish col-md-12\" style=\"border-bottom: 1px solid #B8B8B8\"><div class=\"content-holder h-100 component-border overflow-hidden row m-0 p-4 aling-items-center\"><ul class=\"p-0 list-style-none\"><li class=\"p-0 me-2\"><i class=\"fas fa-solid fa-book fa-fw\"><\/i> (Re)conceptualising Children\u0092s Rights in Infant-Toddler Care and Education: Transnational conversations<\/li><li class=\"p-0 me-2\"><i class=\"fas fa-solid fa-calendar fa-fw\"><\/i> 2022<\/li><\/ul><div class=\"caption col-12 p-0 col-md-12 row m-0 align-items-center\"><div class=\"px-md-1\">    <h3 class=\"fw-medium m-0 small-space pt-2 pb-2 title-ss text-decoration-none border-bottom\">Fledgling Embeddedness of Child Rights Education into Early Childhood Education and Care Undergraduate Programs in Chile<\/h3>\n\n    <div class=\"mt-0 row g-3\">\n        \n        <div class=\"col-12 col-sm-6 col-lg-2 border-bottom pb-2\">\n            <small><i class=\"fas fa-solid fa-barcode fa-fw me-2\" style=\"color: #8c9db3;\"><\/i>ISBN<\/small>\n        <\/div>\n\n        <div class=\"col-12 col-sm-6 col-lg-3 border-bottom pb-2\">\n            <small class=\"text-muted\">978-3-031-05218-7<\/small>\n        <\/div>\n\n        <div class=\"col-12 col-sm-6 col-lg-2 border-bottom pb-2\">\n            <small><i class=\"fas fa-solid fa-file fa-fw me-2\" style=\"color: #8c9db3;\"><\/i>P\u00e1ginas<\/small>\n        <\/div>\n\n        <div class=\"col-12 col-sm-6 col-lg-5 border-bottom pb-2\">\n            <small class=\"text-muted\">D\u00e9sde la p\u00e1gina 29, hasta la p\u00e1gina 40<\/small>\n        <\/div>\n\n        <div class=\"col-12 col-sm-6 col-lg-2 border-bottom pb-2\">\n            <small><i class=\"fas fa-solid fa-language fa-fw me-2\" style=\"color: #8c9db3;\"><\/i>Idioma<\/small>\n        <\/div>\n\n        <div class=\"col-12 col-sm-6 col-lg-3 border-bottom pb-2\">\n            <small class=\"text-muted\">Ingl\u00e9s<\/small>\n        <\/div>\n\n        <div class=\"col-12 col-sm-6 col-lg-2 border-bottom pb-2\">\n            <small><i class=\"fas fa-solid fa-newspaper fa-fw me-2\" style=\"color: #8c9db3;\"><\/i>Editorial<\/small>\n        <\/div>\n\n        <div class=\"col-12 col-sm-6 col-lg-5 border-bottom pb-2\">\n            <small class=\"text-muted\">Springer<\/small>\n        <\/div>\n\n        <div class=\"col-12 col-sm-6 col-lg-2 border-bottom pb-2\">\n            <small><i class=\"fas fa-solid fa-user-pen fa-fw me-2\" style=\"color: #8c9db3;\"><\/i>Editores<\/small>\n        <\/div>\n\n        <div class=\"col-12 col-sm-6 col-lg-10 border-bottom pb-2\">\n            <small class=\"text-muted\">Frances Press, Sandra Cheeseman<\/small>\n        <\/div>\n\n        <div class=\"col-12 col-sm-6 col-lg-2\">\n            <small><i class=\"fas fa-solid fa-signature fa-fw me-2\" style=\"color: #8c9db3;\"><\/i>Autores<\/small>\n        <\/div>\n\n        <div class=\"col-12 col-sm-6 col-lg-10\">\n            <small class=\"text-muted\">Marcela Pardo, Daniela Sof\u00eda Jadue Roa<\/small>\n        <\/div>\n    <\/div><span class=\"caption-field-publish\"><\/span><\/div><\/div><\/div><\/div><\/div><div class=\"  circle--pattern-bottom-large col-sm-12 col-md-12 img-article\"><div class=\"holder-publish col-md-12\" style=\"border-bottom: 1px solid #B8B8B8\"><div class=\"content-holder h-100 component-border overflow-hidden row m-0 p-4 aling-items-center\"><ul class=\"p-0 list-style-none\"><li class=\"p-0 me-2\"><i class=\"fas fa-solid fa-book fa-fw\"><\/i> Understanding and fostering soil carbon sequestration<\/li><li class=\"p-0 me-2\"><i class=\"fas fa-solid fa-calendar fa-fw\"><\/i> 2022<\/li><\/ul><div class=\"caption col-12 p-0 col-md-12 row m-0 align-items-center\"><div class=\"px-md-1\">    <h3 class=\"fw-medium m-0 small-space pt-2 pb-2 title-ss text-decoration-none border-bottom\">Innovative soil amendment practices to foster soil organic carbon (SOC) sequestration<\/h3>\n\n    <div class=\"mt-0 row g-3\">\n        \n        <div class=\"col-12 col-sm-6 col-lg-2 border-bottom pb-2\">\n            <small><i class=\"fas fa-solid fa-barcode fa-fw me-2\" style=\"color: #8c9db3;\"><\/i>ISBN<\/small>\n        <\/div>\n\n        <div class=\"col-12 col-sm-6 col-lg-3 border-bottom pb-2\">\n            <small class=\"text-muted\">ISBN-10: 1786769697<\/small>\n        <\/div>\n\n        <div class=\"col-12 col-sm-6 col-lg-2 border-bottom pb-2\">\n            <small><i class=\"fas fa-solid fa-file fa-fw me-2\" style=\"color: #8c9db3;\"><\/i>P\u00e1ginas<\/small>\n        <\/div>\n\n        <div class=\"col-12 col-sm-6 col-lg-5 border-bottom pb-2\">\n            <small class=\"text-muted\">D\u00e9sde la p\u00e1gina , hasta la p\u00e1gina <\/small>\n        <\/div>\n\n        <div class=\"col-12 col-sm-6 col-lg-2 border-bottom pb-2\">\n            <small><i class=\"fas fa-solid fa-language fa-fw me-2\" style=\"color: #8c9db3;\"><\/i>Idioma<\/small>\n        <\/div>\n\n        <div class=\"col-12 col-sm-6 col-lg-3 border-bottom pb-2\">\n            <small class=\"text-muted\">Ingl\u00e9s<\/small>\n        <\/div>\n\n        <div class=\"col-12 col-sm-6 col-lg-2 border-bottom pb-2\">\n            <small><i class=\"fas fa-solid fa-newspaper fa-fw me-2\" style=\"color: #8c9db3;\"><\/i>Editorial<\/small>\n        <\/div>\n\n        <div class=\"col-12 col-sm-6 col-lg-5 border-bottom pb-2\">\n            <small class=\"text-muted\">Burleigh dodds<\/small>\n        <\/div>\n\n        <div class=\"col-12 col-sm-6 col-lg-2 border-bottom pb-2\">\n            <small><i class=\"fas fa-solid fa-user-pen fa-fw me-2\" style=\"color: #8c9db3;\"><\/i>Editores<\/small>\n        <\/div>\n\n        <div class=\"col-12 col-sm-6 col-lg-10 border-bottom pb-2\">\n            <small class=\"text-muted\">Cornelia Rumpel<\/small>\n        <\/div>\n\n        <div class=\"col-12 col-sm-6 col-lg-2\">\n            <small><i class=\"fas fa-solid fa-signature fa-fw me-2\" style=\"color: #8c9db3;\"><\/i>Autores<\/small>\n        <\/div>\n\n        <div class=\"col-12 col-sm-6 col-lg-10\">\n            <small class=\"text-muted\">Jorge Felipe Medina Ot\u00e1rola<\/small>\n        <\/div>\n    <\/div><span class=\"caption-field-publish\"><\/span><\/div><\/div><\/div><\/div><\/div><div class=\"  circle--pattern-bottom-large col-sm-12 col-md-12 img-article\"><div class=\"holder-publish col-md-12\" style=\"border-bottom: 1px solid #B8B8B8\"><div class=\"content-holder h-100 component-border overflow-hidden row m-0 p-4 aling-items-center\"><ul class=\"p-0 list-style-none\"><li class=\"p-0 me-2\"><i class=\"fas fa-solid fa-book fa-fw\"><\/i> Coseismic Landslides - Phenomena, Long-Term Effects and Mitigation.<\/li><li class=\"p-0 me-2\"><i class=\"fas fa-solid fa-calendar fa-fw\"><\/i> 2022<\/li><\/ul><div class=\"caption col-12 p-0 col-md-12 row m-0 align-items-center\"><div class=\"px-md-1\">    <h3 class=\"fw-medium m-0 small-space pt-2 pb-2 title-ss text-decoration-none border-bottom\">Earthquake-induced landslides and ground failure in Chile: The cases of Aysen 2007 and Maule 2010 earthquakes<\/h3>\n\n    <div class=\"mt-0 row g-3\">\n        \n        <div class=\"col-12 col-sm-6 col-lg-2 border-bottom pb-2\">\n            <small><i class=\"fas fa-solid fa-barcode fa-fw me-2\" style=\"color: #8c9db3;\"><\/i>ISBN<\/small>\n        <\/div>\n\n        <div class=\"col-12 col-sm-6 col-lg-3 border-bottom pb-2\">\n            <small class=\"text-muted\"><\/small>\n        <\/div>\n\n        <div class=\"col-12 col-sm-6 col-lg-2 border-bottom pb-2\">\n            <small><i class=\"fas fa-solid fa-file fa-fw me-2\" style=\"color: #8c9db3;\"><\/i>P\u00e1ginas<\/small>\n        <\/div>\n\n        <div class=\"col-12 col-sm-6 col-lg-5 border-bottom pb-2\">\n            <small class=\"text-muted\">D\u00e9sde la p\u00e1gina 1-15, hasta la p\u00e1gina <\/small>\n        <\/div>\n\n        <div class=\"col-12 col-sm-6 col-lg-2 border-bottom pb-2\">\n            <small><i class=\"fas fa-solid fa-language fa-fw me-2\" style=\"color: #8c9db3;\"><\/i>Idioma<\/small>\n        <\/div>\n\n        <div class=\"col-12 col-sm-6 col-lg-3 border-bottom pb-2\">\n            <small class=\"text-muted\">Ingl\u00e9s<\/small>\n        <\/div>\n\n        <div class=\"col-12 col-sm-6 col-lg-2 border-bottom pb-2\">\n            <small><i class=\"fas fa-solid fa-newspaper fa-fw me-2\" style=\"color: #8c9db3;\"><\/i>Editorial<\/small>\n        <\/div>\n\n        <div class=\"col-12 col-sm-6 col-lg-5 border-bottom pb-2\">\n            <small class=\"text-muted\">Springer Nature Singapore<\/small>\n        <\/div>\n\n        <div class=\"col-12 col-sm-6 col-lg-2 border-bottom pb-2\">\n            <small><i class=\"fas fa-solid fa-user-pen fa-fw me-2\" style=\"color: #8c9db3;\"><\/i>Editores<\/small>\n        <\/div>\n\n        <div class=\"col-12 col-sm-6 col-lg-10 border-bottom pb-2\">\n            <small class=\"text-muted\">Ikuo Towhata, Gonghui Wang, Qiang Xu, Chris Massey<\/small>\n        <\/div>\n\n        <div class=\"col-12 col-sm-6 col-lg-2\">\n            <small><i class=\"fas fa-solid fa-signature fa-fw me-2\" style=\"color: #8c9db3;\"><\/i>Autores<\/small>\n        <\/div>\n\n        <div class=\"col-12 col-sm-6 col-lg-10\">\n            <small class=\"text-muted\">Alejandra Serey Amador<\/small>\n        <\/div>\n    <\/div><span class=\"caption-field-publish\"><\/span><\/div><\/div><\/div><\/div><\/div><div class=\"  circle--pattern-bottom-large col-sm-12 col-md-12 img-article\"><div class=\"holder-publish col-md-12\" style=\"border-bottom: 1px solid #B8B8B8\"><div class=\"content-holder h-100 component-border overflow-hidden row m-0 p-4 aling-items-center\"><ul class=\"p-0 list-style-none\"><li class=\"p-0 me-2\"><i class=\"fas fa-solid fa-book fa-fw\"><\/i> The Palgrave Encyclopedia of the Possible<\/li><li class=\"p-0 me-2\"><i class=\"fas fa-solid fa-calendar fa-fw\"><\/i> 2022<\/li><\/ul><div class=\"caption col-12 p-0 col-md-12 row m-0 align-items-center\"><div class=\"px-md-1\">    <h3 class=\"fw-medium m-0 small-space pt-2 pb-2 title-ss text-decoration-none border-bottom\">Street Protest<\/h3>\n\n    <div class=\"mt-0 row g-3\">\n        \n        <div class=\"col-12 col-sm-6 col-lg-2 border-bottom pb-2\">\n            <small><i class=\"fas fa-solid fa-barcode fa-fw me-2\" style=\"color: #8c9db3;\"><\/i>ISBN<\/small>\n        <\/div>\n\n        <div class=\"col-12 col-sm-6 col-lg-3 border-bottom pb-2\">\n            <small class=\"text-muted\">978-3-319-98390-5<\/small>\n        <\/div>\n\n        <div class=\"col-12 col-sm-6 col-lg-2 border-bottom pb-2\">\n            <small><i class=\"fas fa-solid fa-file fa-fw me-2\" style=\"color: #8c9db3;\"><\/i>P\u00e1ginas<\/small>\n        <\/div>\n\n        <div class=\"col-12 col-sm-6 col-lg-5 border-bottom pb-2\">\n            <small class=\"text-muted\">D\u00e9sde la p\u00e1gina 1, hasta la p\u00e1gina 8<\/small>\n        <\/div>\n\n        <div class=\"col-12 col-sm-6 col-lg-2 border-bottom pb-2\">\n            <small><i class=\"fas fa-solid fa-language fa-fw me-2\" style=\"color: #8c9db3;\"><\/i>Idioma<\/small>\n        <\/div>\n\n        <div class=\"col-12 col-sm-6 col-lg-3 border-bottom pb-2\">\n            <small class=\"text-muted\">Ingl\u00e9s<\/small>\n        <\/div>\n\n        <div class=\"col-12 col-sm-6 col-lg-2 border-bottom pb-2\">\n            <small><i class=\"fas fa-solid fa-newspaper fa-fw me-2\" style=\"color: #8c9db3;\"><\/i>Editorial<\/small>\n        <\/div>\n\n        <div class=\"col-12 col-sm-6 col-lg-5 border-bottom pb-2\">\n            <small class=\"text-muted\">Palgrave Mcmillan<\/small>\n        <\/div>\n\n        <div class=\"col-12 col-sm-6 col-lg-2 border-bottom pb-2\">\n            <small><i class=\"fas fa-solid fa-user-pen fa-fw me-2\" style=\"color: #8c9db3;\"><\/i>Editores<\/small>\n        <\/div>\n\n        <div class=\"col-12 col-sm-6 col-lg-10 border-bottom pb-2\">\n            <small class=\"text-muted\">Vlad P. Glaveanu<\/small>\n        <\/div>\n\n        <div class=\"col-12 col-sm-6 col-lg-2\">\n            <small><i class=\"fas fa-solid fa-signature fa-fw me-2\" style=\"color: #8c9db3;\"><\/i>Autores<\/small>\n        <\/div>\n\n        <div class=\"col-12 col-sm-6 col-lg-10\">\n            <small class=\"text-muted\">Patricio Saavedra Morales, John Drury<\/small>\n        <\/div>\n    <\/div><span class=\"caption-field-publish\"><\/span><\/div><\/div><\/div><\/div><\/div><div class=\"  circle--pattern-bottom-large col-sm-12 col-md-12 img-article\"><div class=\"holder-publish col-md-12\" style=\"border-bottom: 1px solid #B8B8B8\"><div class=\"content-holder h-100 component-border overflow-hidden row m-0 p-4 aling-items-center\"><ul class=\"p-0 list-style-none\"><li class=\"p-0 me-2\"><i class=\"fas fa-solid fa-book fa-fw\"><\/i> FRUTICULTURA PROTEGIDA: Directrices tecnol\u00f3gicas para uso de coberturas fotoselectivas en kiwi<\/li><li class=\"p-0 me-2\"><i class=\"fas fa-solid fa-calendar fa-fw\"><\/i> 2022<\/li><\/ul><div class=\"caption col-12 p-0 col-md-12 row m-0 align-items-center\"><div class=\"px-md-1\">    <h3 class=\"fw-medium m-0 small-space pt-2 pb-2 title-ss text-decoration-none border-bottom\">Calidad y condici\u00f3n de frutos en poscosecha<\/h3>\n\n    <div class=\"mt-0 row g-3\">\n        \n        <div class=\"col-12 col-sm-6 col-lg-2 border-bottom pb-2\">\n            <small><i class=\"fas fa-solid fa-barcode fa-fw me-2\" style=\"color: #8c9db3;\"><\/i>ISBN<\/small>\n        <\/div>\n\n        <div class=\"col-12 col-sm-6 col-lg-3 border-bottom pb-2\">\n            <small class=\"text-muted\">978-956-6031-06-2<\/small>\n        <\/div>\n\n        <div class=\"col-12 col-sm-6 col-lg-2 border-bottom pb-2\">\n            <small><i class=\"fas fa-solid fa-file fa-fw me-2\" style=\"color: #8c9db3;\"><\/i>P\u00e1ginas<\/small>\n        <\/div>\n\n        <div class=\"col-12 col-sm-6 col-lg-5 border-bottom pb-2\">\n            <small class=\"text-muted\">D\u00e9sde la p\u00e1gina 91, hasta la p\u00e1gina 103<\/small>\n        <\/div>\n\n        <div class=\"col-12 col-sm-6 col-lg-2 border-bottom pb-2\">\n            <small><i class=\"fas fa-solid fa-language fa-fw me-2\" style=\"color: #8c9db3;\"><\/i>Idioma<\/small>\n        <\/div>\n\n        <div class=\"col-12 col-sm-6 col-lg-3 border-bottom pb-2\">\n            <small class=\"text-muted\">Espa\u00f1ol<\/small>\n        <\/div>\n\n        <div class=\"col-12 col-sm-6 col-lg-2 border-bottom pb-2\">\n            <small><i class=\"fas fa-solid fa-newspaper fa-fw me-2\" style=\"color: #8c9db3;\"><\/i>Editorial<\/small>\n        <\/div>\n\n        <div class=\"col-12 col-sm-6 col-lg-5 border-bottom pb-2\">\n            <small class=\"text-muted\">Maval<\/small>\n        <\/div>\n\n        <div class=\"col-12 col-sm-6 col-lg-2 border-bottom pb-2\">\n            <small><i class=\"fas fa-solid fa-user-pen fa-fw me-2\" style=\"color: #8c9db3;\"><\/i>Editores<\/small>\n        <\/div>\n\n        <div class=\"col-12 col-sm-6 col-lg-10 border-bottom pb-2\">\n            <small class=\"text-muted\">Catalina Pinto, Viviana Tudela<\/small>\n        <\/div>\n\n        <div class=\"col-12 col-sm-6 col-lg-2\">\n            <small><i class=\"fas fa-solid fa-signature fa-fw me-2\" style=\"color: #8c9db3;\"><\/i>Autores<\/small>\n        <\/div>\n\n        <div class=\"col-12 col-sm-6 col-lg-10\">\n            <small class=\"text-muted\">Karen Fernanda Mesa Juliani, Catalina Javiera Pinto Palacios, Set Madian P\u00e9rez Fuentealba<\/small>\n        <\/div>\n    <\/div><span class=\"caption-field-publish\"><\/span><\/div><\/div><\/div><\/div><\/div><div class=\"  circle--pattern-bottom-large col-sm-12 col-md-12 img-article\"><div class=\"holder-publish col-md-12\" style=\"border-bottom: 1px solid #B8B8B8\"><div class=\"content-holder h-100 component-border overflow-hidden row m-0 p-4 aling-items-center\"><ul class=\"p-0 list-style-none\"><li class=\"p-0 me-2\"><i class=\"fas fa-solid fa-book fa-fw\"><\/i> Experiencias en ciberpsicolog\u00eda: hacia una nueva era de la psicolog\u00eda<\/li><li class=\"p-0 me-2\"><i class=\"fas fa-solid fa-calendar fa-fw\"><\/i> 2022<\/li><\/ul><div class=\"caption col-12 p-0 col-md-12 row m-0 align-items-center\"><div class=\"px-md-1\">    <h3 class=\"fw-medium m-0 small-space pt-2 pb-2 title-ss text-decoration-none border-bottom\">Alfabetizaci\u00f3n digital de TICs en personas con trastornos mentales severos<\/h3>\n\n    <div class=\"mt-0 row g-3\">\n        \n        <div class=\"col-12 col-sm-6 col-lg-2 border-bottom pb-2\">\n            <small><i class=\"fas fa-solid fa-barcode fa-fw me-2\" style=\"color: #8c9db3;\"><\/i>ISBN<\/small>\n        <\/div>\n\n        <div class=\"col-12 col-sm-6 col-lg-3 border-bottom pb-2\">\n            <small class=\"text-muted\">978-607-30-5647-2<\/small>\n        <\/div>\n\n        <div class=\"col-12 col-sm-6 col-lg-2 border-bottom pb-2\">\n            <small><i class=\"fas fa-solid fa-file fa-fw me-2\" style=\"color: #8c9db3;\"><\/i>P\u00e1ginas<\/small>\n        <\/div>\n\n        <div class=\"col-12 col-sm-6 col-lg-5 border-bottom pb-2\">\n            <small class=\"text-muted\">D\u00e9sde la p\u00e1gina 101, hasta la p\u00e1gina 112<\/small>\n        <\/div>\n\n        <div class=\"col-12 col-sm-6 col-lg-2 border-bottom pb-2\">\n            <small><i class=\"fas fa-solid fa-language fa-fw me-2\" style=\"color: #8c9db3;\"><\/i>Idioma<\/small>\n        <\/div>\n\n        <div class=\"col-12 col-sm-6 col-lg-3 border-bottom pb-2\">\n            <small class=\"text-muted\">Espa\u00f1ol<\/small>\n        <\/div>\n\n        <div class=\"col-12 col-sm-6 col-lg-2 border-bottom pb-2\">\n            <small><i class=\"fas fa-solid fa-newspaper fa-fw me-2\" style=\"color: #8c9db3;\"><\/i>Editorial<\/small>\n        <\/div>\n\n        <div class=\"col-12 col-sm-6 col-lg-5 border-bottom pb-2\">\n            <small class=\"text-muted\">Universidad Nacional Aut\u00f3noma de M\u00e9xico; Facultad de Estudios Superiores Zaragoza<\/small>\n        <\/div>\n\n        <div class=\"col-12 col-sm-6 col-lg-2 border-bottom pb-2\">\n            <small><i class=\"fas fa-solid fa-user-pen fa-fw me-2\" style=\"color: #8c9db3;\"><\/i>Editores<\/small>\n        <\/div>\n\n        <div class=\"col-12 col-sm-6 col-lg-10 border-bottom pb-2\">\n            <small class=\"text-muted\">Bertha Ramos del R\u00edo; Juan Jos\u00e9 Mart\u00ed Noguera<\/small>\n        <\/div>\n\n        <div class=\"col-12 col-sm-6 col-lg-2\">\n            <small><i class=\"fas fa-solid fa-signature fa-fw me-2\" style=\"color: #8c9db3;\"><\/i>Autores<\/small>\n        <\/div>\n\n        <div class=\"col-12 col-sm-6 col-lg-10\">\n            <small class=\"text-muted\">Mar\u00eda Soledad Burrone Colombino, Mar\u00eda Teresa Sol\u00eds Soto, Marcela Lucchese, Tamara Arratia, Rub\u00e9n Alvarado<\/small>\n        <\/div>\n    <\/div><span class=\"caption-field-publish\"><\/span><\/div><\/div><\/div><\/div><\/div><div class=\"  circle--pattern-bottom-large col-sm-12 col-md-12 img-article\"><div class=\"holder-publish col-md-12\" style=\"border-bottom: 1px solid #B8B8B8\"><div class=\"content-holder h-100 component-border overflow-hidden row m-0 p-4 aling-items-center\"><ul class=\"p-0 list-style-none\"><li class=\"p-0 me-2\"><i class=\"fas fa-solid fa-book fa-fw\"><\/i> Sustainable soil management as a key to preserve soil biodiversity and stop its degradation<\/li><li class=\"p-0 me-2\"><i class=\"fas fa-solid fa-calendar fa-fw\"><\/i> 2022<\/li><\/ul><div class=\"caption col-12 p-0 col-md-12 row m-0 align-items-center\"><div class=\"px-md-1\">    <h3 class=\"fw-medium m-0 small-space pt-2 pb-2 title-ss text-decoration-none border-bottom\">Soil biodiversity in Chile: current scenario and future challenges<\/h3>\n\n    <div class=\"mt-0 row g-3\">\n        \n        <div class=\"col-12 col-sm-6 col-lg-2 border-bottom pb-2\">\n            <small><i class=\"fas fa-solid fa-barcode fa-fw me-2\" style=\"color: #8c9db3;\"><\/i>ISBN<\/small>\n        <\/div>\n\n        <div class=\"col-12 col-sm-6 col-lg-3 border-bottom pb-2\">\n            <small class=\"text-muted\">979-8-9862451-0-2<\/small>\n        <\/div>\n\n        <div class=\"col-12 col-sm-6 col-lg-2 border-bottom pb-2\">\n            <small><i class=\"fas fa-solid fa-file fa-fw me-2\" style=\"color: #8c9db3;\"><\/i>P\u00e1ginas<\/small>\n        <\/div>\n\n        <div class=\"col-12 col-sm-6 col-lg-5 border-bottom pb-2\">\n            <small class=\"text-muted\">D\u00e9sde la p\u00e1gina 65, hasta la p\u00e1gina 75<\/small>\n        <\/div>\n\n        <div class=\"col-12 col-sm-6 col-lg-2 border-bottom pb-2\">\n            <small><i class=\"fas fa-solid fa-language fa-fw me-2\" style=\"color: #8c9db3;\"><\/i>Idioma<\/small>\n        <\/div>\n\n        <div class=\"col-12 col-sm-6 col-lg-3 border-bottom pb-2\">\n            <small class=\"text-muted\">Ingl\u00e9s<\/small>\n        <\/div>\n\n        <div class=\"col-12 col-sm-6 col-lg-2 border-bottom pb-2\">\n            <small><i class=\"fas fa-solid fa-newspaper fa-fw me-2\" style=\"color: #8c9db3;\"><\/i>Editorial<\/small>\n        <\/div>\n\n        <div class=\"col-12 col-sm-6 col-lg-5 border-bottom pb-2\">\n            <small class=\"text-muted\">IUSS<\/small>\n        <\/div>\n\n        <div class=\"col-12 col-sm-6 col-lg-2 border-bottom pb-2\">\n            <small><i class=\"fas fa-solid fa-user-pen fa-fw me-2\" style=\"color: #8c9db3;\"><\/i>Editores<\/small>\n        <\/div>\n\n        <div class=\"col-12 col-sm-6 col-lg-10 border-bottom pb-2\">\n            <small class=\"text-muted\">Laura Bertha Reyes-S\u00e1nchez, Rainer Horn, and Edoardo A.C. Costantini<\/small>\n        <\/div>\n\n        <div class=\"col-12 col-sm-6 col-lg-2\">\n            <small><i class=\"fas fa-solid fa-signature fa-fw me-2\" style=\"color: #8c9db3;\"><\/i>Autores<\/small>\n        <\/div>\n\n        <div class=\"col-12 col-sm-6 col-lg-10\">\n            <small class=\"text-muted\">Claudia Macarena Rojas Alvarado, Carolina Merino, Humberto Nicol\u00e1s Aponte D\u00edaz, Carolina Y\u00e1\u00f1ez<\/small>\n        <\/div>\n    <\/div><span class=\"caption-field-publish\"><\/span><\/div><\/div><\/div><\/div><\/div><div class=\"  circle--pattern-bottom-large col-sm-12 col-md-12 img-article\"><div class=\"holder-publish col-md-12\" style=\"border-bottom: 1px solid #B8B8B8\"><div class=\"content-holder h-100 component-border overflow-hidden row m-0 p-4 aling-items-center\"><ul class=\"p-0 list-style-none\"><li class=\"p-0 me-2\"><i class=\"fas fa-solid fa-book fa-fw\"><\/i> Etiopathogenic Theories and Models in Depression<\/li><li class=\"p-0 me-2\"><i class=\"fas fa-solid fa-calendar fa-fw\"><\/i> 2021<\/li><\/ul><div class=\"caption col-12 p-0 col-md-12 row m-0 align-items-center\"><div class=\"px-md-1\">    <h3 class=\"fw-medium m-0 small-space pt-2 pb-2 title-ss text-decoration-none border-bottom\">Epidemiology of Depression: Burden of Disease, Trends, and the Contributions of Social Epidemiology to the Study of Its Causes.<\/h3>\n\n    <div class=\"mt-0 row g-3\">\n        \n        <div class=\"col-12 col-sm-6 col-lg-2 border-bottom pb-2\">\n            <small><i class=\"fas fa-solid fa-barcode fa-fw me-2\" style=\"color: #8c9db3;\"><\/i>ISBN<\/small>\n        <\/div>\n\n        <div class=\"col-12 col-sm-6 col-lg-3 border-bottom pb-2\">\n            <small class=\"text-muted\">978-3-030-77329-8<\/small>\n        <\/div>\n\n        <div class=\"col-12 col-sm-6 col-lg-2 border-bottom pb-2\">\n            <small><i class=\"fas fa-solid fa-file fa-fw me-2\" style=\"color: #8c9db3;\"><\/i>P\u00e1ginas<\/small>\n        <\/div>\n\n        <div class=\"col-12 col-sm-6 col-lg-5 border-bottom pb-2\">\n            <small class=\"text-muted\">D\u00e9sde la p\u00e1gina 47, hasta la p\u00e1gina 69<\/small>\n        <\/div>\n\n        <div class=\"col-12 col-sm-6 col-lg-2 border-bottom pb-2\">\n            <small><i class=\"fas fa-solid fa-language fa-fw me-2\" style=\"color: #8c9db3;\"><\/i>Idioma<\/small>\n        <\/div>\n\n        <div class=\"col-12 col-sm-6 col-lg-3 border-bottom pb-2\">\n            <small class=\"text-muted\">Ingl\u00e9s<\/small>\n        <\/div>\n\n        <div class=\"col-12 col-sm-6 col-lg-2 border-bottom pb-2\">\n            <small><i class=\"fas fa-solid fa-newspaper fa-fw me-2\" style=\"color: #8c9db3;\"><\/i>Editorial<\/small>\n        <\/div>\n\n        <div class=\"col-12 col-sm-6 col-lg-5 border-bottom pb-2\">\n            <small class=\"text-muted\">Springer International Publishing<\/small>\n        <\/div>\n\n        <div class=\"col-12 col-sm-6 col-lg-2 border-bottom pb-2\">\n            <small><i class=\"fas fa-solid fa-user-pen fa-fw me-2\" style=\"color: #8c9db3;\"><\/i>Editores<\/small>\n        <\/div>\n\n        <div class=\"col-12 col-sm-6 col-lg-10 border-bottom pb-2\">\n            <small class=\"text-muted\">J. P. Jim\u00e9nez, A. Botto and P. Fonagy.<\/small>\n        <\/div>\n\n        <div class=\"col-12 col-sm-6 col-lg-2\">\n            <small><i class=\"fas fa-solid fa-signature fa-fw me-2\" style=\"color: #8c9db3;\"><\/i>Autores<\/small>\n        <\/div>\n\n        <div class=\"col-12 col-sm-6 col-lg-10\">\n            <small class=\"text-muted\">Rub\u00e9n Alvarado, Mar\u00eda Soledad Burrone Colombino<\/small>\n        <\/div>\n    <\/div><span class=\"caption-field-publish\"><\/span><\/div><\/div><\/div><\/div><\/div><div class=\"  circle--pattern-bottom-large col-sm-12 col-md-12 img-article\"><div class=\"holder-publish col-md-12\" style=\"border-bottom: 1px solid #B8B8B8\"><div class=\"content-holder h-100 component-border overflow-hidden row m-0 p-4 aling-items-center\"><ul class=\"p-0 list-style-none\"><li class=\"p-0 me-2\"><i class=\"fas fa-solid fa-book fa-fw\"><\/i> Antioxidants in Plant-Microbe Interaction<\/li><li class=\"p-0 me-2\"><i class=\"fas fa-solid fa-calendar fa-fw\"><\/i> 2021<\/li><\/ul><div class=\"caption col-12 p-0 col-md-12 row m-0 align-items-center\"><div class=\"px-md-1\">    <h3 class=\"fw-medium m-0 small-space pt-2 pb-2 title-ss text-decoration-none border-bottom\">Plant-Rhizobacteria Communications with the Antioxidant System<\/h3>\n\n    <div class=\"mt-0 row g-3\">\n        \n        <div class=\"col-12 col-sm-6 col-lg-2 border-bottom pb-2\">\n            <small><i class=\"fas fa-solid fa-barcode fa-fw me-2\" style=\"color: #8c9db3;\"><\/i>ISBN<\/small>\n        <\/div>\n\n        <div class=\"col-12 col-sm-6 col-lg-3 border-bottom pb-2\">\n            <small class=\"text-muted\"><\/small>\n        <\/div>\n\n        <div class=\"col-12 col-sm-6 col-lg-2 border-bottom pb-2\">\n            <small><i class=\"fas fa-solid fa-file fa-fw me-2\" style=\"color: #8c9db3;\"><\/i>P\u00e1ginas<\/small>\n        <\/div>\n\n        <div class=\"col-12 col-sm-6 col-lg-5 border-bottom pb-2\">\n            <small class=\"text-muted\">D\u00e9sde la p\u00e1gina 41, hasta la p\u00e1gina 58<\/small>\n        <\/div>\n\n        <div class=\"col-12 col-sm-6 col-lg-2 border-bottom pb-2\">\n            <small><i class=\"fas fa-solid fa-language fa-fw me-2\" style=\"color: #8c9db3;\"><\/i>Idioma<\/small>\n        <\/div>\n\n        <div class=\"col-12 col-sm-6 col-lg-3 border-bottom pb-2\">\n            <small class=\"text-muted\">Ingl\u00e9s<\/small>\n        <\/div>\n\n        <div class=\"col-12 col-sm-6 col-lg-2 border-bottom pb-2\">\n            <small><i class=\"fas fa-solid fa-newspaper fa-fw me-2\" style=\"color: #8c9db3;\"><\/i>Editorial<\/small>\n        <\/div>\n\n        <div class=\"col-12 col-sm-6 col-lg-5 border-bottom pb-2\">\n            <small class=\"text-muted\">Springer Nature<\/small>\n        <\/div>\n\n        <div class=\"col-12 col-sm-6 col-lg-2 border-bottom pb-2\">\n            <small><i class=\"fas fa-solid fa-user-pen fa-fw me-2\" style=\"color: #8c9db3;\"><\/i>Editores<\/small>\n        <\/div>\n\n        <div class=\"col-12 col-sm-6 col-lg-10 border-bottom pb-2\">\n            <small class=\"text-muted\"><\/small>\n        <\/div>\n\n        <div class=\"col-12 col-sm-6 col-lg-2\">\n            <small><i class=\"fas fa-solid fa-signature fa-fw me-2\" style=\"color: #8c9db3;\"><\/i>Autores<\/small>\n        <\/div>\n\n        <div class=\"col-12 col-sm-6 col-lg-10\">\n            <small class=\"text-muted\">Virgilio Gavicho<\/small>\n        <\/div>\n    <\/div><span class=\"caption-field-publish\"><\/span><\/div><\/div><\/div><\/div><\/div><div class=\"  circle--pattern-bottom-large col-sm-12 col-md-12 img-article\"><div class=\"holder-publish col-md-12\" style=\"border-bottom: 1px solid #B8B8B8\"><div class=\"content-holder h-100 component-border overflow-hidden row m-0 p-4 aling-items-center\"><ul class=\"p-0 list-style-none\"><li class=\"p-0 me-2\"><i class=\"fas fa-solid fa-book fa-fw\"><\/i> Agr\u00e1rias: Pesquisa e Inova\u00e7\u00e3o nas Ci\u00eancias que Alimentam o Mundo<\/li><li class=\"p-0 me-2\"><i class=\"fas fa-solid fa-calendar fa-fw\"><\/i> 2021<\/li><\/ul><div class=\"caption col-12 p-0 col-md-12 row m-0 align-items-center\"><div class=\"px-md-1\">    <h3 class=\"fw-medium m-0 small-space pt-2 pb-2 title-ss text-decoration-none border-bottom\">EFEITO DAS MUDAN\u00c7AS DO USO DA TERRA NAS PROPRIEDADES DOS SOLOS TEMPERADOS E TROPICAIS<\/h3>\n\n    <div class=\"mt-0 row g-3\">\n        \n        <div class=\"col-12 col-sm-6 col-lg-2 border-bottom pb-2\">\n            <small><i class=\"fas fa-solid fa-barcode fa-fw me-2\" style=\"color: #8c9db3;\"><\/i>ISBN<\/small>\n        <\/div>\n\n        <div class=\"col-12 col-sm-6 col-lg-3 border-bottom pb-2\">\n            <small class=\"text-muted\">978-65-87396-34-7<\/small>\n        <\/div>\n\n        <div class=\"col-12 col-sm-6 col-lg-2 border-bottom pb-2\">\n            <small><i class=\"fas fa-solid fa-file fa-fw me-2\" style=\"color: #8c9db3;\"><\/i>P\u00e1ginas<\/small>\n        <\/div>\n\n        <div class=\"col-12 col-sm-6 col-lg-5 border-bottom pb-2\">\n            <small class=\"text-muted\">D\u00e9sde la p\u00e1gina 120, hasta la p\u00e1gina 131<\/small>\n        <\/div>\n\n        <div class=\"col-12 col-sm-6 col-lg-2 border-bottom pb-2\">\n            <small><i class=\"fas fa-solid fa-language fa-fw me-2\" style=\"color: #8c9db3;\"><\/i>Idioma<\/small>\n        <\/div>\n\n        <div class=\"col-12 col-sm-6 col-lg-3 border-bottom pb-2\">\n            <small class=\"text-muted\">Portugu\u00e9s<\/small>\n        <\/div>\n\n        <div class=\"col-12 col-sm-6 col-lg-2 border-bottom pb-2\">\n            <small><i class=\"fas fa-solid fa-newspaper fa-fw me-2\" style=\"color: #8c9db3;\"><\/i>Editorial<\/small>\n        <\/div>\n\n        <div class=\"col-12 col-sm-6 col-lg-5 border-bottom pb-2\">\n            <small class=\"text-muted\">Editora Artemis<\/small>\n        <\/div>\n\n        <div class=\"col-12 col-sm-6 col-lg-2 border-bottom pb-2\">\n            <small><i class=\"fas fa-solid fa-user-pen fa-fw me-2\" style=\"color: #8c9db3;\"><\/i>Editores<\/small>\n        <\/div>\n\n        <div class=\"col-12 col-sm-6 col-lg-10 border-bottom pb-2\">\n            <small class=\"text-muted\">Antonella Carvalho de Oliveira, Viviane Carvalho Mocellin, Adalberto de Paula Paranhos<\/small>\n        <\/div>\n\n        <div class=\"col-12 col-sm-6 col-lg-2\">\n            <small><i class=\"fas fa-solid fa-signature fa-fw me-2\" style=\"color: #8c9db3;\"><\/i>Autores<\/small>\n        <\/div>\n\n        <div class=\"col-12 col-sm-6 col-lg-10\">\n            <small class=\"text-muted\">Dilier Olivera Viciedo, Rodolfo Lizcano Toledo, Deborah Henderson, Paul Richard, Lisa Wegener, Alberto Gonz\u00e1lez Arcia<\/small>\n        <\/div>\n    <\/div><span class=\"caption-field-publish\"><\/span><\/div><\/div><\/div><\/div><\/div><div class=\"  circle--pattern-bottom-large col-sm-12 col-md-12 img-article\"><div class=\"holder-publish col-md-12\" style=\"border-bottom: 1px solid #B8B8B8\"><div class=\"content-holder h-100 component-border overflow-hidden row m-0 p-4 aling-items-center\"><ul class=\"p-0 list-style-none\"><li class=\"p-0 me-2\"><i class=\"fas fa-solid fa-book fa-fw\"><\/i> Innovaci\u00f3n Docente e Investigaci\u00f3n en Educaci\u00f3n: Nuevos Enfoques en la Metodolog\u00eda Docente<\/li><li class=\"p-0 me-2\"><i class=\"fas fa-solid fa-calendar fa-fw\"><\/i> 2021<\/li><\/ul><div class=\"caption col-12 p-0 col-md-12 row m-0 align-items-center\"><div class=\"px-md-1\">    <h3 class=\"fw-medium m-0 small-space pt-2 pb-2 title-ss text-decoration-none border-bottom\">Organizaci\u00f3n ret\u00f3rica y problematizaci\u00f3n del Informe de resoluci\u00f3n de problemas por ABP: un estudio de caso<\/h3>\n\n    <div class=\"mt-0 row g-3\">\n        \n        <div class=\"col-12 col-sm-6 col-lg-2 border-bottom pb-2\">\n            <small><i class=\"fas fa-solid fa-barcode fa-fw me-2\" style=\"color: #8c9db3;\"><\/i>ISBN<\/small>\n        <\/div>\n\n        <div class=\"col-12 col-sm-6 col-lg-3 border-bottom pb-2\">\n            <small class=\"text-muted\"><\/small>\n        <\/div>\n\n        <div class=\"col-12 col-sm-6 col-lg-2 border-bottom pb-2\">\n            <small><i class=\"fas fa-solid fa-file fa-fw me-2\" style=\"color: #8c9db3;\"><\/i>P\u00e1ginas<\/small>\n        <\/div>\n\n        <div class=\"col-12 col-sm-6 col-lg-5 border-bottom pb-2\">\n            <small class=\"text-muted\">D\u00e9sde la p\u00e1gina 905, hasta la p\u00e1gina 916<\/small>\n        <\/div>\n\n        <div class=\"col-12 col-sm-6 col-lg-2 border-bottom pb-2\">\n            <small><i class=\"fas fa-solid fa-language fa-fw me-2\" style=\"color: #8c9db3;\"><\/i>Idioma<\/small>\n        <\/div>\n\n        <div class=\"col-12 col-sm-6 col-lg-3 border-bottom pb-2\">\n            <small class=\"text-muted\">Espa\u00f1ol<\/small>\n        <\/div>\n\n        <div class=\"col-12 col-sm-6 col-lg-2 border-bottom pb-2\">\n            <small><i class=\"fas fa-solid fa-newspaper fa-fw me-2\" style=\"color: #8c9db3;\"><\/i>Editorial<\/small>\n        <\/div>\n\n        <div class=\"col-12 col-sm-6 col-lg-5 border-bottom pb-2\">\n            <small class=\"text-muted\">Dykinson, S.L.<\/small>\n        <\/div>\n\n        <div class=\"col-12 col-sm-6 col-lg-2 border-bottom pb-2\">\n            <small><i class=\"fas fa-solid fa-user-pen fa-fw me-2\" style=\"color: #8c9db3;\"><\/i>Editores<\/small>\n        <\/div>\n\n        <div class=\"col-12 col-sm-6 col-lg-10 border-bottom pb-2\">\n            <small class=\"text-muted\">Barrag\u00e1n, A., Molero, M., Martos, A., Sim\u00f3n, M., V\u00e1zquez, J., P\u00e9rez, M<\/small>\n        <\/div>\n\n        <div class=\"col-12 col-sm-6 col-lg-2\">\n            <small><i class=\"fas fa-solid fa-signature fa-fw me-2\" style=\"color: #8c9db3;\"><\/i>Autores<\/small>\n        <\/div>\n\n        <div class=\"col-12 col-sm-6 col-lg-10\">\n            <small class=\"text-muted\">Emmy Antonella Gonz\u00e1lez Lillo, Marcela Jarpa Azagra, Carmen L\u00f3pez Ferrero<\/small>\n        <\/div>\n    <\/div><span class=\"caption-field-publish\"><\/span><\/div><\/div><\/div><\/div><\/div><div class=\"  circle--pattern-bottom-large col-sm-12 col-md-12 img-article\"><div class=\"holder-publish col-md-12\" style=\"border-bottom: 1px solid #B8B8B8\"><div class=\"content-holder h-100 component-border overflow-hidden row m-0 p-4 aling-items-center\"><ul class=\"p-0 list-style-none\"><li class=\"p-0 me-2\"><i class=\"fas fa-solid fa-book fa-fw\"><\/i> THE FUNCTION OF PHAGOCYTES IN NON-MAMMALS<\/li><li class=\"p-0 me-2\"><i class=\"fas fa-solid fa-calendar fa-fw\"><\/i> 2021<\/li><\/ul><div class=\"caption col-12 p-0 col-md-12 row m-0 align-items-center\"><div class=\"px-md-1\">    <h3 class=\"fw-medium m-0 small-space pt-2 pb-2 title-ss text-decoration-none border-bottom\">Differential Effects of Drinking Water Quality on Phagocyte Responses of Broiler Chickens Against Fungal and Bacterial Challenges<\/h3>\n\n    <div class=\"mt-0 row g-3\">\n        \n        <div class=\"col-12 col-sm-6 col-lg-2 border-bottom pb-2\">\n            <small><i class=\"fas fa-solid fa-barcode fa-fw me-2\" style=\"color: #8c9db3;\"><\/i>ISBN<\/small>\n        <\/div>\n\n        <div class=\"col-12 col-sm-6 col-lg-3 border-bottom pb-2\">\n            <small class=\"text-muted\">978-2-88966-438-2<\/small>\n        <\/div>\n\n        <div class=\"col-12 col-sm-6 col-lg-2 border-bottom pb-2\">\n            <small><i class=\"fas fa-solid fa-file fa-fw me-2\" style=\"color: #8c9db3;\"><\/i>P\u00e1ginas<\/small>\n        <\/div>\n\n        <div class=\"col-12 col-sm-6 col-lg-5 border-bottom pb-2\">\n            <small class=\"text-muted\">D\u00e9sde la p\u00e1gina , hasta la p\u00e1gina <\/small>\n        <\/div>\n\n        <div class=\"col-12 col-sm-6 col-lg-2 border-bottom pb-2\">\n            <small><i class=\"fas fa-solid fa-language fa-fw me-2\" style=\"color: #8c9db3;\"><\/i>Idioma<\/small>\n        <\/div>\n\n        <div class=\"col-12 col-sm-6 col-lg-3 border-bottom pb-2\">\n            <small class=\"text-muted\">Ingl\u00e9s<\/small>\n        <\/div>\n\n        <div class=\"col-12 col-sm-6 col-lg-2 border-bottom pb-2\">\n            <small><i class=\"fas fa-solid fa-newspaper fa-fw me-2\" style=\"color: #8c9db3;\"><\/i>Editorial<\/small>\n        <\/div>\n\n        <div class=\"col-12 col-sm-6 col-lg-5 border-bottom pb-2\">\n            <small class=\"text-muted\">Lausanne: Frontiers Media SA.<\/small>\n        <\/div>\n\n        <div class=\"col-12 col-sm-6 col-lg-2 border-bottom pb-2\">\n            <small><i class=\"fas fa-solid fa-user-pen fa-fw me-2\" style=\"color: #8c9db3;\"><\/i>Editores<\/small>\n        <\/div>\n\n        <div class=\"col-12 col-sm-6 col-lg-10 border-bottom pb-2\">\n            <small class=\"text-muted\">Xinjiang Lu, Qing Deng and Kim Dawn Thompson<\/small>\n        <\/div>\n\n        <div class=\"col-12 col-sm-6 col-lg-2\">\n            <small><i class=\"fas fa-solid fa-signature fa-fw me-2\" style=\"color: #8c9db3;\"><\/i>Autores<\/small>\n        <\/div>\n\n        <div class=\"col-12 col-sm-6 col-lg-10\">\n            <small class=\"text-muted\">D\u00e9bora Alejandra Torrealba Sandoval, Juan A. More-Bayona, Caitlin Thomson, Jeremy Wakaruk, Daniel R. Barreda<\/small>\n        <\/div>\n    <\/div><span class=\"caption-field-publish\"><\/span><\/div><\/div><\/div><\/div><\/div><div class=\"  circle--pattern-bottom-large col-sm-12 col-md-12 img-article\"><div class=\"holder-publish col-md-12\" style=\"border-bottom: 1px solid #B8B8B8\"><div class=\"content-holder h-100 component-border overflow-hidden row m-0 p-4 aling-items-center\"><ul class=\"p-0 list-style-none\"><li class=\"p-0 me-2\"><i class=\"fas fa-solid fa-book fa-fw\"><\/i> Ling\u00fc\u00edstica del castellano chileno: Estudios sobre variaci\u00f3n, innovaci\u00f3n, contacto e identida<\/li><li class=\"p-0 me-2\"><i class=\"fas fa-solid fa-calendar fa-fw\"><\/i> 2021<\/li><\/ul><div class=\"caption col-12 p-0 col-md-12 row m-0 align-items-center\"><div class=\"px-md-1\">    <h3 class=\"fw-medium m-0 small-space pt-2 pb-2 title-ss text-decoration-none border-bottom\">El habla sincronizada como dispositivo para la producci\u00f3n del ritmo del espa\u00f1ol como L2<\/h3>\n\n    <div class=\"mt-0 row g-3\">\n        \n        <div class=\"col-12 col-sm-6 col-lg-2 border-bottom pb-2\">\n            <small><i class=\"fas fa-solid fa-barcode fa-fw me-2\" style=\"color: #8c9db3;\"><\/i>ISBN<\/small>\n        <\/div>\n\n        <div class=\"col-12 col-sm-6 col-lg-3 border-bottom pb-2\">\n            <small class=\"text-muted\"><\/small>\n        <\/div>\n\n        <div class=\"col-12 col-sm-6 col-lg-2 border-bottom pb-2\">\n            <small><i class=\"fas fa-solid fa-file fa-fw me-2\" style=\"color: #8c9db3;\"><\/i>P\u00e1ginas<\/small>\n        <\/div>\n\n        <div class=\"col-12 col-sm-6 col-lg-5 border-bottom pb-2\">\n            <small class=\"text-muted\">D\u00e9sde la p\u00e1gina , hasta la p\u00e1gina <\/small>\n        <\/div>\n\n        <div class=\"col-12 col-sm-6 col-lg-2 border-bottom pb-2\">\n            <small><i class=\"fas fa-solid fa-language fa-fw me-2\" style=\"color: #8c9db3;\"><\/i>Idioma<\/small>\n        <\/div>\n\n        <div class=\"col-12 col-sm-6 col-lg-3 border-bottom pb-2\">\n            <small class=\"text-muted\">Espa\u00f1ol<\/small>\n        <\/div>\n\n        <div class=\"col-12 col-sm-6 col-lg-2 border-bottom pb-2\">\n            <small><i class=\"fas fa-solid fa-newspaper fa-fw me-2\" style=\"color: #8c9db3;\"><\/i>Editorial<\/small>\n        <\/div>\n\n        <div class=\"col-12 col-sm-6 col-lg-5 border-bottom pb-2\">\n            <small class=\"text-muted\">Vernon Press<\/small>\n        <\/div>\n\n        <div class=\"col-12 col-sm-6 col-lg-2 border-bottom pb-2\">\n            <small><i class=\"fas fa-solid fa-user-pen fa-fw me-2\" style=\"color: #8c9db3;\"><\/i>Editores<\/small>\n        <\/div>\n\n        <div class=\"col-12 col-sm-6 col-lg-10 border-bottom pb-2\">\n            <small class=\"text-muted\">Rogers, B.M., Figueroa, M.<\/small>\n        <\/div>\n\n        <div class=\"col-12 col-sm-6 col-lg-2\">\n            <small><i class=\"fas fa-solid fa-signature fa-fw me-2\" style=\"color: #8c9db3;\"><\/i>Autores<\/small>\n        <\/div>\n\n        <div class=\"col-12 col-sm-6 col-lg-10\">\n            <small class=\"text-muted\">Karina Ester Cerda O\u00f1ate, Francisco Antonio Nocetti, Gloria Toledo Vega, Hern\u00e1n E. P\u00e9rez<\/small>\n        <\/div>\n    <\/div><span class=\"caption-field-publish\"><\/span><\/div><\/div><\/div><\/div><\/div><div class=\"  circle--pattern-bottom-large col-sm-12 col-md-12 img-article\"><div class=\"holder-publish col-md-12\" style=\"border-bottom: 1px solid #B8B8B8\"><div class=\"content-holder h-100 component-border overflow-hidden row m-0 p-4 aling-items-center\"><ul class=\"p-0 list-style-none\"><li class=\"p-0 me-2\"><i class=\"fas fa-solid fa-book fa-fw\"><\/i> Estallido Social en Chile. Lecturas sobre Educaci\u00f3n y desigualdad en Chile. \"Desigualdad y discriminaci\u00f3n educativa en Chile.<\/li><li class=\"p-0 me-2\"><i class=\"fas fa-solid fa-calendar fa-fw\"><\/i> 2021<\/li><\/ul><div class=\"caption col-12 p-0 col-md-12 row m-0 align-items-center\"><div class=\"px-md-1\">    <h3 class=\"fw-medium m-0 small-space pt-2 pb-2 title-ss text-decoration-none border-bottom\">Nuevos desaf\u00edos territoriales para las universidades. Equidad en acceso y formaciones libres de estereotipos<\/h3>\n\n    <div class=\"mt-0 row g-3\">\n        \n        <div class=\"col-12 col-sm-6 col-lg-2 border-bottom pb-2\">\n            <small><i class=\"fas fa-solid fa-barcode fa-fw me-2\" style=\"color: #8c9db3;\"><\/i>ISBN<\/small>\n        <\/div>\n\n        <div class=\"col-12 col-sm-6 col-lg-3 border-bottom pb-2\">\n            <small class=\"text-muted\"><\/small>\n        <\/div>\n\n        <div class=\"col-12 col-sm-6 col-lg-2 border-bottom pb-2\">\n            <small><i class=\"fas fa-solid fa-file fa-fw me-2\" style=\"color: #8c9db3;\"><\/i>P\u00e1ginas<\/small>\n        <\/div>\n\n        <div class=\"col-12 col-sm-6 col-lg-5 border-bottom pb-2\">\n            <small class=\"text-muted\">D\u00e9sde la p\u00e1gina 63, hasta la p\u00e1gina 77<\/small>\n        <\/div>\n\n        <div class=\"col-12 col-sm-6 col-lg-2 border-bottom pb-2\">\n            <small><i class=\"fas fa-solid fa-language fa-fw me-2\" style=\"color: #8c9db3;\"><\/i>Idioma<\/small>\n        <\/div>\n\n        <div class=\"col-12 col-sm-6 col-lg-3 border-bottom pb-2\">\n            <small class=\"text-muted\">Espa\u00f1ol<\/small>\n        <\/div>\n\n        <div class=\"col-12 col-sm-6 col-lg-2 border-bottom pb-2\">\n            <small><i class=\"fas fa-solid fa-newspaper fa-fw me-2\" style=\"color: #8c9db3;\"><\/i>Editorial<\/small>\n        <\/div>\n\n        <div class=\"col-12 col-sm-6 col-lg-5 border-bottom pb-2\">\n            <small class=\"text-muted\">Ediciones Universidad Tecnol\u00f3gica Metropolitana.<\/small>\n        <\/div>\n\n        <div class=\"col-12 col-sm-6 col-lg-2 border-bottom pb-2\">\n            <small><i class=\"fas fa-solid fa-user-pen fa-fw me-2\" style=\"color: #8c9db3;\"><\/i>Editores<\/small>\n        <\/div>\n\n        <div class=\"col-12 col-sm-6 col-lg-10 border-bottom pb-2\">\n            <small class=\"text-muted\"><\/small>\n        <\/div>\n\n        <div class=\"col-12 col-sm-6 col-lg-2\">\n            <small><i class=\"fas fa-solid fa-signature fa-fw me-2\" style=\"color: #8c9db3;\"><\/i>Autores<\/small>\n        <\/div>\n\n        <div class=\"col-12 col-sm-6 col-lg-10\">\n            <small class=\"text-muted\">Mar\u00eda Rosario de Lourdes Garc\u00eda-Huidobro Munita<\/small>\n        <\/div>\n    <\/div><span class=\"caption-field-publish\"><\/span><\/div><\/div><\/div><\/div><\/div><div class=\"  circle--pattern-bottom-large col-sm-12 col-md-12 img-article\"><div class=\"holder-publish col-md-12\" style=\"border-bottom: 1px solid #B8B8B8\"><div class=\"content-holder h-100 component-border overflow-hidden row m-0 p-4 aling-items-center\"><ul class=\"p-0 list-style-none\"><li class=\"p-0 me-2\"><i class=\"fas fa-solid fa-book fa-fw\"><\/i> Una Nueva Constituci\u00f3n: Una Propuesta desde la Araucan\u00eda<\/li><li class=\"p-0 me-2\"><i class=\"fas fa-solid fa-calendar fa-fw\"><\/i> 2021<\/li><\/ul><div class=\"caption col-12 p-0 col-md-12 row m-0 align-items-center\"><div class=\"px-md-1\">    <h3 class=\"fw-medium m-0 small-space pt-2 pb-2 title-ss text-decoration-none border-bottom\">Uso de la fuerza y nueva Constituci\u00f3n: La necesidad de un efectivo control civil a la labor policial<\/h3>\n\n    <div class=\"mt-0 row g-3\">\n        \n        <div class=\"col-12 col-sm-6 col-lg-2 border-bottom pb-2\">\n            <small><i class=\"fas fa-solid fa-barcode fa-fw me-2\" style=\"color: #8c9db3;\"><\/i>ISBN<\/small>\n        <\/div>\n\n        <div class=\"col-12 col-sm-6 col-lg-3 border-bottom pb-2\">\n            <small class=\"text-muted\">9569489871<\/small>\n        <\/div>\n\n        <div class=\"col-12 col-sm-6 col-lg-2 border-bottom pb-2\">\n            <small><i class=\"fas fa-solid fa-file fa-fw me-2\" style=\"color: #8c9db3;\"><\/i>P\u00e1ginas<\/small>\n        <\/div>\n\n        <div class=\"col-12 col-sm-6 col-lg-5 border-bottom pb-2\">\n            <small class=\"text-muted\">D\u00e9sde la p\u00e1gina 45, hasta la p\u00e1gina 54<\/small>\n        <\/div>\n\n        <div class=\"col-12 col-sm-6 col-lg-2 border-bottom pb-2\">\n            <small><i class=\"fas fa-solid fa-language fa-fw me-2\" style=\"color: #8c9db3;\"><\/i>Idioma<\/small>\n        <\/div>\n\n        <div class=\"col-12 col-sm-6 col-lg-3 border-bottom pb-2\">\n            <small class=\"text-muted\">Espa\u00f1ol<\/small>\n        <\/div>\n\n        <div class=\"col-12 col-sm-6 col-lg-2 border-bottom pb-2\">\n            <small><i class=\"fas fa-solid fa-newspaper fa-fw me-2\" style=\"color: #8c9db3;\"><\/i>Editorial<\/small>\n        <\/div>\n\n        <div class=\"col-12 col-sm-6 col-lg-5 border-bottom pb-2\">\n            <small class=\"text-muted\">Ediciones UC Temuco<\/small>\n        <\/div>\n\n        <div class=\"col-12 col-sm-6 col-lg-2 border-bottom pb-2\">\n            <small><i class=\"fas fa-solid fa-user-pen fa-fw me-2\" style=\"color: #8c9db3;\"><\/i>Editores<\/small>\n        <\/div>\n\n        <div class=\"col-12 col-sm-6 col-lg-10 border-bottom pb-2\">\n            <small class=\"text-muted\">Camila Carrasco Hidalgo, Cristian Quiroz Reyes<\/small>\n        <\/div>\n\n        <div class=\"col-12 col-sm-6 col-lg-2\">\n            <small><i class=\"fas fa-solid fa-signature fa-fw me-2\" style=\"color: #8c9db3;\"><\/i>Autores<\/small>\n        <\/div>\n\n        <div class=\"col-12 col-sm-6 col-lg-10\">\n            <small class=\"text-muted\">Catalina Fernandez Carter, Javier Eduardo Vel\u00e1squez Valenzuela<\/small>\n        <\/div>\n    <\/div><span class=\"caption-field-publish\"><\/span><\/div><\/div><\/div><\/div><\/div><div class=\"  circle--pattern-bottom-large col-sm-12 col-md-12 img-article\"><div class=\"holder-publish col-md-12\" style=\"border-bottom: 1px solid #B8B8B8\"><div class=\"content-holder h-100 component-border overflow-hidden row m-0 p-4 aling-items-center\"><ul class=\"p-0 list-style-none\"><li class=\"p-0 me-2\"><i class=\"fas fa-solid fa-book fa-fw\"><\/i> Derecho Procesal Penal: Una mirada a 20 a\u00f1os de reformas en Chile y Brasil<\/li><li class=\"p-0 me-2\"><i class=\"fas fa-solid fa-calendar fa-fw\"><\/i> 2021<\/li><\/ul><div class=\"caption col-12 p-0 col-md-12 row m-0 align-items-center\"><div class=\"px-md-1\">    <h3 class=\"fw-medium m-0 small-space pt-2 pb-2 title-ss text-decoration-none border-bottom\">\u00bfPeligro para la seguridad de la sociedad? Una mirada cr\u00edtica<\/h3>\n\n    <div class=\"mt-0 row g-3\">\n        \n        <div class=\"col-12 col-sm-6 col-lg-2 border-bottom pb-2\">\n            <small><i class=\"fas fa-solid fa-barcode fa-fw me-2\" style=\"color: #8c9db3;\"><\/i>ISBN<\/small>\n        <\/div>\n\n        <div class=\"col-12 col-sm-6 col-lg-3 border-bottom pb-2\">\n            <small class=\"text-muted\">9786559083060<\/small>\n        <\/div>\n\n        <div class=\"col-12 col-sm-6 col-lg-2 border-bottom pb-2\">\n            <small><i class=\"fas fa-solid fa-file fa-fw me-2\" style=\"color: #8c9db3;\"><\/i>P\u00e1ginas<\/small>\n        <\/div>\n\n        <div class=\"col-12 col-sm-6 col-lg-5 border-bottom pb-2\">\n            <small class=\"text-muted\">D\u00e9sde la p\u00e1gina 76, hasta la p\u00e1gina 93<\/small>\n        <\/div>\n\n        <div class=\"col-12 col-sm-6 col-lg-2 border-bottom pb-2\">\n            <small><i class=\"fas fa-solid fa-language fa-fw me-2\" style=\"color: #8c9db3;\"><\/i>Idioma<\/small>\n        <\/div>\n\n        <div class=\"col-12 col-sm-6 col-lg-3 border-bottom pb-2\">\n            <small class=\"text-muted\">Espa\u00f1ol<\/small>\n        <\/div>\n\n        <div class=\"col-12 col-sm-6 col-lg-2 border-bottom pb-2\">\n            <small><i class=\"fas fa-solid fa-newspaper fa-fw me-2\" style=\"color: #8c9db3;\"><\/i>Editorial<\/small>\n        <\/div>\n\n        <div class=\"col-12 col-sm-6 col-lg-5 border-bottom pb-2\">\n            <small class=\"text-muted\">Tirant lo Blanch<\/small>\n        <\/div>\n\n        <div class=\"col-12 col-sm-6 col-lg-2 border-bottom pb-2\">\n            <small><i class=\"fas fa-solid fa-user-pen fa-fw me-2\" style=\"color: #8c9db3;\"><\/i>Editores<\/small>\n        <\/div>\n\n        <div class=\"col-12 col-sm-6 col-lg-10 border-bottom pb-2\">\n            <small class=\"text-muted\">Andr\u00e9 Machado Maya, Rodrigo R\u00edos \u00c1lvarez<\/small>\n        <\/div>\n\n        <div class=\"col-12 col-sm-6 col-lg-2\">\n            <small><i class=\"fas fa-solid fa-signature fa-fw me-2\" style=\"color: #8c9db3;\"><\/i>Autores<\/small>\n        <\/div>\n\n        <div class=\"col-12 col-sm-6 col-lg-10\">\n            <small class=\"text-muted\">Javier Eduardo Vel\u00e1squez Valenzuela, Nicol\u00e1s del Fierro Baraona<\/small>\n        <\/div>\n    <\/div><span class=\"caption-field-publish\"><\/span><\/div><\/div><\/div><\/div><\/div><div class=\"  circle--pattern-bottom-large col-sm-12 col-md-12 img-article\"><div class=\"holder-publish col-md-12\" style=\"border-bottom: 1px solid #B8B8B8\"><div class=\"content-holder h-100 component-border overflow-hidden row m-0 p-4 aling-items-center\"><ul class=\"p-0 list-style-none\"><li class=\"p-0 me-2\"><i class=\"fas fa-solid fa-book fa-fw\"><\/i> La Sociedad Local<\/li><li class=\"p-0 me-2\"><i class=\"fas fa-solid fa-calendar fa-fw\"><\/i> 2021<\/li><\/ul><div class=\"caption col-12 p-0 col-md-12 row m-0 align-items-center\"><div class=\"px-md-1\">    <h3 class=\"fw-medium m-0 small-space pt-2 pb-2 title-ss text-decoration-none border-bottom\">La estratigraf\u00eda de la memor\u00eda en la Regi\u00f3n de O`Higgins<\/h3>\n\n    <div class=\"mt-0 row g-3\">\n        \n        <div class=\"col-12 col-sm-6 col-lg-2 border-bottom pb-2\">\n            <small><i class=\"fas fa-solid fa-barcode fa-fw me-2\" style=\"color: #8c9db3;\"><\/i>ISBN<\/small>\n        <\/div>\n\n        <div class=\"col-12 col-sm-6 col-lg-3 border-bottom pb-2\">\n            <small class=\"text-muted\">978-956-00-1435-1<\/small>\n        <\/div>\n\n        <div class=\"col-12 col-sm-6 col-lg-2 border-bottom pb-2\">\n            <small><i class=\"fas fa-solid fa-file fa-fw me-2\" style=\"color: #8c9db3;\"><\/i>P\u00e1ginas<\/small>\n        <\/div>\n\n        <div class=\"col-12 col-sm-6 col-lg-5 border-bottom pb-2\">\n            <small class=\"text-muted\">D\u00e9sde la p\u00e1gina 29, hasta la p\u00e1gina 61<\/small>\n        <\/div>\n\n        <div class=\"col-12 col-sm-6 col-lg-2 border-bottom pb-2\">\n            <small><i class=\"fas fa-solid fa-language fa-fw me-2\" style=\"color: #8c9db3;\"><\/i>Idioma<\/small>\n        <\/div>\n\n        <div class=\"col-12 col-sm-6 col-lg-3 border-bottom pb-2\">\n            <small class=\"text-muted\"><\/small>\n        <\/div>\n\n        <div class=\"col-12 col-sm-6 col-lg-2 border-bottom pb-2\">\n            <small><i class=\"fas fa-solid fa-newspaper fa-fw me-2\" style=\"color: #8c9db3;\"><\/i>Editorial<\/small>\n        <\/div>\n\n        <div class=\"col-12 col-sm-6 col-lg-5 border-bottom pb-2\">\n            <small class=\"text-muted\">LOM ediciones<\/small>\n        <\/div>\n\n        <div class=\"col-12 col-sm-6 col-lg-2 border-bottom pb-2\">\n            <small><i class=\"fas fa-solid fa-user-pen fa-fw me-2\" style=\"color: #8c9db3;\"><\/i>Editores<\/small>\n        <\/div>\n\n        <div class=\"col-12 col-sm-6 col-lg-10 border-bottom pb-2\">\n            <small class=\"text-muted\">Manuel Canales, Claudio Gonz\u00e1lez<\/small>\n        <\/div>\n\n        <div class=\"col-12 col-sm-6 col-lg-2\">\n            <small><i class=\"fas fa-solid fa-signature fa-fw me-2\" style=\"color: #8c9db3;\"><\/i>Autores<\/small>\n        <\/div>\n\n        <div class=\"col-12 col-sm-6 col-lg-10\">\n            <small class=\"text-muted\">Erwin Gonz\u00e1lez<\/small>\n        <\/div>\n    <\/div><span class=\"caption-field-publish\"><\/span><\/div><\/div><\/div><\/div><\/div><div class=\"  circle--pattern-bottom-large col-sm-12 col-md-12 img-article\"><div class=\"holder-publish col-md-12\" style=\"border-bottom: 1px solid #B8B8B8\"><div class=\"content-holder h-100 component-border overflow-hidden row m-0 p-4 aling-items-center\"><ul class=\"p-0 list-style-none\"><li class=\"p-0 me-2\"><i class=\"fas fa-solid fa-book fa-fw\"><\/i> Mathematical reasoning of children and adults: Teaching and learning from an interdisciplinary approach<\/li><li class=\"p-0 me-2\"><i class=\"fas fa-solid fa-calendar fa-fw\"><\/i> 2021<\/li><\/ul><div class=\"caption col-12 p-0 col-md-12 row m-0 align-items-center\"><div class=\"px-md-1\">    <h3 class=\"fw-medium m-0 small-space pt-2 pb-2 title-ss text-decoration-none border-bottom\">Mental and neural foundations of numerical magnitude<\/h3>\n\n    <div class=\"mt-0 row g-3\">\n        \n        <div class=\"col-12 col-sm-6 col-lg-2 border-bottom pb-2\">\n            <small><i class=\"fas fa-solid fa-barcode fa-fw me-2\" style=\"color: #8c9db3;\"><\/i>ISBN<\/small>\n        <\/div>\n\n        <div class=\"col-12 col-sm-6 col-lg-3 border-bottom pb-2\">\n            <small class=\"text-muted\">978-3-030-69657-3<\/small>\n        <\/div>\n\n        <div class=\"col-12 col-sm-6 col-lg-2 border-bottom pb-2\">\n            <small><i class=\"fas fa-solid fa-file fa-fw me-2\" style=\"color: #8c9db3;\"><\/i>P\u00e1ginas<\/small>\n        <\/div>\n\n        <div class=\"col-12 col-sm-6 col-lg-5 border-bottom pb-2\">\n            <small class=\"text-muted\">D\u00e9sde la p\u00e1gina 69, hasta la p\u00e1gina 93<\/small>\n        <\/div>\n\n        <div class=\"col-12 col-sm-6 col-lg-2 border-bottom pb-2\">\n            <small><i class=\"fas fa-solid fa-language fa-fw me-2\" style=\"color: #8c9db3;\"><\/i>Idioma<\/small>\n        <\/div>\n\n        <div class=\"col-12 col-sm-6 col-lg-3 border-bottom pb-2\">\n            <small class=\"text-muted\"><\/small>\n        <\/div>\n\n        <div class=\"col-12 col-sm-6 col-lg-2 border-bottom pb-2\">\n            <small><i class=\"fas fa-solid fa-newspaper fa-fw me-2\" style=\"color: #8c9db3;\"><\/i>Editorial<\/small>\n        <\/div>\n\n        <div class=\"col-12 col-sm-6 col-lg-5 border-bottom pb-2\">\n            <small class=\"text-muted\">Springer<\/small>\n        <\/div>\n\n        <div class=\"col-12 col-sm-6 col-lg-2 border-bottom pb-2\">\n            <small><i class=\"fas fa-solid fa-user-pen fa-fw me-2\" style=\"color: #8c9db3;\"><\/i>Editores<\/small>\n        <\/div>\n\n        <div class=\"col-12 col-sm-6 col-lg-10 border-bottom pb-2\">\n            <small class=\"text-muted\">Spinillo, Lautert, Borba<\/small>\n        <\/div>\n\n        <div class=\"col-12 col-sm-6 col-lg-2\">\n            <small><i class=\"fas fa-solid fa-signature fa-fw me-2\" style=\"color: #8c9db3;\"><\/i>Autores<\/small>\n        <\/div>\n\n        <div class=\"col-12 col-sm-6 col-lg-10\">\n            <small class=\"text-muted\">David Maximiliano G\u00f3mez Rojas, Nicol\u00e1s Morales<\/small>\n        <\/div>\n    <\/div><span class=\"caption-field-publish\"><\/span><\/div><\/div><\/div><\/div><\/div><div class=\"  circle--pattern-bottom-large col-sm-12 col-md-12 img-article\"><div class=\"holder-publish col-md-12\" style=\"border-bottom: 1px solid #B8B8B8\"><div class=\"content-holder h-100 component-border overflow-hidden row m-0 p-4 aling-items-center\"><ul class=\"p-0 list-style-none\"><li class=\"p-0 me-2\"><i class=\"fas fa-solid fa-book fa-fw\"><\/i> Ecosistemas de monta\u00f1a de la cuenca alto del R\u00edo Mapocho<\/li><li class=\"p-0 me-2\"><i class=\"fas fa-solid fa-calendar fa-fw\"><\/i> 2021<\/li><\/ul><div class=\"caption col-12 p-0 col-md-12 row m-0 align-items-center\"><div class=\"px-md-1\">    <h3 class=\"fw-medium m-0 small-space pt-2 pb-2 title-ss text-decoration-none border-bottom\">Cambio clim\u00e1tico, recursos vegetacionales y ganader\u00eda: proyecto piloto de restauraci\u00f3n pasiva en el Santuario Los Nogales, Regi\u00f3n Metropolitana de Santiag, Chile.<\/h3>\n\n    <div class=\"mt-0 row g-3\">\n        \n        <div class=\"col-12 col-sm-6 col-lg-2 border-bottom pb-2\">\n            <small><i class=\"fas fa-solid fa-barcode fa-fw me-2\" style=\"color: #8c9db3;\"><\/i>ISBN<\/small>\n        <\/div>\n\n        <div class=\"col-12 col-sm-6 col-lg-3 border-bottom pb-2\">\n            <small class=\"text-muted\"><\/small>\n        <\/div>\n\n        <div class=\"col-12 col-sm-6 col-lg-2 border-bottom pb-2\">\n            <small><i class=\"fas fa-solid fa-file fa-fw me-2\" style=\"color: #8c9db3;\"><\/i>P\u00e1ginas<\/small>\n        <\/div>\n\n        <div class=\"col-12 col-sm-6 col-lg-5 border-bottom pb-2\">\n            <small class=\"text-muted\">D\u00e9sde la p\u00e1gina 228, hasta la p\u00e1gina 247<\/small>\n        <\/div>\n\n        <div class=\"col-12 col-sm-6 col-lg-2 border-bottom pb-2\">\n            <small><i class=\"fas fa-solid fa-language fa-fw me-2\" style=\"color: #8c9db3;\"><\/i>Idioma<\/small>\n        <\/div>\n\n        <div class=\"col-12 col-sm-6 col-lg-3 border-bottom pb-2\">\n            <small class=\"text-muted\">Espa\u00f1ol<\/small>\n        <\/div>\n\n        <div class=\"col-12 col-sm-6 col-lg-2 border-bottom pb-2\">\n            <small><i class=\"fas fa-solid fa-newspaper fa-fw me-2\" style=\"color: #8c9db3;\"><\/i>Editorial<\/small>\n        <\/div>\n\n        <div class=\"col-12 col-sm-6 col-lg-5 border-bottom pb-2\">\n            <small class=\"text-muted\">Anglo American; Centro UC CAPES<\/small>\n        <\/div>\n\n        <div class=\"col-12 col-sm-6 col-lg-2 border-bottom pb-2\">\n            <small><i class=\"fas fa-solid fa-user-pen fa-fw me-2\" style=\"color: #8c9db3;\"><\/i>Editores<\/small>\n        <\/div>\n\n        <div class=\"col-12 col-sm-6 col-lg-10 border-bottom pb-2\">\n            <small class=\"text-muted\"><\/small>\n        <\/div>\n\n        <div class=\"col-12 col-sm-6 col-lg-2\">\n            <small><i class=\"fas fa-solid fa-signature fa-fw me-2\" style=\"color: #8c9db3;\"><\/i>Autores<\/small>\n        <\/div>\n\n        <div class=\"col-12 col-sm-6 col-lg-10\">\n            <small class=\"text-muted\">Alejandro Danilo Venegas Gonz\u00e1lez<\/small>\n        <\/div>\n    <\/div><span class=\"caption-field-publish\"><\/span><\/div><\/div><\/div><\/div><\/div><div class=\"  circle--pattern-bottom-large col-sm-12 col-md-12 img-article\"><div class=\"holder-publish col-md-12\" style=\"border-bottom: 1px solid #B8B8B8\"><div class=\"content-holder h-100 component-border overflow-hidden row m-0 p-4 aling-items-center\"><ul class=\"p-0 list-style-none\"><li class=\"p-0 me-2\"><i class=\"fas fa-solid fa-book fa-fw\"><\/i> Derecho P\u00fablico en tiempos de COVID. Implicancias jur\u00eddico-p\u00fablico de una pandemia<\/li><li class=\"p-0 me-2\"><i class=\"fas fa-solid fa-calendar fa-fw\"><\/i> 2021<\/li><\/ul><div class=\"caption col-12 p-0 col-md-12 row m-0 align-items-center\"><div class=\"px-md-1\">    <h3 class=\"fw-medium m-0 small-space pt-2 pb-2 title-ss text-decoration-none border-bottom\">Instrumentos tributarios para hacer frente a los efectos del COVID19<\/h3>\n\n    <div class=\"mt-0 row g-3\">\n        \n        <div class=\"col-12 col-sm-6 col-lg-2 border-bottom pb-2\">\n            <small><i class=\"fas fa-solid fa-barcode fa-fw me-2\" style=\"color: #8c9db3;\"><\/i>ISBN<\/small>\n        <\/div>\n\n        <div class=\"col-12 col-sm-6 col-lg-3 border-bottom pb-2\">\n            <small class=\"text-muted\"><\/small>\n        <\/div>\n\n        <div class=\"col-12 col-sm-6 col-lg-2 border-bottom pb-2\">\n            <small><i class=\"fas fa-solid fa-file fa-fw me-2\" style=\"color: #8c9db3;\"><\/i>P\u00e1ginas<\/small>\n        <\/div>\n\n        <div class=\"col-12 col-sm-6 col-lg-5 border-bottom pb-2\">\n            <small class=\"text-muted\">D\u00e9sde la p\u00e1gina 83, hasta la p\u00e1gina 99<\/small>\n        <\/div>\n\n        <div class=\"col-12 col-sm-6 col-lg-2 border-bottom pb-2\">\n            <small><i class=\"fas fa-solid fa-language fa-fw me-2\" style=\"color: #8c9db3;\"><\/i>Idioma<\/small>\n        <\/div>\n\n        <div class=\"col-12 col-sm-6 col-lg-3 border-bottom pb-2\">\n            <small class=\"text-muted\">Espa\u00f1ol<\/small>\n        <\/div>\n\n        <div class=\"col-12 col-sm-6 col-lg-2 border-bottom pb-2\">\n            <small><i class=\"fas fa-solid fa-newspaper fa-fw me-2\" style=\"color: #8c9db3;\"><\/i>Editorial<\/small>\n        <\/div>\n\n        <div class=\"col-12 col-sm-6 col-lg-5 border-bottom pb-2\">\n            <small class=\"text-muted\">Thomson Reuters<\/small>\n        <\/div>\n\n        <div class=\"col-12 col-sm-6 col-lg-2 border-bottom pb-2\">\n            <small><i class=\"fas fa-solid fa-user-pen fa-fw me-2\" style=\"color: #8c9db3;\"><\/i>Editores<\/small>\n        <\/div>\n\n        <div class=\"col-12 col-sm-6 col-lg-10 border-bottom pb-2\">\n            <small class=\"text-muted\">FERRADA, Juan Carlos, M\u00c9NDEZ, Pablo y ROJAS, Christian<\/small>\n        <\/div>\n\n        <div class=\"col-12 col-sm-6 col-lg-2\">\n            <small><i class=\"fas fa-solid fa-signature fa-fw me-2\" style=\"color: #8c9db3;\"><\/i>Autores<\/small>\n        <\/div>\n\n        <div class=\"col-12 col-sm-6 col-lg-10\">\n            <small class=\"text-muted\">Mar\u00eda Pilar Navarro Schiappacasse, Andrea Ignacia Canales Guti\u00e9rrez<\/small>\n        <\/div>\n    <\/div><span class=\"caption-field-publish\"><\/span><\/div><\/div><\/div><\/div><\/div><div class=\"  circle--pattern-bottom-large col-sm-12 col-md-12 img-article\"><div class=\"holder-publish col-md-12\" style=\"border-bottom: 1px solid #B8B8B8\"><div class=\"content-holder h-100 component-border overflow-hidden row m-0 p-4 aling-items-center\"><ul class=\"p-0 list-style-none\"><li class=\"p-0 me-2\"><i class=\"fas fa-solid fa-book fa-fw\"><\/i> Diccionario de teor\u00edas narrativas 2<\/li><li class=\"p-0 me-2\"><i class=\"fas fa-solid fa-calendar fa-fw\"><\/i> 2021<\/li><\/ul><div class=\"caption col-12 p-0 col-md-12 row m-0 align-items-center\"><div class=\"px-md-1\">    <h3 class=\"fw-medium m-0 small-space pt-2 pb-2 title-ss text-decoration-none border-bottom\">Periodismo Inmersivo<\/h3>\n\n    <div class=\"mt-0 row g-3\">\n        \n        <div class=\"col-12 col-sm-6 col-lg-2 border-bottom pb-2\">\n            <small><i class=\"fas fa-solid fa-barcode fa-fw me-2\" style=\"color: #8c9db3;\"><\/i>ISBN<\/small>\n        <\/div>\n\n        <div class=\"col-12 col-sm-6 col-lg-3 border-bottom pb-2\">\n            <small class=\"text-muted\"><\/small>\n        <\/div>\n\n        <div class=\"col-12 col-sm-6 col-lg-2 border-bottom pb-2\">\n            <small><i class=\"fas fa-solid fa-file fa-fw me-2\" style=\"color: #8c9db3;\"><\/i>P\u00e1ginas<\/small>\n        <\/div>\n\n        <div class=\"col-12 col-sm-6 col-lg-5 border-bottom pb-2\">\n            <small class=\"text-muted\">D\u00e9sde la p\u00e1gina 591, hasta la p\u00e1gina 592<\/small>\n        <\/div>\n\n        <div class=\"col-12 col-sm-6 col-lg-2 border-bottom pb-2\">\n            <small><i class=\"fas fa-solid fa-language fa-fw me-2\" style=\"color: #8c9db3;\"><\/i>Idioma<\/small>\n        <\/div>\n\n        <div class=\"col-12 col-sm-6 col-lg-3 border-bottom pb-2\">\n            <small class=\"text-muted\">Espa\u00f1ol<\/small>\n        <\/div>\n\n        <div class=\"col-12 col-sm-6 col-lg-2 border-bottom pb-2\">\n            <small><i class=\"fas fa-solid fa-newspaper fa-fw me-2\" style=\"color: #8c9db3;\"><\/i>Editorial<\/small>\n        <\/div>\n\n        <div class=\"col-12 col-sm-6 col-lg-5 border-bottom pb-2\">\n            <small class=\"text-muted\">Penguin Random House Grupo Editorial<\/small>\n        <\/div>\n\n        <div class=\"col-12 col-sm-6 col-lg-2 border-bottom pb-2\">\n            <small><i class=\"fas fa-solid fa-user-pen fa-fw me-2\" style=\"color: #8c9db3;\"><\/i>Editores<\/small>\n        <\/div>\n\n        <div class=\"col-12 col-sm-6 col-lg-10 border-bottom pb-2\">\n            <small class=\"text-muted\">Lorenzo Vilches Manterola<\/small>\n        <\/div>\n\n        <div class=\"col-12 col-sm-6 col-lg-2\">\n            <small><i class=\"fas fa-solid fa-signature fa-fw me-2\" style=\"color: #8c9db3;\"><\/i>Autores<\/small>\n        <\/div>\n\n        <div class=\"col-12 col-sm-6 col-lg-10\">\n            <small class=\"text-muted\">Carolina P\u00e9rez Arredondo<\/small>\n        <\/div>\n    <\/div><span class=\"caption-field-publish\"><\/span><\/div><\/div><\/div><\/div><\/div><div class=\"  circle--pattern-bottom-large col-sm-12 col-md-12 img-article\"><div class=\"holder-publish col-md-12\" style=\"border-bottom: 1px solid #B8B8B8\"><div class=\"content-holder h-100 component-border overflow-hidden row m-0 p-4 aling-items-center\"><ul class=\"p-0 list-style-none\"><li class=\"p-0 me-2\"><i class=\"fas fa-solid fa-book fa-fw\"><\/i> Socio-political polarization and conflict: Discursive approaches<\/li><li class=\"p-0 me-2\"><i class=\"fas fa-solid fa-calendar fa-fw\"><\/i> 2021<\/li><\/ul><div class=\"caption col-12 p-0 col-md-12 row m-0 align-items-center\"><div class=\"px-md-1\">    <h3 class=\"fw-medium m-0 small-space pt-2 pb-2 title-ss text-decoration-none border-bottom\">Polarization and the educational conflict: A linguistic and multimodal approach to the discursive (re)construction of the Chilean student movement in the mainstream media and Facebook<\/h3>\n\n    <div class=\"mt-0 row g-3\">\n        \n        <div class=\"col-12 col-sm-6 col-lg-2 border-bottom pb-2\">\n            <small><i class=\"fas fa-solid fa-barcode fa-fw me-2\" style=\"color: #8c9db3;\"><\/i>ISBN<\/small>\n        <\/div>\n\n        <div class=\"col-12 col-sm-6 col-lg-3 border-bottom pb-2\">\n            <small class=\"text-muted\">978-0-367-52925-3<\/small>\n        <\/div>\n\n        <div class=\"col-12 col-sm-6 col-lg-2 border-bottom pb-2\">\n            <small><i class=\"fas fa-solid fa-file fa-fw me-2\" style=\"color: #8c9db3;\"><\/i>P\u00e1ginas<\/small>\n        <\/div>\n\n        <div class=\"col-12 col-sm-6 col-lg-5 border-bottom pb-2\">\n            <small class=\"text-muted\">D\u00e9sde la p\u00e1gina 174, hasta la p\u00e1gina 191<\/small>\n        <\/div>\n\n        <div class=\"col-12 col-sm-6 col-lg-2 border-bottom pb-2\">\n            <small><i class=\"fas fa-solid fa-language fa-fw me-2\" style=\"color: #8c9db3;\"><\/i>Idioma<\/small>\n        <\/div>\n\n        <div class=\"col-12 col-sm-6 col-lg-3 border-bottom pb-2\">\n            <small class=\"text-muted\">Ingl\u00e9s<\/small>\n        <\/div>\n\n        <div class=\"col-12 col-sm-6 col-lg-2 border-bottom pb-2\">\n            <small><i class=\"fas fa-solid fa-newspaper fa-fw me-2\" style=\"color: #8c9db3;\"><\/i>Editorial<\/small>\n        <\/div>\n\n        <div class=\"col-12 col-sm-6 col-lg-5 border-bottom pb-2\">\n            <small class=\"text-muted\">Routledge<\/small>\n        <\/div>\n\n        <div class=\"col-12 col-sm-6 col-lg-2 border-bottom pb-2\">\n            <small><i class=\"fas fa-solid fa-user-pen fa-fw me-2\" style=\"color: #8c9db3;\"><\/i>Editores<\/small>\n        <\/div>\n\n        <div class=\"col-12 col-sm-6 col-lg-10 border-bottom pb-2\">\n            <small class=\"text-muted\">Laura Filardo-Llamas, Esperanza Morales-L\u00f3pez<\/small>\n        <\/div>\n\n        <div class=\"col-12 col-sm-6 col-lg-2\">\n            <small><i class=\"fas fa-solid fa-signature fa-fw me-2\" style=\"color: #8c9db3;\"><\/i>Autores<\/small>\n        <\/div>\n\n        <div class=\"col-12 col-sm-6 col-lg-10\">\n            <small class=\"text-muted\">Camila C\u00e1rdenas-Neira, Carolina P\u00e9rez Arredondo<\/small>\n        <\/div>\n    <\/div><span class=\"caption-field-publish\"><\/span><\/div><\/div><\/div><\/div><\/div><div class=\"  circle--pattern-bottom-large col-sm-12 col-md-12 img-article\"><div class=\"holder-publish col-md-12\" style=\"border-bottom: 1px solid #B8B8B8\"><div class=\"content-holder h-100 component-border overflow-hidden row m-0 p-4 aling-items-center\"><ul class=\"p-0 list-style-none\"><li class=\"p-0 me-2\"><i class=\"fas fa-solid fa-book fa-fw\"><\/i> Repensando la educaci\u00f3n rural: reflexiones y aportes para en el territorio chileno<\/li><li class=\"p-0 me-2\"><i class=\"fas fa-solid fa-calendar fa-fw\"><\/i> 2021<\/li><\/ul><div class=\"caption col-12 p-0 col-md-12 row m-0 align-items-center\"><div class=\"px-md-1\">    <h3 class=\"fw-medium m-0 small-space pt-2 pb-2 title-ss text-decoration-none border-bottom\">Brechas de ruralidad en educaci\u00f3n primaria en Chile: Evoluci\u00f3n entre los a\u00f1os 2002 y 2017 y su relaci\u00f3n con nivel socioecon\u00f3mico<\/h3>\n\n    <div class=\"mt-0 row g-3\">\n        \n        <div class=\"col-12 col-sm-6 col-lg-2 border-bottom pb-2\">\n            <small><i class=\"fas fa-solid fa-barcode fa-fw me-2\" style=\"color: #8c9db3;\"><\/i>ISBN<\/small>\n        <\/div>\n\n        <div class=\"col-12 col-sm-6 col-lg-3 border-bottom pb-2\">\n            <small class=\"text-muted\"><\/small>\n        <\/div>\n\n        <div class=\"col-12 col-sm-6 col-lg-2 border-bottom pb-2\">\n            <small><i class=\"fas fa-solid fa-file fa-fw me-2\" style=\"color: #8c9db3;\"><\/i>P\u00e1ginas<\/small>\n        <\/div>\n\n        <div class=\"col-12 col-sm-6 col-lg-5 border-bottom pb-2\">\n            <small class=\"text-muted\">D\u00e9sde la p\u00e1gina , hasta la p\u00e1gina <\/small>\n        <\/div>\n\n        <div class=\"col-12 col-sm-6 col-lg-2 border-bottom pb-2\">\n            <small><i class=\"fas fa-solid fa-language fa-fw me-2\" style=\"color: #8c9db3;\"><\/i>Idioma<\/small>\n        <\/div>\n\n        <div class=\"col-12 col-sm-6 col-lg-3 border-bottom pb-2\">\n            <small class=\"text-muted\">Espa\u00f1ol<\/small>\n        <\/div>\n\n        <div class=\"col-12 col-sm-6 col-lg-2 border-bottom pb-2\">\n            <small><i class=\"fas fa-solid fa-newspaper fa-fw me-2\" style=\"color: #8c9db3;\"><\/i>Editorial<\/small>\n        <\/div>\n\n        <div class=\"col-12 col-sm-6 col-lg-5 border-bottom pb-2\">\n            <small class=\"text-muted\">Universidad de los Lagos<\/small>\n        <\/div>\n\n        <div class=\"col-12 col-sm-6 col-lg-2 border-bottom pb-2\">\n            <small><i class=\"fas fa-solid fa-user-pen fa-fw me-2\" style=\"color: #8c9db3;\"><\/i>Editores<\/small>\n        <\/div>\n\n        <div class=\"col-12 col-sm-6 col-lg-10 border-bottom pb-2\">\n            <small class=\"text-muted\">Silvia Retamal<\/small>\n        <\/div>\n\n        <div class=\"col-12 col-sm-6 col-lg-2\">\n            <small><i class=\"fas fa-solid fa-signature fa-fw me-2\" style=\"color: #8c9db3;\"><\/i>Autores<\/small>\n        <\/div>\n\n        <div class=\"col-12 col-sm-6 col-lg-10\">\n            <small class=\"text-muted\">Valentina Sof\u00eda Giaconi Smoje, Karina Maldonado<\/small>\n        <\/div>\n    <\/div><span class=\"caption-field-publish\"><\/span><\/div><\/div><\/div><\/div><\/div><div class=\"  circle--pattern-bottom-large col-sm-12 col-md-12 img-article\"><div class=\"holder-publish col-md-12\" style=\"border-bottom: 1px solid #B8B8B8\"><div class=\"content-holder h-100 component-border overflow-hidden row m-0 p-4 aling-items-center\"><ul class=\"p-0 list-style-none\"><li class=\"p-0 me-2\"><i class=\"fas fa-solid fa-book fa-fw\"><\/i> Estudios Contempor\u00e1neos en Cognici\u00f3n Comparada<\/li><li class=\"p-0 me-2\"><i class=\"fas fa-solid fa-calendar fa-fw\"><\/i> 2021<\/li><\/ul><div class=\"caption col-12 p-0 col-md-12 row m-0 align-items-center\"><div class=\"px-md-1\">    <h3 class=\"fw-medium m-0 small-space pt-2 pb-2 title-ss text-decoration-none border-bottom\">El papel de la comparaci\u00f3n de est\u00edmulos en eI aprendizaje perceptivo: Procesos atencionales U mecanismos asociativos<\/h3>\n\n    <div class=\"mt-0 row g-3\">\n        \n        <div class=\"col-12 col-sm-6 col-lg-2 border-bottom pb-2\">\n            <small><i class=\"fas fa-solid fa-barcode fa-fw me-2\" style=\"color: #8c9db3;\"><\/i>ISBN<\/small>\n        <\/div>\n\n        <div class=\"col-12 col-sm-6 col-lg-3 border-bottom pb-2\">\n            <small class=\"text-muted\">978-607-30-4426-4<\/small>\n        <\/div>\n\n        <div class=\"col-12 col-sm-6 col-lg-2 border-bottom pb-2\">\n            <small><i class=\"fas fa-solid fa-file fa-fw me-2\" style=\"color: #8c9db3;\"><\/i>P\u00e1ginas<\/small>\n        <\/div>\n\n        <div class=\"col-12 col-sm-6 col-lg-5 border-bottom pb-2\">\n            <small class=\"text-muted\">D\u00e9sde la p\u00e1gina 35, hasta la p\u00e1gina 51<\/small>\n        <\/div>\n\n        <div class=\"col-12 col-sm-6 col-lg-2 border-bottom pb-2\">\n            <small><i class=\"fas fa-solid fa-language fa-fw me-2\" style=\"color: #8c9db3;\"><\/i>Idioma<\/small>\n        <\/div>\n\n        <div class=\"col-12 col-sm-6 col-lg-3 border-bottom pb-2\">\n            <small class=\"text-muted\">Espa\u00f1ol<\/small>\n        <\/div>\n\n        <div class=\"col-12 col-sm-6 col-lg-2 border-bottom pb-2\">\n            <small><i class=\"fas fa-solid fa-newspaper fa-fw me-2\" style=\"color: #8c9db3;\"><\/i>Editorial<\/small>\n        <\/div>\n\n        <div class=\"col-12 col-sm-6 col-lg-5 border-bottom pb-2\">\n            <small class=\"text-muted\">Universidad Nacional Aut\u00f3noma de M\u00e9xico<\/small>\n        <\/div>\n\n        <div class=\"col-12 col-sm-6 col-lg-2 border-bottom pb-2\">\n            <small><i class=\"fas fa-solid fa-user-pen fa-fw me-2\" style=\"color: #8c9db3;\"><\/i>Editores<\/small>\n        <\/div>\n\n        <div class=\"col-12 col-sm-6 col-lg-10 border-bottom pb-2\">\n            <small class=\"text-muted\">Javier Nieto y Rodolfo Bernal-Gamboa<\/small>\n        <\/div>\n\n        <div class=\"col-12 col-sm-6 col-lg-2\">\n            <small><i class=\"fas fa-solid fa-signature fa-fw me-2\" style=\"color: #8c9db3;\"><\/i>Autores<\/small>\n        <\/div>\n\n        <div class=\"col-12 col-sm-6 col-lg-10\">\n            <small class=\"text-muted\">Roc\u00edo Angulo<\/small>\n        <\/div>\n    <\/div><span class=\"caption-field-publish\"><\/span><\/div><\/div><\/div><\/div><\/div><div class=\"  circle--pattern-bottom-large col-sm-12 col-md-12 img-article\"><div class=\"holder-publish col-md-12\" style=\"border-bottom: 1px solid #B8B8B8\"><div class=\"content-holder h-100 component-border overflow-hidden row m-0 p-4 aling-items-center\"><ul class=\"p-0 list-style-none\"><li class=\"p-0 me-2\"><i class=\"fas fa-solid fa-book fa-fw\"><\/i> Handbook of Spanish Discourse Studies<\/li><li class=\"p-0 me-2\"><i class=\"fas fa-solid fa-calendar fa-fw\"><\/i> 2021<\/li><\/ul><div class=\"caption col-12 p-0 col-md-12 row m-0 align-items-center\"><div class=\"px-md-1\">    <h3 class=\"fw-medium m-0 small-space pt-2 pb-2 title-ss text-decoration-none border-bottom\">Academic literacy and discourse studies<\/h3>\n\n    <div class=\"mt-0 row g-3\">\n        \n        <div class=\"col-12 col-sm-6 col-lg-2 border-bottom pb-2\">\n            <small><i class=\"fas fa-solid fa-barcode fa-fw me-2\" style=\"color: #8c9db3;\"><\/i>ISBN<\/small>\n        <\/div>\n\n        <div class=\"col-12 col-sm-6 col-lg-3 border-bottom pb-2\">\n            <small class=\"text-muted\"><\/small>\n        <\/div>\n\n        <div class=\"col-12 col-sm-6 col-lg-2 border-bottom pb-2\">\n            <small><i class=\"fas fa-solid fa-file fa-fw me-2\" style=\"color: #8c9db3;\"><\/i>P\u00e1ginas<\/small>\n        <\/div>\n\n        <div class=\"col-12 col-sm-6 col-lg-5 border-bottom pb-2\">\n            <small class=\"text-muted\">D\u00e9sde la p\u00e1gina , hasta la p\u00e1gina <\/small>\n        <\/div>\n\n        <div class=\"col-12 col-sm-6 col-lg-2 border-bottom pb-2\">\n            <small><i class=\"fas fa-solid fa-language fa-fw me-2\" style=\"color: #8c9db3;\"><\/i>Idioma<\/small>\n        <\/div>\n\n        <div class=\"col-12 col-sm-6 col-lg-3 border-bottom pb-2\">\n            <small class=\"text-muted\"><\/small>\n        <\/div>\n\n        <div class=\"col-12 col-sm-6 col-lg-2 border-bottom pb-2\">\n            <small><i class=\"fas fa-solid fa-newspaper fa-fw me-2\" style=\"color: #8c9db3;\"><\/i>Editorial<\/small>\n        <\/div>\n\n        <div class=\"col-12 col-sm-6 col-lg-5 border-bottom pb-2\">\n            <small class=\"text-muted\">Routledge<\/small>\n        <\/div>\n\n        <div class=\"col-12 col-sm-6 col-lg-2 border-bottom pb-2\">\n            <small><i class=\"fas fa-solid fa-user-pen fa-fw me-2\" style=\"color: #8c9db3;\"><\/i>Editores<\/small>\n        <\/div>\n\n        <div class=\"col-12 col-sm-6 col-lg-10 border-bottom pb-2\">\n            <small class=\"text-muted\">I. Carranza, T. van Dijk, C. L\u00f3pez Ferrero<\/small>\n        <\/div>\n\n        <div class=\"col-12 col-sm-6 col-lg-2\">\n            <small><i class=\"fas fa-solid fa-signature fa-fw me-2\" style=\"color: #8c9db3;\"><\/i>Autores<\/small>\n        <\/div>\n\n        <div class=\"col-12 col-sm-6 col-lg-10\">\n            <small class=\"text-muted\">Federico Daniel Navarro, Cecilia Colombi<\/small>\n        <\/div>\n    <\/div><span class=\"caption-field-publish\"><\/span><\/div><\/div><\/div><\/div><\/div><div class=\"  circle--pattern-bottom-large col-sm-12 col-md-12 img-article\"><div class=\"holder-publish col-md-12\" style=\"border-bottom: 1px solid #B8B8B8\"><div class=\"content-holder h-100 component-border overflow-hidden row m-0 p-4 aling-items-center\"><ul class=\"p-0 list-style-none\"><li class=\"p-0 me-2\"><i class=\"fas fa-solid fa-book fa-fw\"><\/i> Escritura e inclusi\u00f3n en la universidad: Herramientas para docentes<\/li><li class=\"p-0 me-2\"><i class=\"fas fa-solid fa-calendar fa-fw\"><\/i> 2021<\/li><\/ul><div class=\"caption col-12 p-0 col-md-12 row m-0 align-items-center\"><div class=\"px-md-1\">    <h3 class=\"fw-medium m-0 small-space pt-2 pb-2 title-ss text-decoration-none border-bottom\">De la responsabilidad estudiantil a la universidad letrada<\/h3>\n\n    <div class=\"mt-0 row g-3\">\n        \n        <div class=\"col-12 col-sm-6 col-lg-2 border-bottom pb-2\">\n            <small><i class=\"fas fa-solid fa-barcode fa-fw me-2\" style=\"color: #8c9db3;\"><\/i>ISBN<\/small>\n        <\/div>\n\n        <div class=\"col-12 col-sm-6 col-lg-3 border-bottom pb-2\">\n            <small class=\"text-muted\"><\/small>\n        <\/div>\n\n        <div class=\"col-12 col-sm-6 col-lg-2 border-bottom pb-2\">\n            <small><i class=\"fas fa-solid fa-file fa-fw me-2\" style=\"color: #8c9db3;\"><\/i>P\u00e1ginas<\/small>\n        <\/div>\n\n        <div class=\"col-12 col-sm-6 col-lg-5 border-bottom pb-2\">\n            <small class=\"text-muted\">D\u00e9sde la p\u00e1gina , hasta la p\u00e1gina <\/small>\n        <\/div>\n\n        <div class=\"col-12 col-sm-6 col-lg-2 border-bottom pb-2\">\n            <small><i class=\"fas fa-solid fa-language fa-fw me-2\" style=\"color: #8c9db3;\"><\/i>Idioma<\/small>\n        <\/div>\n\n        <div class=\"col-12 col-sm-6 col-lg-3 border-bottom pb-2\">\n            <small class=\"text-muted\"><\/small>\n        <\/div>\n\n        <div class=\"col-12 col-sm-6 col-lg-2 border-bottom pb-2\">\n            <small><i class=\"fas fa-solid fa-newspaper fa-fw me-2\" style=\"color: #8c9db3;\"><\/i>Editorial<\/small>\n        <\/div>\n\n        <div class=\"col-12 col-sm-6 col-lg-5 border-bottom pb-2\">\n            <small class=\"text-muted\">Editorial Universitaria<\/small>\n        <\/div>\n\n        <div class=\"col-12 col-sm-6 col-lg-2 border-bottom pb-2\">\n            <small><i class=\"fas fa-solid fa-user-pen fa-fw me-2\" style=\"color: #8c9db3;\"><\/i>Editores<\/small>\n        <\/div>\n\n        <div class=\"col-12 col-sm-6 col-lg-10 border-bottom pb-2\">\n            <small class=\"text-muted\"><\/small>\n        <\/div>\n\n        <div class=\"col-12 col-sm-6 col-lg-2\">\n            <small><i class=\"fas fa-solid fa-signature fa-fw me-2\" style=\"color: #8c9db3;\"><\/i>Autores<\/small>\n        <\/div>\n\n        <div class=\"col-12 col-sm-6 col-lg-10\">\n            <small class=\"text-muted\">Federico Daniel Navarro<\/small>\n        <\/div>\n    <\/div><span class=\"caption-field-publish\"><\/span><\/div><\/div><\/div><\/div><\/div><div class=\"  circle--pattern-bottom-large col-sm-12 col-md-12 img-article\"><div class=\"holder-publish col-md-12\" style=\"border-bottom: 1px solid #B8B8B8\"><div class=\"content-holder h-100 component-border overflow-hidden row m-0 p-4 aling-items-center\"><ul class=\"p-0 list-style-none\"><li class=\"p-0 me-2\"><i class=\"fas fa-solid fa-book fa-fw\"><\/i> Teaching and Studying Transnational Composition<\/li><li class=\"p-0 me-2\"><i class=\"fas fa-solid fa-calendar fa-fw\"><\/i> 2021<\/li><\/ul><div class=\"caption col-12 p-0 col-md-12 row m-0 align-items-center\"><div class=\"px-md-1\">    <h3 class=\"fw-medium m-0 small-space pt-2 pb-2 title-ss text-decoration-none border-bottom\">The unequal distribution of research roles in transnational composition: towards illegitimate peripheral participation<\/h3>\n\n    <div class=\"mt-0 row g-3\">\n        \n        <div class=\"col-12 col-sm-6 col-lg-2 border-bottom pb-2\">\n            <small><i class=\"fas fa-solid fa-barcode fa-fw me-2\" style=\"color: #8c9db3;\"><\/i>ISBN<\/small>\n        <\/div>\n\n        <div class=\"col-12 col-sm-6 col-lg-3 border-bottom pb-2\">\n            <small class=\"text-muted\"><\/small>\n        <\/div>\n\n        <div class=\"col-12 col-sm-6 col-lg-2 border-bottom pb-2\">\n            <small><i class=\"fas fa-solid fa-file fa-fw me-2\" style=\"color: #8c9db3;\"><\/i>P\u00e1ginas<\/small>\n        <\/div>\n\n        <div class=\"col-12 col-sm-6 col-lg-5 border-bottom pb-2\">\n            <small class=\"text-muted\">D\u00e9sde la p\u00e1gina , hasta la p\u00e1gina <\/small>\n        <\/div>\n\n        <div class=\"col-12 col-sm-6 col-lg-2 border-bottom pb-2\">\n            <small><i class=\"fas fa-solid fa-language fa-fw me-2\" style=\"color: #8c9db3;\"><\/i>Idioma<\/small>\n        <\/div>\n\n        <div class=\"col-12 col-sm-6 col-lg-3 border-bottom pb-2\">\n            <small class=\"text-muted\"><\/small>\n        <\/div>\n\n        <div class=\"col-12 col-sm-6 col-lg-2 border-bottom pb-2\">\n            <small><i class=\"fas fa-solid fa-newspaper fa-fw me-2\" style=\"color: #8c9db3;\"><\/i>Editorial<\/small>\n        <\/div>\n\n        <div class=\"col-12 col-sm-6 col-lg-5 border-bottom pb-2\">\n            <small class=\"text-muted\">Modern Language Association<\/small>\n        <\/div>\n\n        <div class=\"col-12 col-sm-6 col-lg-2 border-bottom pb-2\">\n            <small><i class=\"fas fa-solid fa-user-pen fa-fw me-2\" style=\"color: #8c9db3;\"><\/i>Editores<\/small>\n        <\/div>\n\n        <div class=\"col-12 col-sm-6 col-lg-10 border-bottom pb-2\">\n            <small class=\"text-muted\">C. Donahue; B. Horner<\/small>\n        <\/div>\n\n        <div class=\"col-12 col-sm-6 col-lg-2\">\n            <small><i class=\"fas fa-solid fa-signature fa-fw me-2\" style=\"color: #8c9db3;\"><\/i>Autores<\/small>\n        <\/div>\n\n        <div class=\"col-12 col-sm-6 col-lg-10\">\n            <small class=\"text-muted\">Federico Daniel Navarro<\/small>\n        <\/div>\n    <\/div><span class=\"caption-field-publish\"><\/span><\/div><\/div><\/div><\/div><\/div><div class=\"  circle--pattern-bottom-large col-sm-12 col-md-12 img-article\"><div class=\"holder-publish col-md-12\" style=\"border-bottom: 1px solid #B8B8B8\"><div class=\"content-holder h-100 component-border overflow-hidden row m-0 p-4 aling-items-center\"><ul class=\"p-0 list-style-none\"><li class=\"p-0 me-2\"><i class=\"fas fa-solid fa-book fa-fw\"><\/i> Multilingual contributions to writing research: Towards an equal academic exchange<\/li><li class=\"p-0 me-2\"><i class=\"fas fa-solid fa-calendar fa-fw\"><\/i> 2021<\/li><\/ul><div class=\"caption col-12 p-0 col-md-12 row m-0 align-items-center\"><div class=\"px-md-1\">    <h3 class=\"fw-medium m-0 small-space pt-2 pb-2 title-ss text-decoration-none border-bottom\">Transformados por la escritura. Experiencias y concepciones de estudiantes universitarios a trav\u00e9s del curr\u00edculum y de las etapas formativas<\/h3>\n\n    <div class=\"mt-0 row g-3\">\n        \n        <div class=\"col-12 col-sm-6 col-lg-2 border-bottom pb-2\">\n            <small><i class=\"fas fa-solid fa-barcode fa-fw me-2\" style=\"color: #8c9db3;\"><\/i>ISBN<\/small>\n        <\/div>\n\n        <div class=\"col-12 col-sm-6 col-lg-3 border-bottom pb-2\">\n            <small class=\"text-muted\"><\/small>\n        <\/div>\n\n        <div class=\"col-12 col-sm-6 col-lg-2 border-bottom pb-2\">\n            <small><i class=\"fas fa-solid fa-file fa-fw me-2\" style=\"color: #8c9db3;\"><\/i>P\u00e1ginas<\/small>\n        <\/div>\n\n        <div class=\"col-12 col-sm-6 col-lg-5 border-bottom pb-2\">\n            <small class=\"text-muted\">D\u00e9sde la p\u00e1gina , hasta la p\u00e1gina <\/small>\n        <\/div>\n\n        <div class=\"col-12 col-sm-6 col-lg-2 border-bottom pb-2\">\n            <small><i class=\"fas fa-solid fa-language fa-fw me-2\" style=\"color: #8c9db3;\"><\/i>Idioma<\/small>\n        <\/div>\n\n        <div class=\"col-12 col-sm-6 col-lg-3 border-bottom pb-2\">\n            <small class=\"text-muted\"><\/small>\n        <\/div>\n\n        <div class=\"col-12 col-sm-6 col-lg-2 border-bottom pb-2\">\n            <small><i class=\"fas fa-solid fa-newspaper fa-fw me-2\" style=\"color: #8c9db3;\"><\/i>Editorial<\/small>\n        <\/div>\n\n        <div class=\"col-12 col-sm-6 col-lg-5 border-bottom pb-2\">\n            <small class=\"text-muted\">The WAC Clearinghouse<\/small>\n        <\/div>\n\n        <div class=\"col-12 col-sm-6 col-lg-2 border-bottom pb-2\">\n            <small><i class=\"fas fa-solid fa-user-pen fa-fw me-2\" style=\"color: #8c9db3;\"><\/i>Editores<\/small>\n        <\/div>\n\n        <div class=\"col-12 col-sm-6 col-lg-10 border-bottom pb-2\">\n            <small class=\"text-muted\">N. \u00c1vila Reyes<\/small>\n        <\/div>\n\n        <div class=\"col-12 col-sm-6 col-lg-2\">\n            <small><i class=\"fas fa-solid fa-signature fa-fw me-2\" style=\"color: #8c9db3;\"><\/i>Autores<\/small>\n        <\/div>\n\n        <div class=\"col-12 col-sm-6 col-lg-10\">\n            <small class=\"text-muted\">Federico Daniel Navarro, Fernanda Uribe Gajardo, Soledad Montes, Pablo Lovera Falc\u00f3n, B\u00e1rbara Mora-Aguirre, Enrique Sologuren Ins\u00faa, CLaudia Castro, Mart\u00edn \u00c1lvarez<\/small>\n        <\/div>\n    <\/div><span class=\"caption-field-publish\"><\/span><\/div><\/div><\/div><\/div><\/div><div class=\"  circle--pattern-bottom-large col-sm-12 col-md-12 img-article\"><div class=\"holder-publish col-md-12\" style=\"border-bottom: 1px solid #B8B8B8\"><div class=\"content-holder h-100 component-border overflow-hidden row m-0 p-4 aling-items-center\"><ul class=\"p-0 list-style-none\"><li class=\"p-0 me-2\"><i class=\"fas fa-solid fa-book fa-fw\"><\/i> Las ciudades al sur del mundo: urbanismo y vida urbana en Chile m\u00e1s all\u00e1 de la gran capital<\/li><li class=\"p-0 me-2\"><i class=\"fas fa-solid fa-calendar fa-fw\"><\/i> 2021<\/li><\/ul><div class=\"caption col-12 p-0 col-md-12 row m-0 align-items-center\"><div class=\"px-md-1\">    <h3 class=\"fw-medium m-0 small-space pt-2 pb-2 title-ss text-decoration-none border-bottom\">Puerto Williams: habitar e integrarse desde una ciudad remota<\/h3>\n\n    <div class=\"mt-0 row g-3\">\n        \n        <div class=\"col-12 col-sm-6 col-lg-2 border-bottom pb-2\">\n            <small><i class=\"fas fa-solid fa-barcode fa-fw me-2\" style=\"color: #8c9db3;\"><\/i>ISBN<\/small>\n        <\/div>\n\n        <div class=\"col-12 col-sm-6 col-lg-3 border-bottom pb-2\">\n            <small class=\"text-muted\"><\/small>\n        <\/div>\n\n        <div class=\"col-12 col-sm-6 col-lg-2 border-bottom pb-2\">\n            <small><i class=\"fas fa-solid fa-file fa-fw me-2\" style=\"color: #8c9db3;\"><\/i>P\u00e1ginas<\/small>\n        <\/div>\n\n        <div class=\"col-12 col-sm-6 col-lg-5 border-bottom pb-2\">\n            <small class=\"text-muted\">D\u00e9sde la p\u00e1gina , hasta la p\u00e1gina <\/small>\n        <\/div>\n\n        <div class=\"col-12 col-sm-6 col-lg-2 border-bottom pb-2\">\n            <small><i class=\"fas fa-solid fa-language fa-fw me-2\" style=\"color: #8c9db3;\"><\/i>Idioma<\/small>\n        <\/div>\n\n        <div class=\"col-12 col-sm-6 col-lg-3 border-bottom pb-2\">\n            <small class=\"text-muted\"><\/small>\n        <\/div>\n\n        <div class=\"col-12 col-sm-6 col-lg-2 border-bottom pb-2\">\n            <small><i class=\"fas fa-solid fa-newspaper fa-fw me-2\" style=\"color: #8c9db3;\"><\/i>Editorial<\/small>\n        <\/div>\n\n        <div class=\"col-12 col-sm-6 col-lg-5 border-bottom pb-2\">\n            <small class=\"text-muted\">Ril Editores<\/small>\n        <\/div>\n\n        <div class=\"col-12 col-sm-6 col-lg-2 border-bottom pb-2\">\n            <small><i class=\"fas fa-solid fa-user-pen fa-fw me-2\" style=\"color: #8c9db3;\"><\/i>Editores<\/small>\n        <\/div>\n\n        <div class=\"col-12 col-sm-6 col-lg-10 border-bottom pb-2\">\n            <small class=\"text-muted\"><\/small>\n        <\/div>\n\n        <div class=\"col-12 col-sm-6 col-lg-2\">\n            <small><i class=\"fas fa-solid fa-signature fa-fw me-2\" style=\"color: #8c9db3;\"><\/i>Autores<\/small>\n        <\/div>\n\n        <div class=\"col-12 col-sm-6 col-lg-10\">\n            <small class=\"text-muted\">\u00c1lvaro Javier Rom\u00e1n Castillo<\/small>\n        <\/div>\n    <\/div><span class=\"caption-field-publish\"><\/span><\/div><\/div><\/div><\/div><\/div><div class=\"  circle--pattern-bottom-large col-sm-12 col-md-12 img-article\"><div class=\"holder-publish col-md-12\" style=\"border-bottom: 1px solid #B8B8B8\"><div class=\"content-holder h-100 component-border overflow-hidden row m-0 p-4 aling-items-center\"><ul class=\"p-0 list-style-none\"><li class=\"p-0 me-2\"><i class=\"fas fa-solid fa-book fa-fw\"><\/i> Las ciudades al sur del mundo: urbanismo y vida urbana en Chile m\u00e1s all\u00e1 de la gran capital<\/li><li class=\"p-0 me-2\"><i class=\"fas fa-solid fa-calendar fa-fw\"><\/i> 2021<\/li><\/ul><div class=\"caption col-12 p-0 col-md-12 row m-0 align-items-center\"><div class=\"px-md-1\">    <h3 class=\"fw-medium m-0 small-space pt-2 pb-2 title-ss text-decoration-none border-bottom\">Puerto Williams: habitar e integrarse desde una ciudad remota<\/h3>\n\n    <div class=\"mt-0 row g-3\">\n        \n        <div class=\"col-12 col-sm-6 col-lg-2 border-bottom pb-2\">\n            <small><i class=\"fas fa-solid fa-barcode fa-fw me-2\" style=\"color: #8c9db3;\"><\/i>ISBN<\/small>\n        <\/div>\n\n        <div class=\"col-12 col-sm-6 col-lg-3 border-bottom pb-2\">\n            <small class=\"text-muted\"><\/small>\n        <\/div>\n\n        <div class=\"col-12 col-sm-6 col-lg-2 border-bottom pb-2\">\n            <small><i class=\"fas fa-solid fa-file fa-fw me-2\" style=\"color: #8c9db3;\"><\/i>P\u00e1ginas<\/small>\n        <\/div>\n\n        <div class=\"col-12 col-sm-6 col-lg-5 border-bottom pb-2\">\n            <small class=\"text-muted\">D\u00e9sde la p\u00e1gina , hasta la p\u00e1gina <\/small>\n        <\/div>\n\n        <div class=\"col-12 col-sm-6 col-lg-2 border-bottom pb-2\">\n            <small><i class=\"fas fa-solid fa-language fa-fw me-2\" style=\"color: #8c9db3;\"><\/i>Idioma<\/small>\n        <\/div>\n\n        <div class=\"col-12 col-sm-6 col-lg-3 border-bottom pb-2\">\n            <small class=\"text-muted\"><\/small>\n        <\/div>\n\n        <div class=\"col-12 col-sm-6 col-lg-2 border-bottom pb-2\">\n            <small><i class=\"fas fa-solid fa-newspaper fa-fw me-2\" style=\"color: #8c9db3;\"><\/i>Editorial<\/small>\n        <\/div>\n\n        <div class=\"col-12 col-sm-6 col-lg-5 border-bottom pb-2\">\n            <small class=\"text-muted\">Ril Editores<\/small>\n        <\/div>\n\n        <div class=\"col-12 col-sm-6 col-lg-2 border-bottom pb-2\">\n            <small><i class=\"fas fa-solid fa-user-pen fa-fw me-2\" style=\"color: #8c9db3;\"><\/i>Editores<\/small>\n        <\/div>\n\n        <div class=\"col-12 col-sm-6 col-lg-10 border-bottom pb-2\">\n            <small class=\"text-muted\"><\/small>\n        <\/div>\n\n        <div class=\"col-12 col-sm-6 col-lg-2\">\n            <small><i class=\"fas fa-solid fa-signature fa-fw me-2\" style=\"color: #8c9db3;\"><\/i>Autores<\/small>\n        <\/div>\n\n        <div class=\"col-12 col-sm-6 col-lg-10\">\n            <small class=\"text-muted\">\u00c1lvaro Javier Rom\u00e1n Castillo<\/small>\n        <\/div>\n    <\/div><span class=\"caption-field-publish\"><\/span><\/div><\/div><\/div><\/div><\/div><div class=\"  circle--pattern-bottom-large col-sm-12 col-md-12 img-article\"><div class=\"holder-publish col-md-12\" style=\"border-bottom: 1px solid #B8B8B8\"><div class=\"content-holder h-100 component-border overflow-hidden row m-0 p-4 aling-items-center\"><ul class=\"p-0 list-style-none\"><li class=\"p-0 me-2\"><i class=\"fas fa-solid fa-book fa-fw\"><\/i> Salud Mental Comunitaria<\/li><li class=\"p-0 me-2\"><i class=\"fas fa-solid fa-calendar fa-fw\"><\/i> 2020<\/li><\/ul><div class=\"caption col-12 p-0 col-md-12 row m-0 align-items-center\"><div class=\"px-md-1\">    <h3 class=\"fw-medium m-0 small-space pt-2 pb-2 title-ss text-decoration-none border-bottom\">Empresas de innovaci\u00f3n social con personas con trastornos mentales severos en el sector turismo<\/h3>\n\n    <div class=\"mt-0 row g-3\">\n        \n        <div class=\"col-12 col-sm-6 col-lg-2 border-bottom pb-2\">\n            <small><i class=\"fas fa-solid fa-barcode fa-fw me-2\" style=\"color: #8c9db3;\"><\/i>ISBN<\/small>\n        <\/div>\n\n        <div class=\"col-12 col-sm-6 col-lg-3 border-bottom pb-2\">\n            <small class=\"text-muted\">978-987-46148-4-1<\/small>\n        <\/div>\n\n        <div class=\"col-12 col-sm-6 col-lg-2 border-bottom pb-2\">\n            <small><i class=\"fas fa-solid fa-file fa-fw me-2\" style=\"color: #8c9db3;\"><\/i>P\u00e1ginas<\/small>\n        <\/div>\n\n        <div class=\"col-12 col-sm-6 col-lg-5 border-bottom pb-2\">\n            <small class=\"text-muted\">D\u00e9sde la p\u00e1gina 183, hasta la p\u00e1gina 187<\/small>\n        <\/div>\n\n        <div class=\"col-12 col-sm-6 col-lg-2 border-bottom pb-2\">\n            <small><i class=\"fas fa-solid fa-language fa-fw me-2\" style=\"color: #8c9db3;\"><\/i>Idioma<\/small>\n        <\/div>\n\n        <div class=\"col-12 col-sm-6 col-lg-3 border-bottom pb-2\">\n            <small class=\"text-muted\">Espa\u00f1ol<\/small>\n        <\/div>\n\n        <div class=\"col-12 col-sm-6 col-lg-2 border-bottom pb-2\">\n            <small><i class=\"fas fa-solid fa-newspaper fa-fw me-2\" style=\"color: #8c9db3;\"><\/i>Editorial<\/small>\n        <\/div>\n\n        <div class=\"col-12 col-sm-6 col-lg-5 border-bottom pb-2\">\n            <small class=\"text-muted\">Rawson Universidad del Chubut<\/small>\n        <\/div>\n\n        <div class=\"col-12 col-sm-6 col-lg-2 border-bottom pb-2\">\n            <small><i class=\"fas fa-solid fa-user-pen fa-fw me-2\" style=\"color: #8c9db3;\"><\/i>Editores<\/small>\n        <\/div>\n\n        <div class=\"col-12 col-sm-6 col-lg-10 border-bottom pb-2\">\n            <small class=\"text-muted\">2a Conferencia Regional de Salud Mental Comunitaria, Marcela In\u00e9s Freytes Frey (comp.)<\/small>\n        <\/div>\n\n        <div class=\"col-12 col-sm-6 col-lg-2\">\n            <small><i class=\"fas fa-solid fa-signature fa-fw me-2\" style=\"color: #8c9db3;\"><\/i>Autores<\/small>\n        <\/div>\n\n        <div class=\"col-12 col-sm-6 col-lg-10\">\n            <small class=\"text-muted\">Gabriel Reginatto, Mar\u00eda Teresa Sol\u00eds Soto, Camila Marta Oda Montecinos, Gonzalo Benjam\u00edn Terreros Hern\u00e1ndez, Carla Gutierrez, Ignacio Silva Neira, Jessica Soledad Olate Andur, Erika Marcia L\u00f3pez Campos, Carlos Roberto C\u00e1ceres Erices, Marcela In\u00e9s Freytes Frey, Rub\u00e9n Alvarado, Mar\u00eda Soledad Burrone Colombino<\/small>\n        <\/div>\n    <\/div><span class=\"caption-field-publish\"><\/span><\/div><\/div><\/div><\/div><\/div><div class=\"  circle--pattern-bottom-large col-sm-12 col-md-12 img-article\"><div class=\"holder-publish col-md-12\" style=\"border-bottom: 1px solid #B8B8B8\"><div class=\"content-holder h-100 component-border overflow-hidden row m-0 p-4 aling-items-center\"><ul class=\"p-0 list-style-none\"><li class=\"p-0 me-2\"><i class=\"fas fa-solid fa-book fa-fw\"><\/i> Avan\u00e7os e Atualidades na Bot\u00e2nica Brasileira.<\/li><li class=\"p-0 me-2\"><i class=\"fas fa-solid fa-calendar fa-fw\"><\/i> 2020<\/li><\/ul><div class=\"caption col-12 p-0 col-md-12 row m-0 align-items-center\"><div class=\"px-md-1\">    <h3 class=\"fw-medium m-0 small-space pt-2 pb-2 title-ss text-decoration-none border-bottom\">EFEITOS DAS MUDAN\u00c7AS CLIM\u00c1TICAS EM PLANTAS CULTIVADAS E NATIVAS:ATUAL ESTADO DAS PESQUISAS BRASILEIRAS.<\/h3>\n\n    <div class=\"mt-0 row g-3\">\n        \n        <div class=\"col-12 col-sm-6 col-lg-2 border-bottom pb-2\">\n            <small><i class=\"fas fa-solid fa-barcode fa-fw me-2\" style=\"color: #8c9db3;\"><\/i>ISBN<\/small>\n        <\/div>\n\n        <div class=\"col-12 col-sm-6 col-lg-3 border-bottom pb-2\">\n            <small class=\"text-muted\">978-65-86283-00-6<\/small>\n        <\/div>\n\n        <div class=\"col-12 col-sm-6 col-lg-2 border-bottom pb-2\">\n            <small><i class=\"fas fa-solid fa-file fa-fw me-2\" style=\"color: #8c9db3;\"><\/i>P\u00e1ginas<\/small>\n        <\/div>\n\n        <div class=\"col-12 col-sm-6 col-lg-5 border-bottom pb-2\">\n            <small class=\"text-muted\">D\u00e9sde la p\u00e1gina 109, hasta la p\u00e1gina 125<\/small>\n        <\/div>\n\n        <div class=\"col-12 col-sm-6 col-lg-2 border-bottom pb-2\">\n            <small><i class=\"fas fa-solid fa-language fa-fw me-2\" style=\"color: #8c9db3;\"><\/i>Idioma<\/small>\n        <\/div>\n\n        <div class=\"col-12 col-sm-6 col-lg-3 border-bottom pb-2\">\n            <small class=\"text-muted\">Portugu\u00e9s<\/small>\n        <\/div>\n\n        <div class=\"col-12 col-sm-6 col-lg-2 border-bottom pb-2\">\n            <small><i class=\"fas fa-solid fa-newspaper fa-fw me-2\" style=\"color: #8c9db3;\"><\/i>Editorial<\/small>\n        <\/div>\n\n        <div class=\"col-12 col-sm-6 col-lg-5 border-bottom pb-2\">\n            <small class=\"text-muted\">Stricto Sensu<\/small>\n        <\/div>\n\n        <div class=\"col-12 col-sm-6 col-lg-2 border-bottom pb-2\">\n            <small><i class=\"fas fa-solid fa-user-pen fa-fw me-2\" style=\"color: #8c9db3;\"><\/i>Editores<\/small>\n        <\/div>\n\n        <div class=\"col-12 col-sm-6 col-lg-10 border-bottom pb-2\">\n            <small class=\"text-muted\">Naila Fernanda Sbsczk Pereira Meneguetti, Dionatas Ulises de Oliveira Meneguetti, Ageane Mota da Silva, Amilton Jos\u00e9 Freire de Queiroz, Edson da Silva, Denise Jov\u00ea Cesar<\/small>\n        <\/div>\n\n        <div class=\"col-12 col-sm-6 col-lg-2\">\n            <small><i class=\"fas fa-solid fa-signature fa-fw me-2\" style=\"color: #8c9db3;\"><\/i>Autores<\/small>\n        <\/div>\n\n        <div class=\"col-12 col-sm-6 col-lg-10\">\n            <small class=\"text-muted\">Eduardo Habermann, Daniele Ribeiro Contin, Dilier Olivera Viciedo, Rafael Ferreira Barreto, Marcela Aparecida de Moraes, Eduardo Augusto Dias de Oliveira, Carlos Alberto Martinez<\/small>\n        <\/div>\n    <\/div><span class=\"caption-field-publish\"><\/span><\/div><\/div><\/div><\/div><\/div><div class=\"  circle--pattern-bottom-large col-sm-12 col-md-12 img-article\"><div class=\"holder-publish col-md-12\" style=\"border-bottom: 1px solid #B8B8B8\"><div class=\"content-holder h-100 component-border overflow-hidden row m-0 p-4 aling-items-center\"><ul class=\"p-0 list-style-none\"><li class=\"p-0 me-2\"><i class=\"fas fa-solid fa-book fa-fw\"><\/i> INNATE IMMUNITY IN AQUATIC VERTEBRATES<\/li><li class=\"p-0 me-2\"><i class=\"fas fa-solid fa-calendar fa-fw\"><\/i> 2020<\/li><\/ul><div class=\"caption col-12 p-0 col-md-12 row m-0 align-items-center\"><div class=\"px-md-1\">    <h3 class=\"fw-medium m-0 small-space pt-2 pb-2 title-ss text-decoration-none border-bottom\">Innate Immunity Provides Biomarkers of Health for Teleosts Exposed to Nanoparticles<\/h3>\n\n    <div class=\"mt-0 row g-3\">\n        \n        <div class=\"col-12 col-sm-6 col-lg-2 border-bottom pb-2\">\n            <small><i class=\"fas fa-solid fa-barcode fa-fw me-2\" style=\"color: #8c9db3;\"><\/i>ISBN<\/small>\n        <\/div>\n\n        <div class=\"col-12 col-sm-6 col-lg-3 border-bottom pb-2\">\n            <small class=\"text-muted\">ISBN 978-2-88963-427-9<\/small>\n        <\/div>\n\n        <div class=\"col-12 col-sm-6 col-lg-2 border-bottom pb-2\">\n            <small><i class=\"fas fa-solid fa-file fa-fw me-2\" style=\"color: #8c9db3;\"><\/i>P\u00e1ginas<\/small>\n        <\/div>\n\n        <div class=\"col-12 col-sm-6 col-lg-5 border-bottom pb-2\">\n            <small class=\"text-muted\">D\u00e9sde la p\u00e1gina , hasta la p\u00e1gina <\/small>\n        <\/div>\n\n        <div class=\"col-12 col-sm-6 col-lg-2 border-bottom pb-2\">\n            <small><i class=\"fas fa-solid fa-language fa-fw me-2\" style=\"color: #8c9db3;\"><\/i>Idioma<\/small>\n        <\/div>\n\n        <div class=\"col-12 col-sm-6 col-lg-3 border-bottom pb-2\">\n            <small class=\"text-muted\">Ingl\u00e9s<\/small>\n        <\/div>\n\n        <div class=\"col-12 col-sm-6 col-lg-2 border-bottom pb-2\">\n            <small><i class=\"fas fa-solid fa-newspaper fa-fw me-2\" style=\"color: #8c9db3;\"><\/i>Editorial<\/small>\n        <\/div>\n\n        <div class=\"col-12 col-sm-6 col-lg-5 border-bottom pb-2\">\n            <small class=\"text-muted\">Lausanne: Frontiers Media SA.<\/small>\n        <\/div>\n\n        <div class=\"col-12 col-sm-6 col-lg-2 border-bottom pb-2\">\n            <small><i class=\"fas fa-solid fa-user-pen fa-fw me-2\" style=\"color: #8c9db3;\"><\/i>Editores<\/small>\n        <\/div>\n\n        <div class=\"col-12 col-sm-6 col-lg-10 border-bottom pb-2\">\n            <small class=\"text-muted\">Leon Grayfer, Stephanie DeWitte-Orr and Eva-Stina Isabella Edholm<\/small>\n        <\/div>\n\n        <div class=\"col-12 col-sm-6 col-lg-2\">\n            <small><i class=\"fas fa-solid fa-signature fa-fw me-2\" style=\"color: #8c9db3;\"><\/i>Autores<\/small>\n        <\/div>\n\n        <div class=\"col-12 col-sm-6 col-lg-10\">\n            <small class=\"text-muted\">D\u00e9bora Alejandra Torrealba Sandoval, Juan A. More-Bayona, Jeremy Wakaruk, Daniel R. Barreda<\/small>\n        <\/div>\n    <\/div><span class=\"caption-field-publish\"><\/span><\/div><\/div><\/div><\/div><\/div><div class=\"  circle--pattern-bottom-large col-sm-12 col-md-12 img-article\"><div class=\"holder-publish col-md-12\" style=\"border-bottom: 1px solid #B8B8B8\"><div class=\"content-holder h-100 component-border overflow-hidden row m-0 p-4 aling-items-center\"><ul class=\"p-0 list-style-none\"><li class=\"p-0 me-2\"><i class=\"fas fa-solid fa-book fa-fw\"><\/i> Fitopatologia no Brasil: um panorama de Norte \u00e0 Sul<\/li><li class=\"p-0 me-2\"><i class=\"fas fa-solid fa-calendar fa-fw\"><\/i> 2020<\/li><\/ul><div class=\"caption col-12 p-0 col-md-12 row m-0 align-items-center\"><div class=\"px-md-1\">    <h3 class=\"fw-medium m-0 small-space pt-2 pb-2 title-ss text-decoration-none border-bottom\">O panorama do mal-do-Panama no Brasil<\/h3>\n\n    <div class=\"mt-0 row g-3\">\n        \n        <div class=\"col-12 col-sm-6 col-lg-2 border-bottom pb-2\">\n            <small><i class=\"fas fa-solid fa-barcode fa-fw me-2\" style=\"color: #8c9db3;\"><\/i>ISBN<\/small>\n        <\/div>\n\n        <div class=\"col-12 col-sm-6 col-lg-3 border-bottom pb-2\">\n            <small class=\"text-muted\">978-65-994085-0-2<\/small>\n        <\/div>\n\n        <div class=\"col-12 col-sm-6 col-lg-2 border-bottom pb-2\">\n            <small><i class=\"fas fa-solid fa-file fa-fw me-2\" style=\"color: #8c9db3;\"><\/i>P\u00e1ginas<\/small>\n        <\/div>\n\n        <div class=\"col-12 col-sm-6 col-lg-5 border-bottom pb-2\">\n            <small class=\"text-muted\">D\u00e9sde la p\u00e1gina 30, hasta la p\u00e1gina 39<\/small>\n        <\/div>\n\n        <div class=\"col-12 col-sm-6 col-lg-2 border-bottom pb-2\">\n            <small><i class=\"fas fa-solid fa-language fa-fw me-2\" style=\"color: #8c9db3;\"><\/i>Idioma<\/small>\n        <\/div>\n\n        <div class=\"col-12 col-sm-6 col-lg-3 border-bottom pb-2\">\n            <small class=\"text-muted\">Portugu\u00e9s<\/small>\n        <\/div>\n\n        <div class=\"col-12 col-sm-6 col-lg-2 border-bottom pb-2\">\n            <small><i class=\"fas fa-solid fa-newspaper fa-fw me-2\" style=\"color: #8c9db3;\"><\/i>Editorial<\/small>\n        <\/div>\n\n        <div class=\"col-12 col-sm-6 col-lg-5 border-bottom pb-2\">\n            <small class=\"text-muted\">Universidade Federal de Vi\u00e7osa<\/small>\n        <\/div>\n\n        <div class=\"col-12 col-sm-6 col-lg-2 border-bottom pb-2\">\n            <small><i class=\"fas fa-solid fa-user-pen fa-fw me-2\" style=\"color: #8c9db3;\"><\/i>Editores<\/small>\n        <\/div>\n\n        <div class=\"col-12 col-sm-6 col-lg-10 border-bottom pb-2\">\n            <small class=\"text-muted\"><\/small>\n        <\/div>\n\n        <div class=\"col-12 col-sm-6 col-lg-2\">\n            <small><i class=\"fas fa-solid fa-signature fa-fw me-2\" style=\"color: #8c9db3;\"><\/i>Autores<\/small>\n        <\/div>\n\n        <div class=\"col-12 col-sm-6 col-lg-10\">\n            <small class=\"text-muted\">Mariela Paz Gonz\u00e1lez Arriagada<\/small>\n        <\/div>\n    <\/div><span class=\"caption-field-publish\"><\/span><\/div><\/div><\/div><\/div><\/div><div class=\"  circle--pattern-bottom-large col-sm-12 col-md-12 img-article\"><div class=\"holder-publish col-md-12\" style=\"border-bottom: 1px solid #B8B8B8\"><div class=\"content-holder h-100 component-border overflow-hidden row m-0 p-4 aling-items-center\"><ul class=\"p-0 list-style-none\"><li class=\"p-0 me-2\"><i class=\"fas fa-solid fa-book fa-fw\"><\/i> Las ciudades ante el Covid-19: Nuevas direcciones para la investigaci\u00f3n urbana  y las pol\u00edticas p\u00fablicas.<\/li><li class=\"p-0 me-2\"><i class=\"fas fa-solid fa-calendar fa-fw\"><\/i> 2020<\/li><\/ul><div class=\"caption col-12 p-0 col-md-12 row m-0 align-items-center\"><div class=\"px-md-1\">    <h3 class=\"fw-medium m-0 small-space pt-2 pb-2 title-ss text-decoration-none border-bottom\">Justicia espacial y habitar digno. La pandemia como punto de partida para  una nueva generaci\u00f3n de pol\u00edticas p\u00fablicas territoriales.<\/h3>\n\n    <div class=\"mt-0 row g-3\">\n        \n        <div class=\"col-12 col-sm-6 col-lg-2 border-bottom pb-2\">\n            <small><i class=\"fas fa-solid fa-barcode fa-fw me-2\" style=\"color: #8c9db3;\"><\/i>ISBN<\/small>\n        <\/div>\n\n        <div class=\"col-12 col-sm-6 col-lg-3 border-bottom pb-2\">\n            <small class=\"text-muted\"><\/small>\n        <\/div>\n\n        <div class=\"col-12 col-sm-6 col-lg-2 border-bottom pb-2\">\n            <small><i class=\"fas fa-solid fa-file fa-fw me-2\" style=\"color: #8c9db3;\"><\/i>P\u00e1ginas<\/small>\n        <\/div>\n\n        <div class=\"col-12 col-sm-6 col-lg-5 border-bottom pb-2\">\n            <small class=\"text-muted\">D\u00e9sde la p\u00e1gina , hasta la p\u00e1gina <\/small>\n        <\/div>\n\n        <div class=\"col-12 col-sm-6 col-lg-2 border-bottom pb-2\">\n            <small><i class=\"fas fa-solid fa-language fa-fw me-2\" style=\"color: #8c9db3;\"><\/i>Idioma<\/small>\n        <\/div>\n\n        <div class=\"col-12 col-sm-6 col-lg-3 border-bottom pb-2\">\n            <small class=\"text-muted\">Espa\u00f1ol<\/small>\n        <\/div>\n\n        <div class=\"col-12 col-sm-6 col-lg-2 border-bottom pb-2\">\n            <small><i class=\"fas fa-solid fa-newspaper fa-fw me-2\" style=\"color: #8c9db3;\"><\/i>Editorial<\/small>\n        <\/div>\n\n        <div class=\"col-12 col-sm-6 col-lg-5 border-bottom pb-2\">\n            <small class=\"text-muted\">Plataforma de Conocimiento para la Transformaci\u00f3n Urbana<\/small>\n        <\/div>\n\n        <div class=\"col-12 col-sm-6 col-lg-2 border-bottom pb-2\">\n            <small><i class=\"fas fa-solid fa-user-pen fa-fw me-2\" style=\"color: #8c9db3;\"><\/i>Editores<\/small>\n        <\/div>\n\n        <div class=\"col-12 col-sm-6 col-lg-10 border-bottom pb-2\">\n            <small class=\"text-muted\">L\u00f3pez Garc\u00eda, D. & Delgado, G<\/small>\n        <\/div>\n\n        <div class=\"col-12 col-sm-6 col-lg-2\">\n            <small><i class=\"fas fa-solid fa-signature fa-fw me-2\" style=\"color: #8c9db3;\"><\/i>Autores<\/small>\n        <\/div>\n\n        <div class=\"col-12 col-sm-6 col-lg-10\">\n            <small class=\"text-muted\">Gabriela Andrea Guevara Cue<\/small>\n        <\/div>\n    <\/div><span class=\"caption-field-publish\"><\/span><\/div><\/div><\/div><\/div><\/div><div class=\"  circle--pattern-bottom-large col-sm-12 col-md-12 img-article\"><div class=\"holder-publish col-md-12\" style=\"border-bottom: 1px solid #B8B8B8\"><div class=\"content-holder h-100 component-border overflow-hidden row m-0 p-4 aling-items-center\"><ul class=\"p-0 list-style-none\"><li class=\"p-0 me-2\"><i class=\"fas fa-solid fa-book fa-fw\"><\/i> Propuestas para Chile 2019<\/li><li class=\"p-0 me-2\"><i class=\"fas fa-solid fa-calendar fa-fw\"><\/i> 2020<\/li><\/ul><div class=\"caption col-12 p-0 col-md-12 row m-0 align-items-center\"><div class=\"px-md-1\">    <h3 class=\"fw-medium m-0 small-space pt-2 pb-2 title-ss text-decoration-none border-bottom\">Las v\u00edctimas NNA de delitos sexuales frente al sistema de justicia penal<\/h3>\n\n    <div class=\"mt-0 row g-3\">\n        \n        <div class=\"col-12 col-sm-6 col-lg-2 border-bottom pb-2\">\n            <small><i class=\"fas fa-solid fa-barcode fa-fw me-2\" style=\"color: #8c9db3;\"><\/i>ISBN<\/small>\n        <\/div>\n\n        <div class=\"col-12 col-sm-6 col-lg-3 border-bottom pb-2\">\n            <small class=\"text-muted\">978-956-14-2507-1<\/small>\n        <\/div>\n\n        <div class=\"col-12 col-sm-6 col-lg-2 border-bottom pb-2\">\n            <small><i class=\"fas fa-solid fa-file fa-fw me-2\" style=\"color: #8c9db3;\"><\/i>P\u00e1ginas<\/small>\n        <\/div>\n\n        <div class=\"col-12 col-sm-6 col-lg-5 border-bottom pb-2\">\n            <small class=\"text-muted\">D\u00e9sde la p\u00e1gina 47, hasta la p\u00e1gina 80<\/small>\n        <\/div>\n\n        <div class=\"col-12 col-sm-6 col-lg-2 border-bottom pb-2\">\n            <small><i class=\"fas fa-solid fa-language fa-fw me-2\" style=\"color: #8c9db3;\"><\/i>Idioma<\/small>\n        <\/div>\n\n        <div class=\"col-12 col-sm-6 col-lg-3 border-bottom pb-2\">\n            <small class=\"text-muted\"><\/small>\n        <\/div>\n\n        <div class=\"col-12 col-sm-6 col-lg-2 border-bottom pb-2\">\n            <small><i class=\"fas fa-solid fa-newspaper fa-fw me-2\" style=\"color: #8c9db3;\"><\/i>Editorial<\/small>\n        <\/div>\n\n        <div class=\"col-12 col-sm-6 col-lg-5 border-bottom pb-2\">\n            <small class=\"text-muted\">Ediciones UC<\/small>\n        <\/div>\n\n        <div class=\"col-12 col-sm-6 col-lg-2 border-bottom pb-2\">\n            <small><i class=\"fas fa-solid fa-user-pen fa-fw me-2\" style=\"color: #8c9db3;\"><\/i>Editores<\/small>\n        <\/div>\n\n        <div class=\"col-12 col-sm-6 col-lg-10 border-bottom pb-2\">\n            <small class=\"text-muted\">Ignacio Irarr\u00e1zaval, Elisa Pi\u00f1a, Mar\u00eda Ignacia Jeldes, Magdalena Letelier<\/small>\n        <\/div>\n\n        <div class=\"col-12 col-sm-6 col-lg-2\">\n            <small><i class=\"fas fa-solid fa-signature fa-fw me-2\" style=\"color: #8c9db3;\"><\/i>Autores<\/small>\n        <\/div>\n\n        <div class=\"col-12 col-sm-6 col-lg-10\">\n            <small class=\"text-muted\">Pablo Carvacho, Javier Eduardo Vel\u00e1squez Valenzuela, Catalina Ort\u00fazar, Maria Elena Santiba\u00f1ez<\/small>\n        <\/div>\n    <\/div><span class=\"caption-field-publish\"><\/span><\/div><\/div><\/div><\/div><\/div><div class=\"  circle--pattern-bottom-large col-sm-12 col-md-12 img-article\"><div class=\"holder-publish col-md-12\" style=\"border-bottom: 1px solid #B8B8B8\"><div class=\"content-holder h-100 component-border overflow-hidden row m-0 p-4 aling-items-center\"><ul class=\"p-0 list-style-none\"><li class=\"p-0 me-2\"><i class=\"fas fa-solid fa-book fa-fw\"><\/i> Tesol Spain collected papers<\/li><li class=\"p-0 me-2\"><i class=\"fas fa-solid fa-calendar fa-fw\"><\/i> 2020<\/li><\/ul><div class=\"caption col-12 p-0 col-md-12 row m-0 align-items-center\"><div class=\"px-md-1\">    <h3 class=\"fw-medium m-0 small-space pt-2 pb-2 title-ss text-decoration-none border-bottom\">Content assessment: The blind spot of bilingual programs<\/h3>\n\n    <div class=\"mt-0 row g-3\">\n        \n        <div class=\"col-12 col-sm-6 col-lg-2 border-bottom pb-2\">\n            <small><i class=\"fas fa-solid fa-barcode fa-fw me-2\" style=\"color: #8c9db3;\"><\/i>ISBN<\/small>\n        <\/div>\n\n        <div class=\"col-12 col-sm-6 col-lg-3 border-bottom pb-2\">\n            <small class=\"text-muted\">978-84-09-28338-5<\/small>\n        <\/div>\n\n        <div class=\"col-12 col-sm-6 col-lg-2 border-bottom pb-2\">\n            <small><i class=\"fas fa-solid fa-file fa-fw me-2\" style=\"color: #8c9db3;\"><\/i>P\u00e1ginas<\/small>\n        <\/div>\n\n        <div class=\"col-12 col-sm-6 col-lg-5 border-bottom pb-2\">\n            <small class=\"text-muted\">D\u00e9sde la p\u00e1gina 17, hasta la p\u00e1gina 22<\/small>\n        <\/div>\n\n        <div class=\"col-12 col-sm-6 col-lg-2 border-bottom pb-2\">\n            <small><i class=\"fas fa-solid fa-language fa-fw me-2\" style=\"color: #8c9db3;\"><\/i>Idioma<\/small>\n        <\/div>\n\n        <div class=\"col-12 col-sm-6 col-lg-3 border-bottom pb-2\">\n            <small class=\"text-muted\">Ingl\u00e9s<\/small>\n        <\/div>\n\n        <div class=\"col-12 col-sm-6 col-lg-2 border-bottom pb-2\">\n            <small><i class=\"fas fa-solid fa-newspaper fa-fw me-2\" style=\"color: #8c9db3;\"><\/i>Editorial<\/small>\n        <\/div>\n\n        <div class=\"col-12 col-sm-6 col-lg-5 border-bottom pb-2\">\n            <small class=\"text-muted\">Tesol Spain<\/small>\n        <\/div>\n\n        <div class=\"col-12 col-sm-6 col-lg-2 border-bottom pb-2\">\n            <small><i class=\"fas fa-solid fa-user-pen fa-fw me-2\" style=\"color: #8c9db3;\"><\/i>Editores<\/small>\n        <\/div>\n\n        <div class=\"col-12 col-sm-6 col-lg-10 border-bottom pb-2\">\n            <small class=\"text-muted\">R. Place, B. Strotmann, K. Marriage, H. Plass<\/small>\n        <\/div>\n\n        <div class=\"col-12 col-sm-6 col-lg-2\">\n            <small><i class=\"fas fa-solid fa-signature fa-fw me-2\" style=\"color: #8c9db3;\"><\/i>Autores<\/small>\n        <\/div>\n\n        <div class=\"col-12 col-sm-6 col-lg-10\">\n            <small class=\"text-muted\">Daniela Isabel Avello Garc\u00eda<\/small>\n        <\/div>\n    <\/div><span class=\"caption-field-publish\"><\/span><\/div><\/div><\/div><\/div><\/div><div class=\"  circle--pattern-bottom-large col-sm-12 col-md-12 img-article\"><div class=\"holder-publish col-md-12\" style=\"border-bottom: 1px solid #B8B8B8\"><div class=\"content-holder h-100 component-border overflow-hidden row m-0 p-4 aling-items-center\"><ul class=\"p-0 list-style-none\"><li class=\"p-0 me-2\"><i class=\"fas fa-solid fa-book fa-fw\"><\/i> Dos cruces y mil subjetividades<\/li><li class=\"p-0 me-2\"><i class=\"fas fa-solid fa-calendar fa-fw\"><\/i> 2020<\/li><\/ul><div class=\"caption col-12 p-0 col-md-12 row m-0 align-items-center\"><div class=\"px-md-1\">    <h3 class=\"fw-medium m-0 small-space pt-2 pb-2 title-ss text-decoration-none border-bottom\">Territorialidad, pr\u00e1cticas art\u00edsticas y resignificaci\u00f3n de la cultura y sus relatos<\/h3>\n\n    <div class=\"mt-0 row g-3\">\n        \n        <div class=\"col-12 col-sm-6 col-lg-2 border-bottom pb-2\">\n            <small><i class=\"fas fa-solid fa-barcode fa-fw me-2\" style=\"color: #8c9db3;\"><\/i>ISBN<\/small>\n        <\/div>\n\n        <div class=\"col-12 col-sm-6 col-lg-3 border-bottom pb-2\">\n            <small class=\"text-muted\">978-956-402-553-7<\/small>\n        <\/div>\n\n        <div class=\"col-12 col-sm-6 col-lg-2 border-bottom pb-2\">\n            <small><i class=\"fas fa-solid fa-file fa-fw me-2\" style=\"color: #8c9db3;\"><\/i>P\u00e1ginas<\/small>\n        <\/div>\n\n        <div class=\"col-12 col-sm-6 col-lg-5 border-bottom pb-2\">\n            <small class=\"text-muted\">D\u00e9sde la p\u00e1gina 34, hasta la p\u00e1gina 34<\/small>\n        <\/div>\n\n        <div class=\"col-12 col-sm-6 col-lg-2 border-bottom pb-2\">\n            <small><i class=\"fas fa-solid fa-language fa-fw me-2\" style=\"color: #8c9db3;\"><\/i>Idioma<\/small>\n        <\/div>\n\n        <div class=\"col-12 col-sm-6 col-lg-3 border-bottom pb-2\">\n            <small class=\"text-muted\">Espa\u00f1ol<\/small>\n        <\/div>\n\n        <div class=\"col-12 col-sm-6 col-lg-2 border-bottom pb-2\">\n            <small><i class=\"fas fa-solid fa-newspaper fa-fw me-2\" style=\"color: #8c9db3;\"><\/i>Editorial<\/small>\n        <\/div>\n\n        <div class=\"col-12 col-sm-6 col-lg-5 border-bottom pb-2\">\n            <small class=\"text-muted\">Universidad de los Lagos<\/small>\n        <\/div>\n\n        <div class=\"col-12 col-sm-6 col-lg-2 border-bottom pb-2\">\n            <small><i class=\"fas fa-solid fa-user-pen fa-fw me-2\" style=\"color: #8c9db3;\"><\/i>Editores<\/small>\n        <\/div>\n\n        <div class=\"col-12 col-sm-6 col-lg-10 border-bottom pb-2\">\n            <small class=\"text-muted\">Rosario Garc\u00eda Huidobro y Gabriel Hoecker<\/small>\n        <\/div>\n\n        <div class=\"col-12 col-sm-6 col-lg-2\">\n            <small><i class=\"fas fa-solid fa-signature fa-fw me-2\" style=\"color: #8c9db3;\"><\/i>Autores<\/small>\n        <\/div>\n\n        <div class=\"col-12 col-sm-6 col-lg-10\">\n            <small class=\"text-muted\">Jos\u00e9 Israel Mela Contreras<\/small>\n        <\/div>\n    <\/div><span class=\"caption-field-publish\"><\/span><\/div><\/div><\/div><\/div><\/div><div class=\"  circle--pattern-bottom-large col-sm-12 col-md-12 img-article\"><div class=\"holder-publish col-md-12\" style=\"border-bottom: 1px solid #B8B8B8\"><div class=\"content-holder h-100 component-border overflow-hidden row m-0 p-4 aling-items-center\"><ul class=\"p-0 list-style-none\"><li class=\"p-0 me-2\"><i class=\"fas fa-solid fa-book fa-fw\"><\/i> Neurobiolog\u00eda del estr\u00e9s temprano<\/li><li class=\"p-0 me-2\"><i class=\"fas fa-solid fa-calendar fa-fw\"><\/i> 2020<\/li><\/ul><div class=\"caption col-12 p-0 col-md-12 row m-0 align-items-center\"><div class=\"px-md-1\">    <h3 class=\"fw-medium m-0 small-space pt-2 pb-2 title-ss text-decoration-none border-bottom\">La restricci\u00f3n de crecimiento fetal<\/h3>\n\n    <div class=\"mt-0 row g-3\">\n        \n        <div class=\"col-12 col-sm-6 col-lg-2 border-bottom pb-2\">\n            <small><i class=\"fas fa-solid fa-barcode fa-fw me-2\" style=\"color: #8c9db3;\"><\/i>ISBN<\/small>\n        <\/div>\n\n        <div class=\"col-12 col-sm-6 col-lg-3 border-bottom pb-2\">\n            <small class=\"text-muted\">978-987-3973-28-4<\/small>\n        <\/div>\n\n        <div class=\"col-12 col-sm-6 col-lg-2 border-bottom pb-2\">\n            <small><i class=\"fas fa-solid fa-file fa-fw me-2\" style=\"color: #8c9db3;\"><\/i>P\u00e1ginas<\/small>\n        <\/div>\n\n        <div class=\"col-12 col-sm-6 col-lg-5 border-bottom pb-2\">\n            <small class=\"text-muted\">D\u00e9sde la p\u00e1gina 13, hasta la p\u00e1gina 40<\/small>\n        <\/div>\n\n        <div class=\"col-12 col-sm-6 col-lg-2 border-bottom pb-2\">\n            <small><i class=\"fas fa-solid fa-language fa-fw me-2\" style=\"color: #8c9db3;\"><\/i>Idioma<\/small>\n        <\/div>\n\n        <div class=\"col-12 col-sm-6 col-lg-3 border-bottom pb-2\">\n            <small class=\"text-muted\">Espa\u00f1ol<\/small>\n        <\/div>\n\n        <div class=\"col-12 col-sm-6 col-lg-2 border-bottom pb-2\">\n            <small><i class=\"fas fa-solid fa-newspaper fa-fw me-2\" style=\"color: #8c9db3;\"><\/i>Editorial<\/small>\n        <\/div>\n\n        <div class=\"col-12 col-sm-6 col-lg-5 border-bottom pb-2\">\n            <small class=\"text-muted\">Editorial Sciens BUENOS AIRES<\/small>\n        <\/div>\n\n        <div class=\"col-12 col-sm-6 col-lg-2 border-bottom pb-2\">\n            <small><i class=\"fas fa-solid fa-user-pen fa-fw me-2\" style=\"color: #8c9db3;\"><\/i>Editores<\/small>\n        <\/div>\n\n        <div class=\"col-12 col-sm-6 col-lg-10 border-bottom pb-2\">\n            <small class=\"text-muted\">Gabriela Beatriz Acosta, Jorge Manzanares Robles<\/small>\n        <\/div>\n\n        <div class=\"col-12 col-sm-6 col-lg-2\">\n            <small><i class=\"fas fa-solid fa-signature fa-fw me-2\" style=\"color: #8c9db3;\"><\/i>Autores<\/small>\n        <\/div>\n\n        <div class=\"col-12 col-sm-6 col-lg-10\">\n            <small class=\"text-muted\">Estefan\u00eda Pe\u00f1aloza, Bernardo Javier Krause Leyton<\/small>\n        <\/div>\n    <\/div><span class=\"caption-field-publish\"><\/span><\/div><\/div><\/div><\/div><\/div><div class=\"  circle--pattern-bottom-large col-sm-12 col-md-12 img-article\"><div class=\"holder-publish col-md-12\" style=\"border-bottom: 1px solid #B8B8B8\"><div class=\"content-holder h-100 component-border overflow-hidden row m-0 p-4 aling-items-center\"><ul class=\"p-0 list-style-none\"><li class=\"p-0 me-2\"><i class=\"fas fa-solid fa-book fa-fw\"><\/i> State of knowledge of soil biodiversity - Status, challenges and potentialities, Report 2020<\/li><li class=\"p-0 me-2\"><i class=\"fas fa-solid fa-calendar fa-fw\"><\/i> 2020<\/li><\/ul><div class=\"caption col-12 p-0 col-md-12 row m-0 align-items-center\"><div class=\"px-md-1\">    <h3 class=\"fw-medium m-0 small-space pt-2 pb-2 title-ss text-decoration-none border-bottom\">Threats to soil biodiversity &#8211; global and regional trends<\/h3>\n\n    <div class=\"mt-0 row g-3\">\n        \n        <div class=\"col-12 col-sm-6 col-lg-2 border-bottom pb-2\">\n            <small><i class=\"fas fa-solid fa-barcode fa-fw me-2\" style=\"color: #8c9db3;\"><\/i>ISBN<\/small>\n        <\/div>\n\n        <div class=\"col-12 col-sm-6 col-lg-3 border-bottom pb-2\">\n            <small class=\"text-muted\">978-92-5-133582-6<\/small>\n        <\/div>\n\n        <div class=\"col-12 col-sm-6 col-lg-2 border-bottom pb-2\">\n            <small><i class=\"fas fa-solid fa-file fa-fw me-2\" style=\"color: #8c9db3;\"><\/i>P\u00e1ginas<\/small>\n        <\/div>\n\n        <div class=\"col-12 col-sm-6 col-lg-5 border-bottom pb-2\">\n            <small class=\"text-muted\">D\u00e9sde la p\u00e1gina 191, hasta la p\u00e1gina 261<\/small>\n        <\/div>\n\n        <div class=\"col-12 col-sm-6 col-lg-2 border-bottom pb-2\">\n            <small><i class=\"fas fa-solid fa-language fa-fw me-2\" style=\"color: #8c9db3;\"><\/i>Idioma<\/small>\n        <\/div>\n\n        <div class=\"col-12 col-sm-6 col-lg-3 border-bottom pb-2\">\n            <small class=\"text-muted\">Ingl\u00e9s<\/small>\n        <\/div>\n\n        <div class=\"col-12 col-sm-6 col-lg-2 border-bottom pb-2\">\n            <small><i class=\"fas fa-solid fa-newspaper fa-fw me-2\" style=\"color: #8c9db3;\"><\/i>Editorial<\/small>\n        <\/div>\n\n        <div class=\"col-12 col-sm-6 col-lg-5 border-bottom pb-2\">\n            <small class=\"text-muted\">FAO<\/small>\n        <\/div>\n\n        <div class=\"col-12 col-sm-6 col-lg-2 border-bottom pb-2\">\n            <small><i class=\"fas fa-solid fa-user-pen fa-fw me-2\" style=\"color: #8c9db3;\"><\/i>Editores<\/small>\n        <\/div>\n\n        <div class=\"col-12 col-sm-6 col-lg-10 border-bottom pb-2\">\n            <small class=\"text-muted\">Food and Agriculture Organization of the United Nations (FAO), Global Soil Biodiversity Initiative (GSBI), Secretariat of the Convention of Biological (SCBD), European Commission (EC)<\/small>\n        <\/div>\n\n        <div class=\"col-12 col-sm-6 col-lg-2\">\n            <small><i class=\"fas fa-solid fa-signature fa-fw me-2\" style=\"color: #8c9db3;\"><\/i>Autores<\/small>\n        <\/div>\n\n        <div class=\"col-12 col-sm-6 col-lg-10\">\n            <small class=\"text-muted\">Claudia Macarena Rojas Alvarado<\/small>\n        <\/div>\n    <\/div><span class=\"caption-field-publish\"><\/span><\/div><\/div><\/div><\/div><\/div><div class=\"  circle--pattern-bottom-large col-sm-12 col-md-12 img-article\"><div class=\"holder-publish col-md-12\" style=\"border-bottom: 1px solid #B8B8B8\"><div class=\"content-holder h-100 component-border overflow-hidden row m-0 p-4 aling-items-center\"><ul class=\"p-0 list-style-none\"><li class=\"p-0 me-2\"><i class=\"fas fa-solid fa-book fa-fw\"><\/i> Atmospheric Rivers<\/li><li class=\"p-0 me-2\"><i class=\"fas fa-solid fa-calendar fa-fw\"><\/i> 2020<\/li><\/ul><div class=\"caption col-12 p-0 col-md-12 row m-0 align-items-center\"><div class=\"px-md-1\">    <h3 class=\"fw-medium m-0 small-space pt-2 pb-2 title-ss text-decoration-none border-bottom\">Global and Regional Perspectives<\/h3>\n\n    <div class=\"mt-0 row g-3\">\n        \n        <div class=\"col-12 col-sm-6 col-lg-2 border-bottom pb-2\">\n            <small><i class=\"fas fa-solid fa-barcode fa-fw me-2\" style=\"color: #8c9db3;\"><\/i>ISBN<\/small>\n        <\/div>\n\n        <div class=\"col-12 col-sm-6 col-lg-3 border-bottom pb-2\">\n            <small class=\"text-muted\">978-3-030-28906-5<\/small>\n        <\/div>\n\n        <div class=\"col-12 col-sm-6 col-lg-2 border-bottom pb-2\">\n            <small><i class=\"fas fa-solid fa-file fa-fw me-2\" style=\"color: #8c9db3;\"><\/i>P\u00e1ginas<\/small>\n        <\/div>\n\n        <div class=\"col-12 col-sm-6 col-lg-5 border-bottom pb-2\">\n            <small class=\"text-muted\">D\u00e9sde la p\u00e1gina , hasta la p\u00e1gina <\/small>\n        <\/div>\n\n        <div class=\"col-12 col-sm-6 col-lg-2 border-bottom pb-2\">\n            <small><i class=\"fas fa-solid fa-language fa-fw me-2\" style=\"color: #8c9db3;\"><\/i>Idioma<\/small>\n        <\/div>\n\n        <div class=\"col-12 col-sm-6 col-lg-3 border-bottom pb-2\">\n            <small class=\"text-muted\">Ingl\u00e9s<\/small>\n        <\/div>\n\n        <div class=\"col-12 col-sm-6 col-lg-2 border-bottom pb-2\">\n            <small><i class=\"fas fa-solid fa-newspaper fa-fw me-2\" style=\"color: #8c9db3;\"><\/i>Editorial<\/small>\n        <\/div>\n\n        <div class=\"col-12 col-sm-6 col-lg-5 border-bottom pb-2\">\n            <small class=\"text-muted\">Springer International Publishing<\/small>\n        <\/div>\n\n        <div class=\"col-12 col-sm-6 col-lg-2 border-bottom pb-2\">\n            <small><i class=\"fas fa-solid fa-user-pen fa-fw me-2\" style=\"color: #8c9db3;\"><\/i>Editores<\/small>\n        <\/div>\n\n        <div class=\"col-12 col-sm-6 col-lg-10 border-bottom pb-2\">\n            <small class=\"text-muted\">Ralph, F.M.; Dettinger, M.D.; Rutz, J.J.; Waliser, D.E.<\/small>\n        <\/div>\n\n        <div class=\"col-12 col-sm-6 col-lg-2\">\n            <small><i class=\"fas fa-solid fa-signature fa-fw me-2\" style=\"color: #8c9db3;\"><\/i>Autores<\/small>\n        <\/div>\n\n        <div class=\"col-12 col-sm-6 col-lg-10\">\n            <small class=\"text-muted\">Ra\u00fal Alfredo Valenzuela Ruiz<\/small>\n        <\/div>\n    <\/div><span class=\"caption-field-publish\"><\/span><\/div><\/div><\/div><\/div><\/div><div class=\"  circle--pattern-bottom-large col-sm-12 col-md-12 img-article\"><div class=\"holder-publish col-md-12\" style=\"border-bottom: 1px solid #B8B8B8\"><div class=\"content-holder h-100 component-border overflow-hidden row m-0 p-4 aling-items-center\"><ul class=\"p-0 list-style-none\"><li class=\"p-0 me-2\"><i class=\"fas fa-solid fa-book fa-fw\"><\/i> \u0093La enfermedad de Chagas en Chile\u0094<\/li><li class=\"p-0 me-2\"><i class=\"fas fa-solid fa-calendar fa-fw\"><\/i> 2020<\/li><\/ul><div class=\"caption col-12 p-0 col-md-12 row m-0 align-items-center\"><div class=\"px-md-1\">    <h3 class=\"fw-medium m-0 small-space pt-2 pb-2 title-ss text-decoration-none border-bottom\">El reservorio animal<\/h3>\n\n    <div class=\"mt-0 row g-3\">\n        \n        <div class=\"col-12 col-sm-6 col-lg-2 border-bottom pb-2\">\n            <small><i class=\"fas fa-solid fa-barcode fa-fw me-2\" style=\"color: #8c9db3;\"><\/i>ISBN<\/small>\n        <\/div>\n\n        <div class=\"col-12 col-sm-6 col-lg-3 border-bottom pb-2\">\n            <small class=\"text-muted\"><\/small>\n        <\/div>\n\n        <div class=\"col-12 col-sm-6 col-lg-2 border-bottom pb-2\">\n            <small><i class=\"fas fa-solid fa-file fa-fw me-2\" style=\"color: #8c9db3;\"><\/i>P\u00e1ginas<\/small>\n        <\/div>\n\n        <div class=\"col-12 col-sm-6 col-lg-5 border-bottom pb-2\">\n            <small class=\"text-muted\">D\u00e9sde la p\u00e1gina , hasta la p\u00e1gina <\/small>\n        <\/div>\n\n        <div class=\"col-12 col-sm-6 col-lg-2 border-bottom pb-2\">\n            <small><i class=\"fas fa-solid fa-language fa-fw me-2\" style=\"color: #8c9db3;\"><\/i>Idioma<\/small>\n        <\/div>\n\n        <div class=\"col-12 col-sm-6 col-lg-3 border-bottom pb-2\">\n            <small class=\"text-muted\">Espa\u00f1ol<\/small>\n        <\/div>\n\n        <div class=\"col-12 col-sm-6 col-lg-2 border-bottom pb-2\">\n            <small><i class=\"fas fa-solid fa-newspaper fa-fw me-2\" style=\"color: #8c9db3;\"><\/i>Editorial<\/small>\n        <\/div>\n\n        <div class=\"col-12 col-sm-6 col-lg-5 border-bottom pb-2\">\n            <small class=\"text-muted\">Editorial Universitaria<\/small>\n        <\/div>\n\n        <div class=\"col-12 col-sm-6 col-lg-2 border-bottom pb-2\">\n            <small><i class=\"fas fa-solid fa-user-pen fa-fw me-2\" style=\"color: #8c9db3;\"><\/i>Editores<\/small>\n        <\/div>\n\n        <div class=\"col-12 col-sm-6 col-lg-10 border-bottom pb-2\">\n            <small class=\"text-muted\"><\/small>\n        <\/div>\n\n        <div class=\"col-12 col-sm-6 col-lg-2\">\n            <small><i class=\"fas fa-solid fa-signature fa-fw me-2\" style=\"color: #8c9db3;\"><\/i>Autores<\/small>\n        <\/div>\n\n        <div class=\"col-12 col-sm-6 col-lg-10\">\n            <small class=\"text-muted\">Gemma Beatriz Rojo Aravena<\/small>\n        <\/div>\n    <\/div><span class=\"caption-field-publish\"><\/span><\/div><\/div><\/div><\/div><\/div><div class=\"  circle--pattern-bottom-large col-sm-12 col-md-12 img-article\"><div class=\"holder-publish col-md-12\" style=\"border-bottom: 1px solid #B8B8B8\"><div class=\"content-holder h-100 component-border overflow-hidden row m-0 p-4 aling-items-center\"><ul class=\"p-0 list-style-none\"><li class=\"p-0 me-2\"><i class=\"fas fa-solid fa-book fa-fw\"><\/i> Salud Mental Comunitaria<\/li><li class=\"p-0 me-2\"><i class=\"fas fa-solid fa-calendar fa-fw\"><\/i> 2020<\/li><\/ul><div class=\"caption col-12 p-0 col-md-12 row m-0 align-items-center\"><div class=\"px-md-1\">    <h3 class=\"fw-medium m-0 small-space pt-2 pb-2 title-ss text-decoration-none border-bottom\">Empresas de innovaci\u00f3n social con personas con trastornos mentales severos en el sector turismo<\/h3>\n\n    <div class=\"mt-0 row g-3\">\n        \n        <div class=\"col-12 col-sm-6 col-lg-2 border-bottom pb-2\">\n            <small><i class=\"fas fa-solid fa-barcode fa-fw me-2\" style=\"color: #8c9db3;\"><\/i>ISBN<\/small>\n        <\/div>\n\n        <div class=\"col-12 col-sm-6 col-lg-3 border-bottom pb-2\">\n            <small class=\"text-muted\">978-987-46148-4-1<\/small>\n        <\/div>\n\n        <div class=\"col-12 col-sm-6 col-lg-2 border-bottom pb-2\">\n            <small><i class=\"fas fa-solid fa-file fa-fw me-2\" style=\"color: #8c9db3;\"><\/i>P\u00e1ginas<\/small>\n        <\/div>\n\n        <div class=\"col-12 col-sm-6 col-lg-5 border-bottom pb-2\">\n            <small class=\"text-muted\">D\u00e9sde la p\u00e1gina 183, hasta la p\u00e1gina 187<\/small>\n        <\/div>\n\n        <div class=\"col-12 col-sm-6 col-lg-2 border-bottom pb-2\">\n            <small><i class=\"fas fa-solid fa-language fa-fw me-2\" style=\"color: #8c9db3;\"><\/i>Idioma<\/small>\n        <\/div>\n\n        <div class=\"col-12 col-sm-6 col-lg-3 border-bottom pb-2\">\n            <small class=\"text-muted\">Espa\u00f1ol<\/small>\n        <\/div>\n\n        <div class=\"col-12 col-sm-6 col-lg-2 border-bottom pb-2\">\n            <small><i class=\"fas fa-solid fa-newspaper fa-fw me-2\" style=\"color: #8c9db3;\"><\/i>Editorial<\/small>\n        <\/div>\n\n        <div class=\"col-12 col-sm-6 col-lg-5 border-bottom pb-2\">\n            <small class=\"text-muted\">Rawson Universidad del Chubut<\/small>\n        <\/div>\n\n        <div class=\"col-12 col-sm-6 col-lg-2 border-bottom pb-2\">\n            <small><i class=\"fas fa-solid fa-user-pen fa-fw me-2\" style=\"color: #8c9db3;\"><\/i>Editores<\/small>\n        <\/div>\n\n        <div class=\"col-12 col-sm-6 col-lg-10 border-bottom pb-2\">\n            <small class=\"text-muted\">2a Conferencia Regional de Salud Mental Comunitaria, Marcela In\u00e9s Freytes Frey (comp.)<\/small>\n        <\/div>\n\n        <div class=\"col-12 col-sm-6 col-lg-2\">\n            <small><i class=\"fas fa-solid fa-signature fa-fw me-2\" style=\"color: #8c9db3;\"><\/i>Autores<\/small>\n        <\/div>\n\n        <div class=\"col-12 col-sm-6 col-lg-10\">\n            <small class=\"text-muted\">Gabriel Reginatto, Mar\u00eda Teresa Sol\u00eds Soto, Camila Marta Oda Montecinos, Gonzalo Benjam\u00edn Terreros Hern\u00e1ndez, Carla Gutierrez, Ignacio Silva Neira, Jessica Soledad Olate Andur, Erika Marcia L\u00f3pez Campos, Carlos Roberto C\u00e1ceres Erices, Marcela In\u00e9s Freytes Frey, Rub\u00e9n Alvarado, Mar\u00eda Soledad Burrone Colombino<\/small>\n        <\/div>\n    <\/div><span class=\"caption-field-publish\"><\/span><\/div><\/div><\/div><\/div><\/div><div class=\"  circle--pattern-bottom-large col-sm-12 col-md-12 img-article\"><div class=\"holder-publish col-md-12\" style=\"border-bottom: 1px solid #B8B8B8\"><div class=\"content-holder h-100 component-border overflow-hidden row m-0 p-4 aling-items-center\"><ul class=\"p-0 list-style-none\"><li class=\"p-0 me-2\"><i class=\"fas fa-solid fa-book fa-fw\"><\/i> Salud Mental Comunitaria<\/li><li class=\"p-0 me-2\"><i class=\"fas fa-solid fa-calendar fa-fw\"><\/i> 2020<\/li><\/ul><div class=\"caption col-12 p-0 col-md-12 row m-0 align-items-center\"><div class=\"px-md-1\">    <h3 class=\"fw-medium m-0 small-space pt-2 pb-2 title-ss text-decoration-none border-bottom\">Empresas de innovaci\u00f3n social con personas con trastornos mentales severos en el sector turismo<\/h3>\n\n    <div class=\"mt-0 row g-3\">\n        \n        <div class=\"col-12 col-sm-6 col-lg-2 border-bottom pb-2\">\n            <small><i class=\"fas fa-solid fa-barcode fa-fw me-2\" style=\"color: #8c9db3;\"><\/i>ISBN<\/small>\n        <\/div>\n\n        <div class=\"col-12 col-sm-6 col-lg-3 border-bottom pb-2\">\n            <small class=\"text-muted\">978-987-46148-4-1<\/small>\n        <\/div>\n\n        <div class=\"col-12 col-sm-6 col-lg-2 border-bottom pb-2\">\n            <small><i class=\"fas fa-solid fa-file fa-fw me-2\" style=\"color: #8c9db3;\"><\/i>P\u00e1ginas<\/small>\n        <\/div>\n\n        <div class=\"col-12 col-sm-6 col-lg-5 border-bottom pb-2\">\n            <small class=\"text-muted\">D\u00e9sde la p\u00e1gina 183, hasta la p\u00e1gina 187<\/small>\n        <\/div>\n\n        <div class=\"col-12 col-sm-6 col-lg-2 border-bottom pb-2\">\n            <small><i class=\"fas fa-solid fa-language fa-fw me-2\" style=\"color: #8c9db3;\"><\/i>Idioma<\/small>\n        <\/div>\n\n        <div class=\"col-12 col-sm-6 col-lg-3 border-bottom pb-2\">\n            <small class=\"text-muted\">Espa\u00f1ol<\/small>\n        <\/div>\n\n        <div class=\"col-12 col-sm-6 col-lg-2 border-bottom pb-2\">\n            <small><i class=\"fas fa-solid fa-newspaper fa-fw me-2\" style=\"color: #8c9db3;\"><\/i>Editorial<\/small>\n        <\/div>\n\n        <div class=\"col-12 col-sm-6 col-lg-5 border-bottom pb-2\">\n            <small class=\"text-muted\">Rawson Universidad del Chubut<\/small>\n        <\/div>\n\n        <div class=\"col-12 col-sm-6 col-lg-2 border-bottom pb-2\">\n            <small><i class=\"fas fa-solid fa-user-pen fa-fw me-2\" style=\"color: #8c9db3;\"><\/i>Editores<\/small>\n        <\/div>\n\n        <div class=\"col-12 col-sm-6 col-lg-10 border-bottom pb-2\">\n            <small class=\"text-muted\">2a Conferencia Regional de Salud Mental Comunitaria, Marcela In\u00e9s Freytes Frey (comp.)<\/small>\n        <\/div>\n\n        <div class=\"col-12 col-sm-6 col-lg-2\">\n            <small><i class=\"fas fa-solid fa-signature fa-fw me-2\" style=\"color: #8c9db3;\"><\/i>Autores<\/small>\n        <\/div>\n\n        <div class=\"col-12 col-sm-6 col-lg-10\">\n            <small class=\"text-muted\">Gabriel Reginatto, Mar\u00eda Teresa Sol\u00eds Soto, Camila Marta Oda Montecinos, Gonzalo Benjam\u00edn Terreros Hern\u00e1ndez, Carla Gutierrez, Ignacio Silva Neira, Jessica Soledad Olate Andur, Erika Marcia L\u00f3pez Campos, Carlos Roberto C\u00e1ceres Erices, Marcela In\u00e9s Freytes Frey, Rub\u00e9n Alvarado, Mar\u00eda Soledad Burrone Colombino<\/small>\n        <\/div>\n    <\/div><span class=\"caption-field-publish\"><\/span><\/div><\/div><\/div><\/div><\/div><div class=\"  circle--pattern-bottom-large col-sm-12 col-md-12 img-article\"><div class=\"holder-publish col-md-12\" style=\"border-bottom: 1px solid #B8B8B8\"><div class=\"content-holder h-100 component-border overflow-hidden row m-0 p-4 aling-items-center\"><ul class=\"p-0 list-style-none\"><li class=\"p-0 me-2\"><i class=\"fas fa-solid fa-book fa-fw\"><\/i> Principles of Nutrigenetics and Nutrigenomics<\/li><li class=\"p-0 me-2\"><i class=\"fas fa-solid fa-calendar fa-fw\"><\/i> 2020<\/li><\/ul><div class=\"caption col-12 p-0 col-md-12 row m-0 align-items-center\"><div class=\"px-md-1\">    <h3 class=\"fw-medium m-0 small-space pt-2 pb-2 title-ss text-decoration-none border-bottom\">Nutrients and Gene Expression in Development<\/h3>\n\n    <div class=\"mt-0 row g-3\">\n        \n        <div class=\"col-12 col-sm-6 col-lg-2 border-bottom pb-2\">\n            <small><i class=\"fas fa-solid fa-barcode fa-fw me-2\" style=\"color: #8c9db3;\"><\/i>ISBN<\/small>\n        <\/div>\n\n        <div class=\"col-12 col-sm-6 col-lg-3 border-bottom pb-2\">\n            <small class=\"text-muted\"><\/small>\n        <\/div>\n\n        <div class=\"col-12 col-sm-6 col-lg-2 border-bottom pb-2\">\n            <small><i class=\"fas fa-solid fa-file fa-fw me-2\" style=\"color: #8c9db3;\"><\/i>P\u00e1ginas<\/small>\n        <\/div>\n\n        <div class=\"col-12 col-sm-6 col-lg-5 border-bottom pb-2\">\n            <small class=\"text-muted\">D\u00e9sde la p\u00e1gina , hasta la p\u00e1gina <\/small>\n        <\/div>\n\n        <div class=\"col-12 col-sm-6 col-lg-2 border-bottom pb-2\">\n            <small><i class=\"fas fa-solid fa-language fa-fw me-2\" style=\"color: #8c9db3;\"><\/i>Idioma<\/small>\n        <\/div>\n\n        <div class=\"col-12 col-sm-6 col-lg-3 border-bottom pb-2\">\n            <small class=\"text-muted\"><\/small>\n        <\/div>\n\n        <div class=\"col-12 col-sm-6 col-lg-2 border-bottom pb-2\">\n            <small><i class=\"fas fa-solid fa-newspaper fa-fw me-2\" style=\"color: #8c9db3;\"><\/i>Editorial<\/small>\n        <\/div>\n\n        <div class=\"col-12 col-sm-6 col-lg-5 border-bottom pb-2\">\n            <small class=\"text-muted\">Academic Press<\/small>\n        <\/div>\n\n        <div class=\"col-12 col-sm-6 col-lg-2 border-bottom pb-2\">\n            <small><i class=\"fas fa-solid fa-user-pen fa-fw me-2\" style=\"color: #8c9db3;\"><\/i>Editores<\/small>\n        <\/div>\n\n        <div class=\"col-12 col-sm-6 col-lg-10 border-bottom pb-2\">\n            <small class=\"text-muted\"><\/small>\n        <\/div>\n\n        <div class=\"col-12 col-sm-6 col-lg-2\">\n            <small><i class=\"fas fa-solid fa-signature fa-fw me-2\" style=\"color: #8c9db3;\"><\/i>Autores<\/small>\n        <\/div>\n\n        <div class=\"col-12 col-sm-6 col-lg-10\">\n            <small class=\"text-muted\">Dolores Busso, Nicol\u00e1s Santander Grez, Francisca Lorena Salas P\u00e9rez, Jos\u00e9 Luis Santos<\/small>\n        <\/div>\n    <\/div><span class=\"caption-field-publish\"><\/span><\/div><\/div><\/div><\/div><\/div><div class=\"  circle--pattern-bottom-large col-sm-12 col-md-12 img-article\"><div class=\"holder-publish col-md-12\" style=\"border-bottom: 1px solid #B8B8B8\"><div class=\"content-holder h-100 component-border overflow-hidden row m-0 p-4 aling-items-center\"><ul class=\"p-0 list-style-none\"><li class=\"p-0 me-2\"><i class=\"fas fa-solid fa-book fa-fw\"><\/i> Principles of Nutrigenetics and Nutrigenomics<\/li><li class=\"p-0 me-2\"><i class=\"fas fa-solid fa-calendar fa-fw\"><\/i> 2020<\/li><\/ul><div class=\"caption col-12 p-0 col-md-12 row m-0 align-items-center\"><div class=\"px-md-1\">    <h3 class=\"fw-medium m-0 small-space pt-2 pb-2 title-ss text-decoration-none border-bottom\">Nutrients and Gene Expression in Development<\/h3>\n\n    <div class=\"mt-0 row g-3\">\n        \n        <div class=\"col-12 col-sm-6 col-lg-2 border-bottom pb-2\">\n            <small><i class=\"fas fa-solid fa-barcode fa-fw me-2\" style=\"color: #8c9db3;\"><\/i>ISBN<\/small>\n        <\/div>\n\n        <div class=\"col-12 col-sm-6 col-lg-3 border-bottom pb-2\">\n            <small class=\"text-muted\"><\/small>\n        <\/div>\n\n        <div class=\"col-12 col-sm-6 col-lg-2 border-bottom pb-2\">\n            <small><i class=\"fas fa-solid fa-file fa-fw me-2\" style=\"color: #8c9db3;\"><\/i>P\u00e1ginas<\/small>\n        <\/div>\n\n        <div class=\"col-12 col-sm-6 col-lg-5 border-bottom pb-2\">\n            <small class=\"text-muted\">D\u00e9sde la p\u00e1gina , hasta la p\u00e1gina <\/small>\n        <\/div>\n\n        <div class=\"col-12 col-sm-6 col-lg-2 border-bottom pb-2\">\n            <small><i class=\"fas fa-solid fa-language fa-fw me-2\" style=\"color: #8c9db3;\"><\/i>Idioma<\/small>\n        <\/div>\n\n        <div class=\"col-12 col-sm-6 col-lg-3 border-bottom pb-2\">\n            <small class=\"text-muted\"><\/small>\n        <\/div>\n\n        <div class=\"col-12 col-sm-6 col-lg-2 border-bottom pb-2\">\n            <small><i class=\"fas fa-solid fa-newspaper fa-fw me-2\" style=\"color: #8c9db3;\"><\/i>Editorial<\/small>\n        <\/div>\n\n        <div class=\"col-12 col-sm-6 col-lg-5 border-bottom pb-2\">\n            <small class=\"text-muted\">Academic Press<\/small>\n        <\/div>\n\n        <div class=\"col-12 col-sm-6 col-lg-2 border-bottom pb-2\">\n            <small><i class=\"fas fa-solid fa-user-pen fa-fw me-2\" style=\"color: #8c9db3;\"><\/i>Editores<\/small>\n        <\/div>\n\n        <div class=\"col-12 col-sm-6 col-lg-10 border-bottom pb-2\">\n            <small class=\"text-muted\"><\/small>\n        <\/div>\n\n        <div class=\"col-12 col-sm-6 col-lg-2\">\n            <small><i class=\"fas fa-solid fa-signature fa-fw me-2\" style=\"color: #8c9db3;\"><\/i>Autores<\/small>\n        <\/div>\n\n        <div class=\"col-12 col-sm-6 col-lg-10\">\n            <small class=\"text-muted\">Dolores Busso, Nicol\u00e1s Santander Grez, Francisca Lorena Salas P\u00e9rez, Jos\u00e9 Luis Santos<\/small>\n        <\/div>\n    <\/div><span class=\"caption-field-publish\"><\/span><\/div><\/div><\/div><\/div><\/div><div class=\"  circle--pattern-bottom-large col-sm-12 col-md-12 img-article\"><div class=\"holder-publish col-md-12\" style=\"border-bottom: 1px solid #B8B8B8\"><div class=\"content-holder h-100 component-border overflow-hidden row m-0 p-4 aling-items-center\"><ul class=\"p-0 list-style-none\"><li class=\"p-0 me-2\"><i class=\"fas fa-solid fa-book fa-fw\"><\/i> Bilevel Optimization: Advances and Next Challenges<\/li><li class=\"p-0 me-2\"><i class=\"fas fa-solid fa-calendar fa-fw\"><\/i> 2020<\/li><\/ul><div class=\"caption col-12 p-0 col-md-12 row m-0 align-items-center\"><div class=\"px-md-1\">    <h3 class=\"fw-medium m-0 small-space pt-2 pb-2 title-ss text-decoration-none border-bottom\">A Short State of the Art on Multi-Leader-Follower Games<\/h3>\n\n    <div class=\"mt-0 row g-3\">\n        \n        <div class=\"col-12 col-sm-6 col-lg-2 border-bottom pb-2\">\n            <small><i class=\"fas fa-solid fa-barcode fa-fw me-2\" style=\"color: #8c9db3;\"><\/i>ISBN<\/small>\n        <\/div>\n\n        <div class=\"col-12 col-sm-6 col-lg-3 border-bottom pb-2\">\n            <small class=\"text-muted\">978-3-030-52118-9<\/small>\n        <\/div>\n\n        <div class=\"col-12 col-sm-6 col-lg-2 border-bottom pb-2\">\n            <small><i class=\"fas fa-solid fa-file fa-fw me-2\" style=\"color: #8c9db3;\"><\/i>P\u00e1ginas<\/small>\n        <\/div>\n\n        <div class=\"col-12 col-sm-6 col-lg-5 border-bottom pb-2\">\n            <small class=\"text-muted\">D\u00e9sde la p\u00e1gina 52, hasta la p\u00e1gina 76<\/small>\n        <\/div>\n\n        <div class=\"col-12 col-sm-6 col-lg-2 border-bottom pb-2\">\n            <small><i class=\"fas fa-solid fa-language fa-fw me-2\" style=\"color: #8c9db3;\"><\/i>Idioma<\/small>\n        <\/div>\n\n        <div class=\"col-12 col-sm-6 col-lg-3 border-bottom pb-2\">\n            <small class=\"text-muted\">Ingl\u00e9s<\/small>\n        <\/div>\n\n        <div class=\"col-12 col-sm-6 col-lg-2 border-bottom pb-2\">\n            <small><i class=\"fas fa-solid fa-newspaper fa-fw me-2\" style=\"color: #8c9db3;\"><\/i>Editorial<\/small>\n        <\/div>\n\n        <div class=\"col-12 col-sm-6 col-lg-5 border-bottom pb-2\">\n            <small class=\"text-muted\">Springer<\/small>\n        <\/div>\n\n        <div class=\"col-12 col-sm-6 col-lg-2 border-bottom pb-2\">\n            <small><i class=\"fas fa-solid fa-user-pen fa-fw me-2\" style=\"color: #8c9db3;\"><\/i>Editores<\/small>\n        <\/div>\n\n        <div class=\"col-12 col-sm-6 col-lg-10 border-bottom pb-2\">\n            <small class=\"text-muted\">Stephan Dempe, Alain Zemkoho<\/small>\n        <\/div>\n\n        <div class=\"col-12 col-sm-6 col-lg-2\">\n            <small><i class=\"fas fa-solid fa-signature fa-fw me-2\" style=\"color: #8c9db3;\"><\/i>Autores<\/small>\n        <\/div>\n\n        <div class=\"col-12 col-sm-6 col-lg-10\">\n            <small class=\"text-muted\">Didier Aussel, Anton Kristoffer Svensson Graan<\/small>\n        <\/div>\n    <\/div><span class=\"caption-field-publish\"><\/span><\/div><\/div><\/div><\/div><\/div><div class=\"  circle--pattern-bottom-large col-sm-12 col-md-12 img-article\"><div class=\"holder-publish col-md-12\" style=\"border-bottom: 1px solid #B8B8B8\"><div class=\"content-holder h-100 component-border overflow-hidden row m-0 p-4 aling-items-center\"><ul class=\"p-0 list-style-none\"><li class=\"p-0 me-2\"><i class=\"fas fa-solid fa-book fa-fw\"><\/i> Salud Mental Comunitaria<\/li><li class=\"p-0 me-2\"><i class=\"fas fa-solid fa-calendar fa-fw\"><\/i> 2020<\/li><\/ul><div class=\"caption col-12 p-0 col-md-12 row m-0 align-items-center\"><div class=\"px-md-1\">    <h3 class=\"fw-medium m-0 small-space pt-2 pb-2 title-ss text-decoration-none border-bottom\">Empresas de innovaci\u00f3n social con personas con trastornos mentales severos en el sector turismo<\/h3>\n\n    <div class=\"mt-0 row g-3\">\n        \n        <div class=\"col-12 col-sm-6 col-lg-2 border-bottom pb-2\">\n            <small><i class=\"fas fa-solid fa-barcode fa-fw me-2\" style=\"color: #8c9db3;\"><\/i>ISBN<\/small>\n        <\/div>\n\n        <div class=\"col-12 col-sm-6 col-lg-3 border-bottom pb-2\">\n            <small class=\"text-muted\">978-987-46148-4-1<\/small>\n        <\/div>\n\n        <div class=\"col-12 col-sm-6 col-lg-2 border-bottom pb-2\">\n            <small><i class=\"fas fa-solid fa-file fa-fw me-2\" style=\"color: #8c9db3;\"><\/i>P\u00e1ginas<\/small>\n        <\/div>\n\n        <div class=\"col-12 col-sm-6 col-lg-5 border-bottom pb-2\">\n            <small class=\"text-muted\">D\u00e9sde la p\u00e1gina 183, hasta la p\u00e1gina 187<\/small>\n        <\/div>\n\n        <div class=\"col-12 col-sm-6 col-lg-2 border-bottom pb-2\">\n            <small><i class=\"fas fa-solid fa-language fa-fw me-2\" style=\"color: #8c9db3;\"><\/i>Idioma<\/small>\n        <\/div>\n\n        <div class=\"col-12 col-sm-6 col-lg-3 border-bottom pb-2\">\n            <small class=\"text-muted\">Espa\u00f1ol<\/small>\n        <\/div>\n\n        <div class=\"col-12 col-sm-6 col-lg-2 border-bottom pb-2\">\n            <small><i class=\"fas fa-solid fa-newspaper fa-fw me-2\" style=\"color: #8c9db3;\"><\/i>Editorial<\/small>\n        <\/div>\n\n        <div class=\"col-12 col-sm-6 col-lg-5 border-bottom pb-2\">\n            <small class=\"text-muted\">Rawson Universidad del Chubut<\/small>\n        <\/div>\n\n        <div class=\"col-12 col-sm-6 col-lg-2 border-bottom pb-2\">\n            <small><i class=\"fas fa-solid fa-user-pen fa-fw me-2\" style=\"color: #8c9db3;\"><\/i>Editores<\/small>\n        <\/div>\n\n        <div class=\"col-12 col-sm-6 col-lg-10 border-bottom pb-2\">\n            <small class=\"text-muted\">2a Conferencia Regional de Salud Mental Comunitaria, Marcela In\u00e9s Freytes Frey (comp.)<\/small>\n        <\/div>\n\n        <div class=\"col-12 col-sm-6 col-lg-2\">\n            <small><i class=\"fas fa-solid fa-signature fa-fw me-2\" style=\"color: #8c9db3;\"><\/i>Autores<\/small>\n        <\/div>\n\n        <div class=\"col-12 col-sm-6 col-lg-10\">\n            <small class=\"text-muted\">Gabriel Reginatto, Mar\u00eda Teresa Sol\u00eds Soto, Camila Marta Oda Montecinos, Gonzalo Benjam\u00edn Terreros Hern\u00e1ndez, Carla Gutierrez, Ignacio Silva Neira, Jessica Soledad Olate Andur, Erika Marcia L\u00f3pez Campos, Carlos Roberto C\u00e1ceres Erices, Marcela In\u00e9s Freytes Frey, Rub\u00e9n Alvarado, Mar\u00eda Soledad Burrone Colombino<\/small>\n        <\/div>\n    <\/div><span class=\"caption-field-publish\"><\/span><\/div><\/div><\/div><\/div><\/div><div class=\"  circle--pattern-bottom-large col-sm-12 col-md-12 img-article\"><div class=\"holder-publish col-md-12\" style=\"border-bottom: 1px solid #B8B8B8\"><div class=\"content-holder h-100 component-border overflow-hidden row m-0 p-4 aling-items-center\"><ul class=\"p-0 list-style-none\"><li class=\"p-0 me-2\"><i class=\"fas fa-solid fa-book fa-fw\"><\/i> Antolog\u00eda del Aprendizaje L\u00fadico<\/li><li class=\"p-0 me-2\"><i class=\"fas fa-solid fa-calendar fa-fw\"><\/i> 2020<\/li><\/ul><div class=\"caption col-12 p-0 col-md-12 row m-0 align-items-center\"><div class=\"px-md-1\">    <h3 class=\"fw-medium m-0 small-space pt-2 pb-2 title-ss text-decoration-none border-bottom\">JUGAR CARTAS PARA APRENDER FUNCIONES EXPONENCIALES<\/h3>\n\n    <div class=\"mt-0 row g-3\">\n        \n        <div class=\"col-12 col-sm-6 col-lg-2 border-bottom pb-2\">\n            <small><i class=\"fas fa-solid fa-barcode fa-fw me-2\" style=\"color: #8c9db3;\"><\/i>ISBN<\/small>\n        <\/div>\n\n        <div class=\"col-12 col-sm-6 col-lg-3 border-bottom pb-2\">\n            <small class=\"text-muted\"><\/small>\n        <\/div>\n\n        <div class=\"col-12 col-sm-6 col-lg-2 border-bottom pb-2\">\n            <small><i class=\"fas fa-solid fa-file fa-fw me-2\" style=\"color: #8c9db3;\"><\/i>P\u00e1ginas<\/small>\n        <\/div>\n\n        <div class=\"col-12 col-sm-6 col-lg-5 border-bottom pb-2\">\n            <small class=\"text-muted\">D\u00e9sde la p\u00e1gina , hasta la p\u00e1gina <\/small>\n        <\/div>\n\n        <div class=\"col-12 col-sm-6 col-lg-2 border-bottom pb-2\">\n            <small><i class=\"fas fa-solid fa-language fa-fw me-2\" style=\"color: #8c9db3;\"><\/i>Idioma<\/small>\n        <\/div>\n\n        <div class=\"col-12 col-sm-6 col-lg-3 border-bottom pb-2\">\n            <small class=\"text-muted\">Espa\u00f1ol<\/small>\n        <\/div>\n\n        <div class=\"col-12 col-sm-6 col-lg-2 border-bottom pb-2\">\n            <small><i class=\"fas fa-solid fa-newspaper fa-fw me-2\" style=\"color: #8c9db3;\"><\/i>Editorial<\/small>\n        <\/div>\n\n        <div class=\"col-12 col-sm-6 col-lg-5 border-bottom pb-2\">\n            <small class=\"text-muted\">Alianza ERO-NEXO-Observatorio del Juego<\/small>\n        <\/div>\n\n        <div class=\"col-12 col-sm-6 col-lg-2 border-bottom pb-2\">\n            <small><i class=\"fas fa-solid fa-user-pen fa-fw me-2\" style=\"color: #8c9db3;\"><\/i>Editores<\/small>\n        <\/div>\n\n        <div class=\"col-12 col-sm-6 col-lg-10 border-bottom pb-2\">\n            <small class=\"text-muted\"><\/small>\n        <\/div>\n\n        <div class=\"col-12 col-sm-6 col-lg-2\">\n            <small><i class=\"fas fa-solid fa-signature fa-fw me-2\" style=\"color: #8c9db3;\"><\/i>Autores<\/small>\n        <\/div>\n\n        <div class=\"col-12 col-sm-6 col-lg-10\">\n            <small class=\"text-muted\">Jairo Alfredo Navarrete Ulloa<\/small>\n        <\/div>\n    <\/div><span class=\"caption-field-publish\"><\/span><\/div><\/div><\/div><\/div><\/div><div class=\"  circle--pattern-bottom-large col-sm-12 col-md-12 img-article\"><div class=\"holder-publish col-md-12\" style=\"border-bottom: 1px solid #B8B8B8\"><div class=\"content-holder h-100 component-border overflow-hidden row m-0 p-4 aling-items-center\"><ul class=\"p-0 list-style-none\"><li class=\"p-0 me-2\"><i class=\"fas fa-solid fa-book fa-fw\"><\/i> Researching peace and conflict: Field experiences and methodological reflections<\/li><li class=\"p-0 me-2\"><i class=\"fas fa-solid fa-calendar fa-fw\"><\/i> 2020<\/li><\/ul><div class=\"caption col-12 p-0 col-md-12 row m-0 align-items-center\"><div class=\"px-md-1\">    <h3 class=\"fw-medium m-0 small-space pt-2 pb-2 title-ss text-decoration-none border-bottom\">Data collection with indigenous people: Fieldwork experiences from Chile<\/h3>\n\n    <div class=\"mt-0 row g-3\">\n        \n        <div class=\"col-12 col-sm-6 col-lg-2 border-bottom pb-2\">\n            <small><i class=\"fas fa-solid fa-barcode fa-fw me-2\" style=\"color: #8c9db3;\"><\/i>ISBN<\/small>\n        <\/div>\n\n        <div class=\"col-12 col-sm-6 col-lg-3 border-bottom pb-2\">\n            <small class=\"text-muted\"><\/small>\n        <\/div>\n\n        <div class=\"col-12 col-sm-6 col-lg-2 border-bottom pb-2\">\n            <small><i class=\"fas fa-solid fa-file fa-fw me-2\" style=\"color: #8c9db3;\"><\/i>P\u00e1ginas<\/small>\n        <\/div>\n\n        <div class=\"col-12 col-sm-6 col-lg-5 border-bottom pb-2\">\n            <small class=\"text-muted\">D\u00e9sde la p\u00e1gina 105, hasta la p\u00e1gina 128<\/small>\n        <\/div>\n\n        <div class=\"col-12 col-sm-6 col-lg-2 border-bottom pb-2\">\n            <small><i class=\"fas fa-solid fa-language fa-fw me-2\" style=\"color: #8c9db3;\"><\/i>Idioma<\/small>\n        <\/div>\n\n        <div class=\"col-12 col-sm-6 col-lg-3 border-bottom pb-2\">\n            <small class=\"text-muted\">Ingl\u00e9s<\/small>\n        <\/div>\n\n        <div class=\"col-12 col-sm-6 col-lg-2 border-bottom pb-2\">\n            <small><i class=\"fas fa-solid fa-newspaper fa-fw me-2\" style=\"color: #8c9db3;\"><\/i>Editorial<\/small>\n        <\/div>\n\n        <div class=\"col-12 col-sm-6 col-lg-5 border-bottom pb-2\">\n            <small class=\"text-muted\">New York: Springer Peace Psychology Series.<\/small>\n        <\/div>\n\n        <div class=\"col-12 col-sm-6 col-lg-2 border-bottom pb-2\">\n            <small><i class=\"fas fa-solid fa-user-pen fa-fw me-2\" style=\"color: #8c9db3;\"><\/i>Editores<\/small>\n        <\/div>\n\n        <div class=\"col-12 col-sm-6 col-lg-10 border-bottom pb-2\">\n            <small class=\"text-muted\">Y. G. Acar, S. M. Moss, & O. M. Ulug<\/small>\n        <\/div>\n\n        <div class=\"col-12 col-sm-6 col-lg-2\">\n            <small><i class=\"fas fa-solid fa-signature fa-fw me-2\" style=\"color: #8c9db3;\"><\/i>Autores<\/small>\n        <\/div>\n\n        <div class=\"col-12 col-sm-6 col-lg-10\">\n            <small class=\"text-muted\">Ana Figueiredo, Carolina Rocha, Pietro Montagna<\/small>\n        <\/div>\n    <\/div><span class=\"caption-field-publish\"><\/span><\/div><\/div><\/div><\/div><\/div><div class=\"  circle--pattern-bottom-large col-sm-12 col-md-12 img-article\"><div class=\"holder-publish col-md-12\" style=\"border-bottom: 1px solid #B8B8B8\"><div class=\"content-holder h-100 component-border overflow-hidden row m-0 p-4 aling-items-center\"><ul class=\"p-0 list-style-none\"><li class=\"p-0 me-2\"><i class=\"fas fa-solid fa-book fa-fw\"><\/i> G\u00e9neros Textuales\/Discusivos Acad\u00e9micos<\/li><li class=\"p-0 me-2\"><i class=\"fas fa-solid fa-calendar fa-fw\"><\/i> 2020<\/li><\/ul><div class=\"caption col-12 p-0 col-md-12 row m-0 align-items-center\"><div class=\"px-md-1\">    <h3 class=\"fw-medium m-0 small-space pt-2 pb-2 title-ss text-decoration-none border-bottom\">Postfacio: \u00bfEs momento de abandonar los g\u00e9neros discursivos?<\/h3>\n\n    <div class=\"mt-0 row g-3\">\n        \n        <div class=\"col-12 col-sm-6 col-lg-2 border-bottom pb-2\">\n            <small><i class=\"fas fa-solid fa-barcode fa-fw me-2\" style=\"color: #8c9db3;\"><\/i>ISBN<\/small>\n        <\/div>\n\n        <div class=\"col-12 col-sm-6 col-lg-3 border-bottom pb-2\">\n            <small class=\"text-muted\"><\/small>\n        <\/div>\n\n        <div class=\"col-12 col-sm-6 col-lg-2 border-bottom pb-2\">\n            <small><i class=\"fas fa-solid fa-file fa-fw me-2\" style=\"color: #8c9db3;\"><\/i>P\u00e1ginas<\/small>\n        <\/div>\n\n        <div class=\"col-12 col-sm-6 col-lg-5 border-bottom pb-2\">\n            <small class=\"text-muted\">D\u00e9sde la p\u00e1gina , hasta la p\u00e1gina <\/small>\n        <\/div>\n\n        <div class=\"col-12 col-sm-6 col-lg-2 border-bottom pb-2\">\n            <small><i class=\"fas fa-solid fa-language fa-fw me-2\" style=\"color: #8c9db3;\"><\/i>Idioma<\/small>\n        <\/div>\n\n        <div class=\"col-12 col-sm-6 col-lg-3 border-bottom pb-2\">\n            <small class=\"text-muted\"><\/small>\n        <\/div>\n\n        <div class=\"col-12 col-sm-6 col-lg-2 border-bottom pb-2\">\n            <small><i class=\"fas fa-solid fa-newspaper fa-fw me-2\" style=\"color: #8c9db3;\"><\/i>Editorial<\/small>\n        <\/div>\n\n        <div class=\"col-12 col-sm-6 col-lg-5 border-bottom pb-2\">\n            <small class=\"text-muted\">Universidad Nacional de C\u00f3rdoba<\/small>\n        <\/div>\n\n        <div class=\"col-12 col-sm-6 col-lg-2 border-bottom pb-2\">\n            <small><i class=\"fas fa-solid fa-user-pen fa-fw me-2\" style=\"color: #8c9db3;\"><\/i>Editores<\/small>\n        <\/div>\n\n        <div class=\"col-12 col-sm-6 col-lg-10 border-bottom pb-2\">\n            <small class=\"text-muted\">R. Brunel Matias, V. Cristov\u00e3o, E. Lousada<\/small>\n        <\/div>\n\n        <div class=\"col-12 col-sm-6 col-lg-2\">\n            <small><i class=\"fas fa-solid fa-signature fa-fw me-2\" style=\"color: #8c9db3;\"><\/i>Autores<\/small>\n        <\/div>\n\n        <div class=\"col-12 col-sm-6 col-lg-10\">\n            <small class=\"text-muted\">Federico Daniel Navarro<\/small>\n        <\/div>\n    <\/div><span class=\"caption-field-publish\"><\/span><\/div><\/div><\/div><\/div><\/div><div class=\"  circle--pattern-bottom-large col-sm-12 col-md-12 img-article\"><div class=\"holder-publish col-md-12\" style=\"border-bottom: 1px solid #B8B8B8\"><div class=\"content-holder h-100 component-border overflow-hidden row m-0 p-4 aling-items-center\"><ul class=\"p-0 list-style-none\"><li class=\"p-0 me-2\"><i class=\"fas fa-solid fa-book fa-fw\"><\/i> La Regi\u00f3n de Magallanes y Ant\u00e1rtica Chilena frente al cambio global<\/li><li class=\"p-0 me-2\"><i class=\"fas fa-solid fa-calendar fa-fw\"><\/i> 2020<\/li><\/ul><div class=\"caption col-12 p-0 col-md-12 row m-0 align-items-center\"><div class=\"px-md-1\">    <h3 class=\"fw-medium m-0 small-space pt-2 pb-2 title-ss text-decoration-none border-bottom\">Las disputas sobre el maritorio austral y la revitalizaci\u00f3n de las identidades canoeras<\/h3>\n\n    <div class=\"mt-0 row g-3\">\n        \n        <div class=\"col-12 col-sm-6 col-lg-2 border-bottom pb-2\">\n            <small><i class=\"fas fa-solid fa-barcode fa-fw me-2\" style=\"color: #8c9db3;\"><\/i>ISBN<\/small>\n        <\/div>\n\n        <div class=\"col-12 col-sm-6 col-lg-3 border-bottom pb-2\">\n            <small class=\"text-muted\">978-956-390-103-0<\/small>\n        <\/div>\n\n        <div class=\"col-12 col-sm-6 col-lg-2 border-bottom pb-2\">\n            <small><i class=\"fas fa-solid fa-file fa-fw me-2\" style=\"color: #8c9db3;\"><\/i>P\u00e1ginas<\/small>\n        <\/div>\n\n        <div class=\"col-12 col-sm-6 col-lg-5 border-bottom pb-2\">\n            <small class=\"text-muted\">D\u00e9sde la p\u00e1gina , hasta la p\u00e1gina <\/small>\n        <\/div>\n\n        <div class=\"col-12 col-sm-6 col-lg-2 border-bottom pb-2\">\n            <small><i class=\"fas fa-solid fa-language fa-fw me-2\" style=\"color: #8c9db3;\"><\/i>Idioma<\/small>\n        <\/div>\n\n        <div class=\"col-12 col-sm-6 col-lg-3 border-bottom pb-2\">\n            <small class=\"text-muted\">Espa\u00f1ol<\/small>\n        <\/div>\n\n        <div class=\"col-12 col-sm-6 col-lg-2 border-bottom pb-2\">\n            <small><i class=\"fas fa-solid fa-newspaper fa-fw me-2\" style=\"color: #8c9db3;\"><\/i>Editorial<\/small>\n        <\/div>\n\n        <div class=\"col-12 col-sm-6 col-lg-5 border-bottom pb-2\">\n            <small class=\"text-muted\">Universidad Austral de Chile<\/small>\n        <\/div>\n\n        <div class=\"col-12 col-sm-6 col-lg-2 border-bottom pb-2\">\n            <small><i class=\"fas fa-solid fa-user-pen fa-fw me-2\" style=\"color: #8c9db3;\"><\/i>Editores<\/small>\n        <\/div>\n\n        <div class=\"col-12 col-sm-6 col-lg-10 border-bottom pb-2\">\n            <small class=\"text-muted\"><\/small>\n        <\/div>\n\n        <div class=\"col-12 col-sm-6 col-lg-2\">\n            <small><i class=\"fas fa-solid fa-signature fa-fw me-2\" style=\"color: #8c9db3;\"><\/i>Autores<\/small>\n        <\/div>\n\n        <div class=\"col-12 col-sm-6 col-lg-10\">\n            <small class=\"text-muted\">Gustavo Blanco-Wells, Alberto Harambour, Jos\u00e9 Barrena Ruiz, Mar\u00eda Amalia Mellado<\/small>\n        <\/div>\n    <\/div><span class=\"caption-field-publish\"><\/span><\/div><\/div><\/div><\/div><\/div><div class=\"  circle--pattern-bottom-large col-sm-12 col-md-12 img-article\"><div class=\"holder-publish col-md-12\" style=\"border-bottom: 1px solid #B8B8B8\"><div class=\"content-holder h-100 component-border overflow-hidden row m-0 p-4 aling-items-center\"><ul class=\"p-0 list-style-none\"><li class=\"p-0 me-2\"><i class=\"fas fa-solid fa-book fa-fw\"><\/i> La Regi\u00f3n de Magallanes y Ant\u00e1rtica Chilena frente al cambio global<\/li><li class=\"p-0 me-2\"><i class=\"fas fa-solid fa-calendar fa-fw\"><\/i> 2020<\/li><\/ul><div class=\"caption col-12 p-0 col-md-12 row m-0 align-items-center\"><div class=\"px-md-1\">    <h3 class=\"fw-medium m-0 small-space pt-2 pb-2 title-ss text-decoration-none border-bottom\">Las disputas sobre el maritorio austral y la revitalizaci\u00f3n de las identidades canoeras<\/h3>\n\n    <div class=\"mt-0 row g-3\">\n        \n        <div class=\"col-12 col-sm-6 col-lg-2 border-bottom pb-2\">\n            <small><i class=\"fas fa-solid fa-barcode fa-fw me-2\" style=\"color: #8c9db3;\"><\/i>ISBN<\/small>\n        <\/div>\n\n        <div class=\"col-12 col-sm-6 col-lg-3 border-bottom pb-2\">\n            <small class=\"text-muted\">978-956-390-103-0<\/small>\n        <\/div>\n\n        <div class=\"col-12 col-sm-6 col-lg-2 border-bottom pb-2\">\n            <small><i class=\"fas fa-solid fa-file fa-fw me-2\" style=\"color: #8c9db3;\"><\/i>P\u00e1ginas<\/small>\n        <\/div>\n\n        <div class=\"col-12 col-sm-6 col-lg-5 border-bottom pb-2\">\n            <small class=\"text-muted\">D\u00e9sde la p\u00e1gina , hasta la p\u00e1gina <\/small>\n        <\/div>\n\n        <div class=\"col-12 col-sm-6 col-lg-2 border-bottom pb-2\">\n            <small><i class=\"fas fa-solid fa-language fa-fw me-2\" style=\"color: #8c9db3;\"><\/i>Idioma<\/small>\n        <\/div>\n\n        <div class=\"col-12 col-sm-6 col-lg-3 border-bottom pb-2\">\n            <small class=\"text-muted\">Espa\u00f1ol<\/small>\n        <\/div>\n\n        <div class=\"col-12 col-sm-6 col-lg-2 border-bottom pb-2\">\n            <small><i class=\"fas fa-solid fa-newspaper fa-fw me-2\" style=\"color: #8c9db3;\"><\/i>Editorial<\/small>\n        <\/div>\n\n        <div class=\"col-12 col-sm-6 col-lg-5 border-bottom pb-2\">\n            <small class=\"text-muted\">Universidad Austral de Chile<\/small>\n        <\/div>\n\n        <div class=\"col-12 col-sm-6 col-lg-2 border-bottom pb-2\">\n            <small><i class=\"fas fa-solid fa-user-pen fa-fw me-2\" style=\"color: #8c9db3;\"><\/i>Editores<\/small>\n        <\/div>\n\n        <div class=\"col-12 col-sm-6 col-lg-10 border-bottom pb-2\">\n            <small class=\"text-muted\"><\/small>\n        <\/div>\n\n        <div class=\"col-12 col-sm-6 col-lg-2\">\n            <small><i class=\"fas fa-solid fa-signature fa-fw me-2\" style=\"color: #8c9db3;\"><\/i>Autores<\/small>\n        <\/div>\n\n        <div class=\"col-12 col-sm-6 col-lg-10\">\n            <small class=\"text-muted\">Gustavo Blanco-Wells, Alberto Harambour, Jos\u00e9 Barrena Ruiz, Mar\u00eda Amalia Mellado<\/small>\n        <\/div>\n    <\/div><span class=\"caption-field-publish\"><\/span><\/div><\/div><\/div><\/div><\/div><div class=\"  circle--pattern-bottom-large col-sm-12 col-md-12 img-article\"><div class=\"holder-publish col-md-12\" style=\"border-bottom: 1px solid #B8B8B8\"><div class=\"content-holder h-100 component-border overflow-hidden row m-0 p-4 aling-items-center\"><ul class=\"p-0 list-style-none\"><li class=\"p-0 me-2\"><i class=\"fas fa-solid fa-book fa-fw\"><\/i> Berlin-Brandenburger Beitr\u00e4ge zur Bildungsforschung 2020<\/li><li class=\"p-0 me-2\"><i class=\"fas fa-solid fa-calendar fa-fw\"><\/i> 2020<\/li><\/ul><div class=\"caption col-12 p-0 col-md-12 row m-0 align-items-center\"><div class=\"px-md-1\">    <h3 class=\"fw-medium m-0 small-space pt-2 pb-2 title-ss text-decoration-none border-bottom\">Ph\u00e4nomenologie der \u00e4sthetischen Bildung. Zur temporalen Dimension \u00e4sthetischer Erfahrung<\/h3>\n\n    <div class=\"mt-0 row g-3\">\n        \n        <div class=\"col-12 col-sm-6 col-lg-2 border-bottom pb-2\">\n            <small><i class=\"fas fa-solid fa-barcode fa-fw me-2\" style=\"color: #8c9db3;\"><\/i>ISBN<\/small>\n        <\/div>\n\n        <div class=\"col-12 col-sm-6 col-lg-3 border-bottom pb-2\">\n            <small class=\"text-muted\">978-3-631-71837-7<\/small>\n        <\/div>\n\n        <div class=\"col-12 col-sm-6 col-lg-2 border-bottom pb-2\">\n            <small><i class=\"fas fa-solid fa-file fa-fw me-2\" style=\"color: #8c9db3;\"><\/i>P\u00e1ginas<\/small>\n        <\/div>\n\n        <div class=\"col-12 col-sm-6 col-lg-5 border-bottom pb-2\">\n            <small class=\"text-muted\">D\u00e9sde la p\u00e1gina 165, hasta la p\u00e1gina 188<\/small>\n        <\/div>\n\n        <div class=\"col-12 col-sm-6 col-lg-2 border-bottom pb-2\">\n            <small><i class=\"fas fa-solid fa-language fa-fw me-2\" style=\"color: #8c9db3;\"><\/i>Idioma<\/small>\n        <\/div>\n\n        <div class=\"col-12 col-sm-6 col-lg-3 border-bottom pb-2\">\n            <small class=\"text-muted\">Alem\u00e1n<\/small>\n        <\/div>\n\n        <div class=\"col-12 col-sm-6 col-lg-2 border-bottom pb-2\">\n            <small><i class=\"fas fa-solid fa-newspaper fa-fw me-2\" style=\"color: #8c9db3;\"><\/i>Editorial<\/small>\n        <\/div>\n\n        <div class=\"col-12 col-sm-6 col-lg-5 border-bottom pb-2\">\n            <small class=\"text-muted\">Peter Lang<\/small>\n        <\/div>\n\n        <div class=\"col-12 col-sm-6 col-lg-2 border-bottom pb-2\">\n            <small><i class=\"fas fa-solid fa-user-pen fa-fw me-2\" style=\"color: #8c9db3;\"><\/i>Editores<\/small>\n        <\/div>\n\n        <div class=\"col-12 col-sm-6 col-lg-10 border-bottom pb-2\">\n            <small class=\"text-muted\">J. Stiller, C. Laschke, T. Nesyba, U. Salaschek<\/small>\n        <\/div>\n\n        <div class=\"col-12 col-sm-6 col-lg-2\">\n            <small><i class=\"fas fa-solid fa-signature fa-fw me-2\" style=\"color: #8c9db3;\"><\/i>Autores<\/small>\n        <\/div>\n\n        <div class=\"col-12 col-sm-6 col-lg-10\">\n            <small class=\"text-muted\">Carlos Jos\u00e9 Willatt Herrera<\/small>\n        <\/div>\n    <\/div><span class=\"caption-field-publish\"><\/span><\/div><\/div><\/div><\/div><\/div><div class=\"  circle--pattern-bottom-large col-sm-12 col-md-12 img-article\"><div class=\"holder-publish col-md-12\" style=\"border-bottom: 1px solid #B8B8B8\"><div class=\"content-holder h-100 component-border overflow-hidden row m-0 p-4 aling-items-center\"><ul class=\"p-0 list-style-none\"><li class=\"p-0 me-2\"><i class=\"fas fa-solid fa-book fa-fw\"><\/i> Berlin-Brandenburger Beitr\u00e4ge zur Bildungsforschung 2020<\/li><li class=\"p-0 me-2\"><i class=\"fas fa-solid fa-calendar fa-fw\"><\/i> 2020<\/li><\/ul><div class=\"caption col-12 p-0 col-md-12 row m-0 align-items-center\"><div class=\"px-md-1\">    <h3 class=\"fw-medium m-0 small-space pt-2 pb-2 title-ss text-decoration-none border-bottom\">Ph\u00e4nomenologie der \u00e4sthetischen Bildung. Zur temporalen Dimension \u00e4sthetischer Erfahrung<\/h3>\n\n    <div class=\"mt-0 row g-3\">\n        \n        <div class=\"col-12 col-sm-6 col-lg-2 border-bottom pb-2\">\n            <small><i class=\"fas fa-solid fa-barcode fa-fw me-2\" style=\"color: #8c9db3;\"><\/i>ISBN<\/small>\n        <\/div>\n\n        <div class=\"col-12 col-sm-6 col-lg-3 border-bottom pb-2\">\n            <small class=\"text-muted\">978-3-631-71837-7<\/small>\n        <\/div>\n\n        <div class=\"col-12 col-sm-6 col-lg-2 border-bottom pb-2\">\n            <small><i class=\"fas fa-solid fa-file fa-fw me-2\" style=\"color: #8c9db3;\"><\/i>P\u00e1ginas<\/small>\n        <\/div>\n\n        <div class=\"col-12 col-sm-6 col-lg-5 border-bottom pb-2\">\n            <small class=\"text-muted\">D\u00e9sde la p\u00e1gina 165, hasta la p\u00e1gina 188<\/small>\n        <\/div>\n\n        <div class=\"col-12 col-sm-6 col-lg-2 border-bottom pb-2\">\n            <small><i class=\"fas fa-solid fa-language fa-fw me-2\" style=\"color: #8c9db3;\"><\/i>Idioma<\/small>\n        <\/div>\n\n        <div class=\"col-12 col-sm-6 col-lg-3 border-bottom pb-2\">\n            <small class=\"text-muted\">Alem\u00e1n<\/small>\n        <\/div>\n\n        <div class=\"col-12 col-sm-6 col-lg-2 border-bottom pb-2\">\n            <small><i class=\"fas fa-solid fa-newspaper fa-fw me-2\" style=\"color: #8c9db3;\"><\/i>Editorial<\/small>\n        <\/div>\n\n        <div class=\"col-12 col-sm-6 col-lg-5 border-bottom pb-2\">\n            <small class=\"text-muted\">Peter Lang<\/small>\n        <\/div>\n\n        <div class=\"col-12 col-sm-6 col-lg-2 border-bottom pb-2\">\n            <small><i class=\"fas fa-solid fa-user-pen fa-fw me-2\" style=\"color: #8c9db3;\"><\/i>Editores<\/small>\n        <\/div>\n\n        <div class=\"col-12 col-sm-6 col-lg-10 border-bottom pb-2\">\n            <small class=\"text-muted\">J. Stiller, C. Laschke, T. Nesyba, U. Salaschek<\/small>\n        <\/div>\n\n        <div class=\"col-12 col-sm-6 col-lg-2\">\n            <small><i class=\"fas fa-solid fa-signature fa-fw me-2\" style=\"color: #8c9db3;\"><\/i>Autores<\/small>\n        <\/div>\n\n        <div class=\"col-12 col-sm-6 col-lg-10\">\n            <small class=\"text-muted\">Carlos Jos\u00e9 Willatt Herrera<\/small>\n        <\/div>\n    <\/div><span class=\"caption-field-publish\"><\/span><\/div><\/div><\/div><\/div><\/div><div class=\"  circle--pattern-bottom-large col-sm-12 col-md-12 img-article\"><div class=\"holder-publish col-md-12\" style=\"border-bottom: 1px solid #B8B8B8\"><div class=\"content-holder h-100 component-border overflow-hidden row m-0 p-4 aling-items-center\"><ul class=\"p-0 list-style-none\"><li class=\"p-0 me-2\"><i class=\"fas fa-solid fa-book fa-fw\"><\/i> Chile cambiando. Revisitando la geograf\u00eda regional de Wolfgang Weischet<\/li><li class=\"p-0 me-2\"><i class=\"fas fa-solid fa-calendar fa-fw\"><\/i> 2020<\/li><\/ul><div class=\"caption col-12 p-0 col-md-12 row m-0 align-items-center\"><div class=\"px-md-1\">    <h3 class=\"fw-medium m-0 small-space pt-2 pb-2 title-ss text-decoration-none border-bottom\">El mar chileno, las aguas costeras y la pesca y acuicultura<\/h3>\n\n    <div class=\"mt-0 row g-3\">\n        \n        <div class=\"col-12 col-sm-6 col-lg-2 border-bottom pb-2\">\n            <small><i class=\"fas fa-solid fa-barcode fa-fw me-2\" style=\"color: #8c9db3;\"><\/i>ISBN<\/small>\n        <\/div>\n\n        <div class=\"col-12 col-sm-6 col-lg-3 border-bottom pb-2\">\n            <small class=\"text-muted\"><\/small>\n        <\/div>\n\n        <div class=\"col-12 col-sm-6 col-lg-2 border-bottom pb-2\">\n            <small><i class=\"fas fa-solid fa-file fa-fw me-2\" style=\"color: #8c9db3;\"><\/i>P\u00e1ginas<\/small>\n        <\/div>\n\n        <div class=\"col-12 col-sm-6 col-lg-5 border-bottom pb-2\">\n            <small class=\"text-muted\">D\u00e9sde la p\u00e1gina , hasta la p\u00e1gina <\/small>\n        <\/div>\n\n        <div class=\"col-12 col-sm-6 col-lg-2 border-bottom pb-2\">\n            <small><i class=\"fas fa-solid fa-language fa-fw me-2\" style=\"color: #8c9db3;\"><\/i>Idioma<\/small>\n        <\/div>\n\n        <div class=\"col-12 col-sm-6 col-lg-3 border-bottom pb-2\">\n            <small class=\"text-muted\"><\/small>\n        <\/div>\n\n        <div class=\"col-12 col-sm-6 col-lg-2 border-bottom pb-2\">\n            <small><i class=\"fas fa-solid fa-newspaper fa-fw me-2\" style=\"color: #8c9db3;\"><\/i>Editorial<\/small>\n        <\/div>\n\n        <div class=\"col-12 col-sm-6 col-lg-5 border-bottom pb-2\">\n            <small class=\"text-muted\">Instituto de Geograf\u00eda, Pontificia Universidad Cat\u00f3lica de Chile \/ Instituto de Ciencias Ambientales y Evolutivas, Facultad de Ciencias, Universidad Austral de Chile<\/small>\n        <\/div>\n\n        <div class=\"col-12 col-sm-6 col-lg-2 border-bottom pb-2\">\n            <small><i class=\"fas fa-solid fa-user-pen fa-fw me-2\" style=\"color: #8c9db3;\"><\/i>Editores<\/small>\n        <\/div>\n\n        <div class=\"col-12 col-sm-6 col-lg-10 border-bottom pb-2\">\n            <small class=\"text-muted\"><\/small>\n        <\/div>\n\n        <div class=\"col-12 col-sm-6 col-lg-2\">\n            <small><i class=\"fas fa-solid fa-signature fa-fw me-2\" style=\"color: #8c9db3;\"><\/i>Autores<\/small>\n        <\/div>\n\n        <div class=\"col-12 col-sm-6 col-lg-10\">\n            <small class=\"text-muted\">\u00c1lvaro Javier Rom\u00e1n Castillo, Ver\u00f3nica Aros<\/small>\n        <\/div>\n    <\/div><span class=\"caption-field-publish\"><\/span><\/div><\/div><\/div><\/div><\/div><div class=\"  circle--pattern-bottom-large col-sm-12 col-md-12 img-article\"><div class=\"holder-publish col-md-12\" style=\"border-bottom: 1px solid #B8B8B8\"><div class=\"content-holder h-100 component-border overflow-hidden row m-0 p-4 aling-items-center\"><ul class=\"p-0 list-style-none\"><li class=\"p-0 me-2\"><i class=\"fas fa-solid fa-book fa-fw\"><\/i> Chile cambiando. Revisitando la geograf\u00eda regional de Wolfgang Weischet<\/li><li class=\"p-0 me-2\"><i class=\"fas fa-solid fa-calendar fa-fw\"><\/i> 2020<\/li><\/ul><div class=\"caption col-12 p-0 col-md-12 row m-0 align-items-center\"><div class=\"px-md-1\">    <h3 class=\"fw-medium m-0 small-space pt-2 pb-2 title-ss text-decoration-none border-bottom\">El mar chileno, las aguas costeras y la pesca y acuicultura<\/h3>\n\n    <div class=\"mt-0 row g-3\">\n        \n        <div class=\"col-12 col-sm-6 col-lg-2 border-bottom pb-2\">\n            <small><i class=\"fas fa-solid fa-barcode fa-fw me-2\" style=\"color: #8c9db3;\"><\/i>ISBN<\/small>\n        <\/div>\n\n        <div class=\"col-12 col-sm-6 col-lg-3 border-bottom pb-2\">\n            <small class=\"text-muted\"><\/small>\n        <\/div>\n\n        <div class=\"col-12 col-sm-6 col-lg-2 border-bottom pb-2\">\n            <small><i class=\"fas fa-solid fa-file fa-fw me-2\" style=\"color: #8c9db3;\"><\/i>P\u00e1ginas<\/small>\n        <\/div>\n\n        <div class=\"col-12 col-sm-6 col-lg-5 border-bottom pb-2\">\n            <small class=\"text-muted\">D\u00e9sde la p\u00e1gina , hasta la p\u00e1gina <\/small>\n        <\/div>\n\n        <div class=\"col-12 col-sm-6 col-lg-2 border-bottom pb-2\">\n            <small><i class=\"fas fa-solid fa-language fa-fw me-2\" style=\"color: #8c9db3;\"><\/i>Idioma<\/small>\n        <\/div>\n\n        <div class=\"col-12 col-sm-6 col-lg-3 border-bottom pb-2\">\n            <small class=\"text-muted\"><\/small>\n        <\/div>\n\n        <div class=\"col-12 col-sm-6 col-lg-2 border-bottom pb-2\">\n            <small><i class=\"fas fa-solid fa-newspaper fa-fw me-2\" style=\"color: #8c9db3;\"><\/i>Editorial<\/small>\n        <\/div>\n\n        <div class=\"col-12 col-sm-6 col-lg-5 border-bottom pb-2\">\n            <small class=\"text-muted\">Instituto de Geograf\u00eda, Pontificia Universidad Cat\u00f3lica de Chile \/ Instituto de Ciencias Ambientales y Evolutivas, Facultad de Ciencias, Universidad Austral de Chile<\/small>\n        <\/div>\n\n        <div class=\"col-12 col-sm-6 col-lg-2 border-bottom pb-2\">\n            <small><i class=\"fas fa-solid fa-user-pen fa-fw me-2\" style=\"color: #8c9db3;\"><\/i>Editores<\/small>\n        <\/div>\n\n        <div class=\"col-12 col-sm-6 col-lg-10 border-bottom pb-2\">\n            <small class=\"text-muted\"><\/small>\n        <\/div>\n\n        <div class=\"col-12 col-sm-6 col-lg-2\">\n            <small><i class=\"fas fa-solid fa-signature fa-fw me-2\" style=\"color: #8c9db3;\"><\/i>Autores<\/small>\n        <\/div>\n\n        <div class=\"col-12 col-sm-6 col-lg-10\">\n            <small class=\"text-muted\">\u00c1lvaro Javier Rom\u00e1n Castillo, Ver\u00f3nica Aros<\/small>\n        <\/div>\n    <\/div><span class=\"caption-field-publish\"><\/span><\/div><\/div><\/div><\/div><\/div><div class=\"  circle--pattern-bottom-large col-sm-12 col-md-12 img-article\"><div class=\"holder-publish col-md-12\" style=\"border-bottom: 1px solid #B8B8B8\"><div class=\"content-holder h-100 component-border overflow-hidden row m-0 p-4 aling-items-center\"><ul class=\"p-0 list-style-none\"><li class=\"p-0 me-2\"><i class=\"fas fa-solid fa-book fa-fw\"><\/i> De la Reforma a la Transformaci\u00f3n: Capacidades, Innovaciones y Regulaci\u00f3n de la Educaci\u00f3n Chilena<\/li><li class=\"p-0 me-2\"><i class=\"fas fa-solid fa-calendar fa-fw\"><\/i> 2019<\/li><\/ul><div class=\"caption col-12 p-0 col-md-12 row m-0 align-items-center\"><div class=\"px-md-1\">    <h3 class=\"fw-medium m-0 small-space pt-2 pb-2 title-ss text-decoration-none border-bottom\">El nuevo sistema de admisi\u00f3n escolar: \u00bfConviene Reformarlo?<\/h3>\n\n    <div class=\"mt-0 row g-3\">\n        \n        <div class=\"col-12 col-sm-6 col-lg-2 border-bottom pb-2\">\n            <small><i class=\"fas fa-solid fa-barcode fa-fw me-2\" style=\"color: #8c9db3;\"><\/i>ISBN<\/small>\n        <\/div>\n\n        <div class=\"col-12 col-sm-6 col-lg-3 border-bottom pb-2\">\n            <small class=\"text-muted\"><\/small>\n        <\/div>\n\n        <div class=\"col-12 col-sm-6 col-lg-2 border-bottom pb-2\">\n            <small><i class=\"fas fa-solid fa-file fa-fw me-2\" style=\"color: #8c9db3;\"><\/i>P\u00e1ginas<\/small>\n        <\/div>\n\n        <div class=\"col-12 col-sm-6 col-lg-5 border-bottom pb-2\">\n            <small class=\"text-muted\">D\u00e9sde la p\u00e1gina , hasta la p\u00e1gina <\/small>\n        <\/div>\n\n        <div class=\"col-12 col-sm-6 col-lg-2 border-bottom pb-2\">\n            <small><i class=\"fas fa-solid fa-language fa-fw me-2\" style=\"color: #8c9db3;\"><\/i>Idioma<\/small>\n        <\/div>\n\n        <div class=\"col-12 col-sm-6 col-lg-3 border-bottom pb-2\">\n            <small class=\"text-muted\">Espa\u00f1ol<\/small>\n        <\/div>\n\n        <div class=\"col-12 col-sm-6 col-lg-2 border-bottom pb-2\">\n            <small><i class=\"fas fa-solid fa-newspaper fa-fw me-2\" style=\"color: #8c9db3;\"><\/i>Editorial<\/small>\n        <\/div>\n\n        <div class=\"col-12 col-sm-6 col-lg-5 border-bottom pb-2\">\n            <small class=\"text-muted\">Ediciones UC<\/small>\n        <\/div>\n\n        <div class=\"col-12 col-sm-6 col-lg-2 border-bottom pb-2\">\n            <small><i class=\"fas fa-solid fa-user-pen fa-fw me-2\" style=\"color: #8c9db3;\"><\/i>Editores<\/small>\n        <\/div>\n\n        <div class=\"col-12 col-sm-6 col-lg-10 border-bottom pb-2\">\n            <small class=\"text-muted\">Carrasco, & Flores<\/small>\n        <\/div>\n\n        <div class=\"col-12 col-sm-6 col-lg-2\">\n            <small><i class=\"fas fa-solid fa-signature fa-fw me-2\" style=\"color: #8c9db3;\"><\/i>Autores<\/small>\n        <\/div>\n\n        <div class=\"col-12 col-sm-6 col-lg-10\">\n            <small class=\"text-muted\">Alejandro Carrasco, Ngaire Noelle Honey, Juan de Dios Oyarz\u00fan, Ang\u00e9lica Bonilla<\/small>\n        <\/div>\n    <\/div><span class=\"caption-field-publish\"><\/span><\/div><\/div><\/div><\/div><\/div><div class=\"  circle--pattern-bottom-large col-sm-12 col-md-12 img-article\"><div class=\"holder-publish col-md-12\" style=\"border-bottom: 1px solid #B8B8B8\"><div class=\"content-holder h-100 component-border overflow-hidden row m-0 p-4 aling-items-center\"><ul class=\"p-0 list-style-none\"><li class=\"p-0 me-2\"><i class=\"fas fa-solid fa-book fa-fw\"><\/i> Vitamin A<\/li><li class=\"p-0 me-2\"><i class=\"fas fa-solid fa-calendar fa-fw\"><\/i> 2019<\/li><\/ul><div class=\"caption col-12 p-0 col-md-12 row m-0 align-items-center\"><div class=\"px-md-1\">    <h3 class=\"fw-medium m-0 small-space pt-2 pb-2 title-ss text-decoration-none border-bottom\">From Neglected and Underutilized Crops to Powerful Sources of Vitamin A: Three Case Studies of Mozambican Cultivated Tacca leontopetaloides, Cowpea, and Cassava<\/h3>\n\n    <div class=\"mt-0 row g-3\">\n        \n        <div class=\"col-12 col-sm-6 col-lg-2 border-bottom pb-2\">\n            <small><i class=\"fas fa-solid fa-barcode fa-fw me-2\" style=\"color: #8c9db3;\"><\/i>ISBN<\/small>\n        <\/div>\n\n        <div class=\"col-12 col-sm-6 col-lg-3 border-bottom pb-2\">\n            <small class=\"text-muted\"><\/small>\n        <\/div>\n\n        <div class=\"col-12 col-sm-6 col-lg-2 border-bottom pb-2\">\n            <small><i class=\"fas fa-solid fa-file fa-fw me-2\" style=\"color: #8c9db3;\"><\/i>P\u00e1ginas<\/small>\n        <\/div>\n\n        <div class=\"col-12 col-sm-6 col-lg-5 border-bottom pb-2\">\n            <small class=\"text-muted\">D\u00e9sde la p\u00e1gina 1, hasta la p\u00e1gina 20<\/small>\n        <\/div>\n\n        <div class=\"col-12 col-sm-6 col-lg-2 border-bottom pb-2\">\n            <small><i class=\"fas fa-solid fa-language fa-fw me-2\" style=\"color: #8c9db3;\"><\/i>Idioma<\/small>\n        <\/div>\n\n        <div class=\"col-12 col-sm-6 col-lg-3 border-bottom pb-2\">\n            <small class=\"text-muted\">Ingl\u00e9s<\/small>\n        <\/div>\n\n        <div class=\"col-12 col-sm-6 col-lg-2 border-bottom pb-2\">\n            <small><i class=\"fas fa-solid fa-newspaper fa-fw me-2\" style=\"color: #8c9db3;\"><\/i>Editorial<\/small>\n        <\/div>\n\n        <div class=\"col-12 col-sm-6 col-lg-5 border-bottom pb-2\">\n            <small class=\"text-muted\">IntechOpen<\/small>\n        <\/div>\n\n        <div class=\"col-12 col-sm-6 col-lg-2 border-bottom pb-2\">\n            <small><i class=\"fas fa-solid fa-user-pen fa-fw me-2\" style=\"color: #8c9db3;\"><\/i>Editores<\/small>\n        <\/div>\n\n        <div class=\"col-12 col-sm-6 col-lg-10 border-bottom pb-2\">\n            <small class=\"text-muted\"><\/small>\n        <\/div>\n\n        <div class=\"col-12 col-sm-6 col-lg-2\">\n            <small><i class=\"fas fa-solid fa-signature fa-fw me-2\" style=\"color: #8c9db3;\"><\/i>Autores<\/small>\n        <\/div>\n\n        <div class=\"col-12 col-sm-6 col-lg-10\">\n            <small class=\"text-muted\">Virgilio Gavicho<\/small>\n        <\/div>\n    <\/div><span class=\"caption-field-publish\"><\/span><\/div><\/div><\/div><\/div><\/div><div class=\"  circle--pattern-bottom-large col-sm-12 col-md-12 img-article\"><div class=\"holder-publish col-md-12\" style=\"border-bottom: 1px solid #B8B8B8\"><div class=\"content-holder h-100 component-border overflow-hidden row m-0 p-4 aling-items-center\"><ul class=\"p-0 list-style-none\"><li class=\"p-0 me-2\"><i class=\"fas fa-solid fa-book fa-fw\"><\/i> Poas Volcano<\/li><li class=\"p-0 me-2\"><i class=\"fas fa-solid fa-calendar fa-fw\"><\/i> 2019<\/li><\/ul><div class=\"caption col-12 p-0 col-md-12 row m-0 align-items-center\"><div class=\"px-md-1\">    <h3 class=\"fw-medium m-0 small-space pt-2 pb-2 title-ss text-decoration-none border-bottom\">The Last Eighteen Years (1998\u00962014) of Fumarolic Degassing at the Po\u00e1s Volcano (Costa Rica) and Renewal Activity<\/h3>\n\n    <div class=\"mt-0 row g-3\">\n        \n        <div class=\"col-12 col-sm-6 col-lg-2 border-bottom pb-2\">\n            <small><i class=\"fas fa-solid fa-barcode fa-fw me-2\" style=\"color: #8c9db3;\"><\/i>ISBN<\/small>\n        <\/div>\n\n        <div class=\"col-12 col-sm-6 col-lg-3 border-bottom pb-2\">\n            <small class=\"text-muted\"><\/small>\n        <\/div>\n\n        <div class=\"col-12 col-sm-6 col-lg-2 border-bottom pb-2\">\n            <small><i class=\"fas fa-solid fa-file fa-fw me-2\" style=\"color: #8c9db3;\"><\/i>P\u00e1ginas<\/small>\n        <\/div>\n\n        <div class=\"col-12 col-sm-6 col-lg-5 border-bottom pb-2\">\n            <small class=\"text-muted\">D\u00e9sde la p\u00e1gina , hasta la p\u00e1gina <\/small>\n        <\/div>\n\n        <div class=\"col-12 col-sm-6 col-lg-2 border-bottom pb-2\">\n            <small><i class=\"fas fa-solid fa-language fa-fw me-2\" style=\"color: #8c9db3;\"><\/i>Idioma<\/small>\n        <\/div>\n\n        <div class=\"col-12 col-sm-6 col-lg-3 border-bottom pb-2\">\n            <small class=\"text-muted\">Ingl\u00e9s<\/small>\n        <\/div>\n\n        <div class=\"col-12 col-sm-6 col-lg-2 border-bottom pb-2\">\n            <small><i class=\"fas fa-solid fa-newspaper fa-fw me-2\" style=\"color: #8c9db3;\"><\/i>Editorial<\/small>\n        <\/div>\n\n        <div class=\"col-12 col-sm-6 col-lg-5 border-bottom pb-2\">\n            <small class=\"text-muted\">Springer Link<\/small>\n        <\/div>\n\n        <div class=\"col-12 col-sm-6 col-lg-2 border-bottom pb-2\">\n            <small><i class=\"fas fa-solid fa-user-pen fa-fw me-2\" style=\"color: #8c9db3;\"><\/i>Editores<\/small>\n        <\/div>\n\n        <div class=\"col-12 col-sm-6 col-lg-10 border-bottom pb-2\">\n            <small class=\"text-muted\"><\/small>\n        <\/div>\n\n        <div class=\"col-12 col-sm-6 col-lg-2\">\n            <small><i class=\"fas fa-solid fa-signature fa-fw me-2\" style=\"color: #8c9db3;\"><\/i>Autores<\/small>\n        <\/div>\n\n        <div class=\"col-12 col-sm-6 col-lg-10\">\n            <small class=\"text-muted\">Daniele Tardani<\/small>\n        <\/div>\n    <\/div><span class=\"caption-field-publish\"><\/span><\/div><\/div><\/div><\/div><\/div><div class=\"  circle--pattern-bottom-large col-sm-12 col-md-12 img-article\"><div class=\"holder-publish col-md-12\" style=\"border-bottom: 1px solid #B8B8B8\"><div class=\"content-holder h-100 component-border overflow-hidden row m-0 p-4 aling-items-center\"><ul class=\"p-0 list-style-none\"><li class=\"p-0 me-2\"><i class=\"fas fa-solid fa-book fa-fw\"><\/i> Environmental history, perspectives and Challenges,<\/li><li class=\"p-0 me-2\"><i class=\"fas fa-solid fa-calendar fa-fw\"><\/i> 2019<\/li><\/ul><div class=\"caption col-12 p-0 col-md-12 row m-0 align-items-center\"><div class=\"px-md-1\">    <h3 class=\"fw-medium m-0 small-space pt-2 pb-2 title-ss text-decoration-none border-bottom\">Building Resilience: The Reciprocal Relationship between Livestock and Climate Change in Chile<\/h3>\n\n    <div class=\"mt-0 row g-3\">\n        \n        <div class=\"col-12 col-sm-6 col-lg-2 border-bottom pb-2\">\n            <small><i class=\"fas fa-solid fa-barcode fa-fw me-2\" style=\"color: #8c9db3;\"><\/i>ISBN<\/small>\n        <\/div>\n\n        <div class=\"col-12 col-sm-6 col-lg-3 border-bottom pb-2\">\n            <small class=\"text-muted\"><\/small>\n        <\/div>\n\n        <div class=\"col-12 col-sm-6 col-lg-2 border-bottom pb-2\">\n            <small><i class=\"fas fa-solid fa-file fa-fw me-2\" style=\"color: #8c9db3;\"><\/i>P\u00e1ginas<\/small>\n        <\/div>\n\n        <div class=\"col-12 col-sm-6 col-lg-5 border-bottom pb-2\">\n            <small class=\"text-muted\">D\u00e9sde la p\u00e1gina , hasta la p\u00e1gina <\/small>\n        <\/div>\n\n        <div class=\"col-12 col-sm-6 col-lg-2 border-bottom pb-2\">\n            <small><i class=\"fas fa-solid fa-language fa-fw me-2\" style=\"color: #8c9db3;\"><\/i>Idioma<\/small>\n        <\/div>\n\n        <div class=\"col-12 col-sm-6 col-lg-3 border-bottom pb-2\">\n            <small class=\"text-muted\">Ingl\u00e9s<\/small>\n        <\/div>\n\n        <div class=\"col-12 col-sm-6 col-lg-2 border-bottom pb-2\">\n            <small><i class=\"fas fa-solid fa-newspaper fa-fw me-2\" style=\"color: #8c9db3;\"><\/i>Editorial<\/small>\n        <\/div>\n\n        <div class=\"col-12 col-sm-6 col-lg-5 border-bottom pb-2\">\n            <small class=\"text-muted\">Nova Science publishers.<\/small>\n        <\/div>\n\n        <div class=\"col-12 col-sm-6 col-lg-2 border-bottom pb-2\">\n            <small><i class=\"fas fa-solid fa-user-pen fa-fw me-2\" style=\"color: #8c9db3;\"><\/i>Editores<\/small>\n        <\/div>\n\n        <div class=\"col-12 col-sm-6 col-lg-10 border-bottom pb-2\">\n            <small class=\"text-muted\"><\/small>\n        <\/div>\n\n        <div class=\"col-12 col-sm-6 col-lg-2\">\n            <small><i class=\"fas fa-solid fa-signature fa-fw me-2\" style=\"color: #8c9db3;\"><\/i>Autores<\/small>\n        <\/div>\n\n        <div class=\"col-12 col-sm-6 col-lg-10\">\n            <small class=\"text-muted\">Paula Macarena Toro Mujica<\/small>\n        <\/div>\n    <\/div><span class=\"caption-field-publish\"><\/span><\/div><\/div><\/div><\/div><\/div><div class=\"  circle--pattern-bottom-large col-sm-12 col-md-12 img-article\"><div class=\"holder-publish col-md-12\" style=\"border-bottom: 1px solid #B8B8B8\"><div class=\"content-holder h-100 component-border overflow-hidden row m-0 p-4 aling-items-center\"><ul class=\"p-0 list-style-none\"><li class=\"p-0 me-2\"><i class=\"fas fa-solid fa-book fa-fw\"><\/i> Listening to children\u0092s advice about starting school and school age care<\/li><li class=\"p-0 me-2\"><i class=\"fas fa-solid fa-calendar fa-fw\"><\/i> 2019<\/li><\/ul><div class=\"caption col-12 p-0 col-md-12 row m-0 align-items-center\"><div class=\"px-md-1\">    <h3 class=\"fw-medium m-0 small-space pt-2 pb-2 title-ss text-decoration-none border-bottom\">Children&#8217;s agency in transition experiences: Understanding possibilities and challenges<\/h3>\n\n    <div class=\"mt-0 row g-3\">\n        \n        <div class=\"col-12 col-sm-6 col-lg-2 border-bottom pb-2\">\n            <small><i class=\"fas fa-solid fa-barcode fa-fw me-2\" style=\"color: #8c9db3;\"><\/i>ISBN<\/small>\n        <\/div>\n\n        <div class=\"col-12 col-sm-6 col-lg-3 border-bottom pb-2\">\n            <small class=\"text-muted\">9780815352440<\/small>\n        <\/div>\n\n        <div class=\"col-12 col-sm-6 col-lg-2 border-bottom pb-2\">\n            <small><i class=\"fas fa-solid fa-file fa-fw me-2\" style=\"color: #8c9db3;\"><\/i>P\u00e1ginas<\/small>\n        <\/div>\n\n        <div class=\"col-12 col-sm-6 col-lg-5 border-bottom pb-2\">\n            <small class=\"text-muted\">D\u00e9sde la p\u00e1gina 26, hasta la p\u00e1gina 41<\/small>\n        <\/div>\n\n        <div class=\"col-12 col-sm-6 col-lg-2 border-bottom pb-2\">\n            <small><i class=\"fas fa-solid fa-language fa-fw me-2\" style=\"color: #8c9db3;\"><\/i>Idioma<\/small>\n        <\/div>\n\n        <div class=\"col-12 col-sm-6 col-lg-3 border-bottom pb-2\">\n            <small class=\"text-muted\">Ingl\u00e9s<\/small>\n        <\/div>\n\n        <div class=\"col-12 col-sm-6 col-lg-2 border-bottom pb-2\">\n            <small><i class=\"fas fa-solid fa-newspaper fa-fw me-2\" style=\"color: #8c9db3;\"><\/i>Editorial<\/small>\n        <\/div>\n\n        <div class=\"col-12 col-sm-6 col-lg-5 border-bottom pb-2\">\n            <small class=\"text-muted\">EECERA book series: Towards an Ethical Praxis in Early Childhood: From Research into Practice<\/small>\n        <\/div>\n\n        <div class=\"col-12 col-sm-6 col-lg-2 border-bottom pb-2\">\n            <small><i class=\"fas fa-solid fa-user-pen fa-fw me-2\" style=\"color: #8c9db3;\"><\/i>Editores<\/small>\n        <\/div>\n\n        <div class=\"col-12 col-sm-6 col-lg-10 border-bottom pb-2\">\n            <small class=\"text-muted\">Sue Dockett, J\u00f3hanna Einarsd\u00f3ttir, Bob Perry<\/small>\n        <\/div>\n\n        <div class=\"col-12 col-sm-6 col-lg-2\">\n            <small><i class=\"fas fa-solid fa-signature fa-fw me-2\" style=\"color: #8c9db3;\"><\/i>Autores<\/small>\n        <\/div>\n\n        <div class=\"col-12 col-sm-6 col-lg-10\">\n            <small class=\"text-muted\">Daniela Sof\u00eda Jadue Roa<\/small>\n        <\/div>\n    <\/div><span class=\"caption-field-publish\"><\/span><\/div><\/div><\/div><\/div><\/div><div class=\"  circle--pattern-bottom-large col-sm-12 col-md-12 img-article\"><div class=\"holder-publish col-md-12\" style=\"border-bottom: 1px solid #B8B8B8\"><div class=\"content-holder h-100 component-border overflow-hidden row m-0 p-4 aling-items-center\"><ul class=\"p-0 list-style-none\"><li class=\"p-0 me-2\"><i class=\"fas fa-solid fa-book fa-fw\"><\/i> The Routledge International Handbook of Young Children\u0092s Rights<\/li><li class=\"p-0 me-2\"><i class=\"fas fa-solid fa-calendar fa-fw\"><\/i> 2019<\/li><\/ul><div class=\"caption col-12 p-0 col-md-12 row m-0 align-items-center\"><div class=\"px-md-1\">    <h3 class=\"fw-medium m-0 small-space pt-2 pb-2 title-ss text-decoration-none border-bottom\">Young Children\u0092s Right to Play during their Transition from Early Childhood Education to Primary School in Chile<\/h3>\n\n    <div class=\"mt-0 row g-3\">\n        \n        <div class=\"col-12 col-sm-6 col-lg-2 border-bottom pb-2\">\n            <small><i class=\"fas fa-solid fa-barcode fa-fw me-2\" style=\"color: #8c9db3;\"><\/i>ISBN<\/small>\n        <\/div>\n\n        <div class=\"col-12 col-sm-6 col-lg-3 border-bottom pb-2\">\n            <small class=\"text-muted\">9780367142018<\/small>\n        <\/div>\n\n        <div class=\"col-12 col-sm-6 col-lg-2 border-bottom pb-2\">\n            <small><i class=\"fas fa-solid fa-file fa-fw me-2\" style=\"color: #8c9db3;\"><\/i>P\u00e1ginas<\/small>\n        <\/div>\n\n        <div class=\"col-12 col-sm-6 col-lg-5 border-bottom pb-2\">\n            <small class=\"text-muted\">D\u00e9sde la p\u00e1gina 535, hasta la p\u00e1gina 551<\/small>\n        <\/div>\n\n        <div class=\"col-12 col-sm-6 col-lg-2 border-bottom pb-2\">\n            <small><i class=\"fas fa-solid fa-language fa-fw me-2\" style=\"color: #8c9db3;\"><\/i>Idioma<\/small>\n        <\/div>\n\n        <div class=\"col-12 col-sm-6 col-lg-3 border-bottom pb-2\">\n            <small class=\"text-muted\">Ingl\u00e9s<\/small>\n        <\/div>\n\n        <div class=\"col-12 col-sm-6 col-lg-2 border-bottom pb-2\">\n            <small><i class=\"fas fa-solid fa-newspaper fa-fw me-2\" style=\"color: #8c9db3;\"><\/i>Editorial<\/small>\n        <\/div>\n\n        <div class=\"col-12 col-sm-6 col-lg-5 border-bottom pb-2\">\n            <small class=\"text-muted\">Routledge<\/small>\n        <\/div>\n\n        <div class=\"col-12 col-sm-6 col-lg-2 border-bottom pb-2\">\n            <small><i class=\"fas fa-solid fa-user-pen fa-fw me-2\" style=\"color: #8c9db3;\"><\/i>Editores<\/small>\n        <\/div>\n\n        <div class=\"col-12 col-sm-6 col-lg-10 border-bottom pb-2\">\n            <small class=\"text-muted\">Jane Murray, Beth Blue Swadener, Kylie Smith<\/small>\n        <\/div>\n\n        <div class=\"col-12 col-sm-6 col-lg-2\">\n            <small><i class=\"fas fa-solid fa-signature fa-fw me-2\" style=\"color: #8c9db3;\"><\/i>Autores<\/small>\n        <\/div>\n\n        <div class=\"col-12 col-sm-6 col-lg-10\">\n            <small class=\"text-muted\">Daniela Sof\u00eda Jadue Roa, Mat\u00edas Knust<\/small>\n        <\/div>\n    <\/div><span class=\"caption-field-publish\"><\/span><\/div><\/div><\/div><\/div><\/div><div class=\"  circle--pattern-bottom-large col-sm-12 col-md-12 img-article\"><div class=\"holder-publish col-md-12\" style=\"border-bottom: 1px solid #B8B8B8\"><div class=\"content-holder h-100 component-border overflow-hidden row m-0 p-4 aling-items-center\"><ul class=\"p-0 list-style-none\"><li class=\"p-0 me-2\"><i class=\"fas fa-solid fa-book fa-fw\"><\/i> Social Movements Contesting Natural Resource Development<\/li><li class=\"p-0 me-2\"><i class=\"fas fa-solid fa-calendar fa-fw\"><\/i> 2019<\/li><\/ul><div class=\"caption col-12 p-0 col-md-12 row m-0 align-items-center\"><div class=\"px-md-1\">    <h3 class=\"fw-medium m-0 small-space pt-2 pb-2 title-ss text-decoration-none border-bottom\">Beyond the swans. Cellulose extraction, social mobilization, and environmental transformations in southern Chile<\/h3>\n\n    <div class=\"mt-0 row g-3\">\n        \n        <div class=\"col-12 col-sm-6 col-lg-2 border-bottom pb-2\">\n            <small><i class=\"fas fa-solid fa-barcode fa-fw me-2\" style=\"color: #8c9db3;\"><\/i>ISBN<\/small>\n        <\/div>\n\n        <div class=\"col-12 col-sm-6 col-lg-3 border-bottom pb-2\">\n            <small class=\"text-muted\">9781315160139<\/small>\n        <\/div>\n\n        <div class=\"col-12 col-sm-6 col-lg-2 border-bottom pb-2\">\n            <small><i class=\"fas fa-solid fa-file fa-fw me-2\" style=\"color: #8c9db3;\"><\/i>P\u00e1ginas<\/small>\n        <\/div>\n\n        <div class=\"col-12 col-sm-6 col-lg-5 border-bottom pb-2\">\n            <small class=\"text-muted\">D\u00e9sde la p\u00e1gina 98, hasta la p\u00e1gina 111<\/small>\n        <\/div>\n\n        <div class=\"col-12 col-sm-6 col-lg-2 border-bottom pb-2\">\n            <small><i class=\"fas fa-solid fa-language fa-fw me-2\" style=\"color: #8c9db3;\"><\/i>Idioma<\/small>\n        <\/div>\n\n        <div class=\"col-12 col-sm-6 col-lg-3 border-bottom pb-2\">\n            <small class=\"text-muted\">Ingl\u00e9s<\/small>\n        <\/div>\n\n        <div class=\"col-12 col-sm-6 col-lg-2 border-bottom pb-2\">\n            <small><i class=\"fas fa-solid fa-newspaper fa-fw me-2\" style=\"color: #8c9db3;\"><\/i>Editorial<\/small>\n        <\/div>\n\n        <div class=\"col-12 col-sm-6 col-lg-5 border-bottom pb-2\">\n            <small class=\"text-muted\">Routledge<\/small>\n        <\/div>\n\n        <div class=\"col-12 col-sm-6 col-lg-2 border-bottom pb-2\">\n            <small><i class=\"fas fa-solid fa-user-pen fa-fw me-2\" style=\"color: #8c9db3;\"><\/i>Editores<\/small>\n        <\/div>\n\n        <div class=\"col-12 col-sm-6 col-lg-10 border-bottom pb-2\">\n            <small class=\"text-muted\">Devlin, John F.<\/small>\n        <\/div>\n\n        <div class=\"col-12 col-sm-6 col-lg-2\">\n            <small><i class=\"fas fa-solid fa-signature fa-fw me-2\" style=\"color: #8c9db3;\"><\/i>Autores<\/small>\n        <\/div>\n\n        <div class=\"col-12 col-sm-6 col-lg-10\">\n            <small class=\"text-muted\">Ricardo Sebasti\u00e1n Fuentealba Fuentes, Mariela Ram\u00edrez<\/small>\n        <\/div>\n    <\/div><span class=\"caption-field-publish\"><\/span><\/div><\/div><\/div><\/div><\/div><div class=\"  circle--pattern-bottom-large col-sm-12 col-md-12 img-article\"><div class=\"holder-publish col-md-12\" style=\"border-bottom: 1px solid #B8B8B8\"><div class=\"content-holder h-100 component-border overflow-hidden row m-0 p-4 aling-items-center\"><ul class=\"p-0 list-style-none\"><li class=\"p-0 me-2\"><i class=\"fas fa-solid fa-book fa-fw\"><\/i> Discourses from Latin America and the Caribbean: Current Concepts and Challenges<\/li><li class=\"p-0 me-2\"><i class=\"fas fa-solid fa-calendar fa-fw\"><\/i> 2019<\/li><\/ul><div class=\"caption col-12 p-0 col-md-12 row m-0 align-items-center\"><div class=\"px-md-1\">    <h3 class=\"fw-medium m-0 small-space pt-2 pb-2 title-ss text-decoration-none border-bottom\">The hooded student as a metaphor: Multimodal recontextualizations of the Chilean Student Movement in a broadcast news report<\/h3>\n\n    <div class=\"mt-0 row g-3\">\n        \n        <div class=\"col-12 col-sm-6 col-lg-2 border-bottom pb-2\">\n            <small><i class=\"fas fa-solid fa-barcode fa-fw me-2\" style=\"color: #8c9db3;\"><\/i>ISBN<\/small>\n        <\/div>\n\n        <div class=\"col-12 col-sm-6 col-lg-3 border-bottom pb-2\">\n            <small class=\"text-muted\">978-0-367-52925-3<\/small>\n        <\/div>\n\n        <div class=\"col-12 col-sm-6 col-lg-2 border-bottom pb-2\">\n            <small><i class=\"fas fa-solid fa-file fa-fw me-2\" style=\"color: #8c9db3;\"><\/i>P\u00e1ginas<\/small>\n        <\/div>\n\n        <div class=\"col-12 col-sm-6 col-lg-5 border-bottom pb-2\">\n            <small class=\"text-muted\">D\u00e9sde la p\u00e1gina 107, hasta la p\u00e1gina 138<\/small>\n        <\/div>\n\n        <div class=\"col-12 col-sm-6 col-lg-2 border-bottom pb-2\">\n            <small><i class=\"fas fa-solid fa-language fa-fw me-2\" style=\"color: #8c9db3;\"><\/i>Idioma<\/small>\n        <\/div>\n\n        <div class=\"col-12 col-sm-6 col-lg-3 border-bottom pb-2\">\n            <small class=\"text-muted\">Ingl\u00e9s<\/small>\n        <\/div>\n\n        <div class=\"col-12 col-sm-6 col-lg-2 border-bottom pb-2\">\n            <small><i class=\"fas fa-solid fa-newspaper fa-fw me-2\" style=\"color: #8c9db3;\"><\/i>Editorial<\/small>\n        <\/div>\n\n        <div class=\"col-12 col-sm-6 col-lg-5 border-bottom pb-2\">\n            <small class=\"text-muted\">Palgrave Macmillan<\/small>\n        <\/div>\n\n        <div class=\"col-12 col-sm-6 col-lg-2 border-bottom pb-2\">\n            <small><i class=\"fas fa-solid fa-user-pen fa-fw me-2\" style=\"color: #8c9db3;\"><\/i>Editores<\/small>\n        <\/div>\n\n        <div class=\"col-12 col-sm-6 col-lg-10 border-bottom pb-2\">\n            <small class=\"text-muted\">Eleonora Esposito, Carolina P\u00e9rez-Arredondo; Jos\u00e9 Manuel Ferreiro<\/small>\n        <\/div>\n\n        <div class=\"col-12 col-sm-6 col-lg-2\">\n            <small><i class=\"fas fa-solid fa-signature fa-fw me-2\" style=\"color: #8c9db3;\"><\/i>Autores<\/small>\n        <\/div>\n\n        <div class=\"col-12 col-sm-6 col-lg-10\">\n            <small class=\"text-muted\">Carolina P\u00e9rez Arredondo, Camila C\u00e1rdenas-Neira<\/small>\n        <\/div>\n    <\/div><span class=\"caption-field-publish\"><\/span><\/div><\/div><\/div><\/div><\/div><div class=\"  circle--pattern-bottom-large col-sm-12 col-md-12 img-article\"><div class=\"holder-publish col-md-12\" style=\"border-bottom: 1px solid #B8B8B8\"><div class=\"content-holder h-100 component-border overflow-hidden row m-0 p-4 aling-items-center\"><ul class=\"p-0 list-style-none\"><li class=\"p-0 me-2\"><i class=\"fas fa-solid fa-book fa-fw\"><\/i> Modelos animales para el estudio de las psicopatolog\u00eda.<\/li><li class=\"p-0 me-2\"><i class=\"fas fa-solid fa-calendar fa-fw\"><\/i> 2019<\/li><\/ul><div class=\"caption col-12 p-0 col-md-12 row m-0 align-items-center\"><div class=\"px-md-1\">    <h3 class=\"fw-medium m-0 small-space pt-2 pb-2 title-ss text-decoration-none border-bottom\">\u00bfDimorfismo sexual en aprendizaje? La importancia de su estudio para la investigaci\u00f3n y la psicoterapia.<\/h3>\n\n    <div class=\"mt-0 row g-3\">\n        \n        <div class=\"col-12 col-sm-6 col-lg-2 border-bottom pb-2\">\n            <small><i class=\"fas fa-solid fa-barcode fa-fw me-2\" style=\"color: #8c9db3;\"><\/i>ISBN<\/small>\n        <\/div>\n\n        <div class=\"col-12 col-sm-6 col-lg-3 border-bottom pb-2\">\n            <small class=\"text-muted\"><\/small>\n        <\/div>\n\n        <div class=\"col-12 col-sm-6 col-lg-2 border-bottom pb-2\">\n            <small><i class=\"fas fa-solid fa-file fa-fw me-2\" style=\"color: #8c9db3;\"><\/i>P\u00e1ginas<\/small>\n        <\/div>\n\n        <div class=\"col-12 col-sm-6 col-lg-5 border-bottom pb-2\">\n            <small class=\"text-muted\">D\u00e9sde la p\u00e1gina , hasta la p\u00e1gina <\/small>\n        <\/div>\n\n        <div class=\"col-12 col-sm-6 col-lg-2 border-bottom pb-2\">\n            <small><i class=\"fas fa-solid fa-language fa-fw me-2\" style=\"color: #8c9db3;\"><\/i>Idioma<\/small>\n        <\/div>\n\n        <div class=\"col-12 col-sm-6 col-lg-3 border-bottom pb-2\">\n            <small class=\"text-muted\"><\/small>\n        <\/div>\n\n        <div class=\"col-12 col-sm-6 col-lg-2 border-bottom pb-2\">\n            <small><i class=\"fas fa-solid fa-newspaper fa-fw me-2\" style=\"color: #8c9db3;\"><\/i>Editorial<\/small>\n        <\/div>\n\n        <div class=\"col-12 col-sm-6 col-lg-5 border-bottom pb-2\">\n            <small class=\"text-muted\">Creativa Editores S.A. de C. V. y Universidad Nacional Aut\u00f3noma de M\u00e9xico.<\/small>\n        <\/div>\n\n        <div class=\"col-12 col-sm-6 col-lg-2 border-bottom pb-2\">\n            <small><i class=\"fas fa-solid fa-user-pen fa-fw me-2\" style=\"color: #8c9db3;\"><\/i>Editores<\/small>\n        <\/div>\n\n        <div class=\"col-12 col-sm-6 col-lg-10 border-bottom pb-2\">\n            <small class=\"text-muted\"><\/small>\n        <\/div>\n\n        <div class=\"col-12 col-sm-6 col-lg-2\">\n            <small><i class=\"fas fa-solid fa-signature fa-fw me-2\" style=\"color: #8c9db3;\"><\/i>Autores<\/small>\n        <\/div>\n\n        <div class=\"col-12 col-sm-6 col-lg-10\">\n            <small class=\"text-muted\">Roc\u00edo Angulo<\/small>\n        <\/div>\n    <\/div><span class=\"caption-field-publish\"><\/span><\/div><\/div><\/div><\/div><\/div><div class=\"  circle--pattern-bottom-large col-sm-12 col-md-12 img-article\"><div class=\"holder-publish col-md-12\" style=\"border-bottom: 1px solid #B8B8B8\"><div class=\"content-holder h-100 component-border overflow-hidden row m-0 p-4 aling-items-center\"><ul class=\"p-0 list-style-none\"><li class=\"p-0 me-2\"><i class=\"fas fa-solid fa-book fa-fw\"><\/i> History and Collective Memory from the Margins: A Global Perspective<\/li><li class=\"p-0 me-2\"><i class=\"fas fa-solid fa-calendar fa-fw\"><\/i> 2019<\/li><\/ul><div class=\"caption col-12 p-0 col-md-12 row m-0 align-items-center\"><div class=\"px-md-1\">    <h3 class=\"fw-medium m-0 small-space pt-2 pb-2 title-ss text-decoration-none border-bottom\">Representations of history and present-day intergroup relations between indigenous and non-indigenous people: The Mapuche in Chile<\/h3>\n\n    <div class=\"mt-0 row g-3\">\n        \n        <div class=\"col-12 col-sm-6 col-lg-2 border-bottom pb-2\">\n            <small><i class=\"fas fa-solid fa-barcode fa-fw me-2\" style=\"color: #8c9db3;\"><\/i>ISBN<\/small>\n        <\/div>\n\n        <div class=\"col-12 col-sm-6 col-lg-3 border-bottom pb-2\">\n            <small class=\"text-muted\"><\/small>\n        <\/div>\n\n        <div class=\"col-12 col-sm-6 col-lg-2 border-bottom pb-2\">\n            <small><i class=\"fas fa-solid fa-file fa-fw me-2\" style=\"color: #8c9db3;\"><\/i>P\u00e1ginas<\/small>\n        <\/div>\n\n        <div class=\"col-12 col-sm-6 col-lg-5 border-bottom pb-2\">\n            <small class=\"text-muted\">D\u00e9sde la p\u00e1gina 79, hasta la p\u00e1gina 104<\/small>\n        <\/div>\n\n        <div class=\"col-12 col-sm-6 col-lg-2 border-bottom pb-2\">\n            <small><i class=\"fas fa-solid fa-language fa-fw me-2\" style=\"color: #8c9db3;\"><\/i>Idioma<\/small>\n        <\/div>\n\n        <div class=\"col-12 col-sm-6 col-lg-3 border-bottom pb-2\">\n            <small class=\"text-muted\">Ingl\u00e9s<\/small>\n        <\/div>\n\n        <div class=\"col-12 col-sm-6 col-lg-2 border-bottom pb-2\">\n            <small><i class=\"fas fa-solid fa-newspaper fa-fw me-2\" style=\"color: #8c9db3;\"><\/i>Editorial<\/small>\n        <\/div>\n\n        <div class=\"col-12 col-sm-6 col-lg-5 border-bottom pb-2\">\n            <small class=\"text-muted\">Nova Science Publishers<\/small>\n        <\/div>\n\n        <div class=\"col-12 col-sm-6 col-lg-2 border-bottom pb-2\">\n            <small><i class=\"fas fa-solid fa-user-pen fa-fw me-2\" style=\"color: #8c9db3;\"><\/i>Editores<\/small>\n        <\/div>\n\n        <div class=\"col-12 col-sm-6 col-lg-10 border-bottom pb-2\">\n            <small class=\"text-muted\"><\/small>\n        <\/div>\n\n        <div class=\"col-12 col-sm-6 col-lg-2\">\n            <small><i class=\"fas fa-solid fa-signature fa-fw me-2\" style=\"color: #8c9db3;\"><\/i>Autores<\/small>\n        <\/div>\n\n        <div class=\"col-12 col-sm-6 col-lg-10\">\n            <small class=\"text-muted\">Ana Figueiredo, Marcela Cornejo, Pietro Montagna, Carolina Rocha<\/small>\n        <\/div>\n    <\/div><span class=\"caption-field-publish\"><\/span><\/div><\/div><\/div><\/div><\/div><div class=\"  circle--pattern-bottom-large col-sm-12 col-md-12 img-article\"><div class=\"holder-publish col-md-12\" style=\"border-bottom: 1px solid #B8B8B8\"><div class=\"content-holder h-100 component-border overflow-hidden row m-0 p-4 aling-items-center\"><ul class=\"p-0 list-style-none\"><li class=\"p-0 me-2\"><i class=\"fas fa-solid fa-book fa-fw\"><\/i> Hablar, persuadir y aprender: Manual para la comunicaci\u00f3n oral en contextos acad\u00e9micos<\/li><li class=\"p-0 me-2\"><i class=\"fas fa-solid fa-calendar fa-fw\"><\/i> 2019<\/li><\/ul><div class=\"caption col-12 p-0 col-md-12 row m-0 align-items-center\"><div class=\"px-md-1\">    <h3 class=\"fw-medium m-0 small-space pt-2 pb-2 title-ss text-decoration-none border-bottom\">Hablar, dialogar, persuadir: ret\u00f3rica de la comunicaci\u00f3n oral en contextos acad\u00e9micos<\/h3>\n\n    <div class=\"mt-0 row g-3\">\n        \n        <div class=\"col-12 col-sm-6 col-lg-2 border-bottom pb-2\">\n            <small><i class=\"fas fa-solid fa-barcode fa-fw me-2\" style=\"color: #8c9db3;\"><\/i>ISBN<\/small>\n        <\/div>\n\n        <div class=\"col-12 col-sm-6 col-lg-3 border-bottom pb-2\">\n            <small class=\"text-muted\">978-956-19-1156-7<\/small>\n        <\/div>\n\n        <div class=\"col-12 col-sm-6 col-lg-2 border-bottom pb-2\">\n            <small><i class=\"fas fa-solid fa-file fa-fw me-2\" style=\"color: #8c9db3;\"><\/i>P\u00e1ginas<\/small>\n        <\/div>\n\n        <div class=\"col-12 col-sm-6 col-lg-5 border-bottom pb-2\">\n            <small class=\"text-muted\">D\u00e9sde la p\u00e1gina 16, hasta la p\u00e1gina 27<\/small>\n        <\/div>\n\n        <div class=\"col-12 col-sm-6 col-lg-2 border-bottom pb-2\">\n            <small><i class=\"fas fa-solid fa-language fa-fw me-2\" style=\"color: #8c9db3;\"><\/i>Idioma<\/small>\n        <\/div>\n\n        <div class=\"col-12 col-sm-6 col-lg-3 border-bottom pb-2\">\n            <small class=\"text-muted\">Espa\u00f1ol<\/small>\n        <\/div>\n\n        <div class=\"col-12 col-sm-6 col-lg-2 border-bottom pb-2\">\n            <small><i class=\"fas fa-solid fa-newspaper fa-fw me-2\" style=\"color: #8c9db3;\"><\/i>Editorial<\/small>\n        <\/div>\n\n        <div class=\"col-12 col-sm-6 col-lg-5 border-bottom pb-2\">\n            <small class=\"text-muted\">Universidad de Chile<\/small>\n        <\/div>\n\n        <div class=\"col-12 col-sm-6 col-lg-2 border-bottom pb-2\">\n            <small><i class=\"fas fa-solid fa-user-pen fa-fw me-2\" style=\"color: #8c9db3;\"><\/i>Editores<\/small>\n        <\/div>\n\n        <div class=\"col-12 col-sm-6 col-lg-10 border-bottom pb-2\">\n            <small class=\"text-muted\">S. Montes; F. Navarro<\/small>\n        <\/div>\n\n        <div class=\"col-12 col-sm-6 col-lg-2\">\n            <small><i class=\"fas fa-solid fa-signature fa-fw me-2\" style=\"color: #8c9db3;\"><\/i>Autores<\/small>\n        <\/div>\n\n        <div class=\"col-12 col-sm-6 col-lg-10\">\n            <small class=\"text-muted\">Soledad Montes, Federico Daniel Navarro<\/small>\n        <\/div>\n    <\/div><span class=\"caption-field-publish\"><\/span><\/div><\/div><\/div><\/div><\/div><div class=\"  circle--pattern-bottom-large col-sm-12 col-md-12 img-article\"><div class=\"holder-publish col-md-12\" style=\"border-bottom: 1px solid #B8B8B8\"><div class=\"content-holder h-100 component-border overflow-hidden row m-0 p-4 aling-items-center\"><ul class=\"p-0 list-style-none\"><li class=\"p-0 me-2\"><i class=\"fas fa-solid fa-book fa-fw\"><\/i> P\u00e4dagogik im Verborgenen. Bildung und Erziehung in der \u00e4sthetischen Gegenwart<\/li><li class=\"p-0 me-2\"><i class=\"fas fa-solid fa-calendar fa-fw\"><\/i> 2019<\/li><\/ul><div class=\"caption col-12 p-0 col-md-12 row m-0 align-items-center\"><div class=\"px-md-1\">    <h3 class=\"fw-medium m-0 small-space pt-2 pb-2 title-ss text-decoration-none border-bottom\">Das P\u00e4dagogische im Schatten der \u00e4sthetischen Differenz<\/h3>\n\n    <div class=\"mt-0 row g-3\">\n        \n        <div class=\"col-12 col-sm-6 col-lg-2 border-bottom pb-2\">\n            <small><i class=\"fas fa-solid fa-barcode fa-fw me-2\" style=\"color: #8c9db3;\"><\/i>ISBN<\/small>\n        <\/div>\n\n        <div class=\"col-12 col-sm-6 col-lg-3 border-bottom pb-2\">\n            <small class=\"text-muted\">978-3-658-21890-4<\/small>\n        <\/div>\n\n        <div class=\"col-12 col-sm-6 col-lg-2 border-bottom pb-2\">\n            <small><i class=\"fas fa-solid fa-file fa-fw me-2\" style=\"color: #8c9db3;\"><\/i>P\u00e1ginas<\/small>\n        <\/div>\n\n        <div class=\"col-12 col-sm-6 col-lg-5 border-bottom pb-2\">\n            <small class=\"text-muted\">D\u00e9sde la p\u00e1gina 27, hasta la p\u00e1gina 44<\/small>\n        <\/div>\n\n        <div class=\"col-12 col-sm-6 col-lg-2 border-bottom pb-2\">\n            <small><i class=\"fas fa-solid fa-language fa-fw me-2\" style=\"color: #8c9db3;\"><\/i>Idioma<\/small>\n        <\/div>\n\n        <div class=\"col-12 col-sm-6 col-lg-3 border-bottom pb-2\">\n            <small class=\"text-muted\">Alem\u00e1n<\/small>\n        <\/div>\n\n        <div class=\"col-12 col-sm-6 col-lg-2 border-bottom pb-2\">\n            <small><i class=\"fas fa-solid fa-newspaper fa-fw me-2\" style=\"color: #8c9db3;\"><\/i>Editorial<\/small>\n        <\/div>\n\n        <div class=\"col-12 col-sm-6 col-lg-5 border-bottom pb-2\">\n            <small class=\"text-muted\">Springer<\/small>\n        <\/div>\n\n        <div class=\"col-12 col-sm-6 col-lg-2 border-bottom pb-2\">\n            <small><i class=\"fas fa-solid fa-user-pen fa-fw me-2\" style=\"color: #8c9db3;\"><\/i>Editores<\/small>\n        <\/div>\n\n        <div class=\"col-12 col-sm-6 col-lg-10 border-bottom pb-2\">\n            <small class=\"text-muted\">C. Bach<\/small>\n        <\/div>\n\n        <div class=\"col-12 col-sm-6 col-lg-2\">\n            <small><i class=\"fas fa-solid fa-signature fa-fw me-2\" style=\"color: #8c9db3;\"><\/i>Autores<\/small>\n        <\/div>\n\n        <div class=\"col-12 col-sm-6 col-lg-10\">\n            <small class=\"text-muted\">Carlos Jos\u00e9 Willatt Herrera<\/small>\n        <\/div>\n    <\/div><span class=\"caption-field-publish\"><\/span><\/div><\/div><\/div><\/div><\/div><div class=\"  circle--pattern-bottom-large col-sm-12 col-md-12 img-article\"><div class=\"holder-publish col-md-12\" style=\"border-bottom: 1px solid #B8B8B8\"><div class=\"content-holder h-100 component-border overflow-hidden row m-0 p-4 aling-items-center\"><ul class=\"p-0 list-style-none\"><li class=\"p-0 me-2\"><i class=\"fas fa-solid fa-book fa-fw\"><\/i> P\u00e4dagogik im Verborgenen. Bildung und Erziehung in der \u00e4sthetischen Gegenwart<\/li><li class=\"p-0 me-2\"><i class=\"fas fa-solid fa-calendar fa-fw\"><\/i> 2019<\/li><\/ul><div class=\"caption col-12 p-0 col-md-12 row m-0 align-items-center\"><div class=\"px-md-1\">    <h3 class=\"fw-medium m-0 small-space pt-2 pb-2 title-ss text-decoration-none border-bottom\">Das P\u00e4dagogische im Schatten der \u00e4sthetischen Differenz<\/h3>\n\n    <div class=\"mt-0 row g-3\">\n        \n        <div class=\"col-12 col-sm-6 col-lg-2 border-bottom pb-2\">\n            <small><i class=\"fas fa-solid fa-barcode fa-fw me-2\" style=\"color: #8c9db3;\"><\/i>ISBN<\/small>\n        <\/div>\n\n        <div class=\"col-12 col-sm-6 col-lg-3 border-bottom pb-2\">\n            <small class=\"text-muted\">978-3-658-21890-4<\/small>\n        <\/div>\n\n        <div class=\"col-12 col-sm-6 col-lg-2 border-bottom pb-2\">\n            <small><i class=\"fas fa-solid fa-file fa-fw me-2\" style=\"color: #8c9db3;\"><\/i>P\u00e1ginas<\/small>\n        <\/div>\n\n        <div class=\"col-12 col-sm-6 col-lg-5 border-bottom pb-2\">\n            <small class=\"text-muted\">D\u00e9sde la p\u00e1gina 27, hasta la p\u00e1gina 44<\/small>\n        <\/div>\n\n        <div class=\"col-12 col-sm-6 col-lg-2 border-bottom pb-2\">\n            <small><i class=\"fas fa-solid fa-language fa-fw me-2\" style=\"color: #8c9db3;\"><\/i>Idioma<\/small>\n        <\/div>\n\n        <div class=\"col-12 col-sm-6 col-lg-3 border-bottom pb-2\">\n            <small class=\"text-muted\">Alem\u00e1n<\/small>\n        <\/div>\n\n        <div class=\"col-12 col-sm-6 col-lg-2 border-bottom pb-2\">\n            <small><i class=\"fas fa-solid fa-newspaper fa-fw me-2\" style=\"color: #8c9db3;\"><\/i>Editorial<\/small>\n        <\/div>\n\n        <div class=\"col-12 col-sm-6 col-lg-5 border-bottom pb-2\">\n            <small class=\"text-muted\">Springer<\/small>\n        <\/div>\n\n        <div class=\"col-12 col-sm-6 col-lg-2 border-bottom pb-2\">\n            <small><i class=\"fas fa-solid fa-user-pen fa-fw me-2\" style=\"color: #8c9db3;\"><\/i>Editores<\/small>\n        <\/div>\n\n        <div class=\"col-12 col-sm-6 col-lg-10 border-bottom pb-2\">\n            <small class=\"text-muted\">C. Bach<\/small>\n        <\/div>\n\n        <div class=\"col-12 col-sm-6 col-lg-2\">\n            <small><i class=\"fas fa-solid fa-signature fa-fw me-2\" style=\"color: #8c9db3;\"><\/i>Autores<\/small>\n        <\/div>\n\n        <div class=\"col-12 col-sm-6 col-lg-10\">\n            <small class=\"text-muted\">Carlos Jos\u00e9 Willatt Herrera<\/small>\n        <\/div>\n    <\/div><span class=\"caption-field-publish\"><\/span><\/div><\/div><\/div><\/div><\/div><div class=\"  circle--pattern-bottom-large col-sm-12 col-md-12 img-article\"><div class=\"holder-publish col-md-12\" style=\"border-bottom: 1px solid #B8B8B8\"><div class=\"content-holder h-100 component-border overflow-hidden row m-0 p-4 aling-items-center\"><ul class=\"p-0 list-style-none\"><li class=\"p-0 me-2\"><i class=\"fas fa-solid fa-book fa-fw\"><\/i> Escrita na universidade. Panoramas e desafios na Am\u00e9rica Latina<\/li><li class=\"p-0 me-2\"><i class=\"fas fa-solid fa-calendar fa-fw\"><\/i> 2018<\/li><\/ul><div class=\"caption col-12 p-0 col-md-12 row m-0 align-items-center\"><div class=\"px-md-1\">    <h3 class=\"fw-medium m-0 small-space pt-2 pb-2 title-ss text-decoration-none border-bottom\">Brasil, Hispanoam\u00e9rica, Latinoam\u00e9rica: hacia un espacio regional com\u00fan en los estudios de la escritura en educaci\u00f3n superior<\/h3>\n\n    <div class=\"mt-0 row g-3\">\n        \n        <div class=\"col-12 col-sm-6 col-lg-2 border-bottom pb-2\">\n            <small><i class=\"fas fa-solid fa-barcode fa-fw me-2\" style=\"color: #8c9db3;\"><\/i>ISBN<\/small>\n        <\/div>\n\n        <div class=\"col-12 col-sm-6 col-lg-3 border-bottom pb-2\">\n            <small class=\"text-muted\">978-85-237-1328-7<\/small>\n        <\/div>\n\n        <div class=\"col-12 col-sm-6 col-lg-2 border-bottom pb-2\">\n            <small><i class=\"fas fa-solid fa-file fa-fw me-2\" style=\"color: #8c9db3;\"><\/i>P\u00e1ginas<\/small>\n        <\/div>\n\n        <div class=\"col-12 col-sm-6 col-lg-5 border-bottom pb-2\">\n            <small class=\"text-muted\">D\u00e9sde la p\u00e1gina 7, hasta la p\u00e1gina 36<\/small>\n        <\/div>\n\n        <div class=\"col-12 col-sm-6 col-lg-2 border-bottom pb-2\">\n            <small><i class=\"fas fa-solid fa-language fa-fw me-2\" style=\"color: #8c9db3;\"><\/i>Idioma<\/small>\n        <\/div>\n\n        <div class=\"col-12 col-sm-6 col-lg-3 border-bottom pb-2\">\n            <small class=\"text-muted\"><\/small>\n        <\/div>\n\n        <div class=\"col-12 col-sm-6 col-lg-2 border-bottom pb-2\">\n            <small><i class=\"fas fa-solid fa-newspaper fa-fw me-2\" style=\"color: #8c9db3;\"><\/i>Editorial<\/small>\n        <\/div>\n\n        <div class=\"col-12 col-sm-6 col-lg-5 border-bottom pb-2\">\n            <small class=\"text-muted\">Editora da UFPB<\/small>\n        <\/div>\n\n        <div class=\"col-12 col-sm-6 col-lg-2 border-bottom pb-2\">\n            <small><i class=\"fas fa-solid fa-user-pen fa-fw me-2\" style=\"color: #8c9db3;\"><\/i>Editores<\/small>\n        <\/div>\n\n        <div class=\"col-12 col-sm-6 col-lg-10 border-bottom pb-2\">\n            <small class=\"text-muted\">R. Celi Mendes Pereira<\/small>\n        <\/div>\n\n        <div class=\"col-12 col-sm-6 col-lg-2\">\n            <small><i class=\"fas fa-solid fa-signature fa-fw me-2\" style=\"color: #8c9db3;\"><\/i>Autores<\/small>\n        <\/div>\n\n        <div class=\"col-12 col-sm-6 col-lg-10\">\n            <small class=\"text-muted\">Federico Daniel Navarro<\/small>\n        <\/div>\n    <\/div><span class=\"caption-field-publish\"><\/span><\/div><\/div><\/div><\/div><\/div><div class=\"  circle--pattern-bottom-large col-sm-12 col-md-12 img-article\"><div class=\"holder-publish col-md-12\" style=\"border-bottom: 1px solid #B8B8B8\"><div class=\"content-holder h-100 component-border overflow-hidden row m-0 p-4 aling-items-center\"><ul class=\"p-0 list-style-none\"><li class=\"p-0 me-2\"><i class=\"fas fa-solid fa-book fa-fw\"><\/i> Manual de lectura, escritura y oralidad acad\u00e9micas para ingresantes a la universidad<\/li><li class=\"p-0 me-2\"><i class=\"fas fa-solid fa-calendar fa-fw\"><\/i> 2018<\/li><\/ul><div class=\"caption col-12 p-0 col-md-12 row m-0 align-items-center\"><div class=\"px-md-1\">    <h3 class=\"fw-medium m-0 small-space pt-2 pb-2 title-ss text-decoration-none border-bottom\">Did\u00e1ctica basada en g\u00e9neros discursivos para la lectura, escritura y oralidad acad\u00e9micas<\/h3>\n\n    <div class=\"mt-0 row g-3\">\n        \n        <div class=\"col-12 col-sm-6 col-lg-2 border-bottom pb-2\">\n            <small><i class=\"fas fa-solid fa-barcode fa-fw me-2\" style=\"color: #8c9db3;\"><\/i>ISBN<\/small>\n        <\/div>\n\n        <div class=\"col-12 col-sm-6 col-lg-3 border-bottom pb-2\">\n            <small class=\"text-muted\"><\/small>\n        <\/div>\n\n        <div class=\"col-12 col-sm-6 col-lg-2 border-bottom pb-2\">\n            <small><i class=\"fas fa-solid fa-file fa-fw me-2\" style=\"color: #8c9db3;\"><\/i>P\u00e1ginas<\/small>\n        <\/div>\n\n        <div class=\"col-12 col-sm-6 col-lg-5 border-bottom pb-2\">\n            <small class=\"text-muted\">D\u00e9sde la p\u00e1gina 13, hasta la p\u00e1gina 23<\/small>\n        <\/div>\n\n        <div class=\"col-12 col-sm-6 col-lg-2 border-bottom pb-2\">\n            <small><i class=\"fas fa-solid fa-language fa-fw me-2\" style=\"color: #8c9db3;\"><\/i>Idioma<\/small>\n        <\/div>\n\n        <div class=\"col-12 col-sm-6 col-lg-3 border-bottom pb-2\">\n            <small class=\"text-muted\"><\/small>\n        <\/div>\n\n        <div class=\"col-12 col-sm-6 col-lg-2 border-bottom pb-2\">\n            <small><i class=\"fas fa-solid fa-newspaper fa-fw me-2\" style=\"color: #8c9db3;\"><\/i>Editorial<\/small>\n        <\/div>\n\n        <div class=\"col-12 col-sm-6 col-lg-5 border-bottom pb-2\">\n            <small class=\"text-muted\">Universidad Nacional de Quilmes<\/small>\n        <\/div>\n\n        <div class=\"col-12 col-sm-6 col-lg-2 border-bottom pb-2\">\n            <small><i class=\"fas fa-solid fa-user-pen fa-fw me-2\" style=\"color: #8c9db3;\"><\/i>Editores<\/small>\n        <\/div>\n\n        <div class=\"col-12 col-sm-6 col-lg-10 border-bottom pb-2\">\n            <small class=\"text-muted\">F. Navarro; G. Aparicio<\/small>\n        <\/div>\n\n        <div class=\"col-12 col-sm-6 col-lg-2\">\n            <small><i class=\"fas fa-solid fa-signature fa-fw me-2\" style=\"color: #8c9db3;\"><\/i>Autores<\/small>\n        <\/div>\n\n        <div class=\"col-12 col-sm-6 col-lg-10\">\n            <small class=\"text-muted\">Federico Daniel Navarro<\/small>\n        <\/div>\n    <\/div><span class=\"caption-field-publish\"><\/span><\/div><\/div><\/div><\/div><\/div><div class=\"  circle--pattern-bottom-large col-sm-12 col-md-12 img-article\"><div class=\"holder-publish col-md-12\" style=\"border-bottom: 1px solid #B8B8B8\"><div class=\"content-holder h-100 component-border overflow-hidden row m-0 p-4 aling-items-center\"><ul class=\"p-0 list-style-none\"><li class=\"p-0 me-2\"><i class=\"fas fa-solid fa-book fa-fw\"><\/i> Manual de lectura, escritura y oralidad en econom\u00eda y administraci\u00f3n<\/li><li class=\"p-0 me-2\"><i class=\"fas fa-solid fa-calendar fa-fw\"><\/i> 2018<\/li><\/ul><div class=\"caption col-12 p-0 col-md-12 row m-0 align-items-center\"><div class=\"px-md-1\">    <h3 class=\"fw-medium m-0 small-space pt-2 pb-2 title-ss text-decoration-none border-bottom\">Did\u00e1ctica basada en g\u00e9neros discursivos para la lectura, escritura y oralidad disciplinares<\/h3>\n\n    <div class=\"mt-0 row g-3\">\n        \n        <div class=\"col-12 col-sm-6 col-lg-2 border-bottom pb-2\">\n            <small><i class=\"fas fa-solid fa-barcode fa-fw me-2\" style=\"color: #8c9db3;\"><\/i>ISBN<\/small>\n        <\/div>\n\n        <div class=\"col-12 col-sm-6 col-lg-3 border-bottom pb-2\">\n            <small class=\"text-muted\">978-987-558-500-3<\/small>\n        <\/div>\n\n        <div class=\"col-12 col-sm-6 col-lg-2 border-bottom pb-2\">\n            <small><i class=\"fas fa-solid fa-file fa-fw me-2\" style=\"color: #8c9db3;\"><\/i>P\u00e1ginas<\/small>\n        <\/div>\n\n        <div class=\"col-12 col-sm-6 col-lg-5 border-bottom pb-2\">\n            <small class=\"text-muted\">D\u00e9sde la p\u00e1gina 11, hasta la p\u00e1gina 21<\/small>\n        <\/div>\n\n        <div class=\"col-12 col-sm-6 col-lg-2 border-bottom pb-2\">\n            <small><i class=\"fas fa-solid fa-language fa-fw me-2\" style=\"color: #8c9db3;\"><\/i>Idioma<\/small>\n        <\/div>\n\n        <div class=\"col-12 col-sm-6 col-lg-3 border-bottom pb-2\">\n            <small class=\"text-muted\"><\/small>\n        <\/div>\n\n        <div class=\"col-12 col-sm-6 col-lg-2 border-bottom pb-2\">\n            <small><i class=\"fas fa-solid fa-newspaper fa-fw me-2\" style=\"color: #8c9db3;\"><\/i>Editorial<\/small>\n        <\/div>\n\n        <div class=\"col-12 col-sm-6 col-lg-5 border-bottom pb-2\">\n            <small class=\"text-muted\">Universidad Nacional de Quilmes<\/small>\n        <\/div>\n\n        <div class=\"col-12 col-sm-6 col-lg-2 border-bottom pb-2\">\n            <small><i class=\"fas fa-solid fa-user-pen fa-fw me-2\" style=\"color: #8c9db3;\"><\/i>Editores<\/small>\n        <\/div>\n\n        <div class=\"col-12 col-sm-6 col-lg-10 border-bottom pb-2\">\n            <small class=\"text-muted\">F. Navarro; L. Mari<\/small>\n        <\/div>\n\n        <div class=\"col-12 col-sm-6 col-lg-2\">\n            <small><i class=\"fas fa-solid fa-signature fa-fw me-2\" style=\"color: #8c9db3;\"><\/i>Autores<\/small>\n        <\/div>\n\n        <div class=\"col-12 col-sm-6 col-lg-10\">\n            <small class=\"text-muted\">Federico Daniel Navarro<\/small>\n        <\/div>\n    <\/div><span class=\"caption-field-publish\"><\/span><\/div><\/div><\/div><\/div><\/div><div class=\"  circle--pattern-bottom-large col-sm-12 col-md-12 img-article\"><div class=\"holder-publish col-md-12\" style=\"border-bottom: 1px solid #B8B8B8\"><div class=\"content-holder h-100 component-border overflow-hidden row m-0 p-4 aling-items-center\"><ul class=\"p-0 list-style-none\"><li class=\"p-0 me-2\"><i class=\"fas fa-solid fa-book fa-fw\"><\/i> Forma\u00e7\u00e3o de Professores: Ensino, linguagens e tecnologias<\/li><li class=\"p-0 me-2\"><i class=\"fas fa-solid fa-calendar fa-fw\"><\/i> 2018<\/li><\/ul><div class=\"caption col-12 p-0 col-md-12 row m-0 align-items-center\"><div class=\"px-md-1\">    <h3 class=\"fw-medium m-0 small-space pt-2 pb-2 title-ss text-decoration-none border-bottom\">M\u00e1s all\u00e1 de la alfabetizaci\u00f3n acad\u00e9mica: las funciones de la escritura en educaci\u00f3n superior<\/h3>\n\n    <div class=\"mt-0 row g-3\">\n        \n        <div class=\"col-12 col-sm-6 col-lg-2 border-bottom pb-2\">\n            <small><i class=\"fas fa-solid fa-barcode fa-fw me-2\" style=\"color: #8c9db3;\"><\/i>ISBN<\/small>\n        <\/div>\n\n        <div class=\"col-12 col-sm-6 col-lg-3 border-bottom pb-2\">\n            <small class=\"text-muted\">978-85-5696-308-6<\/small>\n        <\/div>\n\n        <div class=\"col-12 col-sm-6 col-lg-2 border-bottom pb-2\">\n            <small><i class=\"fas fa-solid fa-file fa-fw me-2\" style=\"color: #8c9db3;\"><\/i>P\u00e1ginas<\/small>\n        <\/div>\n\n        <div class=\"col-12 col-sm-6 col-lg-5 border-bottom pb-2\">\n            <small class=\"text-muted\">D\u00e9sde la p\u00e1gina 13, hasta la p\u00e1gina 49<\/small>\n        <\/div>\n\n        <div class=\"col-12 col-sm-6 col-lg-2 border-bottom pb-2\">\n            <small><i class=\"fas fa-solid fa-language fa-fw me-2\" style=\"color: #8c9db3;\"><\/i>Idioma<\/small>\n        <\/div>\n\n        <div class=\"col-12 col-sm-6 col-lg-3 border-bottom pb-2\">\n            <small class=\"text-muted\"><\/small>\n        <\/div>\n\n        <div class=\"col-12 col-sm-6 col-lg-2 border-bottom pb-2\">\n            <small><i class=\"fas fa-solid fa-newspaper fa-fw me-2\" style=\"color: #8c9db3;\"><\/i>Editorial<\/small>\n        <\/div>\n\n        <div class=\"col-12 col-sm-6 col-lg-5 border-bottom pb-2\">\n            <small class=\"text-muted\">Editora Fi<\/small>\n        <\/div>\n\n        <div class=\"col-12 col-sm-6 col-lg-2 border-bottom pb-2\">\n            <small><i class=\"fas fa-solid fa-user-pen fa-fw me-2\" style=\"color: #8c9db3;\"><\/i>Editores<\/small>\n        <\/div>\n\n        <div class=\"col-12 col-sm-6 col-lg-10 border-bottom pb-2\">\n            <small class=\"text-muted\">M. A. Alves; V. Iensen Bortoluzzi<\/small>\n        <\/div>\n\n        <div class=\"col-12 col-sm-6 col-lg-2\">\n            <small><i class=\"fas fa-solid fa-signature fa-fw me-2\" style=\"color: #8c9db3;\"><\/i>Autores<\/small>\n        <\/div>\n\n        <div class=\"col-12 col-sm-6 col-lg-10\">\n            <small class=\"text-muted\">Federico Daniel Navarro<\/small>\n        <\/div>\n    <\/div><span class=\"caption-field-publish\"><\/span><\/div><\/div><\/div><\/div><\/div><div class=\"  circle--pattern-bottom-large col-sm-12 col-md-12 img-article\"><div class=\"holder-publish col-md-12\" style=\"border-bottom: 1px solid #B8B8B8\"><div class=\"content-holder h-100 component-border overflow-hidden row m-0 p-4 aling-items-center\"><ul class=\"p-0 list-style-none\"><li class=\"p-0 me-2\"><i class=\"fas fa-solid fa-book fa-fw\"><\/i> Las voces del PACE<\/li><li class=\"p-0 me-2\"><i class=\"fas fa-solid fa-calendar fa-fw\"><\/i> 2018<\/li><\/ul><div class=\"caption col-12 p-0 col-md-12 row m-0 align-items-center\"><div class=\"px-md-1\">    <h3 class=\"fw-medium m-0 small-space pt-2 pb-2 title-ss text-decoration-none border-bottom\">Shock de escritura<\/h3>\n\n    <div class=\"mt-0 row g-3\">\n        \n        <div class=\"col-12 col-sm-6 col-lg-2 border-bottom pb-2\">\n            <small><i class=\"fas fa-solid fa-barcode fa-fw me-2\" style=\"color: #8c9db3;\"><\/i>ISBN<\/small>\n        <\/div>\n\n        <div class=\"col-12 col-sm-6 col-lg-3 border-bottom pb-2\">\n            <small class=\"text-muted\">978-956-303-368-7<\/small>\n        <\/div>\n\n        <div class=\"col-12 col-sm-6 col-lg-2 border-bottom pb-2\">\n            <small><i class=\"fas fa-solid fa-file fa-fw me-2\" style=\"color: #8c9db3;\"><\/i>P\u00e1ginas<\/small>\n        <\/div>\n\n        <div class=\"col-12 col-sm-6 col-lg-5 border-bottom pb-2\">\n            <small class=\"text-muted\">D\u00e9sde la p\u00e1gina 48, hasta la p\u00e1gina 49<\/small>\n        <\/div>\n\n        <div class=\"col-12 col-sm-6 col-lg-2 border-bottom pb-2\">\n            <small><i class=\"fas fa-solid fa-language fa-fw me-2\" style=\"color: #8c9db3;\"><\/i>Idioma<\/small>\n        <\/div>\n\n        <div class=\"col-12 col-sm-6 col-lg-3 border-bottom pb-2\">\n            <small class=\"text-muted\"><\/small>\n        <\/div>\n\n        <div class=\"col-12 col-sm-6 col-lg-2 border-bottom pb-2\">\n            <small><i class=\"fas fa-solid fa-newspaper fa-fw me-2\" style=\"color: #8c9db3;\"><\/i>Editorial<\/small>\n        <\/div>\n\n        <div class=\"col-12 col-sm-6 col-lg-5 border-bottom pb-2\">\n            <small class=\"text-muted\">Universidad de Santiago de Chile<\/small>\n        <\/div>\n\n        <div class=\"col-12 col-sm-6 col-lg-2 border-bottom pb-2\">\n            <small><i class=\"fas fa-solid fa-user-pen fa-fw me-2\" style=\"color: #8c9db3;\"><\/i>Editores<\/small>\n        <\/div>\n\n        <div class=\"col-12 col-sm-6 col-lg-10 border-bottom pb-2\">\n            <small class=\"text-muted\">E. Simonsen<\/small>\n        <\/div>\n\n        <div class=\"col-12 col-sm-6 col-lg-2\">\n            <small><i class=\"fas fa-solid fa-signature fa-fw me-2\" style=\"color: #8c9db3;\"><\/i>Autores<\/small>\n        <\/div>\n\n        <div class=\"col-12 col-sm-6 col-lg-10\">\n            <small class=\"text-muted\">Federico Daniel Navarro<\/small>\n        <\/div>\n    <\/div><span class=\"caption-field-publish\"><\/span><\/div><\/div><\/div><\/div><\/div><div class=\"  circle--pattern-bottom-large col-sm-12 col-md-12 img-article\"><div class=\"holder-publish col-md-12\" style=\"border-bottom: 1px solid #B8B8B8\"><div class=\"content-holder h-100 component-border overflow-hidden row m-0 p-4 aling-items-center\"><ul class=\"p-0 list-style-none\"><li class=\"p-0 me-2\"><i class=\"fas fa-solid fa-book fa-fw\"><\/i> Antioxidants and Antioxidant Enzymes in Higher Plants<\/li><li class=\"p-0 me-2\"><i class=\"fas fa-solid fa-calendar fa-fw\"><\/i> 2018<\/li><\/ul><div class=\"caption col-12 p-0 col-md-12 row m-0 align-items-center\"><div class=\"px-md-1\">    <h3 class=\"fw-medium m-0 small-space pt-2 pb-2 title-ss text-decoration-none border-bottom\">Revisiting  Carotenoids and Their Role in Plant Stress Responses: From Biosynthesis to Plant Signaling Mechanisms During Stress<\/h3>\n\n    <div class=\"mt-0 row g-3\">\n        \n        <div class=\"col-12 col-sm-6 col-lg-2 border-bottom pb-2\">\n            <small><i class=\"fas fa-solid fa-barcode fa-fw me-2\" style=\"color: #8c9db3;\"><\/i>ISBN<\/small>\n        <\/div>\n\n        <div class=\"col-12 col-sm-6 col-lg-3 border-bottom pb-2\">\n            <small class=\"text-muted\"><\/small>\n        <\/div>\n\n        <div class=\"col-12 col-sm-6 col-lg-2 border-bottom pb-2\">\n            <small><i class=\"fas fa-solid fa-file fa-fw me-2\" style=\"color: #8c9db3;\"><\/i>P\u00e1ginas<\/small>\n        <\/div>\n\n        <div class=\"col-12 col-sm-6 col-lg-5 border-bottom pb-2\">\n            <small class=\"text-muted\">D\u00e9sde la p\u00e1gina 207, hasta la p\u00e1gina 232<\/small>\n        <\/div>\n\n        <div class=\"col-12 col-sm-6 col-lg-2 border-bottom pb-2\">\n            <small><i class=\"fas fa-solid fa-language fa-fw me-2\" style=\"color: #8c9db3;\"><\/i>Idioma<\/small>\n        <\/div>\n\n        <div class=\"col-12 col-sm-6 col-lg-3 border-bottom pb-2\">\n            <small class=\"text-muted\"><\/small>\n        <\/div>\n\n        <div class=\"col-12 col-sm-6 col-lg-2 border-bottom pb-2\">\n            <small><i class=\"fas fa-solid fa-newspaper fa-fw me-2\" style=\"color: #8c9db3;\"><\/i>Editorial<\/small>\n        <\/div>\n\n        <div class=\"col-12 col-sm-6 col-lg-5 border-bottom pb-2\">\n            <small class=\"text-muted\">Springer Nature<\/small>\n        <\/div>\n\n        <div class=\"col-12 col-sm-6 col-lg-2 border-bottom pb-2\">\n            <small><i class=\"fas fa-solid fa-user-pen fa-fw me-2\" style=\"color: #8c9db3;\"><\/i>Editores<\/small>\n        <\/div>\n\n        <div class=\"col-12 col-sm-6 col-lg-10 border-bottom pb-2\">\n            <small class=\"text-muted\"><\/small>\n        <\/div>\n\n        <div class=\"col-12 col-sm-6 col-lg-2\">\n            <small><i class=\"fas fa-solid fa-signature fa-fw me-2\" style=\"color: #8c9db3;\"><\/i>Autores<\/small>\n        <\/div>\n\n        <div class=\"col-12 col-sm-6 col-lg-10\">\n            <small class=\"text-muted\">Virgilio Gavicho<\/small>\n        <\/div>\n    <\/div><span class=\"caption-field-publish\"><\/span><\/div><\/div><\/div><\/div><\/div><div class=\"  circle--pattern-bottom-large col-sm-12 col-md-12 img-article\"><div class=\"holder-publish col-md-12\" style=\"border-bottom: 1px solid #B8B8B8\"><div class=\"content-holder h-100 component-border overflow-hidden row m-0 p-4 aling-items-center\"><ul class=\"p-0 list-style-none\"><li class=\"p-0 me-2\"><i class=\"fas fa-solid fa-book fa-fw\"><\/i> Tratado de Neuropsicolog\u00eda Cl\u00ednica: Bases conceptuales y t\u00e9cnicas de evaluaci\u00f3n<\/li><li class=\"p-0 me-2\"><i class=\"fas fa-solid fa-calendar fa-fw\"><\/i> 2018<\/li><\/ul><div class=\"caption col-12 p-0 col-md-12 row m-0 align-items-center\"><div class=\"px-md-1\">    <h3 class=\"fw-medium m-0 small-space pt-2 pb-2 title-ss text-decoration-none border-bottom\">Elementos de Neuroanatom\u00eda para la Neuropsicolog\u00eda<\/h3>\n\n    <div class=\"mt-0 row g-3\">\n        \n        <div class=\"col-12 col-sm-6 col-lg-2 border-bottom pb-2\">\n            <small><i class=\"fas fa-solid fa-barcode fa-fw me-2\" style=\"color: #8c9db3;\"><\/i>ISBN<\/small>\n        <\/div>\n\n        <div class=\"col-12 col-sm-6 col-lg-3 border-bottom pb-2\">\n            <small class=\"text-muted\">9789875703711<\/small>\n        <\/div>\n\n        <div class=\"col-12 col-sm-6 col-lg-2 border-bottom pb-2\">\n            <small><i class=\"fas fa-solid fa-file fa-fw me-2\" style=\"color: #8c9db3;\"><\/i>P\u00e1ginas<\/small>\n        <\/div>\n\n        <div class=\"col-12 col-sm-6 col-lg-5 border-bottom pb-2\">\n            <small class=\"text-muted\">D\u00e9sde la p\u00e1gina 9, hasta la p\u00e1gina 31<\/small>\n        <\/div>\n\n        <div class=\"col-12 col-sm-6 col-lg-2 border-bottom pb-2\">\n            <small><i class=\"fas fa-solid fa-language fa-fw me-2\" style=\"color: #8c9db3;\"><\/i>Idioma<\/small>\n        <\/div>\n\n        <div class=\"col-12 col-sm-6 col-lg-3 border-bottom pb-2\">\n            <small class=\"text-muted\">Espa\u00f1ol<\/small>\n        <\/div>\n\n        <div class=\"col-12 col-sm-6 col-lg-2 border-bottom pb-2\">\n            <small><i class=\"fas fa-solid fa-newspaper fa-fw me-2\" style=\"color: #8c9db3;\"><\/i>Editorial<\/small>\n        <\/div>\n\n        <div class=\"col-12 col-sm-6 col-lg-5 border-bottom pb-2\">\n            <small class=\"text-muted\">Akadia<\/small>\n        <\/div>\n\n        <div class=\"col-12 col-sm-6 col-lg-2 border-bottom pb-2\">\n            <small><i class=\"fas fa-solid fa-user-pen fa-fw me-2\" style=\"color: #8c9db3;\"><\/i>Editores<\/small>\n        <\/div>\n\n        <div class=\"col-12 col-sm-6 col-lg-10 border-bottom pb-2\">\n            <small class=\"text-muted\">Edith Labos, Andrea Slachevsky, Teresa Torralva, Patricio Fuentes, Facundo Manes<\/small>\n        <\/div>\n\n        <div class=\"col-12 col-sm-6 col-lg-2\">\n            <small><i class=\"fas fa-solid fa-signature fa-fw me-2\" style=\"color: #8c9db3;\"><\/i>Autores<\/small>\n        <\/div>\n\n        <div class=\"col-12 col-sm-6 col-lg-10\">\n            <small class=\"text-muted\">Andrea Slachevksy, Gonzalo Forno, Mart\u00ednez- Pernia, Carlos Eduardo Mu\u00f1oz Neira, Fernando Henr\u00edquez<\/small>\n        <\/div>\n    <\/div><span class=\"caption-field-publish\"><\/span><\/div><\/div><\/div><\/div><\/div><div class=\"  circle--pattern-bottom-large col-sm-12 col-md-12 img-article\"><div class=\"holder-publish col-md-12\" style=\"border-bottom: 1px solid #B8B8B8\"><div class=\"content-holder h-100 component-border overflow-hidden row m-0 p-4 aling-items-center\"><ul class=\"p-0 list-style-none\"><li class=\"p-0 me-2\"><i class=\"fas fa-solid fa-book fa-fw\"><\/i> Escenarios educativos latinoamericanos. Una mirada desde la universidad<\/li><li class=\"p-0 me-2\"><i class=\"fas fa-solid fa-calendar fa-fw\"><\/i> 2018<\/li><\/ul><div class=\"caption col-12 p-0 col-md-12 row m-0 align-items-center\"><div class=\"px-md-1\">    <h3 class=\"fw-medium m-0 small-space pt-2 pb-2 title-ss text-decoration-none border-bottom\">Hacia una formaci\u00f3n onto-epistemol\u00f3gica de artistas-docentes. Un cruce de experiencias.<\/h3>\n\n    <div class=\"mt-0 row g-3\">\n        \n        <div class=\"col-12 col-sm-6 col-lg-2 border-bottom pb-2\">\n            <small><i class=\"fas fa-solid fa-barcode fa-fw me-2\" style=\"color: #8c9db3;\"><\/i>ISBN<\/small>\n        <\/div>\n\n        <div class=\"col-12 col-sm-6 col-lg-3 border-bottom pb-2\">\n            <small class=\"text-muted\">978-612-46680- 6-7<\/small>\n        <\/div>\n\n        <div class=\"col-12 col-sm-6 col-lg-2 border-bottom pb-2\">\n            <small><i class=\"fas fa-solid fa-file fa-fw me-2\" style=\"color: #8c9db3;\"><\/i>P\u00e1ginas<\/small>\n        <\/div>\n\n        <div class=\"col-12 col-sm-6 col-lg-5 border-bottom pb-2\">\n            <small class=\"text-muted\">D\u00e9sde la p\u00e1gina 8, hasta la p\u00e1gina 19<\/small>\n        <\/div>\n\n        <div class=\"col-12 col-sm-6 col-lg-2 border-bottom pb-2\">\n            <small><i class=\"fas fa-solid fa-language fa-fw me-2\" style=\"color: #8c9db3;\"><\/i>Idioma<\/small>\n        <\/div>\n\n        <div class=\"col-12 col-sm-6 col-lg-3 border-bottom pb-2\">\n            <small class=\"text-muted\">Espa\u00f1ol<\/small>\n        <\/div>\n\n        <div class=\"col-12 col-sm-6 col-lg-2 border-bottom pb-2\">\n            <small><i class=\"fas fa-solid fa-newspaper fa-fw me-2\" style=\"color: #8c9db3;\"><\/i>Editorial<\/small>\n        <\/div>\n\n        <div class=\"col-12 col-sm-6 col-lg-5 border-bottom pb-2\">\n            <small class=\"text-muted\">REDEM<\/small>\n        <\/div>\n\n        <div class=\"col-12 col-sm-6 col-lg-2 border-bottom pb-2\">\n            <small><i class=\"fas fa-solid fa-user-pen fa-fw me-2\" style=\"color: #8c9db3;\"><\/i>Editores<\/small>\n        <\/div>\n\n        <div class=\"col-12 col-sm-6 col-lg-10 border-bottom pb-2\">\n            <small class=\"text-muted\"><\/small>\n        <\/div>\n\n        <div class=\"col-12 col-sm-6 col-lg-2\">\n            <small><i class=\"fas fa-solid fa-signature fa-fw me-2\" style=\"color: #8c9db3;\"><\/i>Autores<\/small>\n        <\/div>\n\n        <div class=\"col-12 col-sm-6 col-lg-10\">\n            <small class=\"text-muted\">Mar\u00eda Rosario de Lourdes Garc\u00eda-Huidobro Munita<\/small>\n        <\/div>\n    <\/div><span class=\"caption-field-publish\"><\/span><\/div><\/div><\/div><\/div><\/div><div class=\"  circle--pattern-bottom-large col-sm-12 col-md-12 img-article\"><div class=\"holder-publish col-md-12\" style=\"border-bottom: 1px solid #B8B8B8\"><div class=\"content-holder h-100 component-border overflow-hidden row m-0 p-4 aling-items-center\"><ul class=\"p-0 list-style-none\"><li class=\"p-0 me-2\"><i class=\"fas fa-solid fa-book fa-fw\"><\/i> Ense\u00f1ar Matem\u00e1ticas. Homenaje a los profesores Francisco Fern\u00e1ndez y Francisco Ruiz<\/li><li class=\"p-0 me-2\"><i class=\"fas fa-solid fa-calendar fa-fw\"><\/i> 2018<\/li><\/ul><div class=\"caption col-12 p-0 col-md-12 row m-0 align-items-center\"><div class=\"px-md-1\">    <h3 class=\"fw-medium m-0 small-space pt-2 pb-2 title-ss text-decoration-none border-bottom\">La resoluci\u00f3n de problemas de final abierto en el aula de primaria y el cambio del profesor<\/h3>\n\n    <div class=\"mt-0 row g-3\">\n        \n        <div class=\"col-12 col-sm-6 col-lg-2 border-bottom pb-2\">\n            <small><i class=\"fas fa-solid fa-barcode fa-fw me-2\" style=\"color: #8c9db3;\"><\/i>ISBN<\/small>\n        <\/div>\n\n        <div class=\"col-12 col-sm-6 col-lg-3 border-bottom pb-2\">\n            <small class=\"text-muted\">978-84-96101-68-8<\/small>\n        <\/div>\n\n        <div class=\"col-12 col-sm-6 col-lg-2 border-bottom pb-2\">\n            <small><i class=\"fas fa-solid fa-file fa-fw me-2\" style=\"color: #8c9db3;\"><\/i>P\u00e1ginas<\/small>\n        <\/div>\n\n        <div class=\"col-12 col-sm-6 col-lg-5 border-bottom pb-2\">\n            <small class=\"text-muted\">D\u00e9sde la p\u00e1gina 187, hasta la p\u00e1gina 202<\/small>\n        <\/div>\n\n        <div class=\"col-12 col-sm-6 col-lg-2 border-bottom pb-2\">\n            <small><i class=\"fas fa-solid fa-language fa-fw me-2\" style=\"color: #8c9db3;\"><\/i>Idioma<\/small>\n        <\/div>\n\n        <div class=\"col-12 col-sm-6 col-lg-3 border-bottom pb-2\">\n            <small class=\"text-muted\">Espa\u00f1ol<\/small>\n        <\/div>\n\n        <div class=\"col-12 col-sm-6 col-lg-2 border-bottom pb-2\">\n            <small><i class=\"fas fa-solid fa-newspaper fa-fw me-2\" style=\"color: #8c9db3;\"><\/i>Editorial<\/small>\n        <\/div>\n\n        <div class=\"col-12 col-sm-6 col-lg-5 border-bottom pb-2\">\n            <small class=\"text-muted\">Atrio<\/small>\n        <\/div>\n\n        <div class=\"col-12 col-sm-6 col-lg-2 border-bottom pb-2\">\n            <small><i class=\"fas fa-solid fa-user-pen fa-fw me-2\" style=\"color: #8c9db3;\"><\/i>Editores<\/small>\n        <\/div>\n\n        <div class=\"col-12 col-sm-6 col-lg-10 border-bottom pb-2\">\n            <small class=\"text-muted\">Flores, P., Lupi\u00e1\u00f1ez, J.L., Segovia, I.<\/small>\n        <\/div>\n\n        <div class=\"col-12 col-sm-6 col-lg-2\">\n            <small><i class=\"fas fa-solid fa-signature fa-fw me-2\" style=\"color: #8c9db3;\"><\/i>Autores<\/small>\n        <\/div>\n\n        <div class=\"col-12 col-sm-6 col-lg-10\">\n            <small class=\"text-muted\">Mar\u00eda Victoria Mart\u00ednez Videla, Leonor Varas<\/small>\n        <\/div>\n    <\/div><span class=\"caption-field-publish\"><\/span><\/div><\/div><\/div><\/div><\/div><div class=\"  circle--pattern-bottom-large col-sm-12 col-md-12 img-article\"><div class=\"holder-publish col-md-12\" style=\"border-bottom: 1px solid #B8B8B8\"><div class=\"content-holder h-100 component-border overflow-hidden row m-0 p-4 aling-items-center\"><ul class=\"p-0 list-style-none\"><li class=\"p-0 me-2\"><i class=\"fas fa-solid fa-book fa-fw\"><\/i> Territorios Alternos: di\u00e1logos<\/li><li class=\"p-0 me-2\"><i class=\"fas fa-solid fa-calendar fa-fw\"><\/i> 2018<\/li><\/ul><div class=\"caption col-12 p-0 col-md-12 row m-0 align-items-center\"><div class=\"px-md-1\">    <h3 class=\"fw-medium m-0 small-space pt-2 pb-2 title-ss text-decoration-none border-bottom\">Ejercicios de autorrepresentaci\u00f3n mapuche urbana<\/h3>\n\n    <div class=\"mt-0 row g-3\">\n        \n        <div class=\"col-12 col-sm-6 col-lg-2 border-bottom pb-2\">\n            <small><i class=\"fas fa-solid fa-barcode fa-fw me-2\" style=\"color: #8c9db3;\"><\/i>ISBN<\/small>\n        <\/div>\n\n        <div class=\"col-12 col-sm-6 col-lg-3 border-bottom pb-2\">\n            <small class=\"text-muted\">978-956-398-163-6<\/small>\n        <\/div>\n\n        <div class=\"col-12 col-sm-6 col-lg-2 border-bottom pb-2\">\n            <small><i class=\"fas fa-solid fa-file fa-fw me-2\" style=\"color: #8c9db3;\"><\/i>P\u00e1ginas<\/small>\n        <\/div>\n\n        <div class=\"col-12 col-sm-6 col-lg-5 border-bottom pb-2\">\n            <small class=\"text-muted\">D\u00e9sde la p\u00e1gina 46-57, hasta la p\u00e1gina <\/small>\n        <\/div>\n\n        <div class=\"col-12 col-sm-6 col-lg-2 border-bottom pb-2\">\n            <small><i class=\"fas fa-solid fa-language fa-fw me-2\" style=\"color: #8c9db3;\"><\/i>Idioma<\/small>\n        <\/div>\n\n        <div class=\"col-12 col-sm-6 col-lg-3 border-bottom pb-2\">\n            <small class=\"text-muted\">Espa\u00f1ol<\/small>\n        <\/div>\n\n        <div class=\"col-12 col-sm-6 col-lg-2 border-bottom pb-2\">\n            <small><i class=\"fas fa-solid fa-newspaper fa-fw me-2\" style=\"color: #8c9db3;\"><\/i>Editorial<\/small>\n        <\/div>\n\n        <div class=\"col-12 col-sm-6 col-lg-5 border-bottom pb-2\">\n            <small class=\"text-muted\">Pehu\u00e9n<\/small>\n        <\/div>\n\n        <div class=\"col-12 col-sm-6 col-lg-2 border-bottom pb-2\">\n            <small><i class=\"fas fa-solid fa-user-pen fa-fw me-2\" style=\"color: #8c9db3;\"><\/i>Editores<\/small>\n        <\/div>\n\n        <div class=\"col-12 col-sm-6 col-lg-10 border-bottom pb-2\">\n            <small class=\"text-muted\">M\u00f3nica Bengoa; Francisco Schwember<\/small>\n        <\/div>\n\n        <div class=\"col-12 col-sm-6 col-lg-2\">\n            <small><i class=\"fas fa-solid fa-signature fa-fw me-2\" style=\"color: #8c9db3;\"><\/i>Autores<\/small>\n        <\/div>\n\n        <div class=\"col-12 col-sm-6 col-lg-10\">\n            <small class=\"text-muted\">Jos\u00e9 Israel Mela Contreras<\/small>\n        <\/div>\n    <\/div><span class=\"caption-field-publish\"><\/span><\/div><\/div><\/div><\/div><\/div><div class=\"  circle--pattern-bottom-large col-sm-12 col-md-12 img-article\"><div class=\"holder-publish col-md-12\" style=\"border-bottom: 1px solid #B8B8B8\"><div class=\"content-holder h-100 component-border overflow-hidden row m-0 p-4 aling-items-center\"><ul class=\"p-0 list-style-none\"><li class=\"p-0 me-2\"><i class=\"fas fa-solid fa-book fa-fw\"><\/i> Actas del X Congreso Internacional de Historia de la Lengua Espa\u00f1ola CIHLE 2015<\/li><li class=\"p-0 me-2\"><i class=\"fas fa-solid fa-calendar fa-fw\"><\/i> 2018<\/li><\/ul><div class=\"caption col-12 p-0 col-md-12 row m-0 align-items-center\"><div class=\"px-md-1\">    <h3 class=\"fw-medium m-0 small-space pt-2 pb-2 title-ss text-decoration-none border-bottom\">[Publicaci\u00f3n en Actas de Congreso Internacional] Expresi\u00f3n variable de los pronombres de sujeto: diferencias entre \u00e9l y ella<\/h3>\n\n    <div class=\"mt-0 row g-3\">\n        \n        <div class=\"col-12 col-sm-6 col-lg-2 border-bottom pb-2\">\n            <small><i class=\"fas fa-solid fa-barcode fa-fw me-2\" style=\"color: #8c9db3;\"><\/i>ISBN<\/small>\n        <\/div>\n\n        <div class=\"col-12 col-sm-6 col-lg-3 border-bottom pb-2\">\n            <small class=\"text-muted\">978-84-9911-500-9<\/small>\n        <\/div>\n\n        <div class=\"col-12 col-sm-6 col-lg-2 border-bottom pb-2\">\n            <small><i class=\"fas fa-solid fa-file fa-fw me-2\" style=\"color: #8c9db3;\"><\/i>P\u00e1ginas<\/small>\n        <\/div>\n\n        <div class=\"col-12 col-sm-6 col-lg-5 border-bottom pb-2\">\n            <small class=\"text-muted\">D\u00e9sde la p\u00e1gina 931-948, hasta la p\u00e1gina <\/small>\n        <\/div>\n\n        <div class=\"col-12 col-sm-6 col-lg-2 border-bottom pb-2\">\n            <small><i class=\"fas fa-solid fa-language fa-fw me-2\" style=\"color: #8c9db3;\"><\/i>Idioma<\/small>\n        <\/div>\n\n        <div class=\"col-12 col-sm-6 col-lg-3 border-bottom pb-2\">\n            <small class=\"text-muted\">Espa\u00f1ol<\/small>\n        <\/div>\n\n        <div class=\"col-12 col-sm-6 col-lg-2 border-bottom pb-2\">\n            <small><i class=\"fas fa-solid fa-newspaper fa-fw me-2\" style=\"color: #8c9db3;\"><\/i>Editorial<\/small>\n        <\/div>\n\n        <div class=\"col-12 col-sm-6 col-lg-5 border-bottom pb-2\">\n            <small class=\"text-muted\">Instituci\u00f3n Fernando el Cat\u00f3lico<\/small>\n        <\/div>\n\n        <div class=\"col-12 col-sm-6 col-lg-2 border-bottom pb-2\">\n            <small><i class=\"fas fa-solid fa-user-pen fa-fw me-2\" style=\"color: #8c9db3;\"><\/i>Editores<\/small>\n        <\/div>\n\n        <div class=\"col-12 col-sm-6 col-lg-10 border-bottom pb-2\">\n            <small class=\"text-muted\">Mar\u00eda Luisa Arnal Purroy, Rosa Mar\u00eda Casta\u00f1er Mart\u00edn, Jos\u00e9 Mar\u00eda Enguita Utrilla, Vicente Lag\u00fc\u00e9ns Gracia, Mar\u00eda Antonia Mart\u00edn Zorraquino<\/small>\n        <\/div>\n\n        <div class=\"col-12 col-sm-6 col-lg-2\">\n            <small><i class=\"fas fa-solid fa-signature fa-fw me-2\" style=\"color: #8c9db3;\"><\/i>Autores<\/small>\n        <\/div>\n\n        <div class=\"col-12 col-sm-6 col-lg-10\">\n            <small class=\"text-muted\">Rena Torres Cacoullos, Miguel Alejandro Ramos Riquelme<\/small>\n        <\/div>\n    <\/div><span class=\"caption-field-publish\"><\/span><\/div><\/div><\/div><\/div><\/div><div class=\"  circle--pattern-bottom-large col-sm-12 col-md-12 img-article\"><div class=\"holder-publish col-md-12\" style=\"border-bottom: 1px solid #B8B8B8\"><div class=\"content-holder h-100 component-border overflow-hidden row m-0 p-4 aling-items-center\"><ul class=\"p-0 list-style-none\"><li class=\"p-0 me-2\"><i class=\"fas fa-solid fa-book fa-fw\"><\/i> OBESIDAD EN CHILE<\/li><li class=\"p-0 me-2\"><i class=\"fas fa-solid fa-calendar fa-fw\"><\/i> 2018<\/li><\/ul><div class=\"caption col-12 p-0 col-md-12 row m-0 align-items-center\"><div class=\"px-md-1\">    <h3 class=\"fw-medium m-0 small-space pt-2 pb-2 title-ss text-decoration-none border-bottom\">Epigen\u00e9tica: mecanismo central de programaci\u00f3n molecular de respuesta y ajuste de en sistemas fisiol\u00f3gicos durante el desarrollo<\/h3>\n\n    <div class=\"mt-0 row g-3\">\n        \n        <div class=\"col-12 col-sm-6 col-lg-2 border-bottom pb-2\">\n            <small><i class=\"fas fa-solid fa-barcode fa-fw me-2\" style=\"color: #8c9db3;\"><\/i>ISBN<\/small>\n        <\/div>\n\n        <div class=\"col-12 col-sm-6 col-lg-3 border-bottom pb-2\">\n            <small class=\"text-muted\">9789561423077<\/small>\n        <\/div>\n\n        <div class=\"col-12 col-sm-6 col-lg-2 border-bottom pb-2\">\n            <small><i class=\"fas fa-solid fa-file fa-fw me-2\" style=\"color: #8c9db3;\"><\/i>P\u00e1ginas<\/small>\n        <\/div>\n\n        <div class=\"col-12 col-sm-6 col-lg-5 border-bottom pb-2\">\n            <small class=\"text-muted\">D\u00e9sde la p\u00e1gina 100, hasta la p\u00e1gina 109<\/small>\n        <\/div>\n\n        <div class=\"col-12 col-sm-6 col-lg-2 border-bottom pb-2\">\n            <small><i class=\"fas fa-solid fa-language fa-fw me-2\" style=\"color: #8c9db3;\"><\/i>Idioma<\/small>\n        <\/div>\n\n        <div class=\"col-12 col-sm-6 col-lg-3 border-bottom pb-2\">\n            <small class=\"text-muted\">Espa\u00f1ol<\/small>\n        <\/div>\n\n        <div class=\"col-12 col-sm-6 col-lg-2 border-bottom pb-2\">\n            <small><i class=\"fas fa-solid fa-newspaper fa-fw me-2\" style=\"color: #8c9db3;\"><\/i>Editorial<\/small>\n        <\/div>\n\n        <div class=\"col-12 col-sm-6 col-lg-5 border-bottom pb-2\">\n            <small class=\"text-muted\">Ediciones UC<\/small>\n        <\/div>\n\n        <div class=\"col-12 col-sm-6 col-lg-2 border-bottom pb-2\">\n            <small><i class=\"fas fa-solid fa-user-pen fa-fw me-2\" style=\"color: #8c9db3;\"><\/i>Editores<\/small>\n        <\/div>\n\n        <div class=\"col-12 col-sm-6 col-lg-10 border-bottom pb-2\">\n            <small class=\"text-muted\">Francisco Mardones, Pilar Arnaiz, Salesa Barja, Pedro Rosso<\/small>\n        <\/div>\n\n        <div class=\"col-12 col-sm-6 col-lg-2\">\n            <small><i class=\"fas fa-solid fa-signature fa-fw me-2\" style=\"color: #8c9db3;\"><\/i>Autores<\/small>\n        <\/div>\n\n        <div class=\"col-12 col-sm-6 col-lg-10\">\n            <small class=\"text-muted\">Bernardo Javier Krause Leyton, Ricardo Uauy<\/small>\n        <\/div>\n    <\/div><span class=\"caption-field-publish\"><\/span><\/div><\/div><\/div><\/div><\/div><div class=\"  circle--pattern-bottom-large col-sm-12 col-md-12 img-article\"><div class=\"holder-publish col-md-12\" style=\"border-bottom: 1px solid #B8B8B8\"><div class=\"content-holder h-100 component-border overflow-hidden row m-0 p-4 aling-items-center\"><ul class=\"p-0 list-style-none\"><li class=\"p-0 me-2\"><i class=\"fas fa-solid fa-book fa-fw\"><\/i> Trace Elements and Minerals in Health and Longevity.<\/li><li class=\"p-0 me-2\"><i class=\"fas fa-solid fa-calendar fa-fw\"><\/i> 2018<\/li><\/ul><div class=\"caption col-12 p-0 col-md-12 row m-0 align-items-center\"><div class=\"px-md-1\">    <h3 class=\"fw-medium m-0 small-space pt-2 pb-2 title-ss text-decoration-none border-bottom\">Chapter 2: Copper.<\/h3>\n\n    <div class=\"mt-0 row g-3\">\n        \n        <div class=\"col-12 col-sm-6 col-lg-2 border-bottom pb-2\">\n            <small><i class=\"fas fa-solid fa-barcode fa-fw me-2\" style=\"color: #8c9db3;\"><\/i>ISBN<\/small>\n        <\/div>\n\n        <div class=\"col-12 col-sm-6 col-lg-3 border-bottom pb-2\">\n            <small class=\"text-muted\"><\/small>\n        <\/div>\n\n        <div class=\"col-12 col-sm-6 col-lg-2 border-bottom pb-2\">\n            <small><i class=\"fas fa-solid fa-file fa-fw me-2\" style=\"color: #8c9db3;\"><\/i>P\u00e1ginas<\/small>\n        <\/div>\n\n        <div class=\"col-12 col-sm-6 col-lg-5 border-bottom pb-2\">\n            <small class=\"text-muted\">D\u00e9sde la p\u00e1gina 220, hasta la p\u00e1gina 248<\/small>\n        <\/div>\n\n        <div class=\"col-12 col-sm-6 col-lg-2 border-bottom pb-2\">\n            <small><i class=\"fas fa-solid fa-language fa-fw me-2\" style=\"color: #8c9db3;\"><\/i>Idioma<\/small>\n        <\/div>\n\n        <div class=\"col-12 col-sm-6 col-lg-3 border-bottom pb-2\">\n            <small class=\"text-muted\">Ingl\u00e9s<\/small>\n        <\/div>\n\n        <div class=\"col-12 col-sm-6 col-lg-2 border-bottom pb-2\">\n            <small><i class=\"fas fa-solid fa-newspaper fa-fw me-2\" style=\"color: #8c9db3;\"><\/i>Editorial<\/small>\n        <\/div>\n\n        <div class=\"col-12 col-sm-6 col-lg-5 border-bottom pb-2\">\n            <small class=\"text-muted\">Springer<\/small>\n        <\/div>\n\n        <div class=\"col-12 col-sm-6 col-lg-2 border-bottom pb-2\">\n            <small><i class=\"fas fa-solid fa-user-pen fa-fw me-2\" style=\"color: #8c9db3;\"><\/i>Editores<\/small>\n        <\/div>\n\n        <div class=\"col-12 col-sm-6 col-lg-10 border-bottom pb-2\">\n            <small class=\"text-muted\">Marco Malavolta, Eugenio Mocchegiani<\/small>\n        <\/div>\n\n        <div class=\"col-12 col-sm-6 col-lg-2\">\n            <small><i class=\"fas fa-solid fa-signature fa-fw me-2\" style=\"color: #8c9db3;\"><\/i>Autores<\/small>\n        <\/div>\n\n        <div class=\"col-12 col-sm-6 col-lg-10\">\n            <small class=\"text-muted\">Miguel Arredondo, Mauricio Gonzalez Canales, Mauricio Alejandro Latorre Mora<\/small>\n        <\/div>\n    <\/div><span class=\"caption-field-publish\"><\/span><\/div><\/div><\/div><\/div><\/div><div class=\"  circle--pattern-bottom-large col-sm-12 col-md-12 img-article\"><div class=\"holder-publish col-md-12\" style=\"border-bottom: 1px solid #B8B8B8\"><div class=\"content-holder h-100 component-border overflow-hidden row m-0 p-4 aling-items-center\"><ul class=\"p-0 list-style-none\"><li class=\"p-0 me-2\"><i class=\"fas fa-solid fa-book fa-fw\"><\/i> Clinical and Translational Perspectives on WILSON DISEASE.<\/li><li class=\"p-0 me-2\"><i class=\"fas fa-solid fa-calendar fa-fw\"><\/i> 2018<\/li><\/ul><div class=\"caption col-12 p-0 col-md-12 row m-0 align-items-center\"><div class=\"px-md-1\">    <h3 class=\"fw-medium m-0 small-space pt-2 pb-2 title-ss text-decoration-none border-bottom\">Chapter 3: Biological aspects of copper.<\/h3>\n\n    <div class=\"mt-0 row g-3\">\n        \n        <div class=\"col-12 col-sm-6 col-lg-2 border-bottom pb-2\">\n            <small><i class=\"fas fa-solid fa-barcode fa-fw me-2\" style=\"color: #8c9db3;\"><\/i>ISBN<\/small>\n        <\/div>\n\n        <div class=\"col-12 col-sm-6 col-lg-3 border-bottom pb-2\">\n            <small class=\"text-muted\"><\/small>\n        <\/div>\n\n        <div class=\"col-12 col-sm-6 col-lg-2 border-bottom pb-2\">\n            <small><i class=\"fas fa-solid fa-file fa-fw me-2\" style=\"color: #8c9db3;\"><\/i>P\u00e1ginas<\/small>\n        <\/div>\n\n        <div class=\"col-12 col-sm-6 col-lg-5 border-bottom pb-2\">\n            <small class=\"text-muted\">D\u00e9sde la p\u00e1gina 312, hasta la p\u00e1gina 323<\/small>\n        <\/div>\n\n        <div class=\"col-12 col-sm-6 col-lg-2 border-bottom pb-2\">\n            <small><i class=\"fas fa-solid fa-language fa-fw me-2\" style=\"color: #8c9db3;\"><\/i>Idioma<\/small>\n        <\/div>\n\n        <div class=\"col-12 col-sm-6 col-lg-3 border-bottom pb-2\">\n            <small class=\"text-muted\">Ingl\u00e9s<\/small>\n        <\/div>\n\n        <div class=\"col-12 col-sm-6 col-lg-2 border-bottom pb-2\">\n            <small><i class=\"fas fa-solid fa-newspaper fa-fw me-2\" style=\"color: #8c9db3;\"><\/i>Editorial<\/small>\n        <\/div>\n\n        <div class=\"col-12 col-sm-6 col-lg-5 border-bottom pb-2\">\n            <small class=\"text-muted\">Elsevier<\/small>\n        <\/div>\n\n        <div class=\"col-12 col-sm-6 col-lg-2 border-bottom pb-2\">\n            <small><i class=\"fas fa-solid fa-user-pen fa-fw me-2\" style=\"color: #8c9db3;\"><\/i>Editores<\/small>\n        <\/div>\n\n        <div class=\"col-12 col-sm-6 col-lg-10 border-bottom pb-2\">\n            <small class=\"text-muted\">Nanda Kerkar, Eve A Roberts.<\/small>\n        <\/div>\n\n        <div class=\"col-12 col-sm-6 col-lg-2\">\n            <small><i class=\"fas fa-solid fa-signature fa-fw me-2\" style=\"color: #8c9db3;\"><\/i>Autores<\/small>\n        <\/div>\n\n        <div class=\"col-12 col-sm-6 col-lg-10\">\n            <small class=\"text-muted\">Mauricio Alejandro Latorre Mora, Rodrigo Troncoso, Ricardo Uauy<\/small>\n        <\/div>\n    <\/div><span class=\"caption-field-publish\"><\/span><\/div><\/div><\/div><\/div><\/div><div class=\"  circle--pattern-bottom-large col-sm-12 col-md-12 img-article\"><div class=\"holder-publish col-md-12\" style=\"border-bottom: 1px solid #B8B8B8\"><div class=\"content-holder h-100 component-border overflow-hidden row m-0 p-4 aling-items-center\"><ul class=\"p-0 list-style-none\"><li class=\"p-0 me-2\"><i class=\"fas fa-solid fa-book fa-fw\"><\/i> Procesos de transformaci\u00f3n y remoci\u00f3n de contaminantes en los humedales de tratamiento: material org\u00e1nica y s\u00f3lidos suspendidos<\/li><li class=\"p-0 me-2\"><i class=\"fas fa-solid fa-calendar fa-fw\"><\/i> 2018<\/li><\/ul><div class=\"caption col-12 p-0 col-md-12 row m-0 align-items-center\"><div class=\"px-md-1\">    <h3 class=\"fw-medium m-0 small-space pt-2 pb-2 title-ss text-decoration-none border-bottom\">Humedales de tratamiento: Alternativa de saneamiento de aguas residuales aplicable en Am\u00e9rica Latina:<\/h3>\n\n    <div class=\"mt-0 row g-3\">\n        \n        <div class=\"col-12 col-sm-6 col-lg-2 border-bottom pb-2\">\n            <small><i class=\"fas fa-solid fa-barcode fa-fw me-2\" style=\"color: #8c9db3;\"><\/i>ISBN<\/small>\n        <\/div>\n\n        <div class=\"col-12 col-sm-6 col-lg-3 border-bottom pb-2\">\n            <small class=\"text-muted\">978-958-781-235-0<\/small>\n        <\/div>\n\n        <div class=\"col-12 col-sm-6 col-lg-2 border-bottom pb-2\">\n            <small><i class=\"fas fa-solid fa-file fa-fw me-2\" style=\"color: #8c9db3;\"><\/i>P\u00e1ginas<\/small>\n        <\/div>\n\n        <div class=\"col-12 col-sm-6 col-lg-5 border-bottom pb-2\">\n            <small class=\"text-muted\">D\u00e9sde la p\u00e1gina , hasta la p\u00e1gina <\/small>\n        <\/div>\n\n        <div class=\"col-12 col-sm-6 col-lg-2 border-bottom pb-2\">\n            <small><i class=\"fas fa-solid fa-language fa-fw me-2\" style=\"color: #8c9db3;\"><\/i>Idioma<\/small>\n        <\/div>\n\n        <div class=\"col-12 col-sm-6 col-lg-3 border-bottom pb-2\">\n            <small class=\"text-muted\">Espa\u00f1ol<\/small>\n        <\/div>\n\n        <div class=\"col-12 col-sm-6 col-lg-2 border-bottom pb-2\">\n            <small><i class=\"fas fa-solid fa-newspaper fa-fw me-2\" style=\"color: #8c9db3;\"><\/i>Editorial<\/small>\n        <\/div>\n\n        <div class=\"col-12 col-sm-6 col-lg-5 border-bottom pb-2\">\n            <small class=\"text-muted\">Pontificia Universidad Javierana de Bogot\u00e1<\/small>\n        <\/div>\n\n        <div class=\"col-12 col-sm-6 col-lg-2 border-bottom pb-2\">\n            <small><i class=\"fas fa-solid fa-user-pen fa-fw me-2\" style=\"color: #8c9db3;\"><\/i>Editores<\/small>\n        <\/div>\n\n        <div class=\"col-12 col-sm-6 col-lg-10 border-bottom pb-2\">\n            <small class=\"text-muted\"><\/small>\n        <\/div>\n\n        <div class=\"col-12 col-sm-6 col-lg-2\">\n            <small><i class=\"fas fa-solid fa-signature fa-fw me-2\" style=\"color: #8c9db3;\"><\/i>Autores<\/small>\n        <\/div>\n\n        <div class=\"col-12 col-sm-6 col-lg-10\">\n            <small class=\"text-muted\">Carolina Alejandra Reyes Contreras<\/small>\n        <\/div>\n    <\/div><span class=\"caption-field-publish\"><\/span><\/div><\/div><\/div><\/div><\/div><div class=\"  circle--pattern-bottom-large col-sm-12 col-md-12 img-article\"><div class=\"holder-publish col-md-12\" style=\"border-bottom: 1px solid #B8B8B8\"><div class=\"content-holder h-100 component-border overflow-hidden row m-0 p-4 aling-items-center\"><ul class=\"p-0 list-style-none\"><li class=\"p-0 me-2\"><i class=\"fas fa-solid fa-book fa-fw\"><\/i> Investigaciones en comportamiento alimentario. Reflexiones, alcances y retos<\/li><li class=\"p-0 me-2\"><i class=\"fas fa-solid fa-calendar fa-fw\"><\/i> 2018<\/li><\/ul><div class=\"caption col-12 p-0 col-md-12 row m-0 align-items-center\"><div class=\"px-md-1\">    <h3 class=\"fw-medium m-0 small-space pt-2 pb-2 title-ss text-decoration-none border-bottom\">Calidad de vida, nutrici\u00f3n y conductas alimentarias<\/h3>\n\n    <div class=\"mt-0 row g-3\">\n        \n        <div class=\"col-12 col-sm-6 col-lg-2 border-bottom pb-2\">\n            <small><i class=\"fas fa-solid fa-barcode fa-fw me-2\" style=\"color: #8c9db3;\"><\/i>ISBN<\/small>\n        <\/div>\n\n        <div class=\"col-12 col-sm-6 col-lg-3 border-bottom pb-2\">\n            <small class=\"text-muted\">978-607-515-372-8<\/small>\n        <\/div>\n\n        <div class=\"col-12 col-sm-6 col-lg-2 border-bottom pb-2\">\n            <small><i class=\"fas fa-solid fa-file fa-fw me-2\" style=\"color: #8c9db3;\"><\/i>P\u00e1ginas<\/small>\n        <\/div>\n\n        <div class=\"col-12 col-sm-6 col-lg-5 border-bottom pb-2\">\n            <small class=\"text-muted\">D\u00e9sde la p\u00e1gina 81, hasta la p\u00e1gina 96<\/small>\n        <\/div>\n\n        <div class=\"col-12 col-sm-6 col-lg-2 border-bottom pb-2\">\n            <small><i class=\"fas fa-solid fa-language fa-fw me-2\" style=\"color: #8c9db3;\"><\/i>Idioma<\/small>\n        <\/div>\n\n        <div class=\"col-12 col-sm-6 col-lg-3 border-bottom pb-2\">\n            <small class=\"text-muted\">Espa\u00f1ol<\/small>\n        <\/div>\n\n        <div class=\"col-12 col-sm-6 col-lg-2 border-bottom pb-2\">\n            <small><i class=\"fas fa-solid fa-newspaper fa-fw me-2\" style=\"color: #8c9db3;\"><\/i>Editorial<\/small>\n        <\/div>\n\n        <div class=\"col-12 col-sm-6 col-lg-5 border-bottom pb-2\">\n            <small class=\"text-muted\">Porr\u00faa<\/small>\n        <\/div>\n\n        <div class=\"col-12 col-sm-6 col-lg-2 border-bottom pb-2\">\n            <small><i class=\"fas fa-solid fa-user-pen fa-fw me-2\" style=\"color: #8c9db3;\"><\/i>Editores<\/small>\n        <\/div>\n\n        <div class=\"col-12 col-sm-6 col-lg-10 border-bottom pb-2\">\n            <small class=\"text-muted\">Antonio L\u00f3pez-Espinoza, Alma Gabriela Mart\u00ednez Moreno, Virginia Gabriela Aguilera Cervantes<\/small>\n        <\/div>\n\n        <div class=\"col-12 col-sm-6 col-lg-2\">\n            <small><i class=\"fas fa-solid fa-signature fa-fw me-2\" style=\"color: #8c9db3;\"><\/i>Autores<\/small>\n        <\/div>\n\n        <div class=\"col-12 col-sm-6 col-lg-10\">\n            <small class=\"text-muted\">Alfonso Urz\u00faa, Camila Marta Oda Montecinos, Alma Gabriela Mart\u00ednez Moreno<\/small>\n        <\/div>\n    <\/div><span class=\"caption-field-publish\"><\/span><\/div><\/div><\/div><\/div><\/div><div class=\"  circle--pattern-bottom-large col-sm-12 col-md-12 img-article\"><div class=\"holder-publish col-md-12\" style=\"border-bottom: 1px solid #B8B8B8\"><div class=\"content-holder h-100 component-border overflow-hidden row m-0 p-4 aling-items-center\"><ul class=\"p-0 list-style-none\"><li class=\"p-0 me-2\"><i class=\"fas fa-solid fa-book fa-fw\"><\/i> Biorremediaci\u00f3n de los recursos naturales<\/li><li class=\"p-0 me-2\"><i class=\"fas fa-solid fa-calendar fa-fw\"><\/i> 2018<\/li><\/ul><div class=\"caption col-12 p-0 col-md-12 row m-0 align-items-center\"><div class=\"px-md-1\">    <h3 class=\"fw-medium m-0 small-space pt-2 pb-2 title-ss text-decoration-none border-bottom\">Rol de la simbiosis micorr\u00edcico arbuscular y de las enmiendas org\u00e1nicas en la tolerancia a elementos t\u00f3xicos: su aporte en la remediaci\u00f3n de suelos contaminados<\/h3>\n\n    <div class=\"mt-0 row g-3\">\n        \n        <div class=\"col-12 col-sm-6 col-lg-2 border-bottom pb-2\">\n            <small><i class=\"fas fa-solid fa-barcode fa-fw me-2\" style=\"color: #8c9db3;\"><\/i>ISBN<\/small>\n        <\/div>\n\n        <div class=\"col-12 col-sm-6 col-lg-3 border-bottom pb-2\">\n            <small class=\"text-muted\">ISBN 978-987-521-911-3.<\/small>\n        <\/div>\n\n        <div class=\"col-12 col-sm-6 col-lg-2 border-bottom pb-2\">\n            <small><i class=\"fas fa-solid fa-file fa-fw me-2\" style=\"color: #8c9db3;\"><\/i>P\u00e1ginas<\/small>\n        <\/div>\n\n        <div class=\"col-12 col-sm-6 col-lg-5 border-bottom pb-2\">\n            <small class=\"text-muted\">D\u00e9sde la p\u00e1gina , hasta la p\u00e1gina <\/small>\n        <\/div>\n\n        <div class=\"col-12 col-sm-6 col-lg-2 border-bottom pb-2\">\n            <small><i class=\"fas fa-solid fa-language fa-fw me-2\" style=\"color: #8c9db3;\"><\/i>Idioma<\/small>\n        <\/div>\n\n        <div class=\"col-12 col-sm-6 col-lg-3 border-bottom pb-2\">\n            <small class=\"text-muted\">Espa\u00f1ol<\/small>\n        <\/div>\n\n        <div class=\"col-12 col-sm-6 col-lg-2 border-bottom pb-2\">\n            <small><i class=\"fas fa-solid fa-newspaper fa-fw me-2\" style=\"color: #8c9db3;\"><\/i>Editorial<\/small>\n        <\/div>\n\n        <div class=\"col-12 col-sm-6 col-lg-5 border-bottom pb-2\">\n            <small class=\"text-muted\">Ediciones INTA<\/small>\n        <\/div>\n\n        <div class=\"col-12 col-sm-6 col-lg-2 border-bottom pb-2\">\n            <small><i class=\"fas fa-solid fa-user-pen fa-fw me-2\" style=\"color: #8c9db3;\"><\/i>Editores<\/small>\n        <\/div>\n\n        <div class=\"col-12 col-sm-6 col-lg-10 border-bottom pb-2\">\n            <small class=\"text-muted\"><\/small>\n        <\/div>\n\n        <div class=\"col-12 col-sm-6 col-lg-2\">\n            <small><i class=\"fas fa-solid fa-signature fa-fw me-2\" style=\"color: #8c9db3;\"><\/i>Autores<\/small>\n        <\/div>\n\n        <div class=\"col-12 col-sm-6 col-lg-10\">\n            <small class=\"text-muted\">Jorge Felipe Medina Ot\u00e1rola<\/small>\n        <\/div>\n    <\/div><span class=\"caption-field-publish\"><\/span><\/div><\/div><\/div><\/div><\/div><div class=\"  circle--pattern-bottom-large col-sm-12 col-md-12 img-article\"><div class=\"holder-publish col-md-12\" style=\"border-bottom: 1px solid #B8B8B8\"><div class=\"content-holder h-100 component-border overflow-hidden row m-0 p-4 aling-items-center\"><ul class=\"p-0 list-style-none\"><li class=\"p-0 me-2\"><i class=\"fas fa-solid fa-book fa-fw\"><\/i> Discourses of Disorder: Representations of Riots, Strikes and Protests in Language and Image<\/li><li class=\"p-0 me-2\"><i class=\"fas fa-solid fa-calendar fa-fw\"><\/i> 2018<\/li><\/ul><div class=\"caption col-12 p-0 col-md-12 row m-0 align-items-center\"><div class=\"px-md-1\">    <h3 class=\"fw-medium m-0 small-space pt-2 pb-2 title-ss text-decoration-none border-bottom\">Why do they protest? The discursive construction of \u0091motive\u0092 in relation to the Chilean student movement in the national alternative press (2011-2013).<\/h3>\n\n    <div class=\"mt-0 row g-3\">\n        \n        <div class=\"col-12 col-sm-6 col-lg-2 border-bottom pb-2\">\n            <small><i class=\"fas fa-solid fa-barcode fa-fw me-2\" style=\"color: #8c9db3;\"><\/i>ISBN<\/small>\n        <\/div>\n\n        <div class=\"col-12 col-sm-6 col-lg-3 border-bottom pb-2\">\n            <small class=\"text-muted\">9781474435444<\/small>\n        <\/div>\n\n        <div class=\"col-12 col-sm-6 col-lg-2 border-bottom pb-2\">\n            <small><i class=\"fas fa-solid fa-file fa-fw me-2\" style=\"color: #8c9db3;\"><\/i>P\u00e1ginas<\/small>\n        <\/div>\n\n        <div class=\"col-12 col-sm-6 col-lg-5 border-bottom pb-2\">\n            <small class=\"text-muted\">D\u00e9sde la p\u00e1gina , hasta la p\u00e1gina <\/small>\n        <\/div>\n\n        <div class=\"col-12 col-sm-6 col-lg-2 border-bottom pb-2\">\n            <small><i class=\"fas fa-solid fa-language fa-fw me-2\" style=\"color: #8c9db3;\"><\/i>Idioma<\/small>\n        <\/div>\n\n        <div class=\"col-12 col-sm-6 col-lg-3 border-bottom pb-2\">\n            <small class=\"text-muted\">Ingl\u00e9s<\/small>\n        <\/div>\n\n        <div class=\"col-12 col-sm-6 col-lg-2 border-bottom pb-2\">\n            <small><i class=\"fas fa-solid fa-newspaper fa-fw me-2\" style=\"color: #8c9db3;\"><\/i>Editorial<\/small>\n        <\/div>\n\n        <div class=\"col-12 col-sm-6 col-lg-5 border-bottom pb-2\">\n            <small class=\"text-muted\">Edinburgh University Press.<\/small>\n        <\/div>\n\n        <div class=\"col-12 col-sm-6 col-lg-2 border-bottom pb-2\">\n            <small><i class=\"fas fa-solid fa-user-pen fa-fw me-2\" style=\"color: #8c9db3;\"><\/i>Editores<\/small>\n        <\/div>\n\n        <div class=\"col-12 col-sm-6 col-lg-10 border-bottom pb-2\">\n            <small class=\"text-muted\"><\/small>\n        <\/div>\n\n        <div class=\"col-12 col-sm-6 col-lg-2\">\n            <small><i class=\"fas fa-solid fa-signature fa-fw me-2\" style=\"color: #8c9db3;\"><\/i>Autores<\/small>\n        <\/div>\n\n        <div class=\"col-12 col-sm-6 col-lg-10\">\n            <small class=\"text-muted\">Carolina P\u00e9rez Arredondo<\/small>\n        <\/div>\n    <\/div><span class=\"caption-field-publish\"><\/span><\/div><\/div><\/div><\/div><\/div><div class=\"  circle--pattern-bottom-large col-sm-12 col-md-12 img-article\"><div class=\"holder-publish col-md-12\" style=\"border-bottom: 1px solid #B8B8B8\"><div class=\"content-holder h-100 component-border overflow-hidden row m-0 p-4 aling-items-center\"><ul class=\"p-0 list-style-none\"><li class=\"p-0 me-2\"><i class=\"fas fa-solid fa-book fa-fw\"><\/i> Necesidades Emergentes en Chile: Avances en investigaci\u00f3n y propuestas de intervenci\u00f3n para la promoci\u00f3n del envejecimiento activo desde la Psicolog\u00eda<\/li><li class=\"p-0 me-2\"><i class=\"fas fa-solid fa-calendar fa-fw\"><\/i> 2018<\/li><\/ul><div class=\"caption col-12 p-0 col-md-12 row m-0 align-items-center\"><div class=\"px-md-1\">    <h3 class=\"fw-medium m-0 small-space pt-2 pb-2 title-ss text-decoration-none border-bottom\">Envejecimiento y aprendizaje: un aporte desde el modelo animal.<\/h3>\n\n    <div class=\"mt-0 row g-3\">\n        \n        <div class=\"col-12 col-sm-6 col-lg-2 border-bottom pb-2\">\n            <small><i class=\"fas fa-solid fa-barcode fa-fw me-2\" style=\"color: #8c9db3;\"><\/i>ISBN<\/small>\n        <\/div>\n\n        <div class=\"col-12 col-sm-6 col-lg-3 border-bottom pb-2\">\n            <small class=\"text-muted\"><\/small>\n        <\/div>\n\n        <div class=\"col-12 col-sm-6 col-lg-2 border-bottom pb-2\">\n            <small><i class=\"fas fa-solid fa-file fa-fw me-2\" style=\"color: #8c9db3;\"><\/i>P\u00e1ginas<\/small>\n        <\/div>\n\n        <div class=\"col-12 col-sm-6 col-lg-5 border-bottom pb-2\">\n            <small class=\"text-muted\">D\u00e9sde la p\u00e1gina , hasta la p\u00e1gina 141-152<\/small>\n        <\/div>\n\n        <div class=\"col-12 col-sm-6 col-lg-2 border-bottom pb-2\">\n            <small><i class=\"fas fa-solid fa-language fa-fw me-2\" style=\"color: #8c9db3;\"><\/i>Idioma<\/small>\n        <\/div>\n\n        <div class=\"col-12 col-sm-6 col-lg-3 border-bottom pb-2\">\n            <small class=\"text-muted\"><\/small>\n        <\/div>\n\n        <div class=\"col-12 col-sm-6 col-lg-2 border-bottom pb-2\">\n            <small><i class=\"fas fa-solid fa-newspaper fa-fw me-2\" style=\"color: #8c9db3;\"><\/i>Editorial<\/small>\n        <\/div>\n\n        <div class=\"col-12 col-sm-6 col-lg-5 border-bottom pb-2\">\n            <small class=\"text-muted\">RIL<\/small>\n        <\/div>\n\n        <div class=\"col-12 col-sm-6 col-lg-2 border-bottom pb-2\">\n            <small><i class=\"fas fa-solid fa-user-pen fa-fw me-2\" style=\"color: #8c9db3;\"><\/i>Editores<\/small>\n        <\/div>\n\n        <div class=\"col-12 col-sm-6 col-lg-10 border-bottom pb-2\">\n            <small class=\"text-muted\"><\/small>\n        <\/div>\n\n        <div class=\"col-12 col-sm-6 col-lg-2\">\n            <small><i class=\"fas fa-solid fa-signature fa-fw me-2\" style=\"color: #8c9db3;\"><\/i>Autores<\/small>\n        <\/div>\n\n        <div class=\"col-12 col-sm-6 col-lg-10\">\n            <small class=\"text-muted\">Roc\u00edo Angulo, Adriasola, Alfredo, Estades, Vania, Ram\u00edrez, Valeska, Cabezas-Opazo, Fabian<\/small>\n        <\/div>\n    <\/div><span class=\"caption-field-publish\"><\/span><\/div><\/div><\/div><\/div><\/div><div class=\"  circle--pattern-bottom-large col-sm-12 col-md-12 img-article\"><div class=\"holder-publish col-md-12\" style=\"border-bottom: 1px solid #B8B8B8\"><div class=\"content-holder h-100 component-border overflow-hidden row m-0 p-4 aling-items-center\"><ul class=\"p-0 list-style-none\"><li class=\"p-0 me-2\"><i class=\"fas fa-solid fa-book fa-fw\"><\/i> Representations of colonial pasts in (post)colonial presents. Historical and social psychological perspectives through textbook analysis<\/li><li class=\"p-0 me-2\"><i class=\"fas fa-solid fa-calendar fa-fw\"><\/i> 2018<\/li><\/ul><div class=\"caption col-12 p-0 col-md-12 row m-0 align-items-center\"><div class=\"px-md-1\">    <h3 class=\"fw-medium m-0 small-space pt-2 pb-2 title-ss text-decoration-none border-bottom\">Representations of Modern Imperialism in Chilean history textbooks: An analysis framed by the 1998 and 2009 curricula<\/h3>\n\n    <div class=\"mt-0 row g-3\">\n        \n        <div class=\"col-12 col-sm-6 col-lg-2 border-bottom pb-2\">\n            <small><i class=\"fas fa-solid fa-barcode fa-fw me-2\" style=\"color: #8c9db3;\"><\/i>ISBN<\/small>\n        <\/div>\n\n        <div class=\"col-12 col-sm-6 col-lg-3 border-bottom pb-2\">\n            <small class=\"text-muted\"><\/small>\n        <\/div>\n\n        <div class=\"col-12 col-sm-6 col-lg-2 border-bottom pb-2\">\n            <small><i class=\"fas fa-solid fa-file fa-fw me-2\" style=\"color: #8c9db3;\"><\/i>P\u00e1ginas<\/small>\n        <\/div>\n\n        <div class=\"col-12 col-sm-6 col-lg-5 border-bottom pb-2\">\n            <small class=\"text-muted\">D\u00e9sde la p\u00e1gina 239, hasta la p\u00e1gina 259<\/small>\n        <\/div>\n\n        <div class=\"col-12 col-sm-6 col-lg-2 border-bottom pb-2\">\n            <small><i class=\"fas fa-solid fa-language fa-fw me-2\" style=\"color: #8c9db3;\"><\/i>Idioma<\/small>\n        <\/div>\n\n        <div class=\"col-12 col-sm-6 col-lg-3 border-bottom pb-2\">\n            <small class=\"text-muted\"><\/small>\n        <\/div>\n\n        <div class=\"col-12 col-sm-6 col-lg-2 border-bottom pb-2\">\n            <small><i class=\"fas fa-solid fa-newspaper fa-fw me-2\" style=\"color: #8c9db3;\"><\/i>Editorial<\/small>\n        <\/div>\n\n        <div class=\"col-12 col-sm-6 col-lg-5 border-bottom pb-2\">\n            <small class=\"text-muted\">Charlotte, NC, USA: Information Age Publishing Inc<\/small>\n        <\/div>\n\n        <div class=\"col-12 col-sm-6 col-lg-2 border-bottom pb-2\">\n            <small><i class=\"fas fa-solid fa-user-pen fa-fw me-2\" style=\"color: #8c9db3;\"><\/i>Editores<\/small>\n        <\/div>\n\n        <div class=\"col-12 col-sm-6 col-lg-10 border-bottom pb-2\">\n            <small class=\"text-muted\">K. Van Nieuwenhuyse & J. P. Valentim<\/small>\n        <\/div>\n\n        <div class=\"col-12 col-sm-6 col-lg-2\">\n            <small><i class=\"fas fa-solid fa-signature fa-fw me-2\" style=\"color: #8c9db3;\"><\/i>Autores<\/small>\n        <\/div>\n\n        <div class=\"col-12 col-sm-6 col-lg-10\">\n            <small class=\"text-muted\">Ana Figueiredo, Renato Gazmur\u00ed<\/small>\n        <\/div>\n    <\/div><span class=\"caption-field-publish\"><\/span><\/div><\/div><\/div><\/div><\/div><div class=\"  circle--pattern-bottom-large col-sm-12 col-md-12 img-article\"><div class=\"holder-publish col-md-12\" style=\"border-bottom: 1px solid #B8B8B8\"><div class=\"content-holder h-100 component-border overflow-hidden row m-0 p-4 aling-items-center\"><ul class=\"p-0 list-style-none\"><li class=\"p-0 me-2\"><i class=\"fas fa-solid fa-book fa-fw\"><\/i> Camino a ciudades sustentables: aportes desde la investigaci\u00f3n a las pol\u00edticas p\u00fablicas urbanas en Chile<\/li><li class=\"p-0 me-2\"><i class=\"fas fa-solid fa-calendar fa-fw\"><\/i> 2018<\/li><\/ul><div class=\"caption col-12 p-0 col-md-12 row m-0 align-items-center\"><div class=\"px-md-1\">    <h3 class=\"fw-medium m-0 small-space pt-2 pb-2 title-ss text-decoration-none border-bottom\">Finanzas municipales<\/h3>\n\n    <div class=\"mt-0 row g-3\">\n        \n        <div class=\"col-12 col-sm-6 col-lg-2 border-bottom pb-2\">\n            <small><i class=\"fas fa-solid fa-barcode fa-fw me-2\" style=\"color: #8c9db3;\"><\/i>ISBN<\/small>\n        <\/div>\n\n        <div class=\"col-12 col-sm-6 col-lg-3 border-bottom pb-2\">\n            <small class=\"text-muted\"><\/small>\n        <\/div>\n\n        <div class=\"col-12 col-sm-6 col-lg-2 border-bottom pb-2\">\n            <small><i class=\"fas fa-solid fa-file fa-fw me-2\" style=\"color: #8c9db3;\"><\/i>P\u00e1ginas<\/small>\n        <\/div>\n\n        <div class=\"col-12 col-sm-6 col-lg-5 border-bottom pb-2\">\n            <small class=\"text-muted\">D\u00e9sde la p\u00e1gina , hasta la p\u00e1gina <\/small>\n        <\/div>\n\n        <div class=\"col-12 col-sm-6 col-lg-2 border-bottom pb-2\">\n            <small><i class=\"fas fa-solid fa-language fa-fw me-2\" style=\"color: #8c9db3;\"><\/i>Idioma<\/small>\n        <\/div>\n\n        <div class=\"col-12 col-sm-6 col-lg-3 border-bottom pb-2\">\n            <small class=\"text-muted\"><\/small>\n        <\/div>\n\n        <div class=\"col-12 col-sm-6 col-lg-2 border-bottom pb-2\">\n            <small><i class=\"fas fa-solid fa-newspaper fa-fw me-2\" style=\"color: #8c9db3;\"><\/i>Editorial<\/small>\n        <\/div>\n\n        <div class=\"col-12 col-sm-6 col-lg-5 border-bottom pb-2\">\n            <small class=\"text-muted\">Centro de Desarrollo Urbano Sustentable<\/small>\n        <\/div>\n\n        <div class=\"col-12 col-sm-6 col-lg-2 border-bottom pb-2\">\n            <small><i class=\"fas fa-solid fa-user-pen fa-fw me-2\" style=\"color: #8c9db3;\"><\/i>Editores<\/small>\n        <\/div>\n\n        <div class=\"col-12 col-sm-6 col-lg-10 border-bottom pb-2\">\n            <small class=\"text-muted\"><\/small>\n        <\/div>\n\n        <div class=\"col-12 col-sm-6 col-lg-2\">\n            <small><i class=\"fas fa-solid fa-signature fa-fw me-2\" style=\"color: #8c9db3;\"><\/i>Autores<\/small>\n        <\/div>\n\n        <div class=\"col-12 col-sm-6 col-lg-10\">\n            <small class=\"text-muted\">\u00c1lvaro Javier Rom\u00e1n Castillo<\/small>\n        <\/div>\n    <\/div><span class=\"caption-field-publish\"><\/span><\/div><\/div><\/div><\/div><\/div><div class=\"  circle--pattern-bottom-large col-sm-12 col-md-12 img-article\"><div class=\"holder-publish col-md-12\" style=\"border-bottom: 1px solid #B8B8B8\"><div class=\"content-holder h-100 component-border overflow-hidden row m-0 p-4 aling-items-center\"><ul class=\"p-0 list-style-none\"><li class=\"p-0 me-2\"><i class=\"fas fa-solid fa-book fa-fw\"><\/i> Intersecciones 2016: Congreso Interdisciplinario de Investigaci\u00f3n en Arquitectura, Dise\u00f1o, Ciudad y Territorio<\/li><li class=\"p-0 me-2\"><i class=\"fas fa-solid fa-calendar fa-fw\"><\/i> 2018<\/li><\/ul><div class=\"caption col-12 p-0 col-md-12 row m-0 align-items-center\"><div class=\"px-md-1\">    <h3 class=\"fw-medium m-0 small-space pt-2 pb-2 title-ss text-decoration-none border-bottom\">Los supuestos del pensamiento urbano en Chile: justicia y equidad en la planificaci\u00f3n de las ciudades<\/h3>\n\n    <div class=\"mt-0 row g-3\">\n        \n        <div class=\"col-12 col-sm-6 col-lg-2 border-bottom pb-2\">\n            <small><i class=\"fas fa-solid fa-barcode fa-fw me-2\" style=\"color: #8c9db3;\"><\/i>ISBN<\/small>\n        <\/div>\n\n        <div class=\"col-12 col-sm-6 col-lg-3 border-bottom pb-2\">\n            <small class=\"text-muted\"><\/small>\n        <\/div>\n\n        <div class=\"col-12 col-sm-6 col-lg-2 border-bottom pb-2\">\n            <small><i class=\"fas fa-solid fa-file fa-fw me-2\" style=\"color: #8c9db3;\"><\/i>P\u00e1ginas<\/small>\n        <\/div>\n\n        <div class=\"col-12 col-sm-6 col-lg-5 border-bottom pb-2\">\n            <small class=\"text-muted\">D\u00e9sde la p\u00e1gina , hasta la p\u00e1gina <\/small>\n        <\/div>\n\n        <div class=\"col-12 col-sm-6 col-lg-2 border-bottom pb-2\">\n            <small><i class=\"fas fa-solid fa-language fa-fw me-2\" style=\"color: #8c9db3;\"><\/i>Idioma<\/small>\n        <\/div>\n\n        <div class=\"col-12 col-sm-6 col-lg-3 border-bottom pb-2\">\n            <small class=\"text-muted\"><\/small>\n        <\/div>\n\n        <div class=\"col-12 col-sm-6 col-lg-2 border-bottom pb-2\">\n            <small><i class=\"fas fa-solid fa-newspaper fa-fw me-2\" style=\"color: #8c9db3;\"><\/i>Editorial<\/small>\n        <\/div>\n\n        <div class=\"col-12 col-sm-6 col-lg-5 border-bottom pb-2\">\n            <small class=\"text-muted\">Ediciones ARQ<\/small>\n        <\/div>\n\n        <div class=\"col-12 col-sm-6 col-lg-2 border-bottom pb-2\">\n            <small><i class=\"fas fa-solid fa-user-pen fa-fw me-2\" style=\"color: #8c9db3;\"><\/i>Editores<\/small>\n        <\/div>\n\n        <div class=\"col-12 col-sm-6 col-lg-10 border-bottom pb-2\">\n            <small class=\"text-muted\"><\/small>\n        <\/div>\n\n        <div class=\"col-12 col-sm-6 col-lg-2\">\n            <small><i class=\"fas fa-solid fa-signature fa-fw me-2\" style=\"color: #8c9db3;\"><\/i>Autores<\/small>\n        <\/div>\n\n        <div class=\"col-12 col-sm-6 col-lg-10\">\n            <small class=\"text-muted\">\u00c1lvaro Javier Rom\u00e1n Castillo, Jonathan R. Barton<\/small>\n        <\/div>\n    <\/div><span class=\"caption-field-publish\"><\/span><\/div><\/div><\/div><\/div><\/div><div class=\"  circle--pattern-bottom-large col-sm-12 col-md-12 img-article\"><div class=\"holder-publish col-md-12\" style=\"border-bottom: 1px solid #B8B8B8\"><div class=\"content-holder h-100 component-border overflow-hidden row m-0 p-4 aling-items-center\"><ul class=\"p-0 list-style-none\"><li class=\"p-0 me-2\"><i class=\"fas fa-solid fa-book fa-fw\"><\/i> Camino a ciudades sustentables: aportes desde la investigaci\u00f3n a las pol\u00edticas p\u00fablicas urbanas en Chile<\/li><li class=\"p-0 me-2\"><i class=\"fas fa-solid fa-calendar fa-fw\"><\/i> 2018<\/li><\/ul><div class=\"caption col-12 p-0 col-md-12 row m-0 align-items-center\"><div class=\"px-md-1\">    <h3 class=\"fw-medium m-0 small-space pt-2 pb-2 title-ss text-decoration-none border-bottom\">Finanzas municipales<\/h3>\n\n    <div class=\"mt-0 row g-3\">\n        \n        <div class=\"col-12 col-sm-6 col-lg-2 border-bottom pb-2\">\n            <small><i class=\"fas fa-solid fa-barcode fa-fw me-2\" style=\"color: #8c9db3;\"><\/i>ISBN<\/small>\n        <\/div>\n\n        <div class=\"col-12 col-sm-6 col-lg-3 border-bottom pb-2\">\n            <small class=\"text-muted\"><\/small>\n        <\/div>\n\n        <div class=\"col-12 col-sm-6 col-lg-2 border-bottom pb-2\">\n            <small><i class=\"fas fa-solid fa-file fa-fw me-2\" style=\"color: #8c9db3;\"><\/i>P\u00e1ginas<\/small>\n        <\/div>\n\n        <div class=\"col-12 col-sm-6 col-lg-5 border-bottom pb-2\">\n            <small class=\"text-muted\">D\u00e9sde la p\u00e1gina , hasta la p\u00e1gina <\/small>\n        <\/div>\n\n        <div class=\"col-12 col-sm-6 col-lg-2 border-bottom pb-2\">\n            <small><i class=\"fas fa-solid fa-language fa-fw me-2\" style=\"color: #8c9db3;\"><\/i>Idioma<\/small>\n        <\/div>\n\n        <div class=\"col-12 col-sm-6 col-lg-3 border-bottom pb-2\">\n            <small class=\"text-muted\"><\/small>\n        <\/div>\n\n        <div class=\"col-12 col-sm-6 col-lg-2 border-bottom pb-2\">\n            <small><i class=\"fas fa-solid fa-newspaper fa-fw me-2\" style=\"color: #8c9db3;\"><\/i>Editorial<\/small>\n        <\/div>\n\n        <div class=\"col-12 col-sm-6 col-lg-5 border-bottom pb-2\">\n            <small class=\"text-muted\">Centro de Desarrollo Urbano Sustentable<\/small>\n        <\/div>\n\n        <div class=\"col-12 col-sm-6 col-lg-2 border-bottom pb-2\">\n            <small><i class=\"fas fa-solid fa-user-pen fa-fw me-2\" style=\"color: #8c9db3;\"><\/i>Editores<\/small>\n        <\/div>\n\n        <div class=\"col-12 col-sm-6 col-lg-10 border-bottom pb-2\">\n            <small class=\"text-muted\"><\/small>\n        <\/div>\n\n        <div class=\"col-12 col-sm-6 col-lg-2\">\n            <small><i class=\"fas fa-solid fa-signature fa-fw me-2\" style=\"color: #8c9db3;\"><\/i>Autores<\/small>\n        <\/div>\n\n        <div class=\"col-12 col-sm-6 col-lg-10\">\n            <small class=\"text-muted\">\u00c1lvaro Javier Rom\u00e1n Castillo<\/small>\n        <\/div>\n    <\/div><span class=\"caption-field-publish\"><\/span><\/div><\/div><\/div><\/div><\/div><div class=\"  circle--pattern-bottom-large col-sm-12 col-md-12 img-article\"><div class=\"holder-publish col-md-12\" style=\"border-bottom: 1px solid #B8B8B8\"><div class=\"content-holder h-100 component-border overflow-hidden row m-0 p-4 aling-items-center\"><ul class=\"p-0 list-style-none\"><li class=\"p-0 me-2\"><i class=\"fas fa-solid fa-book fa-fw\"><\/i> Intersecciones 2016: Congreso Interdisciplinario de Investigaci\u00f3n en Arquitectura, Dise\u00f1o, Ciudad y Territorio<\/li><li class=\"p-0 me-2\"><i class=\"fas fa-solid fa-calendar fa-fw\"><\/i> 2018<\/li><\/ul><div class=\"caption col-12 p-0 col-md-12 row m-0 align-items-center\"><div class=\"px-md-1\">    <h3 class=\"fw-medium m-0 small-space pt-2 pb-2 title-ss text-decoration-none border-bottom\">Los supuestos del pensamiento urbano en Chile: justicia y equidad en la planificaci\u00f3n de las ciudades<\/h3>\n\n    <div class=\"mt-0 row g-3\">\n        \n        <div class=\"col-12 col-sm-6 col-lg-2 border-bottom pb-2\">\n            <small><i class=\"fas fa-solid fa-barcode fa-fw me-2\" style=\"color: #8c9db3;\"><\/i>ISBN<\/small>\n        <\/div>\n\n        <div class=\"col-12 col-sm-6 col-lg-3 border-bottom pb-2\">\n            <small class=\"text-muted\"><\/small>\n        <\/div>\n\n        <div class=\"col-12 col-sm-6 col-lg-2 border-bottom pb-2\">\n            <small><i class=\"fas fa-solid fa-file fa-fw me-2\" style=\"color: #8c9db3;\"><\/i>P\u00e1ginas<\/small>\n        <\/div>\n\n        <div class=\"col-12 col-sm-6 col-lg-5 border-bottom pb-2\">\n            <small class=\"text-muted\">D\u00e9sde la p\u00e1gina , hasta la p\u00e1gina <\/small>\n        <\/div>\n\n        <div class=\"col-12 col-sm-6 col-lg-2 border-bottom pb-2\">\n            <small><i class=\"fas fa-solid fa-language fa-fw me-2\" style=\"color: #8c9db3;\"><\/i>Idioma<\/small>\n        <\/div>\n\n        <div class=\"col-12 col-sm-6 col-lg-3 border-bottom pb-2\">\n            <small class=\"text-muted\"><\/small>\n        <\/div>\n\n        <div class=\"col-12 col-sm-6 col-lg-2 border-bottom pb-2\">\n            <small><i class=\"fas fa-solid fa-newspaper fa-fw me-2\" style=\"color: #8c9db3;\"><\/i>Editorial<\/small>\n        <\/div>\n\n        <div class=\"col-12 col-sm-6 col-lg-5 border-bottom pb-2\">\n            <small class=\"text-muted\">Ediciones ARQ<\/small>\n        <\/div>\n\n        <div class=\"col-12 col-sm-6 col-lg-2 border-bottom pb-2\">\n            <small><i class=\"fas fa-solid fa-user-pen fa-fw me-2\" style=\"color: #8c9db3;\"><\/i>Editores<\/small>\n        <\/div>\n\n        <div class=\"col-12 col-sm-6 col-lg-10 border-bottom pb-2\">\n            <small class=\"text-muted\"><\/small>\n        <\/div>\n\n        <div class=\"col-12 col-sm-6 col-lg-2\">\n            <small><i class=\"fas fa-solid fa-signature fa-fw me-2\" style=\"color: #8c9db3;\"><\/i>Autores<\/small>\n        <\/div>\n\n        <div class=\"col-12 col-sm-6 col-lg-10\">\n            <small class=\"text-muted\">\u00c1lvaro Javier Rom\u00e1n Castillo, Jonathan R. Barton<\/small>\n        <\/div>\n    <\/div><span class=\"caption-field-publish\"><\/span><\/div><\/div><\/div><\/div><\/div><div class=\"  circle--pattern-bottom-large col-sm-12 col-md-12 img-article\"><div class=\"holder-publish col-md-12\" style=\"border-bottom: 1px solid #B8B8B8\"><div class=\"content-holder h-100 component-border overflow-hidden row m-0 p-4 aling-items-center\"><ul class=\"p-0 list-style-none\"><li class=\"p-0 me-2\"><i class=\"fas fa-solid fa-book fa-fw\"><\/i> Alfabetizaci\u00f3n disciplinar en la formaci\u00f3n inicial docente. Leer y escribir para aprender<\/li><li class=\"p-0 me-2\"><i class=\"fas fa-solid fa-calendar fa-fw\"><\/i> 2017<\/li><\/ul><div class=\"caption col-12 p-0 col-md-12 row m-0 align-items-center\"><div class=\"px-md-1\">    <h3 class=\"fw-medium m-0 small-space pt-2 pb-2 title-ss text-decoration-none border-bottom\">De la alfabetizaci\u00f3n acad\u00e9mica a la alfabetizaci\u00f3n disciplinar<\/h3>\n\n    <div class=\"mt-0 row g-3\">\n        \n        <div class=\"col-12 col-sm-6 col-lg-2 border-bottom pb-2\">\n            <small><i class=\"fas fa-solid fa-barcode fa-fw me-2\" style=\"color: #8c9db3;\"><\/i>ISBN<\/small>\n        <\/div>\n\n        <div class=\"col-12 col-sm-6 col-lg-3 border-bottom pb-2\">\n            <small class=\"text-muted\">9789561707276<\/small>\n        <\/div>\n\n        <div class=\"col-12 col-sm-6 col-lg-2 border-bottom pb-2\">\n            <small><i class=\"fas fa-solid fa-file fa-fw me-2\" style=\"color: #8c9db3;\"><\/i>P\u00e1ginas<\/small>\n        <\/div>\n\n        <div class=\"col-12 col-sm-6 col-lg-5 border-bottom pb-2\">\n            <small class=\"text-muted\">D\u00e9sde la p\u00e1gina 7, hasta la p\u00e1gina 15<\/small>\n        <\/div>\n\n        <div class=\"col-12 col-sm-6 col-lg-2 border-bottom pb-2\">\n            <small><i class=\"fas fa-solid fa-language fa-fw me-2\" style=\"color: #8c9db3;\"><\/i>Idioma<\/small>\n        <\/div>\n\n        <div class=\"col-12 col-sm-6 col-lg-3 border-bottom pb-2\">\n            <small class=\"text-muted\"><\/small>\n        <\/div>\n\n        <div class=\"col-12 col-sm-6 col-lg-2 border-bottom pb-2\">\n            <small><i class=\"fas fa-solid fa-newspaper fa-fw me-2\" style=\"color: #8c9db3;\"><\/i>Editorial<\/small>\n        <\/div>\n\n        <div class=\"col-12 col-sm-6 col-lg-5 border-bottom pb-2\">\n            <small class=\"text-muted\">Ediciones Universitarias de Valpara\u00edso<\/small>\n        <\/div>\n\n        <div class=\"col-12 col-sm-6 col-lg-2 border-bottom pb-2\">\n            <small><i class=\"fas fa-solid fa-user-pen fa-fw me-2\" style=\"color: #8c9db3;\"><\/i>Editores<\/small>\n        <\/div>\n\n        <div class=\"col-12 col-sm-6 col-lg-10 border-bottom pb-2\">\n            <small class=\"text-muted\">R. Ib\u00e1\u00f1ez; C. Gonz\u00e1lez<\/small>\n        <\/div>\n\n        <div class=\"col-12 col-sm-6 col-lg-2\">\n            <small><i class=\"fas fa-solid fa-signature fa-fw me-2\" style=\"color: #8c9db3;\"><\/i>Autores<\/small>\n        <\/div>\n\n        <div class=\"col-12 col-sm-6 col-lg-10\">\n            <small class=\"text-muted\">Federico Daniel Navarro<\/small>\n        <\/div>\n    <\/div><span class=\"caption-field-publish\"><\/span><\/div><\/div><\/div><\/div><\/div><div class=\"  circle--pattern-bottom-large col-sm-12 col-md-12 img-article\"><div class=\"holder-publish col-md-12\" style=\"border-bottom: 1px solid #B8B8B8\"><div class=\"content-holder h-100 component-border overflow-hidden row m-0 p-4 aling-items-center\"><ul class=\"p-0 list-style-none\"><li class=\"p-0 me-2\"><i class=\"fas fa-solid fa-book fa-fw\"><\/i> El desarrollo de las competencias b\u00e1sicas en los Estudios Generales<\/li><li class=\"p-0 me-2\"><i class=\"fas fa-solid fa-calendar fa-fw\"><\/i> 2017<\/li><\/ul><div class=\"caption col-12 p-0 col-md-12 row m-0 align-items-center\"><div class=\"px-md-1\">    <h3 class=\"fw-medium m-0 small-space pt-2 pb-2 title-ss text-decoration-none border-bottom\">Piensa globalmente, act\u00faa localmente: c\u00f3mo dise\u00f1ar un curso de escritura acad\u00e9mica para estudiantes que ingresan a la universidad<\/h3>\n\n    <div class=\"mt-0 row g-3\">\n        \n        <div class=\"col-12 col-sm-6 col-lg-2 border-bottom pb-2\">\n            <small><i class=\"fas fa-solid fa-barcode fa-fw me-2\" style=\"color: #8c9db3;\"><\/i>ISBN<\/small>\n        <\/div>\n\n        <div class=\"col-12 col-sm-6 col-lg-3 border-bottom pb-2\">\n            <small class=\"text-muted\">978-612-47379-1-6<\/small>\n        <\/div>\n\n        <div class=\"col-12 col-sm-6 col-lg-2 border-bottom pb-2\">\n            <small><i class=\"fas fa-solid fa-file fa-fw me-2\" style=\"color: #8c9db3;\"><\/i>P\u00e1ginas<\/small>\n        <\/div>\n\n        <div class=\"col-12 col-sm-6 col-lg-5 border-bottom pb-2\">\n            <small class=\"text-muted\">D\u00e9sde la p\u00e1gina 103, hasta la p\u00e1gina 134<\/small>\n        <\/div>\n\n        <div class=\"col-12 col-sm-6 col-lg-2 border-bottom pb-2\">\n            <small><i class=\"fas fa-solid fa-language fa-fw me-2\" style=\"color: #8c9db3;\"><\/i>Idioma<\/small>\n        <\/div>\n\n        <div class=\"col-12 col-sm-6 col-lg-3 border-bottom pb-2\">\n            <small class=\"text-muted\"><\/small>\n        <\/div>\n\n        <div class=\"col-12 col-sm-6 col-lg-2 border-bottom pb-2\">\n            <small><i class=\"fas fa-solid fa-newspaper fa-fw me-2\" style=\"color: #8c9db3;\"><\/i>Editorial<\/small>\n        <\/div>\n\n        <div class=\"col-12 col-sm-6 col-lg-5 border-bottom pb-2\">\n            <small class=\"text-muted\">Pontificia Universidad Cat\u00f3lica de Per\u00fa<\/small>\n        <\/div>\n\n        <div class=\"col-12 col-sm-6 col-lg-2 border-bottom pb-2\">\n            <small><i class=\"fas fa-solid fa-user-pen fa-fw me-2\" style=\"color: #8c9db3;\"><\/i>Editores<\/small>\n        <\/div>\n\n        <div class=\"col-12 col-sm-6 col-lg-10 border-bottom pb-2\">\n            <small class=\"text-muted\">P. H. J. Quintanilla; A. Valle<\/small>\n        <\/div>\n\n        <div class=\"col-12 col-sm-6 col-lg-2\">\n            <small><i class=\"fas fa-solid fa-signature fa-fw me-2\" style=\"color: #8c9db3;\"><\/i>Autores<\/small>\n        <\/div>\n\n        <div class=\"col-12 col-sm-6 col-lg-10\">\n            <small class=\"text-muted\">Federico Daniel Navarro<\/small>\n        <\/div>\n    <\/div><span class=\"caption-field-publish\"><\/span><\/div><\/div><\/div><\/div><\/div><div class=\"  circle--pattern-bottom-large col-sm-12 col-md-12 img-article\"><div class=\"holder-publish col-md-12\" style=\"border-bottom: 1px solid #B8B8B8\"><div class=\"content-holder h-100 component-border overflow-hidden row m-0 p-4 aling-items-center\"><ul class=\"p-0 list-style-none\"><li class=\"p-0 me-2\"><i class=\"fas fa-solid fa-book fa-fw\"><\/i> Obras esenciales de M. A. K. Halliday<\/li><li class=\"p-0 me-2\"><i class=\"fas fa-solid fa-calendar fa-fw\"><\/i> 2017<\/li><\/ul><div class=\"caption col-12 p-0 col-md-12 row m-0 align-items-center\"><div class=\"px-md-1\">    <h3 class=\"fw-medium m-0 small-space pt-2 pb-2 title-ss text-decoration-none border-bottom\">Pr\u00f3logo a las Obras Esenciales de M. A. K. Halliday<\/h3>\n\n    <div class=\"mt-0 row g-3\">\n        \n        <div class=\"col-12 col-sm-6 col-lg-2 border-bottom pb-2\">\n            <small><i class=\"fas fa-solid fa-barcode fa-fw me-2\" style=\"color: #8c9db3;\"><\/i>ISBN<\/small>\n        <\/div>\n\n        <div class=\"col-12 col-sm-6 col-lg-3 border-bottom pb-2\">\n            <small class=\"text-muted\">978-987-749-096-1<\/small>\n        <\/div>\n\n        <div class=\"col-12 col-sm-6 col-lg-2 border-bottom pb-2\">\n            <small><i class=\"fas fa-solid fa-file fa-fw me-2\" style=\"color: #8c9db3;\"><\/i>P\u00e1ginas<\/small>\n        <\/div>\n\n        <div class=\"col-12 col-sm-6 col-lg-5 border-bottom pb-2\">\n            <small class=\"text-muted\">D\u00e9sde la p\u00e1gina 11, hasta la p\u00e1gina 14<\/small>\n        <\/div>\n\n        <div class=\"col-12 col-sm-6 col-lg-2 border-bottom pb-2\">\n            <small><i class=\"fas fa-solid fa-language fa-fw me-2\" style=\"color: #8c9db3;\"><\/i>Idioma<\/small>\n        <\/div>\n\n        <div class=\"col-12 col-sm-6 col-lg-3 border-bottom pb-2\">\n            <small class=\"text-muted\"><\/small>\n        <\/div>\n\n        <div class=\"col-12 col-sm-6 col-lg-2 border-bottom pb-2\">\n            <small><i class=\"fas fa-solid fa-newspaper fa-fw me-2\" style=\"color: #8c9db3;\"><\/i>Editorial<\/small>\n        <\/div>\n\n        <div class=\"col-12 col-sm-6 col-lg-5 border-bottom pb-2\">\n            <small class=\"text-muted\">EUDEBA & Universidad Nacional del Litoral<\/small>\n        <\/div>\n\n        <div class=\"col-12 col-sm-6 col-lg-2 border-bottom pb-2\">\n            <small><i class=\"fas fa-solid fa-user-pen fa-fw me-2\" style=\"color: #8c9db3;\"><\/i>Editores<\/small>\n        <\/div>\n\n        <div class=\"col-12 col-sm-6 col-lg-10 border-bottom pb-2\">\n            <small class=\"text-muted\">E. Ghio, F. Navarro, A. Lukin<\/small>\n        <\/div>\n\n        <div class=\"col-12 col-sm-6 col-lg-2\">\n            <small><i class=\"fas fa-solid fa-signature fa-fw me-2\" style=\"color: #8c9db3;\"><\/i>Autores<\/small>\n        <\/div>\n\n        <div class=\"col-12 col-sm-6 col-lg-10\">\n            <small class=\"text-muted\">Elsa Ghio, Federico Daniel Navarro, Annabelle Lukin<\/small>\n        <\/div>\n    <\/div><span class=\"caption-field-publish\"><\/span><\/div><\/div><\/div><\/div><\/div><div class=\"  circle--pattern-bottom-large col-sm-12 col-md-12 img-article\"><div class=\"holder-publish col-md-12\" style=\"border-bottom: 1px solid #B8B8B8\"><div class=\"content-holder h-100 component-border overflow-hidden row m-0 p-4 aling-items-center\"><ul class=\"p-0 list-style-none\"><li class=\"p-0 me-2\"><i class=\"fas fa-solid fa-book fa-fw\"><\/i> Twenty Years Later:  Migrant Youth in North America.<\/li><li class=\"p-0 me-2\"><i class=\"fas fa-solid fa-calendar fa-fw\"><\/i> 2017<\/li><\/ul><div class=\"caption col-12 p-0 col-md-12 row m-0 align-items-center\"><div class=\"px-md-1\">    <h3 class=\"fw-medium m-0 small-space pt-2 pb-2 title-ss text-decoration-none border-bottom\">NAFTA and immigration: A sociodemographic profile of Mexican Individuals in the U.S. and Mexico across three decades.<\/h3>\n\n    <div class=\"mt-0 row g-3\">\n        \n        <div class=\"col-12 col-sm-6 col-lg-2 border-bottom pb-2\">\n            <small><i class=\"fas fa-solid fa-barcode fa-fw me-2\" style=\"color: #8c9db3;\"><\/i>ISBN<\/small>\n        <\/div>\n\n        <div class=\"col-12 col-sm-6 col-lg-3 border-bottom pb-2\">\n            <small class=\"text-muted\"><\/small>\n        <\/div>\n\n        <div class=\"col-12 col-sm-6 col-lg-2 border-bottom pb-2\">\n            <small><i class=\"fas fa-solid fa-file fa-fw me-2\" style=\"color: #8c9db3;\"><\/i>P\u00e1ginas<\/small>\n        <\/div>\n\n        <div class=\"col-12 col-sm-6 col-lg-5 border-bottom pb-2\">\n            <small class=\"text-muted\">D\u00e9sde la p\u00e1gina , hasta la p\u00e1gina <\/small>\n        <\/div>\n\n        <div class=\"col-12 col-sm-6 col-lg-2 border-bottom pb-2\">\n            <small><i class=\"fas fa-solid fa-language fa-fw me-2\" style=\"color: #8c9db3;\"><\/i>Idioma<\/small>\n        <\/div>\n\n        <div class=\"col-12 col-sm-6 col-lg-3 border-bottom pb-2\">\n            <small class=\"text-muted\"><\/small>\n        <\/div>\n\n        <div class=\"col-12 col-sm-6 col-lg-2 border-bottom pb-2\">\n            <small><i class=\"fas fa-solid fa-newspaper fa-fw me-2\" style=\"color: #8c9db3;\"><\/i>Editorial<\/small>\n        <\/div>\n\n        <div class=\"col-12 col-sm-6 col-lg-5 border-bottom pb-2\">\n            <small class=\"text-muted\">PIERAN<\/small>\n        <\/div>\n\n        <div class=\"col-12 col-sm-6 col-lg-2 border-bottom pb-2\">\n            <small><i class=\"fas fa-solid fa-user-pen fa-fw me-2\" style=\"color: #8c9db3;\"><\/i>Editores<\/small>\n        <\/div>\n\n        <div class=\"col-12 col-sm-6 col-lg-10 border-bottom pb-2\">\n            <small class=\"text-muted\"><\/small>\n        <\/div>\n\n        <div class=\"col-12 col-sm-6 col-lg-2\">\n            <small><i class=\"fas fa-solid fa-signature fa-fw me-2\" style=\"color: #8c9db3;\"><\/i>Autores<\/small>\n        <\/div>\n\n        <div class=\"col-12 col-sm-6 col-lg-10\">\n            <small class=\"text-muted\">Stella Flores, Ngaire Noelle Honey<\/small>\n        <\/div>\n    <\/div><span class=\"caption-field-publish\"><\/span><\/div><\/div><\/div><\/div><\/div><div class=\"  circle--pattern-bottom-large col-sm-12 col-md-12 img-article\"><div class=\"holder-publish col-md-12\" style=\"border-bottom: 1px solid #B8B8B8\"><div class=\"content-holder h-100 component-border overflow-hidden row m-0 p-4 aling-items-center\"><ul class=\"p-0 list-style-none\"><li class=\"p-0 me-2\"><i class=\"fas fa-solid fa-book fa-fw\"><\/i> Achieving sustainable cultivation of cassava Volume 2<\/li><li class=\"p-0 me-2\"><i class=\"fas fa-solid fa-calendar fa-fw\"><\/i> 2017<\/li><\/ul><div class=\"caption col-12 p-0 col-md-12 row m-0 align-items-center\"><div class=\"px-md-1\">    <h3 class=\"fw-medium m-0 small-space pt-2 pb-2 title-ss text-decoration-none border-bottom\">Advances in understanding cassava growth and development<\/h3>\n\n    <div class=\"mt-0 row g-3\">\n        \n        <div class=\"col-12 col-sm-6 col-lg-2 border-bottom pb-2\">\n            <small><i class=\"fas fa-solid fa-barcode fa-fw me-2\" style=\"color: #8c9db3;\"><\/i>ISBN<\/small>\n        <\/div>\n\n        <div class=\"col-12 col-sm-6 col-lg-3 border-bottom pb-2\">\n            <small class=\"text-muted\"><\/small>\n        <\/div>\n\n        <div class=\"col-12 col-sm-6 col-lg-2 border-bottom pb-2\">\n            <small><i class=\"fas fa-solid fa-file fa-fw me-2\" style=\"color: #8c9db3;\"><\/i>P\u00e1ginas<\/small>\n        <\/div>\n\n        <div class=\"col-12 col-sm-6 col-lg-5 border-bottom pb-2\">\n            <small class=\"text-muted\">D\u00e9sde la p\u00e1gina 3, hasta la p\u00e1gina 35<\/small>\n        <\/div>\n\n        <div class=\"col-12 col-sm-6 col-lg-2 border-bottom pb-2\">\n            <small><i class=\"fas fa-solid fa-language fa-fw me-2\" style=\"color: #8c9db3;\"><\/i>Idioma<\/small>\n        <\/div>\n\n        <div class=\"col-12 col-sm-6 col-lg-3 border-bottom pb-2\">\n            <small class=\"text-muted\"><\/small>\n        <\/div>\n\n        <div class=\"col-12 col-sm-6 col-lg-2 border-bottom pb-2\">\n            <small><i class=\"fas fa-solid fa-newspaper fa-fw me-2\" style=\"color: #8c9db3;\"><\/i>Editorial<\/small>\n        <\/div>\n\n        <div class=\"col-12 col-sm-6 col-lg-5 border-bottom pb-2\">\n            <small class=\"text-muted\">Burleigh dodds<\/small>\n        <\/div>\n\n        <div class=\"col-12 col-sm-6 col-lg-2 border-bottom pb-2\">\n            <small><i class=\"fas fa-solid fa-user-pen fa-fw me-2\" style=\"color: #8c9db3;\"><\/i>Editores<\/small>\n        <\/div>\n\n        <div class=\"col-12 col-sm-6 col-lg-10 border-bottom pb-2\">\n            <small class=\"text-muted\"><\/small>\n        <\/div>\n\n        <div class=\"col-12 col-sm-6 col-lg-2\">\n            <small><i class=\"fas fa-solid fa-signature fa-fw me-2\" style=\"color: #8c9db3;\"><\/i>Autores<\/small>\n        <\/div>\n\n        <div class=\"col-12 col-sm-6 col-lg-10\">\n            <small class=\"text-muted\">Virgilio Gavicho<\/small>\n        <\/div>\n    <\/div><span class=\"caption-field-publish\"><\/span><\/div><\/div><\/div><\/div><\/div><div class=\"  circle--pattern-bottom-large col-sm-12 col-md-12 img-article\"><div class=\"holder-publish col-md-12\" style=\"border-bottom: 1px solid #B8B8B8\"><div class=\"content-holder h-100 component-border overflow-hidden row m-0 p-4 aling-items-center\"><ul class=\"p-0 list-style-none\"><li class=\"p-0 me-2\"><i class=\"fas fa-solid fa-book fa-fw\"><\/i> 11th International Conference on Practical Applications of Computational Biology & Bioinformatics<\/li><li class=\"p-0 me-2\"><i class=\"fas fa-solid fa-calendar fa-fw\"><\/i> 2017<\/li><\/ul><div class=\"caption col-12 p-0 col-md-12 row m-0 align-items-center\"><div class=\"px-md-1\">    <h3 class=\"fw-medium m-0 small-space pt-2 pb-2 title-ss text-decoration-none border-bottom\">Classification Tools for Carotenoid Content Estimation in Manihot esculenta via Metabolomics and Machine Learning<\/h3>\n\n    <div class=\"mt-0 row g-3\">\n        \n        <div class=\"col-12 col-sm-6 col-lg-2 border-bottom pb-2\">\n            <small><i class=\"fas fa-solid fa-barcode fa-fw me-2\" style=\"color: #8c9db3;\"><\/i>ISBN<\/small>\n        <\/div>\n\n        <div class=\"col-12 col-sm-6 col-lg-3 border-bottom pb-2\">\n            <small class=\"text-muted\"><\/small>\n        <\/div>\n\n        <div class=\"col-12 col-sm-6 col-lg-2 border-bottom pb-2\">\n            <small><i class=\"fas fa-solid fa-file fa-fw me-2\" style=\"color: #8c9db3;\"><\/i>P\u00e1ginas<\/small>\n        <\/div>\n\n        <div class=\"col-12 col-sm-6 col-lg-5 border-bottom pb-2\">\n            <small class=\"text-muted\">D\u00e9sde la p\u00e1gina 280, hasta la p\u00e1gina 288<\/small>\n        <\/div>\n\n        <div class=\"col-12 col-sm-6 col-lg-2 border-bottom pb-2\">\n            <small><i class=\"fas fa-solid fa-language fa-fw me-2\" style=\"color: #8c9db3;\"><\/i>Idioma<\/small>\n        <\/div>\n\n        <div class=\"col-12 col-sm-6 col-lg-3 border-bottom pb-2\">\n            <small class=\"text-muted\">Ingl\u00e9s<\/small>\n        <\/div>\n\n        <div class=\"col-12 col-sm-6 col-lg-2 border-bottom pb-2\">\n            <small><i class=\"fas fa-solid fa-newspaper fa-fw me-2\" style=\"color: #8c9db3;\"><\/i>Editorial<\/small>\n        <\/div>\n\n        <div class=\"col-12 col-sm-6 col-lg-5 border-bottom pb-2\">\n            <small class=\"text-muted\">Springer Nature<\/small>\n        <\/div>\n\n        <div class=\"col-12 col-sm-6 col-lg-2 border-bottom pb-2\">\n            <small><i class=\"fas fa-solid fa-user-pen fa-fw me-2\" style=\"color: #8c9db3;\"><\/i>Editores<\/small>\n        <\/div>\n\n        <div class=\"col-12 col-sm-6 col-lg-10 border-bottom pb-2\">\n            <small class=\"text-muted\"><\/small>\n        <\/div>\n\n        <div class=\"col-12 col-sm-6 col-lg-2\">\n            <small><i class=\"fas fa-solid fa-signature fa-fw me-2\" style=\"color: #8c9db3;\"><\/i>Autores<\/small>\n        <\/div>\n\n        <div class=\"col-12 col-sm-6 col-lg-10\">\n            <small class=\"text-muted\">Virgilio Gavicho<\/small>\n        <\/div>\n    <\/div><span class=\"caption-field-publish\"><\/span><\/div><\/div><\/div><\/div><\/div><div class=\"  circle--pattern-bottom-large col-sm-12 col-md-12 img-article\"><div class=\"holder-publish col-md-12\" style=\"border-bottom: 1px solid #B8B8B8\"><div class=\"content-holder h-100 component-border overflow-hidden row m-0 p-4 aling-items-center\"><ul class=\"p-0 list-style-none\"><li class=\"p-0 me-2\"><i class=\"fas fa-solid fa-book fa-fw\"><\/i> Gu\u00edas cl\u00ednicas de diagn\u00f3stico y tratamiento de las demencias<\/li><li class=\"p-0 me-2\"><i class=\"fas fa-solid fa-calendar fa-fw\"><\/i> 2017<\/li><\/ul><div class=\"caption col-12 p-0 col-md-12 row m-0 align-items-center\"><div class=\"px-md-1\">    <h3 class=\"fw-medium m-0 small-space pt-2 pb-2 title-ss text-decoration-none border-bottom\">Gu\u00edas cl\u00ednicas de diagn\u00f3stico y tratamiento de las demencias<\/h3>\n\n    <div class=\"mt-0 row g-3\">\n        \n        <div class=\"col-12 col-sm-6 col-lg-2 border-bottom pb-2\">\n            <small><i class=\"fas fa-solid fa-barcode fa-fw me-2\" style=\"color: #8c9db3;\"><\/i>ISBN<\/small>\n        <\/div>\n\n        <div class=\"col-12 col-sm-6 col-lg-3 border-bottom pb-2\">\n            <small class=\"text-muted\">978-956-7936-36-6<\/small>\n        <\/div>\n\n        <div class=\"col-12 col-sm-6 col-lg-2 border-bottom pb-2\">\n            <small><i class=\"fas fa-solid fa-file fa-fw me-2\" style=\"color: #8c9db3;\"><\/i>P\u00e1ginas<\/small>\n        <\/div>\n\n        <div class=\"col-12 col-sm-6 col-lg-5 border-bottom pb-2\">\n            <small class=\"text-muted\">D\u00e9sde la p\u00e1gina 173, hasta la p\u00e1gina 180<\/small>\n        <\/div>\n\n        <div class=\"col-12 col-sm-6 col-lg-2 border-bottom pb-2\">\n            <small><i class=\"fas fa-solid fa-language fa-fw me-2\" style=\"color: #8c9db3;\"><\/i>Idioma<\/small>\n        <\/div>\n\n        <div class=\"col-12 col-sm-6 col-lg-3 border-bottom pb-2\">\n            <small class=\"text-muted\">Espa\u00f1ol<\/small>\n        <\/div>\n\n        <div class=\"col-12 col-sm-6 col-lg-2 border-bottom pb-2\">\n            <small><i class=\"fas fa-solid fa-newspaper fa-fw me-2\" style=\"color: #8c9db3;\"><\/i>Editorial<\/small>\n        <\/div>\n\n        <div class=\"col-12 col-sm-6 col-lg-5 border-bottom pb-2\">\n            <small class=\"text-muted\">Iku, Ediciones de la Sociedad de Neurolog\u00eda, Psiquiatr\u00eda y Neurocirug\u00eda de Chile<\/small>\n        <\/div>\n\n        <div class=\"col-12 col-sm-6 col-lg-2 border-bottom pb-2\">\n            <small><i class=\"fas fa-solid fa-user-pen fa-fw me-2\" style=\"color: #8c9db3;\"><\/i>Editores<\/small>\n        <\/div>\n\n        <div class=\"col-12 col-sm-6 col-lg-10 border-bottom pb-2\">\n            <small class=\"text-muted\">Angela Nervi, Mar\u00eda Isabel Behrens<\/small>\n        <\/div>\n\n        <div class=\"col-12 col-sm-6 col-lg-2\">\n            <small><i class=\"fas fa-solid fa-signature fa-fw me-2\" style=\"color: #8c9db3;\"><\/i>Autores<\/small>\n        <\/div>\n\n        <div class=\"col-12 col-sm-6 col-lg-10\">\n            <small class=\"text-muted\">Patricia Flores, Carlos Eduardo Mu\u00f1oz Neira<\/small>\n        <\/div>\n    <\/div><span class=\"caption-field-publish\"><\/span><\/div><\/div><\/div><\/div><\/div><div class=\"  circle--pattern-bottom-large col-sm-12 col-md-12 img-article\"><div class=\"holder-publish col-md-12\" style=\"border-bottom: 1px solid #B8B8B8\"><div class=\"content-holder h-100 component-border overflow-hidden row m-0 p-4 aling-items-center\"><ul class=\"p-0 list-style-none\"><li class=\"p-0 me-2\"><i class=\"fas fa-solid fa-book fa-fw\"><\/i> Hypoxia and Human Diseases<\/li><li class=\"p-0 me-2\"><i class=\"fas fa-solid fa-calendar fa-fw\"><\/i> 2017<\/li><\/ul><div class=\"caption col-12 p-0 col-md-12 row m-0 align-items-center\"><div class=\"px-md-1\">    <h3 class=\"fw-medium m-0 small-space pt-2 pb-2 title-ss text-decoration-none border-bottom\">Epigenetic Programming of Cardiovascular Disease by Perinatal Hypoxia and Fetal Growth Restriction<\/h3>\n\n    <div class=\"mt-0 row g-3\">\n        \n        <div class=\"col-12 col-sm-6 col-lg-2 border-bottom pb-2\">\n            <small><i class=\"fas fa-solid fa-barcode fa-fw me-2\" style=\"color: #8c9db3;\"><\/i>ISBN<\/small>\n        <\/div>\n\n        <div class=\"col-12 col-sm-6 col-lg-3 border-bottom pb-2\">\n            <small class=\"text-muted\">978-953-51-2896-0<\/small>\n        <\/div>\n\n        <div class=\"col-12 col-sm-6 col-lg-2 border-bottom pb-2\">\n            <small><i class=\"fas fa-solid fa-file fa-fw me-2\" style=\"color: #8c9db3;\"><\/i>P\u00e1ginas<\/small>\n        <\/div>\n\n        <div class=\"col-12 col-sm-6 col-lg-5 border-bottom pb-2\">\n            <small class=\"text-muted\">D\u00e9sde la p\u00e1gina 1, hasta la p\u00e1gina 19<\/small>\n        <\/div>\n\n        <div class=\"col-12 col-sm-6 col-lg-2 border-bottom pb-2\">\n            <small><i class=\"fas fa-solid fa-language fa-fw me-2\" style=\"color: #8c9db3;\"><\/i>Idioma<\/small>\n        <\/div>\n\n        <div class=\"col-12 col-sm-6 col-lg-3 border-bottom pb-2\">\n            <small class=\"text-muted\">Ingl\u00e9s<\/small>\n        <\/div>\n\n        <div class=\"col-12 col-sm-6 col-lg-2 border-bottom pb-2\">\n            <small><i class=\"fas fa-solid fa-newspaper fa-fw me-2\" style=\"color: #8c9db3;\"><\/i>Editorial<\/small>\n        <\/div>\n\n        <div class=\"col-12 col-sm-6 col-lg-5 border-bottom pb-2\">\n            <small class=\"text-muted\">Intech<\/small>\n        <\/div>\n\n        <div class=\"col-12 col-sm-6 col-lg-2 border-bottom pb-2\">\n            <small><i class=\"fas fa-solid fa-user-pen fa-fw me-2\" style=\"color: #8c9db3;\"><\/i>Editores<\/small>\n        <\/div>\n\n        <div class=\"col-12 col-sm-6 col-lg-10 border-bottom pb-2\">\n            <small class=\"text-muted\">Jing Zheng, Chi Zhou<\/small>\n        <\/div>\n\n        <div class=\"col-12 col-sm-6 col-lg-2\">\n            <small><i class=\"fas fa-solid fa-signature fa-fw me-2\" style=\"color: #8c9db3;\"><\/i>Autores<\/small>\n        <\/div>\n\n        <div class=\"col-12 col-sm-6 col-lg-10\">\n            <small class=\"text-muted\">Paola Casanello, Emilio A. Herrera, Bernardo Javier Krause Leyton<\/small>\n        <\/div>\n    <\/div><span class=\"caption-field-publish\"><\/span><\/div><\/div><\/div><\/div><\/div><div class=\"  circle--pattern-bottom-large col-sm-12 col-md-12 img-article\"><div class=\"holder-publish col-md-12\" style=\"border-bottom: 1px solid #B8B8B8\"><div class=\"content-holder h-100 component-border overflow-hidden row m-0 p-4 aling-items-center\"><ul class=\"p-0 list-style-none\"><li class=\"p-0 me-2\"><i class=\"fas fa-solid fa-book fa-fw\"><\/i> Formaci\u00f3n inicial docente en el \u00e1rea de lenguaje: experiencias en Am\u00e9rica Latina<\/li><li class=\"p-0 me-2\"><i class=\"fas fa-solid fa-calendar fa-fw\"><\/i> 2017<\/li><\/ul><div class=\"caption col-12 p-0 col-md-12 row m-0 align-items-center\"><div class=\"px-md-1\">    <h3 class=\"fw-medium m-0 small-space pt-2 pb-2 title-ss text-decoration-none border-bottom\">La demanda de los est\u00e1ndares para egresados y el curr\u00edculum formativo en las carreras de pedagog\u00eda en lenguaje y comunicaci\u00f3n en Chile<\/h3>\n\n    <div class=\"mt-0 row g-3\">\n        \n        <div class=\"col-12 col-sm-6 col-lg-2 border-bottom pb-2\">\n            <small><i class=\"fas fa-solid fa-barcode fa-fw me-2\" style=\"color: #8c9db3;\"><\/i>ISBN<\/small>\n        <\/div>\n\n        <div class=\"col-12 col-sm-6 col-lg-3 border-bottom pb-2\">\n            <small class=\"text-muted\">1548764132<\/small>\n        <\/div>\n\n        <div class=\"col-12 col-sm-6 col-lg-2 border-bottom pb-2\">\n            <small><i class=\"fas fa-solid fa-file fa-fw me-2\" style=\"color: #8c9db3;\"><\/i>P\u00e1ginas<\/small>\n        <\/div>\n\n        <div class=\"col-12 col-sm-6 col-lg-5 border-bottom pb-2\">\n            <small class=\"text-muted\">D\u00e9sde la p\u00e1gina 89, hasta la p\u00e1gina 117<\/small>\n        <\/div>\n\n        <div class=\"col-12 col-sm-6 col-lg-2 border-bottom pb-2\">\n            <small><i class=\"fas fa-solid fa-language fa-fw me-2\" style=\"color: #8c9db3;\"><\/i>Idioma<\/small>\n        <\/div>\n\n        <div class=\"col-12 col-sm-6 col-lg-3 border-bottom pb-2\">\n            <small class=\"text-muted\">Espa\u00f1ol<\/small>\n        <\/div>\n\n        <div class=\"col-12 col-sm-6 col-lg-2 border-bottom pb-2\">\n            <small><i class=\"fas fa-solid fa-newspaper fa-fw me-2\" style=\"color: #8c9db3;\"><\/i>Editorial<\/small>\n        <\/div>\n\n        <div class=\"col-12 col-sm-6 col-lg-5 border-bottom pb-2\">\n            <small class=\"text-muted\">12 Editorial<\/small>\n        <\/div>\n\n        <div class=\"col-12 col-sm-6 col-lg-2 border-bottom pb-2\">\n            <small><i class=\"fas fa-solid fa-user-pen fa-fw me-2\" style=\"color: #8c9db3;\"><\/i>Editores<\/small>\n        <\/div>\n\n        <div class=\"col-12 col-sm-6 col-lg-10 border-bottom pb-2\">\n            <small class=\"text-muted\">Silvia Romero, Soledad Concha<\/small>\n        <\/div>\n\n        <div class=\"col-12 col-sm-6 col-lg-2\">\n            <small><i class=\"fas fa-solid fa-signature fa-fw me-2\" style=\"color: #8c9db3;\"><\/i>Autores<\/small>\n        <\/div>\n\n        <div class=\"col-12 col-sm-6 col-lg-10\">\n            <small class=\"text-muted\">Carmen Sotomayor, Gabriela Elizabeth G\u00f3mez Vera<\/small>\n        <\/div>\n    <\/div><span class=\"caption-field-publish\"><\/span><\/div><\/div><\/div><\/div><\/div><div class=\"  circle--pattern-bottom-large col-sm-12 col-md-12 img-article\"><div class=\"holder-publish col-md-12\" style=\"border-bottom: 1px solid #B8B8B8\"><div class=\"content-holder h-100 component-border overflow-hidden row m-0 p-4 aling-items-center\"><ul class=\"p-0 list-style-none\"><li class=\"p-0 me-2\"><i class=\"fas fa-solid fa-book fa-fw\"><\/i> Tratado de Nutrici\u00f3n.<\/li><li class=\"p-0 me-2\"><i class=\"fas fa-solid fa-calendar fa-fw\"><\/i> 2017<\/li><\/ul><div class=\"caption col-12 p-0 col-md-12 row m-0 align-items-center\"><div class=\"px-md-1\">    <h3 class=\"fw-medium m-0 small-space pt-2 pb-2 title-ss text-decoration-none border-bottom\">Cap\u00edtulo 28: Regulaci\u00f3n Transcripcional de Metales Trazas.<\/h3>\n\n    <div class=\"mt-0 row g-3\">\n        \n        <div class=\"col-12 col-sm-6 col-lg-2 border-bottom pb-2\">\n            <small><i class=\"fas fa-solid fa-barcode fa-fw me-2\" style=\"color: #8c9db3;\"><\/i>ISBN<\/small>\n        <\/div>\n\n        <div class=\"col-12 col-sm-6 col-lg-3 border-bottom pb-2\">\n            <small class=\"text-muted\"><\/small>\n        <\/div>\n\n        <div class=\"col-12 col-sm-6 col-lg-2 border-bottom pb-2\">\n            <small><i class=\"fas fa-solid fa-file fa-fw me-2\" style=\"color: #8c9db3;\"><\/i>P\u00e1ginas<\/small>\n        <\/div>\n\n        <div class=\"col-12 col-sm-6 col-lg-5 border-bottom pb-2\">\n            <small class=\"text-muted\">D\u00e9sde la p\u00e1gina 512, hasta la p\u00e1gina 532<\/small>\n        <\/div>\n\n        <div class=\"col-12 col-sm-6 col-lg-2 border-bottom pb-2\">\n            <small><i class=\"fas fa-solid fa-language fa-fw me-2\" style=\"color: #8c9db3;\"><\/i>Idioma<\/small>\n        <\/div>\n\n        <div class=\"col-12 col-sm-6 col-lg-3 border-bottom pb-2\">\n            <small class=\"text-muted\">Espa\u00f1ol<\/small>\n        <\/div>\n\n        <div class=\"col-12 col-sm-6 col-lg-2 border-bottom pb-2\">\n            <small><i class=\"fas fa-solid fa-newspaper fa-fw me-2\" style=\"color: #8c9db3;\"><\/i>Editorial<\/small>\n        <\/div>\n\n        <div class=\"col-12 col-sm-6 col-lg-5 border-bottom pb-2\">\n            <small class=\"text-muted\">M\u00e9dica Panamericana<\/small>\n        <\/div>\n\n        <div class=\"col-12 col-sm-6 col-lg-2 border-bottom pb-2\">\n            <small><i class=\"fas fa-solid fa-user-pen fa-fw me-2\" style=\"color: #8c9db3;\"><\/i>Editores<\/small>\n        <\/div>\n\n        <div class=\"col-12 col-sm-6 col-lg-10 border-bottom pb-2\">\n            <small class=\"text-muted\">\u00c1ngel Gil Hern\u00e1ndez.<\/small>\n        <\/div>\n\n        <div class=\"col-12 col-sm-6 col-lg-2\">\n            <small><i class=\"fas fa-solid fa-signature fa-fw me-2\" style=\"color: #8c9db3;\"><\/i>Autores<\/small>\n        <\/div>\n\n        <div class=\"col-12 col-sm-6 col-lg-10\">\n            <small class=\"text-muted\">Mauricio Alejandro Latorre Mora, Miguel Arredondo, Mauricio Gonzalez Canales<\/small>\n        <\/div>\n    <\/div><span class=\"caption-field-publish\"><\/span><\/div><\/div><\/div><\/div><\/div><div class=\"  circle--pattern-bottom-large col-sm-12 col-md-12 img-article\"><div class=\"holder-publish col-md-12\" style=\"border-bottom: 1px solid #B8B8B8\"><div class=\"content-holder h-100 component-border overflow-hidden row m-0 p-4 aling-items-center\"><ul class=\"p-0 list-style-none\"><li class=\"p-0 me-2\"><i class=\"fas fa-solid fa-book fa-fw\"><\/i> Psicooncolog\u00eda: enfoques, avances e investigaci\u00f3n<\/li><li class=\"p-0 me-2\"><i class=\"fas fa-solid fa-calendar fa-fw\"><\/i> 2017<\/li><\/ul><div class=\"caption col-12 p-0 col-md-12 row m-0 align-items-center\"><div class=\"px-md-1\">    <h3 class=\"fw-medium m-0 small-space pt-2 pb-2 title-ss text-decoration-none border-bottom\">Calidad de vida y c\u00e1ncer: aportes desde la evidencia<\/h3>\n\n    <div class=\"mt-0 row g-3\">\n        \n        <div class=\"col-12 col-sm-6 col-lg-2 border-bottom pb-2\">\n            <small><i class=\"fas fa-solid fa-barcode fa-fw me-2\" style=\"color: #8c9db3;\"><\/i>ISBN<\/small>\n        <\/div>\n\n        <div class=\"col-12 col-sm-6 col-lg-3 border-bottom pb-2\">\n            <small class=\"text-muted\">978-956-9812-11-8<\/small>\n        <\/div>\n\n        <div class=\"col-12 col-sm-6 col-lg-2 border-bottom pb-2\">\n            <small><i class=\"fas fa-solid fa-file fa-fw me-2\" style=\"color: #8c9db3;\"><\/i>P\u00e1ginas<\/small>\n        <\/div>\n\n        <div class=\"col-12 col-sm-6 col-lg-5 border-bottom pb-2\">\n            <small class=\"text-muted\">D\u00e9sde la p\u00e1gina 219, hasta la p\u00e1gina 234<\/small>\n        <\/div>\n\n        <div class=\"col-12 col-sm-6 col-lg-2 border-bottom pb-2\">\n            <small><i class=\"fas fa-solid fa-language fa-fw me-2\" style=\"color: #8c9db3;\"><\/i>Idioma<\/small>\n        <\/div>\n\n        <div class=\"col-12 col-sm-6 col-lg-3 border-bottom pb-2\">\n            <small class=\"text-muted\">Espa\u00f1ol<\/small>\n        <\/div>\n\n        <div class=\"col-12 col-sm-6 col-lg-2 border-bottom pb-2\">\n            <small><i class=\"fas fa-solid fa-newspaper fa-fw me-2\" style=\"color: #8c9db3;\"><\/i>Editorial<\/small>\n        <\/div>\n\n        <div class=\"col-12 col-sm-6 col-lg-5 border-bottom pb-2\">\n            <small class=\"text-muted\">Nueva Mirada Ediciones<\/small>\n        <\/div>\n\n        <div class=\"col-12 col-sm-6 col-lg-2 border-bottom pb-2\">\n            <small><i class=\"fas fa-solid fa-user-pen fa-fw me-2\" style=\"color: #8c9db3;\"><\/i>Editores<\/small>\n        <\/div>\n\n        <div class=\"col-12 col-sm-6 col-lg-10 border-bottom pb-2\">\n            <small class=\"text-muted\">Claudio Rojas-Jara; Yanina Guti\u00e9rrez Vald\u00e9s<\/small>\n        <\/div>\n\n        <div class=\"col-12 col-sm-6 col-lg-2\">\n            <small><i class=\"fas fa-solid fa-signature fa-fw me-2\" style=\"color: #8c9db3;\"><\/i>Autores<\/small>\n        <\/div>\n\n        <div class=\"col-12 col-sm-6 col-lg-10\">\n            <small class=\"text-muted\">Alfonso Urz\u00faa, Camila Marta Oda Montecinos<\/small>\n        <\/div>\n    <\/div><span class=\"caption-field-publish\"><\/span><\/div><\/div><\/div><\/div><\/div><div class=\"  circle--pattern-bottom-large col-sm-12 col-md-12 img-article\"><div class=\"holder-publish col-md-12\" style=\"border-bottom: 1px solid #B8B8B8\"><div class=\"content-holder h-100 component-border overflow-hidden row m-0 p-4 aling-items-center\"><ul class=\"p-0 list-style-none\"><li class=\"p-0 me-2\"><i class=\"fas fa-solid fa-book fa-fw\"><\/i> Trampas Territoriales de Pobreza, Desigualdad y baja Movilidad Social: los casos de Chile, M\u00e9xico y Per\u00fa<\/li><li class=\"p-0 me-2\"><i class=\"fas fa-solid fa-calendar fa-fw\"><\/i> 2017<\/li><\/ul><div class=\"caption col-12 p-0 col-md-12 row m-0 align-items-center\"><div class=\"px-md-1\">    <h3 class=\"fw-medium m-0 small-space pt-2 pb-2 title-ss text-decoration-none border-bottom\">Arreglos pol\u00edtico-institucionales para la superaci\u00f3n de trampas localizadas de pobreza monetaria: los territorios de Cauquenes y Constituci\u00f3n en la regi\u00f3n del Maule en Chile<\/h3>\n\n    <div class=\"mt-0 row g-3\">\n        \n        <div class=\"col-12 col-sm-6 col-lg-2 border-bottom pb-2\">\n            <small><i class=\"fas fa-solid fa-barcode fa-fw me-2\" style=\"color: #8c9db3;\"><\/i>ISBN<\/small>\n        <\/div>\n\n        <div class=\"col-12 col-sm-6 col-lg-3 border-bottom pb-2\">\n            <small class=\"text-muted\"><\/small>\n        <\/div>\n\n        <div class=\"col-12 col-sm-6 col-lg-2 border-bottom pb-2\">\n            <small><i class=\"fas fa-solid fa-file fa-fw me-2\" style=\"color: #8c9db3;\"><\/i>P\u00e1ginas<\/small>\n        <\/div>\n\n        <div class=\"col-12 col-sm-6 col-lg-5 border-bottom pb-2\">\n            <small class=\"text-muted\">D\u00e9sde la p\u00e1gina 125, hasta la p\u00e1gina 166<\/small>\n        <\/div>\n\n        <div class=\"col-12 col-sm-6 col-lg-2 border-bottom pb-2\">\n            <small><i class=\"fas fa-solid fa-language fa-fw me-2\" style=\"color: #8c9db3;\"><\/i>Idioma<\/small>\n        <\/div>\n\n        <div class=\"col-12 col-sm-6 col-lg-3 border-bottom pb-2\">\n            <small class=\"text-muted\">Espa\u00f1ol<\/small>\n        <\/div>\n\n        <div class=\"col-12 col-sm-6 col-lg-2 border-bottom pb-2\">\n            <small><i class=\"fas fa-solid fa-newspaper fa-fw me-2\" style=\"color: #8c9db3;\"><\/i>Editorial<\/small>\n        <\/div>\n\n        <div class=\"col-12 col-sm-6 col-lg-5 border-bottom pb-2\">\n            <small class=\"text-muted\">Centro de Estudios Espinosa Yglesias, CEEY Editorial<\/small>\n        <\/div>\n\n        <div class=\"col-12 col-sm-6 col-lg-2 border-bottom pb-2\">\n            <small><i class=\"fas fa-solid fa-user-pen fa-fw me-2\" style=\"color: #8c9db3;\"><\/i>Editores<\/small>\n        <\/div>\n\n        <div class=\"col-12 col-sm-6 col-lg-10 border-bottom pb-2\">\n            <small class=\"text-muted\">Bebbington, A., Escobal, J., Soloaga, I. & Tomaselli, A.<\/small>\n        <\/div>\n\n        <div class=\"col-12 col-sm-6 col-lg-2\">\n            <small><i class=\"fas fa-solid fa-signature fa-fw me-2\" style=\"color: #8c9db3;\"><\/i>Autores<\/small>\n        <\/div>\n\n        <div class=\"col-12 col-sm-6 col-lg-10\">\n            <small class=\"text-muted\">Juan Fernandez Labb\u00e9, Ignacia Fern\u00e1ndez Gatica, Ricardo Sebasti\u00e1n Fuentealba Fuentes<\/small>\n        <\/div>\n    <\/div><span class=\"caption-field-publish\"><\/span><\/div><\/div><\/div><\/div><\/div><div class=\"  circle--pattern-bottom-large col-sm-12 col-md-12 img-article\"><div class=\"holder-publish col-md-12\" style=\"border-bottom: 1px solid #B8B8B8\"><div class=\"content-holder h-100 component-border overflow-hidden row m-0 p-4 aling-items-center\"><ul class=\"p-0 list-style-none\"><li class=\"p-0 me-2\"><i class=\"fas fa-solid fa-book fa-fw\"><\/i> Discursos medi\u00e1ticos sobre la diferencia en Am\u00e9rica Latina y Caribe<\/li><li class=\"p-0 me-2\"><i class=\"fas fa-solid fa-calendar fa-fw\"><\/i> 2017<\/li><\/ul><div class=\"caption col-12 p-0 col-md-12 row m-0 align-items-center\"><div class=\"px-md-1\">    <h3 class=\"fw-medium m-0 small-space pt-2 pb-2 title-ss text-decoration-none border-bottom\">(Contra)Racismo diario y la invisibilizaci\u00f3n del mestizaje: An\u00e1lisis de Anita Tijoux y su construcci\u00f3n como \u0093cara de nana\u0094 en la blog\u00f3sfera de un peri\u00f3dico chileno<\/h3>\n\n    <div class=\"mt-0 row g-3\">\n        \n        <div class=\"col-12 col-sm-6 col-lg-2 border-bottom pb-2\">\n            <small><i class=\"fas fa-solid fa-barcode fa-fw me-2\" style=\"color: #8c9db3;\"><\/i>ISBN<\/small>\n        <\/div>\n\n        <div class=\"col-12 col-sm-6 col-lg-3 border-bottom pb-2\">\n            <small class=\"text-muted\"><\/small>\n        <\/div>\n\n        <div class=\"col-12 col-sm-6 col-lg-2 border-bottom pb-2\">\n            <small><i class=\"fas fa-solid fa-file fa-fw me-2\" style=\"color: #8c9db3;\"><\/i>P\u00e1ginas<\/small>\n        <\/div>\n\n        <div class=\"col-12 col-sm-6 col-lg-5 border-bottom pb-2\">\n            <small class=\"text-muted\">D\u00e9sde la p\u00e1gina 111, hasta la p\u00e1gina 126<\/small>\n        <\/div>\n\n        <div class=\"col-12 col-sm-6 col-lg-2 border-bottom pb-2\">\n            <small><i class=\"fas fa-solid fa-language fa-fw me-2\" style=\"color: #8c9db3;\"><\/i>Idioma<\/small>\n        <\/div>\n\n        <div class=\"col-12 col-sm-6 col-lg-3 border-bottom pb-2\">\n            <small class=\"text-muted\">Espa\u00f1ol<\/small>\n        <\/div>\n\n        <div class=\"col-12 col-sm-6 col-lg-2 border-bottom pb-2\">\n            <small><i class=\"fas fa-solid fa-newspaper fa-fw me-2\" style=\"color: #8c9db3;\"><\/i>Editorial<\/small>\n        <\/div>\n\n        <div class=\"col-12 col-sm-6 col-lg-5 border-bottom pb-2\">\n            <small class=\"text-muted\">: L'Institut de la Comunicaci\u00f3 de la Universitat Aut\u00f2noma de Barcelona<\/small>\n        <\/div>\n\n        <div class=\"col-12 col-sm-6 col-lg-2 border-bottom pb-2\">\n            <small><i class=\"fas fa-solid fa-user-pen fa-fw me-2\" style=\"color: #8c9db3;\"><\/i>Editores<\/small>\n        <\/div>\n\n        <div class=\"col-12 col-sm-6 col-lg-10 border-bottom pb-2\">\n            <small class=\"text-muted\">Tania Hoff, Doris Mart\u00ednez<\/small>\n        <\/div>\n\n        <div class=\"col-12 col-sm-6 col-lg-2\">\n            <small><i class=\"fas fa-solid fa-signature fa-fw me-2\" style=\"color: #8c9db3;\"><\/i>Autores<\/small>\n        <\/div>\n\n        <div class=\"col-12 col-sm-6 col-lg-10\">\n            <small class=\"text-muted\">Carolina P\u00e9rez Arredondo<\/small>\n        <\/div>\n    <\/div><span class=\"caption-field-publish\"><\/span><\/div><\/div><\/div><\/div><\/div><div class=\"  circle--pattern-bottom-large col-sm-12 col-md-12 img-article\"><div class=\"holder-publish col-md-12\" style=\"border-bottom: 1px solid #B8B8B8\"><div class=\"content-holder h-100 component-border overflow-hidden row m-0 p-4 aling-items-center\"><ul class=\"p-0 list-style-none\"><li class=\"p-0 me-2\"><i class=\"fas fa-solid fa-book fa-fw\"><\/i> Escribir a trav\u00e9s del Curr\u00edculum. Una gu\u00eda de referencia<\/li><li class=\"p-0 me-2\"><i class=\"fas fa-solid fa-calendar fa-fw\"><\/i> 2016<\/li><\/ul><div class=\"caption col-12 p-0 col-md-12 row m-0 align-items-center\"><div class=\"px-md-1\">    <h3 class=\"fw-medium m-0 small-space pt-2 pb-2 title-ss text-decoration-none border-bottom\">El movimiento Escribir a trav\u00e9s del Curr\u00edculum y la investigaci\u00f3n y la ense\u00f1anza de la escritura en Latinoam\u00e9rica<\/h3>\n\n    <div class=\"mt-0 row g-3\">\n        \n        <div class=\"col-12 col-sm-6 col-lg-2 border-bottom pb-2\">\n            <small><i class=\"fas fa-solid fa-barcode fa-fw me-2\" style=\"color: #8c9db3;\"><\/i>ISBN<\/small>\n        <\/div>\n\n        <div class=\"col-12 col-sm-6 col-lg-3 border-bottom pb-2\">\n            <small class=\"text-muted\">978-950-33-1299-5<\/small>\n        <\/div>\n\n        <div class=\"col-12 col-sm-6 col-lg-2 border-bottom pb-2\">\n            <small><i class=\"fas fa-solid fa-file fa-fw me-2\" style=\"color: #8c9db3;\"><\/i>P\u00e1ginas<\/small>\n        <\/div>\n\n        <div class=\"col-12 col-sm-6 col-lg-5 border-bottom pb-2\">\n            <small class=\"text-muted\">D\u00e9sde la p\u00e1gina 38, hasta la p\u00e1gina 48<\/small>\n        <\/div>\n\n        <div class=\"col-12 col-sm-6 col-lg-2 border-bottom pb-2\">\n            <small><i class=\"fas fa-solid fa-language fa-fw me-2\" style=\"color: #8c9db3;\"><\/i>Idioma<\/small>\n        <\/div>\n\n        <div class=\"col-12 col-sm-6 col-lg-3 border-bottom pb-2\">\n            <small class=\"text-muted\"><\/small>\n        <\/div>\n\n        <div class=\"col-12 col-sm-6 col-lg-2 border-bottom pb-2\">\n            <small><i class=\"fas fa-solid fa-newspaper fa-fw me-2\" style=\"color: #8c9db3;\"><\/i>Editorial<\/small>\n        <\/div>\n\n        <div class=\"col-12 col-sm-6 col-lg-5 border-bottom pb-2\">\n            <small class=\"text-muted\">Universidad Nacional de C\u00f3rdoba<\/small>\n        <\/div>\n\n        <div class=\"col-12 col-sm-6 col-lg-2 border-bottom pb-2\">\n            <small><i class=\"fas fa-solid fa-user-pen fa-fw me-2\" style=\"color: #8c9db3;\"><\/i>Editores<\/small>\n        <\/div>\n\n        <div class=\"col-12 col-sm-6 col-lg-10 border-bottom pb-2\">\n            <small class=\"text-muted\">F. Navarro<\/small>\n        <\/div>\n\n        <div class=\"col-12 col-sm-6 col-lg-2\">\n            <small><i class=\"fas fa-solid fa-signature fa-fw me-2\" style=\"color: #8c9db3;\"><\/i>Autores<\/small>\n        <\/div>\n\n        <div class=\"col-12 col-sm-6 col-lg-10\">\n            <small class=\"text-muted\">Federico Daniel Navarro<\/small>\n        <\/div>\n    <\/div><span class=\"caption-field-publish\"><\/span><\/div><\/div><\/div><\/div><\/div><div class=\"  circle--pattern-bottom-large col-sm-12 col-md-12 img-article\"><div class=\"holder-publish col-md-12\" style=\"border-bottom: 1px solid #B8B8B8\"><div class=\"content-holder h-100 component-border overflow-hidden row m-0 p-4 aling-items-center\"><ul class=\"p-0 list-style-none\"><li class=\"p-0 me-2\"><i class=\"fas fa-solid fa-book fa-fw\"><\/i> \u0093EMVeM\u0094 Energy efficiency management for vehicles and machines<\/li><li class=\"p-0 me-2\"><i class=\"fas fa-solid fa-calendar fa-fw\"><\/i> 2016<\/li><\/ul><div class=\"caption col-12 p-0 col-md-12 row m-0 align-items-center\"><div class=\"px-md-1\">    <h3 class=\"fw-medium m-0 small-space pt-2 pb-2 title-ss text-decoration-none border-bottom\">Broadband vibration reduction using piezoelectric transducers<\/h3>\n\n    <div class=\"mt-0 row g-3\">\n        \n        <div class=\"col-12 col-sm-6 col-lg-2 border-bottom pb-2\">\n            <small><i class=\"fas fa-solid fa-barcode fa-fw me-2\" style=\"color: #8c9db3;\"><\/i>ISBN<\/small>\n        <\/div>\n\n        <div class=\"col-12 col-sm-6 col-lg-3 border-bottom pb-2\">\n            <small class=\"text-muted\">9789073802964<\/small>\n        <\/div>\n\n        <div class=\"col-12 col-sm-6 col-lg-2 border-bottom pb-2\">\n            <small><i class=\"fas fa-solid fa-file fa-fw me-2\" style=\"color: #8c9db3;\"><\/i>P\u00e1ginas<\/small>\n        <\/div>\n\n        <div class=\"col-12 col-sm-6 col-lg-5 border-bottom pb-2\">\n            <small class=\"text-muted\">D\u00e9sde la p\u00e1gina 127, hasta la p\u00e1gina 146<\/small>\n        <\/div>\n\n        <div class=\"col-12 col-sm-6 col-lg-2 border-bottom pb-2\">\n            <small><i class=\"fas fa-solid fa-language fa-fw me-2\" style=\"color: #8c9db3;\"><\/i>Idioma<\/small>\n        <\/div>\n\n        <div class=\"col-12 col-sm-6 col-lg-3 border-bottom pb-2\">\n            <small class=\"text-muted\">Ingl\u00e9s<\/small>\n        <\/div>\n\n        <div class=\"col-12 col-sm-6 col-lg-2 border-bottom pb-2\">\n            <small><i class=\"fas fa-solid fa-newspaper fa-fw me-2\" style=\"color: #8c9db3;\"><\/i>Editorial<\/small>\n        <\/div>\n\n        <div class=\"col-12 col-sm-6 col-lg-5 border-bottom pb-2\">\n            <small class=\"text-muted\">KU Leuven<\/small>\n        <\/div>\n\n        <div class=\"col-12 col-sm-6 col-lg-2 border-bottom pb-2\">\n            <small><i class=\"fas fa-solid fa-user-pen fa-fw me-2\" style=\"color: #8c9db3;\"><\/i>Editores<\/small>\n        <\/div>\n\n        <div class=\"col-12 col-sm-6 col-lg-10 border-bottom pb-2\">\n            <small class=\"text-muted\">Wim Desmet, Bert Pluymers, Simona Moschini<\/small>\n        <\/div>\n\n        <div class=\"col-12 col-sm-6 col-lg-2\">\n            <small><i class=\"fas fa-solid fa-signature fa-fw me-2\" style=\"color: #8c9db3;\"><\/i>Autores<\/small>\n        <\/div>\n\n        <div class=\"col-12 col-sm-6 col-lg-10\">\n            <small class=\"text-muted\">Daniel Emilio Casagrande<\/small>\n        <\/div>\n    <\/div><span class=\"caption-field-publish\"><\/span><\/div><\/div><\/div><\/div><\/div><div class=\"  circle--pattern-bottom-large col-sm-12 col-md-12 img-article\"><div class=\"holder-publish col-md-12\" style=\"border-bottom: 1px solid #B8B8B8\"><div class=\"content-holder h-100 component-border overflow-hidden row m-0 p-4 aling-items-center\"><ul class=\"p-0 list-style-none\"><li class=\"p-0 me-2\"><i class=\"fas fa-solid fa-book fa-fw\"><\/i> Mercado escolar y oportunidad educacional en Chile: libertad, diversidad y desigualdad<\/li><li class=\"p-0 me-2\"><i class=\"fas fa-solid fa-calendar fa-fw\"><\/i> 2016<\/li><\/ul><div class=\"caption col-12 p-0 col-md-12 row m-0 align-items-center\"><div class=\"px-md-1\">    <h3 class=\"fw-medium m-0 small-space pt-2 pb-2 title-ss text-decoration-none border-bottom\">La dimensi\u00f3n \u00e9tico-pol\u00edtica de la elecci\u00f3n de escuela: dilemas en familias chilenas de elite<\/h3>\n\n    <div class=\"mt-0 row g-3\">\n        \n        <div class=\"col-12 col-sm-6 col-lg-2 border-bottom pb-2\">\n            <small><i class=\"fas fa-solid fa-barcode fa-fw me-2\" style=\"color: #8c9db3;\"><\/i>ISBN<\/small>\n        <\/div>\n\n        <div class=\"col-12 col-sm-6 col-lg-3 border-bottom pb-2\">\n            <small class=\"text-muted\"><\/small>\n        <\/div>\n\n        <div class=\"col-12 col-sm-6 col-lg-2 border-bottom pb-2\">\n            <small><i class=\"fas fa-solid fa-file fa-fw me-2\" style=\"color: #8c9db3;\"><\/i>P\u00e1ginas<\/small>\n        <\/div>\n\n        <div class=\"col-12 col-sm-6 col-lg-5 border-bottom pb-2\">\n            <small class=\"text-muted\">D\u00e9sde la p\u00e1gina , hasta la p\u00e1gina <\/small>\n        <\/div>\n\n        <div class=\"col-12 col-sm-6 col-lg-2 border-bottom pb-2\">\n            <small><i class=\"fas fa-solid fa-language fa-fw me-2\" style=\"color: #8c9db3;\"><\/i>Idioma<\/small>\n        <\/div>\n\n        <div class=\"col-12 col-sm-6 col-lg-3 border-bottom pb-2\">\n            <small class=\"text-muted\">Espa\u00f1ol<\/small>\n        <\/div>\n\n        <div class=\"col-12 col-sm-6 col-lg-2 border-bottom pb-2\">\n            <small><i class=\"fas fa-solid fa-newspaper fa-fw me-2\" style=\"color: #8c9db3;\"><\/i>Editorial<\/small>\n        <\/div>\n\n        <div class=\"col-12 col-sm-6 col-lg-5 border-bottom pb-2\">\n            <small class=\"text-muted\">Ediciones UC<\/small>\n        <\/div>\n\n        <div class=\"col-12 col-sm-6 col-lg-2 border-bottom pb-2\">\n            <small><i class=\"fas fa-solid fa-user-pen fa-fw me-2\" style=\"color: #8c9db3;\"><\/i>Editores<\/small>\n        <\/div>\n\n        <div class=\"col-12 col-sm-6 col-lg-10 border-bottom pb-2\">\n            <small class=\"text-muted\">Corvalan, J., Carrasco, A. & Garcia-Huidobro. J.E.<\/small>\n        <\/div>\n\n        <div class=\"col-12 col-sm-6 col-lg-2\">\n            <small><i class=\"fas fa-solid fa-signature fa-fw me-2\" style=\"color: #8c9db3;\"><\/i>Autores<\/small>\n        <\/div>\n\n        <div class=\"col-12 col-sm-6 col-lg-10\">\n            <small class=\"text-muted\">Manuela Ji Mendoza Horvitz<\/small>\n        <\/div>\n    <\/div><span class=\"caption-field-publish\"><\/span><\/div><\/div><\/div><\/div><\/div><div class=\"  circle--pattern-bottom-large col-sm-12 col-md-12 img-article\"><div class=\"holder-publish col-md-12\" style=\"border-bottom: 1px solid #B8B8B8\"><div class=\"content-holder h-100 component-border overflow-hidden row m-0 p-4 aling-items-center\"><ul class=\"p-0 list-style-none\"><li class=\"p-0 me-2\"><i class=\"fas fa-solid fa-book fa-fw\"><\/i> Contextualizaci\u00f3n de la ense\u00f1anza en Chile. Resultados de la encuesta internacional TALIS 2013, OCDE<\/li><li class=\"p-0 me-2\"><i class=\"fas fa-solid fa-calendar fa-fw\"><\/i> 2016<\/li><\/ul><div class=\"caption col-12 p-0 col-md-12 row m-0 align-items-center\"><div class=\"px-md-1\">    <h3 class=\"fw-medium m-0 small-space pt-2 pb-2 title-ss text-decoration-none border-bottom\">Cap\u00edtulo IV. Desarrollo profesional de los docentes<\/h3>\n\n    <div class=\"mt-0 row g-3\">\n        \n        <div class=\"col-12 col-sm-6 col-lg-2 border-bottom pb-2\">\n            <small><i class=\"fas fa-solid fa-barcode fa-fw me-2\" style=\"color: #8c9db3;\"><\/i>ISBN<\/small>\n        <\/div>\n\n        <div class=\"col-12 col-sm-6 col-lg-3 border-bottom pb-2\">\n            <small class=\"text-muted\"><\/small>\n        <\/div>\n\n        <div class=\"col-12 col-sm-6 col-lg-2 border-bottom pb-2\">\n            <small><i class=\"fas fa-solid fa-file fa-fw me-2\" style=\"color: #8c9db3;\"><\/i>P\u00e1ginas<\/small>\n        <\/div>\n\n        <div class=\"col-12 col-sm-6 col-lg-5 border-bottom pb-2\">\n            <small class=\"text-muted\">D\u00e9sde la p\u00e1gina , hasta la p\u00e1gina <\/small>\n        <\/div>\n\n        <div class=\"col-12 col-sm-6 col-lg-2 border-bottom pb-2\">\n            <small><i class=\"fas fa-solid fa-language fa-fw me-2\" style=\"color: #8c9db3;\"><\/i>Idioma<\/small>\n        <\/div>\n\n        <div class=\"col-12 col-sm-6 col-lg-3 border-bottom pb-2\">\n            <small class=\"text-muted\"><\/small>\n        <\/div>\n\n        <div class=\"col-12 col-sm-6 col-lg-2 border-bottom pb-2\">\n            <small><i class=\"fas fa-solid fa-newspaper fa-fw me-2\" style=\"color: #8c9db3;\"><\/i>Editorial<\/small>\n        <\/div>\n\n        <div class=\"col-12 col-sm-6 col-lg-5 border-bottom pb-2\">\n            <small class=\"text-muted\">Centro de Estudios MINEDUC<\/small>\n        <\/div>\n\n        <div class=\"col-12 col-sm-6 col-lg-2 border-bottom pb-2\">\n            <small><i class=\"fas fa-solid fa-user-pen fa-fw me-2\" style=\"color: #8c9db3;\"><\/i>Editores<\/small>\n        <\/div>\n\n        <div class=\"col-12 col-sm-6 col-lg-10 border-bottom pb-2\">\n            <small class=\"text-muted\"><\/small>\n        <\/div>\n\n        <div class=\"col-12 col-sm-6 col-lg-2\">\n            <small><i class=\"fas fa-solid fa-signature fa-fw me-2\" style=\"color: #8c9db3;\"><\/i>Autores<\/small>\n        <\/div>\n\n        <div class=\"col-12 col-sm-6 col-lg-10\">\n            <small class=\"text-muted\">Paola Bord\u00f3n, Catalina Cecilia Canals Cifuentes, Saul Rojas, Camila Serra<\/small>\n        <\/div>\n    <\/div><span class=\"caption-field-publish\"><\/span><\/div><\/div><\/div><\/div><\/div><div class=\"  circle--pattern-bottom-large col-sm-12 col-md-12 img-article\"><div class=\"holder-publish col-md-12\" style=\"border-bottom: 1px solid #B8B8B8\"><div class=\"content-holder h-100 component-border overflow-hidden row m-0 p-4 aling-items-center\"><ul class=\"p-0 list-style-none\"><li class=\"p-0 me-2\"><i class=\"fas fa-solid fa-book fa-fw\"><\/i> Abriendo las puertas del aula. Transformaci\u00f3n de las pr\u00e1cticas docentes<\/li><li class=\"p-0 me-2\"><i class=\"fas fa-solid fa-calendar fa-fw\"><\/i> 2016<\/li><\/ul><div class=\"caption col-12 p-0 col-md-12 row m-0 align-items-center\"><div class=\"px-md-1\">    <h3 class=\"fw-medium m-0 small-space pt-2 pb-2 title-ss text-decoration-none border-bottom\">\u00bfQu\u00e9 caracteriza a las interacciones pedag\u00f3gicas de las escuelas efectivas chilenas?. Una aproximaci\u00f3n exploratoria.<\/h3>\n\n    <div class=\"mt-0 row g-3\">\n        \n        <div class=\"col-12 col-sm-6 col-lg-2 border-bottom pb-2\">\n            <small><i class=\"fas fa-solid fa-barcode fa-fw me-2\" style=\"color: #8c9db3;\"><\/i>ISBN<\/small>\n        <\/div>\n\n        <div class=\"col-12 col-sm-6 col-lg-3 border-bottom pb-2\">\n            <small class=\"text-muted\">9789561420052.<\/small>\n        <\/div>\n\n        <div class=\"col-12 col-sm-6 col-lg-2 border-bottom pb-2\">\n            <small><i class=\"fas fa-solid fa-file fa-fw me-2\" style=\"color: #8c9db3;\"><\/i>P\u00e1ginas<\/small>\n        <\/div>\n\n        <div class=\"col-12 col-sm-6 col-lg-5 border-bottom pb-2\">\n            <small class=\"text-muted\">D\u00e9sde la p\u00e1gina 185, hasta la p\u00e1gina 220<\/small>\n        <\/div>\n\n        <div class=\"col-12 col-sm-6 col-lg-2 border-bottom pb-2\">\n            <small><i class=\"fas fa-solid fa-language fa-fw me-2\" style=\"color: #8c9db3;\"><\/i>Idioma<\/small>\n        <\/div>\n\n        <div class=\"col-12 col-sm-6 col-lg-3 border-bottom pb-2\">\n            <small class=\"text-muted\">Espa\u00f1ol<\/small>\n        <\/div>\n\n        <div class=\"col-12 col-sm-6 col-lg-2 border-bottom pb-2\">\n            <small><i class=\"fas fa-solid fa-newspaper fa-fw me-2\" style=\"color: #8c9db3;\"><\/i>Editorial<\/small>\n        <\/div>\n\n        <div class=\"col-12 col-sm-6 col-lg-5 border-bottom pb-2\">\n            <small class=\"text-muted\">Ediciones UC<\/small>\n        <\/div>\n\n        <div class=\"col-12 col-sm-6 col-lg-2 border-bottom pb-2\">\n            <small><i class=\"fas fa-solid fa-user-pen fa-fw me-2\" style=\"color: #8c9db3;\"><\/i>Editores<\/small>\n        <\/div>\n\n        <div class=\"col-12 col-sm-6 col-lg-10 border-bottom pb-2\">\n            <small class=\"text-muted\">Manzi, J., Garc\u00eda, M.<\/small>\n        <\/div>\n\n        <div class=\"col-12 col-sm-6 col-lg-2\">\n            <small><i class=\"fas fa-solid fa-signature fa-fw me-2\" style=\"color: #8c9db3;\"><\/i>Autores<\/small>\n        <\/div>\n\n        <div class=\"col-12 col-sm-6 col-lg-10\">\n            <small class=\"text-muted\">Ernesto Trevi\u00f1o, Leonor Varas, Godoy Ossa, Felipe, Mar\u00eda Victoria Mart\u00ednez Videla<\/small>\n        <\/div>\n    <\/div><span class=\"caption-field-publish\"><\/span><\/div><\/div><\/div><\/div><\/div><div class=\"  circle--pattern-bottom-large col-sm-12 col-md-12 img-article\"><div class=\"holder-publish col-md-12\" style=\"border-bottom: 1px solid #B8B8B8\"><div class=\"content-holder h-100 component-border overflow-hidden row m-0 p-4 aling-items-center\"><ul class=\"p-0 list-style-none\"><li class=\"p-0 me-2\"><i class=\"fas fa-solid fa-book fa-fw\"><\/i> Le care dans l\u0092\u00e9ducation pr\u00e9scolaire<\/li><li class=\"p-0 me-2\"><i class=\"fas fa-solid fa-calendar fa-fw\"><\/i> 2016<\/li><\/ul><div class=\"caption col-12 p-0 col-md-12 row m-0 align-items-center\"><div class=\"px-md-1\">    <h3 class=\"fw-medium m-0 small-space pt-2 pb-2 title-ss text-decoration-none border-bottom\">Care, participations parentales et apprentissages dans le pr\u00e9scolaire \u00ab non conventionnel \u00bb, au Chili<\/h3>\n\n    <div class=\"mt-0 row g-3\">\n        \n        <div class=\"col-12 col-sm-6 col-lg-2 border-bottom pb-2\">\n            <small><i class=\"fas fa-solid fa-barcode fa-fw me-2\" style=\"color: #8c9db3;\"><\/i>ISBN<\/small>\n        <\/div>\n\n        <div class=\"col-12 col-sm-6 col-lg-3 border-bottom pb-2\">\n            <small class=\"text-muted\">9782875743145<\/small>\n        <\/div>\n\n        <div class=\"col-12 col-sm-6 col-lg-2 border-bottom pb-2\">\n            <small><i class=\"fas fa-solid fa-file fa-fw me-2\" style=\"color: #8c9db3;\"><\/i>P\u00e1ginas<\/small>\n        <\/div>\n\n        <div class=\"col-12 col-sm-6 col-lg-5 border-bottom pb-2\">\n            <small class=\"text-muted\">D\u00e9sde la p\u00e1gina 135, hasta la p\u00e1gina 156<\/small>\n        <\/div>\n\n        <div class=\"col-12 col-sm-6 col-lg-2 border-bottom pb-2\">\n            <small><i class=\"fas fa-solid fa-language fa-fw me-2\" style=\"color: #8c9db3;\"><\/i>Idioma<\/small>\n        <\/div>\n\n        <div class=\"col-12 col-sm-6 col-lg-3 border-bottom pb-2\">\n            <small class=\"text-muted\">Franc\u00e9s<\/small>\n        <\/div>\n\n        <div class=\"col-12 col-sm-6 col-lg-2 border-bottom pb-2\">\n            <small><i class=\"fas fa-solid fa-newspaper fa-fw me-2\" style=\"color: #8c9db3;\"><\/i>Editorial<\/small>\n        <\/div>\n\n        <div class=\"col-12 col-sm-6 col-lg-5 border-bottom pb-2\">\n            <small class=\"text-muted\">Peter Lang<\/small>\n        <\/div>\n\n        <div class=\"col-12 col-sm-6 col-lg-2 border-bottom pb-2\">\n            <small><i class=\"fas fa-solid fa-user-pen fa-fw me-2\" style=\"color: #8c9db3;\"><\/i>Editores<\/small>\n        <\/div>\n\n        <div class=\"col-12 col-sm-6 col-lg-10 border-bottom pb-2\">\n            <small class=\"text-muted\">Gilles Broug\u00e8re, Sylvie Rayna<\/small>\n        <\/div>\n\n        <div class=\"col-12 col-sm-6 col-lg-2\">\n            <small><i class=\"fas fa-solid fa-signature fa-fw me-2\" style=\"color: #8c9db3;\"><\/i>Autores<\/small>\n        <\/div>\n\n        <div class=\"col-12 col-sm-6 col-lg-10\">\n            <small class=\"text-muted\">Pablo Iv\u00e1n Rup\u00edn Guti\u00e9rrez<\/small>\n        <\/div>\n    <\/div><span class=\"caption-field-publish\"><\/span><\/div><\/div><\/div><\/div><\/div><div class=\"  circle--pattern-bottom-large col-sm-12 col-md-12 img-article\"><div class=\"holder-publish col-md-12\" style=\"border-bottom: 1px solid #B8B8B8\"><div class=\"content-holder h-100 component-border overflow-hidden row m-0 p-4 aling-items-center\"><ul class=\"p-0 list-style-none\"><li class=\"p-0 me-2\"><i class=\"fas fa-solid fa-book fa-fw\"><\/i> Literatura para Infancia, Adolescencia y Juventud: Reflexiones desde los Estudios Literarios<\/li><li class=\"p-0 me-2\"><i class=\"fas fa-solid fa-calendar fa-fw\"><\/i> 2016<\/li><\/ul><div class=\"caption col-12 p-0 col-md-12 row m-0 align-items-center\"><div class=\"px-md-1\">    <h3 class=\"fw-medium m-0 small-space pt-2 pb-2 title-ss text-decoration-none border-bottom\">El cuerpo del ni\u00f1o en Papelucho de Marcela Paz: voz y cronotopo infantil<\/h3>\n\n    <div class=\"mt-0 row g-3\">\n        \n        <div class=\"col-12 col-sm-6 col-lg-2 border-bottom pb-2\">\n            <small><i class=\"fas fa-solid fa-barcode fa-fw me-2\" style=\"color: #8c9db3;\"><\/i>ISBN<\/small>\n        <\/div>\n\n        <div class=\"col-12 col-sm-6 col-lg-3 border-bottom pb-2\">\n            <small class=\"text-muted\">9789561125094<\/small>\n        <\/div>\n\n        <div class=\"col-12 col-sm-6 col-lg-2 border-bottom pb-2\">\n            <small><i class=\"fas fa-solid fa-file fa-fw me-2\" style=\"color: #8c9db3;\"><\/i>P\u00e1ginas<\/small>\n        <\/div>\n\n        <div class=\"col-12 col-sm-6 col-lg-5 border-bottom pb-2\">\n            <small class=\"text-muted\">D\u00e9sde la p\u00e1gina 65, hasta la p\u00e1gina 80<\/small>\n        <\/div>\n\n        <div class=\"col-12 col-sm-6 col-lg-2 border-bottom pb-2\">\n            <small><i class=\"fas fa-solid fa-language fa-fw me-2\" style=\"color: #8c9db3;\"><\/i>Idioma<\/small>\n        <\/div>\n\n        <div class=\"col-12 col-sm-6 col-lg-3 border-bottom pb-2\">\n            <small class=\"text-muted\">Espa\u00f1ol<\/small>\n        <\/div>\n\n        <div class=\"col-12 col-sm-6 col-lg-2 border-bottom pb-2\">\n            <small><i class=\"fas fa-solid fa-newspaper fa-fw me-2\" style=\"color: #8c9db3;\"><\/i>Editorial<\/small>\n        <\/div>\n\n        <div class=\"col-12 col-sm-6 col-lg-5 border-bottom pb-2\">\n            <small class=\"text-muted\">Editorial Universitaria<\/small>\n        <\/div>\n\n        <div class=\"col-12 col-sm-6 col-lg-2 border-bottom pb-2\">\n            <small><i class=\"fas fa-solid fa-user-pen fa-fw me-2\" style=\"color: #8c9db3;\"><\/i>Editores<\/small>\n        <\/div>\n\n        <div class=\"col-12 col-sm-6 col-lg-10 border-bottom pb-2\">\n            <small class=\"text-muted\">Andrade Claudia, Ibaceta Isabel, Anah\u00ed Troncoso, Camila Valenzuela<\/small>\n        <\/div>\n\n        <div class=\"col-12 col-sm-6 col-lg-2\">\n            <small><i class=\"fas fa-solid fa-signature fa-fw me-2\" style=\"color: #8c9db3;\"><\/i>Autores<\/small>\n        <\/div>\n\n        <div class=\"col-12 col-sm-6 col-lg-10\">\n            <small class=\"text-muted\">Isabel Ibaceta<\/small>\n        <\/div>\n    <\/div><span class=\"caption-field-publish\"><\/span><\/div><\/div><\/div><\/div><\/div><div class=\"  circle--pattern-bottom-large col-sm-12 col-md-12 img-article\"><div class=\"holder-publish col-md-12\" style=\"border-bottom: 1px solid #B8B8B8\"><div class=\"content-holder h-100 component-border overflow-hidden row m-0 p-4 aling-items-center\"><ul class=\"p-0 list-style-none\"><li class=\"p-0 me-2\"><i class=\"fas fa-solid fa-book fa-fw\"><\/i> Club o SA: Violencias Encubiertas<\/li><li class=\"p-0 me-2\"><i class=\"fas fa-solid fa-calendar fa-fw\"><\/i> 2016<\/li><\/ul><div class=\"caption col-12 p-0 col-md-12 row m-0 align-items-center\"><div class=\"px-md-1\">    <h3 class=\"fw-medium m-0 small-space pt-2 pb-2 title-ss text-decoration-none border-bottom\">Prologo<\/h3>\n\n    <div class=\"mt-0 row g-3\">\n        \n        <div class=\"col-12 col-sm-6 col-lg-2 border-bottom pb-2\">\n            <small><i class=\"fas fa-solid fa-barcode fa-fw me-2\" style=\"color: #8c9db3;\"><\/i>ISBN<\/small>\n        <\/div>\n\n        <div class=\"col-12 col-sm-6 col-lg-3 border-bottom pb-2\">\n            <small class=\"text-muted\">9789569668043<\/small>\n        <\/div>\n\n        <div class=\"col-12 col-sm-6 col-lg-2 border-bottom pb-2\">\n            <small><i class=\"fas fa-solid fa-file fa-fw me-2\" style=\"color: #8c9db3;\"><\/i>P\u00e1ginas<\/small>\n        <\/div>\n\n        <div class=\"col-12 col-sm-6 col-lg-5 border-bottom pb-2\">\n            <small class=\"text-muted\">D\u00e9sde la p\u00e1gina , hasta la p\u00e1gina <\/small>\n        <\/div>\n\n        <div class=\"col-12 col-sm-6 col-lg-2 border-bottom pb-2\">\n            <small><i class=\"fas fa-solid fa-language fa-fw me-2\" style=\"color: #8c9db3;\"><\/i>Idioma<\/small>\n        <\/div>\n\n        <div class=\"col-12 col-sm-6 col-lg-3 border-bottom pb-2\">\n            <small class=\"text-muted\">Espa\u00f1ol<\/small>\n        <\/div>\n\n        <div class=\"col-12 col-sm-6 col-lg-2 border-bottom pb-2\">\n            <small><i class=\"fas fa-solid fa-newspaper fa-fw me-2\" style=\"color: #8c9db3;\"><\/i>Editorial<\/small>\n        <\/div>\n\n        <div class=\"col-12 col-sm-6 col-lg-5 border-bottom pb-2\">\n            <small class=\"text-muted\">Tucuquere Ediciones<\/small>\n        <\/div>\n\n        <div class=\"col-12 col-sm-6 col-lg-2 border-bottom pb-2\">\n            <small><i class=\"fas fa-solid fa-user-pen fa-fw me-2\" style=\"color: #8c9db3;\"><\/i>Editores<\/small>\n        <\/div>\n\n        <div class=\"col-12 col-sm-6 col-lg-10 border-bottom pb-2\">\n            <small class=\"text-muted\"><\/small>\n        <\/div>\n\n        <div class=\"col-12 col-sm-6 col-lg-2\">\n            <small><i class=\"fas fa-solid fa-signature fa-fw me-2\" style=\"color: #8c9db3;\"><\/i>Autores<\/small>\n        <\/div>\n\n        <div class=\"col-12 col-sm-6 col-lg-10\">\n            <small class=\"text-muted\">Gonzalo Benjam\u00edn Terreros Hern\u00e1ndez<\/small>\n        <\/div>\n    <\/div><span class=\"caption-field-publish\"><\/span><\/div><\/div><\/div><\/div><\/div><div class=\"  circle--pattern-bottom-large col-sm-12 col-md-12 img-article\"><div class=\"holder-publish col-md-12\" style=\"border-bottom: 1px solid #B8B8B8\"><div class=\"content-holder h-100 component-border overflow-hidden row m-0 p-4 aling-items-center\"><ul class=\"p-0 list-style-none\"><li class=\"p-0 me-2\"><i class=\"fas fa-solid fa-book fa-fw\"><\/i> Posing and Solving Mathematical Problems<\/li><li class=\"p-0 me-2\"><i class=\"fas fa-solid fa-calendar fa-fw\"><\/i> 2016<\/li><\/ul><div class=\"caption col-12 p-0 col-md-12 row m-0 align-items-center\"><div class=\"px-md-1\">    <h3 class=\"fw-medium m-0 small-space pt-2 pb-2 title-ss text-decoration-none border-bottom\">Affective Factors and Beliefs About Mathematics of Young Chilean Children: Understanding Cultural Characteristics.<\/h3>\n\n    <div class=\"mt-0 row g-3\">\n        \n        <div class=\"col-12 col-sm-6 col-lg-2 border-bottom pb-2\">\n            <small><i class=\"fas fa-solid fa-barcode fa-fw me-2\" style=\"color: #8c9db3;\"><\/i>ISBN<\/small>\n        <\/div>\n\n        <div class=\"col-12 col-sm-6 col-lg-3 border-bottom pb-2\">\n            <small class=\"text-muted\">978-3-319-28023-3<\/small>\n        <\/div>\n\n        <div class=\"col-12 col-sm-6 col-lg-2 border-bottom pb-2\">\n            <small><i class=\"fas fa-solid fa-file fa-fw me-2\" style=\"color: #8c9db3;\"><\/i>P\u00e1ginas<\/small>\n        <\/div>\n\n        <div class=\"col-12 col-sm-6 col-lg-5 border-bottom pb-2\">\n            <small class=\"text-muted\">D\u00e9sde la p\u00e1gina 37-51, hasta la p\u00e1gina <\/small>\n        <\/div>\n\n        <div class=\"col-12 col-sm-6 col-lg-2 border-bottom pb-2\">\n            <small><i class=\"fas fa-solid fa-language fa-fw me-2\" style=\"color: #8c9db3;\"><\/i>Idioma<\/small>\n        <\/div>\n\n        <div class=\"col-12 col-sm-6 col-lg-3 border-bottom pb-2\">\n            <small class=\"text-muted\">Ingl\u00e9s<\/small>\n        <\/div>\n\n        <div class=\"col-12 col-sm-6 col-lg-2 border-bottom pb-2\">\n            <small><i class=\"fas fa-solid fa-newspaper fa-fw me-2\" style=\"color: #8c9db3;\"><\/i>Editorial<\/small>\n        <\/div>\n\n        <div class=\"col-12 col-sm-6 col-lg-5 border-bottom pb-2\">\n            <small class=\"text-muted\">Springer International Publishing<\/small>\n        <\/div>\n\n        <div class=\"col-12 col-sm-6 col-lg-2 border-bottom pb-2\">\n            <small><i class=\"fas fa-solid fa-user-pen fa-fw me-2\" style=\"color: #8c9db3;\"><\/i>Editores<\/small>\n        <\/div>\n\n        <div class=\"col-12 col-sm-6 col-lg-10 border-bottom pb-2\">\n            <small class=\"text-muted\">Felmer P., Pehkonen E., Kilpatrick J.<\/small>\n        <\/div>\n\n        <div class=\"col-12 col-sm-6 col-lg-2\">\n            <small><i class=\"fas fa-solid fa-signature fa-fw me-2\" style=\"color: #8c9db3;\"><\/i>Autores<\/small>\n        <\/div>\n\n        <div class=\"col-12 col-sm-6 col-lg-10\">\n            <small class=\"text-muted\">Valentina Sof\u00eda Giaconi Smoje<\/small>\n        <\/div>\n    <\/div><span class=\"caption-field-publish\"><\/span><\/div><\/div><\/div><\/div><\/div><div class=\"  circle--pattern-bottom-large col-sm-12 col-md-12 img-article\"><div class=\"holder-publish col-md-12\" style=\"border-bottom: 1px solid #B8B8B8\"><div class=\"content-holder h-100 component-border overflow-hidden row m-0 p-4 aling-items-center\"><ul class=\"p-0 list-style-none\"><li class=\"p-0 me-2\"><i class=\"fas fa-solid fa-book fa-fw\"><\/i> Lectura y escritura 2: lectura y escritura en el nivel medio<\/li><li class=\"p-0 me-2\"><i class=\"fas fa-solid fa-calendar fa-fw\"><\/i> 2015<\/li><\/ul><div class=\"caption col-12 p-0 col-md-12 row m-0 align-items-center\"><div class=\"px-md-1\">    <h3 class=\"fw-medium m-0 small-space pt-2 pb-2 title-ss text-decoration-none border-bottom\">Programa de Escritura en la Escuela. Aportes para instalar la escritura en las disciplinas<\/h3>\n\n    <div class=\"mt-0 row g-3\">\n        \n        <div class=\"col-12 col-sm-6 col-lg-2 border-bottom pb-2\">\n            <small><i class=\"fas fa-solid fa-barcode fa-fw me-2\" style=\"color: #8c9db3;\"><\/i>ISBN<\/small>\n        <\/div>\n\n        <div class=\"col-12 col-sm-6 col-lg-3 border-bottom pb-2\">\n            <small class=\"text-muted\">978-987-707-039-2<\/small>\n        <\/div>\n\n        <div class=\"col-12 col-sm-6 col-lg-2 border-bottom pb-2\">\n            <small><i class=\"fas fa-solid fa-file fa-fw me-2\" style=\"color: #8c9db3;\"><\/i>P\u00e1ginas<\/small>\n        <\/div>\n\n        <div class=\"col-12 col-sm-6 col-lg-5 border-bottom pb-2\">\n            <small class=\"text-muted\">D\u00e9sde la p\u00e1gina 36, hasta la p\u00e1gina 46<\/small>\n        <\/div>\n\n        <div class=\"col-12 col-sm-6 col-lg-2 border-bottom pb-2\">\n            <small><i class=\"fas fa-solid fa-language fa-fw me-2\" style=\"color: #8c9db3;\"><\/i>Idioma<\/small>\n        <\/div>\n\n        <div class=\"col-12 col-sm-6 col-lg-3 border-bottom pb-2\">\n            <small class=\"text-muted\"><\/small>\n        <\/div>\n\n        <div class=\"col-12 col-sm-6 col-lg-2 border-bottom pb-2\">\n            <small><i class=\"fas fa-solid fa-newspaper fa-fw me-2\" style=\"color: #8c9db3;\"><\/i>Editorial<\/small>\n        <\/div>\n\n        <div class=\"col-12 col-sm-6 col-lg-5 border-bottom pb-2\">\n            <small class=\"text-muted\">Universidad Nacional de C\u00f3rdoba<\/small>\n        <\/div>\n\n        <div class=\"col-12 col-sm-6 col-lg-2 border-bottom pb-2\">\n            <small><i class=\"fas fa-solid fa-user-pen fa-fw me-2\" style=\"color: #8c9db3;\"><\/i>Editores<\/small>\n        <\/div>\n\n        <div class=\"col-12 col-sm-6 col-lg-10 border-bottom pb-2\">\n            <small class=\"text-muted\">C. Muse<\/small>\n        <\/div>\n\n        <div class=\"col-12 col-sm-6 col-lg-2\">\n            <small><i class=\"fas fa-solid fa-signature fa-fw me-2\" style=\"color: #8c9db3;\"><\/i>Autores<\/small>\n        <\/div>\n\n        <div class=\"col-12 col-sm-6 col-lg-10\">\n            <small class=\"text-muted\">Federico Daniel Navarro, Andrea Revel Chion<\/small>\n        <\/div>\n    <\/div><span class=\"caption-field-publish\"><\/span><\/div><\/div><\/div><\/div><\/div><div class=\"  circle--pattern-bottom-large col-sm-12 col-md-12 img-article\"><div class=\"holder-publish col-md-12\" style=\"border-bottom: 1px solid #B8B8B8\"><div class=\"content-holder h-100 component-border overflow-hidden row m-0 p-4 aling-items-center\"><ul class=\"p-0 list-style-none\"><li class=\"p-0 me-2\"><i class=\"fas fa-solid fa-book fa-fw\"><\/i> Nematode pathogenesis of insects and other pests - ecology and applied technologies for sustainable plant and crop protection<\/li><li class=\"p-0 me-2\"><i class=\"fas fa-solid fa-calendar fa-fw\"><\/i> 2015<\/li><\/ul><div class=\"caption col-12 p-0 col-md-12 row m-0 align-items-center\"><div class=\"px-md-1\">    <h3 class=\"fw-medium m-0 small-space pt-2 pb-2 title-ss text-decoration-none border-bottom\">Entomopathogenic nematodes in tropical agriculture: current uses and their future in Venezuela<\/h3>\n\n    <div class=\"mt-0 row g-3\">\n        \n        <div class=\"col-12 col-sm-6 col-lg-2 border-bottom pb-2\">\n            <small><i class=\"fas fa-solid fa-barcode fa-fw me-2\" style=\"color: #8c9db3;\"><\/i>ISBN<\/small>\n        <\/div>\n\n        <div class=\"col-12 col-sm-6 col-lg-3 border-bottom pb-2\">\n            <small class=\"text-muted\"><\/small>\n        <\/div>\n\n        <div class=\"col-12 col-sm-6 col-lg-2 border-bottom pb-2\">\n            <small><i class=\"fas fa-solid fa-file fa-fw me-2\" style=\"color: #8c9db3;\"><\/i>P\u00e1ginas<\/small>\n        <\/div>\n\n        <div class=\"col-12 col-sm-6 col-lg-5 border-bottom pb-2\">\n            <small class=\"text-muted\">D\u00e9sde la p\u00e1gina 365, hasta la p\u00e1gina 389<\/small>\n        <\/div>\n\n        <div class=\"col-12 col-sm-6 col-lg-2 border-bottom pb-2\">\n            <small><i class=\"fas fa-solid fa-language fa-fw me-2\" style=\"color: #8c9db3;\"><\/i>Idioma<\/small>\n        <\/div>\n\n        <div class=\"col-12 col-sm-6 col-lg-3 border-bottom pb-2\">\n            <small class=\"text-muted\"><\/small>\n        <\/div>\n\n        <div class=\"col-12 col-sm-6 col-lg-2 border-bottom pb-2\">\n            <small><i class=\"fas fa-solid fa-newspaper fa-fw me-2\" style=\"color: #8c9db3;\"><\/i>Editorial<\/small>\n        <\/div>\n\n        <div class=\"col-12 col-sm-6 col-lg-5 border-bottom pb-2\">\n            <small class=\"text-muted\">Springer<\/small>\n        <\/div>\n\n        <div class=\"col-12 col-sm-6 col-lg-2 border-bottom pb-2\">\n            <small><i class=\"fas fa-solid fa-user-pen fa-fw me-2\" style=\"color: #8c9db3;\"><\/i>Editores<\/small>\n        <\/div>\n\n        <div class=\"col-12 col-sm-6 col-lg-10 border-bottom pb-2\">\n            <small class=\"text-muted\"><\/small>\n        <\/div>\n\n        <div class=\"col-12 col-sm-6 col-lg-2\">\n            <small><i class=\"fas fa-solid fa-signature fa-fw me-2\" style=\"color: #8c9db3;\"><\/i>Autores<\/small>\n        <\/div>\n\n        <div class=\"col-12 col-sm-6 col-lg-10\">\n            <small class=\"text-muted\">Ernesto San Blas, Carolina Rosales, \u00c1ngel Torres<\/small>\n        <\/div>\n    <\/div><span class=\"caption-field-publish\"><\/span><\/div><\/div><\/div><\/div><\/div><div class=\"  circle--pattern-bottom-large col-sm-12 col-md-12 img-article\"><div class=\"holder-publish col-md-12\" style=\"border-bottom: 1px solid #B8B8B8\"><div class=\"content-holder h-100 component-border overflow-hidden row m-0 p-4 aling-items-center\"><ul class=\"p-0 list-style-none\"><li class=\"p-0 me-2\"><i class=\"fas fa-solid fa-book fa-fw\"><\/i> Contrasting Dynamics in Education Politics of Extremes: School Choice in Finland and Chile<\/li><li class=\"p-0 me-2\"><i class=\"fas fa-solid fa-calendar fa-fw\"><\/i> 2015<\/li><\/ul><div class=\"caption col-12 p-0 col-md-12 row m-0 align-items-center\"><div class=\"px-md-1\">    <h3 class=\"fw-medium m-0 small-space pt-2 pb-2 title-ss text-decoration-none border-bottom\">School Choice in Chile as a Sociocultural Practice: An Ethnographic Inquiry<\/h3>\n\n    <div class=\"mt-0 row g-3\">\n        \n        <div class=\"col-12 col-sm-6 col-lg-2 border-bottom pb-2\">\n            <small><i class=\"fas fa-solid fa-barcode fa-fw me-2\" style=\"color: #8c9db3;\"><\/i>ISBN<\/small>\n        <\/div>\n\n        <div class=\"col-12 col-sm-6 col-lg-3 border-bottom pb-2\">\n            <small class=\"text-muted\"><\/small>\n        <\/div>\n\n        <div class=\"col-12 col-sm-6 col-lg-2 border-bottom pb-2\">\n            <small><i class=\"fas fa-solid fa-file fa-fw me-2\" style=\"color: #8c9db3;\"><\/i>P\u00e1ginas<\/small>\n        <\/div>\n\n        <div class=\"col-12 col-sm-6 col-lg-5 border-bottom pb-2\">\n            <small class=\"text-muted\">D\u00e9sde la p\u00e1gina , hasta la p\u00e1gina <\/small>\n        <\/div>\n\n        <div class=\"col-12 col-sm-6 col-lg-2 border-bottom pb-2\">\n            <small><i class=\"fas fa-solid fa-language fa-fw me-2\" style=\"color: #8c9db3;\"><\/i>Idioma<\/small>\n        <\/div>\n\n        <div class=\"col-12 col-sm-6 col-lg-3 border-bottom pb-2\">\n            <small class=\"text-muted\"><\/small>\n        <\/div>\n\n        <div class=\"col-12 col-sm-6 col-lg-2 border-bottom pb-2\">\n            <small><i class=\"fas fa-solid fa-newspaper fa-fw me-2\" style=\"color: #8c9db3;\"><\/i>Editorial<\/small>\n        <\/div>\n\n        <div class=\"col-12 col-sm-6 col-lg-5 border-bottom pb-2\">\n            <small class=\"text-muted\">Sense<\/small>\n        <\/div>\n\n        <div class=\"col-12 col-sm-6 col-lg-2 border-bottom pb-2\">\n            <small><i class=\"fas fa-solid fa-user-pen fa-fw me-2\" style=\"color: #8c9db3;\"><\/i>Editores<\/small>\n        <\/div>\n\n        <div class=\"col-12 col-sm-6 col-lg-10 border-bottom pb-2\">\n            <small class=\"text-muted\">Sepp\u00e4nen, P. Sepp\u00e4nen, A. Carrasco, M. Kalalahti, R. Rinne & H. Simola<\/small>\n        <\/div>\n\n        <div class=\"col-12 col-sm-6 col-lg-2\">\n            <small><i class=\"fas fa-solid fa-signature fa-fw me-2\" style=\"color: #8c9db3;\"><\/i>Autores<\/small>\n        <\/div>\n\n        <div class=\"col-12 col-sm-6 col-lg-10\">\n            <small class=\"text-muted\">Manuela Ji Mendoza Horvitz<\/small>\n        <\/div>\n    <\/div><span class=\"caption-field-publish\"><\/span><\/div><\/div><\/div><\/div><\/div><div class=\"  circle--pattern-bottom-large col-sm-12 col-md-12 img-article\"><div class=\"holder-publish col-md-12\" style=\"border-bottom: 1px solid #B8B8B8\"><div class=\"content-holder h-100 component-border overflow-hidden row m-0 p-4 aling-items-center\"><ul class=\"p-0 list-style-none\"><li class=\"p-0 me-2\"><i class=\"fas fa-solid fa-book fa-fw\"><\/i> Soft Robotics<\/li><li class=\"p-0 me-2\"><i class=\"fas fa-solid fa-calendar fa-fw\"><\/i> 2015<\/li><\/ul><div class=\"caption col-12 p-0 col-md-12 row m-0 align-items-center\"><div class=\"px-md-1\">    <h3 class=\"fw-medium m-0 small-space pt-2 pb-2 title-ss text-decoration-none border-bottom\">Capacitive Tactile Proximity Sensing: From Signal Processing to Applications in Manipulation and Safe Human-Robot Interaction<\/h3>\n\n    <div class=\"mt-0 row g-3\">\n        \n        <div class=\"col-12 col-sm-6 col-lg-2 border-bottom pb-2\">\n            <small><i class=\"fas fa-solid fa-barcode fa-fw me-2\" style=\"color: #8c9db3;\"><\/i>ISBN<\/small>\n        <\/div>\n\n        <div class=\"col-12 col-sm-6 col-lg-3 border-bottom pb-2\">\n            <small class=\"text-muted\">978-3-662-44506-8<\/small>\n        <\/div>\n\n        <div class=\"col-12 col-sm-6 col-lg-2 border-bottom pb-2\">\n            <small><i class=\"fas fa-solid fa-file fa-fw me-2\" style=\"color: #8c9db3;\"><\/i>P\u00e1ginas<\/small>\n        <\/div>\n\n        <div class=\"col-12 col-sm-6 col-lg-5 border-bottom pb-2\">\n            <small class=\"text-muted\">D\u00e9sde la p\u00e1gina 54, hasta la p\u00e1gina 65<\/small>\n        <\/div>\n\n        <div class=\"col-12 col-sm-6 col-lg-2 border-bottom pb-2\">\n            <small><i class=\"fas fa-solid fa-language fa-fw me-2\" style=\"color: #8c9db3;\"><\/i>Idioma<\/small>\n        <\/div>\n\n        <div class=\"col-12 col-sm-6 col-lg-3 border-bottom pb-2\">\n            <small class=\"text-muted\">Ingl\u00e9s<\/small>\n        <\/div>\n\n        <div class=\"col-12 col-sm-6 col-lg-2 border-bottom pb-2\">\n            <small><i class=\"fas fa-solid fa-newspaper fa-fw me-2\" style=\"color: #8c9db3;\"><\/i>Editorial<\/small>\n        <\/div>\n\n        <div class=\"col-12 col-sm-6 col-lg-5 border-bottom pb-2\">\n            <small class=\"text-muted\">Springer Link<\/small>\n        <\/div>\n\n        <div class=\"col-12 col-sm-6 col-lg-2 border-bottom pb-2\">\n            <small><i class=\"fas fa-solid fa-user-pen fa-fw me-2\" style=\"color: #8c9db3;\"><\/i>Editores<\/small>\n        <\/div>\n\n        <div class=\"col-12 col-sm-6 col-lg-10 border-bottom pb-2\">\n            <small class=\"text-muted\">Alexander Verl, Alin Albu-Sch\u00e4ffer, Oliver Brock, Annika Raatz<\/small>\n        <\/div>\n\n        <div class=\"col-12 col-sm-6 col-lg-2\">\n            <small><i class=\"fas fa-solid fa-signature fa-fw me-2\" style=\"color: #8c9db3;\"><\/i>Autores<\/small>\n        <\/div>\n\n        <div class=\"col-12 col-sm-6 col-lg-10\">\n            <small class=\"text-muted\">Stefan Raimundo Escaida Lubbemeier<\/small>\n        <\/div>\n    <\/div><span class=\"caption-field-publish\"><\/span><\/div><\/div><\/div><\/div><\/div><div class=\"  circle--pattern-bottom-large col-sm-12 col-md-12 img-article\"><div class=\"holder-publish col-md-12\" style=\"border-bottom: 1px solid #B8B8B8\"><div class=\"content-holder h-100 component-border overflow-hidden row m-0 p-4 aling-items-center\"><ul class=\"p-0 list-style-none\"><li class=\"p-0 me-2\"><i class=\"fas fa-solid fa-book fa-fw\"><\/i> 9th International Conference on Practical Applications of Computational<\/li><li class=\"p-0 me-2\"><i class=\"fas fa-solid fa-calendar fa-fw\"><\/i> 2015<\/li><\/ul><div class=\"caption col-12 p-0 col-md-12 row m-0 align-items-center\"><div class=\"px-md-1\">    <h3 class=\"fw-medium m-0 small-space pt-2 pb-2 title-ss text-decoration-none border-bottom\">Carotenoid Analysis of Cassava Genotypes Roots (Manihot Esculenta Crantz) Cultivated in Southern Brazil Using Chemometric Tools<\/h3>\n\n    <div class=\"mt-0 row g-3\">\n        \n        <div class=\"col-12 col-sm-6 col-lg-2 border-bottom pb-2\">\n            <small><i class=\"fas fa-solid fa-barcode fa-fw me-2\" style=\"color: #8c9db3;\"><\/i>ISBN<\/small>\n        <\/div>\n\n        <div class=\"col-12 col-sm-6 col-lg-3 border-bottom pb-2\">\n            <small class=\"text-muted\"><\/small>\n        <\/div>\n\n        <div class=\"col-12 col-sm-6 col-lg-2 border-bottom pb-2\">\n            <small><i class=\"fas fa-solid fa-file fa-fw me-2\" style=\"color: #8c9db3;\"><\/i>P\u00e1ginas<\/small>\n        <\/div>\n\n        <div class=\"col-12 col-sm-6 col-lg-5 border-bottom pb-2\">\n            <small class=\"text-muted\">D\u00e9sde la p\u00e1gina 11, hasta la p\u00e1gina 18<\/small>\n        <\/div>\n\n        <div class=\"col-12 col-sm-6 col-lg-2 border-bottom pb-2\">\n            <small><i class=\"fas fa-solid fa-language fa-fw me-2\" style=\"color: #8c9db3;\"><\/i>Idioma<\/small>\n        <\/div>\n\n        <div class=\"col-12 col-sm-6 col-lg-3 border-bottom pb-2\">\n            <small class=\"text-muted\">Ingl\u00e9s<\/small>\n        <\/div>\n\n        <div class=\"col-12 col-sm-6 col-lg-2 border-bottom pb-2\">\n            <small><i class=\"fas fa-solid fa-newspaper fa-fw me-2\" style=\"color: #8c9db3;\"><\/i>Editorial<\/small>\n        <\/div>\n\n        <div class=\"col-12 col-sm-6 col-lg-5 border-bottom pb-2\">\n            <small class=\"text-muted\">Springer Nature<\/small>\n        <\/div>\n\n        <div class=\"col-12 col-sm-6 col-lg-2 border-bottom pb-2\">\n            <small><i class=\"fas fa-solid fa-user-pen fa-fw me-2\" style=\"color: #8c9db3;\"><\/i>Editores<\/small>\n        <\/div>\n\n        <div class=\"col-12 col-sm-6 col-lg-10 border-bottom pb-2\">\n            <small class=\"text-muted\"><\/small>\n        <\/div>\n\n        <div class=\"col-12 col-sm-6 col-lg-2\">\n            <small><i class=\"fas fa-solid fa-signature fa-fw me-2\" style=\"color: #8c9db3;\"><\/i>Autores<\/small>\n        <\/div>\n\n        <div class=\"col-12 col-sm-6 col-lg-10\">\n            <small class=\"text-muted\">Virgilio Gavicho<\/small>\n        <\/div>\n    <\/div><span class=\"caption-field-publish\"><\/span><\/div><\/div><\/div><\/div><\/div><div class=\"  circle--pattern-bottom-large col-sm-12 col-md-12 img-article\"><div class=\"holder-publish col-md-12\" style=\"border-bottom: 1px solid #B8B8B8\"><div class=\"content-holder h-100 component-border overflow-hidden row m-0 p-4 aling-items-center\"><ul class=\"p-0 list-style-none\"><li class=\"p-0 me-2\"><i class=\"fas fa-solid fa-book fa-fw\"><\/i> Historias de vida en educaci\u00f3n. Voces Silenciadas.<\/li><li class=\"p-0 me-2\"><i class=\"fas fa-solid fa-calendar fa-fw\"><\/i> 2015<\/li><\/ul><div class=\"caption col-12 p-0 col-md-12 row m-0 align-items-center\"><div class=\"px-md-1\">    <h3 class=\"fw-medium m-0 small-space pt-2 pb-2 title-ss text-decoration-none border-bottom\">El espacio entre Saberes docentes de mujeres artistas-docentes.<\/h3>\n\n    <div class=\"mt-0 row g-3\">\n        \n        <div class=\"col-12 col-sm-6 col-lg-2 border-bottom pb-2\">\n            <small><i class=\"fas fa-solid fa-barcode fa-fw me-2\" style=\"color: #8c9db3;\"><\/i>ISBN<\/small>\n        <\/div>\n\n        <div class=\"col-12 col-sm-6 col-lg-3 border-bottom pb-2\">\n            <small class=\"text-muted\"><\/small>\n        <\/div>\n\n        <div class=\"col-12 col-sm-6 col-lg-2 border-bottom pb-2\">\n            <small><i class=\"fas fa-solid fa-file fa-fw me-2\" style=\"color: #8c9db3;\"><\/i>P\u00e1ginas<\/small>\n        <\/div>\n\n        <div class=\"col-12 col-sm-6 col-lg-5 border-bottom pb-2\">\n            <small class=\"text-muted\">D\u00e9sde la p\u00e1gina 126, hasta la p\u00e1gina 138<\/small>\n        <\/div>\n\n        <div class=\"col-12 col-sm-6 col-lg-2 border-bottom pb-2\">\n            <small><i class=\"fas fa-solid fa-language fa-fw me-2\" style=\"color: #8c9db3;\"><\/i>Idioma<\/small>\n        <\/div>\n\n        <div class=\"col-12 col-sm-6 col-lg-3 border-bottom pb-2\">\n            <small class=\"text-muted\">Espa\u00f1ol<\/small>\n        <\/div>\n\n        <div class=\"col-12 col-sm-6 col-lg-2 border-bottom pb-2\">\n            <small><i class=\"fas fa-solid fa-newspaper fa-fw me-2\" style=\"color: #8c9db3;\"><\/i>Editorial<\/small>\n        <\/div>\n\n        <div class=\"col-12 col-sm-6 col-lg-5 border-bottom pb-2\">\n            <small class=\"text-muted\">Universidad de Almer\u00eda<\/small>\n        <\/div>\n\n        <div class=\"col-12 col-sm-6 col-lg-2 border-bottom pb-2\">\n            <small><i class=\"fas fa-solid fa-user-pen fa-fw me-2\" style=\"color: #8c9db3;\"><\/i>Editores<\/small>\n        <\/div>\n\n        <div class=\"col-12 col-sm-6 col-lg-10 border-bottom pb-2\">\n            <small class=\"text-muted\"><\/small>\n        <\/div>\n\n        <div class=\"col-12 col-sm-6 col-lg-2\">\n            <small><i class=\"fas fa-solid fa-signature fa-fw me-2\" style=\"color: #8c9db3;\"><\/i>Autores<\/small>\n        <\/div>\n\n        <div class=\"col-12 col-sm-6 col-lg-10\">\n            <small class=\"text-muted\">Mar\u00eda Rosario de Lourdes Garc\u00eda-Huidobro Munita<\/small>\n        <\/div>\n    <\/div><span class=\"caption-field-publish\"><\/span><\/div><\/div><\/div><\/div><\/div><div class=\"  circle--pattern-bottom-large col-sm-12 col-md-12 img-article\"><div class=\"holder-publish col-md-12\" style=\"border-bottom: 1px solid #B8B8B8\"><div class=\"content-holder h-100 component-border overflow-hidden row m-0 p-4 aling-items-center\"><ul class=\"p-0 list-style-none\"><li class=\"p-0 me-2\"><i class=\"fas fa-solid fa-book fa-fw\"><\/i> Memoria de la II Jornada Acad\u00e9mica de Investigadores chilenos en Europa, Aportes para Chile.<\/li><li class=\"p-0 me-2\"><i class=\"fas fa-solid fa-calendar fa-fw\"><\/i> 2015<\/li><\/ul><div class=\"caption col-12 p-0 col-md-12 row m-0 align-items-center\"><div class=\"px-md-1\">    <h3 class=\"fw-medium m-0 small-space pt-2 pb-2 title-ss text-decoration-none border-bottom\">El saber docente desde una perspectiva de g\u00e9nero. Un saber relacional<\/h3>\n\n    <div class=\"mt-0 row g-3\">\n        \n        <div class=\"col-12 col-sm-6 col-lg-2 border-bottom pb-2\">\n            <small><i class=\"fas fa-solid fa-barcode fa-fw me-2\" style=\"color: #8c9db3;\"><\/i>ISBN<\/small>\n        <\/div>\n\n        <div class=\"col-12 col-sm-6 col-lg-3 border-bottom pb-2\">\n            <small class=\"text-muted\"><\/small>\n        <\/div>\n\n        <div class=\"col-12 col-sm-6 col-lg-2 border-bottom pb-2\">\n            <small><i class=\"fas fa-solid fa-file fa-fw me-2\" style=\"color: #8c9db3;\"><\/i>P\u00e1ginas<\/small>\n        <\/div>\n\n        <div class=\"col-12 col-sm-6 col-lg-5 border-bottom pb-2\">\n            <small class=\"text-muted\">D\u00e9sde la p\u00e1gina 17, hasta la p\u00e1gina 30<\/small>\n        <\/div>\n\n        <div class=\"col-12 col-sm-6 col-lg-2 border-bottom pb-2\">\n            <small><i class=\"fas fa-solid fa-language fa-fw me-2\" style=\"color: #8c9db3;\"><\/i>Idioma<\/small>\n        <\/div>\n\n        <div class=\"col-12 col-sm-6 col-lg-3 border-bottom pb-2\">\n            <small class=\"text-muted\">Espa\u00f1ol<\/small>\n        <\/div>\n\n        <div class=\"col-12 col-sm-6 col-lg-2 border-bottom pb-2\">\n            <small><i class=\"fas fa-solid fa-newspaper fa-fw me-2\" style=\"color: #8c9db3;\"><\/i>Editorial<\/small>\n        <\/div>\n\n        <div class=\"col-12 col-sm-6 col-lg-5 border-bottom pb-2\">\n            <small class=\"text-muted\">Punto rojo libros<\/small>\n        <\/div>\n\n        <div class=\"col-12 col-sm-6 col-lg-2 border-bottom pb-2\">\n            <small><i class=\"fas fa-solid fa-user-pen fa-fw me-2\" style=\"color: #8c9db3;\"><\/i>Editores<\/small>\n        <\/div>\n\n        <div class=\"col-12 col-sm-6 col-lg-10 border-bottom pb-2\">\n            <small class=\"text-muted\"><\/small>\n        <\/div>\n\n        <div class=\"col-12 col-sm-6 col-lg-2\">\n            <small><i class=\"fas fa-solid fa-signature fa-fw me-2\" style=\"color: #8c9db3;\"><\/i>Autores<\/small>\n        <\/div>\n\n        <div class=\"col-12 col-sm-6 col-lg-10\">\n            <small class=\"text-muted\">Mar\u00eda Rosario de Lourdes Garc\u00eda-Huidobro Munita<\/small>\n        <\/div>\n    <\/div><span class=\"caption-field-publish\"><\/span><\/div><\/div><\/div><\/div><\/div><div class=\"  circle--pattern-bottom-large col-sm-12 col-md-12 img-article\"><div class=\"holder-publish col-md-12\" style=\"border-bottom: 1px solid #B8B8B8\"><div class=\"content-holder h-100 component-border overflow-hidden row m-0 p-4 aling-items-center\"><ul class=\"p-0 list-style-none\"><li class=\"p-0 me-2\"><i class=\"fas fa-solid fa-book fa-fw\"><\/i> Proceedings of the 2nd International Conference of Art, Illustration and Visual Culture in Infant and Primary Education.<\/li><li class=\"p-0 me-2\"><i class=\"fas fa-solid fa-calendar fa-fw\"><\/i> 2015<\/li><\/ul><div class=\"caption col-12 p-0 col-md-12 row m-0 align-items-center\"><div class=\"px-md-1\">    <h3 class=\"fw-medium m-0 small-space pt-2 pb-2 title-ss text-decoration-none border-bottom\">Un relato de experiencia para comprender a la Cultura Visual como estrategia metodol\u00f3gica<\/h3>\n\n    <div class=\"mt-0 row g-3\">\n        \n        <div class=\"col-12 col-sm-6 col-lg-2 border-bottom pb-2\">\n            <small><i class=\"fas fa-solid fa-barcode fa-fw me-2\" style=\"color: #8c9db3;\"><\/i>ISBN<\/small>\n        <\/div>\n\n        <div class=\"col-12 col-sm-6 col-lg-3 border-bottom pb-2\">\n            <small class=\"text-muted\"><\/small>\n        <\/div>\n\n        <div class=\"col-12 col-sm-6 col-lg-2 border-bottom pb-2\">\n            <small><i class=\"fas fa-solid fa-file fa-fw me-2\" style=\"color: #8c9db3;\"><\/i>P\u00e1ginas<\/small>\n        <\/div>\n\n        <div class=\"col-12 col-sm-6 col-lg-5 border-bottom pb-2\">\n            <small class=\"text-muted\">D\u00e9sde la p\u00e1gina 288, hasta la p\u00e1gina 293<\/small>\n        <\/div>\n\n        <div class=\"col-12 col-sm-6 col-lg-2 border-bottom pb-2\">\n            <small><i class=\"fas fa-solid fa-language fa-fw me-2\" style=\"color: #8c9db3;\"><\/i>Idioma<\/small>\n        <\/div>\n\n        <div class=\"col-12 col-sm-6 col-lg-3 border-bottom pb-2\">\n            <small class=\"text-muted\"><\/small>\n        <\/div>\n\n        <div class=\"col-12 col-sm-6 col-lg-2 border-bottom pb-2\">\n            <small><i class=\"fas fa-solid fa-newspaper fa-fw me-2\" style=\"color: #8c9db3;\"><\/i>Editorial<\/small>\n        <\/div>\n\n        <div class=\"col-12 col-sm-6 col-lg-5 border-bottom pb-2\">\n            <small class=\"text-muted\">Blucher<\/small>\n        <\/div>\n\n        <div class=\"col-12 col-sm-6 col-lg-2 border-bottom pb-2\">\n            <small><i class=\"fas fa-solid fa-user-pen fa-fw me-2\" style=\"color: #8c9db3;\"><\/i>Editores<\/small>\n        <\/div>\n\n        <div class=\"col-12 col-sm-6 col-lg-10 border-bottom pb-2\">\n            <small class=\"text-muted\"><\/small>\n        <\/div>\n\n        <div class=\"col-12 col-sm-6 col-lg-2\">\n            <small><i class=\"fas fa-solid fa-signature fa-fw me-2\" style=\"color: #8c9db3;\"><\/i>Autores<\/small>\n        <\/div>\n\n        <div class=\"col-12 col-sm-6 col-lg-10\">\n            <small class=\"text-muted\">Mar\u00eda Rosario de Lourdes Garc\u00eda-Huidobro Munita<\/small>\n        <\/div>\n    <\/div><span class=\"caption-field-publish\"><\/span><\/div><\/div><\/div><\/div><\/div><div class=\"  circle--pattern-bottom-large col-sm-12 col-md-12 img-article\"><div class=\"holder-publish col-md-12\" style=\"border-bottom: 1px solid #B8B8B8\"><div class=\"content-holder h-100 component-border overflow-hidden row m-0 p-4 aling-items-center\"><ul class=\"p-0 list-style-none\"><li class=\"p-0 me-2\"><i class=\"fas fa-solid fa-book fa-fw\"><\/i> Gesti\u00f3n Sustentable de empresas agroalimentarias<\/li><li class=\"p-0 me-2\"><i class=\"fas fa-solid fa-calendar fa-fw\"><\/i> 2015<\/li><\/ul><div class=\"caption col-12 p-0 col-md-12 row m-0 align-items-center\"><div class=\"px-md-1\">    <h3 class=\"fw-medium m-0 small-space pt-2 pb-2 title-ss text-decoration-none border-bottom\">Cap\u00edtulo 10. Aproximaci\u00f3n a la evaluaci\u00f3n de la eficiencia productiva en sistemas agroganaderos<\/h3>\n\n    <div class=\"mt-0 row g-3\">\n        \n        <div class=\"col-12 col-sm-6 col-lg-2 border-bottom pb-2\">\n            <small><i class=\"fas fa-solid fa-barcode fa-fw me-2\" style=\"color: #8c9db3;\"><\/i>ISBN<\/small>\n        <\/div>\n\n        <div class=\"col-12 col-sm-6 col-lg-3 border-bottom pb-2\">\n            <small class=\"text-muted\">978-9942-14-148-4<\/small>\n        <\/div>\n\n        <div class=\"col-12 col-sm-6 col-lg-2 border-bottom pb-2\">\n            <small><i class=\"fas fa-solid fa-file fa-fw me-2\" style=\"color: #8c9db3;\"><\/i>P\u00e1ginas<\/small>\n        <\/div>\n\n        <div class=\"col-12 col-sm-6 col-lg-5 border-bottom pb-2\">\n            <small class=\"text-muted\">D\u00e9sde la p\u00e1gina , hasta la p\u00e1gina <\/small>\n        <\/div>\n\n        <div class=\"col-12 col-sm-6 col-lg-2 border-bottom pb-2\">\n            <small><i class=\"fas fa-solid fa-language fa-fw me-2\" style=\"color: #8c9db3;\"><\/i>Idioma<\/small>\n        <\/div>\n\n        <div class=\"col-12 col-sm-6 col-lg-3 border-bottom pb-2\">\n            <small class=\"text-muted\">Espa\u00f1ol<\/small>\n        <\/div>\n\n        <div class=\"col-12 col-sm-6 col-lg-2 border-bottom pb-2\">\n            <small><i class=\"fas fa-solid fa-newspaper fa-fw me-2\" style=\"color: #8c9db3;\"><\/i>Editorial<\/small>\n        <\/div>\n\n        <div class=\"col-12 col-sm-6 col-lg-5 border-bottom pb-2\">\n            <small class=\"text-muted\"><\/small>\n        <\/div>\n\n        <div class=\"col-12 col-sm-6 col-lg-2 border-bottom pb-2\">\n            <small><i class=\"fas fa-solid fa-user-pen fa-fw me-2\" style=\"color: #8c9db3;\"><\/i>Editores<\/small>\n        <\/div>\n\n        <div class=\"col-12 col-sm-6 col-lg-10 border-bottom pb-2\">\n            <small class=\"text-muted\"><\/small>\n        <\/div>\n\n        <div class=\"col-12 col-sm-6 col-lg-2\">\n            <small><i class=\"fas fa-solid fa-signature fa-fw me-2\" style=\"color: #8c9db3;\"><\/i>Autores<\/small>\n        <\/div>\n\n        <div class=\"col-12 col-sm-6 col-lg-10\">\n            <small class=\"text-muted\">Paula Macarena Toro Mujica<\/small>\n        <\/div>\n    <\/div><span class=\"caption-field-publish\"><\/span><\/div><\/div><\/div><\/div><\/div><div class=\"  circle--pattern-bottom-large col-sm-12 col-md-12 img-article\"><div class=\"holder-publish col-md-12\" style=\"border-bottom: 1px solid #B8B8B8\"><div class=\"content-holder h-100 component-border overflow-hidden row m-0 p-4 aling-items-center\"><ul class=\"p-0 list-style-none\"><li class=\"p-0 me-2\"><i class=\"fas fa-solid fa-book fa-fw\"><\/i> Gesti\u00f3n Sustentable de empresas agroalimentarias<\/li><li class=\"p-0 me-2\"><i class=\"fas fa-solid fa-calendar fa-fw\"><\/i> 2015<\/li><\/ul><div class=\"caption col-12 p-0 col-md-12 row m-0 align-items-center\"><div class=\"px-md-1\">    <h3 class=\"fw-medium m-0 small-space pt-2 pb-2 title-ss text-decoration-none border-bottom\">Cap\u00edtulo 12. Sustentabilidad de Agroecosistemas<\/h3>\n\n    <div class=\"mt-0 row g-3\">\n        \n        <div class=\"col-12 col-sm-6 col-lg-2 border-bottom pb-2\">\n            <small><i class=\"fas fa-solid fa-barcode fa-fw me-2\" style=\"color: #8c9db3;\"><\/i>ISBN<\/small>\n        <\/div>\n\n        <div class=\"col-12 col-sm-6 col-lg-3 border-bottom pb-2\">\n            <small class=\"text-muted\">978-9942-14-148-4<\/small>\n        <\/div>\n\n        <div class=\"col-12 col-sm-6 col-lg-2 border-bottom pb-2\">\n            <small><i class=\"fas fa-solid fa-file fa-fw me-2\" style=\"color: #8c9db3;\"><\/i>P\u00e1ginas<\/small>\n        <\/div>\n\n        <div class=\"col-12 col-sm-6 col-lg-5 border-bottom pb-2\">\n            <small class=\"text-muted\">D\u00e9sde la p\u00e1gina , hasta la p\u00e1gina <\/small>\n        <\/div>\n\n        <div class=\"col-12 col-sm-6 col-lg-2 border-bottom pb-2\">\n            <small><i class=\"fas fa-solid fa-language fa-fw me-2\" style=\"color: #8c9db3;\"><\/i>Idioma<\/small>\n        <\/div>\n\n        <div class=\"col-12 col-sm-6 col-lg-3 border-bottom pb-2\">\n            <small class=\"text-muted\">Espa\u00f1ol<\/small>\n        <\/div>\n\n        <div class=\"col-12 col-sm-6 col-lg-2 border-bottom pb-2\">\n            <small><i class=\"fas fa-solid fa-newspaper fa-fw me-2\" style=\"color: #8c9db3;\"><\/i>Editorial<\/small>\n        <\/div>\n\n        <div class=\"col-12 col-sm-6 col-lg-5 border-bottom pb-2\">\n            <small class=\"text-muted\"><\/small>\n        <\/div>\n\n        <div class=\"col-12 col-sm-6 col-lg-2 border-bottom pb-2\">\n            <small><i class=\"fas fa-solid fa-user-pen fa-fw me-2\" style=\"color: #8c9db3;\"><\/i>Editores<\/small>\n        <\/div>\n\n        <div class=\"col-12 col-sm-6 col-lg-10 border-bottom pb-2\">\n            <small class=\"text-muted\"><\/small>\n        <\/div>\n\n        <div class=\"col-12 col-sm-6 col-lg-2\">\n            <small><i class=\"fas fa-solid fa-signature fa-fw me-2\" style=\"color: #8c9db3;\"><\/i>Autores<\/small>\n        <\/div>\n\n        <div class=\"col-12 col-sm-6 col-lg-10\">\n            <small class=\"text-muted\">Paula Macarena Toro Mujica<\/small>\n        <\/div>\n    <\/div><span class=\"caption-field-publish\"><\/span><\/div><\/div><\/div><\/div><\/div><div class=\"  circle--pattern-bottom-large col-sm-12 col-md-12 img-article\"><div class=\"holder-publish col-md-12\" style=\"border-bottom: 1px solid #B8B8B8\"><div class=\"content-holder h-100 component-border overflow-hidden row m-0 p-4 aling-items-center\"><ul class=\"p-0 list-style-none\"><li class=\"p-0 me-2\"><i class=\"fas fa-solid fa-book fa-fw\"><\/i> Educaci\u00f3n   art\u00edstica:   propuestas, investigaci\u00f3n   y\texperiencias recientes<\/li><li class=\"p-0 me-2\"><i class=\"fas fa-solid fa-calendar fa-fw\"><\/i> 2015<\/li><\/ul><div class=\"caption col-12 p-0 col-md-12 row m-0 align-items-center\"><div class=\"px-md-1\">    <h3 class=\"fw-medium m-0 small-space pt-2 pb-2 title-ss text-decoration-none border-bottom\">La Investigaci\u00f3n Basada en las Artes. Una aproximaci\u00f3n de su aporte a la Educaci\u00f3n Art\u00edstica en Chile<\/h3>\n\n    <div class=\"mt-0 row g-3\">\n        \n        <div class=\"col-12 col-sm-6 col-lg-2 border-bottom pb-2\">\n            <small><i class=\"fas fa-solid fa-barcode fa-fw me-2\" style=\"color: #8c9db3;\"><\/i>ISBN<\/small>\n        <\/div>\n\n        <div class=\"col-12 col-sm-6 col-lg-3 border-bottom pb-2\">\n            <small class=\"text-muted\">978-956-357-03-80<\/small>\n        <\/div>\n\n        <div class=\"col-12 col-sm-6 col-lg-2 border-bottom pb-2\">\n            <small><i class=\"fas fa-solid fa-file fa-fw me-2\" style=\"color: #8c9db3;\"><\/i>P\u00e1ginas<\/small>\n        <\/div>\n\n        <div class=\"col-12 col-sm-6 col-lg-5 border-bottom pb-2\">\n            <small class=\"text-muted\">D\u00e9sde la p\u00e1gina , hasta la p\u00e1gina <\/small>\n        <\/div>\n\n        <div class=\"col-12 col-sm-6 col-lg-2 border-bottom pb-2\">\n            <small><i class=\"fas fa-solid fa-language fa-fw me-2\" style=\"color: #8c9db3;\"><\/i>Idioma<\/small>\n        <\/div>\n\n        <div class=\"col-12 col-sm-6 col-lg-3 border-bottom pb-2\">\n            <small class=\"text-muted\">Espa\u00f1ol<\/small>\n        <\/div>\n\n        <div class=\"col-12 col-sm-6 col-lg-2 border-bottom pb-2\">\n            <small><i class=\"fas fa-solid fa-newspaper fa-fw me-2\" style=\"color: #8c9db3;\"><\/i>Editorial<\/small>\n        <\/div>\n\n        <div class=\"col-12 col-sm-6 col-lg-5 border-bottom pb-2\">\n            <small class=\"text-muted\">Universidad Alberto Hurtado<\/small>\n        <\/div>\n\n        <div class=\"col-12 col-sm-6 col-lg-2 border-bottom pb-2\">\n            <small><i class=\"fas fa-solid fa-user-pen fa-fw me-2\" style=\"color: #8c9db3;\"><\/i>Editores<\/small>\n        <\/div>\n\n        <div class=\"col-12 col-sm-6 col-lg-10 border-bottom pb-2\">\n            <small class=\"text-muted\"><\/small>\n        <\/div>\n\n        <div class=\"col-12 col-sm-6 col-lg-2\">\n            <small><i class=\"fas fa-solid fa-signature fa-fw me-2\" style=\"color: #8c9db3;\"><\/i>Autores<\/small>\n        <\/div>\n\n        <div class=\"col-12 col-sm-6 col-lg-10\">\n            <small class=\"text-muted\">Jos\u00e9 Israel Mela Contreras<\/small>\n        <\/div>\n    <\/div><span class=\"caption-field-publish\"><\/span><\/div><\/div><\/div><\/div><\/div><div class=\"  circle--pattern-bottom-large col-sm-12 col-md-12 img-article\"><div class=\"holder-publish col-md-12\" style=\"border-bottom: 1px solid #B8B8B8\"><div class=\"content-holder h-100 component-border overflow-hidden row m-0 p-4 aling-items-center\"><ul class=\"p-0 list-style-none\"><li class=\"p-0 me-2\"><i class=\"fas fa-solid fa-book fa-fw\"><\/i> Mediterraneo Economico<\/li><li class=\"p-0 me-2\"><i class=\"fas fa-solid fa-calendar fa-fw\"><\/i> 2015<\/li><\/ul><div class=\"caption col-12 p-0 col-md-12 row m-0 align-items-center\"><div class=\"px-md-1\">    <h3 class=\"fw-medium m-0 small-space pt-2 pb-2 title-ss text-decoration-none border-bottom\">La alimentaci\u00f3n de la madre, el beb\u00e9 y el ni\u00f1o<\/h3>\n\n    <div class=\"mt-0 row g-3\">\n        \n        <div class=\"col-12 col-sm-6 col-lg-2 border-bottom pb-2\">\n            <small><i class=\"fas fa-solid fa-barcode fa-fw me-2\" style=\"color: #8c9db3;\"><\/i>ISBN<\/small>\n        <\/div>\n\n        <div class=\"col-12 col-sm-6 col-lg-3 border-bottom pb-2\">\n            <small class=\"text-muted\"><\/small>\n        <\/div>\n\n        <div class=\"col-12 col-sm-6 col-lg-2 border-bottom pb-2\">\n            <small><i class=\"fas fa-solid fa-file fa-fw me-2\" style=\"color: #8c9db3;\"><\/i>P\u00e1ginas<\/small>\n        <\/div>\n\n        <div class=\"col-12 col-sm-6 col-lg-5 border-bottom pb-2\">\n            <small class=\"text-muted\">D\u00e9sde la p\u00e1gina 57, hasta la p\u00e1gina 74<\/small>\n        <\/div>\n\n        <div class=\"col-12 col-sm-6 col-lg-2 border-bottom pb-2\">\n            <small><i class=\"fas fa-solid fa-language fa-fw me-2\" style=\"color: #8c9db3;\"><\/i>Idioma<\/small>\n        <\/div>\n\n        <div class=\"col-12 col-sm-6 col-lg-3 border-bottom pb-2\">\n            <small class=\"text-muted\">Espa\u00f1ol<\/small>\n        <\/div>\n\n        <div class=\"col-12 col-sm-6 col-lg-2 border-bottom pb-2\">\n            <small><i class=\"fas fa-solid fa-newspaper fa-fw me-2\" style=\"color: #8c9db3;\"><\/i>Editorial<\/small>\n        <\/div>\n\n        <div class=\"col-12 col-sm-6 col-lg-5 border-bottom pb-2\">\n            <small class=\"text-muted\">Caja Rural Intermediterr\u00e1nea, Cajamar<\/small>\n        <\/div>\n\n        <div class=\"col-12 col-sm-6 col-lg-2 border-bottom pb-2\">\n            <small><i class=\"fas fa-solid fa-user-pen fa-fw me-2\" style=\"color: #8c9db3;\"><\/i>Editores<\/small>\n        <\/div>\n\n        <div class=\"col-12 col-sm-6 col-lg-10 border-bottom pb-2\">\n            <small class=\"text-muted\"><\/small>\n        <\/div>\n\n        <div class=\"col-12 col-sm-6 col-lg-2\">\n            <small><i class=\"fas fa-solid fa-signature fa-fw me-2\" style=\"color: #8c9db3;\"><\/i>Autores<\/small>\n        <\/div>\n\n        <div class=\"col-12 col-sm-6 col-lg-10\">\n            <small class=\"text-muted\">Estefan\u00eda Mu\u00f1oz-Mu\u00f1oz, Paola Casanello, Bernardo Javier Krause Leyton, Ricardo Uauy<\/small>\n        <\/div>\n    <\/div><span class=\"caption-field-publish\"><\/span><\/div><\/div><\/div><\/div><\/div><div class=\"  circle--pattern-bottom-large col-sm-12 col-md-12 img-article\"><div class=\"holder-publish col-md-12\" style=\"border-bottom: 1px solid #B8B8B8\"><div class=\"content-holder h-100 component-border overflow-hidden row m-0 p-4 aling-items-center\"><ul class=\"p-0 list-style-none\"><li class=\"p-0 me-2\"><i class=\"fas fa-solid fa-book fa-fw\"><\/i> Abuscular mychorrizal fungi in fruit crop production<\/li><li class=\"p-0 me-2\"><i class=\"fas fa-solid fa-calendar fa-fw\"><\/i> 2015<\/li><\/ul><div class=\"caption col-12 p-0 col-md-12 row m-0 align-items-center\"><div class=\"px-md-1\">    <h3 class=\"fw-medium m-0 small-space pt-2 pb-2 title-ss text-decoration-none border-bottom\">Phytorremediation and heavy metal (oid) toxicity Management<\/h3>\n\n    <div class=\"mt-0 row g-3\">\n        \n        <div class=\"col-12 col-sm-6 col-lg-2 border-bottom pb-2\">\n            <small><i class=\"fas fa-solid fa-barcode fa-fw me-2\" style=\"color: #8c9db3;\"><\/i>ISBN<\/small>\n        <\/div>\n\n        <div class=\"col-12 col-sm-6 col-lg-3 border-bottom pb-2\">\n            <small class=\"text-muted\">ISBN 9789351246640<\/small>\n        <\/div>\n\n        <div class=\"col-12 col-sm-6 col-lg-2 border-bottom pb-2\">\n            <small><i class=\"fas fa-solid fa-file fa-fw me-2\" style=\"color: #8c9db3;\"><\/i>P\u00e1ginas<\/small>\n        <\/div>\n\n        <div class=\"col-12 col-sm-6 col-lg-5 border-bottom pb-2\">\n            <small class=\"text-muted\">D\u00e9sde la p\u00e1gina , hasta la p\u00e1gina <\/small>\n        <\/div>\n\n        <div class=\"col-12 col-sm-6 col-lg-2 border-bottom pb-2\">\n            <small><i class=\"fas fa-solid fa-language fa-fw me-2\" style=\"color: #8c9db3;\"><\/i>Idioma<\/small>\n        <\/div>\n\n        <div class=\"col-12 col-sm-6 col-lg-3 border-bottom pb-2\">\n            <small class=\"text-muted\">Ingl\u00e9s<\/small>\n        <\/div>\n\n        <div class=\"col-12 col-sm-6 col-lg-2 border-bottom pb-2\">\n            <small><i class=\"fas fa-solid fa-newspaper fa-fw me-2\" style=\"color: #8c9db3;\"><\/i>Editorial<\/small>\n        <\/div>\n\n        <div class=\"col-12 col-sm-6 col-lg-5 border-bottom pb-2\">\n            <small class=\"text-muted\">Daya Publishing House, New Delhi, India<\/small>\n        <\/div>\n\n        <div class=\"col-12 col-sm-6 col-lg-2 border-bottom pb-2\">\n            <small><i class=\"fas fa-solid fa-user-pen fa-fw me-2\" style=\"color: #8c9db3;\"><\/i>Editores<\/small>\n        <\/div>\n\n        <div class=\"col-12 col-sm-6 col-lg-10 border-bottom pb-2\">\n            <small class=\"text-muted\"><\/small>\n        <\/div>\n\n        <div class=\"col-12 col-sm-6 col-lg-2\">\n            <small><i class=\"fas fa-solid fa-signature fa-fw me-2\" style=\"color: #8c9db3;\"><\/i>Autores<\/small>\n        <\/div>\n\n        <div class=\"col-12 col-sm-6 col-lg-10\">\n            <small class=\"text-muted\">Jorge Felipe Medina Ot\u00e1rola<\/small>\n        <\/div>\n    <\/div><span class=\"caption-field-publish\"><\/span><\/div><\/div><\/div><\/div><\/div><div class=\"  circle--pattern-bottom-large col-sm-12 col-md-12 img-article\"><div class=\"holder-publish col-md-12\" style=\"border-bottom: 1px solid #B8B8B8\"><div class=\"content-holder h-100 component-border overflow-hidden row m-0 p-4 aling-items-center\"><ul class=\"p-0 list-style-none\"><li class=\"p-0 me-2\"><i class=\"fas fa-solid fa-book fa-fw\"><\/i> Revoluci\u00f3n salmonera: paradojas y transformaciones territoriales en Chilo\u00e9<\/li><li class=\"p-0 me-2\"><i class=\"fas fa-solid fa-calendar fa-fw\"><\/i> 2015<\/li><\/ul><div class=\"caption col-12 p-0 col-md-12 row m-0 align-items-center\"><div class=\"px-md-1\">    <h3 class=\"fw-medium m-0 small-space pt-2 pb-2 title-ss text-decoration-none border-bottom\">Chilo\u00e9, 30 a\u00f1os de transformaciones y desaf\u00edos<\/h3>\n\n    <div class=\"mt-0 row g-3\">\n        \n        <div class=\"col-12 col-sm-6 col-lg-2 border-bottom pb-2\">\n            <small><i class=\"fas fa-solid fa-barcode fa-fw me-2\" style=\"color: #8c9db3;\"><\/i>ISBN<\/small>\n        <\/div>\n\n        <div class=\"col-12 col-sm-6 col-lg-3 border-bottom pb-2\">\n            <small class=\"text-muted\"><\/small>\n        <\/div>\n\n        <div class=\"col-12 col-sm-6 col-lg-2 border-bottom pb-2\">\n            <small><i class=\"fas fa-solid fa-file fa-fw me-2\" style=\"color: #8c9db3;\"><\/i>P\u00e1ginas<\/small>\n        <\/div>\n\n        <div class=\"col-12 col-sm-6 col-lg-5 border-bottom pb-2\">\n            <small class=\"text-muted\">D\u00e9sde la p\u00e1gina , hasta la p\u00e1gina <\/small>\n        <\/div>\n\n        <div class=\"col-12 col-sm-6 col-lg-2 border-bottom pb-2\">\n            <small><i class=\"fas fa-solid fa-language fa-fw me-2\" style=\"color: #8c9db3;\"><\/i>Idioma<\/small>\n        <\/div>\n\n        <div class=\"col-12 col-sm-6 col-lg-3 border-bottom pb-2\">\n            <small class=\"text-muted\"><\/small>\n        <\/div>\n\n        <div class=\"col-12 col-sm-6 col-lg-2 border-bottom pb-2\">\n            <small><i class=\"fas fa-solid fa-newspaper fa-fw me-2\" style=\"color: #8c9db3;\"><\/i>Editorial<\/small>\n        <\/div>\n\n        <div class=\"col-12 col-sm-6 col-lg-5 border-bottom pb-2\">\n            <small class=\"text-muted\">RIL Editores \/ Instituto de Estudios Urbanos y Territoriales UC.<\/small>\n        <\/div>\n\n        <div class=\"col-12 col-sm-6 col-lg-2 border-bottom pb-2\">\n            <small><i class=\"fas fa-solid fa-user-pen fa-fw me-2\" style=\"color: #8c9db3;\"><\/i>Editores<\/small>\n        <\/div>\n\n        <div class=\"col-12 col-sm-6 col-lg-10 border-bottom pb-2\">\n            <small class=\"text-muted\"><\/small>\n        <\/div>\n\n        <div class=\"col-12 col-sm-6 col-lg-2\">\n            <small><i class=\"fas fa-solid fa-signature fa-fw me-2\" style=\"color: #8c9db3;\"><\/i>Autores<\/small>\n        <\/div>\n\n        <div class=\"col-12 col-sm-6 col-lg-10\">\n            <small class=\"text-muted\">\u00c1lvaro Javier Rom\u00e1n Castillo, Jonathan R. Barton, Beatriz Bustos, Alejandro Salazar<\/small>\n        <\/div>\n    <\/div><span class=\"caption-field-publish\"><\/span><\/div><\/div><\/div><\/div><\/div><div class=\"  circle--pattern-bottom-large col-sm-12 col-md-12 img-article\"><div class=\"holder-publish col-md-12\" style=\"border-bottom: 1px solid #B8B8B8\"><div class=\"content-holder h-100 component-border overflow-hidden row m-0 p-4 aling-items-center\"><ul class=\"p-0 list-style-none\"><li class=\"p-0 me-2\"><i class=\"fas fa-solid fa-book fa-fw\"><\/i> Revoluci\u00f3n salmonera: paradojas y transformaciones territoriales en Chilo\u00e9<\/li><li class=\"p-0 me-2\"><i class=\"fas fa-solid fa-calendar fa-fw\"><\/i> 2015<\/li><\/ul><div class=\"caption col-12 p-0 col-md-12 row m-0 align-items-center\"><div class=\"px-md-1\">    <h3 class=\"fw-medium m-0 small-space pt-2 pb-2 title-ss text-decoration-none border-bottom\">Prioridades de desarrollo en Chilo\u00e9: tres d\u00e9cadas de asimilaci\u00f3n de la industria salmonera<\/h3>\n\n    <div class=\"mt-0 row g-3\">\n        \n        <div class=\"col-12 col-sm-6 col-lg-2 border-bottom pb-2\">\n            <small><i class=\"fas fa-solid fa-barcode fa-fw me-2\" style=\"color: #8c9db3;\"><\/i>ISBN<\/small>\n        <\/div>\n\n        <div class=\"col-12 col-sm-6 col-lg-3 border-bottom pb-2\">\n            <small class=\"text-muted\"><\/small>\n        <\/div>\n\n        <div class=\"col-12 col-sm-6 col-lg-2 border-bottom pb-2\">\n            <small><i class=\"fas fa-solid fa-file fa-fw me-2\" style=\"color: #8c9db3;\"><\/i>P\u00e1ginas<\/small>\n        <\/div>\n\n        <div class=\"col-12 col-sm-6 col-lg-5 border-bottom pb-2\">\n            <small class=\"text-muted\">D\u00e9sde la p\u00e1gina , hasta la p\u00e1gina <\/small>\n        <\/div>\n\n        <div class=\"col-12 col-sm-6 col-lg-2 border-bottom pb-2\">\n            <small><i class=\"fas fa-solid fa-language fa-fw me-2\" style=\"color: #8c9db3;\"><\/i>Idioma<\/small>\n        <\/div>\n\n        <div class=\"col-12 col-sm-6 col-lg-3 border-bottom pb-2\">\n            <small class=\"text-muted\"><\/small>\n        <\/div>\n\n        <div class=\"col-12 col-sm-6 col-lg-2 border-bottom pb-2\">\n            <small><i class=\"fas fa-solid fa-newspaper fa-fw me-2\" style=\"color: #8c9db3;\"><\/i>Editorial<\/small>\n        <\/div>\n\n        <div class=\"col-12 col-sm-6 col-lg-5 border-bottom pb-2\">\n            <small class=\"text-muted\">RIL Editores \/ Instituto de Estudios Urbanos y Territoriales UC.<\/small>\n        <\/div>\n\n        <div class=\"col-12 col-sm-6 col-lg-2 border-bottom pb-2\">\n            <small><i class=\"fas fa-solid fa-user-pen fa-fw me-2\" style=\"color: #8c9db3;\"><\/i>Editores<\/small>\n        <\/div>\n\n        <div class=\"col-12 col-sm-6 col-lg-10 border-bottom pb-2\">\n            <small class=\"text-muted\"><\/small>\n        <\/div>\n\n        <div class=\"col-12 col-sm-6 col-lg-2\">\n            <small><i class=\"fas fa-solid fa-signature fa-fw me-2\" style=\"color: #8c9db3;\"><\/i>Autores<\/small>\n        <\/div>\n\n        <div class=\"col-12 col-sm-6 col-lg-10\">\n            <small class=\"text-muted\">\u00c1lvaro Javier Rom\u00e1n Castillo<\/small>\n        <\/div>\n    <\/div><span class=\"caption-field-publish\"><\/span><\/div><\/div><\/div><\/div><\/div><div class=\"  circle--pattern-bottom-large col-sm-12 col-md-12 img-article\"><div class=\"holder-publish col-md-12\" style=\"border-bottom: 1px solid #B8B8B8\"><div class=\"content-holder h-100 component-border overflow-hidden row m-0 p-4 aling-items-center\"><ul class=\"p-0 list-style-none\"><li class=\"p-0 me-2\"><i class=\"fas fa-solid fa-book fa-fw\"><\/i> Revoluci\u00f3n salmonera: paradojas y transformaciones territoriales en Chilo\u00e9<\/li><li class=\"p-0 me-2\"><i class=\"fas fa-solid fa-calendar fa-fw\"><\/i> 2015<\/li><\/ul><div class=\"caption col-12 p-0 col-md-12 row m-0 align-items-center\"><div class=\"px-md-1\">    <h3 class=\"fw-medium m-0 small-space pt-2 pb-2 title-ss text-decoration-none border-bottom\">Chilo\u00e9, 30 a\u00f1os de transformaciones y desaf\u00edos<\/h3>\n\n    <div class=\"mt-0 row g-3\">\n        \n        <div class=\"col-12 col-sm-6 col-lg-2 border-bottom pb-2\">\n            <small><i class=\"fas fa-solid fa-barcode fa-fw me-2\" style=\"color: #8c9db3;\"><\/i>ISBN<\/small>\n        <\/div>\n\n        <div class=\"col-12 col-sm-6 col-lg-3 border-bottom pb-2\">\n            <small class=\"text-muted\"><\/small>\n        <\/div>\n\n        <div class=\"col-12 col-sm-6 col-lg-2 border-bottom pb-2\">\n            <small><i class=\"fas fa-solid fa-file fa-fw me-2\" style=\"color: #8c9db3;\"><\/i>P\u00e1ginas<\/small>\n        <\/div>\n\n        <div class=\"col-12 col-sm-6 col-lg-5 border-bottom pb-2\">\n            <small class=\"text-muted\">D\u00e9sde la p\u00e1gina , hasta la p\u00e1gina <\/small>\n        <\/div>\n\n        <div class=\"col-12 col-sm-6 col-lg-2 border-bottom pb-2\">\n            <small><i class=\"fas fa-solid fa-language fa-fw me-2\" style=\"color: #8c9db3;\"><\/i>Idioma<\/small>\n        <\/div>\n\n        <div class=\"col-12 col-sm-6 col-lg-3 border-bottom pb-2\">\n            <small class=\"text-muted\"><\/small>\n        <\/div>\n\n        <div class=\"col-12 col-sm-6 col-lg-2 border-bottom pb-2\">\n            <small><i class=\"fas fa-solid fa-newspaper fa-fw me-2\" style=\"color: #8c9db3;\"><\/i>Editorial<\/small>\n        <\/div>\n\n        <div class=\"col-12 col-sm-6 col-lg-5 border-bottom pb-2\">\n            <small class=\"text-muted\">RIL Editores \/ Instituto de Estudios Urbanos y Territoriales UC.<\/small>\n        <\/div>\n\n        <div class=\"col-12 col-sm-6 col-lg-2 border-bottom pb-2\">\n            <small><i class=\"fas fa-solid fa-user-pen fa-fw me-2\" style=\"color: #8c9db3;\"><\/i>Editores<\/small>\n        <\/div>\n\n        <div class=\"col-12 col-sm-6 col-lg-10 border-bottom pb-2\">\n            <small class=\"text-muted\"><\/small>\n        <\/div>\n\n        <div class=\"col-12 col-sm-6 col-lg-2\">\n            <small><i class=\"fas fa-solid fa-signature fa-fw me-2\" style=\"color: #8c9db3;\"><\/i>Autores<\/small>\n        <\/div>\n\n        <div class=\"col-12 col-sm-6 col-lg-10\">\n            <small class=\"text-muted\">\u00c1lvaro Javier Rom\u00e1n Castillo, Jonathan R. Barton, Beatriz Bustos, Alejandro Salazar<\/small>\n        <\/div>\n    <\/div><span class=\"caption-field-publish\"><\/span><\/div><\/div><\/div><\/div><\/div><div class=\"  circle--pattern-bottom-large col-sm-12 col-md-12 img-article\"><div class=\"holder-publish col-md-12\" style=\"border-bottom: 1px solid #B8B8B8\"><div class=\"content-holder h-100 component-border overflow-hidden row m-0 p-4 aling-items-center\"><ul class=\"p-0 list-style-none\"><li class=\"p-0 me-2\"><i class=\"fas fa-solid fa-book fa-fw\"><\/i> Ecolog\u00eda pol\u00edtica en Chile: naturaleza, propiedad, conocimiento y poder<\/li><li class=\"p-0 me-2\"><i class=\"fas fa-solid fa-calendar fa-fw\"><\/i> 2015<\/li><\/ul><div class=\"caption col-12 p-0 col-md-12 row m-0 align-items-center\"><div class=\"px-md-1\">    <h3 class=\"fw-medium m-0 small-space pt-2 pb-2 title-ss text-decoration-none border-bottom\">Una ecolog\u00eda pol\u00edtica de las transformaciones territoriales en Chile: poder y gobernanza en los sectores forestal y salmonero<\/h3>\n\n    <div class=\"mt-0 row g-3\">\n        \n        <div class=\"col-12 col-sm-6 col-lg-2 border-bottom pb-2\">\n            <small><i class=\"fas fa-solid fa-barcode fa-fw me-2\" style=\"color: #8c9db3;\"><\/i>ISBN<\/small>\n        <\/div>\n\n        <div class=\"col-12 col-sm-6 col-lg-3 border-bottom pb-2\">\n            <small class=\"text-muted\"><\/small>\n        <\/div>\n\n        <div class=\"col-12 col-sm-6 col-lg-2 border-bottom pb-2\">\n            <small><i class=\"fas fa-solid fa-file fa-fw me-2\" style=\"color: #8c9db3;\"><\/i>P\u00e1ginas<\/small>\n        <\/div>\n\n        <div class=\"col-12 col-sm-6 col-lg-5 border-bottom pb-2\">\n            <small class=\"text-muted\">D\u00e9sde la p\u00e1gina , hasta la p\u00e1gina <\/small>\n        <\/div>\n\n        <div class=\"col-12 col-sm-6 col-lg-2 border-bottom pb-2\">\n            <small><i class=\"fas fa-solid fa-language fa-fw me-2\" style=\"color: #8c9db3;\"><\/i>Idioma<\/small>\n        <\/div>\n\n        <div class=\"col-12 col-sm-6 col-lg-3 border-bottom pb-2\">\n            <small class=\"text-muted\"><\/small>\n        <\/div>\n\n        <div class=\"col-12 col-sm-6 col-lg-2 border-bottom pb-2\">\n            <small><i class=\"fas fa-solid fa-newspaper fa-fw me-2\" style=\"color: #8c9db3;\"><\/i>Editorial<\/small>\n        <\/div>\n\n        <div class=\"col-12 col-sm-6 col-lg-5 border-bottom pb-2\">\n            <small class=\"text-muted\">Editorial Universitaria<\/small>\n        <\/div>\n\n        <div class=\"col-12 col-sm-6 col-lg-2 border-bottom pb-2\">\n            <small><i class=\"fas fa-solid fa-user-pen fa-fw me-2\" style=\"color: #8c9db3;\"><\/i>Editores<\/small>\n        <\/div>\n\n        <div class=\"col-12 col-sm-6 col-lg-10 border-bottom pb-2\">\n            <small class=\"text-muted\"><\/small>\n        <\/div>\n\n        <div class=\"col-12 col-sm-6 col-lg-2\">\n            <small><i class=\"fas fa-solid fa-signature fa-fw me-2\" style=\"color: #8c9db3;\"><\/i>Autores<\/small>\n        <\/div>\n\n        <div class=\"col-12 col-sm-6 col-lg-10\">\n            <small class=\"text-muted\">\u00c1lvaro Javier Rom\u00e1n Castillo, Jonathan R. Barton<\/small>\n        <\/div>\n    <\/div><span class=\"caption-field-publish\"><\/span><\/div><\/div><\/div><\/div><\/div><div class=\"  circle--pattern-bottom-large col-sm-12 col-md-12 img-article\"><div class=\"holder-publish col-md-12\" style=\"border-bottom: 1px solid #B8B8B8\"><div class=\"content-holder h-100 component-border overflow-hidden row m-0 p-4 aling-items-center\"><ul class=\"p-0 list-style-none\"><li class=\"p-0 me-2\"><i class=\"fas fa-solid fa-book fa-fw\"><\/i> Revoluci\u00f3n salmonera: paradojas y transformaciones territoriales en Chilo\u00e9<\/li><li class=\"p-0 me-2\"><i class=\"fas fa-solid fa-calendar fa-fw\"><\/i> 2015<\/li><\/ul><div class=\"caption col-12 p-0 col-md-12 row m-0 align-items-center\"><div class=\"px-md-1\">    <h3 class=\"fw-medium m-0 small-space pt-2 pb-2 title-ss text-decoration-none border-bottom\">Prioridades de desarrollo en Chilo\u00e9: tres d\u00e9cadas de asimilaci\u00f3n de la industria salmonera<\/h3>\n\n    <div class=\"mt-0 row g-3\">\n        \n        <div class=\"col-12 col-sm-6 col-lg-2 border-bottom pb-2\">\n            <small><i class=\"fas fa-solid fa-barcode fa-fw me-2\" style=\"color: #8c9db3;\"><\/i>ISBN<\/small>\n        <\/div>\n\n        <div class=\"col-12 col-sm-6 col-lg-3 border-bottom pb-2\">\n            <small class=\"text-muted\"><\/small>\n        <\/div>\n\n        <div class=\"col-12 col-sm-6 col-lg-2 border-bottom pb-2\">\n            <small><i class=\"fas fa-solid fa-file fa-fw me-2\" style=\"color: #8c9db3;\"><\/i>P\u00e1ginas<\/small>\n        <\/div>\n\n        <div class=\"col-12 col-sm-6 col-lg-5 border-bottom pb-2\">\n            <small class=\"text-muted\">D\u00e9sde la p\u00e1gina , hasta la p\u00e1gina <\/small>\n        <\/div>\n\n        <div class=\"col-12 col-sm-6 col-lg-2 border-bottom pb-2\">\n            <small><i class=\"fas fa-solid fa-language fa-fw me-2\" style=\"color: #8c9db3;\"><\/i>Idioma<\/small>\n        <\/div>\n\n        <div class=\"col-12 col-sm-6 col-lg-3 border-bottom pb-2\">\n            <small class=\"text-muted\"><\/small>\n        <\/div>\n\n        <div class=\"col-12 col-sm-6 col-lg-2 border-bottom pb-2\">\n            <small><i class=\"fas fa-solid fa-newspaper fa-fw me-2\" style=\"color: #8c9db3;\"><\/i>Editorial<\/small>\n        <\/div>\n\n        <div class=\"col-12 col-sm-6 col-lg-5 border-bottom pb-2\">\n            <small class=\"text-muted\">RIL Editores \/ Instituto de Estudios Urbanos y Territoriales UC.<\/small>\n        <\/div>\n\n        <div class=\"col-12 col-sm-6 col-lg-2 border-bottom pb-2\">\n            <small><i class=\"fas fa-solid fa-user-pen fa-fw me-2\" style=\"color: #8c9db3;\"><\/i>Editores<\/small>\n        <\/div>\n\n        <div class=\"col-12 col-sm-6 col-lg-10 border-bottom pb-2\">\n            <small class=\"text-muted\"><\/small>\n        <\/div>\n\n        <div class=\"col-12 col-sm-6 col-lg-2\">\n            <small><i class=\"fas fa-solid fa-signature fa-fw me-2\" style=\"color: #8c9db3;\"><\/i>Autores<\/small>\n        <\/div>\n\n        <div class=\"col-12 col-sm-6 col-lg-10\">\n            <small class=\"text-muted\">\u00c1lvaro Javier Rom\u00e1n Castillo<\/small>\n        <\/div>\n    <\/div><span class=\"caption-field-publish\"><\/span><\/div><\/div><\/div><\/div><\/div><div class=\"  circle--pattern-bottom-large col-sm-12 col-md-12 img-article\"><div class=\"holder-publish col-md-12\" style=\"border-bottom: 1px solid #B8B8B8\"><div class=\"content-holder h-100 component-border overflow-hidden row m-0 p-4 aling-items-center\"><ul class=\"p-0 list-style-none\"><li class=\"p-0 me-2\"><i class=\"fas fa-solid fa-book fa-fw\"><\/i> Revoluci\u00f3n salmonera: paradojas y transformaciones territoriales en Chilo\u00e9<\/li><li class=\"p-0 me-2\"><i class=\"fas fa-solid fa-calendar fa-fw\"><\/i> 2015<\/li><\/ul><div class=\"caption col-12 p-0 col-md-12 row m-0 align-items-center\"><div class=\"px-md-1\">    <h3 class=\"fw-medium m-0 small-space pt-2 pb-2 title-ss text-decoration-none border-bottom\">\u00bfLa revoluci\u00f3n chilota?<\/h3>\n\n    <div class=\"mt-0 row g-3\">\n        \n        <div class=\"col-12 col-sm-6 col-lg-2 border-bottom pb-2\">\n            <small><i class=\"fas fa-solid fa-barcode fa-fw me-2\" style=\"color: #8c9db3;\"><\/i>ISBN<\/small>\n        <\/div>\n\n        <div class=\"col-12 col-sm-6 col-lg-3 border-bottom pb-2\">\n            <small class=\"text-muted\"><\/small>\n        <\/div>\n\n        <div class=\"col-12 col-sm-6 col-lg-2 border-bottom pb-2\">\n            <small><i class=\"fas fa-solid fa-file fa-fw me-2\" style=\"color: #8c9db3;\"><\/i>P\u00e1ginas<\/small>\n        <\/div>\n\n        <div class=\"col-12 col-sm-6 col-lg-5 border-bottom pb-2\">\n            <small class=\"text-muted\">D\u00e9sde la p\u00e1gina , hasta la p\u00e1gina <\/small>\n        <\/div>\n\n        <div class=\"col-12 col-sm-6 col-lg-2 border-bottom pb-2\">\n            <small><i class=\"fas fa-solid fa-language fa-fw me-2\" style=\"color: #8c9db3;\"><\/i>Idioma<\/small>\n        <\/div>\n\n        <div class=\"col-12 col-sm-6 col-lg-3 border-bottom pb-2\">\n            <small class=\"text-muted\"><\/small>\n        <\/div>\n\n        <div class=\"col-12 col-sm-6 col-lg-2 border-bottom pb-2\">\n            <small><i class=\"fas fa-solid fa-newspaper fa-fw me-2\" style=\"color: #8c9db3;\"><\/i>Editorial<\/small>\n        <\/div>\n\n        <div class=\"col-12 col-sm-6 col-lg-5 border-bottom pb-2\">\n            <small class=\"text-muted\">RIL Editores \/ Instituto de Estudios Urbanos y Territoriales UC.<\/small>\n        <\/div>\n\n        <div class=\"col-12 col-sm-6 col-lg-2 border-bottom pb-2\">\n            <small><i class=\"fas fa-solid fa-user-pen fa-fw me-2\" style=\"color: #8c9db3;\"><\/i>Editores<\/small>\n        <\/div>\n\n        <div class=\"col-12 col-sm-6 col-lg-10 border-bottom pb-2\">\n            <small class=\"text-muted\"><\/small>\n        <\/div>\n\n        <div class=\"col-12 col-sm-6 col-lg-2\">\n            <small><i class=\"fas fa-solid fa-signature fa-fw me-2\" style=\"color: #8c9db3;\"><\/i>Autores<\/small>\n        <\/div>\n\n        <div class=\"col-12 col-sm-6 col-lg-10\">\n            <small class=\"text-muted\">\u00c1lvaro Javier Rom\u00e1n Castillo, Jonathan R. Barton, Beatriz Bustos, Alejandro Salazar<\/small>\n        <\/div>\n    <\/div><span class=\"caption-field-publish\"><\/span><\/div><\/div><\/div><\/div><\/div><div class=\"  circle--pattern-bottom-large col-sm-12 col-md-12 img-article\"><div class=\"holder-publish col-md-12\" style=\"border-bottom: 1px solid #B8B8B8\"><div class=\"content-holder h-100 component-border overflow-hidden row m-0 p-4 aling-items-center\"><ul class=\"p-0 list-style-none\"><li class=\"p-0 me-2\"><i class=\"fas fa-solid fa-book fa-fw\"><\/i> Ecolog\u00eda pol\u00edtica en Chile: naturaleza, propiedad, conocimiento y poder<\/li><li class=\"p-0 me-2\"><i class=\"fas fa-solid fa-calendar fa-fw\"><\/i> 2015<\/li><\/ul><div class=\"caption col-12 p-0 col-md-12 row m-0 align-items-center\"><div class=\"px-md-1\">    <h3 class=\"fw-medium m-0 small-space pt-2 pb-2 title-ss text-decoration-none border-bottom\">Una ecolog\u00eda pol\u00edtica de las transformaciones territoriales en Chile: poder y gobernanza en los sectores forestal y salmonero<\/h3>\n\n    <div class=\"mt-0 row g-3\">\n        \n        <div class=\"col-12 col-sm-6 col-lg-2 border-bottom pb-2\">\n            <small><i class=\"fas fa-solid fa-barcode fa-fw me-2\" style=\"color: #8c9db3;\"><\/i>ISBN<\/small>\n        <\/div>\n\n        <div class=\"col-12 col-sm-6 col-lg-3 border-bottom pb-2\">\n            <small class=\"text-muted\"><\/small>\n        <\/div>\n\n        <div class=\"col-12 col-sm-6 col-lg-2 border-bottom pb-2\">\n            <small><i class=\"fas fa-solid fa-file fa-fw me-2\" style=\"color: #8c9db3;\"><\/i>P\u00e1ginas<\/small>\n        <\/div>\n\n        <div class=\"col-12 col-sm-6 col-lg-5 border-bottom pb-2\">\n            <small class=\"text-muted\">D\u00e9sde la p\u00e1gina , hasta la p\u00e1gina <\/small>\n        <\/div>\n\n        <div class=\"col-12 col-sm-6 col-lg-2 border-bottom pb-2\">\n            <small><i class=\"fas fa-solid fa-language fa-fw me-2\" style=\"color: #8c9db3;\"><\/i>Idioma<\/small>\n        <\/div>\n\n        <div class=\"col-12 col-sm-6 col-lg-3 border-bottom pb-2\">\n            <small class=\"text-muted\"><\/small>\n        <\/div>\n\n        <div class=\"col-12 col-sm-6 col-lg-2 border-bottom pb-2\">\n            <small><i class=\"fas fa-solid fa-newspaper fa-fw me-2\" style=\"color: #8c9db3;\"><\/i>Editorial<\/small>\n        <\/div>\n\n        <div class=\"col-12 col-sm-6 col-lg-5 border-bottom pb-2\">\n            <small class=\"text-muted\">Editorial Universitaria<\/small>\n        <\/div>\n\n        <div class=\"col-12 col-sm-6 col-lg-2 border-bottom pb-2\">\n            <small><i class=\"fas fa-solid fa-user-pen fa-fw me-2\" style=\"color: #8c9db3;\"><\/i>Editores<\/small>\n        <\/div>\n\n        <div class=\"col-12 col-sm-6 col-lg-10 border-bottom pb-2\">\n            <small class=\"text-muted\"><\/small>\n        <\/div>\n\n        <div class=\"col-12 col-sm-6 col-lg-2\">\n            <small><i class=\"fas fa-solid fa-signature fa-fw me-2\" style=\"color: #8c9db3;\"><\/i>Autores<\/small>\n        <\/div>\n\n        <div class=\"col-12 col-sm-6 col-lg-10\">\n            <small class=\"text-muted\">\u00c1lvaro Javier Rom\u00e1n Castillo, Jonathan R. Barton<\/small>\n        <\/div>\n    <\/div><span class=\"caption-field-publish\"><\/span><\/div><\/div><\/div><\/div><\/div><div class=\"  circle--pattern-bottom-large col-sm-12 col-md-12 img-article\"><div class=\"holder-publish col-md-12\" style=\"border-bottom: 1px solid #B8B8B8\"><div class=\"content-holder h-100 component-border overflow-hidden row m-0 p-4 aling-items-center\"><ul class=\"p-0 list-style-none\"><li class=\"p-0 me-2\"><i class=\"fas fa-solid fa-book fa-fw\"><\/i> Revoluci\u00f3n salmonera: paradojas y transformaciones territoriales en Chilo\u00e9<\/li><li class=\"p-0 me-2\"><i class=\"fas fa-solid fa-calendar fa-fw\"><\/i> 2015<\/li><\/ul><div class=\"caption col-12 p-0 col-md-12 row m-0 align-items-center\"><div class=\"px-md-1\">    <h3 class=\"fw-medium m-0 small-space pt-2 pb-2 title-ss text-decoration-none border-bottom\">\u00bfLa revoluci\u00f3n chilota?<\/h3>\n\n    <div class=\"mt-0 row g-3\">\n        \n        <div class=\"col-12 col-sm-6 col-lg-2 border-bottom pb-2\">\n            <small><i class=\"fas fa-solid fa-barcode fa-fw me-2\" style=\"color: #8c9db3;\"><\/i>ISBN<\/small>\n        <\/div>\n\n        <div class=\"col-12 col-sm-6 col-lg-3 border-bottom pb-2\">\n            <small class=\"text-muted\"><\/small>\n        <\/div>\n\n        <div class=\"col-12 col-sm-6 col-lg-2 border-bottom pb-2\">\n            <small><i class=\"fas fa-solid fa-file fa-fw me-2\" style=\"color: #8c9db3;\"><\/i>P\u00e1ginas<\/small>\n        <\/div>\n\n        <div class=\"col-12 col-sm-6 col-lg-5 border-bottom pb-2\">\n            <small class=\"text-muted\">D\u00e9sde la p\u00e1gina , hasta la p\u00e1gina <\/small>\n        <\/div>\n\n        <div class=\"col-12 col-sm-6 col-lg-2 border-bottom pb-2\">\n            <small><i class=\"fas fa-solid fa-language fa-fw me-2\" style=\"color: #8c9db3;\"><\/i>Idioma<\/small>\n        <\/div>\n\n        <div class=\"col-12 col-sm-6 col-lg-3 border-bottom pb-2\">\n            <small class=\"text-muted\"><\/small>\n        <\/div>\n\n        <div class=\"col-12 col-sm-6 col-lg-2 border-bottom pb-2\">\n            <small><i class=\"fas fa-solid fa-newspaper fa-fw me-2\" style=\"color: #8c9db3;\"><\/i>Editorial<\/small>\n        <\/div>\n\n        <div class=\"col-12 col-sm-6 col-lg-5 border-bottom pb-2\">\n            <small class=\"text-muted\">RIL Editores \/ Instituto de Estudios Urbanos y Territoriales UC.<\/small>\n        <\/div>\n\n        <div class=\"col-12 col-sm-6 col-lg-2 border-bottom pb-2\">\n            <small><i class=\"fas fa-solid fa-user-pen fa-fw me-2\" style=\"color: #8c9db3;\"><\/i>Editores<\/small>\n        <\/div>\n\n        <div class=\"col-12 col-sm-6 col-lg-10 border-bottom pb-2\">\n            <small class=\"text-muted\"><\/small>\n        <\/div>\n\n        <div class=\"col-12 col-sm-6 col-lg-2\">\n            <small><i class=\"fas fa-solid fa-signature fa-fw me-2\" style=\"color: #8c9db3;\"><\/i>Autores<\/small>\n        <\/div>\n\n        <div class=\"col-12 col-sm-6 col-lg-10\">\n            <small class=\"text-muted\">\u00c1lvaro Javier Rom\u00e1n Castillo, Jonathan R. Barton, Beatriz Bustos, Alejandro Salazar<\/small>\n        <\/div>\n    <\/div><span class=\"caption-field-publish\"><\/span><\/div><\/div><\/div><\/div><\/div><div class=\"  circle--pattern-bottom-large col-sm-12 col-md-12 img-article\"><div class=\"holder-publish col-md-12\" style=\"border-bottom: 1px solid #B8B8B8\"><div class=\"content-holder h-100 component-border overflow-hidden row m-0 p-4 aling-items-center\"><ul class=\"p-0 list-style-none\"><li class=\"p-0 me-2\"><i class=\"fas fa-solid fa-book fa-fw\"><\/i> Manual de escritura para carreras de humanidades<\/li><li class=\"p-0 me-2\"><i class=\"fas fa-solid fa-calendar fa-fw\"><\/i> 2014<\/li><\/ul><div class=\"caption col-12 p-0 col-md-12 row m-0 align-items-center\"><div class=\"px-md-1\">    <h3 class=\"fw-medium m-0 small-space pt-2 pb-2 title-ss text-decoration-none border-bottom\">G\u00e9neros discursivos e ingreso a las culturas disciplinares. Aportes para una did\u00e1ctica de la lectura y la escritura en educaci\u00f3n superior<\/h3>\n\n    <div class=\"mt-0 row g-3\">\n        \n        <div class=\"col-12 col-sm-6 col-lg-2 border-bottom pb-2\">\n            <small><i class=\"fas fa-solid fa-barcode fa-fw me-2\" style=\"color: #8c9db3;\"><\/i>ISBN<\/small>\n        <\/div>\n\n        <div class=\"col-12 col-sm-6 col-lg-3 border-bottom pb-2\">\n            <small class=\"text-muted\">978-987-3617-25-6<\/small>\n        <\/div>\n\n        <div class=\"col-12 col-sm-6 col-lg-2 border-bottom pb-2\">\n            <small><i class=\"fas fa-solid fa-file fa-fw me-2\" style=\"color: #8c9db3;\"><\/i>P\u00e1ginas<\/small>\n        <\/div>\n\n        <div class=\"col-12 col-sm-6 col-lg-5 border-bottom pb-2\">\n            <small class=\"text-muted\">D\u00e9sde la p\u00e1gina 29, hasta la p\u00e1gina 52<\/small>\n        <\/div>\n\n        <div class=\"col-12 col-sm-6 col-lg-2 border-bottom pb-2\">\n            <small><i class=\"fas fa-solid fa-language fa-fw me-2\" style=\"color: #8c9db3;\"><\/i>Idioma<\/small>\n        <\/div>\n\n        <div class=\"col-12 col-sm-6 col-lg-3 border-bottom pb-2\">\n            <small class=\"text-muted\"><\/small>\n        <\/div>\n\n        <div class=\"col-12 col-sm-6 col-lg-2 border-bottom pb-2\">\n            <small><i class=\"fas fa-solid fa-newspaper fa-fw me-2\" style=\"color: #8c9db3;\"><\/i>Editorial<\/small>\n        <\/div>\n\n        <div class=\"col-12 col-sm-6 col-lg-5 border-bottom pb-2\">\n            <small class=\"text-muted\">Universidad de Buenos Aires<\/small>\n        <\/div>\n\n        <div class=\"col-12 col-sm-6 col-lg-2 border-bottom pb-2\">\n            <small><i class=\"fas fa-solid fa-user-pen fa-fw me-2\" style=\"color: #8c9db3;\"><\/i>Editores<\/small>\n        <\/div>\n\n        <div class=\"col-12 col-sm-6 col-lg-10 border-bottom pb-2\">\n            <small class=\"text-muted\">F. Navarro<\/small>\n        <\/div>\n\n        <div class=\"col-12 col-sm-6 col-lg-2\">\n            <small><i class=\"fas fa-solid fa-signature fa-fw me-2\" style=\"color: #8c9db3;\"><\/i>Autores<\/small>\n        <\/div>\n\n        <div class=\"col-12 col-sm-6 col-lg-10\">\n            <small class=\"text-muted\">Federico Daniel Navarro<\/small>\n        <\/div>\n    <\/div><span class=\"caption-field-publish\"><\/span><\/div><\/div><\/div><\/div><\/div><div class=\"  circle--pattern-bottom-large col-sm-12 col-md-12 img-article\"><div class=\"holder-publish col-md-12\" style=\"border-bottom: 1px solid #B8B8B8\"><div class=\"content-holder h-100 component-border overflow-hidden row m-0 p-4 aling-items-center\"><ul class=\"p-0 list-style-none\"><li class=\"p-0 me-2\"><i class=\"fas fa-solid fa-book fa-fw\"><\/i> Manual de escritura para carreras de humanidades<\/li><li class=\"p-0 me-2\"><i class=\"fas fa-solid fa-calendar fa-fw\"><\/i> 2014<\/li><\/ul><div class=\"caption col-12 p-0 col-md-12 row m-0 align-items-center\"><div class=\"px-md-1\">    <h3 class=\"fw-medium m-0 small-space pt-2 pb-2 title-ss text-decoration-none border-bottom\">Lectura y escritura de g\u00e9neros acad\u00e9micos. Conceptos b\u00e1sicos<\/h3>\n\n    <div class=\"mt-0 row g-3\">\n        \n        <div class=\"col-12 col-sm-6 col-lg-2 border-bottom pb-2\">\n            <small><i class=\"fas fa-solid fa-barcode fa-fw me-2\" style=\"color: #8c9db3;\"><\/i>ISBN<\/small>\n        <\/div>\n\n        <div class=\"col-12 col-sm-6 col-lg-3 border-bottom pb-2\">\n            <small class=\"text-muted\">978-987-3617-25-6<\/small>\n        <\/div>\n\n        <div class=\"col-12 col-sm-6 col-lg-2 border-bottom pb-2\">\n            <small><i class=\"fas fa-solid fa-file fa-fw me-2\" style=\"color: #8c9db3;\"><\/i>P\u00e1ginas<\/small>\n        <\/div>\n\n        <div class=\"col-12 col-sm-6 col-lg-5 border-bottom pb-2\">\n            <small class=\"text-muted\">D\u00e9sde la p\u00e1gina 55, hasta la p\u00e1gina 100<\/small>\n        <\/div>\n\n        <div class=\"col-12 col-sm-6 col-lg-2 border-bottom pb-2\">\n            <small><i class=\"fas fa-solid fa-language fa-fw me-2\" style=\"color: #8c9db3;\"><\/i>Idioma<\/small>\n        <\/div>\n\n        <div class=\"col-12 col-sm-6 col-lg-3 border-bottom pb-2\">\n            <small class=\"text-muted\"><\/small>\n        <\/div>\n\n        <div class=\"col-12 col-sm-6 col-lg-2 border-bottom pb-2\">\n            <small><i class=\"fas fa-solid fa-newspaper fa-fw me-2\" style=\"color: #8c9db3;\"><\/i>Editorial<\/small>\n        <\/div>\n\n        <div class=\"col-12 col-sm-6 col-lg-5 border-bottom pb-2\">\n            <small class=\"text-muted\">Universidad de Buenos Aires<\/small>\n        <\/div>\n\n        <div class=\"col-12 col-sm-6 col-lg-2 border-bottom pb-2\">\n            <small><i class=\"fas fa-solid fa-user-pen fa-fw me-2\" style=\"color: #8c9db3;\"><\/i>Editores<\/small>\n        <\/div>\n\n        <div class=\"col-12 col-sm-6 col-lg-10 border-bottom pb-2\">\n            <small class=\"text-muted\"><\/small>\n        <\/div>\n\n        <div class=\"col-12 col-sm-6 col-lg-2\">\n            <small><i class=\"fas fa-solid fa-signature fa-fw me-2\" style=\"color: #8c9db3;\"><\/i>Autores<\/small>\n        <\/div>\n\n        <div class=\"col-12 col-sm-6 col-lg-10\">\n            <small class=\"text-muted\">Federico Daniel Navarro, Ana Brown<\/small>\n        <\/div>\n    <\/div><span class=\"caption-field-publish\"><\/span><\/div><\/div><\/div><\/div><\/div><div class=\"  circle--pattern-bottom-large col-sm-12 col-md-12 img-article\"><div class=\"holder-publish col-md-12\" style=\"border-bottom: 1px solid #B8B8B8\"><div class=\"content-holder h-100 component-border overflow-hidden row m-0 p-4 aling-items-center\"><ul class=\"p-0 list-style-none\"><li class=\"p-0 me-2\"><i class=\"fas fa-solid fa-book fa-fw\"><\/i> Experiencias y reflexiones en salud mental comunitaria<\/li><li class=\"p-0 me-2\"><i class=\"fas fa-solid fa-calendar fa-fw\"><\/i> 2014<\/li><\/ul><div class=\"caption col-12 p-0 col-md-12 row m-0 align-items-center\"><div class=\"px-md-1\">    <h3 class=\"fw-medium m-0 small-space pt-2 pb-2 title-ss text-decoration-none border-bottom\">Construyendo estrategias de promoci\u00f3n de la salud mental y prevenci\u00f3n de los trastornos mentales con la comunidad de Malvinas Argentinas<\/h3>\n\n    <div class=\"mt-0 row g-3\">\n        \n        <div class=\"col-12 col-sm-6 col-lg-2 border-bottom pb-2\">\n            <small><i class=\"fas fa-solid fa-barcode fa-fw me-2\" style=\"color: #8c9db3;\"><\/i>ISBN<\/small>\n        <\/div>\n\n        <div class=\"col-12 col-sm-6 col-lg-3 border-bottom pb-2\">\n            <small class=\"text-muted\"><\/small>\n        <\/div>\n\n        <div class=\"col-12 col-sm-6 col-lg-2 border-bottom pb-2\">\n            <small><i class=\"fas fa-solid fa-file fa-fw me-2\" style=\"color: #8c9db3;\"><\/i>P\u00e1ginas<\/small>\n        <\/div>\n\n        <div class=\"col-12 col-sm-6 col-lg-5 border-bottom pb-2\">\n            <small class=\"text-muted\">D\u00e9sde la p\u00e1gina 336, hasta la p\u00e1gina <\/small>\n        <\/div>\n\n        <div class=\"col-12 col-sm-6 col-lg-2 border-bottom pb-2\">\n            <small><i class=\"fas fa-solid fa-language fa-fw me-2\" style=\"color: #8c9db3;\"><\/i>Idioma<\/small>\n        <\/div>\n\n        <div class=\"col-12 col-sm-6 col-lg-3 border-bottom pb-2\">\n            <small class=\"text-muted\">Espa\u00f1ol<\/small>\n        <\/div>\n\n        <div class=\"col-12 col-sm-6 col-lg-2 border-bottom pb-2\">\n            <small><i class=\"fas fa-solid fa-newspaper fa-fw me-2\" style=\"color: #8c9db3;\"><\/i>Editorial<\/small>\n        <\/div>\n\n        <div class=\"col-12 col-sm-6 col-lg-5 border-bottom pb-2\">\n            <small class=\"text-muted\">Ed. Kronosprint<\/small>\n        <\/div>\n\n        <div class=\"col-12 col-sm-6 col-lg-2 border-bottom pb-2\">\n            <small><i class=\"fas fa-solid fa-user-pen fa-fw me-2\" style=\"color: #8c9db3;\"><\/i>Editores<\/small>\n        <\/div>\n\n        <div class=\"col-12 col-sm-6 col-lg-10 border-bottom pb-2\">\n            <small class=\"text-muted\"><\/small>\n        <\/div>\n\n        <div class=\"col-12 col-sm-6 col-lg-2\">\n            <small><i class=\"fas fa-solid fa-signature fa-fw me-2\" style=\"color: #8c9db3;\"><\/i>Autores<\/small>\n        <\/div>\n\n        <div class=\"col-12 col-sm-6 col-lg-10\">\n            <small class=\"text-muted\">Mar\u00eda Bel\u00e9n Villac\u00e9, Marcela Lucchese, Laura Acosta, Mar\u00eda Cristina Cometto, Emilio Iosa, Daniel Ribeti, Mar\u00eda Soledad Burrone Colombino<\/small>\n        <\/div>\n    <\/div><span class=\"caption-field-publish\"><\/span><\/div><\/div><\/div><\/div><\/div><div class=\"  circle--pattern-bottom-large col-sm-12 col-md-12 img-article\"><div class=\"holder-publish col-md-12\" style=\"border-bottom: 1px solid #B8B8B8\"><div class=\"content-holder h-100 component-border overflow-hidden row m-0 p-4 aling-items-center\"><ul class=\"p-0 list-style-none\"><li class=\"p-0 me-2\"><i class=\"fas fa-solid fa-book fa-fw\"><\/i> Experiencias y reflexiones en salud mental comunitaria<\/li><li class=\"p-0 me-2\"><i class=\"fas fa-solid fa-calendar fa-fw\"><\/i> 2014<\/li><\/ul><div class=\"caption col-12 p-0 col-md-12 row m-0 align-items-center\"><div class=\"px-md-1\">    <h3 class=\"fw-medium m-0 small-space pt-2 pb-2 title-ss text-decoration-none border-bottom\">Experiencia de una investigaci\u00f3n en Salud P\u00fablica como herramienta de transformaci\u00f3n social y visibilizaci\u00f3n de las problem\u00e1ticas de los derechos humanos en los Pueblos Originarios de Argentina: hacia un abordaje de reparaci\u00f3n hist\u00f3rica<\/h3>\n\n    <div class=\"mt-0 row g-3\">\n        \n        <div class=\"col-12 col-sm-6 col-lg-2 border-bottom pb-2\">\n            <small><i class=\"fas fa-solid fa-barcode fa-fw me-2\" style=\"color: #8c9db3;\"><\/i>ISBN<\/small>\n        <\/div>\n\n        <div class=\"col-12 col-sm-6 col-lg-3 border-bottom pb-2\">\n            <small class=\"text-muted\"><\/small>\n        <\/div>\n\n        <div class=\"col-12 col-sm-6 col-lg-2 border-bottom pb-2\">\n            <small><i class=\"fas fa-solid fa-file fa-fw me-2\" style=\"color: #8c9db3;\"><\/i>P\u00e1ginas<\/small>\n        <\/div>\n\n        <div class=\"col-12 col-sm-6 col-lg-5 border-bottom pb-2\">\n            <small class=\"text-muted\">D\u00e9sde la p\u00e1gina 139, hasta la p\u00e1gina 312<\/small>\n        <\/div>\n\n        <div class=\"col-12 col-sm-6 col-lg-2 border-bottom pb-2\">\n            <small><i class=\"fas fa-solid fa-language fa-fw me-2\" style=\"color: #8c9db3;\"><\/i>Idioma<\/small>\n        <\/div>\n\n        <div class=\"col-12 col-sm-6 col-lg-3 border-bottom pb-2\">\n            <small class=\"text-muted\">Espa\u00f1ol<\/small>\n        <\/div>\n\n        <div class=\"col-12 col-sm-6 col-lg-2 border-bottom pb-2\">\n            <small><i class=\"fas fa-solid fa-newspaper fa-fw me-2\" style=\"color: #8c9db3;\"><\/i>Editorial<\/small>\n        <\/div>\n\n        <div class=\"col-12 col-sm-6 col-lg-5 border-bottom pb-2\">\n            <small class=\"text-muted\">Ed. Kronosprint<\/small>\n        <\/div>\n\n        <div class=\"col-12 col-sm-6 col-lg-2 border-bottom pb-2\">\n            <small><i class=\"fas fa-solid fa-user-pen fa-fw me-2\" style=\"color: #8c9db3;\"><\/i>Editores<\/small>\n        <\/div>\n\n        <div class=\"col-12 col-sm-6 col-lg-10 border-bottom pb-2\">\n            <small class=\"text-muted\">Fern\u00e1ndez Alicia Ruth; Enders Julio Enrique<\/small>\n        <\/div>\n\n        <div class=\"col-12 col-sm-6 col-lg-2\">\n            <small><i class=\"fas fa-solid fa-signature fa-fw me-2\" style=\"color: #8c9db3;\"><\/i>Autores<\/small>\n        <\/div>\n\n        <div class=\"col-12 col-sm-6 col-lg-10\">\n            <small class=\"text-muted\">Emilio Iosa, Tom\u00e1s Iosa, Marcela Lucchese, Mar\u00eda Soledad Burrone Colombino, Rub\u00e9n Alvarado, Eliecer Valencia<\/small>\n        <\/div>\n    <\/div><span class=\"caption-field-publish\"><\/span><\/div><\/div><\/div><\/div><\/div><div class=\"  circle--pattern-bottom-large col-sm-12 col-md-12 img-article\"><div class=\"holder-publish col-md-12\" style=\"border-bottom: 1px solid #B8B8B8\"><div class=\"content-holder h-100 component-border overflow-hidden row m-0 p-4 aling-items-center\"><ul class=\"p-0 list-style-none\"><li class=\"p-0 me-2\"><i class=\"fas fa-solid fa-book fa-fw\"><\/i> Rehabilitaci\u00f3n de base comunitaria: di\u00e1logos, reflexiones y pr\u00e1cticas en chile<\/li><li class=\"p-0 me-2\"><i class=\"fas fa-solid fa-calendar fa-fw\"><\/i> 2014<\/li><\/ul><div class=\"caption col-12 p-0 col-md-12 row m-0 align-items-center\"><div class=\"px-md-1\">    <h3 class=\"fw-medium m-0 small-space pt-2 pb-2 title-ss text-decoration-none border-bottom\">Nada de nosotros sin nosotros: experiencias de rehabilitaci\u00f3n basada en la comunidad en la VIII regi\u00f3n<\/h3>\n\n    <div class=\"mt-0 row g-3\">\n        \n        <div class=\"col-12 col-sm-6 col-lg-2 border-bottom pb-2\">\n            <small><i class=\"fas fa-solid fa-barcode fa-fw me-2\" style=\"color: #8c9db3;\"><\/i>ISBN<\/small>\n        <\/div>\n\n        <div class=\"col-12 col-sm-6 col-lg-3 border-bottom pb-2\">\n            <small class=\"text-muted\">978-956-7247-78-3<\/small>\n        <\/div>\n\n        <div class=\"col-12 col-sm-6 col-lg-2 border-bottom pb-2\">\n            <small><i class=\"fas fa-solid fa-file fa-fw me-2\" style=\"color: #8c9db3;\"><\/i>P\u00e1ginas<\/small>\n        <\/div>\n\n        <div class=\"col-12 col-sm-6 col-lg-5 border-bottom pb-2\">\n            <small class=\"text-muted\">D\u00e9sde la p\u00e1gina 163-183, hasta la p\u00e1gina <\/small>\n        <\/div>\n\n        <div class=\"col-12 col-sm-6 col-lg-2 border-bottom pb-2\">\n            <small><i class=\"fas fa-solid fa-language fa-fw me-2\" style=\"color: #8c9db3;\"><\/i>Idioma<\/small>\n        <\/div>\n\n        <div class=\"col-12 col-sm-6 col-lg-3 border-bottom pb-2\">\n            <small class=\"text-muted\">Espa\u00f1ol<\/small>\n        <\/div>\n\n        <div class=\"col-12 col-sm-6 col-lg-2 border-bottom pb-2\">\n            <small><i class=\"fas fa-solid fa-newspaper fa-fw me-2\" style=\"color: #8c9db3;\"><\/i>Editorial<\/small>\n        <\/div>\n\n        <div class=\"col-12 col-sm-6 col-lg-5 border-bottom pb-2\">\n            <small class=\"text-muted\">Universidad Andr\u00e9s Bello<\/small>\n        <\/div>\n\n        <div class=\"col-12 col-sm-6 col-lg-2 border-bottom pb-2\">\n            <small><i class=\"fas fa-solid fa-user-pen fa-fw me-2\" style=\"color: #8c9db3;\"><\/i>Editores<\/small>\n        <\/div>\n\n        <div class=\"col-12 col-sm-6 col-lg-10 border-bottom pb-2\">\n            <small class=\"text-muted\">Guajardo, Recabarren y Parraguez<\/small>\n        <\/div>\n\n        <div class=\"col-12 col-sm-6 col-lg-2\">\n            <small><i class=\"fas fa-solid fa-signature fa-fw me-2\" style=\"color: #8c9db3;\"><\/i>Autores<\/small>\n        <\/div>\n\n        <div class=\"col-12 col-sm-6 col-lg-10\">\n            <small class=\"text-muted\">Juan Andr\u00e9s Pino Mor\u00e1n<\/small>\n        <\/div>\n    <\/div><span class=\"caption-field-publish\"><\/span><\/div><\/div><\/div><\/div><\/div><div class=\"  circle--pattern-bottom-large col-sm-12 col-md-12 img-article\"><div class=\"holder-publish col-md-12\" style=\"border-bottom: 1px solid #B8B8B8\"><div class=\"content-holder h-100 component-border overflow-hidden row m-0 p-4 aling-items-center\"><ul class=\"p-0 list-style-none\"><li class=\"p-0 me-2\"><i class=\"fas fa-solid fa-book fa-fw\"><\/i> 8th International Conference on Practical Applications of Computational Biology<\/li><li class=\"p-0 me-2\"><i class=\"fas fa-solid fa-calendar fa-fw\"><\/i> 2014<\/li><\/ul><div class=\"caption col-12 p-0 col-md-12 row m-0 align-items-center\"><div class=\"px-md-1\">    <h3 class=\"fw-medium m-0 small-space pt-2 pb-2 title-ss text-decoration-none border-bottom\">Discrimination of Brazilian Cassava Genotypes (Manihot esculenta Crantz) According to Their Physicochemical Traits and Functional Properties through Bioinformatics Tools<\/h3>\n\n    <div class=\"mt-0 row g-3\">\n        \n        <div class=\"col-12 col-sm-6 col-lg-2 border-bottom pb-2\">\n            <small><i class=\"fas fa-solid fa-barcode fa-fw me-2\" style=\"color: #8c9db3;\"><\/i>ISBN<\/small>\n        <\/div>\n\n        <div class=\"col-12 col-sm-6 col-lg-3 border-bottom pb-2\">\n            <small class=\"text-muted\"><\/small>\n        <\/div>\n\n        <div class=\"col-12 col-sm-6 col-lg-2 border-bottom pb-2\">\n            <small><i class=\"fas fa-solid fa-file fa-fw me-2\" style=\"color: #8c9db3;\"><\/i>P\u00e1ginas<\/small>\n        <\/div>\n\n        <div class=\"col-12 col-sm-6 col-lg-5 border-bottom pb-2\">\n            <small class=\"text-muted\">D\u00e9sde la p\u00e1gina 57, hasta la p\u00e1gina 63<\/small>\n        <\/div>\n\n        <div class=\"col-12 col-sm-6 col-lg-2 border-bottom pb-2\">\n            <small><i class=\"fas fa-solid fa-language fa-fw me-2\" style=\"color: #8c9db3;\"><\/i>Idioma<\/small>\n        <\/div>\n\n        <div class=\"col-12 col-sm-6 col-lg-3 border-bottom pb-2\">\n            <small class=\"text-muted\">Ingl\u00e9s<\/small>\n        <\/div>\n\n        <div class=\"col-12 col-sm-6 col-lg-2 border-bottom pb-2\">\n            <small><i class=\"fas fa-solid fa-newspaper fa-fw me-2\" style=\"color: #8c9db3;\"><\/i>Editorial<\/small>\n        <\/div>\n\n        <div class=\"col-12 col-sm-6 col-lg-5 border-bottom pb-2\">\n            <small class=\"text-muted\">Springer Nature<\/small>\n        <\/div>\n\n        <div class=\"col-12 col-sm-6 col-lg-2 border-bottom pb-2\">\n            <small><i class=\"fas fa-solid fa-user-pen fa-fw me-2\" style=\"color: #8c9db3;\"><\/i>Editores<\/small>\n        <\/div>\n\n        <div class=\"col-12 col-sm-6 col-lg-10 border-bottom pb-2\">\n            <small class=\"text-muted\"><\/small>\n        <\/div>\n\n        <div class=\"col-12 col-sm-6 col-lg-2\">\n            <small><i class=\"fas fa-solid fa-signature fa-fw me-2\" style=\"color: #8c9db3;\"><\/i>Autores<\/small>\n        <\/div>\n\n        <div class=\"col-12 col-sm-6 col-lg-10\">\n            <small class=\"text-muted\">Virgilio Gavicho<\/small>\n        <\/div>\n    <\/div><span class=\"caption-field-publish\"><\/span><\/div><\/div><\/div><\/div><\/div><div class=\"  circle--pattern-bottom-large col-sm-12 col-md-12 img-article\"><div class=\"holder-publish col-md-12\" style=\"border-bottom: 1px solid #B8B8B8\"><div class=\"content-holder h-100 component-border overflow-hidden row m-0 p-4 aling-items-center\"><ul class=\"p-0 list-style-none\"><li class=\"p-0 me-2\"><i class=\"fas fa-solid fa-book fa-fw\"><\/i> Ci\u00eancia, Tecnologia, Sociedade (CTS) para a constru\u00e7\u00e3o da agroecologia<\/li><li class=\"p-0 me-2\"><i class=\"fas fa-solid fa-calendar fa-fw\"><\/i> 2014<\/li><\/ul><div class=\"caption col-12 p-0 col-md-12 row m-0 align-items-center\"><div class=\"px-md-1\">    <h3 class=\"fw-medium m-0 small-space pt-2 pb-2 title-ss text-decoration-none border-bottom\">Pr\u00e1cticas agroecol\u00f3gicas en la provincia de Sancti Sp\u00edritus, Cuba: Microorganismos Eficientes, una Tecnolog\u00eda Apropiada sobre Bases Agroecol\u00f3gicas<\/h3>\n\n    <div class=\"mt-0 row g-3\">\n        \n        <div class=\"col-12 col-sm-6 col-lg-2 border-bottom pb-2\">\n            <small><i class=\"fas fa-solid fa-barcode fa-fw me-2\" style=\"color: #8c9db3;\"><\/i>ISBN<\/small>\n        <\/div>\n\n        <div class=\"col-12 col-sm-6 col-lg-3 border-bottom pb-2\">\n            <small class=\"text-muted\">2175-2478 261<\/small>\n        <\/div>\n\n        <div class=\"col-12 col-sm-6 col-lg-2 border-bottom pb-2\">\n            <small><i class=\"fas fa-solid fa-file fa-fw me-2\" style=\"color: #8c9db3;\"><\/i>P\u00e1ginas<\/small>\n        <\/div>\n\n        <div class=\"col-12 col-sm-6 col-lg-5 border-bottom pb-2\">\n            <small class=\"text-muted\">D\u00e9sde la p\u00e1gina 77, hasta la p\u00e1gina 82<\/small>\n        <\/div>\n\n        <div class=\"col-12 col-sm-6 col-lg-2 border-bottom pb-2\">\n            <small><i class=\"fas fa-solid fa-language fa-fw me-2\" style=\"color: #8c9db3;\"><\/i>Idioma<\/small>\n        <\/div>\n\n        <div class=\"col-12 col-sm-6 col-lg-3 border-bottom pb-2\">\n            <small class=\"text-muted\">Portugu\u00e9s<\/small>\n        <\/div>\n\n        <div class=\"col-12 col-sm-6 col-lg-2 border-bottom pb-2\">\n            <small><i class=\"fas fa-solid fa-newspaper fa-fw me-2\" style=\"color: #8c9db3;\"><\/i>Editorial<\/small>\n        <\/div>\n\n        <div class=\"col-12 col-sm-6 col-lg-5 border-bottom pb-2\">\n            <small class=\"text-muted\">NEPEAS, Brasilia DF, Brasil<\/small>\n        <\/div>\n\n        <div class=\"col-12 col-sm-6 col-lg-2 border-bottom pb-2\">\n            <small><i class=\"fas fa-solid fa-user-pen fa-fw me-2\" style=\"color: #8c9db3;\"><\/i>Editores<\/small>\n        <\/div>\n\n        <div class=\"col-12 col-sm-6 col-lg-10 border-bottom pb-2\">\n            <small class=\"text-muted\"><\/small>\n        <\/div>\n\n        <div class=\"col-12 col-sm-6 col-lg-2\">\n            <small><i class=\"fas fa-solid fa-signature fa-fw me-2\" style=\"color: #8c9db3;\"><\/i>Autores<\/small>\n        <\/div>\n\n        <div class=\"col-12 col-sm-6 col-lg-10\">\n            <small class=\"text-muted\">Dilier Olivera Viciedo, Jorge L. Ayala Sifontes, Alexander Calero Hurtado, Mart\u00edn Santana Sotolongo, Abel Hern\u00e1ndez Mu\u00f1oz<\/small>\n        <\/div>\n    <\/div><span class=\"caption-field-publish\"><\/span><\/div><\/div><\/div><\/div><\/div><div class=\"  circle--pattern-bottom-large col-sm-12 col-md-12 img-article\"><div class=\"holder-publish col-md-12\" style=\"border-bottom: 1px solid #B8B8B8\"><div class=\"content-holder h-100 component-border overflow-hidden row m-0 p-4 aling-items-center\"><ul class=\"p-0 list-style-none\"><li class=\"p-0 me-2\"><i class=\"fas fa-solid fa-book fa-fw\"><\/i> Fundamentaci\u00f3n, criterios y contextos en investigaci\u00f3n basada en las Artes e Investigaci\u00f3n Art\u00edstica<\/li><li class=\"p-0 me-2\"><i class=\"fas fa-solid fa-calendar fa-fw\"><\/i> 2014<\/li><\/ul><div class=\"caption col-12 p-0 col-md-12 row m-0 align-items-center\"><div class=\"px-md-1\">    <h3 class=\"fw-medium m-0 small-space pt-2 pb-2 title-ss text-decoration-none border-bottom\">Di\u00e1logos con mujeres artistas, docentes. Transitar entre mi pr\u00e1ctica art\u00edstica y de investigaci\u00f3n acad\u00e9mica<\/h3>\n\n    <div class=\"mt-0 row g-3\">\n        \n        <div class=\"col-12 col-sm-6 col-lg-2 border-bottom pb-2\">\n            <small><i class=\"fas fa-solid fa-barcode fa-fw me-2\" style=\"color: #8c9db3;\"><\/i>ISBN<\/small>\n        <\/div>\n\n        <div class=\"col-12 col-sm-6 col-lg-3 border-bottom pb-2\">\n            <small class=\"text-muted\"><\/small>\n        <\/div>\n\n        <div class=\"col-12 col-sm-6 col-lg-2 border-bottom pb-2\">\n            <small><i class=\"fas fa-solid fa-file fa-fw me-2\" style=\"color: #8c9db3;\"><\/i>P\u00e1ginas<\/small>\n        <\/div>\n\n        <div class=\"col-12 col-sm-6 col-lg-5 border-bottom pb-2\">\n            <small class=\"text-muted\">D\u00e9sde la p\u00e1gina 265, hasta la p\u00e1gina 280<\/small>\n        <\/div>\n\n        <div class=\"col-12 col-sm-6 col-lg-2 border-bottom pb-2\">\n            <small><i class=\"fas fa-solid fa-language fa-fw me-2\" style=\"color: #8c9db3;\"><\/i>Idioma<\/small>\n        <\/div>\n\n        <div class=\"col-12 col-sm-6 col-lg-3 border-bottom pb-2\">\n            <small class=\"text-muted\"><\/small>\n        <\/div>\n\n        <div class=\"col-12 col-sm-6 col-lg-2 border-bottom pb-2\">\n            <small><i class=\"fas fa-solid fa-newspaper fa-fw me-2\" style=\"color: #8c9db3;\"><\/i>Editorial<\/small>\n        <\/div>\n\n        <div class=\"col-12 col-sm-6 col-lg-5 border-bottom pb-2\">\n            <small class=\"text-muted\">Universidad de Granada<\/small>\n        <\/div>\n\n        <div class=\"col-12 col-sm-6 col-lg-2 border-bottom pb-2\">\n            <small><i class=\"fas fa-solid fa-user-pen fa-fw me-2\" style=\"color: #8c9db3;\"><\/i>Editores<\/small>\n        <\/div>\n\n        <div class=\"col-12 col-sm-6 col-lg-10 border-bottom pb-2\">\n            <small class=\"text-muted\"><\/small>\n        <\/div>\n\n        <div class=\"col-12 col-sm-6 col-lg-2\">\n            <small><i class=\"fas fa-solid fa-signature fa-fw me-2\" style=\"color: #8c9db3;\"><\/i>Autores<\/small>\n        <\/div>\n\n        <div class=\"col-12 col-sm-6 col-lg-10\">\n            <small class=\"text-muted\">Mar\u00eda Rosario de Lourdes Garc\u00eda-Huidobro Munita<\/small>\n        <\/div>\n    <\/div><span class=\"caption-field-publish\"><\/span><\/div><\/div><\/div><\/div><\/div><div class=\"  circle--pattern-bottom-large col-sm-12 col-md-12 img-article\"><div class=\"holder-publish col-md-12\" style=\"border-bottom: 1px solid #B8B8B8\"><div class=\"content-holder h-100 component-border overflow-hidden row m-0 p-4 aling-items-center\"><ul class=\"p-0 list-style-none\"><li class=\"p-0 me-2\"><i class=\"fas fa-solid fa-book fa-fw\"><\/i> Socializar conocimiento n\u00ba 2. Observando a Chile desde la distancia<\/li><li class=\"p-0 me-2\"><i class=\"fas fa-solid fa-calendar fa-fw\"><\/i> 2014<\/li><\/ul><div class=\"caption col-12 p-0 col-md-12 row m-0 align-items-center\"><div class=\"px-md-1\">    <h3 class=\"fw-medium m-0 small-space pt-2 pb-2 title-ss text-decoration-none border-bottom\">Profesoras de Artes Visuales en Chile. Comprender el tr\u00e1nsito entre la pr\u00e1ctica art\u00edstica y docente, desde experiencias narrativas<\/h3>\n\n    <div class=\"mt-0 row g-3\">\n        \n        <div class=\"col-12 col-sm-6 col-lg-2 border-bottom pb-2\">\n            <small><i class=\"fas fa-solid fa-barcode fa-fw me-2\" style=\"color: #8c9db3;\"><\/i>ISBN<\/small>\n        <\/div>\n\n        <div class=\"col-12 col-sm-6 col-lg-3 border-bottom pb-2\">\n            <small class=\"text-muted\"><\/small>\n        <\/div>\n\n        <div class=\"col-12 col-sm-6 col-lg-2 border-bottom pb-2\">\n            <small><i class=\"fas fa-solid fa-file fa-fw me-2\" style=\"color: #8c9db3;\"><\/i>P\u00e1ginas<\/small>\n        <\/div>\n\n        <div class=\"col-12 col-sm-6 col-lg-5 border-bottom pb-2\">\n            <small class=\"text-muted\">D\u00e9sde la p\u00e1gina 277, hasta la p\u00e1gina 296<\/small>\n        <\/div>\n\n        <div class=\"col-12 col-sm-6 col-lg-2 border-bottom pb-2\">\n            <small><i class=\"fas fa-solid fa-language fa-fw me-2\" style=\"color: #8c9db3;\"><\/i>Idioma<\/small>\n        <\/div>\n\n        <div class=\"col-12 col-sm-6 col-lg-3 border-bottom pb-2\">\n            <small class=\"text-muted\"><\/small>\n        <\/div>\n\n        <div class=\"col-12 col-sm-6 col-lg-2 border-bottom pb-2\">\n            <small><i class=\"fas fa-solid fa-newspaper fa-fw me-2\" style=\"color: #8c9db3;\"><\/i>Editorial<\/small>\n        <\/div>\n\n        <div class=\"col-12 col-sm-6 col-lg-5 border-bottom pb-2\">\n            <small class=\"text-muted\">RedInche<\/small>\n        <\/div>\n\n        <div class=\"col-12 col-sm-6 col-lg-2 border-bottom pb-2\">\n            <small><i class=\"fas fa-solid fa-user-pen fa-fw me-2\" style=\"color: #8c9db3;\"><\/i>Editores<\/small>\n        <\/div>\n\n        <div class=\"col-12 col-sm-6 col-lg-10 border-bottom pb-2\">\n            <small class=\"text-muted\"><\/small>\n        <\/div>\n\n        <div class=\"col-12 col-sm-6 col-lg-2\">\n            <small><i class=\"fas fa-solid fa-signature fa-fw me-2\" style=\"color: #8c9db3;\"><\/i>Autores<\/small>\n        <\/div>\n\n        <div class=\"col-12 col-sm-6 col-lg-10\">\n            <small class=\"text-muted\">Mar\u00eda Rosario de Lourdes Garc\u00eda-Huidobro Munita<\/small>\n        <\/div>\n    <\/div><span class=\"caption-field-publish\"><\/span><\/div><\/div><\/div><\/div><\/div><div class=\"  circle--pattern-bottom-large col-sm-12 col-md-12 img-article\"><div class=\"holder-publish col-md-12\" style=\"border-bottom: 1px solid #B8B8B8\"><div class=\"content-holder h-100 component-border overflow-hidden row m-0 p-4 aling-items-center\"><ul class=\"p-0 list-style-none\"><li class=\"p-0 me-2\"><i class=\"fas fa-solid fa-book fa-fw\"><\/i> Socializar Conocimientos n\u00ba2<\/li><li class=\"p-0 me-2\"><i class=\"fas fa-solid fa-calendar fa-fw\"><\/i> 2014<\/li><\/ul><div class=\"caption col-12 p-0 col-md-12 row m-0 align-items-center\"><div class=\"px-md-1\">    <h3 class=\"fw-medium m-0 small-space pt-2 pb-2 title-ss text-decoration-none border-bottom\">Una experiencia educativa a trav\u00e9s de la Paleontolog\u00eda y Prehistoria Social.<\/h3>\n\n    <div class=\"mt-0 row g-3\">\n        \n        <div class=\"col-12 col-sm-6 col-lg-2 border-bottom pb-2\">\n            <small><i class=\"fas fa-solid fa-barcode fa-fw me-2\" style=\"color: #8c9db3;\"><\/i>ISBN<\/small>\n        <\/div>\n\n        <div class=\"col-12 col-sm-6 col-lg-3 border-bottom pb-2\">\n            <small class=\"text-muted\">978-956-358-115-7<\/small>\n        <\/div>\n\n        <div class=\"col-12 col-sm-6 col-lg-2 border-bottom pb-2\">\n            <small><i class=\"fas fa-solid fa-file fa-fw me-2\" style=\"color: #8c9db3;\"><\/i>P\u00e1ginas<\/small>\n        <\/div>\n\n        <div class=\"col-12 col-sm-6 col-lg-5 border-bottom pb-2\">\n            <small class=\"text-muted\">D\u00e9sde la p\u00e1gina 326, hasta la p\u00e1gina 347<\/small>\n        <\/div>\n\n        <div class=\"col-12 col-sm-6 col-lg-2 border-bottom pb-2\">\n            <small><i class=\"fas fa-solid fa-language fa-fw me-2\" style=\"color: #8c9db3;\"><\/i>Idioma<\/small>\n        <\/div>\n\n        <div class=\"col-12 col-sm-6 col-lg-3 border-bottom pb-2\">\n            <small class=\"text-muted\">Espa\u00f1ol<\/small>\n        <\/div>\n\n        <div class=\"col-12 col-sm-6 col-lg-2 border-bottom pb-2\">\n            <small><i class=\"fas fa-solid fa-newspaper fa-fw me-2\" style=\"color: #8c9db3;\"><\/i>Editorial<\/small>\n        <\/div>\n\n        <div class=\"col-12 col-sm-6 col-lg-5 border-bottom pb-2\">\n            <small class=\"text-muted\">RedInche Ediciones<\/small>\n        <\/div>\n\n        <div class=\"col-12 col-sm-6 col-lg-2 border-bottom pb-2\">\n            <small><i class=\"fas fa-solid fa-user-pen fa-fw me-2\" style=\"color: #8c9db3;\"><\/i>Editores<\/small>\n        <\/div>\n\n        <div class=\"col-12 col-sm-6 col-lg-10 border-bottom pb-2\">\n            <small class=\"text-muted\">Lorena B. Valderrama Boris Santander Catalina Montenegro Gonz\u00e1lez Francisco de la Barrera Sara Carrasco Segovia Andrea Peque\u00f1o Bueno Jahel Ram\u00edrez<\/small>\n        <\/div>\n\n        <div class=\"col-12 col-sm-6 col-lg-2\">\n            <small><i class=\"fas fa-solid fa-signature fa-fw me-2\" style=\"color: #8c9db3;\"><\/i>Autores<\/small>\n        <\/div>\n\n        <div class=\"col-12 col-sm-6 col-lg-10\">\n            <small class=\"text-muted\">Erwin Gonz\u00e1lez, Jos\u00e9 Luis Rom\u00e1n<\/small>\n        <\/div>\n    <\/div><span class=\"caption-field-publish\"><\/span><\/div><\/div><\/div><\/div><\/div><div class=\"  circle--pattern-bottom-large col-sm-12 col-md-12 img-article\"><div class=\"holder-publish col-md-12\" style=\"border-bottom: 1px solid #B8B8B8\"><div class=\"content-holder h-100 component-border overflow-hidden row m-0 p-4 aling-items-center\"><ul class=\"p-0 list-style-none\"><li class=\"p-0 me-2\"><i class=\"fas fa-solid fa-book fa-fw\"><\/i> Empires, post-coloniality and interculturality<\/li><li class=\"p-0 me-2\"><i class=\"fas fa-solid fa-calendar fa-fw\"><\/i> 2014<\/li><\/ul><div class=\"caption col-12 p-0 col-md-12 row m-0 align-items-center\"><div class=\"px-md-1\">    <h3 class=\"fw-medium m-0 small-space pt-2 pb-2 title-ss text-decoration-none border-bottom\">High performance in reading comprehension in poverty conditions in South America: The case of resilient students in PISA 2009 in Argentina, Chile and Uruguay<\/h3>\n\n    <div class=\"mt-0 row g-3\">\n        \n        <div class=\"col-12 col-sm-6 col-lg-2 border-bottom pb-2\">\n            <small><i class=\"fas fa-solid fa-barcode fa-fw me-2\" style=\"color: #8c9db3;\"><\/i>ISBN<\/small>\n        <\/div>\n\n        <div class=\"col-12 col-sm-6 col-lg-3 border-bottom pb-2\">\n            <small class=\"text-muted\">978-94-6209-731-5<\/small>\n        <\/div>\n\n        <div class=\"col-12 col-sm-6 col-lg-2 border-bottom pb-2\">\n            <small><i class=\"fas fa-solid fa-file fa-fw me-2\" style=\"color: #8c9db3;\"><\/i>P\u00e1ginas<\/small>\n        <\/div>\n\n        <div class=\"col-12 col-sm-6 col-lg-5 border-bottom pb-2\">\n            <small class=\"text-muted\">D\u00e9sde la p\u00e1gina 101, hasta la p\u00e1gina 106<\/small>\n        <\/div>\n\n        <div class=\"col-12 col-sm-6 col-lg-2 border-bottom pb-2\">\n            <small><i class=\"fas fa-solid fa-language fa-fw me-2\" style=\"color: #8c9db3;\"><\/i>Idioma<\/small>\n        <\/div>\n\n        <div class=\"col-12 col-sm-6 col-lg-3 border-bottom pb-2\">\n            <small class=\"text-muted\">Ingl\u00e9s<\/small>\n        <\/div>\n\n        <div class=\"col-12 col-sm-6 col-lg-2 border-bottom pb-2\">\n            <small><i class=\"fas fa-solid fa-newspaper fa-fw me-2\" style=\"color: #8c9db3;\"><\/i>Editorial<\/small>\n        <\/div>\n\n        <div class=\"col-12 col-sm-6 col-lg-5 border-bottom pb-2\">\n            <small class=\"text-muted\">Sense<\/small>\n        <\/div>\n\n        <div class=\"col-12 col-sm-6 col-lg-2 border-bottom pb-2\">\n            <small><i class=\"fas fa-solid fa-user-pen fa-fw me-2\" style=\"color: #8c9db3;\"><\/i>Editores<\/small>\n        <\/div>\n\n        <div class=\"col-12 col-sm-6 col-lg-10 border-bottom pb-2\">\n            <small class=\"text-muted\">Leoncio Vega<\/small>\n        <\/div>\n\n        <div class=\"col-12 col-sm-6 col-lg-2\">\n            <small><i class=\"fas fa-solid fa-signature fa-fw me-2\" style=\"color: #8c9db3;\"><\/i>Autores<\/small>\n        <\/div>\n\n        <div class=\"col-12 col-sm-6 col-lg-10\">\n            <small class=\"text-muted\">Gabriela Elizabeth G\u00f3mez Vera, Juan Pablo Valenzuela C\u00e9spedes, Carmen Sotomayor<\/small>\n        <\/div>\n    <\/div><span class=\"caption-field-publish\"><\/span><\/div><\/div><\/div><\/div><\/div><div class=\"  circle--pattern-bottom-large col-sm-12 col-md-12 img-article\"><div class=\"holder-publish col-md-12\" style=\"border-bottom: 1px solid #B8B8B8\"><div class=\"content-holder h-100 component-border overflow-hidden row m-0 p-4 aling-items-center\"><ul class=\"p-0 list-style-none\"><li class=\"p-0 me-2\"><i class=\"fas fa-solid fa-book fa-fw\"><\/i> Contaminantes Qu\u00edmicos en Aguas Servidas<\/li><li class=\"p-0 me-2\"><i class=\"fas fa-solid fa-calendar fa-fw\"><\/i> 2014<\/li><\/ul><div class=\"caption col-12 p-0 col-md-12 row m-0 align-items-center\"><div class=\"px-md-1\">    <h3 class=\"fw-medium m-0 small-space pt-2 pb-2 title-ss text-decoration-none border-bottom\">Las aguas servidas y su depuraci\u00f3n en zonas rurales: situaci\u00f3n actual y desaf\u00edos:<\/h3>\n\n    <div class=\"mt-0 row g-3\">\n        \n        <div class=\"col-12 col-sm-6 col-lg-2 border-bottom pb-2\">\n            <small><i class=\"fas fa-solid fa-barcode fa-fw me-2\" style=\"color: #8c9db3;\"><\/i>ISBN<\/small>\n        <\/div>\n\n        <div class=\"col-12 col-sm-6 col-lg-3 border-bottom pb-2\">\n            <small class=\"text-muted\">978-956-227-378-7<\/small>\n        <\/div>\n\n        <div class=\"col-12 col-sm-6 col-lg-2 border-bottom pb-2\">\n            <small><i class=\"fas fa-solid fa-file fa-fw me-2\" style=\"color: #8c9db3;\"><\/i>P\u00e1ginas<\/small>\n        <\/div>\n\n        <div class=\"col-12 col-sm-6 col-lg-5 border-bottom pb-2\">\n            <small class=\"text-muted\">D\u00e9sde la p\u00e1gina , hasta la p\u00e1gina <\/small>\n        <\/div>\n\n        <div class=\"col-12 col-sm-6 col-lg-2 border-bottom pb-2\">\n            <small><i class=\"fas fa-solid fa-language fa-fw me-2\" style=\"color: #8c9db3;\"><\/i>Idioma<\/small>\n        <\/div>\n\n        <div class=\"col-12 col-sm-6 col-lg-3 border-bottom pb-2\">\n            <small class=\"text-muted\">Espa\u00f1ol<\/small>\n        <\/div>\n\n        <div class=\"col-12 col-sm-6 col-lg-2 border-bottom pb-2\">\n            <small><i class=\"fas fa-solid fa-newspaper fa-fw me-2\" style=\"color: #8c9db3;\"><\/i>Editorial<\/small>\n        <\/div>\n\n        <div class=\"col-12 col-sm-6 col-lg-5 border-bottom pb-2\">\n            <small class=\"text-muted\">Universidad de Concepci\u00f3n<\/small>\n        <\/div>\n\n        <div class=\"col-12 col-sm-6 col-lg-2 border-bottom pb-2\">\n            <small><i class=\"fas fa-solid fa-user-pen fa-fw me-2\" style=\"color: #8c9db3;\"><\/i>Editores<\/small>\n        <\/div>\n\n        <div class=\"col-12 col-sm-6 col-lg-10 border-bottom pb-2\">\n            <small class=\"text-muted\"><\/small>\n        <\/div>\n\n        <div class=\"col-12 col-sm-6 col-lg-2\">\n            <small><i class=\"fas fa-solid fa-signature fa-fw me-2\" style=\"color: #8c9db3;\"><\/i>Autores<\/small>\n        <\/div>\n\n        <div class=\"col-12 col-sm-6 col-lg-10\">\n            <small class=\"text-muted\">Carolina Alejandra Reyes Contreras<\/small>\n        <\/div>\n    <\/div><span class=\"caption-field-publish\"><\/span><\/div><\/div><\/div><\/div><\/div><div class=\"  circle--pattern-bottom-large col-sm-12 col-md-12 img-article\"><div class=\"holder-publish col-md-12\" style=\"border-bottom: 1px solid #B8B8B8\"><div class=\"content-holder h-100 component-border overflow-hidden row m-0 p-4 aling-items-center\"><ul class=\"p-0 list-style-none\"><li class=\"p-0 me-2\"><i class=\"fas fa-solid fa-book fa-fw\"><\/i> La importancia de ser Club.<\/li><li class=\"p-0 me-2\"><i class=\"fas fa-solid fa-calendar fa-fw\"><\/i> 2014<\/li><\/ul><div class=\"caption col-12 p-0 col-md-12 row m-0 align-items-center\"><div class=\"px-md-1\">    <h3 class=\"fw-medium m-0 small-space pt-2 pb-2 title-ss text-decoration-none border-bottom\">La importancia de ser club<\/h3>\n\n    <div class=\"mt-0 row g-3\">\n        \n        <div class=\"col-12 col-sm-6 col-lg-2 border-bottom pb-2\">\n            <small><i class=\"fas fa-solid fa-barcode fa-fw me-2\" style=\"color: #8c9db3;\"><\/i>ISBN<\/small>\n        <\/div>\n\n        <div class=\"col-12 col-sm-6 col-lg-3 border-bottom pb-2\">\n            <small class=\"text-muted\">9789569668029<\/small>\n        <\/div>\n\n        <div class=\"col-12 col-sm-6 col-lg-2 border-bottom pb-2\">\n            <small><i class=\"fas fa-solid fa-file fa-fw me-2\" style=\"color: #8c9db3;\"><\/i>P\u00e1ginas<\/small>\n        <\/div>\n\n        <div class=\"col-12 col-sm-6 col-lg-5 border-bottom pb-2\">\n            <small class=\"text-muted\">D\u00e9sde la p\u00e1gina , hasta la p\u00e1gina <\/small>\n        <\/div>\n\n        <div class=\"col-12 col-sm-6 col-lg-2 border-bottom pb-2\">\n            <small><i class=\"fas fa-solid fa-language fa-fw me-2\" style=\"color: #8c9db3;\"><\/i>Idioma<\/small>\n        <\/div>\n\n        <div class=\"col-12 col-sm-6 col-lg-3 border-bottom pb-2\">\n            <small class=\"text-muted\">Espa\u00f1ol<\/small>\n        <\/div>\n\n        <div class=\"col-12 col-sm-6 col-lg-2 border-bottom pb-2\">\n            <small><i class=\"fas fa-solid fa-newspaper fa-fw me-2\" style=\"color: #8c9db3;\"><\/i>Editorial<\/small>\n        <\/div>\n\n        <div class=\"col-12 col-sm-6 col-lg-5 border-bottom pb-2\">\n            <small class=\"text-muted\">Tucuquere Ediciones<\/small>\n        <\/div>\n\n        <div class=\"col-12 col-sm-6 col-lg-2 border-bottom pb-2\">\n            <small><i class=\"fas fa-solid fa-user-pen fa-fw me-2\" style=\"color: #8c9db3;\"><\/i>Editores<\/small>\n        <\/div>\n\n        <div class=\"col-12 col-sm-6 col-lg-10 border-bottom pb-2\">\n            <small class=\"text-muted\"><\/small>\n        <\/div>\n\n        <div class=\"col-12 col-sm-6 col-lg-2\">\n            <small><i class=\"fas fa-solid fa-signature fa-fw me-2\" style=\"color: #8c9db3;\"><\/i>Autores<\/small>\n        <\/div>\n\n        <div class=\"col-12 col-sm-6 col-lg-10\">\n            <small class=\"text-muted\">Gonzalo Benjam\u00edn Terreros Hern\u00e1ndez<\/small>\n        <\/div>\n    <\/div><span class=\"caption-field-publish\"><\/span><\/div><\/div><\/div><\/div><\/div><div class=\"  circle--pattern-bottom-large col-sm-12 col-md-12 img-article\"><div class=\"holder-publish col-md-12\" style=\"border-bottom: 1px solid #B8B8B8\"><div class=\"content-holder h-100 component-border overflow-hidden row m-0 p-4 aling-items-center\"><ul class=\"p-0 list-style-none\"><li class=\"p-0 me-2\"><i class=\"fas fa-solid fa-book fa-fw\"><\/i> Socializar Conocimientos N\u00b02: Observando a Chile desde la Distancia<\/li><li class=\"p-0 me-2\"><i class=\"fas fa-solid fa-calendar fa-fw\"><\/i> 2014<\/li><\/ul><div class=\"caption col-12 p-0 col-md-12 row m-0 align-items-center\"><div class=\"px-md-1\">    <h3 class=\"fw-medium m-0 small-space pt-2 pb-2 title-ss text-decoration-none border-bottom\">Estudio transcultural de los factores comportamentales asociados a la dieta mediterr\u00e1nea en j\u00f3venes chilenos y espa\u00f1oles<\/h3>\n\n    <div class=\"mt-0 row g-3\">\n        \n        <div class=\"col-12 col-sm-6 col-lg-2 border-bottom pb-2\">\n            <small><i class=\"fas fa-solid fa-barcode fa-fw me-2\" style=\"color: #8c9db3;\"><\/i>ISBN<\/small>\n        <\/div>\n\n        <div class=\"col-12 col-sm-6 col-lg-3 border-bottom pb-2\">\n            <small class=\"text-muted\">978-956-358-115-7<\/small>\n        <\/div>\n\n        <div class=\"col-12 col-sm-6 col-lg-2 border-bottom pb-2\">\n            <small><i class=\"fas fa-solid fa-file fa-fw me-2\" style=\"color: #8c9db3;\"><\/i>P\u00e1ginas<\/small>\n        <\/div>\n\n        <div class=\"col-12 col-sm-6 col-lg-5 border-bottom pb-2\">\n            <small class=\"text-muted\">D\u00e9sde la p\u00e1gina 722, hasta la p\u00e1gina 738<\/small>\n        <\/div>\n\n        <div class=\"col-12 col-sm-6 col-lg-2 border-bottom pb-2\">\n            <small><i class=\"fas fa-solid fa-language fa-fw me-2\" style=\"color: #8c9db3;\"><\/i>Idioma<\/small>\n        <\/div>\n\n        <div class=\"col-12 col-sm-6 col-lg-3 border-bottom pb-2\">\n            <small class=\"text-muted\">Espa\u00f1ol<\/small>\n        <\/div>\n\n        <div class=\"col-12 col-sm-6 col-lg-2 border-bottom pb-2\">\n            <small><i class=\"fas fa-solid fa-newspaper fa-fw me-2\" style=\"color: #8c9db3;\"><\/i>Editorial<\/small>\n        <\/div>\n\n        <div class=\"col-12 col-sm-6 col-lg-5 border-bottom pb-2\">\n            <small class=\"text-muted\">RedInche Ediciones<\/small>\n        <\/div>\n\n        <div class=\"col-12 col-sm-6 col-lg-2 border-bottom pb-2\">\n            <small><i class=\"fas fa-solid fa-user-pen fa-fw me-2\" style=\"color: #8c9db3;\"><\/i>Editores<\/small>\n        <\/div>\n\n        <div class=\"col-12 col-sm-6 col-lg-10 border-bottom pb-2\">\n            <small class=\"text-muted\">Lorena Valderrama, Boris Santander<\/small>\n        <\/div>\n\n        <div class=\"col-12 col-sm-6 col-lg-2\">\n            <small><i class=\"fas fa-solid fa-signature fa-fw me-2\" style=\"color: #8c9db3;\"><\/i>Autores<\/small>\n        <\/div>\n\n        <div class=\"col-12 col-sm-6 col-lg-10\">\n            <small class=\"text-muted\">Camila Marta Oda Montecinos, Ana Andr\u00e9s, Carmina Salda\u00f1a<\/small>\n        <\/div>\n    <\/div><span class=\"caption-field-publish\"><\/span><\/div><\/div><\/div><\/div><\/div><div class=\"  circle--pattern-bottom-large col-sm-12 col-md-12 img-article\"><div class=\"holder-publish col-md-12\" style=\"border-bottom: 1px solid #B8B8B8\"><div class=\"content-holder h-100 component-border overflow-hidden row m-0 p-4 aling-items-center\"><ul class=\"p-0 list-style-none\"><li class=\"p-0 me-2\"><i class=\"fas fa-solid fa-book fa-fw\"><\/i> New Directions for Smallholder Agriculture<\/li><li class=\"p-0 me-2\"><i class=\"fas fa-solid fa-calendar fa-fw\"><\/i> 2014<\/li><\/ul><div class=\"caption col-12 p-0 col-md-12 row m-0 align-items-center\"><div class=\"px-md-1\">    <h3 class=\"fw-medium m-0 small-space pt-2 pb-2 title-ss text-decoration-none border-bottom\">The state of smallholders in agriculture in Latin America<\/h3>\n\n    <div class=\"mt-0 row g-3\">\n        \n        <div class=\"col-12 col-sm-6 col-lg-2 border-bottom pb-2\">\n            <small><i class=\"fas fa-solid fa-barcode fa-fw me-2\" style=\"color: #8c9db3;\"><\/i>ISBN<\/small>\n        <\/div>\n\n        <div class=\"col-12 col-sm-6 col-lg-3 border-bottom pb-2\">\n            <small class=\"text-muted\">9780199689347<\/small>\n        <\/div>\n\n        <div class=\"col-12 col-sm-6 col-lg-2 border-bottom pb-2\">\n            <small><i class=\"fas fa-solid fa-file fa-fw me-2\" style=\"color: #8c9db3;\"><\/i>P\u00e1ginas<\/small>\n        <\/div>\n\n        <div class=\"col-12 col-sm-6 col-lg-5 border-bottom pb-2\">\n            <small class=\"text-muted\">D\u00e9sde la p\u00e1gina 115, hasta la p\u00e1gina 152<\/small>\n        <\/div>\n\n        <div class=\"col-12 col-sm-6 col-lg-2 border-bottom pb-2\">\n            <small><i class=\"fas fa-solid fa-language fa-fw me-2\" style=\"color: #8c9db3;\"><\/i>Idioma<\/small>\n        <\/div>\n\n        <div class=\"col-12 col-sm-6 col-lg-3 border-bottom pb-2\">\n            <small class=\"text-muted\">Ingl\u00e9s<\/small>\n        <\/div>\n\n        <div class=\"col-12 col-sm-6 col-lg-2 border-bottom pb-2\">\n            <small><i class=\"fas fa-solid fa-newspaper fa-fw me-2\" style=\"color: #8c9db3;\"><\/i>Editorial<\/small>\n        <\/div>\n\n        <div class=\"col-12 col-sm-6 col-lg-5 border-bottom pb-2\">\n            <small class=\"text-muted\">Oxford University Press<\/small>\n        <\/div>\n\n        <div class=\"col-12 col-sm-6 col-lg-2 border-bottom pb-2\">\n            <small><i class=\"fas fa-solid fa-user-pen fa-fw me-2\" style=\"color: #8c9db3;\"><\/i>Editores<\/small>\n        <\/div>\n\n        <div class=\"col-12 col-sm-6 col-lg-10 border-bottom pb-2\">\n            <small class=\"text-muted\">Hazell P. B. R., Rahman A<\/small>\n        <\/div>\n\n        <div class=\"col-12 col-sm-6 col-lg-2\">\n            <small><i class=\"fas fa-solid fa-signature fa-fw me-2\" style=\"color: #8c9db3;\"><\/i>Autores<\/small>\n        <\/div>\n\n        <div class=\"col-12 col-sm-6 col-lg-10\">\n            <small class=\"text-muted\">Julio A. Berdegu\u00e9, Ricardo Sebasti\u00e1n Fuentealba Fuentes<\/small>\n        <\/div>\n    <\/div><span class=\"caption-field-publish\"><\/span><\/div><\/div><\/div><\/div><\/div><div class=\"  circle--pattern-bottom-large col-sm-12 col-md-12 img-article\"><div class=\"holder-publish col-md-12\" style=\"border-bottom: 1px solid #B8B8B8\"><div class=\"content-holder h-100 component-border overflow-hidden row m-0 p-4 aling-items-center\"><ul class=\"p-0 list-style-none\"><li class=\"p-0 me-2\"><i class=\"fas fa-solid fa-book fa-fw\"><\/i> Diccionario de nuevas formas de lectura y escritura<\/li><li class=\"p-0 me-2\"><i class=\"fas fa-solid fa-calendar fa-fw\"><\/i> 2013<\/li><\/ul><div class=\"caption col-12 p-0 col-md-12 row m-0 align-items-center\"><div class=\"px-md-1\">    <h3 class=\"fw-medium m-0 small-space pt-2 pb-2 title-ss text-decoration-none border-bottom\">Comunidad de pr\u00e1ctica, comunidad de aprendizaje, comunidad discursiva, cultura disciplinar<\/h3>\n\n    <div class=\"mt-0 row g-3\">\n        \n        <div class=\"col-12 col-sm-6 col-lg-2 border-bottom pb-2\">\n            <small><i class=\"fas fa-solid fa-barcode fa-fw me-2\" style=\"color: #8c9db3;\"><\/i>ISBN<\/small>\n        <\/div>\n\n        <div class=\"col-12 col-sm-6 col-lg-3 border-bottom pb-2\">\n            <small class=\"text-muted\">978-84-680-0970-4<\/small>\n        <\/div>\n\n        <div class=\"col-12 col-sm-6 col-lg-2 border-bottom pb-2\">\n            <small><i class=\"fas fa-solid fa-file fa-fw me-2\" style=\"color: #8c9db3;\"><\/i>P\u00e1ginas<\/small>\n        <\/div>\n\n        <div class=\"col-12 col-sm-6 col-lg-5 border-bottom pb-2\">\n            <small class=\"text-muted\">D\u00e9sde la p\u00e1gina 145, hasta la p\u00e1gina 149<\/small>\n        <\/div>\n\n        <div class=\"col-12 col-sm-6 col-lg-2 border-bottom pb-2\">\n            <small><i class=\"fas fa-solid fa-language fa-fw me-2\" style=\"color: #8c9db3;\"><\/i>Idioma<\/small>\n        <\/div>\n\n        <div class=\"col-12 col-sm-6 col-lg-3 border-bottom pb-2\">\n            <small class=\"text-muted\"><\/small>\n        <\/div>\n\n        <div class=\"col-12 col-sm-6 col-lg-2 border-bottom pb-2\">\n            <small><i class=\"fas fa-solid fa-newspaper fa-fw me-2\" style=\"color: #8c9db3;\"><\/i>Editorial<\/small>\n        <\/div>\n\n        <div class=\"col-12 col-sm-6 col-lg-5 border-bottom pb-2\">\n            <small class=\"text-muted\">Red Internacional de Universidades Lectoras & Santillana<\/small>\n        <\/div>\n\n        <div class=\"col-12 col-sm-6 col-lg-2 border-bottom pb-2\">\n            <small><i class=\"fas fa-solid fa-user-pen fa-fw me-2\" style=\"color: #8c9db3;\"><\/i>Editores<\/small>\n        <\/div>\n\n        <div class=\"col-12 col-sm-6 col-lg-10 border-bottom pb-2\">\n            <small class=\"text-muted\">E. Martos N\u00fa\u00f1ez; M. C. Fern\u00e1nde-F\u00edgares<\/small>\n        <\/div>\n\n        <div class=\"col-12 col-sm-6 col-lg-2\">\n            <small><i class=\"fas fa-solid fa-signature fa-fw me-2\" style=\"color: #8c9db3;\"><\/i>Autores<\/small>\n        <\/div>\n\n        <div class=\"col-12 col-sm-6 col-lg-10\">\n            <small class=\"text-muted\">Federico Daniel Navarro<\/small>\n        <\/div>\n    <\/div><span class=\"caption-field-publish\"><\/span><\/div><\/div><\/div><\/div><\/div><div class=\"  circle--pattern-bottom-large col-sm-12 col-md-12 img-article\"><div class=\"holder-publish col-md-12\" style=\"border-bottom: 1px solid #B8B8B8\"><div class=\"content-holder h-100 component-border overflow-hidden row m-0 p-4 aling-items-center\"><ul class=\"p-0 list-style-none\"><li class=\"p-0 me-2\"><i class=\"fas fa-solid fa-book fa-fw\"><\/i> El semillero de la escritura. Las tareas escritas a lo largo de tres carreras de la UNGS<\/li><li class=\"p-0 me-2\"><i class=\"fas fa-solid fa-calendar fa-fw\"><\/i> 2013<\/li><\/ul><div class=\"caption col-12 p-0 col-md-12 row m-0 align-items-center\"><div class=\"px-md-1\">    <h3 class=\"fw-medium m-0 small-space pt-2 pb-2 title-ss text-decoration-none border-bottom\">Consignas de evaluaci\u00f3n en la carrera de Ingenier\u00eda Industrial: articulaciones entre la formaci\u00f3n universitaria y la inserci\u00f3n profesional<\/h3>\n\n    <div class=\"mt-0 row g-3\">\n        \n        <div class=\"col-12 col-sm-6 col-lg-2 border-bottom pb-2\">\n            <small><i class=\"fas fa-solid fa-barcode fa-fw me-2\" style=\"color: #8c9db3;\"><\/i>ISBN<\/small>\n        <\/div>\n\n        <div class=\"col-12 col-sm-6 col-lg-3 border-bottom pb-2\">\n            <small class=\"text-muted\">978-987-630-151-0<\/small>\n        <\/div>\n\n        <div class=\"col-12 col-sm-6 col-lg-2 border-bottom pb-2\">\n            <small><i class=\"fas fa-solid fa-file fa-fw me-2\" style=\"color: #8c9db3;\"><\/i>P\u00e1ginas<\/small>\n        <\/div>\n\n        <div class=\"col-12 col-sm-6 col-lg-5 border-bottom pb-2\">\n            <small class=\"text-muted\">D\u00e9sde la p\u00e1gina 71, hasta la p\u00e1gina 91<\/small>\n        <\/div>\n\n        <div class=\"col-12 col-sm-6 col-lg-2 border-bottom pb-2\">\n            <small><i class=\"fas fa-solid fa-language fa-fw me-2\" style=\"color: #8c9db3;\"><\/i>Idioma<\/small>\n        <\/div>\n\n        <div class=\"col-12 col-sm-6 col-lg-3 border-bottom pb-2\">\n            <small class=\"text-muted\"><\/small>\n        <\/div>\n\n        <div class=\"col-12 col-sm-6 col-lg-2 border-bottom pb-2\">\n            <small><i class=\"fas fa-solid fa-newspaper fa-fw me-2\" style=\"color: #8c9db3;\"><\/i>Editorial<\/small>\n        <\/div>\n\n        <div class=\"col-12 col-sm-6 col-lg-5 border-bottom pb-2\">\n            <small class=\"text-muted\">UNGS<\/small>\n        <\/div>\n\n        <div class=\"col-12 col-sm-6 col-lg-2 border-bottom pb-2\">\n            <small><i class=\"fas fa-solid fa-user-pen fa-fw me-2\" style=\"color: #8c9db3;\"><\/i>Editores<\/small>\n        <\/div>\n\n        <div class=\"col-12 col-sm-6 col-lg-10 border-bottom pb-2\">\n            <small class=\"text-muted\">L. Natale<\/small>\n        <\/div>\n\n        <div class=\"col-12 col-sm-6 col-lg-2\">\n            <small><i class=\"fas fa-solid fa-signature fa-fw me-2\" style=\"color: #8c9db3;\"><\/i>Autores<\/small>\n        <\/div>\n\n        <div class=\"col-12 col-sm-6 col-lg-10\">\n            <small class=\"text-muted\">Daniela Stagnaro, Federico Daniel Navarro<\/small>\n        <\/div>\n    <\/div><span class=\"caption-field-publish\"><\/span><\/div><\/div><\/div><\/div><\/div><div class=\"  circle--pattern-bottom-large col-sm-12 col-md-12 img-article\"><div class=\"holder-publish col-md-12\" style=\"border-bottom: 1px solid #B8B8B8\"><div class=\"content-holder h-100 component-border overflow-hidden row m-0 p-4 aling-items-center\"><ul class=\"p-0 list-style-none\"><li class=\"p-0 me-2\"><i class=\"fas fa-solid fa-book fa-fw\"><\/i> El semillero de la escritura. Las tareas a lo largo de tres carreras de la UNGS<\/li><li class=\"p-0 me-2\"><i class=\"fas fa-solid fa-calendar fa-fw\"><\/i> 2013<\/li><\/ul><div class=\"caption col-12 p-0 col-md-12 row m-0 align-items-center\"><div class=\"px-md-1\">    <h3 class=\"fw-medium m-0 small-space pt-2 pb-2 title-ss text-decoration-none border-bottom\">Desarrollo interdisciplinario de pautas de escritura, revisi\u00f3n y evaluaci\u00f3n de textos acad\u00e9mico-profesionales. El caso del Informe Final de Pr\u00e1ctica Profesional Supervisada en Ingenier\u00eda Industrial<\/h3>\n\n    <div class=\"mt-0 row g-3\">\n        \n        <div class=\"col-12 col-sm-6 col-lg-2 border-bottom pb-2\">\n            <small><i class=\"fas fa-solid fa-barcode fa-fw me-2\" style=\"color: #8c9db3;\"><\/i>ISBN<\/small>\n        <\/div>\n\n        <div class=\"col-12 col-sm-6 col-lg-3 border-bottom pb-2\">\n            <small class=\"text-muted\">978-987-630-151-0<\/small>\n        <\/div>\n\n        <div class=\"col-12 col-sm-6 col-lg-2 border-bottom pb-2\">\n            <small><i class=\"fas fa-solid fa-file fa-fw me-2\" style=\"color: #8c9db3;\"><\/i>P\u00e1ginas<\/small>\n        <\/div>\n\n        <div class=\"col-12 col-sm-6 col-lg-5 border-bottom pb-2\">\n            <small class=\"text-muted\">D\u00e9sde la p\u00e1gina 173, hasta la p\u00e1gina 204<\/small>\n        <\/div>\n\n        <div class=\"col-12 col-sm-6 col-lg-2 border-bottom pb-2\">\n            <small><i class=\"fas fa-solid fa-language fa-fw me-2\" style=\"color: #8c9db3;\"><\/i>Idioma<\/small>\n        <\/div>\n\n        <div class=\"col-12 col-sm-6 col-lg-3 border-bottom pb-2\">\n            <small class=\"text-muted\"><\/small>\n        <\/div>\n\n        <div class=\"col-12 col-sm-6 col-lg-2 border-bottom pb-2\">\n            <small><i class=\"fas fa-solid fa-newspaper fa-fw me-2\" style=\"color: #8c9db3;\"><\/i>Editorial<\/small>\n        <\/div>\n\n        <div class=\"col-12 col-sm-6 col-lg-5 border-bottom pb-2\">\n            <small class=\"text-muted\">UNGS<\/small>\n        <\/div>\n\n        <div class=\"col-12 col-sm-6 col-lg-2 border-bottom pb-2\">\n            <small><i class=\"fas fa-solid fa-user-pen fa-fw me-2\" style=\"color: #8c9db3;\"><\/i>Editores<\/small>\n        <\/div>\n\n        <div class=\"col-12 col-sm-6 col-lg-10 border-bottom pb-2\">\n            <small class=\"text-muted\">L. Natale<\/small>\n        <\/div>\n\n        <div class=\"col-12 col-sm-6 col-lg-2\">\n            <small><i class=\"fas fa-solid fa-signature fa-fw me-2\" style=\"color: #8c9db3;\"><\/i>Autores<\/small>\n        <\/div>\n\n        <div class=\"col-12 col-sm-6 col-lg-10\">\n            <small class=\"text-muted\">Federico Daniel Navarro, Franco Chiodi<\/small>\n        <\/div>\n    <\/div><span class=\"caption-field-publish\"><\/span><\/div><\/div><\/div><\/div><\/div><div class=\"  circle--pattern-bottom-large col-sm-12 col-md-12 img-article\"><div class=\"holder-publish col-md-12\" style=\"border-bottom: 1px solid #B8B8B8\"><div class=\"content-holder h-100 component-border overflow-hidden row m-0 p-4 aling-items-center\"><ul class=\"p-0 list-style-none\"><li class=\"p-0 me-2\"><i class=\"fas fa-solid fa-book fa-fw\"><\/i> Languages, Metalanguages, Modalities, Cultures. Functional and Socio-Discursive perspectives<\/li><li class=\"p-0 me-2\"><i class=\"fas fa-solid fa-calendar fa-fw\"><\/i> 2013<\/li><\/ul><div class=\"caption col-12 p-0 col-md-12 row m-0 align-items-center\"><div class=\"px-md-1\">    <h3 class=\"fw-medium m-0 small-space pt-2 pb-2 title-ss text-decoration-none border-bottom\">Non-evaluative verbal processes and invoked evaluation in academic book reviews. Building bridges between systemic-functional and pragmatic-strategic perspectives<\/h3>\n\n    <div class=\"mt-0 row g-3\">\n        \n        <div class=\"col-12 col-sm-6 col-lg-2 border-bottom pb-2\">\n            <small><i class=\"fas fa-solid fa-barcode fa-fw me-2\" style=\"color: #8c9db3;\"><\/i>ISBN<\/small>\n        <\/div>\n\n        <div class=\"col-12 col-sm-6 col-lg-3 border-bottom pb-2\">\n            <small class=\"text-muted\">978-989-8060-12-9<\/small>\n        <\/div>\n\n        <div class=\"col-12 col-sm-6 col-lg-2 border-bottom pb-2\">\n            <small><i class=\"fas fa-solid fa-file fa-fw me-2\" style=\"color: #8c9db3;\"><\/i>P\u00e1ginas<\/small>\n        <\/div>\n\n        <div class=\"col-12 col-sm-6 col-lg-5 border-bottom pb-2\">\n            <small class=\"text-muted\">D\u00e9sde la p\u00e1gina 229, hasta la p\u00e1gina 247<\/small>\n        <\/div>\n\n        <div class=\"col-12 col-sm-6 col-lg-2 border-bottom pb-2\">\n            <small><i class=\"fas fa-solid fa-language fa-fw me-2\" style=\"color: #8c9db3;\"><\/i>Idioma<\/small>\n        <\/div>\n\n        <div class=\"col-12 col-sm-6 col-lg-3 border-bottom pb-2\">\n            <small class=\"text-muted\">Ingl\u00e9s<\/small>\n        <\/div>\n\n        <div class=\"col-12 col-sm-6 col-lg-2 border-bottom pb-2\">\n            <small><i class=\"fas fa-solid fa-newspaper fa-fw me-2\" style=\"color: #8c9db3;\"><\/i>Editorial<\/small>\n        <\/div>\n\n        <div class=\"col-12 col-sm-6 col-lg-5 border-bottom pb-2\">\n            <small class=\"text-muted\">ILTEC<\/small>\n        <\/div>\n\n        <div class=\"col-12 col-sm-6 col-lg-2 border-bottom pb-2\">\n            <small><i class=\"fas fa-solid fa-user-pen fa-fw me-2\" style=\"color: #8c9db3;\"><\/i>Editores<\/small>\n        <\/div>\n\n        <div class=\"col-12 col-sm-6 col-lg-10 border-bottom pb-2\">\n            <small class=\"text-muted\">C. A. M. Gouveia; M. F. Alexandre<\/small>\n        <\/div>\n\n        <div class=\"col-12 col-sm-6 col-lg-2\">\n            <small><i class=\"fas fa-solid fa-signature fa-fw me-2\" style=\"color: #8c9db3;\"><\/i>Autores<\/small>\n        <\/div>\n\n        <div class=\"col-12 col-sm-6 col-lg-10\">\n            <small class=\"text-muted\">Federico Daniel Navarro<\/small>\n        <\/div>\n    <\/div><span class=\"caption-field-publish\"><\/span><\/div><\/div><\/div><\/div><\/div><div class=\"  circle--pattern-bottom-large col-sm-12 col-md-12 img-article\"><div class=\"holder-publish col-md-12\" style=\"border-bottom: 1px solid #B8B8B8\"><div class=\"content-holder h-100 component-border overflow-hidden row m-0 p-4 aling-items-center\"><ul class=\"p-0 list-style-none\"><li class=\"p-0 me-2\"><i class=\"fas fa-solid fa-book fa-fw\"><\/i> El cuidado de la salud desde una perspectiva interdisciplinaria<\/li><li class=\"p-0 me-2\"><i class=\"fas fa-solid fa-calendar fa-fw\"><\/i> 2013<\/li><\/ul><div class=\"caption col-12 p-0 col-md-12 row m-0 align-items-center\"><div class=\"px-md-1\">    <h3 class=\"fw-medium m-0 small-space pt-2 pb-2 title-ss text-decoration-none border-bottom\">Salud p\u00fablica y estrategias de promoci\u00f3n de la salud<\/h3>\n\n    <div class=\"mt-0 row g-3\">\n        \n        <div class=\"col-12 col-sm-6 col-lg-2 border-bottom pb-2\">\n            <small><i class=\"fas fa-solid fa-barcode fa-fw me-2\" style=\"color: #8c9db3;\"><\/i>ISBN<\/small>\n        <\/div>\n\n        <div class=\"col-12 col-sm-6 col-lg-3 border-bottom pb-2\">\n            <small class=\"text-muted\"><\/small>\n        <\/div>\n\n        <div class=\"col-12 col-sm-6 col-lg-2 border-bottom pb-2\">\n            <small><i class=\"fas fa-solid fa-file fa-fw me-2\" style=\"color: #8c9db3;\"><\/i>P\u00e1ginas<\/small>\n        <\/div>\n\n        <div class=\"col-12 col-sm-6 col-lg-5 border-bottom pb-2\">\n            <small class=\"text-muted\">D\u00e9sde la p\u00e1gina , hasta la p\u00e1gina <\/small>\n        <\/div>\n\n        <div class=\"col-12 col-sm-6 col-lg-2 border-bottom pb-2\">\n            <small><i class=\"fas fa-solid fa-language fa-fw me-2\" style=\"color: #8c9db3;\"><\/i>Idioma<\/small>\n        <\/div>\n\n        <div class=\"col-12 col-sm-6 col-lg-3 border-bottom pb-2\">\n            <small class=\"text-muted\">Espa\u00f1ol<\/small>\n        <\/div>\n\n        <div class=\"col-12 col-sm-6 col-lg-2 border-bottom pb-2\">\n            <small><i class=\"fas fa-solid fa-newspaper fa-fw me-2\" style=\"color: #8c9db3;\"><\/i>Editorial<\/small>\n        <\/div>\n\n        <div class=\"col-12 col-sm-6 col-lg-5 border-bottom pb-2\">\n            <small class=\"text-muted\">Talleres Gr\u00e1ficos<\/small>\n        <\/div>\n\n        <div class=\"col-12 col-sm-6 col-lg-2 border-bottom pb-2\">\n            <small><i class=\"fas fa-solid fa-user-pen fa-fw me-2\" style=\"color: #8c9db3;\"><\/i>Editores<\/small>\n        <\/div>\n\n        <div class=\"col-12 col-sm-6 col-lg-10 border-bottom pb-2\">\n            <small class=\"text-muted\"><\/small>\n        <\/div>\n\n        <div class=\"col-12 col-sm-6 col-lg-2\">\n            <small><i class=\"fas fa-solid fa-signature fa-fw me-2\" style=\"color: #8c9db3;\"><\/i>Autores<\/small>\n        <\/div>\n\n        <div class=\"col-12 col-sm-6 col-lg-10\">\n            <small class=\"text-muted\">Mar\u00eda Josefina L\u00f3pez de Neira, Mar\u00eda Soledad Burrone Colombino, Marcela Lucchese<\/small>\n        <\/div>\n    <\/div><span class=\"caption-field-publish\"><\/span><\/div><\/div><\/div><\/div><\/div><div class=\"  circle--pattern-bottom-large col-sm-12 col-md-12 img-article\"><div class=\"holder-publish col-md-12\" style=\"border-bottom: 1px solid #B8B8B8\"><div class=\"content-holder h-100 component-border overflow-hidden row m-0 p-4 aling-items-center\"><ul class=\"p-0 list-style-none\"><li class=\"p-0 me-2\"><i class=\"fas fa-solid fa-book fa-fw\"><\/i> Avances en la investigaci\u00f3n de los recursos h\u00eddricos en islas y terrenos volc\u00e1nicos<\/li><li class=\"p-0 me-2\"><i class=\"fas fa-solid fa-calendar fa-fw\"><\/i> 2013<\/li><\/ul><div class=\"caption col-12 p-0 col-md-12 row m-0 align-items-center\"><div class=\"px-md-1\">    <h3 class=\"fw-medium m-0 small-space pt-2 pb-2 title-ss text-decoration-none border-bottom\">Estudio de la frecuencia y magnitud de avenidas torrenciales en el P.N. de la Caldera de Taburiente (La Palma) mediante t\u00e9cnicas dendrogeomorfol\u00f3gicas<\/h3>\n\n    <div class=\"mt-0 row g-3\">\n        \n        <div class=\"col-12 col-sm-6 col-lg-2 border-bottom pb-2\">\n            <small><i class=\"fas fa-solid fa-barcode fa-fw me-2\" style=\"color: #8c9db3;\"><\/i>ISBN<\/small>\n        <\/div>\n\n        <div class=\"col-12 col-sm-6 col-lg-3 border-bottom pb-2\">\n            <small class=\"text-muted\">ISBN: 978 -84-616-3860-4<\/small>\n        <\/div>\n\n        <div class=\"col-12 col-sm-6 col-lg-2 border-bottom pb-2\">\n            <small><i class=\"fas fa-solid fa-file fa-fw me-2\" style=\"color: #8c9db3;\"><\/i>P\u00e1ginas<\/small>\n        <\/div>\n\n        <div class=\"col-12 col-sm-6 col-lg-5 border-bottom pb-2\">\n            <small class=\"text-muted\">D\u00e9sde la p\u00e1gina 199, hasta la p\u00e1gina 209<\/small>\n        <\/div>\n\n        <div class=\"col-12 col-sm-6 col-lg-2 border-bottom pb-2\">\n            <small><i class=\"fas fa-solid fa-language fa-fw me-2\" style=\"color: #8c9db3;\"><\/i>Idioma<\/small>\n        <\/div>\n\n        <div class=\"col-12 col-sm-6 col-lg-3 border-bottom pb-2\">\n            <small class=\"text-muted\">Espa\u00f1ol<\/small>\n        <\/div>\n\n        <div class=\"col-12 col-sm-6 col-lg-2 border-bottom pb-2\">\n            <small><i class=\"fas fa-solid fa-newspaper fa-fw me-2\" style=\"color: #8c9db3;\"><\/i>Editorial<\/small>\n        <\/div>\n\n        <div class=\"col-12 col-sm-6 col-lg-5 border-bottom pb-2\">\n            <small class=\"text-muted\">Colegio de Ingenieros de Montes, Tenerife<\/small>\n        <\/div>\n\n        <div class=\"col-12 col-sm-6 col-lg-2 border-bottom pb-2\">\n            <small><i class=\"fas fa-solid fa-user-pen fa-fw me-2\" style=\"color: #8c9db3;\"><\/i>Editores<\/small>\n        <\/div>\n\n        <div class=\"col-12 col-sm-6 col-lg-10 border-bottom pb-2\">\n            <small class=\"text-muted\">Santamarta Cerezal, J.C. (ed.)<\/small>\n        <\/div>\n\n        <div class=\"col-12 col-sm-6 col-lg-2\">\n            <small><i class=\"fas fa-solid fa-signature fa-fw me-2\" style=\"color: #8c9db3;\"><\/i>Autores<\/small>\n        <\/div>\n\n        <div class=\"col-12 col-sm-6 col-lg-10\">\n            <small class=\"text-muted\">D\u00edez-Herrero, A., G\u00e9nova, M., Mayer, P., Ballesteros, J.A., Laura Becerril Carretero, Rubiales, J.M., Guti\u00e9rrez-P\u00e9rez, I, Hern\u00e1ndez, M., Saz, M.A., Bodoque, J.M., Ru\u00edz-Villanueva, V.<\/small>\n        <\/div>\n    <\/div><span class=\"caption-field-publish\"><\/span><\/div><\/div><\/div><\/div><\/div><div class=\"  circle--pattern-bottom-large col-sm-12 col-md-12 img-article\"><div class=\"holder-publish col-md-12\" style=\"border-bottom: 1px solid #B8B8B8\"><div class=\"content-holder h-100 component-border overflow-hidden row m-0 p-4 aling-items-center\"><ul class=\"p-0 list-style-none\"><li class=\"p-0 me-2\"><i class=\"fas fa-solid fa-book fa-fw\"><\/i> Rock Fractures in Geological Processes<\/li><li class=\"p-0 me-2\"><i class=\"fas fa-solid fa-calendar fa-fw\"><\/i> 2013<\/li><\/ul><div class=\"caption col-12 p-0 col-md-12 row m-0 align-items-center\"><div class=\"px-md-1\">    <h3 class=\"fw-medium m-0 small-space pt-2 pb-2 title-ss text-decoration-none border-bottom\">Influence of previous structures in shallow feeder dyke-eruptive fissures propagation<\/h3>\n\n    <div class=\"mt-0 row g-3\">\n        \n        <div class=\"col-12 col-sm-6 col-lg-2 border-bottom pb-2\">\n            <small><i class=\"fas fa-solid fa-barcode fa-fw me-2\" style=\"color: #8c9db3;\"><\/i>ISBN<\/small>\n        <\/div>\n\n        <div class=\"col-12 col-sm-6 col-lg-3 border-bottom pb-2\">\n            <small class=\"text-muted\">978-3-86395-141-2<\/small>\n        <\/div>\n\n        <div class=\"col-12 col-sm-6 col-lg-2 border-bottom pb-2\">\n            <small><i class=\"fas fa-solid fa-file fa-fw me-2\" style=\"color: #8c9db3;\"><\/i>P\u00e1ginas<\/small>\n        <\/div>\n\n        <div class=\"col-12 col-sm-6 col-lg-5 border-bottom pb-2\">\n            <small class=\"text-muted\">D\u00e9sde la p\u00e1gina 55, hasta la p\u00e1gina 57<\/small>\n        <\/div>\n\n        <div class=\"col-12 col-sm-6 col-lg-2 border-bottom pb-2\">\n            <small><i class=\"fas fa-solid fa-language fa-fw me-2\" style=\"color: #8c9db3;\"><\/i>Idioma<\/small>\n        <\/div>\n\n        <div class=\"col-12 col-sm-6 col-lg-3 border-bottom pb-2\">\n            <small class=\"text-muted\">Ingl\u00e9s<\/small>\n        <\/div>\n\n        <div class=\"col-12 col-sm-6 col-lg-2 border-bottom pb-2\">\n            <small><i class=\"fas fa-solid fa-newspaper fa-fw me-2\" style=\"color: #8c9db3;\"><\/i>Editorial<\/small>\n        <\/div>\n\n        <div class=\"col-12 col-sm-6 col-lg-5 border-bottom pb-2\">\n            <small class=\"text-muted\">University of G\u00f6ttingen<\/small>\n        <\/div>\n\n        <div class=\"col-12 col-sm-6 col-lg-2 border-bottom pb-2\">\n            <small><i class=\"fas fa-solid fa-user-pen fa-fw me-2\" style=\"color: #8c9db3;\"><\/i>Editores<\/small>\n        <\/div>\n\n        <div class=\"col-12 col-sm-6 col-lg-10 border-bottom pb-2\">\n            <small class=\"text-muted\"><\/small>\n        <\/div>\n\n        <div class=\"col-12 col-sm-6 col-lg-2\">\n            <small><i class=\"fas fa-solid fa-signature fa-fw me-2\" style=\"color: #8c9db3;\"><\/i>Autores<\/small>\n        <\/div>\n\n        <div class=\"col-12 col-sm-6 col-lg-10\">\n            <small class=\"text-muted\">In\u00e9s Galindo, Laura Becerril Carretero, Carmen Romero<\/small>\n        <\/div>\n    <\/div><span class=\"caption-field-publish\"><\/span><\/div><\/div><\/div><\/div><\/div><div class=\"  circle--pattern-bottom-large col-sm-12 col-md-12 img-article\"><div class=\"holder-publish col-md-12\" style=\"border-bottom: 1px solid #B8B8B8\"><div class=\"content-holder h-100 component-border overflow-hidden row m-0 p-4 aling-items-center\"><ul class=\"p-0 list-style-none\"><li class=\"p-0 me-2\"><i class=\"fas fa-solid fa-book fa-fw\"><\/i> Environmental Security, Geological Hazards and Management. Proceedings from the 1st International Workshop, San Cristobal de La Laguna, Tenerife (Canary Islands), Spain, 10-12 April 2013<\/li><li class=\"p-0 me-2\"><i class=\"fas fa-solid fa-calendar fa-fw\"><\/i> 2013<\/li><\/ul><div class=\"caption col-12 p-0 col-md-12 row m-0 align-items-center\"><div class=\"px-md-1\">    <h3 class=\"fw-medium m-0 small-space pt-2 pb-2 title-ss text-decoration-none border-bottom\">Morphology and distribution of volcanic bombs in Caldera Quemada de Arriba (Lanzarote, Canary Islands): implications for volcanic hazard analysis<\/h3>\n\n    <div class=\"mt-0 row g-3\">\n        \n        <div class=\"col-12 col-sm-6 col-lg-2 border-bottom pb-2\">\n            <small><i class=\"fas fa-solid fa-barcode fa-fw me-2\" style=\"color: #8c9db3;\"><\/i>ISBN<\/small>\n        <\/div>\n\n        <div class=\"col-12 col-sm-6 col-lg-3 border-bottom pb-2\">\n            <small class=\"text-muted\">978-84-616-2005-0<\/small>\n        <\/div>\n\n        <div class=\"col-12 col-sm-6 col-lg-2 border-bottom pb-2\">\n            <small><i class=\"fas fa-solid fa-file fa-fw me-2\" style=\"color: #8c9db3;\"><\/i>P\u00e1ginas<\/small>\n        <\/div>\n\n        <div class=\"col-12 col-sm-6 col-lg-5 border-bottom pb-2\">\n            <small class=\"text-muted\">D\u00e9sde la p\u00e1gina 207, hasta la p\u00e1gina 213<\/small>\n        <\/div>\n\n        <div class=\"col-12 col-sm-6 col-lg-2 border-bottom pb-2\">\n            <small><i class=\"fas fa-solid fa-language fa-fw me-2\" style=\"color: #8c9db3;\"><\/i>Idioma<\/small>\n        <\/div>\n\n        <div class=\"col-12 col-sm-6 col-lg-3 border-bottom pb-2\">\n            <small class=\"text-muted\">Espa\u00f1ol<\/small>\n        <\/div>\n\n        <div class=\"col-12 col-sm-6 col-lg-2 border-bottom pb-2\">\n            <small><i class=\"fas fa-solid fa-newspaper fa-fw me-2\" style=\"color: #8c9db3;\"><\/i>Editorial<\/small>\n        <\/div>\n\n        <div class=\"col-12 col-sm-6 col-lg-5 border-bottom pb-2\">\n            <small class=\"text-muted\">Universidad de La Laguna<\/small>\n        <\/div>\n\n        <div class=\"col-12 col-sm-6 col-lg-2 border-bottom pb-2\">\n            <small><i class=\"fas fa-solid fa-user-pen fa-fw me-2\" style=\"color: #8c9db3;\"><\/i>Editores<\/small>\n        <\/div>\n\n        <div class=\"col-12 col-sm-6 col-lg-10 border-bottom pb-2\">\n            <small class=\"text-muted\"><\/small>\n        <\/div>\n\n        <div class=\"col-12 col-sm-6 col-lg-2\">\n            <small><i class=\"fas fa-solid fa-signature fa-fw me-2\" style=\"color: #8c9db3;\"><\/i>Autores<\/small>\n        <\/div>\n\n        <div class=\"col-12 col-sm-6 col-lg-10\">\n            <small class=\"text-muted\">In\u00e9s Galindo, Carmen Romero, NievesS\u00e1nchez, Javier D\u00f3niz, Jorge Yepes, Jose Mar\u00eda Morales, Laura Becerril Carretero<\/small>\n        <\/div>\n    <\/div><span class=\"caption-field-publish\"><\/span><\/div><\/div><\/div><\/div><\/div><div class=\"  circle--pattern-bottom-large col-sm-12 col-md-12 img-article\"><div class=\"holder-publish col-md-12\" style=\"border-bottom: 1px solid #B8B8B8\"><div class=\"content-holder h-100 component-border overflow-hidden row m-0 p-4 aling-items-center\"><ul class=\"p-0 list-style-none\"><li class=\"p-0 me-2\"><i class=\"fas fa-solid fa-book fa-fw\"><\/i> Neuropsicolog\u00eda: Bases neuronales de los procesos mentales<\/li><li class=\"p-0 me-2\"><i class=\"fas fa-solid fa-calendar fa-fw\"><\/i> 2013<\/li><\/ul><div class=\"caption col-12 p-0 col-md-12 row m-0 align-items-center\"><div class=\"px-md-1\">    <h3 class=\"fw-medium m-0 small-space pt-2 pb-2 title-ss text-decoration-none border-bottom\">Estructura y Funciones del Cerebro Humano<\/h3>\n\n    <div class=\"mt-0 row g-3\">\n        \n        <div class=\"col-12 col-sm-6 col-lg-2 border-bottom pb-2\">\n            <small><i class=\"fas fa-solid fa-barcode fa-fw me-2\" style=\"color: #8c9db3;\"><\/i>ISBN<\/small>\n        <\/div>\n\n        <div class=\"col-12 col-sm-6 col-lg-3 border-bottom pb-2\">\n            <small class=\"text-muted\">978-956-220-355-5<\/small>\n        <\/div>\n\n        <div class=\"col-12 col-sm-6 col-lg-2 border-bottom pb-2\">\n            <small><i class=\"fas fa-solid fa-file fa-fw me-2\" style=\"color: #8c9db3;\"><\/i>P\u00e1ginas<\/small>\n        <\/div>\n\n        <div class=\"col-12 col-sm-6 col-lg-5 border-bottom pb-2\">\n            <small class=\"text-muted\">D\u00e9sde la p\u00e1gina 49, hasta la p\u00e1gina 66<\/small>\n        <\/div>\n\n        <div class=\"col-12 col-sm-6 col-lg-2 border-bottom pb-2\">\n            <small><i class=\"fas fa-solid fa-language fa-fw me-2\" style=\"color: #8c9db3;\"><\/i>Idioma<\/small>\n        <\/div>\n\n        <div class=\"col-12 col-sm-6 col-lg-3 border-bottom pb-2\">\n            <small class=\"text-muted\">Espa\u00f1ol<\/small>\n        <\/div>\n\n        <div class=\"col-12 col-sm-6 col-lg-2 border-bottom pb-2\">\n            <small><i class=\"fas fa-solid fa-newspaper fa-fw me-2\" style=\"color: #8c9db3;\"><\/i>Editorial<\/small>\n        <\/div>\n\n        <div class=\"col-12 col-sm-6 col-lg-5 border-bottom pb-2\">\n            <small class=\"text-muted\">Mediterraneo<\/small>\n        <\/div>\n\n        <div class=\"col-12 col-sm-6 col-lg-2 border-bottom pb-2\">\n            <small><i class=\"fas fa-solid fa-user-pen fa-fw me-2\" style=\"color: #8c9db3;\"><\/i>Editores<\/small>\n        <\/div>\n\n        <div class=\"col-12 col-sm-6 col-lg-10 border-bottom pb-2\">\n            <small class=\"text-muted\">Lavados, Jaime, Slachevsky, Andrea<\/small>\n        <\/div>\n\n        <div class=\"col-12 col-sm-6 col-lg-2\">\n            <small><i class=\"fas fa-solid fa-signature fa-fw me-2\" style=\"color: #8c9db3;\"><\/i>Autores<\/small>\n        <\/div>\n\n        <div class=\"col-12 col-sm-6 col-lg-10\">\n            <small class=\"text-muted\">Andrea Slachevksy, Carlos Eduardo Mu\u00f1oz Neira<\/small>\n        <\/div>\n    <\/div><span class=\"caption-field-publish\"><\/span><\/div><\/div><\/div><\/div><\/div><div class=\"  circle--pattern-bottom-large col-sm-12 col-md-12 img-article\"><div class=\"holder-publish col-md-12\" style=\"border-bottom: 1px solid #B8B8B8\"><div class=\"content-holder h-100 component-border overflow-hidden row m-0 p-4 aling-items-center\"><ul class=\"p-0 list-style-none\"><li class=\"p-0 me-2\"><i class=\"fas fa-solid fa-book fa-fw\"><\/i> Hist\u00f3rias de Vida em Educa\u00e7\u00e3o: a Constru\u00e7\u00e3o do Conhecimento a partir de Hist\u00f3rias de Vida.<\/li><li class=\"p-0 me-2\"><i class=\"fas fa-solid fa-calendar fa-fw\"><\/i> 2013<\/li><\/ul><div class=\"caption col-12 p-0 col-md-12 row m-0 align-items-center\"><div class=\"px-md-1\">    <h3 class=\"fw-medium m-0 small-space pt-2 pb-2 title-ss text-decoration-none border-bottom\">Construyendo nuestros di\u00e1logos. Experiencias de investigaci\u00f3n con historias de vida<\/h3>\n\n    <div class=\"mt-0 row g-3\">\n        \n        <div class=\"col-12 col-sm-6 col-lg-2 border-bottom pb-2\">\n            <small><i class=\"fas fa-solid fa-barcode fa-fw me-2\" style=\"color: #8c9db3;\"><\/i>ISBN<\/small>\n        <\/div>\n\n        <div class=\"col-12 col-sm-6 col-lg-3 border-bottom pb-2\">\n            <small class=\"text-muted\"><\/small>\n        <\/div>\n\n        <div class=\"col-12 col-sm-6 col-lg-2 border-bottom pb-2\">\n            <small><i class=\"fas fa-solid fa-file fa-fw me-2\" style=\"color: #8c9db3;\"><\/i>P\u00e1ginas<\/small>\n        <\/div>\n\n        <div class=\"col-12 col-sm-6 col-lg-5 border-bottom pb-2\">\n            <small class=\"text-muted\">D\u00e9sde la p\u00e1gina 166, hasta la p\u00e1gina 196<\/small>\n        <\/div>\n\n        <div class=\"col-12 col-sm-6 col-lg-2 border-bottom pb-2\">\n            <small><i class=\"fas fa-solid fa-language fa-fw me-2\" style=\"color: #8c9db3;\"><\/i>Idioma<\/small>\n        <\/div>\n\n        <div class=\"col-12 col-sm-6 col-lg-3 border-bottom pb-2\">\n            <small class=\"text-muted\"><\/small>\n        <\/div>\n\n        <div class=\"col-12 col-sm-6 col-lg-2 border-bottom pb-2\">\n            <small><i class=\"fas fa-solid fa-newspaper fa-fw me-2\" style=\"color: #8c9db3;\"><\/i>Editorial<\/small>\n        <\/div>\n\n        <div class=\"col-12 col-sm-6 col-lg-5 border-bottom pb-2\">\n            <small class=\"text-muted\">Universitat de Barcelona.<\/small>\n        <\/div>\n\n        <div class=\"col-12 col-sm-6 col-lg-2 border-bottom pb-2\">\n            <small><i class=\"fas fa-solid fa-user-pen fa-fw me-2\" style=\"color: #8c9db3;\"><\/i>Editores<\/small>\n        <\/div>\n\n        <div class=\"col-12 col-sm-6 col-lg-10 border-bottom pb-2\">\n            <small class=\"text-muted\"><\/small>\n        <\/div>\n\n        <div class=\"col-12 col-sm-6 col-lg-2\">\n            <small><i class=\"fas fa-solid fa-signature fa-fw me-2\" style=\"color: #8c9db3;\"><\/i>Autores<\/small>\n        <\/div>\n\n        <div class=\"col-12 col-sm-6 col-lg-10\">\n            <small class=\"text-muted\">Mar\u00eda Rosario de Lourdes Garc\u00eda-Huidobro Munita<\/small>\n        <\/div>\n    <\/div><span class=\"caption-field-publish\"><\/span><\/div><\/div><\/div><\/div><\/div><div class=\"  circle--pattern-bottom-large col-sm-12 col-md-12 img-article\"><div class=\"holder-publish col-md-12\" style=\"border-bottom: 1px solid #B8B8B8\"><div class=\"content-holder h-100 component-border overflow-hidden row m-0 p-4 aling-items-center\"><ul class=\"p-0 list-style-none\"><li class=\"p-0 me-2\"><i class=\"fas fa-solid fa-book fa-fw\"><\/i> Investigar con j\u00f3venes: \u00bfQu\u00e9 sabemos de los j\u00f3venes como productores de cultura visual?<\/li><li class=\"p-0 me-2\"><i class=\"fas fa-solid fa-calendar fa-fw\"><\/i> 2013<\/li><\/ul><div class=\"caption col-12 p-0 col-md-12 row m-0 align-items-center\"><div class=\"px-md-1\">    <h3 class=\"fw-medium m-0 small-space pt-2 pb-2 title-ss text-decoration-none border-bottom\">El Desaf\u00edos de los j\u00f3venes Chilenos como productores de Cultura Visual<\/h3>\n\n    <div class=\"mt-0 row g-3\">\n        \n        <div class=\"col-12 col-sm-6 col-lg-2 border-bottom pb-2\">\n            <small><i class=\"fas fa-solid fa-barcode fa-fw me-2\" style=\"color: #8c9db3;\"><\/i>ISBN<\/small>\n        <\/div>\n\n        <div class=\"col-12 col-sm-6 col-lg-3 border-bottom pb-2\">\n            <small class=\"text-muted\"><\/small>\n        <\/div>\n\n        <div class=\"col-12 col-sm-6 col-lg-2 border-bottom pb-2\">\n            <small><i class=\"fas fa-solid fa-file fa-fw me-2\" style=\"color: #8c9db3;\"><\/i>P\u00e1ginas<\/small>\n        <\/div>\n\n        <div class=\"col-12 col-sm-6 col-lg-5 border-bottom pb-2\">\n            <small class=\"text-muted\">D\u00e9sde la p\u00e1gina 76, hasta la p\u00e1gina 82<\/small>\n        <\/div>\n\n        <div class=\"col-12 col-sm-6 col-lg-2 border-bottom pb-2\">\n            <small><i class=\"fas fa-solid fa-language fa-fw me-2\" style=\"color: #8c9db3;\"><\/i>Idioma<\/small>\n        <\/div>\n\n        <div class=\"col-12 col-sm-6 col-lg-3 border-bottom pb-2\">\n            <small class=\"text-muted\"><\/small>\n        <\/div>\n\n        <div class=\"col-12 col-sm-6 col-lg-2 border-bottom pb-2\">\n            <small><i class=\"fas fa-solid fa-newspaper fa-fw me-2\" style=\"color: #8c9db3;\"><\/i>Editorial<\/small>\n        <\/div>\n\n        <div class=\"col-12 col-sm-6 col-lg-5 border-bottom pb-2\">\n            <small class=\"text-muted\">Pamiela \u0096 Edarte (UPNA\/NUP)<\/small>\n        <\/div>\n\n        <div class=\"col-12 col-sm-6 col-lg-2 border-bottom pb-2\">\n            <small><i class=\"fas fa-solid fa-user-pen fa-fw me-2\" style=\"color: #8c9db3;\"><\/i>Editores<\/small>\n        <\/div>\n\n        <div class=\"col-12 col-sm-6 col-lg-10 border-bottom pb-2\">\n            <small class=\"text-muted\"><\/small>\n        <\/div>\n\n        <div class=\"col-12 col-sm-6 col-lg-2\">\n            <small><i class=\"fas fa-solid fa-signature fa-fw me-2\" style=\"color: #8c9db3;\"><\/i>Autores<\/small>\n        <\/div>\n\n        <div class=\"col-12 col-sm-6 col-lg-10\">\n            <small class=\"text-muted\">Mar\u00eda Rosario de Lourdes Garc\u00eda-Huidobro Munita<\/small>\n        <\/div>\n    <\/div><span class=\"caption-field-publish\"><\/span><\/div><\/div><\/div><\/div><\/div><div class=\"  circle--pattern-bottom-large col-sm-12 col-md-12 img-article\"><div class=\"holder-publish col-md-12\" style=\"border-bottom: 1px solid #B8B8B8\"><div class=\"content-holder h-100 component-border overflow-hidden row m-0 p-4 aling-items-center\"><ul class=\"p-0 list-style-none\"><li class=\"p-0 me-2\"><i class=\"fas fa-solid fa-book fa-fw\"><\/i> Compartir y dialogar en torno a las experiencias del proceso de investigaci\u00f3n.<\/li><li class=\"p-0 me-2\"><i class=\"fas fa-solid fa-calendar fa-fw\"><\/i> 2013<\/li><\/ul><div class=\"caption col-12 p-0 col-md-12 row m-0 align-items-center\"><div class=\"px-md-1\">    <h3 class=\"fw-medium m-0 small-space pt-2 pb-2 title-ss text-decoration-none border-bottom\">Situando el lugar del otro en mi investigaci\u00f3n. Trabajar con mujeres chilenas artistas y docentes, como parte de mi propia experiencia<\/h3>\n\n    <div class=\"mt-0 row g-3\">\n        \n        <div class=\"col-12 col-sm-6 col-lg-2 border-bottom pb-2\">\n            <small><i class=\"fas fa-solid fa-barcode fa-fw me-2\" style=\"color: #8c9db3;\"><\/i>ISBN<\/small>\n        <\/div>\n\n        <div class=\"col-12 col-sm-6 col-lg-3 border-bottom pb-2\">\n            <small class=\"text-muted\"><\/small>\n        <\/div>\n\n        <div class=\"col-12 col-sm-6 col-lg-2 border-bottom pb-2\">\n            <small><i class=\"fas fa-solid fa-file fa-fw me-2\" style=\"color: #8c9db3;\"><\/i>P\u00e1ginas<\/small>\n        <\/div>\n\n        <div class=\"col-12 col-sm-6 col-lg-5 border-bottom pb-2\">\n            <small class=\"text-muted\">D\u00e9sde la p\u00e1gina 26, hasta la p\u00e1gina 31<\/small>\n        <\/div>\n\n        <div class=\"col-12 col-sm-6 col-lg-2 border-bottom pb-2\">\n            <small><i class=\"fas fa-solid fa-language fa-fw me-2\" style=\"color: #8c9db3;\"><\/i>Idioma<\/small>\n        <\/div>\n\n        <div class=\"col-12 col-sm-6 col-lg-3 border-bottom pb-2\">\n            <small class=\"text-muted\"><\/small>\n        <\/div>\n\n        <div class=\"col-12 col-sm-6 col-lg-2 border-bottom pb-2\">\n            <small><i class=\"fas fa-solid fa-newspaper fa-fw me-2\" style=\"color: #8c9db3;\"><\/i>Editorial<\/small>\n        <\/div>\n\n        <div class=\"col-12 col-sm-6 col-lg-5 border-bottom pb-2\">\n            <small class=\"text-muted\">AUTODOC<\/small>\n        <\/div>\n\n        <div class=\"col-12 col-sm-6 col-lg-2 border-bottom pb-2\">\n            <small><i class=\"fas fa-solid fa-user-pen fa-fw me-2\" style=\"color: #8c9db3;\"><\/i>Editores<\/small>\n        <\/div>\n\n        <div class=\"col-12 col-sm-6 col-lg-10 border-bottom pb-2\">\n            <small class=\"text-muted\"><\/small>\n        <\/div>\n\n        <div class=\"col-12 col-sm-6 col-lg-2\">\n            <small><i class=\"fas fa-solid fa-signature fa-fw me-2\" style=\"color: #8c9db3;\"><\/i>Autores<\/small>\n        <\/div>\n\n        <div class=\"col-12 col-sm-6 col-lg-10\">\n            <small class=\"text-muted\">Mar\u00eda Rosario de Lourdes Garc\u00eda-Huidobro Munita<\/small>\n        <\/div>\n    <\/div><span class=\"caption-field-publish\"><\/span><\/div><\/div><\/div><\/div><\/div><div class=\"  circle--pattern-bottom-large col-sm-12 col-md-12 img-article\"><div class=\"holder-publish col-md-12\" style=\"border-bottom: 1px solid #B8B8B8\"><div class=\"content-holder h-100 component-border overflow-hidden row m-0 p-4 aling-items-center\"><ul class=\"p-0 list-style-none\"><li class=\"p-0 me-2\"><i class=\"fas fa-solid fa-book fa-fw\"><\/i> Actas del Seminario Internacional \u00bfQu\u00e9 leer? \u00bfC\u00f3mo leer? Perspectivas sobre la lectura en la infancia.<\/li><li class=\"p-0 me-2\"><i class=\"fas fa-solid fa-calendar fa-fw\"><\/i> 2013<\/li><\/ul><div class=\"caption col-12 p-0 col-md-12 row m-0 align-items-center\"><div class=\"px-md-1\">    <h3 class=\"fw-medium m-0 small-space pt-2 pb-2 title-ss text-decoration-none border-bottom\">La influencia de la lectura y el lenguaje en el proceso de formaci\u00f3n de la identidad \u00e9tnica de los lectores infantiles<\/h3>\n\n    <div class=\"mt-0 row g-3\">\n        \n        <div class=\"col-12 col-sm-6 col-lg-2 border-bottom pb-2\">\n            <small><i class=\"fas fa-solid fa-barcode fa-fw me-2\" style=\"color: #8c9db3;\"><\/i>ISBN<\/small>\n        <\/div>\n\n        <div class=\"col-12 col-sm-6 col-lg-3 border-bottom pb-2\">\n            <small class=\"text-muted\">978-956-292-429-0<\/small>\n        <\/div>\n\n        <div class=\"col-12 col-sm-6 col-lg-2 border-bottom pb-2\">\n            <small><i class=\"fas fa-solid fa-file fa-fw me-2\" style=\"color: #8c9db3;\"><\/i>P\u00e1ginas<\/small>\n        <\/div>\n\n        <div class=\"col-12 col-sm-6 col-lg-5 border-bottom pb-2\">\n            <small class=\"text-muted\">D\u00e9sde la p\u00e1gina 169-181, hasta la p\u00e1gina <\/small>\n        <\/div>\n\n        <div class=\"col-12 col-sm-6 col-lg-2 border-bottom pb-2\">\n            <small><i class=\"fas fa-solid fa-language fa-fw me-2\" style=\"color: #8c9db3;\"><\/i>Idioma<\/small>\n        <\/div>\n\n        <div class=\"col-12 col-sm-6 col-lg-3 border-bottom pb-2\">\n            <small class=\"text-muted\"><\/small>\n        <\/div>\n\n        <div class=\"col-12 col-sm-6 col-lg-2 border-bottom pb-2\">\n            <small><i class=\"fas fa-solid fa-newspaper fa-fw me-2\" style=\"color: #8c9db3;\"><\/i>Editorial<\/small>\n        <\/div>\n\n        <div class=\"col-12 col-sm-6 col-lg-5 border-bottom pb-2\">\n            <small class=\"text-muted\">Ministerio de Educaci\u00f3n<\/small>\n        <\/div>\n\n        <div class=\"col-12 col-sm-6 col-lg-2 border-bottom pb-2\">\n            <small><i class=\"fas fa-solid fa-user-pen fa-fw me-2\" style=\"color: #8c9db3;\"><\/i>Editores<\/small>\n        <\/div>\n\n        <div class=\"col-12 col-sm-6 col-lg-10 border-bottom pb-2\">\n            <small class=\"text-muted\"><\/small>\n        <\/div>\n\n        <div class=\"col-12 col-sm-6 col-lg-2\">\n            <small><i class=\"fas fa-solid fa-signature fa-fw me-2\" style=\"color: #8c9db3;\"><\/i>Autores<\/small>\n        <\/div>\n\n        <div class=\"col-12 col-sm-6 col-lg-10\">\n            <small class=\"text-muted\">Isabel Ibaceta<\/small>\n        <\/div>\n    <\/div><span class=\"caption-field-publish\"><\/span><\/div><\/div><\/div><\/div><\/div><div class=\"  circle--pattern-bottom-large col-sm-12 col-md-12 img-article\"><div class=\"holder-publish col-md-12\" style=\"border-bottom: 1px solid #B8B8B8\"><div class=\"content-holder h-100 component-border overflow-hidden row m-0 p-4 aling-items-center\"><ul class=\"p-0 list-style-none\"><li class=\"p-0 me-2\"><i class=\"fas fa-solid fa-book fa-fw\"><\/i> Narratives and social memory: Theoretical and methodological approaches<\/li><li class=\"p-0 me-2\"><i class=\"fas fa-solid fa-calendar fa-fw\"><\/i> 2013<\/li><\/ul><div class=\"caption col-12 p-0 col-md-12 row m-0 align-items-center\"><div class=\"px-md-1\">    <h3 class=\"fw-medium m-0 small-space pt-2 pb-2 title-ss text-decoration-none border-bottom\">The past and the present (re)visited: War veterans&#8217; social representations of the Portuguese colonial war<\/h3>\n\n    <div class=\"mt-0 row g-3\">\n        \n        <div class=\"col-12 col-sm-6 col-lg-2 border-bottom pb-2\">\n            <small><i class=\"fas fa-solid fa-barcode fa-fw me-2\" style=\"color: #8c9db3;\"><\/i>ISBN<\/small>\n        <\/div>\n\n        <div class=\"col-12 col-sm-6 col-lg-3 border-bottom pb-2\">\n            <small class=\"text-muted\"><\/small>\n        <\/div>\n\n        <div class=\"col-12 col-sm-6 col-lg-2 border-bottom pb-2\">\n            <small><i class=\"fas fa-solid fa-file fa-fw me-2\" style=\"color: #8c9db3;\"><\/i>P\u00e1ginas<\/small>\n        <\/div>\n\n        <div class=\"col-12 col-sm-6 col-lg-5 border-bottom pb-2\">\n            <small class=\"text-muted\">D\u00e9sde la p\u00e1gina 76, hasta la p\u00e1gina 91<\/small>\n        <\/div>\n\n        <div class=\"col-12 col-sm-6 col-lg-2 border-bottom pb-2\">\n            <small><i class=\"fas fa-solid fa-language fa-fw me-2\" style=\"color: #8c9db3;\"><\/i>Idioma<\/small>\n        <\/div>\n\n        <div class=\"col-12 col-sm-6 col-lg-3 border-bottom pb-2\">\n            <small class=\"text-muted\"><\/small>\n        <\/div>\n\n        <div class=\"col-12 col-sm-6 col-lg-2 border-bottom pb-2\">\n            <small><i class=\"fas fa-solid fa-newspaper fa-fw me-2\" style=\"color: #8c9db3;\"><\/i>Editorial<\/small>\n        <\/div>\n\n        <div class=\"col-12 col-sm-6 col-lg-5 border-bottom pb-2\">\n            <small class=\"text-muted\">Braga: Portugal<\/small>\n        <\/div>\n\n        <div class=\"col-12 col-sm-6 col-lg-2 border-bottom pb-2\">\n            <small><i class=\"fas fa-solid fa-user-pen fa-fw me-2\" style=\"color: #8c9db3;\"><\/i>Editores<\/small>\n        <\/div>\n\n        <div class=\"col-12 col-sm-6 col-lg-10 border-bottom pb-2\">\n            <small class=\"text-muted\">R. Cabecinhas & L. Abadia<\/small>\n        <\/div>\n\n        <div class=\"col-12 col-sm-6 col-lg-2\">\n            <small><i class=\"fas fa-solid fa-signature fa-fw me-2\" style=\"color: #8c9db3;\"><\/i>Autores<\/small>\n        <\/div>\n\n        <div class=\"col-12 col-sm-6 col-lg-10\">\n            <small class=\"text-muted\">Ana Figueiredo, Joaquim Pires Valentim, Bertjan Doosje, Laurent Licata<\/small>\n        <\/div>\n    <\/div><span class=\"caption-field-publish\"><\/span><\/div><\/div><\/div><\/div><\/div><div class=\"  circle--pattern-bottom-large col-sm-12 col-md-12 img-article\"><div class=\"holder-publish col-md-12\" style=\"border-bottom: 1px solid #B8B8B8\"><div class=\"content-holder h-100 component-border overflow-hidden row m-0 p-4 aling-items-center\"><ul class=\"p-0 list-style-none\"><li class=\"p-0 me-2\"><i class=\"fas fa-solid fa-book fa-fw\"><\/i> Discurso especializado: estudios te\u00f3ricos y aplicados<\/li><li class=\"p-0 me-2\"><i class=\"fas fa-solid fa-calendar fa-fw\"><\/i> 2012<\/li><\/ul><div class=\"caption col-12 p-0 col-md-12 row m-0 align-items-center\"><div class=\"px-md-1\">    <h3 class=\"fw-medium m-0 small-space pt-2 pb-2 title-ss text-decoration-none border-bottom\">Estudio contrastivo de monograf\u00edas escritas en las carreras de Educaci\u00f3n, Filosof\u00eda, Historia y Letras<\/h3>\n\n    <div class=\"mt-0 row g-3\">\n        \n        <div class=\"col-12 col-sm-6 col-lg-2 border-bottom pb-2\">\n            <small><i class=\"fas fa-solid fa-barcode fa-fw me-2\" style=\"color: #8c9db3;\"><\/i>ISBN<\/small>\n        <\/div>\n\n        <div class=\"col-12 col-sm-6 col-lg-3 border-bottom pb-2\">\n            <small class=\"text-muted\">978-950-774-221-7<\/small>\n        <\/div>\n\n        <div class=\"col-12 col-sm-6 col-lg-2 border-bottom pb-2\">\n            <small><i class=\"fas fa-solid fa-file fa-fw me-2\" style=\"color: #8c9db3;\"><\/i>P\u00e1ginas<\/small>\n        <\/div>\n\n        <div class=\"col-12 col-sm-6 col-lg-5 border-bottom pb-2\">\n            <small class=\"text-muted\">D\u00e9sde la p\u00e1gina 151, hasta la p\u00e1gina 168<\/small>\n        <\/div>\n\n        <div class=\"col-12 col-sm-6 col-lg-2 border-bottom pb-2\">\n            <small><i class=\"fas fa-solid fa-language fa-fw me-2\" style=\"color: #8c9db3;\"><\/i>Idioma<\/small>\n        <\/div>\n\n        <div class=\"col-12 col-sm-6 col-lg-3 border-bottom pb-2\">\n            <small class=\"text-muted\"><\/small>\n        <\/div>\n\n        <div class=\"col-12 col-sm-6 col-lg-2 border-bottom pb-2\">\n            <small><i class=\"fas fa-solid fa-newspaper fa-fw me-2\" style=\"color: #8c9db3;\"><\/i>Editorial<\/small>\n        <\/div>\n\n        <div class=\"col-12 col-sm-6 col-lg-5 border-bottom pb-2\">\n            <small class=\"text-muted\">Universidad Nacional de Cuyo & Sociedad Argentina de Ling\u00fc\u00edstica<\/small>\n        <\/div>\n\n        <div class=\"col-12 col-sm-6 col-lg-2 border-bottom pb-2\">\n            <small><i class=\"fas fa-solid fa-user-pen fa-fw me-2\" style=\"color: #8c9db3;\"><\/i>Editores<\/small>\n        <\/div>\n\n        <div class=\"col-12 col-sm-6 col-lg-10 border-bottom pb-2\">\n            <small class=\"text-muted\">I. Bosio, V. Castel, G. Ciapuscio, L. Cubo, G. M\u00fcller<\/small>\n        <\/div>\n\n        <div class=\"col-12 col-sm-6 col-lg-2\">\n            <small><i class=\"fas fa-solid fa-signature fa-fw me-2\" style=\"color: #8c9db3;\"><\/i>Autores<\/small>\n        <\/div>\n\n        <div class=\"col-12 col-sm-6 col-lg-10\">\n            <small class=\"text-muted\">Federico Daniel Navarro, Juan Pablo Moris<\/small>\n        <\/div>\n    <\/div><span class=\"caption-field-publish\"><\/span><\/div><\/div><\/div><\/div><\/div><div class=\"  circle--pattern-bottom-large col-sm-12 col-md-12 img-article\"><div class=\"holder-publish col-md-12\" style=\"border-bottom: 1px solid #B8B8B8\"><div class=\"content-holder h-100 component-border overflow-hidden row m-0 p-4 aling-items-center\"><ul class=\"p-0 list-style-none\"><li class=\"p-0 me-2\"><i class=\"fas fa-solid fa-book fa-fw\"><\/i> En carrera: escritura y lectura de textos acad\u00e9micos y profesionales<\/li><li class=\"p-0 me-2\"><i class=\"fas fa-solid fa-calendar fa-fw\"><\/i> 2012<\/li><\/ul><div class=\"caption col-12 p-0 col-md-12 row m-0 align-items-center\"><div class=\"px-md-1\">    <h3 class=\"fw-medium m-0 small-space pt-2 pb-2 title-ss text-decoration-none border-bottom\">La cita bibliogr\u00e1fica<\/h3>\n\n    <div class=\"mt-0 row g-3\">\n        \n        <div class=\"col-12 col-sm-6 col-lg-2 border-bottom pb-2\">\n            <small><i class=\"fas fa-solid fa-barcode fa-fw me-2\" style=\"color: #8c9db3;\"><\/i>ISBN<\/small>\n        <\/div>\n\n        <div class=\"col-12 col-sm-6 col-lg-3 border-bottom pb-2\">\n            <small class=\"text-muted\">978-987-630-119-0<\/small>\n        <\/div>\n\n        <div class=\"col-12 col-sm-6 col-lg-2 border-bottom pb-2\">\n            <small><i class=\"fas fa-solid fa-file fa-fw me-2\" style=\"color: #8c9db3;\"><\/i>P\u00e1ginas<\/small>\n        <\/div>\n\n        <div class=\"col-12 col-sm-6 col-lg-5 border-bottom pb-2\">\n            <small class=\"text-muted\">D\u00e9sde la p\u00e1gina 179, hasta la p\u00e1gina 192<\/small>\n        <\/div>\n\n        <div class=\"col-12 col-sm-6 col-lg-2 border-bottom pb-2\">\n            <small><i class=\"fas fa-solid fa-language fa-fw me-2\" style=\"color: #8c9db3;\"><\/i>Idioma<\/small>\n        <\/div>\n\n        <div class=\"col-12 col-sm-6 col-lg-3 border-bottom pb-2\">\n            <small class=\"text-muted\"><\/small>\n        <\/div>\n\n        <div class=\"col-12 col-sm-6 col-lg-2 border-bottom pb-2\">\n            <small><i class=\"fas fa-solid fa-newspaper fa-fw me-2\" style=\"color: #8c9db3;\"><\/i>Editorial<\/small>\n        <\/div>\n\n        <div class=\"col-12 col-sm-6 col-lg-5 border-bottom pb-2\">\n            <small class=\"text-muted\">UNGS<\/small>\n        <\/div>\n\n        <div class=\"col-12 col-sm-6 col-lg-2 border-bottom pb-2\">\n            <small><i class=\"fas fa-solid fa-user-pen fa-fw me-2\" style=\"color: #8c9db3;\"><\/i>Editores<\/small>\n        <\/div>\n\n        <div class=\"col-12 col-sm-6 col-lg-10 border-bottom pb-2\">\n            <small class=\"text-muted\">L. Natale<\/small>\n        <\/div>\n\n        <div class=\"col-12 col-sm-6 col-lg-2\">\n            <small><i class=\"fas fa-solid fa-signature fa-fw me-2\" style=\"color: #8c9db3;\"><\/i>Autores<\/small>\n        <\/div>\n\n        <div class=\"col-12 col-sm-6 col-lg-10\">\n            <small class=\"text-muted\">Federico Daniel Navarro<\/small>\n        <\/div>\n    <\/div><span class=\"caption-field-publish\"><\/span><\/div><\/div><\/div><\/div><\/div><div class=\"  circle--pattern-bottom-large col-sm-12 col-md-12 img-article\"><div class=\"holder-publish col-md-12\" style=\"border-bottom: 1px solid #B8B8B8\"><div class=\"content-holder h-100 component-border overflow-hidden row m-0 p-4 aling-items-center\"><ul class=\"p-0 list-style-none\"><li class=\"p-0 me-2\"><i class=\"fas fa-solid fa-book fa-fw\"><\/i> En carrera: escritura y lectura de textos acad\u00e9micos y profesionales<\/li><li class=\"p-0 me-2\"><i class=\"fas fa-solid fa-calendar fa-fw\"><\/i> 2012<\/li><\/ul><div class=\"caption col-12 p-0 col-md-12 row m-0 align-items-center\"><div class=\"px-md-1\">    <h3 class=\"fw-medium m-0 small-space pt-2 pb-2 title-ss text-decoration-none border-bottom\">La rese\u00f1a acad\u00e9mica<\/h3>\n\n    <div class=\"mt-0 row g-3\">\n        \n        <div class=\"col-12 col-sm-6 col-lg-2 border-bottom pb-2\">\n            <small><i class=\"fas fa-solid fa-barcode fa-fw me-2\" style=\"color: #8c9db3;\"><\/i>ISBN<\/small>\n        <\/div>\n\n        <div class=\"col-12 col-sm-6 col-lg-3 border-bottom pb-2\">\n            <small class=\"text-muted\">978-987-630-119-0<\/small>\n        <\/div>\n\n        <div class=\"col-12 col-sm-6 col-lg-2 border-bottom pb-2\">\n            <small><i class=\"fas fa-solid fa-file fa-fw me-2\" style=\"color: #8c9db3;\"><\/i>P\u00e1ginas<\/small>\n        <\/div>\n\n        <div class=\"col-12 col-sm-6 col-lg-5 border-bottom pb-2\">\n            <small class=\"text-muted\">D\u00e9sde la p\u00e1gina 39, hasta la p\u00e1gina 59<\/small>\n        <\/div>\n\n        <div class=\"col-12 col-sm-6 col-lg-2 border-bottom pb-2\">\n            <small><i class=\"fas fa-solid fa-language fa-fw me-2\" style=\"color: #8c9db3;\"><\/i>Idioma<\/small>\n        <\/div>\n\n        <div class=\"col-12 col-sm-6 col-lg-3 border-bottom pb-2\">\n            <small class=\"text-muted\"><\/small>\n        <\/div>\n\n        <div class=\"col-12 col-sm-6 col-lg-2 border-bottom pb-2\">\n            <small><i class=\"fas fa-solid fa-newspaper fa-fw me-2\" style=\"color: #8c9db3;\"><\/i>Editorial<\/small>\n        <\/div>\n\n        <div class=\"col-12 col-sm-6 col-lg-5 border-bottom pb-2\">\n            <small class=\"text-muted\">UNGS<\/small>\n        <\/div>\n\n        <div class=\"col-12 col-sm-6 col-lg-2 border-bottom pb-2\">\n            <small><i class=\"fas fa-solid fa-user-pen fa-fw me-2\" style=\"color: #8c9db3;\"><\/i>Editores<\/small>\n        <\/div>\n\n        <div class=\"col-12 col-sm-6 col-lg-10 border-bottom pb-2\">\n            <small class=\"text-muted\">L. Natale<\/small>\n        <\/div>\n\n        <div class=\"col-12 col-sm-6 col-lg-2\">\n            <small><i class=\"fas fa-solid fa-signature fa-fw me-2\" style=\"color: #8c9db3;\"><\/i>Autores<\/small>\n        <\/div>\n\n        <div class=\"col-12 col-sm-6 col-lg-10\">\n            <small class=\"text-muted\">Federico Daniel Navarro, Ana Luz Abramovich<\/small>\n        <\/div>\n    <\/div><span class=\"caption-field-publish\"><\/span><\/div><\/div><\/div><\/div><\/div><div class=\"  circle--pattern-bottom-large col-sm-12 col-md-12 img-article\"><div class=\"holder-publish col-md-12\" style=\"border-bottom: 1px solid #B8B8B8\"><div class=\"content-holder h-100 component-border overflow-hidden row m-0 p-4 aling-items-center\"><ul class=\"p-0 list-style-none\"><li class=\"p-0 me-2\"><i class=\"fas fa-solid fa-book fa-fw\"><\/i> Experiencias Innovadoras en Investigaci\u00f3n Aplicada<\/li><li class=\"p-0 me-2\"><i class=\"fas fa-solid fa-calendar fa-fw\"><\/i> 2012<\/li><\/ul><div class=\"caption col-12 p-0 col-md-12 row m-0 align-items-center\"><div class=\"px-md-1\">    <h3 class=\"fw-medium m-0 small-space pt-2 pb-2 title-ss text-decoration-none border-bottom\">An\u00e1lisis del Nivel de Informaci\u00f3n de los adolescentes escolarizados de la provincia de C\u00f3rdoba, Argentina, respecto al consumo y\/o experimentaci\u00f3n de sustancias psicoactivas<\/h3>\n\n    <div class=\"mt-0 row g-3\">\n        \n        <div class=\"col-12 col-sm-6 col-lg-2 border-bottom pb-2\">\n            <small><i class=\"fas fa-solid fa-barcode fa-fw me-2\" style=\"color: #8c9db3;\"><\/i>ISBN<\/small>\n        <\/div>\n\n        <div class=\"col-12 col-sm-6 col-lg-3 border-bottom pb-2\">\n            <small class=\"text-muted\">978-987-26314-4-4<\/small>\n        <\/div>\n\n        <div class=\"col-12 col-sm-6 col-lg-2 border-bottom pb-2\">\n            <small><i class=\"fas fa-solid fa-file fa-fw me-2\" style=\"color: #8c9db3;\"><\/i>P\u00e1ginas<\/small>\n        <\/div>\n\n        <div class=\"col-12 col-sm-6 col-lg-5 border-bottom pb-2\">\n            <small class=\"text-muted\">D\u00e9sde la p\u00e1gina 219, hasta la p\u00e1gina 232<\/small>\n        <\/div>\n\n        <div class=\"col-12 col-sm-6 col-lg-2 border-bottom pb-2\">\n            <small><i class=\"fas fa-solid fa-language fa-fw me-2\" style=\"color: #8c9db3;\"><\/i>Idioma<\/small>\n        <\/div>\n\n        <div class=\"col-12 col-sm-6 col-lg-3 border-bottom pb-2\">\n            <small class=\"text-muted\">Espa\u00f1ol<\/small>\n        <\/div>\n\n        <div class=\"col-12 col-sm-6 col-lg-2 border-bottom pb-2\">\n            <small><i class=\"fas fa-solid fa-newspaper fa-fw me-2\" style=\"color: #8c9db3;\"><\/i>Editorial<\/small>\n        <\/div>\n\n        <div class=\"col-12 col-sm-6 col-lg-5 border-bottom pb-2\">\n            <small class=\"text-muted\">Ediciones DASS-UCSE<\/small>\n        <\/div>\n\n        <div class=\"col-12 col-sm-6 col-lg-2 border-bottom pb-2\">\n            <small><i class=\"fas fa-solid fa-user-pen fa-fw me-2\" style=\"color: #8c9db3;\"><\/i>Editores<\/small>\n        <\/div>\n\n        <div class=\"col-12 col-sm-6 col-lg-10 border-bottom pb-2\">\n            <small class=\"text-muted\">Noelia Pe\u00f1aranda; Susana Zazarini; Ignacio F. Bejarano<\/small>\n        <\/div>\n\n        <div class=\"col-12 col-sm-6 col-lg-2\">\n            <small><i class=\"fas fa-solid fa-signature fa-fw me-2\" style=\"color: #8c9db3;\"><\/i>Autores<\/small>\n        <\/div>\n\n        <div class=\"col-12 col-sm-6 col-lg-10\">\n            <small class=\"text-muted\">Mar\u00eda Soledad Burrone Colombino, Julio Enders, Marcela Lucchese, Mar\u00eda Bel\u00e9n Villac\u00e9, Roberto Ariel Abelda\u00f1o, Alicia Ruth Fern\u00e1ndez<\/small>\n        <\/div>\n    <\/div><span class=\"caption-field-publish\"><\/span><\/div><\/div><\/div><\/div><\/div><div class=\"  circle--pattern-bottom-large col-sm-12 col-md-12 img-article\"><div class=\"holder-publish col-md-12\" style=\"border-bottom: 1px solid #B8B8B8\"><div class=\"content-holder h-100 component-border overflow-hidden row m-0 p-4 aling-items-center\"><ul class=\"p-0 list-style-none\"><li class=\"p-0 me-2\"><i class=\"fas fa-solid fa-book fa-fw\"><\/i> Experiencias Innovadoras en Investigaci\u00f3n Aplicada<\/li><li class=\"p-0 me-2\"><i class=\"fas fa-solid fa-calendar fa-fw\"><\/i> 2012<\/li><\/ul><div class=\"caption col-12 p-0 col-md-12 row m-0 align-items-center\"><div class=\"px-md-1\">    <h3 class=\"fw-medium m-0 small-space pt-2 pb-2 title-ss text-decoration-none border-bottom\">Mortalidad por Causas Externas en Adolescentes y J\u00f3venes en Argentina. 2000- 2008<\/h3>\n\n    <div class=\"mt-0 row g-3\">\n        \n        <div class=\"col-12 col-sm-6 col-lg-2 border-bottom pb-2\">\n            <small><i class=\"fas fa-solid fa-barcode fa-fw me-2\" style=\"color: #8c9db3;\"><\/i>ISBN<\/small>\n        <\/div>\n\n        <div class=\"col-12 col-sm-6 col-lg-3 border-bottom pb-2\">\n            <small class=\"text-muted\">978-987-26314-4-4<\/small>\n        <\/div>\n\n        <div class=\"col-12 col-sm-6 col-lg-2 border-bottom pb-2\">\n            <small><i class=\"fas fa-solid fa-file fa-fw me-2\" style=\"color: #8c9db3;\"><\/i>P\u00e1ginas<\/small>\n        <\/div>\n\n        <div class=\"col-12 col-sm-6 col-lg-5 border-bottom pb-2\">\n            <small class=\"text-muted\">D\u00e9sde la p\u00e1gina 525, hasta la p\u00e1gina 530<\/small>\n        <\/div>\n\n        <div class=\"col-12 col-sm-6 col-lg-2 border-bottom pb-2\">\n            <small><i class=\"fas fa-solid fa-language fa-fw me-2\" style=\"color: #8c9db3;\"><\/i>Idioma<\/small>\n        <\/div>\n\n        <div class=\"col-12 col-sm-6 col-lg-3 border-bottom pb-2\">\n            <small class=\"text-muted\">Espa\u00f1ol<\/small>\n        <\/div>\n\n        <div class=\"col-12 col-sm-6 col-lg-2 border-bottom pb-2\">\n            <small><i class=\"fas fa-solid fa-newspaper fa-fw me-2\" style=\"color: #8c9db3;\"><\/i>Editorial<\/small>\n        <\/div>\n\n        <div class=\"col-12 col-sm-6 col-lg-5 border-bottom pb-2\">\n            <small class=\"text-muted\">Ediciones DASS-UCSE<\/small>\n        <\/div>\n\n        <div class=\"col-12 col-sm-6 col-lg-2 border-bottom pb-2\">\n            <small><i class=\"fas fa-solid fa-user-pen fa-fw me-2\" style=\"color: #8c9db3;\"><\/i>Editores<\/small>\n        <\/div>\n\n        <div class=\"col-12 col-sm-6 col-lg-10 border-bottom pb-2\">\n            <small class=\"text-muted\">Noelia Pe\u00f1aranda; Susana Zazarini; Ignacio F. Bejarano<\/small>\n        <\/div>\n\n        <div class=\"col-12 col-sm-6 col-lg-2\">\n            <small><i class=\"fas fa-solid fa-signature fa-fw me-2\" style=\"color: #8c9db3;\"><\/i>Autores<\/small>\n        <\/div>\n\n        <div class=\"col-12 col-sm-6 col-lg-10\">\n            <small class=\"text-muted\">M.J. Lopez de Neira, M\u00f3nica Bella, Mar\u00eda Bel\u00e9n Villac\u00e9, Laura Acosta, Marcela Lucchese, Ver\u00f3nica Gallo, Cecilia Menel, Consuelo Escuti, Milena Vila, Mar\u00eda Soledad Burrone Colombino, Julio Enders, Alicia Ruth Fern\u00e1ndez<\/small>\n        <\/div>\n    <\/div><span class=\"caption-field-publish\"><\/span><\/div><\/div><\/div><\/div><\/div><div class=\"  circle--pattern-bottom-large col-sm-12 col-md-12 img-article\"><div class=\"holder-publish col-md-12\" style=\"border-bottom: 1px solid #B8B8B8\"><div class=\"content-holder h-100 component-border overflow-hidden row m-0 p-4 aling-items-center\"><ul class=\"p-0 list-style-none\"><li class=\"p-0 me-2\"><i class=\"fas fa-solid fa-book fa-fw\"><\/i> Experiencias Innovadoras en Investigaci\u00f3n Aplicada<\/li><li class=\"p-0 me-2\"><i class=\"fas fa-solid fa-calendar fa-fw\"><\/i> 2012<\/li><\/ul><div class=\"caption col-12 p-0 col-md-12 row m-0 align-items-center\"><div class=\"px-md-1\">    <h3 class=\"fw-medium m-0 small-space pt-2 pb-2 title-ss text-decoration-none border-bottom\">Salud mental y consumo de alcohol en adolescentes: indagaci\u00f3n en la comunidad abordada desde la salud p\u00fablica<\/h3>\n\n    <div class=\"mt-0 row g-3\">\n        \n        <div class=\"col-12 col-sm-6 col-lg-2 border-bottom pb-2\">\n            <small><i class=\"fas fa-solid fa-barcode fa-fw me-2\" style=\"color: #8c9db3;\"><\/i>ISBN<\/small>\n        <\/div>\n\n        <div class=\"col-12 col-sm-6 col-lg-3 border-bottom pb-2\">\n            <small class=\"text-muted\">978-987-26314-4-4<\/small>\n        <\/div>\n\n        <div class=\"col-12 col-sm-6 col-lg-2 border-bottom pb-2\">\n            <small><i class=\"fas fa-solid fa-file fa-fw me-2\" style=\"color: #8c9db3;\"><\/i>P\u00e1ginas<\/small>\n        <\/div>\n\n        <div class=\"col-12 col-sm-6 col-lg-5 border-bottom pb-2\">\n            <small class=\"text-muted\">D\u00e9sde la p\u00e1gina 365, hasta la p\u00e1gina 372<\/small>\n        <\/div>\n\n        <div class=\"col-12 col-sm-6 col-lg-2 border-bottom pb-2\">\n            <small><i class=\"fas fa-solid fa-language fa-fw me-2\" style=\"color: #8c9db3;\"><\/i>Idioma<\/small>\n        <\/div>\n\n        <div class=\"col-12 col-sm-6 col-lg-3 border-bottom pb-2\">\n            <small class=\"text-muted\">Espa\u00f1ol<\/small>\n        <\/div>\n\n        <div class=\"col-12 col-sm-6 col-lg-2 border-bottom pb-2\">\n            <small><i class=\"fas fa-solid fa-newspaper fa-fw me-2\" style=\"color: #8c9db3;\"><\/i>Editorial<\/small>\n        <\/div>\n\n        <div class=\"col-12 col-sm-6 col-lg-5 border-bottom pb-2\">\n            <small class=\"text-muted\">Ediciones DASS-UCSE<\/small>\n        <\/div>\n\n        <div class=\"col-12 col-sm-6 col-lg-2 border-bottom pb-2\">\n            <small><i class=\"fas fa-solid fa-user-pen fa-fw me-2\" style=\"color: #8c9db3;\"><\/i>Editores<\/small>\n        <\/div>\n\n        <div class=\"col-12 col-sm-6 col-lg-10 border-bottom pb-2\">\n            <small class=\"text-muted\">Noelia Pe\u00f1aranda; Susana Zazarini; Ignacio F. Bejarano<\/small>\n        <\/div>\n\n        <div class=\"col-12 col-sm-6 col-lg-2\">\n            <small><i class=\"fas fa-solid fa-signature fa-fw me-2\" style=\"color: #8c9db3;\"><\/i>Autores<\/small>\n        <\/div>\n\n        <div class=\"col-12 col-sm-6 col-lg-10\">\n            <small class=\"text-muted\">Fern\u00e1ndez, Alicia Ruth, Bella, M\u00f3nica, Escuti, Consuelo, Gallo, Ver\u00f3nica, Lucchese, Marcela, Menel, Cecilia, Vila, Milena, Villac\u00e9, Mar\u00eda Bel\u00e9n, Acosta, Laura D\u00e9bora, Mar\u00eda Soledad Burrone Colombino, Abelda\u00f1o, Roberto Ariel, Labadi\u00e9, Sirley<\/small>\n        <\/div>\n    <\/div><span class=\"caption-field-publish\"><\/span><\/div><\/div><\/div><\/div><\/div><div class=\"  circle--pattern-bottom-large col-sm-12 col-md-12 img-article\"><div class=\"holder-publish col-md-12\" style=\"border-bottom: 1px solid #B8B8B8\"><div class=\"content-holder h-100 component-border overflow-hidden row m-0 p-4 aling-items-center\"><ul class=\"p-0 list-style-none\"><li class=\"p-0 me-2\"><i class=\"fas fa-solid fa-book fa-fw\"><\/i> Jam\u00e1s tan cerca arremeti\u00f3 tan lejos. Inversiones extraterritoriales, crisis ambiental y acci\u00f3n colectiva en Am\u00e9rica Latina<\/li><li class=\"p-0 me-2\"><i class=\"fas fa-solid fa-calendar fa-fw\"><\/i> 2012<\/li><\/ul><div class=\"caption col-12 p-0 col-md-12 row m-0 align-items-center\"><div class=\"px-md-1\">    <h3 class=\"fw-medium m-0 small-space pt-2 pb-2 title-ss text-decoration-none border-bottom\">Discursos y estrategias en torno a la sustentabilidad del agua en la regi\u00f3n de O\u0092Higgins<\/h3>\n\n    <div class=\"mt-0 row g-3\">\n        \n        <div class=\"col-12 col-sm-6 col-lg-2 border-bottom pb-2\">\n            <small><i class=\"fas fa-solid fa-barcode fa-fw me-2\" style=\"color: #8c9db3;\"><\/i>ISBN<\/small>\n        <\/div>\n\n        <div class=\"col-12 col-sm-6 col-lg-3 border-bottom pb-2\">\n            <small class=\"text-muted\"><\/small>\n        <\/div>\n\n        <div class=\"col-12 col-sm-6 col-lg-2 border-bottom pb-2\">\n            <small><i class=\"fas fa-solid fa-file fa-fw me-2\" style=\"color: #8c9db3;\"><\/i>P\u00e1ginas<\/small>\n        <\/div>\n\n        <div class=\"col-12 col-sm-6 col-lg-5 border-bottom pb-2\">\n            <small class=\"text-muted\">D\u00e9sde la p\u00e1gina , hasta la p\u00e1gina <\/small>\n        <\/div>\n\n        <div class=\"col-12 col-sm-6 col-lg-2 border-bottom pb-2\">\n            <small><i class=\"fas fa-solid fa-language fa-fw me-2\" style=\"color: #8c9db3;\"><\/i>Idioma<\/small>\n        <\/div>\n\n        <div class=\"col-12 col-sm-6 col-lg-3 border-bottom pb-2\">\n            <small class=\"text-muted\"><\/small>\n        <\/div>\n\n        <div class=\"col-12 col-sm-6 col-lg-2 border-bottom pb-2\">\n            <small><i class=\"fas fa-solid fa-newspaper fa-fw me-2\" style=\"color: #8c9db3;\"><\/i>Editorial<\/small>\n        <\/div>\n\n        <div class=\"col-12 col-sm-6 col-lg-5 border-bottom pb-2\">\n            <small class=\"text-muted\">Ediciones La Tierra<\/small>\n        <\/div>\n\n        <div class=\"col-12 col-sm-6 col-lg-2 border-bottom pb-2\">\n            <small><i class=\"fas fa-solid fa-user-pen fa-fw me-2\" style=\"color: #8c9db3;\"><\/i>Editores<\/small>\n        <\/div>\n\n        <div class=\"col-12 col-sm-6 col-lg-10 border-bottom pb-2\">\n            <small class=\"text-muted\">Ospina, Pablo y Hollenstein, Patric<\/small>\n        <\/div>\n\n        <div class=\"col-12 col-sm-6 col-lg-2\">\n            <small><i class=\"fas fa-solid fa-signature fa-fw me-2\" style=\"color: #8c9db3;\"><\/i>Autores<\/small>\n        <\/div>\n\n        <div class=\"col-12 col-sm-6 col-lg-10\">\n            <small class=\"text-muted\">Manuela Ji Mendoza Horvitz<\/small>\n        <\/div>\n    <\/div><span class=\"caption-field-publish\"><\/span><\/div><\/div><\/div><\/div><\/div><div class=\"  circle--pattern-bottom-large col-sm-12 col-md-12 img-article\"><div class=\"holder-publish col-md-12\" style=\"border-bottom: 1px solid #B8B8B8\"><div class=\"content-holder h-100 component-border overflow-hidden row m-0 p-4 aling-items-center\"><ul class=\"p-0 list-style-none\"><li class=\"p-0 me-2\"><i class=\"fas fa-solid fa-book fa-fw\"><\/i> La trama social de las pr\u00e1cticas culturales: sociedad y subjetividad en el consumo cultural de los chilenos<\/li><li class=\"p-0 me-2\"><i class=\"fas fa-solid fa-calendar fa-fw\"><\/i> 2012<\/li><\/ul><div class=\"caption col-12 p-0 col-md-12 row m-0 align-items-center\"><div class=\"px-md-1\">    <h3 class=\"fw-medium m-0 small-space pt-2 pb-2 title-ss text-decoration-none border-bottom\">Edades y consumos culturales: industrias culturales, oferta y diversificaci\u00f3n de mercados<\/h3>\n\n    <div class=\"mt-0 row g-3\">\n        \n        <div class=\"col-12 col-sm-6 col-lg-2 border-bottom pb-2\">\n            <small><i class=\"fas fa-solid fa-barcode fa-fw me-2\" style=\"color: #8c9db3;\"><\/i>ISBN<\/small>\n        <\/div>\n\n        <div class=\"col-12 col-sm-6 col-lg-3 border-bottom pb-2\">\n            <small class=\"text-muted\"><\/small>\n        <\/div>\n\n        <div class=\"col-12 col-sm-6 col-lg-2 border-bottom pb-2\">\n            <small><i class=\"fas fa-solid fa-file fa-fw me-2\" style=\"color: #8c9db3;\"><\/i>P\u00e1ginas<\/small>\n        <\/div>\n\n        <div class=\"col-12 col-sm-6 col-lg-5 border-bottom pb-2\">\n            <small class=\"text-muted\">D\u00e9sde la p\u00e1gina , hasta la p\u00e1gina <\/small>\n        <\/div>\n\n        <div class=\"col-12 col-sm-6 col-lg-2 border-bottom pb-2\">\n            <small><i class=\"fas fa-solid fa-language fa-fw me-2\" style=\"color: #8c9db3;\"><\/i>Idioma<\/small>\n        <\/div>\n\n        <div class=\"col-12 col-sm-6 col-lg-3 border-bottom pb-2\">\n            <small class=\"text-muted\"><\/small>\n        <\/div>\n\n        <div class=\"col-12 col-sm-6 col-lg-2 border-bottom pb-2\">\n            <small><i class=\"fas fa-solid fa-newspaper fa-fw me-2\" style=\"color: #8c9db3;\"><\/i>Editorial<\/small>\n        <\/div>\n\n        <div class=\"col-12 col-sm-6 col-lg-5 border-bottom pb-2\">\n            <small class=\"text-muted\">Ediciones Universidad Alberto Hurtado<\/small>\n        <\/div>\n\n        <div class=\"col-12 col-sm-6 col-lg-2 border-bottom pb-2\">\n            <small><i class=\"fas fa-solid fa-user-pen fa-fw me-2\" style=\"color: #8c9db3;\"><\/i>Editores<\/small>\n        <\/div>\n\n        <div class=\"col-12 col-sm-6 col-lg-10 border-bottom pb-2\">\n            <small class=\"text-muted\">G\u00fcell, Pedro y Peters, Tom\u00e1s<\/small>\n        <\/div>\n\n        <div class=\"col-12 col-sm-6 col-lg-2\">\n            <small><i class=\"fas fa-solid fa-signature fa-fw me-2\" style=\"color: #8c9db3;\"><\/i>Autores<\/small>\n        <\/div>\n\n        <div class=\"col-12 col-sm-6 col-lg-10\">\n            <small class=\"text-muted\">Manuela Ji Mendoza Horvitz<\/small>\n        <\/div>\n    <\/div><span class=\"caption-field-publish\"><\/span><\/div><\/div><\/div><\/div><\/div><div class=\"  circle--pattern-bottom-large col-sm-12 col-md-12 img-article\"><div class=\"holder-publish col-md-12\" style=\"border-bottom: 1px solid #B8B8B8\"><div class=\"content-holder h-100 component-border overflow-hidden row m-0 p-4 aling-items-center\"><ul class=\"p-0 list-style-none\"><li class=\"p-0 me-2\"><i class=\"fas fa-solid fa-book fa-fw\"><\/i> Chemometrics in Practical application<\/li><li class=\"p-0 me-2\"><i class=\"fas fa-solid fa-calendar fa-fw\"><\/i> 2012<\/li><\/ul><div class=\"caption col-12 p-0 col-md-12 row m-0 align-items-center\"><div class=\"px-md-1\">    <h3 class=\"fw-medium m-0 small-space pt-2 pb-2 title-ss text-decoration-none border-bottom\">Metabolomics and chemometrics as tools for chemo (bio) diversity analysis &#8211; maize landraces and propolis<\/h3>\n\n    <div class=\"mt-0 row g-3\">\n        \n        <div class=\"col-12 col-sm-6 col-lg-2 border-bottom pb-2\">\n            <small><i class=\"fas fa-solid fa-barcode fa-fw me-2\" style=\"color: #8c9db3;\"><\/i>ISBN<\/small>\n        <\/div>\n\n        <div class=\"col-12 col-sm-6 col-lg-3 border-bottom pb-2\">\n            <small class=\"text-muted\"><\/small>\n        <\/div>\n\n        <div class=\"col-12 col-sm-6 col-lg-2 border-bottom pb-2\">\n            <small><i class=\"fas fa-solid fa-file fa-fw me-2\" style=\"color: #8c9db3;\"><\/i>P\u00e1ginas<\/small>\n        <\/div>\n\n        <div class=\"col-12 col-sm-6 col-lg-5 border-bottom pb-2\">\n            <small class=\"text-muted\">D\u00e9sde la p\u00e1gina 1, hasta la p\u00e1gina 338<\/small>\n        <\/div>\n\n        <div class=\"col-12 col-sm-6 col-lg-2 border-bottom pb-2\">\n            <small><i class=\"fas fa-solid fa-language fa-fw me-2\" style=\"color: #8c9db3;\"><\/i>Idioma<\/small>\n        <\/div>\n\n        <div class=\"col-12 col-sm-6 col-lg-3 border-bottom pb-2\">\n            <small class=\"text-muted\">Ingl\u00e9s<\/small>\n        <\/div>\n\n        <div class=\"col-12 col-sm-6 col-lg-2 border-bottom pb-2\">\n            <small><i class=\"fas fa-solid fa-newspaper fa-fw me-2\" style=\"color: #8c9db3;\"><\/i>Editorial<\/small>\n        <\/div>\n\n        <div class=\"col-12 col-sm-6 col-lg-5 border-bottom pb-2\">\n            <small class=\"text-muted\">IntechOpen<\/small>\n        <\/div>\n\n        <div class=\"col-12 col-sm-6 col-lg-2 border-bottom pb-2\">\n            <small><i class=\"fas fa-solid fa-user-pen fa-fw me-2\" style=\"color: #8c9db3;\"><\/i>Editores<\/small>\n        <\/div>\n\n        <div class=\"col-12 col-sm-6 col-lg-10 border-bottom pb-2\">\n            <small class=\"text-muted\">Kurt Varmuza<\/small>\n        <\/div>\n\n        <div class=\"col-12 col-sm-6 col-lg-2\">\n            <small><i class=\"fas fa-solid fa-signature fa-fw me-2\" style=\"color: #8c9db3;\"><\/i>Autores<\/small>\n        <\/div>\n\n        <div class=\"col-12 col-sm-6 col-lg-10\">\n            <small class=\"text-muted\">Virgilio Gavicho<\/small>\n        <\/div>\n    <\/div><span class=\"caption-field-publish\"><\/span><\/div><\/div><\/div><\/div><\/div><div class=\"  circle--pattern-bottom-large col-sm-12 col-md-12 img-article\"><div class=\"holder-publish col-md-12\" style=\"border-bottom: 1px solid #B8B8B8\"><div class=\"content-holder h-100 component-border overflow-hidden row m-0 p-4 aling-items-center\"><ul class=\"p-0 list-style-none\"><li class=\"p-0 me-2\"><i class=\"fas fa-solid fa-book fa-fw\"><\/i> Muscular Dystrophy<\/li><li class=\"p-0 me-2\"><i class=\"fas fa-solid fa-calendar fa-fw\"><\/i> 2012<\/li><\/ul><div class=\"caption col-12 p-0 col-md-12 row m-0 align-items-center\"><div class=\"px-md-1\">    <h3 class=\"fw-medium m-0 small-space pt-2 pb-2 title-ss text-decoration-none border-bottom\">Altered Gene Expression Pathways in Duchenne Muscular Dystrophy<\/h3>\n\n    <div class=\"mt-0 row g-3\">\n        \n        <div class=\"col-12 col-sm-6 col-lg-2 border-bottom pb-2\">\n            <small><i class=\"fas fa-solid fa-barcode fa-fw me-2\" style=\"color: #8c9db3;\"><\/i>ISBN<\/small>\n        <\/div>\n\n        <div class=\"col-12 col-sm-6 col-lg-3 border-bottom pb-2\">\n            <small class=\"text-muted\">978-953-51-0603-6<\/small>\n        <\/div>\n\n        <div class=\"col-12 col-sm-6 col-lg-2 border-bottom pb-2\">\n            <small><i class=\"fas fa-solid fa-file fa-fw me-2\" style=\"color: #8c9db3;\"><\/i>P\u00e1ginas<\/small>\n        <\/div>\n\n        <div class=\"col-12 col-sm-6 col-lg-5 border-bottom pb-2\">\n            <small class=\"text-muted\">D\u00e9sde la p\u00e1gina , hasta la p\u00e1gina <\/small>\n        <\/div>\n\n        <div class=\"col-12 col-sm-6 col-lg-2 border-bottom pb-2\">\n            <small><i class=\"fas fa-solid fa-language fa-fw me-2\" style=\"color: #8c9db3;\"><\/i>Idioma<\/small>\n        <\/div>\n\n        <div class=\"col-12 col-sm-6 col-lg-3 border-bottom pb-2\">\n            <small class=\"text-muted\">Ingl\u00e9s<\/small>\n        <\/div>\n\n        <div class=\"col-12 col-sm-6 col-lg-2 border-bottom pb-2\">\n            <small><i class=\"fas fa-solid fa-newspaper fa-fw me-2\" style=\"color: #8c9db3;\"><\/i>Editorial<\/small>\n        <\/div>\n\n        <div class=\"col-12 col-sm-6 col-lg-5 border-bottom pb-2\">\n            <small class=\"text-muted\">Intech<\/small>\n        <\/div>\n\n        <div class=\"col-12 col-sm-6 col-lg-2 border-bottom pb-2\">\n            <small><i class=\"fas fa-solid fa-user-pen fa-fw me-2\" style=\"color: #8c9db3;\"><\/i>Editores<\/small>\n        <\/div>\n\n        <div class=\"col-12 col-sm-6 col-lg-10 border-bottom pb-2\">\n            <small class=\"text-muted\">Dr. Madhuri Hegde<\/small>\n        <\/div>\n\n        <div class=\"col-12 col-sm-6 col-lg-2\">\n            <small><i class=\"fas fa-solid fa-signature fa-fw me-2\" style=\"color: #8c9db3;\"><\/i>Autores<\/small>\n        <\/div>\n\n        <div class=\"col-12 col-sm-6 col-lg-10\">\n            <small class=\"text-muted\">Denisse Mayara Valladares Ide<\/small>\n        <\/div>\n    <\/div><span class=\"caption-field-publish\"><\/span><\/div><\/div><\/div><\/div><\/div><div class=\"  circle--pattern-bottom-large col-sm-12 col-md-12 img-article\"><div class=\"holder-publish col-md-12\" style=\"border-bottom: 1px solid #B8B8B8\"><div class=\"content-holder h-100 component-border overflow-hidden row m-0 p-4 aling-items-center\"><ul class=\"p-0 list-style-none\"><li class=\"p-0 me-2\"><i class=\"fas fa-solid fa-book fa-fw\"><\/i> Evidencias para Pol\u00edticas P\u00fablicas en Educaci\u00f3n<\/li><li class=\"p-0 me-2\"><i class=\"fas fa-solid fa-calendar fa-fw\"><\/i> 2012<\/li><\/ul><div class=\"caption col-12 p-0 col-md-12 row m-0 align-items-center\"><div class=\"px-md-1\">    <h3 class=\"fw-medium m-0 small-space pt-2 pb-2 title-ss text-decoration-none border-bottom\">Resiliencia acad\u00e9mica en comprensi\u00f3n lectora. J\u00f3venes chilenos en condiciones de pobreza participantes en OECD-PISA 2001 \u0096 2009<\/h3>\n\n    <div class=\"mt-0 row g-3\">\n        \n        <div class=\"col-12 col-sm-6 col-lg-2 border-bottom pb-2\">\n            <small><i class=\"fas fa-solid fa-barcode fa-fw me-2\" style=\"color: #8c9db3;\"><\/i>ISBN<\/small>\n        <\/div>\n\n        <div class=\"col-12 col-sm-6 col-lg-3 border-bottom pb-2\">\n            <small class=\"text-muted\">978-956-292-361-3<\/small>\n        <\/div>\n\n        <div class=\"col-12 col-sm-6 col-lg-2 border-bottom pb-2\">\n            <small><i class=\"fas fa-solid fa-file fa-fw me-2\" style=\"color: #8c9db3;\"><\/i>P\u00e1ginas<\/small>\n        <\/div>\n\n        <div class=\"col-12 col-sm-6 col-lg-5 border-bottom pb-2\">\n            <small class=\"text-muted\">D\u00e9sde la p\u00e1gina 133, hasta la p\u00e1gina 174<\/small>\n        <\/div>\n\n        <div class=\"col-12 col-sm-6 col-lg-2 border-bottom pb-2\">\n            <small><i class=\"fas fa-solid fa-language fa-fw me-2\" style=\"color: #8c9db3;\"><\/i>Idioma<\/small>\n        <\/div>\n\n        <div class=\"col-12 col-sm-6 col-lg-3 border-bottom pb-2\">\n            <small class=\"text-muted\">Espa\u00f1ol<\/small>\n        <\/div>\n\n        <div class=\"col-12 col-sm-6 col-lg-2 border-bottom pb-2\">\n            <small><i class=\"fas fa-solid fa-newspaper fa-fw me-2\" style=\"color: #8c9db3;\"><\/i>Editorial<\/small>\n        <\/div>\n\n        <div class=\"col-12 col-sm-6 col-lg-5 border-bottom pb-2\">\n            <small class=\"text-muted\">Centro de Estudios MINEDUC<\/small>\n        <\/div>\n\n        <div class=\"col-12 col-sm-6 col-lg-2 border-bottom pb-2\">\n            <small><i class=\"fas fa-solid fa-user-pen fa-fw me-2\" style=\"color: #8c9db3;\"><\/i>Editores<\/small>\n        <\/div>\n\n        <div class=\"col-12 col-sm-6 col-lg-10 border-bottom pb-2\">\n            <small class=\"text-muted\"><\/small>\n        <\/div>\n\n        <div class=\"col-12 col-sm-6 col-lg-2\">\n            <small><i class=\"fas fa-solid fa-signature fa-fw me-2\" style=\"color: #8c9db3;\"><\/i>Autores<\/small>\n        <\/div>\n\n        <div class=\"col-12 col-sm-6 col-lg-10\">\n            <small class=\"text-muted\">Gabriela Elizabeth G\u00f3mez Vera, Juan Pablo Valenzuela C\u00e9spedes, Carmen Sotomayor<\/small>\n        <\/div>\n    <\/div><span class=\"caption-field-publish\"><\/span><\/div><\/div><\/div><\/div><\/div><div class=\"  circle--pattern-bottom-large col-sm-12 col-md-12 img-article\"><div class=\"holder-publish col-md-12\" style=\"border-bottom: 1px solid #B8B8B8\"><div class=\"content-holder h-100 component-border overflow-hidden row m-0 p-4 aling-items-center\"><ul class=\"p-0 list-style-none\"><li class=\"p-0 me-2\"><i class=\"fas fa-solid fa-book fa-fw\"><\/i> El cultivo de Ar\u00e1ndanos en Chile<\/li><li class=\"p-0 me-2\"><i class=\"fas fa-solid fa-calendar fa-fw\"><\/i> 2012<\/li><\/ul><div class=\"caption col-12 p-0 col-md-12 row m-0 align-items-center\"><div class=\"px-md-1\">    <h3 class=\"fw-medium m-0 small-space pt-2 pb-2 title-ss text-decoration-none border-bottom\">Aspectos generales de bot\u00e1nica del ar\u00e1ndano alto<\/h3>\n\n    <div class=\"mt-0 row g-3\">\n        \n        <div class=\"col-12 col-sm-6 col-lg-2 border-bottom pb-2\">\n            <small><i class=\"fas fa-solid fa-barcode fa-fw me-2\" style=\"color: #8c9db3;\"><\/i>ISBN<\/small>\n        <\/div>\n\n        <div class=\"col-12 col-sm-6 col-lg-3 border-bottom pb-2\">\n            <small class=\"text-muted\">978-956-7019-91-5<\/small>\n        <\/div>\n\n        <div class=\"col-12 col-sm-6 col-lg-2 border-bottom pb-2\">\n            <small><i class=\"fas fa-solid fa-file fa-fw me-2\" style=\"color: #8c9db3;\"><\/i>P\u00e1ginas<\/small>\n        <\/div>\n\n        <div class=\"col-12 col-sm-6 col-lg-5 border-bottom pb-2\">\n            <small class=\"text-muted\">D\u00e9sde la p\u00e1gina 9, hasta la p\u00e1gina 16<\/small>\n        <\/div>\n\n        <div class=\"col-12 col-sm-6 col-lg-2 border-bottom pb-2\">\n            <small><i class=\"fas fa-solid fa-language fa-fw me-2\" style=\"color: #8c9db3;\"><\/i>Idioma<\/small>\n        <\/div>\n\n        <div class=\"col-12 col-sm-6 col-lg-3 border-bottom pb-2\">\n            <small class=\"text-muted\">Espa\u00f1ol<\/small>\n        <\/div>\n\n        <div class=\"col-12 col-sm-6 col-lg-2 border-bottom pb-2\">\n            <small><i class=\"fas fa-solid fa-newspaper fa-fw me-2\" style=\"color: #8c9db3;\"><\/i>Editorial<\/small>\n        <\/div>\n\n        <div class=\"col-12 col-sm-6 col-lg-5 border-bottom pb-2\">\n            <small class=\"text-muted\">Universidad Cat\u00f3lica de Temuco<\/small>\n        <\/div>\n\n        <div class=\"col-12 col-sm-6 col-lg-2 border-bottom pb-2\">\n            <small><i class=\"fas fa-solid fa-user-pen fa-fw me-2\" style=\"color: #8c9db3;\"><\/i>Editores<\/small>\n        <\/div>\n\n        <div class=\"col-12 col-sm-6 col-lg-10 border-bottom pb-2\">\n            <small class=\"text-muted\"><\/small>\n        <\/div>\n\n        <div class=\"col-12 col-sm-6 col-lg-2\">\n            <small><i class=\"fas fa-solid fa-signature fa-fw me-2\" style=\"color: #8c9db3;\"><\/i>Autores<\/small>\n        <\/div>\n\n        <div class=\"col-12 col-sm-6 col-lg-10\">\n            <small class=\"text-muted\">Jaime Guerrero Contreras, Ruben Carrillo L., Set Madian P\u00e9rez Fuentealba<\/small>\n        <\/div>\n    <\/div><span class=\"caption-field-publish\"><\/span><\/div><\/div><\/div><\/div><\/div><div class=\"  circle--pattern-bottom-large col-sm-12 col-md-12 img-article\"><div class=\"holder-publish col-md-12\" style=\"border-bottom: 1px solid #B8B8B8\"><div class=\"content-holder h-100 component-border overflow-hidden row m-0 p-4 aling-items-center\"><ul class=\"p-0 list-style-none\"><li class=\"p-0 me-2\"><i class=\"fas fa-solid fa-book fa-fw\"><\/i> El cultivo de ar\u00e0ndanos en Chile<\/li><li class=\"p-0 me-2\"><i class=\"fas fa-solid fa-calendar fa-fw\"><\/i> 2012<\/li><\/ul><div class=\"caption col-12 p-0 col-md-12 row m-0 align-items-center\"><div class=\"px-md-1\">    <h3 class=\"fw-medium m-0 small-space pt-2 pb-2 title-ss text-decoration-none border-bottom\">Enfermedades del ar\u00e1ndano en Chile<\/h3>\n\n    <div class=\"mt-0 row g-3\">\n        \n        <div class=\"col-12 col-sm-6 col-lg-2 border-bottom pb-2\">\n            <small><i class=\"fas fa-solid fa-barcode fa-fw me-2\" style=\"color: #8c9db3;\"><\/i>ISBN<\/small>\n        <\/div>\n\n        <div class=\"col-12 col-sm-6 col-lg-3 border-bottom pb-2\">\n            <small class=\"text-muted\">978-956-7019-91-5<\/small>\n        <\/div>\n\n        <div class=\"col-12 col-sm-6 col-lg-2 border-bottom pb-2\">\n            <small><i class=\"fas fa-solid fa-file fa-fw me-2\" style=\"color: #8c9db3;\"><\/i>P\u00e1ginas<\/small>\n        <\/div>\n\n        <div class=\"col-12 col-sm-6 col-lg-5 border-bottom pb-2\">\n            <small class=\"text-muted\">D\u00e9sde la p\u00e1gina 107, hasta la p\u00e1gina 136<\/small>\n        <\/div>\n\n        <div class=\"col-12 col-sm-6 col-lg-2 border-bottom pb-2\">\n            <small><i class=\"fas fa-solid fa-language fa-fw me-2\" style=\"color: #8c9db3;\"><\/i>Idioma<\/small>\n        <\/div>\n\n        <div class=\"col-12 col-sm-6 col-lg-3 border-bottom pb-2\">\n            <small class=\"text-muted\">Espa\u00f1ol<\/small>\n        <\/div>\n\n        <div class=\"col-12 col-sm-6 col-lg-2 border-bottom pb-2\">\n            <small><i class=\"fas fa-solid fa-newspaper fa-fw me-2\" style=\"color: #8c9db3;\"><\/i>Editorial<\/small>\n        <\/div>\n\n        <div class=\"col-12 col-sm-6 col-lg-5 border-bottom pb-2\">\n            <small class=\"text-muted\">Universidad Cat\u00f3lica de Temuco<\/small>\n        <\/div>\n\n        <div class=\"col-12 col-sm-6 col-lg-2 border-bottom pb-2\">\n            <small><i class=\"fas fa-solid fa-user-pen fa-fw me-2\" style=\"color: #8c9db3;\"><\/i>Editores<\/small>\n        <\/div>\n\n        <div class=\"col-12 col-sm-6 col-lg-10 border-bottom pb-2\">\n            <small class=\"text-muted\"><\/small>\n        <\/div>\n\n        <div class=\"col-12 col-sm-6 col-lg-2\">\n            <small><i class=\"fas fa-solid fa-signature fa-fw me-2\" style=\"color: #8c9db3;\"><\/i>Autores<\/small>\n        <\/div>\n\n        <div class=\"col-12 col-sm-6 col-lg-10\">\n            <small class=\"text-muted\">Jaime Guerrero Contreras, Set Madian P\u00e9rez Fuentealba<\/small>\n        <\/div>\n    <\/div><span class=\"caption-field-publish\"><\/span><\/div><\/div><\/div><\/div><\/div><div class=\"  circle--pattern-bottom-large col-sm-12 col-md-12 img-article\"><div class=\"holder-publish col-md-12\" style=\"border-bottom: 1px solid #B8B8B8\"><div class=\"content-holder h-100 component-border overflow-hidden row m-0 p-4 aling-items-center\"><ul class=\"p-0 list-style-none\"><li class=\"p-0 me-2\"><i class=\"fas fa-solid fa-book fa-fw\"><\/i> \u0093La Alegr\u00eda de la Ciencia\u0094<\/li><li class=\"p-0 me-2\"><i class=\"fas fa-solid fa-calendar fa-fw\"><\/i> 2012<\/li><\/ul><div class=\"caption col-12 p-0 col-md-12 row m-0 align-items-center\"><div class=\"px-md-1\">    <h3 class=\"fw-medium m-0 small-space pt-2 pb-2 title-ss text-decoration-none border-bottom\">Compost: \u00bfes basura siempre basura?\u0094.<\/h3>\n\n    <div class=\"mt-0 row g-3\">\n        \n        <div class=\"col-12 col-sm-6 col-lg-2 border-bottom pb-2\">\n            <small><i class=\"fas fa-solid fa-barcode fa-fw me-2\" style=\"color: #8c9db3;\"><\/i>ISBN<\/small>\n        <\/div>\n\n        <div class=\"col-12 col-sm-6 col-lg-3 border-bottom pb-2\">\n            <small class=\"text-muted\"><\/small>\n        <\/div>\n\n        <div class=\"col-12 col-sm-6 col-lg-2 border-bottom pb-2\">\n            <small><i class=\"fas fa-solid fa-file fa-fw me-2\" style=\"color: #8c9db3;\"><\/i>P\u00e1ginas<\/small>\n        <\/div>\n\n        <div class=\"col-12 col-sm-6 col-lg-5 border-bottom pb-2\">\n            <small class=\"text-muted\">D\u00e9sde la p\u00e1gina , hasta la p\u00e1gina <\/small>\n        <\/div>\n\n        <div class=\"col-12 col-sm-6 col-lg-2 border-bottom pb-2\">\n            <small><i class=\"fas fa-solid fa-language fa-fw me-2\" style=\"color: #8c9db3;\"><\/i>Idioma<\/small>\n        <\/div>\n\n        <div class=\"col-12 col-sm-6 col-lg-3 border-bottom pb-2\">\n            <small class=\"text-muted\">Espa\u00f1ol<\/small>\n        <\/div>\n\n        <div class=\"col-12 col-sm-6 col-lg-2 border-bottom pb-2\">\n            <small><i class=\"fas fa-solid fa-newspaper fa-fw me-2\" style=\"color: #8c9db3;\"><\/i>Editorial<\/small>\n        <\/div>\n\n        <div class=\"col-12 col-sm-6 col-lg-5 border-bottom pb-2\">\n            <small class=\"text-muted\">1<\/small>\n        <\/div>\n\n        <div class=\"col-12 col-sm-6 col-lg-2 border-bottom pb-2\">\n            <small><i class=\"fas fa-solid fa-user-pen fa-fw me-2\" style=\"color: #8c9db3;\"><\/i>Editores<\/small>\n        <\/div>\n\n        <div class=\"col-12 col-sm-6 col-lg-10 border-bottom pb-2\">\n            <small class=\"text-muted\"><\/small>\n        <\/div>\n\n        <div class=\"col-12 col-sm-6 col-lg-2\">\n            <small><i class=\"fas fa-solid fa-signature fa-fw me-2\" style=\"color: #8c9db3;\"><\/i>Autores<\/small>\n        <\/div>\n\n        <div class=\"col-12 col-sm-6 col-lg-10\">\n            <small class=\"text-muted\">Gonzalo Benjam\u00edn Terreros Hern\u00e1ndez<\/small>\n        <\/div>\n    <\/div><span class=\"caption-field-publish\"><\/span><\/div><\/div><\/div><\/div><\/div><div class=\"  circle--pattern-bottom-large col-sm-12 col-md-12 img-article\"><div class=\"holder-publish col-md-12\" style=\"border-bottom: 1px solid #B8B8B8\"><div class=\"content-holder h-100 component-border overflow-hidden row m-0 p-4 aling-items-center\"><ul class=\"p-0 list-style-none\"><li class=\"p-0 me-2\"><i class=\"fas fa-solid fa-book fa-fw\"><\/i> New political spaces in Latin American natural resource governance<\/li><li class=\"p-0 me-2\"><i class=\"fas fa-solid fa-calendar fa-fw\"><\/i> 2012<\/li><\/ul><div class=\"caption col-12 p-0 col-md-12 row m-0 align-items-center\"><div class=\"px-md-1\">    <h3 class=\"fw-medium m-0 small-space pt-2 pb-2 title-ss text-decoration-none border-bottom\">Resource extraction and local justice in Chile: conflicts over the commodification of spaces and the sustainable development of places<\/h3>\n\n    <div class=\"mt-0 row g-3\">\n        \n        <div class=\"col-12 col-sm-6 col-lg-2 border-bottom pb-2\">\n            <small><i class=\"fas fa-solid fa-barcode fa-fw me-2\" style=\"color: #8c9db3;\"><\/i>ISBN<\/small>\n        <\/div>\n\n        <div class=\"col-12 col-sm-6 col-lg-3 border-bottom pb-2\">\n            <small class=\"text-muted\"><\/small>\n        <\/div>\n\n        <div class=\"col-12 col-sm-6 col-lg-2 border-bottom pb-2\">\n            <small><i class=\"fas fa-solid fa-file fa-fw me-2\" style=\"color: #8c9db3;\"><\/i>P\u00e1ginas<\/small>\n        <\/div>\n\n        <div class=\"col-12 col-sm-6 col-lg-5 border-bottom pb-2\">\n            <small class=\"text-muted\">D\u00e9sde la p\u00e1gina , hasta la p\u00e1gina <\/small>\n        <\/div>\n\n        <div class=\"col-12 col-sm-6 col-lg-2 border-bottom pb-2\">\n            <small><i class=\"fas fa-solid fa-language fa-fw me-2\" style=\"color: #8c9db3;\"><\/i>Idioma<\/small>\n        <\/div>\n\n        <div class=\"col-12 col-sm-6 col-lg-3 border-bottom pb-2\">\n            <small class=\"text-muted\"><\/small>\n        <\/div>\n\n        <div class=\"col-12 col-sm-6 col-lg-2 border-bottom pb-2\">\n            <small><i class=\"fas fa-solid fa-newspaper fa-fw me-2\" style=\"color: #8c9db3;\"><\/i>Editorial<\/small>\n        <\/div>\n\n        <div class=\"col-12 col-sm-6 col-lg-5 border-bottom pb-2\">\n            <small class=\"text-muted\">Palgrave Macmillan<\/small>\n        <\/div>\n\n        <div class=\"col-12 col-sm-6 col-lg-2 border-bottom pb-2\">\n            <small><i class=\"fas fa-solid fa-user-pen fa-fw me-2\" style=\"color: #8c9db3;\"><\/i>Editores<\/small>\n        <\/div>\n\n        <div class=\"col-12 col-sm-6 col-lg-10 border-bottom pb-2\">\n            <small class=\"text-muted\"><\/small>\n        <\/div>\n\n        <div class=\"col-12 col-sm-6 col-lg-2\">\n            <small><i class=\"fas fa-solid fa-signature fa-fw me-2\" style=\"color: #8c9db3;\"><\/i>Autores<\/small>\n        <\/div>\n\n        <div class=\"col-12 col-sm-6 col-lg-10\">\n            <small class=\"text-muted\">Jonathan R. Barton, \u00c1lvaro Javier Rom\u00e1n Castillo<\/small>\n        <\/div>\n    <\/div><span class=\"caption-field-publish\"><\/span><\/div><\/div><\/div><\/div><\/div><div class=\"  circle--pattern-bottom-large col-sm-12 col-md-12 img-article\"><div class=\"holder-publish col-md-12\" style=\"border-bottom: 1px solid #B8B8B8\"><div class=\"content-holder h-100 component-border overflow-hidden row m-0 p-4 aling-items-center\"><ul class=\"p-0 list-style-none\"><li class=\"p-0 me-2\"><i class=\"fas fa-solid fa-book fa-fw\"><\/i> New political spaces in Latin American natural resource governance<\/li><li class=\"p-0 me-2\"><i class=\"fas fa-solid fa-calendar fa-fw\"><\/i> 2012<\/li><\/ul><div class=\"caption col-12 p-0 col-md-12 row m-0 align-items-center\"><div class=\"px-md-1\">    <h3 class=\"fw-medium m-0 small-space pt-2 pb-2 title-ss text-decoration-none border-bottom\">Resource extraction and local justice in Chile: conflicts over the commodification of spaces and the sustainable development of places<\/h3>\n\n    <div class=\"mt-0 row g-3\">\n        \n        <div class=\"col-12 col-sm-6 col-lg-2 border-bottom pb-2\">\n            <small><i class=\"fas fa-solid fa-barcode fa-fw me-2\" style=\"color: #8c9db3;\"><\/i>ISBN<\/small>\n        <\/div>\n\n        <div class=\"col-12 col-sm-6 col-lg-3 border-bottom pb-2\">\n            <small class=\"text-muted\"><\/small>\n        <\/div>\n\n        <div class=\"col-12 col-sm-6 col-lg-2 border-bottom pb-2\">\n            <small><i class=\"fas fa-solid fa-file fa-fw me-2\" style=\"color: #8c9db3;\"><\/i>P\u00e1ginas<\/small>\n        <\/div>\n\n        <div class=\"col-12 col-sm-6 col-lg-5 border-bottom pb-2\">\n            <small class=\"text-muted\">D\u00e9sde la p\u00e1gina , hasta la p\u00e1gina <\/small>\n        <\/div>\n\n        <div class=\"col-12 col-sm-6 col-lg-2 border-bottom pb-2\">\n            <small><i class=\"fas fa-solid fa-language fa-fw me-2\" style=\"color: #8c9db3;\"><\/i>Idioma<\/small>\n        <\/div>\n\n        <div class=\"col-12 col-sm-6 col-lg-3 border-bottom pb-2\">\n            <small class=\"text-muted\"><\/small>\n        <\/div>\n\n        <div class=\"col-12 col-sm-6 col-lg-2 border-bottom pb-2\">\n            <small><i class=\"fas fa-solid fa-newspaper fa-fw me-2\" style=\"color: #8c9db3;\"><\/i>Editorial<\/small>\n        <\/div>\n\n        <div class=\"col-12 col-sm-6 col-lg-5 border-bottom pb-2\">\n            <small class=\"text-muted\">Palgrave Macmillan<\/small>\n        <\/div>\n\n        <div class=\"col-12 col-sm-6 col-lg-2 border-bottom pb-2\">\n            <small><i class=\"fas fa-solid fa-user-pen fa-fw me-2\" style=\"color: #8c9db3;\"><\/i>Editores<\/small>\n        <\/div>\n\n        <div class=\"col-12 col-sm-6 col-lg-10 border-bottom pb-2\">\n            <small class=\"text-muted\"><\/small>\n        <\/div>\n\n        <div class=\"col-12 col-sm-6 col-lg-2\">\n            <small><i class=\"fas fa-solid fa-signature fa-fw me-2\" style=\"color: #8c9db3;\"><\/i>Autores<\/small>\n        <\/div>\n\n        <div class=\"col-12 col-sm-6 col-lg-10\">\n            <small class=\"text-muted\">Jonathan R. Barton, \u00c1lvaro Javier Rom\u00e1n Castillo<\/small>\n        <\/div>\n    <\/div><span class=\"caption-field-publish\"><\/span><\/div><\/div><\/div><\/div><\/div><div class=\"  circle--pattern-bottom-large col-sm-12 col-md-12 img-article\"><div class=\"holder-publish col-md-12\" style=\"border-bottom: 1px solid #B8B8B8\"><div class=\"content-holder h-100 component-border overflow-hidden row m-0 p-4 aling-items-center\"><ul class=\"p-0 list-style-none\"><li class=\"p-0 me-2\"><i class=\"fas fa-solid fa-book fa-fw\"><\/i> Crossed words: Criticism in scholarly writing<\/li><li class=\"p-0 me-2\"><i class=\"fas fa-solid fa-calendar fa-fw\"><\/i> 2011<\/li><\/ul><div class=\"caption col-12 p-0 col-md-12 row m-0 align-items-center\"><div class=\"px-md-1\">    <h3 class=\"fw-medium m-0 small-space pt-2 pb-2 title-ss text-decoration-none border-bottom\">Critical act as a functional unit for studying academic conflict. A methodological framework<\/h3>\n\n    <div class=\"mt-0 row g-3\">\n        \n        <div class=\"col-12 col-sm-6 col-lg-2 border-bottom pb-2\">\n            <small><i class=\"fas fa-solid fa-barcode fa-fw me-2\" style=\"color: #8c9db3;\"><\/i>ISBN<\/small>\n        <\/div>\n\n        <div class=\"col-12 col-sm-6 col-lg-3 border-bottom pb-2\">\n            <small class=\"text-muted\">978-3-0343-0049-0<\/small>\n        <\/div>\n\n        <div class=\"col-12 col-sm-6 col-lg-2 border-bottom pb-2\">\n            <small><i class=\"fas fa-solid fa-file fa-fw me-2\" style=\"color: #8c9db3;\"><\/i>P\u00e1ginas<\/small>\n        <\/div>\n\n        <div class=\"col-12 col-sm-6 col-lg-5 border-bottom pb-2\">\n            <small class=\"text-muted\">D\u00e9sde la p\u00e1gina 23, hasta la p\u00e1gina 52<\/small>\n        <\/div>\n\n        <div class=\"col-12 col-sm-6 col-lg-2 border-bottom pb-2\">\n            <small><i class=\"fas fa-solid fa-language fa-fw me-2\" style=\"color: #8c9db3;\"><\/i>Idioma<\/small>\n        <\/div>\n\n        <div class=\"col-12 col-sm-6 col-lg-3 border-bottom pb-2\">\n            <small class=\"text-muted\">Ingl\u00e9s<\/small>\n        <\/div>\n\n        <div class=\"col-12 col-sm-6 col-lg-2 border-bottom pb-2\">\n            <small><i class=\"fas fa-solid fa-newspaper fa-fw me-2\" style=\"color: #8c9db3;\"><\/i>Editorial<\/small>\n        <\/div>\n\n        <div class=\"col-12 col-sm-6 col-lg-5 border-bottom pb-2\">\n            <small class=\"text-muted\">Peter Lang<\/small>\n        <\/div>\n\n        <div class=\"col-12 col-sm-6 col-lg-2 border-bottom pb-2\">\n            <small><i class=\"fas fa-solid fa-user-pen fa-fw me-2\" style=\"color: #8c9db3;\"><\/i>Editores<\/small>\n        <\/div>\n\n        <div class=\"col-12 col-sm-6 col-lg-10 border-bottom pb-2\">\n            <small class=\"text-muted\">F. Salager-Meyer, B. Lewin<\/small>\n        <\/div>\n\n        <div class=\"col-12 col-sm-6 col-lg-2\">\n            <small><i class=\"fas fa-solid fa-signature fa-fw me-2\" style=\"color: #8c9db3;\"><\/i>Autores<\/small>\n        <\/div>\n\n        <div class=\"col-12 col-sm-6 col-lg-10\">\n            <small class=\"text-muted\">Federico Daniel Navarro<\/small>\n        <\/div>\n    <\/div><span class=\"caption-field-publish\"><\/span><\/div><\/div><\/div><\/div><\/div><div class=\"  circle--pattern-bottom-large col-sm-12 col-md-12 img-article\"><div class=\"holder-publish col-md-12\" style=\"border-bottom: 1px solid #B8B8B8\"><div class=\"content-holder h-100 component-border overflow-hidden row m-0 p-4 aling-items-center\"><ul class=\"p-0 list-style-none\"><li class=\"p-0 me-2\"><i class=\"fas fa-solid fa-book fa-fw\"><\/i> JUSTICIA  H\u00cdDRICA ACUMULACI\u00d3N, CONFLICTO Y ACCI\u00d3N SOCIAL<\/li><li class=\"p-0 me-2\"><i class=\"fas fa-solid fa-calendar fa-fw\"><\/i> 2011<\/li><\/ul><div class=\"caption col-12 p-0 col-md-12 row m-0 align-items-center\"><div class=\"px-md-1\">    <h3 class=\"fw-medium m-0 small-space pt-2 pb-2 title-ss text-decoration-none border-bottom\">La crisis del mercado del agua en Chile: el futuro de Chile requiere una nueva pol\u00edtica de aguas<\/h3>\n\n    <div class=\"mt-0 row g-3\">\n        \n        <div class=\"col-12 col-sm-6 col-lg-2 border-bottom pb-2\">\n            <small><i class=\"fas fa-solid fa-barcode fa-fw me-2\" style=\"color: #8c9db3;\"><\/i>ISBN<\/small>\n        <\/div>\n\n        <div class=\"col-12 col-sm-6 col-lg-3 border-bottom pb-2\">\n            <small class=\"text-muted\"><\/small>\n        <\/div>\n\n        <div class=\"col-12 col-sm-6 col-lg-2 border-bottom pb-2\">\n            <small><i class=\"fas fa-solid fa-file fa-fw me-2\" style=\"color: #8c9db3;\"><\/i>P\u00e1ginas<\/small>\n        <\/div>\n\n        <div class=\"col-12 col-sm-6 col-lg-5 border-bottom pb-2\">\n            <small class=\"text-muted\">D\u00e9sde la p\u00e1gina , hasta la p\u00e1gina <\/small>\n        <\/div>\n\n        <div class=\"col-12 col-sm-6 col-lg-2 border-bottom pb-2\">\n            <small><i class=\"fas fa-solid fa-language fa-fw me-2\" style=\"color: #8c9db3;\"><\/i>Idioma<\/small>\n        <\/div>\n\n        <div class=\"col-12 col-sm-6 col-lg-3 border-bottom pb-2\">\n            <small class=\"text-muted\"><\/small>\n        <\/div>\n\n        <div class=\"col-12 col-sm-6 col-lg-2 border-bottom pb-2\">\n            <small><i class=\"fas fa-solid fa-newspaper fa-fw me-2\" style=\"color: #8c9db3;\"><\/i>Editorial<\/small>\n        <\/div>\n\n        <div class=\"col-12 col-sm-6 col-lg-5 border-bottom pb-2\">\n            <small class=\"text-muted\">IEP, PUCP<\/small>\n        <\/div>\n\n        <div class=\"col-12 col-sm-6 col-lg-2 border-bottom pb-2\">\n            <small><i class=\"fas fa-solid fa-user-pen fa-fw me-2\" style=\"color: #8c9db3;\"><\/i>Editores<\/small>\n        <\/div>\n\n        <div class=\"col-12 col-sm-6 col-lg-10 border-bottom pb-2\">\n            <small class=\"text-muted\">B OELENS , R  UTGERD , L EONTIEN  C REMERS , MARGREET  Z WARTEVEEN<\/small>\n        <\/div>\n\n        <div class=\"col-12 col-sm-6 col-lg-2\">\n            <small><i class=\"fas fa-solid fa-signature fa-fw me-2\" style=\"color: #8c9db3;\"><\/i>Autores<\/small>\n        <\/div>\n\n        <div class=\"col-12 col-sm-6 col-lg-10\">\n            <small class=\"text-muted\">Loreto Francisca Quiroz Rojas<\/small>\n        <\/div>\n    <\/div><span class=\"caption-field-publish\"><\/span><\/div><\/div><\/div><\/div><\/div><div class=\"  circle--pattern-bottom-large col-sm-12 col-md-12 img-article\"><div class=\"holder-publish col-md-12\" style=\"border-bottom: 1px solid #B8B8B8\"><div class=\"content-holder h-100 component-border overflow-hidden row m-0 p-4 aling-items-center\"><ul class=\"p-0 list-style-none\"><li class=\"p-0 me-2\"><i class=\"fas fa-solid fa-book fa-fw\"><\/i> Parents, pratiques et savoirs au pr\u00e9scolaire<\/li><li class=\"p-0 me-2\"><i class=\"fas fa-solid fa-calendar fa-fw\"><\/i> 2010<\/li><\/ul><div class=\"caption col-12 p-0 col-md-12 row m-0 align-items-center\"><div class=\"px-md-1\">    <h3 class=\"fw-medium m-0 small-space pt-2 pb-2 title-ss text-decoration-none border-bottom\">Participations parentales, apprentissages et communaut\u00e9s autour du pr\u00e9scolaire<\/h3>\n\n    <div class=\"mt-0 row g-3\">\n        \n        <div class=\"col-12 col-sm-6 col-lg-2 border-bottom pb-2\">\n            <small><i class=\"fas fa-solid fa-barcode fa-fw me-2\" style=\"color: #8c9db3;\"><\/i>ISBN<\/small>\n        <\/div>\n\n        <div class=\"col-12 col-sm-6 col-lg-3 border-bottom pb-2\">\n            <small class=\"text-muted\">9052016836<\/small>\n        <\/div>\n\n        <div class=\"col-12 col-sm-6 col-lg-2 border-bottom pb-2\">\n            <small><i class=\"fas fa-solid fa-file fa-fw me-2\" style=\"color: #8c9db3;\"><\/i>P\u00e1ginas<\/small>\n        <\/div>\n\n        <div class=\"col-12 col-sm-6 col-lg-5 border-bottom pb-2\">\n            <small class=\"text-muted\">D\u00e9sde la p\u00e1gina 203, hasta la p\u00e1gina 221<\/small>\n        <\/div>\n\n        <div class=\"col-12 col-sm-6 col-lg-2 border-bottom pb-2\">\n            <small><i class=\"fas fa-solid fa-language fa-fw me-2\" style=\"color: #8c9db3;\"><\/i>Idioma<\/small>\n        <\/div>\n\n        <div class=\"col-12 col-sm-6 col-lg-3 border-bottom pb-2\">\n            <small class=\"text-muted\">Franc\u00e9s<\/small>\n        <\/div>\n\n        <div class=\"col-12 col-sm-6 col-lg-2 border-bottom pb-2\">\n            <small><i class=\"fas fa-solid fa-newspaper fa-fw me-2\" style=\"color: #8c9db3;\"><\/i>Editorial<\/small>\n        <\/div>\n\n        <div class=\"col-12 col-sm-6 col-lg-5 border-bottom pb-2\">\n            <small class=\"text-muted\">Peter Lang<\/small>\n        <\/div>\n\n        <div class=\"col-12 col-sm-6 col-lg-2 border-bottom pb-2\">\n            <small><i class=\"fas fa-solid fa-user-pen fa-fw me-2\" style=\"color: #8c9db3;\"><\/i>Editores<\/small>\n        <\/div>\n\n        <div class=\"col-12 col-sm-6 col-lg-10 border-bottom pb-2\">\n            <small class=\"text-muted\">Gilles Broug\u00e8re<\/small>\n        <\/div>\n\n        <div class=\"col-12 col-sm-6 col-lg-2\">\n            <small><i class=\"fas fa-solid fa-signature fa-fw me-2\" style=\"color: #8c9db3;\"><\/i>Autores<\/small>\n        <\/div>\n\n        <div class=\"col-12 col-sm-6 col-lg-10\">\n            <small class=\"text-muted\">Pablo Iv\u00e1n Rup\u00edn Guti\u00e9rrez, Gilles Broug\u00e8re<\/small>\n        <\/div>\n    <\/div><span class=\"caption-field-publish\"><\/span><\/div><\/div><\/div><\/div><\/div><div class=\"  circle--pattern-bottom-large col-sm-12 col-md-12 img-article\"><div class=\"holder-publish col-md-12\" style=\"border-bottom: 1px solid #B8B8B8\"><div class=\"content-holder h-100 component-border overflow-hidden row m-0 p-4 aling-items-center\"><ul class=\"p-0 list-style-none\"><li class=\"p-0 me-2\"><i class=\"fas fa-solid fa-book fa-fw\"><\/i> Galard\u00f3n Latinoamericano Investigaci\u00f3n Acci\u00f3n Participativo Madres y Abuelas Plaza de Mayo<\/li><li class=\"p-0 me-2\"><i class=\"fas fa-solid fa-calendar fa-fw\"><\/i> 2009<\/li><\/ul><div class=\"caption col-12 p-0 col-md-12 row m-0 align-items-center\"><div class=\"px-md-1\">    <h3 class=\"fw-medium m-0 small-space pt-2 pb-2 title-ss text-decoration-none border-bottom\">Intervenci\u00f3n participativa en Salud Mental y conductas de riesgo en ni\u00f1os y adolescentes de la localidad de Malvinas Argentinas<\/h3>\n\n    <div class=\"mt-0 row g-3\">\n        \n        <div class=\"col-12 col-sm-6 col-lg-2 border-bottom pb-2\">\n            <small><i class=\"fas fa-solid fa-barcode fa-fw me-2\" style=\"color: #8c9db3;\"><\/i>ISBN<\/small>\n        <\/div>\n\n        <div class=\"col-12 col-sm-6 col-lg-3 border-bottom pb-2\">\n            <small class=\"text-muted\">978-978-24192-2-6<\/small>\n        <\/div>\n\n        <div class=\"col-12 col-sm-6 col-lg-2 border-bottom pb-2\">\n            <small><i class=\"fas fa-solid fa-file fa-fw me-2\" style=\"color: #8c9db3;\"><\/i>P\u00e1ginas<\/small>\n        <\/div>\n\n        <div class=\"col-12 col-sm-6 col-lg-5 border-bottom pb-2\">\n            <small class=\"text-muted\">D\u00e9sde la p\u00e1gina 1, hasta la p\u00e1gina 22<\/small>\n        <\/div>\n\n        <div class=\"col-12 col-sm-6 col-lg-2 border-bottom pb-2\">\n            <small><i class=\"fas fa-solid fa-language fa-fw me-2\" style=\"color: #8c9db3;\"><\/i>Idioma<\/small>\n        <\/div>\n\n        <div class=\"col-12 col-sm-6 col-lg-3 border-bottom pb-2\">\n            <small class=\"text-muted\">Espa\u00f1ol<\/small>\n        <\/div>\n\n        <div class=\"col-12 col-sm-6 col-lg-2 border-bottom pb-2\">\n            <small><i class=\"fas fa-solid fa-newspaper fa-fw me-2\" style=\"color: #8c9db3;\"><\/i>Editorial<\/small>\n        <\/div>\n\n        <div class=\"col-12 col-sm-6 col-lg-5 border-bottom pb-2\">\n            <small class=\"text-muted\">Ed Ministerio de Desarrollo Social.<\/small>\n        <\/div>\n\n        <div class=\"col-12 col-sm-6 col-lg-2 border-bottom pb-2\">\n            <small><i class=\"fas fa-solid fa-user-pen fa-fw me-2\" style=\"color: #8c9db3;\"><\/i>Editores<\/small>\n        <\/div>\n\n        <div class=\"col-12 col-sm-6 col-lg-10 border-bottom pb-2\">\n            <small class=\"text-muted\"><\/small>\n        <\/div>\n\n        <div class=\"col-12 col-sm-6 col-lg-2\">\n            <small><i class=\"fas fa-solid fa-signature fa-fw me-2\" style=\"color: #8c9db3;\"><\/i>Autores<\/small>\n        <\/div>\n\n        <div class=\"col-12 col-sm-6 col-lg-10\">\n            <small class=\"text-muted\">Fern\u00e1ndez AR, Escuti, Consuelo, Menel, Cecilia, Vila, Milena, Gallo, Ver\u00f3nica, Lucchese, M., Bella, M\u00f3nica, Acosta, L., Villac\u00e9, Mar\u00eda Bel\u00e9n, Mar\u00eda Soledad Burrone Colombino, Bickic, E, L\u00f3pez de Neira, Mar\u00eda Josefina<\/small>\n        <\/div>\n    <\/div><span class=\"caption-field-publish\"><\/span><\/div><\/div><\/div><\/div><\/div><div class=\"  circle--pattern-bottom-large col-sm-12 col-md-12 img-article\"><div class=\"holder-publish col-md-12\" style=\"border-bottom: 1px solid #B8B8B8\"><div class=\"content-holder h-100 component-border overflow-hidden row m-0 p-4 aling-items-center\"><ul class=\"p-0 list-style-none\"><li class=\"p-0 me-2\"><i class=\"fas fa-solid fa-book fa-fw\"><\/i> IMPACTO DEL CRECIMIENTO Y DESARROLLO TEMPRANO SOBRE LA SALUD Y BIENESTAR DE LA POBLACION: PERSPECTIVAS Y REFLEXIONES DESDE EL CONO SUR<\/li><li class=\"p-0 me-2\"><i class=\"fas fa-solid fa-calendar fa-fw\"><\/i> 2009<\/li><\/ul><div class=\"caption col-12 p-0 col-md-12 row m-0 align-items-center\"><div class=\"px-md-1\">    <h3 class=\"fw-medium m-0 small-space pt-2 pb-2 title-ss text-decoration-none border-bottom\">PAPEL DE LA PLACENTA EN LA PROGRAMACION FETAL DE LAS ENFERMEDADES CRONICAS DEL ADULTO<\/h3>\n\n    <div class=\"mt-0 row g-3\">\n        \n        <div class=\"col-12 col-sm-6 col-lg-2 border-bottom pb-2\">\n            <small><i class=\"fas fa-solid fa-barcode fa-fw me-2\" style=\"color: #8c9db3;\"><\/i>ISBN<\/small>\n        <\/div>\n\n        <div class=\"col-12 col-sm-6 col-lg-3 border-bottom pb-2\">\n            <small class=\"text-muted\"><\/small>\n        <\/div>\n\n        <div class=\"col-12 col-sm-6 col-lg-2 border-bottom pb-2\">\n            <small><i class=\"fas fa-solid fa-file fa-fw me-2\" style=\"color: #8c9db3;\"><\/i>P\u00e1ginas<\/small>\n        <\/div>\n\n        <div class=\"col-12 col-sm-6 col-lg-5 border-bottom pb-2\">\n            <small class=\"text-muted\">D\u00e9sde la p\u00e1gina 117, hasta la p\u00e1gina 133<\/small>\n        <\/div>\n\n        <div class=\"col-12 col-sm-6 col-lg-2 border-bottom pb-2\">\n            <small><i class=\"fas fa-solid fa-language fa-fw me-2\" style=\"color: #8c9db3;\"><\/i>Idioma<\/small>\n        <\/div>\n\n        <div class=\"col-12 col-sm-6 col-lg-3 border-bottom pb-2\">\n            <small class=\"text-muted\">Espa\u00f1ol<\/small>\n        <\/div>\n\n        <div class=\"col-12 col-sm-6 col-lg-2 border-bottom pb-2\">\n            <small><i class=\"fas fa-solid fa-newspaper fa-fw me-2\" style=\"color: #8c9db3;\"><\/i>Editorial<\/small>\n        <\/div>\n\n        <div class=\"col-12 col-sm-6 col-lg-5 border-bottom pb-2\">\n            <small class=\"text-muted\">Instituto Danone<\/small>\n        <\/div>\n\n        <div class=\"col-12 col-sm-6 col-lg-2 border-bottom pb-2\">\n            <small><i class=\"fas fa-solid fa-user-pen fa-fw me-2\" style=\"color: #8c9db3;\"><\/i>Editores<\/small>\n        <\/div>\n\n        <div class=\"col-12 col-sm-6 col-lg-10 border-bottom pb-2\">\n            <small class=\"text-muted\">Ricardo Uauy, Esteban Camuerga, David Baker<\/small>\n        <\/div>\n\n        <div class=\"col-12 col-sm-6 col-lg-2\">\n            <small><i class=\"fas fa-solid fa-signature fa-fw me-2\" style=\"color: #8c9db3;\"><\/i>Autores<\/small>\n        <\/div>\n\n        <div class=\"col-12 col-sm-6 col-lg-10\">\n            <small class=\"text-muted\">Bernardo Javier Krause Leyton<\/small>\n        <\/div>\n    <\/div><span class=\"caption-field-publish\"><\/span><\/div><\/div><\/div><\/div><\/div><div class=\"  circle--pattern-bottom-large col-sm-12 col-md-12 img-article\"><div class=\"holder-publish col-md-12\" style=\"border-bottom: 1px solid #B8B8B8\"><div class=\"content-holder h-100 component-border overflow-hidden row m-0 p-4 aling-items-center\"><ul class=\"p-0 list-style-none\"><li class=\"p-0 me-2\"><i class=\"fas fa-solid fa-book fa-fw\"><\/i> Pilauco: un sitio complejo del Pleistoceno Tard\u00edo. Osorno, Norpatagonia Chilena<\/li><li class=\"p-0 me-2\"><i class=\"fas fa-solid fa-calendar fa-fw\"><\/i> 2008<\/li><\/ul><div class=\"caption col-12 p-0 col-md-12 row m-0 align-items-center\"><div class=\"px-md-1\">    <h3 class=\"fw-medium m-0 small-space pt-2 pb-2 title-ss text-decoration-none border-bottom\">El zorrino de Pilauco<\/h3>\n\n    <div class=\"mt-0 row g-3\">\n        \n        <div class=\"col-12 col-sm-6 col-lg-2 border-bottom pb-2\">\n            <small><i class=\"fas fa-solid fa-barcode fa-fw me-2\" style=\"color: #8c9db3;\"><\/i>ISBN<\/small>\n        <\/div>\n\n        <div class=\"col-12 col-sm-6 col-lg-3 border-bottom pb-2\">\n            <small class=\"text-muted\"><\/small>\n        <\/div>\n\n        <div class=\"col-12 col-sm-6 col-lg-2 border-bottom pb-2\">\n            <small><i class=\"fas fa-solid fa-file fa-fw me-2\" style=\"color: #8c9db3;\"><\/i>P\u00e1ginas<\/small>\n        <\/div>\n\n        <div class=\"col-12 col-sm-6 col-lg-5 border-bottom pb-2\">\n            <small class=\"text-muted\">D\u00e9sde la p\u00e1gina 55, hasta la p\u00e1gina 58<\/small>\n        <\/div>\n\n        <div class=\"col-12 col-sm-6 col-lg-2 border-bottom pb-2\">\n            <small><i class=\"fas fa-solid fa-language fa-fw me-2\" style=\"color: #8c9db3;\"><\/i>Idioma<\/small>\n        <\/div>\n\n        <div class=\"col-12 col-sm-6 col-lg-3 border-bottom pb-2\">\n            <small class=\"text-muted\"><\/small>\n        <\/div>\n\n        <div class=\"col-12 col-sm-6 col-lg-2 border-bottom pb-2\">\n            <small><i class=\"fas fa-solid fa-newspaper fa-fw me-2\" style=\"color: #8c9db3;\"><\/i>Editorial<\/small>\n        <\/div>\n\n        <div class=\"col-12 col-sm-6 col-lg-5 border-bottom pb-2\">\n            <small class=\"text-muted\">Imprenta Am\u00e9rica<\/small>\n        <\/div>\n\n        <div class=\"col-12 col-sm-6 col-lg-2 border-bottom pb-2\">\n            <small><i class=\"fas fa-solid fa-user-pen fa-fw me-2\" style=\"color: #8c9db3;\"><\/i>Editores<\/small>\n        <\/div>\n\n        <div class=\"col-12 col-sm-6 col-lg-10 border-bottom pb-2\">\n            <small class=\"text-muted\">Mario Pino<\/small>\n        <\/div>\n\n        <div class=\"col-12 col-sm-6 col-lg-2\">\n            <small><i class=\"fas fa-solid fa-signature fa-fw me-2\" style=\"color: #8c9db3;\"><\/i>Autores<\/small>\n        <\/div>\n\n        <div class=\"col-12 col-sm-6 col-lg-10\">\n            <small class=\"text-muted\">Erwin Gonz\u00e1lez<\/small>\n        <\/div>\n    <\/div><span class=\"caption-field-publish\"><\/span><\/div><\/div><\/div><\/div><\/div><div class=\"  circle--pattern-bottom-large col-sm-12 col-md-12 img-article\"><div class=\"holder-publish col-md-12\" style=\"border-bottom: 1px solid #B8B8B8\"><div class=\"content-holder h-100 component-border overflow-hidden row m-0 p-4 aling-items-center\"><ul class=\"p-0 list-style-none\"><li class=\"p-0 me-2\"><i class=\"fas fa-solid fa-book fa-fw\"><\/i> Espacios de Transculturaci\u00f3n en Am\u00e9rica Latina<\/li><li class=\"p-0 me-2\"><i class=\"fas fa-solid fa-calendar fa-fw\"><\/i> 2005<\/li><\/ul><div class=\"caption col-12 p-0 col-md-12 row m-0 align-items-center\"><div class=\"px-md-1\">    <h3 class=\"fw-medium m-0 small-space pt-2 pb-2 title-ss text-decoration-none border-bottom\">Abajo, la Distancia, el Mar, Cartagena. Adolfo Couve y la Fundaci\u00f3n M\u00edtica de Am\u00e9rica<\/h3>\n\n    <div class=\"mt-0 row g-3\">\n        \n        <div class=\"col-12 col-sm-6 col-lg-2 border-bottom pb-2\">\n            <small><i class=\"fas fa-solid fa-barcode fa-fw me-2\" style=\"color: #8c9db3;\"><\/i>ISBN<\/small>\n        <\/div>\n\n        <div class=\"col-12 col-sm-6 col-lg-3 border-bottom pb-2\">\n            <small class=\"text-muted\"><\/small>\n        <\/div>\n\n        <div class=\"col-12 col-sm-6 col-lg-2 border-bottom pb-2\">\n            <small><i class=\"fas fa-solid fa-file fa-fw me-2\" style=\"color: #8c9db3;\"><\/i>P\u00e1ginas<\/small>\n        <\/div>\n\n        <div class=\"col-12 col-sm-6 col-lg-5 border-bottom pb-2\">\n            <small class=\"text-muted\">D\u00e9sde la p\u00e1gina , hasta la p\u00e1gina <\/small>\n        <\/div>\n\n        <div class=\"col-12 col-sm-6 col-lg-2 border-bottom pb-2\">\n            <small><i class=\"fas fa-solid fa-language fa-fw me-2\" style=\"color: #8c9db3;\"><\/i>Idioma<\/small>\n        <\/div>\n\n        <div class=\"col-12 col-sm-6 col-lg-3 border-bottom pb-2\">\n            <small class=\"text-muted\">Espa\u00f1ol<\/small>\n        <\/div>\n\n        <div class=\"col-12 col-sm-6 col-lg-2 border-bottom pb-2\">\n            <small><i class=\"fas fa-solid fa-newspaper fa-fw me-2\" style=\"color: #8c9db3;\"><\/i>Editorial<\/small>\n        <\/div>\n\n        <div class=\"col-12 col-sm-6 col-lg-5 border-bottom pb-2\">\n            <small class=\"text-muted\">del Centro de Estudios Culturales Latinoamericanos, Universidad de Chile.<\/small>\n        <\/div>\n\n        <div class=\"col-12 col-sm-6 col-lg-2 border-bottom pb-2\">\n            <small><i class=\"fas fa-solid fa-user-pen fa-fw me-2\" style=\"color: #8c9db3;\"><\/i>Editores<\/small>\n        <\/div>\n\n        <div class=\"col-12 col-sm-6 col-lg-10 border-bottom pb-2\">\n            <small class=\"text-muted\">Roberto Aedo<\/small>\n        <\/div>\n\n        <div class=\"col-12 col-sm-6 col-lg-2\">\n            <small><i class=\"fas fa-solid fa-signature fa-fw me-2\" style=\"color: #8c9db3;\"><\/i>Autores<\/small>\n        <\/div>\n\n        <div class=\"col-12 col-sm-6 col-lg-10\">\n            <small class=\"text-muted\">Gabriela Elizabeth G\u00f3mez Vera<\/small>\n        <\/div>\n    <\/div><span class=\"caption-field-publish\"><\/span><\/div><\/div><\/div><\/div><\/div><div class=\"  circle--pattern-bottom-large col-sm-12 col-md-12 img-article\"><div class=\"holder-publish col-md-12\" style=\"border-bottom: 1px solid #B8B8B8\"><div class=\"content-holder h-100 component-border overflow-hidden row m-0 p-4 aling-items-center\"><ul class=\"p-0 list-style-none\"><li class=\"p-0 me-2\"><i class=\"fas fa-solid fa-book fa-fw\"><\/i> Gesti\u00f3n de sistemas pecuarios<\/li><li class=\"p-0 me-2\"><i class=\"fas fa-solid fa-calendar fa-fw\"><\/i> 2004<\/li><\/ul><div class=\"caption col-12 p-0 col-md-12 row m-0 align-items-center\"><div class=\"px-md-1\">    <h3 class=\"fw-medium m-0 small-space pt-2 pb-2 title-ss text-decoration-none border-bottom\">Modelo computacional para el c\u00e1lculo de requerimientos nutricionales de ovinos<\/h3>\n\n    <div class=\"mt-0 row g-3\">\n        \n        <div class=\"col-12 col-sm-6 col-lg-2 border-bottom pb-2\">\n            <small><i class=\"fas fa-solid fa-barcode fa-fw me-2\" style=\"color: #8c9db3;\"><\/i>ISBN<\/small>\n        <\/div>\n\n        <div class=\"col-12 col-sm-6 col-lg-3 border-bottom pb-2\">\n            <small class=\"text-muted\"><\/small>\n        <\/div>\n\n        <div class=\"col-12 col-sm-6 col-lg-2 border-bottom pb-2\">\n            <small><i class=\"fas fa-solid fa-file fa-fw me-2\" style=\"color: #8c9db3;\"><\/i>P\u00e1ginas<\/small>\n        <\/div>\n\n        <div class=\"col-12 col-sm-6 col-lg-5 border-bottom pb-2\">\n            <small class=\"text-muted\">D\u00e9sde la p\u00e1gina , hasta la p\u00e1gina <\/small>\n        <\/div>\n\n        <div class=\"col-12 col-sm-6 col-lg-2 border-bottom pb-2\">\n            <small><i class=\"fas fa-solid fa-language fa-fw me-2\" style=\"color: #8c9db3;\"><\/i>Idioma<\/small>\n        <\/div>\n\n        <div class=\"col-12 col-sm-6 col-lg-3 border-bottom pb-2\">\n            <small class=\"text-muted\">Espa\u00f1ol<\/small>\n        <\/div>\n\n        <div class=\"col-12 col-sm-6 col-lg-2 border-bottom pb-2\">\n            <small><i class=\"fas fa-solid fa-newspaper fa-fw me-2\" style=\"color: #8c9db3;\"><\/i>Editorial<\/small>\n        <\/div>\n\n        <div class=\"col-12 col-sm-6 col-lg-5 border-bottom pb-2\">\n            <small class=\"text-muted\"><\/small>\n        <\/div>\n\n        <div class=\"col-12 col-sm-6 col-lg-2 border-bottom pb-2\">\n            <small><i class=\"fas fa-solid fa-user-pen fa-fw me-2\" style=\"color: #8c9db3;\"><\/i>Editores<\/small>\n        <\/div>\n\n        <div class=\"col-12 col-sm-6 col-lg-10 border-bottom pb-2\">\n            <small class=\"text-muted\">Aguilar, C., Allende, R., y Morales, S.<\/small>\n        <\/div>\n\n        <div class=\"col-12 col-sm-6 col-lg-2\">\n            <small><i class=\"fas fa-solid fa-signature fa-fw me-2\" style=\"color: #8c9db3;\"><\/i>Autores<\/small>\n        <\/div>\n\n        <div class=\"col-12 col-sm-6 col-lg-10\">\n            <small class=\"text-muted\">Paula Macarena Toro Mujica<\/small>\n        <\/div>\n    <\/div><span class=\"caption-field-publish\"><\/span><\/div><\/div><\/div><\/div><\/div><\/div><\/div><\/div>[\/vc_tta_section][vc_tta_section title=&#8221;Contacto&#8221; tab_id=&#8221;contacto&#8221;][\/vc_tta_section][\/vc_tta_tabs][\/vc_column][\/vc_row][\/vc_section]<\/p>\n<\/div>","protected":false},"featured_media":18316,"parent":0,"template":"","meta":{"_acf_changed":false,"footnotes":""},"institute_academics":[8],"profile_academics":[6],"class_list":["post-18314","academics","type-academics","status-publish","has-post-thumbnail","hentry","institute_academics-instituto-de-ciencias-agroalimentarias","profile_academics-investigador"],"rut_academico":"16275158-1","mail_academico":"mariela.gonzalez@uoh.cl","n_proyectos":"0","n_publicaciones":"8","n_libros":"0","n_cap_libros":"1","n_otros_libros":"0","acf":[],"yoast_head":"<!-- This site is optimized with the Yoast SEO plugin v26.6 - https:\/\/yoast.com\/wordpress\/plugins\/seo\/ -->\n<title>Mariela Gonz\u00e1lez - Investigaci\u00f3n<\/title>\n<meta name=\"robots\" content=\"index, follow, max-snippet:-1, max-image-preview:large, max-video-preview:-1\" \/>\n<link rel=\"canonical\" href=\"https:\/\/www.uoh.cl\/investigacion\/academico\/mariela-gonzalez\/\" \/>\n<meta property=\"og:locale\" content=\"es_ES\" \/>\n<meta property=\"og:type\" content=\"article\" \/>\n<meta property=\"og:title\" content=\"Mariela Gonz\u00e1lez - Investigaci\u00f3n\" \/>\n<meta property=\"og:description\" content=\"[vc_section el_class=&#8221;container mx-auto align-items-center circle&#8211;pattern&#8221; css=&#8221;.vc_custom_1650056176159{padding-top: 3rem !important;}&#8221;][vc_row][vc_column][vc_wp_custommenu nav_menu=&#8221;5&#8243;][vc_row_inner el_class=&#8221;border-separator m-0 mt-4&#8243;][vc_column_inner width=&#8221;1\/6&#8243;][\/vc_column_inner][vc_column_inner width=&#8221;2\/3&#8243;][\/vc_column_inner][vc_column_inner width=&#8221;1\/6&#8243;][\/vc_column_inner][\/vc_row_inner][\/vc_column][\/vc_row][\/vc_section][vc_section css=&#8221;.vc_custom_1650239278498{background-color: #ffffff !important;}&#8221; el_class=&#8221;p-md-0 pt-md-5&#8243;][vc_row el_class=&#8221;container mx-auto align-items-center&#8221;][vc_column][vc_row_inner][vc_column_inner width=&#8221;5\/6&#8243;][\/vc_column_inner][\/vc_row_inner][\/vc_column][\/vc_row][\/vc_section][vc_section css=&#8221;.vc_custom_1650056119592{background-color: #ffffff !important;}&#8221; el_class=&#8221;p-md-0 pt-md-5 pb-md-5&#8243;][vc_row el_class=&#8221;container mx-auto align-items-start&#8221;][vc_column width=&#8221;1\/6&#8243; el_class=&#8221;p-0&#8243;][\/vc_column][vc_column width=&#8221;5\/6&#8243;][vc_tta_tabs active_section=&#8221;1&#8243; el_class=&#8221;tabs-inner-academic&#8221;][vc_tta_section title=&#8221;Publicaciones&#8221; tab_id=&#8221;publicaciones&#8221;][\/vc_tta_section][vc_tta_section title=&#8221;Cap\u00edtulos de Libros&#8221; tab_id=&#8221;cap-libros&#8221;][\/vc_tta_section][vc_tta_section title=&#8221;Contacto&#8221; tab_id=&#8221;contacto&#8221;][\/vc_tta_section][\/vc_tta_tabs][\/vc_column][\/vc_row][\/vc_section]\" \/>\n<meta property=\"og:url\" content=\"https:\/\/www.uoh.cl\/investigacion\/academico\/mariela-gonzalez\/\" \/>\n<meta property=\"og:site_name\" content=\"Investigaci\u00f3n\" \/>\n<meta property=\"article:modified_time\" content=\"2025-12-23T18:46:43+00:00\" \/>\n<meta property=\"og:image\" content=\"https:\/\/www.uoh.cl\/investigacion\/wp-content\/uploads\/sites\/12\/2025\/03\/Mariela-Gonzalez.jpg\" \/>\n\t<meta property=\"og:image:width\" content=\"1000\" \/>\n\t<meta property=\"og:image:height\" content=\"1000\" \/>\n\t<meta property=\"og:image:type\" content=\"image\/jpeg\" \/>\n<meta name=\"twitter:card\" content=\"summary_large_image\" \/>\n<meta name=\"twitter:label1\" content=\"Tiempo estimado de lectura\" \/>\n\t<meta name=\"twitter:data1\" content=\"1 minuto\" \/>\n<script type=\"application\/ld+json\" class=\"yoast-schema-graph\">{\"@context\":\"https:\/\/schema.org\",\"@graph\":[{\"@type\":\"WebPage\",\"@id\":\"https:\/\/www.uoh.cl\/investigacion\/academico\/mariela-gonzalez\/\",\"url\":\"https:\/\/www.uoh.cl\/investigacion\/academico\/mariela-gonzalez\/\",\"name\":\"Mariela Gonz\u00e1lez - Investigaci\u00f3n\",\"isPartOf\":{\"@id\":\"https:\/\/www.uoh.cl\/investigacion\/#website\"},\"primaryImageOfPage\":{\"@id\":\"https:\/\/www.uoh.cl\/investigacion\/academico\/mariela-gonzalez\/#primaryimage\"},\"image\":{\"@id\":\"https:\/\/www.uoh.cl\/investigacion\/academico\/mariela-gonzalez\/#primaryimage\"},\"thumbnailUrl\":\"https:\/\/www.uoh.cl\/investigacion\/wp-content\/uploads\/sites\/12\/2025\/03\/Mariela-Gonzalez.jpg\",\"datePublished\":\"2025-03-25T16:45:17+00:00\",\"dateModified\":\"2025-12-23T18:46:43+00:00\",\"breadcrumb\":{\"@id\":\"https:\/\/www.uoh.cl\/investigacion\/academico\/mariela-gonzalez\/#breadcrumb\"},\"inLanguage\":\"es-CL\",\"potentialAction\":[{\"@type\":\"ReadAction\",\"target\":[\"https:\/\/www.uoh.cl\/investigacion\/academico\/mariela-gonzalez\/\"]}]},{\"@type\":\"ImageObject\",\"inLanguage\":\"es-CL\",\"@id\":\"https:\/\/www.uoh.cl\/investigacion\/academico\/mariela-gonzalez\/#primaryimage\",\"url\":\"https:\/\/www.uoh.cl\/investigacion\/wp-content\/uploads\/sites\/12\/2025\/03\/Mariela-Gonzalez.jpg\",\"contentUrl\":\"https:\/\/www.uoh.cl\/investigacion\/wp-content\/uploads\/sites\/12\/2025\/03\/Mariela-Gonzalez.jpg\",\"width\":1000,\"height\":1000,\"caption\":\"Mariela Gonz\u00e1lez\"},{\"@type\":\"BreadcrumbList\",\"@id\":\"https:\/\/www.uoh.cl\/investigacion\/academico\/mariela-gonzalez\/#breadcrumb\",\"itemListElement\":[{\"@type\":\"ListItem\",\"position\":1,\"name\":\"Acad\u00e9micos\",\"item\":\"https:\/\/www.uoh.cl\/investigacion\/academico\/\"},{\"@type\":\"ListItem\",\"position\":2,\"name\":\"Mariela Gonz\u00e1lez\"}]},{\"@type\":\"WebSite\",\"@id\":\"https:\/\/www.uoh.cl\/investigacion\/#website\",\"url\":\"https:\/\/www.uoh.cl\/investigacion\/\",\"name\":\"Investigaci\u00f3n\",\"description\":\"Sitio web de investigaci\u00f3n\",\"potentialAction\":[{\"@type\":\"SearchAction\",\"target\":{\"@type\":\"EntryPoint\",\"urlTemplate\":\"https:\/\/www.uoh.cl\/investigacion\/?s={search_term_string}\"},\"query-input\":{\"@type\":\"PropertyValueSpecification\",\"valueRequired\":true,\"valueName\":\"search_term_string\"}}],\"inLanguage\":\"es-CL\"}]}<\/script>\n<!-- \/ Yoast SEO plugin. -->","yoast_head_json":{"title":"Mariela Gonz\u00e1lez - Investigaci\u00f3n","robots":{"index":"index","follow":"follow","max-snippet":"max-snippet:-1","max-image-preview":"max-image-preview:large","max-video-preview":"max-video-preview:-1"},"canonical":"https:\/\/www.uoh.cl\/investigacion\/academico\/mariela-gonzalez\/","og_locale":"es_ES","og_type":"article","og_title":"Mariela Gonz\u00e1lez - Investigaci\u00f3n","og_description":"[vc_section el_class=&#8221;container mx-auto align-items-center circle&#8211;pattern&#8221; css=&#8221;.vc_custom_1650056176159{padding-top: 3rem !important;}&#8221;][vc_row][vc_column][vc_wp_custommenu nav_menu=&#8221;5&#8243;][vc_row_inner el_class=&#8221;border-separator m-0 mt-4&#8243;][vc_column_inner width=&#8221;1\/6&#8243;][\/vc_column_inner][vc_column_inner width=&#8221;2\/3&#8243;][\/vc_column_inner][vc_column_inner width=&#8221;1\/6&#8243;][\/vc_column_inner][\/vc_row_inner][\/vc_column][\/vc_row][\/vc_section][vc_section css=&#8221;.vc_custom_1650239278498{background-color: #ffffff !important;}&#8221; el_class=&#8221;p-md-0 pt-md-5&#8243;][vc_row el_class=&#8221;container mx-auto align-items-center&#8221;][vc_column][vc_row_inner][vc_column_inner width=&#8221;5\/6&#8243;][\/vc_column_inner][\/vc_row_inner][\/vc_column][\/vc_row][\/vc_section][vc_section css=&#8221;.vc_custom_1650056119592{background-color: #ffffff !important;}&#8221; el_class=&#8221;p-md-0 pt-md-5 pb-md-5&#8243;][vc_row el_class=&#8221;container mx-auto align-items-start&#8221;][vc_column width=&#8221;1\/6&#8243; el_class=&#8221;p-0&#8243;][\/vc_column][vc_column width=&#8221;5\/6&#8243;][vc_tta_tabs active_section=&#8221;1&#8243; el_class=&#8221;tabs-inner-academic&#8221;][vc_tta_section title=&#8221;Publicaciones&#8221; tab_id=&#8221;publicaciones&#8221;][\/vc_tta_section][vc_tta_section title=&#8221;Cap\u00edtulos de Libros&#8221; tab_id=&#8221;cap-libros&#8221;][\/vc_tta_section][vc_tta_section title=&#8221;Contacto&#8221; tab_id=&#8221;contacto&#8221;][\/vc_tta_section][\/vc_tta_tabs][\/vc_column][\/vc_row][\/vc_section]","og_url":"https:\/\/www.uoh.cl\/investigacion\/academico\/mariela-gonzalez\/","og_site_name":"Investigaci\u00f3n","article_modified_time":"2025-12-23T18:46:43+00:00","og_image":[{"width":1000,"height":1000,"url":"https:\/\/www.uoh.cl\/investigacion\/wp-content\/uploads\/sites\/12\/2025\/03\/Mariela-Gonzalez.jpg","type":"image\/jpeg"}],"twitter_card":"summary_large_image","twitter_misc":{"Tiempo estimado de lectura":"1 minuto"},"schema":{"@context":"https:\/\/schema.org","@graph":[{"@type":"WebPage","@id":"https:\/\/www.uoh.cl\/investigacion\/academico\/mariela-gonzalez\/","url":"https:\/\/www.uoh.cl\/investigacion\/academico\/mariela-gonzalez\/","name":"Mariela Gonz\u00e1lez - Investigaci\u00f3n","isPartOf":{"@id":"https:\/\/www.uoh.cl\/investigacion\/#website"},"primaryImageOfPage":{"@id":"https:\/\/www.uoh.cl\/investigacion\/academico\/mariela-gonzalez\/#primaryimage"},"image":{"@id":"https:\/\/www.uoh.cl\/investigacion\/academico\/mariela-gonzalez\/#primaryimage"},"thumbnailUrl":"https:\/\/www.uoh.cl\/investigacion\/wp-content\/uploads\/sites\/12\/2025\/03\/Mariela-Gonzalez.jpg","datePublished":"2025-03-25T16:45:17+00:00","dateModified":"2025-12-23T18:46:43+00:00","breadcrumb":{"@id":"https:\/\/www.uoh.cl\/investigacion\/academico\/mariela-gonzalez\/#breadcrumb"},"inLanguage":"es-CL","potentialAction":[{"@type":"ReadAction","target":["https:\/\/www.uoh.cl\/investigacion\/academico\/mariela-gonzalez\/"]}]},{"@type":"ImageObject","inLanguage":"es-CL","@id":"https:\/\/www.uoh.cl\/investigacion\/academico\/mariela-gonzalez\/#primaryimage","url":"https:\/\/www.uoh.cl\/investigacion\/wp-content\/uploads\/sites\/12\/2025\/03\/Mariela-Gonzalez.jpg","contentUrl":"https:\/\/www.uoh.cl\/investigacion\/wp-content\/uploads\/sites\/12\/2025\/03\/Mariela-Gonzalez.jpg","width":1000,"height":1000,"caption":"Mariela Gonz\u00e1lez"},{"@type":"BreadcrumbList","@id":"https:\/\/www.uoh.cl\/investigacion\/academico\/mariela-gonzalez\/#breadcrumb","itemListElement":[{"@type":"ListItem","position":1,"name":"Acad\u00e9micos","item":"https:\/\/www.uoh.cl\/investigacion\/academico\/"},{"@type":"ListItem","position":2,"name":"Mariela Gonz\u00e1lez"}]},{"@type":"WebSite","@id":"https:\/\/www.uoh.cl\/investigacion\/#website","url":"https:\/\/www.uoh.cl\/investigacion\/","name":"Investigaci\u00f3n","description":"Sitio web de investigaci\u00f3n","potentialAction":[{"@type":"SearchAction","target":{"@type":"EntryPoint","urlTemplate":"https:\/\/www.uoh.cl\/investigacion\/?s={search_term_string}"},"query-input":{"@type":"PropertyValueSpecification","valueRequired":true,"valueName":"search_term_string"}}],"inLanguage":"es-CL"}]}},"_links":{"self":[{"href":"https:\/\/www.uoh.cl\/investigacion\/wp-json\/wp\/v2\/academics\/18314","targetHints":{"allow":["GET"]}}],"collection":[{"href":"https:\/\/www.uoh.cl\/investigacion\/wp-json\/wp\/v2\/academics"}],"about":[{"href":"https:\/\/www.uoh.cl\/investigacion\/wp-json\/wp\/v2\/types\/academics"}],"version-history":[{"count":5,"href":"https:\/\/www.uoh.cl\/investigacion\/wp-json\/wp\/v2\/academics\/18314\/revisions"}],"predecessor-version":[{"id":20685,"href":"https:\/\/www.uoh.cl\/investigacion\/wp-json\/wp\/v2\/academics\/18314\/revisions\/20685"}],"wp:featuredmedia":[{"embeddable":true,"href":"https:\/\/www.uoh.cl\/investigacion\/wp-json\/wp\/v2\/media\/18316"}],"wp:attachment":[{"href":"https:\/\/www.uoh.cl\/investigacion\/wp-json\/wp\/v2\/media?parent=18314"}],"wp:term":[{"taxonomy":"institute_academics","embeddable":true,"href":"https:\/\/www.uoh.cl\/investigacion\/wp-json\/wp\/v2\/institute_academics?post=18314"},{"taxonomy":"profile_academics","embeddable":true,"href":"https:\/\/www.uoh.cl\/investigacion\/wp-json\/wp\/v2\/profile_academics?post=18314"}],"curies":[{"name":"wp","href":"https:\/\/api.w.org\/{rel}","templated":true}]}}