
{"id":8664,"date":"2025-05-07T11:29:52","date_gmt":"2025-05-07T14:29:52","guid":{"rendered":"https:\/\/www.uoh.cl\/instituto-de-ciencias-de-la-educacion\/instituto-de-ciencias-de-la-educacion-2\/"},"modified":"2025-05-07T11:29:52","modified_gmt":"2025-05-07T14:29:52","slug":"instituto-de-ciencias-de-la-educacion-2","status":"publish","type":"page","link":"https:\/\/www.uoh.cl\/instituto-de-ciencias-de-la-educacion\/instituto-de-ciencias-de-la-educacion-2\/","title":{"rendered":"Instituto de Ciencias de la Educaci\u00f3n"},"content":{"rendered":"<div class=\"wpb-content-wrapper\"><p>[vc_row el_class=&#8221;mobile-padding-0&#8243;][vc_column el_class=&#8221;mobile-padding-0&#8243;]<div class=\"uoh_slider_featured_component component__featured-slide row mx-auto col-12 m-0 align-items-center position-relative lazyload\" style=\" background:inherit\" data-bg=\"url(https:\/\/www.uoh.cl\/instituto-de-ciencias-de-la-educacion\/wp-content\/uploads\/sites\/13\/2022\/06\/Foto-Instituto-Educacion-web.jpg)\"><div class=\"caption--degrade\"><svg  xmlns=\"http:\/\/www.w3.org\/2000\/svg\" xmlns:xlink=\"http:\/\/www.w3.org\/1999\/xlink\" width=\"1061px\" height=\"539px\"><defs><linearGradient id=\"PSgrad_0\" x1=\"0%\" x2=\"64.279%\" y1=\"76.604%\" y2=\"0%\"><stop offset=\"0%\" stop-color=\"rgb(66,160,248)\" stop-opacity=\"1\" \/><stop offset=\"100%\" stop-color=\"rgb(66,160,248)\" stop-opacity=\"0\" \/><\/linearGradient><\/defs><path fill-rule=\"evenodd\"  fill=\"none\" d=\"M311.000,515.000 C311.000,515.000 211.039,468.555 132.000,357.000 C21.864,201.555 -4.306,4.695 1.000,0.000 L196.000,0.000 L811.000,0.000 L1061.000,0.000 C1061.000,0.000 851.535,430.030 546.000,521.000 C402.674,563.674 311.000,515.000 311.000,515.000 Z\"\/> <path fill=\"url(#PSgrad_0)\"d=\"M311.000,515.000 C311.000,515.000 211.039,468.555 132.000,357.000 C21.864,201.555 -4.306,4.695 1.000,0.000 L196.000,0.000 L811.000,0.000 L1061.000,0.000 C1061.000,0.000 851.535,430.030 546.000,521.000 C402.674,563.674 311.000,515.000 311.000,515.000 Z\"\/><\/svg><\/div><div class=\"caption--quote\"><svg xmlns=\"http:\/\/www.w3.org\/2000\/svg\" xmlns:xlink=\"http:\/\/www.w3.org\/1999\/xlink\"width=\"226px\" height=\"273px\"><defs><linearGradient id=\"PSgrad_0\" x1=\"71.934%\" x2=\"0%\" y1=\"69.466%\" y2=\"0%\"><stop offset=\"0%\" stop-color=\"rgb(66,160,248)\" stop-opacity=\"0.49\" \/><stop offset=\"100%\" stop-color=\"rgb(66,160,248)\" stop-opacity=\"0\" \/><\/linearGradient><\/defs><path fill-rule=\"evenodd\"  fill=\"none\" d=\"M-0.000,273.000 L174.000,273.000 C174.000,273.000 226.000,266.268 226.000,221.000 C226.000,175.732 226.000,-0.000 226.000,-0.000 C226.000,-0.000 24.577,71.878 -0.000,273.000 Z\"\/><path fill=\"url(#PSgrad_0)\"d=\"M-0.000,273.000 L174.000,273.000 C174.000,273.000 226.000,266.268 226.000,221.000 C226.000,175.732 226.000,-0.000 226.000,-0.000 C226.000,-0.000 24.577,71.878 -0.000,273.000 Z\"\/><\/svg><\/div><div class=\"my-uoh_slider_featured_component container mx-auto p-md-0\" ><div class=\"content component__featured-slide-content container row mx-auto aling-items-center p-0\"><h1 class=\"p-0 featured-slide title\"  style=\"\"><em>Instituto de<\/em>Ciencias de la Educaci\u00f3n<\/h1><ul class=\"breadcrumb breadcrumb-list\"><li><a href=\"https:\/\/www.uoh.cl\/instituto-de-ciencias-de-la-educacion\">Inicio<\/a><\/li><li><span class=\"separator\"><?xml version=\"1.0\" ?><svg viewBox=\"0 0 96 96\" xmlns=\"http:\/\/www.w3.org\/2000\/svg\"><title\/><path d=\"M39.3756,48.0022l30.47-25.39a6.0035,6.0035,0,0,0-7.6878-9.223L26.1563,43.3906a6.0092,6.0092,0,0,0,0,9.2231L62.1578,82.615a6.0035,6.0035,0,0,0,7.6878-9.2231Z\"\/><\/svg><\/span><\/li><li><a href=\"\"><\/a><\/li><li>Instituto de Ciencias de la Educaci\u00f3n<\/li><\/ul><\/div><span><\/span><\/div><\/div>[\/vc_column][\/vc_row][vc_section el_id=&#8221;investigacion&#8221; el_class=&#8221;container mx-auto p-0 align-items-center&#8221;][vc_row el_class=&#8221;container mx-auto p-0 align-items-center circle&#8211;pattern&#8221;][vc_column css=&#8221;.vc_custom_1648334964471{margin-top: 3rem !important;}&#8221;][vc_wp_custommenu nav_menu=&#8221;8&#8243;][\/vc_column][\/vc_row][vc_row el_class=&#8221;pt-5 pb-5 m-0&#8243;][vc_column el_class=&#8221;m-0&#8243;]<div class=\"uoh_title_component-container\"><h1 class=\"title title--ms d-inline-block title--decorator  big\">Instituto de Ciencias de la Educaci\u00f3n<\/h1><\/div>[vc_row_inner content_placement=&#8221;middle&#8221; el_class=&#8221;pb-5&#8243;][vc_column_inner width=&#8221;1\/2&#8243; css=&#8221;.vc_custom_1648841686405{margin-right: 100px !important;}&#8221;][vc_column_text css=&#8221;.vc_custom_1651200523421{margin-bottom: 3rem !important;}&#8221;]El Instituto de Ciencias de la Educaci\u00f3n (ICEd) de la Universidad de O\u2019Higgins es un espacio de investigaci\u00f3n multidisciplinario dedicado al \u00e1mbito de la Educaci\u00f3n. La misi\u00f3n del ICEd es contribuir al mejoramiento de la Educaci\u00f3n tanto en la Regi\u00f3n de O\u2019Higgins como a nivel nacional e internacional, aportando al desarrollo de la calidad de la educaci\u00f3n y, en especial, a la soluci\u00f3n de problemas de la realidad educativa.<\/p>\n<p>Quienes trabajan en pos de esta misi\u00f3n son investigadores e investigadoras provenientes de \u00e1reas diversas como Pedagog\u00eda, Ling\u00fc\u00edstica, Literatura, Matem\u00e1tica y Sociolog\u00eda. Los miembros del ICEd cuentan con experiencia en colaboraci\u00f3n interdisciplinaria para el desarrollo de investigaci\u00f3n educativa, siendo \u00e9ste un sello distintivo de la investigaci\u00f3n que se desarrolla en el Instituto.[\/vc_column_text]<div class=\"uoh_link_component pe-4 d-inline-block py-1 simple inline\"><a href=\"https:\/\/www.uoh.cl\/universidad\/vicerrectoria-de-investigacion-postgrado-y-vinculacion-con-el-medio\/direccion-de-investigacion\/\"\n                                    class=\"link link--bold component__btn-content\"\n                                    title\"\"\n                                    target=\"\"\n                                    rel=\"\">Direcci\u00f3n de investigaci\u00f3n<span class=\"icon icon--inline icon--link\"><svg version=\"1.1\" xmlns=\"http:\/\/www.w3.org\/2000\/svg\" xmlns:xlink=\"http:\/\/www.w3.org\/1999\/xlink\" x=\"0px\" y=\"0px\" width=\"22px\"height=\"22px\" viewBox=\"0 0 22 22\" style=\"overflow:visible;enable-background:new 0 0 80 64.6;\" xml:space=\"preserve\"><g clip-path=\"url(#acA)\"><path fill-rule=\"evenodd\" d=\"M21.913 11.266a.93.93 0 000-.711c-.022-.056-.063-.097-.091-.144s-.053-.103-.097-.15L12.306.294c-.357-.379-.955-.394-1.334-.038s-.394.955-.038 1.334l7.917 8.374H.927a.95.95 0 00-.908.983.946.946 0 00.908.908h17.924l-8.089 8.552c-.357.379-.341.977.034 1.334s.977.341 1.334-.034l9.594-10.148c.044-.044.063-.1.097-.15.028-.047.069-.088.091-.141z\"\/><\/g><defs><clipPath id=\"acA\"><path fill=\"#fff\" d=\"M0 0h22v22H0z\"\/><\/clipPath><\/defs><\/svg><\/span><\/a><\/div><div class=\"uoh_link_component pe-4 d-inline-block py-1 simple inline\"><a href=\"https:\/\/www.uoh.cl\/universidad\/vicerrectoria-de-investigacion-postgrado-y-vinculacion-con-el-medio\/direccion-de-investigacion\/\"\n                                    class=\"link link--bold component__btn-content\"\n                                    title\"\"\n                                    target=\"\"\n                                    rel=\"\">Programa de Desarrollo<span class=\"icon icon--inline icon--link\"><svg version=\"1.1\" xmlns=\"http:\/\/www.w3.org\/2000\/svg\" xmlns:xlink=\"http:\/\/www.w3.org\/1999\/xlink\" x=\"0px\" y=\"0px\" width=\"22px\"height=\"22px\" viewBox=\"0 0 22 22\" style=\"overflow:visible;enable-background:new 0 0 80 64.6;\" xml:space=\"preserve\"><g clip-path=\"url(#acA)\"><path fill-rule=\"evenodd\" d=\"M21.913 11.266a.93.93 0 000-.711c-.022-.056-.063-.097-.091-.144s-.053-.103-.097-.15L12.306.294c-.357-.379-.955-.394-1.334-.038s-.394.955-.038 1.334l7.917 8.374H.927a.95.95 0 00-.908.983.946.946 0 00.908.908h17.924l-8.089 8.552c-.357.379-.341.977.034 1.334s.977.341 1.334-.034l9.594-10.148c.044-.044.063-.1.097-.15.028-.047.069-.088.091-.141z\"\/><\/g><defs><clipPath id=\"acA\"><path fill=\"#fff\" d=\"M0 0h22v22H0z\"\/><\/clipPath><\/defs><\/svg><\/span><\/a><\/div>[\/vc_column_inner][vc_column_inner width=&#8221;1\/2&#8243;]<div class=\"uoh_quote_component component__quote col-12\"><div class=\"uoh_quote_component p-2 mt-4 mt-md-0 p-md-5 \"><div class=\"content component__quote-content \"><span class=\"quote-icon\"><?xml version=\"1.0\" ?><svg fill=\"none\" height=\"48\" viewBox=\"0 0 48 48\" width=\"48\" xmlns=\"http:\/\/www.w3.org\/2000\/svg\"><path clip-rule=\"evenodd\" d=\"M18.8533 9.11599C11.3227 13.9523 7.13913 19.5812 6.30256 26.0029C5.00021 36 13.9404 40.8933 18.4703 36.4967C23.0002 32.1002 20.2848 26.5196 17.0047 24.9942C13.7246 23.4687 11.7187 24 12.0686 21.9616C12.4185 19.9231 17.0851 14.2713 21.1849 11.6392C21.4569 11.4079 21.5604 10.9591 21.2985 10.6187C21.1262 10.3947 20.7883 9.95557 20.2848 9.30114C19.8445 8.72888 19.4227 8.75029 18.8533 9.11599Z\" fill=\"black\" fill-rule=\"evenodd\"\/><path clip-rule=\"evenodd\" d=\"M38.6789 9.11599C31.1484 13.9523 26.9648 19.5812 26.1282 26.0029C24.8259 36 33.7661 40.8933 38.296 36.4967C42.8259 32.1002 40.1105 26.5196 36.8304 24.9942C33.5503 23.4687 31.5443 24 31.8943 21.9616C32.2442 19.9231 36.9108 14.2713 41.0106 11.6392C41.2826 11.4079 41.3861 10.9591 41.1241 10.6187C40.9519 10.3947 40.614 9.95557 40.1105 9.30114C39.6702 8.72888 39.2484 8.75029 38.6789 9.11599Z\" fill=\"black\" fill-rule=\"evenodd\"\/><\/svg><\/span> <div class=\"quote mb-5\">La investigaci\u00f3n realizada en el Instituto de Ciencias de la Educaci\u00f3n tiene como objetivo abordar las problem\u00e1ticas y desaf\u00edos educativos que emergen en nuestro sistema escolar a trav\u00e9s de enfoques innovadores, colaborativos y pertinentes a la pr\u00e1ctica docente dentro del contexto regional, con el fin de posicionarse como un actor relevante en la discusi\u00f3n de asuntos p\u00fablicos a nivel nacional. <span class=\"quote-icon-2\"><?xml version=\"1.0\" ?><svg fill=\"none\" height=\"48\" viewBox=\"0 0 48 48\" width=\"48\" xmlns=\"http:\/\/www.w3.org\/2000\/svg\"><path clip-rule=\"evenodd\" d=\"M18.8533 9.11599C11.3227 13.9523 7.13913 19.5812 6.30256 26.0029C5.00021 36 13.9404 40.8933 18.4703 36.4967C23.0002 32.1002 20.2848 26.5196 17.0047 24.9942C13.7246 23.4687 11.7187 24 12.0686 21.9616C12.4185 19.9231 17.0851 14.2713 21.1849 11.6392C21.4569 11.4079 21.5604 10.9591 21.2985 10.6187C21.1262 10.3947 20.7883 9.95557 20.2848 9.30114C19.8445 8.72888 19.4227 8.75029 18.8533 9.11599Z\" fill=\"black\" fill-rule=\"evenodd\"\/><path clip-rule=\"evenodd\" d=\"M38.6789 9.11599C31.1484 13.9523 26.9648 19.5812 26.1282 26.0029C24.8259 36 33.7661 40.8933 38.296 36.4967C42.8259 32.1002 40.1105 26.5196 36.8304 24.9942C33.5503 23.4687 31.5443 24 31.8943 21.9616C32.2442 19.9231 36.9108 14.2713 41.0106 11.6392C41.2826 11.4079 41.3861 10.9591 41.1241 10.6187C40.9519 10.3947 40.614 9.95557 40.1105 9.30114C39.6702 8.72888 39.2484 8.75029 38.6789 9.11599Z\" fill=\"black\" fill-rule=\"evenodd\"\/><\/svg><\/span><\/div><\/div><div class=\"col-12 component__quote-name row\"><div class=\"col quote__profile\"><div class=\"img-wrap\"><img decoding=\"async\" data-src=\"https:\/\/www.uoh.cl\/instituto-de-ciencias-de-la-educacion\/wp-content\/uploads\/sites\/13\/2024\/01\/Carolina-Perez-150x150.png\" src=\"data:image\/svg+xml;base64,PHN2ZyB3aWR0aD0iMSIgaGVpZ2h0PSIxIiB4bWxucz0iaHR0cDovL3d3dy53My5vcmcvMjAwMC9zdmciPjwvc3ZnPg==\" class=\"lazyload\" style=\"--smush-placeholder-width: 150px; --smush-placeholder-aspect-ratio: 150\/150;\"><\/div><\/div><div class=\"col row m-0 align-items-end p-0 quote__profile-content\"><div class=\"p-0 pb-2\"><h5 class=\"m-0 title title--inter\">Dra. Carolina P\u00e9rez Arredondo<\/h5><span>Directora Instituto de Ciencias de la Educaci\u00f3n<\/span><\/div><\/div><\/div><\/div><\/div>[\/vc_column_inner][\/vc_row_inner][\/vc_column][\/vc_row][\/vc_section][vc_section el_id=&#8221;institutos&#8221; css=&#8221;.vc_custom_1650601331987{background-color: #f6faff !important;}&#8221;][vc_row el_class=&#8221;container mx-auto p-0 align-items-center pb-5&#8243;][vc_column]<div class=\"uoh_title_component-container\"><h2 class=\"title title--ms d-inline-block title--decorator  medium\">Nuestro Equipo<\/h2><\/div><div class=\"authorities-container authorities-container--four-per-line px-0 content-holder\"><div class=\"authorities-container__box\"><figure class=\"col-12 row m-0 academic-figure\"><div class=\"col-4 py-3 \"><img decoding=\"async\" data-src=\"https:\/\/www.uoh.cl\/instituto-de-ciencias-de-la-educacion\/wp-content\/uploads\/sites\/13\/2025\/01\/Andrea-Cortes-150x150.jpg\" alt=\"\" src=\"data:image\/svg+xml;base64,PHN2ZyB3aWR0aD0iMSIgaGVpZ2h0PSIxIiB4bWxucz0iaHR0cDovL3d3dy53My5vcmcvMjAwMC9zdmciPjwvc3ZnPg==\" class=\"lazyload\" style=\"--smush-placeholder-width: 150px; --smush-placeholder-aspect-ratio: 150\/150;\"><\/div><figcaption class=\"col-8 px-md-0\"><a href=\"https:\/\/www.uoh.cl\/instituto-de-ciencias-de-la-educacion\/academico\/andrea-cortes-saavedra\/\"><div class=\"flex\">Andrea Cort\u00e9s Saavedra<span>Investigadora Postdoctoral<\/span><\/div><svg version=\"1.1\" xmlns=\"http:\/\/www.w3.org\/2000\/svg\" xmlns:xlink=\"http:\/\/www.w3.org\/1999\/xlink\" x=\"0px\" y=\"0px\" width=\"22px\"height=\"22px\" viewBox=\"0 0 22 22\" style=\"overflow:visible;enable-background:new 0 0 80 64.6;\" xml:space=\"preserve\"><g clip-path=\"url(#acA)\"><path fill-rule=\"evenodd\" d=\"M21.913 11.266a.93.93 0 000-.711c-.022-.056-.063-.097-.091-.144s-.053-.103-.097-.15L12.306.294c-.357-.379-.955-.394-1.334-.038s-.394.955-.038 1.334l7.917 8.374H.927a.95.95 0 00-.908.983.946.946 0 00.908.908h17.924l-8.089 8.552c-.357.379-.341.977.034 1.334s.977.341 1.334-.034l9.594-10.148c.044-.044.063-.1.097-.15.028-.047.069-.088.091-.141z\"\/><\/g><defs><clipPath id=\"acA\"><path fill=\"#fff\" d=\"M0 0h22v22H0z\"\/><\/clipPath><\/defs><\/svg><\/a><\/figcaption><\/figure><\/div><div class=\"authorities-container__box\"><figure class=\"col-12 row m-0 academic-figure\"><div class=\"col-4 py-3 \"><img decoding=\"async\" data-src=\"https:\/\/www.uoh.cl\/instituto-de-ciencias-de-la-educacion\/wp-content\/uploads\/sites\/13\/2026\/04\/Anna-Ivanova-150x150.png\" alt=\"\" src=\"data:image\/svg+xml;base64,PHN2ZyB3aWR0aD0iMSIgaGVpZ2h0PSIxIiB4bWxucz0iaHR0cDovL3d3dy53My5vcmcvMjAwMC9zdmciPjwvc3ZnPg==\" class=\"lazyload\" style=\"--smush-placeholder-width: 150px; --smush-placeholder-aspect-ratio: 150\/150;\"><\/div><figcaption class=\"col-8 px-md-0\"><a href=\"https:\/\/www.uoh.cl\/instituto-de-ciencias-de-la-educacion\/academico\/anna-ivanova\/\"><div class=\"flex\">Anna Ivanova<span>Profesora Asociada<\/span><\/div><svg version=\"1.1\" xmlns=\"http:\/\/www.w3.org\/2000\/svg\" xmlns:xlink=\"http:\/\/www.w3.org\/1999\/xlink\" x=\"0px\" y=\"0px\" width=\"22px\"height=\"22px\" viewBox=\"0 0 22 22\" style=\"overflow:visible;enable-background:new 0 0 80 64.6;\" xml:space=\"preserve\"><g clip-path=\"url(#acA)\"><path fill-rule=\"evenodd\" d=\"M21.913 11.266a.93.93 0 000-.711c-.022-.056-.063-.097-.091-.144s-.053-.103-.097-.15L12.306.294c-.357-.379-.955-.394-1.334-.038s-.394.955-.038 1.334l7.917 8.374H.927a.95.95 0 00-.908.983.946.946 0 00.908.908h17.924l-8.089 8.552c-.357.379-.341.977.034 1.334s.977.341 1.334-.034l9.594-10.148c.044-.044.063-.1.097-.15.028-.047.069-.088.091-.141z\"\/><\/g><defs><clipPath id=\"acA\"><path fill=\"#fff\" d=\"M0 0h22v22H0z\"\/><\/clipPath><\/defs><\/svg><\/a><\/figcaption><\/figure><\/div><div class=\"authorities-container__box\"><figure class=\"col-12 row m-0 academic-figure\"><div class=\"col-4 py-3 \"><img decoding=\"async\" data-src=\"https:\/\/www.uoh.cl\/instituto-de-ciencias-de-la-educacion\/wp-content\/uploads\/sites\/13\/2026\/04\/Carlos-Willatt-150x150.png\" alt=\"\" src=\"data:image\/svg+xml;base64,PHN2ZyB3aWR0aD0iMSIgaGVpZ2h0PSIxIiB4bWxucz0iaHR0cDovL3d3dy53My5vcmcvMjAwMC9zdmciPjwvc3ZnPg==\" class=\"lazyload\" style=\"--smush-placeholder-width: 150px; --smush-placeholder-aspect-ratio: 150\/150;\"><\/div><figcaption class=\"col-8 px-md-0\"><a href=\"https:\/\/www.uoh.cl\/instituto-de-ciencias-de-la-educacion\/academico\/carlos-willatt\/\"><div class=\"flex\">Carlos Willatt<span>Profesor Asistente<\/span><\/div><svg version=\"1.1\" xmlns=\"http:\/\/www.w3.org\/2000\/svg\" xmlns:xlink=\"http:\/\/www.w3.org\/1999\/xlink\" x=\"0px\" y=\"0px\" width=\"22px\"height=\"22px\" viewBox=\"0 0 22 22\" style=\"overflow:visible;enable-background:new 0 0 80 64.6;\" xml:space=\"preserve\"><g clip-path=\"url(#acA)\"><path fill-rule=\"evenodd\" d=\"M21.913 11.266a.93.93 0 000-.711c-.022-.056-.063-.097-.091-.144s-.053-.103-.097-.15L12.306.294c-.357-.379-.955-.394-1.334-.038s-.394.955-.038 1.334l7.917 8.374H.927a.95.95 0 00-.908.983.946.946 0 00.908.908h17.924l-8.089 8.552c-.357.379-.341.977.034 1.334s.977.341 1.334-.034l9.594-10.148c.044-.044.063-.1.097-.15.028-.047.069-.088.091-.141z\"\/><\/g><defs><clipPath id=\"acA\"><path fill=\"#fff\" d=\"M0 0h22v22H0z\"\/><\/clipPath><\/defs><\/svg><\/a><\/figcaption><\/figure><\/div><div class=\"authorities-container__box\"><figure class=\"col-12 row m-0 academic-figure\"><div class=\"col-4 py-3 \"><img decoding=\"async\" data-src=\"https:\/\/www.uoh.cl\/instituto-de-ciencias-de-la-educacion\/wp-content\/uploads\/sites\/13\/2022\/11\/Carolina-Perez-150x150.jpg\" alt=\"\" src=\"data:image\/svg+xml;base64,PHN2ZyB3aWR0aD0iMSIgaGVpZ2h0PSIxIiB4bWxucz0iaHR0cDovL3d3dy53My5vcmcvMjAwMC9zdmciPjwvc3ZnPg==\" class=\"lazyload\" style=\"--smush-placeholder-width: 150px; --smush-placeholder-aspect-ratio: 150\/150;\"><\/div><figcaption class=\"col-8 px-md-0\"><a href=\"https:\/\/www.uoh.cl\/instituto-de-ciencias-de-la-educacion\/academico\/carolina-perez-arredondo\/\"><div class=\"flex\">Carolina P\u00e9rez Arredondo<span>Profesora Asociada<\/span><\/div><svg version=\"1.1\" xmlns=\"http:\/\/www.w3.org\/2000\/svg\" xmlns:xlink=\"http:\/\/www.w3.org\/1999\/xlink\" x=\"0px\" y=\"0px\" width=\"22px\"height=\"22px\" viewBox=\"0 0 22 22\" style=\"overflow:visible;enable-background:new 0 0 80 64.6;\" xml:space=\"preserve\"><g clip-path=\"url(#acA)\"><path fill-rule=\"evenodd\" d=\"M21.913 11.266a.93.93 0 000-.711c-.022-.056-.063-.097-.091-.144s-.053-.103-.097-.15L12.306.294c-.357-.379-.955-.394-1.334-.038s-.394.955-.038 1.334l7.917 8.374H.927a.95.95 0 00-.908.983.946.946 0 00.908.908h17.924l-8.089 8.552c-.357.379-.341.977.034 1.334s.977.341 1.334-.034l9.594-10.148c.044-.044.063-.1.097-.15.028-.047.069-.088.091-.141z\"\/><\/g><defs><clipPath id=\"acA\"><path fill=\"#fff\" d=\"M0 0h22v22H0z\"\/><\/clipPath><\/defs><\/svg><\/a><\/figcaption><\/figure><\/div><div class=\"authorities-container__box\"><figure class=\"col-12 row m-0 academic-figure\"><div class=\"col-4 py-3 \"><img decoding=\"async\" data-src=\"https:\/\/www.uoh.cl\/instituto-de-ciencias-de-la-educacion\/wp-content\/uploads\/sites\/13\/2025\/08\/Daniela-Avello-150x150.jpg\" alt=\"\" src=\"data:image\/svg+xml;base64,PHN2ZyB3aWR0aD0iMSIgaGVpZ2h0PSIxIiB4bWxucz0iaHR0cDovL3d3dy53My5vcmcvMjAwMC9zdmciPjwvc3ZnPg==\" class=\"lazyload\" style=\"--smush-placeholder-width: 150px; --smush-placeholder-aspect-ratio: 150\/150;\"><\/div><figcaption class=\"col-8 px-md-0\"><a href=\"https:\/\/www.uoh.cl\/instituto-de-ciencias-de-la-educacion\/academico\/daniela-avello\/\"><div class=\"flex\">Daniela Avello<span>Investigadora Postdoctoral<\/span><\/div><svg version=\"1.1\" xmlns=\"http:\/\/www.w3.org\/2000\/svg\" xmlns:xlink=\"http:\/\/www.w3.org\/1999\/xlink\" x=\"0px\" y=\"0px\" width=\"22px\"height=\"22px\" viewBox=\"0 0 22 22\" style=\"overflow:visible;enable-background:new 0 0 80 64.6;\" xml:space=\"preserve\"><g clip-path=\"url(#acA)\"><path fill-rule=\"evenodd\" d=\"M21.913 11.266a.93.93 0 000-.711c-.022-.056-.063-.097-.091-.144s-.053-.103-.097-.15L12.306.294c-.357-.379-.955-.394-1.334-.038s-.394.955-.038 1.334l7.917 8.374H.927a.95.95 0 00-.908.983.946.946 0 00.908.908h17.924l-8.089 8.552c-.357.379-.341.977.034 1.334s.977.341 1.334-.034l9.594-10.148c.044-.044.063-.1.097-.15.028-.047.069-.088.091-.141z\"\/><\/g><defs><clipPath id=\"acA\"><path fill=\"#fff\" d=\"M0 0h22v22H0z\"\/><\/clipPath><\/defs><\/svg><\/a><\/figcaption><\/figure><\/div><div class=\"authorities-container__box\"><figure class=\"col-12 row m-0 academic-figure\"><div class=\"col-4 py-3 \"><img decoding=\"async\" data-src=\"https:\/\/www.uoh.cl\/instituto-de-ciencias-de-la-educacion\/wp-content\/uploads\/sites\/13\/2022\/11\/Daniela-Jadue-150x150.jpg\" alt=\"\" src=\"data:image\/svg+xml;base64,PHN2ZyB3aWR0aD0iMSIgaGVpZ2h0PSIxIiB4bWxucz0iaHR0cDovL3d3dy53My5vcmcvMjAwMC9zdmciPjwvc3ZnPg==\" class=\"lazyload\" style=\"--smush-placeholder-width: 150px; --smush-placeholder-aspect-ratio: 150\/150;\"><\/div><figcaption class=\"col-8 px-md-0\"><a href=\"https:\/\/www.uoh.cl\/instituto-de-ciencias-de-la-educacion\/academico\/daniela-jadue\/\"><div class=\"flex\">Daniela Jadue<span>Profesora Asistente<\/span><\/div><svg version=\"1.1\" xmlns=\"http:\/\/www.w3.org\/2000\/svg\" xmlns:xlink=\"http:\/\/www.w3.org\/1999\/xlink\" x=\"0px\" y=\"0px\" width=\"22px\"height=\"22px\" viewBox=\"0 0 22 22\" style=\"overflow:visible;enable-background:new 0 0 80 64.6;\" xml:space=\"preserve\"><g clip-path=\"url(#acA)\"><path fill-rule=\"evenodd\" d=\"M21.913 11.266a.93.93 0 000-.711c-.022-.056-.063-.097-.091-.144s-.053-.103-.097-.15L12.306.294c-.357-.379-.955-.394-1.334-.038s-.394.955-.038 1.334l7.917 8.374H.927a.95.95 0 00-.908.983.946.946 0 00.908.908h17.924l-8.089 8.552c-.357.379-.341.977.034 1.334s.977.341 1.334-.034l9.594-10.148c.044-.044.063-.1.097-.15.028-.047.069-.088.091-.141z\"\/><\/g><defs><clipPath id=\"acA\"><path fill=\"#fff\" d=\"M0 0h22v22H0z\"\/><\/clipPath><\/defs><\/svg><\/a><\/figcaption><\/figure><\/div><div class=\"authorities-container__box\"><figure class=\"col-12 row m-0 academic-figure\"><div class=\"col-4 py-3 \"><img decoding=\"async\" data-src=\"https:\/\/www.uoh.cl\/instituto-de-ciencias-de-la-educacion\/wp-content\/uploads\/sites\/13\/2022\/11\/David-Gomez-150x150.jpg\" alt=\"\" src=\"data:image\/svg+xml;base64,PHN2ZyB3aWR0aD0iMSIgaGVpZ2h0PSIxIiB4bWxucz0iaHR0cDovL3d3dy53My5vcmcvMjAwMC9zdmciPjwvc3ZnPg==\" class=\"lazyload\" style=\"--smush-placeholder-width: 150px; --smush-placeholder-aspect-ratio: 150\/150;\"><\/div><figcaption class=\"col-8 px-md-0\"><a href=\"https:\/\/www.uoh.cl\/instituto-de-ciencias-de-la-educacion\/academico\/david-gomez\/\"><div class=\"flex\">David G\u00f3mez<span>Profesor Titular<\/span><\/div><svg version=\"1.1\" xmlns=\"http:\/\/www.w3.org\/2000\/svg\" xmlns:xlink=\"http:\/\/www.w3.org\/1999\/xlink\" x=\"0px\" y=\"0px\" width=\"22px\"height=\"22px\" viewBox=\"0 0 22 22\" style=\"overflow:visible;enable-background:new 0 0 80 64.6;\" xml:space=\"preserve\"><g clip-path=\"url(#acA)\"><path fill-rule=\"evenodd\" d=\"M21.913 11.266a.93.93 0 000-.711c-.022-.056-.063-.097-.091-.144s-.053-.103-.097-.15L12.306.294c-.357-.379-.955-.394-1.334-.038s-.394.955-.038 1.334l7.917 8.374H.927a.95.95 0 00-.908.983.946.946 0 00.908.908h17.924l-8.089 8.552c-.357.379-.341.977.034 1.334s.977.341 1.334-.034l9.594-10.148c.044-.044.063-.1.097-.15.028-.047.069-.088.091-.141z\"\/><\/g><defs><clipPath id=\"acA\"><path fill=\"#fff\" d=\"M0 0h22v22H0z\"\/><\/clipPath><\/defs><\/svg><\/a><\/figcaption><\/figure><\/div><div class=\"authorities-container__box\"><figure class=\"col-12 row m-0 academic-figure\"><div class=\"col-4 py-3 \"><img decoding=\"async\" data-src=\"https:\/\/www.uoh.cl\/instituto-de-ciencias-de-la-educacion\/wp-content\/uploads\/sites\/13\/2022\/04\/David-Martinez-150x150.jpg\" alt=\"\" src=\"data:image\/svg+xml;base64,PHN2ZyB3aWR0aD0iMSIgaGVpZ2h0PSIxIiB4bWxucz0iaHR0cDovL3d3dy53My5vcmcvMjAwMC9zdmciPjwvc3ZnPg==\" class=\"lazyload\" style=\"--smush-placeholder-width: 150px; --smush-placeholder-aspect-ratio: 150\/150;\"><\/div><figcaption class=\"col-8 px-md-0\"><a href=\"https:\/\/www.uoh.cl\/instituto-de-ciencias-de-la-educacion\/academico\/david-martinez\/\"><div class=\"flex\">David Mart\u00ednez<span>Profesor Asistente<\/span><\/div><svg version=\"1.1\" xmlns=\"http:\/\/www.w3.org\/2000\/svg\" xmlns:xlink=\"http:\/\/www.w3.org\/1999\/xlink\" x=\"0px\" y=\"0px\" width=\"22px\"height=\"22px\" viewBox=\"0 0 22 22\" style=\"overflow:visible;enable-background:new 0 0 80 64.6;\" xml:space=\"preserve\"><g clip-path=\"url(#acA)\"><path fill-rule=\"evenodd\" d=\"M21.913 11.266a.93.93 0 000-.711c-.022-.056-.063-.097-.091-.144s-.053-.103-.097-.15L12.306.294c-.357-.379-.955-.394-1.334-.038s-.394.955-.038 1.334l7.917 8.374H.927a.95.95 0 00-.908.983.946.946 0 00.908.908h17.924l-8.089 8.552c-.357.379-.341.977.034 1.334s.977.341 1.334-.034l9.594-10.148c.044-.044.063-.1.097-.15.028-.047.069-.088.091-.141z\"\/><\/g><defs><clipPath id=\"acA\"><path fill=\"#fff\" d=\"M0 0h22v22H0z\"\/><\/clipPath><\/defs><\/svg><\/a><\/figcaption><\/figure><\/div><\/div><\/div><\/div><div class=\"uoh_link_component pe-4 center py-1 button center\"><a href=\"https:\/\/www.uoh.cl\/instituto-de-ciencias-de-la-educacion\/academicos\/\"\n                                    class=\"link link--bold component__btn-content\"\n                                    title\"Eventos\"\n                                    target=\"\"\n                                    rel=\"\">\n            <span class=\"icon__arrow-prelink\"><svg version=\"1.1\" xmlns=\"http:\/\/www.w3.org\/2000\/svg\" xmlns:xlink=\"http:\/\/www.w3.org\/1999\/xlink\" x=\"0px\" y=\"0px\" width=\"80px\" height=\"64.6px\" viewBox=\"0 0 80 64.6\" style=\"overflow:visible;enable-background:new 0 0 80 64.6;\" xml:space=\"preserve\"><defs><\/defs><path d=\"M4,36.3h62.3L44.9,57.7c-1.6,1.6-1.6,4.1,0,5.7c1.6,1.6,4.1,1.6,5.7,0l28.3-28.3l0,0c0.2-0.2,0.4-0.4,0.5-0.6 c0.1-0.1,0.1-0.2,0.2-0.3c0.1-0.1,0.1-0.2,0.2-0.4c0.1-0.1,0.1-0.3,0.1-0.4c0-0.1,0.1-0.2,0.1-0.3c0.1-0.3,0.1-0.5,0.1-0.8l0,0 c0,0,0,0,0,0c0-0.3,0-0.5-0.1-0.8c0-0.1-0.1-0.2-0.1-0.3c0-0.1-0.1-0.3-0.1-0.4c-0.1-0.1-0.1-0.3-0.2-0.4c-0.1-0.1-0.1-0.2-0.2-0.3 c-0.1-0.2-0.3-0.4-0.5-0.6L50.5,1.2c-1.6-1.6-4.1-1.6-5.7,0c-1.6,1.6-1.6,4.1,0,5.7l21.5,21.5H4c-2.2,0-4,1.8-4,4S1.8,36.3,4,36.3z\"><\/path><\/svg><\/span>\n            Ver todo el equipo<\/a><\/div>[\/vc_column][\/vc_row][\/vc_section][vc_section el_id=&#8221;areas&#8221; css=&#8221;.vc_custom_1727284322086{margin-bottom: 60px !important;background-color: #f6faff !important;}&#8221;][vc_row el_class=&#8221;container mx-auto p-0 align-items-center pb-5&#8243;][vc_column]<div class=\"uoh_title_component-container\"><h2 class=\"title title--ms d-inline-block title--decorator  medium\">\u00c1reas de Investigaci\u00f3n<\/h2><\/div>[vc_tta_tour][vc_tta_section title=&#8221;Educaci\u00f3n y desarrollo de la primera infancia&#8221; tab_id=&#8221;1727186628293-501e03da-29cb&#8221;][vc_row_inner][vc_column_inner width=&#8221;2\/3&#8243;][vc_column_text css=&#8221;&#8221;]Esta \u00e1rea concentra investigaci\u00f3n cuyo foco es la educaci\u00f3n de ni\u00f1as y ni\u00f1os en etapa inicial, considerando diversos factores familiares y socioculturales. Especial relevancia tiene el enfoque de derechos para la primera infancia, el aprendizaje a trav\u00e9s del juego, los entornos de crianza y los procesos de socializaci\u00f3n.[\/vc_column_text][vc_zigzag color=&#8221;custom&#8221; custom_color=&#8221;#F6FAFF&#8221;][vc_btn title=&#8221;Saber m\u00e1s&#8221; color=&#8221;primary&#8221; css=&#8221;&#8221; link=&#8221;url:https%3A%2F%2Fwww.uoh.cl%2Finstituto-de-ciencias-de-la-educacion%2Feducacion-y-desarrollo-de-la-primera-infancia%2F|target:_blank&#8221;][\/vc_column_inner][vc_column_inner width=&#8221;1\/3&#8243;][vc_single_image image=&#8221;624&#8243; img_size=&#8221;medium&#8221; style=&#8221;vc_box_rounded&#8221; css=&#8221;&#8221;][\/vc_column_inner][\/vc_row_inner][\/vc_tta_section][vc_tta_section title=&#8221;Pol\u00edticas p\u00fablicas y educaci\u00f3n&#8221; tab_id=&#8221;1727186628306-f5d23053-2cad&#8221;][vc_row_inner][vc_column_inner width=&#8221;2\/3&#8243;][vc_column_text css=&#8221;&#8221;]Esta \u00e1rea tiene como foco de investigaci\u00f3n las pol\u00edticas p\u00fablicas y educativas considerando tanto las distintas etapas de su ciclo (dise\u00f1o, implementaci\u00f3n y evaluaci\u00f3n), como la institucionalidad, representaciones y apropiaciones de dichas pol\u00edticas por parte de los actores en el sistema educativo. A su vez, se consideran los distintos \u00e1mbitos educativos dentro y fuera del sistema educativo formal as\u00ed como la educaci\u00f3n inicial, escolar y superior. Un objetivo central del \u00e1rea es la producci\u00f3n de conocimiento basado en la evidencia que contribuya a la calidad, a la justicia educativa y a la cohesi\u00f3n social.[\/vc_column_text][vc_zigzag color=&#8221;custom&#8221; custom_color=&#8221;#F6FAFF&#8221;][vc_btn title=&#8221;Saber m\u00e1s&#8221; color=&#8221;primary&#8221; css=&#8221;&#8221; link=&#8221;url:https%3A%2F%2Fwww.uoh.cl%2Finstituto-de-ciencias-de-la-educacion%2Fpoliticas-publicas-y-educacion%2F|target:_blank&#8221;][\/vc_column_inner][vc_column_inner width=&#8221;1\/3&#8243;][vc_single_image image=&#8221;6268&#8243; img_size=&#8221;medium&#8221; style=&#8221;vc_box_rounded&#8221; css=&#8221;&#8221;][\/vc_column_inner][\/vc_row_inner][\/vc_tta_section][vc_tta_section title=&#8221;Interseccionalidad, diversidad e identidades en educaci\u00f3n&#8221; tab_id=&#8221;1727187127528-a517c283-7061&#8243;][vc_row_inner][vc_column_inner width=&#8221;2\/3&#8243;][vc_column_text css=&#8221;&#8221;]Esta \u00e1rea busca indagar en las pr\u00e1cticas, din\u00e1micas y procesos sociales y culturales que se desarrollan en contextos educativos. Estos fen\u00f3menos son abordados con enfoque cr\u00edtico,\u00a0 considerando las perspectivas de diversos actores sociales: ni\u00f1os, ni\u00f1as, j\u00f3venes, educadores\/as y docentes en formaci\u00f3n y en ejercicio, familias y directivos, entre otros.[\/vc_column_text][vc_zigzag color=&#8221;custom&#8221; custom_color=&#8221;#F6FAFF&#8221;][vc_btn title=&#8221;Saber m\u00e1s&#8221; color=&#8221;primary&#8221; css=&#8221;&#8221; link=&#8221;url:https%3A%2F%2Fwww.uoh.cl%2Finstituto-de-ciencias-de-la-educacion%2Finterseccionalidad-diversidad-e-identidades-en-educacion%2F|target:_blank&#8221;][\/vc_column_inner][vc_column_inner width=&#8221;1\/3&#8243;][vc_single_image image=&#8221;626&#8243; img_size=&#8221;medium&#8221; style=&#8221;vc_box_rounded&#8221; css=&#8221;&#8221;][\/vc_column_inner][\/vc_row_inner][\/vc_tta_section][vc_tta_section title=&#8221;Ense\u00f1anza y aprendizaje&#8221; tab_id=&#8221;1727187203099-61354ee7-fe78&#8243;][vc_row_inner][vc_column_inner width=&#8221;2\/3&#8243;][vc_column_text css=&#8221;&#8221;]Esta \u00e1rea realiza investigaci\u00f3n y desarrollo tecnol\u00f3gico relacionados con fen\u00f3menos propios de la ense\u00f1anza, el aprendizaje y la evaluaci\u00f3n desde perspectivas emocionales, cognitivas, socioafectivas, socioculturales y creativas. Para ello se vincula con actores clave de diversas comunidades de aprendizaje y utiliza m\u00faltiples metodolog\u00edas, tales como observaci\u00f3n e intervenci\u00f3n dentro y fuera del aula, modelizaci\u00f3n cuantitativa, estudios de casos, an\u00e1lisis y desarrollo de materiales did\u00e1cticos, y metodolog\u00edas visuales participativas, entre otras.[\/vc_column_text][vc_zigzag color=&#8221;custom&#8221; custom_color=&#8221;#F6FAFF&#8221;][vc_btn title=&#8221;Saber m\u00e1s&#8221; color=&#8221;primary&#8221; css=&#8221;&#8221; link=&#8221;url:https%3A%2F%2Fwww.uoh.cl%2Finstituto-de-ciencias-de-la-educacion%2Fensenanza-y-aprendizaje%2F|target:_blank&#8221;][\/vc_column_inner][vc_column_inner width=&#8221;1\/3&#8243;][vc_single_image image=&#8221;620&#8243; img_size=&#8221;medium&#8221; style=&#8221;vc_box_rounded&#8221; css=&#8221;&#8221;][\/vc_column_inner][\/vc_row_inner][\/vc_tta_section][vc_tta_section title=&#8221;Profesi\u00f3n y formaci\u00f3n docente&#8221; tab_id=&#8221;1727187335693-39a214ce-5150&#8243;][vc_row_inner][vc_column_inner width=&#8221;2\/3&#8243;][vc_column_text css=&#8221;&#8221;]Esta \u00e1rea genera investigaci\u00f3n y desarrollo sobre procesos y caracter\u00edsticas de la formaci\u00f3n inicial, el trabajo y el desarrollo profesional del profesorado. Su misi\u00f3n incluye aportar al desarrollo de las pol\u00edticas y los dispositivos de formaci\u00f3n inicial y continua. Se consideran tem\u00e1ticas como la contribuci\u00f3n y el estado de la formaci\u00f3n a los futuros profesores, conocimiento profesional y creencias, dominio afectivo, interacciones dentro y fuera del aula e identidad docente, entre otras. Esta \u00e1rea utiliza utiliza m\u00faltiples metodolog\u00edas, tales como an\u00e1lisis documental, observaciones de clases, club de video, modelizaci\u00f3n estad\u00edstica, investigaci\u00f3n basada en el dise\u00f1o, self-study, entre otras.[\/vc_column_text][vc_zigzag color=&#8221;custom&#8221; custom_color=&#8221;#F6FAFF&#8221;][vc_btn title=&#8221;Saber m\u00e1s&#8221; color=&#8221;primary&#8221; css=&#8221;&#8221; link=&#8221;url:https%3A%2F%2Fwww.uoh.cl%2Finstituto-de-ciencias-de-la-educacion%2Fprofesion-y-formacion-docente%2F|target:_blank&#8221;][\/vc_column_inner][vc_column_inner width=&#8221;1\/3&#8243;][vc_single_image image=&#8221;622&#8243; img_size=&#8221;medium&#8221; style=&#8221;vc_box_rounded&#8221; css=&#8221;&#8221;][\/vc_column_inner][\/vc_row_inner][\/vc_tta_section][\/vc_tta_tour][\/vc_column][\/vc_row][vc_row el_class=&#8221;container mx-auto p-0 align-items-center pb-5&#8243;][vc_column][vc_row_inner disable_element=&#8221;yes&#8221; el_class=&#8221;pt-5 pb-5&#8243;][vc_column_inner width=&#8221;1\/4&#8243;]<div class=\"col-12>\n                            <img-article p-md-1\">\n                            <div class=\"holder featured__block component-border\"><div class=\"content-holder component-border overflow-hidden row m-0  aling-items-center\"><div class=\"p-0 col-12 w-100 h-100\"><img decoding=\"async\" class=\"w-100 h-100 lazyload\" data-src=\"https:\/\/www.uoh.cl\/instituto-de-ciencias-de-la-educacion\/wp-content\/uploads\/sites\/13\/2022\/05\/Foto-Ensenanza-y-aprendzaje-web-copia.jpg\" alt=\"Ense\u00f1anza y aprendizaje\" src=\"data:image\/svg+xml;base64,PHN2ZyB3aWR0aD0iMSIgaGVpZ2h0PSIxIiB4bWxucz0iaHR0cDovL3d3dy53My5vcmcvMjAwMC9zdmciPjwvc3ZnPg==\" style=\"--smush-placeholder-width: 1920px; --smush-placeholder-aspect-ratio: 1920\/1920;\"><\/div><div class=\"caption uoh-row align-items-center w-100 m-0 h-100\">\n                                     <a  class=\"title text-white caption--title\" href=\"\"><h3 class=\"title__caption\">Ense\u00f1anza y aprendizaje<\/h3><\/a>\n                                    <a class=\"link\" href=\"\">Saber m\u00e1s <span class=\"icon icon--inline icon--link\"><svg version=\"1.1\" xmlns=\"http:\/\/www.w3.org\/2000\/svg\" xmlns:xlink=\"http:\/\/www.w3.org\/1999\/xlink\" x=\"0px\" y=\"0px\" width=\"22px\"height=\"22px\" viewBox=\"0 0 22 22\" style=\"overflow:visible;enable-background:new 0 0 80 64.6;\" xml:space=\"preserve\"><g clip-path=\"url(#acA)\"><path fill-rule=\"evenodd\" d=\"M21.913 11.266a.93.93 0 000-.711c-.022-.056-.063-.097-.091-.144s-.053-.103-.097-.15L12.306.294c-.357-.379-.955-.394-1.334-.038s-.394.955-.038 1.334l7.917 8.374H.927a.95.95 0 00-.908.983.946.946 0 00.908.908h17.924l-8.089 8.552c-.357.379-.341.977.034 1.334s.977.341 1.334-.034l9.594-10.148c.044-.044.063-.1.097-.15.028-.047.069-.088.091-.141z\"\/><\/g><defs><clipPath id=\"acA\"><path fill=\"#fff\" d=\"M0 0h22v22H0z\"\/><\/clipPath><\/defs><\/svg><\/span><\/a><\/div><\/div><\/div><\/div>[\/vc_column_inner][vc_column_inner width=&#8221;1\/4&#8243;]<div class=\"col-12>\n                            <img-article p-md-1\">\n                            <div class=\"holder featured__block component-border\"><div class=\"content-holder component-border overflow-hidden row m-0  aling-items-center\"><div class=\"p-0 col-12 w-100 h-100\"><img decoding=\"async\" class=\"w-100 h-100 lazyload\" data-src=\"https:\/\/www.uoh.cl\/instituto-de-ciencias-de-la-educacion\/wp-content\/uploads\/sites\/13\/2022\/05\/Foto-Pedagogia-para-la-infancia-web-copia-4.jpg\" alt=\"Pedagog\u00eda para la infancia\" src=\"data:image\/svg+xml;base64,PHN2ZyB3aWR0aD0iMSIgaGVpZ2h0PSIxIiB4bWxucz0iaHR0cDovL3d3dy53My5vcmcvMjAwMC9zdmciPjwvc3ZnPg==\" style=\"--smush-placeholder-width: 1920px; --smush-placeholder-aspect-ratio: 1920\/1920;\"><\/div><div class=\"caption uoh-row align-items-center w-100 m-0 h-100\">\n                                     <a  class=\"title text-white caption--title\" href=\"\"><h3 class=\"title__caption\">Pedagog\u00eda para la infancia<\/h3><\/a>\n                                    <a class=\"link\" href=\"\">Saber m\u00e1s <span class=\"icon icon--inline icon--link\"><svg version=\"1.1\" xmlns=\"http:\/\/www.w3.org\/2000\/svg\" xmlns:xlink=\"http:\/\/www.w3.org\/1999\/xlink\" x=\"0px\" y=\"0px\" width=\"22px\"height=\"22px\" viewBox=\"0 0 22 22\" style=\"overflow:visible;enable-background:new 0 0 80 64.6;\" xml:space=\"preserve\"><g clip-path=\"url(#acA)\"><path fill-rule=\"evenodd\" d=\"M21.913 11.266a.93.93 0 000-.711c-.022-.056-.063-.097-.091-.144s-.053-.103-.097-.15L12.306.294c-.357-.379-.955-.394-1.334-.038s-.394.955-.038 1.334l7.917 8.374H.927a.95.95 0 00-.908.983.946.946 0 00.908.908h17.924l-8.089 8.552c-.357.379-.341.977.034 1.334s.977.341 1.334-.034l9.594-10.148c.044-.044.063-.1.097-.15.028-.047.069-.088.091-.141z\"\/><\/g><defs><clipPath id=\"acA\"><path fill=\"#fff\" d=\"M0 0h22v22H0z\"\/><\/clipPath><\/defs><\/svg><\/span><\/a><\/div><\/div><\/div><\/div>[\/vc_column_inner][vc_column_inner width=&#8221;1\/4&#8243;]<div class=\"col-12>\n                            <img-article p-md-1\">\n                            <div class=\"holder featured__block component-border\"><div class=\"content-holder component-border overflow-hidden row m-0  aling-items-center\"><div class=\"p-0 col-12 w-100 h-100\"><img decoding=\"async\" class=\"w-100 h-100 lazyload\" data-src=\"https:\/\/www.uoh.cl\/instituto-de-ciencias-de-la-educacion\/wp-content\/uploads\/sites\/13\/2022\/05\/Foto-Identidades-web-copia-4.jpg\" alt=\"Identidades, integraci\u00f3n y socializaci\u00f3n\" src=\"data:image\/svg+xml;base64,PHN2ZyB3aWR0aD0iMSIgaGVpZ2h0PSIxIiB4bWxucz0iaHR0cDovL3d3dy53My5vcmcvMjAwMC9zdmciPjwvc3ZnPg==\" style=\"--smush-placeholder-width: 1920px; --smush-placeholder-aspect-ratio: 1920\/1920;\"><\/div><div class=\"caption uoh-row align-items-center w-100 m-0 h-100\">\n                                     <a  class=\"title text-white caption--title\" href=\"\"><h3 class=\"title__caption\">Identidades, integraci\u00f3n y socializaci\u00f3n<\/h3><\/a>\n                                    <a class=\"link\" href=\"\">Saber m\u00e1s <span class=\"icon icon--inline icon--link\"><svg version=\"1.1\" xmlns=\"http:\/\/www.w3.org\/2000\/svg\" xmlns:xlink=\"http:\/\/www.w3.org\/1999\/xlink\" x=\"0px\" y=\"0px\" width=\"22px\"height=\"22px\" viewBox=\"0 0 22 22\" style=\"overflow:visible;enable-background:new 0 0 80 64.6;\" xml:space=\"preserve\"><g clip-path=\"url(#acA)\"><path fill-rule=\"evenodd\" d=\"M21.913 11.266a.93.93 0 000-.711c-.022-.056-.063-.097-.091-.144s-.053-.103-.097-.15L12.306.294c-.357-.379-.955-.394-1.334-.038s-.394.955-.038 1.334l7.917 8.374H.927a.95.95 0 00-.908.983.946.946 0 00.908.908h17.924l-8.089 8.552c-.357.379-.341.977.034 1.334s.977.341 1.334-.034l9.594-10.148c.044-.044.063-.1.097-.15.028-.047.069-.088.091-.141z\"\/><\/g><defs><clipPath id=\"acA\"><path fill=\"#fff\" d=\"M0 0h22v22H0z\"\/><\/clipPath><\/defs><\/svg><\/span><\/a><\/div><\/div><\/div><\/div>[\/vc_column_inner][vc_column_inner width=&#8221;1\/4&#8243;]<div class=\"col-12>\n                            <img-article p-md-1\">\n                            <div class=\"holder featured__block component-border\"><div class=\"content-holder component-border overflow-hidden row m-0  aling-items-center\"><div class=\"p-0 col-12 w-100 h-100\"><img decoding=\"async\" class=\"w-100 h-100 lazyload\" data-src=\"https:\/\/www.uoh.cl\/instituto-de-ciencias-de-la-educacion\/wp-content\/uploads\/sites\/13\/2022\/05\/Foto-Profesion-docente-web-copia.jpg\" alt=\"Profesi\u00f3n y formaci\u00f3n docente\" src=\"data:image\/svg+xml;base64,PHN2ZyB3aWR0aD0iMSIgaGVpZ2h0PSIxIiB4bWxucz0iaHR0cDovL3d3dy53My5vcmcvMjAwMC9zdmciPjwvc3ZnPg==\" style=\"--smush-placeholder-width: 1920px; --smush-placeholder-aspect-ratio: 1920\/1920;\"><\/div><div class=\"caption uoh-row align-items-center w-100 m-0 h-100\">\n                                     <a  class=\"title text-white caption--title\" href=\"\"><h3 class=\"title__caption\">Profesi\u00f3n y formaci\u00f3n docente<\/h3><\/a>\n                                    <a class=\"link\" href=\"\">Saber m\u00e1s <span class=\"icon icon--inline icon--link\"><svg version=\"1.1\" xmlns=\"http:\/\/www.w3.org\/2000\/svg\" xmlns:xlink=\"http:\/\/www.w3.org\/1999\/xlink\" x=\"0px\" y=\"0px\" width=\"22px\"height=\"22px\" viewBox=\"0 0 22 22\" style=\"overflow:visible;enable-background:new 0 0 80 64.6;\" xml:space=\"preserve\"><g clip-path=\"url(#acA)\"><path fill-rule=\"evenodd\" d=\"M21.913 11.266a.93.93 0 000-.711c-.022-.056-.063-.097-.091-.144s-.053-.103-.097-.15L12.306.294c-.357-.379-.955-.394-1.334-.038s-.394.955-.038 1.334l7.917 8.374H.927a.95.95 0 00-.908.983.946.946 0 00.908.908h17.924l-8.089 8.552c-.357.379-.341.977.034 1.334s.977.341 1.334-.034l9.594-10.148c.044-.044.063-.1.097-.15.028-.047.069-.088.091-.141z\"\/><\/g><defs><clipPath id=\"acA\"><path fill=\"#fff\" d=\"M0 0h22v22H0z\"\/><\/clipPath><\/defs><\/svg><\/span><\/a><\/div><\/div><\/div><\/div>[\/vc_column_inner][\/vc_row_inner][\/vc_column][\/vc_row][\/vc_section][vc_section el_id=&#8221;proyectos&#8221; el_class=&#8221;container mx-auto align-items-center&#8221;][vc_row el_class=&#8221;m-0&#8243;][vc_column el_class=&#8221;p-0&#8243;]<link rel=\"stylesheet\" id=\"font-awesome-css\" href=\"https:\/\/cdnjs.cloudflare.com\/ajax\/libs\/font-awesome\/6.5.1\/css\/all.min.css\" type=\"text\/css\" media=\"all\"><div class=\"row m-0 p-0\"><div class=\"col-12 col-md-9 pt-5 pt-md-0 px-md-0 \"><h2 class=\"title title--decorator title--ms d-inline-block\">Proyectos<\/h2><\/div><div class=\"swipper-buttons col-12 col-md-3 row m-0  justify-content-center justify-content-md-end pe-0 \">\n                    <div class=\"swiper-button-prev-publish-30 swiper-button-prev-component\"><span class=\"icon icon--inline icon--slide icon--slide-left\"><svg version=\"1.1\" xmlns=\"http:\/\/www.w3.org\/2000\/svg\" xmlns:xlink=\"http:\/\/www.w3.org\/1999\/xlink\" x=\"0px\" y=\"0px\" width=\"22px\"height=\"22px\" viewBox=\"0 0 22 22\" style=\"overflow:visible;enable-background:new 0 0 80 64.6;\" xml:space=\"preserve\"><g clip-path=\"url(#acA)\"><path fill-rule=\"evenodd\" d=\"M21.913 11.266a.93.93 0 000-.711c-.022-.056-.063-.097-.091-.144s-.053-.103-.097-.15L12.306.294c-.357-.379-.955-.394-1.334-.038s-.394.955-.038 1.334l7.917 8.374H.927a.95.95 0 00-.908.983.946.946 0 00.908.908h17.924l-8.089 8.552c-.357.379-.341.977.034 1.334s.977.341 1.334-.034l9.594-10.148c.044-.044.063-.1.097-.15.028-.047.069-.088.091-.141z\"\/><\/g><defs><clipPath id=\"acA\"><path fill=\"#fff\" d=\"M0 0h22v22H0z\"\/><\/clipPath><\/defs><\/svg><\/span><\/div>\n                    <div class=\"swiper-pagination-component-publish-30\"><\/div>\n                    <div class=\"swiper-button-next-publish-30 swiper-button-prev-component\"><span class=\"icon icon--inline icon--slide \"><svg version=\"1.1\" xmlns=\"http:\/\/www.w3.org\/2000\/svg\" xmlns:xlink=\"http:\/\/www.w3.org\/1999\/xlink\" x=\"0px\" y=\"0px\" width=\"22px\"height=\"22px\" viewBox=\"0 0 22 22\" style=\"overflow:visible;enable-background:new 0 0 80 64.6;\" xml:space=\"preserve\"><g clip-path=\"url(#acA)\"><path fill-rule=\"evenodd\" d=\"M21.913 11.266a.93.93 0 000-.711c-.022-.056-.063-.097-.091-.144s-.053-.103-.097-.15L12.306.294c-.357-.379-.955-.394-1.334-.038s-.394.955-.038 1.334l7.917 8.374H.927a.95.95 0 00-.908.983.946.946 0 00.908.908h17.924l-8.089 8.552c-.357.379-.341.977.034 1.334s.977.341 1.334-.034l9.594-10.148c.044-.044.063-.1.097-.15.028-.047.069-.088.091-.141z\"\/><\/g><defs><clipPath id=\"acA\"><path fill=\"#fff\" d=\"M0 0h22v22H0z\"\/><\/clipPath><\/defs><\/svg><\/span><\/div> <\/div><\/div><div class=\"content-holder row m-0 p-0 aling-items-center pt-5 pb-5 \"><div class=\"row swiper large--swipper-content p-0 publish-30\"><div class=\"swiper-wrapper\"><div class=\" swiper-slide circle--pattern-bottom-large col-sm-12 col-md-6 img-article\"><div class=\"holder-publish \" style=\"border-bottom: 1px solid #48A2F9\"><div class=\"content-holder h-100 component-border overflow-hidden row m-0 p-4 aling-items-center\"><ul class=\"p-0 list-style-none\"><li class=\"p-0 ms-1 me-2\"><i class=\"fa fa-solid fa-id-card-clip fa-fw\"><\/i> 112031001-PI2406<\/li><li class=\"p-0 ms-1\"><i class=\"fa fa-regular fa-calendar fa-fw ms-1\"><\/i>Marzo 2024<\/li><\/ul><div class=\"caption col-12 p-0 col-md-12 row m-0 align-items-center\"><div class=\"px-md-1\"><small class=\"badge rounded-pill fw-semibold\" style=\"background-color:#48A2F9 !important; color:#FFF\">En Ejecuci\u00f3n<\/small><small class=\"ms-2 badge rounded-pill fw-semibold\" style=\"background-color:#F0F1F3 !important; color:#797979\"><i class=\"fa fa-solid fa-lg fa-money-check-dollar fa-fw me-1\"><\/i>Universidad de O'Higgins<\/small>\n                            <div class=\"accordion accordion-flush\" id=\"9565\">\n                                <div class=\"accordion-item\">\n                                    <h3 class=\"my-0 small-space pt-2 title-ss text-decoration-none accordion-header\">\n                                        <a role=\"button\" class=\"bg-transparent p-0\" href=\"\">\n                                            <i class=\"fas fa-solid fa-link fa-fw me-2\"><\/i>\n                                            Gesti\u00f3n del orden p\u00fablico y derecho a protesta \u00bfNociones contrapuestas en el Chile post-Estallido Social?\n                                        <\/a><\/h3>\n                                    <div id=\"collapse-9565\" class=\"accordion-collapse collapse\" data-bs-parent=\"#9565\">\n                                        <div class=\"accordion-body p-0 pt-4 pb-4\">\n                                            [vc_section el_class=\"container mx-auto align-items-center circle--pattern\" css=\".vc_custom_1648956589196{padding-top: 3rem !important;}\"][vc_row el_class=\"pb-5\"][vc_column][vc_wp_custommenu nav_menu=\"6\"][uoh_breadcrumb_component automatic_breadcrumb=\"true\"][uoh_title_component title_dropdown=\"big\" title_decorator=\"true\"]{{title}}[\/uoh_title_component][vc_column_text css=\"\"]La presente propuesta de investigaci\u00f3n busca identificar el impacto de las condiciones pol\u00edticas en que se\r\nllevan a cabo las protestas sobre el apoyo que la poblaci\u00f3n general pudiese brindar al uso de la fuerza por\r\nparte de Carabineros en la gesti\u00f3n del orden p\u00fablico durante la crisis de seguridad que enfrenta el pa\u00eds\r\ndesde marzo de 2022. As\u00ed, se espera explorar las condiciones (restricci\u00f3n\/facilitaci\u00f3n de manifestaciones\r\npor parte de las autoridades; cobertura period\u00edstica de manifestaciones; empleo de acciones violentas\r\npor parte de manifestantes; presencia de manifestantes y carabineros heridos; destrucci\u00f3n de\r\ninfraestructura p\u00fablica) que las personas podr\u00edan tomar en consideraci\u00f3n para (des) legitimar el empleo\r\nde la fuerza por parte de Carabineros en tiempos en que la confianza en la principal instituci\u00f3n a cargo\r\ndel orden p\u00fablico en Chile se ha restaurado paulatinamente luego de una actuaci\u00f3n marcada por el uso\r\ndesproporcionado de la fuerza durante el Estallido Social de 2019. Junto con lo anterior, vale la pena\r\nse\u00f1alar que, al momento de elaborar esta propuesta de investigaci\u00f3n, se discuten proyectos de ley\r\ntendientes a reforzar las atribuciones de Carabineros asociadas al uso de la fuerza para hacer frente tanto\r\na delitos de alta connotaci\u00f3n social como a ataques a efectivos policiales durante manifestaciones.\r\nTomando en cuenta lo descrito m\u00e1s arriba, esta investigaci\u00f3n espera adem\u00e1s ayudar a clarificar los\r\nmecanismos psicol\u00f3gicos y pol\u00edticos que permitir\u00edan a las personas lidiar entre la adhesi\u00f3n (o acuerdo)\r\ncon el derecho a protesta que debe ser resguardado y promovido por las autoridades en un r\u00e9gimen\r\ndemocr\u00e1tico, con la (aparente) necesidad de que Carabineros pueda realizar un mayor uso discrecional\r\nde la fuerza para asegurar la gesti\u00f3n del orden y seguridad p\u00fablica.[\/vc_column_text][\/vc_column][\/vc_row][\/vc_section][vc_section css=\".vc_custom_1649209804184{background-color: #f6faff !important;}\" el_class=\"p-md-0 pt-md-5\"][vc_row el_class=\"container mx-auto align-items-center p-md-0 pt-5\"][vc_column el_class=\"p-0\"][\/vc_column][\/vc_row][\/vc_section][vc_section css=\".vc_custom_1649210787516{background-color: #f6faff !important;}\" el_class=\"p-md-0 pt-md-5 pb-md-5\"][vc_row el_class=\"container mx-auto align-items-center\"][vc_column][\/vc_column][\/vc_row][\/vc_section]\n                                        <\/div>\n                                    <\/div>\n                                <\/div>\n                            <\/div><div class=\"mt-3\"><i class=\"fas fa-solid fa-user-tag fa-fw me-2\"><\/i><small class=\"text-muted\">Co-Investigador\/a<\/small><\/div><span class=\"caption-field-publish\"><\/span><\/div><\/div><\/div><\/div><\/div><div class=\" swiper-slide circle--pattern-bottom-large col-sm-12 col-md-6 img-article\"><div class=\"holder-publish \" style=\"border-bottom: 1px solid #48A2F9\"><div class=\"content-holder h-100 component-border overflow-hidden row m-0 p-4 aling-items-center\"><ul class=\"p-0 list-style-none\"><li class=\"p-0 ms-1 me-2\"><i class=\"fa fa-solid fa-id-card-clip fa-fw\"><\/i> 11240615<\/li><li class=\"p-0 ms-1\"><i class=\"fa fa-regular fa-calendar fa-fw ms-1\"><\/i>Marzo 2024 - Marzo 2027<\/li><\/ul><div class=\"caption col-12 p-0 col-md-12 row m-0 align-items-center\"><div class=\"px-md-1\"><small class=\"badge rounded-pill fw-semibold\" style=\"background-color:#48A2F9 !important; color:#FFF\">En Ejecuci\u00f3n<\/small><small class=\"ms-2 badge rounded-pill fw-semibold\" style=\"background-color:#F0F1F3 !important; color:#797979\"><i class=\"fa fa-solid fa-lg fa-money-check-dollar fa-fw me-1\"><\/i>Agencia Nacional de Investigaci\u00f3n y Desarrollo - ANID<\/small>\n                            <div class=\"accordion accordion-flush\" id=\"9566\">\n                                <div class=\"accordion-item\">\n                                    <h3 class=\"my-0 small-space pt-2 title-ss text-decoration-none accordion-header\">\n                                        <a role=\"button\" class=\"bg-transparent p-0\" href=\"\">\n                                            <i class=\"fas fa-solid fa-link fa-fw me-2\"><\/i>\n                                            Fondecyt Iniciaci\u00f3n: El rol de la Formaci\u00f3n Ciudadana en la Formaci\u00f3n Inicial Docente: Creencias, aproximaciones y estrategias\n                                        <\/a><\/h3>\n                                    <div id=\"collapse-9566\" class=\"accordion-collapse collapse\" data-bs-parent=\"#9566\">\n                                        <div class=\"accordion-body p-0 pt-4 pb-4\">\n                                            [vc_section el_class=\"container mx-auto align-items-center circle--pattern\" css=\".vc_custom_1648956589196{padding-top: 3rem !important;}\"][vc_row el_class=\"pb-5\"][vc_column][vc_wp_custommenu nav_menu=\"6\"][uoh_breadcrumb_component automatic_breadcrumb=\"true\"][uoh_title_component title_dropdown=\"big\" title_decorator=\"true\"]{{title}}[\/uoh_title_component][vc_column_text css=\"\"]El Objetivo General de este proyecto es \u0093Analizar c\u00f3mo se despliega la Formaci\u00f3n Ciudadana en la Formaci\u00f3n Inicial Docente en las universidades chilenas, dando cuenta de la pol\u00edtica institucional, el dise\u00f1o curricular y las creencias de acad\u00e9micos y futuros profesores\u0094. Sus Objetivos Espec\u00edficos son: 1) Describir la forma en c\u00f3mo se desarrolla la Formaci\u00f3n Ciudadana en las universidades chilenas, buscando analizar la pol\u00edtica institucional desplegada en estos espacios. 2) Analizar la incorporaci\u00f3n de la Formaci\u00f3n Ciudadana en los objetivos institucionales y el dise\u00f1o curricular en carreras de educaci\u00f3n en las universidades chilenas. 3. Examinar las creencias de acad\u00e9micos y futuros docentes de educaci\u00f3n sobre la Formaci\u00f3n Ciudadana, reflexionando sobre c\u00f3mo estas creencias impactan en la Formaci\u00f3n Inicial Docente.\r\nFundamentaci\u00f3n: En el contexto de una importante crisis de legitimidad del sistema pol\u00edtico, la pol\u00edtica educativa en Chile ha incorporado la Formaci\u00f3n Ciudadana, como un t\u00f3pico relevante. Recienmente, entre los hitos de la formaci\u00f3n ciudadana cabe destacar la promulgaci\u00f3n de la Ley 20.911 que \u0093Crea el Plan de Formaci\u00f3n Ciudadana (PFC) para los establecimientos educacionales reconocidos por el estado\u0094. Seg\u00fan la evidencia disponible, la implementaci\u00f3n de esta y otras normativas ha sido, hasta la fecha, limitada. As\u00ed, diversas investigaciones han mostrado que las pol\u00edticas de Formaci\u00f3n Ciudadana siguen dependiendo, en general, m\u00e1s de la iniciativa docente que de pol\u00edticas de los establecimientos (Zu\u00f1iga et al., 2020; Ojeda et al., 2021). Asimismo, se ha mostrado que los docentes desarrollan el proceso de ense\u00f1anza y aprendizaje sobre la ciudadan\u00eda de forma m\u00e1s bien intuitiva, amparados principalmente en sus creencias particulares\r\n(Jara Ibarra et al., 2022; Cox et al., 2022) y que las acciones pedag\u00f3gicas se desarrollan siguiendo\r\npatrones m\u00e1s bien tradicionales (Bonhomme et al., 2016). Toda esta evidencia destaca la necesidad de investigar sobre la Formaci\u00f3n Ciudadana en general, y sobre los procesos de Formaci\u00f3n Inicial Docente en particular ya que una formaci\u00f3n inicial docente robusta e innovadora permitir\u00eda incorporar la Formaci\u00f3n Ciudadana como un componente central de la escuela. Aunque existe una creciente literatura que ha analizado los procesos de Formaci\u00f3n Ciudadana en la Formaci\u00f3n Inicial Docente (Lobat\u00f3n et al., 2020; Garrido y Jim\u00e9nez, 2020; Carvajal-Meza et al., 2022; Defensor\u00eda de la Ni\u00f1ez, 2022), la mayor\u00eda de estas investigaciones se han centrado en describir c\u00f3mo se desarrolla la Formaci\u00f3n Ciudadana en casos de universidades espec\u00edficas, o, por el contrario, analizan el proceso de formaci\u00f3n solamente desde las creencias docentes o desde el curr\u00edculum prescrito. Este proyecto busca complementar y profundizar esta evidencia, a partir de un estudio del sistema de Formaci\u00f3n Inicial Docente desde la perspectiva curricular,\r\njunto con an\u00e1lisis de las creencias docentes en un conjunto acotado y comparable de universidades. De esta manera, el estudio pretende dar cuenta de las similitudes y diferencias en la Formaci\u00f3n Inicial Docente sobre Formaci\u00f3n Ciudadana, aspecto central en un sistema universitario heterog\u00e9neo y masificado como el chileno (Salazar y Leihy, 2017), discutiendo asimismo tanto la forma en c\u00f3mo los futuros docentes visualizan la Formaci\u00f3n Ciudadana y c\u00f3mo esta es implementada y ense\u00f1ada en las instituciones de educaci\u00f3n superior. Metodolog\u00eda: El estudio se estructura a trav\u00e9s de un dise\u00f1o mixto secuencial(Creswell &amp; Plano, 2011). En estos dise\u00f1os, ambas fases de investigaci\u00f3n se encuentran articuladas, y los\r\nresultados de una fase permiten organizar las siguientes. En este estudio, se propone una organizaci\u00f3n estructurada en tres fases diferenciadas, pero en parte superpuestas. Fase 1. An\u00e1lisis global (10 meses) Asociados principalmente con los Objetivo 1 y 2 de la presente investigaci\u00f3n, se propone realizar un An\u00e1lisis de Contenido. El An\u00e1lisis de Contenido ser\u00e1 aplicado a fuentes documentales y a fuentes secundarias relacionadas a la Formaci\u00f3n Inicial Docente, incluyendo principalmente informaci\u00f3n p\u00fablica como p\u00e1ginas web, perfiles de ingreso y egreso, mallas curriculares y documentos estrat\u00e9gicos de las instituciones. El levantamiento de esta informaci\u00f3n se realizar\u00e1 en cerca de 15 universidades chilenas, incluyendo a todas las carreras de Pedagog\u00eda impartidas por estas casas de estudio. Fase 2. Estudio de caso (15 meses) Para el cumplimiento de parte del objetivo 2 y el objetivo 3 del estudio, se seleccionar\u00e1n cuatro casos de estudio. El an\u00e1lisis de casos (Yin, 1994) posibilita la comprensi\u00f3n de un fen\u00f3meno contextualizado, buscando dar cuenta de patrones, interacciones y realidades no necesariamente presentes en toda la realidad social. En esta investigaci\u00f3n, la selecci\u00f3n de los casos corresponder\u00e1 a una selecci\u00f3n de \u0093casos extremos\u0094 (Stake, 2015) es decir, a casos que presenten importantes diferencias respecto a la intensidad y forma en la que desarrollan la Formaci\u00f3n Ciudadana en las universidades y en las carreras de Pedagog\u00eda. En esta etapa de utilizar\u00e1n el an\u00e1lisis de contenido, entrevistas semi-estructuradas, grupos focales y la observaci\u00f3n no participante de clases y\/o actividades finales de curso. Fase 3. Integraci\u00f3n de resultados (6 meses). En la fase final de la investigaci\u00f3n, se realizar\u00e1 la integraci\u00f3n de todos los\r\nresultados de la investigaci\u00f3n para responder de manera cabal los objetivos propuestos. A su vez, se considera el generar un producto para las universidades a las que se les realizar\u00e1 un seguimiento durante el estudio considerando los resultados obtenidos y tambi\u00e9n recomendaciones, tanto desde lo expuesto en discursos de participantes, como desde la literatura internacional.[\/vc_column_text][\/vc_column][\/vc_row][\/vc_section][vc_section css=\".vc_custom_1649209804184{background-color: #f6faff !important;}\" el_class=\"p-md-0 pt-md-5\"][vc_row el_class=\"container mx-auto align-items-center p-md-0 pt-5\"][vc_column el_class=\"p-0\"][\/vc_column][\/vc_row][\/vc_section][vc_section css=\".vc_custom_1649210787516{background-color: #f6faff !important;}\" el_class=\"p-md-0 pt-md-5 pb-md-5\"][vc_row el_class=\"container mx-auto align-items-center\"][vc_column][\/vc_column][\/vc_row][\/vc_section]\n                                        <\/div>\n                                    <\/div>\n                                <\/div>\n                            <\/div><div class=\"mt-3\"><i class=\"fas fa-solid fa-user-tag fa-fw me-2\"><\/i><small class=\"text-muted\">Investigador\/a Responsable<\/small><\/div><span class=\"caption-field-publish\"><\/span><\/div><\/div><\/div><\/div><\/div><div class=\" swiper-slide circle--pattern-bottom-large col-sm-12 col-md-6 img-article\"><div class=\"holder-publish \" style=\"border-bottom: 1px solid #35DB54\"><div class=\"content-holder h-100 component-border overflow-hidden row m-0 p-4 aling-items-center\"><ul class=\"p-0 list-style-none\"><li class=\"p-0 ms-1 me-2\"><i class=\"fa fa-solid fa-id-card-clip fa-fw\"><\/i> 1191317<\/li><li class=\"p-0 ms-1\"><i class=\"fa fa-regular fa-calendar fa-fw ms-1\"><\/i>Marzo 2019 - Marzo 2022<\/li><\/ul><div class=\"caption col-12 p-0 col-md-12 row m-0 align-items-center\"><div class=\"px-md-1\"><small class=\"badge rounded-pill fw-semibold\" style=\"background-color:#35DB54 !important; color:#FFF\">Finalizado<\/small><small class=\"ms-2 badge rounded-pill fw-semibold\" style=\"background-color:#F0F1F3 !important; color:#797979\"><i class=\"fa fa-solid fa-lg fa-money-check-dollar fa-fw me-1\"><\/i>Agencia Nacional de Investigaci\u00f3n y Desarrollo - ANID<\/small>\n                            <div class=\"accordion accordion-flush\" id=\"9564\">\n                                <div class=\"accordion-item\">\n                                    <h3 class=\"my-0 small-space pt-2 title-ss text-decoration-none accordion-header\">\n                                        <a class=\"accordion-button bg-transparent p-0 pe-2 collapsed\" type=\"button\" data-bs-toggle=\"collapse\" data-bs-target=\"#collapse-9564\" aria-expanded=\"false\" aria-controls=\"collapse-9564\">\n                                            FONDECYT REGULAR N\u00b0: \u0093El rol de la diversidad cultural en la formaci\u00f3n de profesores en las instituciones de educaci\u00f3n superior del norte grande de Chile\u0094.\n                                        <\/a><\/h3>\n                                    <div id=\"collapse-9564\" class=\"accordion-collapse collapse\" data-bs-parent=\"#9564\">\n                                        <div class=\"accordion-body p-0 pt-4 pb-4\">\n                                            [vc_section el_class=\"container mx-auto align-items-center circle--pattern\" css=\".vc_custom_1648956589196{padding-top: 3rem !important;}\"][vc_row el_class=\"pb-5\"][vc_column][vc_wp_custommenu nav_menu=\"6\"][uoh_breadcrumb_component automatic_breadcrumb=\"true\"][uoh_title_component title_dropdown=\"big\" title_decorator=\"true\"]{{title}}[\/uoh_title_component][vc_column_text css=\"\"]En el sistema educativo del norte de Chile, se observa la presencia de una diversidad cultural significativa, conformada por estudiantes chilenos y de poblaciones originarias (aymaras, quechuas, afrodescendientes, atacame\u00f1os, mapuches, changos y diaguitas), a lo que se suman los hijos e hijas de inmigrantes, principalmente peruanos, bolivianos, colombianos, venezolanos y haitianos.\r\n\r\nEn este escenario, la presente investigaci\u00f3n tiene como objetivo general analizar el componente de diversidad cultural presente en la formaci\u00f3n inicial de estudiantes de pedagog\u00eda en las Instituciones de Educaci\u00f3n Superior (IES) del Norte grande de Chile, a nivel de la pol\u00edtica institucional, el dise\u00f1o curricular, y las creencias personales y profesionales de acad\u00e9micos y futuros profesores de las IES. Esto, con la finalidad de proponer recomendaciones a la pol\u00edtica p\u00fablica que permitan mejorar sustantivamente la formaci\u00f3n de futuros profesores para enfrentar la diversidad cultural.\r\n\r\nLa problem\u00e1tica de estudio se refiere a que el espacio del norte grande de Chile se ha convertido en un nodo neur\u00e1lgico y estrat\u00e9gico de atracci\u00f3n de poblaciones, generando importantes transformaciones en el sistema escolar, donde se ha ido escalando paulatinamente a la presencia de colectivos diversos en la educaci\u00f3n superior. En relaci\u00f3n a esto, la OCDE (2014) indica que los centros educativos deben estar preparados en todos sus componentes para atender la diversidad cultural; lo que demanda paralelamente una adecuada formaci\u00f3n de los futuros profesores en las instituciones de educaci\u00f3n superior.\r\n\r\nEl dise\u00f1o metodol\u00f3gico de la presente propuesta de investigaci\u00f3n, es de car\u00e1cter mixto con an\u00e1lisis de contenido tem\u00e1tico con estrategias multim\u00e9todos de recolecci\u00f3n de informaci\u00f3n, pues si bien se trata principalmente de un estudio exploratorio, contempla la realizaci\u00f3n de un an\u00e1lisis de informaci\u00f3n ministerial e institucional de las casas de estudio mencionadas, junto con la aplicaci\u00f3n de entrevistas semiestructuradas a acad\u00e9micos y profesionales que dirigen la implementaci\u00f3n de la FID. Desde una perspectiva cuantitativa, se aplicar\u00e1n cuestionarios a una muestra de acad\u00e9micos que impartan clases en carreras de pedagog\u00eda y a una muestra de estudiantes en pr\u00e1ctica de pedagog\u00edas. Toda la informaci\u00f3n cualitativa se analizar\u00e1 con el programa Nvivo 12, obteniendo an\u00e1lisis de contenido y discurso a trav\u00e9s de la teor\u00eda fundamentada.[\/vc_column_text][\/vc_column][\/vc_row][\/vc_section][vc_section css=\".vc_custom_1649209804184{background-color: #f6faff !important;}\" el_class=\"p-md-0 pt-md-5\"][vc_row el_class=\"container mx-auto align-items-center p-md-0 pt-5\"][vc_column el_class=\"p-0\"][\/vc_column][\/vc_row][\/vc_section][vc_section css=\".vc_custom_1649210787516{background-color: #f6faff !important;}\" el_class=\"p-md-0 pt-md-5 pb-md-5\"][vc_row el_class=\"container mx-auto align-items-center\"][vc_column][\/vc_column][\/vc_row][\/vc_section]\n                                        <\/div>\n                                    <\/div>\n                                <\/div>\n                            <\/div><div class=\"mt-3\"><i class=\"fas fa-solid fa-user-tag fa-fw me-2\"><\/i><small class=\"text-muted\">Co-Investigador\/a<\/small><\/div><span class=\"caption-field-publish\"><\/span><\/div><\/div><\/div><\/div><\/div><\/div><\/div><\/div><script type=\"module\">import Swiper from \"https:\/\/unpkg.com\/swiper@8\/swiper-bundle.esm.browser.min.js\";const swiper = new Swiper(\".publish-30\", { speed: 400, spaceBetween: 20, slidesPerView: 1,\n                                    navigation: { nextEl: \".swiper-button-next-publish-30\", prevEl: \".swiper-button-prev-publish-30\",},\n                                    pagination: { el: \".swiper-pagination-component-publish-30\",type: \"fraction\",},\n                                    breakpoints: {\n                                       992: { slidesPerView: 2,\n                                              spaceBetween: 30,\n                                              slidesPerGroup:  2 ,\n                                              centerInsufficientSlides:true,\n                                              loop: false\n                                           }\n                                    }\n                    });export default swiper;<\/script> <div class=\"uoh_link_component pe-4 center py-1 button center\"><a href=\"https:\/\/www.uoh.cl\/instituto-de-ciencias-de-la-educacion\/proyectos\/\"\n                                    class=\"link link--bold component__btn-content\"\n                                    title\"Publicaciones\"\n                                    target=\"\"\n                                    rel=\"\">\n            <span class=\"icon__arrow-prelink\"><svg version=\"1.1\" xmlns=\"http:\/\/www.w3.org\/2000\/svg\" xmlns:xlink=\"http:\/\/www.w3.org\/1999\/xlink\" x=\"0px\" y=\"0px\" width=\"80px\" height=\"64.6px\" viewBox=\"0 0 80 64.6\" style=\"overflow:visible;enable-background:new 0 0 80 64.6;\" xml:space=\"preserve\"><defs><\/defs><path d=\"M4,36.3h62.3L44.9,57.7c-1.6,1.6-1.6,4.1,0,5.7c1.6,1.6,4.1,1.6,5.7,0l28.3-28.3l0,0c0.2-0.2,0.4-0.4,0.5-0.6 c0.1-0.1,0.1-0.2,0.2-0.3c0.1-0.1,0.1-0.2,0.2-0.4c0.1-0.1,0.1-0.3,0.1-0.4c0-0.1,0.1-0.2,0.1-0.3c0.1-0.3,0.1-0.5,0.1-0.8l0,0 c0,0,0,0,0,0c0-0.3,0-0.5-0.1-0.8c0-0.1-0.1-0.2-0.1-0.3c0-0.1-0.1-0.3-0.1-0.4c-0.1-0.1-0.1-0.3-0.2-0.4c-0.1-0.1-0.1-0.2-0.2-0.3 c-0.1-0.2-0.3-0.4-0.5-0.6L50.5,1.2c-1.6-1.6-4.1-1.6-5.7,0c-1.6,1.6-1.6,4.1,0,5.7l21.5,21.5H4c-2.2,0-4,1.8-4,4S1.8,36.3,4,36.3z\"><\/path><\/svg><\/span>\n            Ir a Proyectos<\/a><\/div>[\/vc_column][\/vc_row][\/vc_section][vc_section el_id=&#8221;publicaciones&#8221; el_class=&#8221;container mx-auto align-items-center&#8221;][vc_row][vc_column]<link rel=\"stylesheet\" id=\"font-awesome-css\" href=\"https:\/\/cdnjs.cloudflare.com\/ajax\/libs\/font-awesome\/6.5.1\/css\/all.min.css\" type=\"text\/css\" media=\"all\"><div class=\"row m-0 p-0\"><div class=\"col-12 col-md-9 pt-5 pt-md-0 px-md-0 \"><h2 class=\"title title--decorator title--ms d-inline-block\">Publicaciones<\/h2><\/div><div class=\"swipper-buttons col-12 col-md-3 row m-0  justify-content-center justify-content-md-end pe-0 \">\n                    <div class=\"swiper-button-prev-publish-23 swiper-button-prev-component\"><span class=\"icon icon--inline icon--slide icon--slide-left\"><svg version=\"1.1\" xmlns=\"http:\/\/www.w3.org\/2000\/svg\" xmlns:xlink=\"http:\/\/www.w3.org\/1999\/xlink\" x=\"0px\" y=\"0px\" width=\"22px\"height=\"22px\" viewBox=\"0 0 22 22\" style=\"overflow:visible;enable-background:new 0 0 80 64.6;\" xml:space=\"preserve\"><g clip-path=\"url(#acA)\"><path fill-rule=\"evenodd\" d=\"M21.913 11.266a.93.93 0 000-.711c-.022-.056-.063-.097-.091-.144s-.053-.103-.097-.15L12.306.294c-.357-.379-.955-.394-1.334-.038s-.394.955-.038 1.334l7.917 8.374H.927a.95.95 0 00-.908.983.946.946 0 00.908.908h17.924l-8.089 8.552c-.357.379-.341.977.034 1.334s.977.341 1.334-.034l9.594-10.148c.044-.044.063-.1.097-.15.028-.047.069-.088.091-.141z\"\/><\/g><defs><clipPath id=\"acA\"><path fill=\"#fff\" d=\"M0 0h22v22H0z\"\/><\/clipPath><\/defs><\/svg><\/span><\/div>\n                    <div class=\"swiper-pagination-component-publish-23\"><\/div>\n                    <div class=\"swiper-button-next-publish-23 swiper-button-prev-component\"><span class=\"icon icon--inline icon--slide \"><svg version=\"1.1\" xmlns=\"http:\/\/www.w3.org\/2000\/svg\" xmlns:xlink=\"http:\/\/www.w3.org\/1999\/xlink\" x=\"0px\" y=\"0px\" width=\"22px\"height=\"22px\" viewBox=\"0 0 22 22\" style=\"overflow:visible;enable-background:new 0 0 80 64.6;\" xml:space=\"preserve\"><g clip-path=\"url(#acA)\"><path fill-rule=\"evenodd\" d=\"M21.913 11.266a.93.93 0 000-.711c-.022-.056-.063-.097-.091-.144s-.053-.103-.097-.15L12.306.294c-.357-.379-.955-.394-1.334-.038s-.394.955-.038 1.334l7.917 8.374H.927a.95.95 0 00-.908.983.946.946 0 00.908.908h17.924l-8.089 8.552c-.357.379-.341.977.034 1.334s.977.341 1.334-.034l9.594-10.148c.044-.044.063-.1.097-.15.028-.047.069-.088.091-.141z\"\/><\/g><defs><clipPath id=\"acA\"><path fill=\"#fff\" d=\"M0 0h22v22H0z\"\/><\/clipPath><\/defs><\/svg><\/span><\/div> <\/div><\/div><script type=\"module\">import Swiper from \"https:\/\/unpkg.com\/swiper@8\/swiper-bundle.esm.browser.min.js\";const swiper = new Swiper(\".publish-23\", { speed: 400, spaceBetween: 20, slidesPerView: 1,\n                                    navigation: { nextEl: \".swiper-button-next-publish-23\", prevEl: \".swiper-button-prev-publish-23\",},\n                                    pagination: { el: \".swiper-pagination-component-publish-23\",type: \"fraction\",},\n                                    breakpoints: {\n                                       992: { slidesPerView: 3,\n                                              spaceBetween: 30,\n                                              slidesPerGroup:  3 ,\n                                              centerInsufficientSlides:true,\n                                              loop: false\n                                           }\n                                    }\n                    });export default swiper;<\/script> <div class=\"uoh_link_component pe-4 center py-1 button center\"><a href=\"https:\/\/www.uoh.cl\/instituto-de-ciencias-de-la-educacion\/publicaciones\/\"\n                                    class=\"link link--bold component__btn-content\"\n                                    title\"Publicaciones\"\n                                    target=\"\"\n                                    rel=\"\">\n            <span class=\"icon__arrow-prelink\"><svg version=\"1.1\" xmlns=\"http:\/\/www.w3.org\/2000\/svg\" xmlns:xlink=\"http:\/\/www.w3.org\/1999\/xlink\" x=\"0px\" y=\"0px\" width=\"80px\" height=\"64.6px\" viewBox=\"0 0 80 64.6\" style=\"overflow:visible;enable-background:new 0 0 80 64.6;\" xml:space=\"preserve\"><defs><\/defs><path d=\"M4,36.3h62.3L44.9,57.7c-1.6,1.6-1.6,4.1,0,5.7c1.6,1.6,4.1,1.6,5.7,0l28.3-28.3l0,0c0.2-0.2,0.4-0.4,0.5-0.6 c0.1-0.1,0.1-0.2,0.2-0.3c0.1-0.1,0.1-0.2,0.2-0.4c0.1-0.1,0.1-0.3,0.1-0.4c0-0.1,0.1-0.2,0.1-0.3c0.1-0.3,0.1-0.5,0.1-0.8l0,0 c0,0,0,0,0,0c0-0.3,0-0.5-0.1-0.8c0-0.1-0.1-0.2-0.1-0.3c0-0.1-0.1-0.3-0.1-0.4c-0.1-0.1-0.1-0.3-0.2-0.4c-0.1-0.1-0.1-0.2-0.2-0.3 c-0.1-0.2-0.3-0.4-0.5-0.6L50.5,1.2c-1.6-1.6-4.1-1.6-5.7,0c-1.6,1.6-1.6,4.1,0,5.7l21.5,21.5H4c-2.2,0-4,1.8-4,4S1.8,36.3,4,36.3z\"><\/path><\/svg><\/span>\n            Ir a Publicaciones<\/a><\/div>[\/vc_column][\/vc_row][\/vc_section][vc_section el_id=&#8221;noticias&#8221; el_class=&#8221;container mx-auto py-5 align-items-center&#8221;][vc_row][vc_column]<div class=\"row m-0 p-0\"><div class=\"col-12 col-md-9 pt-5 pt-md-0\"><h2 class=\"title title--decorator title--ms d-inline-block\">Noticias<\/h2><\/div><\/div><div class=\"content-holder\"><div class=\"row  swipper-news-list not--activate-hack \"><div class=\"row -wrapper\"><div class=\"  col-sm-6 col-md-4 img-article\">\n                                        <div class=\"content-news-display row m-0 p-0\"><div class=\"holder p-0 \"><div class=\"img-wrap img-wrap-news\">\n                                        <div class=\"caption__news-category\">\n                                        <a href=\"https:\/\/www.uoh.cl\/instituto-de-ciencias-de-la-educacion\/category\/institucional\/\">\n                                        Institucional<\/a><\/div><img decoding=\"async\" class=\"w-100 h-100 lazyload\" data-src=\"https:\/\/www.uoh.cl\/instituto-de-ciencias-de-la-educacion\/wp-content\/uploads\/sites\/13\/2026\/04\/Inauguracion-Ano-Academico-2026-6.jpg\" alt=\"Reflexi\u00f3n universitaria: UOH inaugura A\u00f1o Acad\u00e9mico 2026 pensando en los desaf\u00edos de la Educaci\u00f3n Superior\" style=\"--smush-placeholder-width: 1500px; --smush-placeholder-aspect-ratio: 1500\/1000;object-fit: cover; object-position: center;\" src=\"data:image\/svg+xml;base64,PHN2ZyB3aWR0aD0iMSIgaGVpZ2h0PSIxIiB4bWxucz0iaHR0cDovL3d3dy53My5vcmcvMjAwMC9zdmciPjwvc3ZnPg==\"><\/div><\/div><div class=\"caption py-3 caption__news py-md-3 pb-md-5\">\n                                    <span class=\"caption__date\">Mi\u00e9rcoles 29, Abril<\/span>\n                                     <a href=\"https:\/\/www.uoh.cl\/instituto-de-ciencias-de-la-educacion\/2026\/04\/29\/reflexion-universitaria-uoh-inaugura-ano-academico-2026-pensando-en-los-desafios-de-la-educacion-superior\/\">\n                                    <h3 class=\"small-space\">Reflexi\u00f3n universitaria: UOH inaugura A\u00f1o Acad\u00e9mico 2026 pensando en los desaf\u00edos de la Educaci\u00f3n Superior<\/h3><\/a>\n\n                                    <p>La ceremonia promovi\u00f3 el an\u00e1lisis acerca de los cambios educativos que se avecinan dentro de los procesos de formaci\u00f3n universitaria ajustados a contextos digitales.   <\/p>\n                                    <a class=\"link link--bold mt-md-3\" href=\"https:\/\/www.uoh.cl\/instituto-de-ciencias-de-la-educacion\/2026\/04\/29\/reflexion-universitaria-uoh-inaugura-ano-academico-2026-pensando-en-los-desafios-de-la-educacion-superior\/\">Saber m\u00e1s <span class=\"icon icon--inline icon--link\"><svg version=\"1.1\" xmlns=\"http:\/\/www.w3.org\/2000\/svg\" xmlns:xlink=\"http:\/\/www.w3.org\/1999\/xlink\" x=\"0px\" y=\"0px\" width=\"22px\"height=\"22px\" viewBox=\"0 0 22 22\" style=\"overflow:visible;enable-background:new 0 0 80 64.6;\" xml:space=\"preserve\"><g clip-path=\"url(#acA)\"><path fill-rule=\"evenodd\" d=\"M21.913 11.266a.93.93 0 000-.711c-.022-.056-.063-.097-.091-.144s-.053-.103-.097-.15L12.306.294c-.357-.379-.955-.394-1.334-.038s-.394.955-.038 1.334l7.917 8.374H.927a.95.95 0 00-.908.983.946.946 0 00.908.908h17.924l-8.089 8.552c-.357.379-.341.977.034 1.334s.977.341 1.334-.034l9.594-10.148c.044-.044.063-.1.097-.15.028-.047.069-.088.091-.141z\"\/><\/g><defs><clipPath id=\"acA\"><path fill=\"#fff\" d=\"M0 0h22v22H0z\"\/><\/clipPath><\/defs><\/svg><\/span><\/a><\/div><\/div><\/div><div class=\"  col-sm-6 col-md-4 img-article\">\n                                        <div class=\"content-news-display row m-0 p-0\"><div class=\"holder p-0 \"><div class=\"img-wrap img-wrap-news\">\n                                        <div class=\"caption__news-category\">\n                                        <a href=\"https:\/\/www.uoh.cl\/instituto-de-ciencias-de-la-educacion\/category\/educacion\/\">\n                                        Educaci\u00f3n<\/a><\/div><img decoding=\"async\" class=\"w-100 h-100 lazyload\" data-src=\"https:\/\/www.uoh.cl\/instituto-de-ciencias-de-la-educacion\/wp-content\/uploads\/sites\/13\/2026\/04\/Convivencia-escolar.jpg\" alt=\"Conflicto no es violencia: claves para abordar la convivencia escolar m\u00e1s all\u00e1 del castigo\" style=\"--smush-placeholder-width: 1201px; --smush-placeholder-aspect-ratio: 1201\/800;object-fit: cover; object-position: center;\" src=\"data:image\/svg+xml;base64,PHN2ZyB3aWR0aD0iMSIgaGVpZ2h0PSIxIiB4bWxucz0iaHR0cDovL3d3dy53My5vcmcvMjAwMC9zdmciPjwvc3ZnPg==\"><\/div><\/div><div class=\"caption py-3 caption__news py-md-3 pb-md-5\">\n                                    <span class=\"caption__date\">Jueves 16, Abril<\/span>\n                                     <a href=\"https:\/\/www.uoh.cl\/instituto-de-ciencias-de-la-educacion\/2026\/04\/16\/conflicto-no-es-violencia-claves-para-abordar-la-convivencia-escolar-mas-alla-del-castigo\/\">\n                                    <h3 class=\"small-space\">Conflicto no es violencia: claves para abordar la convivencia escolar m\u00e1s all\u00e1 del castigo<\/h3><\/a>\n\n                                    <p>Acad\u00e9mica advierte que centrarse solo en sanciones no resuelve la violencia en escuelas y plantea la urgencia de fortalecer enfoques formativos que promuevan el di\u00e1logo, la confianza y la convivencia democr\u00e1tica.<\/p>\n                                    <a class=\"link link--bold mt-md-3\" href=\"https:\/\/www.uoh.cl\/instituto-de-ciencias-de-la-educacion\/2026\/04\/16\/conflicto-no-es-violencia-claves-para-abordar-la-convivencia-escolar-mas-alla-del-castigo\/\">Saber m\u00e1s <span class=\"icon icon--inline icon--link\"><svg version=\"1.1\" xmlns=\"http:\/\/www.w3.org\/2000\/svg\" xmlns:xlink=\"http:\/\/www.w3.org\/1999\/xlink\" x=\"0px\" y=\"0px\" width=\"22px\"height=\"22px\" viewBox=\"0 0 22 22\" style=\"overflow:visible;enable-background:new 0 0 80 64.6;\" xml:space=\"preserve\"><g clip-path=\"url(#acA)\"><path fill-rule=\"evenodd\" d=\"M21.913 11.266a.93.93 0 000-.711c-.022-.056-.063-.097-.091-.144s-.053-.103-.097-.15L12.306.294c-.357-.379-.955-.394-1.334-.038s-.394.955-.038 1.334l7.917 8.374H.927a.95.95 0 00-.908.983.946.946 0 00.908.908h17.924l-8.089 8.552c-.357.379-.341.977.034 1.334s.977.341 1.334-.034l9.594-10.148c.044-.044.063-.1.097-.15.028-.047.069-.088.091-.141z\"\/><\/g><defs><clipPath id=\"acA\"><path fill=\"#fff\" d=\"M0 0h22v22H0z\"\/><\/clipPath><\/defs><\/svg><\/span><\/a><\/div><\/div><\/div><div class=\"  col-sm-6 col-md-4 img-article\">\n                                        <div class=\"content-news-display row m-0 p-0\"><div class=\"holder p-0 \"><div class=\"img-wrap img-wrap-news\">\n                                        <div class=\"caption__news-category\">\n                                        <a href=\"https:\/\/www.uoh.cl\/instituto-de-ciencias-de-la-educacion\/category\/cuech\/\">\n                                        CUECH<\/a><\/div><img decoding=\"async\" class=\"w-100 h-100 lazyload\" data-src=\"https:\/\/www.uoh.cl\/instituto-de-ciencias-de-la-educacion\/wp-content\/uploads\/sites\/13\/2026\/04\/DSC_2431-scaled.jpg\" alt=\"Universidades estatales sellan hoja de ruta 2030: Red Desarrollo Sustentable entra en fase de consolidaci\u00f3n\" style=\"--smush-placeholder-width: 2560px; --smush-placeholder-aspect-ratio: 2560\/1707;object-fit: cover; object-position: center;\" src=\"data:image\/svg+xml;base64,PHN2ZyB3aWR0aD0iMSIgaGVpZ2h0PSIxIiB4bWxucz0iaHR0cDovL3d3dy53My5vcmcvMjAwMC9zdmciPjwvc3ZnPg==\"><\/div><\/div><div class=\"caption py-3 caption__news py-md-3 pb-md-5\">\n                                    <span class=\"caption__date\">Mi\u00e9rcoles 15, Abril<\/span>\n                                     <a href=\"https:\/\/www.uoh.cl\/instituto-de-ciencias-de-la-educacion\/2026\/04\/15\/universidades-estatales-sellan-hoja-de-ruta-2030-red-desarrollo-sustentable-entra-en-fase-de-consolidacion\/\">\n                                    <h3 class=\"small-space\">Universidades estatales sellan hoja de ruta 2030: Red Desarrollo Sustentable entra en fase de consolidaci\u00f3n<\/h3><\/a>\n\n                                    <p>En el Plenario realizado en la Universidad de O'Higgins, los 18 planteles p\u00fablicos definieron sus metas estrat\u00e9gicas para el periodo 2026-2030. El plan priorizar\u00e1 la institucionalizaci\u00f3n de capacidades, un diplomado para organismos p\u00fablicos y la medici\u00f3n de la huella h\u00eddrica en los campus.<\/p>\n                                    <a class=\"link link--bold mt-md-3\" href=\"https:\/\/www.uoh.cl\/instituto-de-ciencias-de-la-educacion\/2026\/04\/15\/universidades-estatales-sellan-hoja-de-ruta-2030-red-desarrollo-sustentable-entra-en-fase-de-consolidacion\/\">Saber m\u00e1s <span class=\"icon icon--inline icon--link\"><svg version=\"1.1\" xmlns=\"http:\/\/www.w3.org\/2000\/svg\" xmlns:xlink=\"http:\/\/www.w3.org\/1999\/xlink\" x=\"0px\" y=\"0px\" width=\"22px\"height=\"22px\" viewBox=\"0 0 22 22\" style=\"overflow:visible;enable-background:new 0 0 80 64.6;\" xml:space=\"preserve\"><g clip-path=\"url(#acA)\"><path fill-rule=\"evenodd\" d=\"M21.913 11.266a.93.93 0 000-.711c-.022-.056-.063-.097-.091-.144s-.053-.103-.097-.15L12.306.294c-.357-.379-.955-.394-1.334-.038s-.394.955-.038 1.334l7.917 8.374H.927a.95.95 0 00-.908.983.946.946 0 00.908.908h17.924l-8.089 8.552c-.357.379-.341.977.034 1.334s.977.341 1.334-.034l9.594-10.148c.044-.044.063-.1.097-.15.028-.047.069-.088.091-.141z\"\/><\/g><defs><clipPath id=\"acA\"><path fill=\"#fff\" d=\"M0 0h22v22H0z\"\/><\/clipPath><\/defs><\/svg><\/span><\/a><\/div><\/div><\/div><\/div><\/div><\/div><div class=\"pagination justify-content-center my-5\"><span aria-current=\"page\" class=\"page-numbers current\">1<\/span>\n<a class=\"page-numbers\" href=\"https:\/\/www.uoh.cl\/instituto-de-ciencias-de-la-educacion\/wp-json\/wp\/v2\/pages\/8664\/\/page\/2\">2<\/a>\n<a class=\"page-numbers\" href=\"https:\/\/www.uoh.cl\/instituto-de-ciencias-de-la-educacion\/wp-json\/wp\/v2\/pages\/8664\/\/page\/3\">3<\/a>\n<span class=\"page-numbers dots\">&hellip;<\/span>\n<a class=\"page-numbers\" href=\"https:\/\/www.uoh.cl\/instituto-de-ciencias-de-la-educacion\/wp-json\/wp\/v2\/pages\/8664\/\/page\/111\">111<\/a>\n<a class=\"next page-numbers\" href=\"https:\/\/www.uoh.cl\/instituto-de-ciencias-de-la-educacion\/wp-json\/wp\/v2\/pages\/8664\/\/page\/2\"><div class=\"icon-pagination-next\"> <?xml version=\"1.0\" ?><svg viewBox=\"0 0 96 96\" xmlns=\"http:\/\/www.w3.org\/2000\/svg\"><title\/><path d=\"M39.3756,48.0022l30.47-25.39a6.0035,6.0035,0,0,0-7.6878-9.223L26.1563,43.3906a6.0092,6.0092,0,0,0,0,9.2231L62.1578,82.615a6.0035,6.0035,0,0,0,7.6878-9.2231Z\"\/><\/svg> <\/div><\/a><\/div>[\/vc_column][\/vc_row][\/vc_section][vc_section el_id=&#8221;agenda&#8221; el_class=&#8221;container mx-auto py-5 align-items-center&#8221;][vc_row][vc_column]<div class=\"col-12 mt-5 mb-5\"><div class=\"row m-0\"><div class=\"col-9 p-0\"><h2 class=\"title title--decorator title--ms p-0 d-inline-block\" style=\"color: #000000\">Agenda<\/h2><\/div><div class=\"swipper-buttons col-12 col-md-3 row m-0  justify-content-center justify-content-md-end pe-0 \">\n                    <div class=\"swiper-button-prev-large-event-56 swiper-button-prev-component\"><span class=\"icon icon--inline icon--slide icon--slide-left\"><svg version=\"1.1\" xmlns=\"http:\/\/www.w3.org\/2000\/svg\" xmlns:xlink=\"http:\/\/www.w3.org\/1999\/xlink\" x=\"0px\" y=\"0px\" width=\"22px\"height=\"22px\" viewBox=\"0 0 22 22\" style=\"overflow:visible;enable-background:new 0 0 80 64.6;\" xml:space=\"preserve\"><g clip-path=\"url(#acA)\"><path fill-rule=\"evenodd\" d=\"M21.913 11.266a.93.93 0 000-.711c-.022-.056-.063-.097-.091-.144s-.053-.103-.097-.15L12.306.294c-.357-.379-.955-.394-1.334-.038s-.394.955-.038 1.334l7.917 8.374H.927a.95.95 0 00-.908.983.946.946 0 00.908.908h17.924l-8.089 8.552c-.357.379-.341.977.034 1.334s.977.341 1.334-.034l9.594-10.148c.044-.044.063-.1.097-.15.028-.047.069-.088.091-.141z\"\/><\/g><defs><clipPath id=\"acA\"><path fill=\"#fff\" d=\"M0 0h22v22H0z\"\/><\/clipPath><\/defs><\/svg><\/span><\/div>\n                    <div class=\"swiper-pagination-component-large-event-56\"><\/div>\n                    <div class=\"swiper-button-next-large-event-56 swiper-button-prev-component\"><span class=\"icon icon--inline icon--slide \"><svg version=\"1.1\" xmlns=\"http:\/\/www.w3.org\/2000\/svg\" xmlns:xlink=\"http:\/\/www.w3.org\/1999\/xlink\" x=\"0px\" y=\"0px\" width=\"22px\"height=\"22px\" viewBox=\"0 0 22 22\" style=\"overflow:visible;enable-background:new 0 0 80 64.6;\" xml:space=\"preserve\"><g clip-path=\"url(#acA)\"><path fill-rule=\"evenodd\" d=\"M21.913 11.266a.93.93 0 000-.711c-.022-.056-.063-.097-.091-.144s-.053-.103-.097-.15L12.306.294c-.357-.379-.955-.394-1.334-.038s-.394.955-.038 1.334l7.917 8.374H.927a.95.95 0 00-.908.983.946.946 0 00.908.908h17.924l-8.089 8.552c-.357.379-.341.977.034 1.334s.977.341 1.334-.034l9.594-10.148c.044-.044.063-.1.097-.15.028-.047.069-.088.091-.141z\"\/><\/g><defs><clipPath id=\"acA\"><path fill=\"#fff\" d=\"M0 0h22v22H0z\"\/><\/clipPath><\/defs><\/svg><\/span><\/div> <\/div><\/div><div class=\"content-holder row m-0 p-0 aling-items-center pt-3 pb-3 pt-md-5 pb-md-5 \"><div class=\"row swiper large--swipper-content large-event-56\"><div class=\"swiper-wrapper\"><div class=\"swiper-slide  col-sm-12 col-md-4 col-md-6 img-article\">\n                                        <div class=\"holder holder-large large__block circle--pattern-bottom-large row m-0 align-items-center\"><div class=\"content-holder component-border overflow-hidden row m-0 p-4 aling-items-center\"><div class=\"large__block img-wrap p-0 col-4 col-md-4\"><div class=\"caption--event-display\"> <span class=\"month\">Sep<\/span><div class=\"day\">02<\/div> <\/div><div><img decoding=\"async\" class=\"w-100 lazyload\" data-src=\"https:\/\/www.uoh.cl\/instituto-de-ciencias-de-la-educacion\/wp-content\/uploads\/sites\/13\/2026\/03\/Ver-03-ICEd-congreso-lite-01-1-scaled-600x600.jpg\" alt=\"[I Congreso] Literatura, Artes y Educaci\u00f3n: Narrativas y Paisajes\" src=\"data:image\/svg+xml;base64,PHN2ZyB3aWR0aD0iMSIgaGVpZ2h0PSIxIiB4bWxucz0iaHR0cDovL3d3dy53My5vcmcvMjAwMC9zdmciPjwvc3ZnPg==\" style=\"--smush-placeholder-width: 600px; --smush-placeholder-aspect-ratio: 600\/600;\"><\/div><\/div><div class=\"caption col-7 p-0 col-md-7 row align-items-center\">\n                                    <div class=\"ps-md-4\">\n                                    <h3 class=\"small-space title-ss\"><a href=\"https:\/\/www.uoh.cl\/instituto-de-ciencias-de-la-educacion\/evento\/i-congreso-literatura-artes-y-educacion-narrativas-y-paisajes\/\">[I Congreso] Literatura, Artes y Educaci\u00f3n: Narrativas y Paisajes<\/a><\/h3>\n                                    <p>[vc_section el_class=&#8221;container mx-auto align-items-center text-right circle&#8211;pattern&#8221; css=&#8221;.vc_custom_1648956589196{padding-top: 3rem !important;}&#8221;][vc_row][vc_column][vc_row_inner el_class=&#8221;border-separator m-0&#8243;][vc_column_inner width=&#8221;2\/3&#8243;][\/vc_column_inner][vc_column_inner el_class=&#8221;align-items-end-publish&#8221; width=&#8221;1\/3&#8243;][\/vc_column_inner][\/vc_row_inner][\/vc_column][\/vc_row][\/vc_section][vc_section css=&#8221;.vc_custom_1651464793806{background-color: #f6faff !important;}&#8221; el_class=&#8221;p-md-0 pt-md-5&#8243;][vc_row el_class=&#8221;container mx-auto p-md-0 pt-5 pb-5&#8243;][vc_column width=&#8221;2\/3&#8243; el_class=&#8221;pb-5&#8243;][vc_column_text el_class=&#8221;mt-3&#8243;][\/vc_column_text][\/vc_column][vc_column width=&#8221;1\/3&#8243;][vc_row_inner el_class=&#8221;m-0&#8243; css=&#8221;.vc_custom_1651471709544{background-color: #ffffff !important;border-radius: 15px !important;}&#8221;][vc_column_inner][\/vc_column_inner][\/vc_row_inner][\/vc_column][\/vc_row][\/vc_section][vc_section css=&#8221;.vc_custom_1650255686594{background-color: #f6faff !important;}&#8221; el_class=&#8221;p-md-0 pt-md-5&#8243;][vc_row el_class=&#8221;container mx-auto align-items-center text-right p-md-0 pt-5 pb-5&#8243;][vc_column el_class=&#8221;pb-5&#8243;][vc_row_inner el_class=&#8221;pb-5&#8243;][vc_column_inner][\/vc_column_inner][\/vc_row_inner][\/vc_column][\/vc_row][\/vc_section]<\/p>\n                                    <div class=\"\">\n                                        <ul class=\"p-0 row m-0 mt-2 list--info-event\">\n                                            <li class=\"\" ><?xml version=\"1.0\" ?><svg viewBox=\"0 0 32 32\" xmlns=\"http:\/\/www.w3.org\/2000\/svg\"><defs><style>.cls-1{fill:none;}<\/style><\/defs><title\/><g data-name=\"Layer 2\" id=\"Layer_2\"><path d=\"M16,29A13,13,0,1,1,29,16,13,13,0,0,1,16,29ZM16,5A11,11,0,1,0,27,16,11,11,0,0,0,16,5Z\"\/><path d=\"M21.5,22.5a1,1,0,0,1-.71-.29l-5.5-5.5A1,1,0,0,1,15,16V8a1,1,0,0,1,2,0v7.59l5.21,5.2a1,1,0,0,1,0,1.42A1,1,0,0,1,21.5,22.5Z\"\/><\/g><g id=\"frame\"><rect class=\"cls-1\" height=\"32\" width=\"32\"\/><\/g><\/svg>09:00<\/li>\n                                            <li class=\"\" ><?xml version=\"1.0\" ?><svg enable-background=\"new 0 0 48 48\" height=\"48px\" id=\"Layer_1\" version=\"1.1\" viewBox=\"0 0 48 48\" width=\"48px\" xml:space=\"preserve\" xmlns=\"http:\/\/www.w3.org\/2000\/svg\" xmlns:xlink=\"http:\/\/www.w3.org\/1999\/xlink\"><path clip-rule=\"evenodd\" d=\"M24,47c0,0-18-9.417-18-28C6,9.059,14.059,1,24,1s18,8.059,18,18  C42,37.583,24,47,24,47z M24,3C15.178,3,8,10.178,8,19c0,14.758,12.462,23.501,16.003,25.687C27.547,42.51,40,33.805,40,19  C40,10.178,32.822,3,24,3z M24,28c-4.971,0-9-4.029-9-9s4.029-9,9-9s9,4.029,9,9S28.971,28,24,28z M24,12c-3.866,0-7,3.134-7,7  s3.134,7,7,7s7-3.134,7-7S27.866,12,24,12z\" fill-rule=\"evenodd\"\/><\/svg> Campus Rancagua <\/li>\n                                        <\/ul>\n                                    <\/div>\n                                    <\/div>\n                                   <\/div><div class=\"col-1  row m-0 align-items-center\"><a href=\"https:\/\/www.uoh.cl\/instituto-de-ciencias-de-la-educacion\/evento\/i-congreso-literatura-artes-y-educacion-narrativas-y-paisajes\/\" class=\"component-button\"> <span class=\"\"><svg version=\"1.1\" xmlns=\"http:\/\/www.w3.org\/2000\/svg\" xmlns:xlink=\"http:\/\/www.w3.org\/1999\/xlink\" x=\"0px\" y=\"0px\" width=\"22px\"height=\"22px\" viewBox=\"0 0 22 22\" style=\"overflow:visible;enable-background:new 0 0 80 64.6;\" xml:space=\"preserve\"><g clip-path=\"url(#acA)\"><path fill-rule=\"evenodd\" d=\"M21.913 11.266a.93.93 0 000-.711c-.022-.056-.063-.097-.091-.144s-.053-.103-.097-.15L12.306.294c-.357-.379-.955-.394-1.334-.038s-.394.955-.038 1.334l7.917 8.374H.927a.95.95 0 00-.908.983.946.946 0 00.908.908h17.924l-8.089 8.552c-.357.379-.341.977.034 1.334s.977.341 1.334-.034l9.594-10.148c.044-.044.063-.1.097-.15.028-.047.069-.088.091-.141z\"\/><\/g><defs><clipPath id=\"acA\"><path fill=\"#fff\" d=\"M0 0h22v22H0z\"\/><\/clipPath><\/defs><\/svg><\/span><\/a><\/div><\/div><\/div><\/div><div class=\"swiper-slide  col-sm-12 col-md-4 col-md-6 img-article\">\n                                        <div class=\"holder holder-large large__block circle--pattern-bottom-large row m-0 align-items-center\"><div class=\"content-holder component-border overflow-hidden row m-0 p-4 aling-items-center\"><div class=\"large__block img-wrap p-0 col-4 col-md-4\"><div class=\"caption--event-display\"> <span class=\"month\">Abr<\/span><div class=\"day\">28<\/div> <\/div><div><img decoding=\"async\" class=\"w-100 lazyload\" data-src=\"https:\/\/www.uoh.cl\/instituto-de-ciencias-de-la-educacion\/wp-content\/uploads\/sites\/13\/2026\/04\/Agenda_UOH-600x600.png\" alt=\"[Ceremonia] Inauguraci\u00f3n A\u00f1o Acad\u00e9mico\" src=\"data:image\/svg+xml;base64,PHN2ZyB3aWR0aD0iMSIgaGVpZ2h0PSIxIiB4bWxucz0iaHR0cDovL3d3dy53My5vcmcvMjAwMC9zdmciPjwvc3ZnPg==\" style=\"--smush-placeholder-width: 600px; --smush-placeholder-aspect-ratio: 600\/600;\"><\/div><\/div><div class=\"caption col-7 p-0 col-md-7 row align-items-center\">\n                                    <div class=\"ps-md-4\">\n                                    <h3 class=\"small-space title-ss\"><a href=\"https:\/\/www.uoh.cl\/instituto-de-ciencias-de-la-educacion\/evento\/ceremonia-inauguracion-ano-academico\/\">[Ceremonia] Inauguraci\u00f3n A\u00f1o Acad\u00e9mico<\/a><\/h3>\n                                    <p>[vc_section el_class=&#8221;container mx-auto align-items-center text-right circle&#8211;pattern&#8221; css=&#8221;.vc_custom_1648956589196{padding-top: 3rem !important;}&#8221;][vc_row][vc_column][vc_row_inner el_class=&#8221;border-separator m-0&#8243;][vc_column_inner width=&#8221;2\/3&#8243;][\/vc_column_inner][vc_column_inner el_class=&#8221;align-items-end-publish&#8221; width=&#8221;1\/3&#8243;][\/vc_column_inner][\/vc_row_inner][\/vc_column][\/vc_row][\/vc_section][vc_section css=&#8221;.vc_custom_1651464793806{background-color: #f6faff !important;}&#8221; el_class=&#8221;p-md-0 pt-md-5&#8243;][vc_row el_class=&#8221;container mx-auto p-md-0 pt-5 pb-5&#8243;][vc_column width=&#8221;2\/3&#8243; el_class=&#8221;pb-5&#8243;][vc_column_text el_class=&#8221;mt-3&#8243;][\/vc_column_text][\/vc_column][vc_column width=&#8221;1\/3&#8243;][vc_row_inner el_class=&#8221;m-0&#8243; css=&#8221;.vc_custom_1651471709544{background-color: #ffffff !important;border-radius: 15px !important;}&#8221;][vc_column_inner][\/vc_column_inner][\/vc_row_inner][\/vc_column][\/vc_row][\/vc_section][vc_section css=&#8221;.vc_custom_1650255686594{background-color: #f6faff !important;}&#8221; el_class=&#8221;p-md-0 pt-md-5&#8243;][vc_row el_class=&#8221;container mx-auto align-items-center text-right p-md-0 pt-5 pb-5&#8243;][vc_column el_class=&#8221;pb-5&#8243;][vc_row_inner el_class=&#8221;pb-5&#8243;][vc_column_inner][\/vc_column_inner][\/vc_row_inner][\/vc_column][\/vc_row][\/vc_section]<\/p>\n                                    <div class=\"\">\n                                        <ul class=\"p-0 row m-0 mt-2 list--info-event\">\n                                            <li class=\"\" ><?xml version=\"1.0\" ?><svg viewBox=\"0 0 32 32\" xmlns=\"http:\/\/www.w3.org\/2000\/svg\"><defs><style>.cls-1{fill:none;}<\/style><\/defs><title\/><g data-name=\"Layer 2\" id=\"Layer_2\"><path d=\"M16,29A13,13,0,1,1,29,16,13,13,0,0,1,16,29ZM16,5A11,11,0,1,0,27,16,11,11,0,0,0,16,5Z\"\/><path d=\"M21.5,22.5a1,1,0,0,1-.71-.29l-5.5-5.5A1,1,0,0,1,15,16V8a1,1,0,0,1,2,0v7.59l5.21,5.2a1,1,0,0,1,0,1.42A1,1,0,0,1,21.5,22.5Z\"\/><\/g><g id=\"frame\"><rect class=\"cls-1\" height=\"32\" width=\"32\"\/><\/g><\/svg>11:00<\/li>\n                                            <li class=\"\" ><?xml version=\"1.0\" ?><svg enable-background=\"new 0 0 48 48\" height=\"48px\" id=\"Layer_1\" version=\"1.1\" viewBox=\"0 0 48 48\" width=\"48px\" xml:space=\"preserve\" xmlns=\"http:\/\/www.w3.org\/2000\/svg\" xmlns:xlink=\"http:\/\/www.w3.org\/1999\/xlink\"><path clip-rule=\"evenodd\" d=\"M24,47c0,0-18-9.417-18-28C6,9.059,14.059,1,24,1s18,8.059,18,18  C42,37.583,24,47,24,47z M24,3C15.178,3,8,10.178,8,19c0,14.758,12.462,23.501,16.003,25.687C27.547,42.51,40,33.805,40,19  C40,10.178,32.822,3,24,3z M24,28c-4.971,0-9-4.029-9-9s4.029-9,9-9s9,4.029,9,9S28.971,28,24,28z M24,12c-3.866,0-7,3.134-7,7  s3.134,7,7,7s7-3.134,7-7S27.866,12,24,12z\" fill-rule=\"evenodd\"\/><\/svg> Auditorio, Campus Rancagua <\/li>\n                                        <\/ul>\n                                    <\/div>\n                                    <\/div>\n                                   <\/div><div class=\"col-1  row m-0 align-items-center\"><a href=\"https:\/\/www.uoh.cl\/instituto-de-ciencias-de-la-educacion\/evento\/ceremonia-inauguracion-ano-academico\/\" class=\"component-button\"> <span class=\"\"><svg version=\"1.1\" xmlns=\"http:\/\/www.w3.org\/2000\/svg\" xmlns:xlink=\"http:\/\/www.w3.org\/1999\/xlink\" x=\"0px\" y=\"0px\" width=\"22px\"height=\"22px\" viewBox=\"0 0 22 22\" style=\"overflow:visible;enable-background:new 0 0 80 64.6;\" xml:space=\"preserve\"><g clip-path=\"url(#acA)\"><path fill-rule=\"evenodd\" d=\"M21.913 11.266a.93.93 0 000-.711c-.022-.056-.063-.097-.091-.144s-.053-.103-.097-.15L12.306.294c-.357-.379-.955-.394-1.334-.038s-.394.955-.038 1.334l7.917 8.374H.927a.95.95 0 00-.908.983.946.946 0 00.908.908h17.924l-8.089 8.552c-.357.379-.341.977.034 1.334s.977.341 1.334-.034l9.594-10.148c.044-.044.063-.1.097-.15.028-.047.069-.088.091-.141z\"\/><\/g><defs><clipPath id=\"acA\"><path fill=\"#fff\" d=\"M0 0h22v22H0z\"\/><\/clipPath><\/defs><\/svg><\/span><\/a><\/div><\/div><\/div><\/div><div class=\"swiper-slide  col-sm-12 col-md-4 col-md-6 img-article\">\n                                        <div class=\"holder holder-large large__block circle--pattern-bottom-large row m-0 align-items-center\"><div class=\"content-holder component-border overflow-hidden row m-0 p-4 aling-items-center\"><div class=\"large__block img-wrap p-0 col-4 col-md-4\"><div class=\"caption--event-display\"> <span class=\"month\">Abr<\/span><div class=\"day\">21<\/div> <\/div><div><img decoding=\"async\" class=\"w-100 lazyload\" data-src=\"https:\/\/www.uoh.cl\/instituto-de-ciencias-de-la-educacion\/wp-content\/uploads\/sites\/13\/2026\/04\/Seminario-Convivencia-democratica-feed-scaled-600x600.png\" alt=\"[Seminario] Convivencia Democr\u00e1tica en la Educaci\u00f3n\" src=\"data:image\/svg+xml;base64,PHN2ZyB3aWR0aD0iMSIgaGVpZ2h0PSIxIiB4bWxucz0iaHR0cDovL3d3dy53My5vcmcvMjAwMC9zdmciPjwvc3ZnPg==\" style=\"--smush-placeholder-width: 600px; --smush-placeholder-aspect-ratio: 600\/600;\"><\/div><\/div><div class=\"caption col-7 p-0 col-md-7 row align-items-center\">\n                                    <div class=\"ps-md-4\">\n                                    <h3 class=\"small-space title-ss\"><a href=\"https:\/\/www.uoh.cl\/instituto-de-ciencias-de-la-educacion\/evento\/seminario-convivencia-democratica-en-la-educacion\/\">[Seminario] Convivencia Democr\u00e1tica en la Educaci\u00f3n<\/a><\/h3>\n                                    <p>[vc_section el_class=&#8221;container mx-auto align-items-center text-right circle&#8211;pattern&#8221; css=&#8221;.vc_custom_1648956589196{padding-top: 3rem !important;}&#8221;][vc_row][vc_column][vc_row_inner el_class=&#8221;border-separator m-0&#8243;][vc_column_inner width=&#8221;2\/3&#8243;][\/vc_column_inner][vc_column_inner el_class=&#8221;align-items-end-publish&#8221; width=&#8221;1\/3&#8243;][\/vc_column_inner][\/vc_row_inner][\/vc_column][\/vc_row][\/vc_section][vc_section css=&#8221;.vc_custom_1651464793806{background-color: #f6faff !important;}&#8221; el_class=&#8221;p-md-0 pt-md-5&#8243;][vc_row el_class=&#8221;container mx-auto p-md-0 pt-5 pb-5&#8243;][vc_column width=&#8221;2\/3&#8243; el_class=&#8221;pb-5&#8243;][vc_column_text el_class=&#8221;mt-3&#8243;][\/vc_column_text][vc_single_image image=&#8221;75222&#8243; img_size=&#8221;full&#8221; css=&#8221;&#8221;][\/vc_column][vc_column width=&#8221;1\/3&#8243;][vc_row_inner el_class=&#8221;m-0&#8243; css=&#8221;.vc_custom_1651471709544{background-color: #ffffff !important;border-radius: 15px !important;}&#8221;][vc_column_inner][\/vc_column_inner][\/vc_row_inner][\/vc_column][\/vc_row][\/vc_section][vc_section css=&#8221;.vc_custom_1650255686594{background-color: #f6faff !important;}&#8221; el_class=&#8221;p-md-0 pt-md-5&#8243;][vc_row el_class=&#8221;container mx-auto align-items-center text-right p-md-0 pt-5 pb-5&#8243;][vc_column el_class=&#8221;pb-5&#8243;][vc_row_inner el_class=&#8221;pb-5&#8243;][vc_column_inner][\/vc_column_inner][\/vc_row_inner][\/vc_column][\/vc_row][\/vc_section]<\/p>\n                                    <div class=\"\">\n                                        <ul class=\"p-0 row m-0 mt-2 list--info-event\">\n                                            <li class=\"\" ><?xml version=\"1.0\" ?><svg viewBox=\"0 0 32 32\" xmlns=\"http:\/\/www.w3.org\/2000\/svg\"><defs><style>.cls-1{fill:none;}<\/style><\/defs><title\/><g data-name=\"Layer 2\" id=\"Layer_2\"><path d=\"M16,29A13,13,0,1,1,29,16,13,13,0,0,1,16,29ZM16,5A11,11,0,1,0,27,16,11,11,0,0,0,16,5Z\"\/><path d=\"M21.5,22.5a1,1,0,0,1-.71-.29l-5.5-5.5A1,1,0,0,1,15,16V8a1,1,0,0,1,2,0v7.59l5.21,5.2a1,1,0,0,1,0,1.42A1,1,0,0,1,21.5,22.5Z\"\/><\/g><g id=\"frame\"><rect class=\"cls-1\" height=\"32\" width=\"32\"\/><\/g><\/svg>10:30<\/li>\n                                            <li class=\"\" ><?xml version=\"1.0\" ?><svg enable-background=\"new 0 0 48 48\" height=\"48px\" id=\"Layer_1\" version=\"1.1\" viewBox=\"0 0 48 48\" width=\"48px\" xml:space=\"preserve\" xmlns=\"http:\/\/www.w3.org\/2000\/svg\" xmlns:xlink=\"http:\/\/www.w3.org\/1999\/xlink\"><path clip-rule=\"evenodd\" d=\"M24,47c0,0-18-9.417-18-28C6,9.059,14.059,1,24,1s18,8.059,18,18  C42,37.583,24,47,24,47z M24,3C15.178,3,8,10.178,8,19c0,14.758,12.462,23.501,16.003,25.687C27.547,42.51,40,33.805,40,19  C40,10.178,32.822,3,24,3z M24,28c-4.971,0-9-4.029-9-9s4.029-9,9-9s9,4.029,9,9S28.971,28,24,28z M24,12c-3.866,0-7,3.134-7,7  s3.134,7,7,7s7-3.134,7-7S27.866,12,24,12z\" fill-rule=\"evenodd\"\/><\/svg> Auditorio, Campus Rancagua <\/li>\n                                        <\/ul>\n                                    <\/div>\n                                    <\/div>\n                                   <\/div><div class=\"col-1  row m-0 align-items-center\"><a href=\"https:\/\/www.uoh.cl\/instituto-de-ciencias-de-la-educacion\/evento\/seminario-convivencia-democratica-en-la-educacion\/\" class=\"component-button\"> <span class=\"\"><svg version=\"1.1\" xmlns=\"http:\/\/www.w3.org\/2000\/svg\" xmlns:xlink=\"http:\/\/www.w3.org\/1999\/xlink\" x=\"0px\" y=\"0px\" width=\"22px\"height=\"22px\" viewBox=\"0 0 22 22\" style=\"overflow:visible;enable-background:new 0 0 80 64.6;\" xml:space=\"preserve\"><g clip-path=\"url(#acA)\"><path fill-rule=\"evenodd\" d=\"M21.913 11.266a.93.93 0 000-.711c-.022-.056-.063-.097-.091-.144s-.053-.103-.097-.15L12.306.294c-.357-.379-.955-.394-1.334-.038s-.394.955-.038 1.334l7.917 8.374H.927a.95.95 0 00-.908.983.946.946 0 00.908.908h17.924l-8.089 8.552c-.357.379-.341.977.034 1.334s.977.341 1.334-.034l9.594-10.148c.044-.044.063-.1.097-.15.028-.047.069-.088.091-.141z\"\/><\/g><defs><clipPath id=\"acA\"><path fill=\"#fff\" d=\"M0 0h22v22H0z\"\/><\/clipPath><\/defs><\/svg><\/span><\/a><\/div><\/div><\/div><\/div><div class=\"swiper-slide  col-sm-12 col-md-4 col-md-6 img-article\">\n                                        <div class=\"holder holder-large large__block circle--pattern-bottom-large row m-0 align-items-center\"><div class=\"content-holder component-border overflow-hidden row m-0 p-4 aling-items-center\"><div class=\"large__block img-wrap p-0 col-4 col-md-4\"><div class=\"caption--event-display\"> <span class=\"month\">Abr<\/span><div class=\"day\">10<\/div> <\/div><div><img decoding=\"async\" class=\"w-100 lazyload\" data-src=\"https:\/\/www.uoh.cl\/instituto-de-ciencias-de-la-educacion\/wp-content\/uploads\/sites\/13\/2026\/04\/EC-Diplomado-en-comunicacion-01-1-scaled-600x600.jpg\" alt=\"[Postulaciones] Diplomado en T\u00e9cnicas de Comunicaci\u00f3n en Espa\u00f1ol como Lengua Extranjera y Lengua Adicional en Contextos Interculturales\" src=\"data:image\/svg+xml;base64,PHN2ZyB3aWR0aD0iMSIgaGVpZ2h0PSIxIiB4bWxucz0iaHR0cDovL3d3dy53My5vcmcvMjAwMC9zdmciPjwvc3ZnPg==\" style=\"--smush-placeholder-width: 600px; --smush-placeholder-aspect-ratio: 600\/600;\"><\/div><\/div><div class=\"caption col-7 p-0 col-md-7 row align-items-center\">\n                                    <div class=\"ps-md-4\">\n                                    <h3 class=\"small-space title-ss\"><a href=\"https:\/\/www.uoh.cl\/instituto-de-ciencias-de-la-educacion\/evento\/postulaciones-diplomado-en-tecnicas-de-comunicacion-en-espanol-como-lengua-extranjera-y-lengua-adicional-en-contextos-interculturales\/\">[Postulaciones] Diplomado en T\u00e9cnicas de Comunicaci\u00f3n en Espa\u00f1ol como Lengua Extranjera y Lengua Adicional en Contextos Interculturales<\/a><\/h3>\n                                    <p>[vc_section el_class=&#8221;container mx-auto align-items-center text-right circle&#8211;pattern&#8221; css=&#8221;.vc_custom_1648956589196{padding-top: 3rem !important;}&#8221;][vc_row][vc_column][vc_row_inner el_class=&#8221;border-separator m-0&#8243;][vc_column_inner width=&#8221;2\/3&#8243;][\/vc_column_inner][vc_column_inner el_class=&#8221;align-items-end-publish&#8221; width=&#8221;1\/3&#8243;][\/vc_column_inner][\/vc_row_inner][\/vc_column][\/vc_row][\/vc_section][vc_section css=&#8221;.vc_custom_1651464793806{background-color: #f6faff !important;}&#8221; el_class=&#8221;p-md-0 pt-md-5&#8243;][vc_row el_class=&#8221;container mx-auto p-md-0 pt-5 pb-5&#8243;][vc_column width=&#8221;2\/3&#8243; el_class=&#8221;pb-5&#8243;][vc_column_text el_class=&#8221;mt-3&#8243;][\/vc_column_text][\/vc_column][vc_column width=&#8221;1\/3&#8243;][vc_row_inner el_class=&#8221;m-0&#8243; css=&#8221;.vc_custom_1651471709544{background-color: #ffffff !important;border-radius: 15px !important;}&#8221;][vc_column_inner][\/vc_column_inner][\/vc_row_inner][\/vc_column][\/vc_row][\/vc_section][vc_section css=&#8221;.vc_custom_1650255686594{background-color: #f6faff !important;}&#8221; el_class=&#8221;p-md-0 pt-md-5&#8243;][vc_row el_class=&#8221;container mx-auto align-items-center text-right p-md-0 pt-5 pb-5&#8243;][vc_column el_class=&#8221;pb-5&#8243;][vc_row_inner el_class=&#8221;pb-5&#8243;][vc_column_inner][\/vc_column_inner][\/vc_row_inner][\/vc_column][\/vc_row][\/vc_section]<\/p>\n                                    <div class=\"\">\n                                        <ul class=\"p-0 row m-0 mt-2 list--info-event\">\n                                            <li class=\"\" ><?xml version=\"1.0\" ?><svg viewBox=\"0 0 32 32\" xmlns=\"http:\/\/www.w3.org\/2000\/svg\"><defs><style>.cls-1{fill:none;}<\/style><\/defs><title\/><g data-name=\"Layer 2\" id=\"Layer_2\"><path d=\"M16,29A13,13,0,1,1,29,16,13,13,0,0,1,16,29ZM16,5A11,11,0,1,0,27,16,11,11,0,0,0,16,5Z\"\/><path d=\"M21.5,22.5a1,1,0,0,1-.71-.29l-5.5-5.5A1,1,0,0,1,15,16V8a1,1,0,0,1,2,0v7.59l5.21,5.2a1,1,0,0,1,0,1.42A1,1,0,0,1,21.5,22.5Z\"\/><\/g><g id=\"frame\"><rect class=\"cls-1\" height=\"32\" width=\"32\"\/><\/g><\/svg>00:00<\/li>\n                                            <li class=\"\" ><?xml version=\"1.0\" ?><svg enable-background=\"new 0 0 48 48\" height=\"48px\" id=\"Layer_1\" version=\"1.1\" viewBox=\"0 0 48 48\" width=\"48px\" xml:space=\"preserve\" xmlns=\"http:\/\/www.w3.org\/2000\/svg\" xmlns:xlink=\"http:\/\/www.w3.org\/1999\/xlink\"><path clip-rule=\"evenodd\" d=\"M24,47c0,0-18-9.417-18-28C6,9.059,14.059,1,24,1s18,8.059,18,18  C42,37.583,24,47,24,47z M24,3C15.178,3,8,10.178,8,19c0,14.758,12.462,23.501,16.003,25.687C27.547,42.51,40,33.805,40,19  C40,10.178,32.822,3,24,3z M24,28c-4.971,0-9-4.029-9-9s4.029-9,9-9s9,4.029,9,9S28.971,28,24,28z M24,12c-3.866,0-7,3.134-7,7  s3.134,7,7,7s7-3.134,7-7S27.866,12,24,12z\" fill-rule=\"evenodd\"\/><\/svg> Online <\/li>\n                                        <\/ul>\n                                    <\/div>\n                                    <\/div>\n                                   <\/div><div class=\"col-1  row m-0 align-items-center\"><a href=\"https:\/\/www.uoh.cl\/instituto-de-ciencias-de-la-educacion\/evento\/postulaciones-diplomado-en-tecnicas-de-comunicacion-en-espanol-como-lengua-extranjera-y-lengua-adicional-en-contextos-interculturales\/\" class=\"component-button\"> <span class=\"\"><svg version=\"1.1\" xmlns=\"http:\/\/www.w3.org\/2000\/svg\" xmlns:xlink=\"http:\/\/www.w3.org\/1999\/xlink\" x=\"0px\" y=\"0px\" width=\"22px\"height=\"22px\" viewBox=\"0 0 22 22\" style=\"overflow:visible;enable-background:new 0 0 80 64.6;\" xml:space=\"preserve\"><g clip-path=\"url(#acA)\"><path fill-rule=\"evenodd\" d=\"M21.913 11.266a.93.93 0 000-.711c-.022-.056-.063-.097-.091-.144s-.053-.103-.097-.15L12.306.294c-.357-.379-.955-.394-1.334-.038s-.394.955-.038 1.334l7.917 8.374H.927a.95.95 0 00-.908.983.946.946 0 00.908.908h17.924l-8.089 8.552c-.357.379-.341.977.034 1.334s.977.341 1.334-.034l9.594-10.148c.044-.044.063-.1.097-.15.028-.047.069-.088.091-.141z\"\/><\/g><defs><clipPath id=\"acA\"><path fill=\"#fff\" d=\"M0 0h22v22H0z\"\/><\/clipPath><\/defs><\/svg><\/span><\/a><\/div><\/div><\/div><\/div><div class=\"swiper-slide  col-sm-12 col-md-4 col-md-6 img-article\">\n                                        <div class=\"holder holder-large large__block circle--pattern-bottom-large row m-0 align-items-center\"><div class=\"content-holder component-border overflow-hidden row m-0 p-4 aling-items-center\"><div class=\"large__block img-wrap p-0 col-4 col-md-4\"><div class=\"caption--event-display\"> <span class=\"month\">Mar<\/span><div class=\"day\">04<\/div> <\/div><div><img decoding=\"async\" class=\"w-100 lazyload\" data-src=\"https:\/\/www.uoh.cl\/instituto-de-ciencias-de-la-educacion\/wp-content\/uploads\/sites\/13\/2026\/03\/Expo-01-scaled-600x600.jpg\" alt=\"[Muestra fotogr\u00e1fica] Lo que cuentan las calles\" src=\"data:image\/svg+xml;base64,PHN2ZyB3aWR0aD0iMSIgaGVpZ2h0PSIxIiB4bWxucz0iaHR0cDovL3d3dy53My5vcmcvMjAwMC9zdmciPjwvc3ZnPg==\" style=\"--smush-placeholder-width: 600px; --smush-placeholder-aspect-ratio: 600\/600;\"><\/div><\/div><div class=\"caption col-7 p-0 col-md-7 row align-items-center\">\n                                    <div class=\"ps-md-4\">\n                                    <h3 class=\"small-space title-ss\"><a href=\"https:\/\/www.uoh.cl\/instituto-de-ciencias-de-la-educacion\/evento\/muestra-fotografica-lo-que-cuentan-las-calles\/\">[Muestra fotogr\u00e1fica] Lo que cuentan las calles<\/a><\/h3>\n                                    <p>[vc_section el_class=&#8221;container mx-auto align-items-center text-right circle&#8211;pattern&#8221; css=&#8221;.vc_custom_1648956589196{padding-top: 3rem !important;}&#8221;][vc_row][vc_column][vc_row_inner el_class=&#8221;border-separator m-0&#8243;][vc_column_inner width=&#8221;2\/3&#8243;][\/vc_column_inner][vc_column_inner el_class=&#8221;align-items-end-publish&#8221; width=&#8221;1\/3&#8243;][\/vc_column_inner][\/vc_row_inner][\/vc_column][\/vc_row][\/vc_section][vc_section css=&#8221;.vc_custom_1651464793806{background-color: #f6faff !important;}&#8221; el_class=&#8221;p-md-0 pt-md-5&#8243;][vc_row el_class=&#8221;container mx-auto p-md-0 pt-5 pb-5&#8243;][vc_column width=&#8221;2\/3&#8243; el_class=&#8221;pb-5&#8243;][vc_column_text el_class=&#8221;mt-3&#8243;][\/vc_column_text][\/vc_column][vc_column width=&#8221;1\/3&#8243;][vc_row_inner el_class=&#8221;m-0&#8243; css=&#8221;.vc_custom_1651471709544{background-color: #ffffff !important;border-radius: 15px !important;}&#8221;][vc_column_inner][\/vc_column_inner][\/vc_row_inner][\/vc_column][\/vc_row][\/vc_section][vc_section css=&#8221;.vc_custom_1650255686594{background-color: #f6faff !important;}&#8221; el_class=&#8221;p-md-0 pt-md-5&#8243;][vc_row el_class=&#8221;container mx-auto align-items-center text-right p-md-0 pt-5 pb-5&#8243;][vc_column el_class=&#8221;pb-5&#8243;][vc_row_inner el_class=&#8221;pb-5&#8243;][vc_column_inner][\/vc_column_inner][\/vc_row_inner][\/vc_column][\/vc_row][\/vc_section]<\/p>\n                                    <div class=\"\">\n                                        <ul class=\"p-0 row m-0 mt-2 list--info-event\">\n                                            <li class=\"\" ><?xml version=\"1.0\" ?><svg viewBox=\"0 0 32 32\" xmlns=\"http:\/\/www.w3.org\/2000\/svg\"><defs><style>.cls-1{fill:none;}<\/style><\/defs><title\/><g data-name=\"Layer 2\" id=\"Layer_2\"><path d=\"M16,29A13,13,0,1,1,29,16,13,13,0,0,1,16,29ZM16,5A11,11,0,1,0,27,16,11,11,0,0,0,16,5Z\"\/><path d=\"M21.5,22.5a1,1,0,0,1-.71-.29l-5.5-5.5A1,1,0,0,1,15,16V8a1,1,0,0,1,2,0v7.59l5.21,5.2a1,1,0,0,1,0,1.42A1,1,0,0,1,21.5,22.5Z\"\/><\/g><g id=\"frame\"><rect class=\"cls-1\" height=\"32\" width=\"32\"\/><\/g><\/svg>09:00<\/li>\n                                            <li class=\"\" ><?xml version=\"1.0\" ?><svg enable-background=\"new 0 0 48 48\" height=\"48px\" id=\"Layer_1\" version=\"1.1\" viewBox=\"0 0 48 48\" width=\"48px\" xml:space=\"preserve\" xmlns=\"http:\/\/www.w3.org\/2000\/svg\" xmlns:xlink=\"http:\/\/www.w3.org\/1999\/xlink\"><path clip-rule=\"evenodd\" d=\"M24,47c0,0-18-9.417-18-28C6,9.059,14.059,1,24,1s18,8.059,18,18  C42,37.583,24,47,24,47z M24,3C15.178,3,8,10.178,8,19c0,14.758,12.462,23.501,16.003,25.687C27.547,42.51,40,33.805,40,19  C40,10.178,32.822,3,24,3z M24,28c-4.971,0-9-4.029-9-9s4.029-9,9-9s9,4.029,9,9S28.971,28,24,28z M24,12c-3.866,0-7,3.134-7,7  s3.134,7,7,7s7-3.134,7-7S27.866,12,24,12z\" fill-rule=\"evenodd\"\/><\/svg> Hall edificio A, Campus Rancagua <\/li>\n                                        <\/ul>\n                                    <\/div>\n                                    <\/div>\n                                   <\/div><div class=\"col-1  row m-0 align-items-center\"><a href=\"https:\/\/www.uoh.cl\/instituto-de-ciencias-de-la-educacion\/evento\/muestra-fotografica-lo-que-cuentan-las-calles\/\" class=\"component-button\"> <span class=\"\"><svg version=\"1.1\" xmlns=\"http:\/\/www.w3.org\/2000\/svg\" xmlns:xlink=\"http:\/\/www.w3.org\/1999\/xlink\" x=\"0px\" y=\"0px\" width=\"22px\"height=\"22px\" viewBox=\"0 0 22 22\" style=\"overflow:visible;enable-background:new 0 0 80 64.6;\" xml:space=\"preserve\"><g clip-path=\"url(#acA)\"><path fill-rule=\"evenodd\" d=\"M21.913 11.266a.93.93 0 000-.711c-.022-.056-.063-.097-.091-.144s-.053-.103-.097-.15L12.306.294c-.357-.379-.955-.394-1.334-.038s-.394.955-.038 1.334l7.917 8.374H.927a.95.95 0 00-.908.983.946.946 0 00.908.908h17.924l-8.089 8.552c-.357.379-.341.977.034 1.334s.977.341 1.334-.034l9.594-10.148c.044-.044.063-.1.097-.15.028-.047.069-.088.091-.141z\"\/><\/g><defs><clipPath id=\"acA\"><path fill=\"#fff\" d=\"M0 0h22v22H0z\"\/><\/clipPath><\/defs><\/svg><\/span><\/a><\/div><\/div><\/div><\/div><div class=\"swiper-slide  col-sm-12 col-md-4 col-md-6 img-article\">\n                                        <div class=\"holder holder-large large__block circle--pattern-bottom-large row m-0 align-items-center\"><div class=\"content-holder component-border overflow-hidden row m-0 p-4 aling-items-center\"><div class=\"large__block img-wrap p-0 col-4 col-md-4\"><div class=\"caption--event-display\"> <span class=\"month\">Ene<\/span><div class=\"day\">15<\/div> <\/div><div><img decoding=\"async\" class=\"w-100 lazyload\" data-src=\"https:\/\/www.uoh.cl\/instituto-de-ciencias-de-la-educacion\/wp-content\/uploads\/sites\/13\/2026\/01\/Justicia-Democracia-y-Educacion-feed-scaled-600x600.png\" alt=\"[Seminario] Justice, Democracy and Education\" src=\"data:image\/svg+xml;base64,PHN2ZyB3aWR0aD0iMSIgaGVpZ2h0PSIxIiB4bWxucz0iaHR0cDovL3d3dy53My5vcmcvMjAwMC9zdmciPjwvc3ZnPg==\" style=\"--smush-placeholder-width: 600px; --smush-placeholder-aspect-ratio: 600\/600;\"><\/div><\/div><div class=\"caption col-7 p-0 col-md-7 row align-items-center\">\n                                    <div class=\"ps-md-4\">\n                                    <h3 class=\"small-space title-ss\"><a href=\"https:\/\/www.uoh.cl\/instituto-de-ciencias-de-la-educacion\/evento\/seminario-justice-democracy-and-education\/\">[Seminario] Justice, Democracy and Education<\/a><\/h3>\n                                    <p>[vc_section el_class=&#8221;container mx-auto align-items-center text-right circle&#8211;pattern&#8221; css=&#8221;.vc_custom_1648956589196{padding-top: 3rem !important;}&#8221;][vc_row][vc_column][vc_row_inner el_class=&#8221;border-separator m-0&#8243;][vc_column_inner width=&#8221;2\/3&#8243;][\/vc_column_inner][vc_column_inner el_class=&#8221;align-items-end-publish&#8221; width=&#8221;1\/3&#8243;][\/vc_column_inner][\/vc_row_inner][\/vc_column][\/vc_row][\/vc_section][vc_section css=&#8221;.vc_custom_1651464793806{background-color: #f6faff !important;}&#8221; el_class=&#8221;p-md-0 pt-md-5&#8243;][vc_row el_class=&#8221;container mx-auto p-md-0 pt-5 pb-5&#8243;][vc_column width=&#8221;2\/3&#8243; el_class=&#8221;pb-5&#8243;][vc_column_text el_class=&#8221;mt-3&#8243;][\/vc_column_text][\/vc_column][vc_column width=&#8221;1\/3&#8243;][vc_row_inner el_class=&#8221;m-0&#8243; css=&#8221;.vc_custom_1651471709544{background-color: #ffffff !important;border-radius: 15px !important;}&#8221;][vc_column_inner][\/vc_column_inner][\/vc_row_inner][\/vc_column][\/vc_row][\/vc_section][vc_section css=&#8221;.vc_custom_1650255686594{background-color: #f6faff !important;}&#8221; el_class=&#8221;p-md-0 pt-md-5&#8243;][vc_row el_class=&#8221;container mx-auto align-items-center text-right p-md-0 pt-5 pb-5&#8243;][vc_column el_class=&#8221;pb-5&#8243;][vc_row_inner el_class=&#8221;pb-5&#8243;][vc_column_inner][\/vc_column_inner][\/vc_row_inner][\/vc_column][\/vc_row][\/vc_section]<\/p>\n                                    <div class=\"\">\n                                        <ul class=\"p-0 row m-0 mt-2 list--info-event\">\n                                            <li class=\"\" ><?xml version=\"1.0\" ?><svg viewBox=\"0 0 32 32\" xmlns=\"http:\/\/www.w3.org\/2000\/svg\"><defs><style>.cls-1{fill:none;}<\/style><\/defs><title\/><g data-name=\"Layer 2\" id=\"Layer_2\"><path d=\"M16,29A13,13,0,1,1,29,16,13,13,0,0,1,16,29ZM16,5A11,11,0,1,0,27,16,11,11,0,0,0,16,5Z\"\/><path d=\"M21.5,22.5a1,1,0,0,1-.71-.29l-5.5-5.5A1,1,0,0,1,15,16V8a1,1,0,0,1,2,0v7.59l5.21,5.2a1,1,0,0,1,0,1.42A1,1,0,0,1,21.5,22.5Z\"\/><\/g><g id=\"frame\"><rect class=\"cls-1\" height=\"32\" width=\"32\"\/><\/g><\/svg>12:00<\/li>\n                                            <li class=\"\" ><?xml version=\"1.0\" ?><svg enable-background=\"new 0 0 48 48\" height=\"48px\" id=\"Layer_1\" version=\"1.1\" viewBox=\"0 0 48 48\" width=\"48px\" xml:space=\"preserve\" xmlns=\"http:\/\/www.w3.org\/2000\/svg\" xmlns:xlink=\"http:\/\/www.w3.org\/1999\/xlink\"><path clip-rule=\"evenodd\" d=\"M24,47c0,0-18-9.417-18-28C6,9.059,14.059,1,24,1s18,8.059,18,18  C42,37.583,24,47,24,47z M24,3C15.178,3,8,10.178,8,19c0,14.758,12.462,23.501,16.003,25.687C27.547,42.51,40,33.805,40,19  C40,10.178,32.822,3,24,3z M24,28c-4.971,0-9-4.029-9-9s4.029-9,9-9s9,4.029,9,9S28.971,28,24,28z M24,12c-3.866,0-7,3.134-7,7  s3.134,7,7,7s7-3.134,7-7S27.866,12,24,12z\" fill-rule=\"evenodd\"\/><\/svg> Campus Rancagua <\/li>\n                                        <\/ul>\n                                    <\/div>\n                                    <\/div>\n                                   <\/div><div class=\"col-1  row m-0 align-items-center\"><a href=\"https:\/\/www.uoh.cl\/instituto-de-ciencias-de-la-educacion\/evento\/seminario-justice-democracy-and-education\/\" class=\"component-button\"> <span class=\"\"><svg version=\"1.1\" xmlns=\"http:\/\/www.w3.org\/2000\/svg\" xmlns:xlink=\"http:\/\/www.w3.org\/1999\/xlink\" x=\"0px\" y=\"0px\" width=\"22px\"height=\"22px\" viewBox=\"0 0 22 22\" style=\"overflow:visible;enable-background:new 0 0 80 64.6;\" xml:space=\"preserve\"><g clip-path=\"url(#acA)\"><path fill-rule=\"evenodd\" d=\"M21.913 11.266a.93.93 0 000-.711c-.022-.056-.063-.097-.091-.144s-.053-.103-.097-.15L12.306.294c-.357-.379-.955-.394-1.334-.038s-.394.955-.038 1.334l7.917 8.374H.927a.95.95 0 00-.908.983.946.946 0 00.908.908h17.924l-8.089 8.552c-.357.379-.341.977.034 1.334s.977.341 1.334-.034l9.594-10.148c.044-.044.063-.1.097-.15.028-.047.069-.088.091-.141z\"\/><\/g><defs><clipPath id=\"acA\"><path fill=\"#fff\" d=\"M0 0h22v22H0z\"\/><\/clipPath><\/defs><\/svg><\/span><\/a><\/div><\/div><\/div><\/div><\/div><\/div><\/div><script type=\"module\">import Swiper from \"https:\/\/unpkg.com\/swiper@8\/swiper-bundle.esm.browser.min.js\";const swiper = new Swiper(\".large-event-56\", { speed: 400, spaceBetween: 20, slidesPerView: 1,\n                                    navigation: { nextEl: \".swiper-button-next-large-event-56\",prevEl: \".swiper-button-prev-large-event-56\",},\n                                    pagination: { el: \".swiper-pagination-component-large-event-56\" ,type: \"fraction\",},\n                                    breakpoints: {\n                                       992: { slidesPerView:  2, spaceBetween: 30}\n                                    }\n                    });export default swiper;<\/script> [\/vc_column][\/vc_row][\/vc_section][vc_section el_id=&#8221;recursos&#8221; el_class=&#8221;container mx-auto align-items-center&#8221; css=&#8221;.vc_custom_1651225989772{margin-bottom: 60px !important;}&#8221;][vc_row][vc_column]<div class=\"uoh_title_component-container\"><h2 class=\"title title--ms d-inline-block title--decorator  medium\">Recursos<\/h2><\/div>[vc_column_text el_class=&#8221;pb-3&#8243;]Descarga Documentos, Videos y Material disponible del instituto para uso p\u00fablico[\/vc_column_text][vc_tta_tabs active_section=&#8221;1&#8243; el_class=&#8221;py-5&#8243;][vc_tta_section title=&#8221;Todos&#8221; tab_id=&#8221;1650686981498-0f65042d-f681&#8243;]<div class=\"row resource__gap content-holder\"><div class=\"col-md-4 uoh_row mb-4 mt-2\"><div class=\"resource__item row m-0 pe-0\"><div class=\"col-3 row align-items-center\"> <div class=\"link__item-element\"><?xml version=\"1.0\" ?><svg viewBox=\"0 0 24 24\" xmlns=\"http:\/\/www.w3.org\/2000\/svg\"><title\/><path d=\"M9,21.5A7,7,0,0,1,4.05,9.59L9.7,4a5,5,0,0,1,7.06,0,5,5,0,0,1,0,7.05l-5.65,5.63a3,3,0,0,1-4.23,0A3,3,0,0,1,6,14.53a3,3,0,0,1,.87-2.12l5.65-5.63a1,1,0,0,1,1.42,0,1,1,0,0,1,0,1.41L8.29,13.82a1,1,0,0,0,0,1.41,1,1,0,0,0,1.41,0l5.65-5.64a3,3,0,0,0,0-4.21,3,3,0,0,0-4.24,0L5.46,11a5,5,0,0,0,0,7,5,5,0,0,0,7.06,0l7.77-7.74a1,1,0,0,1,1.42,0,1,1,0,0,1,0,1.41l-7.77,7.75A7,7,0,0,1,9,21.5Z\" fill=\"#464646\"\/><\/svg><\/div><div class=\"thumbnail-container-resource\"><\/div><\/div><div class=\"col-9 uoh_row m-0  align-items-center\"><div><span> Tipo de recurso :link<\/span><a href=\"https:\/\/www.uoh.cl\/postgrado\/magister-en-ensenanza-y-aprendizaje-de-la-matematica-inicio\/\" target=\"__blank\"><h3>Mag\u00edster en Ense\u00f1anza y Aprendizaje de la Matem\u00e1tica<\/h3><\/a><\/div><\/div><\/div><\/div><div class=\"col-md-4 uoh_row mb-4 mt-2\"><div class=\"resource__item row m-0 pe-0\"><div class=\"col-3 row align-items-center\"> <div class=\"link__item-element\"><?xml version=\"1.0\" ?><svg viewBox=\"0 0 24 24\" xmlns=\"http:\/\/www.w3.org\/2000\/svg\"><title\/><path d=\"M9,21.5A7,7,0,0,1,4.05,9.59L9.7,4a5,5,0,0,1,7.06,0,5,5,0,0,1,0,7.05l-5.65,5.63a3,3,0,0,1-4.23,0A3,3,0,0,1,6,14.53a3,3,0,0,1,.87-2.12l5.65-5.63a1,1,0,0,1,1.42,0,1,1,0,0,1,0,1.41L8.29,13.82a1,1,0,0,0,0,1.41,1,1,0,0,0,1.41,0l5.65-5.64a3,3,0,0,0,0-4.21,3,3,0,0,0-4.24,0L5.46,11a5,5,0,0,0,0,7,5,5,0,0,0,7.06,0l7.77-7.74a1,1,0,0,1,1.42,0,1,1,0,0,1,0,1.41l-7.77,7.75A7,7,0,0,1,9,21.5Z\" fill=\"#464646\"\/><\/svg><\/div><div class=\"thumbnail-container-resource\"><\/div><\/div><div class=\"col-9 uoh_row m-0  align-items-center\"><div><span> Tipo de recurso :link<\/span><a href=\"https:\/\/www.uoh.cl\/postgrado\/magister-en-ensenanza-y-aprendizaje-de-la-lengua-inicio\/\" target=\"__blank\"><h3>Mag\u00edster en Ense\u00f1anza y Aprendizaje de la Lengua<\/h3><\/a><\/div><\/div><\/div><\/div><\/div>[\/vc_tta_section][vc_tta_section title=&#8221;PDF&#8221; tab_id=&#8221;1650687017778-662a16f0-9fa8&#8243;]<div class=\"row resource__gap content-holder\"><\/div>[\/vc_tta_section][vc_tta_section title=&#8221;Videos&#8221; tab_id=&#8221;1650686981516-d20da93e-cfb6&#8243;]<div class=\"row resource__gap content-holder\"><\/div>[\/vc_tta_section][vc_tta_section title=&#8221;Audio&#8221; tab_id=&#8221;1650687008046-0c3e5a52-1662&#8243;]<div class=\"row resource__gap content-holder\"><\/div>[\/vc_tta_section][vc_tta_section title=&#8221;Enlaces&#8221; tab_id=&#8221;1650687030677-ba7b072d-986e&#8221;]<div class=\"row resource__gap content-holder\"><div class=\"col-md-4 uoh_row mb-4 mt-2\"><div class=\"resource__item row m-0 pe-0\"><div class=\"col-3 row align-items-center\"> <div class=\"link__item-element\"><?xml version=\"1.0\" ?><svg viewBox=\"0 0 24 24\" xmlns=\"http:\/\/www.w3.org\/2000\/svg\"><title\/><path d=\"M9,21.5A7,7,0,0,1,4.05,9.59L9.7,4a5,5,0,0,1,7.06,0,5,5,0,0,1,0,7.05l-5.65,5.63a3,3,0,0,1-4.23,0A3,3,0,0,1,6,14.53a3,3,0,0,1,.87-2.12l5.65-5.63a1,1,0,0,1,1.42,0,1,1,0,0,1,0,1.41L8.29,13.82a1,1,0,0,0,0,1.41,1,1,0,0,0,1.41,0l5.65-5.64a3,3,0,0,0,0-4.21,3,3,0,0,0-4.24,0L5.46,11a5,5,0,0,0,0,7,5,5,0,0,0,7.06,0l7.77-7.74a1,1,0,0,1,1.42,0,1,1,0,0,1,0,1.41l-7.77,7.75A7,7,0,0,1,9,21.5Z\" fill=\"#464646\"\/><\/svg><\/div><div class=\"thumbnail-container-resource\"><\/div><\/div><div class=\"col-9 uoh_row m-0  align-items-center\"><div><span> Tipo de recurso :link<\/span><a href=\"https:\/\/www.uoh.cl\/postgrado\/magister-en-ensenanza-y-aprendizaje-de-la-matematica-inicio\/\" target=\"__blank\"><h3>Mag\u00edster en Ense\u00f1anza y Aprendizaje de la Matem\u00e1tica<\/h3><\/a><\/div><\/div><\/div><\/div><div class=\"col-md-4 uoh_row mb-4 mt-2\"><div class=\"resource__item row m-0 pe-0\"><div class=\"col-3 row align-items-center\"> <div class=\"link__item-element\"><?xml version=\"1.0\" ?><svg viewBox=\"0 0 24 24\" xmlns=\"http:\/\/www.w3.org\/2000\/svg\"><title\/><path d=\"M9,21.5A7,7,0,0,1,4.05,9.59L9.7,4a5,5,0,0,1,7.06,0,5,5,0,0,1,0,7.05l-5.65,5.63a3,3,0,0,1-4.23,0A3,3,0,0,1,6,14.53a3,3,0,0,1,.87-2.12l5.65-5.63a1,1,0,0,1,1.42,0,1,1,0,0,1,0,1.41L8.29,13.82a1,1,0,0,0,0,1.41,1,1,0,0,0,1.41,0l5.65-5.64a3,3,0,0,0,0-4.21,3,3,0,0,0-4.24,0L5.46,11a5,5,0,0,0,0,7,5,5,0,0,0,7.06,0l7.77-7.74a1,1,0,0,1,1.42,0,1,1,0,0,1,0,1.41l-7.77,7.75A7,7,0,0,1,9,21.5Z\" fill=\"#464646\"\/><\/svg><\/div><div class=\"thumbnail-container-resource\"><\/div><\/div><div class=\"col-9 uoh_row m-0  align-items-center\"><div><span> Tipo de recurso :link<\/span><a href=\"https:\/\/www.uoh.cl\/postgrado\/magister-en-ensenanza-y-aprendizaje-de-la-lengua-inicio\/\" target=\"__blank\"><h3>Mag\u00edster en Ense\u00f1anza y Aprendizaje de la Lengua<\/h3><\/a><\/div><\/div><\/div><\/div><\/div>[\/vc_tta_section][\/vc_tta_tabs]<div class=\"uoh_link_component pe-4 center py-1 button center\"><a href=\"https:\/\/www.uoh.cl\/instituto-de-ciencias-de-la-educacion\/recursos\/\"\n                                    class=\"link link--bold component__btn-content\"\n                                    title\"Recursos\"\n                                    target=\"\"\n                                    rel=\"\">\n            <span class=\"icon__arrow-prelink\"><svg version=\"1.1\" xmlns=\"http:\/\/www.w3.org\/2000\/svg\" xmlns:xlink=\"http:\/\/www.w3.org\/1999\/xlink\" x=\"0px\" y=\"0px\" width=\"80px\" height=\"64.6px\" viewBox=\"0 0 80 64.6\" style=\"overflow:visible;enable-background:new 0 0 80 64.6;\" xml:space=\"preserve\"><defs><\/defs><path d=\"M4,36.3h62.3L44.9,57.7c-1.6,1.6-1.6,4.1,0,5.7c1.6,1.6,4.1,1.6,5.7,0l28.3-28.3l0,0c0.2-0.2,0.4-0.4,0.5-0.6 c0.1-0.1,0.1-0.2,0.2-0.3c0.1-0.1,0.1-0.2,0.2-0.4c0.1-0.1,0.1-0.3,0.1-0.4c0-0.1,0.1-0.2,0.1-0.3c0.1-0.3,0.1-0.5,0.1-0.8l0,0 c0,0,0,0,0,0c0-0.3,0-0.5-0.1-0.8c0-0.1-0.1-0.2-0.1-0.3c0-0.1-0.1-0.3-0.1-0.4c-0.1-0.1-0.1-0.3-0.2-0.4c-0.1-0.1-0.1-0.2-0.2-0.3 c-0.1-0.2-0.3-0.4-0.5-0.6L50.5,1.2c-1.6-1.6-4.1-1.6-5.7,0c-1.6,1.6-1.6,4.1,0,5.7l21.5,21.5H4c-2.2,0-4,1.8-4,4S1.8,36.3,4,36.3z\"><\/path><\/svg><\/span>\n            Ir a todos los recursos<\/a><\/div>[\/vc_column][\/vc_row][\/vc_section][vc_section css=&#8221;.vc_custom_1650601998836{background-color: #f6faff !important;}&#8221; el_id=&#8221;contacto&#8221; el_class=&#8221;py-5&#8243;][vc_row el_class=&#8221;container mx-auto align-items-center&#8221;][vc_column el_class=&#8221;m-0 p-0&#8243;]<div class=\"uoh_title_component-container\"><h2 class=\"title title--ms d-inline-block title--decorator  medium\">Contacto<\/h2><\/div>[vc_column_text el_class=&#8221;pb-3&#8243;]Instituto de Ciencias de la Educaci\u00f3n[\/vc_column_text]<div class=\"uoh_link_component pe-4 d-inline-block py-1 button_icon inline\"><i class=\"me-2 fas fa-mobile-alt\" style=\"color: #42a0f8\"><\/i><a href=\"tel:+56 229 030 018\"\n                                    class=\"link link--bold component__btn-content\"\n                                    title\"+56 229 030 018\"\n                                    target=\"_blank\"\n                                    rel=\"nofollow\">+56 229 030 018<span class=\"icon icon--inline icon--link\"><svg version=\"1.1\" xmlns=\"http:\/\/www.w3.org\/2000\/svg\" xmlns:xlink=\"http:\/\/www.w3.org\/1999\/xlink\" x=\"0px\" y=\"0px\" width=\"22px\"height=\"22px\" viewBox=\"0 0 22 22\" style=\"overflow:visible;enable-background:new 0 0 80 64.6;\" xml:space=\"preserve\"><g clip-path=\"url(#acA)\"><path fill-rule=\"evenodd\" d=\"M21.913 11.266a.93.93 0 000-.711c-.022-.056-.063-.097-.091-.144s-.053-.103-.097-.15L12.306.294c-.357-.379-.955-.394-1.334-.038s-.394.955-.038 1.334l7.917 8.374H.927a.95.95 0 00-.908.983.946.946 0 00.908.908h17.924l-8.089 8.552c-.357.379-.341.977.034 1.334s.977.341 1.334-.034l9.594-10.148c.044-.044.063-.1.097-.15.028-.047.069-.088.091-.141z\"\/><\/g><defs><clipPath id=\"acA\"><path fill=\"#fff\" d=\"M0 0h22v22H0z\"\/><\/clipPath><\/defs><\/svg><\/span><\/a><\/div><div class=\"uoh_link_component pe-4 d-inline-block py-1 button_icon inline\"><i class=\"me-2 fas fa-map-marker-alt\" style=\"color: #42a0f8\"><\/i><span>Campus Rancagua, Avenida Libertador Bernardo O&#8217;Higgins #611, Rancagua<\/span><\/div>[vc_row_inner el_class=&#8221;py-3&#8243;][vc_column_inner width=&#8221;1\/3&#8243;]<div class=\"uoh_link_component pe-4 d-inline-block py-1 button_white inline\"><a href=\"mailto:iced@uoh.cl\"\n                                    class=\"link link--bold component__btn-content\"\n                                    title\"iced@uoh.cl\"\n                                    target=\"_blank\"\n                                    rel=\"nofollow\">iced@uoh.cl<span class=\"icon icon--inline icon--link\"><svg version=\"1.1\" xmlns=\"http:\/\/www.w3.org\/2000\/svg\" xmlns:xlink=\"http:\/\/www.w3.org\/1999\/xlink\" x=\"0px\" y=\"0px\" width=\"22px\"height=\"22px\" viewBox=\"0 0 22 22\" style=\"overflow:visible;enable-background:new 0 0 80 64.6;\" xml:space=\"preserve\"><g clip-path=\"url(#acA)\"><path fill-rule=\"evenodd\" d=\"M21.913 11.266a.93.93 0 000-.711c-.022-.056-.063-.097-.091-.144s-.053-.103-.097-.15L12.306.294c-.357-.379-.955-.394-1.334-.038s-.394.955-.038 1.334l7.917 8.374H.927a.95.95 0 00-.908.983.946.946 0 00.908.908h17.924l-8.089 8.552c-.357.379-.341.977.034 1.334s.977.341 1.334-.034l9.594-10.148c.044-.044.063-.1.097-.15.028-.047.069-.088.091-.141z\"\/><\/g><defs><clipPath id=\"acA\"><path fill=\"#fff\" d=\"M0 0h22v22H0z\"\/><\/clipPath><\/defs><\/svg><\/span><\/a><\/div>[\/vc_column_inner][vc_column_inner width=&#8221;1\/3&#8243;][\/vc_column_inner][vc_column_inner width=&#8221;1\/3&#8243;][\/vc_column_inner][\/vc_row_inner][\/vc_column][\/vc_row][\/vc_section]<\/p>\n<\/div>","protected":false},"excerpt":{"rendered":"<p>[vc_row el_class=&#8221;mobile-padding-0&#8243;][vc_column el_class=&#8221;mobile-padding-0&#8243;][\/vc_column][\/vc_row][vc_section el_id=&#8221;investigacion&#8221; el_class=&#8221;container mx-auto p-0 align-items-center&#8221;][vc_row el_class=&#8221;container mx-auto p-0 align-items-center circle&#8211;pattern&#8221;][vc_column css=&#8221;.vc_custom_1648334964471{margin-top: 3rem !important;}&#8221;][vc_wp_custommenu nav_menu=&#8221;8&#8243;][\/vc_column][\/vc_row][vc_row el_class=&#8221;pt-5 pb-5 m-0&#8243;][vc_column el_class=&#8221;m-0&#8243;][vc_row_inner content_placement=&#8221;middle&#8221; el_class=&#8221;pb-5&#8243;][vc_column_inner width=&#8221;1\/2&#8243; css=&#8221;.vc_custom_1648841686405{margin-right: 100px !important;}&#8221;][vc_column_text css=&#8221;.vc_custom_1651200523421{margin-bottom: 3rem !important;}&#8221;]El Instituto de Ciencias de la Educaci\u00f3n (ICEd) de la Universidad de O\u2019Higgins es un espacio de investigaci\u00f3n multidisciplinario dedicado al \u00e1mbito de la Educaci\u00f3n. La [&hellip;]<\/p>\n","protected":false},"author":23,"featured_media":606,"parent":0,"menu_order":0,"comment_status":"closed","ping_status":"closed","template":"","meta":{"_acf_changed":false,"footnotes":""},"class_list":["post-8664","page","type-page","status-publish","has-post-thumbnail","hentry"],"acf":[],"yoast_head":"<!-- This site is optimized with the Yoast SEO plugin v26.6 - https:\/\/yoast.com\/wordpress\/plugins\/seo\/ -->\n<title>Instituto de Ciencias de la Educaci\u00f3n - Instituto de Ciencias de la Educaci\u00f3n<\/title>\n<meta name=\"robots\" content=\"index, follow, max-snippet:-1, max-image-preview:large, max-video-preview:-1\" \/>\n<link rel=\"canonical\" href=\"https:\/\/www.uoh.cl\/instituto-de-ciencias-de-la-educacion\/instituto-de-ciencias-de-la-educacion-2\/\" \/>\n<meta property=\"og:locale\" content=\"es_ES\" \/>\n<meta property=\"og:type\" content=\"article\" \/>\n<meta property=\"og:title\" content=\"Instituto de Ciencias de la Educaci\u00f3n - Instituto de Ciencias de la Educaci\u00f3n\" \/>\n<meta property=\"og:description\" content=\"[vc_row el_class=&#8221;mobile-padding-0&#8243;][vc_column el_class=&#8221;mobile-padding-0&#8243;][\/vc_column][\/vc_row][vc_section el_id=&#8221;investigacion&#8221; el_class=&#8221;container mx-auto p-0 align-items-center&#8221;][vc_row el_class=&#8221;container mx-auto p-0 align-items-center circle&#8211;pattern&#8221;][vc_column css=&#8221;.vc_custom_1648334964471{margin-top: 3rem !important;}&#8221;][vc_wp_custommenu nav_menu=&#8221;8&#8243;][\/vc_column][\/vc_row][vc_row el_class=&#8221;pt-5 pb-5 m-0&#8243;][vc_column el_class=&#8221;m-0&#8243;][vc_row_inner content_placement=&#8221;middle&#8221; el_class=&#8221;pb-5&#8243;][vc_column_inner width=&#8221;1\/2&#8243; css=&#8221;.vc_custom_1648841686405{margin-right: 100px !important;}&#8221;][vc_column_text css=&#8221;.vc_custom_1651200523421{margin-bottom: 3rem !important;}&#8221;]El Instituto de Ciencias de la Educaci\u00f3n (ICEd) de la Universidad de O\u2019Higgins es un espacio de investigaci\u00f3n multidisciplinario dedicado al \u00e1mbito de la Educaci\u00f3n. La [&hellip;]\" \/>\n<meta property=\"og:url\" content=\"https:\/\/www.uoh.cl\/instituto-de-ciencias-de-la-educacion\/instituto-de-ciencias-de-la-educacion-2\/\" \/>\n<meta property=\"og:site_name\" content=\"Instituto de Ciencias de la Educaci\u00f3n\" \/>\n<meta property=\"og:image\" content=\"https:\/\/www.uoh.cl\/instituto-de-ciencias-de-la-educacion\/wp-content\/uploads\/sites\/13\/2022\/05\/Fotos-Aranas-59.jpg\" \/>\n\t<meta property=\"og:image:width\" content=\"1024\" \/>\n\t<meta property=\"og:image:height\" content=\"590\" \/>\n\t<meta property=\"og:image:type\" content=\"image\/jpeg\" \/>\n<meta name=\"twitter:card\" content=\"summary_large_image\" \/>\n<meta name=\"twitter:label1\" content=\"Tiempo estimado de lectura\" \/>\n\t<meta name=\"twitter:data1\" content=\"7 minutos\" \/>\n<script type=\"application\/ld+json\" class=\"yoast-schema-graph\">{\"@context\":\"https:\/\/schema.org\",\"@graph\":[{\"@type\":\"WebPage\",\"@id\":\"https:\/\/www.uoh.cl\/instituto-de-ciencias-de-la-educacion\/instituto-de-ciencias-de-la-educacion-2\/\",\"url\":\"https:\/\/www.uoh.cl\/instituto-de-ciencias-de-la-educacion\/instituto-de-ciencias-de-la-educacion-2\/\",\"name\":\"Instituto de Ciencias de la Educaci\u00f3n - Instituto de Ciencias de la Educaci\u00f3n\",\"isPartOf\":{\"@id\":\"https:\/\/www.uoh.cl\/instituto-de-ciencias-de-la-educacion\/#website\"},\"primaryImageOfPage\":{\"@id\":\"https:\/\/www.uoh.cl\/instituto-de-ciencias-de-la-educacion\/instituto-de-ciencias-de-la-educacion-2\/#primaryimage\"},\"image\":{\"@id\":\"https:\/\/www.uoh.cl\/instituto-de-ciencias-de-la-educacion\/instituto-de-ciencias-de-la-educacion-2\/#primaryimage\"},\"thumbnailUrl\":\"https:\/\/www.uoh.cl\/instituto-de-ciencias-de-la-educacion\/wp-content\/uploads\/sites\/13\/2022\/05\/Fotos-Aranas-59.jpg\",\"datePublished\":\"2025-05-07T14:29:52+00:00\",\"inLanguage\":\"es-CL\",\"potentialAction\":[{\"@type\":\"ReadAction\",\"target\":[\"https:\/\/www.uoh.cl\/instituto-de-ciencias-de-la-educacion\/instituto-de-ciencias-de-la-educacion-2\/\"]}]},{\"@type\":\"ImageObject\",\"inLanguage\":\"es-CL\",\"@id\":\"https:\/\/www.uoh.cl\/instituto-de-ciencias-de-la-educacion\/instituto-de-ciencias-de-la-educacion-2\/#primaryimage\",\"url\":\"https:\/\/www.uoh.cl\/instituto-de-ciencias-de-la-educacion\/wp-content\/uploads\/sites\/13\/2022\/05\/Fotos-Aranas-59.jpg\",\"contentUrl\":\"https:\/\/www.uoh.cl\/instituto-de-ciencias-de-la-educacion\/wp-content\/uploads\/sites\/13\/2022\/05\/Fotos-Aranas-59.jpg\",\"width\":3095,\"height\":1784},{\"@type\":\"WebSite\",\"@id\":\"https:\/\/www.uoh.cl\/instituto-de-ciencias-de-la-educacion\/#website\",\"url\":\"https:\/\/www.uoh.cl\/instituto-de-ciencias-de-la-educacion\/\",\"name\":\"Instituto de Ciencias de la Educaci\u00f3n\",\"description\":\"Otro sitio de Sitios de Universidad O&#039;higgins\",\"potentialAction\":[{\"@type\":\"SearchAction\",\"target\":{\"@type\":\"EntryPoint\",\"urlTemplate\":\"https:\/\/www.uoh.cl\/instituto-de-ciencias-de-la-educacion\/?s={search_term_string}\"},\"query-input\":{\"@type\":\"PropertyValueSpecification\",\"valueRequired\":true,\"valueName\":\"search_term_string\"}}],\"inLanguage\":\"es-CL\"}]}<\/script>\n<!-- \/ Yoast SEO plugin. -->","yoast_head_json":{"title":"Instituto de Ciencias de la Educaci\u00f3n - Instituto de Ciencias de la Educaci\u00f3n","robots":{"index":"index","follow":"follow","max-snippet":"max-snippet:-1","max-image-preview":"max-image-preview:large","max-video-preview":"max-video-preview:-1"},"canonical":"https:\/\/www.uoh.cl\/instituto-de-ciencias-de-la-educacion\/instituto-de-ciencias-de-la-educacion-2\/","og_locale":"es_ES","og_type":"article","og_title":"Instituto de Ciencias de la Educaci\u00f3n - Instituto de Ciencias de la Educaci\u00f3n","og_description":"[vc_row el_class=&#8221;mobile-padding-0&#8243;][vc_column el_class=&#8221;mobile-padding-0&#8243;][\/vc_column][\/vc_row][vc_section el_id=&#8221;investigacion&#8221; el_class=&#8221;container mx-auto p-0 align-items-center&#8221;][vc_row el_class=&#8221;container mx-auto p-0 align-items-center circle&#8211;pattern&#8221;][vc_column css=&#8221;.vc_custom_1648334964471{margin-top: 3rem !important;}&#8221;][vc_wp_custommenu nav_menu=&#8221;8&#8243;][\/vc_column][\/vc_row][vc_row el_class=&#8221;pt-5 pb-5 m-0&#8243;][vc_column el_class=&#8221;m-0&#8243;][vc_row_inner content_placement=&#8221;middle&#8221; el_class=&#8221;pb-5&#8243;][vc_column_inner width=&#8221;1\/2&#8243; css=&#8221;.vc_custom_1648841686405{margin-right: 100px !important;}&#8221;][vc_column_text css=&#8221;.vc_custom_1651200523421{margin-bottom: 3rem !important;}&#8221;]El Instituto de Ciencias de la Educaci\u00f3n (ICEd) de la Universidad de O\u2019Higgins es un espacio de investigaci\u00f3n multidisciplinario dedicado al \u00e1mbito de la Educaci\u00f3n. La [&hellip;]","og_url":"https:\/\/www.uoh.cl\/instituto-de-ciencias-de-la-educacion\/instituto-de-ciencias-de-la-educacion-2\/","og_site_name":"Instituto de Ciencias de la Educaci\u00f3n","og_image":[{"url":"https:\/\/www.uoh.cl\/instituto-de-ciencias-de-la-educacion\/wp-content\/uploads\/sites\/13\/2022\/05\/Fotos-Aranas-59.jpg","width":1024,"height":590,"type":"image\/jpeg"}],"twitter_card":"summary_large_image","twitter_misc":{"Tiempo estimado de lectura":"7 minutos"},"schema":{"@context":"https:\/\/schema.org","@graph":[{"@type":"WebPage","@id":"https:\/\/www.uoh.cl\/instituto-de-ciencias-de-la-educacion\/instituto-de-ciencias-de-la-educacion-2\/","url":"https:\/\/www.uoh.cl\/instituto-de-ciencias-de-la-educacion\/instituto-de-ciencias-de-la-educacion-2\/","name":"Instituto de Ciencias de la Educaci\u00f3n - Instituto de Ciencias de la Educaci\u00f3n","isPartOf":{"@id":"https:\/\/www.uoh.cl\/instituto-de-ciencias-de-la-educacion\/#website"},"primaryImageOfPage":{"@id":"https:\/\/www.uoh.cl\/instituto-de-ciencias-de-la-educacion\/instituto-de-ciencias-de-la-educacion-2\/#primaryimage"},"image":{"@id":"https:\/\/www.uoh.cl\/instituto-de-ciencias-de-la-educacion\/instituto-de-ciencias-de-la-educacion-2\/#primaryimage"},"thumbnailUrl":"https:\/\/www.uoh.cl\/instituto-de-ciencias-de-la-educacion\/wp-content\/uploads\/sites\/13\/2022\/05\/Fotos-Aranas-59.jpg","datePublished":"2025-05-07T14:29:52+00:00","inLanguage":"es-CL","potentialAction":[{"@type":"ReadAction","target":["https:\/\/www.uoh.cl\/instituto-de-ciencias-de-la-educacion\/instituto-de-ciencias-de-la-educacion-2\/"]}]},{"@type":"ImageObject","inLanguage":"es-CL","@id":"https:\/\/www.uoh.cl\/instituto-de-ciencias-de-la-educacion\/instituto-de-ciencias-de-la-educacion-2\/#primaryimage","url":"https:\/\/www.uoh.cl\/instituto-de-ciencias-de-la-educacion\/wp-content\/uploads\/sites\/13\/2022\/05\/Fotos-Aranas-59.jpg","contentUrl":"https:\/\/www.uoh.cl\/instituto-de-ciencias-de-la-educacion\/wp-content\/uploads\/sites\/13\/2022\/05\/Fotos-Aranas-59.jpg","width":3095,"height":1784},{"@type":"WebSite","@id":"https:\/\/www.uoh.cl\/instituto-de-ciencias-de-la-educacion\/#website","url":"https:\/\/www.uoh.cl\/instituto-de-ciencias-de-la-educacion\/","name":"Instituto de Ciencias de la Educaci\u00f3n","description":"Otro sitio de Sitios de Universidad O&#039;higgins","potentialAction":[{"@type":"SearchAction","target":{"@type":"EntryPoint","urlTemplate":"https:\/\/www.uoh.cl\/instituto-de-ciencias-de-la-educacion\/?s={search_term_string}"},"query-input":{"@type":"PropertyValueSpecification","valueRequired":true,"valueName":"search_term_string"}}],"inLanguage":"es-CL"}]}},"_links":{"self":[{"href":"https:\/\/www.uoh.cl\/instituto-de-ciencias-de-la-educacion\/wp-json\/wp\/v2\/pages\/8664","targetHints":{"allow":["GET"]}}],"collection":[{"href":"https:\/\/www.uoh.cl\/instituto-de-ciencias-de-la-educacion\/wp-json\/wp\/v2\/pages"}],"about":[{"href":"https:\/\/www.uoh.cl\/instituto-de-ciencias-de-la-educacion\/wp-json\/wp\/v2\/types\/page"}],"author":[{"embeddable":true,"href":"https:\/\/www.uoh.cl\/instituto-de-ciencias-de-la-educacion\/wp-json\/wp\/v2\/users\/23"}],"replies":[{"embeddable":true,"href":"https:\/\/www.uoh.cl\/instituto-de-ciencias-de-la-educacion\/wp-json\/wp\/v2\/comments?post=8664"}],"version-history":[{"count":0,"href":"https:\/\/www.uoh.cl\/instituto-de-ciencias-de-la-educacion\/wp-json\/wp\/v2\/pages\/8664\/revisions"}],"wp:featuredmedia":[{"embeddable":true,"href":"https:\/\/www.uoh.cl\/instituto-de-ciencias-de-la-educacion\/wp-json\/wp\/v2\/media\/606"}],"wp:attachment":[{"href":"https:\/\/www.uoh.cl\/instituto-de-ciencias-de-la-educacion\/wp-json\/wp\/v2\/media?parent=8664"}],"curies":[{"name":"wp","href":"https:\/\/api.w.org\/{rel}","templated":true}]}}