
{"id":629,"date":"2022-10-25T12:56:02","date_gmt":"2022-10-25T15:56:02","guid":{"rendered":"https:\/\/www.uoh.cl\/instituto-de-altos-estudios-audiovisuales\/?page_id=629"},"modified":"2023-01-10T17:58:28","modified_gmt":"2023-01-10T20:58:28","slug":"magister-de-artes-audiovisuales","status":"publish","type":"page","link":"https:\/\/www.uoh.cl\/instituto-de-altos-estudios-audiovisuales\/magister-de-artes-audiovisuales\/","title":{"rendered":"Mag\u00edster de Artes Audiovisuales"},"content":{"rendered":"<div class=\"wpb-content-wrapper\"><p>[vc_section el_class=&#8221;p-0&#8243;][vc_row el_class=&#8221;p-0&#8243;][vc_column]<div class=\"uoh_slider_featured_component component__featured-slide row mx-auto col-12 m-0 align-items-center position-relative lazyload\" style=\" background:inherit\" data-bg=\"url(https:\/\/www.uoh.cl\/instituto-de-altos-estudios-audiovisuales\/wp-content\/uploads\/sites\/28\/2022\/10\/Magister.jpg)\"><div class=\"caption--degrade\"><svg  xmlns=\"http:\/\/www.w3.org\/2000\/svg\" xmlns:xlink=\"http:\/\/www.w3.org\/1999\/xlink\" width=\"1061px\" height=\"539px\"><defs><linearGradient id=\"PSgrad_0\" x1=\"0%\" x2=\"64.279%\" y1=\"76.604%\" y2=\"0%\"><stop offset=\"0%\" stop-color=\"rgb(66,160,248)\" stop-opacity=\"1\" \/><stop offset=\"100%\" stop-color=\"rgb(66,160,248)\" stop-opacity=\"0\" \/><\/linearGradient><\/defs><path fill-rule=\"evenodd\"  fill=\"none\" d=\"M311.000,515.000 C311.000,515.000 211.039,468.555 132.000,357.000 C21.864,201.555 -4.306,4.695 1.000,0.000 L196.000,0.000 L811.000,0.000 L1061.000,0.000 C1061.000,0.000 851.535,430.030 546.000,521.000 C402.674,563.674 311.000,515.000 311.000,515.000 Z\"\/> <path fill=\"url(#PSgrad_0)\"d=\"M311.000,515.000 C311.000,515.000 211.039,468.555 132.000,357.000 C21.864,201.555 -4.306,4.695 1.000,0.000 L196.000,0.000 L811.000,0.000 L1061.000,0.000 C1061.000,0.000 851.535,430.030 546.000,521.000 C402.674,563.674 311.000,515.000 311.000,515.000 Z\"\/><\/svg><\/div><div class=\"caption--quote\"><svg xmlns=\"http:\/\/www.w3.org\/2000\/svg\" xmlns:xlink=\"http:\/\/www.w3.org\/1999\/xlink\"width=\"226px\" height=\"273px\"><defs><linearGradient id=\"PSgrad_0\" x1=\"71.934%\" x2=\"0%\" y1=\"69.466%\" y2=\"0%\"><stop offset=\"0%\" stop-color=\"rgb(66,160,248)\" stop-opacity=\"0.49\" \/><stop offset=\"100%\" stop-color=\"rgb(66,160,248)\" stop-opacity=\"0\" \/><\/linearGradient><\/defs><path fill-rule=\"evenodd\"  fill=\"none\" d=\"M-0.000,273.000 L174.000,273.000 C174.000,273.000 226.000,266.268 226.000,221.000 C226.000,175.732 226.000,-0.000 226.000,-0.000 C226.000,-0.000 24.577,71.878 -0.000,273.000 Z\"\/><path fill=\"url(#PSgrad_0)\"d=\"M-0.000,273.000 L174.000,273.000 C174.000,273.000 226.000,266.268 226.000,221.000 C226.000,175.732 226.000,-0.000 226.000,-0.000 C226.000,-0.000 24.577,71.878 -0.000,273.000 Z\"\/><\/svg><\/div><div class=\"my-uoh_slider_featured_component container mx-auto p-md-0\" ><div class=\"content component__featured-slide-content container row mx-auto aling-items-center p-0\"><h1 class=\"p-0 featured-slide title\"  style=\"\"><em>Carreras de postgrado<\/em>Mag\u00edster de Artes Audiovisuales<\/h1><ul class=\"breadcrumb breadcrumb-list\"><li><a href=\"https:\/\/www.uoh.cl\/instituto-de-altos-estudios-audiovisuales\">Inicio<\/a><\/li><li><span class=\"separator\"><?xml version=\"1.0\" ?><svg viewBox=\"0 0 96 96\" xmlns=\"http:\/\/www.w3.org\/2000\/svg\"><title\/><path d=\"M39.3756,48.0022l30.47-25.39a6.0035,6.0035,0,0,0-7.6878-9.223L26.1563,43.3906a6.0092,6.0092,0,0,0,0,9.2231L62.1578,82.615a6.0035,6.0035,0,0,0,7.6878-9.2231Z\"\/><\/svg><\/span><\/li><li><a href=\"\"><\/a><\/li><li>Mag\u00edster de Artes Audiovisuales<\/li><\/ul><\/div><span><\/span><\/div><\/div>[\/vc_column][\/vc_row][\/vc_section][vc_section el_class=&#8221;container mx-auto align-items-center text-right mobile&#8211;box&#8221;][vc_row][vc_column][vc_column_text]<\/p>\n<p>&nbsp;<\/p>\n<p>[\/vc_column_text][\/vc_column][\/vc_row][vc_row][vc_column width=&#8221;2\/3&#8243;]<div class=\"uoh_title_component-container\"><h2 class=\"title title--ms d-inline-block title--decorator  medium\">Menci\u00f3n Realizador Cinematogr\u00e1fico<\/h2><\/div>[vc_column_text]<span style=\"font-weight: 400\">El Mag\u00edster de Artes Audiovisuales es un programa de postgrado de estudios de Artes Audiovisuales que imparte el Instituto de Altos Estudios Audiovisuales de la Universidad de O&#8217;Higgins.<\/span><\/p>\n<p><span style=\"font-weight: 400\">Tiene una duraci\u00f3n total de 12 meses, compuesto por tres m\u00f3dulos te\u00f3ricos &#8211; pr\u00e1cticos, compuesto por ramos obligatorios con un total de 712 horas.<\/span><\/p>\n<p><span style=\"font-weight: 400\">En este programa, los alumnos podr\u00e1n ahondar en las artes Cinematogr\u00e1ficas con gran profundizaci\u00f3n y finalizando sus estudios con acabadas obras audiovisuales profesionales y est\u00e1 orientado a profesionales y licenciados del \u00e1rea audiovisual o similar, como el \u00e1rea de las ciencias sociales, con un t\u00edtulo de pregrado obtenido.<\/span><\/p>\n<p><span style=\"font-weight: 400\">Como requisitos m\u00ednimos para la inscripci\u00f3n, los interesados deber\u00e1n tener un t\u00edtulo profesional al d\u00eda o grado acad\u00e9mico con 8 semestres m\u00ednimos de duraci\u00f3n. Los postulantes ser\u00e1n seleccionados por una comisi\u00f3n acad\u00e9mica especializada de la Casa de Estudio.<\/span><\/p>\n<p><span style=\"font-weight: 400\">La meta es generar una base de cineastas productivos que se identifiquen con el rescate de la identidad nacional y las emergentes industrias creativas de la regi\u00f3n. Pare ello el programa est\u00e1 estructurado en torno al concepto de taller central, es all\u00ed donde se llevan a cabo los trabajos pr\u00e1cticos y en donde se ejercitan los conceptos vertidos en los otros ramos que giran en torno a un proyecto de realizaci\u00f3n.<\/span><\/p>\n<p><span style=\"font-weight: 400\">En cada m\u00f3dulo, se realizar\u00e1n piezas audiovisuales, trabajos pr\u00e1cticos que ir\u00e1n de lo m\u00e1s simple a lo m\u00e1s complejo, siendo el centro ejercicios te\u00f3ricos-pr\u00e1cticos y de investigaci\u00f3n, para fortalecer la direcci\u00f3n y comenzar la realizaci\u00f3n del trabajo final, que consistir\u00e1 en un cortometraje.<\/span><\/p>\n<p>&nbsp;<\/p>\n<p>&nbsp;<\/p>\n<p>[\/vc_column_text]<div class=\"uoh_title_component-container\"><h2 class=\"title title--ms d-inline-block title--decorator  medium\">Perfil de Egreso<\/h2><\/div>[vc_column_text]El egresado del Mag\u00edster junto con tener las competencias necesarias para desempe\u00f1ar distintos roles en el quehacer f\u00edlmico -esto sea en pre producci\u00f3n, producci\u00f3n o post producci\u00f3n digital-; tambi\u00e9n podr\u00e1 aplicar conocimientos de producci\u00f3n ejecutiva, gesti\u00f3n de nuevos negocios, marketing y distribuci\u00f3n tanto en cinematograf\u00eda tradicional como en nuevas plataformas digitales. Ello le permitir\u00e1 integrar equipos de trabajo interdisciplinario en el marco del quehacer profesional cinematogr\u00e1fico.<\/p>\n<p>El egresado del Mag\u00edster es un profesional multifac\u00e9tico y calificado para desarrollar diversas actividades en un campo laboral flexible, din\u00e1mico y sometido a constante innovaci\u00f3n. Con una visi\u00f3n integral del saber cinematogr\u00e1fico y con un claro sentido \u00e9tico de su oficio, tendr\u00e1 las capacidades de investigar y elaborar una reflexi\u00f3n cr\u00edtica respecto de la creaci\u00f3n audiovisual y la sociedad. Junto con las competencias t\u00e9cnicas y profesionales necesarias para realizar y producir obras audiovisuales para cine y televisi\u00f3n, contar\u00e1 con las capacidades de analizar e influir en los medios a trav\u00e9s del uso de sus habilidades en el lenguaje audiovisual y la direcci\u00f3n de proyectos.<\/p>\n<p>En suma, el egresado del Mag\u00edster estar\u00e1 habilitado con las competencias para crear y dirigir proyectos audiovisuales complejos de ficci\u00f3n y no ficci\u00f3n; para autogestionar producciones audiovisuales tanto colectivas como individuales; y para hacer un aporte en el \u00e1mbito de los contenidos de la realizaci\u00f3n audiovisual a partir de los conocimientos adquiridos a lo largo del programa acad\u00e9mico. Tales conocimientos adquiridos tambi\u00e9n le permitir\u00e1n desarrollar planteamientos creativos e innovadores frente al proceso comunicacional y las nuevas tecnolog\u00edas, siendo capaz de integrar el trabajo art\u00edstico y autoral con un fuerte acento en la realidad de la regi\u00f3n, del pa\u00eds y del continente latinoamericano.<\/p>\n<p>&nbsp;<\/p>\n<p>&nbsp;<\/p>\n<p>[\/vc_column_text]<div class=\"uoh_title_component-container\"><h2 class=\"title title--ms d-inline-block title--decorator  medium\">Metodolog\u00eda<\/h2><\/div>[vc_column_text]Para cumplir con los objetivos del programa, este Mag\u00edster est\u00e1 compuesto por tres m\u00f3dulos, cada uno liderado por un Taller Central. En cada m\u00f3dulo se realizar\u00e1n trabajos pr\u00e1cticos y piezas audiovisuales que ir\u00e1n de lo m\u00e1s simple a lo m\u00e1s complejo, siendo el tercer m\u00f3dulo el que est\u00e1 orientado al trabajo de creaci\u00f3n en el encuentro del guion de ficci\u00f3n o la historia documental que ser\u00e1 parte del trabajo final del Mag\u00edster.<\/p>\n<p>El \u00faltimo m\u00f3dulo del Mag\u00edster se realizar\u00e1 con ejercicios te\u00f3ricos-pr\u00e1cticos y de investigaci\u00f3n, para fortalecer la direcci\u00f3n y comenzar la realizaci\u00f3n de los trabajos finales. Adem\u00e1s, se agregar\u00e1n los \u00e1mbitos de post-producci\u00f3n de imagen y sonido, musicalizaci\u00f3n y construcci\u00f3n de un plan de difusi\u00f3n y marketing, para luego crear la copia final y presentaci\u00f3n del producto de proyecci\u00f3n.<\/p>\n<p>El Taller Central es en el cual se llevar\u00e1n a cabo los trabajos pr\u00e1cticos que ser\u00e1n el resultado de los conceptos vertidos en las otras c\u00e1tedras, culminando en torno a un proyecto de realizaci\u00f3n.<\/p>\n<p>&nbsp;<\/p>\n<p>&nbsp;<\/p>\n<p>[\/vc_column_text]<div class=\"uoh_title_component-container\"><h2 class=\"title title--ms d-inline-block title--decorator  medium\">Duraci\u00f3n<\/h2><\/div>[vc_column_text]Este Mag\u00edster tiene una duraci\u00f3n total de 12 meses, compuesto por tres m\u00f3dulos, los cuales se dividen en ramos obligatorios que suman 712 horas acad\u00e9micas.<\/p>\n<p>&nbsp;<\/p>\n<p>&nbsp;<\/p>\n<p>[\/vc_column_text]<div class=\"uoh_title_component-container\"><h2 class=\"title title--ms d-inline-block title--decorator  medium\">Calendarizaci\u00f3n<\/h2><\/div>[vc_column_text]Primer m\u00f3dulo: <strong>marzo a junio<\/strong> (te\u00f3rico \u2013pr\u00e1ctico).<\/p>\n<p>Segundo m\u00f3dulo: <strong>agosto a noviembre<\/strong> (te\u00f3rico \u2013pr\u00e1ctico).<\/p>\n<p>Tercer m\u00f3dulo: <strong>enero a marzo<\/strong> (en horario libre y formato tutorial).<\/p>\n<p>&nbsp;<\/p>\n<p>&nbsp;<\/p>\n<p>[\/vc_column_text]<div class=\"uoh_title_component-container\"><h2 class=\"title title--ms d-inline-block title--decorator  medium\">Lugar de ejecuci\u00f3n<\/h2><\/div>[vc_column_text]Las clases se desarrollar\u00e1n en Campus Rancagua de la Universidad de O \u0301Higgins, de mi\u00e9rcoles a viernes, de 18:00 a 22:00 horas, y el s\u00e1bado de 10:00 a 13:00 horas (te\u00f3rico\u2013pr\u00e1ctico). En formato presencial e h\u00edbrido en situaciones especiales previa evaluaci\u00f3n del Instituto de Altos Estudios Audiovisuales.<\/p>\n<p>&nbsp;<\/p>\n<p>&nbsp;<\/p>\n<p>[\/vc_column_text]<div class=\"uoh_title_component-container\"><h2 class=\"title title--ms d-inline-block title--decorator  medium\">Valor<\/h2><\/div>[vc_column_text]Matr\u00edcula: $267.000.<\/p>\n<p>Arancel: $2.500.000.<\/p>\n<p>[\/vc_column_text][\/vc_column][vc_column width=&#8221;1\/3&#8243;]<div class=\"call-to-action-video-container\">\n                            <div class=\"call-to-action-video-container__video\"><div class=\"video__info-section\"><div class=\"uoh_link_component py-1 d-inline-block pe-4 py-1 button_white inline\">\n                            <a href=\"https:\/\/ucampus.uoh.cl\/m\/postulante\" class=\"link link--bold component__btn-content\" target=\"https:\/\/ucampus.uoh.cl\/m\/postulante\">Postula aqu\u00ed<span class=\"icon icon--inline icon--link\"> <svg version=\"1.1\" xmlns=\"http:\/\/www.w3.org\/2000\/svg\" xmlns:xlink=\"http:\/\/www.w3.org\/1999\/xlink\" x=\"0px\" y=\"0px\" width=\"22px\"height=\"22px\" viewBox=\"0 0 22 22\" style=\"overflow:visible;enable-background:new 0 0 80 64.6;\" xml:space=\"preserve\"><g clip-path=\"url(#acA)\"><path fill-rule=\"evenodd\" d=\"M21.913 11.266a.93.93 0 000-.711c-.022-.056-.063-.097-.091-.144s-.053-.103-.097-.15L12.306.294c-.357-.379-.955-.394-1.334-.038s-.394.955-.038 1.334l7.917 8.374H.927a.95.95 0 00-.908.983.946.946 0 00.908.908h17.924l-8.089 8.552c-.357.379-.341.977.034 1.334s.977.341 1.334-.034l9.594-10.148c.044-.044.063-.1.097-.15.028-.047.069-.088.091-.141z\"\/><\/g><defs><clipPath id=\"acA\"><path fill=\"#fff\" d=\"M0 0h22v22H0z\"\/><\/clipPath><\/defs><\/svg> <\/span><\/a>\n                            <\/div>\n                            <div class=\"row m-0 p-0\">\n                            <p class=\"info-section__info \">\n                                Grado Acad\u00e9mico\n                                <span>Mag\u00edster en Realizaci\u00f3n Audiovisual<\/span>\n                            <\/p>\n                            <p class=\"info-section__info \">\n                                Titulo Profesional\n                                <span>-<\/span>\n                            <\/p>\n                            <p class=\"info-section__info \">\n                                Duraci\u00f3n de la carrera\n                                <span>12 meses (712 horas acad\u00e9micas te\u00f3rico-pr\u00e1cticas divididas en tres m\u00f3dulos)<\/span>\n                            <\/p>\n                            <p class=\"info-section__info\">\n                                Sede\n                                <span>Campus Rancagua<\/span>\n                            <\/p>\n                            <a href=\"\" class=\"info-section__download-link\" target=\"_blank\">\n                                Descargar malla de la carrera\n                                <?xml version=\"1.0\" ?><svg enable-background=\"new 0 0 32 32\" id=\"Layer_4\" version=\"1.1\" viewBox=\"0 0 32 32\" xml:space=\"preserve\" xmlns=\"http:\/\/www.w3.org\/2000\/svg\" xmlns:xlink=\"http:\/\/www.w3.org\/1999\/xlink\"><g><path d=\"M19,21h3   c3.866,0,7-3.134,7-7s-3.134-7-7-7c0-3.314-2.686-6-6-6s-6,2.686-6,6c-3.866,0-7,3.134-7,7s3.134,7,7,7h3\" fill=\"none\" stroke=\"#000000\" stroke-linejoin=\"round\" stroke-miterlimit=\"10\" stroke-width=\"2\"\/><line fill=\"none\" stroke=\"#000000\" stroke-linejoin=\"round\" stroke-miterlimit=\"10\" stroke-width=\"2\" x1=\"16\" x2=\"16\" y1=\"20\" y2=\"31\"\/><polyline fill=\"none\" points=\"22,25 16,31    10,25  \" stroke=\"#000000\" stroke-linejoin=\"round\" stroke-miterlimit=\"10\" stroke-width=\"2\"\/><\/g><\/svg>\n                            <\/a><\/div>\n                        <\/div>\n                    <\/div>\n                <\/div>[vc_row_inner][vc_column_inner][vc_column_text]<\/p>\n<p>&nbsp;<\/p>\n<p>&nbsp;<\/p>\n<p>&nbsp;<\/p>\n<p>&nbsp;<\/p>\n<p>&nbsp;<\/p>\n<p>[\/vc_column_text][\/vc_column_inner][\/vc_row_inner][\/vc_column][\/vc_row][\/vc_section][vc_section el_class=&#8221;container mx-auto align-items-center text-right mobile&#8211;box&#8221; css=&#8221;.vc_custom_1666885454013{background-color: #f6faff !important;}&#8221;][vc_row][vc_column]<div class=\"uoh_title_component-container\"><h2 class=\"title title--ms d-inline-block title--decorator  medium\">Cuerpo Docente<\/h2><\/div>[\/vc_column][\/vc_row][vc_row][vc_column width=&#8221;1\/5&#8243;]<div class=\"authorities-container__box\"><figure><img decoding=\"async\" data-src=\"https:\/\/www.uoh.cl\/instituto-de-altos-estudios-audiovisuales\/wp-content\/uploads\/sites\/28\/2022\/04\/IEA_Miguel_Littin-600x600.jpeg\" src=\"data:image\/svg+xml;base64,PHN2ZyB3aWR0aD0iMSIgaGVpZ2h0PSIxIiB4bWxucz0iaHR0cDovL3d3dy53My5vcmcvMjAwMC9zdmciPjwvc3ZnPg==\" class=\"lazyload\" style=\"--smush-placeholder-width: 600px; --smush-placeholder-aspect-ratio: 600\/600;\" \/><figcaption> <div class=\"flex\">Miguel Litt\u00edn Cucum\u00eddes<span>Director del Instituto de Altos Estudios Audiovisuales. Director de Cine<\/span><\/div><\/figcaption><\/figure><\/div>[\/vc_column][vc_column width=&#8221;1\/5&#8243;]<div class=\"authorities-container__box\"><figure><img decoding=\"async\" data-src=\"https:\/\/www.uoh.cl\/instituto-de-altos-estudios-audiovisuales\/wp-content\/uploads\/sites\/28\/2022\/10\/Carlos-Ossa-600x600.jpg\" src=\"data:image\/svg+xml;base64,PHN2ZyB3aWR0aD0iMSIgaGVpZ2h0PSIxIiB4bWxucz0iaHR0cDovL3d3dy53My5vcmcvMjAwMC9zdmciPjwvc3ZnPg==\" class=\"lazyload\" style=\"--smush-placeholder-width: 600px; --smush-placeholder-aspect-ratio: 600\/600;\" \/><figcaption> <div class=\"flex\">Carlos Ossa Swears<span>Doctor en Filosof\u00eda con menci\u00f3n en Est\u00e9tica<\/span><\/div><\/figcaption><\/figure><\/div>[\/vc_column][vc_column width=&#8221;1\/5&#8243;]<div class=\"authorities-container__box\"><figure><img decoding=\"async\" data-src=\"https:\/\/www.uoh.cl\/instituto-de-altos-estudios-audiovisuales\/wp-content\/uploads\/sites\/28\/2022\/10\/Gonzalo-Justiniano.jpg\" src=\"data:image\/svg+xml;base64,PHN2ZyB3aWR0aD0iMSIgaGVpZ2h0PSIxIiB4bWxucz0iaHR0cDovL3d3dy53My5vcmcvMjAwMC9zdmciPjwvc3ZnPg==\" class=\"lazyload\" style=\"--smush-placeholder-width: 500px; --smush-placeholder-aspect-ratio: 500\/500;\" \/><figcaption> <div class=\"flex\">Gonzalo Justiniano<span>Taller Central de Realizaci\u00f3n I y II. Direcci\u00f3n de Actores y Puesta en Escena<\/span><\/div><\/figcaption><\/figure><\/div>[\/vc_column][vc_column width=&#8221;1\/5&#8243;]<div class=\"authorities-container__box\"><figure><img decoding=\"async\" data-src=\"https:\/\/www.uoh.cl\/instituto-de-altos-estudios-audiovisuales\/wp-content\/uploads\/sites\/28\/2022\/08\/IEA_Vladimir_Rivera.jpg\" src=\"data:image\/svg+xml;base64,PHN2ZyB3aWR0aD0iMSIgaGVpZ2h0PSIxIiB4bWxucz0iaHR0cDovL3d3dy53My5vcmcvMjAwMC9zdmciPjwvc3ZnPg==\" class=\"lazyload\" style=\"--smush-placeholder-width: 1000px; --smush-placeholder-aspect-ratio: 1000\/1000;\" \/><figcaption> <div class=\"flex\">Vladimir Rivera<span>Guion y Dramaturgia Documental I y II. Guionista de Cine y TV<\/span><\/div><\/figcaption><\/figure><\/div>[\/vc_column][vc_column width=&#8221;1\/5&#8243;]<div class=\"authorities-container__box\"><figure><img decoding=\"async\" data-src=\"https:\/\/www.uoh.cl\/instituto-de-altos-estudios-audiovisuales\/wp-content\/uploads\/sites\/28\/2022\/08\/IEA_Pablo_Pinto.jpg\" src=\"data:image\/svg+xml;base64,PHN2ZyB3aWR0aD0iMSIgaGVpZ2h0PSIxIiB4bWxucz0iaHR0cDovL3d3dy53My5vcmcvMjAwMC9zdmciPjwvc3ZnPg==\" class=\"lazyload\" style=\"--smush-placeholder-width: 836px; --smush-placeholder-aspect-ratio: 836\/836;\" \/><figcaption> <div class=\"flex\">Pablo Pinto Giraud<span>Sonido I y II. Sonidista Ficci\u00f3n y Documental<\/span><\/div><\/figcaption><\/figure><\/div>[\/vc_column][\/vc_row][vc_row][vc_column width=&#8221;1\/5&#8243;]<div class=\"authorities-container__box\"><figure><img decoding=\"async\" data-src=\"https:\/\/www.uoh.cl\/instituto-de-altos-estudios-audiovisuales\/wp-content\/uploads\/sites\/28\/2022\/08\/IEA_Fernando_Valenzuela-1.jpg\" src=\"data:image\/svg+xml;base64,PHN2ZyB3aWR0aD0iMSIgaGVpZ2h0PSIxIiB4bWxucz0iaHR0cDovL3d3dy53My5vcmcvMjAwMC9zdmciPjwvc3ZnPg==\" class=\"lazyload\" style=\"--smush-placeholder-width: 1000px; --smush-placeholder-aspect-ratio: 1000\/1000;\" \/><figcaption> <div class=\"flex\">Fernando Valenzuela<span>Montaje I y II. Montajista<\/span><\/div><\/figcaption><\/figure><\/div>[\/vc_column][vc_column width=&#8221;1\/5&#8243;]<div class=\"authorities-container__box\"><figure><img decoding=\"async\" data-src=\"https:\/\/www.uoh.cl\/instituto-de-altos-estudios-audiovisuales\/wp-content\/uploads\/sites\/28\/2022\/08\/IEA_Jose_Arredondo.jpg\" src=\"data:image\/svg+xml;base64,PHN2ZyB3aWR0aD0iMSIgaGVpZ2h0PSIxIiB4bWxucz0iaHR0cDovL3d3dy53My5vcmcvMjAwMC9zdmciPjwvc3ZnPg==\" class=\"lazyload\" style=\"--smush-placeholder-width: 770px; --smush-placeholder-aspect-ratio: 770\/770;\" \/><figcaption> <div class=\"flex\">Jos\u00e9 Luis Arredondo<span>Fotograf\u00eda I y II. Direcci\u00f3n Cine<\/span><\/div><\/figcaption><\/figure><\/div>[\/vc_column][vc_column width=&#8221;1\/5&#8243;]<div class=\"authorities-container__box\"><figure><img decoding=\"async\" data-src=\"https:\/\/www.uoh.cl\/instituto-de-altos-estudios-audiovisuales\/wp-content\/uploads\/sites\/28\/2022\/08\/IEA_Bettina_Bettati.jpg\" src=\"data:image\/svg+xml;base64,PHN2ZyB3aWR0aD0iMSIgaGVpZ2h0PSIxIiB4bWxucz0iaHR0cDovL3d3dy53My5vcmcvMjAwMC9zdmciPjwvc3ZnPg==\" class=\"lazyload\" style=\"--smush-placeholder-width: 500px; --smush-placeholder-aspect-ratio: 500\/500;\" \/><figcaption> <div class=\"flex\">Bettina Bettati<span>Producci\u00f3n Cinematogr\u00e1fica. Productora de Cine<\/span><\/div><\/figcaption><\/figure><\/div>[\/vc_column][vc_column width=&#8221;1\/5&#8243;]<div class=\"authorities-container__box\"><figure><img decoding=\"async\" data-src=\"https:\/\/www.uoh.cl\/instituto-de-altos-estudios-audiovisuales\/wp-content\/uploads\/sites\/28\/2022\/08\/IEA_Gustavo_Daza.jpg\" src=\"data:image\/svg+xml;base64,PHN2ZyB3aWR0aD0iMSIgaGVpZ2h0PSIxIiB4bWxucz0iaHR0cDovL3d3dy53My5vcmcvMjAwMC9zdmciPjwvc3ZnPg==\" class=\"lazyload\" style=\"--smush-placeholder-width: 759px; --smush-placeholder-aspect-ratio: 759\/759;\" \/><figcaption> <div class=\"flex\">Gustavo Daza<span>Direcci\u00f3n de Arte. Licenciado en Arte<\/span><\/div><\/figcaption><\/figure><\/div>[\/vc_column][vc_column width=&#8221;1\/5&#8243;][\/vc_column][\/vc_row][\/vc_section][vc_section el_class=&#8221;container mx-auto align-items-center text-right mobile&#8211;box&#8221;][vc_row][vc_column]<div class=\"uoh_title_component-container\"><h2 class=\"title title--ms d-inline-block title--decorator  medium\">Testimonios exestudiantes<\/h2><\/div>[\/vc_column][\/vc_row][vc_row][vc_column width=&#8221;1\/2&#8243;][vc_raw_html]JTNDaWZyYW1lJTIwd2lkdGglM0QlMjI1NjAlMjIlMjBoZWlnaHQlM0QlMjIzMTUlMjIlMjBzcmMlM0QlMjJodHRwcyUzQSUyRiUyRnd3dy55b3V0dWJlLmNvbSUyRmVtYmVkJTJGSDhGNlJPUDAyYlUlMjIlMjB0aXRsZSUzRCUyMllvdVR1YmUlMjB2aWRlbyUyMHBsYXllciUyMiUyMGZyYW1lYm9yZGVyJTNEJTIyMCUyMiUyMGFsbG93JTNEJTIyYWNjZWxlcm9tZXRlciUzQiUyMGF1dG9wbGF5JTNCJTIwY2xpcGJvYXJkLXdyaXRlJTNCJTIwZW5jcnlwdGVkLW1lZGlhJTNCJTIwZ3lyb3Njb3BlJTNCJTIwcGljdHVyZS1pbi1waWN0dXJlJTIyJTIwYWxsb3dmdWxsc2NyZWVuJTNFJTNDJTJGaWZyYW1lJTNF[\/vc_raw_html][\/vc_column][vc_column width=&#8221;1\/2&#8243;][vc_raw_html]JTNDaWZyYW1lJTIwd2lkdGglM0QlMjI1NjAlMjIlMjBoZWlnaHQlM0QlMjIzMTUlMjIlMjBzcmMlM0QlMjJodHRwcyUzQSUyRiUyRnd3dy55b3V0dWJlLmNvbSUyRmVtYmVkJTJGOWxBQURvMnBfeGMlMjIlMjB0aXRsZSUzRCUyMllvdVR1YmUlMjB2aWRlbyUyMHBsYXllciUyMiUyMGZyYW1lYm9yZGVyJTNEJTIyMCUyMiUyMGFsbG93JTNEJTIyYWNjZWxlcm9tZXRlciUzQiUyMGF1dG9wbGF5JTNCJTIwY2xpcGJvYXJkLXdyaXRlJTNCJTIwZW5jcnlwdGVkLW1lZGlhJTNCJTIwZ3lyb3Njb3BlJTNCJTIwcGljdHVyZS1pbi1waWN0dXJlJTIyJTIwYWxsb3dmdWxsc2NyZWVuJTNFJTNDJTJGaWZyYW1lJTNF[\/vc_raw_html][\/vc_column][\/vc_row][\/vc_section]<\/p>\n<\/div>","protected":false},"excerpt":{"rendered":"<p>[vc_section el_class=&#8221;p-0&#8243;][vc_row el_class=&#8221;p-0&#8243;][vc_column][\/vc_column][\/vc_row][\/vc_section][vc_section el_class=&#8221;container mx-auto align-items-center text-right mobile&#8211;box&#8221;][vc_row][vc_column][vc_column_text] &nbsp; [\/vc_column_text][\/vc_column][\/vc_row][vc_row][vc_column width=&#8221;2\/3&#8243;][vc_column_text]El Mag\u00edster de Artes Audiovisuales es un programa de postgrado de estudios de Artes Audiovisuales que imparte el Instituto de Altos Estudios Audiovisuales de la Universidad de O&#8217;Higgins. Tiene una duraci\u00f3n total de 12 meses, compuesto por tres m\u00f3dulos te\u00f3ricos &#8211; pr\u00e1cticos, compuesto por ramos [&hellip;]<\/p>\n","protected":false},"author":23,"featured_media":0,"parent":0,"menu_order":0,"comment_status":"closed","ping_status":"closed","template":"","meta":{"_acf_changed":false,"footnotes":""},"class_list":["post-629","page","type-page","status-publish","hentry"],"acf":[],"yoast_head":"<!-- This site is optimized with the Yoast SEO plugin v26.6 - https:\/\/yoast.com\/wordpress\/plugins\/seo\/ -->\n<title>Mag\u00edster de Artes Audiovisuales - Instituto de Altos Estudios Audiovisuales<\/title>\n<meta name=\"description\" content=\"Conoce y postula al Mag\u00edster de Artes Audiovisuales. con menci\u00f3n en Cine Ficci\u00f3n y Cine Documental del Instituto de Altos Estudios Audiovisuales en la Universidad de O&#039;Higgins.\" \/>\n<meta name=\"robots\" content=\"index, follow, max-snippet:-1, max-image-preview:large, max-video-preview:-1\" \/>\n<link rel=\"canonical\" href=\"https:\/\/www.uoh.cl\/instituto-de-altos-estudios-audiovisuales\/magister-de-artes-audiovisuales\/\" \/>\n<meta property=\"og:locale\" content=\"es_ES\" \/>\n<meta property=\"og:type\" content=\"article\" \/>\n<meta property=\"og:title\" content=\"Mag\u00edster de Artes Audiovisuales - Instituto de Altos Estudios Audiovisuales\" \/>\n<meta property=\"og:description\" content=\"Conoce y postula al Mag\u00edster de Artes Audiovisuales. con menci\u00f3n en Cine Ficci\u00f3n y Cine Documental del Instituto de Altos Estudios Audiovisuales en la Universidad de O&#039;Higgins.\" \/>\n<meta property=\"og:url\" content=\"https:\/\/www.uoh.cl\/instituto-de-altos-estudios-audiovisuales\/magister-de-artes-audiovisuales\/\" \/>\n<meta property=\"og:site_name\" content=\"Instituto de Altos Estudios Audiovisuales\" \/>\n<meta property=\"article:modified_time\" content=\"2023-01-10T20:58:28+00:00\" \/>\n<meta name=\"twitter:card\" content=\"summary_large_image\" \/>\n<meta name=\"twitter:label1\" content=\"Tiempo estimado de lectura\" \/>\n\t<meta name=\"twitter:data1\" content=\"7 minutos\" \/>\n<script type=\"application\/ld+json\" class=\"yoast-schema-graph\">{\"@context\":\"https:\/\/schema.org\",\"@graph\":[{\"@type\":\"WebPage\",\"@id\":\"https:\/\/www.uoh.cl\/instituto-de-altos-estudios-audiovisuales\/magister-de-artes-audiovisuales\/\",\"url\":\"https:\/\/www.uoh.cl\/instituto-de-altos-estudios-audiovisuales\/magister-de-artes-audiovisuales\/\",\"name\":\"Mag\u00edster de Artes Audiovisuales - Instituto de Altos Estudios Audiovisuales\",\"isPartOf\":{\"@id\":\"https:\/\/www.uoh.cl\/instituto-de-altos-estudios-audiovisuales\/#website\"},\"datePublished\":\"2022-10-25T15:56:02+00:00\",\"dateModified\":\"2023-01-10T20:58:28+00:00\",\"description\":\"Conoce y postula al Mag\u00edster de Artes Audiovisuales. con menci\u00f3n en Cine Ficci\u00f3n y Cine Documental del Instituto de Altos Estudios Audiovisuales en la Universidad de O'Higgins.\",\"inLanguage\":\"es-CL\",\"potentialAction\":[{\"@type\":\"ReadAction\",\"target\":[\"https:\/\/www.uoh.cl\/instituto-de-altos-estudios-audiovisuales\/magister-de-artes-audiovisuales\/\"]}]},{\"@type\":\"WebSite\",\"@id\":\"https:\/\/www.uoh.cl\/instituto-de-altos-estudios-audiovisuales\/#website\",\"url\":\"https:\/\/www.uoh.cl\/instituto-de-altos-estudios-audiovisuales\/\",\"name\":\"Instituto de Altos Estudios Audiovisuales\",\"description\":\"Otro sitio de Sitios de Universidad O'higgins\",\"potentialAction\":[{\"@type\":\"SearchAction\",\"target\":{\"@type\":\"EntryPoint\",\"urlTemplate\":\"https:\/\/www.uoh.cl\/instituto-de-altos-estudios-audiovisuales\/?s={search_term_string}\"},\"query-input\":{\"@type\":\"PropertyValueSpecification\",\"valueRequired\":true,\"valueName\":\"search_term_string\"}}],\"inLanguage\":\"es-CL\"}]}<\/script>\n<!-- \/ Yoast SEO plugin. -->","yoast_head_json":{"title":"Mag\u00edster de Artes Audiovisuales - Instituto de Altos Estudios Audiovisuales","description":"Conoce y postula al Mag\u00edster de Artes Audiovisuales. con menci\u00f3n en Cine Ficci\u00f3n y Cine Documental del Instituto de Altos Estudios Audiovisuales en la Universidad de O'Higgins.","robots":{"index":"index","follow":"follow","max-snippet":"max-snippet:-1","max-image-preview":"max-image-preview:large","max-video-preview":"max-video-preview:-1"},"canonical":"https:\/\/www.uoh.cl\/instituto-de-altos-estudios-audiovisuales\/magister-de-artes-audiovisuales\/","og_locale":"es_ES","og_type":"article","og_title":"Mag\u00edster de Artes Audiovisuales - Instituto de Altos Estudios Audiovisuales","og_description":"Conoce y postula al Mag\u00edster de Artes Audiovisuales. con menci\u00f3n en Cine Ficci\u00f3n y Cine Documental del Instituto de Altos Estudios Audiovisuales en la Universidad de O'Higgins.","og_url":"https:\/\/www.uoh.cl\/instituto-de-altos-estudios-audiovisuales\/magister-de-artes-audiovisuales\/","og_site_name":"Instituto de Altos Estudios Audiovisuales","article_modified_time":"2023-01-10T20:58:28+00:00","twitter_card":"summary_large_image","twitter_misc":{"Tiempo estimado de lectura":"7 minutos"},"schema":{"@context":"https:\/\/schema.org","@graph":[{"@type":"WebPage","@id":"https:\/\/www.uoh.cl\/instituto-de-altos-estudios-audiovisuales\/magister-de-artes-audiovisuales\/","url":"https:\/\/www.uoh.cl\/instituto-de-altos-estudios-audiovisuales\/magister-de-artes-audiovisuales\/","name":"Mag\u00edster de Artes Audiovisuales - Instituto de Altos Estudios Audiovisuales","isPartOf":{"@id":"https:\/\/www.uoh.cl\/instituto-de-altos-estudios-audiovisuales\/#website"},"datePublished":"2022-10-25T15:56:02+00:00","dateModified":"2023-01-10T20:58:28+00:00","description":"Conoce y postula al Mag\u00edster de Artes Audiovisuales. con menci\u00f3n en Cine Ficci\u00f3n y Cine Documental del Instituto de Altos Estudios Audiovisuales en la Universidad de O'Higgins.","inLanguage":"es-CL","potentialAction":[{"@type":"ReadAction","target":["https:\/\/www.uoh.cl\/instituto-de-altos-estudios-audiovisuales\/magister-de-artes-audiovisuales\/"]}]},{"@type":"WebSite","@id":"https:\/\/www.uoh.cl\/instituto-de-altos-estudios-audiovisuales\/#website","url":"https:\/\/www.uoh.cl\/instituto-de-altos-estudios-audiovisuales\/","name":"Instituto de Altos Estudios Audiovisuales","description":"Otro sitio de Sitios de Universidad O'higgins","potentialAction":[{"@type":"SearchAction","target":{"@type":"EntryPoint","urlTemplate":"https:\/\/www.uoh.cl\/instituto-de-altos-estudios-audiovisuales\/?s={search_term_string}"},"query-input":{"@type":"PropertyValueSpecification","valueRequired":true,"valueName":"search_term_string"}}],"inLanguage":"es-CL"}]}},"_links":{"self":[{"href":"https:\/\/www.uoh.cl\/instituto-de-altos-estudios-audiovisuales\/wp-json\/wp\/v2\/pages\/629","targetHints":{"allow":["GET"]}}],"collection":[{"href":"https:\/\/www.uoh.cl\/instituto-de-altos-estudios-audiovisuales\/wp-json\/wp\/v2\/pages"}],"about":[{"href":"https:\/\/www.uoh.cl\/instituto-de-altos-estudios-audiovisuales\/wp-json\/wp\/v2\/types\/page"}],"author":[{"embeddable":true,"href":"https:\/\/www.uoh.cl\/instituto-de-altos-estudios-audiovisuales\/wp-json\/wp\/v2\/users\/23"}],"replies":[{"embeddable":true,"href":"https:\/\/www.uoh.cl\/instituto-de-altos-estudios-audiovisuales\/wp-json\/wp\/v2\/comments?post=629"}],"version-history":[{"count":36,"href":"https:\/\/www.uoh.cl\/instituto-de-altos-estudios-audiovisuales\/wp-json\/wp\/v2\/pages\/629\/revisions"}],"predecessor-version":[{"id":1364,"href":"https:\/\/www.uoh.cl\/instituto-de-altos-estudios-audiovisuales\/wp-json\/wp\/v2\/pages\/629\/revisions\/1364"}],"wp:attachment":[{"href":"https:\/\/www.uoh.cl\/instituto-de-altos-estudios-audiovisuales\/wp-json\/wp\/v2\/media?parent=629"}],"curies":[{"name":"wp","href":"https:\/\/api.w.org\/{rel}","templated":true}]}}