
{"id":60,"date":"2022-04-28T18:55:20","date_gmt":"2022-04-28T21:55:20","guid":{"rendered":"https:\/\/www.uoh.cl\/instituto-ciencias-de-la-salud\/?page_id=60"},"modified":"2025-07-03T10:51:04","modified_gmt":"2025-07-03T13:51:04","slug":"proyectos","status":"publish","type":"page","link":"https:\/\/www.uoh.cl\/instituto-ciencias-de-la-salud\/proyectos\/","title":{"rendered":"Proyectos"},"content":{"rendered":"<div class=\"wpb-content-wrapper\"><p>[vc_section el_class=&#8221;container mx-auto align-items-center text-right circle&#8211;pattern&#8221; css=&#8221;.vc_custom_1648956589196{padding-top: 3rem !important;}&#8221;][vc_row][vc_column][vc_wp_custommenu nav_menu=&#8221;6&#8243;]<div class=\"breadcrumb\"><ol itemscope itemtype=\"https:\/\/schema.org\/BreadcrumbList\"><li itemprop=\"itemListElement\" itemscope itemtype=\"https:\/\/schema.org\/ListItem\"><a itemprop=\"item\" href=\"http:\/\/www.uoh.cl\"><span itemprop=\"name\">Inicio<\/span><\/a><meta itemprop=\"position\" content=\"1\" \/><li itemprop=\"itemListElement\" itemscope itemtype=\"https:\/\/schema.org\/ListItem\"><a itemprop=\"item\" href=\"https:\/\/www.uoh.cl\/instituto-ciencias-de-la-salud\"><span itemprop=\"name\">Instituto de Ciencias de la Salud <\/span><\/a><meta itemprop=\"position\" content=\"2\" \/><li itemprop=\"itemListElement\" itemscope itemtype=\"https:\/\/schema.org\/ListItem\"><span itemprop=\"name\">Proyectos <\/span><meta itemprop=\"position\" content=\"3\" \/><\/ol><\/div><div class=\"uoh_title_component-container\"><h1 class=\"title title--ms d-inline-block title--decorator  big\">Proyectos<\/h1><\/div><div class=\"row filter__row m-0 horizontal\"> <form class=\"filter__form p-0 row m-0\" action=\"https:\/\/www.uoh.cl\/instituto-ciencias-de-la-salud\/wp-admin\/admin-ajax.php\" method=\"post\" id=\"filter\"><div class=\"col-12 col-md-6 filter__container-input p-0\"><div class=\"filter__icon-search\"><svg enable-background=\"new 0 0 32 32\" id=\"Editable-line\" version=\"1.1\" viewBox=\"0 0 32 32\" xml:space=\"preserve\" xmlns=\"http:\/\/www.w3.org\/2000\/svg\" xmlns:xlink=\"http:\/\/www.w3.org\/1999\/xlink\"><circle cx=\"14\" cy=\"14\" fill=\"none\" id=\"XMLID_42_\" r=\"9\" stroke=\"#000000\" stroke-linecap=\"round\" stroke-linejoin=\"round\" stroke-miterlimit=\"10\" stroke-width=\"2\"><\/circle><line fill=\"none\" id=\"XMLID_44_\" stroke=\"#000000\" stroke-linecap=\"round\" stroke-linejoin=\"round\" stroke-miterlimit=\"10\" stroke-width=\"2\" x1=\"27\" x2=\"20.366\" y1=\"27\" y2=\"20.366\"><\/line><\/svg><\/div><input type=\"text\" class=\"filter__input\" placeholder=\"Buscar Proyectos\" name=\"filter__form-text\" autocomplete=\"off\"\/><\/div><div class=\"col-12 col-md-6 row m-0 justify-content-end p-0\"><input type=\"hidden\" name=\"action\" value=\"uoh_filter\" \/><input type=\"hidden\" name=\"posttype\" value=\"projects\" \/><div class=\"loading\"><svg version=\"1.1\" id=\"L5\" xmlns=\"http:\/\/www.w3.org\/2000\/svg\" xmlns:xlink=\"http:\/\/www.w3.org\/1999\/xlink\" x=\"0px\" y=\"0px\" viewBox=\"0 0 100 100\" enable-background=\"new 0 0 0 0\" xml:space=\"preserve\">\n                  <circle fill=\"#42a0f8\" stroke=\"none\" cx=\"6\" cy=\"50\" r=\"6\">\n                    <animateTransform attributeName=\"transform\" dur=\"1s\" type=\"translate\" values=\"0 15 ; 0 -15; 0 15\" repeatCount=\"indefinite\" begin=\"0.1\"><\/animateTransform>\n                  <\/circle>\n                  <circle fill=\"#42a0f8\" stroke=\"none\" cx=\"30\" cy=\"50\" r=\"6\">\n                    <animateTransform attributeName=\"transform\" dur=\"1s\" type=\"translate\" values=\"0 10 ; 0 -10; 0 10\" repeatCount=\"indefinite\" begin=\"0.2\"><\/animateTransform>\n                  <\/circle>\n                  <circle fill=\"#42a0f8\" stroke=\"none\" cx=\"54\" cy=\"50\" r=\"6\">\n                    <animateTransform attributeName=\"transform\" dur=\"1s\" type=\"translate\" values=\"0 5 ; 0 -5; 0 5\" repeatCount=\"indefinite\" begin=\"0.3\"><\/animateTransform>\n                  <\/circle>\n                <\/svg><\/div><button type=\"submit\" class=\"button__arrow\"> <svg version=\"1.1\" xmlns=\"http:\/\/www.w3.org\/2000\/svg\" xmlns:xlink=\"http:\/\/www.w3.org\/1999\/xlink\" x=\"0px\" y=\"0px\" width=\"22px\"height=\"22px\" viewBox=\"0 0 22 22\" style=\"overflow:visible;enable-background:new 0 0 80 64.6;\" xml:space=\"preserve\"><g clip-path=\"url(#acA)\"><path fill-rule=\"evenodd\" d=\"M21.913 11.266a.93.93 0 000-.711c-.022-.056-.063-.097-.091-.144s-.053-.103-.097-.15L12.306.294c-.357-.379-.955-.394-1.334-.038s-.394.955-.038 1.334l7.917 8.374H.927a.95.95 0 00-.908.983.946.946 0 00.908.908h17.924l-8.089 8.552c-.357.379-.341.977.034 1.334s.977.341 1.334-.034l9.594-10.148c.044-.044.063-.1.097-.15.028-.047.069-.088.091-.141z\"\/><\/g><defs><clipPath id=\"acA\"><path fill=\"#fff\" d=\"M0 0h22v22H0z\"\/><\/clipPath><\/defs><\/svg><\/button><\/div><\/form><\/div>[\/vc_column][\/vc_row][\/vc_section][vc_section css=&#8221;.vc_custom_1650785168913{background-color: #f6faff !important;}&#8221; el_class=&#8221;p-md-0&#8243;][vc_row el_class=&#8221;container mx-auto p-md-0&#8243;][vc_column width=&#8221;1\/4&#8243;]<div class=\"row filter__row margin-box-vertical box-vertical\"> <form  p-0 row m-0\" action=\"https:\/\/www.uoh.cl\/instituto-ciencias-de-la-salud\/wp-admin\/admin-ajax.php\" method=\"post\" id=\"filter__vertical\"><div class=\"select__for-authors\">\n                                <span> Ordenar Resultados<\/span>\n\n                                <div class=\"select__for-authors-input\">\n                                    <select name=\"order\" id=\"order\" class=\"select__author mb-4\">\n                                        <option value=\"desc\">M\u00e1s Nuevos<\/option>\n                                        <option value=\"asc\">M\u00e1s Antiguos<\/option>\n                                    <\/select>\n                                <\/div>\n                            <\/div><div class=\"select__for-authors mb-2\"><span> Filtrar por autor<\/span><input type=\"text\" id=\"autocomplete__authors\" name=\"author\" placeholder=\"Buscar autor\" autocomplete=\"off\"><div class=\"loading loading-author\"><svg version=\"1.1\" id=\"L5\" xmlns=\"http:\/\/www.w3.org\/2000\/svg\" xmlns:xlink=\"http:\/\/www.w3.org\/1999\/xlink\" x=\"0px\" y=\"0px\" viewBox=\"0 0 100 100\" enable-background=\"new 0 0 0 0\" xml:space=\"preserve\">\n                  <circle fill=\"#42a0f8\" stroke=\"none\" cx=\"6\" cy=\"50\" r=\"6\">\n                    <animateTransform attributeName=\"transform\" dur=\"1s\" type=\"translate\" values=\"0 15 ; 0 -15; 0 15\" repeatCount=\"indefinite\" begin=\"0.1\"><\/animateTransform>\n                  <\/circle>\n                  <circle fill=\"#42a0f8\" stroke=\"none\" cx=\"30\" cy=\"50\" r=\"6\">\n                    <animateTransform attributeName=\"transform\" dur=\"1s\" type=\"translate\" values=\"0 10 ; 0 -10; 0 10\" repeatCount=\"indefinite\" begin=\"0.2\"><\/animateTransform>\n                  <\/circle>\n                  <circle fill=\"#42a0f8\" stroke=\"none\" cx=\"54\" cy=\"50\" r=\"6\">\n                    <animateTransform attributeName=\"transform\" dur=\"1s\" type=\"translate\" values=\"0 5 ; 0 -5; 0 5\" repeatCount=\"indefinite\" begin=\"0.3\"><\/animateTransform>\n                  <\/circle>\n                <\/svg><\/div><div id=\"user__option\">\n                        <li class=\"academic-list pe-4 py-2 inline\"><a target=\"__blank\" href=\"\"><img decoding=\"async\" width=\"150\" height=\"150\" src=\"\" class=\"attachment-thumbnail size-thumbnail wp-post-image\" alt=\"\" ><\/a><h5 class=\"name-user-option\"><em class=\"d-block font-style-normal name-user-option-em\"> <\/em><\/h5><\/li>\n                        <div class=\"btn-close\"><\/div>\n                        <\/div><div id=\"someElem\"><\/div><\/div><div class=\"tax_select mt-4\">\n                    <span class=\"col-12 p-0  d-block\"> Filtrar por Categor\u00eda<\/span><div class=\"select__for-authors-input\"><select name=\"tax\" class=\"select__author mb-4\"><option value=\"-1\" class=\"filter__option-title\">Seleccionar <\/option><\/select><\/div><\/div><div class=\"tags-cloud mt-2 d-block mb-4\">\n                    <span class=\"col-12 p-0 mb-3 d-block\"> Filtrar por tema de int\u00e9res<\/span><\/div><\/div><input type=\"hidden\" name=\"action\" value=\"uoh_filter\" \/><input type=\"hidden\" name=\"posttype\" value=\"projects\" \/>[\/vc_column][vc_column width=&#8221;3\/4&#8243;]<link rel=\"stylesheet\" id=\"font-awesome-css\" href=\"https:\/\/cdnjs.cloudflare.com\/ajax\/libs\/font-awesome\/6.5.1\/css\/all.min.css\" type=\"text\/css\" media=\"all\"><div class=\"row m-0 p-0\"><div class=\"col-12 col-md-9 pt-5 pt-md-0 px-md-0 \"><\/div><\/div><div class=\"content-holder row m-0 p-0 aling-items-center pt-5 pb-5 \"><div class=\"row  large--swipper-content p-0 \"><div class=\"\"><div class=\"  circle--pattern-bottom-large col-sm-12 col-md-12 img-article\"><div class=\"holder-publish col-md-12\" style=\"border-bottom: 1px solid #48A2F9\"><div class=\"content-holder h-100 component-border overflow-hidden row m-0 p-4 aling-items-center\"><ul class=\"p-0 list-style-none\"><li class=\"p-0 ms-1\"><i class=\"fa fa-regular fa-calendar fa-fw ms-1\"><\/i>Marzo 2026 - Noviembre 2026<\/li><\/ul><div class=\"caption col-12 p-0 col-md-12 row m-0 align-items-center\"><div class=\"px-md-1\"><small class=\"badge rounded-pill fw-semibold\" style=\"background-color:#48A2F9 !important; color:#FFF\">En Ejecuci\u00f3n<\/small><small class=\"ms-2 badge rounded-pill fw-semibold\" style=\"background-color:#F0F1F3 !important; color:#797979\"><i class=\"fa fa-solid fa-lg fa-money-check-dollar fa-fw me-1\"><\/i>Universidad de O'Higgins<\/small>\n                            <div class=\"accordion accordion-flush\" id=\"6980\">\n                                <div class=\"accordion-item\">\n                                    <h3 class=\"my-0 small-space pt-2 title-ss text-decoration-none accordion-header\">\n                                        <a role=\"button\" class=\"bg-transparent p-0\" href=\"\">\n                                            <i class=\"fas fa-solid fa-link fa-fw me-2\"><\/i>\n                                            Proyecto de Innovaci\u00f3n para el Manejo de Huertos Productivos Agroecol\u00f3gicos\n                                        <\/a><\/h3>\n                                    <div id=\"collapse-6980\" class=\"accordion-collapse collapse\" data-bs-parent=\"#6980\">\n                                        <div class=\"accordion-body p-0 pt-4 pb-4\">\n                                            [vc_section el_class=\"container mx-auto align-items-center circle--pattern\" css=\".vc_custom_1648956589196{padding-top: 3rem !important;}\"][vc_row el_class=\"pb-5\"][vc_column][vc_wp_custommenu nav_menu=\"6\"][uoh_breadcrumb_component automatic_breadcrumb=\"true\"][uoh_title_component title_dropdown=\"big\" title_decorator=\"true\"]{{title}}[\/uoh_title_component][vc_column_text css=\"\"]El proyecto busca implementar un plan de innovaci\u00f3n social y t\u00e9cnica que permita rehabilitar los suelos y fortalecer la autogesti\u00f3n de los peque\u00f1os agricultores agroecol\u00f3gicos en la comuna de Marchig\u00fce.[\/vc_column_text][\/vc_column][\/vc_row][\/vc_section][vc_section css=\".vc_custom_1649209804184{background-color: #f6faff !important;}\" el_class=\"p-md-0 pt-md-5\"][vc_row el_class=\"container mx-auto align-items-center p-md-0 pt-5\"][vc_column el_class=\"p-0\"][\/vc_column][\/vc_row][\/vc_section][vc_section css=\".vc_custom_1649210787516{background-color: #f6faff !important;}\" el_class=\"p-md-0 pt-md-5 pb-md-5\"][vc_row el_class=\"container mx-auto align-items-center\"][vc_column][\/vc_column][\/vc_row][\/vc_section]\n                                        <\/div>\n                                    <\/div>\n                                <\/div>\n                            <\/div><div class=\"mt-3\"><i class=\"fas fa-solid fa-user-tag fa-fw me-2\"><\/i><small class=\"text-muted\">Responsable Alterno<\/small><\/div><span class=\"caption-field-publish\"><\/span><\/div><\/div><\/div><\/div><\/div><div class=\"  circle--pattern-bottom-large col-sm-12 col-md-12 img-article\"><div class=\"holder-publish col-md-12\" style=\"border-bottom: 1px solid #48A2F9\"><div class=\"content-holder h-100 component-border overflow-hidden row m-0 p-4 aling-items-center\"><ul class=\"p-0 list-style-none\"><li class=\"p-0 ms-1\"><i class=\"fa fa-regular fa-calendar fa-fw ms-1\"><\/i>Marzo 2026 - Noviembre 2026<\/li><\/ul><div class=\"caption col-12 p-0 col-md-12 row m-0 align-items-center\"><div class=\"px-md-1\"><small class=\"badge rounded-pill fw-semibold\" style=\"background-color:#48A2F9 !important; color:#FFF\">En Ejecuci\u00f3n<\/small><small class=\"ms-2 badge rounded-pill fw-semibold\" style=\"background-color:#F0F1F3 !important; color:#797979\"><i class=\"fa fa-solid fa-lg fa-money-check-dollar fa-fw me-1\"><\/i>Universidad de O'Higgins<\/small>\n                            <div class=\"accordion accordion-flush\" id=\"6981\">\n                                <div class=\"accordion-item\">\n                                    <h3 class=\"my-0 small-space pt-2 title-ss text-decoration-none accordion-header\">\n                                        <a role=\"button\" class=\"bg-transparent p-0\" href=\"\">\n                                            <i class=\"fas fa-solid fa-link fa-fw me-2\"><\/i>\n                                            Proyecto de Innovaci\u00f3n para el Manejo de Huertos Productivos Agroecol\u00f3gicos\n                                        <\/a><\/h3>\n                                    <div id=\"collapse-6981\" class=\"accordion-collapse collapse\" data-bs-parent=\"#6981\">\n                                        <div class=\"accordion-body p-0 pt-4 pb-4\">\n                                            [vc_section el_class=\"container mx-auto align-items-center circle--pattern\" css=\".vc_custom_1648956589196{padding-top: 3rem !important;}\"][vc_row el_class=\"pb-5\"][vc_column][vc_wp_custommenu nav_menu=\"6\"][uoh_breadcrumb_component automatic_breadcrumb=\"true\"][uoh_title_component title_dropdown=\"big\" title_decorator=\"true\"]{{title}}[\/uoh_title_component][vc_column_text css=\"\"]El proyecto busca implementar un plan de innovaci\u00f3n social y t\u00e9cnica que permita rehabilitar los suelos y fortalecer la autogesti\u00f3n de los peque\u00f1os agricultores agroecol\u00f3gicos en la comuna de Marchig\u00fce.[\/vc_column_text][\/vc_column][\/vc_row][\/vc_section][vc_section css=\".vc_custom_1649209804184{background-color: #f6faff !important;}\" el_class=\"p-md-0 pt-md-5\"][vc_row el_class=\"container mx-auto align-items-center p-md-0 pt-5\"][vc_column el_class=\"p-0\"][\/vc_column][\/vc_row][\/vc_section][vc_section css=\".vc_custom_1649210787516{background-color: #f6faff !important;}\" el_class=\"p-md-0 pt-md-5 pb-md-5\"][vc_row el_class=\"container mx-auto align-items-center\"][vc_column][\/vc_column][\/vc_row][\/vc_section]\n                                        <\/div>\n                                    <\/div>\n                                <\/div>\n                            <\/div><div class=\"mt-3\"><i class=\"fas fa-solid fa-user-tag fa-fw me-2\"><\/i><small class=\"text-muted\">Responsable Alterno<\/small><\/div><span class=\"caption-field-publish\"><\/span><\/div><\/div><\/div><\/div><\/div><div class=\"  circle--pattern-bottom-large col-sm-12 col-md-12 img-article\"><div class=\"holder-publish col-md-12\" style=\"border-bottom: 1px solid #48A2F9\"><div class=\"content-holder h-100 component-border overflow-hidden row m-0 p-4 aling-items-center\"><ul class=\"p-0 list-style-none\"><li class=\"p-0 ms-1\"><i class=\"fa fa-regular fa-calendar fa-fw ms-1\"><\/i>Marzo 2026 - Noviembre 2026<\/li><\/ul><div class=\"caption col-12 p-0 col-md-12 row m-0 align-items-center\"><div class=\"px-md-1\"><small class=\"badge rounded-pill fw-semibold\" style=\"background-color:#48A2F9 !important; color:#FFF\">En Ejecuci\u00f3n<\/small><small class=\"ms-2 badge rounded-pill fw-semibold\" style=\"background-color:#F0F1F3 !important; color:#797979\"><i class=\"fa fa-solid fa-lg fa-money-check-dollar fa-fw me-1\"><\/i>Universidad de O'Higgins<\/small>\n                            <div class=\"accordion accordion-flush\" id=\"6982\">\n                                <div class=\"accordion-item\">\n                                    <h3 class=\"my-0 small-space pt-2 title-ss text-decoration-none accordion-header\">\n                                        <a role=\"button\" class=\"bg-transparent p-0\" href=\"\">\n                                            <i class=\"fas fa-solid fa-link fa-fw me-2\"><\/i>\n                                            Proyecto de Innovaci\u00f3n para el Manejo de Huertos Productivos Agroecol\u00f3gicos\n                                        <\/a><\/h3>\n                                    <div id=\"collapse-6982\" class=\"accordion-collapse collapse\" data-bs-parent=\"#6982\">\n                                        <div class=\"accordion-body p-0 pt-4 pb-4\">\n                                            [vc_section el_class=\"container mx-auto align-items-center circle--pattern\" css=\".vc_custom_1648956589196{padding-top: 3rem !important;}\"][vc_row el_class=\"pb-5\"][vc_column][vc_wp_custommenu nav_menu=\"6\"][uoh_breadcrumb_component automatic_breadcrumb=\"true\"][uoh_title_component title_dropdown=\"big\" title_decorator=\"true\"]{{title}}[\/uoh_title_component][vc_column_text css=\"\"]El proyecto busca implementar un plan de innovaci\u00f3n social y t\u00e9cnica que permita rehabilitar los suelos y fortalecer la autogesti\u00f3n de los peque\u00f1os agricultores agroecol\u00f3gicos en la comuna de Marchig\u00fce.[\/vc_column_text][\/vc_column][\/vc_row][\/vc_section][vc_section css=\".vc_custom_1649209804184{background-color: #f6faff !important;}\" el_class=\"p-md-0 pt-md-5\"][vc_row el_class=\"container mx-auto align-items-center p-md-0 pt-5\"][vc_column el_class=\"p-0\"][\/vc_column][\/vc_row][\/vc_section][vc_section css=\".vc_custom_1649210787516{background-color: #f6faff !important;}\" el_class=\"p-md-0 pt-md-5 pb-md-5\"][vc_row el_class=\"container mx-auto align-items-center\"][vc_column][\/vc_column][\/vc_row][\/vc_section]\n                                        <\/div>\n                                    <\/div>\n                                <\/div>\n                            <\/div><div class=\"mt-3\"><i class=\"fas fa-solid fa-user-tag fa-fw me-2\"><\/i><small class=\"text-muted\">Investigador\/a Responsable<\/small><\/div><span class=\"caption-field-publish\"><\/span><\/div><\/div><\/div><\/div><\/div><div class=\"  circle--pattern-bottom-large col-sm-12 col-md-12 img-article\"><div class=\"holder-publish col-md-12\" style=\"border-bottom: 1px solid #48A2F9\"><div class=\"content-holder h-100 component-border overflow-hidden row m-0 p-4 aling-items-center\"><ul class=\"p-0 list-style-none\"><li class=\"p-0 ms-1\"><i class=\"fa fa-regular fa-calendar fa-fw ms-1\"><\/i>Marzo 2026 - Noviembre 2026<\/li><\/ul><div class=\"caption col-12 p-0 col-md-12 row m-0 align-items-center\"><div class=\"px-md-1\"><small class=\"badge rounded-pill fw-semibold\" style=\"background-color:#48A2F9 !important; color:#FFF\">En Ejecuci\u00f3n<\/small><small class=\"ms-2 badge rounded-pill fw-semibold\" style=\"background-color:#F0F1F3 !important; color:#797979\"><i class=\"fa fa-solid fa-lg fa-money-check-dollar fa-fw me-1\"><\/i>Universidad de O'Higgins<\/small>\n                            <div class=\"accordion accordion-flush\" id=\"6983\">\n                                <div class=\"accordion-item\">\n                                    <h3 class=\"my-0 small-space pt-2 title-ss text-decoration-none accordion-header\">\n                                        <a role=\"button\" class=\"bg-transparent p-0\" href=\"\">\n                                            <i class=\"fas fa-solid fa-link fa-fw me-2\"><\/i>\n                                            Proyecto de Innovaci\u00f3n para el Manejo de Huertos Productivos Agroecol\u00f3gicos\n                                        <\/a><\/h3>\n                                    <div id=\"collapse-6983\" class=\"accordion-collapse collapse\" data-bs-parent=\"#6983\">\n                                        <div class=\"accordion-body p-0 pt-4 pb-4\">\n                                            [vc_section el_class=\"container mx-auto align-items-center circle--pattern\" css=\".vc_custom_1648956589196{padding-top: 3rem !important;}\"][vc_row el_class=\"pb-5\"][vc_column][vc_wp_custommenu nav_menu=\"6\"][uoh_breadcrumb_component automatic_breadcrumb=\"true\"][uoh_title_component title_dropdown=\"big\" title_decorator=\"true\"]{{title}}[\/uoh_title_component][vc_column_text css=\"\"]El proyecto busca implementar un plan de innovaci\u00f3n social y t\u00e9cnica que permita rehabilitar los suelos y fortalecer la autogesti\u00f3n de los peque\u00f1os agricultores agroecol\u00f3gicos en la comuna de Marchig\u00fce.[\/vc_column_text][\/vc_column][\/vc_row][\/vc_section][vc_section css=\".vc_custom_1649209804184{background-color: #f6faff !important;}\" el_class=\"p-md-0 pt-md-5\"][vc_row el_class=\"container mx-auto align-items-center p-md-0 pt-5\"][vc_column el_class=\"p-0\"][\/vc_column][\/vc_row][\/vc_section][vc_section css=\".vc_custom_1649210787516{background-color: #f6faff !important;}\" el_class=\"p-md-0 pt-md-5 pb-md-5\"][vc_row el_class=\"container mx-auto align-items-center\"][vc_column][\/vc_column][\/vc_row][\/vc_section]\n                                        <\/div>\n                                    <\/div>\n                                <\/div>\n                            <\/div><div class=\"mt-3\"><i class=\"fas fa-solid fa-user-tag fa-fw me-2\"><\/i><small class=\"text-muted\">Investigador\/a Responsable<\/small><\/div><span class=\"caption-field-publish\"><\/span><\/div><\/div><\/div><\/div><\/div><div class=\"  circle--pattern-bottom-large col-sm-12 col-md-12 img-article\"><div class=\"holder-publish col-md-12\" style=\"border-bottom: 1px solid #EFB956\"><div class=\"content-holder h-100 component-border overflow-hidden row m-0 p-4 aling-items-center\"><ul class=\"p-0 list-style-none\"><li class=\"p-0 ms-1 me-2\"><i class=\"fa fa-solid fa-id-card-clip fa-fw\"><\/i> NCS2025_37<\/li><li class=\"p-0 ms-1\"><i class=\"fa fa-regular fa-calendar fa-fw ms-1\"><\/i>Enero 2026 - Diciembre 2028<\/li><\/ul><div class=\"caption col-12 p-0 col-md-12 row m-0 align-items-center\"><div class=\"px-md-1\"><small class=\"badge rounded-pill fw-semibold\" style=\"background-color:#EFB956 !important; color:#FFF\">Adjudicado<\/small><small class=\"ms-2 badge rounded-pill fw-semibold\" style=\"background-color:#F0F1F3 !important; color:#797979\"><i class=\"fa fa-solid fa-lg fa-money-check-dollar fa-fw me-1\"><\/i>Agencia Nacional de Investigaci\u00f3n y Desarrollo - ANID<\/small>\n                            <div class=\"accordion accordion-flush\" id=\"6566\">\n                                <div class=\"accordion-item\">\n                                    <h3 class=\"my-0 small-space pt-2 title-ss text-decoration-none accordion-header\">\n                                        <a role=\"button\" class=\"bg-transparent p-0\" href=\"\">\n                                            <i class=\"fas fa-solid fa-link fa-fw me-2\"><\/i>\n                                            Nucleo Milenio Discapacidad y Ciudadania\n                                        <\/a><\/h3>\n                                    <div id=\"collapse-6566\" class=\"accordion-collapse collapse\" data-bs-parent=\"#6566\">\n                                        <div class=\"accordion-body p-0 pt-4 pb-4\">\n                                            [vc_section el_class=\"container mx-auto align-items-center circle--pattern\" css=\".vc_custom_1648956589196{padding-top: 3rem !important;}\"][vc_row el_class=\"pb-5\"][vc_column][vc_wp_custommenu nav_menu=\"6\"][uoh_breadcrumb_component automatic_breadcrumb=\"true\"][uoh_title_component title_dropdown=\"big\" title_decorator=\"true\"]{{title}}[\/uoh_title_component][vc_column_text css=\"\"]DISCA (Discapacidad y Ciudadan\u00eda) es un n\u00facleo que desde 2022 est\u00e1 dedicado al estudio inter y transdisciplinario de los procesos y mecanismos a trav\u00e9s de los cuales las personas con discapacidad (PcD) se transforman en ciudadanas. Su objetivo general es examinar cr\u00edticamente c\u00f3mo las PcD construyen y negocian su ciudadan\u00eda en los \u00e1mbitos de: L1. la participaci\u00f3n pol\u00edtica, L2. el acceso a la justicia y L3. el acceso a la salud mental. Cada uno de estos \u00e1mbitos ser\u00e1 una l\u00ednea de trabajo de DISCA en los tres a\u00f1os del proyecto. Una cuarta l\u00ednea se centrar\u00e1 en el uso de metodolog\u00edas inclusivas y participativas en investigaci\u00f3n en discapacidad.\r\nNuestro enfoque se basa en dos pilares. Primero, la ciudadan\u00eda como forma de integraci\u00f3n social mediante la igual consideraci\u00f3n de todos. Consideramos aspectos institucionales (derechos civiles, pol\u00edticos y sociales) y relacionales (demandas de reconocimiento). Segundo, el modelo social de la discapacidad, que busca superar el enfoque biom\u00e9dico y entiende la discapacidad como resultado de la interacci\u00f3n entre condiciones de salud o d\u00e9ficits individuales y barreras sociales que impiden la plena participaci\u00f3n de las PcD.\r\nEl modelo social no es la mirada predominante. Siguen vigentes visiones asistencialistas que restringen la inclusi\u00f3n y el ejercicio de la ciudadan\u00eda de las PcD. Es urgente que la academia cree sinergias, tanto con organizaciones de PcD como con las instituciones del Estado, para examinar las barreras que afectan a las PcD y las v\u00edas para su superaci\u00f3n. La escasez de investigaci\u00f3n en discapacidad en Chile, y la necesidad de incorporar a PcD en la generaci\u00f3n de conocimiento, hace nuestro proyecto muy relevante. La incorporaci\u00f3n de PcD en el mundo acad\u00e9mico a trav\u00e9s de DISCA es una valiosa oportunidad para realizar cambios que preparen el camino para una mayor participaci\u00f3n de otras PcD. Esperamos que sus resultados generen pol\u00edticas inclusivas y participativas en discapacidad.\r\nDISCA est\u00e1 dirigido por una PcD, cuenta con un consejo de Expertos por Experiencia (con 7 PcD) y observa los principios de la investigaci\u00f3n inclusiva y participativa. Sus investigadores principales, pioneros en la investigaci\u00f3n en discapacidad en Chile, utilizan metodolog\u00edas mixtas, cuantitativas y cualitativas, integrando conocimientos de sociolog\u00eda, derecho, salud, econom\u00eda, sociolog\u00eda y psicolog\u00eda en conjunto con el campo transdisciplinario de los estudios de la discapacidad.\r\nLos logros a corto plazo se dirigen a: i) producir investigaci\u00f3n inter y transdisciplinaria en discapacidad, ii) consolidar redes de colaboraci\u00f3n con otros centros de investigaci\u00f3n en el mundo, iii) formar capital humano en varios niveles, incluyendo PcD en todo el quehacer de DISCA y iv) informar la pol\u00edtica p\u00fablica. La meta a mediano plazo es consolidar a DISCA como el primer centro de excelencia en investigaci\u00f3n en discapacidad de Latinoam\u00e9rica, contribuyendo al fortalecimiento de los estudios de la discapacidad en el mundo.[\/vc_column_text][\/vc_column][\/vc_row][\/vc_section][vc_section css=\".vc_custom_1649209804184{background-color: #f6faff !important;}\" el_class=\"p-md-0 pt-md-5\"][vc_row el_class=\"container mx-auto align-items-center p-md-0 pt-5\"][vc_column el_class=\"p-0\"][\/vc_column][\/vc_row][\/vc_section][vc_section css=\".vc_custom_1649210787516{background-color: #f6faff !important;}\" el_class=\"p-md-0 pt-md-5 pb-md-5\"][vc_row el_class=\"container mx-auto align-items-center\"][vc_column][\/vc_column][\/vc_row][\/vc_section]\n                                        <\/div>\n                                    <\/div>\n                                <\/div>\n                            <\/div><div class=\"mt-3\"><i class=\"fas fa-solid fa-user-tag fa-fw me-2\"><\/i><small class=\"text-muted\">Investigador\/a Responsable<\/small><\/div><span class=\"caption-field-publish\"><\/span><\/div><\/div><\/div><\/div><\/div><div class=\"  circle--pattern-bottom-large col-sm-12 col-md-12 img-article\"><div class=\"holder-publish col-md-12\" style=\"border-bottom: 1px solid #EFB956\"><div class=\"content-holder h-100 component-border overflow-hidden row m-0 p-4 aling-items-center\"><ul class=\"p-0 list-style-none\"><li class=\"p-0 ms-1 me-2\"><i class=\"fa fa-solid fa-id-card-clip fa-fw\"><\/i> CIN250054<\/li><li class=\"p-0 ms-1\"><i class=\"fa fa-regular fa-calendar fa-fw ms-1\"><\/i>Enero 2026 - Enero 2031<\/li><\/ul><div class=\"caption col-12 p-0 col-md-12 row m-0 align-items-center\"><div class=\"px-md-1\"><small class=\"badge rounded-pill fw-semibold\" style=\"background-color:#EFB956 !important; color:#FFF\">Adjudicado<\/small><small class=\"ms-2 badge rounded-pill fw-semibold\" style=\"background-color:#F0F1F3 !important; color:#797979\"><i class=\"fa fa-solid fa-lg fa-money-check-dollar fa-fw me-1\"><\/i>Agencia Nacional de Investigaci\u00f3n y Desarrollo - ANID<\/small>\n                            <div class=\"accordion accordion-flush\" id=\"6935\">\n                                <div class=\"accordion-item\">\n                                    <h3 class=\"my-0 small-space pt-2 title-ss text-decoration-none accordion-header\">\n                                        <a role=\"button\" class=\"bg-transparent p-0\" href=\"\">\n                                            <i class=\"fas fa-solid fa-link fa-fw me-2\"><\/i>\n                                            Centro de Investigaci\u00f3n y Acci\u00f3n en Determinaci\u00f3n Social y Salud Mental\n                                        <\/a><\/h3>\n                                    <div id=\"collapse-6935\" class=\"accordion-collapse collapse\" data-bs-parent=\"#6935\">\n                                        <div class=\"accordion-body p-0 pt-4 pb-4\">\n                                            [vc_section el_class=\"container mx-auto align-items-center circle--pattern\" css=\".vc_custom_1648956589196{padding-top: 3rem !important;}\"][vc_row el_class=\"pb-5\"][vc_column][vc_wp_custommenu nav_menu=\"6\"][uoh_breadcrumb_component automatic_breadcrumb=\"true\"][uoh_title_component title_dropdown=\"big\" title_decorator=\"true\"]{{title}}[\/uoh_title_component][vc_column_text css=\"\"]Es un centro de excelencia en salud mental[\/vc_column_text][\/vc_column][\/vc_row][\/vc_section][vc_section css=\".vc_custom_1649209804184{background-color: #f6faff !important;}\" el_class=\"p-md-0 pt-md-5\"][vc_row el_class=\"container mx-auto align-items-center p-md-0 pt-5\"][vc_column el_class=\"p-0\"][\/vc_column][\/vc_row][\/vc_section][vc_section css=\".vc_custom_1649210787516{background-color: #f6faff !important;}\" el_class=\"p-md-0 pt-md-5 pb-md-5\"][vc_row el_class=\"container mx-auto align-items-center\"][vc_column][\/vc_column][\/vc_row][\/vc_section]\n                                        <\/div>\n                                    <\/div>\n                                <\/div>\n                            <\/div><div class=\"mt-3\"><i class=\"fas fa-solid fa-user-tag fa-fw me-2\"><\/i><small class=\"text-muted\">Co-Investigador\/a<\/small><\/div><span class=\"caption-field-publish\"><\/span><\/div><\/div><\/div><\/div><\/div><div class=\"  circle--pattern-bottom-large col-sm-12 col-md-12 img-article\"><div class=\"holder-publish col-md-12\" style=\"border-bottom: 1px solid #EFB956\"><div class=\"content-holder h-100 component-border overflow-hidden row m-0 p-4 aling-items-center\"><ul class=\"p-0 list-style-none\"><li class=\"p-0 ms-1 me-2\"><i class=\"fa fa-solid fa-id-card-clip fa-fw\"><\/i> CIN250054<\/li><li class=\"p-0 ms-1\"><i class=\"fa fa-regular fa-calendar fa-fw ms-1\"><\/i>Enero 2026 - Enero 2031<\/li><\/ul><div class=\"caption col-12 p-0 col-md-12 row m-0 align-items-center\"><div class=\"px-md-1\"><small class=\"badge rounded-pill fw-semibold\" style=\"background-color:#EFB956 !important; color:#FFF\">Adjudicado<\/small><small class=\"ms-2 badge rounded-pill fw-semibold\" style=\"background-color:#F0F1F3 !important; color:#797979\"><i class=\"fa fa-solid fa-lg fa-money-check-dollar fa-fw me-1\"><\/i>Agencia Nacional de Investigaci\u00f3n y Desarrollo - ANID<\/small>\n                            <div class=\"accordion accordion-flush\" id=\"6936\">\n                                <div class=\"accordion-item\">\n                                    <h3 class=\"my-0 small-space pt-2 title-ss text-decoration-none accordion-header\">\n                                        <a role=\"button\" class=\"bg-transparent p-0\" href=\"\">\n                                            <i class=\"fas fa-solid fa-link fa-fw me-2\"><\/i>\n                                            Centro de Investigaci\u00f3n y Acci\u00f3n en Determinaci\u00f3n Social y Salud Mental\n                                        <\/a><\/h3>\n                                    <div id=\"collapse-6936\" class=\"accordion-collapse collapse\" data-bs-parent=\"#6936\">\n                                        <div class=\"accordion-body p-0 pt-4 pb-4\">\n                                            [vc_section el_class=\"container mx-auto align-items-center circle--pattern\" css=\".vc_custom_1648956589196{padding-top: 3rem !important;}\"][vc_row el_class=\"pb-5\"][vc_column][vc_wp_custommenu nav_menu=\"6\"][uoh_breadcrumb_component automatic_breadcrumb=\"true\"][uoh_title_component title_dropdown=\"big\" title_decorator=\"true\"]{{title}}[\/uoh_title_component][vc_column_text css=\"\"]Es un centro de excelencia en salud mental[\/vc_column_text][\/vc_column][\/vc_row][\/vc_section][vc_section css=\".vc_custom_1649209804184{background-color: #f6faff !important;}\" el_class=\"p-md-0 pt-md-5\"][vc_row el_class=\"container mx-auto align-items-center p-md-0 pt-5\"][vc_column el_class=\"p-0\"][\/vc_column][\/vc_row][\/vc_section][vc_section css=\".vc_custom_1649210787516{background-color: #f6faff !important;}\" el_class=\"p-md-0 pt-md-5 pb-md-5\"][vc_row el_class=\"container mx-auto align-items-center\"][vc_column][\/vc_column][\/vc_row][\/vc_section]\n                                        <\/div>\n                                    <\/div>\n                                <\/div>\n                            <\/div><div class=\"mt-3\"><i class=\"fas fa-solid fa-user-tag fa-fw me-2\"><\/i><small class=\"text-muted\">Co-Investigador\/a<\/small><\/div><span class=\"caption-field-publish\"><\/span><\/div><\/div><\/div><\/div><\/div><div class=\"  circle--pattern-bottom-large col-sm-12 col-md-12 img-article\"><div class=\"holder-publish col-md-12\" style=\"border-bottom: 1px solid #EFB956\"><div class=\"content-holder h-100 component-border overflow-hidden row m-0 p-4 aling-items-center\"><ul class=\"p-0 list-style-none\"><li class=\"p-0 ms-1 me-2\"><i class=\"fa fa-solid fa-id-card-clip fa-fw\"><\/i> CIN 250068<\/li><li class=\"p-0 ms-1\"><i class=\"fa fa-regular fa-calendar fa-fw ms-1\"><\/i>Diciembre 2025 - Diciembre 2030<\/li><\/ul><div class=\"caption col-12 p-0 col-md-12 row m-0 align-items-center\"><div class=\"px-md-1\"><small class=\"badge rounded-pill fw-semibold\" style=\"background-color:#EFB956 !important; color:#FFF\">Adjudicado<\/small><small class=\"ms-2 badge rounded-pill fw-semibold\" style=\"background-color:#F0F1F3 !important; color:#797979\"><i class=\"fa fa-solid fa-lg fa-money-check-dollar fa-fw me-1\"><\/i>Agencia Nacional de Investigaci\u00f3n y Desarrollo - ANID<\/small>\n                            <div class=\"accordion accordion-flush\" id=\"6956\">\n                                <div class=\"accordion-item\">\n                                    <h3 class=\"my-0 small-space pt-2 title-ss text-decoration-none accordion-header\">\n                                        <a role=\"button\" class=\"bg-transparent p-0\" href=\"\">\n                                            <i class=\"fas fa-solid fa-link fa-fw me-2\"><\/i>\n                                            Centro de Investigaci\u00f3n e Innovaci\u00f3n en Ni\u00f1ez, Adolescencia, Resiliencia y Adversidad (Centro IINARA)\n                                        <\/a><\/h3>\n                                    <div id=\"collapse-6956\" class=\"accordion-collapse collapse\" data-bs-parent=\"#6956\">\n                                        <div class=\"accordion-body p-0 pt-4 pb-4\">\n                                            [vc_section el_class=\"container mx-auto align-items-center circle--pattern\" css=\".vc_custom_1648956589196{padding-top: 3rem !important;}\"][vc_row el_class=\"pb-5\"][vc_column][vc_wp_custommenu nav_menu=\"6\"][uoh_breadcrumb_component automatic_breadcrumb=\"true\"][uoh_title_component title_dropdown=\"big\" title_decorator=\"true\"]{{title}}[\/uoh_title_component][vc_column_text css=\"\"]The proposed IINARA Research Center (Investigaci\u00f3n e Innovaci\u00f3n en Ni\u00f1ez, Adolescencia, Resiliencia y Adversidad) seeks to address the pressing challenge of adversity during childhood and their profound effects on children\u0092s and adolescents\u0092 development in Chile. By combining cutting-edge research with a strong focus on public policy, capacity building, and community collaboration, the Center aims to generate actionable evidence that fosters resilience and promotes well-being among vulnerable populations that could inform public policy making. The initiative aligns with national priorities, including equitable access to developmental resources, and seeks to build a foundation for sustainable social and economic progress. \r\nAdverse Childhood Experiences\u0097ranging from abuse and neglect to socioeconomic adversity\u0097have been linked to long-term mental health issues, behavioral difficulties, and chronic illnesses. In Chile, adverse experiences are particularly prevalent in communities affected by poverty, migration, natural disasters, and systemic inequalities. Children and adolescents from indigenous and migrant populations face unique challenges, including cultural marginalization and reduced access to essential resources. Despite advancements in legal frameworks and public policies aimed at protecting children\u0092s rights, such as the \u0093Chile Crece M\u00e1s\u0094 (former Chile Crece Contigo) program, significant gaps remain in understanding the local contexts of adversity and developing targeted, evidence-based solutions.\r\nThe IINARA Center addresses these gaps through a multidisciplinary approach, integrating fields such as neuroscience, psychology, public health, and social sciences. Its mission is to understand the mechanisms underlying resilience in children and adolescents, using this knowledge to design interventions that protect vulnerable groups from the negative effects of adversity. The Center\u0092s objectives include identifying neurobiological, socioemotional, and contextual indicators of vulnerability and resilience; implementing culturally adapted interventions to promote positive developmental trajectories; and informing public policy through evidence-based recommendations. \r\nThe research will employ both qualitative methodologies, such as ethnographic studies and semi-structured interviews, and quantitative methodologies, such as the application of instruments that measure cognitive, emotional and social functioning and neuroscientific measures to understand the underlying neural mechanisms of this functioning. It will also include a randomized controlled trial (RCT) to test an intervention developed synergistically in IINARA. A significant focus will be placed on studying diverse cultural contexts that are particular to Chile, such as indigenous and migrant communities, to ensure interventions are inclusive and culturally relevant. All this will allow us to construct a model of cognitive and socioemotional functioning of children exposed to adversity across the territory, helping to guide the identification of biomarkers and predictors of resilience.\r\nThe expected impact of the IINARA Center extends across multiple dimensions. In the realm of public policy, the Center will provide robust, evidence-based recommendations for designing and implementing strategies that address childhood adversity. This includes fostering intersectoral collaboration among government agencies, educational institutions, and healthcare providers to create a comprehensive support system for children and adolescents. The Center will also strengthen capacity building by training human resources, including researchers, educators, and policymakers, in interdisciplinary approaches to childhood resilience. \r\nThrough its collaborative framework, the Center will promote associativity among academia, public institutions, and civil society organizations. By partnering with international research networks and leveraging global expertise, it will position Chile as a leader in addressing childhood adversity in Latin \r\nAmerica. The dissemination of findings will include outreach to both public and private sectors, ensuring the transfer of knowledge and technologies that benefit diverse stakeholders. By engaging communities directly in the design and implementation of interventions, the Center will foster a participatory approach that enhances the cultural relevance and sustainability of its initiatives. \r\nUltimately, the IINARA Center aspires to contribute to the development of a more resilient and equitable society by improving developmental outcomes for children and adolescents across Chile. Its work will not only reduce the long-term impact of adversity but also strengthen the country\u0092s social and economic fabric, creating opportunities for future generations to thrive.[\/vc_column_text][\/vc_column][\/vc_row][\/vc_section][vc_section css=\".vc_custom_1649209804184{background-color: #f6faff !important;}\" el_class=\"p-md-0 pt-md-5\"][vc_row el_class=\"container mx-auto align-items-center p-md-0 pt-5\"][vc_column el_class=\"p-0\"][\/vc_column][\/vc_row][\/vc_section][vc_section css=\".vc_custom_1649210787516{background-color: #f6faff !important;}\" el_class=\"p-md-0 pt-md-5 pb-md-5\"][vc_row el_class=\"container mx-auto align-items-center\"][vc_column][\/vc_column][\/vc_row][\/vc_section]\n                                        <\/div>\n                                    <\/div>\n                                <\/div>\n                            <\/div><div class=\"mt-3\"><i class=\"fas fa-solid fa-user-tag fa-fw me-2\"><\/i><small class=\"text-muted\">Co-Investigador\/a<\/small><\/div><span class=\"caption-field-publish\"><\/span><\/div><\/div><\/div><\/div><\/div><div class=\"  circle--pattern-bottom-large col-sm-12 col-md-12 img-article\"><div class=\"holder-publish col-md-12\" style=\"border-bottom: 1px solid #EFB956\"><div class=\"content-holder h-100 component-border overflow-hidden row m-0 p-4 aling-items-center\"><ul class=\"p-0 list-style-none\"><li class=\"p-0 ms-1 me-2\"><i class=\"fa fa-solid fa-id-card-clip fa-fw\"><\/i> CIN250054<\/li><li class=\"p-0 ms-1\"><i class=\"fa fa-regular fa-calendar fa-fw ms-1\"><\/i>Diciembre 2025<\/li><\/ul><div class=\"caption col-12 p-0 col-md-12 row m-0 align-items-center\"><div class=\"px-md-1\"><small class=\"badge rounded-pill fw-semibold\" style=\"background-color:#EFB956 !important; color:#FFF\">Adjudicado<\/small><small class=\"ms-2 badge rounded-pill fw-semibold\" style=\"background-color:#F0F1F3 !important; color:#797979\"><i class=\"fa fa-solid fa-lg fa-money-check-dollar fa-fw me-1\"><\/i>Agencia Nacional de Investigaci\u00f3n y Desarrollo - ANID<\/small>\n                            <div class=\"accordion accordion-flush\" id=\"6957\">\n                                <div class=\"accordion-item\">\n                                    <h3 class=\"my-0 small-space pt-2 title-ss text-decoration-none accordion-header\">\n                                        <a role=\"button\" class=\"bg-transparent p-0\" href=\"\">\n                                            <i class=\"fas fa-solid fa-link fa-fw me-2\"><\/i>\n                                            Centro de Investigaci\u00f3n y Acci\u00f3n en Determinaci\u00f3n Social y Salud Mental (Centro CIADES)\n                                        <\/a><\/h3>\n                                    <div id=\"collapse-6957\" class=\"accordion-collapse collapse\" data-bs-parent=\"#6957\">\n                                        <div class=\"accordion-body p-0 pt-4 pb-4\">\n                                            [vc_section el_class=\"container mx-auto align-items-center circle--pattern\" css=\".vc_custom_1648956589196{padding-top: 3rem !important;}\"][vc_row el_class=\"pb-5\"][vc_column][vc_wp_custommenu nav_menu=\"6\"][uoh_breadcrumb_component automatic_breadcrumb=\"true\"][uoh_title_component title_dropdown=\"big\" title_decorator=\"true\"]{{title}}[\/uoh_title_component][vc_column_text css=\"\"]Mental health conditions and inequities in Chile have risen significantly over recent decades, fueled\r\nby factors such as social exclusion, precarious employment, and environmental challenges. In line with recent\r\nnational legislation and policy reforms, including the recently proposed Mental Health Law (2024,) there is\r\ngrowing recognition that these issues require not only expanded clinical services but also a deeper focus on the\r\nsocio-structural determinants of mental health (Breilh, 2023; Lund et al., 2018). The Centro de Investigaci\u00f3n y\r\nAcci\u00f3n en Determinaci\u00f3n Social y Salud Mental (Center for Research and Action in Social Determination and\r\nMental Health) or CIADES responds to this urgency by adopting a Latin American\u0096rooted Social Determination\r\nof Health (SDnH) framework, thereby situating mental health vulnerabilities and risks within broader historical,\r\neconomic, and political contexts.\r\nCIADES will work in close collaboration with the Ministry of Social Development and Family (MIDESO)\r\nand the Ministry of Health (MINSAL), to generate robust evidence and policy guidance to address the social\r\nfactors that affect and produce mental health problems beyond the individual. This collaboration ensures that\r\nthe Center\u0092s research advances academic knowledge and informs public-sector strategies and interventions. In\r\ndoing so, CIADES seeks to address crucial social factors, including growing economic inequalities, stigma, and\r\nsocial disintegration, which have direct implications for mental well-being across the lifespan.\r\nMethodologically, CIADES employs a three-by-three matrix that interlinks three social determinants\u0097\r\nSocial Exclusion and Discrimination, Environmental Factors, and Employment\u0097with three priority populations:\r\nmigrants, older adults, and people with SMI (SMI). This matrix underpins interdisciplinary research lines,\r\nintegrating quantitative (e.g., epidemiological surveys, geospatial risk mapping), qualitative (e.g., multimodal\r\nand sensory ethnography, focus groups), and participatory methods. AI-driven analyses, such as natural\r\nlanguage processing for tracking stigma on social media, and economic evaluations that assess intervention\r\nfeasibility also feature prominently within the Center\u0092s approach.\r\nThe significance of this research lies in its focus on macro-structural drivers\u0097housing insecurity,\r\nworkplace discrimination, socio-environmental conflicts\u0097and how they contribute to mental health inequities.\r\nBy examining these intersecting challenges, CIADES will move beyond an exclusively clinical perspective to\r\npropose and evaluate, in close collaboration with MIDESO and MINSAL, evidence-based strategies that can be\r\nimplemented at multiple levels: local (community-based initiatives), regional (intersectoral policies), and\r\nnational (legislative reforms). This holistic orientation positions CIADES as a transformative force in Chile\u0092s\r\npublic policy on mental health. Once established, the Center expects to identify and integrate other social\r\ndeterminants and priority groups.\r\nThe Center\u0092s work will be guided by four Specific Objectives. First, Generate Evidence for Strategic\r\nInterventions and Policy Reforms involves collaborating with MIDESO and MINSAL to systematically examine\r\nsocio-structural determinants\u0097such as discrimination, environmental stressors, and employment\r\nvulnerabilities\u0097and generate robust evidence to inform and guide future interventions and policy actions.\r\nSecond, Methodological Development uses participatory and mixed-methods approaches, emphasizing\r\ncommunity involvement and local knowledge. Third, Capacity Building trains emerging researchers,\r\npolicymakers, and practitioners to apply the SDnH framework. Finally, Knowledge Dissemination and Policy\r\nAdvocacy entails translating findings into policy briefs, stakeholder workshops, and legislative\r\nrecommendations that foreground structural change and equitable access to the exercise of rights, and to\r\npolicies, programs and services.\r\nCIADES benefits from a multidisciplinary team involving principal and associate investigators with\r\nextensive track records in mental health, social sciences, environmental studies, and policy work. Their\r\ncollective experience includes leading large-scale epidemiological surveys, designing culturally relevant\r\ninterventions, and influencing legislative reforms. This breadth enables the Center to integrate cutting-edge\r\nmethods\u0097such as AI-driven stigma detection and geospatial modeling\u0097within a robust theoretical framework.\r\nBy drawing on a wide range of expertise, CIADES is uniquely positioned to undertake a comprehensive agenda\r\nthat links empirical research to transformative actions in policy and practice.\r\nCIADES anticipates having a significant impact at the national level by influencing discussions on the\r\ndesign, implementation, and evaluation of policies related to labor laws, anti-discrimination statutes,\r\ncommunity-oriented service models, environmental regulations, urban transformations, and other public\r\npolicies with an impact on mental health. In the short term, the center aims to increase recognition of the\r\nstructural factors that affect the mental health of different populations, factors that are often overlooked or\r\nignored due to the current emphasis on individual-focused approaches. Collaborating with communities,\r\nCIADES will co-design initiatives and pilot projects that serve as scalable case studies. These efforts will lead to\r\nthe production of policy briefs and guidelines, offering new frameworks to understand mental health challenges\r\nand proposing context-sensitive interventions. Over the medium to long term, CIADES aims to enhance\r\nintersectoral collaboration to drive structural-level interventions able to reduce mental health disparities\u0097\r\npositioning Chile as a regional leader in addressing mental health through a justice-based perspective.\r\nThe Center places a strong emphasis on capacity building and human capital formation as integral\r\ncomponents of its mission. Students from undergraduate to postgraduate levels will benefit from\r\ninterdisciplinary training in mental health, social epidemiology, qualitative methods, participatory methods and\r\ninclusive research, and implementation and dissemination science. This approach aims to nurture a new\r\ngeneration of scholars, practitioners, and other stakeholders equipped with the skills and knowledge necessary\r\nto advance the SDnH perspective. Furthermore, partnerships with leading international institutions, such as\r\nKing\u0092s College London and Columbia University, will facilitate knowledge exchange, foster global networks, and\r\nenhance CIADES\u0092 reach and credibility on an international scale.\r\nThrough proactive dissemination, outreach, and knowledge transfer, CIADES will engage with both\r\npublic and private sectors to drive actionable change. Dissemination channels include academic publications,\r\nopen-access materials, community forums, policy dialogues, and strategic communication through social media\r\nto ensure broader public penetration of the center's work.\r\nRegarding academic publications, CIADES is committed to publishing in high-impact international journals while\r\nalso recognizing the strategic importance of positioning itself within Latin American and national contexts by\r\ncontributing to academic journals in Spanish. Open-access materials will include the development of\r\nconceptual, methodological, and practical tools and guides, which will be freely available for public use.\r\nCommunity forums will serve both to share research findings and to identify emerging issues among the general\r\npopulation, while policy dialogues will aim to directly support and influence decision-making processes at the\r\npolicy level based on the center\u0092s research findings and experiences.[\/vc_column_text][\/vc_column][\/vc_row][\/vc_section][vc_section css=\".vc_custom_1649209804184{background-color: #f6faff !important;}\" el_class=\"p-md-0 pt-md-5\"][vc_row el_class=\"container mx-auto align-items-center p-md-0 pt-5\"][vc_column el_class=\"p-0\"][\/vc_column][\/vc_row][\/vc_section][vc_section css=\".vc_custom_1649210787516{background-color: #f6faff !important;}\" el_class=\"p-md-0 pt-md-5 pb-md-5\"][vc_row el_class=\"container mx-auto align-items-center\"][vc_column][\/vc_column][\/vc_row][\/vc_section]\n                                        <\/div>\n                                    <\/div>\n                                <\/div>\n                            <\/div><div class=\"mt-3\"><i class=\"fas fa-solid fa-user-tag fa-fw me-2\"><\/i><small class=\"text-muted\">Patrocinante<\/small><\/div><span class=\"caption-field-publish\"><\/span><\/div><\/div><\/div><\/div><\/div><div class=\"  circle--pattern-bottom-large col-sm-12 col-md-12 img-article\"><div class=\"holder-publish col-md-12\" style=\"border-bottom: 1px solid #EFB956\"><div class=\"content-holder h-100 component-border overflow-hidden row m-0 p-4 aling-items-center\"><ul class=\"p-0 list-style-none\"><li class=\"p-0 ms-1 me-2\"><i class=\"fa fa-solid fa-id-card-clip fa-fw\"><\/i> CIN 250068<\/li><li class=\"p-0 ms-1\"><i class=\"fa fa-regular fa-calendar fa-fw ms-1\"><\/i>Diciembre 2025 - Diciembre 2030<\/li><\/ul><div class=\"caption col-12 p-0 col-md-12 row m-0 align-items-center\"><div class=\"px-md-1\"><small class=\"badge rounded-pill fw-semibold\" style=\"background-color:#EFB956 !important; color:#FFF\">Adjudicado<\/small><small class=\"ms-2 badge rounded-pill fw-semibold\" style=\"background-color:#F0F1F3 !important; color:#797979\"><i class=\"fa fa-solid fa-lg fa-money-check-dollar fa-fw me-1\"><\/i>Agencia Nacional de Investigaci\u00f3n y Desarrollo - ANID<\/small>\n                            <div class=\"accordion accordion-flush\" id=\"6958\">\n                                <div class=\"accordion-item\">\n                                    <h3 class=\"my-0 small-space pt-2 title-ss text-decoration-none accordion-header\">\n                                        <a role=\"button\" class=\"bg-transparent p-0\" href=\"\">\n                                            <i class=\"fas fa-solid fa-link fa-fw me-2\"><\/i>\n                                            Centro de Investigaci\u00f3n e Innovaci\u00f3n en Ni\u00f1ez, Adolescencia, Resiliencia y Adversidad (Centro IINARA)\n                                        <\/a><\/h3>\n                                    <div id=\"collapse-6958\" class=\"accordion-collapse collapse\" data-bs-parent=\"#6958\">\n                                        <div class=\"accordion-body p-0 pt-4 pb-4\">\n                                            [vc_section el_class=\"container mx-auto align-items-center circle--pattern\" css=\".vc_custom_1648956589196{padding-top: 3rem !important;}\"][vc_row el_class=\"pb-5\"][vc_column][vc_wp_custommenu nav_menu=\"6\"][uoh_breadcrumb_component automatic_breadcrumb=\"true\"][uoh_title_component title_dropdown=\"big\" title_decorator=\"true\"]{{title}}[\/uoh_title_component][vc_column_text css=\"\"]The proposed IINARA Research Center (Investigaci\u00f3n e Innovaci\u00f3n en Ni\u00f1ez, Adolescencia, Resiliencia y Adversidad) seeks to address the pressing challenge of adversity during childhood and their profound effects on children\u0092s and adolescents\u0092 development in Chile. By combining cutting-edge research with a strong focus on public policy, capacity building, and community collaboration, the Center aims to generate actionable evidence that fosters resilience and promotes well-being among vulnerable populations that could inform public policy making. The initiative aligns with national priorities, including equitable access to developmental resources, and seeks to build a foundation for sustainable social and economic progress. \r\nAdverse Childhood Experiences\u0097ranging from abuse and neglect to socioeconomic adversity\u0097have been linked to long-term mental health issues, behavioral difficulties, and chronic illnesses. In Chile, adverse experiences are particularly prevalent in communities affected by poverty, migration, natural disasters, and systemic inequalities. Children and adolescents from indigenous and migrant populations face unique challenges, including cultural marginalization and reduced access to essential resources. Despite advancements in legal frameworks and public policies aimed at protecting children\u0092s rights, such as the \u0093Chile Crece M\u00e1s\u0094 (former Chile Crece Contigo) program, significant gaps remain in understanding the local contexts of adversity and developing targeted, evidence-based solutions.\r\nThe IINARA Center addresses these gaps through a multidisciplinary approach, integrating fields such as neuroscience, psychology, public health, and social sciences. Its mission is to understand the mechanisms underlying resilience in children and adolescents, using this knowledge to design interventions that protect vulnerable groups from the negative effects of adversity. The Center\u0092s objectives include identifying neurobiological, socioemotional, and contextual indicators of vulnerability and resilience; implementing culturally adapted interventions to promote positive developmental trajectories; and informing public policy through evidence-based recommendations. \r\nThe research will employ both qualitative methodologies, such as ethnographic studies and semi-structured interviews, and quantitative methodologies, such as the application of instruments that measure cognitive, emotional and social functioning and neuroscientific measures to understand the underlying neural mechanisms of this functioning. It will also include a randomized controlled trial (RCT) to test an intervention developed synergistically in IINARA. A significant focus will be placed on studying diverse cultural contexts that are particular to Chile, such as indigenous and migrant communities, to ensure interventions are inclusive and culturally relevant. All this will allow us to construct a model of cognitive and socioemotional functioning of children exposed to adversity across the territory, helping to guide the identification of biomarkers and predictors of resilience.\r\nThe expected impact of the IINARA Center extends across multiple dimensions. In the realm of public policy, the Center will provide robust, evidence-based recommendations for designing and implementing strategies that address childhood adversity. This includes fostering intersectoral collaboration among government agencies, educational institutions, and healthcare providers to create a comprehensive support system for children and adolescents. The Center will also strengthen capacity building by training human resources, including researchers, educators, and policymakers, in interdisciplinary approaches to childhood resilience. \r\nThrough its collaborative framework, the Center will promote associativity among academia, public institutions, and civil society organizations. By partnering with international research networks and leveraging global expertise, it will position Chile as a leader in addressing childhood adversity in Latin \r\nAmerica. The dissemination of findings will include outreach to both public and private sectors, ensuring the transfer of knowledge and technologies that benefit diverse stakeholders. By engaging communities directly in the design and implementation of interventions, the Center will foster a participatory approach that enhances the cultural relevance and sustainability of its initiatives. \r\nUltimately, the IINARA Center aspires to contribute to the development of a more resilient and equitable society by improving developmental outcomes for children and adolescents across Chile. Its work will not only reduce the long-term impact of adversity but also strengthen the country\u0092s social and economic fabric, creating opportunities for future generations to thrive.[\/vc_column_text][\/vc_column][\/vc_row][\/vc_section][vc_section css=\".vc_custom_1649209804184{background-color: #f6faff !important;}\" el_class=\"p-md-0 pt-md-5\"][vc_row el_class=\"container mx-auto align-items-center p-md-0 pt-5\"][vc_column el_class=\"p-0\"][\/vc_column][\/vc_row][\/vc_section][vc_section css=\".vc_custom_1649210787516{background-color: #f6faff !important;}\" el_class=\"p-md-0 pt-md-5 pb-md-5\"][vc_row el_class=\"container mx-auto align-items-center\"][vc_column][\/vc_column][\/vc_row][\/vc_section]\n                                        <\/div>\n                                    <\/div>\n                                <\/div>\n                            <\/div><div class=\"mt-3\"><i class=\"fas fa-solid fa-user-tag fa-fw me-2\"><\/i><small class=\"text-muted\">Co-Investigador\/a<\/small><\/div><span class=\"caption-field-publish\"><\/span><\/div><\/div><\/div><\/div><\/div><div class=\"pagination justify-content-center my-5\"><span aria-current=\"page\" class=\"page-numbers current\">1<\/span>\n<a class=\"page-numbers\" href=\"https:\/\/www.uoh.cl\/instituto-ciencias-de-la-salud\/wp-json\/wp\/v2\/pages\/60\/\/page\/2\">2<\/a>\n<a class=\"page-numbers\" href=\"https:\/\/www.uoh.cl\/instituto-ciencias-de-la-salud\/wp-json\/wp\/v2\/pages\/60\/\/page\/3\">3<\/a>\n<span class=\"page-numbers dots\">&hellip;<\/span>\n<a class=\"page-numbers\" href=\"https:\/\/www.uoh.cl\/instituto-ciencias-de-la-salud\/wp-json\/wp\/v2\/pages\/60\/\/page\/22\">22<\/a>\n<a class=\"next page-numbers\" href=\"https:\/\/www.uoh.cl\/instituto-ciencias-de-la-salud\/wp-json\/wp\/v2\/pages\/60\/\/page\/2\"><div class=\"icon-pagination-next\"> <?xml version=\"1.0\" ?><svg viewBox=\"0 0 96 96\" xmlns=\"http:\/\/www.w3.org\/2000\/svg\"><title\/><path d=\"M39.3756,48.0022l30.47-25.39a6.0035,6.0035,0,0,0-7.6878-9.223L26.1563,43.3906a6.0092,6.0092,0,0,0,0,9.2231L62.1578,82.615a6.0035,6.0035,0,0,0,7.6878-9.2231Z\"\/><\/svg> <\/div><\/a><\/div><\/div><\/div><\/div>[\/vc_column][\/vc_row][\/vc_section][vc_section css=&#8221;.vc_custom_1649210787516{background-color: #f6faff !important;}&#8221; el_class=&#8221;p-md-0 pt-md-5 pb-md-5&#8243;][vc_row el_class=&#8221;container mx-auto align-items-center text-right&#8221;][vc_column][\/vc_column][\/vc_row][\/vc_section]<\/p>\n<\/div>","protected":false},"excerpt":{"rendered":"<p>[vc_section el_class=&#8221;container mx-auto align-items-center text-right circle&#8211;pattern&#8221; css=&#8221;.vc_custom_1648956589196{padding-top: 3rem !important;}&#8221;][vc_row][vc_column][vc_wp_custommenu nav_menu=&#8221;6&#8243;][\/vc_column][\/vc_row][\/vc_section][vc_section css=&#8221;.vc_custom_1650785168913{background-color: #f6faff !important;}&#8221; el_class=&#8221;p-md-0&#8243;][vc_row el_class=&#8221;container mx-auto p-md-0&#8243;][vc_column width=&#8221;1\/4&#8243;][\/vc_column][vc_column width=&#8221;3\/4&#8243;][\/vc_column][\/vc_row][\/vc_section][vc_section css=&#8221;.vc_custom_1649210787516{background-color: #f6faff !important;}&#8221; el_class=&#8221;p-md-0 pt-md-5 pb-md-5&#8243;][vc_row el_class=&#8221;container mx-auto align-items-center text-right&#8221;][vc_column][\/vc_column][\/vc_row][\/vc_section]<\/p>\n","protected":false},"author":34,"featured_media":0,"parent":0,"menu_order":0,"comment_status":"closed","ping_status":"closed","template":"","meta":{"_acf_changed":false,"footnotes":""},"class_list":["post-60","page","type-page","status-publish","hentry"],"acf":[],"yoast_head":"<!-- This site is optimized with the Yoast SEO plugin v26.6 - https:\/\/yoast.com\/wordpress\/plugins\/seo\/ -->\n<title>Proyectos - Instituto de Ciencias de la Salud<\/title>\n<meta name=\"robots\" content=\"index, follow, max-snippet:-1, max-image-preview:large, max-video-preview:-1\" \/>\n<link rel=\"canonical\" href=\"https:\/\/www.uoh.cl\/instituto-ciencias-de-la-salud\/proyectos\/\" \/>\n<meta property=\"og:locale\" content=\"es_ES\" \/>\n<meta property=\"og:type\" content=\"article\" \/>\n<meta property=\"og:title\" content=\"Proyectos - Instituto de Ciencias de la Salud\" \/>\n<meta property=\"og:description\" content=\"[vc_section el_class=&#8221;container mx-auto align-items-center text-right circle&#8211;pattern&#8221; css=&#8221;.vc_custom_1648956589196{padding-top: 3rem !important;}&#8221;][vc_row][vc_column][vc_wp_custommenu nav_menu=&#8221;6&#8243;][\/vc_column][\/vc_row][\/vc_section][vc_section css=&#8221;.vc_custom_1650785168913{background-color: #f6faff !important;}&#8221; el_class=&#8221;p-md-0&#8243;][vc_row el_class=&#8221;container mx-auto p-md-0&#8243;][vc_column width=&#8221;1\/4&#8243;][\/vc_column][vc_column width=&#8221;3\/4&#8243;][\/vc_column][\/vc_row][\/vc_section][vc_section css=&#8221;.vc_custom_1649210787516{background-color: #f6faff !important;}&#8221; el_class=&#8221;p-md-0 pt-md-5 pb-md-5&#8243;][vc_row el_class=&#8221;container mx-auto align-items-center text-right&#8221;][vc_column][\/vc_column][\/vc_row][\/vc_section]\" \/>\n<meta property=\"og:url\" content=\"https:\/\/www.uoh.cl\/instituto-ciencias-de-la-salud\/proyectos\/\" \/>\n<meta property=\"og:site_name\" content=\"Instituto de Ciencias de la Salud\" \/>\n<meta property=\"article:modified_time\" content=\"2025-07-03T13:51:04+00:00\" \/>\n<meta name=\"twitter:card\" content=\"summary_large_image\" \/>\n<meta name=\"twitter:label1\" content=\"Tiempo estimado de lectura\" \/>\n\t<meta name=\"twitter:data1\" content=\"1 minuto\" \/>\n<script type=\"application\/ld+json\" class=\"yoast-schema-graph\">{\"@context\":\"https:\/\/schema.org\",\"@graph\":[{\"@type\":\"WebPage\",\"@id\":\"https:\/\/www.uoh.cl\/instituto-ciencias-de-la-salud\/proyectos\/\",\"url\":\"https:\/\/www.uoh.cl\/instituto-ciencias-de-la-salud\/proyectos\/\",\"name\":\"Proyectos - Instituto de Ciencias de la Salud\",\"isPartOf\":{\"@id\":\"https:\/\/www.uoh.cl\/instituto-ciencias-de-la-salud\/#website\"},\"datePublished\":\"2022-04-28T21:55:20+00:00\",\"dateModified\":\"2025-07-03T13:51:04+00:00\",\"inLanguage\":\"es-CL\",\"potentialAction\":[{\"@type\":\"ReadAction\",\"target\":[\"https:\/\/www.uoh.cl\/instituto-ciencias-de-la-salud\/proyectos\/\"]}]},{\"@type\":\"WebSite\",\"@id\":\"https:\/\/www.uoh.cl\/instituto-ciencias-de-la-salud\/#website\",\"url\":\"https:\/\/www.uoh.cl\/instituto-ciencias-de-la-salud\/\",\"name\":\"Instituto de Ciencias de la Salud\",\"description\":\"Otro sitio de Sitios de Universidad O'higgins\",\"potentialAction\":[{\"@type\":\"SearchAction\",\"target\":{\"@type\":\"EntryPoint\",\"urlTemplate\":\"https:\/\/www.uoh.cl\/instituto-ciencias-de-la-salud\/?s={search_term_string}\"},\"query-input\":{\"@type\":\"PropertyValueSpecification\",\"valueRequired\":true,\"valueName\":\"search_term_string\"}}],\"inLanguage\":\"es-CL\"}]}<\/script>\n<!-- \/ Yoast SEO plugin. -->","yoast_head_json":{"title":"Proyectos - Instituto de Ciencias de la Salud","robots":{"index":"index","follow":"follow","max-snippet":"max-snippet:-1","max-image-preview":"max-image-preview:large","max-video-preview":"max-video-preview:-1"},"canonical":"https:\/\/www.uoh.cl\/instituto-ciencias-de-la-salud\/proyectos\/","og_locale":"es_ES","og_type":"article","og_title":"Proyectos - Instituto de Ciencias de la Salud","og_description":"[vc_section el_class=&#8221;container mx-auto align-items-center text-right circle&#8211;pattern&#8221; css=&#8221;.vc_custom_1648956589196{padding-top: 3rem !important;}&#8221;][vc_row][vc_column][vc_wp_custommenu nav_menu=&#8221;6&#8243;][\/vc_column][\/vc_row][\/vc_section][vc_section css=&#8221;.vc_custom_1650785168913{background-color: #f6faff !important;}&#8221; el_class=&#8221;p-md-0&#8243;][vc_row el_class=&#8221;container mx-auto p-md-0&#8243;][vc_column width=&#8221;1\/4&#8243;][\/vc_column][vc_column width=&#8221;3\/4&#8243;][\/vc_column][\/vc_row][\/vc_section][vc_section css=&#8221;.vc_custom_1649210787516{background-color: #f6faff !important;}&#8221; el_class=&#8221;p-md-0 pt-md-5 pb-md-5&#8243;][vc_row el_class=&#8221;container mx-auto align-items-center text-right&#8221;][vc_column][\/vc_column][\/vc_row][\/vc_section]","og_url":"https:\/\/www.uoh.cl\/instituto-ciencias-de-la-salud\/proyectos\/","og_site_name":"Instituto de Ciencias de la Salud","article_modified_time":"2025-07-03T13:51:04+00:00","twitter_card":"summary_large_image","twitter_misc":{"Tiempo estimado de lectura":"1 minuto"},"schema":{"@context":"https:\/\/schema.org","@graph":[{"@type":"WebPage","@id":"https:\/\/www.uoh.cl\/instituto-ciencias-de-la-salud\/proyectos\/","url":"https:\/\/www.uoh.cl\/instituto-ciencias-de-la-salud\/proyectos\/","name":"Proyectos - Instituto de Ciencias de la Salud","isPartOf":{"@id":"https:\/\/www.uoh.cl\/instituto-ciencias-de-la-salud\/#website"},"datePublished":"2022-04-28T21:55:20+00:00","dateModified":"2025-07-03T13:51:04+00:00","inLanguage":"es-CL","potentialAction":[{"@type":"ReadAction","target":["https:\/\/www.uoh.cl\/instituto-ciencias-de-la-salud\/proyectos\/"]}]},{"@type":"WebSite","@id":"https:\/\/www.uoh.cl\/instituto-ciencias-de-la-salud\/#website","url":"https:\/\/www.uoh.cl\/instituto-ciencias-de-la-salud\/","name":"Instituto de Ciencias de la Salud","description":"Otro sitio de Sitios de Universidad O'higgins","potentialAction":[{"@type":"SearchAction","target":{"@type":"EntryPoint","urlTemplate":"https:\/\/www.uoh.cl\/instituto-ciencias-de-la-salud\/?s={search_term_string}"},"query-input":{"@type":"PropertyValueSpecification","valueRequired":true,"valueName":"search_term_string"}}],"inLanguage":"es-CL"}]}},"_links":{"self":[{"href":"https:\/\/www.uoh.cl\/instituto-ciencias-de-la-salud\/wp-json\/wp\/v2\/pages\/60","targetHints":{"allow":["GET"]}}],"collection":[{"href":"https:\/\/www.uoh.cl\/instituto-ciencias-de-la-salud\/wp-json\/wp\/v2\/pages"}],"about":[{"href":"https:\/\/www.uoh.cl\/instituto-ciencias-de-la-salud\/wp-json\/wp\/v2\/types\/page"}],"author":[{"embeddable":true,"href":"https:\/\/www.uoh.cl\/instituto-ciencias-de-la-salud\/wp-json\/wp\/v2\/users\/34"}],"replies":[{"embeddable":true,"href":"https:\/\/www.uoh.cl\/instituto-ciencias-de-la-salud\/wp-json\/wp\/v2\/comments?post=60"}],"version-history":[{"count":4,"href":"https:\/\/www.uoh.cl\/instituto-ciencias-de-la-salud\/wp-json\/wp\/v2\/pages\/60\/revisions"}],"predecessor-version":[{"id":5816,"href":"https:\/\/www.uoh.cl\/instituto-ciencias-de-la-salud\/wp-json\/wp\/v2\/pages\/60\/revisions\/5816"}],"wp:attachment":[{"href":"https:\/\/www.uoh.cl\/instituto-ciencias-de-la-salud\/wp-json\/wp\/v2\/media?parent=60"}],"curies":[{"name":"wp","href":"https:\/\/api.w.org\/{rel}","templated":true}]}}