
{"id":2572,"date":"2024-04-03T14:07:29","date_gmt":"2024-04-03T17:07:29","guid":{"rendered":"https:\/\/www.uoh.cl\/extension\/?page_id=2572"},"modified":"2024-04-03T14:07:29","modified_gmt":"2024-04-03T17:07:29","slug":"visita-cultural-parque-por-la-paz-villa-grimaldi-conmemoracion-75-anos-de-la-declaracion-universal-de-los-derechos-humanos","status":"publish","type":"page","link":"https:\/\/www.uoh.cl\/extension\/visita-cultural-parque-por-la-paz-villa-grimaldi-conmemoracion-75-anos-de-la-declaracion-universal-de-los-derechos-humanos","title":{"rendered":"Visita Cultural Parque por la Paz Villa Grimaldi: conmemoraci\u00f3n 75 a\u00f1os de la Declaraci\u00f3n Universal de los Derechos Humanos\u00a0"},"content":{"rendered":"<div class=\"wpb-content-wrapper\"><p>[vc_section el_class=&#8221;container mx-auto align-items-center circle&#8211;pattern&#8221; css=&#8221;.vc_custom_1710436234423{padding-top: 3rem !important;}&#8221;][vc_row el_class=&#8221;pb-5&#8243;][vc_column]<div class=\"breadcrumb\"><ol itemscope itemtype=\"https:\/\/schema.org\/BreadcrumbList\"><li itemprop=\"itemListElement\" itemscope itemtype=\"https:\/\/schema.org\/ListItem\"><a itemprop=\"item\" href=\"http:\/\/www.uoh.cl\"><span itemprop=\"name\">Inicio<\/span><\/a><meta itemprop=\"position\" content=\"1\" \/><li itemprop=\"itemListElement\" itemscope itemtype=\"https:\/\/schema.org\/ListItem\"><a itemprop=\"item\" href=\"https:\/\/www.uoh.cl\/extension\"><span itemprop=\"name\">Direcci\u00f3n de Cultura Patrimonio y Extensi\u00f3n UOH<\/span><\/a><meta itemprop=\"position\" content=\"2\" \/><li itemprop=\"itemListElement\" itemscope itemtype=\"https:\/\/schema.org\/ListItem\"><span itemprop=\"name\">Visita Cultural Parque por la Paz Villa Grimaldi: conmemoraci\u00f3n 75 <\/span><meta itemprop=\"position\" content=\"3\" \/><\/ol><\/div>[vc_wp_custommenu nav_menu=&#8221;3&#8243;][vc_row_inner][vc_column_inner width=&#8221;2\/3&#8243;]<div class=\"uoh_title_component-container\"><h2 class=\"title title--ms d-inline-block medium\">Visita Cultural Parque por la Paz Villa Grimaldi: conmemoraci\u00f3n 75 a\u00f1os de la Declaraci\u00f3n Universal de los Derechos Humanos\u00a0<\/h2><\/div>[vc_single_image img_size=&#8221;full&#8221; alignment=&#8221;center&#8221;][vc_column_text]BAJADA FOTO[\/vc_column_text][vc_zigzag color=&#8221;white&#8221;][\/vc_column_inner][vc_column_inner width=&#8221;1\/3&#8243;][vc_zigzag color=&#8221;white&#8221;][vc_column_text]<\/p>\n<table>\n<tbody>\n<tr>\n<td width=\"589\"><strong>Detalles del evento<\/strong><\/p>\n<p>10 de diciembre, 2023<\/p>\n<p>Parque por la Paz Villa Grimaldi<\/p>\n<hr \/>\n<\/td>\n<\/tr>\n<\/tbody>\n<\/table>\n<p>[\/vc_column_text][\/vc_column_inner][\/vc_row_inner][vc_row_inner][vc_column_inner][vc_column_text]El 10 de diciembre de 2023, se realiz\u00f3 un evento conmemorativo para celebrar los 75 a\u00f1os de la Declaraci\u00f3n Universal de los Derechos Humanos (DUDH). Este importante documento, proclamado por la Asamblea General de las Naciones Unidas en 1948, establece los derechos inalienables de todas las personas, sin distinci\u00f3n de origen, raza, religi\u00f3n, g\u00e9nero, opini\u00f3n pol\u00edtica o condici\u00f3n social. La celebraci\u00f3n fue una oportunidad para reflexionar sobre este texto hist\u00f3rico que defiende los derechos fundamentales a nivel mundial, promoviendo la diversidad y la igualdad.<\/p>\n<p>El evento comenz\u00f3 con una actividad \u00fanica llamada &#8220;Susurradoras&#8221;, donde un grupo de narradoras orales utiliz\u00f3 un tubo decorado para susurrar relatos, conmemorando los 50 a\u00f1os del golpe de Estado en Chile y los 29 a\u00f1os de la recuperaci\u00f3n de Villa Grimaldi. Luego, se presentaron las palabras del directorio, seguidas por el lanzamiento del libro \u201cChile a cincuenta a\u00f1os del golpe de Estado del 11 de septiembre de 1973: Reflexiones en torno al pasado y el presente\u201d, entregado a cada asistente. La jornada continu\u00f3 con una presentaci\u00f3n art\u00edstica musical, el descubrimiento de placas conmemorativas y un c\u00f3ctel mapuche. El evento culmin\u00f3 con un recorrido testimonial guiado por un sobreviviente, ofreciendo una experiencia enriquecedora y reflexiva para todos los participantes.[\/vc_column_text][\/vc_column_inner][\/vc_row_inner][\/vc_column][\/vc_row][\/vc_section][vc_section el_class=&#8221;p-md-0 pt-md-5 pb-md-5&#8243;][vc_row el_class=&#8221;container mx-auto align-items-center&#8221;][vc_column width=&#8221;1\/3&#8243;][\/vc_column][vc_column width=&#8221;1\/3&#8243;]<div class=\"uoh_title_component-container\"><h2 class=\"title title--ms d-inline-block medium\">Compartir esta p\u00e1gina<\/h2><\/div>[\/vc_column][vc_column width=&#8221;1\/3&#8243;][\/vc_column][\/vc_row][vc_row][vc_column width=&#8221;1\/6&#8243;][\/vc_column][vc_column width=&#8221;1\/6&#8243;][\/vc_column][vc_column width=&#8221;1\/6&#8243;]<div class=\"uoh_link_component pe-4 right py-1 button_icon right\"><i class=\"me-2 fab fa-facebook-f\" style=\"color: #000000\"><\/i><a href=\"https:\/\/www.facebook.com\/extension.uoh.3\/\"\n                                    class=\"link link--bold component__btn-content\"\n                                    title\"\"\n                                    target=\"_blank\"\n                                    rel=\"\">Facebook<span class=\"icon icon--inline icon--link\"><svg version=\"1.1\" xmlns=\"http:\/\/www.w3.org\/2000\/svg\" xmlns:xlink=\"http:\/\/www.w3.org\/1999\/xlink\" x=\"0px\" y=\"0px\" width=\"22px\"height=\"22px\" viewBox=\"0 0 22 22\" style=\"overflow:visible;enable-background:new 0 0 80 64.6;\" xml:space=\"preserve\"><g clip-path=\"url(#acA)\"><path fill-rule=\"evenodd\" d=\"M21.913 11.266a.93.93 0 000-.711c-.022-.056-.063-.097-.091-.144s-.053-.103-.097-.15L12.306.294c-.357-.379-.955-.394-1.334-.038s-.394.955-.038 1.334l7.917 8.374H.927a.95.95 0 00-.908.983.946.946 0 00.908.908h17.924l-8.089 8.552c-.357.379-.341.977.034 1.334s.977.341 1.334-.034l9.594-10.148c.044-.044.063-.1.097-.15.028-.047.069-.088.091-.141z\"\/><\/g><defs><clipPath id=\"acA\"><path fill=\"#fff\" d=\"M0 0h22v22H0z\"\/><\/clipPath><\/defs><\/svg><\/span><\/a><\/div>[\/vc_column][vc_column width=&#8221;1\/6&#8243;]<div class=\"uoh_link_component pe-4 left py-1 button_icon left\"><i class=\"me-2 fab fa-instagram\" style=\"color: #000000\"><\/i><a href=\"https:\/\/www.instagram.com\/dcpe_uoh\/\"\n                                    class=\"link link--bold component__btn-content\"\n                                    title\"\"\n                                    target=\"_blank\"\n                                    rel=\"\">Instagram<span class=\"icon icon--inline icon--link\"><svg version=\"1.1\" xmlns=\"http:\/\/www.w3.org\/2000\/svg\" xmlns:xlink=\"http:\/\/www.w3.org\/1999\/xlink\" x=\"0px\" y=\"0px\" width=\"22px\"height=\"22px\" viewBox=\"0 0 22 22\" style=\"overflow:visible;enable-background:new 0 0 80 64.6;\" xml:space=\"preserve\"><g clip-path=\"url(#acA)\"><path fill-rule=\"evenodd\" d=\"M21.913 11.266a.93.93 0 000-.711c-.022-.056-.063-.097-.091-.144s-.053-.103-.097-.15L12.306.294c-.357-.379-.955-.394-1.334-.038s-.394.955-.038 1.334l7.917 8.374H.927a.95.95 0 00-.908.983.946.946 0 00.908.908h17.924l-8.089 8.552c-.357.379-.341.977.034 1.334s.977.341 1.334-.034l9.594-10.148c.044-.044.063-.1.097-.15.028-.047.069-.088.091-.141z\"\/><\/g><defs><clipPath id=\"acA\"><path fill=\"#fff\" d=\"M0 0h22v22H0z\"\/><\/clipPath><\/defs><\/svg><\/span><\/a><\/div>[\/vc_column][vc_column width=&#8221;1\/6&#8243;][\/vc_column][vc_column width=&#8221;1\/6&#8243;][\/vc_column][\/vc_row][\/vc_section]<\/p>\n<\/div>","protected":false},"excerpt":{"rendered":"<p>[vc_section el_class=&#8221;container mx-auto align-items-center circle&#8211;pattern&#8221; css=&#8221;.vc_custom_1710436234423{padding-top: 3rem !important;}&#8221;][vc_row el_class=&#8221;pb-5&#8243;][vc_column][vc_wp_custommenu nav_menu=&#8221;3&#8243;][vc_row_inner][vc_column_inner width=&#8221;2\/3&#8243;][vc_single_image img_size=&#8221;full&#8221; alignment=&#8221;center&#8221;][vc_column_text]BAJADA FOTO[\/vc_column_text][vc_zigzag color=&#8221;white&#8221;][\/vc_column_inner][vc_column_inner width=&#8221;1\/3&#8243;][vc_zigzag color=&#8221;white&#8221;][vc_column_text] Detalles del evento 10 de diciembre, 2023 Parque por la Paz Villa Grimaldi [\/vc_column_text][\/vc_column_inner][\/vc_row_inner][vc_row_inner][vc_column_inner][vc_column_text]El 10 de diciembre de 2023, se realiz\u00f3 un evento conmemorativo para celebrar los 75 a\u00f1os de la Declaraci\u00f3n Universal de los Derechos Humanos (DUDH). [&hellip;]<\/p>\n","protected":false},"author":23,"featured_media":0,"parent":0,"menu_order":0,"comment_status":"closed","ping_status":"closed","template":"","meta":{"_acf_changed":false,"footnotes":""},"class_list":["post-2572","page","type-page","status-publish","hentry"],"acf":[],"yoast_head":"<!-- This site is optimized with the Yoast SEO plugin v26.6 - https:\/\/yoast.com\/wordpress\/plugins\/seo\/ -->\n<title>Visita Cultural Parque por la Paz Villa Grimaldi: conmemoraci\u00f3n 75 a\u00f1os de la Declaraci\u00f3n Universal de los Derechos Humanos\u00a0 - Direcci\u00f3n de Cultura Patrimonio y Extensi\u00f3n UOH<\/title>\n<meta name=\"robots\" content=\"index, follow, max-snippet:-1, max-image-preview:large, max-video-preview:-1\" \/>\n<link rel=\"canonical\" href=\"https:\/\/www.uoh.cl\/extension\/visita-cultural-parque-por-la-paz-villa-grimaldi-conmemoracion-75-anos-de-la-declaracion-universal-de-los-derechos-humanos\" \/>\n<meta property=\"og:locale\" content=\"es_ES\" \/>\n<meta property=\"og:type\" content=\"article\" \/>\n<meta property=\"og:title\" content=\"Visita Cultural Parque por la Paz Villa Grimaldi: conmemoraci\u00f3n 75 a\u00f1os de la Declaraci\u00f3n Universal de los Derechos Humanos\u00a0 - Direcci\u00f3n de Cultura Patrimonio y Extensi\u00f3n UOH\" \/>\n<meta property=\"og:description\" content=\"[vc_section el_class=&#8221;container mx-auto align-items-center circle&#8211;pattern&#8221; css=&#8221;.vc_custom_1710436234423{padding-top: 3rem !important;}&#8221;][vc_row el_class=&#8221;pb-5&#8243;][vc_column][vc_wp_custommenu nav_menu=&#8221;3&#8243;][vc_row_inner][vc_column_inner width=&#8221;2\/3&#8243;][vc_single_image img_size=&#8221;full&#8221; alignment=&#8221;center&#8221;][vc_column_text]BAJADA FOTO[\/vc_column_text][vc_zigzag color=&#8221;white&#8221;][\/vc_column_inner][vc_column_inner width=&#8221;1\/3&#8243;][vc_zigzag color=&#8221;white&#8221;][vc_column_text] Detalles del evento 10 de diciembre, 2023 Parque por la Paz Villa Grimaldi [\/vc_column_text][\/vc_column_inner][\/vc_row_inner][vc_row_inner][vc_column_inner][vc_column_text]El 10 de diciembre de 2023, se realiz\u00f3 un evento conmemorativo para celebrar los 75 a\u00f1os de la Declaraci\u00f3n Universal de los Derechos Humanos (DUDH). [&hellip;]\" \/>\n<meta property=\"og:url\" content=\"https:\/\/www.uoh.cl\/extension\/visita-cultural-parque-por-la-paz-villa-grimaldi-conmemoracion-75-anos-de-la-declaracion-universal-de-los-derechos-humanos\" \/>\n<meta property=\"og:site_name\" content=\"Direcci\u00f3n de Cultura Patrimonio y Extensi\u00f3n UOH\" \/>\n<meta name=\"twitter:card\" content=\"summary_large_image\" \/>\n<meta name=\"twitter:label1\" content=\"Tiempo estimado de lectura\" \/>\n\t<meta name=\"twitter:data1\" content=\"2 minutos\" \/>\n<script type=\"application\/ld+json\" class=\"yoast-schema-graph\">{\"@context\":\"https:\/\/schema.org\",\"@graph\":[{\"@type\":\"WebPage\",\"@id\":\"https:\/\/www.uoh.cl\/extension\/visita-cultural-parque-por-la-paz-villa-grimaldi-conmemoracion-75-anos-de-la-declaracion-universal-de-los-derechos-humanos\",\"url\":\"https:\/\/www.uoh.cl\/extension\/visita-cultural-parque-por-la-paz-villa-grimaldi-conmemoracion-75-anos-de-la-declaracion-universal-de-los-derechos-humanos\",\"name\":\"Visita Cultural Parque por la Paz Villa Grimaldi: conmemoraci\u00f3n 75 a\u00f1os de la Declaraci\u00f3n Universal de los Derechos Humanos\u00a0 - Direcci\u00f3n de Cultura Patrimonio y Extensi\u00f3n UOH\",\"isPartOf\":{\"@id\":\"https:\/\/www.uoh.cl\/extension\/#website\"},\"datePublished\":\"2024-04-03T17:07:29+00:00\",\"inLanguage\":\"es-CL\",\"potentialAction\":[{\"@type\":\"ReadAction\",\"target\":[\"https:\/\/www.uoh.cl\/extension\/visita-cultural-parque-por-la-paz-villa-grimaldi-conmemoracion-75-anos-de-la-declaracion-universal-de-los-derechos-humanos\"]}]},{\"@type\":\"WebSite\",\"@id\":\"https:\/\/www.uoh.cl\/extension\/#website\",\"url\":\"https:\/\/www.uoh.cl\/extension\/\",\"name\":\"Direcci\u00f3n de Cultura Patrimonio y Extensi\u00f3n UOH\",\"description\":\"Otro sitio de Sitios de Universidad O&#039;higgins\",\"potentialAction\":[{\"@type\":\"SearchAction\",\"target\":{\"@type\":\"EntryPoint\",\"urlTemplate\":\"https:\/\/www.uoh.cl\/extension\/?s={search_term_string}\"},\"query-input\":{\"@type\":\"PropertyValueSpecification\",\"valueRequired\":true,\"valueName\":\"search_term_string\"}}],\"inLanguage\":\"es-CL\"}]}<\/script>\n<!-- \/ Yoast SEO plugin. -->","yoast_head_json":{"title":"Visita Cultural Parque por la Paz Villa Grimaldi: conmemoraci\u00f3n 75 a\u00f1os de la Declaraci\u00f3n Universal de los Derechos Humanos\u00a0 - Direcci\u00f3n de Cultura Patrimonio y Extensi\u00f3n UOH","robots":{"index":"index","follow":"follow","max-snippet":"max-snippet:-1","max-image-preview":"max-image-preview:large","max-video-preview":"max-video-preview:-1"},"canonical":"https:\/\/www.uoh.cl\/extension\/visita-cultural-parque-por-la-paz-villa-grimaldi-conmemoracion-75-anos-de-la-declaracion-universal-de-los-derechos-humanos","og_locale":"es_ES","og_type":"article","og_title":"Visita Cultural Parque por la Paz Villa Grimaldi: conmemoraci\u00f3n 75 a\u00f1os de la Declaraci\u00f3n Universal de los Derechos Humanos\u00a0 - Direcci\u00f3n de Cultura Patrimonio y Extensi\u00f3n UOH","og_description":"[vc_section el_class=&#8221;container mx-auto align-items-center circle&#8211;pattern&#8221; css=&#8221;.vc_custom_1710436234423{padding-top: 3rem !important;}&#8221;][vc_row el_class=&#8221;pb-5&#8243;][vc_column][vc_wp_custommenu nav_menu=&#8221;3&#8243;][vc_row_inner][vc_column_inner width=&#8221;2\/3&#8243;][vc_single_image img_size=&#8221;full&#8221; alignment=&#8221;center&#8221;][vc_column_text]BAJADA FOTO[\/vc_column_text][vc_zigzag color=&#8221;white&#8221;][\/vc_column_inner][vc_column_inner width=&#8221;1\/3&#8243;][vc_zigzag color=&#8221;white&#8221;][vc_column_text] Detalles del evento 10 de diciembre, 2023 Parque por la Paz Villa Grimaldi [\/vc_column_text][\/vc_column_inner][\/vc_row_inner][vc_row_inner][vc_column_inner][vc_column_text]El 10 de diciembre de 2023, se realiz\u00f3 un evento conmemorativo para celebrar los 75 a\u00f1os de la Declaraci\u00f3n Universal de los Derechos Humanos (DUDH). [&hellip;]","og_url":"https:\/\/www.uoh.cl\/extension\/visita-cultural-parque-por-la-paz-villa-grimaldi-conmemoracion-75-anos-de-la-declaracion-universal-de-los-derechos-humanos","og_site_name":"Direcci\u00f3n de Cultura Patrimonio y Extensi\u00f3n UOH","twitter_card":"summary_large_image","twitter_misc":{"Tiempo estimado de lectura":"2 minutos"},"schema":{"@context":"https:\/\/schema.org","@graph":[{"@type":"WebPage","@id":"https:\/\/www.uoh.cl\/extension\/visita-cultural-parque-por-la-paz-villa-grimaldi-conmemoracion-75-anos-de-la-declaracion-universal-de-los-derechos-humanos","url":"https:\/\/www.uoh.cl\/extension\/visita-cultural-parque-por-la-paz-villa-grimaldi-conmemoracion-75-anos-de-la-declaracion-universal-de-los-derechos-humanos","name":"Visita Cultural Parque por la Paz Villa Grimaldi: conmemoraci\u00f3n 75 a\u00f1os de la Declaraci\u00f3n Universal de los Derechos Humanos\u00a0 - Direcci\u00f3n de Cultura Patrimonio y Extensi\u00f3n UOH","isPartOf":{"@id":"https:\/\/www.uoh.cl\/extension\/#website"},"datePublished":"2024-04-03T17:07:29+00:00","inLanguage":"es-CL","potentialAction":[{"@type":"ReadAction","target":["https:\/\/www.uoh.cl\/extension\/visita-cultural-parque-por-la-paz-villa-grimaldi-conmemoracion-75-anos-de-la-declaracion-universal-de-los-derechos-humanos"]}]},{"@type":"WebSite","@id":"https:\/\/www.uoh.cl\/extension\/#website","url":"https:\/\/www.uoh.cl\/extension\/","name":"Direcci\u00f3n de Cultura Patrimonio y Extensi\u00f3n UOH","description":"Otro sitio de Sitios de Universidad O&#039;higgins","potentialAction":[{"@type":"SearchAction","target":{"@type":"EntryPoint","urlTemplate":"https:\/\/www.uoh.cl\/extension\/?s={search_term_string}"},"query-input":{"@type":"PropertyValueSpecification","valueRequired":true,"valueName":"search_term_string"}}],"inLanguage":"es-CL"}]}},"_links":{"self":[{"href":"https:\/\/www.uoh.cl\/extension\/wp-json\/wp\/v2\/pages\/2572","targetHints":{"allow":["GET"]}}],"collection":[{"href":"https:\/\/www.uoh.cl\/extension\/wp-json\/wp\/v2\/pages"}],"about":[{"href":"https:\/\/www.uoh.cl\/extension\/wp-json\/wp\/v2\/types\/page"}],"author":[{"embeddable":true,"href":"https:\/\/www.uoh.cl\/extension\/wp-json\/wp\/v2\/users\/23"}],"replies":[{"embeddable":true,"href":"https:\/\/www.uoh.cl\/extension\/wp-json\/wp\/v2\/comments?post=2572"}],"version-history":[{"count":1,"href":"https:\/\/www.uoh.cl\/extension\/wp-json\/wp\/v2\/pages\/2572\/revisions"}],"predecessor-version":[{"id":2573,"href":"https:\/\/www.uoh.cl\/extension\/wp-json\/wp\/v2\/pages\/2572\/revisions\/2573"}],"wp:attachment":[{"href":"https:\/\/www.uoh.cl\/extension\/wp-json\/wp\/v2\/media?parent=2572"}],"curies":[{"name":"wp","href":"https:\/\/api.w.org\/{rel}","templated":true}]}}