
{"id":2050,"date":"2023-12-06T16:50:14","date_gmt":"2023-12-06T19:50:14","guid":{"rendered":"https:\/\/www.uoh.cl\/extension\/?page_id=2050"},"modified":"2024-01-26T11:28:54","modified_gmt":"2024-01-26T14:28:54","slug":"capsulas-escuelas-y-memorias","status":"publish","type":"page","link":"https:\/\/www.uoh.cl\/extension\/capsulas-escuelas-y-memorias","title":{"rendered":"C\u00e1psulas Escuelas y Memorias"},"content":{"rendered":"<div class=\"wpb-content-wrapper\"><p>[vc_row][vc_column]<div class=\"uoh_slider_featured_component component__featured-slide row mx-auto col-12 m-0 align-items-center position-relative lazyload\" style=\" background:inherit\" data-bg=\"url(https:\/\/www.uoh.cl\/extension\/wp-content\/uploads\/sites\/14\/2023\/11\/Escuelas-y-Memorias-1.png)\"><div class=\"caption--degrade\"><svg  xmlns=\"http:\/\/www.w3.org\/2000\/svg\" xmlns:xlink=\"http:\/\/www.w3.org\/1999\/xlink\" width=\"1061px\" height=\"539px\"><defs><linearGradient id=\"PSgrad_0\" x1=\"0%\" x2=\"64.279%\" y1=\"76.604%\" y2=\"0%\"><stop offset=\"0%\" stop-color=\"rgb(66,160,248)\" stop-opacity=\"1\" \/><stop offset=\"100%\" stop-color=\"rgb(66,160,248)\" stop-opacity=\"0\" \/><\/linearGradient><\/defs><path fill-rule=\"evenodd\"  fill=\"none\" d=\"M311.000,515.000 C311.000,515.000 211.039,468.555 132.000,357.000 C21.864,201.555 -4.306,4.695 1.000,0.000 L196.000,0.000 L811.000,0.000 L1061.000,0.000 C1061.000,0.000 851.535,430.030 546.000,521.000 C402.674,563.674 311.000,515.000 311.000,515.000 Z\"\/> <path fill=\"url(#PSgrad_0)\"d=\"M311.000,515.000 C311.000,515.000 211.039,468.555 132.000,357.000 C21.864,201.555 -4.306,4.695 1.000,0.000 L196.000,0.000 L811.000,0.000 L1061.000,0.000 C1061.000,0.000 851.535,430.030 546.000,521.000 C402.674,563.674 311.000,515.000 311.000,515.000 Z\"\/><\/svg><\/div><div class=\"caption--quote\"><svg xmlns=\"http:\/\/www.w3.org\/2000\/svg\" xmlns:xlink=\"http:\/\/www.w3.org\/1999\/xlink\"width=\"226px\" height=\"273px\"><defs><linearGradient id=\"PSgrad_0\" x1=\"71.934%\" x2=\"0%\" y1=\"69.466%\" y2=\"0%\"><stop offset=\"0%\" stop-color=\"rgb(66,160,248)\" stop-opacity=\"0.49\" \/><stop offset=\"100%\" stop-color=\"rgb(66,160,248)\" stop-opacity=\"0\" \/><\/linearGradient><\/defs><path fill-rule=\"evenodd\"  fill=\"none\" d=\"M-0.000,273.000 L174.000,273.000 C174.000,273.000 226.000,266.268 226.000,221.000 C226.000,175.732 226.000,-0.000 226.000,-0.000 C226.000,-0.000 24.577,71.878 -0.000,273.000 Z\"\/><path fill=\"url(#PSgrad_0)\"d=\"M-0.000,273.000 L174.000,273.000 C174.000,273.000 226.000,266.268 226.000,221.000 C226.000,175.732 226.000,-0.000 226.000,-0.000 C226.000,-0.000 24.577,71.878 -0.000,273.000 Z\"\/><\/svg><\/div><div class=\"my-uoh_slider_featured_component container mx-auto p-md-0\" ><div class=\"content component__featured-slide-content container row mx-auto aling-items-center p-0\"><h1 class=\"p-0 featured-slide title\"  style=\"\"><em><\/em>C\u00e1psulas Escuelas y Memorias<\/h1><\/div><span><\/span><\/div><\/div>[\/vc_column][\/vc_row][vc_section el_class=&#8221;container mx-auto align-items-center circle&#8211;pattern&#8221; css=&#8221;.vc_custom_1648956589196{padding-top: 3rem !important;}&#8221;][vc_row el_class=&#8221;pb-5&#8243;][vc_column][vc_wp_custommenu nav_menu=&#8221;3&#8243;]<div class=\"breadcrumb\"><ol itemscope itemtype=\"https:\/\/schema.org\/BreadcrumbList\"><li itemprop=\"itemListElement\" itemscope itemtype=\"https:\/\/schema.org\/ListItem\"><a itemprop=\"item\" href=\"http:\/\/www.uoh.cl\"><span itemprop=\"name\">Inicio<\/span><\/a><meta itemprop=\"position\" content=\"1\" \/><li itemprop=\"itemListElement\" itemscope itemtype=\"https:\/\/schema.org\/ListItem\"><a itemprop=\"item\" href=\"https:\/\/www.uoh.cl\/extension\"><span itemprop=\"name\">Direcci\u00f3n de Cultura Patrimonio y Extensi\u00f3n UOH<\/span><\/a><meta itemprop=\"position\" content=\"2\" \/><li itemprop=\"itemListElement\" itemscope itemtype=\"https:\/\/schema.org\/ListItem\"><span itemprop=\"name\">C\u00e1psulas Escuelas y Memorias <\/span><meta itemprop=\"position\" content=\"3\" \/><\/ol><\/div>[vc_column_text]Las c\u00e1psulas de audio o micro podcast del proyecto Escuelas y Memorias tienen como objetivo rescatar parte de la memoria de la educaci\u00f3n de la regi\u00f3n y ponerla en valor, mediante su difusi\u00f3n a trav\u00e9s de uno de los principales medios de comunicaci\u00f3n del pa\u00eds, la radio. Cada c\u00e1psula, al relatar brevemente algunas historias educacionales de las diversas localidades de la regi\u00f3n, expone aquellos aspectos m\u00e1s cotidianos y cercanos a las y los habitantes del territorio. Esto les permite a las y los oyentes conectar con sus propias experiencias escolares, recuerdos y memorias. Igualmente, las c\u00e1psulas nos permiten apreciar c\u00f3mo algunos momentos o hitos de nuestras escuelas han ido configurando, en parte, la historia de nuestra Regi\u00f3n de O\u2019Higgins en t\u00e9rminos educacionales y socioculturales.<\/p>\n<p>Cada c\u00e1psula tiene una duraci\u00f3n cercana a los dos minutos y estar\u00e1n disponibles para todas las instituciones que quieran utilizarlas, como radios comunitarias y establecimientos educacionales. Para ello, solo tienen que ponerse en contacto con la Direcci\u00f3n de Extensi\u00f3n a trav\u00e9s del correo electr\u00f3nico\u00a0<a href=\"mailto:extension@uoh.cl\">extension@uoh.cl<\/a>.[\/vc_column_text][vc_zigzag color=&#8221;white&#8221;][\/vc_column][\/vc_row][\/vc_section][vc_section css=&#8221;.vc_custom_1702497394290{background-color: #f6faff !important;}&#8221; el_class=&#8221;p-md-0 pt-md-5 pb-md-5&#8243;][vc_row el_class=&#8221;container mx-auto align-items-center&#8221;][vc_column width=&#8221;1\/2&#8243;]<div class=\"uoh_title_component-container\"><h2 class=\"title title--ms d-inline-block title--decorator  medium\">Escucha las c\u00e1psulas aqu\u00ed<\/h2><\/div>[vc_zigzag color=&#8221;custom&#8221; custom_color=&#8221;#f6faff&#8221;][vc_btn title=&#8221;Escuelas Rurales&#8221; color=&#8221;violet&#8221; size=&#8221;lg&#8221; align=&#8221;left&#8221; i_icon_fontawesome=&#8221;fas fa-headphones&#8221; add_icon=&#8221;true&#8221; link=&#8221;url:https%3A%2F%2Fdrive.google.com%2Ffile%2Fd%2F1Jja1V4rep8T_Ph0A1rF98epgqf6L70ml%2Fview%3Fusp%3Ddrive_link|target:_blank&#8221;][vc_zigzag color=&#8221;custom&#8221; custom_color=&#8221;#f6faff&#8221;][vc_btn title=&#8221;Colegio Mois\u00e9s Mussa&#8221; color=&#8221;violet&#8221; size=&#8221;lg&#8221; align=&#8221;left&#8221; i_icon_fontawesome=&#8221;fas fa-headphones&#8221; add_icon=&#8221;true&#8221; link=&#8221;url:https%3A%2F%2Fdrive.google.com%2Ffile%2Fd%2F1_AoFTT41DCRavyQTgCvJ3EuV_d6H7OF8%2Fview%3Fusp%3Ddrive_link|target:_blank&#8221;][vc_zigzag color=&#8221;custom&#8221; custom_color=&#8221;#f6faff&#8221;][vc_btn title=&#8221;Escuelas en Sewell&#8221; color=&#8221;violet&#8221; size=&#8221;lg&#8221; align=&#8221;left&#8221; i_icon_fontawesome=&#8221;fas fa-headphones&#8221; add_icon=&#8221;true&#8221; link=&#8221;url:https%3A%2F%2Fdrive.google.com%2Ffile%2Fd%2F1jMHlSKuQC1eO46-0BzEhQlcCYywa18nn%2Fview%3Fusp%3Ddrive_link|target:_blank&#8221;][vc_zigzag color=&#8221;custom&#8221; custom_color=&#8221;#f6faff&#8221;][vc_btn title=&#8221;Escuelas de Lolol&#8221; color=&#8221;violet&#8221; size=&#8221;lg&#8221; align=&#8221;left&#8221; i_icon_fontawesome=&#8221;fas fa-headphones&#8221; add_icon=&#8221;true&#8221; link=&#8221;url:https%3A%2F%2Fdrive.google.com%2Ffile%2Fd%2F1M3dbSlmZ66D-ZRnNzDuHzl_neVveP84U%2Fview%3Fusp%3Ddrive_link|target:_blank&#8221;][vc_zigzag color=&#8221;custom&#8221; custom_color=&#8221;#f6faff&#8221;][vc_btn title=&#8221;Profesor Ismael Parraguez&#8221; color=&#8221;violet&#8221; size=&#8221;lg&#8221; align=&#8221;left&#8221; i_icon_fontawesome=&#8221;fas fa-headphones&#8221; add_icon=&#8221;true&#8221; link=&#8221;url:https%3A%2F%2Fdrive.google.com%2Ffile%2Fd%2F1oX39K96v4GWqaBUIruiHMh20yOU7NZYr%2Fview%3Fusp%3Ddrive_link|target:_blank&#8221;][vc_zigzag color=&#8221;custom&#8221; custom_color=&#8221;#f6faff&#8221;][vc_btn title=&#8221;Revistas escolares&#8221; color=&#8221;violet&#8221; size=&#8221;lg&#8221; align=&#8221;left&#8221; i_icon_fontawesome=&#8221;fas fa-headphones&#8221; add_icon=&#8221;true&#8221; link=&#8221;url:https%3A%2F%2Fdrive.google.com%2Ffile%2Fd%2F1Niq9CkJN_giRXlBX7IF0PKU88cOXfybs%2Fview%3Fusp%3Ddrive_link|target:_blank&#8221;][vc_zigzag color=&#8221;custom&#8221; custom_color=&#8221;#f6faff&#8221;][vc_btn title=&#8221;Escuelas Parroquiales&#8221; color=&#8221;violet&#8221; size=&#8221;lg&#8221; align=&#8221;left&#8221; i_icon_fontawesome=&#8221;fas fa-headphones&#8221; add_icon=&#8221;true&#8221; link=&#8221;url:https%3A%2F%2Fdrive.google.com%2Ffile%2Fd%2F18sLwbndjLKn5kOxYiCfCZymyAr829X0f%2Fview%3Fusp%3Ddrive_link|target:_blank&#8221;][vc_zigzag color=&#8221;custom&#8221; custom_color=&#8221;#f6faff&#8221;][vc_btn title=&#8221;Oscar Castro&#8221; color=&#8221;violet&#8221; size=&#8221;lg&#8221; align=&#8221;left&#8221; i_icon_fontawesome=&#8221;fas fa-headphones&#8221; add_icon=&#8221;true&#8221; link=&#8221;url:https%3A%2F%2Fdrive.google.com%2Ffile%2Fd%2F1lepjSCJ-gwFWs-EBNlLTlhVmbvNKnELK%2Fview%3Fusp%3Ddrive_link|target:_blank&#8221;][vc_zigzag color=&#8221;custom&#8221; custom_color=&#8221;#f6faff&#8221;][vc_btn title=&#8221;Escuelas Parroquiales&#8221; color=&#8221;violet&#8221; size=&#8221;lg&#8221; align=&#8221;left&#8221; i_icon_fontawesome=&#8221;fas fa-headphones&#8221; add_icon=&#8221;true&#8221; link=&#8221;url:https%3A%2F%2Fdrive.google.com%2Ffile%2Fd%2F18sLwbndjLKn5kOxYiCfCZymyAr829X0f%2Fview%3Fusp%3Ddrive_link|target:_blank&#8221;][vc_zigzag color=&#8221;custom&#8221; custom_color=&#8221;#f6faff&#8221;][vc_btn title=&#8221;Universidad de O&#8217;Higgins&#8221; color=&#8221;violet&#8221; size=&#8221;lg&#8221; align=&#8221;left&#8221; i_icon_fontawesome=&#8221;fas fa-headphones&#8221; add_icon=&#8221;true&#8221; link=&#8221;url:https%3A%2F%2Fdrive.google.com%2Ffile%2Fd%2F18UF2EGxEka296doQLXhQ-DUg3siMQ4tC%2Fview%3Fusp%3Ddrive_link|target:_blank&#8221;][\/vc_column][vc_column width=&#8221;1\/2&#8243;][\/vc_column][\/vc_row][\/vc_section][vc_row][vc_column][\/vc_column][\/vc_row]<\/p>\n<\/div>","protected":false},"excerpt":{"rendered":"<p>[vc_row][vc_column][\/vc_column][\/vc_row][vc_section el_class=&#8221;container mx-auto align-items-center circle&#8211;pattern&#8221; css=&#8221;.vc_custom_1648956589196{padding-top: 3rem !important;}&#8221;][vc_row el_class=&#8221;pb-5&#8243;][vc_column][vc_wp_custommenu nav_menu=&#8221;3&#8243;][vc_column_text]Las c\u00e1psulas de audio o micro podcast del proyecto Escuelas y Memorias tienen como objetivo rescatar parte de la memoria de la educaci\u00f3n de la regi\u00f3n y ponerla en valor, mediante su difusi\u00f3n a trav\u00e9s de uno de los principales medios de comunicaci\u00f3n del pa\u00eds, la [&hellip;]<\/p>\n","protected":false},"author":23,"featured_media":0,"parent":0,"menu_order":0,"comment_status":"closed","ping_status":"closed","template":"","meta":{"_acf_changed":false,"footnotes":""},"class_list":["post-2050","page","type-page","status-publish","hentry"],"acf":[],"yoast_head":"<!-- This site is optimized with the Yoast SEO plugin v26.6 - https:\/\/yoast.com\/wordpress\/plugins\/seo\/ -->\n<title>C\u00e1psulas Escuelas y Memorias - Direcci\u00f3n de Cultura Patrimonio y Extensi\u00f3n UOH<\/title>\n<meta name=\"robots\" content=\"index, follow, max-snippet:-1, max-image-preview:large, max-video-preview:-1\" \/>\n<link rel=\"canonical\" href=\"https:\/\/www.uoh.cl\/extension\/capsulas-escuelas-y-memorias\" \/>\n<meta property=\"og:locale\" content=\"es_ES\" \/>\n<meta property=\"og:type\" content=\"article\" \/>\n<meta property=\"og:title\" content=\"C\u00e1psulas Escuelas y Memorias - Direcci\u00f3n de Cultura Patrimonio y Extensi\u00f3n UOH\" \/>\n<meta property=\"og:description\" content=\"[vc_row][vc_column][\/vc_column][\/vc_row][vc_section el_class=&#8221;container mx-auto align-items-center circle&#8211;pattern&#8221; css=&#8221;.vc_custom_1648956589196{padding-top: 3rem !important;}&#8221;][vc_row el_class=&#8221;pb-5&#8243;][vc_column][vc_wp_custommenu nav_menu=&#8221;3&#8243;][vc_column_text]Las c\u00e1psulas de audio o micro podcast del proyecto Escuelas y Memorias tienen como objetivo rescatar parte de la memoria de la educaci\u00f3n de la regi\u00f3n y ponerla en valor, mediante su difusi\u00f3n a trav\u00e9s de uno de los principales medios de comunicaci\u00f3n del pa\u00eds, la [&hellip;]\" \/>\n<meta property=\"og:url\" content=\"https:\/\/www.uoh.cl\/extension\/capsulas-escuelas-y-memorias\" \/>\n<meta property=\"og:site_name\" content=\"Direcci\u00f3n de Cultura Patrimonio y Extensi\u00f3n UOH\" \/>\n<meta property=\"article:modified_time\" content=\"2024-01-26T14:28:54+00:00\" \/>\n<meta name=\"twitter:card\" content=\"summary_large_image\" \/>\n<meta name=\"twitter:label1\" content=\"Tiempo estimado de lectura\" \/>\n\t<meta name=\"twitter:data1\" content=\"2 minutos\" \/>\n<script type=\"application\/ld+json\" class=\"yoast-schema-graph\">{\"@context\":\"https:\/\/schema.org\",\"@graph\":[{\"@type\":\"WebPage\",\"@id\":\"https:\/\/www.uoh.cl\/extension\/capsulas-escuelas-y-memorias\",\"url\":\"https:\/\/www.uoh.cl\/extension\/capsulas-escuelas-y-memorias\",\"name\":\"C\u00e1psulas Escuelas y Memorias - Direcci\u00f3n de Cultura Patrimonio y Extensi\u00f3n UOH\",\"isPartOf\":{\"@id\":\"https:\/\/www.uoh.cl\/extension\/#website\"},\"datePublished\":\"2023-12-06T19:50:14+00:00\",\"dateModified\":\"2024-01-26T14:28:54+00:00\",\"inLanguage\":\"es-CL\",\"potentialAction\":[{\"@type\":\"ReadAction\",\"target\":[\"https:\/\/www.uoh.cl\/extension\/capsulas-escuelas-y-memorias\"]}]},{\"@type\":\"WebSite\",\"@id\":\"https:\/\/www.uoh.cl\/extension\/#website\",\"url\":\"https:\/\/www.uoh.cl\/extension\/\",\"name\":\"Direcci\u00f3n de Cultura Patrimonio y Extensi\u00f3n UOH\",\"description\":\"Otro sitio de Sitios de Universidad O&#039;higgins\",\"potentialAction\":[{\"@type\":\"SearchAction\",\"target\":{\"@type\":\"EntryPoint\",\"urlTemplate\":\"https:\/\/www.uoh.cl\/extension\/?s={search_term_string}\"},\"query-input\":{\"@type\":\"PropertyValueSpecification\",\"valueRequired\":true,\"valueName\":\"search_term_string\"}}],\"inLanguage\":\"es-CL\"}]}<\/script>\n<!-- \/ Yoast SEO plugin. -->","yoast_head_json":{"title":"C\u00e1psulas Escuelas y Memorias - Direcci\u00f3n de Cultura Patrimonio y Extensi\u00f3n UOH","robots":{"index":"index","follow":"follow","max-snippet":"max-snippet:-1","max-image-preview":"max-image-preview:large","max-video-preview":"max-video-preview:-1"},"canonical":"https:\/\/www.uoh.cl\/extension\/capsulas-escuelas-y-memorias","og_locale":"es_ES","og_type":"article","og_title":"C\u00e1psulas Escuelas y Memorias - Direcci\u00f3n de Cultura Patrimonio y Extensi\u00f3n UOH","og_description":"[vc_row][vc_column][\/vc_column][\/vc_row][vc_section el_class=&#8221;container mx-auto align-items-center circle&#8211;pattern&#8221; css=&#8221;.vc_custom_1648956589196{padding-top: 3rem !important;}&#8221;][vc_row el_class=&#8221;pb-5&#8243;][vc_column][vc_wp_custommenu nav_menu=&#8221;3&#8243;][vc_column_text]Las c\u00e1psulas de audio o micro podcast del proyecto Escuelas y Memorias tienen como objetivo rescatar parte de la memoria de la educaci\u00f3n de la regi\u00f3n y ponerla en valor, mediante su difusi\u00f3n a trav\u00e9s de uno de los principales medios de comunicaci\u00f3n del pa\u00eds, la [&hellip;]","og_url":"https:\/\/www.uoh.cl\/extension\/capsulas-escuelas-y-memorias","og_site_name":"Direcci\u00f3n de Cultura Patrimonio y Extensi\u00f3n UOH","article_modified_time":"2024-01-26T14:28:54+00:00","twitter_card":"summary_large_image","twitter_misc":{"Tiempo estimado de lectura":"2 minutos"},"schema":{"@context":"https:\/\/schema.org","@graph":[{"@type":"WebPage","@id":"https:\/\/www.uoh.cl\/extension\/capsulas-escuelas-y-memorias","url":"https:\/\/www.uoh.cl\/extension\/capsulas-escuelas-y-memorias","name":"C\u00e1psulas Escuelas y Memorias - Direcci\u00f3n de Cultura Patrimonio y Extensi\u00f3n UOH","isPartOf":{"@id":"https:\/\/www.uoh.cl\/extension\/#website"},"datePublished":"2023-12-06T19:50:14+00:00","dateModified":"2024-01-26T14:28:54+00:00","inLanguage":"es-CL","potentialAction":[{"@type":"ReadAction","target":["https:\/\/www.uoh.cl\/extension\/capsulas-escuelas-y-memorias"]}]},{"@type":"WebSite","@id":"https:\/\/www.uoh.cl\/extension\/#website","url":"https:\/\/www.uoh.cl\/extension\/","name":"Direcci\u00f3n de Cultura Patrimonio y Extensi\u00f3n UOH","description":"Otro sitio de Sitios de Universidad O&#039;higgins","potentialAction":[{"@type":"SearchAction","target":{"@type":"EntryPoint","urlTemplate":"https:\/\/www.uoh.cl\/extension\/?s={search_term_string}"},"query-input":{"@type":"PropertyValueSpecification","valueRequired":true,"valueName":"search_term_string"}}],"inLanguage":"es-CL"}]}},"_links":{"self":[{"href":"https:\/\/www.uoh.cl\/extension\/wp-json\/wp\/v2\/pages\/2050","targetHints":{"allow":["GET"]}}],"collection":[{"href":"https:\/\/www.uoh.cl\/extension\/wp-json\/wp\/v2\/pages"}],"about":[{"href":"https:\/\/www.uoh.cl\/extension\/wp-json\/wp\/v2\/types\/page"}],"author":[{"embeddable":true,"href":"https:\/\/www.uoh.cl\/extension\/wp-json\/wp\/v2\/users\/23"}],"replies":[{"embeddable":true,"href":"https:\/\/www.uoh.cl\/extension\/wp-json\/wp\/v2\/comments?post=2050"}],"version-history":[{"count":12,"href":"https:\/\/www.uoh.cl\/extension\/wp-json\/wp\/v2\/pages\/2050\/revisions"}],"predecessor-version":[{"id":2253,"href":"https:\/\/www.uoh.cl\/extension\/wp-json\/wp\/v2\/pages\/2050\/revisions\/2253"}],"wp:attachment":[{"href":"https:\/\/www.uoh.cl\/extension\/wp-json\/wp\/v2\/media?parent=2050"}],"curies":[{"name":"wp","href":"https:\/\/api.w.org\/{rel}","templated":true}]}}