
{"id":1589,"date":"2023-07-25T13:21:53","date_gmt":"2023-07-25T16:21:53","guid":{"rendered":"https:\/\/www.uoh.cl\/extension\/?page_id=1589"},"modified":"2023-07-25T13:21:53","modified_gmt":"2023-07-25T16:21:53","slug":"proyecto-memorial-ex-carcel-de-rancagua-en-el-edificio-sector-justicia-region-del-libertador-bernardo-ohiggins","status":"publish","type":"page","link":"https:\/\/www.uoh.cl\/extension\/proyecto-memorial-ex-carcel-de-rancagua-en-el-edificio-sector-justicia-region-del-libertador-bernardo-ohiggins","title":{"rendered":"Proyecto Memorial Ex C\u00e1rcel de Rancagua en el Edificio Sector Justicia Regi\u00f3n del Libertador Bernardo O\u2019Higgins"},"content":{"rendered":"<div class=\"wpb-content-wrapper\"><p>[vc_section el_class=&#8221;container mx-auto align-items-center circle&#8211;pattern&#8221; css=&#8221;.vc_custom_1648956589196{padding-top: 3rem !important;}&#8221;][vc_row el_class=&#8221;pb-5&#8243;][vc_column][vc_wp_custommenu nav_menu=&#8221;6&#8243;]<div class=\"breadcrumb\"><ol itemscope itemtype=\"https:\/\/schema.org\/BreadcrumbList\"><li itemprop=\"itemListElement\" itemscope itemtype=\"https:\/\/schema.org\/ListItem\"><a itemprop=\"item\" href=\"http:\/\/www.uoh.cl\"><span itemprop=\"name\">Inicio<\/span><\/a><meta itemprop=\"position\" content=\"1\" \/><li itemprop=\"itemListElement\" itemscope itemtype=\"https:\/\/schema.org\/ListItem\"><a itemprop=\"item\" href=\"https:\/\/www.uoh.cl\/extension\"><span itemprop=\"name\">Direcci\u00f3n de Cultura Patrimonio y Extensi\u00f3n UOH<\/span><\/a><meta itemprop=\"position\" content=\"2\" \/><li itemprop=\"itemListElement\" itemscope itemtype=\"https:\/\/schema.org\/ListItem\"><span itemprop=\"name\">Proyecto Memorial Ex C\u00e1rcel de Rancagua en el Edificio Sector <\/span><meta itemprop=\"position\" content=\"3\" \/><\/ol><\/div><div class=\"uoh_title_component-container\"><h1 class=\"title title--ms d-inline-block title--decorator  big\">Proyecto Memorial Ex C\u00e1rcel de Rancagua en el Edificio Sector Justicia Regi\u00f3n del Libertador Bernardo O\u2019Higgins<\/h1><\/div>[vc_column_text]<b>Descripci\u00f3n: <\/b><span style=\"font-weight: 400\">El proyecto, desarrollado en el marco del Programa de Promoci\u00f3n de la Memoria y los Derechos Humanos en la Regi\u00f3n de O\u2019Higgins, contempla la construcci\u00f3n de un memorial conmemorativo\u00a0 que honre la memoria hist\u00f3rica asociada a las violaciones a los derechos humanos cometidas durante el periodo de la dictadura c\u00edvico-militar en Chile ocurridos en la ex C\u00e1rcel de Rancagua. El proyecto se ubicar\u00e1 en el futuro Edificio Sector Justicia Regi\u00f3n de O\u2019Higgins\u00a0 que albergar\u00e1 diversos servicios de la cartera de Justicia.\u00a0<\/span><\/p>\n<p><span style=\"font-weight: 400\">El memorial seguir\u00e1 los principios de la Comisi\u00f3n Interamericana de Derechos Humanos (CIDH) para abordar integralmente la memoria, con un enfoque de derechos humanos, g\u00e9nero e interculturalidad. Se busca crear un espacio de reflexi\u00f3n y encuentro para v\u00edctimas, sobrevivientes y la sociedad civil, promoviendo una cultura en derechos humanos, fortaleciendo la democracia y fomentando una civilidad inclusiva y participativa.<\/span>[\/vc_column_text][vc_zigzag color=&#8221;white&#8221;][vc_row_inner][vc_column_inner width=&#8221;1\/2&#8243;][vc_single_image image=&#8221;1594&#8243; img_size=&#8221;large&#8221; alignment=&#8221;center&#8221; onclick=&#8221;img_link_large&#8221;][\/vc_column_inner][vc_column_inner width=&#8221;1\/2&#8243;][vc_single_image image=&#8221;1595&#8243; img_size=&#8221;large&#8221; alignment=&#8221;center&#8221; onclick=&#8221;img_link_large&#8221;][\/vc_column_inner][\/vc_row_inner][\/vc_column][\/vc_row][\/vc_section][vc_section css=&#8221;.vc_custom_1649209804184{background-color: #f6faff !important;}&#8221; el_class=&#8221;p-md-0 pt-md-5&#8243;][vc_row el_class=&#8221;container mx-auto align-items-center p-md-0 pt-5&#8243;][vc_column el_class=&#8221;p-0&#8243;][\/vc_column][\/vc_row][\/vc_section][vc_section css=&#8221;.vc_custom_1649210787516{background-color: #f6faff !important;}&#8221; el_class=&#8221;p-md-0 pt-md-5 pb-md-5&#8243;][vc_row el_class=&#8221;container mx-auto align-items-center&#8221;][vc_column][\/vc_column][\/vc_row][\/vc_section]<\/p>\n<\/div>","protected":false},"excerpt":{"rendered":"<p>[vc_section el_class=&#8221;container mx-auto align-items-center circle&#8211;pattern&#8221; css=&#8221;.vc_custom_1648956589196{padding-top: 3rem !important;}&#8221;][vc_row el_class=&#8221;pb-5&#8243;][vc_column][vc_wp_custommenu nav_menu=&#8221;6&#8243;][vc_column_text]Descripci\u00f3n: El proyecto, desarrollado en el marco del Programa de Promoci\u00f3n de la Memoria y los Derechos Humanos en la Regi\u00f3n de O\u2019Higgins, contempla la construcci\u00f3n de un memorial conmemorativo\u00a0 que honre la memoria hist\u00f3rica asociada a las violaciones a los derechos humanos cometidas durante el [&hellip;]<\/p>\n","protected":false},"author":23,"featured_media":0,"parent":0,"menu_order":0,"comment_status":"closed","ping_status":"closed","template":"","meta":{"_acf_changed":false,"footnotes":""},"class_list":["post-1589","page","type-page","status-publish","hentry"],"acf":[],"yoast_head":"<!-- This site is optimized with the Yoast SEO plugin v26.6 - https:\/\/yoast.com\/wordpress\/plugins\/seo\/ -->\n<title>Proyecto Memorial Ex C\u00e1rcel de Rancagua en el Edificio Sector Justicia Regi\u00f3n del Libertador Bernardo O\u2019Higgins - Direcci\u00f3n de Cultura Patrimonio y Extensi\u00f3n UOH<\/title>\n<meta name=\"robots\" content=\"index, follow, max-snippet:-1, max-image-preview:large, max-video-preview:-1\" \/>\n<link rel=\"canonical\" href=\"https:\/\/www.uoh.cl\/extension\/proyecto-memorial-ex-carcel-de-rancagua-en-el-edificio-sector-justicia-region-del-libertador-bernardo-ohiggins\" \/>\n<meta property=\"og:locale\" content=\"es_ES\" \/>\n<meta property=\"og:type\" content=\"article\" \/>\n<meta property=\"og:title\" content=\"Proyecto Memorial Ex C\u00e1rcel de Rancagua en el Edificio Sector Justicia Regi\u00f3n del Libertador Bernardo O\u2019Higgins - Direcci\u00f3n de Cultura Patrimonio y Extensi\u00f3n UOH\" \/>\n<meta property=\"og:description\" content=\"[vc_section el_class=&#8221;container mx-auto align-items-center circle&#8211;pattern&#8221; css=&#8221;.vc_custom_1648956589196{padding-top: 3rem !important;}&#8221;][vc_row el_class=&#8221;pb-5&#8243;][vc_column][vc_wp_custommenu nav_menu=&#8221;6&#8243;][vc_column_text]Descripci\u00f3n: El proyecto, desarrollado en el marco del Programa de Promoci\u00f3n de la Memoria y los Derechos Humanos en la Regi\u00f3n de O\u2019Higgins, contempla la construcci\u00f3n de un memorial conmemorativo\u00a0 que honre la memoria hist\u00f3rica asociada a las violaciones a los derechos humanos cometidas durante el [&hellip;]\" \/>\n<meta property=\"og:url\" content=\"https:\/\/www.uoh.cl\/extension\/proyecto-memorial-ex-carcel-de-rancagua-en-el-edificio-sector-justicia-region-del-libertador-bernardo-ohiggins\" \/>\n<meta property=\"og:site_name\" content=\"Direcci\u00f3n de Cultura Patrimonio y Extensi\u00f3n UOH\" \/>\n<meta name=\"twitter:card\" content=\"summary_large_image\" \/>\n<meta name=\"twitter:label1\" content=\"Tiempo estimado de lectura\" \/>\n\t<meta name=\"twitter:data1\" content=\"1 minuto\" \/>\n<script type=\"application\/ld+json\" class=\"yoast-schema-graph\">{\"@context\":\"https:\/\/schema.org\",\"@graph\":[{\"@type\":\"WebPage\",\"@id\":\"https:\/\/www.uoh.cl\/extension\/proyecto-memorial-ex-carcel-de-rancagua-en-el-edificio-sector-justicia-region-del-libertador-bernardo-ohiggins\",\"url\":\"https:\/\/www.uoh.cl\/extension\/proyecto-memorial-ex-carcel-de-rancagua-en-el-edificio-sector-justicia-region-del-libertador-bernardo-ohiggins\",\"name\":\"Proyecto Memorial Ex C\u00e1rcel de Rancagua en el Edificio Sector Justicia Regi\u00f3n del Libertador Bernardo O\u2019Higgins - Direcci\u00f3n de Cultura Patrimonio y Extensi\u00f3n UOH\",\"isPartOf\":{\"@id\":\"https:\/\/www.uoh.cl\/extension\/#website\"},\"datePublished\":\"2023-07-25T16:21:53+00:00\",\"inLanguage\":\"es-CL\",\"potentialAction\":[{\"@type\":\"ReadAction\",\"target\":[\"https:\/\/www.uoh.cl\/extension\/proyecto-memorial-ex-carcel-de-rancagua-en-el-edificio-sector-justicia-region-del-libertador-bernardo-ohiggins\"]}]},{\"@type\":\"WebSite\",\"@id\":\"https:\/\/www.uoh.cl\/extension\/#website\",\"url\":\"https:\/\/www.uoh.cl\/extension\/\",\"name\":\"Direcci\u00f3n de Cultura Patrimonio y Extensi\u00f3n UOH\",\"description\":\"Otro sitio de Sitios de Universidad O&#039;higgins\",\"potentialAction\":[{\"@type\":\"SearchAction\",\"target\":{\"@type\":\"EntryPoint\",\"urlTemplate\":\"https:\/\/www.uoh.cl\/extension\/?s={search_term_string}\"},\"query-input\":{\"@type\":\"PropertyValueSpecification\",\"valueRequired\":true,\"valueName\":\"search_term_string\"}}],\"inLanguage\":\"es-CL\"}]}<\/script>\n<!-- \/ Yoast SEO plugin. -->","yoast_head_json":{"title":"Proyecto Memorial Ex C\u00e1rcel de Rancagua en el Edificio Sector Justicia Regi\u00f3n del Libertador Bernardo O\u2019Higgins - Direcci\u00f3n de Cultura Patrimonio y Extensi\u00f3n UOH","robots":{"index":"index","follow":"follow","max-snippet":"max-snippet:-1","max-image-preview":"max-image-preview:large","max-video-preview":"max-video-preview:-1"},"canonical":"https:\/\/www.uoh.cl\/extension\/proyecto-memorial-ex-carcel-de-rancagua-en-el-edificio-sector-justicia-region-del-libertador-bernardo-ohiggins","og_locale":"es_ES","og_type":"article","og_title":"Proyecto Memorial Ex C\u00e1rcel de Rancagua en el Edificio Sector Justicia Regi\u00f3n del Libertador Bernardo O\u2019Higgins - Direcci\u00f3n de Cultura Patrimonio y Extensi\u00f3n UOH","og_description":"[vc_section el_class=&#8221;container mx-auto align-items-center circle&#8211;pattern&#8221; css=&#8221;.vc_custom_1648956589196{padding-top: 3rem !important;}&#8221;][vc_row el_class=&#8221;pb-5&#8243;][vc_column][vc_wp_custommenu nav_menu=&#8221;6&#8243;][vc_column_text]Descripci\u00f3n: El proyecto, desarrollado en el marco del Programa de Promoci\u00f3n de la Memoria y los Derechos Humanos en la Regi\u00f3n de O\u2019Higgins, contempla la construcci\u00f3n de un memorial conmemorativo\u00a0 que honre la memoria hist\u00f3rica asociada a las violaciones a los derechos humanos cometidas durante el [&hellip;]","og_url":"https:\/\/www.uoh.cl\/extension\/proyecto-memorial-ex-carcel-de-rancagua-en-el-edificio-sector-justicia-region-del-libertador-bernardo-ohiggins","og_site_name":"Direcci\u00f3n de Cultura Patrimonio y Extensi\u00f3n UOH","twitter_card":"summary_large_image","twitter_misc":{"Tiempo estimado de lectura":"1 minuto"},"schema":{"@context":"https:\/\/schema.org","@graph":[{"@type":"WebPage","@id":"https:\/\/www.uoh.cl\/extension\/proyecto-memorial-ex-carcel-de-rancagua-en-el-edificio-sector-justicia-region-del-libertador-bernardo-ohiggins","url":"https:\/\/www.uoh.cl\/extension\/proyecto-memorial-ex-carcel-de-rancagua-en-el-edificio-sector-justicia-region-del-libertador-bernardo-ohiggins","name":"Proyecto Memorial Ex C\u00e1rcel de Rancagua en el Edificio Sector Justicia Regi\u00f3n del Libertador Bernardo O\u2019Higgins - Direcci\u00f3n de Cultura Patrimonio y Extensi\u00f3n UOH","isPartOf":{"@id":"https:\/\/www.uoh.cl\/extension\/#website"},"datePublished":"2023-07-25T16:21:53+00:00","inLanguage":"es-CL","potentialAction":[{"@type":"ReadAction","target":["https:\/\/www.uoh.cl\/extension\/proyecto-memorial-ex-carcel-de-rancagua-en-el-edificio-sector-justicia-region-del-libertador-bernardo-ohiggins"]}]},{"@type":"WebSite","@id":"https:\/\/www.uoh.cl\/extension\/#website","url":"https:\/\/www.uoh.cl\/extension\/","name":"Direcci\u00f3n de Cultura Patrimonio y Extensi\u00f3n UOH","description":"Otro sitio de Sitios de Universidad O&#039;higgins","potentialAction":[{"@type":"SearchAction","target":{"@type":"EntryPoint","urlTemplate":"https:\/\/www.uoh.cl\/extension\/?s={search_term_string}"},"query-input":{"@type":"PropertyValueSpecification","valueRequired":true,"valueName":"search_term_string"}}],"inLanguage":"es-CL"}]}},"_links":{"self":[{"href":"https:\/\/www.uoh.cl\/extension\/wp-json\/wp\/v2\/pages\/1589","targetHints":{"allow":["GET"]}}],"collection":[{"href":"https:\/\/www.uoh.cl\/extension\/wp-json\/wp\/v2\/pages"}],"about":[{"href":"https:\/\/www.uoh.cl\/extension\/wp-json\/wp\/v2\/types\/page"}],"author":[{"embeddable":true,"href":"https:\/\/www.uoh.cl\/extension\/wp-json\/wp\/v2\/users\/23"}],"replies":[{"embeddable":true,"href":"https:\/\/www.uoh.cl\/extension\/wp-json\/wp\/v2\/comments?post=1589"}],"version-history":[{"count":6,"href":"https:\/\/www.uoh.cl\/extension\/wp-json\/wp\/v2\/pages\/1589\/revisions"}],"predecessor-version":[{"id":1599,"href":"https:\/\/www.uoh.cl\/extension\/wp-json\/wp\/v2\/pages\/1589\/revisions\/1599"}],"wp:attachment":[{"href":"https:\/\/www.uoh.cl\/extension\/wp-json\/wp\/v2\/media?parent=1589"}],"curies":[{"name":"wp","href":"https:\/\/api.w.org\/{rel}","templated":true}]}}