
{"id":1547,"date":"2023-07-18T18:54:48","date_gmt":"2023-07-18T21:54:48","guid":{"rendered":"https:\/\/www.uoh.cl\/extension\/?page_id=1547"},"modified":"2023-11-28T16:25:50","modified_gmt":"2023-11-28T19:25:50","slug":"diseno-y-construccion-del-centro-civico-memorial-sitio-de-conciencia-y-memorias-para-el-nunca-mas-de-la-region-de-ohiggins","status":"publish","type":"page","link":"https:\/\/www.uoh.cl\/extension\/diseno-y-construccion-del-centro-civico-memorial-sitio-de-conciencia-y-memorias-para-el-nunca-mas-de-la-region-de-ohiggins","title":{"rendered":"Dise\u00f1o y Construcci\u00f3n del Centro C\u00edvico Memorial Sitio de Conciencia y Memorias para el Nunca M\u00e1s de la Regi\u00f3n de O\u2019Higgins"},"content":{"rendered":"<div class=\"wpb-content-wrapper\"><p>[vc_row][vc_column]<div class=\"uoh_slider_featured_component component__featured-slide row mx-auto col-12 m-0 align-items-center position-relative lazyload\" style=\" background:inherit\" data-bg=\"url(https:\/\/www.uoh.cl\/extension\/wp-content\/uploads\/sites\/14\/2023\/11\/Memorial.png)\"><div class=\"caption--degrade\"><svg  xmlns=\"http:\/\/www.w3.org\/2000\/svg\" xmlns:xlink=\"http:\/\/www.w3.org\/1999\/xlink\" width=\"1061px\" height=\"539px\"><defs><linearGradient id=\"PSgrad_0\" x1=\"0%\" x2=\"64.279%\" y1=\"76.604%\" y2=\"0%\"><stop offset=\"0%\" stop-color=\"rgb(66,160,248)\" stop-opacity=\"1\" \/><stop offset=\"100%\" stop-color=\"rgb(66,160,248)\" stop-opacity=\"0\" \/><\/linearGradient><\/defs><path fill-rule=\"evenodd\"  fill=\"none\" d=\"M311.000,515.000 C311.000,515.000 211.039,468.555 132.000,357.000 C21.864,201.555 -4.306,4.695 1.000,0.000 L196.000,0.000 L811.000,0.000 L1061.000,0.000 C1061.000,0.000 851.535,430.030 546.000,521.000 C402.674,563.674 311.000,515.000 311.000,515.000 Z\"\/> <path fill=\"url(#PSgrad_0)\"d=\"M311.000,515.000 C311.000,515.000 211.039,468.555 132.000,357.000 C21.864,201.555 -4.306,4.695 1.000,0.000 L196.000,0.000 L811.000,0.000 L1061.000,0.000 C1061.000,0.000 851.535,430.030 546.000,521.000 C402.674,563.674 311.000,515.000 311.000,515.000 Z\"\/><\/svg><\/div><div class=\"caption--quote\"><svg xmlns=\"http:\/\/www.w3.org\/2000\/svg\" xmlns:xlink=\"http:\/\/www.w3.org\/1999\/xlink\"width=\"226px\" height=\"273px\"><defs><linearGradient id=\"PSgrad_0\" x1=\"71.934%\" x2=\"0%\" y1=\"69.466%\" y2=\"0%\"><stop offset=\"0%\" stop-color=\"rgb(66,160,248)\" stop-opacity=\"0.49\" \/><stop offset=\"100%\" stop-color=\"rgb(66,160,248)\" stop-opacity=\"0\" \/><\/linearGradient><\/defs><path fill-rule=\"evenodd\"  fill=\"none\" d=\"M-0.000,273.000 L174.000,273.000 C174.000,273.000 226.000,266.268 226.000,221.000 C226.000,175.732 226.000,-0.000 226.000,-0.000 C226.000,-0.000 24.577,71.878 -0.000,273.000 Z\"\/><path fill=\"url(#PSgrad_0)\"d=\"M-0.000,273.000 L174.000,273.000 C174.000,273.000 226.000,266.268 226.000,221.000 C226.000,175.732 226.000,-0.000 226.000,-0.000 C226.000,-0.000 24.577,71.878 -0.000,273.000 Z\"\/><\/svg><\/div><div class=\"my-uoh_slider_featured_component container mx-auto p-md-0\" ><div class=\"content component__featured-slide-content container row mx-auto aling-items-center p-0\"><h1 class=\"p-0 featured-slide title\"  style=\"\"><em>Proyecto Dise\u00f1o del Centro C\u00edvico Memorial<\/em>Sitio de Conciencia y Memorias para el Nunca M\u00e1s de la Regi\u00f3n de O\u2019Higgins<\/h1><\/div><span><\/span><\/div><\/div>[\/vc_column][\/vc_row][vc_section el_class=&#8221;container mx-auto align-items-center circle&#8211;pattern&#8221; css=&#8221;.vc_custom_1648956589196{padding-top: 3rem !important;}&#8221;][vc_row el_class=&#8221;pb-5&#8243;][vc_column][vc_wp_custommenu nav_menu=&#8221;6&#8243;]<div class=\"breadcrumb\"><ol itemscope itemtype=\"https:\/\/schema.org\/BreadcrumbList\"><li itemprop=\"itemListElement\" itemscope itemtype=\"https:\/\/schema.org\/ListItem\"><a itemprop=\"item\" href=\"http:\/\/www.uoh.cl\"><span itemprop=\"name\">Inicio<\/span><\/a><meta itemprop=\"position\" content=\"1\" \/><li itemprop=\"itemListElement\" itemscope itemtype=\"https:\/\/schema.org\/ListItem\"><a itemprop=\"item\" href=\"https:\/\/www.uoh.cl\/extension\"><span itemprop=\"name\">Direcci\u00f3n de Cultura Patrimonio y Extensi\u00f3n UOH<\/span><\/a><meta itemprop=\"position\" content=\"2\" \/><li itemprop=\"itemListElement\" itemscope itemtype=\"https:\/\/schema.org\/ListItem\"><span itemprop=\"name\">Dise\u00f1o y Construcci\u00f3n del Centro C\u00edvico Memorial Sitio de Conciencia <\/span><meta itemprop=\"position\" content=\"3\" \/><\/ol><\/div>[vc_column_text]El proyecto de dise\u00f1o del Centro C\u00edvico Memorial, enmarcado dentro del Programa de Promoci\u00f3n de la Memoria y los Derechos Humanos en la Regi\u00f3n de O\u2019Higgins, busca crear un hito simb\u00f3lico y urbano en el centro de la ciudad de Rancagua, Regi\u00f3n de O\u2019Higgins. Este espacio p\u00fablico integrado y dialogante tendr\u00e1 funciones educativas, conmemorativas, culturales y de reparaci\u00f3n simb\u00f3lica, enfoc\u00e1ndose en la memoria hist\u00f3rica y el reconocimiento de las v\u00edctimas, sobrevivientes y familiares de la dictadura c\u00edvico militar y las violaciones a los derechos humanos en la regi\u00f3n.<\/p>\n<p>El dise\u00f1o del centro contempla un edificio para interpretaci\u00f3n y museo, con salas multifuncionales y una biblioteca p\u00fablica. Tambi\u00e9n se integrar\u00e1 una explanada\/anfiteatro, \u00e1reas de servicio y encuentro universitario, as\u00ed como elementos memoriales y art\u00edsticos en el paseo existente. El proyecto se desarrollar\u00e1 con una perspectiva de derechos, considerando aspectos ecol\u00f3gicos, accesibilidad, ciclov\u00edas y promoci\u00f3n del reciclaje.<\/p>\n<p>Es importante destacar que esta iniciativa naci\u00f3 de la participaci\u00f3n activa de la sociedad civil a trav\u00e9s de la \u201cMesa para la No Repetici\u00f3n\u201d, en colaboraci\u00f3n con la Universidad de O\u2019Higgins. El centro c\u00edvico memorial se presenta como una valiosa oportunidad para honrar la memoria, fomentar la educaci\u00f3n en derechos humanos y promover la cohesi\u00f3n social en la comunidad.[\/vc_column_text][vc_zigzag color=&#8221;white&#8221;][vc_row_inner][vc_column_inner width=&#8221;1\/3&#8243;][vc_single_image image=&#8221;1548&#8243; img_size=&#8221;450&#215;650&#8243; onclick=&#8221;img_link_large&#8221;][\/vc_column_inner][vc_column_inner width=&#8221;1\/3&#8243;][vc_single_image image=&#8221;1550&#8243; img_size=&#8221;450&#215;650&#8243; onclick=&#8221;img_link_large&#8221;][\/vc_column_inner][vc_column_inner width=&#8221;1\/3&#8243;][vc_single_image image=&#8221;1549&#8243; img_size=&#8221;450&#215;650&#8243; onclick=&#8221;img_link_large&#8221;][\/vc_column_inner][\/vc_row_inner][\/vc_column][\/vc_row][\/vc_section][vc_section css=&#8221;.vc_custom_1649209804184{background-color: #f6faff !important;}&#8221; el_class=&#8221;p-md-0 pt-md-5&#8243;][vc_row el_class=&#8221;container mx-auto align-items-center p-md-0 pt-5&#8243;][vc_column el_class=&#8221;p-0&#8243;][\/vc_column][\/vc_row][\/vc_section][vc_section css=&#8221;.vc_custom_1649210787516{background-color: #f6faff !important;}&#8221; el_class=&#8221;p-md-0 pt-md-5 pb-md-5&#8243;][vc_row el_class=&#8221;container mx-auto align-items-center&#8221;][vc_column][\/vc_column][\/vc_row][\/vc_section]<\/p>\n<\/div>","protected":false},"excerpt":{"rendered":"<p>[vc_row][vc_column][\/vc_column][\/vc_row][vc_section el_class=&#8221;container mx-auto align-items-center circle&#8211;pattern&#8221; css=&#8221;.vc_custom_1648956589196{padding-top: 3rem !important;}&#8221;][vc_row el_class=&#8221;pb-5&#8243;][vc_column][vc_wp_custommenu nav_menu=&#8221;6&#8243;][vc_column_text]El proyecto de dise\u00f1o del Centro C\u00edvico Memorial, enmarcado dentro del Programa de Promoci\u00f3n de la Memoria y los Derechos Humanos en la Regi\u00f3n de O\u2019Higgins, busca crear un hito simb\u00f3lico y urbano en el centro de la ciudad de Rancagua, Regi\u00f3n de O\u2019Higgins. Este espacio [&hellip;]<\/p>\n","protected":false},"author":23,"featured_media":0,"parent":0,"menu_order":0,"comment_status":"closed","ping_status":"closed","template":"","meta":{"_acf_changed":false,"footnotes":""},"class_list":["post-1547","page","type-page","status-publish","hentry"],"acf":[],"yoast_head":"<!-- This site is optimized with the Yoast SEO plugin v26.6 - https:\/\/yoast.com\/wordpress\/plugins\/seo\/ -->\n<title>Dise\u00f1o y Construcci\u00f3n del Centro C\u00edvico Memorial Sitio de Conciencia y Memorias para el Nunca M\u00e1s de la Regi\u00f3n de O\u2019Higgins - Direcci\u00f3n de Cultura Patrimonio y Extensi\u00f3n UOH<\/title>\n<meta name=\"robots\" content=\"index, follow, max-snippet:-1, max-image-preview:large, max-video-preview:-1\" \/>\n<link rel=\"canonical\" href=\"https:\/\/www.uoh.cl\/extension\/diseno-y-construccion-del-centro-civico-memorial-sitio-de-conciencia-y-memorias-para-el-nunca-mas-de-la-region-de-ohiggins\" \/>\n<meta property=\"og:locale\" content=\"es_ES\" \/>\n<meta property=\"og:type\" content=\"article\" \/>\n<meta property=\"og:title\" content=\"Dise\u00f1o y Construcci\u00f3n del Centro C\u00edvico Memorial Sitio de Conciencia y Memorias para el Nunca M\u00e1s de la Regi\u00f3n de O\u2019Higgins - Direcci\u00f3n de Cultura Patrimonio y Extensi\u00f3n UOH\" \/>\n<meta property=\"og:description\" content=\"[vc_row][vc_column][\/vc_column][\/vc_row][vc_section el_class=&#8221;container mx-auto align-items-center circle&#8211;pattern&#8221; css=&#8221;.vc_custom_1648956589196{padding-top: 3rem !important;}&#8221;][vc_row el_class=&#8221;pb-5&#8243;][vc_column][vc_wp_custommenu nav_menu=&#8221;6&#8243;][vc_column_text]El proyecto de dise\u00f1o del Centro C\u00edvico Memorial, enmarcado dentro del Programa de Promoci\u00f3n de la Memoria y los Derechos Humanos en la Regi\u00f3n de O\u2019Higgins, busca crear un hito simb\u00f3lico y urbano en el centro de la ciudad de Rancagua, Regi\u00f3n de O\u2019Higgins. Este espacio [&hellip;]\" \/>\n<meta property=\"og:url\" content=\"https:\/\/www.uoh.cl\/extension\/diseno-y-construccion-del-centro-civico-memorial-sitio-de-conciencia-y-memorias-para-el-nunca-mas-de-la-region-de-ohiggins\" \/>\n<meta property=\"og:site_name\" content=\"Direcci\u00f3n de Cultura Patrimonio y Extensi\u00f3n UOH\" \/>\n<meta property=\"article:modified_time\" content=\"2023-11-28T19:25:50+00:00\" \/>\n<meta name=\"twitter:card\" content=\"summary_large_image\" \/>\n<meta name=\"twitter:label1\" content=\"Tiempo estimado de lectura\" \/>\n\t<meta name=\"twitter:data1\" content=\"2 minutos\" \/>\n<script type=\"application\/ld+json\" class=\"yoast-schema-graph\">{\"@context\":\"https:\/\/schema.org\",\"@graph\":[{\"@type\":\"WebPage\",\"@id\":\"https:\/\/www.uoh.cl\/extension\/diseno-y-construccion-del-centro-civico-memorial-sitio-de-conciencia-y-memorias-para-el-nunca-mas-de-la-region-de-ohiggins\",\"url\":\"https:\/\/www.uoh.cl\/extension\/diseno-y-construccion-del-centro-civico-memorial-sitio-de-conciencia-y-memorias-para-el-nunca-mas-de-la-region-de-ohiggins\",\"name\":\"Dise\u00f1o y Construcci\u00f3n del Centro C\u00edvico Memorial Sitio de Conciencia y Memorias para el Nunca M\u00e1s de la Regi\u00f3n de O\u2019Higgins - Direcci\u00f3n de Cultura Patrimonio y Extensi\u00f3n UOH\",\"isPartOf\":{\"@id\":\"https:\/\/www.uoh.cl\/extension\/#website\"},\"datePublished\":\"2023-07-18T21:54:48+00:00\",\"dateModified\":\"2023-11-28T19:25:50+00:00\",\"inLanguage\":\"es-CL\",\"potentialAction\":[{\"@type\":\"ReadAction\",\"target\":[\"https:\/\/www.uoh.cl\/extension\/diseno-y-construccion-del-centro-civico-memorial-sitio-de-conciencia-y-memorias-para-el-nunca-mas-de-la-region-de-ohiggins\"]}]},{\"@type\":\"WebSite\",\"@id\":\"https:\/\/www.uoh.cl\/extension\/#website\",\"url\":\"https:\/\/www.uoh.cl\/extension\/\",\"name\":\"Direcci\u00f3n de Cultura Patrimonio y Extensi\u00f3n UOH\",\"description\":\"Otro sitio de Sitios de Universidad O&#039;higgins\",\"potentialAction\":[{\"@type\":\"SearchAction\",\"target\":{\"@type\":\"EntryPoint\",\"urlTemplate\":\"https:\/\/www.uoh.cl\/extension\/?s={search_term_string}\"},\"query-input\":{\"@type\":\"PropertyValueSpecification\",\"valueRequired\":true,\"valueName\":\"search_term_string\"}}],\"inLanguage\":\"es-CL\"}]}<\/script>\n<!-- \/ Yoast SEO plugin. -->","yoast_head_json":{"title":"Dise\u00f1o y Construcci\u00f3n del Centro C\u00edvico Memorial Sitio de Conciencia y Memorias para el Nunca M\u00e1s de la Regi\u00f3n de O\u2019Higgins - Direcci\u00f3n de Cultura Patrimonio y Extensi\u00f3n UOH","robots":{"index":"index","follow":"follow","max-snippet":"max-snippet:-1","max-image-preview":"max-image-preview:large","max-video-preview":"max-video-preview:-1"},"canonical":"https:\/\/www.uoh.cl\/extension\/diseno-y-construccion-del-centro-civico-memorial-sitio-de-conciencia-y-memorias-para-el-nunca-mas-de-la-region-de-ohiggins","og_locale":"es_ES","og_type":"article","og_title":"Dise\u00f1o y Construcci\u00f3n del Centro C\u00edvico Memorial Sitio de Conciencia y Memorias para el Nunca M\u00e1s de la Regi\u00f3n de O\u2019Higgins - Direcci\u00f3n de Cultura Patrimonio y Extensi\u00f3n UOH","og_description":"[vc_row][vc_column][\/vc_column][\/vc_row][vc_section el_class=&#8221;container mx-auto align-items-center circle&#8211;pattern&#8221; css=&#8221;.vc_custom_1648956589196{padding-top: 3rem !important;}&#8221;][vc_row el_class=&#8221;pb-5&#8243;][vc_column][vc_wp_custommenu nav_menu=&#8221;6&#8243;][vc_column_text]El proyecto de dise\u00f1o del Centro C\u00edvico Memorial, enmarcado dentro del Programa de Promoci\u00f3n de la Memoria y los Derechos Humanos en la Regi\u00f3n de O\u2019Higgins, busca crear un hito simb\u00f3lico y urbano en el centro de la ciudad de Rancagua, Regi\u00f3n de O\u2019Higgins. Este espacio [&hellip;]","og_url":"https:\/\/www.uoh.cl\/extension\/diseno-y-construccion-del-centro-civico-memorial-sitio-de-conciencia-y-memorias-para-el-nunca-mas-de-la-region-de-ohiggins","og_site_name":"Direcci\u00f3n de Cultura Patrimonio y Extensi\u00f3n UOH","article_modified_time":"2023-11-28T19:25:50+00:00","twitter_card":"summary_large_image","twitter_misc":{"Tiempo estimado de lectura":"2 minutos"},"schema":{"@context":"https:\/\/schema.org","@graph":[{"@type":"WebPage","@id":"https:\/\/www.uoh.cl\/extension\/diseno-y-construccion-del-centro-civico-memorial-sitio-de-conciencia-y-memorias-para-el-nunca-mas-de-la-region-de-ohiggins","url":"https:\/\/www.uoh.cl\/extension\/diseno-y-construccion-del-centro-civico-memorial-sitio-de-conciencia-y-memorias-para-el-nunca-mas-de-la-region-de-ohiggins","name":"Dise\u00f1o y Construcci\u00f3n del Centro C\u00edvico Memorial Sitio de Conciencia y Memorias para el Nunca M\u00e1s de la Regi\u00f3n de O\u2019Higgins - Direcci\u00f3n de Cultura Patrimonio y Extensi\u00f3n UOH","isPartOf":{"@id":"https:\/\/www.uoh.cl\/extension\/#website"},"datePublished":"2023-07-18T21:54:48+00:00","dateModified":"2023-11-28T19:25:50+00:00","inLanguage":"es-CL","potentialAction":[{"@type":"ReadAction","target":["https:\/\/www.uoh.cl\/extension\/diseno-y-construccion-del-centro-civico-memorial-sitio-de-conciencia-y-memorias-para-el-nunca-mas-de-la-region-de-ohiggins"]}]},{"@type":"WebSite","@id":"https:\/\/www.uoh.cl\/extension\/#website","url":"https:\/\/www.uoh.cl\/extension\/","name":"Direcci\u00f3n de Cultura Patrimonio y Extensi\u00f3n UOH","description":"Otro sitio de Sitios de Universidad O&#039;higgins","potentialAction":[{"@type":"SearchAction","target":{"@type":"EntryPoint","urlTemplate":"https:\/\/www.uoh.cl\/extension\/?s={search_term_string}"},"query-input":{"@type":"PropertyValueSpecification","valueRequired":true,"valueName":"search_term_string"}}],"inLanguage":"es-CL"}]}},"_links":{"self":[{"href":"https:\/\/www.uoh.cl\/extension\/wp-json\/wp\/v2\/pages\/1547","targetHints":{"allow":["GET"]}}],"collection":[{"href":"https:\/\/www.uoh.cl\/extension\/wp-json\/wp\/v2\/pages"}],"about":[{"href":"https:\/\/www.uoh.cl\/extension\/wp-json\/wp\/v2\/types\/page"}],"author":[{"embeddable":true,"href":"https:\/\/www.uoh.cl\/extension\/wp-json\/wp\/v2\/users\/23"}],"replies":[{"embeddable":true,"href":"https:\/\/www.uoh.cl\/extension\/wp-json\/wp\/v2\/comments?post=1547"}],"version-history":[{"count":8,"href":"https:\/\/www.uoh.cl\/extension\/wp-json\/wp\/v2\/pages\/1547\/revisions"}],"predecessor-version":[{"id":1972,"href":"https:\/\/www.uoh.cl\/extension\/wp-json\/wp\/v2\/pages\/1547\/revisions\/1972"}],"wp:attachment":[{"href":"https:\/\/www.uoh.cl\/extension\/wp-json\/wp\/v2\/media?parent=1547"}],"curies":[{"name":"wp","href":"https:\/\/api.w.org\/{rel}","templated":true}]}}