
{"id":3927,"date":"2025-05-26T16:38:27","date_gmt":"2025-05-26T19:38:27","guid":{"rendered":"https:\/\/www.uoh.cl\/escuela-de-educacion\/?page_id=3927"},"modified":"2025-05-26T17:44:54","modified_gmt":"2025-05-26T20:44:54","slug":"escuela-de-invierno-uoh-2025","status":"publish","type":"page","link":"https:\/\/www.uoh.cl\/escuela-de-educacion\/escuela-de-invierno-uoh-2025\/","title":{"rendered":"Escuela de Invierno UOH 2025"},"content":{"rendered":"<div class=\"wpb-content-wrapper\"><p>[vc_row][vc_column]<div class=\"uoh_slider_featured_component component__featured-slide row mx-auto col-12 m-0 align-items-center position-relative lazyload\" style=\" background:inherit\" data-bg=\"url(https:\/\/www.uoh.cl\/escuela-de-educacion\/wp-content\/uploads\/sites\/17\/2025\/05\/Escuela-de-Invierno-1.jpg)\"><div class=\"caption--degrade\"><svg  xmlns=\"http:\/\/www.w3.org\/2000\/svg\" xmlns:xlink=\"http:\/\/www.w3.org\/1999\/xlink\" width=\"1061px\" height=\"539px\"><defs><linearGradient id=\"PSgrad_0\" x1=\"0%\" x2=\"64.279%\" y1=\"76.604%\" y2=\"0%\"><stop offset=\"0%\" stop-color=\"rgb(66,160,248)\" stop-opacity=\"1\" \/><stop offset=\"100%\" stop-color=\"rgb(66,160,248)\" stop-opacity=\"0\" \/><\/linearGradient><\/defs><path fill-rule=\"evenodd\"  fill=\"none\" d=\"M311.000,515.000 C311.000,515.000 211.039,468.555 132.000,357.000 C21.864,201.555 -4.306,4.695 1.000,0.000 L196.000,0.000 L811.000,0.000 L1061.000,0.000 C1061.000,0.000 851.535,430.030 546.000,521.000 C402.674,563.674 311.000,515.000 311.000,515.000 Z\"\/> <path fill=\"url(#PSgrad_0)\"d=\"M311.000,515.000 C311.000,515.000 211.039,468.555 132.000,357.000 C21.864,201.555 -4.306,4.695 1.000,0.000 L196.000,0.000 L811.000,0.000 L1061.000,0.000 C1061.000,0.000 851.535,430.030 546.000,521.000 C402.674,563.674 311.000,515.000 311.000,515.000 Z\"\/><\/svg><\/div><div class=\"caption--quote\"><svg xmlns=\"http:\/\/www.w3.org\/2000\/svg\" xmlns:xlink=\"http:\/\/www.w3.org\/1999\/xlink\"width=\"226px\" height=\"273px\"><defs><linearGradient id=\"PSgrad_0\" x1=\"71.934%\" x2=\"0%\" y1=\"69.466%\" y2=\"0%\"><stop offset=\"0%\" stop-color=\"rgb(66,160,248)\" stop-opacity=\"0.49\" \/><stop offset=\"100%\" stop-color=\"rgb(66,160,248)\" stop-opacity=\"0\" \/><\/linearGradient><\/defs><path fill-rule=\"evenodd\"  fill=\"none\" d=\"M-0.000,273.000 L174.000,273.000 C174.000,273.000 226.000,266.268 226.000,221.000 C226.000,175.732 226.000,-0.000 226.000,-0.000 C226.000,-0.000 24.577,71.878 -0.000,273.000 Z\"\/><path fill=\"url(#PSgrad_0)\"d=\"M-0.000,273.000 L174.000,273.000 C174.000,273.000 226.000,266.268 226.000,221.000 C226.000,175.732 226.000,-0.000 226.000,-0.000 C226.000,-0.000 24.577,71.878 -0.000,273.000 Z\"\/><\/svg><\/div><div class=\"my-uoh_slider_featured_component container mx-auto p-md-0\" ><div class=\"content component__featured-slide-content container row mx-auto aling-items-center p-0\"><h1 class=\"p-0 featured-slide title\"  style=\"\"><em><\/em>Escuela de Invierno UOH 2025<\/h1><\/div><span><\/span><\/div><\/div>[\/vc_column][\/vc_row][vc_section el_class=&#8221;container mx-auto align-items-center circle&#8211;pattern&#8221; css=&#8221;.vc_custom_1748288054062{padding-top: 3rem !important;}&#8221;][vc_row el_class=&#8221;pb-5&#8243;][vc_column][vc_wp_custommenu nav_menu=&#8221;6&#8243;]<div class=\"breadcrumb\"><ol itemscope itemtype=\"https:\/\/schema.org\/BreadcrumbList\"><li itemprop=\"itemListElement\" itemscope itemtype=\"https:\/\/schema.org\/ListItem\"><a itemprop=\"item\" href=\"http:\/\/www.uoh.cl\"><span itemprop=\"name\">Inicio<\/span><\/a><meta itemprop=\"position\" content=\"1\" \/><li itemprop=\"itemListElement\" itemscope itemtype=\"https:\/\/schema.org\/ListItem\"><a itemprop=\"item\" href=\"https:\/\/www.uoh.cl\/escuela-de-educacion\"><span itemprop=\"name\">Escuela de Educaci\u00f3n <\/span><\/a><meta itemprop=\"position\" content=\"2\" \/><li itemprop=\"itemListElement\" itemscope itemtype=\"https:\/\/schema.org\/ListItem\"><span itemprop=\"name\">Escuela de Invierno UOH 2025 <\/span><meta itemprop=\"position\" content=\"3\" \/><\/ol><\/div><div class=\"uoh_title_component-container\"><h1 class=\"title title--ms d-inline-block title--decorator  big\">\u00a1Postula a los cursos de la Escuela de Invierno UOH 2025!<\/h1><\/div>[vc_column_text css=&#8221;&#8221;]No te pierdas las nuevas acciones formativas de la Escuela de Invierno 2025, dictadas por la Escuela de Educaci\u00f3n de la Universidad de O&#8217;Higgins. Solo por esta vez, las y los seleccionados podr\u00e1n optar a una beca del 100%.[\/vc_column_text][\/vc_column][\/vc_row][\/vc_section][vc_section css=&#8221;.vc_custom_1748288190798{background-color: #F6FAFF !important;}&#8221;][vc_row el_class=&#8221;container mx-auto align-items-center&#8221;][vc_column width=&#8221;2\/3&#8243; el_class=&#8221;p-0&#8243;]<div class=\"uoh_title_component-container\"><h2 class=\"title title--ms d-inline-block medium\">Sobre nuestros cursos<\/h2><\/div>[vc_column_text css=&#8221;&#8221;]Todos los cursos de nuestra Escuela de Invierno son de 20 horas en modalidad b-learning. Cada curso tiene un componente asincr\u00f3nico, en el que podr\u00e1s realizar distintas actividades en nuestra plataforma, una sesi\u00f3n sincr\u00f3nica por zoom y una sesi\u00f3n presencial de cierre. Los cursos comienzan la semana del 16 de junio y finalizan con un encuentro presencial en nuestra universidad el 12 de julio. Estos cursos cuentan con una certificaci\u00f3n UOH.[\/vc_column_text][\/vc_column][vc_column width=&#8221;1\/3&#8243;]<div class=\"uoh_simple_image_component component__simple_image simple__image-left col-12\"><div class=\"uoh_simple_image_component\"><figure class=\"simple_image_contain\"><div> <img decoding=\"async\" data-src=\"https:\/\/www.uoh.cl\/escuela-de-educacion\/wp-content\/uploads\/sites\/17\/2025\/05\/Escuela-de-Invierno.jpg\" class=\"w-100 lazyload\" src=\"data:image\/svg+xml;base64,PHN2ZyB3aWR0aD0iMSIgaGVpZ2h0PSIxIiB4bWxucz0iaHR0cDovL3d3dy53My5vcmcvMjAwMC9zdmciPjwvc3ZnPg==\" style=\"--smush-placeholder-width: 1000px; --smush-placeholder-aspect-ratio: 1000\/1000;\"> <\/div><\/figure><\/div><\/div>[\/vc_column][\/vc_row][vc_row][vc_column][vc_zigzag color=&#8221;custom&#8221; custom_color=&#8221;#F6FAFF&#8221;][\/vc_column][\/vc_row][\/vc_section][vc_section css=&#8221;.vc_custom_1748288023453{background-color: #FFFFFF !important;}&#8221; el_class=&#8221;p-md-0 pt-md-5 pb-md-5&#8243;][vc_row el_class=&#8221;container mx-auto align-items-center&#8221;][vc_column]<div class=\"uoh_title_component-container\"><h2 class=\"title title--ms d-inline-block title--decorator  medium\">Cursos disponibles<\/h2><\/div>[\/vc_column][\/vc_row][vc_row el_class=&#8221;container mx-auto align-items-center&#8221;][vc_column width=&#8221;1\/4&#8243;][vc_btn title=&#8221;Dialogar en el aula: una oportunidad para comprender la lectura y aprender en las distintas asignaturas&#8221; style=&#8221;3d&#8221; color=&#8221;primary&#8221; css_animation=&#8221;fadeInLeft&#8221; css=&#8221;&#8221;][vc_zigzag color=&#8221;white&#8221;][\/vc_column][vc_column width=&#8221;3\/4&#8243;][vc_column_text css=&#8221;&#8221;]Este curso te permitir\u00e1 comprender la relevancia de la estrategia did\u00e1ctica &#8220;Discusi\u00f3n Productiva&#8221; para promover la comprensi\u00f3n lectora y planificar diversas acciones para su implementaci\u00f3n en aulas de distintas asignaturas.[\/vc_column_text][vc_zigzag color=&#8221;white&#8221;][\/vc_column][\/vc_row][vc_row el_class=&#8221;container mx-auto align-items-center&#8221;][vc_column width=&#8221;1\/4&#8243;][vc_btn title=&#8221;Herramientas de aula para la convivencia escolar&#8221; style=&#8221;3d&#8221; color=&#8221;primary&#8221; css_animation=&#8221;fadeInLeft&#8221; css=&#8221;&#8221;][vc_zigzag color=&#8221;white&#8221;][\/vc_column][vc_column width=&#8221;3\/4&#8243;][vc_column_text css=&#8221;&#8221;]Este curso te ayudar\u00e1 a desarrollar competencias pedag\u00f3gicas necesarias para abordar la convivencia escolar desde un enfoque formativo y preventivo, integrando elementos del modelo de paz duradera, en el dise\u00f1o de estrategias de intervenci\u00f3n en el aula.[\/vc_column_text][vc_zigzag color=&#8221;white&#8221;][\/vc_column][\/vc_row][vc_row el_class=&#8221;container mx-auto align-items-center&#8221;][vc_column width=&#8221;1\/4&#8243;][vc_btn title=&#8221;Planificaci\u00f3n en funci\u00f3n a la diversidad en el aula&#8221; style=&#8221;3d&#8221; color=&#8221;primary&#8221; css_animation=&#8221;fadeInLeft&#8221; css=&#8221;&#8221;][vc_zigzag color=&#8221;white&#8221;][\/vc_column][vc_column width=&#8221;3\/4&#8243;][vc_column_text css=&#8221;&#8221;]Con este curso podr\u00e1s fortalecer las competencias docentes para dise\u00f1ar y aplicar planificaciones diversificadas que respondan a las distintas necesidades, estilos y ritmos de aprendizaje del estudiantado, promoviendo una ense\u00f1anza inclusiva y equitativa.[\/vc_column_text][vc_zigzag color=&#8221;white&#8221;][\/vc_column][\/vc_row][vc_row el_class=&#8221;container mx-auto align-items-center&#8221;][vc_column width=&#8221;1\/4&#8243;][vc_btn title=&#8221;Evaluaci\u00f3n diversificada para promover el desarrollo de aprendizajes&#8221; style=&#8221;3d&#8221; color=&#8221;primary&#8221; css_animation=&#8221;fadeInLeft&#8221; css=&#8221;&#8221;][vc_zigzag color=&#8221;white&#8221;][\/vc_column][vc_column width=&#8221;3\/4&#8243;][vc_column_text css=&#8221;&#8221;]Este curso te ayudar\u00e1 a dise\u00f1ar instrumentos de evaluaci\u00f3n diversificados para medir aprendizajes de manera accesible e inclusiva en los estudiantes, considerando aportes de la investigaci\u00f3n en el campo de la evaluaci\u00f3n educativa y los lineamientos actuales de la pol\u00edtica educativa.[\/vc_column_text][vc_zigzag color=&#8221;white&#8221;][\/vc_column][\/vc_row][vc_row el_class=&#8221;container mx-auto align-items-center&#8221;][vc_column width=&#8221;1\/4&#8243;][vc_btn title=&#8221;Bases para la prevenci\u00f3n de desaf\u00edos emocionales y conductuales en el espectro autista&#8221; style=&#8221;3d&#8221; color=&#8221;primary&#8221; css_animation=&#8221;fadeInLeft&#8221; css=&#8221;&#8221;][vc_zigzag color=&#8221;white&#8221;][\/vc_column][vc_column width=&#8221;3\/4&#8243;][vc_column_text css=&#8221;&#8221;]Con este curso podr\u00e1s adquirir herramientas te\u00f3ricas y pr\u00e1cticas para la comprensi\u00f3n y prevenci\u00f3n de problemas de conducta en estudiantes autistas, mediante el an\u00e1lisis de sus causas, fases y estrategias de intervenci\u00f3n desde una perspectiva educativa.[\/vc_column_text][vc_zigzag color=&#8221;white&#8221;][\/vc_column][\/vc_row][vc_row][vc_column width=&#8221;1\/6&#8243;][\/vc_column][vc_column width=&#8221;2\/3&#8243;][vc_btn title=&#8221;Postula aqu\u00ed&#8221; color=&#8221;success&#8221; size=&#8221;lg&#8221; align=&#8221;center&#8221; i_icon_fontawesome=&#8221;fa fa-solid fa-location-arrow&#8221; css_animation=&#8221;bounceInDown&#8221; css=&#8221;&#8221; add_icon=&#8221;true&#8221; link=&#8221;url:https%3A%2F%2Fdocs.google.com%2Fforms%2Fd%2Fe%2F1FAIpQLSdfsLZux6UhKf-3Xt3CMA0dn3FoTe11unkOkrrDXEantns8VQ%2Fviewform|target:_blank&#8221;][vc_column_text css=&#8221;&#8221;]<\/p>\n<p style=\"text-align: center\">Las postulaciones cierran el 2 de junio. \u00a1No te quedes fuera!<\/p>\n<p>[\/vc_column_text][\/vc_column][vc_column width=&#8221;1\/6&#8243;][\/vc_column][\/vc_row][\/vc_section]<\/p>\n<\/div>","protected":false},"excerpt":{"rendered":"<p>[vc_row][vc_column][\/vc_column][\/vc_row][vc_section el_class=&#8221;container mx-auto align-items-center circle&#8211;pattern&#8221; css=&#8221;.vc_custom_1748288054062{padding-top: 3rem !important;}&#8221;][vc_row el_class=&#8221;pb-5&#8243;][vc_column][vc_wp_custommenu nav_menu=&#8221;6&#8243;][vc_column_text css=&#8221;&#8221;]No te pierdas las nuevas acciones formativas de la Escuela de Invierno 2025, dictadas por la Escuela de Educaci\u00f3n de la Universidad de O&#8217;Higgins. Solo por esta vez, las y los seleccionados podr\u00e1n optar a una beca del 100%.[\/vc_column_text][\/vc_column][\/vc_row][\/vc_section][vc_section css=&#8221;.vc_custom_1748288190798{background-color: #F6FAFF !important;}&#8221;][vc_row el_class=&#8221;container mx-auto align-items-center&#8221;][vc_column [&hellip;]<\/p>\n","protected":false},"author":23,"featured_media":0,"parent":0,"menu_order":0,"comment_status":"closed","ping_status":"closed","template":"","meta":{"_acf_changed":false,"footnotes":""},"class_list":["post-3927","page","type-page","status-publish","hentry"],"acf":[],"yoast_head":"<!-- This site is optimized with the Yoast SEO plugin v26.6 - https:\/\/yoast.com\/wordpress\/plugins\/seo\/ -->\n<title>Escuela de Invierno UOH 2025 - Escuela de Educaci\u00f3n<\/title>\n<meta name=\"robots\" content=\"index, follow, max-snippet:-1, max-image-preview:large, max-video-preview:-1\" \/>\n<link rel=\"canonical\" href=\"https:\/\/www.uoh.cl\/escuela-de-educacion\/escuela-de-invierno-uoh-2025\/\" \/>\n<meta property=\"og:locale\" content=\"es_ES\" \/>\n<meta property=\"og:type\" content=\"article\" \/>\n<meta property=\"og:title\" content=\"Escuela de Invierno UOH 2025 - Escuela de Educaci\u00f3n\" \/>\n<meta property=\"og:description\" content=\"[vc_row][vc_column][\/vc_column][\/vc_row][vc_section el_class=&#8221;container mx-auto align-items-center circle&#8211;pattern&#8221; css=&#8221;.vc_custom_1748288054062{padding-top: 3rem !important;}&#8221;][vc_row el_class=&#8221;pb-5&#8243;][vc_column][vc_wp_custommenu nav_menu=&#8221;6&#8243;][vc_column_text css=&#8221;&#8221;]No te pierdas las nuevas acciones formativas de la Escuela de Invierno 2025, dictadas por la Escuela de Educaci\u00f3n de la Universidad de O&#8217;Higgins. Solo por esta vez, las y los seleccionados podr\u00e1n optar a una beca del 100%.[\/vc_column_text][\/vc_column][\/vc_row][\/vc_section][vc_section css=&#8221;.vc_custom_1748288190798{background-color: #F6FAFF !important;}&#8221;][vc_row el_class=&#8221;container mx-auto align-items-center&#8221;][vc_column [&hellip;]\" \/>\n<meta property=\"og:url\" content=\"https:\/\/www.uoh.cl\/escuela-de-educacion\/escuela-de-invierno-uoh-2025\/\" \/>\n<meta property=\"og:site_name\" content=\"Escuela de Educaci\u00f3n\" \/>\n<meta property=\"article:modified_time\" content=\"2025-05-26T20:44:54+00:00\" \/>\n<meta name=\"twitter:card\" content=\"summary_large_image\" \/>\n<meta name=\"twitter:label1\" content=\"Tiempo estimado de lectura\" \/>\n\t<meta name=\"twitter:data1\" content=\"3 minutos\" \/>\n<script type=\"application\/ld+json\" class=\"yoast-schema-graph\">{\"@context\":\"https:\/\/schema.org\",\"@graph\":[{\"@type\":\"WebPage\",\"@id\":\"https:\/\/www.uoh.cl\/escuela-de-educacion\/escuela-de-invierno-uoh-2025\/\",\"url\":\"https:\/\/www.uoh.cl\/escuela-de-educacion\/escuela-de-invierno-uoh-2025\/\",\"name\":\"Escuela de Invierno UOH 2025 - Escuela de Educaci\u00f3n\",\"isPartOf\":{\"@id\":\"https:\/\/www.uoh.cl\/escuela-de-educacion\/#website\"},\"datePublished\":\"2025-05-26T19:38:27+00:00\",\"dateModified\":\"2025-05-26T20:44:54+00:00\",\"inLanguage\":\"es-CL\",\"potentialAction\":[{\"@type\":\"ReadAction\",\"target\":[\"https:\/\/www.uoh.cl\/escuela-de-educacion\/escuela-de-invierno-uoh-2025\/\"]}]},{\"@type\":\"WebSite\",\"@id\":\"https:\/\/www.uoh.cl\/escuela-de-educacion\/#website\",\"url\":\"https:\/\/www.uoh.cl\/escuela-de-educacion\/\",\"name\":\"Escuela de Educaci\u00f3n\",\"description\":\"Otro sitio de Sitios de Universidad O'higgins\",\"potentialAction\":[{\"@type\":\"SearchAction\",\"target\":{\"@type\":\"EntryPoint\",\"urlTemplate\":\"https:\/\/www.uoh.cl\/escuela-de-educacion\/?s={search_term_string}\"},\"query-input\":{\"@type\":\"PropertyValueSpecification\",\"valueRequired\":true,\"valueName\":\"search_term_string\"}}],\"inLanguage\":\"es-CL\"}]}<\/script>\n<!-- \/ Yoast SEO plugin. -->","yoast_head_json":{"title":"Escuela de Invierno UOH 2025 - Escuela de Educaci\u00f3n","robots":{"index":"index","follow":"follow","max-snippet":"max-snippet:-1","max-image-preview":"max-image-preview:large","max-video-preview":"max-video-preview:-1"},"canonical":"https:\/\/www.uoh.cl\/escuela-de-educacion\/escuela-de-invierno-uoh-2025\/","og_locale":"es_ES","og_type":"article","og_title":"Escuela de Invierno UOH 2025 - Escuela de Educaci\u00f3n","og_description":"[vc_row][vc_column][\/vc_column][\/vc_row][vc_section el_class=&#8221;container mx-auto align-items-center circle&#8211;pattern&#8221; css=&#8221;.vc_custom_1748288054062{padding-top: 3rem !important;}&#8221;][vc_row el_class=&#8221;pb-5&#8243;][vc_column][vc_wp_custommenu nav_menu=&#8221;6&#8243;][vc_column_text css=&#8221;&#8221;]No te pierdas las nuevas acciones formativas de la Escuela de Invierno 2025, dictadas por la Escuela de Educaci\u00f3n de la Universidad de O&#8217;Higgins. Solo por esta vez, las y los seleccionados podr\u00e1n optar a una beca del 100%.[\/vc_column_text][\/vc_column][\/vc_row][\/vc_section][vc_section css=&#8221;.vc_custom_1748288190798{background-color: #F6FAFF !important;}&#8221;][vc_row el_class=&#8221;container mx-auto align-items-center&#8221;][vc_column [&hellip;]","og_url":"https:\/\/www.uoh.cl\/escuela-de-educacion\/escuela-de-invierno-uoh-2025\/","og_site_name":"Escuela de Educaci\u00f3n","article_modified_time":"2025-05-26T20:44:54+00:00","twitter_card":"summary_large_image","twitter_misc":{"Tiempo estimado de lectura":"3 minutos"},"schema":{"@context":"https:\/\/schema.org","@graph":[{"@type":"WebPage","@id":"https:\/\/www.uoh.cl\/escuela-de-educacion\/escuela-de-invierno-uoh-2025\/","url":"https:\/\/www.uoh.cl\/escuela-de-educacion\/escuela-de-invierno-uoh-2025\/","name":"Escuela de Invierno UOH 2025 - Escuela de Educaci\u00f3n","isPartOf":{"@id":"https:\/\/www.uoh.cl\/escuela-de-educacion\/#website"},"datePublished":"2025-05-26T19:38:27+00:00","dateModified":"2025-05-26T20:44:54+00:00","inLanguage":"es-CL","potentialAction":[{"@type":"ReadAction","target":["https:\/\/www.uoh.cl\/escuela-de-educacion\/escuela-de-invierno-uoh-2025\/"]}]},{"@type":"WebSite","@id":"https:\/\/www.uoh.cl\/escuela-de-educacion\/#website","url":"https:\/\/www.uoh.cl\/escuela-de-educacion\/","name":"Escuela de Educaci\u00f3n","description":"Otro sitio de Sitios de Universidad O'higgins","potentialAction":[{"@type":"SearchAction","target":{"@type":"EntryPoint","urlTemplate":"https:\/\/www.uoh.cl\/escuela-de-educacion\/?s={search_term_string}"},"query-input":{"@type":"PropertyValueSpecification","valueRequired":true,"valueName":"search_term_string"}}],"inLanguage":"es-CL"}]}},"_links":{"self":[{"href":"https:\/\/www.uoh.cl\/escuela-de-educacion\/wp-json\/wp\/v2\/pages\/3927","targetHints":{"allow":["GET"]}}],"collection":[{"href":"https:\/\/www.uoh.cl\/escuela-de-educacion\/wp-json\/wp\/v2\/pages"}],"about":[{"href":"https:\/\/www.uoh.cl\/escuela-de-educacion\/wp-json\/wp\/v2\/types\/page"}],"author":[{"embeddable":true,"href":"https:\/\/www.uoh.cl\/escuela-de-educacion\/wp-json\/wp\/v2\/users\/23"}],"replies":[{"embeddable":true,"href":"https:\/\/www.uoh.cl\/escuela-de-educacion\/wp-json\/wp\/v2\/comments?post=3927"}],"version-history":[{"count":20,"href":"https:\/\/www.uoh.cl\/escuela-de-educacion\/wp-json\/wp\/v2\/pages\/3927\/revisions"}],"predecessor-version":[{"id":3953,"href":"https:\/\/www.uoh.cl\/escuela-de-educacion\/wp-json\/wp\/v2\/pages\/3927\/revisions\/3953"}],"wp:attachment":[{"href":"https:\/\/www.uoh.cl\/escuela-de-educacion\/wp-json\/wp\/v2\/media?parent=3927"}],"curies":[{"name":"wp","href":"https:\/\/api.w.org\/{rel}","templated":true}]}}