
{"id":1358,"date":"2022-11-16T17:33:45","date_gmt":"2022-11-16T20:33:45","guid":{"rendered":"https:\/\/www.uoh.cl\/escuela-de-educacion\/?page_id=1358"},"modified":"2022-11-20T22:08:11","modified_gmt":"2022-11-21T01:08:11","slug":"fondo-de-apoyo-a-iniciativas-estudiantiles-de-las-carreras-de-la-escuela-de-educacion","status":"publish","type":"page","link":"https:\/\/www.uoh.cl\/escuela-de-educacion\/fondo-de-apoyo-a-iniciativas-estudiantiles-de-las-carreras-de-la-escuela-de-educacion\/","title":{"rendered":"Fondo de apoyo a iniciativas estudiantiles de las carreras de la Escuela de Educaci\u00f3n"},"content":{"rendered":"<div class=\"wpb-content-wrapper\"><p>[vc_row][vc_column]<div class=\"uoh_slider_featured_component component__featured-slide row mx-auto col-12 m-0 align-items-center position-relative\" style=\" background: url()\"><div class=\"caption--degrade\"><svg  xmlns=\"http:\/\/www.w3.org\/2000\/svg\" xmlns:xlink=\"http:\/\/www.w3.org\/1999\/xlink\" width=\"1061px\" height=\"539px\"><defs><linearGradient id=\"PSgrad_0\" x1=\"0%\" x2=\"64.279%\" y1=\"76.604%\" y2=\"0%\"><stop offset=\"0%\" stop-color=\"rgb(66,160,248)\" stop-opacity=\"1\" \/><stop offset=\"100%\" stop-color=\"rgb(66,160,248)\" stop-opacity=\"0\" \/><\/linearGradient><\/defs><path fill-rule=\"evenodd\"  fill=\"none\" d=\"M311.000,515.000 C311.000,515.000 211.039,468.555 132.000,357.000 C21.864,201.555 -4.306,4.695 1.000,0.000 L196.000,0.000 L811.000,0.000 L1061.000,0.000 C1061.000,0.000 851.535,430.030 546.000,521.000 C402.674,563.674 311.000,515.000 311.000,515.000 Z\"\/> <path fill=\"url(#PSgrad_0)\"d=\"M311.000,515.000 C311.000,515.000 211.039,468.555 132.000,357.000 C21.864,201.555 -4.306,4.695 1.000,0.000 L196.000,0.000 L811.000,0.000 L1061.000,0.000 C1061.000,0.000 851.535,430.030 546.000,521.000 C402.674,563.674 311.000,515.000 311.000,515.000 Z\"\/><\/svg><\/div><div class=\"caption--quote\"><svg xmlns=\"http:\/\/www.w3.org\/2000\/svg\" xmlns:xlink=\"http:\/\/www.w3.org\/1999\/xlink\"width=\"226px\" height=\"273px\"><defs><linearGradient id=\"PSgrad_0\" x1=\"71.934%\" x2=\"0%\" y1=\"69.466%\" y2=\"0%\"><stop offset=\"0%\" stop-color=\"rgb(66,160,248)\" stop-opacity=\"0.49\" \/><stop offset=\"100%\" stop-color=\"rgb(66,160,248)\" stop-opacity=\"0\" \/><\/linearGradient><\/defs><path fill-rule=\"evenodd\"  fill=\"none\" d=\"M-0.000,273.000 L174.000,273.000 C174.000,273.000 226.000,266.268 226.000,221.000 C226.000,175.732 226.000,-0.000 226.000,-0.000 C226.000,-0.000 24.577,71.878 -0.000,273.000 Z\"\/><path fill=\"url(#PSgrad_0)\"d=\"M-0.000,273.000 L174.000,273.000 C174.000,273.000 226.000,266.268 226.000,221.000 C226.000,175.732 226.000,-0.000 226.000,-0.000 C226.000,-0.000 24.577,71.878 -0.000,273.000 Z\"\/><\/svg><\/div><div class=\"my-uoh_slider_featured_component container mx-auto p-md-0\" ><div class=\"content component__featured-slide-content container row mx-auto aling-items-center p-0\"><h1 class=\"p-0 featured-slide title\"  style=\"\"><em>Fondo de apoyo a iniciativas estudiantiles <\/em>de las carreras de la Escuela de Educaci\u00f3n<\/h1><\/div><span><\/span><\/div><\/div>[\/vc_column][\/vc_row][vc_row el_class=&#8221;container mx-auto px-2 align-items-center circle&#8211;pattern&#8221;][vc_column el_class=&#8221;block__cover-image&#8221; css=&#8221;.vc_custom_1648233655371{margin-top: 3rem !important;}&#8221;][vc_wp_custommenu nav_menu=&#8221;6&#8243;][vc_row_inner el_class=&#8221;align-items-center&#8221;][vc_column_inner][vc_column_text]La Direcci\u00f3n del Instituto de Ciencias de la Educaci\u00f3n y la Direcci\u00f3n de la Escuela de Educaci\u00f3n, \u00a0trav\u00e9s del Programa de Fortalecimiento de la Formaci\u00f3n Inicial Docente UOH (Proyecto FID) \u201cApoyo al desarrollo de la Escuela e Instituto de Educaci\u00f3n de la Universidad de O\u2019Higgins para el fortalecimiento de la formaci\u00f3n inicial en los programas de Pedagog\u00eda\u201d, convocan a los\/las estudiantes de la Universidad de O\u2019Higgins a participar en el concurso de iniciativas estudiantiles de las carreras de la Escuela de Educaci\u00f3n.<\/p>\n<p>Este fondo de apoyo a iniciativas estudiantiles busca promover los diversos proyectos de los\/as estudiantes de las carreras de pedagog\u00eda de la Universidad de O\u2019Higgins, dando la posibilidad de dise\u00f1ar, llevar a cabo y hacerse cargos de investigaciones e iniciativas estudiantiles que vayan en respuesta a las diversas necesidades y problem\u00e1ticas que est\u00e1 experimentando la comunidad universitaria o local.<\/p>\n<p>&nbsp;<\/p>\n<p>[\/vc_column_text][\/vc_column_inner][vc_column_inner]<div class=\"uoh_title_component-container\"><h2 class=\"title title--ms d-inline-block title--decorator  medium\">1er Concurso de Apoyo a iniciativas estudiantiles de las carreras de la Escuela de Educaci\u00f3n<\/h2><\/div>[\/vc_column_inner][\/vc_row_inner][vc_column_text]<\/p>\n<table width=\"623\">\n<tbody>\n<tr>\n<td width=\"302\"><strong>Nombre proyecto<\/strong><\/td>\n<td width=\"321\"><strong>Miembros equipos<\/strong><\/td>\n<\/tr>\n<tr>\n<td width=\"302\">\u201cOnce Upon a Tail\u201d<\/td>\n<td width=\"321\">Bernardita Ossand\u00f3n (Pedagog\u00eda en Ingl\u00e9s para Ense\u00f1anza B\u00e1sica y Media)<\/p>\n<p>Josefina Vargas (Medicina)<\/p>\n<p>Camila Urbina (Pedagog\u00eda en Ingl\u00e9s para Ense\u00f1anza B\u00e1sica y Media)<\/td>\n<\/tr>\n<tr>\n<td width=\"302\">\u201cRevista online para toda la comunidad de la Escuela de Educaci\u00f3n\u201d<\/td>\n<td width=\"321\">Emma Mu\u00f1oz (Pedagog\u00eda en Ingl\u00e9s para Ense\u00f1anza B\u00e1sica y Media)<\/p>\n<p>B\u00e1rbara Pi\u00f1ones (Pedagog\u00eda en Matem\u00e1tica)<\/p>\n<p>Javiera Mu\u00f1oz (Pedagog\u00eda en Ingl\u00e9s para Ense\u00f1anza B\u00e1sica y Media)<\/p>\n<p>Bryan Fern\u00e1ndez (Pedagog\u00eda en Matem\u00e1tica)<\/td>\n<\/tr>\n<tr>\n<td width=\"302\">\u201cConcurso Literario y\/o Art\u00edstico\u201d<\/td>\n<td width=\"321\">Lucy Alarc\u00f3n (Pedagog\u00eda en Educaci\u00f3n B\u00e1sica)<\/p>\n<p>Bernardita Pino (Pedagog\u00eda en Educaci\u00f3n B\u00e1sica)<\/p>\n<p>Denisse Maturana (Pedagog\u00eda en Educaci\u00f3n B\u00e1sica)<\/p>\n<p>Perla Venegas (Pedagog\u00eda en Educaci\u00f3n B\u00e1sica)<\/p>\n<p>Mar\u00eda Consuelo Hern\u00e1ndez (Pedagog\u00eda en Educaci\u00f3n Parvularia)<\/td>\n<\/tr>\n<tr>\n<td width=\"302\">\u201cAntolog\u00eda de cuentos en formato digital e impreso\u201d<\/td>\n<td width=\"321\">Diana Caro (Pedagog\u00eda en Educaci\u00f3n Especial)<\/p>\n<p>Paz Millaray (Pedagog\u00eda en Educaci\u00f3n Especial)<\/p>\n<p>Catalina Mardones (Pedagog\u00eda en Educaci\u00f3n Especial)<\/p>\n<p>Mat\u00edas Herrera (Pedagog\u00eda en Educaci\u00f3n Especial)<\/p>\n<p>Carlo \u00c1vila (Pedagog\u00eda en Lenguaje y comunicaci\u00f3n)<\/td>\n<\/tr>\n<tr>\n<td width=\"302\">\u201cTalleres de escritura sobre identidad docente: relevando el rol de la pedagog\u00eda en la sociedad\u201d<\/td>\n<td width=\"321\">Sophia Troncoso (Pedagog\u00eda en Lenguaje y comunicaci\u00f3n)<\/p>\n<p>Guillermo Mu\u00f1oz (Pedagog\u00eda en Ingl\u00e9s para Ense\u00f1anza B\u00e1sica y Media)<\/p>\n<p>Consuelo Ram\u00edrez (Pedagog\u00eda en Ingl\u00e9s para Ense\u00f1anza B\u00e1sica y Media)<\/p>\n<p>Gustavo Silva (Pedagog\u00eda en Lenguaje y comunicaci\u00f3n)<\/td>\n<\/tr>\n<\/tbody>\n<\/table>\n<p>&nbsp;<\/p>\n<p>[\/vc_column_text]<div class=\"uoh_title_component-container\"><h2 class=\"title title--ms d-inline-block medium\">2do Concurso de Apoyo a iniciativas estudiantiles de las carreras de la Escuela de Educaci\u00f3n<\/h2><\/div>[vc_column_text]<\/p>\n<table width=\"623\">\n<tbody>\n<tr>\n<td width=\"302\"><strong>Nombre proyecto<\/strong><\/td>\n<td width=\"321\"><strong>Miembros equipos<\/strong><\/td>\n<\/tr>\n<tr>\n<td width=\"302\">\u201cPrimer volumen de revista estudiantil sobre el eje de lectura\u201d<\/td>\n<td width=\"321\">Alejandra Mu\u00f1oz (Pedagog\u00eda en Educaci\u00f3n B\u00e1sica)<\/p>\n<p>Karen Garrido (Pedagog\u00eda en Educaci\u00f3n B\u00e1sica)<\/p>\n<p>Valeria Pe\u00f1a (Pedagog\u00eda en Educaci\u00f3n B\u00e1sica)<\/td>\n<\/tr>\n<tr>\n<td width=\"302\">\u201cRecolectemos mascarillas por nuestro planeta\u201d<\/td>\n<td width=\"321\">Carolina Valenzuela (Pedagog\u00eda en Ciencias Naturales)<\/p>\n<p>Alexander Cuibin (Pedagog\u00eda en Ciencias Naturales)<\/p>\n<p>Alexandra Concha (Pedagog\u00eda en Ciencias Naturales)<\/p>\n<p>Paula G\u00e1rate (Pedagog\u00eda en Ciencias Naturales)<\/p>\n<p>Francisco Moreno (Pedagog\u00eda en Ciencias Naturales)<\/td>\n<\/tr>\n<tr>\n<td width=\"302\">\u201cLibro (compilaci\u00f3n de textos)\u201d<\/td>\n<td width=\"321\">Krishna Lorca (Pedagog\u00eda en Lenguaje y comunicaci\u00f3n)<\/p>\n<p>Romina Fern\u00e1ndez (Pedagog\u00eda en Lenguaje y comunicaci\u00f3n)<\/p>\n<p>Carolina Carre\u00f1o (Pedagog\u00eda en Lenguaje y comunicaci\u00f3n)<\/p>\n<p>Sofia Ram\u00edrez (Pedagog\u00eda en Lenguaje y comunicaci\u00f3n)<\/td>\n<\/tr>\n<tr>\n<td width=\"302\">\u201cPromoci\u00f3n de la articulaci\u00f3n estudiantil de Pedagog\u00eda en Educaci\u00f3n B\u00e1sica\u201d<\/td>\n<td width=\"321\">Octavio Guajardo (Pedagog\u00eda en Educaci\u00f3n B\u00e1sica)<\/p>\n<p>Marianela Coahila (Pedagog\u00eda en Educaci\u00f3n B\u00e1sica)<\/p>\n<p>Tomas Acu\u00f1a (Pedagog\u00eda en Educaci\u00f3n B\u00e1sica)<\/p>\n<p>Bianca Z\u00fa\u00f1iga (Pedagog\u00eda en Educaci\u00f3n B\u00e1sica)<\/td>\n<\/tr>\n<tr>\n<td width=\"302\">\u201cLibro impreso con creaciones literarios de estudiantes de la UOH que reivindique aspectos identitarios de la regi\u00f3n y su distribuci\u00f3n en bibliotecas\u201d<\/td>\n<td width=\"321\">Alejandro Pe\u00f1a (Pedagog\u00eda en Ingl\u00e9s para Ense\u00f1anza B\u00e1sica y Media)<\/p>\n<p>Jos\u00e9 Hern\u00e1ndez (Pedagog\u00eda en Lenguaje y Comunicaci\u00f3n)<\/p>\n<p>\u00c1mbar Castillo (Pedagog\u00eda en Lenguaje y Comunicaci\u00f3n)<\/td>\n<\/tr>\n<\/tbody>\n<\/table>\n<p>&nbsp;<\/p>\n<p>[\/vc_column_text][\/vc_column][\/vc_row][vc_section el_class=&#8221;container mx-auto align-items-center px-md-0 pt-5&#8243; el_id=&#8221;noticias&#8221;][\/vc_section]<\/p>\n<\/div>","protected":false},"excerpt":{"rendered":"<p>[vc_row][vc_column][\/vc_column][\/vc_row][vc_row el_class=&#8221;container mx-auto px-2 align-items-center circle&#8211;pattern&#8221;][vc_column el_class=&#8221;block__cover-image&#8221; css=&#8221;.vc_custom_1648233655371{margin-top: 3rem !important;}&#8221;][vc_wp_custommenu nav_menu=&#8221;6&#8243;][vc_row_inner el_class=&#8221;align-items-center&#8221;][vc_column_inner][vc_column_text]La Direcci\u00f3n del Instituto de Ciencias de la Educaci\u00f3n y la Direcci\u00f3n de la Escuela de Educaci\u00f3n, \u00a0trav\u00e9s del Programa de Fortalecimiento de la Formaci\u00f3n Inicial Docente UOH (Proyecto FID) \u201cApoyo al desarrollo de la Escuela e Instituto de Educaci\u00f3n de la Universidad de [&hellip;]<\/p>\n","protected":false},"author":23,"featured_media":0,"parent":0,"menu_order":0,"comment_status":"closed","ping_status":"closed","template":"","meta":{"_acf_changed":false,"footnotes":""},"class_list":["post-1358","page","type-page","status-publish","hentry"],"acf":[],"yoast_head":"<!-- This site is optimized with the Yoast SEO plugin v26.6 - https:\/\/yoast.com\/wordpress\/plugins\/seo\/ -->\n<title>Fondo de apoyo a iniciativas estudiantiles de las carreras de la Escuela de Educaci\u00f3n - Escuela de Educaci\u00f3n<\/title>\n<meta name=\"robots\" content=\"index, follow, max-snippet:-1, max-image-preview:large, max-video-preview:-1\" \/>\n<link rel=\"canonical\" href=\"https:\/\/www.uoh.cl\/escuela-de-educacion\/fondo-de-apoyo-a-iniciativas-estudiantiles-de-las-carreras-de-la-escuela-de-educacion\/\" \/>\n<meta property=\"og:locale\" content=\"es_ES\" \/>\n<meta property=\"og:type\" content=\"article\" \/>\n<meta property=\"og:title\" content=\"Fondo de apoyo a iniciativas estudiantiles de las carreras de la Escuela de Educaci\u00f3n - Escuela de Educaci\u00f3n\" \/>\n<meta property=\"og:description\" content=\"[vc_row][vc_column][\/vc_column][\/vc_row][vc_row el_class=&#8221;container mx-auto px-2 align-items-center circle&#8211;pattern&#8221;][vc_column el_class=&#8221;block__cover-image&#8221; css=&#8221;.vc_custom_1648233655371{margin-top: 3rem !important;}&#8221;][vc_wp_custommenu nav_menu=&#8221;6&#8243;][vc_row_inner el_class=&#8221;align-items-center&#8221;][vc_column_inner][vc_column_text]La Direcci\u00f3n del Instituto de Ciencias de la Educaci\u00f3n y la Direcci\u00f3n de la Escuela de Educaci\u00f3n, \u00a0trav\u00e9s del Programa de Fortalecimiento de la Formaci\u00f3n Inicial Docente UOH (Proyecto FID) \u201cApoyo al desarrollo de la Escuela e Instituto de Educaci\u00f3n de la Universidad de [&hellip;]\" \/>\n<meta property=\"og:url\" content=\"https:\/\/www.uoh.cl\/escuela-de-educacion\/fondo-de-apoyo-a-iniciativas-estudiantiles-de-las-carreras-de-la-escuela-de-educacion\/\" \/>\n<meta property=\"og:site_name\" content=\"Escuela de Educaci\u00f3n\" \/>\n<meta property=\"article:modified_time\" content=\"2022-11-21T01:08:11+00:00\" \/>\n<meta name=\"twitter:card\" content=\"summary_large_image\" \/>\n<meta name=\"twitter:label1\" content=\"Tiempo estimado de lectura\" \/>\n\t<meta name=\"twitter:data1\" content=\"3 minutos\" \/>\n<script type=\"application\/ld+json\" class=\"yoast-schema-graph\">{\"@context\":\"https:\/\/schema.org\",\"@graph\":[{\"@type\":\"WebPage\",\"@id\":\"https:\/\/www.uoh.cl\/escuela-de-educacion\/fondo-de-apoyo-a-iniciativas-estudiantiles-de-las-carreras-de-la-escuela-de-educacion\/\",\"url\":\"https:\/\/www.uoh.cl\/escuela-de-educacion\/fondo-de-apoyo-a-iniciativas-estudiantiles-de-las-carreras-de-la-escuela-de-educacion\/\",\"name\":\"Fondo de apoyo a iniciativas estudiantiles de las carreras de la Escuela de Educaci\u00f3n - Escuela de Educaci\u00f3n\",\"isPartOf\":{\"@id\":\"https:\/\/www.uoh.cl\/escuela-de-educacion\/#website\"},\"datePublished\":\"2022-11-16T20:33:45+00:00\",\"dateModified\":\"2022-11-21T01:08:11+00:00\",\"inLanguage\":\"es-CL\",\"potentialAction\":[{\"@type\":\"ReadAction\",\"target\":[\"https:\/\/www.uoh.cl\/escuela-de-educacion\/fondo-de-apoyo-a-iniciativas-estudiantiles-de-las-carreras-de-la-escuela-de-educacion\/\"]}]},{\"@type\":\"WebSite\",\"@id\":\"https:\/\/www.uoh.cl\/escuela-de-educacion\/#website\",\"url\":\"https:\/\/www.uoh.cl\/escuela-de-educacion\/\",\"name\":\"Escuela de Educaci\u00f3n\",\"description\":\"Otro sitio de Sitios de Universidad O'higgins\",\"potentialAction\":[{\"@type\":\"SearchAction\",\"target\":{\"@type\":\"EntryPoint\",\"urlTemplate\":\"https:\/\/www.uoh.cl\/escuela-de-educacion\/?s={search_term_string}\"},\"query-input\":{\"@type\":\"PropertyValueSpecification\",\"valueRequired\":true,\"valueName\":\"search_term_string\"}}],\"inLanguage\":\"es-CL\"}]}<\/script>\n<!-- \/ Yoast SEO plugin. -->","yoast_head_json":{"title":"Fondo de apoyo a iniciativas estudiantiles de las carreras de la Escuela de Educaci\u00f3n - Escuela de Educaci\u00f3n","robots":{"index":"index","follow":"follow","max-snippet":"max-snippet:-1","max-image-preview":"max-image-preview:large","max-video-preview":"max-video-preview:-1"},"canonical":"https:\/\/www.uoh.cl\/escuela-de-educacion\/fondo-de-apoyo-a-iniciativas-estudiantiles-de-las-carreras-de-la-escuela-de-educacion\/","og_locale":"es_ES","og_type":"article","og_title":"Fondo de apoyo a iniciativas estudiantiles de las carreras de la Escuela de Educaci\u00f3n - Escuela de Educaci\u00f3n","og_description":"[vc_row][vc_column][\/vc_column][\/vc_row][vc_row el_class=&#8221;container mx-auto px-2 align-items-center circle&#8211;pattern&#8221;][vc_column el_class=&#8221;block__cover-image&#8221; css=&#8221;.vc_custom_1648233655371{margin-top: 3rem !important;}&#8221;][vc_wp_custommenu nav_menu=&#8221;6&#8243;][vc_row_inner el_class=&#8221;align-items-center&#8221;][vc_column_inner][vc_column_text]La Direcci\u00f3n del Instituto de Ciencias de la Educaci\u00f3n y la Direcci\u00f3n de la Escuela de Educaci\u00f3n, \u00a0trav\u00e9s del Programa de Fortalecimiento de la Formaci\u00f3n Inicial Docente UOH (Proyecto FID) \u201cApoyo al desarrollo de la Escuela e Instituto de Educaci\u00f3n de la Universidad de [&hellip;]","og_url":"https:\/\/www.uoh.cl\/escuela-de-educacion\/fondo-de-apoyo-a-iniciativas-estudiantiles-de-las-carreras-de-la-escuela-de-educacion\/","og_site_name":"Escuela de Educaci\u00f3n","article_modified_time":"2022-11-21T01:08:11+00:00","twitter_card":"summary_large_image","twitter_misc":{"Tiempo estimado de lectura":"3 minutos"},"schema":{"@context":"https:\/\/schema.org","@graph":[{"@type":"WebPage","@id":"https:\/\/www.uoh.cl\/escuela-de-educacion\/fondo-de-apoyo-a-iniciativas-estudiantiles-de-las-carreras-de-la-escuela-de-educacion\/","url":"https:\/\/www.uoh.cl\/escuela-de-educacion\/fondo-de-apoyo-a-iniciativas-estudiantiles-de-las-carreras-de-la-escuela-de-educacion\/","name":"Fondo de apoyo a iniciativas estudiantiles de las carreras de la Escuela de Educaci\u00f3n - Escuela de Educaci\u00f3n","isPartOf":{"@id":"https:\/\/www.uoh.cl\/escuela-de-educacion\/#website"},"datePublished":"2022-11-16T20:33:45+00:00","dateModified":"2022-11-21T01:08:11+00:00","inLanguage":"es-CL","potentialAction":[{"@type":"ReadAction","target":["https:\/\/www.uoh.cl\/escuela-de-educacion\/fondo-de-apoyo-a-iniciativas-estudiantiles-de-las-carreras-de-la-escuela-de-educacion\/"]}]},{"@type":"WebSite","@id":"https:\/\/www.uoh.cl\/escuela-de-educacion\/#website","url":"https:\/\/www.uoh.cl\/escuela-de-educacion\/","name":"Escuela de Educaci\u00f3n","description":"Otro sitio de Sitios de Universidad O'higgins","potentialAction":[{"@type":"SearchAction","target":{"@type":"EntryPoint","urlTemplate":"https:\/\/www.uoh.cl\/escuela-de-educacion\/?s={search_term_string}"},"query-input":{"@type":"PropertyValueSpecification","valueRequired":true,"valueName":"search_term_string"}}],"inLanguage":"es-CL"}]}},"_links":{"self":[{"href":"https:\/\/www.uoh.cl\/escuela-de-educacion\/wp-json\/wp\/v2\/pages\/1358","targetHints":{"allow":["GET"]}}],"collection":[{"href":"https:\/\/www.uoh.cl\/escuela-de-educacion\/wp-json\/wp\/v2\/pages"}],"about":[{"href":"https:\/\/www.uoh.cl\/escuela-de-educacion\/wp-json\/wp\/v2\/types\/page"}],"author":[{"embeddable":true,"href":"https:\/\/www.uoh.cl\/escuela-de-educacion\/wp-json\/wp\/v2\/users\/23"}],"replies":[{"embeddable":true,"href":"https:\/\/www.uoh.cl\/escuela-de-educacion\/wp-json\/wp\/v2\/comments?post=1358"}],"version-history":[{"count":3,"href":"https:\/\/www.uoh.cl\/escuela-de-educacion\/wp-json\/wp\/v2\/pages\/1358\/revisions"}],"predecessor-version":[{"id":1428,"href":"https:\/\/www.uoh.cl\/escuela-de-educacion\/wp-json\/wp\/v2\/pages\/1358\/revisions\/1428"}],"wp:attachment":[{"href":"https:\/\/www.uoh.cl\/escuela-de-educacion\/wp-json\/wp\/v2\/media?parent=1358"}],"curies":[{"name":"wp","href":"https:\/\/api.w.org\/{rel}","templated":true}]}}