
{"id":5118,"date":"2026-03-25T15:19:05","date_gmt":"2026-03-25T18:19:05","guid":{"rendered":"https:\/\/www.uoh.cl\/educacion-continua\/?page_id=5118"},"modified":"2026-03-25T15:39:44","modified_gmt":"2026-03-25T18:39:44","slug":"informacion","status":"publish","type":"page","link":"https:\/\/www.uoh.cl\/educacion-continua\/curso-sindrome-de-down-abordaje-educativo-inclusivo-desde-el-enfoque-normativo-y-pedagogico-chileno\/informacion\/","title":{"rendered":"Curso S\u00edndrome de Down: abordaje educativo inclusivo desde el enfoque normativo y pedag\u00f3gico chileno Informaci\u00f3n"},"content":{"rendered":"<div class=\"wpb-content-wrapper\"><p>[vc_row][vc_column]<div class=\"uoh_slider_featured_component component__featured-slide row mx-auto col-12 m-0 align-items-center position-relative lazyload\" style=\" background:inherit\" data-bg=\"url(https:\/\/www.uoh.cl\/educacion-continua\/wp-content\/uploads\/sites\/48\/2026\/03\/129.jpg)\"><div class=\"caption--degrade\"><svg  xmlns=\"http:\/\/www.w3.org\/2000\/svg\" xmlns:xlink=\"http:\/\/www.w3.org\/1999\/xlink\" width=\"1061px\" height=\"539px\"><defs><linearGradient id=\"PSgrad_0\" x1=\"0%\" x2=\"64.279%\" y1=\"76.604%\" y2=\"0%\"><stop offset=\"0%\" stop-color=\"rgb(66,160,248)\" stop-opacity=\"1\" \/><stop offset=\"100%\" stop-color=\"rgb(66,160,248)\" stop-opacity=\"0\" \/><\/linearGradient><\/defs><path fill-rule=\"evenodd\"  fill=\"none\" d=\"M311.000,515.000 C311.000,515.000 211.039,468.555 132.000,357.000 C21.864,201.555 -4.306,4.695 1.000,0.000 L196.000,0.000 L811.000,0.000 L1061.000,0.000 C1061.000,0.000 851.535,430.030 546.000,521.000 C402.674,563.674 311.000,515.000 311.000,515.000 Z\"\/> <path fill=\"url(#PSgrad_0)\"d=\"M311.000,515.000 C311.000,515.000 211.039,468.555 132.000,357.000 C21.864,201.555 -4.306,4.695 1.000,0.000 L196.000,0.000 L811.000,0.000 L1061.000,0.000 C1061.000,0.000 851.535,430.030 546.000,521.000 C402.674,563.674 311.000,515.000 311.000,515.000 Z\"\/><\/svg><\/div><div class=\"caption--quote\"><svg xmlns=\"http:\/\/www.w3.org\/2000\/svg\" xmlns:xlink=\"http:\/\/www.w3.org\/1999\/xlink\"width=\"226px\" height=\"273px\"><defs><linearGradient id=\"PSgrad_0\" x1=\"71.934%\" x2=\"0%\" y1=\"69.466%\" y2=\"0%\"><stop offset=\"0%\" stop-color=\"rgb(66,160,248)\" stop-opacity=\"0.49\" \/><stop offset=\"100%\" stop-color=\"rgb(66,160,248)\" stop-opacity=\"0\" \/><\/linearGradient><\/defs><path fill-rule=\"evenodd\"  fill=\"none\" d=\"M-0.000,273.000 L174.000,273.000 C174.000,273.000 226.000,266.268 226.000,221.000 C226.000,175.732 226.000,-0.000 226.000,-0.000 C226.000,-0.000 24.577,71.878 -0.000,273.000 Z\"\/><path fill=\"url(#PSgrad_0)\"d=\"M-0.000,273.000 L174.000,273.000 C174.000,273.000 226.000,266.268 226.000,221.000 C226.000,175.732 226.000,-0.000 226.000,-0.000 C226.000,-0.000 24.577,71.878 -0.000,273.000 Z\"\/><\/svg><\/div><div class=\"my-uoh_slider_featured_component container mx-auto p-md-0\" ><div class=\"content component__featured-slide-content container row mx-auto aling-items-center p-0\"><h1 class=\"p-0 featured-slide title\"  style=\"\"><em>Curso S\u00edndrome de Down: abordaje educativo inclusivo desde el enfoque normativo y pedag\u00f3gico chileno<\/em>Informaci\u00f3n<\/h1><ul class=\"breadcrumb breadcrumb-list\"><li><a href=\"https:\/\/www.uoh.cl\/educacion-continua\">Inicio<\/a><\/li><li><span class=\"separator\"><?xml version=\"1.0\" ?><svg viewBox=\"0 0 96 96\" xmlns=\"http:\/\/www.w3.org\/2000\/svg\"><title\/><path d=\"M39.3756,48.0022l30.47-25.39a6.0035,6.0035,0,0,0-7.6878-9.223L26.1563,43.3906a6.0092,6.0092,0,0,0,0,9.2231L62.1578,82.615a6.0035,6.0035,0,0,0,7.6878-9.2231Z\"\/><\/svg><\/span><\/li><li><a href=\"\"><\/a><\/li><li>Curso S\u00edndrome de Down: abordaje educativo inclusivo desde el enfoque normativo y pedag\u00f3gico chileno Informaci\u00f3n<\/li><\/ul><\/div><span><\/span><\/div><\/div>[\/vc_column][\/vc_row][vc_section el_id=&#8221;diplomado&#8221; el_class=&#8221;container mx-auto p-0 align-items-center text-right circle&#8211;pattern&#8221;][vc_row el_class=&#8221;container mx-auto p-0 align-items-center text-right circle&#8211;pattern&#8221;][vc_column][vc_zigzag color=&#8221;white&#8221;][vc_wp_custommenu nav_menu=&#8221;6&#8243;][\/vc_column][\/vc_row][vc_row el_class=&#8221;container mx-auto align-items-center&#8221;][vc_column][vc_row_inner][vc_column_inner width=&#8221;2\/3&#8243;]<div class=\"uoh_title_component-container\"><h2 class=\"title title--ms d-inline-block title--decorator  medium\">Presentaci\u00f3n del Curso<\/h2><\/div>[vc_column_text css=&#8221;&#8221;]Dentro de las necesidades formativas m\u00e1s demandadas por las y los docentes de la Regi\u00f3n de O\u2019Higgins se encuentra la atenci\u00f3n a la diversidad y, en particular, a las necesidades educativas especiales. Entre estas, el abordaje del s\u00edndrome de Down representa uno de los mayores desaf\u00edos, ya que requiere de una preparaci\u00f3n espec\u00edfica que fortalezca las competencias pedag\u00f3gicas para una inclusi\u00f3n efectiva en el aula.<\/p>\n<p>Seg\u00fan Rivera et al. (2021), en Chile se estima una prevalencia de 24,7 casos por cada 10.000 nacimientos. En l\u00ednea con esta realidad, datos recogidos por el Proyecto URO 2395 indican que, solo en la Regi\u00f3n de O\u2019Higgins, durante el a\u00f1o 2023 se matricularon 139 estudiantes con s\u00edndrome de Down en establecimientos que cuentan con Programa de Integraci\u00f3n Escolar (PIE), lo que evidencia la necesidad de fortalecer la formaci\u00f3n docente en este \u00e1mbito.<\/p>\n<p>En consideraci\u00f3n a lo anteriormente expuesto, la Universidad de O\u2019Higgins cuenta con los docentes id\u00f3neos para entregar conocimientos actualizados sobre esta materia, que permitan un mejor aprendizaje y una mayor inclusi\u00f3n escolar del estudiantado con S\u00edndrome de Down, el programa est\u00e1 dirigido a Docentes de educaci\u00f3n parvularia, b\u00e1sica y media, educadoras\/es diferenciales, asistentes de la educaci\u00f3n, equipos PIE, UTP, directivas\/os y profesionales de apoyo psicoeducativo.[\/vc_column_text][vc_zigzag color=&#8221;white&#8221;][\/vc_column_inner][vc_column_inner width=&#8221;1\/3&#8243;][vc_icon icon_fontawesome=&#8221;fa fa-solid fa-children&#8221; color=&#8221;custom&#8221; size=&#8221;lg&#8221; css=&#8221;&#8221; custom_color=&#8221;#42a0f8&#8243;][\/vc_column_inner][\/vc_row_inner][\/vc_column][\/vc_row][\/vc_section][vc_section css=&#8221;.vc_custom_1704398728931{background-color: #f6faff !important;}&#8221; el_class=&#8221;pb-4&#8243;][vc_row el_class=&#8221;container mx-auto align-items-center&#8221;][vc_column width=&#8221;2\/3&#8243;]<div class=\"uoh_title_component-container\"><h2 class=\"title title--ms d-inline-block title--decorator  medium\">P\u00fablico objetivo<\/h2><\/div>[vc_column_text css=&#8221;&#8221;]El curso est\u00e1 destinado a docentes de educaci\u00f3n parvularia, b\u00e1sica y media, educadoras\/es diferenciales, asistentes de la educaci\u00f3n, profesionales del \u00e1rea de la educaci\u00f3n, profesionales de apoyo psicoeducativo y equipo PIE.[\/vc_column_text][vc_zigzag color=&#8221;custom&#8221; custom_color=&#8221;#f6faff&#8221;][vc_row_inner][vc_column_inner]<div class=\"uoh_title_component-container\"><h2 class=\"title title--ms d-inline-block title--decorator  medium\">Perfil de egreso<\/h2><\/div>[vc_column_text css=&#8221;&#8221;]Al finalizar el programa, la\/el participante ser\u00e1 capaz de aplicar estrategias inclusivas que promuevan el aprendizaje, participaci\u00f3n activa y autonom\u00eda escolar, a trav\u00e9s del desarrollo integral de las y los estudiantes con s\u00edndrome de Down.[\/vc_column_text][vc_zigzag color=&#8221;custom&#8221; custom_color=&#8221;#f6faff&#8221;][\/vc_column_inner][\/vc_row_inner][\/vc_column][vc_column width=&#8221;1\/3&#8243; css=&#8221;.vc_custom_1706888996077{border-radius: 15px !important;}&#8221; el_class=&#8221;container mx-auto align-items-center&#8221;][\/vc_column][\/vc_row][\/vc_section][vc_section el_class=&#8221;text-white text-light pb-4&#8243; el_id=&#8221;sitemap&#8221; css=&#8221;.vc_custom_1704298099903{background-color: #53575a !important;}&#8221;][vc_row el_class=&#8221;container mx-auto align-items-start&#8221;][vc_column width=&#8221;1\/4&#8243;]<div class=\"uoh_title_component-container\"><h4 class=\"title title--ms d-inline-block title--decorator  small\">Presentaci\u00f3n<\/h4><\/div><div class=\"uoh_link_component pe-4 left py-1 simple left\"><a href=\"https:\/\/www.uoh.cl\/educacion-continua\/curso-sindrome-de-down-abordaje-educativo-inclusivo-desde-el-enfoque-normativo-y-pedagogico-chileno\/informacion\/\"\n                                    class=\"link link--bold component__btn-content\"\n                                    title\"\"\n                                    target=\"_blank\"\n                                    rel=\"\">Curso<span class=\"icon icon--inline icon--link\"><svg version=\"1.1\" xmlns=\"http:\/\/www.w3.org\/2000\/svg\" xmlns:xlink=\"http:\/\/www.w3.org\/1999\/xlink\" x=\"0px\" y=\"0px\" width=\"22px\"height=\"22px\" viewBox=\"0 0 22 22\" style=\"overflow:visible;enable-background:new 0 0 80 64.6;\" xml:space=\"preserve\"><g clip-path=\"url(#acA)\"><path fill-rule=\"evenodd\" d=\"M21.913 11.266a.93.93 0 000-.711c-.022-.056-.063-.097-.091-.144s-.053-.103-.097-.15L12.306.294c-.357-.379-.955-.394-1.334-.038s-.394.955-.038 1.334l7.917 8.374H.927a.95.95 0 00-.908.983.946.946 0 00.908.908h17.924l-8.089 8.552c-.357.379-.341.977.034 1.334s.977.341 1.334-.034l9.594-10.148c.044-.044.063-.1.097-.15.028-.047.069-.088.091-.141z\"\/><\/g><defs><clipPath id=\"acA\"><path fill=\"#fff\" d=\"M0 0h22v22H0z\"\/><\/clipPath><\/defs><\/svg><\/span><\/a><\/div>[vc_zigzag color=&#8221;custom&#8221; custom_color=&#8221;#53575a&#8221;][\/vc_column][vc_column width=&#8221;1\/4&#8243;]<div class=\"uoh_title_component-container\"><h4 class=\"title title--ms d-inline-block title--decorator  small\">Programa<\/h4><\/div><div class=\"uoh_link_component pe-4 left py-1 simple left\"><a href=\"https:\/\/www.uoh.cl\/educacion-continua\/curso-sindrome-de-down-abordaje-educativo-inclusivo-desde-el-enfoque-normativo-y-pedagogico-chileno\/programa\/\"\n                                    class=\"link link--bold component__btn-content\"\n                                    title\"\"\n                                    target=\"_blank\"\n                                    rel=\"\">Programa de estudios<span class=\"icon icon--inline icon--link\"><svg version=\"1.1\" xmlns=\"http:\/\/www.w3.org\/2000\/svg\" xmlns:xlink=\"http:\/\/www.w3.org\/1999\/xlink\" x=\"0px\" y=\"0px\" width=\"22px\"height=\"22px\" viewBox=\"0 0 22 22\" style=\"overflow:visible;enable-background:new 0 0 80 64.6;\" xml:space=\"preserve\"><g clip-path=\"url(#acA)\"><path fill-rule=\"evenodd\" d=\"M21.913 11.266a.93.93 0 000-.711c-.022-.056-.063-.097-.091-.144s-.053-.103-.097-.15L12.306.294c-.357-.379-.955-.394-1.334-.038s-.394.955-.038 1.334l7.917 8.374H.927a.95.95 0 00-.908.983.946.946 0 00.908.908h17.924l-8.089 8.552c-.357.379-.341.977.034 1.334s.977.341 1.334-.034l9.594-10.148c.044-.044.063-.1.097-.15.028-.047.069-.088.091-.141z\"\/><\/g><defs><clipPath id=\"acA\"><path fill=\"#fff\" d=\"M0 0h22v22H0z\"\/><\/clipPath><\/defs><\/svg><\/span><\/a><\/div><div class=\"uoh_link_component pe-4 d-inline-block py-1 simple inline\"><a href=\"https:\/\/www.uoh.cl\/educacion-continua\/curso-sindrome-de-down-abordaje-educativo-inclusivo-desde-el-enfoque-normativo-y-pedagogico-chileno\/programa\/#cuerpo-docente\"\n                                    class=\"link link--bold component__btn-content\"\n                                    title\"\"\n                                    target=\"_blank\"\n                                    rel=\"\">Cuerpo docente<span class=\"icon icon--inline icon--link\"><svg version=\"1.1\" xmlns=\"http:\/\/www.w3.org\/2000\/svg\" xmlns:xlink=\"http:\/\/www.w3.org\/1999\/xlink\" x=\"0px\" y=\"0px\" width=\"22px\"height=\"22px\" viewBox=\"0 0 22 22\" style=\"overflow:visible;enable-background:new 0 0 80 64.6;\" xml:space=\"preserve\"><g clip-path=\"url(#acA)\"><path fill-rule=\"evenodd\" d=\"M21.913 11.266a.93.93 0 000-.711c-.022-.056-.063-.097-.091-.144s-.053-.103-.097-.15L12.306.294c-.357-.379-.955-.394-1.334-.038s-.394.955-.038 1.334l7.917 8.374H.927a.95.95 0 00-.908.983.946.946 0 00.908.908h17.924l-8.089 8.552c-.357.379-.341.977.034 1.334s.977.341 1.334-.034l9.594-10.148c.044-.044.063-.1.097-.15.028-.047.069-.088.091-.141z\"\/><\/g><defs><clipPath id=\"acA\"><path fill=\"#fff\" d=\"M0 0h22v22H0z\"\/><\/clipPath><\/defs><\/svg><\/span><\/a><\/div>[vc_zigzag color=&#8221;custom&#8221; custom_color=&#8221;#53575a&#8221;][\/vc_column][vc_column width=&#8221;1\/4&#8243;]<div class=\"uoh_title_component-container\"><h4 class=\"title title--ms d-inline-block title--decorator  small\">Admisi\u00f3n<\/h4><\/div><div class=\"uoh_link_component pe-4 left py-1 simple left\"><a href=\"https:\/\/www.uoh.cl\/educacion-continua\/curso-sindrome-de-down-abordaje-educativo-inclusivo-desde-el-enfoque-normativo-y-pedagogico-chileno\/admision\/\"\n                                    class=\"link link--bold component__btn-content\"\n                                    title\"\"\n                                    target=\"_blank\"\n                                    rel=\"\">Requisitos de ingreso<span class=\"icon icon--inline icon--link\"><svg version=\"1.1\" xmlns=\"http:\/\/www.w3.org\/2000\/svg\" xmlns:xlink=\"http:\/\/www.w3.org\/1999\/xlink\" x=\"0px\" y=\"0px\" width=\"22px\"height=\"22px\" viewBox=\"0 0 22 22\" style=\"overflow:visible;enable-background:new 0 0 80 64.6;\" xml:space=\"preserve\"><g clip-path=\"url(#acA)\"><path fill-rule=\"evenodd\" d=\"M21.913 11.266a.93.93 0 000-.711c-.022-.056-.063-.097-.091-.144s-.053-.103-.097-.15L12.306.294c-.357-.379-.955-.394-1.334-.038s-.394.955-.038 1.334l7.917 8.374H.927a.95.95 0 00-.908.983.946.946 0 00.908.908h17.924l-8.089 8.552c-.357.379-.341.977.034 1.334s.977.341 1.334-.034l9.594-10.148c.044-.044.063-.1.097-.15.028-.047.069-.088.091-.141z\"\/><\/g><defs><clipPath id=\"acA\"><path fill=\"#fff\" d=\"M0 0h22v22H0z\"\/><\/clipPath><\/defs><\/svg><\/span><\/a><\/div>[vc_zigzag color=&#8221;custom&#8221; custom_color=&#8221;#53575a&#8221;][\/vc_column][vc_column width=&#8221;1\/4&#8243;]<div class=\"uoh_simple_image_component component__simple_image simple__image-left col-12\"><div class=\"uoh_simple_image_component\"><figure class=\"simple_image_contain\"><div> <img decoding=\"async\" data-src=\"https:\/\/www.uoh.cl\/educacion-continua\/wp-content\/uploads\/sites\/48\/2026\/03\/Curso-Sindrome-de-Down-abordaje-educativo-inclusivo-desde-el-enfoque-normativo-y-pedagogico-chileno.png\" class=\"w-100 lazyload\" src=\"data:image\/svg+xml;base64,PHN2ZyB3aWR0aD0iMSIgaGVpZ2h0PSIxIiB4bWxucz0iaHR0cDovL3d3dy53My5vcmcvMjAwMC9zdmciPjwvc3ZnPg==\" style=\"--smush-placeholder-width: 1000px; --smush-placeholder-aspect-ratio: 1000\/1000;\"> <\/div><\/figure><\/div><\/div>[\/vc_column][\/vc_row][\/vc_section]<\/p>\n<\/div>","protected":false},"excerpt":{"rendered":"<p>[vc_row][vc_column][\/vc_column][\/vc_row][vc_section el_id=&#8221;diplomado&#8221; el_class=&#8221;container mx-auto p-0 align-items-center text-right circle&#8211;pattern&#8221;][vc_row el_class=&#8221;container mx-auto p-0 align-items-center text-right circle&#8211;pattern&#8221;][vc_column][vc_zigzag color=&#8221;white&#8221;][vc_wp_custommenu nav_menu=&#8221;6&#8243;][\/vc_column][\/vc_row][vc_row el_class=&#8221;container mx-auto align-items-center&#8221;][vc_column][vc_row_inner][vc_column_inner width=&#8221;2\/3&#8243;][vc_column_text css=&#8221;&#8221;]Dentro de las necesidades formativas m\u00e1s demandadas por las y los docentes de la Regi\u00f3n de O\u2019Higgins se encuentra la atenci\u00f3n a la diversidad y, en particular, a las necesidades educativas especiales. Entre estas, el [&hellip;]<\/p>\n","protected":false},"author":23,"featured_media":0,"parent":5097,"menu_order":0,"comment_status":"closed","ping_status":"closed","template":"","meta":{"_acf_changed":false,"footnotes":""},"class_list":["post-5118","page","type-page","status-publish","hentry"],"acf":[],"yoast_head":"<!-- This site is optimized with the Yoast SEO plugin v26.6 - https:\/\/yoast.com\/wordpress\/plugins\/seo\/ -->\n<title>Curso S\u00edndrome de Down: abordaje educativo inclusivo desde el enfoque normativo y pedag\u00f3gico chileno Informaci\u00f3n - Educaci\u00f3n Continua<\/title>\n<meta name=\"description\" content=\"Conoce y postula al Diplomado de Realizaci\u00f3n Cinematogr\u00e1fica del Instituto de Altos Estudios Audiovisuales en la Universidad de O&#039;Higgins.\" \/>\n<meta name=\"robots\" content=\"index, follow, max-snippet:-1, max-image-preview:large, max-video-preview:-1\" \/>\n<link rel=\"canonical\" href=\"https:\/\/www.uoh.cl\/educacion-continua\/curso-sindrome-de-down-abordaje-educativo-inclusivo-desde-el-enfoque-normativo-y-pedagogico-chileno\/informacion\/\" \/>\n<meta property=\"og:locale\" content=\"es_ES\" \/>\n<meta property=\"og:type\" content=\"article\" \/>\n<meta property=\"og:title\" content=\"Curso S\u00edndrome de Down: abordaje educativo inclusivo desde el enfoque normativo y pedag\u00f3gico chileno Informaci\u00f3n - Educaci\u00f3n Continua\" \/>\n<meta property=\"og:description\" content=\"Conoce y postula al Diplomado de Realizaci\u00f3n Cinematogr\u00e1fica del Instituto de Altos Estudios Audiovisuales en la Universidad de O&#039;Higgins.\" \/>\n<meta property=\"og:url\" content=\"https:\/\/www.uoh.cl\/educacion-continua\/curso-sindrome-de-down-abordaje-educativo-inclusivo-desde-el-enfoque-normativo-y-pedagogico-chileno\/informacion\/\" \/>\n<meta property=\"og:site_name\" content=\"Educaci\u00f3n Continua\" \/>\n<meta property=\"article:modified_time\" content=\"2026-03-25T18:39:44+00:00\" \/>\n<meta name=\"twitter:card\" content=\"summary_large_image\" \/>\n<meta name=\"twitter:label1\" content=\"Tiempo estimado de lectura\" \/>\n\t<meta name=\"twitter:data1\" content=\"3 minutos\" \/>\n<script type=\"application\/ld+json\" class=\"yoast-schema-graph\">{\"@context\":\"https:\/\/schema.org\",\"@graph\":[{\"@type\":\"WebPage\",\"@id\":\"https:\/\/www.uoh.cl\/educacion-continua\/curso-sindrome-de-down-abordaje-educativo-inclusivo-desde-el-enfoque-normativo-y-pedagogico-chileno\/informacion\/\",\"url\":\"https:\/\/www.uoh.cl\/educacion-continua\/curso-sindrome-de-down-abordaje-educativo-inclusivo-desde-el-enfoque-normativo-y-pedagogico-chileno\/informacion\/\",\"name\":\"Curso S\u00edndrome de Down: abordaje educativo inclusivo desde el enfoque normativo y pedag\u00f3gico chileno Informaci\u00f3n - Educaci\u00f3n Continua\",\"isPartOf\":{\"@id\":\"https:\/\/www.uoh.cl\/educacion-continua\/#website\"},\"datePublished\":\"2026-03-25T18:19:05+00:00\",\"dateModified\":\"2026-03-25T18:39:44+00:00\",\"description\":\"Conoce y postula al Diplomado de Realizaci\u00f3n Cinematogr\u00e1fica del Instituto de Altos Estudios Audiovisuales en la Universidad de O'Higgins.\",\"breadcrumb\":{\"@id\":\"https:\/\/www.uoh.cl\/educacion-continua\/curso-sindrome-de-down-abordaje-educativo-inclusivo-desde-el-enfoque-normativo-y-pedagogico-chileno\/informacion\/#breadcrumb\"},\"inLanguage\":\"es-CL\",\"potentialAction\":[{\"@type\":\"ReadAction\",\"target\":[\"https:\/\/www.uoh.cl\/educacion-continua\/curso-sindrome-de-down-abordaje-educativo-inclusivo-desde-el-enfoque-normativo-y-pedagogico-chileno\/informacion\/\"]}]},{\"@type\":\"BreadcrumbList\",\"@id\":\"https:\/\/www.uoh.cl\/educacion-continua\/curso-sindrome-de-down-abordaje-educativo-inclusivo-desde-el-enfoque-normativo-y-pedagogico-chileno\/informacion\/#breadcrumb\",\"itemListElement\":[{\"@type\":\"ListItem\",\"position\":1,\"name\":\"Portada\",\"item\":\"https:\/\/www.uoh.cl\/educacion-continua\/\"},{\"@type\":\"ListItem\",\"position\":2,\"name\":\"Curso S\u00edndrome de Down: abordaje educativo inclusivo desde el enfoque normativo y pedag\u00f3gico chileno\",\"item\":\"https:\/\/www.uoh.cl\/educacion-continua\/curso-sindrome-de-down-abordaje-educativo-inclusivo-desde-el-enfoque-normativo-y-pedagogico-chileno\/\"},{\"@type\":\"ListItem\",\"position\":3,\"name\":\"Curso S\u00edndrome de Down: abordaje educativo inclusivo desde el enfoque normativo y pedag\u00f3gico chileno Informaci\u00f3n\"}]},{\"@type\":\"WebSite\",\"@id\":\"https:\/\/www.uoh.cl\/educacion-continua\/#website\",\"url\":\"https:\/\/www.uoh.cl\/educacion-continua\/\",\"name\":\"Educaci\u00f3n Continua\",\"description\":\"\",\"potentialAction\":[{\"@type\":\"SearchAction\",\"target\":{\"@type\":\"EntryPoint\",\"urlTemplate\":\"https:\/\/www.uoh.cl\/educacion-continua\/?s={search_term_string}\"},\"query-input\":{\"@type\":\"PropertyValueSpecification\",\"valueRequired\":true,\"valueName\":\"search_term_string\"}}],\"inLanguage\":\"es-CL\"}]}<\/script>\n<!-- \/ Yoast SEO plugin. -->","yoast_head_json":{"title":"Curso S\u00edndrome de Down: abordaje educativo inclusivo desde el enfoque normativo y pedag\u00f3gico chileno Informaci\u00f3n - Educaci\u00f3n Continua","description":"Conoce y postula al Diplomado de Realizaci\u00f3n Cinematogr\u00e1fica del Instituto de Altos Estudios Audiovisuales en la Universidad de O'Higgins.","robots":{"index":"index","follow":"follow","max-snippet":"max-snippet:-1","max-image-preview":"max-image-preview:large","max-video-preview":"max-video-preview:-1"},"canonical":"https:\/\/www.uoh.cl\/educacion-continua\/curso-sindrome-de-down-abordaje-educativo-inclusivo-desde-el-enfoque-normativo-y-pedagogico-chileno\/informacion\/","og_locale":"es_ES","og_type":"article","og_title":"Curso S\u00edndrome de Down: abordaje educativo inclusivo desde el enfoque normativo y pedag\u00f3gico chileno Informaci\u00f3n - Educaci\u00f3n Continua","og_description":"Conoce y postula al Diplomado de Realizaci\u00f3n Cinematogr\u00e1fica del Instituto de Altos Estudios Audiovisuales en la Universidad de O'Higgins.","og_url":"https:\/\/www.uoh.cl\/educacion-continua\/curso-sindrome-de-down-abordaje-educativo-inclusivo-desde-el-enfoque-normativo-y-pedagogico-chileno\/informacion\/","og_site_name":"Educaci\u00f3n Continua","article_modified_time":"2026-03-25T18:39:44+00:00","twitter_card":"summary_large_image","twitter_misc":{"Tiempo estimado de lectura":"3 minutos"},"schema":{"@context":"https:\/\/schema.org","@graph":[{"@type":"WebPage","@id":"https:\/\/www.uoh.cl\/educacion-continua\/curso-sindrome-de-down-abordaje-educativo-inclusivo-desde-el-enfoque-normativo-y-pedagogico-chileno\/informacion\/","url":"https:\/\/www.uoh.cl\/educacion-continua\/curso-sindrome-de-down-abordaje-educativo-inclusivo-desde-el-enfoque-normativo-y-pedagogico-chileno\/informacion\/","name":"Curso S\u00edndrome de Down: abordaje educativo inclusivo desde el enfoque normativo y pedag\u00f3gico chileno Informaci\u00f3n - Educaci\u00f3n Continua","isPartOf":{"@id":"https:\/\/www.uoh.cl\/educacion-continua\/#website"},"datePublished":"2026-03-25T18:19:05+00:00","dateModified":"2026-03-25T18:39:44+00:00","description":"Conoce y postula al Diplomado de Realizaci\u00f3n Cinematogr\u00e1fica del Instituto de Altos Estudios Audiovisuales en la Universidad de O'Higgins.","breadcrumb":{"@id":"https:\/\/www.uoh.cl\/educacion-continua\/curso-sindrome-de-down-abordaje-educativo-inclusivo-desde-el-enfoque-normativo-y-pedagogico-chileno\/informacion\/#breadcrumb"},"inLanguage":"es-CL","potentialAction":[{"@type":"ReadAction","target":["https:\/\/www.uoh.cl\/educacion-continua\/curso-sindrome-de-down-abordaje-educativo-inclusivo-desde-el-enfoque-normativo-y-pedagogico-chileno\/informacion\/"]}]},{"@type":"BreadcrumbList","@id":"https:\/\/www.uoh.cl\/educacion-continua\/curso-sindrome-de-down-abordaje-educativo-inclusivo-desde-el-enfoque-normativo-y-pedagogico-chileno\/informacion\/#breadcrumb","itemListElement":[{"@type":"ListItem","position":1,"name":"Portada","item":"https:\/\/www.uoh.cl\/educacion-continua\/"},{"@type":"ListItem","position":2,"name":"Curso S\u00edndrome de Down: abordaje educativo inclusivo desde el enfoque normativo y pedag\u00f3gico chileno","item":"https:\/\/www.uoh.cl\/educacion-continua\/curso-sindrome-de-down-abordaje-educativo-inclusivo-desde-el-enfoque-normativo-y-pedagogico-chileno\/"},{"@type":"ListItem","position":3,"name":"Curso S\u00edndrome de Down: abordaje educativo inclusivo desde el enfoque normativo y pedag\u00f3gico chileno Informaci\u00f3n"}]},{"@type":"WebSite","@id":"https:\/\/www.uoh.cl\/educacion-continua\/#website","url":"https:\/\/www.uoh.cl\/educacion-continua\/","name":"Educaci\u00f3n Continua","description":"","potentialAction":[{"@type":"SearchAction","target":{"@type":"EntryPoint","urlTemplate":"https:\/\/www.uoh.cl\/educacion-continua\/?s={search_term_string}"},"query-input":{"@type":"PropertyValueSpecification","valueRequired":true,"valueName":"search_term_string"}}],"inLanguage":"es-CL"}]}},"_links":{"self":[{"href":"https:\/\/www.uoh.cl\/educacion-continua\/wp-json\/wp\/v2\/pages\/5118","targetHints":{"allow":["GET"]}}],"collection":[{"href":"https:\/\/www.uoh.cl\/educacion-continua\/wp-json\/wp\/v2\/pages"}],"about":[{"href":"https:\/\/www.uoh.cl\/educacion-continua\/wp-json\/wp\/v2\/types\/page"}],"author":[{"embeddable":true,"href":"https:\/\/www.uoh.cl\/educacion-continua\/wp-json\/wp\/v2\/users\/23"}],"replies":[{"embeddable":true,"href":"https:\/\/www.uoh.cl\/educacion-continua\/wp-json\/wp\/v2\/comments?post=5118"}],"version-history":[{"count":4,"href":"https:\/\/www.uoh.cl\/educacion-continua\/wp-json\/wp\/v2\/pages\/5118\/revisions"}],"predecessor-version":[{"id":5128,"href":"https:\/\/www.uoh.cl\/educacion-continua\/wp-json\/wp\/v2\/pages\/5118\/revisions\/5128"}],"up":[{"embeddable":true,"href":"https:\/\/www.uoh.cl\/educacion-continua\/wp-json\/wp\/v2\/pages\/5097"}],"wp:attachment":[{"href":"https:\/\/www.uoh.cl\/educacion-continua\/wp-json\/wp\/v2\/media?parent=5118"}],"curies":[{"name":"wp","href":"https:\/\/api.w.org\/{rel}","templated":true}]}}