
{"id":19,"date":"2022-04-11T03:33:36","date_gmt":"2022-04-11T06:33:36","guid":{"rendered":"https:\/\/www.uoh.cl\/direccion-de-gestion-de-la-calidad\/?page_id=19"},"modified":"2026-04-23T19:13:05","modified_gmt":"2026-04-23T22:13:05","slug":"acreditacion-de-carreras","status":"publish","type":"page","link":"https:\/\/www.uoh.cl\/direccion-de-gestion-de-la-calidad\/acreditacion-de-carreras\/","title":{"rendered":"Acreditaci\u00f3n de carreras"},"content":{"rendered":"<div class=\"wpb-content-wrapper\"><p>[vc_section el_class=&#8221;container mx-auto align-items-center text-right circle&#8211;pattern&#8221; css=&#8221;.vc_custom_1648956589196{padding-top: 3rem !important;}&#8221;][vc_row el_class=&#8221;pb-5&#8243;][vc_column][vc_wp_custommenu nav_menu=&#8221;4&#8243;]<div class=\"breadcrumb\"><ol itemscope itemtype=\"https:\/\/schema.org\/BreadcrumbList\"><li itemprop=\"itemListElement\" itemscope itemtype=\"https:\/\/schema.org\/ListItem\"><a itemprop=\"item\" href=\"http:\/\/www.uoh.cl\"><span itemprop=\"name\">Inicio<\/span><\/a><meta itemprop=\"position\" content=\"1\" \/><li itemprop=\"itemListElement\" itemscope itemtype=\"https:\/\/schema.org\/ListItem\"><a itemprop=\"item\" href=\"https:\/\/www.uoh.cl\/direccion-de-gestion-de-la-calidad\"><span itemprop=\"name\">Direcci\u00f3n de Gesti\u00f3n de la Calidad<\/span><\/a><meta itemprop=\"position\" content=\"2\" \/><li itemprop=\"itemListElement\" itemscope itemtype=\"https:\/\/schema.org\/ListItem\"><span itemprop=\"name\">Acreditaci\u00f3n de carreras <\/span><meta itemprop=\"position\" content=\"3\" \/><\/ol><\/div><div class=\"uoh_title_component-container\"><h1 class=\"title title--ms d-inline-block title--decorator  big\">Acreditaci\u00f3n de carreras<\/h1><\/div>[\/vc_column][\/vc_row][\/vc_section][vc_section css=&#8221;.vc_custom_1776982185313{background-color: #F6FAFF !important;}&#8221; el_class=&#8221;p-md-0 pt-md-5&#8243;][vc_row el_class=&#8221;container mx-auto align-items-center text-right p-md-0 pt-5&#8243;][vc_column el_class=&#8221;p-0&#8243;][vc_column_text css=&#8221;&#8221;]<\/p>\n<table width=\"486\">\n<tbody>\n<tr>\n<td width=\"157\"><strong>Carrera<\/strong><\/td>\n<td width=\"102\"><strong>A\u00f1os de acreditaci\u00f3n<\/strong><\/td>\n<td width=\"227\"><strong>Periodo de acreditaci\u00f3n<\/strong><\/td>\n<\/tr>\n<tr>\n<td width=\"157\">Pedagog\u00eda en Ciencias Naturales<\/td>\n<td width=\"102\">3 a\u00f1os. M\u00e1ximo posible para carreras sin titulados<\/td>\n<td width=\"227\">Desde el 28\/12\/2022 hasta el 28\/12\/2025.<\/p>\n<p>En proceso de re-acreditaci\u00f3n<\/td>\n<\/tr>\n<tr>\n<td width=\"157\">Pedagog\u00eda en Matem\u00e1tica<\/td>\n<td width=\"102\">4 a\u00f1os<\/td>\n<td width=\"227\">Desde el 18\/01\/2023 hasta el 18\/01\/2027.<\/td>\n<\/tr>\n<tr>\n<td width=\"157\">Pedagog\u00eda en Educaci\u00f3n Parvularia<\/td>\n<td width=\"102\">4 a\u00f1os<\/td>\n<td width=\"227\">Desde el 22\/06\/2023 hasta el 22\/06\/2027.<\/td>\n<\/tr>\n<tr>\n<td width=\"157\">Pedagog\u00eda en Educaci\u00f3n B\u00e1sica<\/td>\n<td width=\"102\">5 a\u00f1os<\/td>\n<td width=\"227\">Desde el 24\/08\/2022 hasta el 24\/08\/2027.<\/td>\n<\/tr>\n<tr>\n<td width=\"157\">Pedagog\u00eda en Ingl\u00e9s para Ense\u00f1anza B\u00e1sica y Media<\/td>\n<td width=\"102\">5 a\u00f1os<\/td>\n<td width=\"227\">Desde el14\/12\/2022 hasta el 14\/12\/2027.<\/td>\n<\/tr>\n<tr>\n<td width=\"157\">Pedagog\u00eda en Lenguaje y Comunicaci\u00f3n<\/td>\n<td width=\"102\">5 a\u00f1os<\/td>\n<td width=\"227\">Desde el 15\/12\/2022 hasta el 15\/12\/2027.<\/td>\n<\/tr>\n<tr>\n<td width=\"157\">Pedagog\u00eda en Educaci\u00f3n Especial<\/td>\n<td width=\"102\">5 a\u00f1os<\/td>\n<td width=\"227\">Desde el 10\/07\/2024 hasta el 10\/07\/2029.<\/td>\n<\/tr>\n<tr>\n<td width=\"157\">Medicina<\/td>\n<td width=\"102\">4 a\u00f1os<\/td>\n<td width=\"227\">Desde el 03\/09\/2025 hasta el 03\/09\/2029.<\/td>\n<\/tr>\n<tr>\n<td width=\"157\">Doctorado en Ciencias de la Salud<\/td>\n<td width=\"102\">2 a\u00f1os<\/td>\n<td width=\"227\">Desde el 12\/11\/2025 hasta el 12\/11\/2027.<\/td>\n<\/tr>\n<tr>\n<td width=\"157\">Doctorado en Ciencias de la Bioingenier\u00eda<\/td>\n<td width=\"102\">3 a\u00f1os. M\u00e1ximo posible para carreras sin graduados<\/td>\n<td width=\"227\">Desde el 12\/11\/2025 hasta el 12\/11\/2028.<\/td>\n<\/tr>\n<\/tbody>\n<\/table>\n<p>[\/vc_column_text][\/vc_column][\/vc_row][vc_row][vc_column][vc_zigzag color=&#8221;custom&#8221; custom_color=&#8221;#F6FAFF&#8221;][\/vc_column][\/vc_row][\/vc_section][vc_section css=&#8221;.vc_custom_1776982162786{background-color: #FFFFFF !important;}&#8221; el_class=&#8221;p-md-0 pt-md-5 pb-md-5&#8243;][vc_row el_class=&#8221;container mx-auto align-items-center text-right&#8221;][vc_column]<div class=\"uoh_title_component-container\"><h2 class=\"title title--ms d-inline-block title--decorator  medium\">Acreditaci\u00f3n en la UOH<\/h2><\/div>[vc_row_inner][vc_column_inner width=&#8221;1\/5&#8243;]<link rel=\"stylesheet\" id=\"font-awesome-css\" href=\"https:\/\/cdnjs.cloudflare.com\/ajax\/libs\/font-awesome\/6.5.1\/css\/all.min.css\" type=\"text\/css\" media=\"all\"><div class=\"box-container__icon circle--pattern overflow-hidden\"><figure><i class=\"fa-5x fa fa-solid fa-percent\" style=\"color: #42a0f8;\"><\/i><figcaption class=\"uoh_row my-2 align-items-center\">\n                        <div class=\"\"><h5 class=\"title__caption mb-3\" style=\"color: #42a0f8;\">Acreditadas el 100% de las carreras y programas de acreditaci\u00f3n obligatoria.<\/h5><\/div> <\/figcaption><\/figure><\/div>[\/vc_column_inner][vc_column_inner width=&#8221;1\/5&#8243;]<link rel=\"stylesheet\" id=\"font-awesome-css\" href=\"https:\/\/cdnjs.cloudflare.com\/ajax\/libs\/font-awesome\/6.5.1\/css\/all.min.css\" type=\"text\/css\" media=\"all\"><div class=\"box-container__icon circle--pattern overflow-hidden\"><figure><i class=\"fa-5x fa fa-solid fa-check\" style=\"color: #42a0f8;\"><\/i><figcaption class=\"uoh_row my-2 align-items-center\">\n                        <div class=\"\"><h5 class=\"title__caption mb-3\" style=\"color: #42a0f8;\">Todas las carreras y programas que se evaluaron se lograron acreditar.<\/h5><\/div> <\/figcaption><\/figure><\/div>[\/vc_column_inner][vc_column_inner width=&#8221;1\/5&#8243;]<link rel=\"stylesheet\" id=\"font-awesome-css\" href=\"https:\/\/cdnjs.cloudflare.com\/ajax\/libs\/font-awesome\/6.5.1\/css\/all.min.css\" type=\"text\/css\" media=\"all\"><div class=\"box-container__icon circle--pattern overflow-hidden\"><figure><i class=\"fa-5x fa fa-solid fa-capsules\" style=\"color: #42a0f8;\"><\/i><figcaption class=\"uoh_row my-2 align-items-center\">\n                        <div class=\"\"><h5 class=\"title__caption mb-3\" style=\"color: #42a0f8;\">Medicina acreditada por 4 a\u00f1os en su primer proceso de acreditaci\u00f3n con titulados.<\/h5><\/div> <\/figcaption><\/figure><\/div>[\/vc_column_inner][vc_column_inner width=&#8221;1\/5&#8243;]<link rel=\"stylesheet\" id=\"font-awesome-css\" href=\"https:\/\/cdnjs.cloudflare.com\/ajax\/libs\/font-awesome\/6.5.1\/css\/all.min.css\" type=\"text\/css\" media=\"all\"><div class=\"box-container__icon circle--pattern overflow-hidden\"><figure><i class=\"fa-5x fa fa-solid fa-code-compare\" style=\"color: #42a0f8;\"><\/i><figcaption class=\"uoh_row my-2 align-items-center\">\n                        <div class=\"\"><h5 class=\"title__caption mb-3\" style=\"color: #42a0f8;\">Una carrera (Pedagog\u00eda en Ciencias Naturales) en proceso de re-acreditaci\u00f3n, por primera vez con titulados.<\/h5><\/div> <\/figcaption><\/figure><\/div>[\/vc_column_inner][vc_column_inner width=&#8221;1\/5&#8243;]<link rel=\"stylesheet\" id=\"font-awesome-css\" href=\"https:\/\/cdnjs.cloudflare.com\/ajax\/libs\/font-awesome\/6.5.1\/css\/all.min.css\" type=\"text\/css\" media=\"all\"><div class=\"box-container__icon circle--pattern overflow-hidden\"><figure><i class=\"fa-5x fa fa-solid fa-list-check\" style=\"color: #42a0f8;\"><\/i><figcaption class=\"uoh_row my-2 align-items-center\">\n                        <div class=\"\"><h5 class=\"title__caption mb-3\" style=\"color: #42a0f8;\">Dos Mag\u00edster en proceso de autoevaluaci\u00f3n<\/h5><\/div> <\/figcaption><\/figure><\/div>[\/vc_column_inner][\/vc_row_inner][\/vc_column][\/vc_row][\/vc_section]<\/p>\n<\/div>","protected":false},"excerpt":{"rendered":"<p>[vc_section el_class=&#8221;container mx-auto align-items-center text-right circle&#8211;pattern&#8221; css=&#8221;.vc_custom_1648956589196{padding-top: 3rem !important;}&#8221;][vc_row el_class=&#8221;pb-5&#8243;][vc_column][vc_wp_custommenu nav_menu=&#8221;4&#8243;][\/vc_column][\/vc_row][\/vc_section][vc_section css=&#8221;.vc_custom_1776982185313{background-color: #F6FAFF !important;}&#8221; el_class=&#8221;p-md-0 pt-md-5&#8243;][vc_row el_class=&#8221;container mx-auto align-items-center text-right p-md-0 pt-5&#8243;][vc_column el_class=&#8221;p-0&#8243;][vc_column_text css=&#8221;&#8221;] Carrera A\u00f1os de acreditaci\u00f3n Periodo de acreditaci\u00f3n Pedagog\u00eda en Ciencias Naturales 3 a\u00f1os. M\u00e1ximo posible para carreras sin titulados Desde el 28\/12\/2022 hasta el 28\/12\/2025. En proceso de re-acreditaci\u00f3n Pedagog\u00eda en [&hellip;]<\/p>\n","protected":false},"author":34,"featured_media":0,"parent":0,"menu_order":0,"comment_status":"closed","ping_status":"closed","template":"","meta":{"_acf_changed":false,"footnotes":""},"class_list":["post-19","page","type-page","status-publish","hentry"],"acf":[],"yoast_head":"<!-- This site is optimized with the Yoast SEO plugin v26.6 - https:\/\/yoast.com\/wordpress\/plugins\/seo\/ -->\n<title>Acreditaci\u00f3n de carreras - Direcci\u00f3n de Gesti\u00f3n de la Calidad<\/title>\n<meta name=\"robots\" content=\"index, follow, max-snippet:-1, max-image-preview:large, max-video-preview:-1\" \/>\n<link rel=\"canonical\" href=\"https:\/\/www.uoh.cl\/direccion-de-gestion-de-la-calidad\/acreditacion-de-carreras\/\" \/>\n<meta property=\"og:locale\" content=\"es_ES\" \/>\n<meta property=\"og:type\" content=\"article\" \/>\n<meta property=\"og:title\" content=\"Acreditaci\u00f3n de carreras - Direcci\u00f3n de Gesti\u00f3n de la Calidad\" \/>\n<meta property=\"og:description\" content=\"[vc_section el_class=&#8221;container mx-auto align-items-center text-right circle&#8211;pattern&#8221; css=&#8221;.vc_custom_1648956589196{padding-top: 3rem !important;}&#8221;][vc_row el_class=&#8221;pb-5&#8243;][vc_column][vc_wp_custommenu nav_menu=&#8221;4&#8243;][\/vc_column][\/vc_row][\/vc_section][vc_section css=&#8221;.vc_custom_1776982185313{background-color: #F6FAFF !important;}&#8221; el_class=&#8221;p-md-0 pt-md-5&#8243;][vc_row el_class=&#8221;container mx-auto align-items-center text-right p-md-0 pt-5&#8243;][vc_column el_class=&#8221;p-0&#8243;][vc_column_text css=&#8221;&#8221;] Carrera A\u00f1os de acreditaci\u00f3n Periodo de acreditaci\u00f3n Pedagog\u00eda en Ciencias Naturales 3 a\u00f1os. M\u00e1ximo posible para carreras sin titulados Desde el 28\/12\/2022 hasta el 28\/12\/2025. En proceso de re-acreditaci\u00f3n Pedagog\u00eda en [&hellip;]\" \/>\n<meta property=\"og:url\" content=\"https:\/\/www.uoh.cl\/direccion-de-gestion-de-la-calidad\/acreditacion-de-carreras\/\" \/>\n<meta property=\"og:site_name\" content=\"Direcci\u00f3n de Gesti\u00f3n de la Calidad\" \/>\n<meta property=\"article:modified_time\" content=\"2026-04-23T22:13:05+00:00\" \/>\n<meta name=\"twitter:card\" content=\"summary_large_image\" \/>\n<meta name=\"twitter:label1\" content=\"Tiempo estimado de lectura\" \/>\n\t<meta name=\"twitter:data1\" content=\"2 minutos\" \/>\n<script type=\"application\/ld+json\" class=\"yoast-schema-graph\">{\"@context\":\"https:\/\/schema.org\",\"@graph\":[{\"@type\":\"WebPage\",\"@id\":\"https:\/\/www.uoh.cl\/direccion-de-gestion-de-la-calidad\/acreditacion-de-carreras\/\",\"url\":\"https:\/\/www.uoh.cl\/direccion-de-gestion-de-la-calidad\/acreditacion-de-carreras\/\",\"name\":\"Acreditaci\u00f3n de carreras - Direcci\u00f3n de Gesti\u00f3n de la Calidad\",\"isPartOf\":{\"@id\":\"https:\/\/www.uoh.cl\/direccion-de-gestion-de-la-calidad\/#website\"},\"datePublished\":\"2022-04-11T06:33:36+00:00\",\"dateModified\":\"2026-04-23T22:13:05+00:00\",\"inLanguage\":\"es-CL\",\"potentialAction\":[{\"@type\":\"ReadAction\",\"target\":[\"https:\/\/www.uoh.cl\/direccion-de-gestion-de-la-calidad\/acreditacion-de-carreras\/\"]}]},{\"@type\":\"WebSite\",\"@id\":\"https:\/\/www.uoh.cl\/direccion-de-gestion-de-la-calidad\/#website\",\"url\":\"https:\/\/www.uoh.cl\/direccion-de-gestion-de-la-calidad\/\",\"name\":\"Direcci\u00f3n de Gesti\u00f3n de la Calidad\",\"description\":\"Otro sitio de Sitios de Universidad O'higgins\",\"potentialAction\":[{\"@type\":\"SearchAction\",\"target\":{\"@type\":\"EntryPoint\",\"urlTemplate\":\"https:\/\/www.uoh.cl\/direccion-de-gestion-de-la-calidad\/?s={search_term_string}\"},\"query-input\":{\"@type\":\"PropertyValueSpecification\",\"valueRequired\":true,\"valueName\":\"search_term_string\"}}],\"inLanguage\":\"es-CL\"}]}<\/script>\n<!-- \/ Yoast SEO plugin. -->","yoast_head_json":{"title":"Acreditaci\u00f3n de carreras - Direcci\u00f3n de Gesti\u00f3n de la Calidad","robots":{"index":"index","follow":"follow","max-snippet":"max-snippet:-1","max-image-preview":"max-image-preview:large","max-video-preview":"max-video-preview:-1"},"canonical":"https:\/\/www.uoh.cl\/direccion-de-gestion-de-la-calidad\/acreditacion-de-carreras\/","og_locale":"es_ES","og_type":"article","og_title":"Acreditaci\u00f3n de carreras - Direcci\u00f3n de Gesti\u00f3n de la Calidad","og_description":"[vc_section el_class=&#8221;container mx-auto align-items-center text-right circle&#8211;pattern&#8221; css=&#8221;.vc_custom_1648956589196{padding-top: 3rem !important;}&#8221;][vc_row el_class=&#8221;pb-5&#8243;][vc_column][vc_wp_custommenu nav_menu=&#8221;4&#8243;][\/vc_column][\/vc_row][\/vc_section][vc_section css=&#8221;.vc_custom_1776982185313{background-color: #F6FAFF !important;}&#8221; el_class=&#8221;p-md-0 pt-md-5&#8243;][vc_row el_class=&#8221;container mx-auto align-items-center text-right p-md-0 pt-5&#8243;][vc_column el_class=&#8221;p-0&#8243;][vc_column_text css=&#8221;&#8221;] Carrera A\u00f1os de acreditaci\u00f3n Periodo de acreditaci\u00f3n Pedagog\u00eda en Ciencias Naturales 3 a\u00f1os. M\u00e1ximo posible para carreras sin titulados Desde el 28\/12\/2022 hasta el 28\/12\/2025. En proceso de re-acreditaci\u00f3n Pedagog\u00eda en [&hellip;]","og_url":"https:\/\/www.uoh.cl\/direccion-de-gestion-de-la-calidad\/acreditacion-de-carreras\/","og_site_name":"Direcci\u00f3n de Gesti\u00f3n de la Calidad","article_modified_time":"2026-04-23T22:13:05+00:00","twitter_card":"summary_large_image","twitter_misc":{"Tiempo estimado de lectura":"2 minutos"},"schema":{"@context":"https:\/\/schema.org","@graph":[{"@type":"WebPage","@id":"https:\/\/www.uoh.cl\/direccion-de-gestion-de-la-calidad\/acreditacion-de-carreras\/","url":"https:\/\/www.uoh.cl\/direccion-de-gestion-de-la-calidad\/acreditacion-de-carreras\/","name":"Acreditaci\u00f3n de carreras - Direcci\u00f3n de Gesti\u00f3n de la Calidad","isPartOf":{"@id":"https:\/\/www.uoh.cl\/direccion-de-gestion-de-la-calidad\/#website"},"datePublished":"2022-04-11T06:33:36+00:00","dateModified":"2026-04-23T22:13:05+00:00","inLanguage":"es-CL","potentialAction":[{"@type":"ReadAction","target":["https:\/\/www.uoh.cl\/direccion-de-gestion-de-la-calidad\/acreditacion-de-carreras\/"]}]},{"@type":"WebSite","@id":"https:\/\/www.uoh.cl\/direccion-de-gestion-de-la-calidad\/#website","url":"https:\/\/www.uoh.cl\/direccion-de-gestion-de-la-calidad\/","name":"Direcci\u00f3n de Gesti\u00f3n de la Calidad","description":"Otro sitio de Sitios de Universidad O'higgins","potentialAction":[{"@type":"SearchAction","target":{"@type":"EntryPoint","urlTemplate":"https:\/\/www.uoh.cl\/direccion-de-gestion-de-la-calidad\/?s={search_term_string}"},"query-input":{"@type":"PropertyValueSpecification","valueRequired":true,"valueName":"search_term_string"}}],"inLanguage":"es-CL"}]}},"_links":{"self":[{"href":"https:\/\/www.uoh.cl\/direccion-de-gestion-de-la-calidad\/wp-json\/wp\/v2\/pages\/19","targetHints":{"allow":["GET"]}}],"collection":[{"href":"https:\/\/www.uoh.cl\/direccion-de-gestion-de-la-calidad\/wp-json\/wp\/v2\/pages"}],"about":[{"href":"https:\/\/www.uoh.cl\/direccion-de-gestion-de-la-calidad\/wp-json\/wp\/v2\/types\/page"}],"author":[{"embeddable":true,"href":"https:\/\/www.uoh.cl\/direccion-de-gestion-de-la-calidad\/wp-json\/wp\/v2\/users\/34"}],"replies":[{"embeddable":true,"href":"https:\/\/www.uoh.cl\/direccion-de-gestion-de-la-calidad\/wp-json\/wp\/v2\/comments?post=19"}],"version-history":[{"count":23,"href":"https:\/\/www.uoh.cl\/direccion-de-gestion-de-la-calidad\/wp-json\/wp\/v2\/pages\/19\/revisions"}],"predecessor-version":[{"id":1584,"href":"https:\/\/www.uoh.cl\/direccion-de-gestion-de-la-calidad\/wp-json\/wp\/v2\/pages\/19\/revisions\/1584"}],"wp:attachment":[{"href":"https:\/\/www.uoh.cl\/direccion-de-gestion-de-la-calidad\/wp-json\/wp\/v2\/media?parent=19"}],"curies":[{"name":"wp","href":"https:\/\/api.w.org\/{rel}","templated":true}]}}