
{"id":2,"date":"2022-06-07T12:25:54","date_gmt":"2022-06-07T15:25:54","guid":{"rendered":"https:\/\/www.uoh.cl\/brujula\/?page_id=2"},"modified":"2022-08-11T13:50:33","modified_gmt":"2022-08-11T16:50:33","slug":"brujula","status":"publish","type":"page","link":"https:\/\/www.uoh.cl\/brujula\/","title":{"rendered":"Programa Br\u00fajula"},"content":{"rendered":"<div class=\"wpb-content-wrapper\"><p>[vc_section el_class=&#8221;container mx-auto align-items-center text-right circle&#8211;pattern&#8221; css=&#8221;.vc_custom_1648956589196{padding-top: 3rem !important;}&#8221;][vc_row el_class=&#8221;pb-5&#8243;][vc_column][vc_wp_custommenu nav_menu=&#8221;6&#8243;]<div class=\"breadcrumb\"><ol itemscope itemtype=\"https:\/\/schema.org\/BreadcrumbList\"><li itemprop=\"itemListElement\" itemscope itemtype=\"https:\/\/schema.org\/ListItem\"><a itemprop=\"item\" href=\"http:\/\/www.uoh.cl\"><span itemprop=\"name\">Inicio<\/span><\/a><meta itemprop=\"position\" content=\"1\" \/><li itemprop=\"itemListElement\" itemscope itemtype=\"https:\/\/schema.org\/ListItem\"><a itemprop=\"item\" href=\"https:\/\/www.uoh.cl\/brujula\"><span itemprop=\"name\">Programa Brujula<\/span><\/a><meta itemprop=\"position\" content=\"2\" \/><li itemprop=\"itemListElement\" itemscope itemtype=\"https:\/\/schema.org\/ListItem\"><span itemprop=\"name\">Programa Br\u00fajula <\/span><meta itemprop=\"position\" content=\"3\" \/><\/ol><\/div><div class=\"uoh_title_component-container\"><h1 class=\"title title--ms d-inline-block title--decorator  big\">Programa Br\u00fajula<\/h1><\/div>[vc_column_text]<\/p>\n<p>El Programa Br\u00fajula de orientaci\u00f3n profesional y laboral surge el a\u00f1o 2021 a prop\u00f3sito de la primera generaci\u00f3n de estudiantes en proceso de egreso de la Universidad de O&#8217;Higgins. Este programa, dependiente de la Direcci\u00f3n de Pregrado, busca fortalecer competencias transversales, acompa\u00f1ar y orientar a las y los estudiantes de la UOH en el logro de objetivos profesionales y la transici\u00f3n al mundo laboral, mediante acciones de apoyo en diversas materias relacionadas al \u00e1rea del trabajo, y consolidar un v\u00ednculo con los egresados y egresadas, apoyando su inserci\u00f3n laboral y desarrollo profesional.<\/p>\n<p>El Programa Br\u00fajula ofrece diversos servicios focalizados en la orientaci\u00f3n profesional de estudiantes y titulados\/as, tales como: talleres de desarrollo de carrera y apresto laboral, asesor\u00edas personalizadas y grupales, publicaci\u00f3n de material audiovisual informativo, publicaci\u00f3n de ofertas laborales, desarrollo de Feria Laboral, acompa\u00f1amiento de proyectos estudiantiles y m\u00e1s.<\/p>\n<p>[\/vc_column_text][\/vc_column][\/vc_row][\/vc_section][vc_section css=&#8221;.vc_custom_1649209804184{background-color: #f6faff !important;}&#8221; el_class=&#8221;p-md-0 pt-md-5&#8243;][vc_row el_class=&#8221;container mx-auto align-items-center text-right p-md-0 pt-5&#8243;][vc_column width=&#8221;1\/2&#8243; el_class=&#8221;p-0&#8243;][vc_single_image image=&#8221;17&#8243; img_size=&#8221;medium&#8221;]<div class=\"uoh_title_component-container\"><h4 class=\"title title--ms d-inline-block small\">Talleres de Desarrollo de Carrera y Apresto Laboral<\/h4><\/div>[vc_column_text]Talleres que abarcan distintas tem\u00e1ticas relacionadas al \u00e1mbito profesional y laboral, los cuales buscan contribuir al desarrollo y fortalecimiento de competencias transversales y facilitar herramientas que favorezcan la b\u00fasqueda de empleo e inserci\u00f3n laboral de estudiantes y titulados\/as de la UOH.<\/p>\n<p>Inscripciones taller<\/p>\n<p>&nbsp;<\/p>\n<p>[\/vc_column_text][\/vc_column][vc_column width=&#8221;1\/2&#8243;][vc_single_image image=&#8221;20&#8243; img_size=&#8221;medium&#8221;]<div class=\"uoh_title_component-container\"><h4 class=\"title title--ms d-inline-block small\">Atenciones Personalizadas y Grupales<\/h4><\/div>[vc_column_text]Instancias de asesor\u00eda y orientaci\u00f3n a estudiantes y egresados\/as, que buscan resolver dudas con el fin de enfrentar de manera correcta los procesos de reclutamiento y selecci\u00f3n, contribuyendo a su posicionamiento profesional y potenciando competencias claves en el \u00e1rea de empleabilidad.<\/p>\n<p>Para agendar tu hora escr\u00edbenos a <a href=\"mailto:brujula.pregrado@uoh.cl\">brujula.pregrado@uoh.cl<\/a><\/p>\n<p>&nbsp;<\/p>\n<p>[\/vc_column_text][\/vc_column][\/vc_row][vc_row][vc_column][\/vc_column][\/vc_row][vc_row el_class=&#8221;container mx-auto align-items-center text-right p-md-0 pt-5&#8243;][vc_column width=&#8221;1\/2&#8243; el_class=&#8221;p-0&#8243;][vc_single_image image=&#8221;29&#8243; img_size=&#8221;medium&#8221;]<div class=\"uoh_title_component-container\"><h4 class=\"title title--ms d-inline-block small\">Centro de Recursos<\/h4><\/div>[vc_column_text]Publicaci\u00f3n de distintos materiales audiovisuales a fin de difundir contenido sobre trayectorias laborales, orientaci\u00f3n profesional y empleabilidad, todo ello con enfoque de g\u00e9nero y promoviendo la inclusi\u00f3n.<\/p>\n<p>&nbsp;<\/p>\n<p>[\/vc_column_text][\/vc_column][vc_column width=&#8221;1\/2&#8243;][vc_single_image image=&#8221;20&#8243; img_size=&#8221;medium&#8221;]<div class=\"uoh_title_component-container\"><h4 class=\"title title--ms d-inline-block small\">Bolsa de Trabajo<\/h4><\/div>[vc_column_text]Con el fin de mejorar y facilitar la inserci\u00f3n laboral de las y los estudiantes, titulados y tituladas de la UOH, esta iniciativa difunde ofertas laborales y pr\u00e1cticas de Ingenier\u00eda.<\/p>\n<p>&nbsp;<\/p>\n<p>[\/vc_column_text][\/vc_column][\/vc_row][vc_row][vc_column][\/vc_column][\/vc_row][vc_row el_class=&#8221;container mx-auto align-items-center text-right p-md-0 pt-5&#8243;][vc_column width=&#8221;1\/2&#8243; el_class=&#8221;p-0&#8243;][vc_single_image image=&#8221;31&#8243; img_size=&#8221;medium&#8221;]<div class=\"uoh_title_component-container\"><h4 class=\"title title--ms d-inline-block small\">Red Emprende UOH<\/h4><\/div>[vc_column_text]Esta red ofrece una serie de servicios que buscan crear una red de estudiantes emprendedores y emprendedoras, contribuyendo adem\u00e1s en la adquisici\u00f3n de herramientas de negocio que potencien el crecimiento de su iniciativa a trav\u00e9s de asesor\u00edas personalizadas realizadas por estudiantes de cuarto a\u00f1o de la Universidad que prestan orientaci\u00f3n y apoyo a los emprendimientos.<\/p>\n<p>&nbsp;<\/p>\n<p>[\/vc_column_text][\/vc_column][vc_column width=&#8221;1\/2&#8243;][vc_single_image image=&#8221;32&#8243; img_size=&#8221;medium&#8221;]<div class=\"uoh_title_component-container\"><h4 class=\"title title--ms d-inline-block small\">Escuela de Liderazgo<\/h4><\/div>[vc_column_text]Instancia que tiene como prop\u00f3sito construir un espacio de participaci\u00f3n estudiantil que contribuya a potenciar competencias de liderazgo de las y los estudiantes de la Universidad de O\u2019Higgins, a trav\u00e9s de fortalecimiento de habilidades personales e interpersonales.<\/p>\n<p>&nbsp;<\/p>\n<p>[\/vc_column_text][\/vc_column][\/vc_row][vc_row][vc_column][\/vc_column][\/vc_row][vc_row el_class=&#8221;container mx-auto align-items-center text-right p-md-0 pt-5&#8243;][vc_column width=&#8221;1\/2&#8243; el_class=&#8221;p-0&#8243;][vc_single_image image=&#8221;34&#8243; img_size=&#8221;medium&#8221;]<div class=\"uoh_title_component-container\"><h4 class=\"title title--ms d-inline-block small\">Fondos concursables<\/h4><\/div>[vc_column_text]El Programa Br\u00fajula tambi\u00e9n se encarga de apoyar y acompa\u00f1ar el desarrollo y ejecuci\u00f3n de iniciativas estudiantiles que contribuyan a su formaci\u00f3n integral, como el Fondo Incuba UOH y el Fondo de Desarrollo Institucional L\u00ednea Estudiantil del Ministerio de Educaci\u00f3n.<\/p>\n<p>&nbsp;<\/p>\n<p>[\/vc_column_text][\/vc_column][\/vc_row][\/vc_section][vc_section css=&#8221;.vc_custom_1649210787516{background-color: #f6faff !important;}&#8221; el_class=&#8221;p-md-0 pt-md-5 pb-md-5&#8243;][vc_row el_class=&#8221;container mx-auto align-items-center text-right&#8221;][vc_column]<div class=\"uoh_title_component-container\"><h2 class=\"title title--ms d-inline-block medium\">Equipo<\/h2><\/div><div class=\"authorities-container authorities-container--four-per-line px-0 content-holder\"><div class=\"authorities-container__box\"><figure><img decoding=\"async\" data-src=\"https:\/\/www.uoh.cl\/brujula\/wp-content\/uploads\/sites\/31\/2022\/06\/Consejo_Academico_Paloma.jpg\" alt=\"\" src=\"data:image\/svg+xml;base64,PHN2ZyB3aWR0aD0iMSIgaGVpZ2h0PSIxIiB4bWxucz0iaHR0cDovL3d3dy53My5vcmcvMjAwMC9zdmciPjwvc3ZnPg==\" class=\"lazyload\" style=\"--smush-placeholder-width: 625px; --smush-placeholder-aspect-ratio: 625\/625;\"><figcaption><div class=\"flex\">Paloma Vargas<span>Coordinadora General<\/span><\/div><\/figcaption><\/figure><\/div><\/div><\/div><\/div>[\/vc_column][\/vc_row][\/vc_section][vc_section el_class=&#8221;container mx-auto align-items-center text-right circle&#8211;pattern&#8221; css=&#8221;.vc_custom_1648956589196{padding-top: 3rem !important;}&#8221;][\/vc_section][vc_section css=&#8221;.vc_custom_1649209804184{background-color: #f6faff !important;}&#8221; el_class=&#8221;p-md-0 pt-md-5&#8243;][vc_row el_class=&#8221;container mx-auto align-items-center text-right p-md-0 pt-5&#8243;][vc_column el_class=&#8221;p-0&#8243;][\/vc_column][\/vc_row][\/vc_section][vc_section css=&#8221;.vc_custom_1649210787516{background-color: #f6faff !important;}&#8221; el_class=&#8221;p-md-0 pt-md-5 pb-md-5&#8243;][vc_row el_class=&#8221;container mx-auto align-items-center text-right&#8221;][vc_column][\/vc_column][\/vc_row][\/vc_section]<\/p>\n<\/div>","protected":false},"excerpt":{"rendered":"<p>[vc_section el_class=&#8221;container mx-auto align-items-center text-right circle&#8211;pattern&#8221; css=&#8221;.vc_custom_1648956589196{padding-top: 3rem !important;}&#8221;][vc_row el_class=&#8221;pb-5&#8243;][vc_column][vc_wp_custommenu nav_menu=&#8221;6&#8243;][vc_column_text] El Programa Br\u00fajula de orientaci\u00f3n profesional y laboral surge el a\u00f1o 2021 a prop\u00f3sito de la primera generaci\u00f3n de estudiantes en proceso de egreso de la Universidad de O&#8217;Higgins. Este programa, dependiente de la Direcci\u00f3n de Pregrado, busca fortalecer competencias transversales, acompa\u00f1ar y orientar [&hellip;]<\/p>\n","protected":false},"author":34,"featured_media":0,"parent":0,"menu_order":0,"comment_status":"closed","ping_status":"open","template":"","meta":{"_acf_changed":false,"footnotes":""},"class_list":["post-2","page","type-page","status-publish","hentry"],"acf":[],"yoast_head":"<!-- This site is optimized with the Yoast SEO plugin v26.6 - https:\/\/yoast.com\/wordpress\/plugins\/seo\/ -->\n<title>Programa Br\u00fajula - Programa Brujula<\/title>\n<meta name=\"robots\" content=\"index, follow, max-snippet:-1, max-image-preview:large, max-video-preview:-1\" \/>\n<link rel=\"canonical\" href=\"https:\/\/www.uoh.cl\/brujula\/\" \/>\n<meta property=\"og:locale\" content=\"es_ES\" \/>\n<meta property=\"og:type\" content=\"article\" \/>\n<meta property=\"og:title\" content=\"Programa Br\u00fajula - Programa Brujula\" \/>\n<meta property=\"og:description\" content=\"[vc_section el_class=&#8221;container mx-auto align-items-center text-right circle&#8211;pattern&#8221; css=&#8221;.vc_custom_1648956589196{padding-top: 3rem !important;}&#8221;][vc_row el_class=&#8221;pb-5&#8243;][vc_column][vc_wp_custommenu nav_menu=&#8221;6&#8243;][vc_column_text] El Programa Br\u00fajula de orientaci\u00f3n profesional y laboral surge el a\u00f1o 2021 a prop\u00f3sito de la primera generaci\u00f3n de estudiantes en proceso de egreso de la Universidad de O&#8217;Higgins. Este programa, dependiente de la Direcci\u00f3n de Pregrado, busca fortalecer competencias transversales, acompa\u00f1ar y orientar [&hellip;]\" \/>\n<meta property=\"og:url\" content=\"https:\/\/www.uoh.cl\/brujula\/\" \/>\n<meta property=\"og:site_name\" content=\"Programa Brujula\" \/>\n<meta property=\"article:modified_time\" content=\"2022-08-11T16:50:33+00:00\" \/>\n<meta name=\"twitter:card\" content=\"summary_large_image\" \/>\n<meta name=\"twitter:label1\" content=\"Tiempo estimado de lectura\" \/>\n\t<meta name=\"twitter:data1\" content=\"3 minutos\" \/>\n<script type=\"application\/ld+json\" class=\"yoast-schema-graph\">{\"@context\":\"https:\/\/schema.org\",\"@graph\":[{\"@type\":\"WebPage\",\"@id\":\"https:\/\/www.uoh.cl\/brujula\/\",\"url\":\"https:\/\/www.uoh.cl\/brujula\/\",\"name\":\"Programa Br\u00fajula - Programa Brujula\",\"isPartOf\":{\"@id\":\"https:\/\/www.uoh.cl\/brujula\/#website\"},\"datePublished\":\"2022-06-07T15:25:54+00:00\",\"dateModified\":\"2022-08-11T16:50:33+00:00\",\"breadcrumb\":{\"@id\":\"https:\/\/www.uoh.cl\/brujula\/#breadcrumb\"},\"inLanguage\":\"es-CL\",\"potentialAction\":[{\"@type\":\"ReadAction\",\"target\":[\"https:\/\/www.uoh.cl\/brujula\/\"]}]},{\"@type\":\"BreadcrumbList\",\"@id\":\"https:\/\/www.uoh.cl\/brujula\/#breadcrumb\",\"itemListElement\":[{\"@type\":\"ListItem\",\"position\":1,\"name\":\"Home\",\"item\":\"https:\/\/www.uoh.cl\/brujula\/\"},{\"@type\":\"ListItem\",\"position\":2,\"name\":\"Programa Br\u00fajula\"}]},{\"@type\":\"WebSite\",\"@id\":\"https:\/\/www.uoh.cl\/brujula\/#website\",\"url\":\"https:\/\/www.uoh.cl\/brujula\/\",\"name\":\"Programa Brujula\",\"description\":\"Otro sitio de Sitios de Universidad O'higgins\",\"potentialAction\":[{\"@type\":\"SearchAction\",\"target\":{\"@type\":\"EntryPoint\",\"urlTemplate\":\"https:\/\/www.uoh.cl\/brujula\/?s={search_term_string}\"},\"query-input\":{\"@type\":\"PropertyValueSpecification\",\"valueRequired\":true,\"valueName\":\"search_term_string\"}}],\"inLanguage\":\"es-CL\"}]}<\/script>\n<!-- \/ Yoast SEO plugin. -->","yoast_head_json":{"title":"Programa Br\u00fajula - Programa Brujula","robots":{"index":"index","follow":"follow","max-snippet":"max-snippet:-1","max-image-preview":"max-image-preview:large","max-video-preview":"max-video-preview:-1"},"canonical":"https:\/\/www.uoh.cl\/brujula\/","og_locale":"es_ES","og_type":"article","og_title":"Programa Br\u00fajula - Programa Brujula","og_description":"[vc_section el_class=&#8221;container mx-auto align-items-center text-right circle&#8211;pattern&#8221; css=&#8221;.vc_custom_1648956589196{padding-top: 3rem !important;}&#8221;][vc_row el_class=&#8221;pb-5&#8243;][vc_column][vc_wp_custommenu nav_menu=&#8221;6&#8243;][vc_column_text] El Programa Br\u00fajula de orientaci\u00f3n profesional y laboral surge el a\u00f1o 2021 a prop\u00f3sito de la primera generaci\u00f3n de estudiantes en proceso de egreso de la Universidad de O&#8217;Higgins. Este programa, dependiente de la Direcci\u00f3n de Pregrado, busca fortalecer competencias transversales, acompa\u00f1ar y orientar [&hellip;]","og_url":"https:\/\/www.uoh.cl\/brujula\/","og_site_name":"Programa Brujula","article_modified_time":"2022-08-11T16:50:33+00:00","twitter_card":"summary_large_image","twitter_misc":{"Tiempo estimado de lectura":"3 minutos"},"schema":{"@context":"https:\/\/schema.org","@graph":[{"@type":"WebPage","@id":"https:\/\/www.uoh.cl\/brujula\/","url":"https:\/\/www.uoh.cl\/brujula\/","name":"Programa Br\u00fajula - Programa Brujula","isPartOf":{"@id":"https:\/\/www.uoh.cl\/brujula\/#website"},"datePublished":"2022-06-07T15:25:54+00:00","dateModified":"2022-08-11T16:50:33+00:00","breadcrumb":{"@id":"https:\/\/www.uoh.cl\/brujula\/#breadcrumb"},"inLanguage":"es-CL","potentialAction":[{"@type":"ReadAction","target":["https:\/\/www.uoh.cl\/brujula\/"]}]},{"@type":"BreadcrumbList","@id":"https:\/\/www.uoh.cl\/brujula\/#breadcrumb","itemListElement":[{"@type":"ListItem","position":1,"name":"Home","item":"https:\/\/www.uoh.cl\/brujula\/"},{"@type":"ListItem","position":2,"name":"Programa Br\u00fajula"}]},{"@type":"WebSite","@id":"https:\/\/www.uoh.cl\/brujula\/#website","url":"https:\/\/www.uoh.cl\/brujula\/","name":"Programa Brujula","description":"Otro sitio de Sitios de Universidad O'higgins","potentialAction":[{"@type":"SearchAction","target":{"@type":"EntryPoint","urlTemplate":"https:\/\/www.uoh.cl\/brujula\/?s={search_term_string}"},"query-input":{"@type":"PropertyValueSpecification","valueRequired":true,"valueName":"search_term_string"}}],"inLanguage":"es-CL"}]}},"_links":{"self":[{"href":"https:\/\/www.uoh.cl\/brujula\/wp-json\/wp\/v2\/pages\/2","targetHints":{"allow":["GET"]}}],"collection":[{"href":"https:\/\/www.uoh.cl\/brujula\/wp-json\/wp\/v2\/pages"}],"about":[{"href":"https:\/\/www.uoh.cl\/brujula\/wp-json\/wp\/v2\/types\/page"}],"author":[{"embeddable":true,"href":"https:\/\/www.uoh.cl\/brujula\/wp-json\/wp\/v2\/users\/34"}],"replies":[{"embeddable":true,"href":"https:\/\/www.uoh.cl\/brujula\/wp-json\/wp\/v2\/comments?post=2"}],"version-history":[{"count":22,"href":"https:\/\/www.uoh.cl\/brujula\/wp-json\/wp\/v2\/pages\/2\/revisions"}],"predecessor-version":[{"id":81,"href":"https:\/\/www.uoh.cl\/brujula\/wp-json\/wp\/v2\/pages\/2\/revisions\/81"}],"wp:attachment":[{"href":"https:\/\/www.uoh.cl\/brujula\/wp-json\/wp\/v2\/media?parent=2"}],"curies":[{"name":"wp","href":"https:\/\/api.w.org\/{rel}","templated":true}]}}